{"id":155,"date":"2022-03-07T10:07:28","date_gmt":"2022-03-07T09:07:28","guid":{"rendered":"https:\/\/www.omni-biotic.com\/darmbeschwerden\/allergie\/"},"modified":"2024-10-22T15:09:49","modified_gmt":"2024-10-22T13:09:49","slug":"alergie","status":"publish","type":"page","link":"https:\/\/www.omni-biotic.com\/cs-cz\/strevni-potize\/alergie\/","title":{"rendered":"Alergie"},"content":{"rendered":"\t\t<div data-elementor-type=\"wp-page\" data-elementor-id=\"155\" class=\"elementor elementor-155\" data-elementor-post-type=\"page\">\n\t\t\t\t<div class=\"elementor-element elementor-element-0420e70 e-con-full obcs none e-flex e-con e-parent\" data-id=\"0420e70\" data-element_type=\"container\" data-settings=\"{&quot;background_background&quot;:&quot;classic&quot;,&quot;shape_divider_bottom&quot;:&quot;waves&quot;}\">\n\t\t\t\t<div class=\"elementor-shape elementor-shape-bottom\" aria-hidden=\"true\" data-negative=\"false\">\n\t\t\t<svg xmlns=\"http:\/\/www.w3.org\/2000\/svg\" viewBox=\"0 0 1000 100\" preserveAspectRatio=\"none\">\n\t<path class=\"elementor-shape-fill\" d=\"M421.9,6.5c22.6-2.5,51.5,0.4,75.5,5.3c23.6,4.9,70.9,23.5,100.5,35.7c75.8,32.2,133.7,44.5,192.6,49.7\n\tc23.6,2.1,48.7,3.5,103.4-2.5c54.7-6,106.2-25.6,106.2-25.6V0H0v30.3c0,0,72,32.6,158.4,30.5c39.2-0.7,92.8-6.7,134-22.4\n\tc21.2-8.1,52.2-18.2,79.7-24.2C399.3,7.9,411.6,7.5,421.9,6.5z\"\/>\n<\/svg>\t\t<\/div>\n\t\t<div class=\"elementor-element elementor-element-c840fb8 e-con-full obcs none e-flex e-con e-child\" data-id=\"c840fb8\" data-element_type=\"container\" data-settings=\"{&quot;background_background&quot;:&quot;gradient&quot;}\">\n\t\t\t\t<div class=\"elementor-element elementor-element-7c03a56 elementor-widget elementor-widget-heading\" data-id=\"7c03a56\" data-element_type=\"widget\" data-widget_type=\"heading.default\">\n\t\t\t\t<div class=\"elementor-widget-container\">\n\t\t\t\t\t<h1 class=\"elementor-heading-title elementor-size-default\">Alergie<\/h1>\t\t\t\t<\/div>\n\t\t\t\t<\/div>\n\t\t\t\t<div class=\"elementor-element elementor-element-9ff9c45 elementor-widget-divider--view-line elementor-widget elementor-widget-divider\" data-id=\"9ff9c45\" data-element_type=\"widget\" data-widget_type=\"divider.default\">\n\t\t\t\t<div class=\"elementor-widget-container\">\n\t\t\t\t\t\t\t<div class=\"elementor-divider\">\n\t\t\t<span class=\"elementor-divider-separator\">\n\t\t\t\t\t\t<\/span>\n\t\t<\/div>\n\t\t\t\t\t\t<\/div>\n\t\t\t\t<\/div>\n\t\t\t\t<div class=\"elementor-element elementor-element-c9f0cc5 elementor-widget-tablet__width-initial elementor-widget elementor-widget-text-editor\" data-id=\"c9f0cc5\" data-element_type=\"widget\" data-widget_type=\"text-editor.default\">\n\t\t\t\t<div class=\"elementor-widget-container\">\n\t\t\t\t\t\t\t\t\t<p>V\u011bd\u011bli jste, jak velkou roli hraj\u00ed na\u0161e st\u0159eva v boji proti alergi\u00edm? Na\u0161e st\u0159eva jsou velice podce\u0148ovan\u00fdm org\u00e1nem. V\u011bd\u011bli jste, \u017ee povrch st\u0159ev m\u011b\u0159\u00ed okolo <strong>400 m<sup>2<\/sup><\/strong>, \u010d\u00edm\u017e je 10 x v\u011bt\u0161\u00ed ne\u017e povrch plic a 100 x v\u011bt\u0161\u00ed ne\u017e k\u016f\u017ee? Na tomto povrchu se potuluje okolo\u00a0<strong>100 miliard bakteri\u00ed<\/strong>\u00a0ze sta r\u016fzn\u00fdch druh\u016f.\u00a0<strong>Jejich kombinace je u ka\u017ed\u00e9ho \u010dlov\u011bka jedine\u010dn\u00e1.<\/strong><\/p>\t\t\t\t\t\t\t\t<\/div>\n\t\t\t\t<\/div>\n\t\t\t\t<\/div>\n\t\t<div class=\"elementor-element elementor-element-a008ebe e-con-full elementor-hidden-mobile obcs none e-flex e-con e-child\" data-id=\"a008ebe\" data-element_type=\"container\">\n\t\t\t\t<\/div>\n\t\t\t\t<\/div>\n\t\t<div class=\"elementor-element elementor-element-6d01ce3 obcs none e-flex e-con-boxed e-con e-parent\" data-id=\"6d01ce3\" data-element_type=\"container\">\n\t\t\t\t\t<div class=\"e-con-inner\">\n\t\t<div class=\"elementor-element elementor-element-67e08fb e-con-full obcs none e-flex e-con e-child\" data-id=\"67e08fb\" data-element_type=\"container\">\n\t\t\t\t<div class=\"elementor-element elementor-element-284f6e4 elementor-align-left elementor-widget__width-initial elementor-widget elementor-widget-breadcrumbs\" data-id=\"284f6e4\" data-element_type=\"widget\" data-widget_type=\"breadcrumbs.default\">\n\t\t\t\t<div class=\"elementor-widget-container\">\n\t\t\t\t\t<span><span class=\"last\">Home<\/span><\/span>\t\t\t\t<\/div>\n\t\t\t\t<\/div>\n\t\t\t\t<\/div>\n\t\t<div class=\"elementor-element elementor-element-72a6d47 e-con-full obcs none e-flex e-con e-child\" data-id=\"72a6d47\" data-element_type=\"container\">\n\t\t\t\t<div class=\"elementor-element elementor-element-2beba0e elementor-toc--minimized-on-desktop elementor-widget elementor-widget-table-of-contents\" data-id=\"2beba0e\" data-element_type=\"widget\" data-settings=\"{&quot;exclude_headings_by_selector&quot;:[],&quot;minimized_on&quot;:&quot;desktop&quot;,&quot;headings_by_tags&quot;:[&quot;h2&quot;,&quot;h3&quot;,&quot;h4&quot;,&quot;h5&quot;,&quot;h6&quot;],&quot;marker_view&quot;:&quot;numbers&quot;,&quot;no_headings_message&quot;:&quot;No headings were found on this page.&quot;,&quot;minimize_box&quot;:&quot;yes&quot;,&quot;hierarchical_view&quot;:&quot;yes&quot;,&quot;min_height&quot;:{&quot;unit&quot;:&quot;px&quot;,&quot;size&quot;:&quot;&quot;,&quot;sizes&quot;:[]},&quot;min_height_tablet&quot;:{&quot;unit&quot;:&quot;px&quot;,&quot;size&quot;:&quot;&quot;,&quot;sizes&quot;:[]},&quot;min_height_mobile&quot;:{&quot;unit&quot;:&quot;px&quot;,&quot;size&quot;:&quot;&quot;,&quot;sizes&quot;:[]}}\" data-widget_type=\"table-of-contents.default\">\n\t\t\t\t<div class=\"elementor-widget-container\">\n\t\t\t\t\t\t\t\t\t<div class=\"elementor-toc__header\">\n\t\t\t\t\t\t<h4 class=\"elementor-toc__header-title\">\n\t\t\t\tObsah\t\t\t<\/h4>\n\t\t\t\t\t\t\t\t\t\t<div class=\"elementor-toc__toggle-button elementor-toc__toggle-button--expand\" role=\"button\" tabindex=\"0\" aria-controls=\"elementor-toc__2beba0e\" aria-expanded=\"true\" aria-label=\"Open table of contents\"><i aria-hidden=\"true\" class=\"fas fa-chevron-down\"><\/i><\/div>\n\t\t\t\t<div class=\"elementor-toc__toggle-button elementor-toc__toggle-button--collapse\" role=\"button\" tabindex=\"0\" aria-controls=\"elementor-toc__2beba0e\" aria-expanded=\"true\" aria-label=\"Close table of contents\"><i aria-hidden=\"true\" class=\"fas fa-chevron-up\"><\/i><\/div>\n\t\t\t\t\t<\/div>\n\t\t\t\t<div id=\"elementor-toc__2beba0e\" class=\"elementor-toc__body\">\n\t\t\t<div class=\"elementor-toc__spinner-container\">\n\t\t\t\t<i class=\"elementor-toc__spinner eicon-animation-spin eicon-loading\" aria-hidden=\"true\"><\/i>\t\t\t<\/div>\n\t\t<\/div>\n\t\t\t\t\t\t<\/div>\n\t\t\t\t<\/div>\n\t\t\t\t<\/div>\n\t\t\t\t\t<\/div>\n\t\t\t\t<\/div>\n\t\t<div class=\"elementor-element elementor-element-d89d138 obcs blue e-flex e-con-boxed e-con e-parent\" data-id=\"d89d138\" data-element_type=\"container\" data-settings=\"{&quot;background_background&quot;:&quot;classic&quot;}\">\n\t\t\t\t\t<div class=\"e-con-inner\">\n\t\t<div class=\"elementor-element elementor-element-562a7f7 obcs none e-flex e-con-boxed e-con e-child\" data-id=\"562a7f7\" data-element_type=\"container\" data-settings=\"{&quot;background_background&quot;:&quot;classic&quot;}\">\n\t\t\t\t\t<div class=\"e-con-inner\">\n\t\t\t\t<div class=\"elementor-element elementor-element-19a76f2 elementor-widget__width-initial elementor-widget-tablet__width-initial elementor-widget elementor-widget-image\" data-id=\"19a76f2\" data-element_type=\"widget\" data-widget_type=\"image.default\">\n\t\t\t\t<div class=\"elementor-widget-container\">\n\t\t\t\t\t\t\t\t\t\t\t\t\t\t\t<img fetchpriority=\"high\" decoding=\"async\" width=\"512\" height=\"512\" src=\"https:\/\/www.omni-biotic.com\/cs-cz\/wp-content\/uploads\/sites\/8\/2023\/07\/Strevni_sliznice.png\" class=\"attachment-medium_large size-medium_large wp-image-16773\" alt=\"\" srcset=\"https:\/\/www.omni-biotic.com\/cs-cz\/wp-content\/uploads\/sites\/8\/2023\/07\/Strevni_sliznice.png 512w, https:\/\/www.omni-biotic.com\/cs-cz\/wp-content\/uploads\/sites\/8\/2023\/07\/Strevni_sliznice-300x300.png 300w, https:\/\/www.omni-biotic.com\/cs-cz\/wp-content\/uploads\/sites\/8\/2023\/07\/Strevni_sliznice-150x150.png 150w\" sizes=\"(max-width: 512px) 100vw, 512px\" title=\"\">\t\t\t\t\t\t\t\t\t\t\t\t\t\t\t<\/div>\n\t\t\t\t<\/div>\n\t\t<div class=\"elementor-element elementor-element-663c265 obcs none e-flex e-con-boxed e-con e-child\" data-id=\"663c265\" data-element_type=\"container\">\n\t\t\t\t\t<div class=\"e-con-inner\">\n\t\t\t\t<div class=\"elementor-element elementor-element-cbe44d6 elementor-widget__width-inherit elementor-widget elementor-widget-heading\" data-id=\"cbe44d6\" data-element_type=\"widget\" data-widget_type=\"heading.default\">\n\t\t\t\t<div class=\"elementor-widget-container\">\n\t\t\t\t\t<h2 class=\"elementor-heading-title elementor-size-default\">Jak vznikaj\u00ed alergie?\u200b<\/h2>\t\t\t\t<\/div>\n\t\t\t\t<\/div>\n\t\t\t\t<div class=\"elementor-element elementor-element-20aa271 elementor-widget elementor-widget-text-editor\" data-id=\"20aa271\" data-element_type=\"widget\" data-widget_type=\"text-editor.default\">\n\t\t\t\t<div class=\"elementor-widget-container\">\n\t\t\t\t\t\t\t\t\t<p>Alergie mohou vzniknout <strong>po\u0161kozen\u00edm<\/strong>\u00a0<strong>sliznic v t\u011ble<\/strong> (nos, pl\u00edce, st\u0159eva). V takov\u00e9m p\u0159\u00edpad\u011b nejsou l\u00e1tky, kter\u00e9 se do t\u011bla dost\u00e1vaj\u00ed vzduchem nebo potravou, pova\u017eov\u00e1ny za ne\u0161kodn\u00e9 a <strong>okam\u017eit\u011b a nekontrolovan\u011b<\/strong> se dost\u00e1vaj\u00ed do krve nebo lymfatick\u00fdch cest. Tato nekontrolovateln\u00e1 z\u00e1t\u011b\u017e m\u016f\u017ee v\u00e9st k <strong>p\u0159et\u00ed\u017een\u00ed<\/strong> a<strong> neadekv\u00e1tn\u00ed obrann\u00e9 reakci<\/strong> imunitn\u00edho syst\u00e9mu. D\u016fsledkem jsou pak alergie a potravinov\u00e9 intolerance.<\/p>\t\t\t\t\t\t\t\t<\/div>\n\t\t\t\t<\/div>\n\t\t\t\t\t<\/div>\n\t\t\t\t<\/div>\n\t\t\t\t\t<\/div>\n\t\t\t\t<\/div>\n\t\t\t\t\t<\/div>\n\t\t\t\t<\/div>\n\t\t<div class=\"elementor-element elementor-element-c1b79b5 obcs green e-flex e-con-boxed e-con e-parent\" data-id=\"c1b79b5\" data-element_type=\"container\">\n\t\t\t\t\t<div class=\"e-con-inner\">\n\t\t<div class=\"elementor-element elementor-element-4220db9 e-con-full obcs none e-flex e-con e-child\" data-id=\"4220db9\" data-element_type=\"container\">\n\t\t\t\t<div class=\"elementor-element elementor-element-626f11c elementor-widget elementor-widget-heading\" data-id=\"626f11c\" data-element_type=\"widget\" data-widget_type=\"heading.default\">\n\t\t\t\t<div class=\"elementor-widget-container\">\n\t\t\t\t\t<h2 class=\"elementor-heading-title elementor-size-default\">Pr\u016fb\u011bh alergick\u00e9 reakce<\/h2>\t\t\t\t<\/div>\n\t\t\t\t<\/div>\n\t\t\t\t<div class=\"elementor-element elementor-element-a64c7b0 elementor-widget elementor-widget-text-editor\" data-id=\"a64c7b0\" data-element_type=\"widget\" data-widget_type=\"text-editor.default\">\n\t\t\t\t<div class=\"elementor-widget-container\">\n\t\t\t\t\t\t\t\t\t<p>Navzdory r\u016fzn\u00fdm p\u0159\u00edznak\u016fm alergie je pr\u016fb\u011bh v\u0161ech\u00a0<strong>alergick\u00fdch reakc\u00ed<\/strong> podobn\u00fd. P\u0159i kontaktu s alergenem se vytv\u00e1\u0159ej\u00ed protil\u00e1tky proti tomuto alergenu (lgE). P\u0159i op\u011btovn\u00e9m kontaktu s alergenem tyto IgE protil\u00e1tky zprost\u0159edkuj\u00ed uvoln\u011bn\u00ed histaminu, kter\u00fd vyvol\u00e1v\u00e1 typick\u00e9 <strong>alergick\u00e9 reakce<\/strong>, jako je nap\u0159\u00edklad\u00a0<strong>sv\u011bd\u011bn\u00ed, slzen\u00ed, otoky, vyr\u00e1\u017eky nebo astma<\/strong>. Pokud k\u00a0t\u00e9to reakci dojde, znamen\u00e1 to, \u017ee se alergenu poda\u0159ilo nepozorovan\u011b proniknout p\u0159es prvn\u00ed bari\u00e9ru \u2013 st\u0159evn\u00ed sliznici. Ve st\u0159evn\u00ed sliznici se nach\u00e1z\u00ed speci\u00e1ln\u00ed protil\u00e1tka sIgA, kter\u00e1 za norm\u00e1ln\u00edch okolnost\u00ed br\u00e1n\u00ed pr\u016fniku cizorod\u00fdch l\u00e1tek a alergen\u016f. sIgA je produkov\u00e1na st\u0159evn\u00edmi bu\u0148kami a uvol\u0148ov\u00e1na do\u00a0<strong>sliznice<\/strong>. Jako protil\u00e1tka sliznice je tato l\u00e1tka jakousi ochrannou vrstvou st\u0159eva. Jej\u00ed\u00a0<strong>ochrana proti alergi\u00edm<\/strong>\u00a0spo\u010d\u00edv\u00e1 v tom, \u017ee se tato protil\u00e1tka nav\u00e1\u017ee na cizorod\u00e9 l\u00e1tky d\u0159\u00edve, ne\u017e se vst\u0159ebaj\u00ed do t\u011bla, a ozna\u010d\u00ed je. Pokud jsou alergeny takto ozna\u010deny, nemohou b\u00fdt d\u00e1le t\u011blem vst\u0159eb\u00e1v\u00e1ny. T\u00edm se zabr\u00e1n\u00ed <strong>alergick\u00e9 reakci<\/strong> d\u0159\u00edve, ne\u017e k n\u00ed m\u016f\u017ee doj\u00edt.<\/p>\t\t\t\t\t\t\t\t<\/div>\n\t\t\t\t<\/div>\n\t\t\t\t<\/div>\n\t\t<div class=\"elementor-element elementor-element-2aa24bd e-con-full obcs none e-flex e-con e-child\" data-id=\"2aa24bd\" data-element_type=\"container\">\n\t\t\t\t<div class=\"elementor-element elementor-element-d78336b e-transform elementor-widget elementor-widget-image\" data-id=\"d78336b\" data-element_type=\"widget\" data-settings=\"{&quot;_transform_rotateZ_effect&quot;:{&quot;unit&quot;:&quot;px&quot;,&quot;size&quot;:&quot;0&quot;,&quot;sizes&quot;:[]},&quot;_transform_rotate_3d&quot;:&quot;yes&quot;,&quot;_transform_rotateX_effect&quot;:{&quot;unit&quot;:&quot;px&quot;,&quot;size&quot;:&quot;0&quot;,&quot;sizes&quot;:[]},&quot;_transform_rotateY_effect&quot;:{&quot;unit&quot;:&quot;px&quot;,&quot;size&quot;:&quot;-4&quot;,&quot;sizes&quot;:[]},&quot;_transform_perspective_effect&quot;:{&quot;unit&quot;:&quot;px&quot;,&quot;size&quot;:&quot;650&quot;,&quot;sizes&quot;:[]},&quot;_transform_rotateZ_effect_tablet&quot;:{&quot;unit&quot;:&quot;deg&quot;,&quot;size&quot;:&quot;&quot;,&quot;sizes&quot;:[]},&quot;_transform_rotateZ_effect_mobile&quot;:{&quot;unit&quot;:&quot;deg&quot;,&quot;size&quot;:&quot;&quot;,&quot;sizes&quot;:[]},&quot;_transform_rotateX_effect_tablet&quot;:{&quot;unit&quot;:&quot;deg&quot;,&quot;size&quot;:&quot;&quot;,&quot;sizes&quot;:[]},&quot;_transform_rotateX_effect_mobile&quot;:{&quot;unit&quot;:&quot;deg&quot;,&quot;size&quot;:&quot;&quot;,&quot;sizes&quot;:[]},&quot;_transform_rotateY_effect_tablet&quot;:{&quot;unit&quot;:&quot;deg&quot;,&quot;size&quot;:&quot;&quot;,&quot;sizes&quot;:[]},&quot;_transform_rotateY_effect_mobile&quot;:{&quot;unit&quot;:&quot;deg&quot;,&quot;size&quot;:&quot;&quot;,&quot;sizes&quot;:[]},&quot;_transform_perspective_effect_tablet&quot;:{&quot;unit&quot;:&quot;px&quot;,&quot;size&quot;:&quot;&quot;,&quot;sizes&quot;:[]},&quot;_transform_perspective_effect_mobile&quot;:{&quot;unit&quot;:&quot;px&quot;,&quot;size&quot;:&quot;&quot;,&quot;sizes&quot;:[]}}\" data-widget_type=\"image.default\">\n\t\t\t\t<div class=\"elementor-widget-container\">\n\t\t\t\t\t\t\t\t\t\t\t\t\t\t\t<img decoding=\"async\" width=\"800\" height=\"800\" src=\"https:\/\/www.omni-biotic.com\/cs-cz\/wp-content\/uploads\/sites\/8\/2023\/07\/Alergie_prick_test.jpg\" class=\"attachment-large size-large wp-image-16772\" alt=\"\" srcset=\"https:\/\/www.omni-biotic.com\/cs-cz\/wp-content\/uploads\/sites\/8\/2023\/07\/Alergie_prick_test.jpg 1024w, https:\/\/www.omni-biotic.com\/cs-cz\/wp-content\/uploads\/sites\/8\/2023\/07\/Alergie_prick_test-300x300.jpg 300w, https:\/\/www.omni-biotic.com\/cs-cz\/wp-content\/uploads\/sites\/8\/2023\/07\/Alergie_prick_test-150x150.jpg 150w, https:\/\/www.omni-biotic.com\/cs-cz\/wp-content\/uploads\/sites\/8\/2023\/07\/Alergie_prick_test-768x768.jpg 768w\" sizes=\"(max-width: 800px) 100vw, 800px\" title=\"\">\t\t\t\t\t\t\t\t\t\t\t\t\t\t\t<\/div>\n\t\t\t\t<\/div>\n\t\t\t\t<\/div>\n\t\t\t\t\t<\/div>\n\t\t\t\t<\/div>\n\t\t<div class=\"elementor-element elementor-element-9afa60e obcs magenta e-flex e-con-boxed e-con e-parent\" data-id=\"9afa60e\" data-element_type=\"container\">\n\t\t\t\t\t<div class=\"e-con-inner\">\n\t\t\t\t<div class=\"elementor-element elementor-element-d4ed48e elementor-widget__width-inherit elementor-widget elementor-widget-heading\" data-id=\"d4ed48e\" data-element_type=\"widget\" data-widget_type=\"heading.default\">\n\t\t\t\t<div class=\"elementor-widget-container\">\n\t\t\t\t\t<h2 class=\"elementor-heading-title elementor-size-default\">Co se d\u00e1 d\u011blat s alergiemi?\n\n\n<\/h2>\t\t\t\t<\/div>\n\t\t\t\t<\/div>\n\t\t\t\t\t<\/div>\n\t\t\t\t<\/div>\n\t\t<div class=\"elementor-element elementor-element-151043e obcs magenta e-flex e-con-boxed e-con e-parent\" data-id=\"151043e\" data-element_type=\"container\">\n\t\t\t\t\t<div class=\"e-con-inner\">\n\t\t<div class=\"elementor-element elementor-element-ba8cc53 e-con-full obcs none e-flex elementor-invisible e-con e-child\" data-id=\"ba8cc53\" data-element_type=\"container\" data-settings=\"{&quot;animation&quot;:&quot;bounceInLeft&quot;}\">\n\t\t<div class=\"elementor-element elementor-element-7685abb obcs none e-flex e-con-boxed e-con e-child\" data-id=\"7685abb\" data-element_type=\"container\">\n\t\t\t\t\t<div class=\"e-con-inner\">\n\t\t\t\t<div class=\"elementor-element elementor-element-a93f06c elementor-widget elementor-widget-image\" data-id=\"a93f06c\" data-element_type=\"widget\" data-widget_type=\"image.default\">\n\t\t\t\t<div class=\"elementor-widget-container\">\n\t\t\t\t\t\t\t\t\t\t\t\t\t\t\t<img decoding=\"async\" width=\"300\" height=\"300\" src=\"https:\/\/www.omni-biotic.com\/cs-cz\/wp-content\/uploads\/sites\/8\/2023\/07\/alergie_naplast-300x300.png\" class=\"attachment-medium size-medium wp-image-16775\" alt=\"\" srcset=\"https:\/\/www.omni-biotic.com\/cs-cz\/wp-content\/uploads\/sites\/8\/2023\/07\/alergie_naplast-300x300.png 300w, https:\/\/www.omni-biotic.com\/cs-cz\/wp-content\/uploads\/sites\/8\/2023\/07\/alergie_naplast-150x150.png 150w, https:\/\/www.omni-biotic.com\/cs-cz\/wp-content\/uploads\/sites\/8\/2023\/07\/alergie_naplast.png 512w\" sizes=\"(max-width: 300px) 100vw, 300px\" title=\"\">\t\t\t\t\t\t\t\t\t\t\t\t\t\t\t<\/div>\n\t\t\t\t<\/div>\n\t\t\t\t<div class=\"elementor-element elementor-element-7364355 elementor-widget elementor-widget-heading\" data-id=\"7364355\" data-element_type=\"widget\" data-widget_type=\"heading.default\">\n\t\t\t\t<div class=\"elementor-widget-container\">\n\t\t\t\t\t<h3 class=\"elementor-heading-title elementor-size-default\">L\u00e9\u010dba p\u0159\u00edznak\u016f<\/h3>\t\t\t\t<\/div>\n\t\t\t\t<\/div>\n\t\t\t\t\t<\/div>\n\t\t\t\t<\/div>\n\t\t\t\t<div class=\"elementor-element elementor-element-4fd0c92 elementor-widget elementor-widget-text-editor\" data-id=\"4fd0c92\" data-element_type=\"widget\" data-widget_type=\"text-editor.default\">\n\t\t\t\t<div class=\"elementor-widget-container\">\n\t\t\t\t\t\t\t\t\t<p>Tato metoda l\u00e9\u010d\u00ed <strong>alergick\u00e9 pot\u00ed\u017ee,<\/strong> tak lze kr\u00e1tkodob\u011b &#8222;pozastavit&#8220; pomoc\u00ed <strong>kapek, sprej\u016f a tablet,<\/strong> kter\u00e9 sni\u017euj\u00ed otoky a zamezuj\u00ed <strong>uvol\u0148ov\u00e1n\u00ed histaminu. <\/strong><\/p><p><strong>P\u0159\u00ed\u010dina alergie<\/strong> se v\u0161ak t\u011bmito opat\u0159en\u00edmi <strong>nel\u00e9\u010d\u00ed.<\/strong><\/p>\t\t\t\t\t\t\t\t<\/div>\n\t\t\t\t<\/div>\n\t\t\t\t<\/div>\n\t\t<div class=\"elementor-element elementor-element-f9d1158 e-con-full obcs none e-flex e-con e-child\" data-id=\"f9d1158\" data-element_type=\"container\">\n\t\t\t\t<\/div>\n\t\t<div class=\"elementor-element elementor-element-48d2e8c e-con-full obcs none e-flex elementor-invisible e-con e-child\" data-id=\"48d2e8c\" data-element_type=\"container\" data-settings=\"{&quot;animation&quot;:&quot;bounceInRight&quot;}\">\n\t\t<div class=\"elementor-element elementor-element-3db9634 obcs none e-flex e-con-boxed e-con e-child\" data-id=\"3db9634\" data-element_type=\"container\">\n\t\t\t\t\t<div class=\"e-con-inner\">\n\t\t\t\t<div class=\"elementor-element elementor-element-a780bfa elementor-widget elementor-widget-image\" data-id=\"a780bfa\" data-element_type=\"widget\" data-widget_type=\"image.default\">\n\t\t\t\t<div class=\"elementor-widget-container\">\n\t\t\t\t\t\t\t\t\t\t\t\t\t\t\t<img loading=\"lazy\" decoding=\"async\" width=\"300\" height=\"300\" src=\"https:\/\/www.omni-biotic.com\/cs-cz\/wp-content\/uploads\/sites\/8\/2023\/07\/desenzilibizace_alergie-300x300.png\" class=\"attachment-medium size-medium wp-image-16776\" alt=\"\" srcset=\"https:\/\/www.omni-biotic.com\/cs-cz\/wp-content\/uploads\/sites\/8\/2023\/07\/desenzilibizace_alergie-300x300.png 300w, https:\/\/www.omni-biotic.com\/cs-cz\/wp-content\/uploads\/sites\/8\/2023\/07\/desenzilibizace_alergie-150x150.png 150w, https:\/\/www.omni-biotic.com\/cs-cz\/wp-content\/uploads\/sites\/8\/2023\/07\/desenzilibizace_alergie.png 512w\" sizes=\"(max-width: 300px) 100vw, 300px\" title=\"\">\t\t\t\t\t\t\t\t\t\t\t\t\t\t\t<\/div>\n\t\t\t\t<\/div>\n\t\t\t\t<div class=\"elementor-element elementor-element-1c58db0 elementor-widget elementor-widget-heading\" data-id=\"1c58db0\" data-element_type=\"widget\" data-widget_type=\"heading.default\">\n\t\t\t\t<div class=\"elementor-widget-container\">\n\t\t\t\t\t<h3 class=\"elementor-heading-title elementor-size-default\">Desenzibilizace<\/h3>\t\t\t\t<\/div>\n\t\t\t\t<\/div>\n\t\t\t\t\t<\/div>\n\t\t\t\t<\/div>\n\t\t\t\t<div class=\"elementor-element elementor-element-c92ef6e elementor-widget elementor-widget-text-editor\" data-id=\"c92ef6e\" data-element_type=\"widget\" data-widget_type=\"text-editor.default\">\n\t\t\t\t<div class=\"elementor-widget-container\">\n\t\t\t\t\t\t\t\t\t<p>Zde si<strong> t\u011blo<\/strong> postupn\u011b zvyk\u00e1 na ur\u010ditou l\u00e1tku, kter\u00e1 alergii vyvol\u00e1v\u00e1, a t\u00edm tak vznik\u00e1 <strong>tolerance na alergen.<\/strong><\/p><p>Tato metoda je vhodn\u00e1 p\u0159i alergi\u00edch na ji\u017e zn\u00e1m\u00e9 l\u00e1tky, cel\u00fd proces nicm\u00e9n\u011b trv\u00e1 <strong>pom\u011brn\u011b dlouho<\/strong> a <strong>nechr\u00e1n\u00ed p\u0159ed nov\u00fdmi alergiemi.<\/strong><\/p>\t\t\t\t\t\t\t\t<\/div>\n\t\t\t\t<\/div>\n\t\t\t\t<\/div>\n\t\t\t\t\t<\/div>\n\t\t\t\t<\/div>\n\t\t<div class=\"elementor-element elementor-element-6352c82 obcs none e-flex e-con-boxed e-con e-parent\" data-id=\"6352c82\" data-element_type=\"container\">\n\t\t\t\t\t<div class=\"e-con-inner\">\n\t\t<div class=\"elementor-element elementor-element-44c5cd3 obcs none e-flex e-con-boxed e-con e-child\" data-id=\"44c5cd3\" data-element_type=\"container\">\n\t\t\t\t\t<div class=\"e-con-inner\">\n\t\t<div class=\"elementor-element elementor-element-d36731e obcs none e-flex e-con-boxed e-con e-child\" data-id=\"d36731e\" data-element_type=\"container\">\n\t\t\t\t\t<div class=\"e-con-inner\">\n\t\t\t\t<div class=\"elementor-element elementor-element-d51b968 elementor-widget elementor-widget-image\" data-id=\"d51b968\" data-element_type=\"widget\" data-widget_type=\"image.default\">\n\t\t\t\t<div class=\"elementor-widget-container\">\n\t\t\t\t\t\t\t\t\t\t\t\t\t\t\t<img loading=\"lazy\" decoding=\"async\" width=\"300\" height=\"300\" src=\"https:\/\/www.omni-biotic.com\/cs-cz\/wp-content\/uploads\/sites\/8\/2023\/07\/alergie_vznik-300x300.png\" class=\"attachment-medium size-medium wp-image-16777\" alt=\"\" srcset=\"https:\/\/www.omni-biotic.com\/cs-cz\/wp-content\/uploads\/sites\/8\/2023\/07\/alergie_vznik-300x300.png 300w, https:\/\/www.omni-biotic.com\/cs-cz\/wp-content\/uploads\/sites\/8\/2023\/07\/alergie_vznik-150x150.png 150w, https:\/\/www.omni-biotic.com\/cs-cz\/wp-content\/uploads\/sites\/8\/2023\/07\/alergie_vznik.png 512w\" sizes=\"(max-width: 300px) 100vw, 300px\" title=\"\">\t\t\t\t\t\t\t\t\t\t\t\t\t\t\t<\/div>\n\t\t\t\t<\/div>\n\t\t\t\t<div class=\"elementor-element elementor-element-e156c9c elementor-widget elementor-widget-heading\" data-id=\"e156c9c\" data-element_type=\"widget\" data-widget_type=\"heading.default\">\n\t\t\t\t<div class=\"elementor-widget-container\">\n\t\t\t\t\t<h3 class=\"elementor-heading-title elementor-size-default\">L\u00e9\u010dba sliznic p\u0159i alergi\u00edch?<\/h3>\t\t\t\t<\/div>\n\t\t\t\t<\/div>\n\t\t\t\t\t<\/div>\n\t\t\t\t<\/div>\n\t\t\t\t<div class=\"elementor-element elementor-element-b4bac50 elementor-widget__width-initial elementor-widget elementor-widget-text-editor\" data-id=\"b4bac50\" data-element_type=\"widget\" data-widget_type=\"text-editor.default\">\n\t\t\t\t<div class=\"elementor-widget-container\">\n\t\t\t\t\t\t\t\t\t<p>Takto se d\u00e1 le\u010d\u00edt <strong>p\u016fvod alergie<\/strong> a tato metoda je vhodn\u00e1 zejm\u00e9na pro osoby s <strong>alergi\u00ed nebo intoleranc\u00ed<\/strong> na n\u011bkolik l\u00e1tek.<\/p><p><strong>Skrze sliznice<\/strong> se koneckonc\u016f <strong>zbvujeme l\u00e1tek vyvol\u00e1vaj\u00edc\u00edch alergie.<\/strong> Nen\u00ed rozhoduj\u00edc\u00ed, zda tato l\u00e1tka poch\u00e1z\u00ed z rostlin nebo zv\u00ed\u0159at (pyl, zv\u00ed\u0159ec\u00ed srst), z potravin (aromata, konzerva\u010dn\u00ed l\u00e1tky) nebo z kosmetick\u00fdch v\u00fdrobk\u016f.<\/p>\t\t\t\t\t\t\t\t<\/div>\n\t\t\t\t<\/div>\n\t\t\t\t\t<\/div>\n\t\t\t\t<\/div>\n\t\t\t\t\t<\/div>\n\t\t\t\t<\/div>\n\t\t<div class=\"elementor-element elementor-element-68a7017 obcs none e-flex e-con-boxed e-con e-parent\" data-id=\"68a7017\" data-element_type=\"container\" data-settings=\"{&quot;background_background&quot;:&quot;classic&quot;,&quot;shape_divider_top&quot;:&quot;waves&quot;,&quot;shape_divider_bottom&quot;:&quot;waves&quot;}\">\n\t\t\t\t\t<div class=\"e-con-inner\">\n\t\t\t\t<div class=\"elementor-shape elementor-shape-top\" aria-hidden=\"true\" data-negative=\"false\">\n\t\t\t<svg xmlns=\"http:\/\/www.w3.org\/2000\/svg\" viewBox=\"0 0 1000 100\" preserveAspectRatio=\"none\">\n\t<path class=\"elementor-shape-fill\" d=\"M421.9,6.5c22.6-2.5,51.5,0.4,75.5,5.3c23.6,4.9,70.9,23.5,100.5,35.7c75.8,32.2,133.7,44.5,192.6,49.7\n\tc23.6,2.1,48.7,3.5,103.4-2.5c54.7-6,106.2-25.6,106.2-25.6V0H0v30.3c0,0,72,32.6,158.4,30.5c39.2-0.7,92.8-6.7,134-22.4\n\tc21.2-8.1,52.2-18.2,79.7-24.2C399.3,7.9,411.6,7.5,421.9,6.5z\"\/>\n<\/svg>\t\t<\/div>\n\t\t\t\t<div class=\"elementor-shape elementor-shape-bottom\" aria-hidden=\"true\" data-negative=\"false\">\n\t\t\t<svg xmlns=\"http:\/\/www.w3.org\/2000\/svg\" viewBox=\"0 0 1000 100\" preserveAspectRatio=\"none\">\n\t<path class=\"elementor-shape-fill\" d=\"M421.9,6.5c22.6-2.5,51.5,0.4,75.5,5.3c23.6,4.9,70.9,23.5,100.5,35.7c75.8,32.2,133.7,44.5,192.6,49.7\n\tc23.6,2.1,48.7,3.5,103.4-2.5c54.7-6,106.2-25.6,106.2-25.6V0H0v30.3c0,0,72,32.6,158.4,30.5c39.2-0.7,92.8-6.7,134-22.4\n\tc21.2-8.1,52.2-18.2,79.7-24.2C399.3,7.9,411.6,7.5,421.9,6.5z\"\/>\n<\/svg>\t\t<\/div>\n\t\t\t\t<div class=\"elementor-element elementor-element-56619cb elementor-widget__width-inherit elementor-widget elementor-widget-heading\" data-id=\"56619cb\" data-element_type=\"widget\" data-widget_type=\"heading.default\">\n\t\t\t\t<div class=\"elementor-widget-container\">\n\t\t\t\t\t<h2 class=\"elementor-heading-title elementor-size-default\">D\u011bti a alergie<\/h2>\t\t\t\t<\/div>\n\t\t\t\t<\/div>\n\t\t\t\t<div class=\"elementor-element elementor-element-18872a4 elementor-widget elementor-widget-text-editor\" data-id=\"18872a4\" data-element_type=\"widget\" data-widget_type=\"text-editor.default\">\n\t\t\t\t<div class=\"elementor-widget-container\">\n\t\t\t\t\t\t\t\t\t<p>Riziko vzniku alergie je siln\u011b z\u00e1visl\u00e9 na genech. Pokud se v rodin\u011b vyskytuje p\u0159ecitliv\u011blost na l\u00e1tky z prost\u0159ed\u00ed, jako je pyl, zv\u00ed\u0159ec\u00ed srst nebo ur\u010dit\u00e1 potravina, je zde vysok\u00e1 pravd\u011bpodobnost, \u017ee se alergie objev\u00ed i u potomk\u016f.<\/p>\t\t\t\t\t\t\t\t<\/div>\n\t\t\t\t<\/div>\n\t\t\t\t<div class=\"elementor-element elementor-element-f3d29c0 elementor-align-center elementor-widget__width-inherit elementor-widget elementor-widget-button\" data-id=\"f3d29c0\" data-element_type=\"widget\" data-widget_type=\"button.default\">\n\t\t\t\t<div class=\"elementor-widget-container\">\n\t\t\t\t\t\t\t\t\t<div class=\"elementor-button-wrapper\">\n\t\t\t\t\t<a class=\"elementor-button elementor-button-link elementor-size-lg\" href=\"https:\/\/www.omni-biotic.com\/cs-cz\/blog\/alergie-u-deti\/\">\n\t\t\t\t\t\t<span class=\"elementor-button-content-wrapper\">\n\t\t\t\t\t\t\t\t\t<span class=\"elementor-button-text\">V\u00edce o alergi\u00edch u d\u011bt\u00ed<\/span>\n\t\t\t\t\t<\/span>\n\t\t\t\t\t<\/a>\n\t\t\t\t<\/div>\n\t\t\t\t\t\t\t\t<\/div>\n\t\t\t\t<\/div>\n\t\t\t\t\t<\/div>\n\t\t\t\t<\/div>\n\t\t<div class=\"elementor-element elementor-element-2a690cc obcs magenta e-flex e-con-boxed e-con e-parent\" data-id=\"2a690cc\" data-element_type=\"container\">\n\t\t\t\t\t<div class=\"e-con-inner\">\n\t\t\t\t<div class=\"elementor-element elementor-element-720911c elementor-widget__width-inherit elementor-widget elementor-widget-heading\" data-id=\"720911c\" data-element_type=\"widget\" data-widget_type=\"heading.default\">\n\t\t\t\t<div class=\"elementor-widget-container\">\n\t\t\t\t\t<h2 class=\"elementor-heading-title elementor-size-default\">Prof. Anita Frauwallner o alergi\u00edch<\/h2>\t\t\t\t<\/div>\n\t\t\t\t<\/div>\n\t\t\t\t\t<\/div>\n\t\t\t\t<\/div>\n\t\t<div class=\"elementor-element elementor-element-fe70164 obcs none e-flex e-con-boxed e-con e-parent\" data-id=\"fe70164\" data-element_type=\"container\">\n\t\t\t\t\t<div class=\"e-con-inner\">\n\t\t<div class=\"elementor-element elementor-element-398504d e-con-full obcs none e-flex e-con e-child\" data-id=\"398504d\" data-element_type=\"container\">\n\t\t\t\t<div class=\"elementor-element elementor-element-d8beda3 e-transform elementor-widget elementor-widget-image\" data-id=\"d8beda3\" data-element_type=\"widget\" data-settings=\"{&quot;_transform_rotateZ_effect&quot;:{&quot;unit&quot;:&quot;px&quot;,&quot;size&quot;:&quot;0&quot;,&quot;sizes&quot;:[]},&quot;_transform_rotate_3d&quot;:&quot;yes&quot;,&quot;_transform_rotateX_effect&quot;:{&quot;unit&quot;:&quot;px&quot;,&quot;size&quot;:&quot;0&quot;,&quot;sizes&quot;:[]},&quot;_transform_rotateY_effect&quot;:{&quot;unit&quot;:&quot;px&quot;,&quot;size&quot;:&quot;4&quot;,&quot;sizes&quot;:[]},&quot;_transform_perspective_effect&quot;:{&quot;unit&quot;:&quot;px&quot;,&quot;size&quot;:&quot;650&quot;,&quot;sizes&quot;:[]},&quot;_transform_rotateZ_effect_tablet&quot;:{&quot;unit&quot;:&quot;deg&quot;,&quot;size&quot;:&quot;&quot;,&quot;sizes&quot;:[]},&quot;_transform_rotateZ_effect_mobile&quot;:{&quot;unit&quot;:&quot;deg&quot;,&quot;size&quot;:&quot;&quot;,&quot;sizes&quot;:[]},&quot;_transform_rotateX_effect_tablet&quot;:{&quot;unit&quot;:&quot;deg&quot;,&quot;size&quot;:&quot;&quot;,&quot;sizes&quot;:[]},&quot;_transform_rotateX_effect_mobile&quot;:{&quot;unit&quot;:&quot;deg&quot;,&quot;size&quot;:&quot;&quot;,&quot;sizes&quot;:[]},&quot;_transform_rotateY_effect_tablet&quot;:{&quot;unit&quot;:&quot;deg&quot;,&quot;size&quot;:&quot;&quot;,&quot;sizes&quot;:[]},&quot;_transform_rotateY_effect_mobile&quot;:{&quot;unit&quot;:&quot;deg&quot;,&quot;size&quot;:&quot;&quot;,&quot;sizes&quot;:[]},&quot;_transform_perspective_effect_tablet&quot;:{&quot;unit&quot;:&quot;px&quot;,&quot;size&quot;:&quot;&quot;,&quot;sizes&quot;:[]},&quot;_transform_perspective_effect_mobile&quot;:{&quot;unit&quot;:&quot;px&quot;,&quot;size&quot;:&quot;&quot;,&quot;sizes&quot;:[]}}\" data-widget_type=\"image.default\">\n\t\t\t\t<div class=\"elementor-widget-container\">\n\t\t\t\t\t\t\t\t\t\t\t\t<figure class=\"wp-caption\">\n\t\t\t\t\t\t\t\t\t\t<img loading=\"lazy\" decoding=\"async\" width=\"800\" height=\"800\" src=\"https:\/\/www.omni-biotic.com\/cs-cz\/wp-content\/uploads\/sites\/8\/2023\/07\/Anita-Frauwallner-Institut-AllergoSan.jpg\" class=\"attachment-large size-large wp-image-16667\" alt=\"\" srcset=\"https:\/\/www.omni-biotic.com\/cs-cz\/wp-content\/uploads\/sites\/8\/2023\/07\/Anita-Frauwallner-Institut-AllergoSan.jpg 1024w, https:\/\/www.omni-biotic.com\/cs-cz\/wp-content\/uploads\/sites\/8\/2023\/07\/Anita-Frauwallner-Institut-AllergoSan-300x300.jpg 300w, https:\/\/www.omni-biotic.com\/cs-cz\/wp-content\/uploads\/sites\/8\/2023\/07\/Anita-Frauwallner-Institut-AllergoSan-150x150.jpg 150w, https:\/\/www.omni-biotic.com\/cs-cz\/wp-content\/uploads\/sites\/8\/2023\/07\/Anita-Frauwallner-Institut-AllergoSan-768x768.jpg 768w\" sizes=\"(max-width: 800px) 100vw, 800px\" title=\"\">\t\t\t\t\t\t\t\t\t\t\t<figcaption class=\"widget-image-caption wp-caption-text\">Prof. Anita Frauwallner <br> \u00a9 Foto Fischer Graz<\/figcaption>\n\t\t\t\t\t\t\t\t\t\t<\/figure>\n\t\t\t\t\t\t\t\t\t<\/div>\n\t\t\t\t<\/div>\n\t\t\t\t<\/div>\n\t\t<div class=\"elementor-element elementor-element-a1a0cc8 e-con-full obcs none e-flex e-con e-child\" data-id=\"a1a0cc8\" data-element_type=\"container\">\n\t\t\t\t<div class=\"elementor-element elementor-element-6c12fc2 elementor-widget elementor-widget-heading\" data-id=\"6c12fc2\" data-element_type=\"widget\" data-widget_type=\"heading.default\">\n\t\t\t\t<div class=\"elementor-widget-container\">\n\t\t\t\t\t<h3 class=\"elementor-heading-title elementor-size-default\">Kter\u00e9 alergie vznikaj\u00ed ve st\u0159evech a pro\u010d vznikaj\u00ed pr\u00e1v\u011b tam?<\/h3>\t\t\t\t<\/div>\n\t\t\t\t<\/div>\n\t\t\t\t<div class=\"elementor-element elementor-element-66a2275 elementor-widget elementor-widget-text-editor\" data-id=\"66a2275\" data-element_type=\"widget\" data-widget_type=\"text-editor.default\">\n\t\t\t\t<div class=\"elementor-widget-container\">\n\t\t\t\t\t\t\t\t\t<p><em><strong>Prof. Frauwallner: <\/strong><\/em>V\u00a0dne\u0161n\u00ed dob\u011b m\u016f\u017ee b\u00fdt prakticky ka\u017ed\u00e1 l\u00e1tka alergenem a t\u00edm tak vyvol\u00e1vat alergick\u00e9 reakce. Obzvl\u00e1\u0161t\u011b lid\u00e9 s\u00a0naru\u0161en\u00fdm imunitn\u00edm syst\u00e9mem si mus\u00ed proj\u00edt touto zku\u0161enost\u00ed, nebo\u0165\u00a0<strong>alergie<\/strong>\u00a0je\u00a0<strong>p\u0159ehnan\u00e1 reakce imunitn\u00edho syst\u00e9mu<\/strong>\u00a0na l\u00e1tky, kter\u00e9 u ne-alergik\u016f v\u016fbec \u017e\u00e1dnou reakci nevyvol\u00e1vaj\u00ed.<\/p><p>Pokud v\u00edte, \u017ee se <strong>70 % v\u0161ech imunitn\u00edch bun\u011bk produkuj\u00edc\u00edch protil\u00e1tky nach\u00e1z\u00ed ve st\u0159evech<\/strong>\u00a0je ka\u017ed\u00e9mu hned jasn\u00e9, pro\u010d se alergie vyskytuj\u00ed \u010dast\u011bji, kdy\u017e je ve st\u0159evech n\u011bco v nepo\u0159\u00e1dku. Nebo odborn\u011bji \u0159e\u010deno: kdy\u017e\u00a0<strong>st\u0159evn\u00ed bari\u00e9ra<\/strong>\u00a0p\u0159estane spr\u00e1vn\u011b fungovat. D\u016fvodem m\u016f\u017ee b\u00fdt l\u00e9\u010dba antibiotiky, kter\u00e1 z velk\u00e9 \u010d\u00e1sti vyhub\u00ed na\u0161e d\u016fle\u017eit\u00e9 st\u0159evn\u00ed bakterie nebo kdy\u017e jste t\u0159eba pr\u00e1v\u011b ve velk\u00e9m stresu. Tato velk\u00e1 z\u00e1t\u011b\u017e omezuje prokrven\u00ed st\u0159ev, co\u017e zp\u016fsobuje z\u00e1n\u011btliv\u00e9 reakce. T\u00edm doch\u00e1z\u00ed k\u00a0<strong>syndromu zv\u00fd\u0161en\u00e9 propustnosti st\u0159ev<\/strong>\u00a0(&#8222;<strong>leaky gut<\/strong>&#8222;) \u2013 a to se t\u00fdk\u00e1 jak v\u011bt\u0161\u00edch \u010d\u00e1st\u00ed potravy, tak i toxin\u016f nebo nap\u0159\u00edklad \u010d\u00e1ste\u010dek pylu, kter\u00e9 si ol\u00edzneme ze rt\u016f.<\/p>\t\t\t\t\t\t\t\t<\/div>\n\t\t\t\t<\/div>\n\t\t\t\t<\/div>\n\t\t\t\t\t<\/div>\n\t\t\t\t<\/div>\n\t\t<div class=\"elementor-element elementor-element-55a03cd obcs magenta e-flex e-con-boxed e-con e-parent\" data-id=\"55a03cd\" data-element_type=\"container\">\n\t\t\t\t\t<div class=\"e-con-inner\">\n\t\t\t\t<div class=\"elementor-element elementor-element-679738d elementor-widget elementor-widget-infobox\" data-id=\"679738d\" data-element_type=\"widget\" data-widget_type=\"infobox.default\">\n\t\t\t\t<div class=\"elementor-widget-container\">\n\t\t\t\t\t\n<div class=\"li-widgets--infobox yellow highlights-always-magenta\">\n\n    <div class=\"li-widgets--infobox__icon\">\n            <\/div>\n    <div class=\"li-widgets--infobox__text\">\n        Za\u010dn\u011bte s l\u00e9\u010dbou alergi\u00ed tam, kde to cel\u00e9 za\u010d\u00edn\u00e1 - ve st\u0159evech!    <\/div>\n    <div class=\"li-widgets--infobox__text-body\">\n        <p>\u2013 Prof. Anita Frauwallner<\/p>    <\/div>\n\n    \n<\/div>\n\t\t\t\t<\/div>\n\t\t\t\t<\/div>\n\t\t\t\t\t<\/div>\n\t\t\t\t<\/div>\n\t\t<div class=\"elementor-element elementor-element-c4a80d3 obcs none e-flex e-con-boxed e-con e-parent\" data-id=\"c4a80d3\" data-element_type=\"container\">\n\t\t\t\t\t<div class=\"e-con-inner\">\n\t\t<div class=\"elementor-element elementor-element-100871d obcs none e-flex e-con-boxed e-con e-child\" data-id=\"100871d\" data-element_type=\"container\">\n\t\t\t\t\t<div class=\"e-con-inner\">\n\t\t\t\t<div class=\"elementor-element elementor-element-a3d06ee elementor-widget__width-initial elementor-widget elementor-widget-text-editor\" data-id=\"a3d06ee\" data-element_type=\"widget\" data-widget_type=\"text-editor.default\">\n\t\t\t\t<div class=\"elementor-widget-container\">\n\t\t\t\t\t\t\t\t\t<p>Pokud je v\u00e1\u0161 imunitn\u00ed syst\u00e9m velmi podr\u00e1\u017ed\u011bn\u00fd, m\u016f\u017ee se objevit\u00a0<strong>alergick\u00e1 reakce<\/strong>\u00a0nap\u0159\u00edklad na ml\u00e9ko, p\u0161enici nebo jablka, proto\u017ee je j\u00edte \u010dast\u011bji, nebo na l\u00e1tky, kter\u00fdch se dot\u00fdk\u00e1te. Je hrozn\u00e9, kdy\u017e se z\u00a0d\u016fvodu\u00a0<strong>zk\u0159\u00ed\u017een\u00ed alergi\u00ed<\/strong>\u00a0objev\u00ed tak\u00e9 alergick\u00e9 reakce na pyl b\u0159\u00edzy nebo l\u00edsky. \u010c\u00edm v\u00edce alergi\u00ed m\u00e1te, t\u00edm v\u00edce jste n\u00e1chyln\u011bj\u0161\u00ed k dal\u0161\u00edm. A v\u0161echno to za\u010d\u00edn\u00e1 ve st\u0159evech!<\/p>\t\t\t\t\t\t\t\t<\/div>\n\t\t\t\t<\/div>\n\t\t\t\t<div class=\"elementor-element elementor-element-2fb5b13 elementor-widget elementor-widget-heading\" data-id=\"2fb5b13\" data-element_type=\"widget\" data-widget_type=\"heading.default\">\n\t\t\t\t<div class=\"elementor-widget-container\">\n\t\t\t\t\t<h3 class=\"elementor-heading-title elementor-size-default\">M\u016f\u017ee si \u010dlov\u011bk sv\u00e9 alergie \u201es\u00e1m vyl\u00e9\u010dit\u201c t\u00edm, \u017ee pom\u016f\u017ee sv\u00e9mu st\u0159evu? Co pom\u00e1h\u00e1 p\u0159i alergi\u00edch?<\/h3>\t\t\t\t<\/div>\n\t\t\t\t<\/div>\n\t\t\t\t<div class=\"elementor-element elementor-element-4346db9 elementor-widget elementor-widget-text-editor\" data-id=\"4346db9\" data-element_type=\"widget\" data-widget_type=\"text-editor.default\">\n\t\t\t\t<div class=\"elementor-widget-container\">\n\t\t\t\t\t\t\t\t\t<p><em><strong>Prof. Frauwallner:<\/strong><\/em> J\u00e1 sama jsem nejlep\u0161\u00edm d\u016fkazem toho, \u017ee \u010dlov\u011bk m\u016f\u017ee svou \u201ealergickou kari\u00e9ru\u201c s\u00e1m ukon\u010dit. Za\u010dn\u011bte tam, kde m\u00e1 alergie sv\u016fj p\u016fvod, ve st\u0159evech!<\/p><ol><li>Pokuste se <strong>sn\u00ed\u017eit stres,<\/strong> a hlavn\u011b se sna\u017ete uzdravit pr\u00e1v\u011b stresem po\u0161kozenou <strong>st\u0159evn\u00ed sliznici.<\/strong> To se zada\u0159\u00ed zejm\u00e9na p\u0159\u00edsunem spr\u00e1vn\u00fdch, protiz\u00e1n\u011btliv\u00fdch<strong> st\u0159evn\u00edch bakteri\u00ed.<\/strong><\/li><li>Posiln\u011bte svou <strong>obranyschopnost.<\/strong> V pylov\u00e9 sez\u00f3n\u011b se nam\u00edsto vy\u010derp\u00e1vaj\u00edc\u00edm sportovn\u00edm aktivit\u00e1m v\u011bnujte rad\u011bji posiln\u011bn\u00ed sv\u00e9 <strong>st\u0159evn\u00ed sliznice.<\/strong> Zde pr\u00e1v\u011b pom\u00e1haj\u00ed ty <strong>dobr\u00e9 st\u0159evn\u00ed bakterie.<\/strong> J\u00e1 osobn\u011b r\u00e1da vyu\u017e\u00edv\u00e1m kombinace <strong>\u0161esti siln\u00fdch bakteri\u00e1ln\u00edch kmen\u016f,<\/strong> kter\u00e9 na\u0161e st\u0159eva os\u00eddl\u00ed od vrchu a\u017e dol\u016f.<\/li><li>Pokud v\u00e1m te\u010de z nosu a slz\u00ed v\u00e1m o\u010di, je nutn\u00e9 zastavit tvorbu <strong>histaminu ve st\u0159evech<\/strong>. P\u0159i tom pom\u00e1h\u00e1 v\u00fdborn\u011b t\u0159eba zinek. Obecn\u011b jsou <strong>vitaminy skupiny B,<\/strong> aminokyseliny a r\u016fzn\u00e9 s<strong>topov\u00e9 prvky<\/strong> nezbytn\u00e9 pro v\u00fdstavbu stabiln\u00ed st\u0159evn\u00ed sliznice. T\u00edm dos\u00e1hnete optim\u00e1ln\u00ed <strong>\u201est\u0159evn\u00ed kondice\u201c.<\/strong><\/li><\/ol>\t\t\t\t\t\t\t\t<\/div>\n\t\t\t\t<\/div>\n\t\t\t\t\t<\/div>\n\t\t\t\t<\/div>\n\t\t\t\t\t<\/div>\n\t\t\t\t<\/div>\n\t\t<div class=\"elementor-element elementor-element-dcac3c1 obcs magenta e-flex e-con-boxed e-con e-parent\" data-id=\"dcac3c1\" data-element_type=\"container\">\n\t\t\t\t\t<div class=\"e-con-inner\">\n\t\t<div class=\"elementor-element elementor-element-b4c63ff e-con-full obcs none e-flex e-con e-child\" data-id=\"b4c63ff\" data-element_type=\"container\">\n\t\t\t\t<div class=\"elementor-element elementor-element-4967a64 elementor-widget elementor-widget-heading\" data-id=\"4967a64\" data-element_type=\"widget\" data-widget_type=\"heading.default\">\n\t\t\t\t<div class=\"elementor-widget-container\">\n\t\t\t\t\t<h3 class=\"elementor-heading-title elementor-size-default\">Jsou alergie, kter\u00e9 nemaj\u00ed se st\u0159evem nic spole\u010dn\u00e9ho? Nebo je tomu opravdu tak, \u017ee v\u0161echny alergie souvis\u00ed se st\u0159evem?<\/h3>\t\t\t\t<\/div>\n\t\t\t\t<\/div>\n\t\t\t\t<div class=\"elementor-element elementor-element-cc6dba6 elementor-widget elementor-widget-text-editor\" data-id=\"cc6dba6\" data-element_type=\"widget\" data-widget_type=\"text-editor.default\">\n\t\t\t\t<div class=\"elementor-widget-container\">\n\t\t\t\t\t\t\t\t\t<p><em><strong>Prof. Frauwallner:<\/strong><\/em> Jak alergie typu I-III, kter\u00e1 je zp\u016fsoben\u00e1\u00a0<strong>protil\u00e1tkami<\/strong>, tak i reakce typu IV vyvolan\u00e1 T-bu\u0148kami jsou v\u017edy zp\u016fsobeny chybou imunitn\u00edho syst\u00e9mu. U zcela zdrav\u00e9ho \u010dlov\u011bka s dob\u0159e funguj\u00edc\u00edm st\u0159evem a optim\u00e1ln\u00edm bakteri\u00e1ln\u00edm os\u00eddlen\u00edm se imunologick\u00e9 &#8222;poruchov\u00e9 alergie&#8220; a zejm\u00e9na tak\u00e9 potravinov\u00e9 intolerance, kter\u00fdmi dnes trp\u00ed st\u00e1le v\u00edce lid\u00ed, t\u00e9m\u011b\u0159 nevyskytuj\u00ed.<\/p><p>Dokonce i u d\u011bt\u00ed, kter\u00e9 maj\u00ed genetick\u00e9 p\u0159edpoklady od obou rodi\u010d\u016f, lze v\u00fdskyt alergi\u00ed, neurodermatitidy a astmatu sn\u00ed\u017eit a\u017e o 80 % pod\u00e1v\u00e1n\u00edm spr\u00e1vn\u00fdch\u00a0<strong>st\u0159evn\u00edch bakteri\u00ed<\/strong>\u00a0b\u011bhem\u00a0<strong>t\u011bhotenstv\u00ed<\/strong>\u00a0a v prvn\u00edm roce \u017eivota d\u00edt\u011bte. Velkou studii PANDA o t\u00e9to problematice jsme publikovali p\u0159ed 10 lety. Ale teprve nyn\u00ed za\u010d\u00ednaj\u00ed pediat\u0159i a alergologov\u00e9 pomalu vyu\u017e\u00edvat potenci\u00e1lu t\u00e9to speci\u00e1ln\u00ed probiotick\u00e9 terapie.<\/p>\t\t\t\t\t\t\t\t<\/div>\n\t\t\t\t<\/div>\n\t\t\t\t<\/div>\n\t\t<div class=\"elementor-element elementor-element-c9fe809 e-con-full obcs none e-flex e-con e-child\" data-id=\"c9fe809\" data-element_type=\"container\">\n\t\t\t\t<div class=\"elementor-element elementor-element-b4c62b6 e-transform elementor-widget elementor-widget-image\" data-id=\"b4c62b6\" data-element_type=\"widget\" data-settings=\"{&quot;_transform_rotateZ_effect&quot;:{&quot;unit&quot;:&quot;px&quot;,&quot;size&quot;:&quot;0&quot;,&quot;sizes&quot;:[]},&quot;_transform_rotate_3d&quot;:&quot;yes&quot;,&quot;_transform_rotateX_effect&quot;:{&quot;unit&quot;:&quot;px&quot;,&quot;size&quot;:&quot;0&quot;,&quot;sizes&quot;:[]},&quot;_transform_rotateY_effect&quot;:{&quot;unit&quot;:&quot;px&quot;,&quot;size&quot;:&quot;-4&quot;,&quot;sizes&quot;:[]},&quot;_transform_perspective_effect&quot;:{&quot;unit&quot;:&quot;px&quot;,&quot;size&quot;:&quot;650&quot;,&quot;sizes&quot;:[]},&quot;_transform_rotateZ_effect_tablet&quot;:{&quot;unit&quot;:&quot;deg&quot;,&quot;size&quot;:&quot;&quot;,&quot;sizes&quot;:[]},&quot;_transform_rotateZ_effect_mobile&quot;:{&quot;unit&quot;:&quot;deg&quot;,&quot;size&quot;:&quot;&quot;,&quot;sizes&quot;:[]},&quot;_transform_rotateX_effect_tablet&quot;:{&quot;unit&quot;:&quot;deg&quot;,&quot;size&quot;:&quot;&quot;,&quot;sizes&quot;:[]},&quot;_transform_rotateX_effect_mobile&quot;:{&quot;unit&quot;:&quot;deg&quot;,&quot;size&quot;:&quot;&quot;,&quot;sizes&quot;:[]},&quot;_transform_rotateY_effect_tablet&quot;:{&quot;unit&quot;:&quot;deg&quot;,&quot;size&quot;:&quot;&quot;,&quot;sizes&quot;:[]},&quot;_transform_rotateY_effect_mobile&quot;:{&quot;unit&quot;:&quot;deg&quot;,&quot;size&quot;:&quot;&quot;,&quot;sizes&quot;:[]},&quot;_transform_perspective_effect_tablet&quot;:{&quot;unit&quot;:&quot;px&quot;,&quot;size&quot;:&quot;&quot;,&quot;sizes&quot;:[]},&quot;_transform_perspective_effect_mobile&quot;:{&quot;unit&quot;:&quot;px&quot;,&quot;size&quot;:&quot;&quot;,&quot;sizes&quot;:[]}}\" data-widget_type=\"image.default\">\n\t\t\t\t<div class=\"elementor-widget-container\">\n\t\t\t\t\t\t\t\t\t\t\t\t\t\t\t<img loading=\"lazy\" decoding=\"async\" width=\"800\" height=\"384\" src=\"https:\/\/www.omni-biotic.com\/cs-cz\/wp-content\/uploads\/sites\/8\/2023\/07\/deti_a_alergie-1024x491.jpg\" class=\"attachment-large size-large wp-image-16778\" alt=\"\" srcset=\"https:\/\/www.omni-biotic.com\/cs-cz\/wp-content\/uploads\/sites\/8\/2023\/07\/deti_a_alergie-1024x491.jpg 1024w, https:\/\/www.omni-biotic.com\/cs-cz\/wp-content\/uploads\/sites\/8\/2023\/07\/deti_a_alergie-300x144.jpg 300w, https:\/\/www.omni-biotic.com\/cs-cz\/wp-content\/uploads\/sites\/8\/2023\/07\/deti_a_alergie-768x368.jpg 768w, https:\/\/www.omni-biotic.com\/cs-cz\/wp-content\/uploads\/sites\/8\/2023\/07\/deti_a_alergie-1536x736.jpg 1536w, https:\/\/www.omni-biotic.com\/cs-cz\/wp-content\/uploads\/sites\/8\/2023\/07\/deti_a_alergie.jpg 1920w\" sizes=\"(max-width: 800px) 100vw, 800px\" title=\"\">\t\t\t\t\t\t\t\t\t\t\t\t\t\t\t<\/div>\n\t\t\t\t<\/div>\n\t\t\t\t<\/div>\n\t\t\t\t\t<\/div>\n\t\t\t\t<\/div>\n\t\t<div class=\"elementor-element elementor-element-6dbe848 obcs none e-flex e-con-boxed e-con e-parent\" data-id=\"6dbe848\" data-element_type=\"container\">\n\t\t\t\t\t<div class=\"e-con-inner\">\n\t\t<div class=\"elementor-element elementor-element-26bd5ba obcs none e-flex e-con-boxed e-con e-child\" data-id=\"26bd5ba\" data-element_type=\"container\">\n\t\t\t\t\t<div class=\"e-con-inner\">\n\t\t\t\t<div class=\"elementor-element elementor-element-16cca6b elementor-widget elementor-widget-heading\" data-id=\"16cca6b\" data-element_type=\"widget\" data-widget_type=\"heading.default\">\n\t\t\t\t<div class=\"elementor-widget-container\">\n\t\t\t\t\t<h3 class=\"elementor-heading-title elementor-size-default\">Pro\u010d se n\u00e1m zd\u00e1, \u017ee lid\u00e9 st\u00e1le v\u00edce trp\u00ed alergiemi?<\/h3>\t\t\t\t<\/div>\n\t\t\t\t<\/div>\n\t\t\t\t<div class=\"elementor-element elementor-element-ce7b0ff elementor-widget elementor-widget-text-editor\" data-id=\"ce7b0ff\" data-element_type=\"widget\" data-widget_type=\"text-editor.default\">\n\t\t\t\t<div class=\"elementor-widget-container\">\n\t\t\t\t\t\t\t\t\t<p><em><strong>Prof. Frauwallner:<\/strong><\/em> To se n\u00e1m nezd\u00e1, skute\u010dn\u011b je tomu tak, \u017ee v dne\u0161n\u00ed dob\u011b trp\u00ed alergiemi v\u00edce lid\u00ed ne\u017e p\u0159ed 50 lety. Ono se ani nen\u00ed \u010demu divit, sta\u010d\u00ed se rozhl\u00e9dnout kolem sebe:\u00a0<strong>Ka\u017ed\u00e9 d\u00edt\u011b dost\u00e1v\u00e1 ji\u017e v prvn\u00edch letech- sv\u00e9ho \u017eivota antibiotika<\/strong>\u00a0a bohu\u017eel \u010dasto zbyte\u010dn\u011b. Na\u0161e j\u00eddlo obsahuje st\u00e1le v\u00edce cukru, barviv, konzervant\u016f a um\u011bl\u00fdch dochucovadel. 30% populace trp\u00ed takov\u00fdm\u00a0<strong>stresem<\/strong>, \u017ee je vystaveno obrovsk\u00e9mu riziku\u00a0<strong>syndromu vyho\u0159en\u00ed<\/strong>. 80 % n\u011bmeck\u00e9 populace nem\u00e1\u00a0<strong>st\u0159evn\u00ed fl\u00f3ru<\/strong>\u00a0v po\u0159\u00e1dku a trp\u00ed nad\u00fdm\u00e1n\u00edm, neust\u00e1l\u00fdmi\u00a0<strong>bolestmi<\/strong>\u00a0a\u00a0<strong>chronickou \u00fanavou<\/strong>. Mus\u00edme se vr\u00e1tit k tomu, \u010d\u00edm se jasn\u011b zab\u00fdvalo u\u017e starov\u011bk\u00e9 l\u00e9\u010ditelstv\u00ed \u2013 od \u00e1jurv\u00e9dy p\u0159es Hippokrata a\u017e po Paracelsa: &#8222;St\u0159evo je centrem zdrav\u00ed a nemoci.&#8220; Moje vize je &#8211; zejm\u00e9na co se t\u00fd\u010de alergi\u00ed &#8211; velmi jasn\u00e1: nesoust\u0159e\u010fte se jen na p\u0159\u00edznaky, bojujte s p\u0159\u00ed\u010dinami. A pr\u00e1v\u011b alergie jsou zp\u016fsobeny chybnou funkc\u00ed st\u0159ev, kv\u016fli kter\u00e9 nefunguje n\u00e1\u0161 imunitn\u00ed syst\u00e9m tak, jak by m\u011bl.<\/p>\t\t\t\t\t\t\t\t<\/div>\n\t\t\t\t<\/div>\n\t\t\t\t\t<\/div>\n\t\t\t\t<\/div>\n\t\t\t\t\t<\/div>\n\t\t\t\t<\/div>\n\t\t<div class=\"elementor-element elementor-element-3f5cddb obcs none e-flex e-con-boxed e-con e-parent\" data-id=\"3f5cddb\" data-element_type=\"container\">\n\t\t\t\t\t<div class=\"e-con-inner\">\n\t\t\t\t<div class=\"elementor-element elementor-element-ec1e0bf elementor-widget__width-inherit elementor-widget elementor-widget-heading\" data-id=\"ec1e0bf\" data-element_type=\"widget\" data-widget_type=\"heading.default\">\n\t\t\t\t<div class=\"elementor-widget-container\">\n\t\t\t\t\t<h2 class=\"elementor-heading-title elementor-size-default\">D\u016fle\u017eit\u00e9 \u010dl\u00e1nky k t\u00e9matu<\/h2>\t\t\t\t<\/div>\n\t\t\t\t<\/div>\n\t\t\t\t<div class=\"elementor-element elementor-element-1b42359 elementor-widget elementor-widget-li-widgets--posts-gallery\" data-id=\"1b42359\" data-element_type=\"widget\" data-widget_type=\"li-widgets--posts-gallery.default\">\n\t\t\t\t<div class=\"elementor-widget-container\">\n\t\t\t\t\t    \n<div class=\"li-widgets--posts-gallery__pagination\" data-post-id=\"155\">\n\n    <div class=\"li-widgets--posts-gallery__pagination-results\">\n        1-6 z 54 v\u00fdsledk\u016f    <\/div>\n    <div class=\"li-widgets--posts-gallery__pagination-pages\">\n        Strana 1 ze 9    <\/div>\n    <div class=\"li-widgets--posts-gallery__pagination-url\">\n                            <a href=\"#\" data-href=\"https:\/\/www.omni-biotic.com\/cs-cz\/wp-json\/wp\/v2\/pages\/155\/?search&category=108&cur=1\">1<\/a>\n                    <a href=\"#\" data-href=\"https:\/\/www.omni-biotic.com\/cs-cz\/wp-json\/wp\/v2\/pages\/155\/?search&category=108&cur=2\">2<\/a>\n                    <a href=\"#\" data-href=\"https:\/\/www.omni-biotic.com\/cs-cz\/wp-json\/wp\/v2\/pages\/155\/?search&category=108&cur=3\">3<\/a>\n                            <a href=\"#\" data-href=\"https:\/\/www.omni-biotic.com\/cs-cz\/wp-json\/wp\/v2\/pages\/155\/?search&category=108&cur=9\">\u00bb<\/a>\n            <\/div>\n<\/div>\n<div class=\"li-widgets--posts-gallery blog\">\n                    <a href=\"https:\/\/www.omni-biotic.com\/cs-cz\/blog\/prujem-behem-menstruace-a-mikrobiom\/\"\n           class=\"li-widgets--posts-gallery__post\">\n            <div class=\"post--image__container\">\n                <div class=\"post--image\">\n                    <img loading=\"lazy\" decoding=\"async\" width=\"768\" height=\"512\" src=\"https:\/\/www.omni-biotic.com\/cs-cz\/wp-content\/uploads\/sites\/8\/2026\/04\/width_1600-768x512.jpg\" class=\"attachment-medium_large size-medium_large wp-post-image\" alt=\"\" srcset=\"https:\/\/www.omni-biotic.com\/cs-cz\/wp-content\/uploads\/sites\/8\/2026\/04\/width_1600-768x512.jpg 768w, https:\/\/www.omni-biotic.com\/cs-cz\/wp-content\/uploads\/sites\/8\/2026\/04\/width_1600-300x200.jpg 300w, https:\/\/www.omni-biotic.com\/cs-cz\/wp-content\/uploads\/sites\/8\/2026\/04\/width_1600-1024x683.jpg 1024w, https:\/\/www.omni-biotic.com\/cs-cz\/wp-content\/uploads\/sites\/8\/2026\/04\/width_1600-1536x1024.jpg 1536w, https:\/\/www.omni-biotic.com\/cs-cz\/wp-content\/uploads\/sites\/8\/2026\/04\/width_1600.jpg 1599w\" sizes=\"(max-width: 768px) 100vw, 768px\" title=\"\">                <\/div>\n            <\/div>\n            <div class=\"post--teaser\">\n                <div class=\"title\">Pr\u016fjem b\u011bhem menstruace a role st\u0159evn\u00edho mikrobiomu<\/div>\n                <div class=\"description\">\n                    Mnoho \u017een to d\u016fv\u011brn\u011b zn\u00e1. V obdob\u00ed kolem periody se za\u017e\u00edv\u00e1n\u00ed \u201ezbl\u00e1zn\u00ed\u201c a obzvl\u00e1\u0161t\u011b pr\u016fjmy\u2026                    <br>\n                    <span class=\"read-more\">\n                            \u010ct\u011bte v\u00edce                        <\/span>\n                <\/div>\n                <div class=\"metadata\"><b>Aktualizov\u00e1no:<\/b> 16. dubna 2026 \u2022 <b>Kategorie:<\/b> Novinky ve v\u00fdzkumu, Pot\u00ed\u017ee a poradenstv\u00ed \u2022 <b>Autor:<\/b> Zuzana Mikulova<\/div>\n            <\/div>\n        <\/a>\n                <a href=\"https:\/\/www.omni-biotic.com\/cs-cz\/blog\/jaky-vliv-maji-projimadla-na-strevni-mikrobiom\/\"\n           class=\"li-widgets--posts-gallery__post\">\n            <div class=\"post--image__container\">\n                <div class=\"post--image\">\n                    <img loading=\"lazy\" decoding=\"async\" width=\"768\" height=\"720\" src=\"https:\/\/www.omni-biotic.com\/cs-cz\/wp-content\/uploads\/sites\/8\/2026\/03\/OB_WOMAN_Floraplus_Sachet-2-e1773046011722-768x720.png\" class=\"attachment-medium_large size-medium_large wp-post-image\" alt=\"\" srcset=\"https:\/\/www.omni-biotic.com\/cs-cz\/wp-content\/uploads\/sites\/8\/2026\/03\/OB_WOMAN_Floraplus_Sachet-2-e1773046011722-768x720.png 768w, https:\/\/www.omni-biotic.com\/cs-cz\/wp-content\/uploads\/sites\/8\/2026\/03\/OB_WOMAN_Floraplus_Sachet-2-e1773046011722-300x281.png 300w, https:\/\/www.omni-biotic.com\/cs-cz\/wp-content\/uploads\/sites\/8\/2026\/03\/OB_WOMAN_Floraplus_Sachet-2-e1773046011722-1024x959.png 1024w, https:\/\/www.omni-biotic.com\/cs-cz\/wp-content\/uploads\/sites\/8\/2026\/03\/OB_WOMAN_Floraplus_Sachet-2-e1773046011722.png 1078w\" sizes=\"(max-width: 768px) 100vw, 768px\" title=\"\">                <\/div>\n            <\/div>\n            <div class=\"post--teaser\">\n                <div class=\"title\">Jak\u00fd vliv maj\u00ed proj\u00edmadla na st\u0159evn\u00ed mikrobiom?<\/div>\n                <div class=\"description\">\n                    Proj\u00edmadla, medic\u00ednsky naz\u00fdvan\u00e1 laxativa, jsou pro mnoho lid\u00ed vn\u00edm\u00e1na jako nekomplikovan\u00e9 a rychl\u00e9 \u0159e\u0161en\u00ed z\u00e1cpy.\u2026                    <br>\n                    <span class=\"read-more\">\n                            \u010ct\u011bte v\u00edce                        <\/span>\n                <\/div>\n                <div class=\"metadata\"><b>Aktualizov\u00e1no:<\/b> 12. b\u0159ezna 2026 \u2022 <b>Kategorie:<\/b> Novinky ve v\u00fdzkumu, Pot\u00ed\u017ee a poradenstv\u00ed \u2022 <b>Autor:<\/b> Zuzana Mikulova<\/div>\n            <\/div>\n        <\/a>\n                <a href=\"https:\/\/www.omni-biotic.com\/cs-cz\/blog\/co-se-skryva-za-gastritidou\/\"\n           class=\"li-widgets--posts-gallery__post\">\n            <div class=\"post--image__container\">\n                <div class=\"post--image\">\n                    <img loading=\"lazy\" decoding=\"async\" width=\"768\" height=\"607\" src=\"https:\/\/www.omni-biotic.com\/cs-cz\/wp-content\/uploads\/sites\/8\/2025\/08\/zaludek_gastritida-768x607.png\" class=\"attachment-medium_large size-medium_large wp-post-image\" alt=\"\" srcset=\"https:\/\/www.omni-biotic.com\/cs-cz\/wp-content\/uploads\/sites\/8\/2025\/08\/zaludek_gastritida-768x607.png 768w, https:\/\/www.omni-biotic.com\/cs-cz\/wp-content\/uploads\/sites\/8\/2025\/08\/zaludek_gastritida-300x237.png 300w, https:\/\/www.omni-biotic.com\/cs-cz\/wp-content\/uploads\/sites\/8\/2025\/08\/zaludek_gastritida.png 956w\" sizes=\"(max-width: 768px) 100vw, 768px\" title=\"\">                <\/div>\n            <\/div>\n            <div class=\"post--teaser\">\n                <div class=\"title\">Kdy\u017e se \u017ealudek bou\u0159\u00ed: Co se skr\u00fdv\u00e1 za gastritidou?<\/div>\n                <div class=\"description\">\n                    Bolest \u010di tlak v nadb\u0159i\u0161ku, nevolnost, pocit plnosti nebo p\u00e1len\u00ed \u017e\u00e1hy \u2013 tyto nep\u0159\u00edjemn\u00e9 p\u0159\u00edznaky\u2026                    <br>\n                    <span class=\"read-more\">\n                            \u010ct\u011bte v\u00edce                        <\/span>\n                <\/div>\n                <div class=\"metadata\"><b>Aktualizov\u00e1no:<\/b> 20. srpna 2025 \u2022 <b>Kategorie:<\/b> Novinky ve v\u00fdzkumu, Pot\u00ed\u017ee a poradenstv\u00ed \u2022 <b>Autor:<\/b> Zuzana Mikulova<\/div>\n            <\/div>\n        <\/a>\n                <a href=\"https:\/\/www.omni-biotic.com\/cs-cz\/blog\/co-nesmi-chybet-v-cestovni-lekarne\/\"\n           class=\"li-widgets--posts-gallery__post\">\n            <div class=\"post--image__container\">\n                <div class=\"post--image\">\n                    <img loading=\"lazy\" decoding=\"async\" width=\"700\" height=\"500\" src=\"https:\/\/www.omni-biotic.com\/cs-cz\/wp-content\/uploads\/sites\/8\/2023\/06\/700x500-first-aid-kit-1-1.jpg\" class=\"attachment-medium_large size-medium_large wp-post-image\" alt=\"Eine gut sortierte Reiseapotheke hilft den Urlaub in vollen Z\u00fcgen genie\u00dfen zu k\u00f6nnen.\" srcset=\"https:\/\/www.omni-biotic.com\/cs-cz\/wp-content\/uploads\/sites\/8\/2023\/06\/700x500-first-aid-kit-1-1.jpg 700w, https:\/\/www.omni-biotic.com\/cs-cz\/wp-content\/uploads\/sites\/8\/2023\/06\/700x500-first-aid-kit-1-1-300x214.jpg 300w\" sizes=\"(max-width: 700px) 100vw, 700px\" title=\"\">                <\/div>\n            <\/div>\n            <div class=\"post--teaser\">\n                <div class=\"title\">Co nesm\u00ed chyb\u011bt v cestovn\u00ed l\u00e9k\u00e1rni\u010dce<\/div>\n                <div class=\"description\">\n                    Nikdo z n\u00e1s se nevydav\u00e1 na cesty v pevn\u00e9m p\u0159esv\u011bd\u010den\u00ed, \u017ee se zran\u00ed, onemocn\u00ed, nebo\u2026                    <br>\n                    <span class=\"read-more\">\n                            \u010ct\u011bte v\u00edce                        <\/span>\n                <\/div>\n                <div class=\"metadata\"><b>Aktualizov\u00e1no:<\/b> 24. \u010dervence 2025 \u2022 <b>Kategorie:<\/b> Pot\u00ed\u017ee a poradenstv\u00ed<\/div>\n            <\/div>\n        <\/a>\n                <a href=\"https:\/\/www.omni-biotic.com\/cs-cz\/blog\/celiakie-omni-biotic-blog\/\"\n           class=\"li-widgets--posts-gallery__post\">\n            <div class=\"post--image__container\">\n                <div class=\"post--image\">\n                    <img loading=\"lazy\" decoding=\"async\" width=\"700\" height=\"500\" src=\"https:\/\/www.omni-biotic.com\/cs-cz\/wp-content\/uploads\/sites\/8\/2025\/05\/Celiakie.jpg\" class=\"attachment-medium_large size-medium_large wp-post-image\" alt=\"\" srcset=\"https:\/\/www.omni-biotic.com\/cs-cz\/wp-content\/uploads\/sites\/8\/2025\/05\/Celiakie.jpg 700w, https:\/\/www.omni-biotic.com\/cs-cz\/wp-content\/uploads\/sites\/8\/2025\/05\/Celiakie-300x214.jpg 300w\" sizes=\"(max-width: 700px) 100vw, 700px\" title=\"\">                <\/div>\n            <\/div>\n            <div class=\"post--teaser\">\n                <div class=\"title\">Celiakie<\/div>\n                <div class=\"description\">\n                    Celiakie, neboli nesn\u00e1\u0161enlivost lepku postihuje p\u0159ibli\u017en\u011b jedno procento sv\u011btov\u00e9 populace. Posti\u017een\u00ed v\u0161ak \u010dasto nevykazuj\u00ed \u017e\u00e1dn\u00e9\u2026                    <br>\n                    <span class=\"read-more\">\n                            \u010ct\u011bte v\u00edce                        <\/span>\n                <\/div>\n                <div class=\"metadata\"><b>Aktualizov\u00e1no:<\/b> 17. \u010dervna 2025 \u2022 <b>Kategorie:<\/b> Allgemein, Pot\u00ed\u017ee a poradenstv\u00ed \u2022 <b>Autor:<\/b> Barbara Seitler, MSc<\/div>\n            <\/div>\n        <\/a>\n                <a href=\"https:\/\/www.omni-biotic.com\/cs-cz\/blog\/autoimunitni-onemocneni_omni_biotic\/\"\n           class=\"li-widgets--posts-gallery__post\">\n            <div class=\"post--image__container\">\n                <div class=\"post--image\">\n                    <img loading=\"lazy\" decoding=\"async\" width=\"606\" height=\"800\" src=\"https:\/\/www.omni-biotic.com\/cs-cz\/wp-content\/uploads\/sites\/8\/2025\/04\/Autoimunitni_choroby.webp\" class=\"attachment-medium_large size-medium_large wp-post-image\" alt=\"\" srcset=\"https:\/\/www.omni-biotic.com\/cs-cz\/wp-content\/uploads\/sites\/8\/2025\/04\/Autoimunitni_choroby.webp 606w, https:\/\/www.omni-biotic.com\/cs-cz\/wp-content\/uploads\/sites\/8\/2025\/04\/Autoimunitni_choroby-227x300.webp 227w\" sizes=\"(max-width: 606px) 100vw, 606px\" title=\"\">                <\/div>\n            <\/div>\n            <div class=\"post--teaser\">\n                <div class=\"title\">Autoimunitn\u00ed onemocn\u011bn\u00ed<\/div>\n                <div class=\"description\">\n                    Asi v\u0161ichni jsme u\u017e sly\u0161eli pojmy jako lup\u00e9nka, Hashimotova tyreoiditida, celiakie nebo cukrovka 1. typu.\u2026                    <br>\n                    <span class=\"read-more\">\n                            \u010ct\u011bte v\u00edce                        <\/span>\n                <\/div>\n                <div class=\"metadata\"><b>Aktualizov\u00e1no:<\/b> 29. dubna 2025 \u2022 <b>Kategorie:<\/b> Pot\u00ed\u017ee a poradenstv\u00ed \u2022 <b>Autor:<\/b> Zuzana Mikulova<\/div>\n            <\/div>\n        <\/a>\n            <\/div>\n\t\t\t\t<\/div>\n\t\t\t\t<\/div>\n\t\t\t\t\t<\/div>\n\t\t\t\t<\/div>\n\t\t\t\t<\/div>\n\t\t","protected":false},"excerpt":{"rendered":"<p>Alergie V\u011bd\u011bli jste, jak velkou roli hraj\u00ed na\u0161e st\u0159eva v boji proti alergi\u00edm? Na\u0161e st\u0159eva jsou velice podce\u0148ovan\u00fdm org\u00e1nem. V\u011bd\u011bli jste, \u017ee povrch st\u0159ev m\u011b\u0159\u00ed okolo 400 m2, \u010d\u00edm\u017e je 10 x v\u011bt\u0161\u00ed ne\u017e povrch plic a 100 x v\u011bt\u0161\u00ed ne\u017e k\u016f\u017ee? Na tomto povrchu se potuluje okolo\u00a0100 miliard bakteri\u00ed\u00a0ze sta r\u016fzn\u00fdch druh\u016f.\u00a0Jejich kombinace je [&hellip;]<\/p>\n","protected":false},"author":3,"featured_media":0,"parent":153,"menu_order":460,"comment_status":"closed","ping_status":"closed","template":"","meta":{"_acf_changed":false,"inline_featured_image":false,"footnotes":""},"class_list":["post-155","page","type-page","status-publish","hentry"],"acf":[],"_links":{"self":[{"href":"https:\/\/www.omni-biotic.com\/cs-cz\/wp-json\/wp\/v2\/pages\/155","targetHints":{"allow":["GET"]}}],"collection":[{"href":"https:\/\/www.omni-biotic.com\/cs-cz\/wp-json\/wp\/v2\/pages"}],"about":[{"href":"https:\/\/www.omni-biotic.com\/cs-cz\/wp-json\/wp\/v2\/types\/page"}],"author":[{"embeddable":true,"href":"https:\/\/www.omni-biotic.com\/cs-cz\/wp-json\/wp\/v2\/users\/3"}],"replies":[{"embeddable":true,"href":"https:\/\/www.omni-biotic.com\/cs-cz\/wp-json\/wp\/v2\/comments?post=155"}],"version-history":[{"count":7,"href":"https:\/\/www.omni-biotic.com\/cs-cz\/wp-json\/wp\/v2\/pages\/155\/revisions"}],"predecessor-version":[{"id":19328,"href":"https:\/\/www.omni-biotic.com\/cs-cz\/wp-json\/wp\/v2\/pages\/155\/revisions\/19328"}],"up":[{"embeddable":true,"href":"https:\/\/www.omni-biotic.com\/cs-cz\/wp-json\/wp\/v2\/pages\/153"}],"wp:attachment":[{"href":"https:\/\/www.omni-biotic.com\/cs-cz\/wp-json\/wp\/v2\/media?parent=155"}],"curies":[{"name":"wp","href":"https:\/\/api.w.org\/{rel}","templated":true}]}}