{"id":19101,"date":"2024-08-29T16:06:44","date_gmt":"2024-08-29T14:06:44","guid":{"rendered":"https:\/\/www.omni-biotic.com\/cs-cz\/?page_id=19101"},"modified":"2024-09-09T16:41:15","modified_gmt":"2024-09-09T14:41:15","slug":"mikrobiom-zeny-poradce","status":"publish","type":"page","link":"https:\/\/www.omni-biotic.com\/cs-cz\/zdravi-strev\/oblasti-pusobeni-streva\/vaginalni-mikroflora\/mikrobiom-zeny-poradce\/","title":{"rendered":"Mikrobiom \u017eeny &#8211; Pr\u016fvodce"},"content":{"rendered":"\t\t<div data-elementor-type=\"wp-page\" data-elementor-id=\"19101\" class=\"elementor elementor-19101\" data-elementor-post-type=\"page\">\n\t\t\t\t<div class=\"elementor-element elementor-element-ba018a1 obcs none e-flex e-con-boxed e-con e-parent\" data-id=\"ba018a1\" data-element_type=\"container\" data-settings=\"{&quot;background_background&quot;:&quot;classic&quot;,&quot;shape_divider_bottom&quot;:&quot;curve-asymmetrical&quot;,&quot;shape_divider_bottom_negative&quot;:&quot;yes&quot;}\">\n\t\t\t\t\t<div class=\"e-con-inner\">\n\t\t\t\t<div class=\"elementor-shape elementor-shape-bottom\" aria-hidden=\"true\" data-negative=\"true\">\n\t\t\t<svg xmlns=\"http:\/\/www.w3.org\/2000\/svg\" viewBox=\"0 0 1000 100\" preserveAspectRatio=\"none\">\n\t<path class=\"elementor-shape-fill\" d=\"M615.2,96.7C240.2,97.8,0,18.9,0,0v100h1000V0C1000,19.2,989.8,96,615.2,96.7z\"\/>\n<\/svg>\t\t<\/div>\n\t\t<div class=\"elementor-element elementor-element-29d717f e-con-full obcs none e-flex e-con e-child\" data-id=\"29d717f\" data-element_type=\"container\" data-settings=\"{&quot;background_background&quot;:&quot;classic&quot;}\">\n\t\t<div class=\"elementor-element elementor-element-1720f50 obcs none e-flex e-con-boxed e-con e-child\" data-id=\"1720f50\" data-element_type=\"container\">\n\t\t\t\t\t<div class=\"e-con-inner\">\n\t\t\t\t<div class=\"elementor-element elementor-element-eaa1ffa elementor-widget elementor-widget-heading\" data-id=\"eaa1ffa\" data-element_type=\"widget\" data-widget_type=\"heading.default\">\n\t\t\t\t<div class=\"elementor-widget-container\">\n\t\t\t\t\t<h1 class=\"elementor-heading-title elementor-size-default\">V\u00e1\u0161 pr\u016fvodce mikrobiomem \u017eeny<\/h1>\t\t\t\t<\/div>\n\t\t\t\t<\/div>\n\t\t\t\t\t<\/div>\n\t\t\t\t<\/div>\n\t\t\t\t<div class=\"elementor-element elementor-element-d354fe5 elementor-widget-divider--view-line elementor-widget elementor-widget-divider\" data-id=\"d354fe5\" data-element_type=\"widget\" data-widget_type=\"divider.default\">\n\t\t\t\t<div class=\"elementor-widget-container\">\n\t\t\t\t\t\t\t<div class=\"elementor-divider\">\n\t\t\t<span class=\"elementor-divider-separator\">\n\t\t\t\t\t\t<\/span>\n\t\t<\/div>\n\t\t\t\t\t\t<\/div>\n\t\t\t\t<\/div>\n\t\t\t\t<div class=\"elementor-element elementor-element-3837440 elementor-widget elementor-widget-text-editor\" data-id=\"3837440\" data-element_type=\"widget\" data-widget_type=\"text-editor.default\">\n\t\t\t\t<div class=\"elementor-widget-container\">\n\t\t\t\t\t\t\t\t\t<p><strong>Probl\u00e9my v intimn\u00ed oblasti?<\/strong> Objevte na\u0161eho exkluzivn\u00edho pr\u016fvodce mikrobiomem \u017eeny &#8211; Va\u0161eho partnera pro intimn\u00ed zdrav\u00ed.<\/p>\t\t\t\t\t\t\t\t<\/div>\n\t\t\t\t<\/div>\n\t\t\t\t<\/div>\n\t\t\t\t\t<\/div>\n\t\t\t\t<\/div>\n\t\t<div class=\"elementor-element elementor-element-d3cad02 obcs magenta e-flex e-con-boxed e-con e-parent\" data-id=\"d3cad02\" data-element_type=\"container\">\n\t\t\t\t\t<div class=\"e-con-inner\">\n\t\t<div class=\"elementor-element elementor-element-b4921f3 e-con-full obcs none e-flex e-con e-child\" data-id=\"b4921f3\" data-element_type=\"container\">\n\t\t\t\t<div class=\"elementor-element elementor-element-ba2bf7b elementor-widget elementor-widget-heading\" data-id=\"ba2bf7b\" data-element_type=\"widget\" data-widget_type=\"heading.default\">\n\t\t\t\t<div class=\"elementor-widget-container\">\n\t\t\t\t\t<h2 class=\"elementor-heading-title elementor-size-default\">Vy\u017e\u00e1dejte si jej nyn\u00ed zdarma!<\/h2>\t\t\t\t<\/div>\n\t\t\t\t<\/div>\n\t\t\t\t<div class=\"elementor-element elementor-element-ad23714 elementor-widget elementor-widget-text-editor\" data-id=\"ad23714\" data-element_type=\"widget\" data-widget_type=\"text-editor.default\">\n\t\t\t\t<div class=\"elementor-widget-container\">\n\t\t\t\t\t\t\t\t\t<p><span style=\"color: var( --e-global-color-text );font-family: var( --e-global-typography-text-font-family ), -apple-system,BlinkMacSystemFont,Segoe UI,Roboto,Helvetica Neue,Arial,Noto Sans,sans-serif;font-size: var( --e-global-typography-text-font-size );font-style: var( --e-global-typography-text-font-style );font-weight: var( --e-global-typography-text-font-weight );letter-spacing: var( --e-global-typography-text-letter-spacing );text-transform: var( --e-global-typography-text-text-transform );background-color: inherit\">V\u011bd\u011bli jste, \u017ee <strong>zdrav\u00ed va\u0161ich st\u0159ev<\/strong> m\u016f\u017ee p\u0159\u00edmo ovliv\u0148ovat i va\u0161i <strong>vagin\u00e1ln\u00ed mikrofl\u00f3ru? ?\u00a0<\/strong><\/span><\/p><p>V\u00edce informac\u00ed o t\u00e9to d\u016fle\u017eit\u00e9 souvislosti, stejn\u011b jako podrobn\u00e9 informace o <strong>bakteri\u00e1ln\u00ed vagin\u00f3ze, vagin\u00e1ln\u00edch pl\u00edsn\u00edch, l\u00edb\u00e1nkov\u00e9 cystitid\u011b, vagin\u00e1ln\u00ed suchosti, menopauze<\/strong> a mnoh\u00e9m dal\u0161\u00edm se dozv\u00edte v na\u0161em praktick\u00e9m pr\u016fvodci s cenn\u00fdmi radami <strong>Mag. Anity Frauwallner.\u00a0<\/strong><\/p>\t\t\t\t\t\t\t\t<\/div>\n\t\t\t\t<\/div>\n\t\t\t\t<div class=\"elementor-element elementor-element-3c53225 elementor-button-align-start elementor-widget elementor-widget-form\" data-id=\"3c53225\" data-element_type=\"widget\" data-settings=\"{&quot;step_next_label&quot;:&quot;N\\u00e4chster&quot;,&quot;step_previous_label&quot;:&quot;Voriger&quot;,&quot;button_width&quot;:&quot;100&quot;,&quot;step_type&quot;:&quot;number_text&quot;,&quot;step_icon_shape&quot;:&quot;circle&quot;}\" data-widget_type=\"form.default\">\n\t\t\t\t<div class=\"elementor-widget-container\">\n\t\t\t\t\t\t\t<form class=\"elementor-form\" method=\"post\" id=\"ob_gutschein_fjk_AT\" name=\"Frauenratgeber CZ 2024\" aria-label=\"Frauenratgeber CZ 2024\" novalidate=\"\">\n\t\t\t<input type=\"hidden\" name=\"post_id\" value=\"19101\"\/>\n\t\t\t<input type=\"hidden\" name=\"form_id\" value=\"3c53225\"\/>\n\t\t\t<input type=\"hidden\" name=\"referer_title\" value=\"Chaos v intimn\u00ed oblasti \u00bb Koncept pro celkovou pohodu\" \/>\n\n\t\t\t\t\t\t\t<input type=\"hidden\" name=\"queried_id\" value=\"19101\"\/>\n\t\t\t\n\t\t\t<div class=\"elementor-form-fields-wrapper elementor-labels-\">\n\t\t\t\t\t\t\t\t<div class=\"elementor-field-type-text elementor-field-group elementor-column elementor-field-group-field_a427082 elementor-col-33 elementor-field-required\">\n\t\t\t\t\t\t\t\t\t\t\t\t<label for=\"form-field-field_a427082\" class=\"elementor-field-label elementor-screen-only\">\n\t\t\t\t\t\t\t\tJm\u00e9no\t\t\t\t\t\t\t<\/label>\n\t\t\t\t\t\t\t\t\t\t\t\t\t\t<input size=\"1\" type=\"text\" name=\"form_fields[field_a427082]\" id=\"form-field-field_a427082\" class=\"elementor-field elementor-size-sm  elementor-field-textual\" placeholder=\"Jm\u00e9no\" required=\"required\">\n\t\t\t\t\t\t\t\t\t\t\t<\/div>\n\t\t\t\t\t\t\t\t<div class=\"elementor-field-type-text elementor-field-group elementor-column elementor-field-group-field_0e437eb elementor-col-33 elementor-field-required\">\n\t\t\t\t\t\t\t\t\t\t\t\t<label for=\"form-field-field_0e437eb\" class=\"elementor-field-label elementor-screen-only\">\n\t\t\t\t\t\t\t\tNachname\t\t\t\t\t\t\t<\/label>\n\t\t\t\t\t\t\t\t\t\t\t\t\t\t<input size=\"1\" type=\"text\" name=\"form_fields[field_0e437eb]\" id=\"form-field-field_0e437eb\" class=\"elementor-field elementor-size-sm  elementor-field-textual\" placeholder=\"P\u0159\u00edjmen\u00ed\" required=\"required\">\n\t\t\t\t\t\t\t\t\t\t\t<\/div>\n\t\t\t\t\t\t\t\t<div class=\"elementor-field-type-email elementor-field-group elementor-column elementor-field-group-email elementor-col-50 elementor-field-required\">\n\t\t\t\t\t\t\t\t\t\t\t\t<label for=\"form-field-email\" class=\"elementor-field-label elementor-screen-only\">\n\t\t\t\t\t\t\t\tE-Mail\t\t\t\t\t\t\t<\/label>\n\t\t\t\t\t\t\t\t\t\t\t\t\t\t<input size=\"1\" type=\"email\" name=\"form_fields[email]\" id=\"form-field-email\" class=\"elementor-field elementor-size-sm  elementor-field-textual\" placeholder=\"E-mail\" required=\"required\">\n\t\t\t\t\t\t\t\t\t\t\t<\/div>\n\t\t\t\t\t\t\t\t<div class=\"elementor-field-type-acceptance elementor-field-group elementor-column elementor-field-group-consent_1 elementor-col-100 elementor-field-required\">\n\t\t\t\t\t\t\t\t\t\t\t\t<label for=\"form-field-consent_1\" class=\"elementor-field-label elementor-screen-only\">\n\t\t\t\t\t\t\t\tEinwillgungserkl\u00e4rung Pflicht\t\t\t\t\t\t\t<\/label>\n\t\t\t\t\t\t\t\t<div class=\"elementor-field-subgroup\">\n\t\t\t<span class=\"elementor-field-option\">\n\t\t\t\t<input type=\"checkbox\" name=\"form_fields[consent_1]\" id=\"form-field-consent_1\" class=\"elementor-field elementor-size-sm  elementor-acceptance-field\" required=\"required\">\n\t\t\t\t<label for=\"form-field-consent_1\">V\u00fdslovn\u011b souhlas\u00edm s t\u00edm, aby n\u00e1sleduj\u00edc\u00ed spole\u010dnosti zpracov\u00e1valy osobn\u00ed \u00fadaje shrom\u00e1\u017ed\u011bn\u00e9 o mn\u011b a m\u00e9 spole\u010dnosti a uveden\u00e9 (osobn\u00ed) z\u00e1jmy (d\u00e1le jen \u201e\u00fadaje\u201c) pro \u00fa\u010dely v\u011bdeck\u00fdch informac\u00ed, informac\u00ed o akc\u00edch a produktech a pro marketingov\u00e9 \u00fa\u010dely: 1. Institut AllergoSan Deutschland (privat) GmbH; 2. Institut AllergoSan Pharmazeutische Produkte, Forschungs- und Vertriebs GmbH; 3. spole\u010dnosti skupiny nebo dce\u0159in\u00e9 spole\u010dnosti p\u0159idru\u017een\u00e9 k v\u00fd\u0161e uveden\u00fdm spole\u010dnostem, jako\u017e i ty l\u00e9ka\u0159sk\u00e9 spole\u010dnosti a sdru\u017een\u00ed, kter\u00e9 jsou pod dohledem nebo podporov\u00e1ny jednou ze spole\u010dnost\u00ed nebo dce\u0159in\u00fdch spole\u010dnost\u00ed uveden\u00fdch v bodech 1 a\u017e 3. P\u0159e\u010detl\/a jsem si <a href=\"https:\/\/shop.omni-biotic.com\/cs-cz\/policies\/privacy-policy\" target=\"blank\"> zde <\/a> uveden\u00e9  z\u00e1sady ochrany osobn\u00edch \u00fadaj\u016f a souhlas\u00edm s nimi.<\/label>\t\t\t<\/span>\n\t\t<\/div>\n\t\t\t\t\t\t<\/div>\n\t\t\t\t\t\t\t\t<div class=\"elementor-field-type-acceptance elementor-field-group elementor-column elementor-field-group-field_cad4c19 elementor-col-100 elementor-field-required\">\n\t\t\t\t\t\t\t\t\t\t\t\t<label for=\"form-field-field_cad4c19\" class=\"elementor-field-label elementor-screen-only\">\n\t\t\t\t\t\t\t\tNewsletter Erhalt Einwilligung\t\t\t\t\t\t\t<\/label>\n\t\t\t\t\t\t\t\t<div class=\"elementor-field-subgroup\">\n\t\t\t<span class=\"elementor-field-option\">\n\t\t\t\t<input type=\"checkbox\" name=\"form_fields[field_cad4c19]\" id=\"form-field-field_cad4c19\" class=\"elementor-field elementor-size-sm  elementor-acceptance-field\" required=\"required\">\n\t\t\t\t<label for=\"form-field-field_cad4c19\">V\u00fdslovn\u011b souhlas\u00edm s t\u00edm, \u017ee m\u011b spole\u010dnosti uveden\u00e9 v\u00fd\u0161e v bodech 1 a\u017e 3 mohou kontaktovat e-mailem, faxem nebo jin\u00fdmi obvykl\u00fdmi komunika\u010dn\u00edmi prost\u0159edky pro \u00fa\u010dely v\u011bdeck\u00fdch informac\u00ed, informac\u00ed o spole\u010densk\u00fdch ud\u00e1lostech a produktech a pro marketingov\u00e9 \u00fa\u010dely a mohou mi zas\u00edlat vzorky produkt\u016f a nab\u00eddky.<\/label>\t\t\t<\/span>\n\t\t<\/div>\n\t\t\t\t\t\t<\/div>\n\t\t\t\t\t\t\t\t<div class=\"elementor-field-type-frcaptcha elementor-field-group elementor-column elementor-field-group-field_407c3f7 elementor-col-30\">\n\t\t\t\t\t\t\t\t\t\t\t\t<label for=\"form-field-field_407c3f7\" class=\"elementor-field-label elementor-screen-only\">\n\t\t\t\t\t\t\t\tfriendlyCAPTCHA\t\t\t\t\t\t\t<\/label>\n\t\t\t\t\t\t<div class=\"frc-captcha \" data-sitekey=\"FCMOS3MHCRNSBOJ7\" data-lang=\"cs\" data-puzzle-endpoint=\"https:\/\/eu-api.friendlycaptcha.eu\/api\/v1\/puzzle\"><\/div>\n\t\t<noscript>You need to enable Javascript for the anti-spam check.<\/noscript><style>.frc-captcha {max-width: 100%; width:100%}<\/style><input type=\"frcaptcha text\" name=\"form_fields[field_407c3f7]\" id=\"form-field-field_407c3f7\" class=\"elementor-field elementor-size-sm \" style=\"display: none\">\t\t\t\t<\/div>\n\t\t\t\t\t\t\t\t<div class=\"elementor-field-group elementor-column elementor-field-type-submit elementor-col-100 e-form__buttons\">\n\t\t\t\t\t<button class=\"elementor-button elementor-size-lg\" type=\"submit\">\n\t\t\t\t\t\t<span class=\"elementor-button-content-wrapper\">\n\t\t\t\t\t\t\t\t\t\t\t\t\t\t\t\t\t\t\t\t\t\t<span class=\"elementor-button-text\">Vy\u017e\u00e1dejte si sv\u00e9ho poradce<\/span>\n\t\t\t\t\t\t\t\t\t\t\t\t\t<\/span>\n\t\t\t\t\t<\/button>\n\t\t\t\t<\/div>\n\t\t\t<\/div>\n\t\t<\/form>\n\t\t\t\t\t\t<\/div>\n\t\t\t\t<\/div>\n\t\t\t\t<\/div>\n\t\t\t\t\t<\/div>\n\t\t\t\t<\/div>\n\t\t<div class=\"elementor-element elementor-element-ef19ead obcs none e-flex e-con-boxed e-con e-parent\" data-id=\"ef19ead\" data-element_type=\"container\">\n\t\t\t\t\t<div class=\"e-con-inner\">\n\t\t\t\t<div class=\"elementor-element elementor-element-081e62b elementor-widget__width-inherit elementor-widget elementor-widget-heading\" data-id=\"081e62b\" data-element_type=\"widget\" data-widget_type=\"heading.default\">\n\t\t\t\t<div class=\"elementor-widget-container\">\n\t\t\t\t\t<h2 class=\"elementor-heading-title elementor-size-default\">Souvisej\u00edc\u00ed \u010dl\u00e1nky k t\u00e9matu<\/h2>\t\t\t\t<\/div>\n\t\t\t\t<\/div>\n\t\t\t\t<div class=\"elementor-element elementor-element-c1dea84 elementor-widget elementor-widget-li-widgets--posts-gallery\" data-id=\"c1dea84\" data-element_type=\"widget\" data-widget_type=\"li-widgets--posts-gallery.default\">\n\t\t\t\t<div class=\"elementor-widget-container\">\n\t\t\t\t\t    \n<div class=\"li-widgets--posts-gallery__pagination\" data-post-id=\"19101\">\n\n    <div class=\"li-widgets--posts-gallery__pagination-results\">\n        1-6 z 6 v\u00fdsledk\u016f    <\/div>\n    <div class=\"li-widgets--posts-gallery__pagination-pages\">\n        Strana 1 ze 1    <\/div>\n    <div class=\"li-widgets--posts-gallery__pagination-url\">\n                            <a href=\"#\" data-href=\"https:\/\/www.omni-biotic.com\/cs-cz\/wp-json\/wp\/v2\/pages\/19101\/?search&category=111&cur=1\">1<\/a>\n                    <\/div>\n<\/div>\n<div class=\"li-widgets--posts-gallery blog\">\n                    <a href=\"https:\/\/www.omni-biotic.com\/cs-cz\/blog\/omni-biotic-6-institut-allergosan\/\"\n           class=\"li-widgets--posts-gallery__post\">\n            <div class=\"post--image__container\">\n                <div class=\"post--image\">\n                    <img decoding=\"async\" width=\"768\" height=\"1152\" src=\"https:\/\/www.omni-biotic.com\/cs-cz\/wp-content\/uploads\/sites\/8\/2024\/05\/20230119-ob-6-03-cz-768x1152.jpg\" class=\"attachment-medium_large size-medium_large wp-post-image\" alt=\"\" srcset=\"https:\/\/www.omni-biotic.com\/cs-cz\/wp-content\/uploads\/sites\/8\/2024\/05\/20230119-ob-6-03-cz-768x1152.jpg 768w, https:\/\/www.omni-biotic.com\/cs-cz\/wp-content\/uploads\/sites\/8\/2024\/05\/20230119-ob-6-03-cz-200x300.jpg 200w, https:\/\/www.omni-biotic.com\/cs-cz\/wp-content\/uploads\/sites\/8\/2024\/05\/20230119-ob-6-03-cz-683x1024.jpg 683w, https:\/\/www.omni-biotic.com\/cs-cz\/wp-content\/uploads\/sites\/8\/2024\/05\/20230119-ob-6-03-cz-1024x1536.jpg 1024w, https:\/\/www.omni-biotic.com\/cs-cz\/wp-content\/uploads\/sites\/8\/2024\/05\/20230119-ob-6-03-cz.jpg 1280w\" sizes=\"(max-width: 768px) 100vw, 768px\" title=\"\">                <\/div>\n            <\/div>\n            <div class=\"post--teaser\">\n                <div class=\"title\">OMNi-BiOTiC\u00ae 6<\/div>\n                <div class=\"description\">\n                    Chcete si zjednodu\u0161it sv\u016fj denn\u00ed re\u017eim u\u017e\u00edv\u00e1n\u00ed dopl\u0148k\u016f stravy? Objevte spojen\u00ed mezi st\u0159evy, imunitn\u00edm syst\u00e9mem\u2026                    <br>\n                    <span class=\"read-more\">\n                            \u010ct\u011bte v\u00edce                        <\/span>\n                <\/div>\n                <div class=\"metadata\"><b>Aktualizov\u00e1no:<\/b> 22. \u0159\u00edjna 2024 \u2022 <b>Kategorie:<\/b> Institut AllergoSan, Novinky ve v\u00fdzkumu<\/div>\n            <\/div>\n        <\/a>\n                <a href=\"https:\/\/www.omni-biotic.com\/cs-cz\/blog\/meta-care-vase-plus-pro-zdravi-a-vitalitu\/\"\n           class=\"li-widgets--posts-gallery__post\">\n            <div class=\"post--image__container\">\n                <div class=\"post--image\">\n                    <img decoding=\"async\" width=\"768\" height=\"543\" src=\"https:\/\/www.omni-biotic.com\/cs-cz\/wp-content\/uploads\/sites\/8\/2024\/01\/meta-care-1.jpg\" class=\"attachment-medium_large size-medium_large wp-post-image\" alt=\"\" srcset=\"https:\/\/www.omni-biotic.com\/cs-cz\/wp-content\/uploads\/sites\/8\/2024\/01\/meta-care-1.jpg 768w, https:\/\/www.omni-biotic.com\/cs-cz\/wp-content\/uploads\/sites\/8\/2024\/01\/meta-care-1-300x212.jpg 300w\" sizes=\"(max-width: 768px) 100vw, 768px\" title=\"\">                <\/div>\n            <\/div>\n            <div class=\"post--teaser\">\n                <div class=\"title\">META-CARE\u00ae: Va\u0161e plus pro zdrav\u00ed a vitalitu<\/div>\n                <div class=\"description\">\n                    Sv\u011bdomit\u00e1 strava a p\u00e9\u010de o zdrav\u00ed je ji\u017e pro mnoho z n\u00e1s sou\u010d\u00e1st\u00ed ka\u017edodenn\u00edho \u017eivota.\u2026                    <br>\n                    <span class=\"read-more\">\n                            \u010ct\u011bte v\u00edce                        <\/span>\n                <\/div>\n                <div class=\"metadata\"><b>Aktualizov\u00e1no:<\/b> 22. \u0159\u00edjna 2024 \u2022 <b>Kategorie:<\/b> Institut AllergoSan<\/div>\n            <\/div>\n        <\/a>\n                <a href=\"https:\/\/www.omni-biotic.com\/cs-cz\/blog\/pece-o-streva-po-kolonoskopii\/\"\n           class=\"li-widgets--posts-gallery__post\">\n            <div class=\"post--image__container\">\n                <div class=\"post--image\">\n                    <img loading=\"lazy\" decoding=\"async\" width=\"450\" height=\"300\" src=\"https:\/\/www.omni-biotic.com\/cs-cz\/wp-content\/uploads\/sites\/8\/2023\/11\/CZ_Blog_Koloskopie-1.png\" class=\"attachment-medium_large size-medium_large wp-post-image\" alt=\"\" srcset=\"https:\/\/www.omni-biotic.com\/cs-cz\/wp-content\/uploads\/sites\/8\/2023\/11\/CZ_Blog_Koloskopie-1.png 450w, https:\/\/www.omni-biotic.com\/cs-cz\/wp-content\/uploads\/sites\/8\/2023\/11\/CZ_Blog_Koloskopie-1-300x200.png 300w\" sizes=\"(max-width: 450px) 100vw, 450px\" title=\"\">                <\/div>\n            <\/div>\n            <div class=\"post--teaser\">\n                <div class=\"title\">P\u00e9\u010de o st\u0159eva po kolonoskopii<\/div>\n                <div class=\"description\">\n                    Kolonoskopie je d\u016fle\u017eitou prevenc\u00ed, kter\u00e1 je v\u0161ak spojena se ztr\u00e1tou cenn\u00fdch st\u0159evn\u00edch bakteri\u00ed, co\u017e m\u016f\u017ee\u2026                    <br>\n                    <span class=\"read-more\">\n                            \u010ct\u011bte v\u00edce                        <\/span>\n                <\/div>\n                <div class=\"metadata\"><b>Aktualizov\u00e1no:<\/b> 17. dubna 2024 \u2022 <b>Kategorie:<\/b> Institut AllergoSan, Novinky ve v\u00fdzkumu<\/div>\n            <\/div>\n        <\/a>\n                <a href=\"https:\/\/www.omni-biotic.com\/cs-cz\/blog\/zpusobuje-strevni-mikroflora-onemocneni-jater\/\"\n           class=\"li-widgets--posts-gallery__post\">\n            <div class=\"post--image__container\">\n                <div class=\"post--image\">\n                    <img loading=\"lazy\" decoding=\"async\" width=\"768\" height=\"647\" src=\"https:\/\/www.omni-biotic.com\/cs-cz\/wp-content\/uploads\/sites\/8\/2023\/06\/20210212-darm-leber-achse-2-1-768x647.jpg\" class=\"attachment-medium_large size-medium_large wp-post-image\" alt=\"Macht die Darmflora unsere Leber krank?\" srcset=\"https:\/\/www.omni-biotic.com\/cs-cz\/wp-content\/uploads\/sites\/8\/2023\/06\/20210212-darm-leber-achse-2-1-768x647.jpg 768w, https:\/\/www.omni-biotic.com\/cs-cz\/wp-content\/uploads\/sites\/8\/2023\/06\/20210212-darm-leber-achse-2-1-300x253.jpg 300w, https:\/\/www.omni-biotic.com\/cs-cz\/wp-content\/uploads\/sites\/8\/2023\/06\/20210212-darm-leber-achse-2-1-1024x863.jpg 1024w, https:\/\/www.omni-biotic.com\/cs-cz\/wp-content\/uploads\/sites\/8\/2023\/06\/20210212-darm-leber-achse-2-1-1536x1295.jpg 1536w, https:\/\/www.omni-biotic.com\/cs-cz\/wp-content\/uploads\/sites\/8\/2023\/06\/20210212-darm-leber-achse-2-1-1920x1618.jpg 1920w, https:\/\/www.omni-biotic.com\/cs-cz\/wp-content\/uploads\/sites\/8\/2023\/06\/20210212-darm-leber-achse-2-1.jpg 1980w\" sizes=\"(max-width: 768px) 100vw, 768px\" title=\"\">                <\/div>\n            <\/div>\n            <div class=\"post--teaser\">\n                <div class=\"title\">Zp\u016fsobuje st\u0159evn\u00ed mikrofl\u00f3ra onemocn\u011bn\u00ed jater?<\/div>\n                <div class=\"description\">\n                    Assoz. Prof. Dr. med. Vanessa Stadlbauer-K\u00f6llner* Jatern\u00ed cirh\u00f3za coby kone\u010dn\u00e9 stadium mnoha chronick\u00fdch onemocn\u011bn\u00ed jater\u2026                    <br>\n                    <span class=\"read-more\">\n                            \u010ct\u011bte v\u00edce                        <\/span>\n                <\/div>\n                <div class=\"metadata\"><b>Aktualizov\u00e1no:<\/b> 26. z\u00e1\u0159\u00ed 2023 \u2022 <b>Kategorie:<\/b> Institut AllergoSan, Novinky ve v\u00fdzkumu, Pot\u00ed\u017ee a poradenstv\u00ed \u2022 <b>Autor:<\/b> Assoz. Prof. Dr. med. Vanessa Stadlbauer-K\u00f6llner<\/div>\n            <\/div>\n        <\/a>\n                <a href=\"https:\/\/www.omni-biotic.com\/cs-cz\/blog\/30-let-probiotik\/\"\n           class=\"li-widgets--posts-gallery__post\">\n            <div class=\"post--image__container\">\n                <div class=\"post--image\">\n                    <img loading=\"lazy\" decoding=\"async\" width=\"480\" height=\"600\" src=\"https:\/\/www.omni-biotic.com\/cs-cz\/wp-content\/uploads\/sites\/8\/2023\/06\/institut-allergosan.jpg\" class=\"attachment-medium_large size-medium_large wp-post-image\" alt=\"\" srcset=\"https:\/\/www.omni-biotic.com\/cs-cz\/wp-content\/uploads\/sites\/8\/2023\/06\/institut-allergosan.jpg 480w, https:\/\/www.omni-biotic.com\/cs-cz\/wp-content\/uploads\/sites\/8\/2023\/06\/institut-allergosan-240x300.jpg 240w\" sizes=\"(max-width: 480px) 100vw, 480px\" title=\"\">                <\/div>\n            <\/div>\n            <div class=\"post--teaser\">\n                <div class=\"title\">Za 30 let sv\u011btovou zna\u010dkou<\/div>\n                <div class=\"description\">\n                    V roce 2021 m\u016f\u017ee Institut AllergoSan &#8211; coby kompeten\u010dn\u00ed centrum ve v\u00fdzkumu st\u0159ev a jeho\u2026                    <br>\n                    <span class=\"read-more\">\n                            \u010ct\u011bte v\u00edce                        <\/span>\n                <\/div>\n                <div class=\"metadata\"><b>Aktualizov\u00e1no:<\/b> 15. dubna 2022 \u2022 <b>Kategorie:<\/b> Institut AllergoSan \u2022 <b>Autor:<\/b> Thore Hansen<\/div>\n            <\/div>\n        <\/a>\n                <a href=\"https:\/\/www.omni-biotic.com\/cs-cz\/blog\/mikrobiom-kuze-a-strevni-bakterie\/\"\n           class=\"li-widgets--posts-gallery__post\">\n            <div class=\"post--image__container\">\n                <div class=\"post--image\">\n                    <img loading=\"lazy\" decoding=\"async\" width=\"768\" height=\"513\" src=\"https:\/\/www.omni-biotic.com\/cs-cz\/wp-content\/uploads\/sites\/8\/2023\/06\/zdrava-plet.jpg\" class=\"attachment-medium_large size-medium_large wp-post-image\" alt=\"\" srcset=\"https:\/\/www.omni-biotic.com\/cs-cz\/wp-content\/uploads\/sites\/8\/2023\/06\/zdrava-plet.jpg 768w, https:\/\/www.omni-biotic.com\/cs-cz\/wp-content\/uploads\/sites\/8\/2023\/06\/zdrava-plet-300x200.jpg 300w\" sizes=\"(max-width: 768px) 100vw, 768px\" title=\"\">                <\/div>\n            <\/div>\n            <div class=\"post--teaser\">\n                <div class=\"title\">Mikrobiom k\u016f\u017ee a st\u0159evn\u00ed bakterie<\/div>\n                <div class=\"description\">\n                    Univ.-Prof. Dr. Christine Moissl-Eichinger* V\u00fdznam na\u0161ich bakteri\u00ed ve st\u0159ev\u011b je mnoh\u00fdm z n\u00e1s ji\u017e dob\u0159e\u2026                    <br>\n                    <span class=\"read-more\">\n                            \u010ct\u011bte v\u00edce                        <\/span>\n                <\/div>\n                <div class=\"metadata\"><b>Aktualizov\u00e1no:<\/b> 21. ledna 2022 \u2022 <b>Kategorie:<\/b> Institut AllergoSan, Novinky ve v\u00fdzkumu, Pot\u00ed\u017ee a poradenstv\u00ed<\/div>\n            <\/div>\n        <\/a>\n            <\/div>\n\t\t\t\t<\/div>\n\t\t\t\t<\/div>\n\t\t\t\t\t<\/div>\n\t\t\t\t<\/div>\n\t\t\t\t<\/div>\n\t\t","protected":false},"excerpt":{"rendered":"<p>V\u00e1\u0161 pr\u016fvodce mikrobiomem \u017eeny Probl\u00e9my v intimn\u00ed oblasti? Objevte na\u0161eho exkluzivn\u00edho pr\u016fvodce mikrobiomem \u017eeny &#8211; Va\u0161eho partnera pro intimn\u00ed zdrav\u00ed. Vy\u017e\u00e1dejte si jej nyn\u00ed zdarma! V\u011bd\u011bli jste, \u017ee zdrav\u00ed va\u0161ich st\u0159ev m\u016f\u017ee p\u0159\u00edmo ovliv\u0148ovat i va\u0161i vagin\u00e1ln\u00ed mikrofl\u00f3ru? ?\u00a0 V\u00edce informac\u00ed o t\u00e9to d\u016fle\u017eit\u00e9 souvislosti, stejn\u011b jako podrobn\u00e9 informace o bakteri\u00e1ln\u00ed vagin\u00f3ze, vagin\u00e1ln\u00edch pl\u00edsn\u00edch, l\u00edb\u00e1nkov\u00e9 [&hellip;]<\/p>\n","protected":false},"author":8,"featured_media":0,"parent":141,"menu_order":390,"comment_status":"closed","ping_status":"closed","template":"","meta":{"_acf_changed":false,"inline_featured_image":false,"footnotes":""},"class_list":["post-19101","page","type-page","status-publish","hentry"],"acf":[],"_links":{"self":[{"href":"https:\/\/www.omni-biotic.com\/cs-cz\/wp-json\/wp\/v2\/pages\/19101","targetHints":{"allow":["GET"]}}],"collection":[{"href":"https:\/\/www.omni-biotic.com\/cs-cz\/wp-json\/wp\/v2\/pages"}],"about":[{"href":"https:\/\/www.omni-biotic.com\/cs-cz\/wp-json\/wp\/v2\/types\/page"}],"author":[{"embeddable":true,"href":"https:\/\/www.omni-biotic.com\/cs-cz\/wp-json\/wp\/v2\/users\/8"}],"replies":[{"embeddable":true,"href":"https:\/\/www.omni-biotic.com\/cs-cz\/wp-json\/wp\/v2\/comments?post=19101"}],"version-history":[{"count":7,"href":"https:\/\/www.omni-biotic.com\/cs-cz\/wp-json\/wp\/v2\/pages\/19101\/revisions"}],"predecessor-version":[{"id":19198,"href":"https:\/\/www.omni-biotic.com\/cs-cz\/wp-json\/wp\/v2\/pages\/19101\/revisions\/19198"}],"up":[{"embeddable":true,"href":"https:\/\/www.omni-biotic.com\/cs-cz\/wp-json\/wp\/v2\/pages\/141"}],"wp:attachment":[{"href":"https:\/\/www.omni-biotic.com\/cs-cz\/wp-json\/wp\/v2\/media?parent=19101"}],"curies":[{"name":"wp","href":"https:\/\/api.w.org\/{rel}","templated":true}]}}