{"id":71,"date":"2022-03-07T10:07:27","date_gmt":"2022-03-07T09:07:27","guid":{"rendered":"https:\/\/www.omni-biotic.com\/ueber-uns\/institut-allergosan\/kompetenzzentrum\/"},"modified":"2024-10-22T14:32:30","modified_gmt":"2024-10-22T12:32:30","slug":"kompetencni-centrum","status":"publish","type":"page","link":"https:\/\/www.omni-biotic.com\/cs-cz\/o-nas\/institut-allergosan\/kompetencni-centrum\/","title":{"rendered":"Kompeten\u010dn\u00ed centrum"},"content":{"rendered":"\t\t<div data-elementor-type=\"wp-page\" data-elementor-id=\"71\" class=\"elementor elementor-71\" data-elementor-post-type=\"page\">\n\t\t\t\t<div class=\"elementor-element elementor-element-a57d109 e-con-full obcs none e-flex e-con e-parent\" data-id=\"a57d109\" data-element_type=\"container\" data-settings=\"{&quot;background_background&quot;:&quot;classic&quot;,&quot;shape_divider_bottom&quot;:&quot;waves&quot;}\">\n\t\t\t\t<div class=\"elementor-shape elementor-shape-bottom\" aria-hidden=\"true\" data-negative=\"false\">\n\t\t\t<svg xmlns=\"http:\/\/www.w3.org\/2000\/svg\" viewBox=\"0 0 1000 100\" preserveAspectRatio=\"none\">\n\t<path class=\"elementor-shape-fill\" d=\"M421.9,6.5c22.6-2.5,51.5,0.4,75.5,5.3c23.6,4.9,70.9,23.5,100.5,35.7c75.8,32.2,133.7,44.5,192.6,49.7\n\tc23.6,2.1,48.7,3.5,103.4-2.5c54.7-6,106.2-25.6,106.2-25.6V0H0v30.3c0,0,72,32.6,158.4,30.5c39.2-0.7,92.8-6.7,134-22.4\n\tc21.2-8.1,52.2-18.2,79.7-24.2C399.3,7.9,411.6,7.5,421.9,6.5z\"\/>\n<\/svg>\t\t<\/div>\n\t\t<div class=\"elementor-element elementor-element-febbeba e-con-full obcs none e-flex e-con e-child\" data-id=\"febbeba\" data-element_type=\"container\">\n\t\t\t\t<div class=\"elementor-element elementor-element-117c1ed elementor-widget elementor-widget-heading\" data-id=\"117c1ed\" data-element_type=\"widget\" data-widget_type=\"heading.default\">\n\t\t\t\t<div class=\"elementor-widget-container\">\n\t\t\t\t\t<h2 class=\"elementor-heading-title elementor-size-default\">Institut AllergoSan<\/h2>\t\t\t\t<\/div>\n\t\t\t\t<\/div>\n\t\t\t\t<div class=\"elementor-element elementor-element-55cf78a elementor-widget elementor-widget-heading\" data-id=\"55cf78a\" data-element_type=\"widget\" data-widget_type=\"heading.default\">\n\t\t\t\t<div class=\"elementor-widget-container\">\n\t\t\t\t\t<h1 class=\"elementor-heading-title elementor-size-default\">Kompeten\u010dn\u00ed centrum pro v\u00fdzkum mikrobiomu<\/h1>\t\t\t\t<\/div>\n\t\t\t\t<\/div>\n\t\t\t\t<div class=\"elementor-element elementor-element-334132e elementor-widget-divider--view-line elementor-widget elementor-widget-divider\" data-id=\"334132e\" data-element_type=\"widget\" data-widget_type=\"divider.default\">\n\t\t\t\t<div class=\"elementor-widget-container\">\n\t\t\t\t\t\t\t<div class=\"elementor-divider\">\n\t\t\t<span class=\"elementor-divider-separator\">\n\t\t\t\t\t\t<\/span>\n\t\t<\/div>\n\t\t\t\t\t\t<\/div>\n\t\t\t\t<\/div>\n\t\t\t\t<div class=\"elementor-element elementor-element-58b64c7 elementor-hidden-desktop elementor-widget elementor-widget-image\" data-id=\"58b64c7\" data-element_type=\"widget\" data-widget_type=\"image.default\">\n\t\t\t\t<div class=\"elementor-widget-container\">\n\t\t\t\t\t\t\t\t\t\t\t\t\t\t\t<img fetchpriority=\"high\" decoding=\"async\" width=\"768\" height=\"368\" src=\"https:\/\/www.omni-biotic.com\/cs-cz\/wp-content\/uploads\/sites\/8\/2023\/07\/kompetencni_centrum_mikrobiom-768x368.jpg\" class=\"attachment-medium_large size-medium_large wp-image-16639\" alt=\"\" srcset=\"https:\/\/www.omni-biotic.com\/cs-cz\/wp-content\/uploads\/sites\/8\/2023\/07\/kompetencni_centrum_mikrobiom-768x368.jpg 768w, https:\/\/www.omni-biotic.com\/cs-cz\/wp-content\/uploads\/sites\/8\/2023\/07\/kompetencni_centrum_mikrobiom-300x144.jpg 300w, https:\/\/www.omni-biotic.com\/cs-cz\/wp-content\/uploads\/sites\/8\/2023\/07\/kompetencni_centrum_mikrobiom-1024x491.jpg 1024w, https:\/\/www.omni-biotic.com\/cs-cz\/wp-content\/uploads\/sites\/8\/2023\/07\/kompetencni_centrum_mikrobiom-1536x736.jpg 1536w, https:\/\/www.omni-biotic.com\/cs-cz\/wp-content\/uploads\/sites\/8\/2023\/07\/kompetencni_centrum_mikrobiom.jpg 1920w\" sizes=\"(max-width: 768px) 100vw, 768px\" title=\"\">\t\t\t\t\t\t\t\t\t\t\t\t\t\t\t<\/div>\n\t\t\t\t<\/div>\n\t\t\t\t<div class=\"elementor-element elementor-element-0772ded elementor-widget elementor-widget-text-editor\" data-id=\"0772ded\" data-element_type=\"widget\" data-widget_type=\"text-editor.default\">\n\t\t\t\t<div class=\"elementor-widget-container\">\n\t\t\t\t\t\t\t\t\t<p>Institut AllergoSan neust\u00e1le investuje do v\u00fdzkumu a v\u00fdvoje nov\u00fdch produkt\u016f. D\u00edky tomu nab\u00edz\u00ed sv\u00fdm z\u00e1kazn\u00edk\u016fm p\u0159\u00edrodn\u00ed l\u00e1tky, jejich\u017e \u00fa\u010dinek je pro u\u017eivatele nejen rychle znateln\u00fd, n\u00fdbr\u017e tak\u00e9 prok\u00e1zan\u00fd v\u011bdeck\u00fdmi studiemi. Tak vznikaj\u00ed ji\u017e des\u00edtky let unik\u00e1tn\u00ed produkty, kter\u00e9 podporuj\u00ed p\u0159edev\u0161\u00edm zdrav\u00ed st\u0159ev.<\/p>\t\t\t\t\t\t\t\t<\/div>\n\t\t\t\t<\/div>\n\t\t\t\t<\/div>\n\t\t<div class=\"elementor-element elementor-element-a6a957f e-con-full elementor-hidden-mobile elementor-hidden-tablet obcs none e-flex e-con e-child\" data-id=\"a6a957f\" data-element_type=\"container\">\n\t\t\t\t<div class=\"elementor-element elementor-element-526c77e elementor-widget elementor-widget-image\" data-id=\"526c77e\" data-element_type=\"widget\" data-widget_type=\"image.default\">\n\t\t\t\t<div class=\"elementor-widget-container\">\n\t\t\t\t\t\t\t\t\t\t\t\t\t\t\t<img decoding=\"async\" width=\"800\" height=\"384\" src=\"https:\/\/www.omni-biotic.com\/cs-cz\/wp-content\/uploads\/sites\/8\/2023\/07\/kompetencni_centrum_mikrobiom-1024x491.jpg\" class=\"attachment-large size-large wp-image-16639\" alt=\"\" srcset=\"https:\/\/www.omni-biotic.com\/cs-cz\/wp-content\/uploads\/sites\/8\/2023\/07\/kompetencni_centrum_mikrobiom-1024x491.jpg 1024w, https:\/\/www.omni-biotic.com\/cs-cz\/wp-content\/uploads\/sites\/8\/2023\/07\/kompetencni_centrum_mikrobiom-300x144.jpg 300w, https:\/\/www.omni-biotic.com\/cs-cz\/wp-content\/uploads\/sites\/8\/2023\/07\/kompetencni_centrum_mikrobiom-768x368.jpg 768w, https:\/\/www.omni-biotic.com\/cs-cz\/wp-content\/uploads\/sites\/8\/2023\/07\/kompetencni_centrum_mikrobiom-1536x736.jpg 1536w, https:\/\/www.omni-biotic.com\/cs-cz\/wp-content\/uploads\/sites\/8\/2023\/07\/kompetencni_centrum_mikrobiom.jpg 1920w\" sizes=\"(max-width: 800px) 100vw, 800px\" title=\"\">\t\t\t\t\t\t\t\t\t\t\t\t\t\t\t<\/div>\n\t\t\t\t<\/div>\n\t\t\t\t<\/div>\n\t\t\t\t<\/div>\n\t\t<div class=\"elementor-element elementor-element-0b98359 obcs none e-flex e-con-boxed e-con e-parent\" data-id=\"0b98359\" data-element_type=\"container\">\n\t\t\t\t\t<div class=\"e-con-inner\">\n\t\t<div class=\"elementor-element elementor-element-25c1837 e-con-full obcs none e-flex e-con e-child\" data-id=\"25c1837\" data-element_type=\"container\">\n\t\t\t\t<div class=\"elementor-element elementor-element-8544fb5 elementor-align-left elementor-widget__width-initial elementor-widget elementor-widget-breadcrumbs\" data-id=\"8544fb5\" data-element_type=\"widget\" data-widget_type=\"breadcrumbs.default\">\n\t\t\t\t<div class=\"elementor-widget-container\">\n\t\t\t\t\t<span><span class=\"last\">Home<\/span><\/span>\t\t\t\t<\/div>\n\t\t\t\t<\/div>\n\t\t\t\t<\/div>\n\t\t<div class=\"elementor-element elementor-element-a2ae4c0 e-con-full obcs none e-flex e-con e-child\" data-id=\"a2ae4c0\" data-element_type=\"container\">\n\t\t\t\t<div class=\"elementor-element elementor-element-3f76303 elementor-toc--minimized-on-desktop elementor-widget elementor-widget-table-of-contents\" data-id=\"3f76303\" data-element_type=\"widget\" data-settings=\"{&quot;exclude_headings_by_selector&quot;:[],&quot;minimized_on&quot;:&quot;desktop&quot;,&quot;headings_by_tags&quot;:[&quot;h2&quot;,&quot;h3&quot;,&quot;h4&quot;,&quot;h5&quot;,&quot;h6&quot;],&quot;marker_view&quot;:&quot;numbers&quot;,&quot;no_headings_message&quot;:&quot;No headings were found on this page.&quot;,&quot;minimize_box&quot;:&quot;yes&quot;,&quot;hierarchical_view&quot;:&quot;yes&quot;,&quot;min_height&quot;:{&quot;unit&quot;:&quot;px&quot;,&quot;size&quot;:&quot;&quot;,&quot;sizes&quot;:[]},&quot;min_height_tablet&quot;:{&quot;unit&quot;:&quot;px&quot;,&quot;size&quot;:&quot;&quot;,&quot;sizes&quot;:[]},&quot;min_height_mobile&quot;:{&quot;unit&quot;:&quot;px&quot;,&quot;size&quot;:&quot;&quot;,&quot;sizes&quot;:[]}}\" data-widget_type=\"table-of-contents.default\">\n\t\t\t\t<div class=\"elementor-widget-container\">\n\t\t\t\t\t\t\t\t\t<div class=\"elementor-toc__header\">\n\t\t\t\t\t\t<h4 class=\"elementor-toc__header-title\">\n\t\t\t\tObsah\t\t\t<\/h4>\n\t\t\t\t\t\t\t\t\t\t<div class=\"elementor-toc__toggle-button elementor-toc__toggle-button--expand\" role=\"button\" tabindex=\"0\" aria-controls=\"elementor-toc__3f76303\" aria-expanded=\"true\" aria-label=\"Open table of contents\"><i aria-hidden=\"true\" class=\"fas fa-chevron-down\"><\/i><\/div>\n\t\t\t\t<div class=\"elementor-toc__toggle-button elementor-toc__toggle-button--collapse\" role=\"button\" tabindex=\"0\" aria-controls=\"elementor-toc__3f76303\" aria-expanded=\"true\" aria-label=\"Close table of contents\"><i aria-hidden=\"true\" class=\"fas fa-chevron-up\"><\/i><\/div>\n\t\t\t\t\t<\/div>\n\t\t\t\t<div id=\"elementor-toc__3f76303\" class=\"elementor-toc__body\">\n\t\t\t<div class=\"elementor-toc__spinner-container\">\n\t\t\t\t<i class=\"elementor-toc__spinner eicon-animation-spin eicon-loading\" aria-hidden=\"true\"><\/i>\t\t\t<\/div>\n\t\t<\/div>\n\t\t\t\t\t\t<\/div>\n\t\t\t\t<\/div>\n\t\t\t\t<\/div>\n\t\t\t\t\t<\/div>\n\t\t\t\t<\/div>\n\t\t<div class=\"elementor-element elementor-element-b4e4e3a obcs none e-flex e-con-boxed e-con e-parent\" data-id=\"b4e4e3a\" data-element_type=\"container\">\n\t\t\t\t\t<div class=\"e-con-inner\">\n\t\t<div class=\"elementor-element elementor-element-0249bbd e-con-full obcs none e-flex e-con e-child\" data-id=\"0249bbd\" data-element_type=\"container\">\n\t\t\t\t<div class=\"elementor-element elementor-element-1ba4f15 e-transform elementor-widget elementor-widget-image\" data-id=\"1ba4f15\" data-element_type=\"widget\" data-settings=\"{&quot;_transform_rotateZ_effect&quot;:{&quot;unit&quot;:&quot;px&quot;,&quot;size&quot;:&quot;0&quot;,&quot;sizes&quot;:[]},&quot;_transform_rotate_3d&quot;:&quot;yes&quot;,&quot;_transform_rotateX_effect&quot;:{&quot;unit&quot;:&quot;px&quot;,&quot;size&quot;:&quot;0&quot;,&quot;sizes&quot;:[]},&quot;_transform_rotateY_effect&quot;:{&quot;unit&quot;:&quot;px&quot;,&quot;size&quot;:&quot;4&quot;,&quot;sizes&quot;:[]},&quot;_transform_perspective_effect&quot;:{&quot;unit&quot;:&quot;px&quot;,&quot;size&quot;:&quot;650&quot;,&quot;sizes&quot;:[]},&quot;_transform_rotateZ_effect_tablet&quot;:{&quot;unit&quot;:&quot;deg&quot;,&quot;size&quot;:&quot;&quot;,&quot;sizes&quot;:[]},&quot;_transform_rotateZ_effect_mobile&quot;:{&quot;unit&quot;:&quot;deg&quot;,&quot;size&quot;:&quot;&quot;,&quot;sizes&quot;:[]},&quot;_transform_rotateX_effect_tablet&quot;:{&quot;unit&quot;:&quot;deg&quot;,&quot;size&quot;:&quot;&quot;,&quot;sizes&quot;:[]},&quot;_transform_rotateX_effect_mobile&quot;:{&quot;unit&quot;:&quot;deg&quot;,&quot;size&quot;:&quot;&quot;,&quot;sizes&quot;:[]},&quot;_transform_rotateY_effect_tablet&quot;:{&quot;unit&quot;:&quot;deg&quot;,&quot;size&quot;:&quot;&quot;,&quot;sizes&quot;:[]},&quot;_transform_rotateY_effect_mobile&quot;:{&quot;unit&quot;:&quot;deg&quot;,&quot;size&quot;:&quot;&quot;,&quot;sizes&quot;:[]},&quot;_transform_perspective_effect_tablet&quot;:{&quot;unit&quot;:&quot;px&quot;,&quot;size&quot;:&quot;&quot;,&quot;sizes&quot;:[]},&quot;_transform_perspective_effect_mobile&quot;:{&quot;unit&quot;:&quot;px&quot;,&quot;size&quot;:&quot;&quot;,&quot;sizes&quot;:[]}}\" data-widget_type=\"image.default\">\n\t\t\t\t<div class=\"elementor-widget-container\">\n\t\t\t\t\t\t\t\t\t\t\t\t<figure class=\"wp-caption\">\n\t\t\t\t\t\t\t\t\t\t<img decoding=\"async\" width=\"480\" height=\"600\" src=\"https:\/\/www.omni-biotic.com\/cs-cz\/wp-content\/uploads\/sites\/8\/2023\/06\/institut-allergosan.jpg\" class=\"attachment-large size-large wp-image-16192\" alt=\"\" srcset=\"https:\/\/www.omni-biotic.com\/cs-cz\/wp-content\/uploads\/sites\/8\/2023\/06\/institut-allergosan.jpg 480w, https:\/\/www.omni-biotic.com\/cs-cz\/wp-content\/uploads\/sites\/8\/2023\/06\/institut-allergosan-240x300.jpg 240w\" sizes=\"(max-width: 480px) 100vw, 480px\" title=\"\">\t\t\t\t\t\t\t\t\t\t\t<figcaption class=\"widget-image-caption wp-caption-text\"><\/figcaption>\n\t\t\t\t\t\t\t\t\t\t<\/figure>\n\t\t\t\t\t\t\t\t\t<\/div>\n\t\t\t\t<\/div>\n\t\t\t\t<\/div>\n\t\t<div class=\"elementor-element elementor-element-3bdb284 e-con-full obcs none e-flex e-con e-child\" data-id=\"3bdb284\" data-element_type=\"container\">\n\t\t\t\t<div class=\"elementor-element elementor-element-f8c53bb elementor-widget elementor-widget-heading\" data-id=\"f8c53bb\" data-element_type=\"widget\" data-widget_type=\"heading.default\">\n\t\t\t\t<div class=\"elementor-widget-container\">\n\t\t\t\t\t<h2 class=\"elementor-heading-title elementor-size-default\">Nejvy\u0161\u0161\u00ed v\u011bdeck\u00e9 po\u017eadavky<\/h2>\t\t\t\t<\/div>\n\t\t\t\t<\/div>\n\t\t\t\t<div class=\"elementor-element elementor-element-8afe989 elementor-widget elementor-widget-text-editor\" data-id=\"8afe989\" data-element_type=\"widget\" data-widget_type=\"text-editor.default\">\n\t\t\t\t<div class=\"elementor-widget-container\">\n\t\t\t\t\t\t\t\t\t<p>\u201eZnovu a znovu prokazujeme podnikatelskou odvahu t\u00edm, \u017ee investujeme <strong>nemal\u00fdmi prost\u0159edky<\/strong> do <strong>v\u00fdzkumu,<\/strong> nebo\u0165 jen tak m\u016f\u017eeme zaru\u010dit, \u017ee na\u0161e <strong>v\u00fdrobky<\/strong> odpov\u00eddaj\u00ed <strong>nejvy\u0161\u0161\u00edm v\u011bdeck\u00fdm po\u017eadavk\u016fm<\/strong> a na\u0161im z\u00e1kazn\u00edk\u016fm<strong> skute\u010dn\u011b pom\u00e1haj\u00ed,&#8220;<\/strong> vysv\u011btluje obchodn\u00ed \u0159editelka prof. Anita Frauwallner filozofii Institutu AllergoSan.<\/p>\t\t\t\t\t\t\t\t<\/div>\n\t\t\t\t<\/div>\n\t\t\t\t<div class=\"elementor-element elementor-element-69d3d63 elementor-widget elementor-widget-heading\" data-id=\"69d3d63\" data-element_type=\"widget\" data-widget_type=\"heading.default\">\n\t\t\t\t<div class=\"elementor-widget-container\">\n\t\t\t\t\t<h3 class=\"elementor-heading-title elementor-size-default\">Vysok\u00e9 investice do v\u00fdzkumu<\/h3>\t\t\t\t<\/div>\n\t\t\t\t<\/div>\n\t\t\t\t<div class=\"elementor-element elementor-element-758be92 elementor-widget elementor-widget-text-editor\" data-id=\"758be92\" data-element_type=\"widget\" data-widget_type=\"text-editor.default\">\n\t\t\t\t<div class=\"elementor-widget-container\">\n\t\t\t\t\t\t\t\t\t<p><strong>Institut AllergoSan<\/strong> se ji\u017e p\u0159ed v\u00edce ne\u017e <strong>30 lety<\/strong> vydal odv\u00e1\u017enou cestou. V t\u00e9 dob\u011b byla <strong>probiotick\u00e1 medic\u00edna<\/strong> do zna\u010dn\u00e9 m\u00edry <strong>neprob\u00e1danou oblast\u00ed<\/strong> s mnoha nezodpov\u011bzen\u00fdmi ot\u00e1zkami. Kdy\u017e se Institut Allergosan ve \u0160t\u00fdrsk\u00e9m Hradci za\u010dal specializovat na tuto oblast a investovat do v\u00fdzkumu mikrobiomu, oz\u00fdvalo se mnoho<strong> kritick\u00fdch hlas\u016f.<\/strong> &#8222;N\u011bkte\u0159\u00ed lid\u00e9 si mysleli, \u017ee jsme se zbl\u00e1znili. Z ekonomick\u00e9ho hlediska se toti\u017e tato oblast v t\u00e9 dob\u011b nezd\u00e1la b\u00fdti perspektivn\u00ed. <strong>Nejednali jsme v\u0161ak z ekonomick\u00fdch pohnutek,<\/strong> ale z p\u0159esv\u011bd\u010den\u00ed, \u017ee bychom t\u00edmto mohli<strong> mnoha lidem skute\u010dn\u011b pomoci.<\/strong> Proto jsme za\u010dali vyv\u00edjet produkty OMNi-BiOTiC\u00ae,&#8220; \u0159\u00edk\u00e1 prof. Frauwallner, kter\u00e1 Institut AllergoSan vede od jeho zalo\u017een\u00ed.<\/p>\t\t\t\t\t\t\t\t<\/div>\n\t\t\t\t<\/div>\n\t\t\t\t<\/div>\n\t\t\t\t\t<\/div>\n\t\t\t\t<\/div>\n\t\t<div class=\"elementor-element elementor-element-6bdf94d obcs none e-flex e-con-boxed e-con e-parent\" data-id=\"6bdf94d\" data-element_type=\"container\" data-settings=\"{&quot;background_background&quot;:&quot;classic&quot;,&quot;shape_divider_top&quot;:&quot;waves&quot;,&quot;shape_divider_bottom&quot;:&quot;waves&quot;}\">\n\t\t\t\t\t<div class=\"e-con-inner\">\n\t\t\t\t<div class=\"elementor-shape elementor-shape-top\" aria-hidden=\"true\" data-negative=\"false\">\n\t\t\t<svg xmlns=\"http:\/\/www.w3.org\/2000\/svg\" viewBox=\"0 0 1000 100\" preserveAspectRatio=\"none\">\n\t<path class=\"elementor-shape-fill\" d=\"M421.9,6.5c22.6-2.5,51.5,0.4,75.5,5.3c23.6,4.9,70.9,23.5,100.5,35.7c75.8,32.2,133.7,44.5,192.6,49.7\n\tc23.6,2.1,48.7,3.5,103.4-2.5c54.7-6,106.2-25.6,106.2-25.6V0H0v30.3c0,0,72,32.6,158.4,30.5c39.2-0.7,92.8-6.7,134-22.4\n\tc21.2-8.1,52.2-18.2,79.7-24.2C399.3,7.9,411.6,7.5,421.9,6.5z\"\/>\n<\/svg>\t\t<\/div>\n\t\t\t\t<div class=\"elementor-shape elementor-shape-bottom\" aria-hidden=\"true\" data-negative=\"false\">\n\t\t\t<svg xmlns=\"http:\/\/www.w3.org\/2000\/svg\" viewBox=\"0 0 1000 100\" preserveAspectRatio=\"none\">\n\t<path class=\"elementor-shape-fill\" d=\"M421.9,6.5c22.6-2.5,51.5,0.4,75.5,5.3c23.6,4.9,70.9,23.5,100.5,35.7c75.8,32.2,133.7,44.5,192.6,49.7\n\tc23.6,2.1,48.7,3.5,103.4-2.5c54.7-6,106.2-25.6,106.2-25.6V0H0v30.3c0,0,72,32.6,158.4,30.5c39.2-0.7,92.8-6.7,134-22.4\n\tc21.2-8.1,52.2-18.2,79.7-24.2C399.3,7.9,411.6,7.5,421.9,6.5z\"\/>\n<\/svg>\t\t<\/div>\n\t\t\t\t<div class=\"elementor-element elementor-element-c6cd0db elementor-widget__width-inherit elementor-widget elementor-widget-heading\" data-id=\"c6cd0db\" data-element_type=\"widget\" data-widget_type=\"heading.default\">\n\t\t\t\t<div class=\"elementor-widget-container\">\n\t\t\t\t\t<h2 class=\"elementor-heading-title elementor-size-default\">Vedouc\u00ed postaven\u00ed na poli mezin\u00e1rodn\u00edho v\u00fdzkumu mikrobiomu<\/h2>\t\t\t\t<\/div>\n\t\t\t\t<\/div>\n\t\t\t\t<div class=\"elementor-element elementor-element-8f24b24 elementor-widget elementor-widget-text-editor\" data-id=\"8f24b24\" data-element_type=\"widget\" data-widget_type=\"text-editor.default\">\n\t\t\t\t<div class=\"elementor-widget-container\">\n\t\t\t\t\t\t\t\t\t<p>St\u0159evo je <strong>st\u0159edem z\u00e1jmu l\u00e9ka\u0159\u016f a v\u011bdc\u016f<\/strong> &#8211; p\u0159esn\u011bji \u0159e\u010deno biliony bakteri\u00ed, kter\u00e9 ho os\u00eddluj\u00ed. S rostouc\u00edm v\u00fdzkumem mikrobiomu je st\u00e1le jasn\u011bj\u0161\u00ed, jak velkou <strong>roli hraj\u00ed st\u0159evn\u00ed bakterie<\/strong> nejen pro na\u0161e zdrav\u00ed a v\u00fdvoj, n\u00fdbr\u017e i v<strong> l\u00e9\u010db\u011b nemoc\u00ed.<\/strong><\/p>\t\t\t\t\t\t\t\t<\/div>\n\t\t\t\t<\/div>\n\t\t\t\t\t<\/div>\n\t\t\t\t<\/div>\n\t\t<div class=\"elementor-element elementor-element-dc9b1ac obcs green e-flex e-con-boxed e-con e-parent\" data-id=\"dc9b1ac\" data-element_type=\"container\">\n\t\t\t\t\t<div class=\"e-con-inner\">\n\t\t<div class=\"elementor-element elementor-element-9c11418 e-con-full obcs none e-flex e-con e-child\" data-id=\"9c11418\" data-element_type=\"container\">\n\t\t\t\t<div class=\"elementor-element elementor-element-15ba18a elementor-widget elementor-widget-heading\" data-id=\"15ba18a\" data-element_type=\"widget\" data-widget_type=\"heading.default\">\n\t\t\t\t<div class=\"elementor-widget-container\">\n\t\t\t\t\t<h2 class=\"elementor-heading-title elementor-size-default\">Inovace a zodpov\u011bdnost<\/h2>\t\t\t\t<\/div>\n\t\t\t\t<\/div>\n\t\t\t\t<div class=\"elementor-element elementor-element-e22616d elementor-widget elementor-widget-text-editor\" data-id=\"e22616d\" data-element_type=\"widget\" data-widget_type=\"text-editor.default\">\n\t\t\t\t<div class=\"elementor-widget-container\">\n\t\t\t\t\t\t\t\t\t<p>A u tohoto <strong>odv\u00e1\u017en\u00e9ho postoje<\/strong> i z\u016fstalo. Prof. Anita Frauwallner je p\u0159esv\u011bd\u010dena, \u017ee to je to, co ka\u017ed\u00e1 spole\u010dnost pot\u0159ebuje, aby z\u016fstala inovativn\u00ed, ale tak\u00e9 je zapot\u0159eb\u00ed <strong>vysok\u00fd smysl pro odpov\u011bdnost:<\/strong> &#8222;M\u00e1me velkou povinnost v\u016f\u010di na\u0161im z\u00e1kazn\u00edk\u016fm a zam\u011bstnanc\u016fm. Je t\u0159eba <strong>zachovat<\/strong> <strong>pracovn\u00ed m\u00edsta a kvalitu v\u00fdrobk\u016f.<\/strong> Mnoho na\u0161ich z\u00e1kazn\u00edk\u016f je na na\u0161ich v\u00fdrobc\u00edch z\u00e1visl\u00fdch, proto\u017ee nemaj\u00ed k dispozici ekvivalentn\u00ed n\u00e1hradu, a proto mus\u00ed b\u00fdt zaru\u010dena i jistota z\u00e1sobov\u00e1n\u00ed.&#8220; Aby mohlo vysokou kvalitu v\u00fdrobk\u016f Institutu AllergoSan v budoucnu <strong>vyu\u017e\u00edvat<\/strong> co nejv\u00edce <strong>lid\u00ed<\/strong> i v <strong>ostatn\u00edch zem\u00edch,<\/strong> za\u010d\u00edn\u00e1 spole\u010dnost expandovat do zahrani\u010d\u00ed: &#8222;Na\u0161e v\u00fdrobky jsou velmi dob\u0159e p\u0159ij\u00edm\u00e1ny, proto\u017ee zat\u00edm neexistuje t\u00e9m\u011b\u0159 nic srovnateln\u00e9ho&#8220;, \u0159\u00edk\u00e1 prof. Frauwallner.<\/p><p>P\u0159es v\u0161echny zm\u011bny ve spole\u010dnosti z\u016fst\u00e1v\u00e1 Institut AllergoSan <strong>v\u011brn\u00fd jedn\u00e9 v\u011bci:<\/strong> &#8222;\u00dazk\u00e9 propojen\u00ed p\u0159\u00edrody a v\u011bdy je pro n\u00e1s nejd\u016fle\u017eit\u011bj\u0161\u00ed. To je to, co n\u00e1s a na\u0161e v\u00fdrobky odli\u0161uje,&#8220; \u0159\u00edk\u00e1 prof. Frauwallner.<\/p>\t\t\t\t\t\t\t\t<\/div>\n\t\t\t\t<\/div>\n\t\t\t\t<\/div>\n\t\t<div class=\"elementor-element elementor-element-770ebd0 e-con-full obcs none e-flex e-con e-child\" data-id=\"770ebd0\" data-element_type=\"container\">\n\t\t\t\t<div class=\"elementor-element elementor-element-cf2f22b e-transform elementor-widget elementor-widget-image\" data-id=\"cf2f22b\" data-element_type=\"widget\" data-settings=\"{&quot;_transform_rotateZ_effect&quot;:{&quot;unit&quot;:&quot;px&quot;,&quot;size&quot;:&quot;0&quot;,&quot;sizes&quot;:[]},&quot;_transform_rotate_3d&quot;:&quot;yes&quot;,&quot;_transform_rotateX_effect&quot;:{&quot;unit&quot;:&quot;px&quot;,&quot;size&quot;:&quot;0&quot;,&quot;sizes&quot;:[]},&quot;_transform_rotateY_effect&quot;:{&quot;unit&quot;:&quot;px&quot;,&quot;size&quot;:&quot;-4&quot;,&quot;sizes&quot;:[]},&quot;_transform_perspective_effect&quot;:{&quot;unit&quot;:&quot;px&quot;,&quot;size&quot;:&quot;650&quot;,&quot;sizes&quot;:[]},&quot;_transform_rotateZ_effect_tablet&quot;:{&quot;unit&quot;:&quot;deg&quot;,&quot;size&quot;:&quot;&quot;,&quot;sizes&quot;:[]},&quot;_transform_rotateZ_effect_mobile&quot;:{&quot;unit&quot;:&quot;deg&quot;,&quot;size&quot;:&quot;&quot;,&quot;sizes&quot;:[]},&quot;_transform_rotateX_effect_tablet&quot;:{&quot;unit&quot;:&quot;deg&quot;,&quot;size&quot;:&quot;&quot;,&quot;sizes&quot;:[]},&quot;_transform_rotateX_effect_mobile&quot;:{&quot;unit&quot;:&quot;deg&quot;,&quot;size&quot;:&quot;&quot;,&quot;sizes&quot;:[]},&quot;_transform_rotateY_effect_tablet&quot;:{&quot;unit&quot;:&quot;deg&quot;,&quot;size&quot;:&quot;&quot;,&quot;sizes&quot;:[]},&quot;_transform_rotateY_effect_mobile&quot;:{&quot;unit&quot;:&quot;deg&quot;,&quot;size&quot;:&quot;&quot;,&quot;sizes&quot;:[]},&quot;_transform_perspective_effect_tablet&quot;:{&quot;unit&quot;:&quot;px&quot;,&quot;size&quot;:&quot;&quot;,&quot;sizes&quot;:[]},&quot;_transform_perspective_effect_mobile&quot;:{&quot;unit&quot;:&quot;px&quot;,&quot;size&quot;:&quot;&quot;,&quot;sizes&quot;:[]}}\" data-widget_type=\"image.default\">\n\t\t\t\t<div class=\"elementor-widget-container\">\n\t\t\t\t\t\t\t\t\t\t\t\t\t\t\t<img loading=\"lazy\" decoding=\"async\" width=\"800\" height=\"800\" src=\"https:\/\/www.omni-biotic.com\/cs-cz\/wp-content\/uploads\/sites\/8\/2023\/07\/vedecke_pozadavky.jpg\" class=\"attachment-large size-large wp-image-16641\" alt=\"\" srcset=\"https:\/\/www.omni-biotic.com\/cs-cz\/wp-content\/uploads\/sites\/8\/2023\/07\/vedecke_pozadavky.jpg 1024w, https:\/\/www.omni-biotic.com\/cs-cz\/wp-content\/uploads\/sites\/8\/2023\/07\/vedecke_pozadavky-300x300.jpg 300w, https:\/\/www.omni-biotic.com\/cs-cz\/wp-content\/uploads\/sites\/8\/2023\/07\/vedecke_pozadavky-150x150.jpg 150w, https:\/\/www.omni-biotic.com\/cs-cz\/wp-content\/uploads\/sites\/8\/2023\/07\/vedecke_pozadavky-768x768.jpg 768w\" sizes=\"(max-width: 800px) 100vw, 800px\" title=\"\">\t\t\t\t\t\t\t\t\t\t\t\t\t\t\t<\/div>\n\t\t\t\t<\/div>\n\t\t\t\t<\/div>\n\t\t\t\t\t<\/div>\n\t\t\t\t<\/div>\n\t\t<div class=\"elementor-element elementor-element-a54b088 obcs none e-flex e-con-boxed e-con e-parent\" data-id=\"a54b088\" data-element_type=\"container\">\n\t\t\t\t\t<div class=\"e-con-inner\">\n\t\t\t\t<div class=\"elementor-element elementor-element-c3c5ac9 elementor-widget elementor-widget-li-widgets--author-quote\" data-id=\"c3c5ac9\" data-element_type=\"widget\" data-widget_type=\"li-widgets--author-quote.default\">\n\t\t\t\t<div class=\"elementor-widget-container\">\n\t\t\t\t\t<div class=\"li-widgets--author-quote magenta\">\n        <div class=\"li-widgets--author-quote__content\">\n        <div class=\"li-widgets--author-quote__content--text\">\n            Optim\u00e1ln\u00ed zdrav\u00ed st\u0159ev \u2013 a sice skrze os\u00eddlen\u00ed st\u0159ev t\u011bmi spr\u00e1vn\u00fdmi bakteriemi \u2013 tvo\u0159\u00ed ide\u00e1ln\u00ed z\u00e1klad pro zdrav\u00fd a vit\u00e1ln\u00ed \u017eivot.\n\n        <\/div>\n        <div class=\"li-widgets--author-quote__content--author\">\n            Prof. Anita Frauwallner, CEO Institut AllergoSan        <\/div>\n            <\/div>\n    <\/div>\n\t\t\t\t<\/div>\n\t\t\t\t<\/div>\n\t\t\t\t\t<\/div>\n\t\t\t\t<\/div>\n\t\t<div class=\"elementor-element elementor-element-85dfbc1 obcs none e-flex e-con-boxed e-con e-parent\" data-id=\"85dfbc1\" data-element_type=\"container\">\n\t\t\t\t\t<div class=\"e-con-inner\">\n\t\t<div class=\"elementor-element elementor-element-5686e33 obcs none e-flex e-con-boxed e-con e-child\" data-id=\"5686e33\" data-element_type=\"container\">\n\t\t\t\t\t<div class=\"e-con-inner\">\n\t\t\t\t<div class=\"elementor-element elementor-element-9533a28 elementor-widget elementor-widget-heading\" data-id=\"9533a28\" data-element_type=\"widget\" data-widget_type=\"heading.default\">\n\t\t\t\t<div class=\"elementor-widget-container\">\n\t\t\t\t\t<h2 class=\"elementor-heading-title elementor-size-default\">Pr\u016fb\u011b\u017en\u011b prob\u00edhaj\u00edc\u00ed v\u00fdzkum<\/h2>\t\t\t\t<\/div>\n\t\t\t\t<\/div>\n\t\t\t\t<div class=\"elementor-element elementor-element-ade3aad elementor-widget elementor-widget-text-editor\" data-id=\"ade3aad\" data-element_type=\"widget\" data-widget_type=\"text-editor.default\">\n\t\t\t\t<div class=\"elementor-widget-container\">\n\t\t\t\t\t\t\t\t\t<p>V\u011bda neust\u00e1le <strong>d\u011bl\u00e1 neust\u00e1l\u00e9 pokroky<\/strong> a v\u011bdci ji\u017e vyvinuli metodu, jak dek\u00f3dovat <strong>genetick\u00fd materi\u00e1l<\/strong> organism\u016f, v\u010detn\u011b bakteri\u00ed, do posledn\u00edho detailu a genetick\u00e9 sekvenov\u00e1n\u00ed je dnes ji\u017e standardn\u00edm postupem p\u0159i kvalitativn\u00ed anal\u00fdze bakteri\u00ed. Proto se pou\u017e\u00edv\u00e1 i pro testov\u00e1n\u00ed kvality na\u0161ich v\u00edcedruhov\u00fdch probiotik.<\/p><p><strong>V r\u00e1mci nejnov\u011bj\u0161\u00edch anal\u00fdz<\/strong> bakteri\u00e1ln\u00edch kmen\u016f pou\u017eit\u00fdch v p\u0159\u00edpravku <strong>OMNi-BiOTiC\u00ae PANDA<\/strong> pomoc\u00ed nejmodern\u011bj\u0161\u00edho genetick\u00e9ho sekvenov\u00e1n\u00ed bylo nyn\u00ed zji\u0161t\u011bno, \u017ee toto vysoce specializovan\u00e9 probiotikum obsahuje dva velmi podobn\u00e9 bakteri\u00e1ln\u00ed kmeny, kter\u00e9 byly d\u0159\u00edve pova\u017eov\u00e1ny za jeden a tent\u00fd\u017e kmen. Proto\u017ee na\u0161e analytick\u00e9 metody jsou v\u017edy nejmodern\u011bj\u0161\u00ed, deklarujeme nyn\u00ed na obalech i tento dal\u0161\u00ed bakteri\u00e1ln\u00ed kmen obsa\u017een\u00fd v p\u0159\u00edpravku <strong>OMNi-BiOTiC\u00ae PANDA.<\/strong><\/p><p><strong>Co je ale d\u016fle\u017eit\u00e9:<\/strong> V\u00fdrobn\u00ed proces, slo\u017een\u00ed ani funkce v\u00fdrobku se nezm\u011bnily, pouze mohla b\u00fdt pou\u017eita p\u0159esn\u011bj\u0161\u00ed analytick\u00e1 metoda a je samoz\u0159ejm\u00e9, \u017ee<strong> v\u0161echny v\u00fdsledky v\u00fdzkumu OMNi-BiOTiC\u00ae jsou st\u00e1le platn\u00e9 bez omezen\u00ed.<\/strong><\/p><p>\u00a0V p\u0159\u00edpad\u011b jak\u00fdchkoli dotaz\u016f se nev\u00e1hejte obr\u00e1tit na na\u0161e l\u00e9ka\u0159sko-v\u011bdeck\u00e9 odd\u011blen\u00ed!<\/p>\t\t\t\t\t\t\t\t<\/div>\n\t\t\t\t<\/div>\n\t\t\t\t<div class=\"elementor-element elementor-element-bf95fb0 elementor-align-left elementor-widget__width-inherit elementor-mobile-align-left elementor-widget elementor-widget-button\" data-id=\"bf95fb0\" data-element_type=\"widget\" data-widget_type=\"button.default\">\n\t\t\t\t<div class=\"elementor-widget-container\">\n\t\t\t\t\t\t\t\t\t<div class=\"elementor-button-wrapper\">\n\t\t\t\t\t<a class=\"elementor-button elementor-button-link elementor-size-lg\" href=\"https:\/\/www.omni-biotic.com\/cs-cz\/o-nas\/institut-allergosan\/kontakt\/\">\n\t\t\t\t\t\t<span class=\"elementor-button-content-wrapper\">\n\t\t\t\t\t\t\t\t\t<span class=\"elementor-button-text\">Kontaktujte n\u00e1s!<\/span>\n\t\t\t\t\t<\/span>\n\t\t\t\t\t<\/a>\n\t\t\t\t<\/div>\n\t\t\t\t\t\t\t\t<\/div>\n\t\t\t\t<\/div>\n\t\t\t\t\t<\/div>\n\t\t\t\t<\/div>\n\t\t\t\t\t<\/div>\n\t\t\t\t<\/div>\n\t\t\t\t<section class=\"elementor-section elementor-top-section elementor-element elementor-element-43bc4e4 elementor-section-boxed elementor-section-height-default elementor-section-height-default\" data-id=\"43bc4e4\" data-element_type=\"section\" data-settings=\"{&quot;background_background&quot;:&quot;classic&quot;,&quot;shape_divider_top&quot;:&quot;waves&quot;,&quot;shape_divider_bottom&quot;:&quot;waves&quot;}\">\n\t\t\t\t\t<div class=\"elementor-shape elementor-shape-top\" aria-hidden=\"true\" data-negative=\"false\">\n\t\t\t<svg xmlns=\"http:\/\/www.w3.org\/2000\/svg\" viewBox=\"0 0 1000 100\" preserveAspectRatio=\"none\">\n\t<path class=\"elementor-shape-fill\" d=\"M421.9,6.5c22.6-2.5,51.5,0.4,75.5,5.3c23.6,4.9,70.9,23.5,100.5,35.7c75.8,32.2,133.7,44.5,192.6,49.7\n\tc23.6,2.1,48.7,3.5,103.4-2.5c54.7-6,106.2-25.6,106.2-25.6V0H0v30.3c0,0,72,32.6,158.4,30.5c39.2-0.7,92.8-6.7,134-22.4\n\tc21.2-8.1,52.2-18.2,79.7-24.2C399.3,7.9,411.6,7.5,421.9,6.5z\"\/>\n<\/svg>\t\t<\/div>\n\t\t\t\t<div class=\"elementor-shape elementor-shape-bottom\" aria-hidden=\"true\" data-negative=\"false\">\n\t\t\t<svg xmlns=\"http:\/\/www.w3.org\/2000\/svg\" viewBox=\"0 0 1000 100\" preserveAspectRatio=\"none\">\n\t<path class=\"elementor-shape-fill\" d=\"M421.9,6.5c22.6-2.5,51.5,0.4,75.5,5.3c23.6,4.9,70.9,23.5,100.5,35.7c75.8,32.2,133.7,44.5,192.6,49.7\n\tc23.6,2.1,48.7,3.5,103.4-2.5c54.7-6,106.2-25.6,106.2-25.6V0H0v30.3c0,0,72,32.6,158.4,30.5c39.2-0.7,92.8-6.7,134-22.4\n\tc21.2-8.1,52.2-18.2,79.7-24.2C399.3,7.9,411.6,7.5,421.9,6.5z\"\/>\n<\/svg>\t\t<\/div>\n\t\t\t\t\t<div class=\"elementor-container elementor-column-gap-default\">\n\t\t\t\t\t<div class=\"elementor-column elementor-col-100 elementor-top-column elementor-element elementor-element-655585f\" data-id=\"655585f\" data-element_type=\"column\">\n\t\t\t<div class=\"elementor-widget-wrap elementor-element-populated\">\n\t\t\t\t\t\t<div class=\"elementor-element elementor-element-75969ea elementor-widget elementor-widget-li-widgets--tile-slider\" data-id=\"75969ea\" data-element_type=\"widget\" data-widget_type=\"li-widgets--tile-slider.default\">\n\t\t\t\t<div class=\"elementor-widget-container\">\n\t\t\t\t\t<div class=\"li-widgets--tile-slider magenta\">\n            <div class=\"headlines\">\n                            <div class=\"headline\">\n                    <div class=\"headline--main\">OMNi-BiOTiC\u00ae<\/div>\n                                            <div class=\"headline--sub\">Probiotika \u2013 pro V\u00e1\u0161 dobr\u00fd pocit zevnit\u0159<\/div>\n                                    <\/div>\n                            <div class=\"headline\">\n                    <div class=\"headline--main\">OMNi-LOGiC\u00ae\u200b<\/div>\n                                            <div class=\"headline--sub\">Pr\u00e4biotika \u2013  Potrava pro prosp\u011b\u0161n\u00e9 bakterie<\/div>\n                                    <\/div>\n                                        <div class=\"headline-joiner\">&amp;<\/div>\n                    <\/div>\n                <div class=\"tiles-container swiper\">\n            <div class=\"tiles swiper-wrapper\">\n                            <\/div>\n        <\/div>\n        <div class=\"tile-slider--prev\">\n            <svg xmlns=\"http:\/\/www.w3.org\/2000\/svg\" viewBox=\"0 0 30 70\">\n                <polygon points=\"26.99 0 29.99 1.3 5.27 35 29.99 68.7 26.99 70 0 35 26.99 0\"\/>\n            <\/svg>\n        <\/div>\n        <div class=\"tile-slider--next\">\n            <svg xmlns=\"http:\/\/www.w3.org\/2000\/svg\" viewBox=\"0 0 30 70\">\n                <polygon points=\"3 70 0 68.7 24.72 35 0 1.3 3 0 29.99 35 3 70\"\/>\n            <\/svg>\n        <\/div>\n    <\/div>\n\t\t\t\t<\/div>\n\t\t\t\t<\/div>\n\t\t\t\t\t<\/div>\n\t\t<\/div>\n\t\t\t\t\t<\/div>\n\t\t<\/section>\n\t\t<div class=\"elementor-element elementor-element-d1ce8bf obcs none e-flex e-con-boxed e-con e-parent\" data-id=\"d1ce8bf\" data-element_type=\"container\">\n\t\t\t\t\t<div class=\"e-con-inner\">\n\t\t\t\t<div class=\"elementor-element elementor-element-71e221f elementor-widget__width-inherit elementor-widget elementor-widget-heading\" data-id=\"71e221f\" data-element_type=\"widget\" data-widget_type=\"heading.default\">\n\t\t\t\t<div class=\"elementor-widget-container\">\n\t\t\t\t\t<h2 class=\"elementor-heading-title elementor-size-default\">Novinky ve v\u00fdzkumu<\/h2>\t\t\t\t<\/div>\n\t\t\t\t<\/div>\n\t\t\t\t<div class=\"elementor-element elementor-element-4e7613d elementor-widget elementor-widget-li-widgets--posts-gallery\" data-id=\"4e7613d\" data-element_type=\"widget\" data-widget_type=\"li-widgets--posts-gallery.default\">\n\t\t\t\t<div class=\"elementor-widget-container\">\n\t\t\t\t\t    \n<div class=\"li-widgets--posts-gallery__pagination\" data-post-id=\"71\">\n\n    <div class=\"li-widgets--posts-gallery__pagination-results\">\n        1-6 z 54 v\u00fdsledk\u016f    <\/div>\n    <div class=\"li-widgets--posts-gallery__pagination-pages\">\n        Strana 1 ze 9    <\/div>\n    <div class=\"li-widgets--posts-gallery__pagination-url\">\n                            <a href=\"#\" data-href=\"https:\/\/www.omni-biotic.com\/cs-cz\/wp-json\/wp\/v2\/pages\/71\/?search&category=107&cur=1\">1<\/a>\n                    <a href=\"#\" data-href=\"https:\/\/www.omni-biotic.com\/cs-cz\/wp-json\/wp\/v2\/pages\/71\/?search&category=107&cur=2\">2<\/a>\n                    <a href=\"#\" data-href=\"https:\/\/www.omni-biotic.com\/cs-cz\/wp-json\/wp\/v2\/pages\/71\/?search&category=107&cur=3\">3<\/a>\n                            <a href=\"#\" data-href=\"https:\/\/www.omni-biotic.com\/cs-cz\/wp-json\/wp\/v2\/pages\/71\/?search&category=107&cur=9\">\u00bb<\/a>\n            <\/div>\n<\/div>\n<div class=\"li-widgets--posts-gallery blog\">\n                    <a href=\"https:\/\/www.omni-biotic.com\/cs-cz\/blog\/prujem-behem-menstruace-a-mikrobiom\/\"\n           class=\"li-widgets--posts-gallery__post\">\n            <div class=\"post--image__container\">\n                <div class=\"post--image\">\n                    <img loading=\"lazy\" decoding=\"async\" width=\"768\" height=\"512\" src=\"https:\/\/www.omni-biotic.com\/cs-cz\/wp-content\/uploads\/sites\/8\/2026\/04\/width_1600-768x512.jpg\" class=\"attachment-medium_large size-medium_large wp-post-image\" alt=\"\" srcset=\"https:\/\/www.omni-biotic.com\/cs-cz\/wp-content\/uploads\/sites\/8\/2026\/04\/width_1600-768x512.jpg 768w, https:\/\/www.omni-biotic.com\/cs-cz\/wp-content\/uploads\/sites\/8\/2026\/04\/width_1600-300x200.jpg 300w, https:\/\/www.omni-biotic.com\/cs-cz\/wp-content\/uploads\/sites\/8\/2026\/04\/width_1600-1024x683.jpg 1024w, https:\/\/www.omni-biotic.com\/cs-cz\/wp-content\/uploads\/sites\/8\/2026\/04\/width_1600-1536x1024.jpg 1536w, https:\/\/www.omni-biotic.com\/cs-cz\/wp-content\/uploads\/sites\/8\/2026\/04\/width_1600.jpg 1599w\" sizes=\"(max-width: 768px) 100vw, 768px\" title=\"\">                <\/div>\n            <\/div>\n            <div class=\"post--teaser\">\n                <div class=\"title\">Pr\u016fjem b\u011bhem menstruace a role st\u0159evn\u00edho mikrobiomu<\/div>\n                <div class=\"description\">\n                    Mnoho \u017een to d\u016fv\u011brn\u011b zn\u00e1. V obdob\u00ed kolem periody se za\u017e\u00edv\u00e1n\u00ed \u201ezbl\u00e1zn\u00ed\u201c a obzvl\u00e1\u0161t\u011b pr\u016fjmy\u2026                    <br>\n                    <span class=\"read-more\">\n                            \u010ct\u011bte v\u00edce                        <\/span>\n                <\/div>\n                <div class=\"metadata\"><b>Aktualizov\u00e1no:<\/b> 16. dubna 2026 \u2022 <b>Kategorie:<\/b> Novinky ve v\u00fdzkumu, Pot\u00ed\u017ee a poradenstv\u00ed \u2022 <b>Autor:<\/b> Zuzana Mikulova<\/div>\n            <\/div>\n        <\/a>\n                <a href=\"https:\/\/www.omni-biotic.com\/cs-cz\/blog\/jaky-vliv-maji-projimadla-na-strevni-mikrobiom\/\"\n           class=\"li-widgets--posts-gallery__post\">\n            <div class=\"post--image__container\">\n                <div class=\"post--image\">\n                    <img loading=\"lazy\" decoding=\"async\" width=\"768\" height=\"720\" src=\"https:\/\/www.omni-biotic.com\/cs-cz\/wp-content\/uploads\/sites\/8\/2026\/03\/OB_WOMAN_Floraplus_Sachet-2-e1773046011722-768x720.png\" class=\"attachment-medium_large size-medium_large wp-post-image\" alt=\"\" srcset=\"https:\/\/www.omni-biotic.com\/cs-cz\/wp-content\/uploads\/sites\/8\/2026\/03\/OB_WOMAN_Floraplus_Sachet-2-e1773046011722-768x720.png 768w, https:\/\/www.omni-biotic.com\/cs-cz\/wp-content\/uploads\/sites\/8\/2026\/03\/OB_WOMAN_Floraplus_Sachet-2-e1773046011722-300x281.png 300w, https:\/\/www.omni-biotic.com\/cs-cz\/wp-content\/uploads\/sites\/8\/2026\/03\/OB_WOMAN_Floraplus_Sachet-2-e1773046011722-1024x959.png 1024w, https:\/\/www.omni-biotic.com\/cs-cz\/wp-content\/uploads\/sites\/8\/2026\/03\/OB_WOMAN_Floraplus_Sachet-2-e1773046011722.png 1078w\" sizes=\"(max-width: 768px) 100vw, 768px\" title=\"\">                <\/div>\n            <\/div>\n            <div class=\"post--teaser\">\n                <div class=\"title\">Jak\u00fd vliv maj\u00ed proj\u00edmadla na st\u0159evn\u00ed mikrobiom?<\/div>\n                <div class=\"description\">\n                    Proj\u00edmadla, medic\u00ednsky naz\u00fdvan\u00e1 laxativa, jsou pro mnoho lid\u00ed vn\u00edm\u00e1na jako nekomplikovan\u00e9 a rychl\u00e9 \u0159e\u0161en\u00ed z\u00e1cpy.\u2026                    <br>\n                    <span class=\"read-more\">\n                            \u010ct\u011bte v\u00edce                        <\/span>\n                <\/div>\n                <div class=\"metadata\"><b>Aktualizov\u00e1no:<\/b> 12. b\u0159ezna 2026 \u2022 <b>Kategorie:<\/b> Novinky ve v\u00fdzkumu, Pot\u00ed\u017ee a poradenstv\u00ed \u2022 <b>Autor:<\/b> Zuzana Mikulova<\/div>\n            <\/div>\n        <\/a>\n                <a href=\"https:\/\/www.omni-biotic.com\/cs-cz\/blog\/co-se-skryva-za-gastritidou\/\"\n           class=\"li-widgets--posts-gallery__post\">\n            <div class=\"post--image__container\">\n                <div class=\"post--image\">\n                    <img loading=\"lazy\" decoding=\"async\" width=\"768\" height=\"607\" src=\"https:\/\/www.omni-biotic.com\/cs-cz\/wp-content\/uploads\/sites\/8\/2025\/08\/zaludek_gastritida-768x607.png\" class=\"attachment-medium_large size-medium_large wp-post-image\" alt=\"\" srcset=\"https:\/\/www.omni-biotic.com\/cs-cz\/wp-content\/uploads\/sites\/8\/2025\/08\/zaludek_gastritida-768x607.png 768w, https:\/\/www.omni-biotic.com\/cs-cz\/wp-content\/uploads\/sites\/8\/2025\/08\/zaludek_gastritida-300x237.png 300w, https:\/\/www.omni-biotic.com\/cs-cz\/wp-content\/uploads\/sites\/8\/2025\/08\/zaludek_gastritida.png 956w\" sizes=\"(max-width: 768px) 100vw, 768px\" title=\"\">                <\/div>\n            <\/div>\n            <div class=\"post--teaser\">\n                <div class=\"title\">Kdy\u017e se \u017ealudek bou\u0159\u00ed: Co se skr\u00fdv\u00e1 za gastritidou?<\/div>\n                <div class=\"description\">\n                    Bolest \u010di tlak v nadb\u0159i\u0161ku, nevolnost, pocit plnosti nebo p\u00e1len\u00ed \u017e\u00e1hy \u2013 tyto nep\u0159\u00edjemn\u00e9 p\u0159\u00edznaky\u2026                    <br>\n                    <span class=\"read-more\">\n                            \u010ct\u011bte v\u00edce                        <\/span>\n                <\/div>\n                <div class=\"metadata\"><b>Aktualizov\u00e1no:<\/b> 20. srpna 2025 \u2022 <b>Kategorie:<\/b> Novinky ve v\u00fdzkumu, Pot\u00ed\u017ee a poradenstv\u00ed \u2022 <b>Autor:<\/b> Zuzana Mikulova<\/div>\n            <\/div>\n        <\/a>\n                <a href=\"https:\/\/www.omni-biotic.com\/cs-cz\/blog\/zanet-mocovych-cest-bakterie-e-coli\/\"\n           class=\"li-widgets--posts-gallery__post\">\n            <div class=\"post--image__container\">\n                <div class=\"post--image\">\n                    <img loading=\"lazy\" decoding=\"async\" width=\"550\" height=\"309\" src=\"https:\/\/www.omni-biotic.com\/cs-cz\/wp-content\/uploads\/sites\/8\/2022\/01\/thumbnail_large-15.webp\" class=\"attachment-medium_large size-medium_large wp-post-image\" alt=\"\" srcset=\"https:\/\/www.omni-biotic.com\/cs-cz\/wp-content\/uploads\/sites\/8\/2022\/01\/thumbnail_large-15.webp 550w, https:\/\/www.omni-biotic.com\/cs-cz\/wp-content\/uploads\/sites\/8\/2022\/01\/thumbnail_large-15-300x169.webp 300w\" sizes=\"(max-width: 550px) 100vw, 550px\" title=\"\">                <\/div>\n            <\/div>\n            <div class=\"post--teaser\">\n                <div class=\"title\">Z\u00e1n\u011bt mo\u010dov\u00fdch cest: Kdy\u017e se bakterie E. coli us\u00eddl\u00ed v mo\u010dov\u00e9m m\u011bch\u00fd\u0159i<\/div>\n                <div class=\"description\">\n                    Z\u00e1n\u011bt mo\u010dov\u00fdch cest pat\u0159\u00ed mezi nej\u010dast\u011bj\u0161\u00ed bakteri\u00e1ln\u00ed infekce, kter\u00e9 postihuj\u00ed \u017eeny i mu\u017ee v\u0161ech v\u011bkov\u00fdch\u2026                    <br>\n                    <span class=\"read-more\">\n                            \u010ct\u011bte v\u00edce                        <\/span>\n                <\/div>\n                <div class=\"metadata\"><b>Aktualizov\u00e1no:<\/b> 31. \u010dervence 2025 \u2022 <b>Kategorie:<\/b> Novinky ve v\u00fdzkumu, Zdrav\u00ed \u017eeny<\/div>\n            <\/div>\n        <\/a>\n                <a href=\"https:\/\/www.omni-biotic.com\/cs-cz\/blog\/ztukovatela-jatra-bez-alkoholu-blog\/\"\n           class=\"li-widgets--posts-gallery__post\">\n            <div class=\"post--image__container\">\n                <div class=\"post--image\">\n                    <img loading=\"lazy\" decoding=\"async\" width=\"768\" height=\"384\" src=\"https:\/\/www.omni-biotic.com\/cs-cz\/wp-content\/uploads\/sites\/8\/2025\/02\/jatra_alkohol.jpg\" class=\"attachment-medium_large size-medium_large wp-post-image\" alt=\"\" srcset=\"https:\/\/www.omni-biotic.com\/cs-cz\/wp-content\/uploads\/sites\/8\/2025\/02\/jatra_alkohol.jpg 768w, https:\/\/www.omni-biotic.com\/cs-cz\/wp-content\/uploads\/sites\/8\/2025\/02\/jatra_alkohol-300x150.jpg 300w\" sizes=\"(max-width: 768px) 100vw, 768px\" title=\"\">                <\/div>\n            <\/div>\n            <div class=\"post--teaser\">\n                <div class=\"title\">Ztukovat\u011bl\u00e1 j\u00e1tra bez alkoholu: Jak\u00fd vliv m\u00e1 st\u0159evo na zdrav\u00ed na\u0161ich jater<\/div>\n                <div class=\"description\">\n                    J\u00e1tra jsou \u00fast\u0159edn\u00edm org\u00e1nem na\u0161eho metabolismu a jsou \u017eivotn\u011b d\u016fle\u017eit\u00e1 v mnoha ohledech. Pokud jsou\u2026                    <br>\n                    <span class=\"read-more\">\n                            \u010ct\u011bte v\u00edce                        <\/span>\n                <\/div>\n                <div class=\"metadata\"><b>Aktualizov\u00e1no:<\/b> 11. \u00fanora 2025 \u2022 <b>Kategorie:<\/b> Novinky ve v\u00fdzkumu \u2022 <b>Autor:<\/b> Thore Hansen<\/div>\n            <\/div>\n        <\/a>\n                <a href=\"https:\/\/www.omni-biotic.com\/cs-cz\/blog\/vliv-strevnich-bakterii-na-hormony\/\"\n           class=\"li-widgets--posts-gallery__post\">\n            <div class=\"post--image__container\">\n                <div class=\"post--image\">\n                    <img loading=\"lazy\" decoding=\"async\" width=\"768\" height=\"511\" src=\"https:\/\/www.omni-biotic.com\/cs-cz\/wp-content\/uploads\/sites\/8\/2024\/08\/Hormony_zena.jpg\" class=\"attachment-medium_large size-medium_large wp-post-image\" alt=\"\" srcset=\"https:\/\/www.omni-biotic.com\/cs-cz\/wp-content\/uploads\/sites\/8\/2024\/08\/Hormony_zena.jpg 768w, https:\/\/www.omni-biotic.com\/cs-cz\/wp-content\/uploads\/sites\/8\/2024\/08\/Hormony_zena-300x200.jpg 300w\" sizes=\"(max-width: 768px) 100vw, 768px\" title=\"\">                <\/div>\n            <\/div>\n            <div class=\"post--teaser\">\n                <div class=\"title\">Vliv st\u0159evn\u00edch bakteri\u00ed na na\u0161e hormony<\/div>\n                <div class=\"description\">\n                    Prvn\u00ed v\u00fdsledky v\u00fdzkumu nazna\u010duj\u00ed, \u017ee st\u0159evn\u00ed mikrobiom hraje \u00fast\u0159edn\u00ed roli v regulaci t\u011blu vlastn\u00edch hormon\u016f.                    <br>\n                    <span class=\"read-more\">\n                            \u010ct\u011bte v\u00edce                        <\/span>\n                <\/div>\n                <div class=\"metadata\"><b>Aktualizov\u00e1no:<\/b> 8. srpna 2024 \u2022 <b>Kategorie:<\/b> Novinky ve v\u00fdzkumu \u2022 <b>Autor:<\/b> Margit Koudelka<\/div>\n            <\/div>\n        <\/a>\n            <\/div>\n\t\t\t\t<\/div>\n\t\t\t\t<\/div>\n\t\t\t\t\t<\/div>\n\t\t\t\t<\/div>\n\t\t\t\t<\/div>\n\t\t","protected":false},"excerpt":{"rendered":"<p>Institut AllergoSan Kompeten\u010dn\u00ed centrum pro v\u00fdzkum mikrobiomu Institut AllergoSan neust\u00e1le investuje do v\u00fdzkumu a v\u00fdvoje nov\u00fdch produkt\u016f. D\u00edky tomu nab\u00edz\u00ed sv\u00fdm z\u00e1kazn\u00edk\u016fm p\u0159\u00edrodn\u00ed l\u00e1tky, jejich\u017e \u00fa\u010dinek je pro u\u017eivatele nejen rychle znateln\u00fd, n\u00fdbr\u017e tak\u00e9 prok\u00e1zan\u00fd v\u011bdeck\u00fdmi studiemi. Tak vznikaj\u00ed ji\u017e des\u00edtky let unik\u00e1tn\u00ed produkty, kter\u00e9 podporuj\u00ed p\u0159edev\u0161\u00edm zdrav\u00ed st\u0159ev. Home Obsah Nejvy\u0161\u0161\u00ed v\u011bdeck\u00e9 po\u017eadavky \u201eZnovu [&hellip;]<\/p>\n","protected":false},"author":3,"featured_media":0,"parent":69,"menu_order":40,"comment_status":"closed","ping_status":"closed","template":"","meta":{"_acf_changed":false,"inline_featured_image":false,"footnotes":""},"class_list":["post-71","page","type-page","status-publish","hentry"],"acf":[],"_links":{"self":[{"href":"https:\/\/www.omni-biotic.com\/cs-cz\/wp-json\/wp\/v2\/pages\/71","targetHints":{"allow":["GET"]}}],"collection":[{"href":"https:\/\/www.omni-biotic.com\/cs-cz\/wp-json\/wp\/v2\/pages"}],"about":[{"href":"https:\/\/www.omni-biotic.com\/cs-cz\/wp-json\/wp\/v2\/types\/page"}],"author":[{"embeddable":true,"href":"https:\/\/www.omni-biotic.com\/cs-cz\/wp-json\/wp\/v2\/users\/3"}],"replies":[{"embeddable":true,"href":"https:\/\/www.omni-biotic.com\/cs-cz\/wp-json\/wp\/v2\/comments?post=71"}],"version-history":[{"count":7,"href":"https:\/\/www.omni-biotic.com\/cs-cz\/wp-json\/wp\/v2\/pages\/71\/revisions"}],"predecessor-version":[{"id":19311,"href":"https:\/\/www.omni-biotic.com\/cs-cz\/wp-json\/wp\/v2\/pages\/71\/revisions\/19311"}],"up":[{"embeddable":true,"href":"https:\/\/www.omni-biotic.com\/cs-cz\/wp-json\/wp\/v2\/pages\/69"}],"wp:attachment":[{"href":"https:\/\/www.omni-biotic.com\/cs-cz\/wp-json\/wp\/v2\/media?parent=71"}],"curies":[{"name":"wp","href":"https:\/\/api.w.org\/{rel}","templated":true}]}}