{"id":18076,"date":"2023-06-19T11:03:50","date_gmt":"2023-06-19T09:03:50","guid":{"rendered":"https:\/\/www.omni-biotic.com\/de-at\/?page_id=18076"},"modified":"2024-12-18T15:43:24","modified_gmt":"2024-12-18T14:43:24","slug":"darm-wiki","status":"publish","type":"page","link":"https:\/\/www.omni-biotic.com\/de-at\/darm-wiki\/","title":{"rendered":"Darm-Wiki"},"content":{"rendered":"\t\t<div data-elementor-type=\"wp-page\" data-elementor-id=\"18076\" class=\"elementor elementor-18076\" data-elementor-post-type=\"page\">\n\t\t\t\t<div class=\"elementor-element elementor-element-8992176 e-con-full obcs none e-flex e-con e-parent\" data-id=\"8992176\" data-element_type=\"container\" data-settings=\"{&quot;background_background&quot;:&quot;classic&quot;,&quot;shape_divider_bottom&quot;:&quot;waves&quot;}\">\n\t\t\t\t<div class=\"elementor-shape elementor-shape-bottom\" aria-hidden=\"true\" data-negative=\"false\">\n\t\t\t<svg xmlns=\"http:\/\/www.w3.org\/2000\/svg\" viewBox=\"0 0 1000 100\" preserveAspectRatio=\"none\">\n\t<path class=\"elementor-shape-fill\" d=\"M421.9,6.5c22.6-2.5,51.5,0.4,75.5,5.3c23.6,4.9,70.9,23.5,100.5,35.7c75.8,32.2,133.7,44.5,192.6,49.7\n\tc23.6,2.1,48.7,3.5,103.4-2.5c54.7-6,106.2-25.6,106.2-25.6V0H0v30.3c0,0,72,32.6,158.4,30.5c39.2-0.7,92.8-6.7,134-22.4\n\tc21.2-8.1,52.2-18.2,79.7-24.2C399.3,7.9,411.6,7.5,421.9,6.5z\"\/>\n<\/svg>\t\t<\/div>\n\t\t\t\t<div class=\"elementor-element elementor-element-8068902 elementor-absolute elementor-hidden-mobile elementor-align-center elementor-widget elementor-widget-lottie\" data-id=\"8068902\" data-element_type=\"widget\" data-settings=\"{&quot;source_json&quot;:{&quot;url&quot;:&quot;https:\\\/\\\/www.omni-biotic.com\\\/de-at\\\/wp-content\\\/uploads\\\/sites\\\/2\\\/2022\\\/08\\\/lf30_editor_s5uwdgjh.json&quot;,&quot;id&quot;:7733,&quot;size&quot;:&quot;&quot;,&quot;alt&quot;:&quot;&quot;,&quot;source&quot;:&quot;library&quot;},&quot;loop&quot;:&quot;yes&quot;,&quot;play_speed&quot;:{&quot;unit&quot;:&quot;px&quot;,&quot;size&quot;:0.3,&quot;sizes&quot;:[]},&quot;_position&quot;:&quot;absolute&quot;,&quot;source&quot;:&quot;media_file&quot;,&quot;caption_source&quot;:&quot;none&quot;,&quot;link_to&quot;:&quot;none&quot;,&quot;trigger&quot;:&quot;arriving_to_viewport&quot;,&quot;viewport&quot;:{&quot;unit&quot;:&quot;%&quot;,&quot;size&quot;:&quot;&quot;,&quot;sizes&quot;:{&quot;start&quot;:0,&quot;end&quot;:100}},&quot;start_point&quot;:{&quot;unit&quot;:&quot;%&quot;,&quot;size&quot;:0,&quot;sizes&quot;:[]},&quot;end_point&quot;:{&quot;unit&quot;:&quot;%&quot;,&quot;size&quot;:100,&quot;sizes&quot;:[]},&quot;renderer&quot;:&quot;svg&quot;}\" data-widget_type=\"lottie.default\">\n\t\t\t\t<div class=\"elementor-widget-container\">\n\t\t\t\t\t<div class=\"e-lottie__container\"><div class=\"e-lottie__animation\"><\/div><\/div>\t\t\t\t<\/div>\n\t\t\t\t<\/div>\n\t\t<div class=\"elementor-element elementor-element-e7be23d e-con-full obcs none e-flex e-con e-child\" data-id=\"e7be23d\" data-element_type=\"container\" data-settings=\"{&quot;background_background&quot;:&quot;gradient&quot;}\">\n\t\t\t\t<div class=\"elementor-element elementor-element-b5e9eda elementor-widget elementor-widget-heading\" data-id=\"b5e9eda\" data-element_type=\"widget\" data-widget_type=\"heading.default\">\n\t\t\t\t<div class=\"elementor-widget-container\">\n\t\t\t\t\t<h1 class=\"elementor-heading-title elementor-size-default\">Darm-Wiki<\/h1>\t\t\t\t<\/div>\n\t\t\t\t<\/div>\n\t\t\t\t<div class=\"elementor-element elementor-element-1d49089 elementor-widget-divider--view-line elementor-widget elementor-widget-divider\" data-id=\"1d49089\" data-element_type=\"widget\" data-widget_type=\"divider.default\">\n\t\t\t\t<div class=\"elementor-widget-container\">\n\t\t\t\t\t\t\t<div class=\"elementor-divider\">\n\t\t\t<span class=\"elementor-divider-separator\">\n\t\t\t\t\t\t<\/span>\n\t\t<\/div>\n\t\t\t\t\t\t<\/div>\n\t\t\t\t<\/div>\n\t\t\t\t<div class=\"elementor-element elementor-element-0a64494 elementor-widget__width-initial elementor-widget elementor-widget-text-editor\" data-id=\"0a64494\" data-element_type=\"widget\" data-widget_type=\"text-editor.default\">\n\t\t\t\t<div class=\"elementor-widget-container\">\n\t\t\t\t\t\t\t\t\t<p>Als Kompetenzzentrum der Mikrobiomforschung, ist es uns unter anderem ein besonderes Anliegen, das Fachwissen mit Ihnen zu teilen. Damit keine Fragen offen bleiben,\u00a0 haben wir hier f\u00fcr Sie medizinische Begriffe auf wissenschaftlicher Basis erkl\u00e4rt.<\/p>\t\t\t\t\t\t\t\t<\/div>\n\t\t\t\t<\/div>\n\t\t\t\t<\/div>\n\t\t\t\t<\/div>\n\t\t<div class=\"elementor-element elementor-element-3e5460c obcs none e-flex e-con-boxed e-con e-parent\" data-id=\"3e5460c\" data-element_type=\"container\">\n\t\t\t\t\t<div class=\"e-con-inner\">\n\t\t<div class=\"elementor-element elementor-element-297c0cb obcs none e-flex e-con-boxed e-con e-child\" data-id=\"297c0cb\" data-element_type=\"container\">\n\t\t\t\t\t<div class=\"e-con-inner\">\n\t\t<div class=\"elementor-element elementor-element-fadec41 e-con-full obcs none e-flex e-con e-child\" data-id=\"fadec41\" data-element_type=\"container\">\n\t\t\t\t<div class=\"elementor-element elementor-element-66a8516 elementor-align-left elementor-widget__width-initial elementor-widget elementor-widget-breadcrumbs\" data-id=\"66a8516\" data-element_type=\"widget\" data-widget_type=\"breadcrumbs.default\">\n\t\t\t\t<div class=\"elementor-widget-container\">\n\t\t\t\t\t<span><span class=\"last\">Home<\/span><\/span>\t\t\t\t<\/div>\n\t\t\t\t<\/div>\n\t\t\t\t<\/div>\n\t\t<div class=\"elementor-element elementor-element-4541e7b e-con-full obcs none e-flex e-con e-child\" data-id=\"4541e7b\" data-element_type=\"container\">\n\t\t\t\t<div class=\"elementor-element elementor-element-1fe7d87 elementor-toc--minimized-on-desktop elementor-widget elementor-widget-table-of-contents\" data-id=\"1fe7d87\" data-element_type=\"widget\" data-settings=\"{&quot;exclude_headings_by_selector&quot;:[],&quot;minimized_on&quot;:&quot;desktop&quot;,&quot;_animation&quot;:&quot;none&quot;,&quot;no_headings_message&quot;:&quot;No headings were found on this page.&quot;,&quot;headings_by_tags&quot;:[&quot;h2&quot;,&quot;h3&quot;,&quot;h4&quot;,&quot;h5&quot;,&quot;h6&quot;],&quot;marker_view&quot;:&quot;numbers&quot;,&quot;minimize_box&quot;:&quot;yes&quot;,&quot;hierarchical_view&quot;:&quot;yes&quot;,&quot;min_height&quot;:{&quot;unit&quot;:&quot;px&quot;,&quot;size&quot;:&quot;&quot;,&quot;sizes&quot;:[]},&quot;min_height_tablet&quot;:{&quot;unit&quot;:&quot;px&quot;,&quot;size&quot;:&quot;&quot;,&quot;sizes&quot;:[]},&quot;min_height_mobile&quot;:{&quot;unit&quot;:&quot;px&quot;,&quot;size&quot;:&quot;&quot;,&quot;sizes&quot;:[]}}\" data-widget_type=\"table-of-contents.default\">\n\t\t\t\t<div class=\"elementor-widget-container\">\n\t\t\t\t\t\t\t\t\t<div class=\"elementor-toc__header\">\n\t\t\t\t\t\t<h4 class=\"elementor-toc__header-title\">\n\t\t\t\tInhaltsverzeichnis\t\t\t<\/h4>\n\t\t\t\t\t\t\t\t\t\t<div class=\"elementor-toc__toggle-button elementor-toc__toggle-button--expand\" role=\"button\" tabindex=\"0\" aria-controls=\"elementor-toc__1fe7d87\" aria-expanded=\"true\" aria-label=\"Inhaltsverzeichnis \u00f6ffnen\"><i aria-hidden=\"true\" class=\"fas fa-chevron-down\"><\/i><\/div>\n\t\t\t\t<div class=\"elementor-toc__toggle-button elementor-toc__toggle-button--collapse\" role=\"button\" tabindex=\"0\" aria-controls=\"elementor-toc__1fe7d87\" aria-expanded=\"true\" aria-label=\"Inhaltsverzeichnis schlie\u00dfen\"><i aria-hidden=\"true\" class=\"fas fa-chevron-up\"><\/i><\/div>\n\t\t\t\t\t<\/div>\n\t\t\t\t<div id=\"elementor-toc__1fe7d87\" class=\"elementor-toc__body\">\n\t\t\t<div class=\"elementor-toc__spinner-container\">\n\t\t\t\t<i class=\"elementor-toc__spinner eicon-animation-spin eicon-loading\" aria-hidden=\"true\"><\/i>\t\t\t<\/div>\n\t\t<\/div>\n\t\t\t\t\t\t<\/div>\n\t\t\t\t<\/div>\n\t\t\t\t<\/div>\n\t\t\t\t\t<\/div>\n\t\t\t\t<\/div>\n\t\t\t\t\t<\/div>\n\t\t\t\t<\/div>\n\t\t<div class=\"elementor-element elementor-element-481cfc0 obcs blue e-flex e-con-boxed e-con e-parent\" data-id=\"481cfc0\" data-element_type=\"container\">\n\t\t\t\t\t<div class=\"e-con-inner\">\n\t\t<div class=\"elementor-element elementor-element-61a1c0a obcs none e-flex e-con-boxed e-con e-child\" data-id=\"61a1c0a\" data-element_type=\"container\">\n\t\t\t\t\t<div class=\"e-con-inner\">\n\t\t\t\t<div class=\"elementor-element elementor-element-a722e71 elementor-widget elementor-widget-heading\" data-id=\"a722e71\" data-element_type=\"widget\" data-widget_type=\"heading.default\">\n\t\t\t\t<div class=\"elementor-widget-container\">\n\t\t\t\t\t<h2 class=\"elementor-heading-title elementor-size-default\">Darmbakterien \/ Darmgesundheit<\/h2>\t\t\t\t<\/div>\n\t\t\t\t<\/div>\n\t\t\t\t<div class=\"elementor-element elementor-element-628a314 elementor-widget elementor-widget-toggle\" data-id=\"628a314\" data-element_type=\"widget\" data-widget_type=\"toggle.default\">\n\t\t\t\t<div class=\"elementor-widget-container\">\n\t\t\t\t\t\t\t<div class=\"elementor-toggle\">\n\t\t\t\t\t\t\t<div class=\"elementor-toggle-item\">\n\t\t\t\t\t<h3 id=\"elementor-tab-title-1031\" class=\"elementor-tab-title\" data-tab=\"1\" role=\"button\" aria-controls=\"elementor-tab-content-1031\" aria-expanded=\"false\">\n\t\t\t\t\t\t\t\t\t\t\t\t<span class=\"elementor-toggle-icon elementor-toggle-icon-left\" aria-hidden=\"true\">\n\t\t\t\t\t\t\t\t\t\t\t\t\t\t\t<span class=\"elementor-toggle-icon-closed\"><i class=\"fas fa-caret-right\"><\/i><\/span>\n\t\t\t\t\t\t\t\t<span class=\"elementor-toggle-icon-opened\"><i class=\"elementor-toggle-icon-opened fas fa-caret-up\"><\/i><\/span>\n\t\t\t\t\t\t\t\t\t\t\t\t\t<\/span>\n\t\t\t\t\t\t\t\t\t\t\t\t<a class=\"elementor-toggle-title\" tabindex=\"0\">Was sind Mikroorganismen \/ Mikroben?<\/a>\n\t\t\t\t\t<\/h3>\n\n\t\t\t\t\t<div id=\"elementor-tab-content-1031\" class=\"elementor-tab-content elementor-clearfix\" data-tab=\"1\" role=\"region\" aria-labelledby=\"elementor-tab-title-1031\">= mikroskopisch kleine Organismen\n\nMikroorganismen sind Kleinstlebewesen, die aus einzelnen Zellen oder Zellaggregaten (Ansammlung) bestehen. Dazu z\u00e4hlen Bakterien, Archaeen, viele Pilze einschlie\u00dflich der Hefe (Hefepilz), Algen und die Einzeller (Protozoen). Viren bestehen zwar nicht aus Zellen, werden aber aufgrund ihrer Gr\u00f6\u00dfe meistens zu den Mikroorganismen gez\u00e4hlt.\n\nDas Leben wird heute in 3 grundlegende Taxa eingeteilt \u2013 <strong>Bakterien, Archaea<\/strong> und <strong>Eukaryoten<\/strong>. Da weder Archaeen noch Bakterien einen Zellkern haben, werden die beiden unter dem Begriff Prokaryoten zusammengefasst.\n\n<h4>Bakterien<\/h4>\n\nBakterien wurden erstmals 1676 von Antoni van Leeuwenhoek mit Hilfe eines selbstgebauten Mikroskops in Gew\u00e4ssern und im menschlichen Speichel beobachtet. Dabei handelt es sich um einzellige Kleinstlebewesen (0,1 \u2013 700\u00b5m Durchmesser), die sich durch Spaltung vermehren und keinen Zellkern besitzen \u2013 das Erbgut liegt frei im Zellinneren (Cytoplasma) vor. Bakterien k\u00f6nnen aufgrund ihrer Form (St\u00e4bchenf\u00f6rmig = St\u00e4bchen; Kugelf\u00f6rmig = Kokken), ihres Verhaltens gegen\u00fcber Sauerstoff (aerob = sauerstoffverbrauchende Bakterien;\nanaerob = k\u00f6nnen ohne Sauerstoff leben), ihrer Fortbewegungsart und ihrer Taxonomie (Abteilungen) eingeteilt werden.\nSie kommen \u00fcberall vor, jedoch kann nur ein kleiner Bruchteil der in der Natur vorkommenden Bakterien beim Menschen Erkrankungen ausl\u00f6sen (= pathogene Bakterien). Gute (= kommensale) Bakterien besiedeln den gesamten menschlichen K\u00f6rper, so auch den Darm, wo sie unter anderem verdauungsf\u00f6rdernd wirken.\n\n<h4>Eukaryoten<\/h4>\n\nAls Eukaryoten werden Lebewesen mit Zellkern bezeichnet \u2013 dazu z\u00e4hlen manche Einzeller, Algen, Pflanzen, Tiere und der Mensch.\nDie Zellen der Eukaryoten haben meist einen Durchmesser von 10 bis 30\u00b5m und sind in der Regel wesentlich gr\u00f6\u00dfer als die von Prokaryoten. Damit die zellul\u00e4ren Abl\u00e4ufe reibungslos funktionieren ist ein h\u00f6herer Organisationsgrad, eine Aufteilung des Zellraumes in Kompartimente (abgegrenzte R\u00e4ume) und ein passender Transport zwischen den einzelnen Kompartimenten notwendig. Aus diesem Grund sind eukaryotische Zellen mittels Zellorganellen strukturiert, welche wie die Organe des menschlichen K\u00f6rpers verschiedene Funktionen aus\u00fcben.<\/div>\n\t\t\t\t<\/div>\n\t\t\t\t\t\t\t<div class=\"elementor-toggle-item\">\n\t\t\t\t\t<h3 id=\"elementor-tab-title-1032\" class=\"elementor-tab-title\" data-tab=\"2\" role=\"button\" aria-controls=\"elementor-tab-content-1032\" aria-expanded=\"false\">\n\t\t\t\t\t\t\t\t\t\t\t\t<span class=\"elementor-toggle-icon elementor-toggle-icon-left\" aria-hidden=\"true\">\n\t\t\t\t\t\t\t\t\t\t\t\t\t\t\t<span class=\"elementor-toggle-icon-closed\"><i class=\"fas fa-caret-right\"><\/i><\/span>\n\t\t\t\t\t\t\t\t<span class=\"elementor-toggle-icon-opened\"><i class=\"elementor-toggle-icon-opened fas fa-caret-up\"><\/i><\/span>\n\t\t\t\t\t\t\t\t\t\t\t\t\t<\/span>\n\t\t\t\t\t\t\t\t\t\t\t\t<a class=\"elementor-toggle-title\" tabindex=\"0\">Was sind Viren?<\/a>\n\t\t\t\t\t<\/h3>\n\n\t\t\t\t\t<div id=\"elementor-tab-content-1032\" class=\"elementor-tab-content elementor-clearfix\" data-tab=\"2\" role=\"region\" aria-labelledby=\"elementor-tab-title-1032\"><p>Als Virus bezeichnet man in der Medizin ein infekti\u00f6ses Partikel, das aus einem Strang Erbmaterial und einer Proteinh\u00fclle (Eiwei\u00dfh\u00fclle) besteht. Viren sind winzig und nur rund 20 \u2013 300 nm gro\u00df, weshalb man sie auch nur unter dem Elektronenmikroskop sieht. Anders als Bakterien bestehen Viren weder aus einer Zelle, noch haben sie einen eigenen Stoffwechsel oder eine eigene Energiegewinnung \u2013 streng genommen sind Viren keine Lebewesen.<\/p><\/div>\n\t\t\t\t<\/div>\n\t\t\t\t\t\t\t<div class=\"elementor-toggle-item\">\n\t\t\t\t\t<h3 id=\"elementor-tab-title-1033\" class=\"elementor-tab-title\" data-tab=\"3\" role=\"button\" aria-controls=\"elementor-tab-content-1033\" aria-expanded=\"false\">\n\t\t\t\t\t\t\t\t\t\t\t\t<span class=\"elementor-toggle-icon elementor-toggle-icon-left\" aria-hidden=\"true\">\n\t\t\t\t\t\t\t\t\t\t\t\t\t\t\t<span class=\"elementor-toggle-icon-closed\"><i class=\"fas fa-caret-right\"><\/i><\/span>\n\t\t\t\t\t\t\t\t<span class=\"elementor-toggle-icon-opened\"><i class=\"elementor-toggle-icon-opened fas fa-caret-up\"><\/i><\/span>\n\t\t\t\t\t\t\t\t\t\t\t\t\t<\/span>\n\t\t\t\t\t\t\t\t\t\t\t\t<a class=\"elementor-toggle-title\" tabindex=\"0\">Was sind anaerobe Bakterien?<\/a>\n\t\t\t\t\t<\/h3>\n\n\t\t\t\t\t<div id=\"elementor-tab-content-1033\" class=\"elementor-tab-content elementor-clearfix\" data-tab=\"3\" role=\"region\" aria-labelledby=\"elementor-tab-title-1033\"><p>Bakterien die zum \u00dcberleben keinen molekularen Sauerstoff ben\u00f6tigen werden als anaerob bezeichnet. Hier kann man wiederum unterscheiden zwischen:<\/p><ul><li><u>obligate Anaerobier:<\/u> Bakterien, die nur in einem sauerstofffreien Lebensraum wachsen k\u00f6nnen da Sauerstoff ihnen schadet<\/li><li><u>aerotolerante Anaerobier:<\/u> Bakterien, die zum \u00dcberleben zwar keinen Sauerstoff ben\u00f6tigen, diesen aber tolerieren und daher auch in Gegenwart von Sauerstoff leben k\u00f6nnen<\/li><li><u>fakultative Anaerobier:<\/u> Bakterien die zwar vollkommen ohne Sauerstoff \u00fcberleben k\u00f6nnen, wenn jedoch Sauerstoff vorhanden ist, nutzen sie diesen.<\/li><\/ul><\/div>\n\t\t\t\t<\/div>\n\t\t\t\t\t\t\t<div class=\"elementor-toggle-item\">\n\t\t\t\t\t<h3 id=\"elementor-tab-title-1034\" class=\"elementor-tab-title\" data-tab=\"4\" role=\"button\" aria-controls=\"elementor-tab-content-1034\" aria-expanded=\"false\">\n\t\t\t\t\t\t\t\t\t\t\t\t<span class=\"elementor-toggle-icon elementor-toggle-icon-left\" aria-hidden=\"true\">\n\t\t\t\t\t\t\t\t\t\t\t\t\t\t\t<span class=\"elementor-toggle-icon-closed\"><i class=\"fas fa-caret-right\"><\/i><\/span>\n\t\t\t\t\t\t\t\t<span class=\"elementor-toggle-icon-opened\"><i class=\"elementor-toggle-icon-opened fas fa-caret-up\"><\/i><\/span>\n\t\t\t\t\t\t\t\t\t\t\t\t\t<\/span>\n\t\t\t\t\t\t\t\t\t\t\t\t<a class=\"elementor-toggle-title\" tabindex=\"0\">Was sind Pathogene?<\/a>\n\t\t\t\t\t<\/h3>\n\n\t\t\t\t\t<div id=\"elementor-tab-content-1034\" class=\"elementor-tab-content elementor-clearfix\" data-tab=\"4\" role=\"region\" aria-labelledby=\"elementor-tab-title-1034\"><p>= Mikroorganismen mit krankmachenden Eigenschaften.<\/p><\/div>\n\t\t\t\t<\/div>\n\t\t\t\t\t\t\t<div class=\"elementor-toggle-item\">\n\t\t\t\t\t<h3 id=\"elementor-tab-title-1035\" class=\"elementor-tab-title\" data-tab=\"5\" role=\"button\" aria-controls=\"elementor-tab-content-1035\" aria-expanded=\"false\">\n\t\t\t\t\t\t\t\t\t\t\t\t<span class=\"elementor-toggle-icon elementor-toggle-icon-left\" aria-hidden=\"true\">\n\t\t\t\t\t\t\t\t\t\t\t\t\t\t\t<span class=\"elementor-toggle-icon-closed\"><i class=\"fas fa-caret-right\"><\/i><\/span>\n\t\t\t\t\t\t\t\t<span class=\"elementor-toggle-icon-opened\"><i class=\"elementor-toggle-icon-opened fas fa-caret-up\"><\/i><\/span>\n\t\t\t\t\t\t\t\t\t\t\t\t\t<\/span>\n\t\t\t\t\t\t\t\t\t\t\t\t<a class=\"elementor-toggle-title\" tabindex=\"0\">Was ist die Darmflora = intestinale Mikrobiota?<\/a>\n\t\t\t\t\t<\/h3>\n\n\t\t\t\t\t<div id=\"elementor-tab-content-1035\" class=\"elementor-tab-content elementor-clearfix\" data-tab=\"5\" role=\"region\" aria-labelledby=\"elementor-tab-title-1035\">In der Darmschleimhaut sind benachbarte Zellen jeweils \u00fcber eine \u201eHaftstelle\u201c (engl. \u201eTight Junction\u201c) miteinander verbunden. Sie dichten die Zellen gegeneinander ab, so dass keine Fremdstoffe oder Krankheitserreger zwischen den Zellen hindurchgelangen k\u00f6nnen. Solange diese \u201eDarmbarriere\u201c intakt ist, bildet die Gesamtheit der Darmschleimhautzellen ein regelrechtes Schutzschild, wodurch ein Eindringen von Fremdstoffen aus dem Darmraum in den K\u00f6rper verhindert wird. Beim Reizdarm ist diese Darmbarriere \u201eundicht\u201c, \u201el\u00f6chrig\u201c, die Zellen sind nicht mehr so fest miteinander verbunden, so dass Krankheitserreger und Toxine (\u201eGiftstoffe\u201c) leichter die Darmschleimhaut durchdringen und zu einer Immunreaktion, zu einer \u201eReizung\u201c f\u00fchren k\u00f6nnen.<\/div>\n\t\t\t\t<\/div>\n\t\t\t\t\t\t\t<div class=\"elementor-toggle-item\">\n\t\t\t\t\t<h3 id=\"elementor-tab-title-1036\" class=\"elementor-tab-title\" data-tab=\"6\" role=\"button\" aria-controls=\"elementor-tab-content-1036\" aria-expanded=\"false\">\n\t\t\t\t\t\t\t\t\t\t\t\t<span class=\"elementor-toggle-icon elementor-toggle-icon-left\" aria-hidden=\"true\">\n\t\t\t\t\t\t\t\t\t\t\t\t\t\t\t<span class=\"elementor-toggle-icon-closed\"><i class=\"fas fa-caret-right\"><\/i><\/span>\n\t\t\t\t\t\t\t\t<span class=\"elementor-toggle-icon-opened\"><i class=\"elementor-toggle-icon-opened fas fa-caret-up\"><\/i><\/span>\n\t\t\t\t\t\t\t\t\t\t\t\t\t<\/span>\n\t\t\t\t\t\t\t\t\t\t\t\t<a class=\"elementor-toggle-title\" tabindex=\"0\">Was versteht man unter einer Eubiose?<\/a>\n\t\t\t\t\t<\/h3>\n\n\t\t\t\t\t<div id=\"elementor-tab-content-1036\" class=\"elementor-tab-content elementor-clearfix\" data-tab=\"6\" role=\"region\" aria-labelledby=\"elementor-tab-title-1036\"><p>Als Eubiose wird das Gleichgewicht der im menschlichen Darm lebenden Mikroorganismen bezeichnet.<\/p><\/div>\n\t\t\t\t<\/div>\n\t\t\t\t\t\t\t<div class=\"elementor-toggle-item\">\n\t\t\t\t\t<h3 id=\"elementor-tab-title-1037\" class=\"elementor-tab-title\" data-tab=\"7\" role=\"button\" aria-controls=\"elementor-tab-content-1037\" aria-expanded=\"false\">\n\t\t\t\t\t\t\t\t\t\t\t\t<span class=\"elementor-toggle-icon elementor-toggle-icon-left\" aria-hidden=\"true\">\n\t\t\t\t\t\t\t\t\t\t\t\t\t\t\t<span class=\"elementor-toggle-icon-closed\"><i class=\"fas fa-caret-right\"><\/i><\/span>\n\t\t\t\t\t\t\t\t<span class=\"elementor-toggle-icon-opened\"><i class=\"elementor-toggle-icon-opened fas fa-caret-up\"><\/i><\/span>\n\t\t\t\t\t\t\t\t\t\t\t\t\t<\/span>\n\t\t\t\t\t\t\t\t\t\t\t\t<a class=\"elementor-toggle-title\" tabindex=\"0\">Was ist das Darmlumen?<\/a>\n\t\t\t\t\t<\/h3>\n\n\t\t\t\t\t<div id=\"elementor-tab-content-1037\" class=\"elementor-tab-content elementor-clearfix\" data-tab=\"7\" role=\"region\" aria-labelledby=\"elementor-tab-title-1037\"><p>Das Darmlumen ist der normalerweise mit Speisebrei oder Stuhl ausgef\u00fcllte Innenraum des Darms. Das Darmlumen kann je nach peristaltischer Bewegung des Darms vergr\u00f6\u00dfert oder verkleinert sein.<\/p><\/div>\n\t\t\t\t<\/div>\n\t\t\t\t\t\t\t<div class=\"elementor-toggle-item\">\n\t\t\t\t\t<h3 id=\"elementor-tab-title-1038\" class=\"elementor-tab-title\" data-tab=\"8\" role=\"button\" aria-controls=\"elementor-tab-content-1038\" aria-expanded=\"false\">\n\t\t\t\t\t\t\t\t\t\t\t\t<span class=\"elementor-toggle-icon elementor-toggle-icon-left\" aria-hidden=\"true\">\n\t\t\t\t\t\t\t\t\t\t\t\t\t\t\t<span class=\"elementor-toggle-icon-closed\"><i class=\"fas fa-caret-right\"><\/i><\/span>\n\t\t\t\t\t\t\t\t<span class=\"elementor-toggle-icon-opened\"><i class=\"elementor-toggle-icon-opened fas fa-caret-up\"><\/i><\/span>\n\t\t\t\t\t\t\t\t\t\t\t\t\t<\/span>\n\t\t\t\t\t\t\t\t\t\t\t\t<a class=\"elementor-toggle-title\" tabindex=\"0\">Was sind Epithelzellen?<\/a>\n\t\t\t\t\t<\/h3>\n\n\t\t\t\t\t<div id=\"elementor-tab-content-1038\" class=\"elementor-tab-content elementor-clearfix\" data-tab=\"8\" role=\"region\" aria-labelledby=\"elementor-tab-title-1038\"><p>Die Epithelzellen bilden eine einzellige Schicht unserer Darmbarriere. Die apikale Seite, also jene Seite die dem Innenraum unseres Darms zugewandt ist, weist einen B\u00fcrstensaum aus Mikrovilli auf. Diese mikroskopisch kleinen borstenartigen Strukturen tragen dazu bei, dass der Darm auf seine enorme Oberfl\u00e4che von 400 \u2013 500 m2 kommt.<\/p><\/div>\n\t\t\t\t<\/div>\n\t\t\t\t\t\t\t<div class=\"elementor-toggle-item\">\n\t\t\t\t\t<h3 id=\"elementor-tab-title-1039\" class=\"elementor-tab-title\" data-tab=\"9\" role=\"button\" aria-controls=\"elementor-tab-content-1039\" aria-expanded=\"false\">\n\t\t\t\t\t\t\t\t\t\t\t\t<span class=\"elementor-toggle-icon elementor-toggle-icon-left\" aria-hidden=\"true\">\n\t\t\t\t\t\t\t\t\t\t\t\t\t\t\t<span class=\"elementor-toggle-icon-closed\"><i class=\"fas fa-caret-right\"><\/i><\/span>\n\t\t\t\t\t\t\t\t<span class=\"elementor-toggle-icon-opened\"><i class=\"elementor-toggle-icon-opened fas fa-caret-up\"><\/i><\/span>\n\t\t\t\t\t\t\t\t\t\t\t\t\t<\/span>\n\t\t\t\t\t\t\t\t\t\t\t\t<a class=\"elementor-toggle-title\" tabindex=\"0\">Was ist eine Darmbarriere?<\/a>\n\t\t\t\t\t<\/h3>\n\n\t\t\t\t\t<div id=\"elementor-tab-content-1039\" class=\"elementor-tab-content elementor-clearfix\" data-tab=\"9\" role=\"region\" aria-labelledby=\"elementor-tab-title-1039\"><p>Die Darmbarriere stellt das Schutzschild des Darms dar, indem sie verhindert, dass sch\u00e4dliche Stoffe, wie Krankheitserreger oder Gifte, aus dem Darminneren in den K\u00f6rper eindringen. <br \/>Die Darmbarriere setzt sich aus 3 Schichten zusammen:<\/p><ol><li>Darmflora \u2013 diese bildet die dem Darminneren zugewandte Ebene. Die \u201eguten\u201c Bakterien sorgen f\u00fcr ein ausgewogenes Milieu und verhindern, dass sich \u201eschlechte\u201c (pathogene) Keime ansiedeln k\u00f6nnen.<\/li><li>Darmepithel \u2013 dieses besteht aus einer einzelnen Schicht von Epithelzellen. Ist das Darmepithel intakt, so ist jede Epithelzelle mit der benachbarten \u00fcber Eiwei\u00dfmolek\u00fcle (Tight Junction Proteine) eng verbunden.<\/li><li>Darm-Immunsystem \u2013 diese Ebene beinhaltet die Abwehrzellen des Immunsystems.<\/li><\/ol><\/div>\n\t\t\t\t<\/div>\n\t\t\t\t\t\t\t<div class=\"elementor-toggle-item\">\n\t\t\t\t\t<h3 id=\"elementor-tab-title-10310\" class=\"elementor-tab-title\" data-tab=\"10\" role=\"button\" aria-controls=\"elementor-tab-content-10310\" aria-expanded=\"false\">\n\t\t\t\t\t\t\t\t\t\t\t\t<span class=\"elementor-toggle-icon elementor-toggle-icon-left\" aria-hidden=\"true\">\n\t\t\t\t\t\t\t\t\t\t\t\t\t\t\t<span class=\"elementor-toggle-icon-closed\"><i class=\"fas fa-caret-right\"><\/i><\/span>\n\t\t\t\t\t\t\t\t<span class=\"elementor-toggle-icon-opened\"><i class=\"elementor-toggle-icon-opened fas fa-caret-up\"><\/i><\/span>\n\t\t\t\t\t\t\t\t\t\t\t\t\t<\/span>\n\t\t\t\t\t\t\t\t\t\t\t\t<a class=\"elementor-toggle-title\" tabindex=\"0\">Was versteht man unter Tight Junctions?<\/a>\n\t\t\t\t\t<\/h3>\n\n\t\t\t\t\t<div id=\"elementor-tab-content-10310\" class=\"elementor-tab-content elementor-clearfix\" data-tab=\"10\" role=\"region\" aria-labelledby=\"elementor-tab-title-10310\"><p>Tight Junctions sind Zell-Zell Verbindungen die benachbarte Darmepithelzellen miteinander verbinden und eine Barriere bilden, die die Diffusion von Substanzen zwischen Zellen hindurch nicht gestattet. \u00d6ffnen sich diese Tight Junctions, k\u00f6nnen Krankheitserreger, Giftstoffe etc. in die Blutbahn\/K\u00f6rper gelangen.<\/p><\/div>\n\t\t\t\t<\/div>\n\t\t\t\t\t\t\t<div class=\"elementor-toggle-item\">\n\t\t\t\t\t<h3 id=\"elementor-tab-title-10311\" class=\"elementor-tab-title\" data-tab=\"11\" role=\"button\" aria-controls=\"elementor-tab-content-10311\" aria-expanded=\"false\">\n\t\t\t\t\t\t\t\t\t\t\t\t<span class=\"elementor-toggle-icon elementor-toggle-icon-left\" aria-hidden=\"true\">\n\t\t\t\t\t\t\t\t\t\t\t\t\t\t\t<span class=\"elementor-toggle-icon-closed\"><i class=\"fas fa-caret-right\"><\/i><\/span>\n\t\t\t\t\t\t\t\t<span class=\"elementor-toggle-icon-opened\"><i class=\"elementor-toggle-icon-opened fas fa-caret-up\"><\/i><\/span>\n\t\t\t\t\t\t\t\t\t\t\t\t\t<\/span>\n\t\t\t\t\t\t\t\t\t\t\t\t<a class=\"elementor-toggle-title\" tabindex=\"0\">Was bedeutet Mucus?<\/a>\n\t\t\t\t\t<\/h3>\n\n\t\t\t\t\t<div id=\"elementor-tab-content-10311\" class=\"elementor-tab-content elementor-clearfix\" data-tab=\"11\" role=\"region\" aria-labelledby=\"elementor-tab-title-10311\"><p>Der von der Darmschleimhaut gebildete Schleim (= Mucus) sitzt \u00fcber der Epithelzellschicht. Dort bildet der Mucus eine Schutzschicht gegen sch\u00e4dliche Einwirkungen aus dem Darmlumen, erh\u00f6ht die Schmierf\u00e4higkeit und hydratisiert die Schleimhautoberfl\u00e4che.<\/p><\/div>\n\t\t\t\t<\/div>\n\t\t\t\t\t\t\t<div class=\"elementor-toggle-item\">\n\t\t\t\t\t<h3 id=\"elementor-tab-title-10312\" class=\"elementor-tab-title\" data-tab=\"12\" role=\"button\" aria-controls=\"elementor-tab-content-10312\" aria-expanded=\"false\">\n\t\t\t\t\t\t\t\t\t\t\t\t<span class=\"elementor-toggle-icon elementor-toggle-icon-left\" aria-hidden=\"true\">\n\t\t\t\t\t\t\t\t\t\t\t\t\t\t\t<span class=\"elementor-toggle-icon-closed\"><i class=\"fas fa-caret-right\"><\/i><\/span>\n\t\t\t\t\t\t\t\t<span class=\"elementor-toggle-icon-opened\"><i class=\"elementor-toggle-icon-opened fas fa-caret-up\"><\/i><\/span>\n\t\t\t\t\t\t\t\t\t\t\t\t\t<\/span>\n\t\t\t\t\t\t\t\t\t\t\t\t<a class=\"elementor-toggle-title\" tabindex=\"0\">Was sind kurzkettige Fetts\u00e4uren \/ Short Chain Fatty Acids (SCFAs)?<\/a>\n\t\t\t\t\t<\/h3>\n\n\t\t\t\t\t<div id=\"elementor-tab-content-10312\" class=\"elementor-tab-content elementor-clearfix\" data-tab=\"12\" role=\"region\" aria-labelledby=\"elementor-tab-title-10312\"><p>Dabei handelt es sich um Fetts\u00e4uren, mit maximal 6 Kohlenstoffatomen. Im Dickdarm produzieren kommensale Bakterien aus z.B. Ballaststoffen SCFAs wie Butyrat, Acetat und Propionat.<\/p><\/div>\n\t\t\t\t<\/div>\n\t\t\t\t\t\t\t<div class=\"elementor-toggle-item\">\n\t\t\t\t\t<h3 id=\"elementor-tab-title-10313\" class=\"elementor-tab-title\" data-tab=\"13\" role=\"button\" aria-controls=\"elementor-tab-content-10313\" aria-expanded=\"false\">\n\t\t\t\t\t\t\t\t\t\t\t\t<span class=\"elementor-toggle-icon elementor-toggle-icon-left\" aria-hidden=\"true\">\n\t\t\t\t\t\t\t\t\t\t\t\t\t\t\t<span class=\"elementor-toggle-icon-closed\"><i class=\"fas fa-caret-right\"><\/i><\/span>\n\t\t\t\t\t\t\t\t<span class=\"elementor-toggle-icon-opened\"><i class=\"elementor-toggle-icon-opened fas fa-caret-up\"><\/i><\/span>\n\t\t\t\t\t\t\t\t\t\t\t\t\t<\/span>\n\t\t\t\t\t\t\t\t\t\t\t\t<a class=\"elementor-toggle-title\" tabindex=\"0\">Was ist eine Antibiotika Resistenz?<\/a>\n\t\t\t\t\t<\/h3>\n\n\t\t\t\t\t<div id=\"elementor-tab-content-10313\" class=\"elementor-tab-content elementor-clearfix\" data-tab=\"13\" role=\"region\" aria-labelledby=\"elementor-tab-title-10313\"><p>Mikroorganismen sind sehr anpassungsf\u00e4hig und vermehren sich rasch. Unter bestimmten Umst\u00e4nden kann sich spontan deren Erbgut ver\u00e4ndern\/anpassen und an nachfolgende Generationen weitergegeben werden. So k\u00f6nnen Bakterien auch gegen ein Antibiotikum resistent werden. Das bedeutet, die Bakterien werden durch das Antibiotikum nicht mehr abget\u00f6tet oder in ihrem Wachstum gehemmt \u2013 das Antibiotikum hat also seine Wirksamkeit verloren.<\/p><p>H\u00e4ufige Ursachen f\u00fcr das Entstehen von Antibiotikaresistenzen sind ungenaue, nicht zielgerichtete Anwendungen, zu h\u00e4ufige Antibiotikaeinnahmen und falsche Einnahmen (wenn das Antibiotikum nicht bis zur letzten Tablette aufgebraucht wird).<\/p><\/div>\n\t\t\t\t<\/div>\n\t\t\t\t\t\t\t<div class=\"elementor-toggle-item\">\n\t\t\t\t\t<h3 id=\"elementor-tab-title-10314\" class=\"elementor-tab-title\" data-tab=\"14\" role=\"button\" aria-controls=\"elementor-tab-content-10314\" aria-expanded=\"false\">\n\t\t\t\t\t\t\t\t\t\t\t\t<span class=\"elementor-toggle-icon elementor-toggle-icon-left\" aria-hidden=\"true\">\n\t\t\t\t\t\t\t\t\t\t\t\t\t\t\t<span class=\"elementor-toggle-icon-closed\"><i class=\"fas fa-caret-right\"><\/i><\/span>\n\t\t\t\t\t\t\t\t<span class=\"elementor-toggle-icon-opened\"><i class=\"elementor-toggle-icon-opened fas fa-caret-up\"><\/i><\/span>\n\t\t\t\t\t\t\t\t\t\t\t\t\t<\/span>\n\t\t\t\t\t\t\t\t\t\t\t\t<a class=\"elementor-toggle-title\" tabindex=\"0\">Was ist ein Leaky gut?<\/a>\n\t\t\t\t\t<\/h3>\n\n\t\t\t\t\t<div id=\"elementor-tab-content-10314\" class=\"elementor-tab-content elementor-clearfix\" data-tab=\"14\" role=\"region\" aria-labelledby=\"elementor-tab-title-10314\"><p>Der Begriff \u201eLeaky Gut\u201c bedeutet nichts anderes als \u201edurchl\u00e4ssiger Darm\u201c. Ist die Darmbarriere intakt, sind die einzelnen Epithelzellen des Darms durch Zell-Zell-Verbindungen (Tight Junctions) miteinander verbunden und bilden somit eine intakte Barriere gegen Krankheitserreger und Schadstoffe.<\/p><p>Im Falle eines \u201eLeaky Gut\u201c Syndroms, \u00f6ffnen sich diese Zell-Zell-Verbindungen, die Barrierefunktion ist nicht mehr gegeben und sch\u00e4dliche Stoffe k\u00f6nnen ungehindert in den Blutkreislauf gelangen. Das Immunsystem reagiert mit entz\u00fcndlichen und allergischen Prozessen. Als Ausl\u00f6ser eines \u201eLeaky Guts\u201c kommen Faktoren wie Stress, ungesunde Ern\u00e4hrung, Infektionen oder h\u00e4ufige Antibiotikaeinnahmen infrage.<\/p><\/div>\n\t\t\t\t<\/div>\n\t\t\t\t\t\t\t<div class=\"elementor-toggle-item\">\n\t\t\t\t\t<h3 id=\"elementor-tab-title-10315\" class=\"elementor-tab-title\" data-tab=\"15\" role=\"button\" aria-controls=\"elementor-tab-content-10315\" aria-expanded=\"false\">\n\t\t\t\t\t\t\t\t\t\t\t\t<span class=\"elementor-toggle-icon elementor-toggle-icon-left\" aria-hidden=\"true\">\n\t\t\t\t\t\t\t\t\t\t\t\t\t\t\t<span class=\"elementor-toggle-icon-closed\"><i class=\"fas fa-caret-right\"><\/i><\/span>\n\t\t\t\t\t\t\t\t<span class=\"elementor-toggle-icon-opened\"><i class=\"elementor-toggle-icon-opened fas fa-caret-up\"><\/i><\/span>\n\t\t\t\t\t\t\t\t\t\t\t\t\t<\/span>\n\t\t\t\t\t\t\t\t\t\t\t\t<a class=\"elementor-toggle-title\" tabindex=\"0\">Was ist Zonulin?<\/a>\n\t\t\t\t\t<\/h3>\n\n\t\t\t\t\t<div id=\"elementor-tab-content-10315\" class=\"elementor-tab-content elementor-clearfix\" data-tab=\"15\" role=\"region\" aria-labelledby=\"elementor-tab-title-10315\"><p>Zonulin wird als Markerprotein f\u00fcr den Nachweis einer erh\u00f6hten Darmdurchl\u00e4ssigkeit = Leaky Gut verwendet. Es kann im Blut als auch im Stuhl nachgewiesen werden. Erh\u00f6hte Zonulinwerte deuten auf eine gesteigerte Darmpermeabilit\u00e4t hin.<\/p><\/div>\n\t\t\t\t<\/div>\n\t\t\t\t\t\t\t<div class=\"elementor-toggle-item\">\n\t\t\t\t\t<h3 id=\"elementor-tab-title-10316\" class=\"elementor-tab-title\" data-tab=\"16\" role=\"button\" aria-controls=\"elementor-tab-content-10316\" aria-expanded=\"false\">\n\t\t\t\t\t\t\t\t\t\t\t\t<span class=\"elementor-toggle-icon elementor-toggle-icon-left\" aria-hidden=\"true\">\n\t\t\t\t\t\t\t\t\t\t\t\t\t\t\t<span class=\"elementor-toggle-icon-closed\"><i class=\"fas fa-caret-right\"><\/i><\/span>\n\t\t\t\t\t\t\t\t<span class=\"elementor-toggle-icon-opened\"><i class=\"elementor-toggle-icon-opened fas fa-caret-up\"><\/i><\/span>\n\t\t\t\t\t\t\t\t\t\t\t\t\t<\/span>\n\t\t\t\t\t\t\t\t\t\t\t\t<a class=\"elementor-toggle-title\" tabindex=\"0\">Was ist Calprotectin?<\/a>\n\t\t\t\t\t<\/h3>\n\n\t\t\t\t\t<div id=\"elementor-tab-content-10316\" class=\"elementor-tab-content elementor-clearfix\" data-tab=\"16\" role=\"region\" aria-labelledby=\"elementor-tab-title-10316\"><p>Calprotectin ist ein Marker f\u00fcr die Entz\u00fcndung der Darmschleimhaut. Gemessen wird die Calprotectin-Konzentration im Stuhl und korreliert mit der Anzahl der Granulozyten (geh\u00f6ren zur Gruppe der wei\u00dfen Blutk\u00f6rperchen) im Darminneren. Ist der Calprotectin-Wert erh\u00f6ht, deutet dies auf ein Entz\u00fcndungsgeschehen im Darm hin.<\/p><\/div>\n\t\t\t\t<\/div>\n\t\t\t\t\t\t\t<div class=\"elementor-toggle-item\">\n\t\t\t\t\t<h3 id=\"elementor-tab-title-10317\" class=\"elementor-tab-title\" data-tab=\"17\" role=\"button\" aria-controls=\"elementor-tab-content-10317\" aria-expanded=\"false\">\n\t\t\t\t\t\t\t\t\t\t\t\t<span class=\"elementor-toggle-icon elementor-toggle-icon-left\" aria-hidden=\"true\">\n\t\t\t\t\t\t\t\t\t\t\t\t\t\t\t<span class=\"elementor-toggle-icon-closed\"><i class=\"fas fa-caret-right\"><\/i><\/span>\n\t\t\t\t\t\t\t\t<span class=\"elementor-toggle-icon-opened\"><i class=\"elementor-toggle-icon-opened fas fa-caret-up\"><\/i><\/span>\n\t\t\t\t\t\t\t\t\t\t\t\t\t<\/span>\n\t\t\t\t\t\t\t\t\t\t\t\t<a class=\"elementor-toggle-title\" tabindex=\"0\">Was ist Alpha-1 Antitrypsin?<\/a>\n\t\t\t\t\t<\/h3>\n\n\t\t\t\t\t<div id=\"elementor-tab-content-10317\" class=\"elementor-tab-content elementor-clearfix\" data-tab=\"17\" role=\"region\" aria-labelledby=\"elementor-tab-title-10317\"><p>Alpha-1-Antitrypsin gemessen im Stuhl ist ein Marker f\u00fcr eine bestehende Entz\u00fcndung. Es handelt sich dabei um ein Protein (= Eiwei\u00dfmolek\u00fcl), das mit aktiven entz\u00fcndlichen Immunzellen einen umkehrbaren Komplex eingeht und verhindert, dass im Verlauf einer Entz\u00fcndung benachbartes gesundes Gewebe ebenfalls angegriffen wird.<br \/>Speziell im Fall einer Colitis ulcerosa oder Morbus Crohn sind die Alpha-1 Antitrypsin-Werte stark erh\u00f6ht.<\/p><\/div>\n\t\t\t\t<\/div>\n\t\t\t\t\t\t\t<div class=\"elementor-toggle-item\">\n\t\t\t\t\t<h3 id=\"elementor-tab-title-10318\" class=\"elementor-tab-title\" data-tab=\"18\" role=\"button\" aria-controls=\"elementor-tab-content-10318\" aria-expanded=\"false\">\n\t\t\t\t\t\t\t\t\t\t\t\t<span class=\"elementor-toggle-icon elementor-toggle-icon-left\" aria-hidden=\"true\">\n\t\t\t\t\t\t\t\t\t\t\t\t\t\t\t<span class=\"elementor-toggle-icon-closed\"><i class=\"fas fa-caret-right\"><\/i><\/span>\n\t\t\t\t\t\t\t\t<span class=\"elementor-toggle-icon-opened\"><i class=\"elementor-toggle-icon-opened fas fa-caret-up\"><\/i><\/span>\n\t\t\t\t\t\t\t\t\t\t\t\t\t<\/span>\n\t\t\t\t\t\t\t\t\t\t\t\t<a class=\"elementor-toggle-title\" tabindex=\"0\">Was versteht man unter dem Begriff  <em>Clostridioides difficile<\/em> (fr\u00fcher <em>Clostridium difficile<\/em>) ?<\/a>\n\t\t\t\t\t<\/h3>\n\n\t\t\t\t\t<div id=\"elementor-tab-content-10318\" class=\"elementor-tab-content elementor-clearfix\" data-tab=\"18\" role=\"region\" aria-labelledby=\"elementor-tab-title-10318\"><p><em>Clostridioides difficile<\/em> ist ein anaerobes, grampositives, Endosporen bildendes St\u00e4bchenbakterium, welches zur Gattung Clostridium sensu lato geh\u00f6rt. F\u00fcr gesunde Menschen ist <em>C. difficile <\/em>ein harmloses Darmbakterium. Durch die Einnahme von Antibiotika werden jedoch konkurrierende Arten der gesunden Darmflora zur\u00fcckgedr\u00e4ngt und <em>C. difficile<\/em> kann sich opportunistisch vermehren und Gifte (Toxine) produzieren, die bei bereits geschw\u00e4chten Patienten Ausl\u00f6ser f\u00fcr lebensbedrohende Durchfallserkrankungen sein k\u00f6nnen. <em>C. difficile<\/em> ist einer der h\u00e4ufigsten Krankenhauskeime.<\/p><\/div>\n\t\t\t\t<\/div>\n\t\t\t\t\t\t\t<div class=\"elementor-toggle-item\">\n\t\t\t\t\t<h3 id=\"elementor-tab-title-10319\" class=\"elementor-tab-title\" data-tab=\"19\" role=\"button\" aria-controls=\"elementor-tab-content-10319\" aria-expanded=\"false\">\n\t\t\t\t\t\t\t\t\t\t\t\t<span class=\"elementor-toggle-icon elementor-toggle-icon-left\" aria-hidden=\"true\">\n\t\t\t\t\t\t\t\t\t\t\t\t\t\t\t<span class=\"elementor-toggle-icon-closed\"><i class=\"fas fa-caret-right\"><\/i><\/span>\n\t\t\t\t\t\t\t\t<span class=\"elementor-toggle-icon-opened\"><i class=\"elementor-toggle-icon-opened fas fa-caret-up\"><\/i><\/span>\n\t\t\t\t\t\t\t\t\t\t\t\t\t<\/span>\n\t\t\t\t\t\t\t\t\t\t\t\t<a class=\"elementor-toggle-title\" tabindex=\"0\">Was versteht man unter dem Begriff <em>Faecalibacterium prausnitzii<\/em>?<\/a>\n\t\t\t\t\t<\/h3>\n\n\t\t\t\t\t<div id=\"elementor-tab-content-10319\" class=\"elementor-tab-content elementor-clearfix\" data-tab=\"19\" role=\"region\" aria-labelledby=\"elementor-tab-title-10319\"><p><em>Faecalibacterium prausnitzii <\/em>ist ein gramnegatives Bakterium welches rund 5% der Gesamtanzahl an Bakterien im menschlichen Darm ausmacht und damit einer der h\u00e4ufigsten Vertreter anaerober (leben ohne Sauerstoff) Darmbakterien ist. Da <em>F. prausnitzii<\/em> die kurzkettige Fetts\u00e4ure Butyrat produziert, z\u00e4hlt das Bakterium zu den wichtigsten Energielieferanten f\u00fcr die Zellen der Darmschleimhaut. Des Weiteren sch\u00fcttet F. prausnitzii anti-entz\u00fcndliche Stoffe aus, die sich direkt positiv auf den menschlichen Organismus auswirken.<\/p><\/div>\n\t\t\t\t<\/div>\n\t\t\t\t\t\t\t<div class=\"elementor-toggle-item\">\n\t\t\t\t\t<h3 id=\"elementor-tab-title-10320\" class=\"elementor-tab-title\" data-tab=\"20\" role=\"button\" aria-controls=\"elementor-tab-content-10320\" aria-expanded=\"false\">\n\t\t\t\t\t\t\t\t\t\t\t\t<span class=\"elementor-toggle-icon elementor-toggle-icon-left\" aria-hidden=\"true\">\n\t\t\t\t\t\t\t\t\t\t\t\t\t\t\t<span class=\"elementor-toggle-icon-closed\"><i class=\"fas fa-caret-right\"><\/i><\/span>\n\t\t\t\t\t\t\t\t<span class=\"elementor-toggle-icon-opened\"><i class=\"elementor-toggle-icon-opened fas fa-caret-up\"><\/i><\/span>\n\t\t\t\t\t\t\t\t\t\t\t\t\t<\/span>\n\t\t\t\t\t\t\t\t\t\t\t\t<a class=\"elementor-toggle-title\" tabindex=\"0\">Was versteht man unter dem Begriff <em>Akkermansia muciniphila<\/em>?<\/a>\n\t\t\t\t\t<\/h3>\n\n\t\t\t\t\t<div id=\"elementor-tab-content-10320\" class=\"elementor-tab-content elementor-clearfix\" data-tab=\"20\" role=\"region\" aria-labelledby=\"elementor-tab-title-10320\"><p><em>Akkermansia muciniphila<\/em> ist ein gramnegatives, strikt anaerobes Bakterium. <em>A. muciniphila<\/em> ist eng mit der Dickdarmschleimhaut assoziiert. Das Bakterium ist zust\u00e4ndig f\u00fcr die Produktion von hoch-visk\u00f6sem Schleim und tr\u00e4gt mit dieser Schleimschicht zur St\u00e4rkung der Darmbarriere bei, sodass fremde Keime, aber auch sch\u00e4dliche Stoffe die Darmschleimhaut nicht \u00fcberwinden und in die Blutbahn gelangen k\u00f6nnen.<\/p><\/div>\n\t\t\t\t<\/div>\n\t\t\t\t\t\t\t<div class=\"elementor-toggle-item\">\n\t\t\t\t\t<h3 id=\"elementor-tab-title-10321\" class=\"elementor-tab-title\" data-tab=\"21\" role=\"button\" aria-controls=\"elementor-tab-content-10321\" aria-expanded=\"false\">\n\t\t\t\t\t\t\t\t\t\t\t\t<span class=\"elementor-toggle-icon elementor-toggle-icon-left\" aria-hidden=\"true\">\n\t\t\t\t\t\t\t\t\t\t\t\t\t\t\t<span class=\"elementor-toggle-icon-closed\"><i class=\"fas fa-caret-right\"><\/i><\/span>\n\t\t\t\t\t\t\t\t<span class=\"elementor-toggle-icon-opened\"><i class=\"elementor-toggle-icon-opened fas fa-caret-up\"><\/i><\/span>\n\t\t\t\t\t\t\t\t\t\t\t\t\t<\/span>\n\t\t\t\t\t\t\t\t\t\t\t\t<a class=\"elementor-toggle-title\" tabindex=\"0\">Was ist ein Enterotoxin?<\/a>\n\t\t\t\t\t<\/h3>\n\n\t\t\t\t\t<div id=\"elementor-tab-content-10321\" class=\"elementor-tab-content elementor-clearfix\" data-tab=\"21\" role=\"region\" aria-labelledby=\"elementor-tab-title-10321\"><p>Enterotoxine sind von Mikroorganismen gebildete Giftstoffe welche den Darm angreifen und oft Verursacher von Nahrungsmittelvergiftungen mit nachfolgender Entz\u00fcndung von Magen und D\u00fcnndarmschleimhaut sind. Enterotoxine sind so verantwortlich f\u00fcr die Symptome der Krankheiten Cholera, Reisediarrhoe und Bakterienruhr.<\/p><\/div>\n\t\t\t\t<\/div>\n\t\t\t\t\t\t\t<div class=\"elementor-toggle-item\">\n\t\t\t\t\t<h3 id=\"elementor-tab-title-10322\" class=\"elementor-tab-title\" data-tab=\"22\" role=\"button\" aria-controls=\"elementor-tab-content-10322\" aria-expanded=\"false\">\n\t\t\t\t\t\t\t\t\t\t\t\t<span class=\"elementor-toggle-icon elementor-toggle-icon-left\" aria-hidden=\"true\">\n\t\t\t\t\t\t\t\t\t\t\t\t\t\t\t<span class=\"elementor-toggle-icon-closed\"><i class=\"fas fa-caret-right\"><\/i><\/span>\n\t\t\t\t\t\t\t\t<span class=\"elementor-toggle-icon-opened\"><i class=\"elementor-toggle-icon-opened fas fa-caret-up\"><\/i><\/span>\n\t\t\t\t\t\t\t\t\t\t\t\t\t<\/span>\n\t\t\t\t\t\t\t\t\t\t\t\t<a class=\"elementor-toggle-title\" tabindex=\"0\">Was sind Lipopolysaccharide?<\/a>\n\t\t\t\t\t<\/h3>\n\n\t\t\t\t\t<div id=\"elementor-tab-content-10322\" class=\"elementor-tab-content elementor-clearfix\" data-tab=\"22\" role=\"region\" aria-labelledby=\"elementor-tab-title-10322\"><p>Lipopolysaccharide, kurz LPS, bestehen aus Polysacchariden, die an Lipide gebunden sind. Lipopolysaccharide sind in den Zellw\u00e4nden von grammnegativen Bakterien angesiedelt und werden nur beim Zerfall der Bakterien freigesetzt. Das Immunsystem behandelt sie als Antigene, sie k\u00f6nnen u.a. Entz\u00fcndungen hervorrufen. Ist die Darmbarriere nicht intakt, dh. zu durchl\u00e4ssig, k\u00f6nnen Lipopolysaccharide in den Blutstrom eindringen und in verschiedenen Bereichen des K\u00f6rpers sch\u00e4dlich wirken.<\/p><\/div>\n\t\t\t\t<\/div>\n\t\t\t\t\t\t\t<div class=\"elementor-toggle-item\">\n\t\t\t\t\t<h3 id=\"elementor-tab-title-10323\" class=\"elementor-tab-title\" data-tab=\"23\" role=\"button\" aria-controls=\"elementor-tab-content-10323\" aria-expanded=\"false\">\n\t\t\t\t\t\t\t\t\t\t\t\t<span class=\"elementor-toggle-icon elementor-toggle-icon-left\" aria-hidden=\"true\">\n\t\t\t\t\t\t\t\t\t\t\t\t\t\t\t<span class=\"elementor-toggle-icon-closed\"><i class=\"fas fa-caret-right\"><\/i><\/span>\n\t\t\t\t\t\t\t\t<span class=\"elementor-toggle-icon-opened\"><i class=\"elementor-toggle-icon-opened fas fa-caret-up\"><\/i><\/span>\n\t\t\t\t\t\t\t\t\t\t\t\t\t<\/span>\n\t\t\t\t\t\t\t\t\t\t\t\t<a class=\"elementor-toggle-title\" tabindex=\"0\">Was sind KBE\/g bzw. CFU\/g?<\/a>\n\t\t\t\t\t<\/h3>\n\n\t\t\t\t\t<div id=\"elementor-tab-content-10323\" class=\"elementor-tab-content elementor-clearfix\" data-tab=\"23\" role=\"region\" aria-labelledby=\"elementor-tab-title-10323\"><p>KBE\/g = <strong>K<\/strong>olonie<strong>b<\/strong>ildende <strong>E<\/strong>inheiten pro Gramm<\/p><p>CFU\/g = <strong>c<\/strong>olony <strong>f<\/strong>orming <strong>u<\/strong>nits per gram<\/p><p>Diese Abk\u00fcrzung findet man einerseits in Stuhlbefunden und andererseits im Zusammenhang mit medizinisch relevanten Probiotika wieder, da diese als Ma\u00dfeinheit f\u00fcr den Gehalt an Bakterien gilt.<\/p><p>z.B. 5 x 10<sup>9<\/sup> cfu\/g in Bezug auf Probiotika = In einem Sachet Probiotikum befinden sich pro Gramm Inhalt 5 Milliarden Bakterien<\/p><\/div>\n\t\t\t\t<\/div>\n\t\t\t\t\t\t\t<div class=\"elementor-toggle-item\">\n\t\t\t\t\t<h3 id=\"elementor-tab-title-10324\" class=\"elementor-tab-title\" data-tab=\"24\" role=\"button\" aria-controls=\"elementor-tab-content-10324\" aria-expanded=\"false\">\n\t\t\t\t\t\t\t\t\t\t\t\t<span class=\"elementor-toggle-icon elementor-toggle-icon-left\" aria-hidden=\"true\">\n\t\t\t\t\t\t\t\t\t\t\t\t\t\t\t<span class=\"elementor-toggle-icon-closed\"><i class=\"fas fa-caret-right\"><\/i><\/span>\n\t\t\t\t\t\t\t\t<span class=\"elementor-toggle-icon-opened\"><i class=\"elementor-toggle-icon-opened fas fa-caret-up\"><\/i><\/span>\n\t\t\t\t\t\t\t\t\t\t\t\t\t<\/span>\n\t\t\t\t\t\t\t\t\t\t\t\t<a class=\"elementor-toggle-title\" tabindex=\"0\">Was versteht man unter dem Begriff Milieu-Optimierung?<\/a>\n\t\t\t\t\t<\/h3>\n\n\t\t\t\t\t<div id=\"elementor-tab-content-10324\" class=\"elementor-tab-content elementor-clearfix\" data-tab=\"24\" role=\"region\" aria-labelledby=\"elementor-tab-title-10324\"><p>Ein f\u00fcr das \u00dcberleben kommensaler (= guter) Bakterien g\u00fcnstiges Umfeld schaffen. Diese Milieu-Optimierung kann durch die Einnahme probiotischer Bakterien unterst\u00fctzt und gef\u00f6rdert werden.<\/p><\/div>\n\t\t\t\t<\/div>\n\t\t\t\t\t\t\t<div class=\"elementor-toggle-item\">\n\t\t\t\t\t<h3 id=\"elementor-tab-title-10325\" class=\"elementor-tab-title\" data-tab=\"25\" role=\"button\" aria-controls=\"elementor-tab-content-10325\" aria-expanded=\"false\">\n\t\t\t\t\t\t\t\t\t\t\t\t<span class=\"elementor-toggle-icon elementor-toggle-icon-left\" aria-hidden=\"true\">\n\t\t\t\t\t\t\t\t\t\t\t\t\t\t\t<span class=\"elementor-toggle-icon-closed\"><i class=\"fas fa-caret-right\"><\/i><\/span>\n\t\t\t\t\t\t\t\t<span class=\"elementor-toggle-icon-opened\"><i class=\"elementor-toggle-icon-opened fas fa-caret-up\"><\/i><\/span>\n\t\t\t\t\t\t\t\t\t\t\t\t\t<\/span>\n\t\t\t\t\t\t\t\t\t\t\t\t<a class=\"elementor-toggle-title\" tabindex=\"0\">Was ist ein Probiotikum?<\/a>\n\t\t\t\t\t<\/h3>\n\n\t\t\t\t\t<div id=\"elementor-tab-content-10325\" class=\"elementor-tab-content elementor-clearfix\" data-tab=\"25\" role=\"region\" aria-labelledby=\"elementor-tab-title-10325\"><p>Ein Probiotikum enth\u00e4lt lebensf\u00e4hige Bakterien, die dem Menschen einen gesundheitlichen Vorteil bringen, wenn sie in ausreichenden Mengen in den Darm gelangen.<\/p><p>Als Probiotikum werden nur solche bezeichnet, welche folgende Voraussetzungen erf\u00fcllen:<\/p><ul><li>Nachweis der gesundheitsf\u00f6rdernden Wirkung<\/li><li>\u00dcberleben der Magenpassage und Vermehrungsf\u00e4higkeit im Darm<\/li><li>Nachweis der genetischen Stabilit\u00e4t, um krankmachende Mutationen ausschlie\u00dfen zu k\u00f6nnen<\/li><li>Produktion von Milchs\u00e4ure und weitere sch\u00fctzende Substanzen produzieren<\/li><\/ul><p>\u00a0<\/p><p>Durch die Zufuhr von lebensf\u00e4higen, probiotischen Darmbakterien erhalten die eigenen \u201eguten\u201c Darmbakterien Verst\u00e4rkung und k\u00f6nnen neben gesunder Ern\u00e4hrung, ausreichend Bewegung und Stressvermeidung ein Gleichgewicht der Darmflora unterst\u00fctzen.<\/p><\/div>\n\t\t\t\t<\/div>\n\t\t\t\t\t\t\t<div class=\"elementor-toggle-item\">\n\t\t\t\t\t<h3 id=\"elementor-tab-title-10326\" class=\"elementor-tab-title\" data-tab=\"26\" role=\"button\" aria-controls=\"elementor-tab-content-10326\" aria-expanded=\"false\">\n\t\t\t\t\t\t\t\t\t\t\t\t<span class=\"elementor-toggle-icon elementor-toggle-icon-left\" aria-hidden=\"true\">\n\t\t\t\t\t\t\t\t\t\t\t\t\t\t\t<span class=\"elementor-toggle-icon-closed\"><i class=\"fas fa-caret-right\"><\/i><\/span>\n\t\t\t\t\t\t\t\t<span class=\"elementor-toggle-icon-opened\"><i class=\"elementor-toggle-icon-opened fas fa-caret-up\"><\/i><\/span>\n\t\t\t\t\t\t\t\t\t\t\t\t\t<\/span>\n\t\t\t\t\t\t\t\t\t\t\t\t<a class=\"elementor-toggle-title\" tabindex=\"0\">Was ist ein Synbiotikum?<\/a>\n\t\t\t\t\t<\/h3>\n\n\t\t\t\t\t<div id=\"elementor-tab-content-10326\" class=\"elementor-tab-content elementor-clearfix\" data-tab=\"26\" role=\"region\" aria-labelledby=\"elementor-tab-title-10326\"><p>Synbiotika stellen eine Kombination aus Pro- und Pr\u00e4biotika dar. Aufgrund der verschiedenen positiven Wechselwirkungen der Pr\u00e4- und Probiotika mit der Darmflora und dem Darm-Immunsystem ist die Kombination dieser Wirkstoffe empfehlenswert. Sie bestehen meist aus einem oder mehreren Bakterienst\u00e4mmen in Kombination mit den f\u00fcr sie zu verwendenden Substraten, den Pr\u00e4biotika. Pr\u00e4biotika dienen als Schutz und N\u00e4hrsubstrat der probiotischen Bakterien vor Magen- und Gallens\u00e4uren bei der Passage durch den Verdauungstrakt und erm\u00f6glichen eine optimale Ansiedelung im Darm.<\/p><\/div>\n\t\t\t\t<\/div>\n\t\t\t\t\t\t\t<div class=\"elementor-toggle-item\">\n\t\t\t\t\t<h3 id=\"elementor-tab-title-10327\" class=\"elementor-tab-title\" data-tab=\"27\" role=\"button\" aria-controls=\"elementor-tab-content-10327\" aria-expanded=\"false\">\n\t\t\t\t\t\t\t\t\t\t\t\t<span class=\"elementor-toggle-icon elementor-toggle-icon-left\" aria-hidden=\"true\">\n\t\t\t\t\t\t\t\t\t\t\t\t\t\t\t<span class=\"elementor-toggle-icon-closed\"><i class=\"fas fa-caret-right\"><\/i><\/span>\n\t\t\t\t\t\t\t\t<span class=\"elementor-toggle-icon-opened\"><i class=\"elementor-toggle-icon-opened fas fa-caret-up\"><\/i><\/span>\n\t\t\t\t\t\t\t\t\t\t\t\t\t<\/span>\n\t\t\t\t\t\t\t\t\t\t\t\t<a class=\"elementor-toggle-title\" tabindex=\"0\">Was ist die Matrix in OMNi-BiOTiC\u00ae?<\/a>\n\t\t\t\t\t<\/h3>\n\n\t\t\t\t\t<div id=\"elementor-tab-content-10327\" class=\"elementor-tab-content elementor-clearfix\" data-tab=\"27\" role=\"region\" aria-labelledby=\"elementor-tab-title-10327\"><p>Als Matrix werden die pr\u00e4biotischen Substanzen, physiologische Salze, sowie die Enzyme bezeichnet, die sich mit den Bakterien in einem Sachet befinden. Diese Matrix dient dazu, die Bakterien in ihrer Aktivierungszeit bestm\u00f6glich zu unterst\u00fctzen und f\u00fcr ihren Weg durch die Magenpassage zu st\u00e4rken.<\/p><\/div>\n\t\t\t\t<\/div>\n\t\t\t\t\t\t\t<div class=\"elementor-toggle-item\">\n\t\t\t\t\t<h3 id=\"elementor-tab-title-10328\" class=\"elementor-tab-title\" data-tab=\"28\" role=\"button\" aria-controls=\"elementor-tab-content-10328\" aria-expanded=\"false\">\n\t\t\t\t\t\t\t\t\t\t\t\t<span class=\"elementor-toggle-icon elementor-toggle-icon-left\" aria-hidden=\"true\">\n\t\t\t\t\t\t\t\t\t\t\t\t\t\t\t<span class=\"elementor-toggle-icon-closed\"><i class=\"fas fa-caret-right\"><\/i><\/span>\n\t\t\t\t\t\t\t\t<span class=\"elementor-toggle-icon-opened\"><i class=\"elementor-toggle-icon-opened fas fa-caret-up\"><\/i><\/span>\n\t\t\t\t\t\t\t\t\t\t\t\t\t<\/span>\n\t\t\t\t\t\t\t\t\t\t\t\t<a class=\"elementor-toggle-title\" tabindex=\"0\">Was ist ein Toxin?<\/a>\n\t\t\t\t\t<\/h3>\n\n\t\t\t\t\t<div id=\"elementor-tab-content-10328\" class=\"elementor-tab-content elementor-clearfix\" data-tab=\"28\" role=\"region\" aria-labelledby=\"elementor-tab-title-10328\"><p>Toxine sind Substanzen, die von biologischen Organismen (Pflanzen, Pilzen, Tieren, etc.) hergestellt werden und anderen Organismen, wie dem Menschen, sch\u00e4digen, indem sie die physiologischen Stoffwechselwege st\u00f6ren.<\/p><p>Toxine k\u00f6nnen zu akuten und chronischen Vergiftungen und anderen Krankheitsbildern f\u00fchren.<\/p><\/div>\n\t\t\t\t<\/div>\n\t\t\t\t\t\t\t\t<\/div>\n\t\t\t\t\t\t<\/div>\n\t\t\t\t<\/div>\n\t\t\t\t\t<\/div>\n\t\t\t\t<\/div>\n\t\t\t\t\t<\/div>\n\t\t\t\t<\/div>\n\t\t<div class=\"elementor-element elementor-element-a505458 obcs blue e-flex e-con-boxed e-con e-parent\" data-id=\"a505458\" data-element_type=\"container\">\n\t\t\t\t\t<div class=\"e-con-inner\">\n\t\t<div class=\"elementor-element elementor-element-80c0b39 obcs none e-flex e-con-boxed e-con e-child\" data-id=\"80c0b39\" data-element_type=\"container\">\n\t\t\t\t\t<div class=\"e-con-inner\">\n\t\t\t\t<div class=\"elementor-element elementor-element-8deb075 elementor-widget elementor-widget-heading\" data-id=\"8deb075\" data-element_type=\"widget\" data-widget_type=\"heading.default\">\n\t\t\t\t<div class=\"elementor-widget-container\">\n\t\t\t\t\t<h2 class=\"elementor-heading-title elementor-size-default\">Pr\u00e4biotika<\/h2>\t\t\t\t<\/div>\n\t\t\t\t<\/div>\n\t\t\t\t<div class=\"elementor-element elementor-element-27c3405 elementor-widget elementor-widget-toggle\" data-id=\"27c3405\" data-element_type=\"widget\" data-widget_type=\"toggle.default\">\n\t\t\t\t<div class=\"elementor-widget-container\">\n\t\t\t\t\t\t\t<div class=\"elementor-toggle\">\n\t\t\t\t\t\t\t<div class=\"elementor-toggle-item\">\n\t\t\t\t\t<h3 id=\"elementor-tab-title-4161\" class=\"elementor-tab-title\" data-tab=\"1\" role=\"button\" aria-controls=\"elementor-tab-content-4161\" aria-expanded=\"false\">\n\t\t\t\t\t\t\t\t\t\t\t\t<span class=\"elementor-toggle-icon elementor-toggle-icon-left\" aria-hidden=\"true\">\n\t\t\t\t\t\t\t\t\t\t\t\t\t\t\t<span class=\"elementor-toggle-icon-closed\"><i class=\"fas fa-caret-right\"><\/i><\/span>\n\t\t\t\t\t\t\t\t<span class=\"elementor-toggle-icon-opened\"><i class=\"elementor-toggle-icon-opened fas fa-caret-up\"><\/i><\/span>\n\t\t\t\t\t\t\t\t\t\t\t\t\t<\/span>\n\t\t\t\t\t\t\t\t\t\t\t\t<a class=\"elementor-toggle-title\" tabindex=\"0\">Was ist ein Ballaststoff?<\/a>\n\t\t\t\t\t<\/h3>\n\n\t\t\t\t\t<div id=\"elementor-tab-content-4161\" class=\"elementor-tab-content elementor-clearfix\" data-tab=\"1\" role=\"region\" aria-labelledby=\"elementor-tab-title-4161\"><p>Ballaststoffe sind unverdauliche Kohlenhydrate, haupts\u00e4chlich aus pflanzlichen Quellen, die den Darmbakterien als Nahrung und somit Energiequelle zur Verf\u00fcgung stehen und im Zuge einer gesunden Ern\u00e4hrung unumg\u00e4nglich sind. <br \/> Zu unterscheiden gilt es zwischen l\u00f6slichen und unl\u00f6slichen Ballaststoffen. L\u00f6sliche Ballaststoffe stammen vor allem aus Obst und Gem\u00fcse. Sie quellen im Magen und Darm auf, sorgen f\u00fcr ein erh\u00f6htes S\u00e4ttigungsgef\u00fchl und wirken sich im Dickdarm positiv auf die Darmflora aus. Unl\u00f6sliche Ballaststoffe hingegen findet man in Getreide und H\u00fclsenfr\u00fcchte. Sie regen die Darmperistaltik (Muskelt\u00e4tigkeit) an und wirken einer Verstopfung entgegen.<\/p><\/div>\n\t\t\t\t<\/div>\n\t\t\t\t\t\t\t<div class=\"elementor-toggle-item\">\n\t\t\t\t\t<h3 id=\"elementor-tab-title-4162\" class=\"elementor-tab-title\" data-tab=\"2\" role=\"button\" aria-controls=\"elementor-tab-content-4162\" aria-expanded=\"false\">\n\t\t\t\t\t\t\t\t\t\t\t\t<span class=\"elementor-toggle-icon elementor-toggle-icon-left\" aria-hidden=\"true\">\n\t\t\t\t\t\t\t\t\t\t\t\t\t\t\t<span class=\"elementor-toggle-icon-closed\"><i class=\"fas fa-caret-right\"><\/i><\/span>\n\t\t\t\t\t\t\t\t<span class=\"elementor-toggle-icon-opened\"><i class=\"elementor-toggle-icon-opened fas fa-caret-up\"><\/i><\/span>\n\t\t\t\t\t\t\t\t\t\t\t\t\t<\/span>\n\t\t\t\t\t\t\t\t\t\t\t\t<a class=\"elementor-toggle-title\" tabindex=\"0\">Was sind Fructooligosaccharide?<\/a>\n\t\t\t\t\t<\/h3>\n\n\t\t\t\t\t<div id=\"elementor-tab-content-4162\" class=\"elementor-tab-content elementor-clearfix\" data-tab=\"2\" role=\"region\" aria-labelledby=\"elementor-tab-title-4162\"><p>Fructooligosaccharide (FOS) geh\u00f6ren zur Klasse der Fructane und kommen nat\u00fcrlicherweise in Chicor\u00e9e-Wurzeln, Topinambur, einigen Getreidesorten sowie in Artischocken, Zwiebeln und Knoblauch vor. Da dem menschlichen K\u00f6rper die Enzyme zum Abbau von FOS fehlen, gelten sie als unverdauliche Nahrungsbestandteile, die erst von den Bakterien des Dickdarms verstoffwechselt werden k\u00f6nnen. FOS z\u00e4hlen zu den Ballaststoffen.<\/p><\/div>\n\t\t\t\t<\/div>\n\t\t\t\t\t\t\t<div class=\"elementor-toggle-item\">\n\t\t\t\t\t<h3 id=\"elementor-tab-title-4163\" class=\"elementor-tab-title\" data-tab=\"3\" role=\"button\" aria-controls=\"elementor-tab-content-4163\" aria-expanded=\"false\">\n\t\t\t\t\t\t\t\t\t\t\t\t<span class=\"elementor-toggle-icon elementor-toggle-icon-left\" aria-hidden=\"true\">\n\t\t\t\t\t\t\t\t\t\t\t\t\t\t\t<span class=\"elementor-toggle-icon-closed\"><i class=\"fas fa-caret-right\"><\/i><\/span>\n\t\t\t\t\t\t\t\t<span class=\"elementor-toggle-icon-opened\"><i class=\"elementor-toggle-icon-opened fas fa-caret-up\"><\/i><\/span>\n\t\t\t\t\t\t\t\t\t\t\t\t\t<\/span>\n\t\t\t\t\t\t\t\t\t\t\t\t<a class=\"elementor-toggle-title\" tabindex=\"0\">Was ist Pektin?<\/a>\n\t\t\t\t\t<\/h3>\n\n\t\t\t\t\t<div id=\"elementor-tab-content-4163\" class=\"elementor-tab-content elementor-clearfix\" data-tab=\"3\" role=\"region\" aria-labelledby=\"elementor-tab-title-4163\"><p>Pektin ist der Hauptbestandteil der Zellw\u00e4nde von Pflanzen und Fr\u00fcchten und z\u00e4hlt zu den wasserl\u00f6slichen, visk\u00f6sen Ballaststoffen.\u00a0 Pektin steht aufgrund seiner quellenden und stabilisierenden Eigenschaften h\u00e4ufig in Korrelation mit dem Begriff \u201eabnehmen\u201c. Durch das Aufquellen im Magen stellt sich ein S\u00e4ttigungsgef\u00fchl ein \u2013 eine verringerte Nahrungsaufnahme und Gewichtsverlust k\u00f6nnen die Folge sein.<\/p><\/div>\n\t\t\t\t<\/div>\n\t\t\t\t\t\t\t<div class=\"elementor-toggle-item\">\n\t\t\t\t\t<h3 id=\"elementor-tab-title-4164\" class=\"elementor-tab-title\" data-tab=\"4\" role=\"button\" aria-controls=\"elementor-tab-content-4164\" aria-expanded=\"false\">\n\t\t\t\t\t\t\t\t\t\t\t\t<span class=\"elementor-toggle-icon elementor-toggle-icon-left\" aria-hidden=\"true\">\n\t\t\t\t\t\t\t\t\t\t\t\t\t\t\t<span class=\"elementor-toggle-icon-closed\"><i class=\"fas fa-caret-right\"><\/i><\/span>\n\t\t\t\t\t\t\t\t<span class=\"elementor-toggle-icon-opened\"><i class=\"elementor-toggle-icon-opened fas fa-caret-up\"><\/i><\/span>\n\t\t\t\t\t\t\t\t\t\t\t\t\t<\/span>\n\t\t\t\t\t\t\t\t\t\t\t\t<a class=\"elementor-toggle-title\" tabindex=\"0\">Was ist Guarkernmehl?<\/a>\n\t\t\t\t\t<\/h3>\n\n\t\t\t\t\t<div id=\"elementor-tab-content-4164\" class=\"elementor-tab-content elementor-clearfix\" data-tab=\"4\" role=\"region\" aria-labelledby=\"elementor-tab-title-4164\"><p>Seit den 1950iger Jahren werden die Samen der Guar-Pflanzen in Indien und Pakistan zu Guarkernmehl verarbeitet und als Lebensmittelzusatz eingesetzt. Heute z\u00e4hlt Guarkernmehl zu den vielversprechendsten Ballaststoffen am Markt. Dieses wird vor allem in teilhydrolysierter Form eingesetzt, in welcher sich das wei\u00dfe Pulver vollst\u00e4ndig in Wasser l\u00f6sen kann ohne die Konsistenz zu ver\u00e4ndern. Zudem hat Guarkernmehl keinen Eigengeschmack und kann somit hervorragend in Wasser, Joghurt und Suppen einger\u00fchrt werden. Im Darm unterst\u00fctzt es die Produktion von kurzkettigen Fetts\u00e4uren, die wiederum das Wachstum von Laktobazillen und Bifidobakterien stimulieren k\u00f6nnen und somit einen gesundheitsf\u00f6rdernden Effekt f\u00fcr den Wirt aufweisen.\u00a0<\/p><\/div>\n\t\t\t\t<\/div>\n\t\t\t\t\t\t\t<div class=\"elementor-toggle-item\">\n\t\t\t\t\t<h3 id=\"elementor-tab-title-4165\" class=\"elementor-tab-title\" data-tab=\"5\" role=\"button\" aria-controls=\"elementor-tab-content-4165\" aria-expanded=\"false\">\n\t\t\t\t\t\t\t\t\t\t\t\t<span class=\"elementor-toggle-icon elementor-toggle-icon-left\" aria-hidden=\"true\">\n\t\t\t\t\t\t\t\t\t\t\t\t\t\t\t<span class=\"elementor-toggle-icon-closed\"><i class=\"fas fa-caret-right\"><\/i><\/span>\n\t\t\t\t\t\t\t\t<span class=\"elementor-toggle-icon-opened\"><i class=\"elementor-toggle-icon-opened fas fa-caret-up\"><\/i><\/span>\n\t\t\t\t\t\t\t\t\t\t\t\t\t<\/span>\n\t\t\t\t\t\t\t\t\t\t\t\t<a class=\"elementor-toggle-title\" tabindex=\"0\">Was ist Glucomannan?<\/a>\n\t\t\t\t\t<\/h3>\n\n\t\t\t\t\t<div id=\"elementor-tab-content-4165\" class=\"elementor-tab-content elementor-clearfix\" data-tab=\"5\" role=\"region\" aria-labelledby=\"elementor-tab-title-4165\"><p>Glucomannan wird aus der Knolle, der sog. Konjakwurzel gewonnen und seit jeher aufgrund seiner gesundheitsf\u00f6rdernden Wirkung in der traditionell chinesischen Medizin (TCM) eingesetzt. Konjak-Glucomannan enth\u00e4lt nur geringe Mengen an Proteinen und Vitaminen, ist daf\u00fcr reich an Ballaststoffen, weswegen es sich auch hervorragend als Pr\u00e4biotikum einsetzen l\u00e4sst. Im Vergleich zu anderen pr\u00e4biotischen Stoffen hat Glucomannan eine enorme F\u00e4higkeit Wasser zu binden.<\/p><\/div>\n\t\t\t\t<\/div>\n\t\t\t\t\t\t\t\t<\/div>\n\t\t\t\t\t\t<\/div>\n\t\t\t\t<\/div>\n\t\t\t\t\t<\/div>\n\t\t\t\t<\/div>\n\t\t\t\t\t<\/div>\n\t\t\t\t<\/div>\n\t\t<div class=\"elementor-element elementor-element-ed4f5f1 obcs blue e-flex e-con-boxed e-con e-parent\" data-id=\"ed4f5f1\" data-element_type=\"container\">\n\t\t\t\t\t<div class=\"e-con-inner\">\n\t\t<div class=\"elementor-element elementor-element-346f019 obcs none e-flex e-con-boxed e-con e-child\" data-id=\"346f019\" data-element_type=\"container\">\n\t\t\t\t\t<div class=\"e-con-inner\">\n\t\t\t\t<div class=\"elementor-element elementor-element-45022f3 elementor-widget elementor-widget-heading\" data-id=\"45022f3\" data-element_type=\"widget\" data-widget_type=\"heading.default\">\n\t\t\t\t<div class=\"elementor-widget-container\">\n\t\t\t\t\t<h2 class=\"elementor-heading-title elementor-size-default\">Allgemeine Begriffe<\/h2>\t\t\t\t<\/div>\n\t\t\t\t<\/div>\n\t\t\t\t<div class=\"elementor-element elementor-element-310a548 elementor-widget elementor-widget-toggle\" data-id=\"310a548\" data-element_type=\"widget\" data-widget_type=\"toggle.default\">\n\t\t\t\t<div class=\"elementor-widget-container\">\n\t\t\t\t\t\t\t<div class=\"elementor-toggle\">\n\t\t\t\t\t\t\t<div class=\"elementor-toggle-item\">\n\t\t\t\t\t<h3 id=\"elementor-tab-title-5141\" class=\"elementor-tab-title\" data-tab=\"1\" role=\"button\" aria-controls=\"elementor-tab-content-5141\" aria-expanded=\"false\">\n\t\t\t\t\t\t\t\t\t\t\t\t<span class=\"elementor-toggle-icon elementor-toggle-icon-left\" aria-hidden=\"true\">\n\t\t\t\t\t\t\t\t\t\t\t\t\t\t\t<span class=\"elementor-toggle-icon-closed\"><i class=\"fas fa-caret-right\"><\/i><\/span>\n\t\t\t\t\t\t\t\t<span class=\"elementor-toggle-icon-opened\"><i class=\"elementor-toggle-icon-opened fas fa-caret-up\"><\/i><\/span>\n\t\t\t\t\t\t\t\t\t\t\t\t\t<\/span>\n\t\t\t\t\t\t\t\t\t\t\t\t<a class=\"elementor-toggle-title\" tabindex=\"0\">Was ist ein Enzym?<\/a>\n\t\t\t\t\t<\/h3>\n\n\t\t\t\t\t<div id=\"elementor-tab-content-5141\" class=\"elementor-tab-content elementor-clearfix\" data-tab=\"1\" role=\"region\" aria-labelledby=\"elementor-tab-title-5141\">Enzyme sind gro\u00dfe Eiwei\u00dfmolek\u00fcle (Proteine) die f\u00fcr den Ablauf jeglicher Reaktionen im K\u00f6rper essentiell sind. Sie fungieren als Biokatalysatoren \u2013 dh. sie steuern und beschleunigen biochemische Reaktionen im K\u00f6rper, ohne dabei selbst ver\u00e4ndert zu werden. Enzyme sind in allen K\u00f6rperzellen enthalten und unerl\u00e4sslich f\u00fcr alle K\u00f6rperfunktionen.<\/div>\n\t\t\t\t<\/div>\n\t\t\t\t\t\t\t<div class=\"elementor-toggle-item\">\n\t\t\t\t\t<h3 id=\"elementor-tab-title-5142\" class=\"elementor-tab-title\" data-tab=\"2\" role=\"button\" aria-controls=\"elementor-tab-content-5142\" aria-expanded=\"false\">\n\t\t\t\t\t\t\t\t\t\t\t\t<span class=\"elementor-toggle-icon elementor-toggle-icon-left\" aria-hidden=\"true\">\n\t\t\t\t\t\t\t\t\t\t\t\t\t\t\t<span class=\"elementor-toggle-icon-closed\"><i class=\"fas fa-caret-right\"><\/i><\/span>\n\t\t\t\t\t\t\t\t<span class=\"elementor-toggle-icon-opened\"><i class=\"elementor-toggle-icon-opened fas fa-caret-up\"><\/i><\/span>\n\t\t\t\t\t\t\t\t\t\t\t\t\t<\/span>\n\t\t\t\t\t\t\t\t\t\t\t\t<a class=\"elementor-toggle-title\" tabindex=\"0\">Was versteht man unter dem Begriff Progredienz?<\/a>\n\t\t\t\t\t<\/h3>\n\n\t\t\t\t\t<div id=\"elementor-tab-content-5142\" class=\"elementor-tab-content elementor-clearfix\" data-tab=\"2\" role=\"region\" aria-labelledby=\"elementor-tab-title-5142\"><p>Unter Progredienz versteht man das Fortschreiten einer Krankheit (= Krankheitsverlauf) bzw. die Verschlechterung des Gesundheitszustandes.<\/p><\/div>\n\t\t\t\t<\/div>\n\t\t\t\t\t\t\t<div class=\"elementor-toggle-item\">\n\t\t\t\t\t<h3 id=\"elementor-tab-title-5143\" class=\"elementor-tab-title\" data-tab=\"3\" role=\"button\" aria-controls=\"elementor-tab-content-5143\" aria-expanded=\"false\">\n\t\t\t\t\t\t\t\t\t\t\t\t<span class=\"elementor-toggle-icon elementor-toggle-icon-left\" aria-hidden=\"true\">\n\t\t\t\t\t\t\t\t\t\t\t\t\t\t\t<span class=\"elementor-toggle-icon-closed\"><i class=\"fas fa-caret-right\"><\/i><\/span>\n\t\t\t\t\t\t\t\t<span class=\"elementor-toggle-icon-opened\"><i class=\"elementor-toggle-icon-opened fas fa-caret-up\"><\/i><\/span>\n\t\t\t\t\t\t\t\t\t\t\t\t\t<\/span>\n\t\t\t\t\t\t\t\t\t\t\t\t<a class=\"elementor-toggle-title\" tabindex=\"0\">Was ist das endoplasmatische Retikulum?<\/a>\n\t\t\t\t\t<\/h3>\n\n\t\t\t\t\t<div id=\"elementor-tab-content-5143\" class=\"elementor-tab-content elementor-clearfix\" data-tab=\"3\" role=\"region\" aria-labelledby=\"elementor-tab-title-5143\"><p>Das endoplasmatische Retikulum (ER) ist ein Zellorganell bei Eukaryoten, welches als schlauchartige, labyrinthartige Struktur im Zytosol lokalisiert ist.<\/p>\n<p>Endo = innen; plasmatisch= Zellplasma\/Cytoplasma; Retikulum = Netz<\/p>\n<p>In der Zelle erf\u00fcllt das ER vor allem Synthese- und Speicherungsaufgaben.<\/p><\/div>\n\t\t\t\t<\/div>\n\t\t\t\t\t\t\t<div class=\"elementor-toggle-item\">\n\t\t\t\t\t<h3 id=\"elementor-tab-title-5144\" class=\"elementor-tab-title\" data-tab=\"4\" role=\"button\" aria-controls=\"elementor-tab-content-5144\" aria-expanded=\"false\">\n\t\t\t\t\t\t\t\t\t\t\t\t<span class=\"elementor-toggle-icon elementor-toggle-icon-left\" aria-hidden=\"true\">\n\t\t\t\t\t\t\t\t\t\t\t\t\t\t\t<span class=\"elementor-toggle-icon-closed\"><i class=\"fas fa-caret-right\"><\/i><\/span>\n\t\t\t\t\t\t\t\t<span class=\"elementor-toggle-icon-opened\"><i class=\"elementor-toggle-icon-opened fas fa-caret-up\"><\/i><\/span>\n\t\t\t\t\t\t\t\t\t\t\t\t\t<\/span>\n\t\t\t\t\t\t\t\t\t\t\t\t<a class=\"elementor-toggle-title\" tabindex=\"0\">Was versteht man unter dem Begriff Komorbidit\u00e4t?<\/a>\n\t\t\t\t\t<\/h3>\n\n\t\t\t\t\t<div id=\"elementor-tab-content-5144\" class=\"elementor-tab-content elementor-clearfix\" data-tab=\"4\" role=\"region\" aria-labelledby=\"elementor-tab-title-5144\"><p>Komorbidit\u00e4t ist ein anderes Wort f\u00fcr Begleiterkrankung \u2013 sprich ein zus\u00e4tzlich zur Grunderkrankung vorliegendes diagnostisch abgegrenztes Krankheitsbild.<\/p><\/div>\n\t\t\t\t<\/div>\n\t\t\t\t\t\t\t<div class=\"elementor-toggle-item\">\n\t\t\t\t\t<h3 id=\"elementor-tab-title-5145\" class=\"elementor-tab-title\" data-tab=\"5\" role=\"button\" aria-controls=\"elementor-tab-content-5145\" aria-expanded=\"false\">\n\t\t\t\t\t\t\t\t\t\t\t\t<span class=\"elementor-toggle-icon elementor-toggle-icon-left\" aria-hidden=\"true\">\n\t\t\t\t\t\t\t\t\t\t\t\t\t\t\t<span class=\"elementor-toggle-icon-closed\"><i class=\"fas fa-caret-right\"><\/i><\/span>\n\t\t\t\t\t\t\t\t<span class=\"elementor-toggle-icon-opened\"><i class=\"elementor-toggle-icon-opened fas fa-caret-up\"><\/i><\/span>\n\t\t\t\t\t\t\t\t\t\t\t\t\t<\/span>\n\t\t\t\t\t\t\t\t\t\t\t\t<a class=\"elementor-toggle-title\" tabindex=\"0\">Was ist ein Placebo?<\/a>\n\t\t\t\t\t<\/h3>\n\n\t\t\t\t\t<div id=\"elementor-tab-content-5145\" class=\"elementor-tab-content elementor-clearfix\" data-tab=\"5\" role=\"region\" aria-labelledby=\"elementor-tab-title-5145\"><p>Ein Placebo dient als Kontrollsubstanz in klinischen Studien. Dabei muss das Placebo in der exakt gleichen Darreichungsform vorliegen wie das Medikament, enth\u00e4lt jedoch keinen Wirkstoff.<\/p><\/div>\n\t\t\t\t<\/div>\n\t\t\t\t\t\t\t<div class=\"elementor-toggle-item\">\n\t\t\t\t\t<h3 id=\"elementor-tab-title-5146\" class=\"elementor-tab-title\" data-tab=\"6\" role=\"button\" aria-controls=\"elementor-tab-content-5146\" aria-expanded=\"false\">\n\t\t\t\t\t\t\t\t\t\t\t\t<span class=\"elementor-toggle-icon elementor-toggle-icon-left\" aria-hidden=\"true\">\n\t\t\t\t\t\t\t\t\t\t\t\t\t\t\t<span class=\"elementor-toggle-icon-closed\"><i class=\"fas fa-caret-right\"><\/i><\/span>\n\t\t\t\t\t\t\t\t<span class=\"elementor-toggle-icon-opened\"><i class=\"elementor-toggle-icon-opened fas fa-caret-up\"><\/i><\/span>\n\t\t\t\t\t\t\t\t\t\t\t\t\t<\/span>\n\t\t\t\t\t\t\t\t\t\t\t\t<a class=\"elementor-toggle-title\" tabindex=\"0\">Was bedeutet randomisiert?<\/a>\n\t\t\t\t\t<\/h3>\n\n\t\t\t\t\t<div id=\"elementor-tab-content-5146\" class=\"elementor-tab-content elementor-clearfix\" data-tab=\"6\" role=\"region\" aria-labelledby=\"elementor-tab-title-5146\"><p>Randomisiert bezieht sich auf die Art einer Studie. Darunter versteht man die Einteilung von Versuchspersonen in unterschiedlich Gruppen unter Verwendung eines Zufallsmechanismus.<\/p><\/div>\n\t\t\t\t<\/div>\n\t\t\t\t\t\t\t<div class=\"elementor-toggle-item\">\n\t\t\t\t\t<h3 id=\"elementor-tab-title-5147\" class=\"elementor-tab-title\" data-tab=\"7\" role=\"button\" aria-controls=\"elementor-tab-content-5147\" aria-expanded=\"false\">\n\t\t\t\t\t\t\t\t\t\t\t\t<span class=\"elementor-toggle-icon elementor-toggle-icon-left\" aria-hidden=\"true\">\n\t\t\t\t\t\t\t\t\t\t\t\t\t\t\t<span class=\"elementor-toggle-icon-closed\"><i class=\"fas fa-caret-right\"><\/i><\/span>\n\t\t\t\t\t\t\t\t<span class=\"elementor-toggle-icon-opened\"><i class=\"elementor-toggle-icon-opened fas fa-caret-up\"><\/i><\/span>\n\t\t\t\t\t\t\t\t\t\t\t\t\t<\/span>\n\t\t\t\t\t\t\t\t\t\t\t\t<a class=\"elementor-toggle-title\" tabindex=\"0\">Was bedeutet doppelblind \/ verblindet?<\/a>\n\t\t\t\t\t<\/h3>\n\n\t\t\t\t\t<div id=\"elementor-tab-content-5147\" class=\"elementor-tab-content elementor-clearfix\" data-tab=\"7\" role=\"region\" aria-labelledby=\"elementor-tab-title-5147\"><p>Doppelblind \/ Verblindet bezieht sich auf die Art einer Studie. Handelt es sich um eine Doppelblinde-Studie, wissen weder das beteiligte Fachpersonal noch die Versuchspersonen, wer der Experimental- und wer der Kontrollgruppe angeh\u00f6rt.<\/p><\/div>\n\t\t\t\t<\/div>\n\t\t\t\t\t\t\t<div class=\"elementor-toggle-item\">\n\t\t\t\t\t<h3 id=\"elementor-tab-title-5148\" class=\"elementor-tab-title\" data-tab=\"8\" role=\"button\" aria-controls=\"elementor-tab-content-5148\" aria-expanded=\"false\">\n\t\t\t\t\t\t\t\t\t\t\t\t<span class=\"elementor-toggle-icon elementor-toggle-icon-left\" aria-hidden=\"true\">\n\t\t\t\t\t\t\t\t\t\t\t\t\t\t\t<span class=\"elementor-toggle-icon-closed\"><i class=\"fas fa-caret-right\"><\/i><\/span>\n\t\t\t\t\t\t\t\t<span class=\"elementor-toggle-icon-opened\"><i class=\"elementor-toggle-icon-opened fas fa-caret-up\"><\/i><\/span>\n\t\t\t\t\t\t\t\t\t\t\t\t\t<\/span>\n\t\t\t\t\t\t\t\t\t\t\t\t<a class=\"elementor-toggle-title\" tabindex=\"0\">Was ist eine Anwendungsbeobachtung?<\/a>\n\t\t\t\t\t<\/h3>\n\n\t\t\t\t\t<div id=\"elementor-tab-content-5148\" class=\"elementor-tab-content elementor-clearfix\" data-tab=\"8\" role=\"region\" aria-labelledby=\"elementor-tab-title-5148\"><p>Eine Anwendungsbeobachtung (AWB), oder auch Beobachtungsstudie genannt, ist eine nicht-interventionelle Studie im Bereich der medizinischen Forschung. Sie dient dazu, Erkenntnisse \u00fcber ein bereits am Markt befindliches Produkt zu sammeln.<\/p><\/div>\n\t\t\t\t<\/div>\n\t\t\t\t\t\t\t\t<\/div>\n\t\t\t\t\t\t<\/div>\n\t\t\t\t<\/div>\n\t\t\t\t\t<\/div>\n\t\t\t\t<\/div>\n\t\t\t\t\t<\/div>\n\t\t\t\t<\/div>\n\t\t<div class=\"elementor-element elementor-element-120bbe8 obcs blue e-flex e-con-boxed e-con e-parent\" data-id=\"120bbe8\" data-element_type=\"container\">\n\t\t\t\t\t<div class=\"e-con-inner\">\n\t\t<div class=\"elementor-element elementor-element-6cc0574 obcs none e-flex e-con-boxed e-con e-child\" data-id=\"6cc0574\" data-element_type=\"container\">\n\t\t\t\t\t<div class=\"e-con-inner\">\n\t\t\t\t<div class=\"elementor-element elementor-element-6d88202 elementor-widget elementor-widget-heading\" data-id=\"6d88202\" data-element_type=\"widget\" data-widget_type=\"heading.default\">\n\t\t\t\t<div class=\"elementor-widget-container\">\n\t\t\t\t\t<h2 class=\"elementor-heading-title elementor-size-default\">Immunsystem<\/h2>\t\t\t\t<\/div>\n\t\t\t\t<\/div>\n\t\t\t\t<div class=\"elementor-element elementor-element-c651b58 elementor-widget elementor-widget-toggle\" data-id=\"c651b58\" data-element_type=\"widget\" data-widget_type=\"toggle.default\">\n\t\t\t\t<div class=\"elementor-widget-container\">\n\t\t\t\t\t\t\t<div class=\"elementor-toggle\">\n\t\t\t\t\t\t\t<div class=\"elementor-toggle-item\">\n\t\t\t\t\t<h3 id=\"elementor-tab-title-2071\" class=\"elementor-tab-title\" data-tab=\"1\" role=\"button\" aria-controls=\"elementor-tab-content-2071\" aria-expanded=\"false\">\n\t\t\t\t\t\t\t\t\t\t\t\t<span class=\"elementor-toggle-icon elementor-toggle-icon-left\" aria-hidden=\"true\">\n\t\t\t\t\t\t\t\t\t\t\t\t\t\t\t<span class=\"elementor-toggle-icon-closed\"><i class=\"fas fa-caret-right\"><\/i><\/span>\n\t\t\t\t\t\t\t\t<span class=\"elementor-toggle-icon-opened\"><i class=\"elementor-toggle-icon-opened fas fa-caret-up\"><\/i><\/span>\n\t\t\t\t\t\t\t\t\t\t\t\t\t<\/span>\n\t\t\t\t\t\t\t\t\t\t\t\t<a class=\"elementor-toggle-title\" tabindex=\"0\">Was macht das Immunsystem?<\/a>\n\t\t\t\t\t<\/h3>\n\n\t\t\t\t\t<div id=\"elementor-tab-content-2071\" class=\"elementor-tab-content elementor-clearfix\" data-tab=\"1\" role=\"region\" aria-labelledby=\"elementor-tab-title-2071\"><p>Als Immunsystem wird das biologische Abwehrsystem unseres K\u00f6rpers bezeichnet, welches in den K\u00f6rper eingedrungene Mikroorganismen, fremde Substanzen und entartete (fehlerhaft gewordene) Zellen zerst\u00f6rt.<\/p><\/div>\n\t\t\t\t<\/div>\n\t\t\t\t\t\t\t<div class=\"elementor-toggle-item\">\n\t\t\t\t\t<h3 id=\"elementor-tab-title-2072\" class=\"elementor-tab-title\" data-tab=\"2\" role=\"button\" aria-controls=\"elementor-tab-content-2072\" aria-expanded=\"false\">\n\t\t\t\t\t\t\t\t\t\t\t\t<span class=\"elementor-toggle-icon elementor-toggle-icon-left\" aria-hidden=\"true\">\n\t\t\t\t\t\t\t\t\t\t\t\t\t\t\t<span class=\"elementor-toggle-icon-closed\"><i class=\"fas fa-caret-right\"><\/i><\/span>\n\t\t\t\t\t\t\t\t<span class=\"elementor-toggle-icon-opened\"><i class=\"elementor-toggle-icon-opened fas fa-caret-up\"><\/i><\/span>\n\t\t\t\t\t\t\t\t\t\t\t\t\t<\/span>\n\t\t\t\t\t\t\t\t\t\t\t\t<a class=\"elementor-toggle-title\" tabindex=\"0\">Was versteht man unter einer Autoimmunerkrankung?<\/a>\n\t\t\t\t\t<\/h3>\n\n\t\t\t\t\t<div id=\"elementor-tab-content-2072\" class=\"elementor-tab-content elementor-clearfix\" data-tab=\"2\" role=\"region\" aria-labelledby=\"elementor-tab-title-2072\"><p>Unter einer Autoimmunerkrankung versteht man eine Fehlsteuerung des Immunsystems, bei der gesunde, k\u00f6rpereigene Strukturen \u2013 Zellen und Organe \u2013 angegriffen werden. Daraus resultieren unterschiedlichste Erkrankungen, wie chronisch entz\u00fcndliche Darmerkrankungen (Morbus Crohn, Colitis ulcerosa), Typ-1-Diabetes, Multiple Sklerose, etc. In vielen F\u00e4llen liegt einer Autoimmunerkrankung, die nicht ansteckend ist, eine genetische Veranlagung vor. Die genauen Entstehungsursachen sind jedoch nach wie vor ungekl\u00e4rt.<\/p><\/div>\n\t\t\t\t<\/div>\n\t\t\t\t\t\t\t<div class=\"elementor-toggle-item\">\n\t\t\t\t\t<h3 id=\"elementor-tab-title-2073\" class=\"elementor-tab-title\" data-tab=\"3\" role=\"button\" aria-controls=\"elementor-tab-content-2073\" aria-expanded=\"false\">\n\t\t\t\t\t\t\t\t\t\t\t\t<span class=\"elementor-toggle-icon elementor-toggle-icon-left\" aria-hidden=\"true\">\n\t\t\t\t\t\t\t\t\t\t\t\t\t\t\t<span class=\"elementor-toggle-icon-closed\"><i class=\"fas fa-caret-right\"><\/i><\/span>\n\t\t\t\t\t\t\t\t<span class=\"elementor-toggle-icon-opened\"><i class=\"elementor-toggle-icon-opened fas fa-caret-up\"><\/i><\/span>\n\t\t\t\t\t\t\t\t\t\t\t\t\t<\/span>\n\t\t\t\t\t\t\t\t\t\t\t\t<a class=\"elementor-toggle-title\" tabindex=\"0\">Was sind dendritische Zellen?<\/a>\n\t\t\t\t\t<\/h3>\n\n\t\t\t\t\t<div id=\"elementor-tab-content-2073\" class=\"elementor-tab-content elementor-clearfix\" data-tab=\"3\" role=\"region\" aria-labelledby=\"elementor-tab-title-2073\"><p>Dendritische Zellen geh\u00f6ren zu den Abwehrzellen des Immunsystems. Sie entwickeln sich aus Monozyten (= eine Unterform der wei\u00dfen Blutk\u00f6rperchen) und lassen sich in nahezu allen K\u00f6rperzellen wiederfinden \u2013 besonders h\u00e4ufig treten sie im Magen-Darm-Trakt, der Lunge, sowie den Schleimh\u00e4uten auf.<\/p><\/div>\n\t\t\t\t<\/div>\n\t\t\t\t\t\t\t<div class=\"elementor-toggle-item\">\n\t\t\t\t\t<h3 id=\"elementor-tab-title-2074\" class=\"elementor-tab-title\" data-tab=\"4\" role=\"button\" aria-controls=\"elementor-tab-content-2074\" aria-expanded=\"false\">\n\t\t\t\t\t\t\t\t\t\t\t\t<span class=\"elementor-toggle-icon elementor-toggle-icon-left\" aria-hidden=\"true\">\n\t\t\t\t\t\t\t\t\t\t\t\t\t\t\t<span class=\"elementor-toggle-icon-closed\"><i class=\"fas fa-caret-right\"><\/i><\/span>\n\t\t\t\t\t\t\t\t<span class=\"elementor-toggle-icon-opened\"><i class=\"elementor-toggle-icon-opened fas fa-caret-up\"><\/i><\/span>\n\t\t\t\t\t\t\t\t\t\t\t\t\t<\/span>\n\t\t\t\t\t\t\t\t\t\t\t\t<a class=\"elementor-toggle-title\" tabindex=\"0\">Was sind Antigene?<\/a>\n\t\t\t\t\t<\/h3>\n\n\t\t\t\t\t<div id=\"elementor-tab-content-2074\" class=\"elementor-tab-content elementor-clearfix\" data-tab=\"4\" role=\"region\" aria-labelledby=\"elementor-tab-title-2074\"><p>Als Antigene werden Stoffe bezeichnet, die der K\u00f6rper als fremd erkennt und gegen die er beim ersten Kontakt sogenannte Antik\u00f6rper ausbildet. Typische Antigene sind Eiwei\u00dfe auf der Oberfl\u00e4che von Bakterien. Ebenso k\u00f6nnen Toxine, Viren oder fremde Blutzellen als Antigene fungieren.<\/p><\/div>\n\t\t\t\t<\/div>\n\t\t\t\t\t\t\t<div class=\"elementor-toggle-item\">\n\t\t\t\t\t<h3 id=\"elementor-tab-title-2075\" class=\"elementor-tab-title\" data-tab=\"5\" role=\"button\" aria-controls=\"elementor-tab-content-2075\" aria-expanded=\"false\">\n\t\t\t\t\t\t\t\t\t\t\t\t<span class=\"elementor-toggle-icon elementor-toggle-icon-left\" aria-hidden=\"true\">\n\t\t\t\t\t\t\t\t\t\t\t\t\t\t\t<span class=\"elementor-toggle-icon-closed\"><i class=\"fas fa-caret-right\"><\/i><\/span>\n\t\t\t\t\t\t\t\t<span class=\"elementor-toggle-icon-opened\"><i class=\"elementor-toggle-icon-opened fas fa-caret-up\"><\/i><\/span>\n\t\t\t\t\t\t\t\t\t\t\t\t\t<\/span>\n\t\t\t\t\t\t\t\t\t\t\t\t<a class=\"elementor-toggle-title\" tabindex=\"0\">Was ist ein Antik\u00f6rper?<\/a>\n\t\t\t\t\t<\/h3>\n\n\t\t\t\t\t<div id=\"elementor-tab-content-2075\" class=\"elementor-tab-content elementor-clearfix\" data-tab=\"5\" role=\"region\" aria-labelledby=\"elementor-tab-title-2075\"><p>Antik\u00f6rper (= Immunglobuline) sind Eiwei\u00dfmolek\u00fcle aus der Familie der Globuline, die als Reaktion auf k\u00f6rperfremde Substanzen (= Antigene) gebildet werden. Sie sind Teil des Immunsystems und dienen der Bek\u00e4mpfung von Krankheitserregern und anderen Fremdsubstanzen. In der Medizin werden Antik\u00f6rper vor allem in Form von Impfungen zur Vorbeugung bestimmter Krankheiten eingesetzt.<\/p><\/div>\n\t\t\t\t<\/div>\n\t\t\t\t\t\t\t<div class=\"elementor-toggle-item\">\n\t\t\t\t\t<h3 id=\"elementor-tab-title-2076\" class=\"elementor-tab-title\" data-tab=\"6\" role=\"button\" aria-controls=\"elementor-tab-content-2076\" aria-expanded=\"false\">\n\t\t\t\t\t\t\t\t\t\t\t\t<span class=\"elementor-toggle-icon elementor-toggle-icon-left\" aria-hidden=\"true\">\n\t\t\t\t\t\t\t\t\t\t\t\t\t\t\t<span class=\"elementor-toggle-icon-closed\"><i class=\"fas fa-caret-right\"><\/i><\/span>\n\t\t\t\t\t\t\t\t<span class=\"elementor-toggle-icon-opened\"><i class=\"elementor-toggle-icon-opened fas fa-caret-up\"><\/i><\/span>\n\t\t\t\t\t\t\t\t\t\t\t\t\t<\/span>\n\t\t\t\t\t\t\t\t\t\t\t\t<a class=\"elementor-toggle-title\" tabindex=\"0\">Was sind Makrophagen?<\/a>\n\t\t\t\t\t<\/h3>\n\n\t\t\t\t\t<div id=\"elementor-tab-content-2076\" class=\"elementor-tab-content elementor-clearfix\" data-tab=\"6\" role=\"region\" aria-labelledby=\"elementor-tab-title-2076\"><p>Makrophagen sind gro\u00dfe, einkernige Zellen des Immunsystems und geh\u00f6ren als sogenannte Fresszellen zu den wei\u00dfen Blutk\u00f6rperchen. Als wichtiger Bestandteil der angeborenen Immunantwort sind sie f\u00fcr die Vernichtung von eingedrungenen Pathogenen, wie Bakterien, Viren und Toxinen, zust\u00e4ndig.<\/p><p>Die Bildung von Makrophagen beginnt im Knochenmark, wo aus den Stammzellen die Vorl\u00e4uferzellen, die Monozyten, entstehen. Im Blutkreislauf differenzieren sich die Monozyten bei Kontakt mit Zytokinen zu Makrophagen aus \u2013 diese ausgereiften Makrophagen haben eine Lebensdauer von 30 \u2013 90 Tagen.<\/p><\/div>\n\t\t\t\t<\/div>\n\t\t\t\t\t\t\t<div class=\"elementor-toggle-item\">\n\t\t\t\t\t<h3 id=\"elementor-tab-title-2077\" class=\"elementor-tab-title\" data-tab=\"7\" role=\"button\" aria-controls=\"elementor-tab-content-2077\" aria-expanded=\"false\">\n\t\t\t\t\t\t\t\t\t\t\t\t<span class=\"elementor-toggle-icon elementor-toggle-icon-left\" aria-hidden=\"true\">\n\t\t\t\t\t\t\t\t\t\t\t\t\t\t\t<span class=\"elementor-toggle-icon-closed\"><i class=\"fas fa-caret-right\"><\/i><\/span>\n\t\t\t\t\t\t\t\t<span class=\"elementor-toggle-icon-opened\"><i class=\"elementor-toggle-icon-opened fas fa-caret-up\"><\/i><\/span>\n\t\t\t\t\t\t\t\t\t\t\t\t\t<\/span>\n\t\t\t\t\t\t\t\t\t\t\t\t<a class=\"elementor-toggle-title\" tabindex=\"0\">Was sind Zytokine?<\/a>\n\t\t\t\t\t<\/h3>\n\n\t\t\t\t\t<div id=\"elementor-tab-content-2077\" class=\"elementor-tab-content elementor-clearfix\" data-tab=\"7\" role=\"region\" aria-labelledby=\"elementor-tab-title-2077\"><p>Zytokine sind Botenstoffe, die bei einer Reaktion des\u00a0<a href=\"https:\/\/www.gesundheit.gv.at\/lexikon\/i\/immunsystem\" target=\"_blank\" rel=\"noopener\">Immunsystems<\/a>\u00a0gebildet werden. Durch Zytokine werden Abwehrzellen des Immunsystems ausdifferenziert und aktiviert, z.B. Differenzierung von Monozyten zu aktiven Makrophagen (= Fresszellen).<\/p><\/div>\n\t\t\t\t<\/div>\n\t\t\t\t\t\t\t<div class=\"elementor-toggle-item\">\n\t\t\t\t\t<h3 id=\"elementor-tab-title-2078\" class=\"elementor-tab-title\" data-tab=\"8\" role=\"button\" aria-controls=\"elementor-tab-content-2078\" aria-expanded=\"false\">\n\t\t\t\t\t\t\t\t\t\t\t\t<span class=\"elementor-toggle-icon elementor-toggle-icon-left\" aria-hidden=\"true\">\n\t\t\t\t\t\t\t\t\t\t\t\t\t\t\t<span class=\"elementor-toggle-icon-closed\"><i class=\"fas fa-caret-right\"><\/i><\/span>\n\t\t\t\t\t\t\t\t<span class=\"elementor-toggle-icon-opened\"><i class=\"elementor-toggle-icon-opened fas fa-caret-up\"><\/i><\/span>\n\t\t\t\t\t\t\t\t\t\t\t\t\t<\/span>\n\t\t\t\t\t\t\t\t\t\t\t\t<a class=\"elementor-toggle-title\" tabindex=\"0\">Was versteht man unter Phagozytose?<\/a>\n\t\t\t\t\t<\/h3>\n\n\t\t\t\t\t<div id=\"elementor-tab-content-2078\" class=\"elementor-tab-content elementor-clearfix\" data-tab=\"8\" role=\"region\" aria-labelledby=\"elementor-tab-title-2078\"><p>Bei der Phagozytose handelt es sich um die Aufnahme (= Fressen) kleiner Partikel durch bestimmte Zellen \u2013 zur Phagozytose bef\u00e4higt sind Makrophagen, Granulozyten und dendritische Zellen. <br \/>Als Komponente des Immunsystems fressen Makrophagen in den K\u00f6rper eingedrungene Erreger \u2013 dar\u00fcber hinaus fressen Phagozyten aber auch k\u00f6rpereigene Zellen, die aufgrund von irreversiblen Zelldefekten zur Apoptose angeregt wurden.<\/p><\/div>\n\t\t\t\t<\/div>\n\t\t\t\t\t\t\t<div class=\"elementor-toggle-item\">\n\t\t\t\t\t<h3 id=\"elementor-tab-title-2079\" class=\"elementor-tab-title\" data-tab=\"9\" role=\"button\" aria-controls=\"elementor-tab-content-2079\" aria-expanded=\"false\">\n\t\t\t\t\t\t\t\t\t\t\t\t<span class=\"elementor-toggle-icon elementor-toggle-icon-left\" aria-hidden=\"true\">\n\t\t\t\t\t\t\t\t\t\t\t\t\t\t\t<span class=\"elementor-toggle-icon-closed\"><i class=\"fas fa-caret-right\"><\/i><\/span>\n\t\t\t\t\t\t\t\t<span class=\"elementor-toggle-icon-opened\"><i class=\"elementor-toggle-icon-opened fas fa-caret-up\"><\/i><\/span>\n\t\t\t\t\t\t\t\t\t\t\t\t\t<\/span>\n\t\t\t\t\t\t\t\t\t\t\t\t<a class=\"elementor-toggle-title\" tabindex=\"0\">Was versteht man unter Apoptose?<\/a>\n\t\t\t\t\t<\/h3>\n\n\t\t\t\t\t<div id=\"elementor-tab-content-2079\" class=\"elementor-tab-content elementor-clearfix\" data-tab=\"9\" role=\"region\" aria-labelledby=\"elementor-tab-title-2079\"><p>Als Apoptose wird der selbstinduzierte Zelltod eukaryotischer Zellen bezeichnet. Dieser gesteuerte Zelltod ist f\u00fcr die Entwicklung und Funktion des Organismus unerl\u00e4sslich, denn dadurch werden u.a. entartete oder potentiell sch\u00e4dliche Zellen eliminiert sowie die Zellanzahl und damit die Gr\u00f6\u00dfe von Geweben kontrolliert.<\/p><\/div>\n\t\t\t\t<\/div>\n\t\t\t\t\t\t\t<div class=\"elementor-toggle-item\">\n\t\t\t\t\t<h3 id=\"elementor-tab-title-20710\" class=\"elementor-tab-title\" data-tab=\"10\" role=\"button\" aria-controls=\"elementor-tab-content-20710\" aria-expanded=\"false\">\n\t\t\t\t\t\t\t\t\t\t\t\t<span class=\"elementor-toggle-icon elementor-toggle-icon-left\" aria-hidden=\"true\">\n\t\t\t\t\t\t\t\t\t\t\t\t\t\t\t<span class=\"elementor-toggle-icon-closed\"><i class=\"fas fa-caret-right\"><\/i><\/span>\n\t\t\t\t\t\t\t\t<span class=\"elementor-toggle-icon-opened\"><i class=\"elementor-toggle-icon-opened fas fa-caret-up\"><\/i><\/span>\n\t\t\t\t\t\t\t\t\t\t\t\t\t<\/span>\n\t\t\t\t\t\t\t\t\t\t\t\t<a class=\"elementor-toggle-title\" tabindex=\"0\">Was ist Neopterin?<\/a>\n\t\t\t\t\t<\/h3>\n\n\t\t\t\t\t<div id=\"elementor-tab-content-20710\" class=\"elementor-tab-content elementor-clearfix\" data-tab=\"10\" role=\"region\" aria-labelledby=\"elementor-tab-title-20710\"><p>Neopterin ist ein Botenstoff, der von k\u00f6rpereigenen Zellen, den Makrophagen, gebildet wird. Neopterin fungiert als Indikator der Aktivierung der zellul\u00e4ren Abwehr und gibt Hinweis darauf, dass im K\u00f6rper ein Krankheitsgeschehen abl\u00e4uft.<\/p><\/div>\n\t\t\t\t<\/div>\n\t\t\t\t\t\t\t<div class=\"elementor-toggle-item\">\n\t\t\t\t\t<h3 id=\"elementor-tab-title-20711\" class=\"elementor-tab-title\" data-tab=\"11\" role=\"button\" aria-controls=\"elementor-tab-content-20711\" aria-expanded=\"false\">\n\t\t\t\t\t\t\t\t\t\t\t\t<span class=\"elementor-toggle-icon elementor-toggle-icon-left\" aria-hidden=\"true\">\n\t\t\t\t\t\t\t\t\t\t\t\t\t\t\t<span class=\"elementor-toggle-icon-closed\"><i class=\"fas fa-caret-right\"><\/i><\/span>\n\t\t\t\t\t\t\t\t<span class=\"elementor-toggle-icon-opened\"><i class=\"elementor-toggle-icon-opened fas fa-caret-up\"><\/i><\/span>\n\t\t\t\t\t\t\t\t\t\t\t\t\t<\/span>\n\t\t\t\t\t\t\t\t\t\t\t\t<a class=\"elementor-toggle-title\" tabindex=\"0\">Was sind Triglyceride?<\/a>\n\t\t\t\t\t<\/h3>\n\n\t\t\t\t\t<div id=\"elementor-tab-content-20711\" class=\"elementor-tab-content elementor-clearfix\" data-tab=\"11\" role=\"region\" aria-labelledby=\"elementor-tab-title-20711\"><p>Triglyceride geh\u00f6ren zur Gruppe der Nahrungsfette und z\u00e4hlen zu den wichtigsten Energiespeichern im K\u00f6rper. Die Triglyceride im Blut stammen aus der Nahrung sowie dem Fettstoffwechsel und werden im medizinischen Bereich bei der Erstellung einer Blutanalyse gemessen. Erh\u00f6hte Triglyceridwerte k\u00f6nnen auf eine Fettstoffwechselst\u00f6rung oder Erkrankungen wie eine Hypothyreose hindeuten. Speziell in Kombination mit einem erh\u00f6hten Cholesterinspiegel stellen erh\u00f6hte Triglyceridwerte einen kardiovaskul\u00e4ren Risikofaktor dar.<\/p><\/div>\n\t\t\t\t<\/div>\n\t\t\t\t\t\t\t<div class=\"elementor-toggle-item\">\n\t\t\t\t\t<h3 id=\"elementor-tab-title-20712\" class=\"elementor-tab-title\" data-tab=\"12\" role=\"button\" aria-controls=\"elementor-tab-content-20712\" aria-expanded=\"false\">\n\t\t\t\t\t\t\t\t\t\t\t\t<span class=\"elementor-toggle-icon elementor-toggle-icon-left\" aria-hidden=\"true\">\n\t\t\t\t\t\t\t\t\t\t\t\t\t\t\t<span class=\"elementor-toggle-icon-closed\"><i class=\"fas fa-caret-right\"><\/i><\/span>\n\t\t\t\t\t\t\t\t<span class=\"elementor-toggle-icon-opened\"><i class=\"elementor-toggle-icon-opened fas fa-caret-up\"><\/i><\/span>\n\t\t\t\t\t\t\t\t\t\t\t\t\t<\/span>\n\t\t\t\t\t\t\t\t\t\t\t\t<a class=\"elementor-toggle-title\" tabindex=\"0\">Was ist Adiponektin?<\/a>\n\t\t\t\t\t<\/h3>\n\n\t\t\t\t\t<div id=\"elementor-tab-content-20712\" class=\"elementor-tab-content elementor-clearfix\" data-tab=\"12\" role=\"region\" aria-labelledby=\"elementor-tab-title-20712\"><p>Adiponektin ist ein Gewebshormon, welches von Fettzellen (Adipozyten) freigesetzt wird und in unterschiedlichen Formen vorkommt. Diese wirken sich in unterschiedlicher Weise auf den Lipid- und Glukosestoffwechsel aus. Die Fehlregulation dieses Hormons scheint eine wichtige Rolle bei der Entstehung des metabolischen Syndroms zu spielen.<\/p><\/div>\n\t\t\t\t<\/div>\n\t\t\t\t\t\t\t<div class=\"elementor-toggle-item\">\n\t\t\t\t\t<h3 id=\"elementor-tab-title-20713\" class=\"elementor-tab-title\" data-tab=\"13\" role=\"button\" aria-controls=\"elementor-tab-content-20713\" aria-expanded=\"false\">\n\t\t\t\t\t\t\t\t\t\t\t\t<span class=\"elementor-toggle-icon elementor-toggle-icon-left\" aria-hidden=\"true\">\n\t\t\t\t\t\t\t\t\t\t\t\t\t\t\t<span class=\"elementor-toggle-icon-closed\"><i class=\"fas fa-caret-right\"><\/i><\/span>\n\t\t\t\t\t\t\t\t<span class=\"elementor-toggle-icon-opened\"><i class=\"elementor-toggle-icon-opened fas fa-caret-up\"><\/i><\/span>\n\t\t\t\t\t\t\t\t\t\t\t\t\t<\/span>\n\t\t\t\t\t\t\t\t\t\t\t\t<a class=\"elementor-toggle-title\" tabindex=\"0\">Was ist Interleukin-6?<\/a>\n\t\t\t\t\t<\/h3>\n\n\t\t\t\t\t<div id=\"elementor-tab-content-20713\" class=\"elementor-tab-content elementor-clearfix\" data-tab=\"13\" role=\"region\" aria-labelledby=\"elementor-tab-title-20713\"><p>Interleukin-6 (IL-6) geh\u00f6rt zu den Interleukinen die Entz\u00fcndungsgeschehen im Organismus regulieren. IL-6 ist ein Entz\u00fcndungsmarker der von wei\u00dfen Blutk\u00f6rperchen direkt am Ort des entz\u00fcndlichen Geschehens freigesetzt wird.<\/p><\/div>\n\t\t\t\t<\/div>\n\t\t\t\t\t\t\t<div class=\"elementor-toggle-item\">\n\t\t\t\t\t<h3 id=\"elementor-tab-title-20714\" class=\"elementor-tab-title\" data-tab=\"14\" role=\"button\" aria-controls=\"elementor-tab-content-20714\" aria-expanded=\"false\">\n\t\t\t\t\t\t\t\t\t\t\t\t<span class=\"elementor-toggle-icon elementor-toggle-icon-left\" aria-hidden=\"true\">\n\t\t\t\t\t\t\t\t\t\t\t\t\t\t\t<span class=\"elementor-toggle-icon-closed\"><i class=\"fas fa-caret-right\"><\/i><\/span>\n\t\t\t\t\t\t\t\t<span class=\"elementor-toggle-icon-opened\"><i class=\"elementor-toggle-icon-opened fas fa-caret-up\"><\/i><\/span>\n\t\t\t\t\t\t\t\t\t\t\t\t\t<\/span>\n\t\t\t\t\t\t\t\t\t\t\t\t<a class=\"elementor-toggle-title\" tabindex=\"0\">Was ist Interleukin-10 (IL-10)?<\/a>\n\t\t\t\t\t<\/h3>\n\n\t\t\t\t\t<div id=\"elementor-tab-content-20714\" class=\"elementor-tab-content elementor-clearfix\" data-tab=\"14\" role=\"region\" aria-labelledby=\"elementor-tab-title-20714\"><p>Interleukin-10 ist ein Zytokin (regulatorisches Protein) aus der Familie der Interleukine. Es wirkt immunmodulierend und spielt eine entscheidende Rolle bei der Begrenzung und Hemmung von Entz\u00fcndungsprozessen im menschlichen K\u00f6rper.<\/p><p>IL-10 wirkt antiinflammatorisch (= entz\u00fcndungshemmend).<\/p><\/div>\n\t\t\t\t<\/div>\n\t\t\t\t\t\t\t<div class=\"elementor-toggle-item\">\n\t\t\t\t\t<h3 id=\"elementor-tab-title-20715\" class=\"elementor-tab-title\" data-tab=\"15\" role=\"button\" aria-controls=\"elementor-tab-content-20715\" aria-expanded=\"false\">\n\t\t\t\t\t\t\t\t\t\t\t\t<span class=\"elementor-toggle-icon elementor-toggle-icon-left\" aria-hidden=\"true\">\n\t\t\t\t\t\t\t\t\t\t\t\t\t\t\t<span class=\"elementor-toggle-icon-closed\"><i class=\"fas fa-caret-right\"><\/i><\/span>\n\t\t\t\t\t\t\t\t<span class=\"elementor-toggle-icon-opened\"><i class=\"elementor-toggle-icon-opened fas fa-caret-up\"><\/i><\/span>\n\t\t\t\t\t\t\t\t\t\t\t\t\t<\/span>\n\t\t\t\t\t\t\t\t\t\t\t\t<a class=\"elementor-toggle-title\" tabindex=\"0\">Was sind Immunzellen?<\/a>\n\t\t\t\t\t<\/h3>\n\n\t\t\t\t\t<div id=\"elementor-tab-content-20715\" class=\"elementor-tab-content elementor-clearfix\" data-tab=\"15\" role=\"region\" aria-labelledby=\"elementor-tab-title-20715\"><p>Immunzellen sind an Immunreaktionen beteiligte Zellen. Prinzipiell gehen sie aus den Blutstammzellen hervor und man kann sie grob in zwei Gruppen teilen. In die Zellen der angeborenen bzw. erworbenen Immunantwort. Nach der Bildung im Knochenmark zirkulieren die Zellen im Blut und wandern anschlie\u00dfend ins Gewebe ein, wo sie eine Art W\u00e4chterfunktion \u00fcbernehmen und sich in Unterarten differenzieren.<\/p><\/div>\n\t\t\t\t<\/div>\n\t\t\t\t\t\t\t<div class=\"elementor-toggle-item\">\n\t\t\t\t\t<h3 id=\"elementor-tab-title-20716\" class=\"elementor-tab-title\" data-tab=\"16\" role=\"button\" aria-controls=\"elementor-tab-content-20716\" aria-expanded=\"false\">\n\t\t\t\t\t\t\t\t\t\t\t\t<span class=\"elementor-toggle-icon elementor-toggle-icon-left\" aria-hidden=\"true\">\n\t\t\t\t\t\t\t\t\t\t\t\t\t\t\t<span class=\"elementor-toggle-icon-closed\"><i class=\"fas fa-caret-right\"><\/i><\/span>\n\t\t\t\t\t\t\t\t<span class=\"elementor-toggle-icon-opened\"><i class=\"elementor-toggle-icon-opened fas fa-caret-up\"><\/i><\/span>\n\t\t\t\t\t\t\t\t\t\t\t\t\t<\/span>\n\t\t\t\t\t\t\t\t\t\t\t\t<a class=\"elementor-toggle-title\" tabindex=\"0\">Was sind Leukozyten?<\/a>\n\t\t\t\t\t<\/h3>\n\n\t\t\t\t\t<div id=\"elementor-tab-content-20716\" class=\"elementor-tab-content elementor-clearfix\" data-tab=\"16\" role=\"region\" aria-labelledby=\"elementor-tab-title-20716\"><p>Bei Leukozyten, wei\u00dfen Blutk\u00f6rperchen, handelt es sich um eine Familie von Blutzellen, die im menschlichen Immunsystem sehr unterschiedliche Funktionen haben kann. Man kann diese grob in 3 Gruppen unterteilen: Granulozyten, Lymphozyten, Monozyten.<\/p><\/div>\n\t\t\t\t<\/div>\n\t\t\t\t\t\t\t<div class=\"elementor-toggle-item\">\n\t\t\t\t\t<h3 id=\"elementor-tab-title-20717\" class=\"elementor-tab-title\" data-tab=\"17\" role=\"button\" aria-controls=\"elementor-tab-content-20717\" aria-expanded=\"false\">\n\t\t\t\t\t\t\t\t\t\t\t\t<span class=\"elementor-toggle-icon elementor-toggle-icon-left\" aria-hidden=\"true\">\n\t\t\t\t\t\t\t\t\t\t\t\t\t\t\t<span class=\"elementor-toggle-icon-closed\"><i class=\"fas fa-caret-right\"><\/i><\/span>\n\t\t\t\t\t\t\t\t<span class=\"elementor-toggle-icon-opened\"><i class=\"elementor-toggle-icon-opened fas fa-caret-up\"><\/i><\/span>\n\t\t\t\t\t\t\t\t\t\t\t\t\t<\/span>\n\t\t\t\t\t\t\t\t\t\t\t\t<a class=\"elementor-toggle-title\" tabindex=\"0\">Was sind Granulozyten?<\/a>\n\t\t\t\t\t<\/h3>\n\n\t\t\t\t\t<div id=\"elementor-tab-content-20717\" class=\"elementor-tab-content elementor-clearfix\" data-tab=\"17\" role=\"region\" aria-labelledby=\"elementor-tab-title-20717\"><p>Granulozyten machen den gr\u00f6\u00dften Teil der wei\u00dfen Blutk\u00f6rperchen aus und geh\u00f6ren der zellul\u00e4ren Immunantwort an.<\/p><p>Granulozyten k\u00f6nnen aktiviert werden und greifen Krankheitserreger an um sie unsch\u00e4dlich zu machen. Speziell im Falle von Infektionen, Vergiftungen und Allergien steigt die Anzahl an vorhandenen Granulozyten an.<\/p><\/div>\n\t\t\t\t<\/div>\n\t\t\t\t\t\t\t<div class=\"elementor-toggle-item\">\n\t\t\t\t\t<h3 id=\"elementor-tab-title-20718\" class=\"elementor-tab-title\" data-tab=\"18\" role=\"button\" aria-controls=\"elementor-tab-content-20718\" aria-expanded=\"false\">\n\t\t\t\t\t\t\t\t\t\t\t\t<span class=\"elementor-toggle-icon elementor-toggle-icon-left\" aria-hidden=\"true\">\n\t\t\t\t\t\t\t\t\t\t\t\t\t\t\t<span class=\"elementor-toggle-icon-closed\"><i class=\"fas fa-caret-right\"><\/i><\/span>\n\t\t\t\t\t\t\t\t<span class=\"elementor-toggle-icon-opened\"><i class=\"elementor-toggle-icon-opened fas fa-caret-up\"><\/i><\/span>\n\t\t\t\t\t\t\t\t\t\t\t\t\t<\/span>\n\t\t\t\t\t\t\t\t\t\t\t\t<a class=\"elementor-toggle-title\" tabindex=\"0\">Was sind Lymphozyten?<\/a>\n\t\t\t\t\t<\/h3>\n\n\t\t\t\t\t<div id=\"elementor-tab-content-20718\" class=\"elementor-tab-content elementor-clearfix\" data-tab=\"18\" role=\"region\" aria-labelledby=\"elementor-tab-title-20718\"><p>Lymphozyten sind eine Untergruppe der wei\u00dfen Blutk\u00f6rperchen. Ihre Hauptaufgabe besteht in der gezielten Abwehr von Infektionserregern und ver\u00e4nderten k\u00f6rpereigenen Zellen wie z.B. Tumorzellen.<\/p><\/div>\n\t\t\t\t<\/div>\n\t\t\t\t\t\t\t<div class=\"elementor-toggle-item\">\n\t\t\t\t\t<h3 id=\"elementor-tab-title-20719\" class=\"elementor-tab-title\" data-tab=\"19\" role=\"button\" aria-controls=\"elementor-tab-content-20719\" aria-expanded=\"false\">\n\t\t\t\t\t\t\t\t\t\t\t\t<span class=\"elementor-toggle-icon elementor-toggle-icon-left\" aria-hidden=\"true\">\n\t\t\t\t\t\t\t\t\t\t\t\t\t\t\t<span class=\"elementor-toggle-icon-closed\"><i class=\"fas fa-caret-right\"><\/i><\/span>\n\t\t\t\t\t\t\t\t<span class=\"elementor-toggle-icon-opened\"><i class=\"elementor-toggle-icon-opened fas fa-caret-up\"><\/i><\/span>\n\t\t\t\t\t\t\t\t\t\t\t\t\t<\/span>\n\t\t\t\t\t\t\t\t\t\t\t\t<a class=\"elementor-toggle-title\" tabindex=\"0\">Was sind Monozyten?<\/a>\n\t\t\t\t\t<\/h3>\n\n\t\t\t\t\t<div id=\"elementor-tab-content-20719\" class=\"elementor-tab-content elementor-clearfix\" data-tab=\"19\" role=\"region\" aria-labelledby=\"elementor-tab-title-20719\"><p>Monozyten geh\u00f6ren zur Gruppe der Leukozyten und zirkulieren im Blut. Sobald sie das Blut verlassen und ins Gewebe einwandern wandeln sie sich in Makrophagen, sogenannte Fresszellen, um.<\/p><\/div>\n\t\t\t\t<\/div>\n\t\t\t\t\t\t\t\t<\/div>\n\t\t\t\t\t\t<\/div>\n\t\t\t\t<\/div>\n\t\t\t\t\t<\/div>\n\t\t\t\t<\/div>\n\t\t\t\t\t<\/div>\n\t\t\t\t<\/div>\n\t\t<div class=\"elementor-element elementor-element-29dc130 obcs blue e-flex e-con-boxed e-con e-parent\" data-id=\"29dc130\" data-element_type=\"container\">\n\t\t\t\t\t<div class=\"e-con-inner\">\n\t\t<div class=\"elementor-element elementor-element-2455393 obcs none e-flex e-con-boxed e-con e-child\" data-id=\"2455393\" data-element_type=\"container\">\n\t\t\t\t\t<div class=\"e-con-inner\">\n\t\t\t\t<div class=\"elementor-element elementor-element-1928f42 elementor-widget elementor-widget-heading\" data-id=\"1928f42\" data-element_type=\"widget\" data-widget_type=\"heading.default\">\n\t\t\t\t<div class=\"elementor-widget-container\">\n\t\t\t\t\t<h2 class=\"elementor-heading-title elementor-size-default\">Gastrointestinaltrakt<\/h2>\t\t\t\t<\/div>\n\t\t\t\t<\/div>\n\t\t\t\t<div class=\"elementor-element elementor-element-399b6c0 elementor-widget elementor-widget-toggle\" data-id=\"399b6c0\" data-element_type=\"widget\" data-widget_type=\"toggle.default\">\n\t\t\t\t<div class=\"elementor-widget-container\">\n\t\t\t\t\t\t\t<div class=\"elementor-toggle\">\n\t\t\t\t\t\t\t<div class=\"elementor-toggle-item\">\n\t\t\t\t\t<h3 id=\"elementor-tab-title-6041\" class=\"elementor-tab-title\" data-tab=\"1\" role=\"button\" aria-controls=\"elementor-tab-content-6041\" aria-expanded=\"false\">\n\t\t\t\t\t\t\t\t\t\t\t\t<span class=\"elementor-toggle-icon elementor-toggle-icon-left\" aria-hidden=\"true\">\n\t\t\t\t\t\t\t\t\t\t\t\t\t\t\t<span class=\"elementor-toggle-icon-closed\"><i class=\"fas fa-caret-right\"><\/i><\/span>\n\t\t\t\t\t\t\t\t<span class=\"elementor-toggle-icon-opened\"><i class=\"elementor-toggle-icon-opened fas fa-caret-up\"><\/i><\/span>\n\t\t\t\t\t\t\t\t\t\t\t\t\t<\/span>\n\t\t\t\t\t\t\t\t\t\t\t\t<a class=\"elementor-toggle-title\" tabindex=\"0\">Was ist die Magenschleimhaut?<\/a>\n\t\t\t\t\t<\/h3>\n\n\t\t\t\t\t<div id=\"elementor-tab-content-6041\" class=\"elementor-tab-content elementor-clearfix\" data-tab=\"1\" role=\"region\" aria-labelledby=\"elementor-tab-title-6041\">Der Magen dient als erster Speicherort f\u00fcr das verzehrte Essen. Die Nahrung wird hier durchmischt, vom sauren Magensaft durchtr\u00e4nkt und von den enthaltenen Enzymen aufgespalten. Produziert wird dieser Magensaft in Dr\u00fcsen der Magenschleimhaut. Als Magenschleimhaut wird die dem Nahrungsbrei zugewandte Seite des Magens beschrieben, die von einer sch\u00fctzenden Schleimschicht \u00fcberzogen ist. Dieser d\u00fcnne Film sch\u00fctzt den Magen vor der aggressiven Magens\u00e4ure und somit auch davor, sich selbst zu verdauen.\u00a0 Unterschiedlichste Faktoren (Stress, Medikamente, Alkohol, etc.) k\u00f6nnen diese Schutzschicht angreifen oder zu einer \u00dcberproduktion von Magens\u00e4ure f\u00fchren.\n\nEine m\u00f6gliche Folge ist die<strong> Gastritis<\/strong> \u2013 eine Entz\u00fcndung der Magenschleimhaut, die entweder pl\u00f6tzlich auftritt und rasch wieder verheilt oder schleichend auftritt und dauerhaft Beschwerden bereitet.\n\nEine akute, also pl\u00f6tzlich auftretende Gastritis kann von zahlreichen Faktoren ausgel\u00f6st werden \u2013 zu den h\u00e4ufigsten Ursachen z\u00e4hlen der \u00fcberm\u00e4\u00dfige Genuss von Nikotin und Alkohol, die Einnahme von Schmerzmittel aus der Gruppe der nicht-steroidalen Antirheumatika (NSAR) und massiver Stress oder Schocksituationen. In diesen F\u00e4llen \u00e4u\u00dfert sich eine akute Gastritis mit starken Oberbauchschmerzen, Appetitlosigkeit, Erbrechen und V\u00f6llegef\u00fchl.\n\nEine chronische Magenschleimhautentz\u00fcndung l\u00e4sst sich abh\u00e4ngig von der Ursache in 3 Gruppen einteilen.\n\n<H4>Typ-A-Gastritis<\/h4>\n\nTyp-A-Gastritis wird auch als autoimmune chronische Gastritis bezeichnet und macht etwa 5% der chronischen Magenschleimhautentz\u00fcndungen aus. Bei dieser Form werden die Belegzellen (Zellen, die die Magens\u00e4ure produzieren) angegriffen und dementsprechend weniger Magens\u00e4ure wird ausgesch\u00fcttet.\n\n<H4>Typ-B-Gastritis<\/H4>\n\nEtwa 80% aller F\u00e4lle von chronischer Gastritis sind vom Typ B. Meist werden sie vom Bakterium Helicobacter pylori verursacht, welcher \u00fcber Speichel und Stuhl \u00fcbertragen werden kann. Dieser pathogene Keim ist in der Lage f\u00fcr kurze Zeit im sauren Milieu des Magens zu \u00fcberleben und sich an die Schleimhautzellen anzuheften, wo ein fast neutrales Milieu herrscht.\n\n<H4>Typ-C-Gastritis<\/H4>\n\nEtwa 15% aller chronischen Magenschleimhautentz\u00fcndungen sind vom Typ-C und werden durch eine chemische Reizung (Medikamente wie u.a. Schmerzmittel) des Magens hervorgerufen.<\/div>\n\t\t\t\t<\/div>\n\t\t\t\t\t\t\t<div class=\"elementor-toggle-item\">\n\t\t\t\t\t<h3 id=\"elementor-tab-title-6042\" class=\"elementor-tab-title\" data-tab=\"2\" role=\"button\" aria-controls=\"elementor-tab-content-6042\" aria-expanded=\"false\">\n\t\t\t\t\t\t\t\t\t\t\t\t<span class=\"elementor-toggle-icon elementor-toggle-icon-left\" aria-hidden=\"true\">\n\t\t\t\t\t\t\t\t\t\t\t\t\t\t\t<span class=\"elementor-toggle-icon-closed\"><i class=\"fas fa-caret-right\"><\/i><\/span>\n\t\t\t\t\t\t\t\t<span class=\"elementor-toggle-icon-opened\"><i class=\"elementor-toggle-icon-opened fas fa-caret-up\"><\/i><\/span>\n\t\t\t\t\t\t\t\t\t\t\t\t\t<\/span>\n\t\t\t\t\t\t\t\t\t\t\t\t<a class=\"elementor-toggle-title\" tabindex=\"0\">Welche Typen von Gastritis gibt es? <\/a>\n\t\t\t\t\t<\/h3>\n\n\t\t\t\t\t<div id=\"elementor-tab-content-6042\" class=\"elementor-tab-content elementor-clearfix\" data-tab=\"2\" role=\"region\" aria-labelledby=\"elementor-tab-title-6042\"><h4>Typ-A-Gastritis<\/h4>\n\nTyp-A-Gastritis wird auch als autoimmune chronische Gastritis bezeichnet und macht etwa 5% der chronischen Magenschleimhautentz\u00fcndungen aus. Bei dieser Form werden die Belegzellen (Zellen, die die Magens\u00e4ure produzieren) angegriffen und dementsprechend weniger Magens\u00e4ure wird ausgesch\u00fcttet.\n\n<h4>Typ-B-Gastritis<\/h4>\n\nEtwa 80% aller F\u00e4lle von chronischer Gastritis sind vom Typ B. Meist werden sie vom Bakterium Helicobacter pylori verursacht, welcher \u00fcber Speichel und Stuhl \u00fcbertragen werden kann. Dieser pathogene Keim ist in der Lage f\u00fcr kurze Zeit im sauren Milieu des Magens zu \u00fcberleben und sich an die Schleimhautzellen anzuheften, wo ein fast neutrales Milieu herrscht.\n\n<h4>Typ-C-Gastritis<\/h4>\n\nEtwa 15% aller chronischen Magenschleimhautentz\u00fcndungen sind vom Typ-C und werden durch eine chemische Reizung (Medikamente wie u.a. Schmerzmittel) des Magens hervorgerufen.<\/div>\n\t\t\t\t<\/div>\n\t\t\t\t\t\t\t<div class=\"elementor-toggle-item\">\n\t\t\t\t\t<h3 id=\"elementor-tab-title-6043\" class=\"elementor-tab-title\" data-tab=\"3\" role=\"button\" aria-controls=\"elementor-tab-content-6043\" aria-expanded=\"false\">\n\t\t\t\t\t\t\t\t\t\t\t\t<span class=\"elementor-toggle-icon elementor-toggle-icon-left\" aria-hidden=\"true\">\n\t\t\t\t\t\t\t\t\t\t\t\t\t\t\t<span class=\"elementor-toggle-icon-closed\"><i class=\"fas fa-caret-right\"><\/i><\/span>\n\t\t\t\t\t\t\t\t<span class=\"elementor-toggle-icon-opened\"><i class=\"elementor-toggle-icon-opened fas fa-caret-up\"><\/i><\/span>\n\t\t\t\t\t\t\t\t\t\t\t\t\t<\/span>\n\t\t\t\t\t\t\t\t\t\t\t\t<a class=\"elementor-toggle-title\" tabindex=\"0\">Was versteht man unter dem Begriff Colon?<\/a>\n\t\t\t\t\t<\/h3>\n\n\t\t\t\t\t<div id=\"elementor-tab-content-6043\" class=\"elementor-tab-content elementor-clearfix\" data-tab=\"3\" role=\"region\" aria-labelledby=\"elementor-tab-title-6043\"><p>Als Colon, auch Grimmdarm genannt, wird ein Teilabschnitt des Dickdarms bezeichnet, welcher sich zwischen Blinddarm und Rectum befindet. Das Colon zieht sich wie ein Rahmen um den D\u00fcnndarm und wird in 3 Abschnitte eingeteilt:<\/p><ul><li>einem aufsteigenden Teil: Colon ascendens<\/li><li>einem horizontalen Teil: Colon transversum<\/li><li>einem absteigenden Teil: Colon descendens<\/li><\/ul><\/div>\n\t\t\t\t<\/div>\n\t\t\t\t\t\t\t<div class=\"elementor-toggle-item\">\n\t\t\t\t\t<h3 id=\"elementor-tab-title-6044\" class=\"elementor-tab-title\" data-tab=\"4\" role=\"button\" aria-controls=\"elementor-tab-content-6044\" aria-expanded=\"false\">\n\t\t\t\t\t\t\t\t\t\t\t\t<span class=\"elementor-toggle-icon elementor-toggle-icon-left\" aria-hidden=\"true\">\n\t\t\t\t\t\t\t\t\t\t\t\t\t\t\t<span class=\"elementor-toggle-icon-closed\"><i class=\"fas fa-caret-right\"><\/i><\/span>\n\t\t\t\t\t\t\t\t<span class=\"elementor-toggle-icon-opened\"><i class=\"elementor-toggle-icon-opened fas fa-caret-up\"><\/i><\/span>\n\t\t\t\t\t\t\t\t\t\t\t\t\t<\/span>\n\t\t\t\t\t\t\t\t\t\t\t\t<a class=\"elementor-toggle-title\" tabindex=\"0\">Was ist eine Divertikulitis?<\/a>\n\t\t\t\t\t<\/h3>\n\n\t\t\t\t\t<div id=\"elementor-tab-content-6044\" class=\"elementor-tab-content elementor-clearfix\" data-tab=\"4\" role=\"region\" aria-labelledby=\"elementor-tab-title-6044\"><p>Eine Divertikulitis ist eine Erkrankung des Dickdarms, bei der sich kleine, sackartige Ausst\u00fclpungen der Dickdarmschleimhaut bilden, die als Divertikel bezeichnet werden. Divertikel treten vermehrt bei \u00e4lteren Personen auf und sind zumeist harmlos und bereiten keine Beschwerden. Entz\u00fcnden sich diese Divertikel jedoch, spricht man von einer Divertikulitis.<\/p><\/div>\n\t\t\t\t<\/div>\n\t\t\t\t\t\t\t<div class=\"elementor-toggle-item\">\n\t\t\t\t\t<h3 id=\"elementor-tab-title-6045\" class=\"elementor-tab-title\" data-tab=\"5\" role=\"button\" aria-controls=\"elementor-tab-content-6045\" aria-expanded=\"false\">\n\t\t\t\t\t\t\t\t\t\t\t\t<span class=\"elementor-toggle-icon elementor-toggle-icon-left\" aria-hidden=\"true\">\n\t\t\t\t\t\t\t\t\t\t\t\t\t\t\t<span class=\"elementor-toggle-icon-closed\"><i class=\"fas fa-caret-right\"><\/i><\/span>\n\t\t\t\t\t\t\t\t<span class=\"elementor-toggle-icon-opened\"><i class=\"elementor-toggle-icon-opened fas fa-caret-up\"><\/i><\/span>\n\t\t\t\t\t\t\t\t\t\t\t\t\t<\/span>\n\t\t\t\t\t\t\t\t\t\t\t\t<a class=\"elementor-toggle-title\" tabindex=\"0\">Was ist eine SIBO?<\/a>\n\t\t\t\t\t<\/h3>\n\n\t\t\t\t\t<div id=\"elementor-tab-content-6045\" class=\"elementor-tab-content elementor-clearfix\" data-tab=\"5\" role=\"region\" aria-labelledby=\"elementor-tab-title-6045\"><p>SIBO = small intestinal bacterial overgrowth<\/p><p>Bei einer SIBO handelt es sich um eine bakterielle Fehlbesiedelung des D\u00fcnndarms. Im Normalfall ist der D\u00fcnndarm nur sehr gering mit Bakterien besiedelt \u2013 der Hauptanteil unserer Darmbakterien ist im Dickdarm heimisch. Die Abtrennung dieser beiden Bereiche erfolgt \u00fcber die Ileoz\u00e4kalklappe \u2013 diese \u00f6ffnet sich nur in Richtung Dickdarm. So kann verhindert werden, dass Dickdarmbakterien in den D\u00fcnndarm aufsteigen.<\/p><p>Bei einer SIBO kommt es dennoch zum Aufstieg der Bakterien. Ursachen daf\u00fcr k\u00f6nnen chronisch entz\u00fcndliche Darmerkrankungen, ein Defekt der Ileoz\u00e4kalklappe, Nahrungsmittelunvertr\u00e4glichkeiten, eine Antibiose, etc. sein. <br \/>Folglich ern\u00e4hren sich die Bakterien im D\u00fcnndarm dann von nicht resorbierter Nahrung, fermentieren die Kohlenhydrate und produzieren Gase. Bl\u00e4hungen, Aufsto\u00dfen, \u00dcbelkeit, Durchfall und\/oder Verstopfung sind die Folge.<\/p><\/div>\n\t\t\t\t<\/div>\n\t\t\t\t\t\t\t\t<\/div>\n\t\t\t\t\t\t<\/div>\n\t\t\t\t<\/div>\n\t\t\t\t\t<\/div>\n\t\t\t\t<\/div>\n\t\t\t\t\t<\/div>\n\t\t\t\t<\/div>\n\t\t<div class=\"elementor-element elementor-element-7303fa0 obcs blue e-flex e-con-boxed e-con e-parent\" data-id=\"7303fa0\" data-element_type=\"container\">\n\t\t\t\t\t<div class=\"e-con-inner\">\n\t\t<div class=\"elementor-element elementor-element-a7be999 obcs none e-flex e-con-boxed e-con e-child\" data-id=\"a7be999\" data-element_type=\"container\">\n\t\t\t\t\t<div class=\"e-con-inner\">\n\t\t\t\t<div class=\"elementor-element elementor-element-21c5d1e elementor-widget elementor-widget-heading\" data-id=\"21c5d1e\" data-element_type=\"widget\" data-widget_type=\"heading.default\">\n\t\t\t\t<div class=\"elementor-widget-container\">\n\t\t\t\t\t<h2 class=\"elementor-heading-title elementor-size-default\">Darm-Leber-Achse<\/h2>\t\t\t\t<\/div>\n\t\t\t\t<\/div>\n\t\t\t\t<div class=\"elementor-element elementor-element-39170d7 elementor-widget elementor-widget-toggle\" data-id=\"39170d7\" data-element_type=\"widget\" data-widget_type=\"toggle.default\">\n\t\t\t\t<div class=\"elementor-widget-container\">\n\t\t\t\t\t\t\t<div class=\"elementor-toggle\">\n\t\t\t\t\t\t\t<div class=\"elementor-toggle-item\">\n\t\t\t\t\t<h3 id=\"elementor-tab-title-5981\" class=\"elementor-tab-title\" data-tab=\"1\" role=\"button\" aria-controls=\"elementor-tab-content-5981\" aria-expanded=\"false\">\n\t\t\t\t\t\t\t\t\t\t\t\t<span class=\"elementor-toggle-icon elementor-toggle-icon-left\" aria-hidden=\"true\">\n\t\t\t\t\t\t\t\t\t\t\t\t\t\t\t<span class=\"elementor-toggle-icon-closed\"><i class=\"fas fa-caret-right\"><\/i><\/span>\n\t\t\t\t\t\t\t\t<span class=\"elementor-toggle-icon-opened\"><i class=\"elementor-toggle-icon-opened fas fa-caret-up\"><\/i><\/span>\n\t\t\t\t\t\t\t\t\t\t\t\t\t<\/span>\n\t\t\t\t\t\t\t\t\t\t\t\t<a class=\"elementor-toggle-title\" tabindex=\"0\">Was ist eine Leberzirrhose?<\/a>\n\t\t\t\t\t<\/h3>\n\n\t\t\t\t\t<div id=\"elementor-tab-content-5981\" class=\"elementor-tab-content elementor-clearfix\" data-tab=\"1\" role=\"region\" aria-labelledby=\"elementor-tab-title-5981\"><p>Als Leberzirrhose wird das Endstadium einer Lebersch\u00e4digung bezeichnet, bei der sich Lebergewebe nach und nach in Bindegewebe umwandelt. Dies f\u00fchrt dazu, dass die Leber ihre Aufgaben, wie Stoffwechsel- und Entgiftungsfunktionen, nicht mehr erf\u00fcllen kann. Ein chronisches Leberversagen ist die Folge. Typischerweise entwickelt sich eine Zirrhose \u00fcber Jahre bis Jahrzehnte. In Europa stehen bei den Ursachen Alkoholmissbrauch, Nicht-alkoholische Fettleber und chronisch virusbedingte Leberentz\u00fcndungen (Hepatitis B und C) an vorderster Stelle.<\/p><p>Durch die fr\u00fchzeitige Erkennung und Behandlung der Grunderkrankung (z.B. Alkoholmissbrauch) kann ein weiteres Fortschreiten der Lebersch\u00e4digung meist vermieden werden.<\/p><p><span style=\"text-decoration: underline;\"><a href=\"https:\/\/www.omni-biotic.com\/de-at\/darmgesundheit\/gesundheitszentrale-darm\/darm-leber-achse\/\">Mehr \u00fcber die Darm-Leber-Achse nachlesen &gt;<\/a><\/span><\/p><\/div>\n\t\t\t\t<\/div>\n\t\t\t\t\t\t\t<div class=\"elementor-toggle-item\">\n\t\t\t\t\t<h3 id=\"elementor-tab-title-5982\" class=\"elementor-tab-title\" data-tab=\"2\" role=\"button\" aria-controls=\"elementor-tab-content-5982\" aria-expanded=\"false\">\n\t\t\t\t\t\t\t\t\t\t\t\t<span class=\"elementor-toggle-icon elementor-toggle-icon-left\" aria-hidden=\"true\">\n\t\t\t\t\t\t\t\t\t\t\t\t\t\t\t<span class=\"elementor-toggle-icon-closed\"><i class=\"fas fa-caret-right\"><\/i><\/span>\n\t\t\t\t\t\t\t\t<span class=\"elementor-toggle-icon-opened\"><i class=\"elementor-toggle-icon-opened fas fa-caret-up\"><\/i><\/span>\n\t\t\t\t\t\t\t\t\t\t\t\t\t<\/span>\n\t\t\t\t\t\t\t\t\t\t\t\t<a class=\"elementor-toggle-title\" tabindex=\"0\">Was ist eine Fettleber?<\/a>\n\t\t\t\t\t<\/h3>\n\n\t\t\t\t\t<div id=\"elementor-tab-content-5982\" class=\"elementor-tab-content elementor-clearfix\" data-tab=\"2\" role=\"region\" aria-labelledby=\"elementor-tab-title-5982\"><p>Bei einer Fettleber kommt es zu einer vermehrten Einlagerung von Fetten in die Leberzellen.\u00a0 Die Fettleber z\u00e4hlt zu den h\u00e4ufigsten chronischen Lebererkrankungen und wir im Allgemeinen durch zu wenig Bewegung, \u00fcberm\u00e4\u00dfige Nahrungsaufnahme sowie Alkoholabusus ausgel\u00f6st. Bei Alkoholverzicht bzw. gesunder, fettarmer Ern\u00e4hrung kann sich eine Fettleber innerhalb weniger Monate wieder r\u00fcckbilden. Bleibt eine Fettleber jedoch unbehandelt, k\u00f6nnen Lebersch\u00e4den, wie z.B. eine Fettleberentz\u00fcndung, Leberzirrhose oder Leberinsuffizienz entstehen.<\/p><\/div>\n\t\t\t\t<\/div>\n\t\t\t\t\t\t\t<div class=\"elementor-toggle-item\">\n\t\t\t\t\t<h3 id=\"elementor-tab-title-5983\" class=\"elementor-tab-title\" data-tab=\"3\" role=\"button\" aria-controls=\"elementor-tab-content-5983\" aria-expanded=\"false\">\n\t\t\t\t\t\t\t\t\t\t\t\t<span class=\"elementor-toggle-icon elementor-toggle-icon-left\" aria-hidden=\"true\">\n\t\t\t\t\t\t\t\t\t\t\t\t\t\t\t<span class=\"elementor-toggle-icon-closed\"><i class=\"fas fa-caret-right\"><\/i><\/span>\n\t\t\t\t\t\t\t\t<span class=\"elementor-toggle-icon-opened\"><i class=\"elementor-toggle-icon-opened fas fa-caret-up\"><\/i><\/span>\n\t\t\t\t\t\t\t\t\t\t\t\t\t<\/span>\n\t\t\t\t\t\t\t\t\t\t\t\t<a class=\"elementor-toggle-title\" tabindex=\"0\">Was sind Hepatozyten?<\/a>\n\t\t\t\t\t<\/h3>\n\n\t\t\t\t\t<div id=\"elementor-tab-content-5983\" class=\"elementor-tab-content elementor-clearfix\" data-tab=\"3\" role=\"region\" aria-labelledby=\"elementor-tab-title-5983\"><p>Hepatozyten sind Leberzellen die ca. 20 \u2013 30 \u00b5m gro\u00df sind und 80% des Lebervolumens einnehmen. Hepatozyten sind metabolisch aktive Zellen, die als Zeichen ihrer hohen Stoffwechselaktivit\u00e4t ein stark entwickeltes endoplasmatisches Retikulum, einen gut ausgebildeten Golgi-Apparat und eine hohe Konzentration von Mitochondrien aufweisen.<\/p><\/div>\n\t\t\t\t<\/div>\n\t\t\t\t\t\t\t\t<\/div>\n\t\t\t\t\t\t<\/div>\n\t\t\t\t<\/div>\n\t\t\t\t\t<\/div>\n\t\t\t\t<\/div>\n\t\t\t\t\t<\/div>\n\t\t\t\t<\/div>\n\t\t<div class=\"elementor-element elementor-element-e0b2b36 obcs blue e-flex e-con-boxed e-con e-parent\" data-id=\"e0b2b36\" data-element_type=\"container\">\n\t\t\t\t\t<div class=\"e-con-inner\">\n\t\t<div class=\"elementor-element elementor-element-fe95be4 obcs none e-flex e-con-boxed e-con e-child\" data-id=\"fe95be4\" data-element_type=\"container\">\n\t\t\t\t\t<div class=\"e-con-inner\">\n\t\t\t\t<div class=\"elementor-element elementor-element-5c175c8 elementor-widget elementor-widget-heading\" data-id=\"5c175c8\" data-element_type=\"widget\" data-widget_type=\"heading.default\">\n\t\t\t\t<div class=\"elementor-widget-container\">\n\t\t\t\t\t<h2 class=\"elementor-heading-title elementor-size-default\">Stress<\/h2>\t\t\t\t<\/div>\n\t\t\t\t<\/div>\n\t\t\t\t<div class=\"elementor-element elementor-element-f9d38ab elementor-widget elementor-widget-toggle\" data-id=\"f9d38ab\" data-element_type=\"widget\" data-widget_type=\"toggle.default\">\n\t\t\t\t<div class=\"elementor-widget-container\">\n\t\t\t\t\t\t\t<div class=\"elementor-toggle\">\n\t\t\t\t\t\t\t<div class=\"elementor-toggle-item\">\n\t\t\t\t\t<h3 id=\"elementor-tab-title-2611\" class=\"elementor-tab-title\" data-tab=\"1\" role=\"button\" aria-controls=\"elementor-tab-content-2611\" aria-expanded=\"false\">\n\t\t\t\t\t\t\t\t\t\t\t\t<span class=\"elementor-toggle-icon elementor-toggle-icon-left\" aria-hidden=\"true\">\n\t\t\t\t\t\t\t\t\t\t\t\t\t\t\t<span class=\"elementor-toggle-icon-closed\"><i class=\"fas fa-caret-right\"><\/i><\/span>\n\t\t\t\t\t\t\t\t<span class=\"elementor-toggle-icon-opened\"><i class=\"elementor-toggle-icon-opened fas fa-caret-up\"><\/i><\/span>\n\t\t\t\t\t\t\t\t\t\t\t\t\t<\/span>\n\t\t\t\t\t\t\t\t\t\t\t\t<a class=\"elementor-toggle-title\" tabindex=\"0\">Was ist oxidativer Stress?<\/a>\n\t\t\t\t\t<\/h3>\n\n\t\t\t\t\t<div id=\"elementor-tab-content-2611\" class=\"elementor-tab-content elementor-clearfix\" data-tab=\"1\" role=\"region\" aria-labelledby=\"elementor-tab-title-2611\"><p>Als oxidativer Stress wird eine Dysbalance zwischen oxidativen und antioxidativen Prozessen im K\u00f6rper bezeichnet. Da unser Organismus st\u00e4ndig sogenannten freien Radikalen (= Oxidantien) ausgesetzt ist, ist ein ausgepr\u00e4gtes antioxidatives Schutzsystem von gro\u00dfer Bedeutung. Teil dieses Schutzsystems sind \u201eRadikalf\u00e4nger\u201c zu denen Vitamin C und E, sowie die Spurenelemente Zink, Selen, Mangan und Kupfer z\u00e4hlen.<\/p><p>Durch die fr\u00fchzeitige Erkennung und Behandlung der Grunderkrankung (z.B. Alkoholmissbrauch) kann ein weiteres Fortschreiten der Lebersch\u00e4digung meist vermieden werden.<\/p><\/div>\n\t\t\t\t<\/div>\n\t\t\t\t\t\t\t<div class=\"elementor-toggle-item\">\n\t\t\t\t\t<h3 id=\"elementor-tab-title-2612\" class=\"elementor-tab-title\" data-tab=\"2\" role=\"button\" aria-controls=\"elementor-tab-content-2612\" aria-expanded=\"false\">\n\t\t\t\t\t\t\t\t\t\t\t\t<span class=\"elementor-toggle-icon elementor-toggle-icon-left\" aria-hidden=\"true\">\n\t\t\t\t\t\t\t\t\t\t\t\t\t\t\t<span class=\"elementor-toggle-icon-closed\"><i class=\"fas fa-caret-right\"><\/i><\/span>\n\t\t\t\t\t\t\t\t<span class=\"elementor-toggle-icon-opened\"><i class=\"elementor-toggle-icon-opened fas fa-caret-up\"><\/i><\/span>\n\t\t\t\t\t\t\t\t\t\t\t\t\t<\/span>\n\t\t\t\t\t\t\t\t\t\t\t\t<a class=\"elementor-toggle-title\" tabindex=\"0\">Was sind reaktive Sauerstoffspezies (ROS = reactive oxygen species)?<\/a>\n\t\t\t\t\t<\/h3>\n\n\t\t\t\t\t<div id=\"elementor-tab-content-2612\" class=\"elementor-tab-content elementor-clearfix\" data-tab=\"2\" role=\"region\" aria-labelledby=\"elementor-tab-title-2612\"><p>= sch\u00e4dliche Formen des Sauerstoffs, die insbesondere beim oxidativen Stress eine Rolle spielen. Die speziellen Sauerstoffverbindungen sind hoch reaktiv und chemisch aggressiv.<\/p><\/div>\n\t\t\t\t<\/div>\n\t\t\t\t\t\t\t<div class=\"elementor-toggle-item\">\n\t\t\t\t\t<h3 id=\"elementor-tab-title-2613\" class=\"elementor-tab-title\" data-tab=\"3\" role=\"button\" aria-controls=\"elementor-tab-content-2613\" aria-expanded=\"false\">\n\t\t\t\t\t\t\t\t\t\t\t\t<span class=\"elementor-toggle-icon elementor-toggle-icon-left\" aria-hidden=\"true\">\n\t\t\t\t\t\t\t\t\t\t\t\t\t\t\t<span class=\"elementor-toggle-icon-closed\"><i class=\"fas fa-caret-right\"><\/i><\/span>\n\t\t\t\t\t\t\t\t<span class=\"elementor-toggle-icon-opened\"><i class=\"elementor-toggle-icon-opened fas fa-caret-up\"><\/i><\/span>\n\t\t\t\t\t\t\t\t\t\t\t\t\t<\/span>\n\t\t\t\t\t\t\t\t\t\t\t\t<a class=\"elementor-toggle-title\" tabindex=\"0\">Was ist Tryptophan?<\/a>\n\t\t\t\t\t<\/h3>\n\n\t\t\t\t\t<div id=\"elementor-tab-content-2613\" class=\"elementor-tab-content elementor-clearfix\" data-tab=\"3\" role=\"region\" aria-labelledby=\"elementor-tab-title-2613\"><p>Tryptophan ist eine essentielle Aminos\u00e4ure die vom menschlichen K\u00f6rper selbst nicht gebildet werden kann und \u00fcber die Nahrung zugef\u00fchrt werden muss. Nahrungsmittel wie Cashew-Kerne, Haferflocken, Milch oder Reis enthalten diese Aminos\u00e4ure. Tryptophan ist f\u00fcr den menschlichen Organismus von Bedeutung, da es als Vorstufe des Neurotransmitters Serotonin Einfluss auf die Stimmung und das Verhalten hat.<\/p><\/div>\n\t\t\t\t<\/div>\n\t\t\t\t\t\t\t<div class=\"elementor-toggle-item\">\n\t\t\t\t\t<h3 id=\"elementor-tab-title-2614\" class=\"elementor-tab-title\" data-tab=\"4\" role=\"button\" aria-controls=\"elementor-tab-content-2614\" aria-expanded=\"false\">\n\t\t\t\t\t\t\t\t\t\t\t\t<span class=\"elementor-toggle-icon elementor-toggle-icon-left\" aria-hidden=\"true\">\n\t\t\t\t\t\t\t\t\t\t\t\t\t\t\t<span class=\"elementor-toggle-icon-closed\"><i class=\"fas fa-caret-right\"><\/i><\/span>\n\t\t\t\t\t\t\t\t<span class=\"elementor-toggle-icon-opened\"><i class=\"elementor-toggle-icon-opened fas fa-caret-up\"><\/i><\/span>\n\t\t\t\t\t\t\t\t\t\t\t\t\t<\/span>\n\t\t\t\t\t\t\t\t\t\t\t\t<a class=\"elementor-toggle-title\" tabindex=\"0\">Was sind Antioxidantien?<\/a>\n\t\t\t\t\t<\/h3>\n\n\t\t\t\t\t<div id=\"elementor-tab-content-2614\" class=\"elementor-tab-content elementor-clearfix\" data-tab=\"4\" role=\"region\" aria-labelledby=\"elementor-tab-title-2614\"><p>Antioxidantien sch\u00fctzen unseren K\u00f6rper vor negativen \u00e4u\u00dferen Einfl\u00fcssen. Sie fangen oxidative Substanzen, sogenannte freie Radikale ab bevor diese unsere Zellen sch\u00e4digen. Freie Radikale entstehen bei Stress,\u00a0\u00fcberm\u00e4\u00dfiger Sportaus\u00fcbung, aber auch durch Handy- und Computerstrahlung. Zu den nat\u00fcrlichen Antioxidantien z\u00e4hlen Vitamin C und E, Selen sowie Carotinoide.<\/p><\/div>\n\t\t\t\t<\/div>\n\t\t\t\t\t\t\t<div class=\"elementor-toggle-item\">\n\t\t\t\t\t<h3 id=\"elementor-tab-title-2615\" class=\"elementor-tab-title\" data-tab=\"5\" role=\"button\" aria-controls=\"elementor-tab-content-2615\" aria-expanded=\"false\">\n\t\t\t\t\t\t\t\t\t\t\t\t<span class=\"elementor-toggle-icon elementor-toggle-icon-left\" aria-hidden=\"true\">\n\t\t\t\t\t\t\t\t\t\t\t\t\t\t\t<span class=\"elementor-toggle-icon-closed\"><i class=\"fas fa-caret-right\"><\/i><\/span>\n\t\t\t\t\t\t\t\t<span class=\"elementor-toggle-icon-opened\"><i class=\"elementor-toggle-icon-opened fas fa-caret-up\"><\/i><\/span>\n\t\t\t\t\t\t\t\t\t\t\t\t\t<\/span>\n\t\t\t\t\t\t\t\t\t\t\t\t<a class=\"elementor-toggle-title\" tabindex=\"0\">Was ist L-Glutamin?<\/a>\n\t\t\t\t\t<\/h3>\n\n\t\t\t\t\t<div id=\"elementor-tab-content-2615\" class=\"elementor-tab-content elementor-clearfix\" data-tab=\"5\" role=\"region\" aria-labelledby=\"elementor-tab-title-2615\"><p>L-Glutamin geh\u00f6rt zur Gruppe der nicht-essentiellen Aminos\u00e4uren, da der menschliche K\u00f6rper in der Lage ist, diese Aminos\u00e4ure selbst herzustellen.<\/p><p>Der K\u00f6rper ben\u00f6tigt Glutamin vermehrt in Zeiten von Stress, da gro\u00dfe Mengen davon in den durch Stress betroffenen Organen, wie dem Darm und dem Gehirn, vorkommen. Speziell ist L-Glutamin in allen Schleimh\u00e4uten vorhanden, u.a. der Darmschleimhaut, und wird als zentraler Metabolit im Stoffwechsel aller Lebewesen gesehen.<\/p><\/div>\n\t\t\t\t<\/div>\n\t\t\t\t\t\t\t\t<\/div>\n\t\t\t\t\t\t<\/div>\n\t\t\t\t<\/div>\n\t\t\t\t\t<\/div>\n\t\t\t\t<\/div>\n\t\t\t\t\t<\/div>\n\t\t\t\t<\/div>\n\t\t<div class=\"elementor-element elementor-element-f9d2d4a obcs blue e-flex e-con-boxed e-con e-parent\" data-id=\"f9d2d4a\" data-element_type=\"container\">\n\t\t\t\t\t<div class=\"e-con-inner\">\n\t\t<div class=\"elementor-element elementor-element-a592edf obcs none e-flex e-con-boxed e-con e-child\" data-id=\"a592edf\" data-element_type=\"container\">\n\t\t\t\t\t<div class=\"e-con-inner\">\n\t\t\t\t<div class=\"elementor-element elementor-element-a02431f elementor-widget elementor-widget-heading\" data-id=\"a02431f\" data-element_type=\"widget\" data-widget_type=\"heading.default\">\n\t\t\t\t<div class=\"elementor-widget-container\">\n\t\t\t\t\t<h2 class=\"elementor-heading-title elementor-size-default\">Frauengesundheit<\/h2>\t\t\t\t<\/div>\n\t\t\t\t<\/div>\n\t\t\t\t<div class=\"elementor-element elementor-element-cbe6459 elementor-widget elementor-widget-toggle\" data-id=\"cbe6459\" data-element_type=\"widget\" data-widget_type=\"toggle.default\">\n\t\t\t\t<div class=\"elementor-widget-container\">\n\t\t\t\t\t\t\t<div class=\"elementor-toggle\">\n\t\t\t\t\t\t\t<div class=\"elementor-toggle-item\">\n\t\t\t\t\t<h3 id=\"elementor-tab-title-2131\" class=\"elementor-tab-title\" data-tab=\"1\" role=\"button\" aria-controls=\"elementor-tab-content-2131\" aria-expanded=\"false\">\n\t\t\t\t\t\t\t\t\t\t\t\t<span class=\"elementor-toggle-icon elementor-toggle-icon-left\" aria-hidden=\"true\">\n\t\t\t\t\t\t\t\t\t\t\t\t\t\t\t<span class=\"elementor-toggle-icon-closed\"><i class=\"fas fa-caret-right\"><\/i><\/span>\n\t\t\t\t\t\t\t\t<span class=\"elementor-toggle-icon-opened\"><i class=\"elementor-toggle-icon-opened fas fa-caret-up\"><\/i><\/span>\n\t\t\t\t\t\t\t\t\t\t\t\t\t<\/span>\n\t\t\t\t\t\t\t\t\t\t\t\t<a class=\"elementor-toggle-title\" tabindex=\"0\">Was versteht man unter dem Begriff Vaginose?<\/a>\n\t\t\t\t\t<\/h3>\n\n\t\t\t\t\t<div id=\"elementor-tab-content-2131\" class=\"elementor-tab-content elementor-clearfix\" data-tab=\"1\" role=\"region\" aria-labelledby=\"elementor-tab-title-2131\"><p>Als Vaginose bzw. bakterielle Vaginose bezeichnet man eine bakterielle Scheideninfektion bei der die guten, milchs\u00e4ureproduzierenden Laktobazillen verdr\u00e4ngt werden, sich verschiedene pathogene Bakterien (z.B. Gardnerella vaginalis) ansiedeln und das Milieu krankhaft ver\u00e4ndern.<\/p><p>Durch die fr\u00fchzeitige Erkennung und Behandlung der Grunderkrankung (z.B. Alkoholmissbrauch) kann ein weiteres Fortschreiten der Lebersch\u00e4digung meist vermieden werden.<\/p><p><span style=\"text-decoration: underline;\"><a href=\"https:\/\/www.omni-biotic.com\/de-at\/darmgesundheit\/einflussbereiche-des-darms\/scheidenflora\/\">Mehr \u00fcber die Scheidenflora nachlesen &gt;<\/a><\/span><\/p><\/div>\n\t\t\t\t<\/div>\n\t\t\t\t\t\t\t<div class=\"elementor-toggle-item\">\n\t\t\t\t\t<h3 id=\"elementor-tab-title-2132\" class=\"elementor-tab-title\" data-tab=\"2\" role=\"button\" aria-controls=\"elementor-tab-content-2132\" aria-expanded=\"false\">\n\t\t\t\t\t\t\t\t\t\t\t\t<span class=\"elementor-toggle-icon elementor-toggle-icon-left\" aria-hidden=\"true\">\n\t\t\t\t\t\t\t\t\t\t\t\t\t\t\t<span class=\"elementor-toggle-icon-closed\"><i class=\"fas fa-caret-right\"><\/i><\/span>\n\t\t\t\t\t\t\t\t<span class=\"elementor-toggle-icon-opened\"><i class=\"elementor-toggle-icon-opened fas fa-caret-up\"><\/i><\/span>\n\t\t\t\t\t\t\t\t\t\t\t\t\t<\/span>\n\t\t\t\t\t\t\t\t\t\t\t\t<a class=\"elementor-toggle-title\" tabindex=\"0\">Was versteht man unter dem Begriff Vaginalmykose?<\/a>\n\t\t\t\t\t<\/h3>\n\n\t\t\t\t\t<div id=\"elementor-tab-content-2132\" class=\"elementor-tab-content elementor-clearfix\" data-tab=\"2\" role=\"region\" aria-labelledby=\"elementor-tab-title-2132\"><p>Eine Vaginalmykose wird umgangssprachlich als Scheidenpilz bezeichnet. Dabei handelt es sich, wie der Name schon verr\u00e4t, um eine Pilzinfektion im Vaginalbereich. Der h\u00e4ufigste Erreger einer Vaginalmykose ist Candida albicans mit einer Inzidenz von 80 %.<\/p><p><span style=\"text-decoration: underline;\"><a href=\"https:\/\/www.omni-biotic.com\/de-at\/darmgesundheit\/einflussbereiche-des-darms\/scheidenflora\/\">Mehr \u00fcber die Scheidenflora nachlesen &gt;<\/a><\/span><\/p><\/div>\n\t\t\t\t<\/div>\n\t\t\t\t\t\t\t<div class=\"elementor-toggle-item\">\n\t\t\t\t\t<h3 id=\"elementor-tab-title-2133\" class=\"elementor-tab-title\" data-tab=\"3\" role=\"button\" aria-controls=\"elementor-tab-content-2133\" aria-expanded=\"false\">\n\t\t\t\t\t\t\t\t\t\t\t\t<span class=\"elementor-toggle-icon elementor-toggle-icon-left\" aria-hidden=\"true\">\n\t\t\t\t\t\t\t\t\t\t\t\t\t\t\t<span class=\"elementor-toggle-icon-closed\"><i class=\"fas fa-caret-right\"><\/i><\/span>\n\t\t\t\t\t\t\t\t<span class=\"elementor-toggle-icon-opened\"><i class=\"elementor-toggle-icon-opened fas fa-caret-up\"><\/i><\/span>\n\t\t\t\t\t\t\t\t\t\t\t\t\t<\/span>\n\t\t\t\t\t\t\t\t\t\t\t\t<a class=\"elementor-toggle-title\" tabindex=\"0\">Was ist eine Dysurie?<\/a>\n\t\t\t\t\t<\/h3>\n\n\t\t\t\t\t<div id=\"elementor-tab-content-2133\" class=\"elementor-tab-content elementor-clearfix\" data-tab=\"3\" role=\"region\" aria-labelledby=\"elementor-tab-title-2133\"><p>Unter einer Dysurie versteht man eine erschwerte, schmerzhafte Blasenentleerung. Eine unbehandelte oder nicht voll ausgeheilte Dysurie kann chronisch werden.<\/p><\/div>\n\t\t\t\t<\/div>\n\t\t\t\t\t\t\t<div class=\"elementor-toggle-item\">\n\t\t\t\t\t<h3 id=\"elementor-tab-title-2134\" class=\"elementor-tab-title\" data-tab=\"4\" role=\"button\" aria-controls=\"elementor-tab-content-2134\" aria-expanded=\"false\">\n\t\t\t\t\t\t\t\t\t\t\t\t<span class=\"elementor-toggle-icon elementor-toggle-icon-left\" aria-hidden=\"true\">\n\t\t\t\t\t\t\t\t\t\t\t\t\t\t\t<span class=\"elementor-toggle-icon-closed\"><i class=\"fas fa-caret-right\"><\/i><\/span>\n\t\t\t\t\t\t\t\t<span class=\"elementor-toggle-icon-opened\"><i class=\"elementor-toggle-icon-opened fas fa-caret-up\"><\/i><\/span>\n\t\t\t\t\t\t\t\t\t\t\t\t\t<\/span>\n\t\t\t\t\t\t\t\t\t\t\t\t<a class=\"elementor-toggle-title\" tabindex=\"0\">Was ist ein PCO-Syndrom?<\/a>\n\t\t\t\t\t<\/h3>\n\n\t\t\t\t\t<div id=\"elementor-tab-content-2134\" class=\"elementor-tab-content elementor-clearfix\" data-tab=\"4\" role=\"region\" aria-labelledby=\"elementor-tab-title-2134\"><p>Das Polyzystische-Ovarial-Syndrom ist eine der h\u00e4ufigsten Stoffwechselerkrankungen junger Frauen. Wer am PCO-Syndrom erkrankt ist, leidet zumeist unter Zyklusst\u00f6rungen, starken Menstruationsbeschwerden, vermehrten m\u00e4nnlichen Sexualhormonen (Androgene), Schlafst\u00f6rungen, Gewichtsproblemen, vergr\u00f6\u00dferten Eierst\u00f6cken mit zahlreichen Follikeln, eingeschr\u00e4nkter Fruchtbarkeit, etc..<\/p><p>Die Therapie beim PCO-Syndrom orientier sich stark an den Symptomen. Ziel der Behandlung ist es, jene Beschwerden zu lindern, welche die Patientin am st\u00e4rksten belasten und zugleich Folgeerkrankungen, wie Diabetes mellitus Typ II, metabolisches Syndrom und Geb\u00e4rmutterhalskrebs, zu verhindern.<\/p><\/div>\n\t\t\t\t<\/div>\n\t\t\t\t\t\t\t<div class=\"elementor-toggle-item\">\n\t\t\t\t\t<h3 id=\"elementor-tab-title-2135\" class=\"elementor-tab-title\" data-tab=\"5\" role=\"button\" aria-controls=\"elementor-tab-content-2135\" aria-expanded=\"false\">\n\t\t\t\t\t\t\t\t\t\t\t\t<span class=\"elementor-toggle-icon elementor-toggle-icon-left\" aria-hidden=\"true\">\n\t\t\t\t\t\t\t\t\t\t\t\t\t\t\t<span class=\"elementor-toggle-icon-closed\"><i class=\"fas fa-caret-right\"><\/i><\/span>\n\t\t\t\t\t\t\t\t<span class=\"elementor-toggle-icon-opened\"><i class=\"elementor-toggle-icon-opened fas fa-caret-up\"><\/i><\/span>\n\t\t\t\t\t\t\t\t\t\t\t\t\t<\/span>\n\t\t\t\t\t\t\t\t\t\t\t\t<a class=\"elementor-toggle-title\" tabindex=\"0\">Was ist eine Endometriose?<\/a>\n\t\t\t\t\t<\/h3>\n\n\t\t\t\t\t<div id=\"elementor-tab-content-2135\" class=\"elementor-tab-content elementor-clearfix\" data-tab=\"5\" role=\"region\" aria-labelledby=\"elementor-tab-title-2135\"><p>Eine Endometriose ist eine chronische Erkrankung die im K\u00f6rper der Frau zu einer Ver\u00e4nderung f\u00fchrt. Im Normalfall baut sich im Verlauf des monatlichen Zyklus in der Geb\u00e4rmutter eine Schleimhaut (Endometrium) auf und wieder ab. Im Falle einer Endometriose w\u00e4chst diese Geb\u00e4rmutterschleimhaut jedoch au\u00dferhalb der Geb\u00e4rmutterh\u00f6hle \u2013 meist im kleinen Becken \u2013 und l\u00f6st Verklebungen, Schmerzen und Unfruchtbarkeit aus. Dieses schleimhaut\u00e4hnliche Gewebe verh\u00e4lt sich au\u00dferhalb gleich wie in der Geb\u00e4rmutter und w\u00e4chst und blutet unter Einfluss der weiblichen Geschlechtshormone.<\/p><\/div>\n\t\t\t\t<\/div>\n\t\t\t\t\t\t\t\t<\/div>\n\t\t\t\t\t\t<\/div>\n\t\t\t\t<\/div>\n\t\t\t\t\t<\/div>\n\t\t\t\t<\/div>\n\t\t\t\t\t<\/div>\n\t\t\t\t<\/div>\n\t\t<div class=\"elementor-element elementor-element-418bfb8 obcs blue e-flex e-con-boxed e-con e-parent\" data-id=\"418bfb8\" data-element_type=\"container\">\n\t\t\t\t\t<div class=\"e-con-inner\">\n\t\t<div class=\"elementor-element elementor-element-598a857 obcs none e-flex e-con-boxed e-con e-child\" data-id=\"598a857\" data-element_type=\"container\">\n\t\t\t\t\t<div class=\"e-con-inner\">\n\t\t\t\t<div class=\"elementor-element elementor-element-47ebe6b elementor-widget elementor-widget-heading\" data-id=\"47ebe6b\" data-element_type=\"widget\" data-widget_type=\"heading.default\">\n\t\t\t\t<div class=\"elementor-widget-container\">\n\t\t\t\t\t<h2 class=\"elementor-heading-title elementor-size-default\">Diabetes und metabolisches Syndrom<\/h2>\t\t\t\t<\/div>\n\t\t\t\t<\/div>\n\t\t\t\t<div class=\"elementor-element elementor-element-505d8c9 elementor-widget elementor-widget-toggle\" data-id=\"505d8c9\" data-element_type=\"widget\" data-widget_type=\"toggle.default\">\n\t\t\t\t<div class=\"elementor-widget-container\">\n\t\t\t\t\t\t\t<div class=\"elementor-toggle\">\n\t\t\t\t\t\t\t<div class=\"elementor-toggle-item\">\n\t\t\t\t\t<h3 id=\"elementor-tab-title-8421\" class=\"elementor-tab-title\" data-tab=\"1\" role=\"button\" aria-controls=\"elementor-tab-content-8421\" aria-expanded=\"false\">\n\t\t\t\t\t\t\t\t\t\t\t\t<span class=\"elementor-toggle-icon elementor-toggle-icon-left\" aria-hidden=\"true\">\n\t\t\t\t\t\t\t\t\t\t\t\t\t\t\t<span class=\"elementor-toggle-icon-closed\"><i class=\"fas fa-caret-right\"><\/i><\/span>\n\t\t\t\t\t\t\t\t<span class=\"elementor-toggle-icon-opened\"><i class=\"elementor-toggle-icon-opened fas fa-caret-up\"><\/i><\/span>\n\t\t\t\t\t\t\t\t\t\t\t\t\t<\/span>\n\t\t\t\t\t\t\t\t\t\t\t\t<a class=\"elementor-toggle-title\" tabindex=\"0\">Was sind Triglyceride?<\/a>\n\t\t\t\t\t<\/h3>\n\n\t\t\t\t\t<div id=\"elementor-tab-content-8421\" class=\"elementor-tab-content elementor-clearfix\" data-tab=\"1\" role=\"region\" aria-labelledby=\"elementor-tab-title-8421\"><p>Triglyceride geh\u00f6ren zur Gruppe der Nahrungsfette und z\u00e4hlen zu den wichtigsten Energiespeichern im K\u00f6rper. Die Triglyceride im Blut stammen aus der Nahrung sowie dem Fettstoffwechsel und werden im medizinischen Bereich bei der Erstellung einer Blutanalyse gemessen. Erh\u00f6hte Triglyceridwerte k\u00f6nnen auf eine Fettstoffwechselst\u00f6rung oder Erkrankungen wie eine Hypothyreose hindeuten. Speziell in Kombination mit einem erh\u00f6hten Cholesterinspiegel stellen erh\u00f6hte Triglyceridwerte einen kardiovaskul\u00e4ren Risikofaktor dar.<\/p><\/div>\n\t\t\t\t<\/div>\n\t\t\t\t\t\t\t<div class=\"elementor-toggle-item\">\n\t\t\t\t\t<h3 id=\"elementor-tab-title-8422\" class=\"elementor-tab-title\" data-tab=\"2\" role=\"button\" aria-controls=\"elementor-tab-content-8422\" aria-expanded=\"false\">\n\t\t\t\t\t\t\t\t\t\t\t\t<span class=\"elementor-toggle-icon elementor-toggle-icon-left\" aria-hidden=\"true\">\n\t\t\t\t\t\t\t\t\t\t\t\t\t\t\t<span class=\"elementor-toggle-icon-closed\"><i class=\"fas fa-caret-right\"><\/i><\/span>\n\t\t\t\t\t\t\t\t<span class=\"elementor-toggle-icon-opened\"><i class=\"elementor-toggle-icon-opened fas fa-caret-up\"><\/i><\/span>\n\t\t\t\t\t\t\t\t\t\t\t\t\t<\/span>\n\t\t\t\t\t\t\t\t\t\t\t\t<a class=\"elementor-toggle-title\" tabindex=\"0\">Was ist Adiponektin?<\/a>\n\t\t\t\t\t<\/h3>\n\n\t\t\t\t\t<div id=\"elementor-tab-content-8422\" class=\"elementor-tab-content elementor-clearfix\" data-tab=\"2\" role=\"region\" aria-labelledby=\"elementor-tab-title-8422\"><p>Adiponektin ist ein Gewebshormon, welches von Fettzellen (Adipozyten) sezerniert wird und in unterschiedlichen Formen vorkommt, die unterschiedliche Wirkungen auf den Lipid- und Glukosestoffwechsel haben. Insbesondere erh\u00f6ht Adiponektin die Empfindlichkeit des Zielgewebes auf Insulin. Die Fehlregulation dieses Hormons scheint eine wichtige Rolle bei der Entstehung des metabolischen Syndroms zu spielen.<\/p><\/div>\n\t\t\t\t<\/div>\n\t\t\t\t\t\t\t<div class=\"elementor-toggle-item\">\n\t\t\t\t\t<h3 id=\"elementor-tab-title-8423\" class=\"elementor-tab-title\" data-tab=\"3\" role=\"button\" aria-controls=\"elementor-tab-content-8423\" aria-expanded=\"false\">\n\t\t\t\t\t\t\t\t\t\t\t\t<span class=\"elementor-toggle-icon elementor-toggle-icon-left\" aria-hidden=\"true\">\n\t\t\t\t\t\t\t\t\t\t\t\t\t\t\t<span class=\"elementor-toggle-icon-closed\"><i class=\"fas fa-caret-right\"><\/i><\/span>\n\t\t\t\t\t\t\t\t<span class=\"elementor-toggle-icon-opened\"><i class=\"elementor-toggle-icon-opened fas fa-caret-up\"><\/i><\/span>\n\t\t\t\t\t\t\t\t\t\t\t\t\t<\/span>\n\t\t\t\t\t\t\t\t\t\t\t\t<a class=\"elementor-toggle-title\" tabindex=\"0\">Wann spricht man von einer Insulinresistenz?<\/a>\n\t\t\t\t\t<\/h3>\n\n\t\t\t\t\t<div id=\"elementor-tab-content-8423\" class=\"elementor-tab-content elementor-clearfix\" data-tab=\"3\" role=\"region\" aria-labelledby=\"elementor-tab-title-8423\"><p>Insulin ist ein Peptidhormon, dass die Aufnahme von Glucose in K\u00f6rperzellen reguliert. Erh\u00f6ht sich der Glucosespiegel im Blut wird vermehrt Insulin in der Bauchspeicheldr\u00fcse gebildet, ins Blut abgegeben und der Blutzuckerspiegel kann gesenkt werden.<\/p><p>Die Insulinresistenz ist gekennzeichnet durch das gleichzeitige Auftreten eines erh\u00f6hten Insulinspiegels und eines erh\u00f6hten Blutglucosespiegels. Zwar w\u00e4re gen\u00fcgend Insulin vorhanden um z.B. die erh\u00f6hten Mengen Glucose aus dem Blut in die Zellen abzutransportieren, die Wirkung des Insulins reicht jedoch nicht aus.<\/p><p>Daher versteht man zusammengefasst unter Insulinresistenz den Zustand einer verminderten Insulinwirkung am Zielorgan.<\/p><\/div>\n\t\t\t\t<\/div>\n\t\t\t\t\t\t\t<div class=\"elementor-toggle-item\">\n\t\t\t\t\t<h3 id=\"elementor-tab-title-8424\" class=\"elementor-tab-title\" data-tab=\"4\" role=\"button\" aria-controls=\"elementor-tab-content-8424\" aria-expanded=\"false\">\n\t\t\t\t\t\t\t\t\t\t\t\t<span class=\"elementor-toggle-icon elementor-toggle-icon-left\" aria-hidden=\"true\">\n\t\t\t\t\t\t\t\t\t\t\t\t\t\t\t<span class=\"elementor-toggle-icon-closed\"><i class=\"fas fa-caret-right\"><\/i><\/span>\n\t\t\t\t\t\t\t\t<span class=\"elementor-toggle-icon-opened\"><i class=\"elementor-toggle-icon-opened fas fa-caret-up\"><\/i><\/span>\n\t\t\t\t\t\t\t\t\t\t\t\t\t<\/span>\n\t\t\t\t\t\t\t\t\t\t\t\t<a class=\"elementor-toggle-title\" tabindex=\"0\">Was ist ein metabolisches Syndrom?<\/a>\n\t\t\t\t\t<\/h3>\n\n\t\t\t\t\t<div id=\"elementor-tab-content-8424\" class=\"elementor-tab-content elementor-clearfix\" data-tab=\"4\" role=\"region\" aria-labelledby=\"elementor-tab-title-8424\"><p>Metabolisches Syndrom ist der \u00dcberbegriff f\u00fcr das gleichzeitige Auftreten mehrerer Symptome bzw. Krankheitsbilder:<\/p><ul><li>Starkes \u00dcbergewicht mit bauchbetonter Fetteinlagerung<\/li><li>Fettstoffwechselst\u00f6rung<\/li><li>Bluthochdruck<\/li><li>erh\u00f6hter Blutzuckerspiegel (gest\u00f6rter Zuckerstoffwechsel in Form einer Insulinresistenz)<\/li><\/ul><p><br \/>Das metabolische Syndrom stellt einen entscheidenden Risikofaktor f\u00fcr Erkrankungen der Blutgef\u00e4\u00dfe, im speziellen der Herzkranzgef\u00e4\u00dfe dar, weshalb Betroffene als Hochrisikopatienten f\u00fcr Herz-Kreislauferkrankungen gelten.<\/p><\/div>\n\t\t\t\t<\/div>\n\t\t\t\t\t\t\t\t<\/div>\n\t\t\t\t\t\t<\/div>\n\t\t\t\t<\/div>\n\t\t\t\t\t<\/div>\n\t\t\t\t<\/div>\n\t\t\t\t\t<\/div>\n\t\t\t\t<\/div>\n\t\t\t\t<section class=\"elementor-section elementor-top-section elementor-element elementor-element-1ccd61ce elementor-section-boxed elementor-section-height-default elementor-section-height-default\" data-id=\"1ccd61ce\" data-element_type=\"section\" data-settings=\"{&quot;background_background&quot;:&quot;classic&quot;,&quot;shape_divider_top&quot;:&quot;waves&quot;,&quot;shape_divider_bottom&quot;:&quot;waves&quot;}\">\n\t\t\t\t\t\t\t<div class=\"elementor-background-overlay\"><\/div>\n\t\t\t\t\t\t<div class=\"elementor-shape elementor-shape-top\" aria-hidden=\"true\" data-negative=\"false\">\n\t\t\t<svg xmlns=\"http:\/\/www.w3.org\/2000\/svg\" viewBox=\"0 0 1000 100\" preserveAspectRatio=\"none\">\n\t<path class=\"elementor-shape-fill\" d=\"M421.9,6.5c22.6-2.5,51.5,0.4,75.5,5.3c23.6,4.9,70.9,23.5,100.5,35.7c75.8,32.2,133.7,44.5,192.6,49.7\n\tc23.6,2.1,48.7,3.5,103.4-2.5c54.7-6,106.2-25.6,106.2-25.6V0H0v30.3c0,0,72,32.6,158.4,30.5c39.2-0.7,92.8-6.7,134-22.4\n\tc21.2-8.1,52.2-18.2,79.7-24.2C399.3,7.9,411.6,7.5,421.9,6.5z\"\/>\n<\/svg>\t\t<\/div>\n\t\t\t\t<div class=\"elementor-shape elementor-shape-bottom\" aria-hidden=\"true\" data-negative=\"false\">\n\t\t\t<svg xmlns=\"http:\/\/www.w3.org\/2000\/svg\" viewBox=\"0 0 1000 100\" preserveAspectRatio=\"none\">\n\t<path class=\"elementor-shape-fill\" d=\"M421.9,6.5c22.6-2.5,51.5,0.4,75.5,5.3c23.6,4.9,70.9,23.5,100.5,35.7c75.8,32.2,133.7,44.5,192.6,49.7\n\tc23.6,2.1,48.7,3.5,103.4-2.5c54.7-6,106.2-25.6,106.2-25.6V0H0v30.3c0,0,72,32.6,158.4,30.5c39.2-0.7,92.8-6.7,134-22.4\n\tc21.2-8.1,52.2-18.2,79.7-24.2C399.3,7.9,411.6,7.5,421.9,6.5z\"\/>\n<\/svg>\t\t<\/div>\n\t\t\t\t\t<div class=\"elementor-container elementor-column-gap-default\">\n\t\t\t\t\t<div class=\"elementor-column elementor-col-100 elementor-top-column elementor-element elementor-element-7dd85d3a\" data-id=\"7dd85d3a\" data-element_type=\"column\">\n\t\t\t<div class=\"elementor-widget-wrap elementor-element-populated\">\n\t\t\t\t\t\t<div class=\"elementor-element elementor-element-1675a6f3 elementor-widget elementor-widget-heading\" data-id=\"1675a6f3\" data-element_type=\"widget\" data-widget_type=\"heading.default\">\n\t\t\t\t<div class=\"elementor-widget-container\">\n\t\t\t\t\t<span class=\"elementor-heading-title elementor-size-default\">Welches Produkt passt zu Ihnen?<\/span>\t\t\t\t<\/div>\n\t\t\t\t<\/div>\n\t\t\t\t<div class=\"elementor-element elementor-element-74a8bd47 elementor-widget elementor-widget-heading\" data-id=\"74a8bd47\" data-element_type=\"widget\" data-widget_type=\"heading.default\">\n\t\t\t\t<div class=\"elementor-widget-container\">\n\t\t\t\t\t<h2 class=\"elementor-heading-title elementor-size-default\">Produktberater<\/h2>\t\t\t\t<\/div>\n\t\t\t\t<\/div>\n\t\t\t\t<div class=\"elementor-element elementor-element-25a48546 elementor-widget-divider--view-line elementor-widget elementor-widget-divider\" data-id=\"25a48546\" data-element_type=\"widget\" data-widget_type=\"divider.default\">\n\t\t\t\t<div class=\"elementor-widget-container\">\n\t\t\t\t\t\t\t<div class=\"elementor-divider\">\n\t\t\t<span class=\"elementor-divider-separator\">\n\t\t\t\t\t\t<\/span>\n\t\t<\/div>\n\t\t\t\t\t\t<\/div>\n\t\t\t\t<\/div>\n\t\t\t\t<div class=\"elementor-element elementor-element-7b74b318 elementor-widget elementor-widget-text-editor\" data-id=\"7b74b318\" data-element_type=\"widget\" data-widget_type=\"text-editor.default\">\n\t\t\t\t<div class=\"elementor-widget-container\">\n\t\t\t\t\t\t\t\t\t<p>Sie suchen das richtige Multispezies-Probiotikum f\u00fcr Ihre Probleme? Oder m\u00f6chten gezielt Vitamine und Mineralstoffe zu sich nehmen? Dann probieren Sie unseren Produktberater!<\/p>\t\t\t\t\t\t\t\t<\/div>\n\t\t\t\t<\/div>\n\t\t\t\t<div class=\"elementor-element elementor-element-14834e63 elementor-align-center elementor-widget elementor-widget-button\" data-id=\"14834e63\" data-element_type=\"widget\" data-widget_type=\"button.default\">\n\t\t\t\t<div class=\"elementor-widget-container\">\n\t\t\t\t\t\t\t\t\t<div class=\"elementor-button-wrapper\">\n\t\t\t\t\t<a class=\"elementor-button elementor-button-link elementor-size-md\" href=\"#\">\n\t\t\t\t\t\t<span class=\"elementor-button-content-wrapper\">\n\t\t\t\t\t\t\t\t\t<span class=\"elementor-button-text\">Zum Produktberater<\/span>\n\t\t\t\t\t<\/span>\n\t\t\t\t\t<\/a>\n\t\t\t\t<\/div>\n\t\t\t\t\t\t\t\t<\/div>\n\t\t\t\t<\/div>\n\t\t\t\t\t<\/div>\n\t\t<\/div>\n\t\t\t\t\t<\/div>\n\t\t<\/section>\n\t\t\t\t<\/div>\n\t\t","protected":false},"excerpt":{"rendered":"<p>Darm-Wiki Als Kompetenzzentrum der Mikrobiomforschung, ist es uns unter anderem ein besonderes Anliegen, das Fachwissen mit Ihnen zu teilen. Damit keine Fragen offen bleiben,\u00a0 haben wir hier f\u00fcr Sie medizinische Begriffe auf wissenschaftlicher Basis erkl\u00e4rt. Home Inhaltsverzeichnis Darmbakterien \/ Darmgesundheit Was sind Mikroorganismen \/ Mikroben? = mikroskopisch kleine Organismen Mikroorganismen sind Kleinstlebewesen, die aus einzelnen [&hellip;]<\/p>\n","protected":false},"author":7,"featured_media":0,"parent":0,"menu_order":0,"comment_status":"closed","ping_status":"closed","template":"","meta":{"_acf_changed":false,"inline_featured_image":false,"footnotes":""},"class_list":["post-18076","page","type-page","status-publish","hentry"],"acf":[],"_links":{"self":[{"href":"https:\/\/www.omni-biotic.com\/de-at\/wp-json\/wp\/v2\/pages\/18076","targetHints":{"allow":["GET"]}}],"collection":[{"href":"https:\/\/www.omni-biotic.com\/de-at\/wp-json\/wp\/v2\/pages"}],"about":[{"href":"https:\/\/www.omni-biotic.com\/de-at\/wp-json\/wp\/v2\/types\/page"}],"author":[{"embeddable":true,"href":"https:\/\/www.omni-biotic.com\/de-at\/wp-json\/wp\/v2\/users\/7"}],"replies":[{"embeddable":true,"href":"https:\/\/www.omni-biotic.com\/de-at\/wp-json\/wp\/v2\/comments?post=18076"}],"version-history":[{"count":7,"href":"https:\/\/www.omni-biotic.com\/de-at\/wp-json\/wp\/v2\/pages\/18076\/revisions"}],"predecessor-version":[{"id":35976,"href":"https:\/\/www.omni-biotic.com\/de-at\/wp-json\/wp\/v2\/pages\/18076\/revisions\/35976"}],"wp:attachment":[{"href":"https:\/\/www.omni-biotic.com\/de-at\/wp-json\/wp\/v2\/media?parent=18076"}],"curies":[{"name":"wp","href":"https:\/\/api.w.org\/{rel}","templated":true}]}}