{"id":87,"date":"2022-03-07T10:07:28","date_gmt":"2022-03-07T09:07:28","guid":{"rendered":"https:\/\/www.omni-biotic.com\/ueber-uns\/fortbildungen\/blog\/"},"modified":"2025-04-24T13:48:04","modified_gmt":"2025-04-24T11:48:04","slug":"blog","status":"publish","type":"page","link":"https:\/\/www.omni-biotic.com\/de-at\/blog\/","title":{"rendered":"Blog"},"content":{"rendered":"\t\t<div data-elementor-type=\"wp-page\" data-elementor-id=\"87\" class=\"elementor elementor-87\" data-elementor-post-type=\"page\">\n\t\t\t\t<div class=\"elementor-element elementor-element-6c2864f obcs none e-flex e-con-boxed e-con e-parent\" data-id=\"6c2864f\" data-element_type=\"container\" data-settings=\"{&quot;background_background&quot;:&quot;classic&quot;,&quot;shape_divider_bottom&quot;:&quot;waves&quot;}\">\n\t\t\t\t\t<div class=\"e-con-inner\">\n\t\t\t\t<div class=\"elementor-shape elementor-shape-bottom\" aria-hidden=\"true\" data-negative=\"false\">\n\t\t\t<svg xmlns=\"http:\/\/www.w3.org\/2000\/svg\" viewBox=\"0 0 1000 100\" preserveAspectRatio=\"none\">\n\t<path class=\"elementor-shape-fill\" d=\"M421.9,6.5c22.6-2.5,51.5,0.4,75.5,5.3c23.6,4.9,70.9,23.5,100.5,35.7c75.8,32.2,133.7,44.5,192.6,49.7\n\tc23.6,2.1,48.7,3.5,103.4-2.5c54.7-6,106.2-25.6,106.2-25.6V0H0v30.3c0,0,72,32.6,158.4,30.5c39.2-0.7,92.8-6.7,134-22.4\n\tc21.2-8.1,52.2-18.2,79.7-24.2C399.3,7.9,411.6,7.5,421.9,6.5z\"\/>\n<\/svg>\t\t<\/div>\n\t\t<div class=\"elementor-element elementor-element-b468bff e-con-full obcs none e-flex e-con e-child\" data-id=\"b468bff\" data-element_type=\"container\">\n\t\t\t\t<div class=\"elementor-element elementor-element-f4d4c85 elementor-widget elementor-widget-heading\" data-id=\"f4d4c85\" data-element_type=\"widget\" data-widget_type=\"heading.default\">\n\t\t\t\t<div class=\"elementor-widget-container\">\n\t\t\t\t\t<div class=\"elementor-heading-title elementor-size-default\">Immer topaktuell informiert!<\/div>\t\t\t\t<\/div>\n\t\t\t\t<\/div>\n\t\t\t\t<div class=\"elementor-element elementor-element-047c768 elementor-widget elementor-widget-heading\" data-id=\"047c768\" data-element_type=\"widget\" data-widget_type=\"heading.default\">\n\t\t\t\t<div class=\"elementor-widget-container\">\n\t\t\t\t\t<h1 class=\"elementor-heading-title elementor-size-default\">Unser OMNi-BiOTiC\u00ae Blog<\/h1>\t\t\t\t<\/div>\n\t\t\t\t<\/div>\n\t\t\t\t<div class=\"elementor-element elementor-element-8ea1561 elementor-widget elementor-widget-li-widgets--posts-gallery-filter\" data-id=\"8ea1561\" data-element_type=\"widget\" data-widget_type=\"li-widgets--posts-gallery-filter.default\">\n\t\t\t\t<div class=\"elementor-widget-container\">\n\t\t\t\t\t<div class=\"li-widgets--posts-gallery-filter\">\n    <form class=\"li-widgets--posts-gallery-filter__form\">\n        <div class=\"li-widgets--posts-gallery-filter__form-search\">\n            <input type=\"hidden\" name=\"cur\" value=\"1\"\/>\n            <input type=\"text\" name=\"search\" value=\"\" placeholder=\"Durchsuchen\u2026\"\/>\n        <\/div>\n        <div class=\"li-widgets--posts-gallery-filter__form-category\">\n            <select name=\"category\">\n                <option value=\"\">Alle Kategorien anzeigen<\/option>\n                                    <option value=\"1\" >Allgemein                        (35)\n                    <\/option>\n                                    <option value=\"108\" >Beschwerden &amp; Ratgeber                        (170)\n                    <\/option>\n                                    <option value=\"110\" >Ern\u00e4hrung &amp; Rezepte                        (116)\n                    <\/option>\n                                    <option value=\"111\" >Frauengesundheit                        (28)\n                    <\/option>\n                                    <option value=\"112\" >Institut AllergoSan                        (34)\n                    <\/option>\n                                    <option value=\"114\" >Kochen mit Probiotika                        (23)\n                    <\/option>\n                                    <option value=\"107\" >Mutter &amp; Kind                        (44)\n                    <\/option>\n                                    <option value=\"109\" >Neues aus der Forschung                        (192)\n                    <\/option>\n                                    <option value=\"139\" >POWER-Team                        (12)\n                    <\/option>\n                                    <option value=\"113\" >Reisetipps                        (8)\n                    <\/option>\n                                    <option value=\"140\" >Tiergesundheit                        (7)\n                    <\/option>\n                            <\/select>\n        <\/div>\n        <div class=\"li-widgets--posts-gallery-filter__form-reset\">\n            <input type=\"reset\" value=\"Filter r\u00fccksetzen\"\/>\n        <\/div>\n    <\/form>\n<\/div>\n\t\t\t\t<\/div>\n\t\t\t\t<\/div>\n\t\t\t\t<\/div>\n\t\t\t\t\t<\/div>\n\t\t\t\t<\/div>\n\t\t<div class=\"elementor-element elementor-element-a0aa125 obcs none e-flex e-con-boxed e-con e-parent\" data-id=\"a0aa125\" data-element_type=\"container\">\n\t\t\t\t\t<div class=\"e-con-inner\">\n\t\t\t\t<div class=\"elementor-element elementor-element-16db51b elementor-widget elementor-widget-li-widgets--posts-gallery\" data-id=\"16db51b\" data-element_type=\"widget\" data-widget_type=\"li-widgets--posts-gallery.default\">\n\t\t\t\t<div class=\"elementor-widget-container\">\n\t\t\t\t\t    \n<div class=\"li-widgets--posts-gallery__pagination\" data-post-id=\"87\">\n\n    <div class=\"li-widgets--posts-gallery__pagination-results\">\n        1-27 von 451 Ergebnissen    <\/div>\n    <div class=\"li-widgets--posts-gallery__pagination-pages\">\n        Seite 1 von 17    <\/div>\n    <div class=\"li-widgets--posts-gallery__pagination-url\">\n                            <a href=\"#\" data-href=\"https:\/\/www.omni-biotic.com\/de-at\/wp-json\/wp\/v2\/pages\/87\/?search&category=0&cur=1\">1<\/a>\n                    <a href=\"#\" data-href=\"https:\/\/www.omni-biotic.com\/de-at\/wp-json\/wp\/v2\/pages\/87\/?search&category=0&cur=2\">2<\/a>\n                    <a href=\"#\" data-href=\"https:\/\/www.omni-biotic.com\/de-at\/wp-json\/wp\/v2\/pages\/87\/?search&category=0&cur=3\">3<\/a>\n                            <a href=\"#\" data-href=\"https:\/\/www.omni-biotic.com\/de-at\/wp-json\/wp\/v2\/pages\/87\/?search&category=0&cur=17\">\u00bb<\/a>\n            <\/div>\n<\/div>\n<div class=\"li-widgets--posts-gallery blog\">\n                    <a href=\"https:\/\/www.omni-biotic.com\/de-at\/blog\/durchfall-waehrend-der-periode-und-die-rolle-des-darm-mikrobioms\/\" class=\"li-widgets--posts-gallery__post\">\n            <div class=\"post--image__container\">\n                <div class=\"post--image\">\n                    <img fetchpriority=\"high\" decoding=\"async\" width=\"768\" height=\"512\" src=\"https:\/\/www.omni-biotic.com\/de-at\/wp-content\/uploads\/sites\/2\/2026\/04\/width_1600-768x512.jpg\" class=\"attachment-medium_large size-medium_large wp-post-image\" alt=\"\" srcset=\"https:\/\/www.omni-biotic.com\/de-at\/wp-content\/uploads\/sites\/2\/2026\/04\/width_1600-768x512.jpg 768w, https:\/\/www.omni-biotic.com\/de-at\/wp-content\/uploads\/sites\/2\/2026\/04\/width_1600-300x200.jpg 300w, https:\/\/www.omni-biotic.com\/de-at\/wp-content\/uploads\/sites\/2\/2026\/04\/width_1600-1024x683.jpg 1024w, https:\/\/www.omni-biotic.com\/de-at\/wp-content\/uploads\/sites\/2\/2026\/04\/width_1600-1536x1024.jpg 1536w, https:\/\/www.omni-biotic.com\/de-at\/wp-content\/uploads\/sites\/2\/2026\/04\/width_1600.jpg 1599w\" sizes=\"(max-width: 768px) 100vw, 768px\" title=\"\">                <\/div>\n            <\/div>\n            <div class=\"post--teaser\">\n                <div class=\"title\">Durchfall w\u00e4hrend der Periode und die Rolle des Darm-Mikrobioms<\/div>\n                <div class=\"description\">\n                    Viele Frauen kennen es. Rund um die Periode spielt die Verdauung verr\u00fcckt. Besonders Durchf\u00e4lle sind\u2026                    <br>\n                    <span class=\"read-more\">\n                            weiterlesen                        <\/span>\n                <\/div>\n                <div class=\"metadata\"><b>Zuletzt aktualisiert:<\/b> 29. April 2026 \u2022 <b>Kategorien:<\/b> Beschwerden &amp; Ratgeber, Frauengesundheit \u2022 <b>Autor:<\/b> Zuzana Mikulova<\/div>\n            <\/div>\n        <\/a>\n                <a href=\"https:\/\/www.omni-biotic.com\/de-at\/blog\/babys-bakterielle-gesundheitsbasis\/\" class=\"li-widgets--posts-gallery__post\">\n            <div class=\"post--image__container\">\n                <div class=\"post--image\">\n                    <img decoding=\"async\" width=\"768\" height=\"549\" src=\"https:\/\/www.omni-biotic.com\/de-at\/wp-content\/uploads\/sites\/2\/2023\/06\/1190x850-babys-bakterielle-gesundheitsbasis-bg13-blog-2-768x549.jpg\" class=\"attachment-medium_large size-medium_large wp-post-image\" alt=\"Ein ausgeglichenes Darmmikrobiom f\u00f6rdert die optimale Reifung des kindlichen Immunsystems.\" srcset=\"https:\/\/www.omni-biotic.com\/de-at\/wp-content\/uploads\/sites\/2\/2023\/06\/1190x850-babys-bakterielle-gesundheitsbasis-bg13-blog-2-768x549.jpg 768w, https:\/\/www.omni-biotic.com\/de-at\/wp-content\/uploads\/sites\/2\/2023\/06\/1190x850-babys-bakterielle-gesundheitsbasis-bg13-blog-2-300x214.jpg 300w, https:\/\/www.omni-biotic.com\/de-at\/wp-content\/uploads\/sites\/2\/2023\/06\/1190x850-babys-bakterielle-gesundheitsbasis-bg13-blog-2-1024x731.jpg 1024w, https:\/\/www.omni-biotic.com\/de-at\/wp-content\/uploads\/sites\/2\/2023\/06\/1190x850-babys-bakterielle-gesundheitsbasis-bg13-blog-2.jpg 1190w\" sizes=\"(max-width: 768px) 100vw, 768px\" title=\"\">                <\/div>\n            <\/div>\n            <div class=\"post--teaser\">\n                <div class=\"title\">Das Darm-Mikrobiom eines Babys<\/div>\n                <div class=\"description\">\n                    Dass die bakterielle Besiedelung von Babys Darm mit den richtigen Symbionten nicht nur f\u00fcr die\u2026                    <br>\n                    <span class=\"read-more\">\n                            weiterlesen                        <\/span>\n                <\/div>\n                <div class=\"metadata\"><b>Zuletzt aktualisiert:<\/b> 27. April 2026 \u2022 <b>Kategorien:<\/b> Mutter &amp; Kind, Neues aus der Forschung \u2022 <b>Autor:<\/b> Dr. Verena Stiegelbaur, MSc, BSc<\/div>\n            <\/div>\n        <\/a>\n                <a href=\"https:\/\/www.omni-biotic.com\/de-at\/blog\/was-machen-abfuehrmittel-mit-unserem-darm\/\" class=\"li-widgets--posts-gallery__post\">\n            <div class=\"post--image__container\">\n                <div class=\"post--image\">\n                    <img decoding=\"async\" width=\"768\" height=\"720\" src=\"https:\/\/www.omni-biotic.com\/de-at\/wp-content\/uploads\/sites\/2\/2026\/03\/OB_WOMAN_Floraplus_Sachet-2-1-e1773222863163-768x720.png\" class=\"attachment-medium_large size-medium_large wp-post-image\" alt=\"\" srcset=\"https:\/\/www.omni-biotic.com\/de-at\/wp-content\/uploads\/sites\/2\/2026\/03\/OB_WOMAN_Floraplus_Sachet-2-1-e1773222863163-768x720.png 768w, https:\/\/www.omni-biotic.com\/de-at\/wp-content\/uploads\/sites\/2\/2026\/03\/OB_WOMAN_Floraplus_Sachet-2-1-e1773222863163-300x281.png 300w, https:\/\/www.omni-biotic.com\/de-at\/wp-content\/uploads\/sites\/2\/2026\/03\/OB_WOMAN_Floraplus_Sachet-2-1-e1773222863163-1024x960.png 1024w, https:\/\/www.omni-biotic.com\/de-at\/wp-content\/uploads\/sites\/2\/2026\/03\/OB_WOMAN_Floraplus_Sachet-2-1-e1773222863163.png 1073w\" sizes=\"(max-width: 768px) 100vw, 768px\" title=\"\">                <\/div>\n            <\/div>\n            <div class=\"post--teaser\">\n                <div class=\"title\">Was machen Abf\u00fchrmittel mit unserem Darm-Mikrobiom?<\/div>\n                <div class=\"description\">\n                    Abf\u00fchrmittel \u2013 medizinisch \u201eLaxantien\u201c genannt \u2013 gelten f\u00fcr viele Menschen als unkomplizierte L\u00f6sung bei Verstopfung.\u2026                    <br>\n                    <span class=\"read-more\">\n                            weiterlesen                        <\/span>\n                <\/div>\n                <div class=\"metadata\"><b>Zuletzt aktualisiert:<\/b> 11. M\u00e4rz 2026 \u2022 <b>Kategorien:<\/b> Allgemein, Beschwerden &amp; Ratgeber \u2022 <b>Autor:<\/b> Zuzana Mikulova<\/div>\n            <\/div>\n        <\/a>\n                <a href=\"https:\/\/www.omni-biotic.com\/de-at\/blog\/papaya-naturlicher-schwung-fur-magen-und-darm\/\" class=\"li-widgets--posts-gallery__post\">\n            <div class=\"post--image__container\">\n                <div class=\"post--image\">\n                    <img loading=\"lazy\" decoding=\"async\" width=\"700\" height=\"500\" src=\"https:\/\/www.omni-biotic.com\/de-at\/wp-content\/uploads\/sites\/2\/2023\/12\/papaya-schwung-fuer-magen-darm.jpg\" class=\"attachment-medium_large size-medium_large wp-post-image\" alt=\"Papaya: Schwung f\u00fcr Magen und Darm\" srcset=\"https:\/\/www.omni-biotic.com\/de-at\/wp-content\/uploads\/sites\/2\/2023\/12\/papaya-schwung-fuer-magen-darm.jpg 700w, https:\/\/www.omni-biotic.com\/de-at\/wp-content\/uploads\/sites\/2\/2023\/12\/papaya-schwung-fuer-magen-darm-300x214.jpg 300w\" sizes=\"(max-width: 700px) 100vw, 700px\" title=\"\">                <\/div>\n            <\/div>\n            <div class=\"post--teaser\">\n                <div class=\"title\">Papaya: Nat\u00fcrlicher Schwung f\u00fcr Magen und Darm<\/div>\n                <div class=\"description\">\n                    Die Verdauung hat es mit unserem Lebensstil nicht immer leicht: Stress und Lebensmittel mit einem\u2026                    <br>\n                    <span class=\"read-more\">\n                            weiterlesen                        <\/span>\n                <\/div>\n                <div class=\"metadata\"><b>Zuletzt aktualisiert:<\/b> 26. Februar 2026 \u2022 <b>Kategorien:<\/b> Beschwerden &amp; Ratgeber, Institut AllergoSan<\/div>\n            <\/div>\n        <\/a>\n                <a href=\"https:\/\/www.omni-biotic.com\/de-at\/blog\/fruehjahrskuren-fuer-einen-gesunden-darm\/\" class=\"li-widgets--posts-gallery__post\">\n            <div class=\"post--image__container\">\n                <div class=\"post--image\">\n                    <img loading=\"lazy\" decoding=\"async\" width=\"700\" height=\"500\" src=\"https:\/\/www.omni-biotic.com\/de-at\/wp-content\/uploads\/sites\/2\/2022\/02\/fruehjahrskuren-gesunden-darm.jpg\" class=\"attachment-medium_large size-medium_large wp-post-image\" alt=\"Fr\u00fchjahrskuren f\u00fcr einen gesunden Darm\" srcset=\"https:\/\/www.omni-biotic.com\/de-at\/wp-content\/uploads\/sites\/2\/2022\/02\/fruehjahrskuren-gesunden-darm.jpg 700w, https:\/\/www.omni-biotic.com\/de-at\/wp-content\/uploads\/sites\/2\/2022\/02\/fruehjahrskuren-gesunden-darm-300x214.jpg 300w\" sizes=\"(max-width: 700px) 100vw, 700px\" title=\"\">                <\/div>\n            <\/div>\n            <div class=\"post--teaser\">\n                <div class=\"title\">Fr\u00fchjahrskuren f\u00fcr einen gesunden Darm<\/div>\n                <div class=\"description\">\n                    Der Darm als Sitz des Immunsystems bew\u00e4ltigt im allt\u00e4glichen Leben viele Belastungen. Ger\u00e4t die Darmflora\u2026                    <br>\n                    <span class=\"read-more\">\n                            weiterlesen                        <\/span>\n                <\/div>\n                <div class=\"metadata\"><b>Zuletzt aktualisiert:<\/b> 17. Februar 2026 \u2022 <b>Kategorien:<\/b> Allgemein, Beschwerden &amp; Ratgeber<\/div>\n            <\/div>\n        <\/a>\n                <a href=\"https:\/\/www.omni-biotic.com\/de-at\/blog\/allergien-immunsystem-ueberreagiert\/\" class=\"li-widgets--posts-gallery__post\">\n            <div class=\"post--image__container\">\n                <div class=\"post--image\">\n                    <img loading=\"lazy\" decoding=\"async\" width=\"700\" height=\"500\" src=\"https:\/\/www.omni-biotic.com\/de-at\/wp-content\/uploads\/sites\/2\/2024\/02\/allergien-immunsystem-ueberreaktion.jpg\" class=\"attachment-medium_large size-medium_large wp-post-image\" alt=\"Allergien - wenn das Immunsystem \u00fcberreagiert\" srcset=\"https:\/\/www.omni-biotic.com\/de-at\/wp-content\/uploads\/sites\/2\/2024\/02\/allergien-immunsystem-ueberreaktion.jpg 700w, https:\/\/www.omni-biotic.com\/de-at\/wp-content\/uploads\/sites\/2\/2024\/02\/allergien-immunsystem-ueberreaktion-300x214.jpg 300w\" sizes=\"(max-width: 700px) 100vw, 700px\" title=\"\">                <\/div>\n            <\/div>\n            <div class=\"post--teaser\">\n                <div class=\"title\">Allergien: Wenn das Immunsystem \u00fcberreagiert<\/div>\n                <div class=\"description\">\n                    In den k\u00e4lteren Monaten l\u00e4sst sie sich gut verdr\u00e4ngen, bis Anfang des Jahres der Fr\u00fchling\u2026                    <br>\n                    <span class=\"read-more\">\n                            weiterlesen                        <\/span>\n                <\/div>\n                <div class=\"metadata\"><b>Zuletzt aktualisiert:<\/b> 3. M\u00e4rz 2026 \u2022 <b>Kategorien:<\/b> Allgemein, Beschwerden &amp; Ratgeber \u2022 <b>Autor:<\/b> Mag. Jutta Kalian<\/div>\n            <\/div>\n        <\/a>\n                <a href=\"https:\/\/www.omni-biotic.com\/de-at\/blog\/stoffwechsel-ankurbeln\/\" class=\"li-widgets--posts-gallery__post\">\n            <div class=\"post--image__container\">\n                <div class=\"post--image\">\n                    <img loading=\"lazy\" decoding=\"async\" width=\"700\" height=\"500\" src=\"https:\/\/www.omni-biotic.com\/de-at\/wp-content\/uploads\/sites\/2\/2025\/04\/stoffwechsel-ankurbeln-7-tipps.jpg\" class=\"attachment-medium_large size-medium_large wp-post-image\" alt=\"Stoffwechsel ankurbeln - mit diesen Tipps nehmen Sie ab\" srcset=\"https:\/\/www.omni-biotic.com\/de-at\/wp-content\/uploads\/sites\/2\/2025\/04\/stoffwechsel-ankurbeln-7-tipps.jpg 700w, https:\/\/www.omni-biotic.com\/de-at\/wp-content\/uploads\/sites\/2\/2025\/04\/stoffwechsel-ankurbeln-7-tipps-300x214.jpg 300w\" sizes=\"(max-width: 700px) 100vw, 700px\" title=\"\">                <\/div>\n            <\/div>\n            <div class=\"post--teaser\">\n                <div class=\"title\">Stoffwechsel anregen und abnehmen: Mit diesen 7 Tricks funktioniert\u2019s!<\/div>\n                <div class=\"description\">\n                    St\u00e4ndige Di\u00e4ten sind nicht nur nervig und anstrengend, sondern lassen sogar Ihren Stoffwechsel einschlafen. Mit\u2026                    <br>\n                    <span class=\"read-more\">\n                            weiterlesen                        <\/span>\n                <\/div>\n                <div class=\"metadata\"><b>Zuletzt aktualisiert:<\/b> 20. Februar 2026 \u2022 <b>Kategorien:<\/b> Beschwerden &amp; Ratgeber \u2022 <b>Autor:<\/b> Florentina Sgarz, BA<\/div>\n            <\/div>\n        <\/a>\n                <a href=\"https:\/\/www.omni-biotic.com\/de-at\/blog\/gesundes-mikrobiom-fuer-immunsystem-und-haut\/\" class=\"li-widgets--posts-gallery__post\">\n            <div class=\"post--image__container\">\n                <div class=\"post--image\">\n                    <img loading=\"lazy\" decoding=\"async\" width=\"700\" height=\"500\" src=\"https:\/\/www.omni-biotic.com\/de-at\/wp-content\/uploads\/sites\/2\/2026\/01\/haut-darmflora.jpg\" class=\"attachment-medium_large size-medium_large wp-post-image\" alt=\"Gl\u00fcckliche Frau mit gesunder Haut\" srcset=\"https:\/\/www.omni-biotic.com\/de-at\/wp-content\/uploads\/sites\/2\/2026\/01\/haut-darmflora.jpg 700w, https:\/\/www.omni-biotic.com\/de-at\/wp-content\/uploads\/sites\/2\/2026\/01\/haut-darmflora-300x214.jpg 300w\" sizes=\"(max-width: 700px) 100vw, 700px\" title=\"\">                <\/div>\n            <\/div>\n            <div class=\"post--teaser\">\n                <div class=\"title\">Gesundes Mikrobiom \u2013 f\u00fcr Immunsystem und Haut<\/div>\n                <div class=\"description\">\n                    Viele Menschen mit Allergien oder Hautproblemen vermuten zuerst Pollen, Tierhaare, Kosmetikprodukte oder Stress als Ausl\u00f6ser\u2026                    <br>\n                    <span class=\"read-more\">\n                            weiterlesen                        <\/span>\n                <\/div>\n                <div class=\"metadata\"><b>Zuletzt aktualisiert:<\/b> 10. Februar 2026 \u2022 <b>Kategorien:<\/b> Allgemein, Neues aus der Forschung \u2022 <b>Autor:<\/b> Barbara Moitzi<\/div>\n            <\/div>\n        <\/a>\n                <a href=\"https:\/\/www.omni-biotic.com\/de-at\/blog\/tipps-fur-eine-gesunde-vaginalflora\/\" class=\"li-widgets--posts-gallery__post\">\n            <div class=\"post--image__container\">\n                <div class=\"post--image\">\n                    <img loading=\"lazy\" decoding=\"async\" width=\"700\" height=\"500\" src=\"https:\/\/www.omni-biotic.com\/de-at\/wp-content\/uploads\/sites\/2\/2024\/04\/gesunde-scheidenflora-frau-haelt-grapefruit.jpg\" class=\"attachment-medium_large size-medium_large wp-post-image\" alt=\"Frau h\u00e4lt eine Grapefruit als Symbol f\u00fcr gesunde Scheidenflora\" srcset=\"https:\/\/www.omni-biotic.com\/de-at\/wp-content\/uploads\/sites\/2\/2024\/04\/gesunde-scheidenflora-frau-haelt-grapefruit.jpg 700w, https:\/\/www.omni-biotic.com\/de-at\/wp-content\/uploads\/sites\/2\/2024\/04\/gesunde-scheidenflora-frau-haelt-grapefruit-300x214.jpg 300w\" sizes=\"(max-width: 700px) 100vw, 700px\" title=\"\">                <\/div>\n            <\/div>\n            <div class=\"post--teaser\">\n                <div class=\"title\">Scheidenflora aufbauen: 7 einfache Tipps<\/div>\n                <div class=\"description\">\n                    Die Scheidenflora hat einen erheblichen Einfluss auf den gesamten K\u00f6rper der Frau. In ihr leben\u2026                    <br>\n                    <span class=\"read-more\">\n                            weiterlesen                        <\/span>\n                <\/div>\n                <div class=\"metadata\"><b>Zuletzt aktualisiert:<\/b> 29. Januar 2026 \u2022 <b>Kategorien:<\/b> Beschwerden &amp; Ratgeber, Frauengesundheit \u2022 <b>Autor:<\/b> Florentina Sgarz, BA<\/div>\n            <\/div>\n        <\/a>\n                <a href=\"https:\/\/www.omni-biotic.com\/de-at\/blog\/probiotika-antibiotika-im-wandel-der-zeit\/\" class=\"li-widgets--posts-gallery__post\">\n            <div class=\"post--image__container\">\n                <div class=\"post--image\">\n                    <img loading=\"lazy\" decoding=\"async\" width=\"768\" height=\"512\" src=\"https:\/\/www.omni-biotic.com\/de-at\/wp-content\/uploads\/sites\/2\/2022\/08\/antibiotika-einnahme-1-768x512.jpg\" class=\"attachment-medium_large size-medium_large wp-post-image\" alt=\"Antibiotika Einnahme\" srcset=\"https:\/\/www.omni-biotic.com\/de-at\/wp-content\/uploads\/sites\/2\/2022\/08\/antibiotika-einnahme-1-768x512.jpg 768w, https:\/\/www.omni-biotic.com\/de-at\/wp-content\/uploads\/sites\/2\/2022\/08\/antibiotika-einnahme-1-300x200.jpg 300w, https:\/\/www.omni-biotic.com\/de-at\/wp-content\/uploads\/sites\/2\/2022\/08\/antibiotika-einnahme-1.jpg 1000w\" sizes=\"(max-width: 768px) 100vw, 768px\" title=\"\">                <\/div>\n            <\/div>\n            <div class=\"post--teaser\">\n                <div class=\"title\">Probiotika &amp; Antibiotika im Wandel der Zeit<\/div>\n                <div class=\"description\">\n                    Wo ein Segen, da auch ein Fluch: So wirksam und wichtig Antibiotika sind \u2013 sie\u2026                    <br>\n                    <span class=\"read-more\">\n                            weiterlesen                        <\/span>\n                <\/div>\n                <div class=\"metadata\"><b>Zuletzt aktualisiert:<\/b> 14. Januar 2026 \u2022 <b>Kategorien:<\/b> Beschwerden &amp; Ratgeber, Neues aus der Forschung \u2022 <b>Autor:<\/b> Mag. Thore Hansen<\/div>\n            <\/div>\n        <\/a>\n                <a href=\"https:\/\/www.omni-biotic.com\/de-at\/blog\/5-fakten-zum-immunsystem\/\" class=\"li-widgets--posts-gallery__post\">\n            <div class=\"post--image__container\">\n                <div class=\"post--image\">\n                    <img loading=\"lazy\" decoding=\"async\" width=\"700\" height=\"500\" src=\"https:\/\/www.omni-biotic.com\/de-at\/wp-content\/uploads\/sites\/2\/2023\/11\/immunsystem-frau-winter-mantel.png\" class=\"attachment-medium_large size-medium_large wp-post-image\" alt=\"Immunsystem: Frau im Wintermantel\" srcset=\"https:\/\/www.omni-biotic.com\/de-at\/wp-content\/uploads\/sites\/2\/2023\/11\/immunsystem-frau-winter-mantel.png 700w, https:\/\/www.omni-biotic.com\/de-at\/wp-content\/uploads\/sites\/2\/2023\/11\/immunsystem-frau-winter-mantel-300x214.png 300w\" sizes=\"(max-width: 700px) 100vw, 700px\" title=\"\">                <\/div>\n            <\/div>\n            <div class=\"post--teaser\">\n                <div class=\"title\">5 Fakten zum Immunsystem<\/div>\n                <div class=\"description\">\n                    Unser Immunsystem ist ein hochkomplexes und zugleich sensibles Netzwerk, welches sich \u00fcber den gesamten Organismus\u2026                    <br>\n                    <span class=\"read-more\">\n                            weiterlesen                        <\/span>\n                <\/div>\n                <div class=\"metadata\"><b>Zuletzt aktualisiert:<\/b> 2. Dezember 2025 \u2022 <b>Kategorien:<\/b> Beschwerden &amp; Ratgeber, Neues aus der Forschung \u2022 <b>Autor:<\/b> Florentina Sgarz, BA<\/div>\n            <\/div>\n        <\/a>\n                <a href=\"https:\/\/www.omni-biotic.com\/de-at\/blog\/babybauch-darmmikrobiom-beeinflusst-neugeborenenlaune\/\" class=\"li-widgets--posts-gallery__post\">\n            <div class=\"post--image__container\">\n                <div class=\"post--image\">\n                    <img loading=\"lazy\" decoding=\"async\" width=\"768\" height=\"549\" src=\"https:\/\/www.omni-biotic.com\/de-at\/wp-content\/uploads\/sites\/2\/2023\/09\/700x500_die-geheime-Welt-im-Babybauch-768x549.jpg\" class=\"attachment-medium_large size-medium_large wp-post-image\" alt=\"\" srcset=\"https:\/\/www.omni-biotic.com\/de-at\/wp-content\/uploads\/sites\/2\/2023\/09\/700x500_die-geheime-Welt-im-Babybauch-768x549.jpg 768w, https:\/\/www.omni-biotic.com\/de-at\/wp-content\/uploads\/sites\/2\/2023\/09\/700x500_die-geheime-Welt-im-Babybauch-300x214.jpg 300w, https:\/\/www.omni-biotic.com\/de-at\/wp-content\/uploads\/sites\/2\/2023\/09\/700x500_die-geheime-Welt-im-Babybauch.jpg 905w\" sizes=\"(max-width: 768px) 100vw, 768px\" title=\"\">                <\/div>\n            <\/div>\n            <div class=\"post--teaser\">\n                <div class=\"title\">Babybauch-Darm-Mikrobiom beeinflusst Neugeborenenlaune<\/div>\n                <div class=\"description\">\n                    Die Bedeutung der Darmflora f\u00fcr das Wohlbefinden von Neugeborenen ist bereits aus fr\u00fcheren Studien bekannt.\u2026                    <br>\n                    <span class=\"read-more\">\n                            weiterlesen                        <\/span>\n                <\/div>\n                <div class=\"metadata\"><b>Zuletzt aktualisiert:<\/b> 9. Dezember 2025 \u2022 <b>Kategorien:<\/b> Allgemein, Mutter &amp; Kind, Neues aus der Forschung<\/div>\n            <\/div>\n        <\/a>\n                <a href=\"https:\/\/www.omni-biotic.com\/de-at\/blog\/sporternaehrung-tennis\/\" class=\"li-widgets--posts-gallery__post\">\n            <div class=\"post--image__container\">\n                <div class=\"post--image\">\n                    <img loading=\"lazy\" decoding=\"async\" width=\"768\" height=\"512\" src=\"https:\/\/www.omni-biotic.com\/de-at\/wp-content\/uploads\/sites\/2\/2025\/09\/omni-biotic-tennis-768x512.jpg\" class=\"attachment-medium_large size-medium_large wp-post-image\" alt=\"OMNi-BiOTiC\u00ae Tennisball\" srcset=\"https:\/\/www.omni-biotic.com\/de-at\/wp-content\/uploads\/sites\/2\/2025\/09\/omni-biotic-tennis-768x512.jpg 768w, https:\/\/www.omni-biotic.com\/de-at\/wp-content\/uploads\/sites\/2\/2025\/09\/omni-biotic-tennis-300x200.jpg 300w, https:\/\/www.omni-biotic.com\/de-at\/wp-content\/uploads\/sites\/2\/2025\/09\/omni-biotic-tennis-1024x682.jpg 1024w, https:\/\/www.omni-biotic.com\/de-at\/wp-content\/uploads\/sites\/2\/2025\/09\/omni-biotic-tennis.jpg 1192w\" sizes=\"(max-width: 768px) 100vw, 768px\" title=\"\">                <\/div>\n            <\/div>\n            <div class=\"post--teaser\">\n                <div class=\"title\">Mikrobiom &#038; Sportern\u00e4hrung im Tennis \u2013 GUT gespielt beginnt im Darm<\/div>\n                <div class=\"description\">\n                    Profi-Tennis ist ein Sport der Extreme: explosive Antritte, abrupte Richtungswechsel, lange Ballwechsel, mentale H\u00f6chstleistungen und\u2026                    <br>\n                    <span class=\"read-more\">\n                            weiterlesen                        <\/span>\n                <\/div>\n                <div class=\"metadata\"><b>Zuletzt aktualisiert:<\/b> 17. Dezember 2025 \u2022 <b>Kategorien:<\/b> Allgemein, POWER-Team<\/div>\n            <\/div>\n        <\/a>\n                <a href=\"https:\/\/www.omni-biotic.com\/de-at\/blog\/gastritis\/\" class=\"li-widgets--posts-gallery__post\">\n            <div class=\"post--image__container\">\n                <div class=\"post--image\">\n                    <img loading=\"lazy\" decoding=\"async\" width=\"700\" height=\"500\" src=\"https:\/\/www.omni-biotic.com\/de-at\/wp-content\/uploads\/sites\/2\/2025\/08\/gastritis-magenschmerzen.jpg\" class=\"attachment-medium_large size-medium_large wp-post-image\" alt=\"Gastritis - wenn der Magen brennt. Frau h\u00e4lt sich schmerzhaften Bauch.\" srcset=\"https:\/\/www.omni-biotic.com\/de-at\/wp-content\/uploads\/sites\/2\/2025\/08\/gastritis-magenschmerzen.jpg 700w, https:\/\/www.omni-biotic.com\/de-at\/wp-content\/uploads\/sites\/2\/2025\/08\/gastritis-magenschmerzen-300x214.jpg 300w\" sizes=\"(max-width: 700px) 100vw, 700px\" title=\"\">                <\/div>\n            <\/div>\n            <div class=\"post--teaser\">\n                <div class=\"title\">Wenn der Magen rebelliert: Was steckt hinter Gastritis?<\/div>\n                <div class=\"description\">\n                    Ziehen im Oberbauch, \u00dcbelkeit, V\u00f6llegef\u00fchl oder Sodbrennen \u2013 viele von uns kennen diese unangenehmen Beschwerden.\u2026                    <br>\n                    <span class=\"read-more\">\n                            weiterlesen                        <\/span>\n                <\/div>\n                <div class=\"metadata\"><b>Zuletzt aktualisiert:<\/b> 13. August 2025 \u2022 <b>Kategorien:<\/b> Allgemein, Beschwerden &amp; Ratgeber \u2022 <b>Autor:<\/b> Zuzana Mikulova<\/div>\n            <\/div>\n        <\/a>\n                <a href=\"https:\/\/www.omni-biotic.com\/de-at\/blog\/6-fakten-zu-omni-biotic-6\/\" class=\"li-widgets--posts-gallery__post\">\n            <div class=\"post--image__container\">\n                <div class=\"post--image\">\n                    <img loading=\"lazy\" decoding=\"async\" width=\"700\" height=\"497\" src=\"https:\/\/www.omni-biotic.com\/de-at\/wp-content\/uploads\/sites\/2\/2023\/03\/omni-biotic-6.jpg\" class=\"attachment-medium_large size-medium_large wp-post-image\" alt=\"OMNi-BiOTiC 6 - Multispezies-Probiotikum seit \u00fcber 25 Jahren\" srcset=\"https:\/\/www.omni-biotic.com\/de-at\/wp-content\/uploads\/sites\/2\/2023\/03\/omni-biotic-6.jpg 700w, https:\/\/www.omni-biotic.com\/de-at\/wp-content\/uploads\/sites\/2\/2023\/03\/omni-biotic-6-300x213.jpg 300w\" sizes=\"(max-width: 700px) 100vw, 700px\" title=\"\">                <\/div>\n            <\/div>\n            <div class=\"post--teaser\">\n                <div class=\"title\">6 Fakten zu OMNi-BiOTiC\u00ae 6<\/div>\n                <div class=\"description\">\n                    N\u00fctzliche Darmbakterien haben viele wichtige Funktionen. Sie unterst\u00fctzen ganz generell nicht etwa nur Verdauung und\u2026                    <br>\n                    <span class=\"read-more\">\n                            weiterlesen                        <\/span>\n                <\/div>\n                <div class=\"metadata\"><b>Zuletzt aktualisiert:<\/b> 28. August 2025 \u2022 <b>Kategorien:<\/b> Institut AllergoSan<\/div>\n            <\/div>\n        <\/a>\n                <a href=\"https:\/\/www.omni-biotic.com\/de-at\/blog\/schadstoffe-natuerlich-im-griff\/\" class=\"li-widgets--posts-gallery__post\">\n            <div class=\"post--image__container\">\n                <div class=\"post--image\">\n                    <img loading=\"lazy\" decoding=\"async\" width=\"700\" height=\"500\" src=\"https:\/\/www.omni-biotic.com\/de-at\/wp-content\/uploads\/sites\/2\/2024\/06\/huminsaeuren-durchfall-magen-darm.jpg\" class=\"attachment-medium_large size-medium_large wp-post-image\" alt=\"Humins\u00e4uren: Schadstoffe nat\u00fcrlich ausleiten\" srcset=\"https:\/\/www.omni-biotic.com\/de-at\/wp-content\/uploads\/sites\/2\/2024\/06\/huminsaeuren-durchfall-magen-darm.jpg 700w, https:\/\/www.omni-biotic.com\/de-at\/wp-content\/uploads\/sites\/2\/2024\/06\/huminsaeuren-durchfall-magen-darm-300x214.jpg 300w\" sizes=\"(max-width: 700px) 100vw, 700px\" title=\"\">                <\/div>\n            <\/div>\n            <div class=\"post--teaser\">\n                <div class=\"title\">Humins\u00e4uren: Schadstoffe nat\u00fcrlich im Griff<\/div>\n                <div class=\"description\">\n                    Die anhaltende Belastung mit Schadstoffen stellt unseren Organismus vor eine gro\u00dfe Herausforderung \u2013 in Wasser,\u2026                    <br>\n                    <span class=\"read-more\">\n                            weiterlesen                        <\/span>\n                <\/div>\n                <div class=\"metadata\"><b>Zuletzt aktualisiert:<\/b> 29. August 2025 \u2022 <b>Kategorien:<\/b> Beschwerden &amp; Ratgeber \u2022 <b>Autor:<\/b> Heidrun Valencak-H\u00f6sel<\/div>\n            <\/div>\n        <\/a>\n                <a href=\"https:\/\/www.omni-biotic.com\/de-at\/blog\/aufschlag-gegen-diabetes\/\" class=\"li-widgets--posts-gallery__post\">\n            <div class=\"post--image__container\">\n                <div class=\"post--image\">\n                    <img loading=\"lazy\" decoding=\"async\" width=\"700\" height=\"500\" src=\"https:\/\/www.omni-biotic.com\/de-at\/wp-content\/uploads\/sites\/2\/2025\/07\/zverev-perfect-match-aufschlag-gegen-diabetes.jpg\" class=\"attachment-medium_large size-medium_large wp-post-image\" alt=\"Alexander Zverev - Aufschlag gegen Diabetes Foundation\" srcset=\"https:\/\/www.omni-biotic.com\/de-at\/wp-content\/uploads\/sites\/2\/2025\/07\/zverev-perfect-match-aufschlag-gegen-diabetes.jpg 700w, https:\/\/www.omni-biotic.com\/de-at\/wp-content\/uploads\/sites\/2\/2025\/07\/zverev-perfect-match-aufschlag-gegen-diabetes-300x214.jpg 300w\" sizes=\"(max-width: 700px) 100vw, 700px\" title=\"\">                <\/div>\n            <\/div>\n            <div class=\"post--teaser\">\n                <div class=\"title\">A perfect Match: Aufschlag gegen Diabetes<\/div>\n                <div class=\"description\">\n                    Die Volkskrankheit \u201eDiabetes\u201c betrifft weltweit immer mehr Menschen \u2013 dennoch ist sie h\u00e4ufig noch ein\u2026                    <br>\n                    <span class=\"read-more\">\n                            weiterlesen                        <\/span>\n                <\/div>\n                <div class=\"metadata\"><b>Zuletzt aktualisiert:<\/b> 25. Juli 2025 \u2022 <b>Kategorien:<\/b> Allgemein \u2022 <b>Autor:<\/b> Vikica Gruber-Matic<\/div>\n            <\/div>\n        <\/a>\n                <a href=\"https:\/\/www.omni-biotic.com\/de-at\/blog\/skinscreener-innovative-hautvorsorge-per-app\/\" class=\"li-widgets--posts-gallery__post\">\n            <div class=\"post--image__container\">\n                <div class=\"post--image\">\n                    <img loading=\"lazy\" decoding=\"async\" width=\"700\" height=\"500\" src=\"https:\/\/www.omni-biotic.com\/de-at\/wp-content\/uploads\/sites\/2\/2025\/07\/hautmikrobiom-untersuchung.jpg\" class=\"attachment-medium_large size-medium_large wp-post-image\" alt=\"Muttermale Untersuchung\" srcset=\"https:\/\/www.omni-biotic.com\/de-at\/wp-content\/uploads\/sites\/2\/2025\/07\/hautmikrobiom-untersuchung.jpg 700w, https:\/\/www.omni-biotic.com\/de-at\/wp-content\/uploads\/sites\/2\/2025\/07\/hautmikrobiom-untersuchung-300x214.jpg 300w\" sizes=\"(max-width: 700px) 100vw, 700px\" title=\"\">                <\/div>\n            <\/div>\n            <div class=\"post--teaser\">\n                <div class=\"title\">SkinScreener*: Innovative Hautvorsorge per App<\/div>\n                <div class=\"description\">\n                    Hautkrebs z\u00e4hlt heute zu den h\u00e4ufigsten Krebsarten weltweit, und die Zahl der Neuerkrankungen steigt kontinuierlich.\u2026                    <br>\n                    <span class=\"read-more\">\n                            weiterlesen                        <\/span>\n                <\/div>\n                <div class=\"metadata\"><b>Zuletzt aktualisiert:<\/b> 24. Juli 2025 \u2022 <b>Kategorien:<\/b> Allgemein, Neues aus der Forschung \u2022 <b>Autor:<\/b> Vikica Gruber-Matic<\/div>\n            <\/div>\n        <\/a>\n                <a href=\"https:\/\/www.omni-biotic.com\/de-at\/blog\/sport-im-sommer\/\" class=\"li-widgets--posts-gallery__post\">\n            <div class=\"post--image__container\">\n                <div class=\"post--image\">\n                    <img loading=\"lazy\" decoding=\"async\" width=\"700\" height=\"500\" src=\"https:\/\/www.omni-biotic.com\/de-at\/wp-content\/uploads\/sites\/2\/2025\/07\/sommer-sport-ideale-versorgung.jpg\" class=\"attachment-medium_large size-medium_large wp-post-image\" alt=\"Frau l\u00e4uft im Sommer - beim Sport auf ideale Versorgung achten\" srcset=\"https:\/\/www.omni-biotic.com\/de-at\/wp-content\/uploads\/sites\/2\/2025\/07\/sommer-sport-ideale-versorgung.jpg 700w, https:\/\/www.omni-biotic.com\/de-at\/wp-content\/uploads\/sites\/2\/2025\/07\/sommer-sport-ideale-versorgung-300x214.jpg 300w\" sizes=\"(max-width: 700px) 100vw, 700px\" title=\"\">                <\/div>\n            <\/div>\n            <div class=\"post--teaser\">\n                <div class=\"title\">Sport im Sommer \u2013 so geht\u2019s richtig!<\/div>\n                <div class=\"description\">\n                    Sport ist eine gro\u00dfartige M\u00f6glichkeit, sich fit und gesund zu halten, und f\u00fcr viele von\u2026                    <br>\n                    <span class=\"read-more\">\n                            weiterlesen                        <\/span>\n                <\/div>\n                <div class=\"metadata\"><b>Zuletzt aktualisiert:<\/b> 22. Juli 2025 \u2022 <b>Kategorien:<\/b> Allgemein, Beschwerden &amp; Ratgeber \u2022 <b>Autor:<\/b> Simone Kumhofer, BA, BSc, MSc<\/div>\n            <\/div>\n        <\/a>\n                <a href=\"https:\/\/www.omni-biotic.com\/de-at\/blog\/gut-versorgte-fellnasen\/\" class=\"li-widgets--posts-gallery__post\">\n            <div class=\"post--image__container\">\n                <div class=\"post--image\">\n                    <img loading=\"lazy\" decoding=\"async\" width=\"700\" height=\"500\" src=\"https:\/\/www.omni-biotic.com\/de-at\/wp-content\/uploads\/sites\/2\/2025\/07\/hund-katze-gut-versorgt.jpg\" class=\"attachment-medium_large size-medium_large wp-post-image\" alt=\"Hund und Katze - gut versorgte Fellnasen\" srcset=\"https:\/\/www.omni-biotic.com\/de-at\/wp-content\/uploads\/sites\/2\/2025\/07\/hund-katze-gut-versorgt.jpg 700w, https:\/\/www.omni-biotic.com\/de-at\/wp-content\/uploads\/sites\/2\/2025\/07\/hund-katze-gut-versorgt-300x214.jpg 300w\" sizes=\"(max-width: 700px) 100vw, 700px\" title=\"\">                <\/div>\n            <\/div>\n            <div class=\"post--teaser\">\n                <div class=\"title\">Gut versorgte Fellnasen<\/div>\n                <div class=\"description\">\n                    Sie sind vollwertige Familienmitglieder und geh\u00f6ren zu unseren liebsten Gef\u00e4hrten: Wir verbinden viel Positives mit\u2026                    <br>\n                    <span class=\"read-more\">\n                            weiterlesen                        <\/span>\n                <\/div>\n                <div class=\"metadata\"><b>Zuletzt aktualisiert:<\/b> 9. Juli 2025 \u2022 <b>Kategorien:<\/b> Reisetipps, Tiergesundheit \u2022 <b>Autor:<\/b> Heidrun Valencak-H\u00f6sel<\/div>\n            <\/div>\n        <\/a>\n                <a href=\"https:\/\/www.omni-biotic.com\/de-at\/blog\/bakterien-neurodermitis\/\" class=\"li-widgets--posts-gallery__post\">\n            <div class=\"post--image__container\">\n                <div class=\"post--image\">\n                    <img loading=\"lazy\" decoding=\"async\" width=\"700\" height=\"500\" src=\"https:\/\/www.omni-biotic.com\/de-at\/wp-content\/uploads\/sites\/2\/2025\/07\/darmbakterien-neurodermitis.jpg\" class=\"attachment-medium_large size-medium_large wp-post-image\" alt=\"Neurodermitis: Kind kratzt sich juckende Haut am Unterarm\" srcset=\"https:\/\/www.omni-biotic.com\/de-at\/wp-content\/uploads\/sites\/2\/2025\/07\/darmbakterien-neurodermitis.jpg 700w, https:\/\/www.omni-biotic.com\/de-at\/wp-content\/uploads\/sites\/2\/2025\/07\/darmbakterien-neurodermitis-300x214.jpg 300w\" sizes=\"(max-width: 700px) 100vw, 700px\" title=\"\">                <\/div>\n            <\/div>\n            <div class=\"post--teaser\">\n                <div class=\"title\">Wie Bakterien Neurodermitis beeinflussen<\/div>\n                <div class=\"description\">\n                    Neurodermitis ist eine chronische Erkrankung, die Juckreiz, Entz\u00fcndungen, Ekzeme und Schlafst\u00f6rungen mit sich bringt. Eines\u2026                    <br>\n                    <span class=\"read-more\">\n                            weiterlesen                        <\/span>\n                <\/div>\n                <div class=\"metadata\"><b>Zuletzt aktualisiert:<\/b> 8. Juli 2025 \u2022 <b>Kategorien:<\/b> Allgemein, Beschwerden &amp; Ratgeber, Neues aus der Forschung \u2022 <b>Autor:<\/b> Miriam Kljajic<\/div>\n            <\/div>\n        <\/a>\n                <a href=\"https:\/\/www.omni-biotic.com\/de-at\/blog\/probiotika-und-reisediarrhoe\/\" class=\"li-widgets--posts-gallery__post\">\n            <div class=\"post--image__container\">\n                <div class=\"post--image\">\n                    <img loading=\"lazy\" decoding=\"async\" width=\"700\" height=\"500\" src=\"https:\/\/www.omni-biotic.com\/de-at\/wp-content\/uploads\/sites\/2\/2024\/07\/klopapier-pause-urlaub.gif\" class=\"attachment-medium_large size-medium_large wp-post-image\" alt=\"Reisedurchfall - mit Probiotika vermeiden\" title=\"\">                <\/div>\n            <\/div>\n            <div class=\"post--teaser\">\n                <div class=\"title\">Probiotika und Reisedurchfall<\/div>\n                <div class=\"description\">\n                    Auf Reisen kann die Verdauung schnell aus dem Lot geraten. Neben Klimawechsel und ungewohnter Ern\u00e4hrung\u2026                    <br>\n                    <span class=\"read-more\">\n                            weiterlesen                        <\/span>\n                <\/div>\n                <div class=\"metadata\"><b>Zuletzt aktualisiert:<\/b> 30. Juni 2025 \u2022 <b>Kategorien:<\/b> Beschwerden &amp; Ratgeber, Reisetipps<\/div>\n            <\/div>\n        <\/a>\n                <a href=\"https:\/\/www.omni-biotic.com\/de-at\/blog\/woran-erkennt-man-ein-gutes-probiotikum\/\" class=\"li-widgets--posts-gallery__post\">\n            <div class=\"post--image__container\">\n                <div class=\"post--image\">\n                    <img loading=\"lazy\" decoding=\"async\" width=\"768\" height=\"512\" src=\"https:\/\/www.omni-biotic.com\/de-at\/wp-content\/uploads\/sites\/2\/2025\/09\/gutes-probiotikum-768x512.jpg\" class=\"attachment-medium_large size-medium_large wp-post-image\" alt=\"woran erkennt man ein gutes probiotikum\" srcset=\"https:\/\/www.omni-biotic.com\/de-at\/wp-content\/uploads\/sites\/2\/2025\/09\/gutes-probiotikum-768x512.jpg 768w, https:\/\/www.omni-biotic.com\/de-at\/wp-content\/uploads\/sites\/2\/2025\/09\/gutes-probiotikum-300x200.jpg 300w, https:\/\/www.omni-biotic.com\/de-at\/wp-content\/uploads\/sites\/2\/2025\/09\/gutes-probiotikum-1024x683.jpg 1024w, https:\/\/www.omni-biotic.com\/de-at\/wp-content\/uploads\/sites\/2\/2025\/09\/gutes-probiotikum.jpg 1200w\" sizes=\"(max-width: 768px) 100vw, 768px\" title=\"\">                <\/div>\n            <\/div>\n            <div class=\"post--teaser\">\n                <div class=\"title\">Woran erkennt man ein gutes Probiotikum?<\/div>\n                <div class=\"description\">\n                    Probiotikum ist nicht gleich Probiotikum \u2013 die Qualit\u00e4t des Produkts in jedem einzelnen Entwicklungsschritt ist\u2026                    <br>\n                    <span class=\"read-more\">\n                            weiterlesen                        <\/span>\n                <\/div>\n                <div class=\"metadata\"><b>Zuletzt aktualisiert:<\/b> 24. September 2025 \u2022 <b>Kategorien:<\/b> Allgemein \u2022 <b>Autor:<\/b> Mag. Doris Knapp<\/div>\n            <\/div>\n        <\/a>\n                <a href=\"https:\/\/www.omni-biotic.com\/de-at\/blog\/urlaub-mit-kindern\/\" class=\"li-widgets--posts-gallery__post\">\n            <div class=\"post--image__container\">\n                <div class=\"post--image\">\n                    <img loading=\"lazy\" decoding=\"async\" width=\"700\" height=\"500\" src=\"https:\/\/www.omni-biotic.com\/de-at\/wp-content\/uploads\/sites\/2\/2021\/08\/urlaub-mit-kindern-wasserpark.jpg\" class=\"attachment-medium_large size-medium_large wp-post-image\" alt=\"Urlaub mit Kindern: Familie im Wasserpark\" srcset=\"https:\/\/www.omni-biotic.com\/de-at\/wp-content\/uploads\/sites\/2\/2021\/08\/urlaub-mit-kindern-wasserpark.jpg 700w, https:\/\/www.omni-biotic.com\/de-at\/wp-content\/uploads\/sites\/2\/2021\/08\/urlaub-mit-kindern-wasserpark-300x214.jpg 300w\" sizes=\"(max-width: 700px) 100vw, 700px\" title=\"\">                <\/div>\n            <\/div>\n            <div class=\"post--teaser\">\n                <div class=\"title\">Urlaub mit Kindern<\/div>\n                <div class=\"description\">\n                    Urlaubszeit! So sch\u00f6n die gemeinsame Zeit auch ist: Eltern sollten rechtzeitig vor Beginn der Reise\u2026                    <br>\n                    <span class=\"read-more\">\n                            weiterlesen                        <\/span>\n                <\/div>\n                <div class=\"metadata\"><b>Zuletzt aktualisiert:<\/b> 30. Juni 2025 \u2022 <b>Kategorien:<\/b> Reisetipps \u2022 <b>Autor:<\/b> Herbert Hauser<\/div>\n            <\/div>\n        <\/a>\n                <a href=\"https:\/\/www.omni-biotic.com\/de-at\/blog\/was-der-darm-im-sommer-braucht\/\" class=\"li-widgets--posts-gallery__post\">\n            <div class=\"post--image__container\">\n                <div class=\"post--image\">\n                    <img loading=\"lazy\" decoding=\"async\" width=\"700\" height=\"500\" src=\"https:\/\/www.omni-biotic.com\/de-at\/wp-content\/uploads\/sites\/2\/2021\/05\/darm-sommer-haengematte.jpg\" class=\"attachment-medium_large size-medium_large wp-post-image\" alt=\"Frau in H\u00e4ngematte - was der Darm im Sommer braucht\" srcset=\"https:\/\/www.omni-biotic.com\/de-at\/wp-content\/uploads\/sites\/2\/2021\/05\/darm-sommer-haengematte.jpg 700w, https:\/\/www.omni-biotic.com\/de-at\/wp-content\/uploads\/sites\/2\/2021\/05\/darm-sommer-haengematte-300x214.jpg 300w\" sizes=\"(max-width: 700px) 100vw, 700px\" title=\"\">                <\/div>\n            <\/div>\n            <div class=\"post--teaser\">\n                <div class=\"title\">Was der Darm im Sommer braucht<\/div>\n                <div class=\"description\">\n                    Sommer, Sonne, Sonnenschein \u2013 alles eitel Wonne? Ja, wenn man die Besonderheiten der hei\u00dfen Jahreszeit\u2026                    <br>\n                    <span class=\"read-more\">\n                            weiterlesen                        <\/span>\n                <\/div>\n                <div class=\"metadata\"><b>Zuletzt aktualisiert:<\/b> 21. August 2025 \u2022 <b>Kategorien:<\/b> Allgemein, Reisetipps \u2022 <b>Autor:<\/b> Emanuel Munkhambwa<\/div>\n            <\/div>\n        <\/a>\n                <a href=\"https:\/\/www.omni-biotic.com\/de-at\/blog\/mikrobiom-menopause\/\" class=\"li-widgets--posts-gallery__post\">\n            <div class=\"post--image__container\">\n                <div class=\"post--image\">\n                    <img loading=\"lazy\" decoding=\"async\" width=\"700\" height=\"500\" src=\"https:\/\/www.omni-biotic.com\/de-at\/wp-content\/uploads\/sites\/2\/2025\/07\/gesunde-ernaehrung-oestrobolom.jpg\" class=\"attachment-medium_large size-medium_large wp-post-image\" alt=\"Einflussfaktoren auf die Menopause und Wechseljahrsbeschwerden\" srcset=\"https:\/\/www.omni-biotic.com\/de-at\/wp-content\/uploads\/sites\/2\/2025\/07\/gesunde-ernaehrung-oestrobolom.jpg 700w, https:\/\/www.omni-biotic.com\/de-at\/wp-content\/uploads\/sites\/2\/2025\/07\/gesunde-ernaehrung-oestrobolom-300x214.jpg 300w\" sizes=\"(max-width: 700px) 100vw, 700px\" title=\"\">                <\/div>\n            <\/div>\n            <div class=\"post--teaser\">\n                <div class=\"title\">Mikrobiom und Menopause<\/div>\n                <div class=\"description\">\n                    Gerade war noch alles wie immer. Der Zyklus regelm\u00e4\u00dfig, der Schlaf erholsam und die Stimmung\u2026                    <br>\n                    <span class=\"read-more\">\n                            weiterlesen                        <\/span>\n                <\/div>\n                <div class=\"metadata\"><b>Zuletzt aktualisiert:<\/b> 8. Juli 2025 \u2022 <b>Kategorien:<\/b> Beschwerden &amp; Ratgeber, Frauengesundheit, Neues aus der Forschung \u2022 <b>Autor:<\/b> Dr. Eva Maria Hoffmann-Gombotz<\/div>\n            <\/div>\n        <\/a>\n                <a href=\"https:\/\/www.omni-biotic.com\/de-at\/blog\/urlaubslust-statt-reisefrust\/\" class=\"li-widgets--posts-gallery__post\">\n            <div class=\"post--image__container\">\n                <div class=\"post--image\">\n                    <img loading=\"lazy\" decoding=\"async\" width=\"768\" height=\"511\" src=\"https:\/\/www.omni-biotic.com\/de-at\/wp-content\/uploads\/sites\/2\/2021\/05\/Tipps-768x511.jpg\" class=\"attachment-medium_large size-medium_large wp-post-image\" alt=\"Tipps f\u00fcr die n\u00e4chste Reise\" srcset=\"https:\/\/www.omni-biotic.com\/de-at\/wp-content\/uploads\/sites\/2\/2021\/05\/Tipps-768x511.jpg 768w, https:\/\/www.omni-biotic.com\/de-at\/wp-content\/uploads\/sites\/2\/2021\/05\/Tipps-300x200.jpg 300w, https:\/\/www.omni-biotic.com\/de-at\/wp-content\/uploads\/sites\/2\/2021\/05\/Tipps.jpg 887w\" sizes=\"(max-width: 768px) 100vw, 768px\" title=\"\">                <\/div>\n            <\/div>\n            <div class=\"post--teaser\">\n                <div class=\"title\">Urlaubslust statt Reisefrust<\/div>\n                <div class=\"description\">\n                    Endlich steht der wohlverdiente Urlaub bevor, und viele suchen Erholung im Ausland. Allerdings: Am Reiseziel\u2026                    <br>\n                    <span class=\"read-more\">\n                            weiterlesen                        <\/span>\n                <\/div>\n                <div class=\"metadata\"><b>Zuletzt aktualisiert:<\/b> 11. Juni 2025 \u2022 <b>Kategorien:<\/b> Reisetipps \u2022 <b>Autor:<\/b> Heidrun Valencak<\/div>\n            <\/div>\n        <\/a>\n            <\/div>\n\t\t\t\t<\/div>\n\t\t\t\t<\/div>\n\t\t\t\t\t<\/div>\n\t\t\t\t<\/div>\n\t\t\t\t<\/div>\n\t\t","protected":false},"excerpt":{"rendered":"<p>Immer topaktuell informiert! Unser OMNi-BiOTiC\u00ae Blog Alle Kategorien anzeigen Beschwerden &amp; Ratgeber (168) Ern\u00e4hrung &amp; Rezepte (126) Frauengesundheit (35) Institut AllergoSan (34) Kochen mit Probiotika (23) Mutter &amp; Kind (45) Neues aus der Forschung (212) POWER-Team (10) Reisetipps (21) Tiergesundheit (6) 1-27 von 477 Ergebnissen Seite 1 von 18 1 2 3 \u00bb Probiotika-Einsatz bei [&hellip;]<\/p>\n","protected":false},"author":3,"featured_media":30617,"parent":0,"menu_order":120,"comment_status":"closed","ping_status":"closed","template":"","meta":{"_acf_changed":false,"inline_featured_image":false,"footnotes":""},"class_list":["post-87","page","type-page","status-publish","has-post-thumbnail","hentry"],"acf":[],"_links":{"self":[{"href":"https:\/\/www.omni-biotic.com\/de-at\/wp-json\/wp\/v2\/pages\/87","targetHints":{"allow":["GET"]}}],"collection":[{"href":"https:\/\/www.omni-biotic.com\/de-at\/wp-json\/wp\/v2\/pages"}],"about":[{"href":"https:\/\/www.omni-biotic.com\/de-at\/wp-json\/wp\/v2\/types\/page"}],"author":[{"embeddable":true,"href":"https:\/\/www.omni-biotic.com\/de-at\/wp-json\/wp\/v2\/users\/3"}],"replies":[{"embeddable":true,"href":"https:\/\/www.omni-biotic.com\/de-at\/wp-json\/wp\/v2\/comments?post=87"}],"version-history":[{"count":7,"href":"https:\/\/www.omni-biotic.com\/de-at\/wp-json\/wp\/v2\/pages\/87\/revisions"}],"predecessor-version":[{"id":36443,"href":"https:\/\/www.omni-biotic.com\/de-at\/wp-json\/wp\/v2\/pages\/87\/revisions\/36443"}],"wp:featuredmedia":[{"embeddable":true,"href":"https:\/\/www.omni-biotic.com\/de-at\/wp-json\/wp\/v2\/media\/30617"}],"wp:attachment":[{"href":"https:\/\/www.omni-biotic.com\/de-at\/wp-json\/wp\/v2\/media?parent=87"}],"curies":[{"name":"wp","href":"https:\/\/api.w.org\/{rel}","templated":true}]}}