{"id":97,"date":"2022-03-07T10:07:28","date_gmt":"2022-03-07T09:07:28","guid":{"rendered":"https:\/\/www.omni-biotic.com\/produkte\/"},"modified":"2026-04-17T11:23:24","modified_gmt":"2026-04-17T09:23:24","slug":"produkte","status":"publish","type":"page","link":"https:\/\/www.omni-biotic.com\/de-at\/produkte\/","title":{"rendered":"Produkte"},"content":{"rendered":"\t\t<div data-elementor-type=\"wp-page\" data-elementor-id=\"97\" class=\"elementor elementor-97\" data-elementor-post-type=\"page\">\n\t\t\t\t<div class=\"elementor-element elementor-element-b7e61a9 e-con-full obcs none e-flex e-con e-parent\" data-id=\"b7e61a9\" data-element_type=\"container\" data-settings=\"{&quot;background_background&quot;:&quot;classic&quot;,&quot;shape_divider_bottom&quot;:&quot;waves&quot;}\">\n\t\t\t\t<div class=\"elementor-shape elementor-shape-bottom\" aria-hidden=\"true\" data-negative=\"false\">\n\t\t\t<svg xmlns=\"http:\/\/www.w3.org\/2000\/svg\" viewBox=\"0 0 1000 100\" preserveAspectRatio=\"none\">\n\t<path class=\"elementor-shape-fill\" d=\"M421.9,6.5c22.6-2.5,51.5,0.4,75.5,5.3c23.6,4.9,70.9,23.5,100.5,35.7c75.8,32.2,133.7,44.5,192.6,49.7\n\tc23.6,2.1,48.7,3.5,103.4-2.5c54.7-6,106.2-25.6,106.2-25.6V0H0v30.3c0,0,72,32.6,158.4,30.5c39.2-0.7,92.8-6.7,134-22.4\n\tc21.2-8.1,52.2-18.2,79.7-24.2C399.3,7.9,411.6,7.5,421.9,6.5z\"\/>\n<\/svg>\t\t<\/div>\n\t\t<div class=\"elementor-element elementor-element-8df230a e-con-full obcs none e-flex e-con e-child\" data-id=\"8df230a\" data-element_type=\"container\" data-settings=\"{&quot;background_background&quot;:&quot;gradient&quot;}\">\n\t\t\t\t<div class=\"elementor-element elementor-element-50db8d6 elementor-widget elementor-widget-heading\" data-id=\"50db8d6\" data-element_type=\"widget\" data-widget_type=\"heading.default\">\n\t\t\t\t<div class=\"elementor-widget-container\">\n\t\t\t\t\t<h1 class=\"elementor-heading-title elementor-size-default\">Unsere Produkte<\/h1>\t\t\t\t<\/div>\n\t\t\t\t<\/div>\n\t\t\t\t<div class=\"elementor-element elementor-element-1fd8bb8 elementor-widget-divider--view-line elementor-widget elementor-widget-divider\" data-id=\"1fd8bb8\" data-element_type=\"widget\" data-widget_type=\"divider.default\">\n\t\t\t\t<div class=\"elementor-widget-container\">\n\t\t\t\t\t\t\t<div class=\"elementor-divider\">\n\t\t\t<span class=\"elementor-divider-separator\">\n\t\t\t\t\t\t<\/span>\n\t\t<\/div>\n\t\t\t\t\t\t<\/div>\n\t\t\t\t<\/div>\n\t\t\t\t<div class=\"elementor-element elementor-element-c688ae3 elementor-widget elementor-widget-text-editor\" data-id=\"c688ae3\" data-element_type=\"widget\" data-widget_type=\"text-editor.default\">\n\t\t\t\t<div class=\"elementor-widget-container\">\n\t\t\t\t\t\t\t\t\t<p>Das Institut AllergoSan entwickelt, erforscht und vertreibt seit fast <strong>30 Jahren<\/strong> Produkte aus nat\u00fcrlichen Substanzen wie etwa <strong>probiotischen Bakterien<\/strong>, <strong>Pflanzenextrakten<\/strong> und <strong>Mineralstoffen<\/strong>, die alle ein Ziel haben: unsere Gesundheit zu unterst\u00fctzen, im speziellen unsere <strong>Darmgesundheit<\/strong>.<\/p>\t\t\t\t\t\t\t\t<\/div>\n\t\t\t\t<\/div>\n\t\t\t\t<\/div>\n\t\t<div class=\"elementor-element elementor-element-4cde1c0 e-con-full elementor-hidden-mobile obcs none e-flex e-con e-child\" data-id=\"4cde1c0\" data-element_type=\"container\">\n\t\t\t\t<\/div>\n\t\t\t\t<\/div>\n\t\t<div class=\"elementor-element elementor-element-b9a75cb obcs none e-flex e-con-boxed e-con e-parent\" data-id=\"b9a75cb\" data-element_type=\"container\">\n\t\t\t\t\t<div class=\"e-con-inner\">\n\t\t<div class=\"elementor-element elementor-element-e68ed2f e-con-full obcs none e-flex e-con e-child\" data-id=\"e68ed2f\" data-element_type=\"container\">\n\t\t\t\t<div class=\"elementor-element elementor-element-b7aa3bd elementor-align-left elementor-widget__width-initial elementor-widget elementor-widget-breadcrumbs\" data-id=\"b7aa3bd\" data-element_type=\"widget\" data-widget_type=\"breadcrumbs.default\">\n\t\t\t\t<div class=\"elementor-widget-container\">\n\t\t\t\t\t<span><span class=\"last\">Home<\/span><\/span>\t\t\t\t<\/div>\n\t\t\t\t<\/div>\n\t\t\t\t<\/div>\n\t\t<div class=\"elementor-element elementor-element-57772a0 e-con-full obcs none e-flex e-con e-child\" data-id=\"57772a0\" data-element_type=\"container\">\n\t\t\t\t<\/div>\n\t\t\t\t\t<\/div>\n\t\t\t\t<\/div>\n\t\t<div class=\"elementor-element elementor-element-ccbcc81 obcs none e-flex e-con-boxed e-con e-parent\" data-id=\"ccbcc81\" data-element_type=\"container\">\n\t\t\t\t\t<div class=\"e-con-inner\">\n\t\t\t\t<div class=\"elementor-element elementor-element-6dcb2e3 elementor-widget__width-initial elementor-widget elementor-widget-li-widgets--tile-slider\" data-id=\"6dcb2e3\" data-element_type=\"widget\" data-widget_type=\"li-widgets--tile-slider.default\">\n\t\t\t\t<div class=\"elementor-widget-container\">\n\t\t\t\t\t<div class=\"li-widgets--tile-slider magenta\">\n            <div class=\"headlines\">\n                            <div class=\"headline\">\n                    <div class=\"headline--main\"><h2>Mit gutem \"Bauchgef\u00fchl\" durch das Leben<\/h2><\/div>\n                                    <\/div>\n                                <\/div>\n                <div class=\"tiles-container grid\">\n            <div class=\"tiles grid-wrapper\">\n                                    <div class=\"swiper-slide\">\n                        <div class=\"tile\">\n                                                        <a href=\"https:\/\/www.omni-biotic.com\/de-at\/produkte\/omni-biotic\/\">\n                                                                                                    <img fetchpriority=\"high\" decoding=\"async\" width=\"300\" height=\"300\" src=\"https:\/\/www.omni-biotic.com\/de-at\/wp-content\/uploads\/sites\/2\/2026\/04\/omni-biotic-symbolfoto.png\" class=\"tile__image\" alt=\"OMNi-BiOTiC Produkte\" srcset=\"https:\/\/www.omni-biotic.com\/de-at\/wp-content\/uploads\/sites\/2\/2026\/04\/omni-biotic-symbolfoto.png 300w, https:\/\/www.omni-biotic.com\/de-at\/wp-content\/uploads\/sites\/2\/2026\/04\/omni-biotic-symbolfoto-150x150.png 150w\" sizes=\"(max-width: 300px) 100vw, 300px\" title=\"\">                                                                                            <\/a>\n                                                                                    <div class=\"tile__headline\">OMNi-BiOTiC\u00ae\u200b<\/div>\n                                                                                                                    <div class=\"tile__text\">Synbiotika h\u00f6chster Qualit\u00e4t f\u00fcr Ihren Darm<\/div>\n                                                                                                                    <a class=\"tile__button\" href=\"https:\/\/www.omni-biotic.com\/de-at\/produkte\/omni-biotic\/\">Produkte anzeigen<\/a>\n                                                    <\/div>\n                    <\/div>\n                                    <div class=\"swiper-slide\">\n                        <div class=\"tile\">\n                                                        <a href=\"https:\/\/www.omni-biotic.com\/de-at\/produkte\/omni-biotic-skin\/\">\n                                                                                                    <img decoding=\"async\" width=\"300\" height=\"300\" src=\"https:\/\/www.omni-biotic.com\/de-at\/wp-content\/uploads\/sites\/2\/2025\/11\/omni-biotic-skin.png\" class=\"tile__image\" alt=\"OMNi-BiOTiC SKiN\u00ae Gesamtpackshot\" srcset=\"https:\/\/www.omni-biotic.com\/de-at\/wp-content\/uploads\/sites\/2\/2025\/11\/omni-biotic-skin.png 300w, https:\/\/www.omni-biotic.com\/de-at\/wp-content\/uploads\/sites\/2\/2025\/11\/omni-biotic-skin-150x150.png 150w\" sizes=\"(max-width: 300px) 100vw, 300px\" title=\"\">                                                                                            <\/a>\n                                                                                    <div class=\"tile__headline\">OMNi-BiOTiC SKiN\u00ae\u200b<\/div>\n                                                                                                                    <div class=\"tile__text\">Neue Generation der probiotischen Hautpflege<\/div>\n                                                                                                                    <a class=\"tile__button\" href=\"https:\/\/www.omni-biotic.com\/de-at\/produkte\/omni-biotic-skin\/\">Produkte anzeigen<\/a>\n                                                    <\/div>\n                    <\/div>\n                                    <div class=\"swiper-slide\">\n                        <div class=\"tile\">\n                                                        <a href=\"https:\/\/www.omni-biotic.com\/de-at\/produkte\/omni-logic\/\">\n                                                                                                    <img decoding=\"async\" width=\"300\" height=\"300\" src=\"https:\/\/www.omni-biotic.com\/de-at\/wp-content\/uploads\/sites\/2\/2023\/07\/OMNi-LOGiC-Produkte-Gesamtpackshot.png\" class=\"tile__image\" alt=\"OMNi-LOGiC Produkte Gesamtpackshot: alle Ballaststoffpr\u00e4parate\" srcset=\"https:\/\/www.omni-biotic.com\/de-at\/wp-content\/uploads\/sites\/2\/2023\/07\/OMNi-LOGiC-Produkte-Gesamtpackshot.png 300w, https:\/\/www.omni-biotic.com\/de-at\/wp-content\/uploads\/sites\/2\/2023\/07\/OMNi-LOGiC-Produkte-Gesamtpackshot-150x150.png 150w\" sizes=\"(max-width: 300px) 100vw, 300px\" title=\"\">                                                                                            <\/a>\n                                                                                    <div class=\"tile__headline\">OMNi-LOGiC\u00ae\u200b<\/div>\n                                                                                                                    <div class=\"tile__text\">Nat\u00fcrliche Ballaststoffe f\u00fcr Ihren Darm<\/div>\n                                                                                                                    <a class=\"tile__button\" href=\"https:\/\/www.omni-biotic.com\/de-at\/produkte\/omni-logic\/\">Produkte anzeigen<\/a>\n                                                    <\/div>\n                    <\/div>\n                                    <div class=\"swiper-slide\">\n                        <div class=\"tile\">\n                                                        <a href=\"https:\/\/www.omni-biotic.com\/de-at\/produkte\/meta-care\/\">\n                                                                                                    <img loading=\"lazy\" decoding=\"async\" width=\"300\" height=\"300\" src=\"https:\/\/www.omni-biotic.com\/de-at\/wp-content\/uploads\/sites\/2\/2023\/07\/META-CARE-Produkte-Gesamtpackshot-AT.png\" class=\"tile__image\" alt=\"META-CARE: Nahrungserg\u00e4nzungsmittel h\u00f6chster Qualit\u00e4t\" srcset=\"https:\/\/www.omni-biotic.com\/de-at\/wp-content\/uploads\/sites\/2\/2023\/07\/META-CARE-Produkte-Gesamtpackshot-AT.png 300w, https:\/\/www.omni-biotic.com\/de-at\/wp-content\/uploads\/sites\/2\/2023\/07\/META-CARE-Produkte-Gesamtpackshot-AT-150x150.png 150w\" sizes=\"(max-width: 300px) 100vw, 300px\" title=\"\">                                                                                            <\/a>\n                                                                                    <div class=\"tile__headline\">META-CARE\u00ae\u200b\u200b<\/div>\n                                                                                                                    <div class=\"tile__text\">Hochwertige N\u00e4hrstoffe f\u00fcr Ihren Darm<\/div>\n                                                                                                                    <a class=\"tile__button\" href=\"https:\/\/www.omni-biotic.com\/de-at\/produkte\/meta-care\/\">Produkte anzeigen<\/a>\n                                                    <\/div>\n                    <\/div>\n                                    <div class=\"swiper-slide\">\n                        <div class=\"tile\">\n                                                        <a href=\"https:\/\/www.omni-biotic.com\/de-at\/produkte\/omni-power\/\">\n                                                                                                    <img loading=\"lazy\" decoding=\"async\" width=\"300\" height=\"300\" src=\"https:\/\/www.omni-biotic.com\/de-at\/wp-content\/uploads\/sites\/2\/2023\/07\/500x500_OP_Gesamtpackshot-300x300.png\" class=\"tile__image\" alt=\"Die OMNi-POWER\u00ae Produkte wurden von einem Team aus Profi-Athleten und Ern\u00e4hrungswissenschaftlern entwickelt, um den K\u00f6rper mit Mineralstoffen und Energie zu versorgen \u2013 und das bei h\u00f6chster Vertr\u00e4glichkeit.\" srcset=\"https:\/\/www.omni-biotic.com\/de-at\/wp-content\/uploads\/sites\/2\/2023\/07\/500x500_OP_Gesamtpackshot-300x300.png 300w, https:\/\/www.omni-biotic.com\/de-at\/wp-content\/uploads\/sites\/2\/2023\/07\/500x500_OP_Gesamtpackshot-150x150.png 150w, https:\/\/www.omni-biotic.com\/de-at\/wp-content\/uploads\/sites\/2\/2023\/07\/500x500_OP_Gesamtpackshot.png 500w\" sizes=\"(max-width: 300px) 100vw, 300px\" title=\"\">                                                                                            <\/a>\n                                                                                    <div class=\"tile__headline\">OMNi-POWER\u00ae<\/div>\n                                                                                                                    <div class=\"tile__text\">Mineralstoff- und Energieversorgung<\/div>\n                                                                                                                    <a class=\"tile__button\" href=\"https:\/\/www.omni-biotic.com\/de-at\/produkte\/omni-power\/\">Produkte anzeigen<\/a>\n                                                    <\/div>\n                    <\/div>\n                                    <div class=\"swiper-slide\">\n                        <div class=\"tile\">\n                                                        <a href=\"https:\/\/www.omni-biotic.com\/de-at\/produkte\/caricol-brand\">\n                                                                                                    <img loading=\"lazy\" decoding=\"async\" width=\"300\" height=\"300\" src=\"https:\/\/www.omni-biotic.com\/de-at\/wp-content\/uploads\/sites\/2\/2023\/07\/800x800_Caricol_NEM-300x300.png\" class=\"tile__image\" alt=\"Caricol\u00ae - Wohlbefinden im Darm mit der Kraft der Papaya\" srcset=\"https:\/\/www.omni-biotic.com\/de-at\/wp-content\/uploads\/sites\/2\/2023\/07\/800x800_Caricol_NEM-300x300.png 300w, https:\/\/www.omni-biotic.com\/de-at\/wp-content\/uploads\/sites\/2\/2023\/07\/800x800_Caricol_NEM-150x150.png 150w, https:\/\/www.omni-biotic.com\/de-at\/wp-content\/uploads\/sites\/2\/2023\/07\/800x800_Caricol_NEM-768x768.png 768w, https:\/\/www.omni-biotic.com\/de-at\/wp-content\/uploads\/sites\/2\/2023\/07\/800x800_Caricol_NEM.png 800w\" sizes=\"(max-width: 300px) 100vw, 300px\" title=\"\">                                                                                            <\/a>\n                                                                                    <div class=\"tile__headline\">Caricol\u00ae\u200b<\/div>\n                                                                                                                    <div class=\"tile__text\">In der Mitte liegt die Kraft<\/div>\n                                                                                                                    <a class=\"tile__button\" href=\"https:\/\/www.omni-biotic.com\/de-at\/produkte\/caricol-brand\">Produkte anzeigen<\/a>\n                                                    <\/div>\n                    <\/div>\n                                    <div class=\"swiper-slide\">\n                        <div class=\"tile\">\n                                                        <a href=\"https:\/\/www.omni-biotic.com\/de-at\/produkte\/weitere-marken\/\">\n                                                                                                    <img loading=\"lazy\" decoding=\"async\" width=\"300\" height=\"300\" src=\"https:\/\/www.omni-biotic.com\/de-at\/wp-content\/uploads\/sites\/2\/2023\/07\/Weitere-Marken-Gesamtpackshot.png\" class=\"tile__image\" alt=\"Weitere Marken - entdecken Sie unsere gesamte Produktpalette\" srcset=\"https:\/\/www.omni-biotic.com\/de-at\/wp-content\/uploads\/sites\/2\/2023\/07\/Weitere-Marken-Gesamtpackshot.png 300w, https:\/\/www.omni-biotic.com\/de-at\/wp-content\/uploads\/sites\/2\/2023\/07\/Weitere-Marken-Gesamtpackshot-150x150.png 150w\" sizes=\"(max-width: 300px) 100vw, 300px\" title=\"\">                                                                                            <\/a>\n                                                                                    <div class=\"tile__headline\">Weitere Marken\u200b<\/div>\n                                                                                                                    <div class=\"tile__text\">Das Extra-Plus f\u00fcr Darm und Organismus<\/div>\n                                                                                                                    <a class=\"tile__button\" href=\"https:\/\/www.omni-biotic.com\/de-at\/produkte\/weitere-marken\/\">Produkte anzeigen<\/a>\n                                                    <\/div>\n                    <\/div>\n                            <\/div>\n        <\/div>\n    <\/div>\n\t\t\t\t<\/div>\n\t\t\t\t<\/div>\n\t\t\t\t\t<\/div>\n\t\t\t\t<\/div>\n\t\t<div class=\"elementor-element elementor-element-4cbe9ab e-con-full obcs none e-flex e-con e-parent\" data-id=\"4cbe9ab\" data-element_type=\"container\">\n\t\t\t\t<div class=\"elementor-element elementor-element-9dd43d8 elementor-widget elementor-widget-template\" data-id=\"9dd43d8\" data-element_type=\"widget\" data-widget_type=\"template.default\">\n\t\t\t\t<div class=\"elementor-widget-container\">\n\t\t\t\t\t\t\t<div class=\"elementor-template\">\n\t\t\t\t\t<div data-elementor-type=\"section\" data-elementor-id=\"12699\" class=\"elementor elementor-12699\" data-elementor-post-type=\"elementor_library\">\n\t\t\t<div class=\"elementor-element elementor-element-7555421 obcs none e-flex e-con-boxed e-con e-parent\" data-id=\"7555421\" data-element_type=\"container\" data-settings=\"{&quot;background_background&quot;:&quot;classic&quot;,&quot;shape_divider_top&quot;:&quot;waves&quot;,&quot;shape_divider_bottom&quot;:&quot;waves&quot;}\">\n\t\t\t\t\t<div class=\"e-con-inner\">\n\t\t\t\t<div class=\"elementor-shape elementor-shape-top\" aria-hidden=\"true\" data-negative=\"false\">\n\t\t\t<svg xmlns=\"http:\/\/www.w3.org\/2000\/svg\" viewBox=\"0 0 1000 100\" preserveAspectRatio=\"none\">\n\t<path class=\"elementor-shape-fill\" d=\"M421.9,6.5c22.6-2.5,51.5,0.4,75.5,5.3c23.6,4.9,70.9,23.5,100.5,35.7c75.8,32.2,133.7,44.5,192.6,49.7\n\tc23.6,2.1,48.7,3.5,103.4-2.5c54.7-6,106.2-25.6,106.2-25.6V0H0v30.3c0,0,72,32.6,158.4,30.5c39.2-0.7,92.8-6.7,134-22.4\n\tc21.2-8.1,52.2-18.2,79.7-24.2C399.3,7.9,411.6,7.5,421.9,6.5z\"\/>\n<\/svg>\t\t<\/div>\n\t\t\t\t<div class=\"elementor-shape elementor-shape-bottom\" aria-hidden=\"true\" data-negative=\"false\">\n\t\t\t<svg xmlns=\"http:\/\/www.w3.org\/2000\/svg\" viewBox=\"0 0 1000 100\" preserveAspectRatio=\"none\">\n\t<path class=\"elementor-shape-fill\" d=\"M421.9,6.5c22.6-2.5,51.5,0.4,75.5,5.3c23.6,4.9,70.9,23.5,100.5,35.7c75.8,32.2,133.7,44.5,192.6,49.7\n\tc23.6,2.1,48.7,3.5,103.4-2.5c54.7-6,106.2-25.6,106.2-25.6V0H0v30.3c0,0,72,32.6,158.4,30.5c39.2-0.7,92.8-6.7,134-22.4\n\tc21.2-8.1,52.2-18.2,79.7-24.2C399.3,7.9,411.6,7.5,421.9,6.5z\"\/>\n<\/svg>\t\t<\/div>\n\t\t<div class=\"elementor-element elementor-element-82702c8 e-con-full obcs none e-flex e-con e-child\" data-id=\"82702c8\" data-element_type=\"container\">\n\t\t\t\t<div class=\"elementor-element elementor-element-e71e322 elementor-widget elementor-widget-heading\" data-id=\"e71e322\" data-element_type=\"widget\" data-widget_type=\"heading.default\">\n\t\t\t\t<div class=\"elementor-widget-container\">\n\t\t\t\t\t<div class=\"elementor-heading-title elementor-size-default\">Welches unserer Produkte passt zu Ihnen?<\/div>\t\t\t\t<\/div>\n\t\t\t\t<\/div>\n\t\t\t\t<div class=\"elementor-element elementor-element-3b82aeb elementor-widget elementor-widget-heading\" data-id=\"3b82aeb\" data-element_type=\"widget\" data-widget_type=\"heading.default\">\n\t\t\t\t<div class=\"elementor-widget-container\">\n\t\t\t\t\t<h2 class=\"elementor-heading-title elementor-size-default\">OMNi-BiOTiC\u00ae-Berater<\/h2>\t\t\t\t<\/div>\n\t\t\t\t<\/div>\n\t\t\t\t<div class=\"elementor-element elementor-element-31c875d elementor-widget-divider--view-line elementor-widget elementor-widget-divider\" data-id=\"31c875d\" data-element_type=\"widget\" data-widget_type=\"divider.default\">\n\t\t\t\t<div class=\"elementor-widget-container\">\n\t\t\t\t\t\t\t<div class=\"elementor-divider\">\n\t\t\t<span class=\"elementor-divider-separator\">\n\t\t\t\t\t\t<\/span>\n\t\t<\/div>\n\t\t\t\t\t\t<\/div>\n\t\t\t\t<\/div>\n\t\t\t\t<div class=\"elementor-element elementor-element-7055c6f elementor-widget elementor-widget-text-editor\" data-id=\"7055c6f\" data-element_type=\"widget\" data-widget_type=\"text-editor.default\">\n\t\t\t\t<div class=\"elementor-widget-container\">\n\t\t\t\t\t\t\t\t\t<p>Sie suchen das richtige Multispezies-Probiotikum f\u00fcr Ihre Probleme? Oder m\u00f6chten gezielt Vitamine und Mineralstoffe zu sich nehmen? Dann probieren Sie unseren Produktberater!<\/p>\t\t\t\t\t\t\t\t<\/div>\n\t\t\t\t<\/div>\n\t\t\t\t<div class=\"elementor-element elementor-element-876bcb8 elementor-align-center elementor-widget elementor-widget-button\" data-id=\"876bcb8\" data-element_type=\"widget\" data-widget_type=\"button.default\">\n\t\t\t\t<div class=\"elementor-widget-container\">\n\t\t\t\t\t\t\t\t\t<div class=\"elementor-button-wrapper\">\n\t\t\t\t\t<a class=\"elementor-button elementor-button-link elementor-size-lg\" href=\"https:\/\/www.omni-biotic.com\/de-at\/produktberater\/\">\n\t\t\t\t\t\t<span class=\"elementor-button-content-wrapper\">\n\t\t\t\t\t\t\t\t\t<span class=\"elementor-button-text\">Jetzt Beratung starten<\/span>\n\t\t\t\t\t<\/span>\n\t\t\t\t\t<\/a>\n\t\t\t\t<\/div>\n\t\t\t\t\t\t\t\t<\/div>\n\t\t\t\t<\/div>\n\t\t\t\t<\/div>\n\t\t\t\t\t<\/div>\n\t\t\t\t<\/div>\n\t\t\t\t<\/div>\n\t\t\t\t<\/div>\n\t\t\t\t\t\t<\/div>\n\t\t\t\t<\/div>\n\t\t\t\t<\/div>\n\t\t<div class=\"elementor-element elementor-element-00acc28 obcs none e-flex e-con-boxed e-con e-parent\" data-id=\"00acc28\" data-element_type=\"container\">\n\t\t\t\t\t<div class=\"e-con-inner\">\n\t\t\t\t<div class=\"elementor-element elementor-element-de1d690 elementor-widget elementor-widget-heading\" data-id=\"de1d690\" data-element_type=\"widget\" data-widget_type=\"heading.default\">\n\t\t\t\t<div class=\"elementor-widget-container\">\n\t\t\t\t\t<span class=\"elementor-heading-title elementor-size-default\">Immer top informiert!<\/span>\t\t\t\t<\/div>\n\t\t\t\t<\/div>\n\t\t\t\t<div class=\"elementor-element elementor-element-626cbf7 elementor-widget__width-inherit elementor-widget elementor-widget-heading\" data-id=\"626cbf7\" data-element_type=\"widget\" data-widget_type=\"heading.default\">\n\t\t\t\t<div class=\"elementor-widget-container\">\n\t\t\t\t\t<h2 class=\"elementor-heading-title elementor-size-default\">Unser OMNi-BiOTiC\u00ae Blog<\/h2>\t\t\t\t<\/div>\n\t\t\t\t<\/div>\n\t\t\t\t<div class=\"elementor-element elementor-element-b3284a1 elementor-widget elementor-widget-li-widgets--posts-gallery\" data-id=\"b3284a1\" data-element_type=\"widget\" data-widget_type=\"li-widgets--posts-gallery.default\">\n\t\t\t\t<div class=\"elementor-widget-container\">\n\t\t\t\t\t    \n<div class=\"li-widgets--posts-gallery__pagination\" data-post-id=\"97\">\n\n    <div class=\"li-widgets--posts-gallery__pagination-results\">\n        1-6 von 451 Ergebnissen    <\/div>\n    <div class=\"li-widgets--posts-gallery__pagination-pages\">\n        Seite 1 von 76    <\/div>\n    <div class=\"li-widgets--posts-gallery__pagination-url\">\n                            <a href=\"#\" data-href=\"https:\/\/www.omni-biotic.com\/de-at\/wp-json\/wp\/v2\/pages\/97\/?search&category=0&cur=1\">1<\/a>\n                    <a href=\"#\" data-href=\"https:\/\/www.omni-biotic.com\/de-at\/wp-json\/wp\/v2\/pages\/97\/?search&category=0&cur=2\">2<\/a>\n                    <a href=\"#\" data-href=\"https:\/\/www.omni-biotic.com\/de-at\/wp-json\/wp\/v2\/pages\/97\/?search&category=0&cur=3\">3<\/a>\n                            <a href=\"#\" data-href=\"https:\/\/www.omni-biotic.com\/de-at\/wp-json\/wp\/v2\/pages\/97\/?search&category=0&cur=76\">\u00bb<\/a>\n            <\/div>\n<\/div>\n<div class=\"li-widgets--posts-gallery blog\">\n                    <a href=\"https:\/\/www.omni-biotic.com\/de-at\/blog\/durchfall-waehrend-der-periode-und-die-rolle-des-darm-mikrobioms\/\"\n           class=\"li-widgets--posts-gallery__post\">\n            <div class=\"post--image__container\">\n                <div class=\"post--image\">\n                    <img loading=\"lazy\" decoding=\"async\" width=\"768\" height=\"512\" src=\"https:\/\/www.omni-biotic.com\/de-at\/wp-content\/uploads\/sites\/2\/2026\/04\/width_1600-768x512.jpg\" class=\"attachment-medium_large size-medium_large wp-post-image\" alt=\"\" srcset=\"https:\/\/www.omni-biotic.com\/de-at\/wp-content\/uploads\/sites\/2\/2026\/04\/width_1600-768x512.jpg 768w, https:\/\/www.omni-biotic.com\/de-at\/wp-content\/uploads\/sites\/2\/2026\/04\/width_1600-300x200.jpg 300w, https:\/\/www.omni-biotic.com\/de-at\/wp-content\/uploads\/sites\/2\/2026\/04\/width_1600-1024x683.jpg 1024w, https:\/\/www.omni-biotic.com\/de-at\/wp-content\/uploads\/sites\/2\/2026\/04\/width_1600-1536x1024.jpg 1536w, https:\/\/www.omni-biotic.com\/de-at\/wp-content\/uploads\/sites\/2\/2026\/04\/width_1600.jpg 1599w\" sizes=\"(max-width: 768px) 100vw, 768px\" title=\"\">                <\/div>\n            <\/div>\n            <div class=\"post--teaser\">\n                <div class=\"title\">Durchfall w\u00e4hrend der Periode und die Rolle des Darm-Mikrobioms<\/div>\n                <div class=\"description\">\n                    Viele Frauen kennen es. Rund um die Periode spielt die Verdauung verr\u00fcckt. Besonders Durchf\u00e4lle sind\u2026                    <br>\n                    <span class=\"read-more\">\n                            weiterlesen                        <\/span>\n                <\/div>\n                <div class=\"metadata\"><b>Zuletzt aktualisiert:<\/b> 29. April 2026 \u2022 <b>Kategorien:<\/b> Beschwerden &amp; Ratgeber, Frauengesundheit \u2022 <b>Autor:<\/b> Zuzana Mikulova<\/div>\n            <\/div>\n        <\/a>\n                <a href=\"https:\/\/www.omni-biotic.com\/de-at\/blog\/babys-bakterielle-gesundheitsbasis\/\"\n           class=\"li-widgets--posts-gallery__post\">\n            <div class=\"post--image__container\">\n                <div class=\"post--image\">\n                    <img loading=\"lazy\" decoding=\"async\" width=\"768\" height=\"549\" src=\"https:\/\/www.omni-biotic.com\/de-at\/wp-content\/uploads\/sites\/2\/2023\/06\/1190x850-babys-bakterielle-gesundheitsbasis-bg13-blog-2-768x549.jpg\" class=\"attachment-medium_large size-medium_large wp-post-image\" alt=\"Ein ausgeglichenes Darmmikrobiom f\u00f6rdert die optimale Reifung des kindlichen Immunsystems.\" srcset=\"https:\/\/www.omni-biotic.com\/de-at\/wp-content\/uploads\/sites\/2\/2023\/06\/1190x850-babys-bakterielle-gesundheitsbasis-bg13-blog-2-768x549.jpg 768w, https:\/\/www.omni-biotic.com\/de-at\/wp-content\/uploads\/sites\/2\/2023\/06\/1190x850-babys-bakterielle-gesundheitsbasis-bg13-blog-2-300x214.jpg 300w, https:\/\/www.omni-biotic.com\/de-at\/wp-content\/uploads\/sites\/2\/2023\/06\/1190x850-babys-bakterielle-gesundheitsbasis-bg13-blog-2-1024x731.jpg 1024w, https:\/\/www.omni-biotic.com\/de-at\/wp-content\/uploads\/sites\/2\/2023\/06\/1190x850-babys-bakterielle-gesundheitsbasis-bg13-blog-2.jpg 1190w\" sizes=\"(max-width: 768px) 100vw, 768px\" title=\"\">                <\/div>\n            <\/div>\n            <div class=\"post--teaser\">\n                <div class=\"title\">Das Darm-Mikrobiom eines Babys<\/div>\n                <div class=\"description\">\n                    Dass die bakterielle Besiedelung von Babys Darm mit den richtigen Symbionten nicht nur f\u00fcr die\u2026                    <br>\n                    <span class=\"read-more\">\n                            weiterlesen                        <\/span>\n                <\/div>\n                <div class=\"metadata\"><b>Zuletzt aktualisiert:<\/b> 27. April 2026 \u2022 <b>Kategorien:<\/b> Mutter &amp; Kind, Neues aus der Forschung \u2022 <b>Autor:<\/b> Dr. Verena Stiegelbaur, MSc, BSc<\/div>\n            <\/div>\n        <\/a>\n                <a href=\"https:\/\/www.omni-biotic.com\/de-at\/blog\/was-machen-abfuehrmittel-mit-unserem-darm\/\"\n           class=\"li-widgets--posts-gallery__post\">\n            <div class=\"post--image__container\">\n                <div class=\"post--image\">\n                    <img loading=\"lazy\" decoding=\"async\" width=\"768\" height=\"720\" src=\"https:\/\/www.omni-biotic.com\/de-at\/wp-content\/uploads\/sites\/2\/2026\/03\/OB_WOMAN_Floraplus_Sachet-2-1-e1773222863163-768x720.png\" class=\"attachment-medium_large size-medium_large wp-post-image\" alt=\"\" srcset=\"https:\/\/www.omni-biotic.com\/de-at\/wp-content\/uploads\/sites\/2\/2026\/03\/OB_WOMAN_Floraplus_Sachet-2-1-e1773222863163-768x720.png 768w, https:\/\/www.omni-biotic.com\/de-at\/wp-content\/uploads\/sites\/2\/2026\/03\/OB_WOMAN_Floraplus_Sachet-2-1-e1773222863163-300x281.png 300w, https:\/\/www.omni-biotic.com\/de-at\/wp-content\/uploads\/sites\/2\/2026\/03\/OB_WOMAN_Floraplus_Sachet-2-1-e1773222863163-1024x960.png 1024w, https:\/\/www.omni-biotic.com\/de-at\/wp-content\/uploads\/sites\/2\/2026\/03\/OB_WOMAN_Floraplus_Sachet-2-1-e1773222863163.png 1073w\" sizes=\"(max-width: 768px) 100vw, 768px\" title=\"\">                <\/div>\n            <\/div>\n            <div class=\"post--teaser\">\n                <div class=\"title\">Was machen Abf\u00fchrmittel mit unserem Darm-Mikrobiom?<\/div>\n                <div class=\"description\">\n                    Abf\u00fchrmittel \u2013 medizinisch \u201eLaxantien\u201c genannt \u2013 gelten f\u00fcr viele Menschen als unkomplizierte L\u00f6sung bei Verstopfung.\u2026                    <br>\n                    <span class=\"read-more\">\n                            weiterlesen                        <\/span>\n                <\/div>\n                <div class=\"metadata\"><b>Zuletzt aktualisiert:<\/b> 11. M\u00e4rz 2026 \u2022 <b>Kategorien:<\/b> Allgemein, Beschwerden &amp; Ratgeber \u2022 <b>Autor:<\/b> Zuzana Mikulova<\/div>\n            <\/div>\n        <\/a>\n                <a href=\"https:\/\/www.omni-biotic.com\/de-at\/blog\/papaya-naturlicher-schwung-fur-magen-und-darm\/\"\n           class=\"li-widgets--posts-gallery__post\">\n            <div class=\"post--image__container\">\n                <div class=\"post--image\">\n                    <img loading=\"lazy\" decoding=\"async\" width=\"700\" height=\"500\" src=\"https:\/\/www.omni-biotic.com\/de-at\/wp-content\/uploads\/sites\/2\/2023\/12\/papaya-schwung-fuer-magen-darm.jpg\" class=\"attachment-medium_large size-medium_large wp-post-image\" alt=\"Papaya: Schwung f\u00fcr Magen und Darm\" srcset=\"https:\/\/www.omni-biotic.com\/de-at\/wp-content\/uploads\/sites\/2\/2023\/12\/papaya-schwung-fuer-magen-darm.jpg 700w, https:\/\/www.omni-biotic.com\/de-at\/wp-content\/uploads\/sites\/2\/2023\/12\/papaya-schwung-fuer-magen-darm-300x214.jpg 300w\" sizes=\"(max-width: 700px) 100vw, 700px\" title=\"\">                <\/div>\n            <\/div>\n            <div class=\"post--teaser\">\n                <div class=\"title\">Papaya: Nat\u00fcrlicher Schwung f\u00fcr Magen und Darm<\/div>\n                <div class=\"description\">\n                    Die Verdauung hat es mit unserem Lebensstil nicht immer leicht: Stress und Lebensmittel mit einem\u2026                    <br>\n                    <span class=\"read-more\">\n                            weiterlesen                        <\/span>\n                <\/div>\n                <div class=\"metadata\"><b>Zuletzt aktualisiert:<\/b> 26. Februar 2026 \u2022 <b>Kategorien:<\/b> Beschwerden &amp; Ratgeber, Institut AllergoSan<\/div>\n            <\/div>\n        <\/a>\n                <a href=\"https:\/\/www.omni-biotic.com\/de-at\/blog\/fruehjahrskuren-fuer-einen-gesunden-darm\/\"\n           class=\"li-widgets--posts-gallery__post\">\n            <div class=\"post--image__container\">\n                <div class=\"post--image\">\n                    <img loading=\"lazy\" decoding=\"async\" width=\"700\" height=\"500\" src=\"https:\/\/www.omni-biotic.com\/de-at\/wp-content\/uploads\/sites\/2\/2022\/02\/fruehjahrskuren-gesunden-darm.jpg\" class=\"attachment-medium_large size-medium_large wp-post-image\" alt=\"Fr\u00fchjahrskuren f\u00fcr einen gesunden Darm\" srcset=\"https:\/\/www.omni-biotic.com\/de-at\/wp-content\/uploads\/sites\/2\/2022\/02\/fruehjahrskuren-gesunden-darm.jpg 700w, https:\/\/www.omni-biotic.com\/de-at\/wp-content\/uploads\/sites\/2\/2022\/02\/fruehjahrskuren-gesunden-darm-300x214.jpg 300w\" sizes=\"(max-width: 700px) 100vw, 700px\" title=\"\">                <\/div>\n            <\/div>\n            <div class=\"post--teaser\">\n                <div class=\"title\">Fr\u00fchjahrskuren f\u00fcr einen gesunden Darm<\/div>\n                <div class=\"description\">\n                    Der Darm als Sitz des Immunsystems bew\u00e4ltigt im allt\u00e4glichen Leben viele Belastungen. Ger\u00e4t die Darmflora\u2026                    <br>\n                    <span class=\"read-more\">\n                            weiterlesen                        <\/span>\n                <\/div>\n                <div class=\"metadata\"><b>Zuletzt aktualisiert:<\/b> 17. Februar 2026 \u2022 <b>Kategorien:<\/b> Allgemein, Beschwerden &amp; Ratgeber<\/div>\n            <\/div>\n        <\/a>\n                <a href=\"https:\/\/www.omni-biotic.com\/de-at\/blog\/allergien-immunsystem-ueberreagiert\/\"\n           class=\"li-widgets--posts-gallery__post\">\n            <div class=\"post--image__container\">\n                <div class=\"post--image\">\n                    <img loading=\"lazy\" decoding=\"async\" width=\"700\" height=\"500\" src=\"https:\/\/www.omni-biotic.com\/de-at\/wp-content\/uploads\/sites\/2\/2024\/02\/allergien-immunsystem-ueberreaktion.jpg\" class=\"attachment-medium_large size-medium_large wp-post-image\" alt=\"Allergien - wenn das Immunsystem \u00fcberreagiert\" srcset=\"https:\/\/www.omni-biotic.com\/de-at\/wp-content\/uploads\/sites\/2\/2024\/02\/allergien-immunsystem-ueberreaktion.jpg 700w, https:\/\/www.omni-biotic.com\/de-at\/wp-content\/uploads\/sites\/2\/2024\/02\/allergien-immunsystem-ueberreaktion-300x214.jpg 300w\" sizes=\"(max-width: 700px) 100vw, 700px\" title=\"\">                <\/div>\n            <\/div>\n            <div class=\"post--teaser\">\n                <div class=\"title\">Allergien: Wenn das Immunsystem \u00fcberreagiert<\/div>\n                <div class=\"description\">\n                    In den k\u00e4lteren Monaten l\u00e4sst sie sich gut verdr\u00e4ngen, bis Anfang des Jahres der Fr\u00fchling\u2026                    <br>\n                    <span class=\"read-more\">\n                            weiterlesen                        <\/span>\n                <\/div>\n                <div class=\"metadata\"><b>Zuletzt aktualisiert:<\/b> 3. M\u00e4rz 2026 \u2022 <b>Kategorien:<\/b> Allgemein, Beschwerden &amp; Ratgeber \u2022 <b>Autor:<\/b> Mag. Jutta Kalian<\/div>\n            <\/div>\n        <\/a>\n            <\/div>\n\t\t\t\t<\/div>\n\t\t\t\t<\/div>\n\t\t\t\t\t<\/div>\n\t\t\t\t<\/div>\n\t\t\t\t<\/div>\n\t\t","protected":false},"excerpt":{"rendered":"<p>Unsere Produkte Das Institut AllergoSan entwickelt, erforscht und vertreibt seit fast 30 Jahren Produkte aus nat\u00fcrlichen Substanzen wie etwa probiotischen Bakterien, Pflanzenextrakten und Mineralstoffen, die alle ein Ziel haben: unsere Gesundheit zu unterst\u00fctzen, im speziellen unsere Darmgesundheit. Home Mit gutem &#8222;Bauchgef\u00fchl&#8220; durch das Leben OMNi-BiOTiC\u00ae\u200b Synbiotika h\u00f6chster Qualit\u00e4t f\u00fcr Ihren Darm Produkte anzeigen OMNi-BiOTiC SKiN\u00ae\u200b [&hellip;]<\/p>\n","protected":false},"author":3,"featured_media":0,"parent":0,"menu_order":170,"comment_status":"closed","ping_status":"closed","template":"","meta":{"_acf_changed":false,"inline_featured_image":false,"footnotes":""},"class_list":["post-97","page","type-page","status-publish","hentry"],"acf":[],"_links":{"self":[{"href":"https:\/\/www.omni-biotic.com\/de-at\/wp-json\/wp\/v2\/pages\/97","targetHints":{"allow":["GET"]}}],"collection":[{"href":"https:\/\/www.omni-biotic.com\/de-at\/wp-json\/wp\/v2\/pages"}],"about":[{"href":"https:\/\/www.omni-biotic.com\/de-at\/wp-json\/wp\/v2\/types\/page"}],"author":[{"embeddable":true,"href":"https:\/\/www.omni-biotic.com\/de-at\/wp-json\/wp\/v2\/users\/3"}],"replies":[{"embeddable":true,"href":"https:\/\/www.omni-biotic.com\/de-at\/wp-json\/wp\/v2\/comments?post=97"}],"version-history":[{"count":7,"href":"https:\/\/www.omni-biotic.com\/de-at\/wp-json\/wp\/v2\/pages\/97\/revisions"}],"predecessor-version":[{"id":42225,"href":"https:\/\/www.omni-biotic.com\/de-at\/wp-json\/wp\/v2\/pages\/97\/revisions\/42225"}],"wp:attachment":[{"href":"https:\/\/www.omni-biotic.com\/de-at\/wp-json\/wp\/v2\/media?parent=97"}],"curies":[{"name":"wp","href":"https:\/\/api.w.org\/{rel}","templated":true}]}}