{"id":107,"date":"2022-03-07T10:07:28","date_gmt":"2022-03-07T09:07:28","guid":{"rendered":"https:\/\/www.omni-biotic.com\/produkte\/caricol\/"},"modified":"2025-08-20T16:37:49","modified_gmt":"2025-08-20T14:37:49","slug":"caricol-brand","status":"publish","type":"page","link":"https:\/\/www.omni-biotic.com\/de-de\/produkte\/caricol-brand\/","title":{"rendered":"Caricol\u00ae"},"content":{"rendered":"\t\t<div data-elementor-type=\"wp-page\" data-elementor-id=\"107\" class=\"elementor elementor-107\" data-elementor-post-type=\"page\">\n\t\t\t\t<div class=\"elementor-element elementor-element-c77731a e-con-full obcs none e-flex e-con e-parent\" data-id=\"c77731a\" data-element_type=\"container\" data-settings=\"{&quot;background_background&quot;:&quot;classic&quot;,&quot;shape_divider_bottom&quot;:&quot;waves&quot;}\">\n\t\t\t\t<div class=\"elementor-shape elementor-shape-bottom\" aria-hidden=\"true\" data-negative=\"false\">\n\t\t\t<svg xmlns=\"http:\/\/www.w3.org\/2000\/svg\" viewBox=\"0 0 1000 100\" preserveAspectRatio=\"none\">\n\t<path class=\"elementor-shape-fill\" d=\"M421.9,6.5c22.6-2.5,51.5,0.4,75.5,5.3c23.6,4.9,70.9,23.5,100.5,35.7c75.8,32.2,133.7,44.5,192.6,49.7\n\tc23.6,2.1,48.7,3.5,103.4-2.5c54.7-6,106.2-25.6,106.2-25.6V0H0v30.3c0,0,72,32.6,158.4,30.5c39.2-0.7,92.8-6.7,134-22.4\n\tc21.2-8.1,52.2-18.2,79.7-24.2C399.3,7.9,411.6,7.5,421.9,6.5z\"\/>\n<\/svg>\t\t<\/div>\n\t\t<div class=\"elementor-element elementor-element-76d0a2f e-con-full obcs none e-flex e-con e-child\" data-id=\"76d0a2f\" data-element_type=\"container\" data-settings=\"{&quot;background_background&quot;:&quot;gradient&quot;}\">\n\t\t<div class=\"elementor-element elementor-element-2724cb2 e-con-full obcs none e-flex e-con e-child\" data-id=\"2724cb2\" data-element_type=\"container\" data-settings=\"{&quot;background_background&quot;:&quot;classic&quot;}\">\n\t\t\t\t<div class=\"elementor-element elementor-element-195f909 elementor-widget elementor-widget-heading\" data-id=\"195f909\" data-element_type=\"widget\" data-widget_type=\"heading.default\">\n\t\t\t\t<div class=\"elementor-widget-container\">\n\t\t\t\t\t<h1 class=\"elementor-heading-title elementor-size-default\">Caricol\u00ae - F\u00fcr die ganze Familie<\/h1>\t\t\t\t<\/div>\n\t\t\t\t<\/div>\n\t\t\t\t<div class=\"elementor-element elementor-element-04d0467 elementor-widget-divider--view-line elementor-widget elementor-widget-divider\" data-id=\"04d0467\" data-element_type=\"widget\" data-widget_type=\"divider.default\">\n\t\t\t\t<div class=\"elementor-widget-container\">\n\t\t\t\t\t\t\t<div class=\"elementor-divider\">\n\t\t\t<span class=\"elementor-divider-separator\">\n\t\t\t\t\t\t<\/span>\n\t\t<\/div>\n\t\t\t\t\t\t<\/div>\n\t\t\t\t<\/div>\n\t\t\t\t<div class=\"elementor-element elementor-element-946d8b1 elementor-widget elementor-widget-text-editor\" data-id=\"946d8b1\" data-element_type=\"widget\" data-widget_type=\"text-editor.default\">\n\t\t\t\t<div class=\"elementor-widget-container\">\n\t\t\t\t\t\t\t\t\t<p>In der Schatzkiste der Natur findet man f\u00fcr das Gleichgewicht der&nbsp;<strong>Verdauung<\/strong>&nbsp;eine ganz besondere Frucht: die&nbsp;<strong>Papaya<\/strong>. Sie enth\u00e4lt verdauungsf\u00f6rdernde Enzyme \u2013 wie das <strong>Papain<\/strong> \u2013 und dar\u00fcber hinaus viele <strong>Antioxidantien, Vitamine<\/strong> und <strong>Mineralstoffe<\/strong>, die unserem K\u00f6rper zugutekommen.<\/p>\n<p>Die in den Caricol\u00ae-Produkten enthaltene Papaya stammt aus <strong>biologischem&nbsp;Anbau<\/strong>&nbsp;und&nbsp;<strong>fairem Handel. <\/strong><\/p>\t\t\t\t\t\t\t\t<\/div>\n\t\t\t\t<\/div>\n\t\t\t\t<\/div>\n\t\t\t\t<\/div>\n\t\t\t\t<div class=\"elementor-element elementor-element-e7ba22e elementor-widget elementor-widget-image\" data-id=\"e7ba22e\" data-element_type=\"widget\" data-widget_type=\"image.default\">\n\t\t\t\t<div class=\"elementor-widget-container\">\n\t\t\t\t\t\t\t\t\t\t\t\t\t\t\t<img decoding=\"async\" width=\"197\" height=\"197\" src=\"https:\/\/www.omni-biotic.com\/de-de\/wp-content\/uploads\/sites\/10\/2024\/03\/Caricol_20-Jahre_Storer.png\" class=\"attachment-full-hd size-full-hd wp-image-29942\" alt=\"\" srcset=\"https:\/\/www.omni-biotic.com\/de-de\/wp-content\/uploads\/sites\/10\/2024\/03\/Caricol_20-Jahre_Storer.png 197w, https:\/\/www.omni-biotic.com\/de-de\/wp-content\/uploads\/sites\/10\/2024\/03\/Caricol_20-Jahre_Storer-150x150.png 150w\" sizes=\"(max-width: 197px) 100vw, 197px\" \/>\t\t\t\t\t\t\t\t\t\t\t\t\t\t\t<\/div>\n\t\t\t\t<\/div>\n\t\t<div class=\"elementor-element elementor-element-d643ab4 e-con-full elementor-hidden-mobile obcs none e-flex e-con e-child\" data-id=\"d643ab4\" data-element_type=\"container\">\n\t\t\t\t<\/div>\n\t\t\t\t<\/div>\n\t\t<div class=\"elementor-element elementor-element-262b180 obcs none e-flex e-con-boxed e-con e-parent\" data-id=\"262b180\" data-element_type=\"container\">\n\t\t\t\t\t<div class=\"e-con-inner\">\n\t\t\t\t<div class=\"elementor-element elementor-element-dd55bdc elementor-widget__width-initial elementor-widget elementor-widget-li-widgets--tile-slider\" data-id=\"dd55bdc\" data-element_type=\"widget\" data-widget_type=\"li-widgets--tile-slider.default\">\n\t\t\t\t<div class=\"elementor-widget-container\">\n\t\t\t\t\t<div class=\"li-widgets--tile-slider yellow\">\n            <div class=\"headlines\">\n                            <div class=\"headline\">\n                    <div class=\"headline--main\"><h2>In der Mitte liegt die Kraft<\/h2><\/div>\n                                    <\/div>\n                                <\/div>\n                <div class=\"tiles-container grid\">\n            <div class=\"tiles grid-wrapper\">\n                                    <div class=\"swiper-slide\">\n                        <div class=\"tile\">\n                                                        <a href=\"https:\/\/www.omni-biotic.com\/de-de\/produkt\/caricol\/\">\n                                                                                                    <img decoding=\"async\" src=\"https:\/\/cdn.shopify.com\/s\/files\/1\/0611\/8198\/5020\/files\/caricol-7stk-at-de.webp?v=1757580196\" alt=\"Caricol\u00ae\" class=\"tile__image\">\n                                                                                            <\/a>\n                                                                                    <div class=\"tile__headline\">Caricol\u00ae<\/div>\n                                                                                        <div class=\"tile__subtitle\">Wohlbefinden im Darm mit der Kraft der Papaya<\/div>\n                                                                                                                    <div class=\"tile__price\">\n                                                                        ab \u20ac 9,50                                <\/div>\n                                                                                        <a class=\"tile__button\" href=\"https:\/\/www.omni-biotic.com\/de-de\/produkt\/caricol\/\">Zum Produkt<\/a>\n                                                    <\/div>\n                    <\/div>\n                                    <div class=\"swiper-slide\">\n                        <div class=\"tile\">\n                                                        <a href=\"https:\/\/www.omni-biotic.com\/de-de\/produkt\/caricol-derma-sensitiv\/\">\n                                                                                                    <img decoding=\"async\" src=\"https:\/\/cdn.shopify.com\/s\/files\/1\/0611\/8198\/5020\/files\/caricol-derma-sensitiv-50ml-at-de.webp?v=1757601781\" alt=\"Caricol\u00ae-Derma Sensitiv\" class=\"tile__image\">\n                                                                                            <\/a>\n                                                                                    <div class=\"tile__headline\">Caricol\u00ae-Derma Sensitiv<\/div>\n                                                                                        <div class=\"tile__subtitle\">Wenn es juckt und brennt<\/div>\n                                                                                                                    <div class=\"tile__price\">\n                                                                        ab \u20ac 24,90                                <\/div>\n                                                                                        <a class=\"tile__button\" href=\"https:\/\/www.omni-biotic.com\/de-de\/produkt\/caricol-derma-sensitiv\/\">Zum Produkt<\/a>\n                                                    <\/div>\n                    <\/div>\n                                    <div class=\"swiper-slide\">\n                        <div class=\"tile\">\n                                                        <a href=\"https:\/\/www.omni-biotic.com\/de-de\/produkt\/caricol-gastro\/\">\n                                                                                                    <img decoding=\"async\" src=\"https:\/\/cdn.shopify.com\/s\/files\/1\/0611\/8198\/5020\/files\/caricol-gastro-20-sticks-a-20g-online-kaufen-de_15106a80-1497-444e-bac5-e56495fef6ef.png?v=1698997350\" alt=\"Caricol\u00ae-Gastro\" class=\"tile__image\">\n                                                                                            <\/a>\n                                                                                    <div class=\"tile__headline\">Caricol\u00ae-Gastro<\/div>\n                                                                                        <div class=\"tile__subtitle\">\"Salbe\" f\u00fcr den Magen<\/div>\n                                                                                                                    <div class=\"tile__price\">\n                                                                        ab \u20ac 9,90                                <\/div>\n                                                                                        <a class=\"tile__button\" href=\"https:\/\/www.omni-biotic.com\/de-de\/produkt\/caricol-gastro\/\">Zum Produkt<\/a>\n                                                    <\/div>\n                    <\/div>\n                            <\/div>\n        <\/div>\n    <\/div>\n\t\t\t\t<\/div>\n\t\t\t\t<\/div>\n\t\t<div class=\"elementor-element elementor-element-ad373a6 obcs none e-flex e-con-boxed e-con e-child\" data-id=\"ad373a6\" data-element_type=\"container\">\n\t\t\t\t\t<div class=\"e-con-inner\">\n\t\t\t\t<div class=\"elementor-element elementor-element-a3aa2bb elementor-widget-divider--view-line elementor-widget elementor-widget-divider\" data-id=\"a3aa2bb\" data-element_type=\"widget\" data-widget_type=\"divider.default\">\n\t\t\t\t<div class=\"elementor-widget-container\">\n\t\t\t\t\t\t\t<div class=\"elementor-divider\">\n\t\t\t<span class=\"elementor-divider-separator\">\n\t\t\t\t\t\t<\/span>\n\t\t<\/div>\n\t\t\t\t\t\t<\/div>\n\t\t\t\t<\/div>\n\t\t\t\t\t<\/div>\n\t\t\t\t<\/div>\n\t\t\t\t<div class=\"elementor-element elementor-element-eca48e7 elementor-widget elementor-widget-heading\" data-id=\"eca48e7\" data-element_type=\"widget\" data-widget_type=\"heading.default\">\n\t\t\t\t<div class=\"elementor-widget-container\">\n\t\t\t\t\t<h2 class=\"elementor-heading-title elementor-size-default\">Wohlbefinden im Darm mit der Kraft der Papaya<\/h2>\t\t\t\t<\/div>\n\t\t\t\t<\/div>\n\t\t\t\t<div class=\"elementor-element elementor-element-12267db elementor-widget elementor-widget-text-editor\" data-id=\"12267db\" data-element_type=\"widget\" data-widget_type=\"text-editor.default\">\n\t\t\t\t<div class=\"elementor-widget-container\">\n\t\t\t\t\t\t\t\t\t<p>Ein funktionierendes Verdauungssystem ist die Basis f\u00fcr Gesundheit und Wohlbefinden, denn es versorgt den Organismus mit N\u00e4hrstoffen und Energie, scheidet sch\u00e4dliche Bestandteile aus. Immerhin befinden sich im Darm 80 % unserer Immunzellen! Unser moderner Lebensstil mit Stress und Bewegungsmangel wirkt sich, ebenso wie Umweltbelastungen, negativ auf die Verdauung aus. Dies kann zu Problemen wie unregelm\u00e4\u00dfigem Stuhlgang, Verstopfung oder Sodbrennen f\u00fchren.<\/p><p>Umso wichtiger ist es, unseren K\u00f6rper zu unterst\u00fctzen \u2013 am besten mit Mitteln aus der Natur. Das Fruchtfleisch der Papaya enth\u00e4lt nicht nur viele Antioxidantien, Vitamine und Mineralstoffe. Dar\u00fcber hinaus unterst\u00fctzt eine gro\u00dfe Menge an Papain die Verdauung, indem es die Proteine aus unserer Nahrung aufspaltet und so deren weitere Verwertung im K\u00f6rper erleichtert. Diese nat\u00fcrliche Kraft der Papaya wird in geballter Form f\u00fcr jedermann in Caricol\u00ae sp\u00fcrbar, ein rein nat\u00fcrliches Produkt, das aus baumgereiften Bio-Papayafr\u00fcchten nach einem patentiertem Verfahren in Sri Lanka hergestellt wird.<\/p><p>\u00a0<\/p>\t\t\t\t\t\t\t\t<\/div>\n\t\t\t\t<\/div>\n\t\t\t\t<div class=\"elementor-element elementor-element-7c10330 elementor-widget-mobile__width-initial elementor-widget elementor-widget-infobox\" data-id=\"7c10330\" data-element_type=\"widget\" data-widget_type=\"infobox.default\">\n\t\t\t\t<div class=\"elementor-widget-container\">\n\t\t\t\t\t\n<div class=\"li-widgets--infobox yellow\">\n\n    <div class=\"li-widgets--infobox__icon\">\n        <i aria-hidden=\"true\" class=\"fas fa-info-circle\"><\/i>    <\/div>\n    <div class=\"li-widgets--infobox__text\">\n        <p>Das tropische Geheimnis aus Meisterhand<\/p>    <\/div>\n    <div class=\"li-widgets--infobox__text-body\">\n        <p>Caricol\u00ae macht mehr aus der Papaya: Das Besondere an Caricol\u00ae ist die patentierte Rezeptur mit Ursprung im Lotus Buddhist Monastery, einem Kloster auf Hawaii, welches die nat\u00fcrlichen und wohltuenden Eigenschaften der Papaya konzentriert. Die Wirksamkeit dieses patentierten Zubereitungsverfahrens, wurde in Laboranalysen belegt. In Caricol\u00ae ist die Aktivit\u00e4t des Verdauungs-Enzyms Papain rund viermal h\u00f6her als in rohem Papayamus. Das macht Caricol\u00ae zum tropischen Geheimnis f\u00fcr das Wohlbefinden im Darm.<\/p>    <\/div>\n\n    \n<\/div>\n\t\t\t\t<\/div>\n\t\t\t\t<\/div>\n\t\t\t\t<div class=\"elementor-element elementor-element-16b8a2f elementor-widget elementor-widget-spacer\" data-id=\"16b8a2f\" data-element_type=\"widget\" data-widget_type=\"spacer.default\">\n\t\t\t\t<div class=\"elementor-widget-container\">\n\t\t\t\t\t\t\t<div class=\"elementor-spacer\">\n\t\t\t<div class=\"elementor-spacer-inner\"><\/div>\n\t\t<\/div>\n\t\t\t\t\t\t<\/div>\n\t\t\t\t<\/div>\n\t\t\t\t<div class=\"elementor-element elementor-element-ca6f7d4 elementor-widget elementor-widget-heading\" data-id=\"ca6f7d4\" data-element_type=\"widget\" data-widget_type=\"heading.default\">\n\t\t\t\t<div class=\"elementor-widget-container\">\n\t\t\t\t\t<h2 class=\"elementor-heading-title elementor-size-default\">Die Frucht vom \u201eBaum der Gesundheit\u201c<\/h2>\t\t\t\t<\/div>\n\t\t\t\t<\/div>\n\t\t\t\t<div class=\"elementor-element elementor-element-948e269 elementor-widget elementor-widget-text-editor\" data-id=\"948e269\" data-element_type=\"widget\" data-widget_type=\"text-editor.default\">\n\t\t\t\t<div class=\"elementor-widget-container\">\n\t\t\t\t\t\t\t\t\t<p>Die Papaya ist eine wahre \u201ePowerfrucht\u201c \u2013 nicht umsonst genie\u00dft sie in den tropischen L\u00e4ndern seit jeher hohes Ansehen. Basierend auf dem Reichtum an wertvollen Inhaltsstoffen und ihren verdauungsf\u00f6rdernden Eigenschaften nannten die s\u00fcdamerikanischen Indios die Papayapflanze auch \u201eBaum der Gesundheit\u201c.<\/p><p style=\"text-align: left;\"><strong>Die \u201ePowerfrucht\u201c Papaya<\/strong><\/p><ul><li>enth\u00e4lt verdauungsf\u00f6rdernde Enzyme f\u00fcr den Darm,<\/li><li>ist sehr basisch,<\/li><li>ist besonders vitamin- und mineralstoffreich,<\/li><li>enth\u00e4lt das eiwei\u00dfspaltende Enzym Papain,<\/li><li>unterst\u00fctzt die Fermentierung und Verdauung von Nahrung.<\/li><\/ul>\t\t\t\t\t\t\t\t<\/div>\n\t\t\t\t<\/div>\n\t\t\t\t<div class=\"elementor-element elementor-element-af869fe elementor-widget elementor-widget-spacer\" data-id=\"af869fe\" data-element_type=\"widget\" data-widget_type=\"spacer.default\">\n\t\t\t\t<div class=\"elementor-widget-container\">\n\t\t\t\t\t\t\t<div class=\"elementor-spacer\">\n\t\t\t<div class=\"elementor-spacer-inner\"><\/div>\n\t\t<\/div>\n\t\t\t\t\t\t<\/div>\n\t\t\t\t<\/div>\n\t\t\t\t<div class=\"elementor-element elementor-element-1da1bc4 elementor-widget elementor-widget-heading\" data-id=\"1da1bc4\" data-element_type=\"widget\" data-widget_type=\"heading.default\">\n\t\t\t\t<div class=\"elementor-widget-container\">\n\t\t\t\t\t<h2 class=\"elementor-heading-title elementor-size-default\">Nat\u00fcrliche Qualit\u00e4t mit fairem Ursprung<\/h2>\t\t\t\t<\/div>\n\t\t\t\t<\/div>\n\t\t\t\t<div class=\"elementor-element elementor-element-b937501 elementor-widget elementor-widget-text-editor\" data-id=\"b937501\" data-element_type=\"widget\" data-widget_type=\"text-editor.default\">\n\t\t\t\t<div class=\"elementor-widget-container\">\n\t\t\t\t\t\t\t\t\t<p>Aufgrund des einzigartigen Klimas ist Sri Lanka das ideale Anbaugebiet f\u00fcr die Papayas in Caricol\u00ae. Die Fr\u00fcchte in h\u00f6chster Qualit\u00e4t stammen von Kleinbauern und Familienbetrieben, die faire Preise \u00fcber dem \u00fcblichen Marktwert erhalten und nach den strengen Bio-Vorschriften der EU arbeiten. Das sichert den Menschen vor Ort eine bessere Lebensqualit\u00e4t und entspricht auch ganz der Intention von Caricol\u00ae \u2013 n\u00e4mlich das Wohlbefinden jedes Menschen zu unterst\u00fctzen. Jede Papaya wird von Hand reif geerntet, gesch\u00e4lt und entkernt, um sicherzustellen, dass das Beste aus jeder Frucht herausgeholt wird. Durch diesen sorgf\u00e4ltigen Prozess bleiben alle wertvollen Inhaltsstoffe erhalten, die in Caricol\u00ae stecken.<\/p>\t\t\t\t\t\t\t\t<\/div>\n\t\t\t\t<\/div>\n\t\t\t\t<div class=\"elementor-element elementor-element-682be99 elementor-widget elementor-widget-spacer\" data-id=\"682be99\" data-element_type=\"widget\" data-widget_type=\"spacer.default\">\n\t\t\t\t<div class=\"elementor-widget-container\">\n\t\t\t\t\t\t\t<div class=\"elementor-spacer\">\n\t\t\t<div class=\"elementor-spacer-inner\"><\/div>\n\t\t<\/div>\n\t\t\t\t\t\t<\/div>\n\t\t\t\t<\/div>\n\t\t\t\t<div class=\"elementor-element elementor-element-273fd7e elementor-widget elementor-widget-video\" data-id=\"273fd7e\" data-element_type=\"widget\" data-settings=\"{&quot;youtube_url&quot;:&quot;https:\\\/\\\/www.youtube.com\\\/watch?v=s_sn0rTilAs&quot;,&quot;video_type&quot;:&quot;youtube&quot;}\" data-widget_type=\"video.default\">\n\t\t\t\t<div class=\"elementor-widget-container\">\n\t\t\t\t\t\t\t<div class=\"elementor-wrapper elementor-open-inline\">\n\t\t\t<div class=\"elementor-video\"><\/div>\t\t<\/div>\n\t\t\t\t\t\t<\/div>\n\t\t\t\t<\/div>\n\t\t\t\t<div class=\"elementor-element elementor-element-bd684fe elementor-widget elementor-widget-spacer\" data-id=\"bd684fe\" data-element_type=\"widget\" data-widget_type=\"spacer.default\">\n\t\t\t\t<div class=\"elementor-widget-container\">\n\t\t\t\t\t\t\t<div class=\"elementor-spacer\">\n\t\t\t<div class=\"elementor-spacer-inner\"><\/div>\n\t\t<\/div>\n\t\t\t\t\t\t<\/div>\n\t\t\t\t<\/div>\n\t\t<div class=\"elementor-element elementor-element-11650f1 obcs none e-flex e-con-boxed e-con e-child\" data-id=\"11650f1\" data-element_type=\"container\">\n\t\t\t\t\t<div class=\"e-con-inner\">\n\t\t<div class=\"elementor-element elementor-element-289ec70 obcs green e-flex e-con-boxed e-con e-child\" data-id=\"289ec70\" data-element_type=\"container\">\n\t\t\t\t\t<div class=\"e-con-inner\">\n\t\t\t\t\t<\/div>\n\t\t\t\t<\/div>\n\t\t\t\t\t<\/div>\n\t\t\t\t<\/div>\n\t\t\t\t<div class=\"elementor-element elementor-element-1996cbd elementor-widget elementor-widget-heading\" data-id=\"1996cbd\" data-element_type=\"widget\" data-widget_type=\"heading.default\">\n\t\t\t\t<div class=\"elementor-widget-container\">\n\t\t\t\t\t<span class=\"elementor-heading-title elementor-size-default\">Immer top informiert!<\/span>\t\t\t\t<\/div>\n\t\t\t\t<\/div>\n\t\t\t\t<div class=\"elementor-element elementor-element-f6b6326 elementor-widget__width-inherit elementor-widget elementor-widget-heading\" data-id=\"f6b6326\" data-element_type=\"widget\" data-widget_type=\"heading.default\">\n\t\t\t\t<div class=\"elementor-widget-container\">\n\t\t\t\t\t<h2 class=\"elementor-heading-title elementor-size-default\">Unser OMNi-BiOTiC\u00ae Blog<\/h2>\t\t\t\t<\/div>\n\t\t\t\t<\/div>\n\t\t\t\t<div class=\"elementor-element elementor-element-1aa3e1e elementor-widget elementor-widget-li-widgets--posts-gallery\" data-id=\"1aa3e1e\" data-element_type=\"widget\" data-widget_type=\"li-widgets--posts-gallery.default\">\n\t\t\t\t<div class=\"elementor-widget-container\">\n\t\t\t\t\t    \n<div class=\"li-widgets--posts-gallery__pagination\" data-post-id=\"107\">\n\n    <div class=\"li-widgets--posts-gallery__pagination-results\">\n        1-6 von 448 Ergebnissen    <\/div>\n    <div class=\"li-widgets--posts-gallery__pagination-pages\">\n        Seite 1 von 75    <\/div>\n    <div class=\"li-widgets--posts-gallery__pagination-url\">\n                            <a href=\"#\" data-href=\"https:\/\/www.omni-biotic.com\/de-de\/wp-json\/wp\/v2\/pages\/107\/?search&category=0&cur=1\">1<\/a>\n                    <a href=\"#\" data-href=\"https:\/\/www.omni-biotic.com\/de-de\/wp-json\/wp\/v2\/pages\/107\/?search&category=0&cur=2\">2<\/a>\n                    <a href=\"#\" data-href=\"https:\/\/www.omni-biotic.com\/de-de\/wp-json\/wp\/v2\/pages\/107\/?search&category=0&cur=3\">3<\/a>\n                            <a href=\"#\" data-href=\"https:\/\/www.omni-biotic.com\/de-de\/wp-json\/wp\/v2\/pages\/107\/?search&category=0&cur=75\">\u00bb<\/a>\n            <\/div>\n<\/div>\n<div class=\"li-widgets--posts-gallery blog\">\n                    <a href=\"https:\/\/www.omni-biotic.com\/de-de\/blog\/durchfall-waehrend-der-periode-und-die-rolle-des-darm-mikrobioms\/\"\n           class=\"li-widgets--posts-gallery__post\">\n            <div class=\"post--image__container\">\n                <div class=\"post--image\">\n                    <img fetchpriority=\"high\" decoding=\"async\" width=\"768\" height=\"512\" src=\"https:\/\/www.omni-biotic.com\/de-de\/wp-content\/uploads\/sites\/10\/2026\/04\/width_1600-768x512.jpg\" class=\"attachment-medium_large size-medium_large wp-post-image\" alt=\"\" srcset=\"https:\/\/www.omni-biotic.com\/de-de\/wp-content\/uploads\/sites\/10\/2026\/04\/width_1600-768x512.jpg 768w, https:\/\/www.omni-biotic.com\/de-de\/wp-content\/uploads\/sites\/10\/2026\/04\/width_1600-300x200.jpg 300w, https:\/\/www.omni-biotic.com\/de-de\/wp-content\/uploads\/sites\/10\/2026\/04\/width_1600-1024x683.jpg 1024w, https:\/\/www.omni-biotic.com\/de-de\/wp-content\/uploads\/sites\/10\/2026\/04\/width_1600-1536x1024.jpg 1536w, https:\/\/www.omni-biotic.com\/de-de\/wp-content\/uploads\/sites\/10\/2026\/04\/width_1600.jpg 1599w\" sizes=\"(max-width: 768px) 100vw, 768px\" \/>                <\/div>\n            <\/div>\n            <div class=\"post--teaser\">\n                <div class=\"title\">Durchfall w\u00e4hrend der Periode und die Rolle des Darm-Mikrobioms<\/div>\n                <div class=\"description\">\n                    Viele Frauen kennen es. Rund um die Periode spielt die Verdauung verr\u00fcckt. Besonders Durchf\u00e4lle sind\u2026                    <br>\n                    <span class=\"read-more\">\n                            weiterlesen                        <\/span>\n                <\/div>\n                <div class=\"metadata\"><b>Zuletzt aktualisiert:<\/b> 29. April 2026 \u2022 <b>Kategorien:<\/b> Beschwerden &amp; Ratgeber, Frauengesundheit \u2022 <b>Autor:<\/b> Zuzana Mikulova<\/div>\n            <\/div>\n        <\/a>\n                <a href=\"https:\/\/www.omni-biotic.com\/de-de\/blog\/babys-bakterielle-gesundheitsbasis\/\"\n           class=\"li-widgets--posts-gallery__post\">\n            <div class=\"post--image__container\">\n                <div class=\"post--image\">\n                    <img decoding=\"async\" width=\"768\" height=\"549\" src=\"https:\/\/www.omni-biotic.com\/de-de\/wp-content\/uploads\/sites\/10\/2023\/09\/1190x850-babys-bakterielle-gesundheitsbasis-bg13-blog-1-2-768x549.jpg\" class=\"attachment-medium_large size-medium_large wp-post-image\" alt=\"Das Darmmikrobiom eines Babys\" srcset=\"https:\/\/www.omni-biotic.com\/de-de\/wp-content\/uploads\/sites\/10\/2023\/09\/1190x850-babys-bakterielle-gesundheitsbasis-bg13-blog-1-2-768x549.jpg 768w, https:\/\/www.omni-biotic.com\/de-de\/wp-content\/uploads\/sites\/10\/2023\/09\/1190x850-babys-bakterielle-gesundheitsbasis-bg13-blog-1-2-300x214.jpg 300w, https:\/\/www.omni-biotic.com\/de-de\/wp-content\/uploads\/sites\/10\/2023\/09\/1190x850-babys-bakterielle-gesundheitsbasis-bg13-blog-1-2-1024x731.jpg 1024w, https:\/\/www.omni-biotic.com\/de-de\/wp-content\/uploads\/sites\/10\/2023\/09\/1190x850-babys-bakterielle-gesundheitsbasis-bg13-blog-1-2.jpg 1190w\" sizes=\"(max-width: 768px) 100vw, 768px\" \/>                <\/div>\n            <\/div>\n            <div class=\"post--teaser\">\n                <div class=\"title\">Das Darm-Mikrobiom eines Babys<\/div>\n                <div class=\"description\">\n                    Dass die bakterielle Besiedelung von Babys Darm mit den richtigen Symbionten nicht nur f\u00fcr die\u2026                    <br>\n                    <span class=\"read-more\">\n                            weiterlesen                        <\/span>\n                <\/div>\n                <div class=\"metadata\"><b>Zuletzt aktualisiert:<\/b> 27. April 2026 \u2022 <b>Kategorien:<\/b> Mutter &amp; Kind, Neues aus der Forschung \u2022 <b>Autor:<\/b> Dr. Verena Stiegelbaur, MSc, BSc<\/div>\n            <\/div>\n        <\/a>\n                <a href=\"https:\/\/www.omni-biotic.com\/de-de\/blog\/was-machen-abfuehrmittel-mit-unserem-darm\/\"\n           class=\"li-widgets--posts-gallery__post\">\n            <div class=\"post--image__container\">\n                <div class=\"post--image\">\n                    <img loading=\"lazy\" decoding=\"async\" width=\"768\" height=\"720\" src=\"https:\/\/www.omni-biotic.com\/de-de\/wp-content\/uploads\/sites\/10\/2026\/03\/OB_WOMAN_Floraplus_Sachet-2-e1773046011722-768x720.png\" class=\"attachment-medium_large size-medium_large wp-post-image\" alt=\"\" srcset=\"https:\/\/www.omni-biotic.com\/de-de\/wp-content\/uploads\/sites\/10\/2026\/03\/OB_WOMAN_Floraplus_Sachet-2-e1773046011722-768x720.png 768w, https:\/\/www.omni-biotic.com\/de-de\/wp-content\/uploads\/sites\/10\/2026\/03\/OB_WOMAN_Floraplus_Sachet-2-e1773046011722-300x281.png 300w, https:\/\/www.omni-biotic.com\/de-de\/wp-content\/uploads\/sites\/10\/2026\/03\/OB_WOMAN_Floraplus_Sachet-2-e1773046011722-1024x959.png 1024w, https:\/\/www.omni-biotic.com\/de-de\/wp-content\/uploads\/sites\/10\/2026\/03\/OB_WOMAN_Floraplus_Sachet-2-e1773046011722.png 1078w\" sizes=\"(max-width: 768px) 100vw, 768px\" \/>                <\/div>\n            <\/div>\n            <div class=\"post--teaser\">\n                <div class=\"title\">Was machen Abf\u00fchrmittel mit unserem Darm-Mikrobiom?<\/div>\n                <div class=\"description\">\n                    Abf\u00fchrmittel \u2013 medizinisch \u201eLaxantien\u201c genannt \u2013 gelten f\u00fcr viele Menschen als unkomplizierte L\u00f6sung bei Verstopfung.\u2026                    <br>\n                    <span class=\"read-more\">\n                            weiterlesen                        <\/span>\n                <\/div>\n                <div class=\"metadata\"><b>Zuletzt aktualisiert:<\/b> 11. M\u00e4rz 2026 \u2022 <b>Kategorien:<\/b> Allgemein \u2022 <b>Autor:<\/b> Zuzana Mikulova<\/div>\n            <\/div>\n        <\/a>\n                <a href=\"https:\/\/www.omni-biotic.com\/de-de\/blog\/papaya-naturlicher-schwung-fur-magen-und-darm\/\"\n           class=\"li-widgets--posts-gallery__post\">\n            <div class=\"post--image__container\">\n                <div class=\"post--image\">\n                    <img loading=\"lazy\" decoding=\"async\" width=\"700\" height=\"500\" src=\"https:\/\/www.omni-biotic.com\/de-de\/wp-content\/uploads\/sites\/10\/2021\/12\/papaya-schwung-fuer-magen-darm.jpg\" class=\"attachment-medium_large size-medium_large wp-post-image\" alt=\"Papaya: Schwung f\u00fcr Magen und Darm\" srcset=\"https:\/\/www.omni-biotic.com\/de-de\/wp-content\/uploads\/sites\/10\/2021\/12\/papaya-schwung-fuer-magen-darm.jpg 700w, https:\/\/www.omni-biotic.com\/de-de\/wp-content\/uploads\/sites\/10\/2021\/12\/papaya-schwung-fuer-magen-darm-300x214.jpg 300w\" sizes=\"(max-width: 700px) 100vw, 700px\" \/>                <\/div>\n            <\/div>\n            <div class=\"post--teaser\">\n                <div class=\"title\">Papaya: Nat\u00fcrlicher Schwung f\u00fcr Magen und Darm<\/div>\n                <div class=\"description\">\n                    Die Verdauung hat es mit unserem Lebensstil nicht immer leicht: Stress und Lebensmittel mit einem\u2026                    <br>\n                    <span class=\"read-more\">\n                            weiterlesen                        <\/span>\n                <\/div>\n                <div class=\"metadata\"><b>Zuletzt aktualisiert:<\/b> 26. Februar 2026 \u2022 <b>Kategorien:<\/b> Beschwerden &amp; Ratgeber, Institut AllergoSan<\/div>\n            <\/div>\n        <\/a>\n                <a href=\"https:\/\/www.omni-biotic.com\/de-de\/blog\/fruehjahrskuren-fuer-einen-gesunden-darm\/\"\n           class=\"li-widgets--posts-gallery__post\">\n            <div class=\"post--image__container\">\n                <div class=\"post--image\">\n                    <img loading=\"lazy\" decoding=\"async\" width=\"700\" height=\"500\" src=\"https:\/\/www.omni-biotic.com\/de-de\/wp-content\/uploads\/sites\/10\/2024\/02\/fruehjahrskuren-gesunden-darm.jpg\" class=\"attachment-medium_large size-medium_large wp-post-image\" alt=\"Fr\u00fchjahrskuren f\u00fcr einen gesunden Darm\" srcset=\"https:\/\/www.omni-biotic.com\/de-de\/wp-content\/uploads\/sites\/10\/2024\/02\/fruehjahrskuren-gesunden-darm.jpg 700w, https:\/\/www.omni-biotic.com\/de-de\/wp-content\/uploads\/sites\/10\/2024\/02\/fruehjahrskuren-gesunden-darm-300x214.jpg 300w\" sizes=\"(max-width: 700px) 100vw, 700px\" \/>                <\/div>\n            <\/div>\n            <div class=\"post--teaser\">\n                <div class=\"title\">Fr\u00fchjahrskuren f\u00fcr einen gesunden Darm<\/div>\n                <div class=\"description\">\n                    Der Darm als Sitz des Immunsystems bew\u00e4ltigt im allt\u00e4glichen Leben viele Belastungen. Ger\u00e4t die Darmflora\u2026                    <br>\n                    <span class=\"read-more\">\n                            weiterlesen                        <\/span>\n                <\/div>\n                <div class=\"metadata\"><b>Zuletzt aktualisiert:<\/b> 17. Februar 2026 \u2022 <b>Kategorien:<\/b> Allgemein, Beschwerden &amp; Ratgeber<\/div>\n            <\/div>\n        <\/a>\n                <a href=\"https:\/\/www.omni-biotic.com\/de-de\/blog\/allergien-immunsystem-ueberreagiert\/\"\n           class=\"li-widgets--posts-gallery__post\">\n            <div class=\"post--image__container\">\n                <div class=\"post--image\">\n                    <img loading=\"lazy\" decoding=\"async\" width=\"700\" height=\"500\" src=\"https:\/\/www.omni-biotic.com\/de-de\/wp-content\/uploads\/sites\/10\/2024\/02\/allergien-immunsystem-ueberreaktion.jpg\" class=\"attachment-medium_large size-medium_large wp-post-image\" alt=\"Allergien - wenn das Immunsystem \u00fcberreagiert\" srcset=\"https:\/\/www.omni-biotic.com\/de-de\/wp-content\/uploads\/sites\/10\/2024\/02\/allergien-immunsystem-ueberreaktion.jpg 700w, https:\/\/www.omni-biotic.com\/de-de\/wp-content\/uploads\/sites\/10\/2024\/02\/allergien-immunsystem-ueberreaktion-300x214.jpg 300w\" sizes=\"(max-width: 700px) 100vw, 700px\" \/>                <\/div>\n            <\/div>\n            <div class=\"post--teaser\">\n                <div class=\"title\">Allergien: Wenn das Immunsystem \u00fcberreagiert<\/div>\n                <div class=\"description\">\n                    In den k\u00e4lteren Monaten l\u00e4sst sie sich gut verdr\u00e4ngen, bis Anfang des Jahres der Fr\u00fchling\u2026                    <br>\n                    <span class=\"read-more\">\n                            weiterlesen                        <\/span>\n                <\/div>\n                <div class=\"metadata\"><b>Zuletzt aktualisiert:<\/b> 3. M\u00e4rz 2026 \u2022 <b>Kategorien:<\/b> Allgemein, Beschwerden &amp; Ratgeber \u2022 <b>Autor:<\/b> Jutta Kalian<\/div>\n            <\/div>\n        <\/a>\n            <\/div>\n\t\t\t\t<\/div>\n\t\t\t\t<\/div>\n\t\t\t\t\t<\/div>\n\t\t\t\t<\/div>\n\t\t\t\t<\/div>\n\t\t","protected":false},"excerpt":{"rendered":"<p>Caricol\u00ae &#8211; F\u00fcr die ganze Familie In der Schatzkiste der Natur findet man f\u00fcr das Gleichgewicht der\u00a0Verdauung\u00a0eine ganz besondere Frucht: die\u00a0Papaya. Sie enth\u00e4lt verdauungsf\u00f6rdernde Enzyme \u2013 wie das Papain \u2013 und dar\u00fcber hinaus viele Antioxidantien, Vitamine und Mineralstoffe, die unserem K\u00f6rper zugutekommen. Die in den Caricol\u00ae-Produkten enthaltene Papaya stammt aus biologischem\u00a0Anbau\u00a0und\u00a0fairem Handel. In der Mitte [&hellip;]<\/p>\n","protected":false},"author":3,"featured_media":28936,"parent":97,"menu_order":220,"comment_status":"closed","ping_status":"closed","template":"","meta":{"_acf_changed":false,"inline_featured_image":false,"footnotes":""},"class_list":["post-107","page","type-page","status-publish","has-post-thumbnail","hentry"],"acf":[],"_links":{"self":[{"href":"https:\/\/www.omni-biotic.com\/de-de\/wp-json\/wp\/v2\/pages\/107","targetHints":{"allow":["GET"]}}],"collection":[{"href":"https:\/\/www.omni-biotic.com\/de-de\/wp-json\/wp\/v2\/pages"}],"about":[{"href":"https:\/\/www.omni-biotic.com\/de-de\/wp-json\/wp\/v2\/types\/page"}],"author":[{"embeddable":true,"href":"https:\/\/www.omni-biotic.com\/de-de\/wp-json\/wp\/v2\/users\/3"}],"replies":[{"embeddable":true,"href":"https:\/\/www.omni-biotic.com\/de-de\/wp-json\/wp\/v2\/comments?post=107"}],"version-history":[{"count":7,"href":"https:\/\/www.omni-biotic.com\/de-de\/wp-json\/wp\/v2\/pages\/107\/revisions"}],"predecessor-version":[{"id":35593,"href":"https:\/\/www.omni-biotic.com\/de-de\/wp-json\/wp\/v2\/pages\/107\/revisions\/35593"}],"up":[{"embeddable":true,"href":"https:\/\/www.omni-biotic.com\/de-de\/wp-json\/wp\/v2\/pages\/97"}],"wp:featuredmedia":[{"embeddable":true,"href":"https:\/\/www.omni-biotic.com\/de-de\/wp-json\/wp\/v2\/media\/28936"}],"wp:attachment":[{"href":"https:\/\/www.omni-biotic.com\/de-de\/wp-json\/wp\/v2\/media?parent=107"}],"curies":[{"name":"wp","href":"https:\/\/api.w.org\/{rel}","templated":true}]}}