{"id":163,"date":"2022-03-07T10:07:28","date_gmt":"2022-03-07T09:07:28","guid":{"rendered":"https:\/\/www.omni-biotic.com\/darmbeschwerden\/ced\/"},"modified":"2025-08-12T09:23:17","modified_gmt":"2025-08-12T07:23:17","slug":"ced","status":"publish","type":"page","link":"https:\/\/www.omni-biotic.com\/de-de\/darmbeschwerden\/ced\/","title":{"rendered":"Chronisch entz\u00fcndliche Darmerkrankungen (CED)"},"content":{"rendered":"\t\t<div data-elementor-type=\"wp-page\" data-elementor-id=\"163\" class=\"elementor elementor-163\" data-elementor-post-type=\"page\">\n\t\t\t\t<div class=\"elementor-element elementor-element-053aa5a e-con-full obcs none e-flex e-con e-parent\" data-id=\"053aa5a\" data-element_type=\"container\" data-settings=\"{&quot;background_background&quot;:&quot;classic&quot;,&quot;shape_divider_bottom&quot;:&quot;waves&quot;}\">\n\t\t\t\t<div class=\"elementor-shape elementor-shape-bottom\" aria-hidden=\"true\" data-negative=\"false\">\n\t\t\t<svg xmlns=\"http:\/\/www.w3.org\/2000\/svg\" viewBox=\"0 0 1000 100\" preserveAspectRatio=\"none\">\n\t<path class=\"elementor-shape-fill\" d=\"M421.9,6.5c22.6-2.5,51.5,0.4,75.5,5.3c23.6,4.9,70.9,23.5,100.5,35.7c75.8,32.2,133.7,44.5,192.6,49.7\n\tc23.6,2.1,48.7,3.5,103.4-2.5c54.7-6,106.2-25.6,106.2-25.6V0H0v30.3c0,0,72,32.6,158.4,30.5c39.2-0.7,92.8-6.7,134-22.4\n\tc21.2-8.1,52.2-18.2,79.7-24.2C399.3,7.9,411.6,7.5,421.9,6.5z\"\/>\n<\/svg>\t\t<\/div>\n\t\t\t\t<div class=\"elementor-element elementor-element-607031d elementor-absolute elementor-hidden-mobile elementor-align-center elementor-widget elementor-widget-lottie\" data-id=\"607031d\" data-element_type=\"widget\" data-settings=\"{&quot;source_json&quot;:{&quot;url&quot;:&quot;https:\\\/\\\/www.omni-biotic.com\\\/de-at\\\/wp-content\\\/uploads\\\/sites\\\/2\\\/2022\\\/08\\\/lf30_editor_s5uwdgjh.json&quot;,&quot;id&quot;:7733,&quot;size&quot;:&quot;&quot;,&quot;alt&quot;:&quot;&quot;,&quot;source&quot;:&quot;library&quot;},&quot;loop&quot;:&quot;yes&quot;,&quot;play_speed&quot;:{&quot;unit&quot;:&quot;px&quot;,&quot;size&quot;:0.3,&quot;sizes&quot;:[]},&quot;_position&quot;:&quot;absolute&quot;,&quot;source&quot;:&quot;media_file&quot;,&quot;caption_source&quot;:&quot;none&quot;,&quot;link_to&quot;:&quot;none&quot;,&quot;trigger&quot;:&quot;arriving_to_viewport&quot;,&quot;viewport&quot;:{&quot;unit&quot;:&quot;%&quot;,&quot;size&quot;:&quot;&quot;,&quot;sizes&quot;:{&quot;start&quot;:0,&quot;end&quot;:100}},&quot;start_point&quot;:{&quot;unit&quot;:&quot;%&quot;,&quot;size&quot;:0,&quot;sizes&quot;:[]},&quot;end_point&quot;:{&quot;unit&quot;:&quot;%&quot;,&quot;size&quot;:100,&quot;sizes&quot;:[]},&quot;renderer&quot;:&quot;svg&quot;}\" data-widget_type=\"lottie.default\">\n\t\t\t\t<div class=\"elementor-widget-container\">\n\t\t\t\t\t<div class=\"e-lottie__container\"><div class=\"e-lottie__animation\"><\/div><\/div>\t\t\t\t<\/div>\n\t\t\t\t<\/div>\n\t\t<div class=\"elementor-element elementor-element-af64d6b e-con-full obcs none e-flex e-con e-child\" data-id=\"af64d6b\" data-element_type=\"container\" data-settings=\"{&quot;background_background&quot;:&quot;classic&quot;}\">\n\t\t\t\t<div class=\"elementor-element elementor-element-ced1492 elementor-widget elementor-widget-heading\" data-id=\"ced1492\" data-element_type=\"widget\" data-widget_type=\"heading.default\">\n\t\t\t\t<div class=\"elementor-widget-container\">\n\t\t\t\t\t<h1 class=\"elementor-heading-title elementor-size-default\">Chronisch entz\u00fcndliche Darmerkrankungen (CED)<\/h1>\t\t\t\t<\/div>\n\t\t\t\t<\/div>\n\t\t\t\t<div class=\"elementor-element elementor-element-4287604 elementor-widget-divider--view-line elementor-widget elementor-widget-divider\" data-id=\"4287604\" data-element_type=\"widget\" data-widget_type=\"divider.default\">\n\t\t\t\t<div class=\"elementor-widget-container\">\n\t\t\t\t\t\t\t<div class=\"elementor-divider\">\n\t\t\t<span class=\"elementor-divider-separator\">\n\t\t\t\t\t\t<\/span>\n\t\t<\/div>\n\t\t\t\t\t\t<\/div>\n\t\t\t\t<\/div>\n\t\t\t\t<div class=\"elementor-element elementor-element-a5574a5 elementor-widget elementor-widget-text-editor\" data-id=\"a5574a5\" data-element_type=\"widget\" data-widget_type=\"text-editor.default\">\n\t\t\t\t<div class=\"elementor-widget-container\">\n\t\t\t\t\t\t\t\t\t<p>Bauchschmerzen, Durchfall, Erbrechen, \u00dcbelkeit, Fieber &#8211; Symptome, die auch bei verdorbenem Magen oder \u201eDarmgrippe\u201c auftreten, kennt jeder. Personen mit CED (chronisch entz\u00fcndlichen Darmerkrankungen) leiden in st\u00e4rkerem, meist schubweisem, Ausma\u00df darunter.<\/p>\t\t\t\t\t\t\t\t<\/div>\n\t\t\t\t<\/div>\n\t\t\t\t<\/div>\n\t\t\t\t<\/div>\n\t\t<div class=\"elementor-element elementor-element-339ec0e obcs none e-flex e-con-boxed e-con e-parent\" data-id=\"339ec0e\" data-element_type=\"container\">\n\t\t\t\t\t<div class=\"e-con-inner\">\n\t\t<div class=\"elementor-element elementor-element-88df43d e-con-full obcs none e-flex e-con e-child\" data-id=\"88df43d\" data-element_type=\"container\">\n\t\t\t\t<div class=\"elementor-element elementor-element-448ce7f elementor-align-left elementor-widget__width-initial elementor-widget elementor-widget-breadcrumbs\" data-id=\"448ce7f\" data-element_type=\"widget\" data-widget_type=\"breadcrumbs.default\">\n\t\t\t\t<div class=\"elementor-widget-container\">\n\t\t\t\t\t<span><span class=\"last\">Home<\/span><\/span>\t\t\t\t<\/div>\n\t\t\t\t<\/div>\n\t\t\t\t<\/div>\n\t\t<div class=\"elementor-element elementor-element-bdfde0e e-con-full obcs none e-flex e-con e-child\" data-id=\"bdfde0e\" data-element_type=\"container\">\n\t\t\t\t<div class=\"elementor-element elementor-element-8a083ee elementor-toc--minimized-on-desktop elementor-widget elementor-widget-table-of-contents\" data-id=\"8a083ee\" data-element_type=\"widget\" data-settings=\"{&quot;exclude_headings_by_selector&quot;:[],&quot;minimized_on&quot;:&quot;desktop&quot;,&quot;headings_by_tags&quot;:[&quot;h2&quot;,&quot;h3&quot;,&quot;h4&quot;,&quot;h5&quot;,&quot;h6&quot;],&quot;marker_view&quot;:&quot;numbers&quot;,&quot;no_headings_message&quot;:&quot;Es wurden keine \\u00dcberschriften auf dieser Seite gefunden.&quot;,&quot;minimize_box&quot;:&quot;yes&quot;,&quot;hierarchical_view&quot;:&quot;yes&quot;,&quot;min_height&quot;:{&quot;unit&quot;:&quot;px&quot;,&quot;size&quot;:&quot;&quot;,&quot;sizes&quot;:[]},&quot;min_height_tablet&quot;:{&quot;unit&quot;:&quot;px&quot;,&quot;size&quot;:&quot;&quot;,&quot;sizes&quot;:[]},&quot;min_height_mobile&quot;:{&quot;unit&quot;:&quot;px&quot;,&quot;size&quot;:&quot;&quot;,&quot;sizes&quot;:[]}}\" data-widget_type=\"table-of-contents.default\">\n\t\t\t\t<div class=\"elementor-widget-container\">\n\t\t\t\t\t\t\t\t\t<div class=\"elementor-toc__header\">\n\t\t\t\t\t\t<h4 class=\"elementor-toc__header-title\">\n\t\t\t\tInhaltsverzeichnis\t\t\t<\/h4>\n\t\t\t\t\t\t\t\t\t\t<div class=\"elementor-toc__toggle-button elementor-toc__toggle-button--expand\" role=\"button\" tabindex=\"0\" aria-controls=\"elementor-toc__8a083ee\" aria-expanded=\"true\" aria-label=\"Inhaltsverzeichnis \u00f6ffnen\"><i aria-hidden=\"true\" class=\"fas fa-chevron-down\"><\/i><\/div>\n\t\t\t\t<div class=\"elementor-toc__toggle-button elementor-toc__toggle-button--collapse\" role=\"button\" tabindex=\"0\" aria-controls=\"elementor-toc__8a083ee\" aria-expanded=\"true\" aria-label=\"Inhaltsverzeichnis schlie\u00dfen\"><i aria-hidden=\"true\" class=\"fas fa-chevron-up\"><\/i><\/div>\n\t\t\t\t\t<\/div>\n\t\t\t\t<div id=\"elementor-toc__8a083ee\" class=\"elementor-toc__body\">\n\t\t\t<div class=\"elementor-toc__spinner-container\">\n\t\t\t\t<i class=\"elementor-toc__spinner eicon-animation-spin eicon-loading\" aria-hidden=\"true\"><\/i>\t\t\t<\/div>\n\t\t<\/div>\n\t\t\t\t\t\t<\/div>\n\t\t\t\t<\/div>\n\t\t\t\t<\/div>\n\t\t\t\t\t<\/div>\n\t\t\t\t<\/div>\n\t\t<div class=\"elementor-element elementor-element-b7919ef obcs yellow e-flex e-con-boxed e-con e-parent\" data-id=\"b7919ef\" data-element_type=\"container\">\n\t\t\t\t\t<div class=\"e-con-inner\">\n\t\t<div class=\"elementor-element elementor-element-ea2b083 e-con-full obcs none e-flex e-con e-child\" data-id=\"ea2b083\" data-element_type=\"container\">\n\t\t\t\t<div class=\"elementor-element elementor-element-280e38e e-transform elementor-widget elementor-widget-image\" data-id=\"280e38e\" data-element_type=\"widget\" data-settings=\"{&quot;_transform_rotateZ_effect&quot;:{&quot;unit&quot;:&quot;px&quot;,&quot;size&quot;:0,&quot;sizes&quot;:[]},&quot;_transform_rotate_3d&quot;:&quot;yes&quot;,&quot;_transform_rotateX_effect&quot;:{&quot;unit&quot;:&quot;px&quot;,&quot;size&quot;:0,&quot;sizes&quot;:[]},&quot;_transform_rotateY_effect&quot;:{&quot;unit&quot;:&quot;px&quot;,&quot;size&quot;:4,&quot;sizes&quot;:[]},&quot;_transform_perspective_effect&quot;:{&quot;unit&quot;:&quot;px&quot;,&quot;size&quot;:650,&quot;sizes&quot;:[]},&quot;_transform_rotateZ_effect_tablet&quot;:{&quot;unit&quot;:&quot;deg&quot;,&quot;size&quot;:&quot;&quot;,&quot;sizes&quot;:[]},&quot;_transform_rotateZ_effect_mobile&quot;:{&quot;unit&quot;:&quot;deg&quot;,&quot;size&quot;:&quot;&quot;,&quot;sizes&quot;:[]},&quot;_transform_rotateX_effect_tablet&quot;:{&quot;unit&quot;:&quot;deg&quot;,&quot;size&quot;:&quot;&quot;,&quot;sizes&quot;:[]},&quot;_transform_rotateX_effect_mobile&quot;:{&quot;unit&quot;:&quot;deg&quot;,&quot;size&quot;:&quot;&quot;,&quot;sizes&quot;:[]},&quot;_transform_rotateY_effect_tablet&quot;:{&quot;unit&quot;:&quot;deg&quot;,&quot;size&quot;:&quot;&quot;,&quot;sizes&quot;:[]},&quot;_transform_rotateY_effect_mobile&quot;:{&quot;unit&quot;:&quot;deg&quot;,&quot;size&quot;:&quot;&quot;,&quot;sizes&quot;:[]},&quot;_transform_perspective_effect_tablet&quot;:{&quot;unit&quot;:&quot;px&quot;,&quot;size&quot;:&quot;&quot;,&quot;sizes&quot;:[]},&quot;_transform_perspective_effect_mobile&quot;:{&quot;unit&quot;:&quot;px&quot;,&quot;size&quot;:&quot;&quot;,&quot;sizes&quot;:[]}}\" data-widget_type=\"image.default\">\n\t\t\t\t<div class=\"elementor-widget-container\">\n\t\t\t\t\t\t\t\t\t\t\t\t\t\t\t<img fetchpriority=\"high\" decoding=\"async\" width=\"800\" height=\"800\" src=\"https:\/\/www.omni-biotic.com\/de-de\/wp-content\/uploads\/sites\/10\/2023\/03\/chronisch-entzuendliche-darmerkrankungen-colitis-ulcerosa-morbus-crohn.jpg\" class=\"attachment-full size-full wp-image-13048\" alt=\"Was sind chronisch entz\u00fcndliche Darmerkrankungen? Colitis Ulcerosa und Morbus Crohn - eine Frau h\u00e4lt sich den Bauch und zeigt eine Darstellung eines angegriffenen Darms auf\" srcset=\"https:\/\/www.omni-biotic.com\/de-de\/wp-content\/uploads\/sites\/10\/2023\/03\/chronisch-entzuendliche-darmerkrankungen-colitis-ulcerosa-morbus-crohn.jpg 800w, https:\/\/www.omni-biotic.com\/de-de\/wp-content\/uploads\/sites\/10\/2023\/03\/chronisch-entzuendliche-darmerkrankungen-colitis-ulcerosa-morbus-crohn-300x300.jpg 300w, https:\/\/www.omni-biotic.com\/de-de\/wp-content\/uploads\/sites\/10\/2023\/03\/chronisch-entzuendliche-darmerkrankungen-colitis-ulcerosa-morbus-crohn-150x150.jpg 150w, https:\/\/www.omni-biotic.com\/de-de\/wp-content\/uploads\/sites\/10\/2023\/03\/chronisch-entzuendliche-darmerkrankungen-colitis-ulcerosa-morbus-crohn-768x768.jpg 768w\" sizes=\"(max-width: 800px) 100vw, 800px\" \/>\t\t\t\t\t\t\t\t\t\t\t\t\t\t\t<\/div>\n\t\t\t\t<\/div>\n\t\t\t\t<\/div>\n\t\t<div class=\"elementor-element elementor-element-3d1f5bf e-con-full obcs none e-flex e-con e-child\" data-id=\"3d1f5bf\" data-element_type=\"container\">\n\t\t\t\t<div class=\"elementor-element elementor-element-42d8eca elementor-widget elementor-widget-heading\" data-id=\"42d8eca\" data-element_type=\"widget\" data-widget_type=\"heading.default\">\n\t\t\t\t<div class=\"elementor-widget-container\">\n\t\t\t\t\t<h2 class=\"elementor-heading-title elementor-size-default\">Was sind Chronisch entz\u00fcndliche Darmerkrankungen (CED)?<\/h2>\t\t\t\t<\/div>\n\t\t\t\t<\/div>\n\t\t\t\t<div class=\"elementor-element elementor-element-3280729 elementor-widget elementor-widget-text-editor\" data-id=\"3280729\" data-element_type=\"widget\" data-widget_type=\"text-editor.default\">\n\t\t\t\t<div class=\"elementor-widget-container\">\n\t\t\t\t\t\t\t\t\t<p><a href=\"https:\/\/www.omni-biotic.com\/de-de\/blog\/morbus-crohn\/\"><strong>Morbus Crohn<\/strong><\/a> und <a href=\"https:\/\/www.omni-biotic.com\/de-de\/blog\/colitis-ulcerosa\/\"><strong>Colitis ulcerosa<\/strong><\/a> sind die beiden bekanntesten und h\u00e4ufigsten chronisch entz\u00fcndlichen Darmerkrankungen. Sie verlaufen <strong>schubweise<\/strong> und sind <strong>nicht heilbar<\/strong>, allerdings <strong>behandelbar<\/strong>. In der akuten Phase, bei den Entz\u00fcndungssch\u00fcben ist meist die Therapie der Schulmedizin ma\u00dfgeblich. Eine <strong>begleitende Therapie<\/strong> mit <strong>Heilpflanzen<\/strong> und <strong>Naturheilverfahren<\/strong> hat sich sowohl in der akuten als auch in der beschwerdefreien Phase <strong>bei vielen<\/strong> Patienten als <strong>hilfreich<\/strong> erwiesen.\u00a0<\/p><p><strong>Die beste Grundlage<\/strong> f\u00fcr jeden Behandlungsansatz ist eine gesunde bzw. stabile und <a href=\"https:\/\/www.omni-biotic.com\/de-de\/darmgesundheit\/gesundheitszentrale-darm\/darmflora\/\"><strong>protektive Darmflora<\/strong><\/a> zum <strong>Schutz vor Darminfektionen<\/strong> (f\u00fcr welche die CED-Patienten besonders anf\u00e4llig sind) und auch zur Minimierung erneuter Krankheitssch\u00fcbe.<\/p>\t\t\t\t\t\t\t\t<\/div>\n\t\t\t\t<\/div>\n\t\t\t\t<\/div>\n\t\t\t\t\t<\/div>\n\t\t\t\t<\/div>\n\t\t<div class=\"elementor-element elementor-element-5b4bceb obcs none e-flex e-con-boxed e-con e-parent\" data-id=\"5b4bceb\" data-element_type=\"container\">\n\t\t\t\t\t<div class=\"e-con-inner\">\n\t\t<div class=\"elementor-element elementor-element-5b49cc7 obcs none e-flex e-con-boxed e-con e-child\" data-id=\"5b49cc7\" data-element_type=\"container\">\n\t\t\t\t\t<div class=\"e-con-inner\">\n\t\t\t\t<div class=\"elementor-element elementor-element-afee6fe elementor-widget elementor-widget-heading\" data-id=\"afee6fe\" data-element_type=\"widget\" data-widget_type=\"heading.default\">\n\t\t\t\t<div class=\"elementor-widget-container\">\n\t\t\t\t\t<h3 class=\"elementor-heading-title elementor-size-default\">Welche Symptome treten bei Morbus Crohn und Colitis ulcerosa auf?<\/h3>\t\t\t\t<\/div>\n\t\t\t\t<\/div>\n\t\t\t\t<div class=\"elementor-element elementor-element-732413b elementor-widget elementor-widget-text-editor\" data-id=\"732413b\" data-element_type=\"widget\" data-widget_type=\"text-editor.default\">\n\t\t\t\t<div class=\"elementor-widget-container\">\n\t\t\t\t\t\t\t\t\t<p>Typische Symptome sind die <strong>h\u00e4ufigen, <a href=\"https:\/\/www.omni-biotic.com\/de-de\/darmbeschwerden\/durchfall\/\">extremen Durchf\u00e4lle<\/a><\/strong>, die bei der Colitis ulcerosa (CU) schleimig-blutig sind. Weitere Symptome sind <strong>Bauchschmerzen<\/strong>, <strong>\u00dcbelkeit<\/strong> und <strong>Erbrechen<\/strong>. Auch <strong>Bl\u00e4hungen<\/strong>, <strong>Fieber<\/strong> und<strong> erh\u00f6hte Entz\u00fcndungsmarker<\/strong> im Blut sind typisch f\u00fcr chronische Darmentz\u00fcndungen. Vor allem bei <strong>Morbus Crohn<\/strong> (MC) <strong>verlieren<\/strong> die Patienten durch Appetitverlust und den Mangel an wichtigen N\u00e4hrstoffen an <strong>Gewicht<\/strong>. Viele Betroffene mit <strong>Colitis ulcerosa<\/strong> leiden zudem unter <strong>Blutarmut<\/strong> (An\u00e4mie), da die entz\u00fcndeten Stellen im Darm f\u00fcr Blutverluste sorgen.\u00a0<\/p><p>Au\u00dferhalb des Darms kommt es zudem bei <strong>beiden<\/strong> <strong>Erkrankungen<\/strong> zu Problemen. So leiden Patienten <strong>h\u00e4ufig<\/strong> unter <strong>Beschwerden<\/strong> in den <strong>Gelenken<\/strong>. Auch die <strong>Galleng\u00e4nge<\/strong>, <strong>Haut<\/strong> und <strong>Augen<\/strong> k\u00f6nnen betroffen sein. Bei langanhaltenden chronischen Entz\u00fcndungen des Darms mit <strong>h\u00e4ufigen Entz\u00fcndungssch\u00fcben<\/strong> steigt das <a href=\"https:\/\/www.omni-biotic.com\/de-de\/blog\/darmkrebs-wird-oft-zu-spaet-erkannt\/\"><strong>Risiko f\u00fcr Darmkrebs<\/strong><\/a>. Darum ist es das Ziel, die Entz\u00fcndungsphasen und Beschwerden zu minimieren.<\/p>\t\t\t\t\t\t\t\t<\/div>\n\t\t\t\t<\/div>\n\t\t\t\t\t<\/div>\n\t\t\t\t<\/div>\n\t\t\t\t\t<\/div>\n\t\t\t\t<\/div>\n\t\t<div class=\"elementor-element elementor-element-96149f2 obcs none e-flex e-con-boxed e-con e-parent\" data-id=\"96149f2\" data-element_type=\"container\">\n\t\t\t\t\t<div class=\"e-con-inner\">\n\t\t<div class=\"elementor-element elementor-element-b47e99d e-con-full obcs none e-flex elementor-invisible e-con e-child\" data-id=\"b47e99d\" data-element_type=\"container\" data-settings=\"{&quot;animation&quot;:&quot;bounceInLeft&quot;}\">\n\t\t<div class=\"elementor-element elementor-element-12523e6 obcs none e-flex e-con-boxed e-con e-child\" data-id=\"12523e6\" data-element_type=\"container\">\n\t\t\t\t\t<div class=\"e-con-inner\">\n\t\t\t\t<div class=\"elementor-element elementor-element-b77be4c elementor-widget elementor-widget-image\" data-id=\"b77be4c\" data-element_type=\"widget\" data-widget_type=\"image.default\">\n\t\t\t\t<div class=\"elementor-widget-container\">\n\t\t\t\t\t\t\t\t\t\t\t\t\t\t\t<img decoding=\"async\" width=\"300\" height=\"300\" src=\"https:\/\/www.omni-biotic.com\/de-de\/wp-content\/uploads\/sites\/10\/2023\/03\/morbus-crohn-darmentzuendung-300x300.png\" class=\"attachment-medium size-medium wp-image-13086\" alt=\"Morbus Crohn: grafische Darstellung eines betroffenen Darms\" srcset=\"https:\/\/www.omni-biotic.com\/de-de\/wp-content\/uploads\/sites\/10\/2023\/03\/morbus-crohn-darmentzuendung-300x300.png 300w, https:\/\/www.omni-biotic.com\/de-de\/wp-content\/uploads\/sites\/10\/2023\/03\/morbus-crohn-darmentzuendung-150x150.png 150w, https:\/\/www.omni-biotic.com\/de-de\/wp-content\/uploads\/sites\/10\/2023\/03\/morbus-crohn-darmentzuendung.png 500w\" sizes=\"(max-width: 300px) 100vw, 300px\" \/>\t\t\t\t\t\t\t\t\t\t\t\t\t\t\t<\/div>\n\t\t\t\t<\/div>\n\t\t\t\t<div class=\"elementor-element elementor-element-3a37201 elementor-widget elementor-widget-heading\" data-id=\"3a37201\" data-element_type=\"widget\" data-widget_type=\"heading.default\">\n\t\t\t\t<div class=\"elementor-widget-container\">\n\t\t\t\t\t<h2 class=\"elementor-heading-title elementor-size-default\">Morbus Crohn<br>\n<small>(MC)<\/small><\/h2>\t\t\t\t<\/div>\n\t\t\t\t<\/div>\n\t\t\t\t\t<\/div>\n\t\t\t\t<\/div>\n\t\t\t\t<div class=\"elementor-element elementor-element-0ca6916 elementor-widget elementor-widget-text-editor\" data-id=\"0ca6916\" data-element_type=\"widget\" data-widget_type=\"text-editor.default\">\n\t\t\t\t<div class=\"elementor-widget-container\">\n\t\t\t\t\t\t\t\t\t<ul><li>Kann den<strong> gesamten Verdauungstrakt<\/strong> betreffen, am h\u00e4ufigsten am \u00dcbergang von D\u00fcnn- zum Dickdarm<\/li><li>In ca. <strong>20 % der F\u00e4lle<\/strong> ist der Enddarm (<strong>Rektum<\/strong>) betroffen<\/li><li><strong>Krummdarm<\/strong> (Ileum) in <strong>80 %<\/strong> der F\u00e4lle betroffen<\/li><li>Entz\u00fcndung in <b>allen Schichten<\/b> der Darmwand<\/li><li><b>Stuhlgang<\/b>: chronisch d\u00fcnnfl\u00fcssig, Blutbeimengung selten und nur bei Dickdarmbeteiligung, bis zu 20 x Stuhl\/Tag<\/li><li><b>Bauchschmerzen<\/b>:\u00a0Meist im <b>rechten Unterbauch<\/b><\/li><li><b>H\u00e4ufig <\/b><strong>Symptome <\/strong>am <strong>After<\/strong> (Fisteln,Abszesse, Risse)<\/li><li>Selten Blutarmut (An\u00e4mie)<\/li><li>H\u00e4ufig Gewichtsverlust<\/li><li>Leicht erh\u00f6htes Krebsrisiko<\/li><\/ul>\t\t\t\t\t\t\t\t<\/div>\n\t\t\t\t<\/div>\n\t\t\t\t<\/div>\n\t\t<div class=\"elementor-element elementor-element-1c740b0 e-con-full obcs none e-flex e-con e-child\" data-id=\"1c740b0\" data-element_type=\"container\">\n\t\t\t\t<div class=\"elementor-element elementor-element-4071ebf elementor-widget elementor-widget-text-editor\" data-id=\"4071ebf\" data-element_type=\"widget\" data-widget_type=\"text-editor.default\">\n\t\t\t\t<div class=\"elementor-widget-container\">\n\t\t\t\t\t\t\t\t\t<p>vs<\/p>\t\t\t\t\t\t\t\t<\/div>\n\t\t\t\t<\/div>\n\t\t\t\t<\/div>\n\t\t<div class=\"elementor-element elementor-element-2bbe92e e-con-full obcs none e-flex elementor-invisible e-con e-child\" data-id=\"2bbe92e\" data-element_type=\"container\" data-settings=\"{&quot;animation&quot;:&quot;bounceInRight&quot;}\">\n\t\t<div class=\"elementor-element elementor-element-33b072b obcs none e-flex e-con-boxed e-con e-child\" data-id=\"33b072b\" data-element_type=\"container\">\n\t\t\t\t\t<div class=\"e-con-inner\">\n\t\t\t\t<div class=\"elementor-element elementor-element-b938154 elementor-widget elementor-widget-image\" data-id=\"b938154\" data-element_type=\"widget\" data-widget_type=\"image.default\">\n\t\t\t\t<div class=\"elementor-widget-container\">\n\t\t\t\t\t\t\t\t\t\t\t\t\t\t\t<img decoding=\"async\" width=\"300\" height=\"300\" src=\"https:\/\/www.omni-biotic.com\/de-de\/wp-content\/uploads\/sites\/10\/2023\/03\/colitis-ulcerosa-darmentzuendung-300x300.png\" class=\"attachment-medium size-medium wp-image-13087\" alt=\"\" srcset=\"https:\/\/www.omni-biotic.com\/de-de\/wp-content\/uploads\/sites\/10\/2023\/03\/colitis-ulcerosa-darmentzuendung-300x300.png 300w, https:\/\/www.omni-biotic.com\/de-de\/wp-content\/uploads\/sites\/10\/2023\/03\/colitis-ulcerosa-darmentzuendung-150x150.png 150w, https:\/\/www.omni-biotic.com\/de-de\/wp-content\/uploads\/sites\/10\/2023\/03\/colitis-ulcerosa-darmentzuendung.png 500w\" sizes=\"(max-width: 300px) 100vw, 300px\" \/>\t\t\t\t\t\t\t\t\t\t\t\t\t\t\t<\/div>\n\t\t\t\t<\/div>\n\t\t\t\t<div class=\"elementor-element elementor-element-2681c15 elementor-widget elementor-widget-heading\" data-id=\"2681c15\" data-element_type=\"widget\" data-widget_type=\"heading.default\">\n\t\t\t\t<div class=\"elementor-widget-container\">\n\t\t\t\t\t<h2 class=\"elementor-heading-title elementor-size-default\">Colitis ulcerosa<br>\n<small>(CU)<\/small><\/h2>\t\t\t\t<\/div>\n\t\t\t\t<\/div>\n\t\t\t\t\t<\/div>\n\t\t\t\t<\/div>\n\t\t\t\t<div class=\"elementor-element elementor-element-e4950af elementor-widget elementor-widget-text-editor\" data-id=\"e4950af\" data-element_type=\"widget\" data-widget_type=\"text-editor.default\">\n\t\t\t\t<div class=\"elementor-widget-container\">\n\t\t\t\t\t\t\t\t\t<ul><li>Betroffene Region: <b>Dickdarm<\/b><\/li><li>In <strong>100 %<\/strong> der F\u00e4lle ist der <strong>Enddarm<\/strong> (Rektum) betroffen<\/li><li><strong>Krummdarm<\/strong> (Ileum) <strong>selten<\/strong> betroffen<\/li><li>Entz\u00fcndung nur auf der <strong>Darminnenseite<\/strong> bzw. der <strong>Darmschleimhaut<\/strong><\/li><li><strong>Stuhlgang<\/strong>: Schleim- und Blutabgang, Blutig-schleimige Durchf\u00e4lle &gt; 10 x pro Tag<\/li><li><strong>Bauchschmerzen<\/strong>: Im gesamten Darmtrakt, vor allem <strong>linker Unterbauch<\/strong><\/li><li><strong>Selten\u00a0<\/strong><b>Symptome <\/b>am <b>After <\/b>(Fisteln,Abszesse, Risse)<\/li><li>H\u00e4ufig Blutarmut (An\u00e4mie)<\/li><li>Selten Gewichtsverlust<\/li><li>Erh\u00f6htes Krebsrisiko<\/li><\/ul>\t\t\t\t\t\t\t\t<\/div>\n\t\t\t\t<\/div>\n\t\t\t\t<\/div>\n\t\t\t\t\t<\/div>\n\t\t\t\t<\/div>\n\t\t<div class=\"elementor-element elementor-element-49e5a52 obcs none e-flex e-con-boxed e-con e-parent\" data-id=\"49e5a52\" data-element_type=\"container\" data-settings=\"{&quot;background_background&quot;:&quot;classic&quot;,&quot;shape_divider_top&quot;:&quot;waves&quot;,&quot;shape_divider_bottom&quot;:&quot;waves&quot;}\">\n\t\t\t\t\t<div class=\"e-con-inner\">\n\t\t\t\t<div class=\"elementor-shape elementor-shape-top\" aria-hidden=\"true\" data-negative=\"false\">\n\t\t\t<svg xmlns=\"http:\/\/www.w3.org\/2000\/svg\" viewBox=\"0 0 1000 100\" preserveAspectRatio=\"none\">\n\t<path class=\"elementor-shape-fill\" d=\"M421.9,6.5c22.6-2.5,51.5,0.4,75.5,5.3c23.6,4.9,70.9,23.5,100.5,35.7c75.8,32.2,133.7,44.5,192.6,49.7\n\tc23.6,2.1,48.7,3.5,103.4-2.5c54.7-6,106.2-25.6,106.2-25.6V0H0v30.3c0,0,72,32.6,158.4,30.5c39.2-0.7,92.8-6.7,134-22.4\n\tc21.2-8.1,52.2-18.2,79.7-24.2C399.3,7.9,411.6,7.5,421.9,6.5z\"\/>\n<\/svg>\t\t<\/div>\n\t\t\t\t<div class=\"elementor-shape elementor-shape-bottom\" aria-hidden=\"true\" data-negative=\"false\">\n\t\t\t<svg xmlns=\"http:\/\/www.w3.org\/2000\/svg\" viewBox=\"0 0 1000 100\" preserveAspectRatio=\"none\">\n\t<path class=\"elementor-shape-fill\" d=\"M421.9,6.5c22.6-2.5,51.5,0.4,75.5,5.3c23.6,4.9,70.9,23.5,100.5,35.7c75.8,32.2,133.7,44.5,192.6,49.7\n\tc23.6,2.1,48.7,3.5,103.4-2.5c54.7-6,106.2-25.6,106.2-25.6V0H0v30.3c0,0,72,32.6,158.4,30.5c39.2-0.7,92.8-6.7,134-22.4\n\tc21.2-8.1,52.2-18.2,79.7-24.2C399.3,7.9,411.6,7.5,421.9,6.5z\"\/>\n<\/svg>\t\t<\/div>\n\t\t\t\t<div class=\"elementor-element elementor-element-22b6c0b elementor-widget__width-inherit elementor-widget elementor-widget-heading\" data-id=\"22b6c0b\" data-element_type=\"widget\" data-widget_type=\"heading.default\">\n\t\t\t\t<div class=\"elementor-widget-container\">\n\t\t\t\t\t<h2 class=\"elementor-heading-title elementor-size-default\">Moderne Stuhldiagnostik<\/h2>\t\t\t\t<\/div>\n\t\t\t\t<\/div>\n\t\t\t\t<div class=\"elementor-element elementor-element-041a94d elementor-widget elementor-widget-text-editor\" data-id=\"041a94d\" data-element_type=\"widget\" data-widget_type=\"text-editor.default\">\n\t\t\t\t<div class=\"elementor-widget-container\">\n\t\t\t\t\t\t\t\t\t<p>Bereits 300 vor Christus erkannte der griechische Mediziner Hippokrates: \u201eDer Darm ist Vater aller Tr\u00fcbsal\u201c. Diese fr\u00fche Erkenntnis wird durch die klassische Stuhldiagnostik und nun auch durch modernste molekulargenetische Verfahren best\u00e4tigt: Zahlreiche Krankheiten haben im Darm ihren Ursprung \u2013 oder offenbaren sich in Ver\u00e4nderungen der Darmflora<\/p>\t\t\t\t\t\t\t\t<\/div>\n\t\t\t\t<\/div>\n\t\t\t\t<div class=\"elementor-element elementor-element-c772a1c elementor-align-center elementor-widget__width-inherit elementor-widget elementor-widget-button\" data-id=\"c772a1c\" data-element_type=\"widget\" data-widget_type=\"button.default\">\n\t\t\t\t<div class=\"elementor-widget-container\">\n\t\t\t\t\t\t\t\t\t<div class=\"elementor-button-wrapper\">\n\t\t\t\t\t<a class=\"elementor-button elementor-button-link elementor-size-lg\" href=\"https:\/\/www.omni-biotic.com\/de-de\/darmgesundheit\/gesundheitszentrale-darm\/darmbakterien\/\">\n\t\t\t\t\t\t<span class=\"elementor-button-content-wrapper\">\n\t\t\t\t\t\t\t\t\t<span class=\"elementor-button-text\">Mehr \u00fcber Darmbakterien erfahren!<\/span>\n\t\t\t\t\t<\/span>\n\t\t\t\t\t<\/a>\n\t\t\t\t<\/div>\n\t\t\t\t\t\t\t\t<\/div>\n\t\t\t\t<\/div>\n\t\t\t\t\t<\/div>\n\t\t\t\t<\/div>\n\t\t<div class=\"elementor-element elementor-element-96044c6 obcs none e-flex e-con-boxed e-con e-parent\" data-id=\"96044c6\" data-element_type=\"container\">\n\t\t\t\t\t<div class=\"e-con-inner\">\n\t\t<div class=\"elementor-element elementor-element-8dbd3aa obcs none e-flex e-con-boxed e-con e-child\" data-id=\"8dbd3aa\" data-element_type=\"container\">\n\t\t\t\t\t<div class=\"e-con-inner\">\n\t\t\t\t<div class=\"elementor-element elementor-element-2515426 elementor-widget elementor-widget-heading\" data-id=\"2515426\" data-element_type=\"widget\" data-widget_type=\"heading.default\">\n\t\t\t\t<div class=\"elementor-widget-container\">\n\t\t\t\t\t<h2 class=\"elementor-heading-title elementor-size-default\">Welche Ursachen liegen der CED (Morbus Crohn, Colitis ulcerosa) zugrunde?<\/h2>\t\t\t\t<\/div>\n\t\t\t\t<\/div>\n\t\t\t\t<div class=\"elementor-element elementor-element-14525d9 elementor-widget elementor-widget-text-editor\" data-id=\"14525d9\" data-element_type=\"widget\" data-widget_type=\"text-editor.default\">\n\t\t\t\t<div class=\"elementor-widget-container\">\n\t\t\t\t\t\t\t\t\t<p>Bisher ist <strong>nicht klar<\/strong>, wie Morbus Crohn und Colitis ulcerosa entstehen und <strong>welche Ausl\u00f6ser<\/strong> daf\u00fcr verantwortlich sind. Eine <strong>erbliche Veranlagung<\/strong> <strong>spielt<\/strong> eine <strong>Rolle<\/strong>, wenn auch bei Colitis ulcerosa in geringerem Ma\u00dfe als bei Morbus Crohn. Bei <strong>Morbus Crohn<\/strong> sind mehr als <strong>70 Gene<\/strong> bekannt, die mit der Entstehung der Erkrankung in Verbindung gebracht werden. <strong>Umweltfaktoren<\/strong> spielen eine nicht unwesentliche Rolle. So ist es f\u00fcr die Erkrankungswahrscheinlichkeit von Bedeutung, in welchem Land man lebt, ob im <strong>l\u00e4ndlichen<\/strong> <strong>oder st\u00e4dtischen Raum<\/strong>. H\u00f6chste <strong>Hygienestandards<\/strong> sind eher <strong>mit ausl\u00f6send<\/strong> f\u00fcr eine CED.\u00a0<\/p>\t\t\t\t\t\t\t\t<\/div>\n\t\t\t\t<\/div>\n\t\t\t\t<div class=\"elementor-element elementor-element-56d0929 elementor-widget elementor-widget-heading\" data-id=\"56d0929\" data-element_type=\"widget\" data-widget_type=\"heading.default\">\n\t\t\t\t<div class=\"elementor-widget-container\">\n\t\t\t\t\t<h3 class=\"elementor-heading-title elementor-size-default\">Ausl\u00f6ser der CED<\/h3>\t\t\t\t<\/div>\n\t\t\t\t<\/div>\n\t\t\t\t<div class=\"elementor-element elementor-element-def0a30 elementor-widget elementor-widget-text-editor\" data-id=\"def0a30\" data-element_type=\"widget\" data-widget_type=\"text-editor.default\">\n\t\t\t\t<div class=\"elementor-widget-container\">\n\t\t\t\t\t\t\t\t\t<p><strong>Infektionen<\/strong> mit bestimmten sch\u00e4dlichen <strong>Keimen<\/strong> (Masernvirus, E.coli, Mykobakterien, bestimmte Clostridien) scheinen neben bestimmten <a href=\"https:\/\/www.omni-biotic.com\/de-de\/blog\/nebenwirkungen-von-stress\/\"><strong>psychischen Faktoren<\/strong><\/a> (Stress, bestimmte Pers\u00f6nlichkeitsstrukturen), der <strong>genetischen<\/strong> <strong>Disposition<\/strong> (Reaktion des Immunsystems) und <strong>Umweltfaktoren<\/strong> die Entstehung von CED zu beg\u00fcnstigen.<\/p><p>Diese verschiedenen Faktoren (u.a. psychische, genetische, infektiologische, und Umweltfaktoren) f\u00fchren zu <strong>erh\u00f6hter<\/strong> <strong>Durchl\u00e4ssigkeit<\/strong> der <strong>Schleimhaut<\/strong> (&#8222;<strong>Leaky Gut<\/strong>&#8222;) und<strong> erh\u00f6hter Immunaktivit\u00e4t<\/strong> in der Darmschleimhaut.<\/p>\t\t\t\t\t\t\t\t<\/div>\n\t\t\t\t<\/div>\n\t\t\t\t\t<\/div>\n\t\t\t\t<\/div>\n\t\t\t\t\t<\/div>\n\t\t\t\t<\/div>\n\t\t<div class=\"elementor-element elementor-element-b8b77c7 obcs none e-flex e-con-boxed e-con e-parent\" data-id=\"b8b77c7\" data-element_type=\"container\">\n\t\t\t\t\t<div class=\"e-con-inner\">\n\t\t<div class=\"elementor-element elementor-element-ed972a4 e-con-full obcs none e-flex elementor-invisible e-con e-child\" data-id=\"ed972a4\" data-element_type=\"container\" data-settings=\"{&quot;animation&quot;:&quot;bounceInLeft&quot;}\">\n\t\t<div class=\"elementor-element elementor-element-a7dd55e obcs none e-flex e-con-boxed e-con e-child\" data-id=\"a7dd55e\" data-element_type=\"container\">\n\t\t\t\t\t<div class=\"e-con-inner\">\n\t\t\t\t<div class=\"elementor-element elementor-element-83b3259 elementor-widget elementor-widget-image\" data-id=\"83b3259\" data-element_type=\"widget\" data-widget_type=\"image.default\">\n\t\t\t\t<div class=\"elementor-widget-container\">\n\t\t\t\t\t\t\t\t\t\t\t\t\t\t\t<img loading=\"lazy\" decoding=\"async\" width=\"300\" height=\"300\" src=\"https:\/\/www.omni-biotic.com\/de-de\/wp-content\/uploads\/sites\/10\/2023\/03\/erhoehte-durchlaessigkeit-darm-leaky-gut-300x300.png\" class=\"attachment-medium size-medium wp-image-12975\" alt=\"Erh\u00f6hte Durchl\u00e4ssigkeit beim Darm; Leaky Gut\" srcset=\"https:\/\/www.omni-biotic.com\/de-de\/wp-content\/uploads\/sites\/10\/2023\/03\/erhoehte-durchlaessigkeit-darm-leaky-gut-300x300.png 300w, https:\/\/www.omni-biotic.com\/de-de\/wp-content\/uploads\/sites\/10\/2023\/03\/erhoehte-durchlaessigkeit-darm-leaky-gut-150x150.png 150w, https:\/\/www.omni-biotic.com\/de-de\/wp-content\/uploads\/sites\/10\/2023\/03\/erhoehte-durchlaessigkeit-darm-leaky-gut.png 512w\" sizes=\"(max-width: 300px) 100vw, 300px\" \/>\t\t\t\t\t\t\t\t\t\t\t\t\t\t\t<\/div>\n\t\t\t\t<\/div>\n\t\t\t\t<div class=\"elementor-element elementor-element-5451c8e elementor-widget elementor-widget-heading\" data-id=\"5451c8e\" data-element_type=\"widget\" data-widget_type=\"heading.default\">\n\t\t\t\t<div class=\"elementor-widget-container\">\n\t\t\t\t\t<h2 class=\"elementor-heading-title elementor-size-default\">Erh\u00f6hte Durchl\u00e4ssigkeit<br>\n<small>\u201eLeaky Gut\u201c<\/small><\/h2>\t\t\t\t<\/div>\n\t\t\t\t<\/div>\n\t\t\t\t\t<\/div>\n\t\t\t\t<\/div>\n\t\t\t\t<div class=\"elementor-element elementor-element-30d78fc elementor-widget elementor-widget-text-editor\" data-id=\"30d78fc\" data-element_type=\"widget\" data-widget_type=\"text-editor.default\">\n\t\t\t\t<div class=\"elementor-widget-container\">\n\t\t\t\t\t\t\t\t\t<p>In der Darmschleimhaut sind <b>benachbarte Zellen<\/b> jeweils \u00fcber eine \u201e<b>Haftstelle<\/b>\u201c (engl. \u201eTight Junction\u201c) <b>miteinander<\/b> <b>verbunden<\/b>. Sie dichten die Zellen gegeneinander ab, so dass <b>keine Fremdstoffe <\/b>oder Krankheitserreger zwischen den Zellen <b>hindurchgelangen <\/b>k\u00f6nnen.<\/p><p>Solange diese \u201eDarmbarriere\u201c intakt ist, bildet die Gesamtheit der Darmschleimhautzellen ein regelrechtes Schutzschild, wodurch ein <b>Eindringen <\/b>von <b>Fremdstoffen <\/b>(u.a Bakterien oder \u201eToxine\u201c) aus dem Darmraum in den K\u00f6rper <b>verhindert <\/b>wird. Bei CED \u2013 nicht nur durch entz\u00fcndliche Ver\u00e4nderungen &#8211; ist diese <a href=\"https:\/\/www.omni-biotic.com\/de-de\/blog\/leaky-gut-der-loechrige-darm\/\"><b>Darmbarriere <\/b>\u201e<b>undicht<\/b>\u201c<\/a>, \u201el\u00f6chrig\u201c, die Zellen sind nicht mehr so fest miteinander verbunden, so dass <b>Krankheitserreger <\/b>und Toxine (\u201eGiftstoffe\u201c) leichter die Darmschleimhaut <b>durchdringen <\/b>und zu einer <b>Immunreaktion<\/b>, zu einer Entz\u00fcndung f\u00fchren k\u00f6nnen.<\/p>\t\t\t\t\t\t\t\t<\/div>\n\t\t\t\t<\/div>\n\t\t\t\t<\/div>\n\t\t<div class=\"elementor-element elementor-element-e7a23f0 e-con-full obcs none e-flex e-con e-child\" data-id=\"e7a23f0\" data-element_type=\"container\">\n\t\t\t\t<\/div>\n\t\t<div class=\"elementor-element elementor-element-224d657 e-con-full obcs none e-flex elementor-invisible e-con e-child\" data-id=\"224d657\" data-element_type=\"container\" data-settings=\"{&quot;animation&quot;:&quot;bounceInRight&quot;}\">\n\t\t<div class=\"elementor-element elementor-element-f435455 obcs none e-flex e-con-boxed e-con e-child\" data-id=\"f435455\" data-element_type=\"container\">\n\t\t\t\t\t<div class=\"e-con-inner\">\n\t\t\t\t<div class=\"elementor-element elementor-element-8cb7b2b elementor-widget elementor-widget-image\" data-id=\"8cb7b2b\" data-element_type=\"widget\" data-widget_type=\"image.default\">\n\t\t\t\t<div class=\"elementor-widget-container\">\n\t\t\t\t\t\t\t\t\t\t\t\t\t\t\t<img loading=\"lazy\" decoding=\"async\" width=\"300\" height=\"300\" src=\"https:\/\/www.omni-biotic.com\/de-de\/wp-content\/uploads\/sites\/10\/2023\/03\/erhoehte-immunaktivit-darm-300x300.png\" class=\"attachment-medium size-medium wp-image-12976\" alt=\"Erh\u00f6hte Immunaktivit\u00e4t beim Darm\" srcset=\"https:\/\/www.omni-biotic.com\/de-de\/wp-content\/uploads\/sites\/10\/2023\/03\/erhoehte-immunaktivit-darm-300x300.png 300w, https:\/\/www.omni-biotic.com\/de-de\/wp-content\/uploads\/sites\/10\/2023\/03\/erhoehte-immunaktivit-darm-150x150.png 150w, https:\/\/www.omni-biotic.com\/de-de\/wp-content\/uploads\/sites\/10\/2023\/03\/erhoehte-immunaktivit-darm.png 512w\" sizes=\"(max-width: 300px) 100vw, 300px\" \/>\t\t\t\t\t\t\t\t\t\t\t\t\t\t\t<\/div>\n\t\t\t\t<\/div>\n\t\t\t\t<div class=\"elementor-element elementor-element-108526d elementor-widget elementor-widget-heading\" data-id=\"108526d\" data-element_type=\"widget\" data-widget_type=\"heading.default\">\n\t\t\t\t<div class=\"elementor-widget-container\">\n\t\t\t\t\t<h2 class=\"elementor-heading-title elementor-size-default\">Erh\u00f6hte Immunaktivit\u00e4t<br>\n<small>- in der Darmschleimhaut<\/small><\/h2>\t\t\t\t<\/div>\n\t\t\t\t<\/div>\n\t\t\t\t\t<\/div>\n\t\t\t\t<\/div>\n\t\t\t\t<div class=\"elementor-element elementor-element-b389345 elementor-widget elementor-widget-text-editor\" data-id=\"b389345\" data-element_type=\"widget\" data-widget_type=\"text-editor.default\">\n\t\t\t\t<div class=\"elementor-widget-container\">\n\t\t\t\t\t\t\t\t\t<p>In Gewebeproben der <b>Darmschleimhaut betroffener Menschen <\/b>mit CED kann eine <b>erh\u00f6hte Immunaktivit\u00e4t <\/b>festgestellt werden. So werden in der Schleimhaut vermehrt Abwehrzellen des Immunsystems und deren Botenstoffe (Entz\u00fcndungsmediatoren wie Interleukine, TNF (Tumor Necrosis Factor-\u03b1) nachgewie-sen. Es kommt zu Autoimmunprozessen mit <b>Zerst\u00f6rung <\/b>der <b>Darmschleimhaut<\/b>. Woher diese erh\u00f6hte Abwehrreaktion, diese selbstzerst\u00f6rerischen Entz\u00fcndungen kommen und wozu sie m\u00f6glicherweise dienen, wird intensiv erforscht.\u00a0<\/p><p>Eine wesentliche Rolle spielt das Darmmikrobiom. <a href=\"https:\/\/www.omni-biotic.com\/de-de\/darmgesundheit\/gesundheitszentrale-darm\/darmflora\/\">Die <b>Darmflora<\/b><\/a>, die bei <b>Patienten mit CED krankhaft ver\u00e4ndert<\/b> und gesch\u00e4digt ist, die Artenvielfalt der Bakterien im Darm, die f\u00fcr eine normale Darmfunktion wichtig ist, ist bei Kranken nicht mehr vorhanden. Die Darmbakterien k\u00f6nnen ihre Schutz- und Abwehrfunktion nicht mehr erf\u00fcllen.<\/p>\t\t\t\t\t\t\t\t<\/div>\n\t\t\t\t<\/div>\n\t\t\t\t<\/div>\n\t\t\t\t\t<\/div>\n\t\t\t\t<\/div>\n\t\t<div class=\"elementor-element elementor-element-c4abfa9 obcs none e-flex e-con-boxed e-con e-parent\" data-id=\"c4abfa9\" data-element_type=\"container\" data-settings=\"{&quot;background_background&quot;:&quot;classic&quot;}\">\n\t\t\t\t\t<div class=\"e-con-inner\">\n\t\t<div class=\"elementor-element elementor-element-c4101bd obcs none e-flex e-con-boxed e-con e-child\" data-id=\"c4101bd\" data-element_type=\"container\" data-settings=\"{&quot;background_background&quot;:&quot;classic&quot;}\">\n\t\t\t\t\t<div class=\"e-con-inner\">\n\t\t\t\t<div class=\"elementor-element elementor-element-fbfb4bf elementor-widget__width-initial elementor-widget-tablet__width-initial elementor-widget elementor-widget-image\" data-id=\"fbfb4bf\" data-element_type=\"widget\" data-widget_type=\"image.default\">\n\t\t\t\t<div class=\"elementor-widget-container\">\n\t\t\t\t\t\t\t\t\t\t\t\t\t\t\t<img loading=\"lazy\" decoding=\"async\" width=\"768\" height=\"768\" src=\"https:\/\/www.omni-biotic.com\/de-de\/wp-content\/uploads\/sites\/10\/2023\/03\/diagnose-ced-768x768.png\" class=\"attachment-medium_large size-medium_large wp-image-13032\" alt=\"\" srcset=\"https:\/\/www.omni-biotic.com\/de-de\/wp-content\/uploads\/sites\/10\/2023\/03\/diagnose-ced-768x768.png 768w, https:\/\/www.omni-biotic.com\/de-de\/wp-content\/uploads\/sites\/10\/2023\/03\/diagnose-ced-300x300.png 300w, https:\/\/www.omni-biotic.com\/de-de\/wp-content\/uploads\/sites\/10\/2023\/03\/diagnose-ced-150x150.png 150w, https:\/\/www.omni-biotic.com\/de-de\/wp-content\/uploads\/sites\/10\/2023\/03\/diagnose-ced.png 800w\" sizes=\"(max-width: 768px) 100vw, 768px\" \/>\t\t\t\t\t\t\t\t\t\t\t\t\t\t\t<\/div>\n\t\t\t\t<\/div>\n\t\t<div class=\"elementor-element elementor-element-c66755f obcs none e-flex e-con-boxed e-con e-child\" data-id=\"c66755f\" data-element_type=\"container\">\n\t\t\t\t\t<div class=\"e-con-inner\">\n\t\t\t\t<div class=\"elementor-element elementor-element-3c48e40 elementor-widget__width-inherit elementor-widget elementor-widget-heading\" data-id=\"3c48e40\" data-element_type=\"widget\" data-widget_type=\"heading.default\">\n\t\t\t\t<div class=\"elementor-widget-container\">\n\t\t\t\t\t<h2 class=\"elementor-heading-title elementor-size-default\">Wie wird CED diagnostiziert?<\/h2>\t\t\t\t<\/div>\n\t\t\t\t<\/div>\n\t\t\t\t<div class=\"elementor-element elementor-element-b19bd49 elementor-widget elementor-widget-text-editor\" data-id=\"b19bd49\" data-element_type=\"widget\" data-widget_type=\"text-editor.default\">\n\t\t\t\t<div class=\"elementor-widget-container\">\n\t\t\t\t\t\t\t\t\t<p>Die Diagnose einer chronisch entz\u00fcndlichen Darmerkrankung wird anhand des <b>typischen Beschwerdemusters<\/b>, nach <b>Koloskopie <\/b>und mit Hilfe <b>bildgebender Verfahren <\/b>gestellt.&nbsp;<\/p>\n<p>Im Einzelfall muss der Arzt pr\u00fcfen, ob wirklich eine CED vorliegt oder eine andere Krankheit. <b>Viele infekti\u00f6se Erkrankungen<\/b> \u00e4u\u00dfern sich <b>ebenfalls <\/b>mit <b>Durchfall<\/b>, auch <b>Medikamentenunvertr\u00e4glichkeit <\/b>resultiert in \u00e4hnlichen Beschwerden.&nbsp;<\/p>\n<p>Gerade bei \u00e4lteren Menschen muss man pr\u00fcfen, ob eine <b>mangelnde Durchblutung <\/b>schuld an den Symptomen ist. (Gef\u00e4\u00dfverschl\u00fcsse (Thrombosen) im Blutgef\u00e4\u00dfsystem des Darms: <b>isch\u00e4mische Colitis<\/b> (durch Blutmangel bedingte Darmentz\u00fcndung).<\/p>\t\t\t\t\t\t\t\t<\/div>\n\t\t\t\t<\/div>\n\t\t\t\t\t<\/div>\n\t\t\t\t<\/div>\n\t\t\t\t\t<\/div>\n\t\t\t\t<\/div>\n\t\t\t\t\t<\/div>\n\t\t\t\t<\/div>\n\t\t<div class=\"elementor-element elementor-element-8d556c4 obcs none e-flex e-con-boxed e-con e-parent\" data-id=\"8d556c4\" data-element_type=\"container\">\n\t\t\t\t\t<div class=\"e-con-inner\">\n\t\t<div class=\"elementor-element elementor-element-0ee3dff obcs none e-flex e-con-boxed e-con e-child\" data-id=\"0ee3dff\" data-element_type=\"container\">\n\t\t\t\t\t<div class=\"e-con-inner\">\n\t\t\t\t<div class=\"elementor-element elementor-element-cb92ebf elementor-widget elementor-widget-heading\" data-id=\"cb92ebf\" data-element_type=\"widget\" data-widget_type=\"heading.default\">\n\t\t\t\t<div class=\"elementor-widget-container\">\n\t\t\t\t\t<h3 class=\"elementor-heading-title elementor-size-default\">Am Beginn jeder Diagnose steht ein ausf\u00fchrliches Anamnese-Gespr\u00e4ch mit einer \u00c4rztin\/einem Arzt:<\/h3>\t\t\t\t<\/div>\n\t\t\t\t<\/div>\n\t\t\t\t<div class=\"elementor-element elementor-element-ca1741b elementor-widget elementor-widget-text-editor\" data-id=\"ca1741b\" data-element_type=\"widget\" data-widget_type=\"text-editor.default\">\n\t\t\t\t<div class=\"elementor-widget-container\">\n\t\t\t\t\t\t\t\t\t<ul><li>Wo haben Sie Schmerzen und in welchen Situationen treten diese auf?<\/li><li>Haben Sie Durchfall, Blutbeimengungen, Schleim im Stuhl? Wie h\u00e4ufig haben Sie Stuhlgang?<\/li><li>Ist Ihnen ein Zusammenhang der Schmerzen mit bestimmten Nahrungsmitteln oder Getr\u00e4nken aufgefallen? Haben Sie h\u00e4ufig Darminfektionen (\u201eBauchgrippe\u201c)?<\/li><li>Haben Sie weitere Symptome wie Erbrechen, Muskel- und Gelenkschmerzen, Sodbrennen und Fieber? Sind sie rasch m\u00fcde? Haben Sie Gewicht verloren? Dies ist typisch f\u00fcr Colitis ulcerosa (Blutarmut = An\u00e4mie)<\/li><li>Haben Sie andere Erkrankungen? (Beispielsweise Cholangitis, d.h. Gallengangsentz\u00fcndung; Konjunktivitis, d.h. Augenentz\u00fcndung; Dermatitis, d.h. Hauterkrankungen)?<\/li><li>Nehmen Sie regelm\u00e4\u00dfig Medikamente ein?<\/li><li>Familiengeschichte (Vorliegen von Erkrankungen in der Familie; bei Morbus Crohn und in geringerem Ma\u00dfe bei Colitis ulcerosa wird eine genetische Komponente vermutet.)<\/li><\/ul>\t\t\t\t\t\t\t\t<\/div>\n\t\t\t\t<\/div>\n\t\t\t\t\t<\/div>\n\t\t\t\t<\/div>\n\t\t\t\t\t<\/div>\n\t\t\t\t<\/div>\n\t\t<div class=\"elementor-element elementor-element-c22326c obcs green e-flex e-con-boxed e-con e-parent\" data-id=\"c22326c\" data-element_type=\"container\">\n\t\t\t\t\t<div class=\"e-con-inner\">\n\t\t<div class=\"elementor-element elementor-element-026d0b5 e-con-full obcs none e-flex e-con e-child\" data-id=\"026d0b5\" data-element_type=\"container\">\n\t\t\t\t<div class=\"elementor-element elementor-element-a5dd6ac elementor-widget elementor-widget-heading\" data-id=\"a5dd6ac\" data-element_type=\"widget\" data-widget_type=\"heading.default\">\n\t\t\t\t<div class=\"elementor-widget-container\">\n\t\t\t\t\t<h2 class=\"elementor-heading-title elementor-size-default\">Ablauf der Diagnose<\/h2>\t\t\t\t<\/div>\n\t\t\t\t<\/div>\n\t\t\t\t<div class=\"elementor-element elementor-element-b0e46c2 elementor-widget elementor-widget-text-editor\" data-id=\"b0e46c2\" data-element_type=\"widget\" data-widget_type=\"text-editor.default\">\n\t\t\t\t<div class=\"elementor-widget-container\">\n\t\t\t\t\t\t\t\t\t<p>Nach dem ausf\u00fchrlichen Anamnese-Gespr\u00e4ch erfolgt eine <strong>eingehende<\/strong> <strong>k\u00f6rperliche<\/strong> <strong>Untersuchung<\/strong>. Zur <strong>Unterscheidung<\/strong>, ob es sich um <strong>Morbus Crohn<\/strong> oder <strong>Colitis ulcerosa<\/strong> handelt und auch um evtl. infekti\u00f6se Darmerkrankungen auszuschlie\u00dfen, die \u00e4hnliche Symptome wie die CED aufweisen, erfordert die Diagnostik der CED stets die <strong>Untersuchung des gesamten Verdauungstrakts<\/strong>.<\/p><p><strong>Endoskopische<\/strong> (Koloskopie \u2013 Spiegelung des Dickdarms \u2013 und \u00d6sophago-Gastro-Duodenoskopie (\u00d6GD) \u2013 Spiegelung der Speiser\u00f6hre, des Magens und des D\u00fcnndarms) und <strong>radiologische Untersuchungen<\/strong> (R\u00f6ntgen, Computertomografie, kurz CT), MRT (Magnetresonanztomografie) <strong>erg\u00e4nzen<\/strong> <strong>sich<\/strong> hierbei.<\/p><p><strong>Klinische Befunde<\/strong> (Labor- und Entz\u00fcndungsparameter (C-reaktives Protein, kurz CRP sowie Calprotectin u.v.m.), Leber- und Nierenfunktion und histologische Untersuchungen (feingewebliche Untersuchungen, u.a. der endoskopisch gewonnenen Darmschleimhautproben) liefern dar\u00fcber hinaus wichtige Befunde.<\/p><p>Hinweisen auf Leber-, Gallen- oder Bauchspeicheldr\u00fcsenerkrankungen muss nachgegangen werden. <strong>Stuhlkulturen<\/strong> und <strong>serologische<\/strong> <strong>Untersuchungen<\/strong> sind wichtig, um infekti\u00f6se Durchfallerkrankungen abzugrenzen. Erst die gesamte Betrachtung der Befunde ergibt die \u201e<strong>Mosaikdiagnose<\/strong>\u201c einer chronisch entz\u00fcndlichen Darmerkrankung: Allerdings ist <strong>bei einem Teil der Patienten<\/strong> eine <strong>prim\u00e4re Klassifizierung in Morbus Crohn oder Colitis ulcerosa nicht m\u00f6glich<\/strong>. Erst der <strong>Verlauf<\/strong> der <strong>Erkrankung<\/strong> erm\u00f6glicht die definitive Zuordnung.<\/p>\t\t\t\t\t\t\t\t<\/div>\n\t\t\t\t<\/div>\n\t\t\t\t<\/div>\n\t\t<div class=\"elementor-element elementor-element-c784ada e-con-full obcs none e-flex e-con e-child\" data-id=\"c784ada\" data-element_type=\"container\">\n\t\t\t\t<div class=\"elementor-element elementor-element-3d87929 e-transform elementor-widget elementor-widget-image\" data-id=\"3d87929\" data-element_type=\"widget\" data-settings=\"{&quot;_transform_rotateZ_effect&quot;:{&quot;unit&quot;:&quot;px&quot;,&quot;size&quot;:0,&quot;sizes&quot;:[]},&quot;_transform_rotate_3d&quot;:&quot;yes&quot;,&quot;_transform_rotateX_effect&quot;:{&quot;unit&quot;:&quot;px&quot;,&quot;size&quot;:0,&quot;sizes&quot;:[]},&quot;_transform_rotateY_effect&quot;:{&quot;unit&quot;:&quot;px&quot;,&quot;size&quot;:-4,&quot;sizes&quot;:[]},&quot;_transform_perspective_effect&quot;:{&quot;unit&quot;:&quot;px&quot;,&quot;size&quot;:650,&quot;sizes&quot;:[]},&quot;_transform_rotateZ_effect_tablet&quot;:{&quot;unit&quot;:&quot;deg&quot;,&quot;size&quot;:&quot;&quot;,&quot;sizes&quot;:[]},&quot;_transform_rotateZ_effect_mobile&quot;:{&quot;unit&quot;:&quot;deg&quot;,&quot;size&quot;:&quot;&quot;,&quot;sizes&quot;:[]},&quot;_transform_rotateX_effect_tablet&quot;:{&quot;unit&quot;:&quot;deg&quot;,&quot;size&quot;:&quot;&quot;,&quot;sizes&quot;:[]},&quot;_transform_rotateX_effect_mobile&quot;:{&quot;unit&quot;:&quot;deg&quot;,&quot;size&quot;:&quot;&quot;,&quot;sizes&quot;:[]},&quot;_transform_rotateY_effect_tablet&quot;:{&quot;unit&quot;:&quot;deg&quot;,&quot;size&quot;:&quot;&quot;,&quot;sizes&quot;:[]},&quot;_transform_rotateY_effect_mobile&quot;:{&quot;unit&quot;:&quot;deg&quot;,&quot;size&quot;:&quot;&quot;,&quot;sizes&quot;:[]},&quot;_transform_perspective_effect_tablet&quot;:{&quot;unit&quot;:&quot;px&quot;,&quot;size&quot;:&quot;&quot;,&quot;sizes&quot;:[]},&quot;_transform_perspective_effect_mobile&quot;:{&quot;unit&quot;:&quot;px&quot;,&quot;size&quot;:&quot;&quot;,&quot;sizes&quot;:[]}}\" data-widget_type=\"image.default\">\n\t\t\t\t<div class=\"elementor-widget-container\">\n\t\t\t\t\t\t\t\t\t\t\t\t\t\t\t<img loading=\"lazy\" decoding=\"async\" width=\"800\" height=\"800\" src=\"https:\/\/www.omni-biotic.com\/de-de\/wp-content\/uploads\/sites\/10\/2023\/03\/diagnose-ablauf-ced-colitis-ulcerosa-morbus-crohn.jpg\" class=\"attachment-full size-full wp-image-13050\" alt=\"\" srcset=\"https:\/\/www.omni-biotic.com\/de-de\/wp-content\/uploads\/sites\/10\/2023\/03\/diagnose-ablauf-ced-colitis-ulcerosa-morbus-crohn.jpg 800w, https:\/\/www.omni-biotic.com\/de-de\/wp-content\/uploads\/sites\/10\/2023\/03\/diagnose-ablauf-ced-colitis-ulcerosa-morbus-crohn-300x300.jpg 300w, https:\/\/www.omni-biotic.com\/de-de\/wp-content\/uploads\/sites\/10\/2023\/03\/diagnose-ablauf-ced-colitis-ulcerosa-morbus-crohn-150x150.jpg 150w, https:\/\/www.omni-biotic.com\/de-de\/wp-content\/uploads\/sites\/10\/2023\/03\/diagnose-ablauf-ced-colitis-ulcerosa-morbus-crohn-768x768.jpg 768w\" sizes=\"(max-width: 800px) 100vw, 800px\" \/>\t\t\t\t\t\t\t\t\t\t\t\t\t\t\t<\/div>\n\t\t\t\t<\/div>\n\t\t\t\t<\/div>\n\t\t\t\t\t<\/div>\n\t\t\t\t<\/div>\n\t\t<div class=\"elementor-element elementor-element-11a7df0 obcs yellow e-flex e-con-boxed e-con e-parent\" data-id=\"11a7df0\" data-element_type=\"container\">\n\t\t\t\t\t<div class=\"e-con-inner\">\n\t\t<div class=\"elementor-element elementor-element-e300128 e-con-full obcs none e-flex e-con e-child\" data-id=\"e300128\" data-element_type=\"container\">\n\t\t\t\t<div class=\"elementor-element elementor-element-9927cad e-transform elementor-widget elementor-widget-image\" data-id=\"9927cad\" data-element_type=\"widget\" data-settings=\"{&quot;_transform_rotateZ_effect&quot;:{&quot;unit&quot;:&quot;px&quot;,&quot;size&quot;:0,&quot;sizes&quot;:[]},&quot;_transform_rotate_3d&quot;:&quot;yes&quot;,&quot;_transform_rotateX_effect&quot;:{&quot;unit&quot;:&quot;px&quot;,&quot;size&quot;:0,&quot;sizes&quot;:[]},&quot;_transform_rotateY_effect&quot;:{&quot;unit&quot;:&quot;px&quot;,&quot;size&quot;:4,&quot;sizes&quot;:[]},&quot;_transform_perspective_effect&quot;:{&quot;unit&quot;:&quot;px&quot;,&quot;size&quot;:650,&quot;sizes&quot;:[]},&quot;_transform_rotateZ_effect_tablet&quot;:{&quot;unit&quot;:&quot;deg&quot;,&quot;size&quot;:&quot;&quot;,&quot;sizes&quot;:[]},&quot;_transform_rotateZ_effect_mobile&quot;:{&quot;unit&quot;:&quot;deg&quot;,&quot;size&quot;:&quot;&quot;,&quot;sizes&quot;:[]},&quot;_transform_rotateX_effect_tablet&quot;:{&quot;unit&quot;:&quot;deg&quot;,&quot;size&quot;:&quot;&quot;,&quot;sizes&quot;:[]},&quot;_transform_rotateX_effect_mobile&quot;:{&quot;unit&quot;:&quot;deg&quot;,&quot;size&quot;:&quot;&quot;,&quot;sizes&quot;:[]},&quot;_transform_rotateY_effect_tablet&quot;:{&quot;unit&quot;:&quot;deg&quot;,&quot;size&quot;:&quot;&quot;,&quot;sizes&quot;:[]},&quot;_transform_rotateY_effect_mobile&quot;:{&quot;unit&quot;:&quot;deg&quot;,&quot;size&quot;:&quot;&quot;,&quot;sizes&quot;:[]},&quot;_transform_perspective_effect_tablet&quot;:{&quot;unit&quot;:&quot;px&quot;,&quot;size&quot;:&quot;&quot;,&quot;sizes&quot;:[]},&quot;_transform_perspective_effect_mobile&quot;:{&quot;unit&quot;:&quot;px&quot;,&quot;size&quot;:&quot;&quot;,&quot;sizes&quot;:[]}}\" data-widget_type=\"image.default\">\n\t\t\t\t<div class=\"elementor-widget-container\">\n\t\t\t\t\t\t\t\t\t\t\t\t\t\t\t<img loading=\"lazy\" decoding=\"async\" width=\"800\" height=\"800\" src=\"https:\/\/www.omni-biotic.com\/de-de\/wp-content\/uploads\/sites\/10\/2023\/03\/behandlung-ced-morbus-crohn-colitis-ulcerosa-was-hilft.jpg\" class=\"attachment-large size-large wp-image-13058\" alt=\"\" srcset=\"https:\/\/www.omni-biotic.com\/de-de\/wp-content\/uploads\/sites\/10\/2023\/03\/behandlung-ced-morbus-crohn-colitis-ulcerosa-was-hilft.jpg 1024w, https:\/\/www.omni-biotic.com\/de-de\/wp-content\/uploads\/sites\/10\/2023\/03\/behandlung-ced-morbus-crohn-colitis-ulcerosa-was-hilft-300x300.jpg 300w, https:\/\/www.omni-biotic.com\/de-de\/wp-content\/uploads\/sites\/10\/2023\/03\/behandlung-ced-morbus-crohn-colitis-ulcerosa-was-hilft-150x150.jpg 150w, https:\/\/www.omni-biotic.com\/de-de\/wp-content\/uploads\/sites\/10\/2023\/03\/behandlung-ced-morbus-crohn-colitis-ulcerosa-was-hilft-768x768.jpg 768w\" sizes=\"(max-width: 800px) 100vw, 800px\" \/>\t\t\t\t\t\t\t\t\t\t\t\t\t\t\t<\/div>\n\t\t\t\t<\/div>\n\t\t\t\t<\/div>\n\t\t<div class=\"elementor-element elementor-element-bb66778 e-con-full obcs none e-flex e-con e-child\" data-id=\"bb66778\" data-element_type=\"container\">\n\t\t\t\t<div class=\"elementor-element elementor-element-6d16d89 elementor-widget elementor-widget-heading\" data-id=\"6d16d89\" data-element_type=\"widget\" data-widget_type=\"heading.default\">\n\t\t\t\t<div class=\"elementor-widget-container\">\n\t\t\t\t\t<h2 class=\"elementor-heading-title elementor-size-default\">Wie kann man chronisch entz\u00fcndliche Darmerkrankungen behandeln?<\/h2>\t\t\t\t<\/div>\n\t\t\t\t<\/div>\n\t\t\t\t<div class=\"elementor-element elementor-element-745151b elementor-widget elementor-widget-text-editor\" data-id=\"745151b\" data-element_type=\"widget\" data-widget_type=\"text-editor.default\">\n\t\t\t\t<div class=\"elementor-widget-container\">\n\t\t\t\t\t\t\t\t\t<p>Derzeit sind <strong>Morbus Crohn und Colitis ulcerosa noch nicht heilbar<\/strong>. Therapiema\u00dfnahmen zielen vor allem darauf ab, die <strong>Lebensqualit\u00e4t<\/strong> der Betroffenen zu <strong>verbessern<\/strong>, <strong>Beschwerden<\/strong> zu <strong>beseitigen<\/strong> oder zu lindern, <strong>entz\u00fcndliche<\/strong> <strong>Sch\u00fcbe<\/strong> zu <strong>minimieren<\/strong> und Komplikationen zu verhindern.<\/p><p>Besonders wichtig f\u00fcr die Behandlung ist es, den <strong>genauen Ort der Entz\u00fcndung<\/strong> im<strong> Magen- und Darmtrakt zu kennen<\/strong>. Neben Empfehlungen zum Umgang mit der Erkrankung im Alltag und in Bezug auf die <strong>Ern\u00e4hrung<\/strong> stellen Medikamente einen zentralen Bestandteil der Therapie dar. Im Vordergrund steht die Behandlung mit <strong>entz\u00fcndungshemmenden<\/strong> <strong>Medikamenten<\/strong>.<\/p>\t\t\t\t\t\t\t\t<\/div>\n\t\t\t\t<\/div>\n\t\t\t\t<\/div>\n\t\t\t\t\t<\/div>\n\t\t\t\t<\/div>\n\t\t<div class=\"elementor-element elementor-element-e5d0210 obcs none e-flex e-con-boxed e-con e-parent\" data-id=\"e5d0210\" data-element_type=\"container\">\n\t\t\t\t\t<div class=\"e-con-inner\">\n\t\t<div class=\"elementor-element elementor-element-f69fff7 obcs none e-flex e-con-boxed e-con e-child\" data-id=\"f69fff7\" data-element_type=\"container\">\n\t\t\t\t\t<div class=\"e-con-inner\">\n\t\t\t\t<div class=\"elementor-element elementor-element-02197a6 elementor-widget elementor-widget-heading\" data-id=\"02197a6\" data-element_type=\"widget\" data-widget_type=\"heading.default\">\n\t\t\t\t<div class=\"elementor-widget-container\">\n\t\t\t\t\t<h3 class=\"elementor-heading-title elementor-size-default\">Therapie von Colitis ulcerosa<\/h3>\t\t\t\t<\/div>\n\t\t\t\t<\/div>\n\t\t\t\t<div class=\"elementor-element elementor-element-b55b23e elementor-widget elementor-widget-text-editor\" data-id=\"b55b23e\" data-element_type=\"widget\" data-widget_type=\"text-editor.default\">\n\t\t\t\t<div class=\"elementor-widget-container\">\n\t\t\t\t\t\t\t\t\t<p>Mittel der ersten Wahl bei <strong>Colitis ulcerosa<\/strong> ist <strong>Mesalazin<\/strong> (5-Aminosalicyls\u00e4ure). Da der, bei dieser Erkrankung, haupts\u00e4chlich betroffene <strong>Dickdarm<\/strong> \u00fcber den <strong>After<\/strong> einer <strong>Medikation<\/strong> <strong>zug\u00e4nglich<\/strong> ist, gibt es neben Tabletten und Kapseln, die geschluckt werden, auch <strong>Z\u00e4pfchen<\/strong>, <strong>Einl\u00e4ufe<\/strong> und <strong>Sch\u00e4ume<\/strong>, die direkt am <strong>Ort der Entz\u00fcndung<\/strong> ihre Wirkung entfalten k\u00f6nnen.<\/p><p><strong>Zus\u00e4tzlich<\/strong> kommen bei Colitis ulcerosa <strong>Glukokortikoide<\/strong> (Kortisone), <strong>Immunsuppressiva<\/strong> und <strong>Antik\u00f6rper<\/strong> gegen Entz\u00fcndungsfaktoren zum Einsatz. Dar\u00fcber hinaus wurde festgestellt und in <strong>klinischen<\/strong> <strong>Studien<\/strong> nachgewiesen, dass vor allem die <strong>bakterielle<\/strong> <strong>Flora<\/strong> einen ma\u00dfgeblichen Einfluss auf <strong>Entstehung<\/strong> und <strong>Verlauf<\/strong> der Colitis ulcerosa hat. In den beschwerdefreien Phasen haben sich <strong>bestimmte <a href=\"https:\/\/www.omni-biotic.com\/de-de\/darmgesundheit\/gesundheitszentrale-darm\/probiotika\/\">probiotische Bakterienst\u00e4mme<\/a><\/strong> als ebenso <strong>wirksam<\/strong> und <strong>antientz\u00fcndlich<\/strong> wie Mesalazin erwiesen. Dabei ist die probiotische Variante im Vergleich zur Standardmedikation mit <strong>keinen<\/strong> <strong>Nebenwirkungen<\/strong> verbunden. Bakterienpr\u00e4parate wirken den sch\u00e4dlichen Ursachen der CED entgegen und <strong>bek\u00e4mpfen nicht nur die Symptome<\/strong>.<\/p>\t\t\t\t\t\t\t\t<\/div>\n\t\t\t\t<\/div>\n\t\t\t\t<div class=\"elementor-element elementor-element-b589481 elementor-widget elementor-widget-heading\" data-id=\"b589481\" data-element_type=\"widget\" data-widget_type=\"heading.default\">\n\t\t\t\t<div class=\"elementor-widget-container\">\n\t\t\t\t\t<h3 class=\"elementor-heading-title elementor-size-default\">Therapiem\u00f6glichkeiten bei Morbus Crohn<\/h3>\t\t\t\t<\/div>\n\t\t\t\t<\/div>\n\t\t\t\t<div class=\"elementor-element elementor-element-1c5c17b elementor-widget elementor-widget-text-editor\" data-id=\"1c5c17b\" data-element_type=\"widget\" data-widget_type=\"text-editor.default\">\n\t\t\t\t<div class=\"elementor-widget-container\">\n\t\t\t\t\t\t\t\t\t<p>Auch bei <strong>Morbus Crohn<\/strong> stellen <strong>Glukokortikoide<\/strong>, <strong>Immunsuppressiva<\/strong> und <strong>Antik\u00f6rper<\/strong> vor allem gegen den bestimmte Entz\u00fcndungsfaktoren die wesentliche medikament\u00f6se Therapie dar. Unterschieden wird zwischen Pr\u00e4paraten, die die <strong>Beschwerden<\/strong> in der <strong>Entz\u00fcndungsphase<\/strong> (im aktiven Schub) <strong>verbessern<\/strong> und solchen, die die Wahrscheinlichkeit <strong>neuer<\/strong> <strong>Sch\u00fcbe<\/strong> <strong>reduzieren<\/strong> sollen.<\/p>\t\t\t\t\t\t\t\t<\/div>\n\t\t\t\t<\/div>\n\t\t\t\t<div class=\"elementor-element elementor-element-6bb6453 elementor-widget elementor-widget-heading\" data-id=\"6bb6453\" data-element_type=\"widget\" data-widget_type=\"heading.default\">\n\t\t\t\t<div class=\"elementor-widget-container\">\n\t\t\t\t\t<h3 class=\"elementor-heading-title elementor-size-default\">Wann ist eine Operation notwendig?<\/h3>\t\t\t\t<\/div>\n\t\t\t\t<\/div>\n\t\t\t\t<div class=\"elementor-element elementor-element-a7f98e0 elementor-widget elementor-widget-text-editor\" data-id=\"a7f98e0\" data-element_type=\"widget\" data-widget_type=\"text-editor.default\">\n\t\t\t\t<div class=\"elementor-widget-container\">\n\t\t\t\t\t\t\t\t\t<p>Trotz der <strong>vielf\u00e4ltigen<\/strong> <strong>medikament\u00f6sen<\/strong> <strong>M\u00f6glichkeiten<\/strong> kann es dennoch erforderlich sein, eine <strong>Operation<\/strong> durchzuf\u00fchren. Je nach Hauptentz\u00fcndungsherd kommen <strong>verschiedenen<\/strong> <strong>Operationsverfahren<\/strong> zum Einsatz. Gr\u00fcnde f\u00fcr ein operatives Vorgehen sind Komplikationen wie schwere Blutung, Darmdurchbruch, auf die Medikation nicht ausreichend ansprechende Entz\u00fcndungen und das Auftreten von Dickdarm-krebs bzw. Krebsvorstufen. Das Risiko f\u00fcr Dickdarmkrebs ist bei Colitis Ulcerosa und bei einem Befall des Dickdarms bei Morbus Crohn erh\u00f6ht. Dabei spielt das Ausma\u00df der Entz\u00fcndung eine wesentliche Rolle.\u00a0Eine Operation wird bei Patienten mit Morbus Crohn n\u00f6tig, wenn Komplikationen wie Blutungen, Fisteln, Darmverschl\u00fcsse oder Abszesse auftreten.<\/p>\t\t\t\t\t\t\t\t<\/div>\n\t\t\t\t<\/div>\n\t\t\t\t\t<\/div>\n\t\t\t\t<\/div>\n\t\t\t\t\t<\/div>\n\t\t\t\t<\/div>\n\t\t<div class=\"elementor-element elementor-element-da602e0 obcs green e-flex e-con-boxed e-con e-parent\" data-id=\"da602e0\" data-element_type=\"container\">\n\t\t\t\t\t<div class=\"e-con-inner\">\n\t\t<div class=\"elementor-element elementor-element-c53e3ec e-con-full obcs none e-flex e-con e-child\" data-id=\"c53e3ec\" data-element_type=\"container\">\n\t\t\t\t<div class=\"elementor-element elementor-element-135a001 elementor-widget elementor-widget-heading\" data-id=\"135a001\" data-element_type=\"widget\" data-widget_type=\"heading.default\">\n\t\t\t\t<div class=\"elementor-widget-container\">\n\t\t\t\t\t<h2 class=\"elementor-heading-title elementor-size-default\">Was hilft bei CED?<\/h2>\t\t\t\t<\/div>\n\t\t\t\t<\/div>\n\t\t\t\t<div class=\"elementor-element elementor-element-23ef5ae elementor-widget elementor-widget-heading\" data-id=\"23ef5ae\" data-element_type=\"widget\" data-widget_type=\"heading.default\">\n\t\t\t\t<div class=\"elementor-widget-container\">\n\t\t\t\t\t<h3 class=\"elementor-heading-title elementor-size-default\">Heilpflanzen und integrative Begleittherapien<\/h3>\t\t\t\t<\/div>\n\t\t\t\t<\/div>\n\t\t\t\t<div class=\"elementor-element elementor-element-42cd2d2 elementor-widget elementor-widget-text-editor\" data-id=\"42cd2d2\" data-element_type=\"widget\" data-widget_type=\"text-editor.default\">\n\t\t\t\t<div class=\"elementor-widget-container\">\n\t\t\t\t\t\t\t\t\t<p>\u00dcber Pr\u00e4parate mit <b>Weihrauch<\/b>, <b>Myrrhe <\/b>und <b>Kamille <\/b>sind einige Daten vorhanden. Sie haben eine <b>entz\u00fcndungshemmende Wirkung<\/b>. Ein Pr\u00e4parat mit Weihrauch-Extrakt soll bei <b>Morbus Crohn<\/b> \u00e4hnliche Ergebnisse wie Mesalazin (bei Morbus Crohn nur beschr\u00e4nkt wirksam) haben. Die <b>typischen Beschwerden<\/b> wie Bauchkr\u00e4mpfe, Durchf\u00e4lle und Gelenkbeschwerden konnten bei <b>zwei Drittel der Patienten gebessert <\/b>werden.<\/p><p>Vergleichbare Versuche gab es bei <b>Colitis ulcerosa<\/b>. Sowohl Weihrauch als auch Myrrhe enthalten Triterpens\u00e4uren, die f\u00fcr die entz\u00fcndungshemmenden Effekte bei Colitis ulcerosa verantwortlich sind. <b>Myrrhe <\/b>wirkt zudem <b>krampflindernd<\/b>, da sie die Heftigkeit der Darmkontraktionen verringert und die Darmmuskulatur entspannt. Vor allem die <b>Dreierkombination <\/b>aus <b>Weihrauch, Myrrhe und Kaffeekohle hat sich bew\u00e4hrt<\/b>. Die beschwerdefreie Zeit konnte (wie in einer kleinen Studie untersucht wurde) genauso gut erhalten werden wie mit Mesalazin.<\/p><p>US-amerikanische Wissenschaftler haben sich auch mit der antientz\u00fcndlichen Wirkung der Gelbwurz \u2013 <b>Curcuma <\/b>\u2013 besch\u00e4ftigt. In einer Studie wurde Kindern, die an Morbus Crohn oder Colitis ulcerosa leiden, Curcumin-Extrakt in Kapseln gegeben. Eine Dosis von 4 g wurde von den meisten Kindern gut vertragen, die <b>Beschwerden <\/b>der CED konnten <b>gebessert werden.<\/b><\/p>\t\t\t\t\t\t\t\t<\/div>\n\t\t\t\t<\/div>\n\t\t\t\t<\/div>\n\t\t<div class=\"elementor-element elementor-element-fb3afd5 e-con-full obcs none e-flex e-con e-child\" data-id=\"fb3afd5\" data-element_type=\"container\">\n\t\t\t\t<div class=\"elementor-element elementor-element-2855fd2 e-transform elementor-widget elementor-widget-image\" data-id=\"2855fd2\" data-element_type=\"widget\" data-settings=\"{&quot;_transform_rotateZ_effect&quot;:{&quot;unit&quot;:&quot;px&quot;,&quot;size&quot;:0,&quot;sizes&quot;:[]},&quot;_transform_rotate_3d&quot;:&quot;yes&quot;,&quot;_transform_rotateX_effect&quot;:{&quot;unit&quot;:&quot;px&quot;,&quot;size&quot;:0,&quot;sizes&quot;:[]},&quot;_transform_rotateY_effect&quot;:{&quot;unit&quot;:&quot;px&quot;,&quot;size&quot;:-4,&quot;sizes&quot;:[]},&quot;_transform_perspective_effect&quot;:{&quot;unit&quot;:&quot;px&quot;,&quot;size&quot;:650,&quot;sizes&quot;:[]},&quot;_transform_rotateZ_effect_tablet&quot;:{&quot;unit&quot;:&quot;deg&quot;,&quot;size&quot;:&quot;&quot;,&quot;sizes&quot;:[]},&quot;_transform_rotateZ_effect_mobile&quot;:{&quot;unit&quot;:&quot;deg&quot;,&quot;size&quot;:&quot;&quot;,&quot;sizes&quot;:[]},&quot;_transform_rotateX_effect_tablet&quot;:{&quot;unit&quot;:&quot;deg&quot;,&quot;size&quot;:&quot;&quot;,&quot;sizes&quot;:[]},&quot;_transform_rotateX_effect_mobile&quot;:{&quot;unit&quot;:&quot;deg&quot;,&quot;size&quot;:&quot;&quot;,&quot;sizes&quot;:[]},&quot;_transform_rotateY_effect_tablet&quot;:{&quot;unit&quot;:&quot;deg&quot;,&quot;size&quot;:&quot;&quot;,&quot;sizes&quot;:[]},&quot;_transform_rotateY_effect_mobile&quot;:{&quot;unit&quot;:&quot;deg&quot;,&quot;size&quot;:&quot;&quot;,&quot;sizes&quot;:[]},&quot;_transform_perspective_effect_tablet&quot;:{&quot;unit&quot;:&quot;px&quot;,&quot;size&quot;:&quot;&quot;,&quot;sizes&quot;:[]},&quot;_transform_perspective_effect_mobile&quot;:{&quot;unit&quot;:&quot;px&quot;,&quot;size&quot;:&quot;&quot;,&quot;sizes&quot;:[]}}\" data-widget_type=\"image.default\">\n\t\t\t\t<div class=\"elementor-widget-container\">\n\t\t\t\t\t\t\t\t\t\t\t\t\t\t\t<img loading=\"lazy\" decoding=\"async\" width=\"800\" height=\"800\" src=\"https:\/\/www.omni-biotic.com\/de-de\/wp-content\/uploads\/sites\/10\/2023\/03\/heilpflanzen-natuerliche-medikation-ced.jpg\" class=\"attachment-large size-large wp-image-13074\" alt=\"Nat\u00fcrliche Heilmittel bei CED - Heilpflanzen\" srcset=\"https:\/\/www.omni-biotic.com\/de-de\/wp-content\/uploads\/sites\/10\/2023\/03\/heilpflanzen-natuerliche-medikation-ced.jpg 1024w, https:\/\/www.omni-biotic.com\/de-de\/wp-content\/uploads\/sites\/10\/2023\/03\/heilpflanzen-natuerliche-medikation-ced-300x300.jpg 300w, https:\/\/www.omni-biotic.com\/de-de\/wp-content\/uploads\/sites\/10\/2023\/03\/heilpflanzen-natuerliche-medikation-ced-150x150.jpg 150w, https:\/\/www.omni-biotic.com\/de-de\/wp-content\/uploads\/sites\/10\/2023\/03\/heilpflanzen-natuerliche-medikation-ced-768x768.jpg 768w\" sizes=\"(max-width: 800px) 100vw, 800px\" \/>\t\t\t\t\t\t\t\t\t\t\t\t\t\t\t<\/div>\n\t\t\t\t<\/div>\n\t\t\t\t<\/div>\n\t\t\t\t\t<\/div>\n\t\t\t\t<\/div>\n\t\t<div class=\"elementor-element elementor-element-ea42f09 obcs none e-flex e-con-boxed e-con e-parent\" data-id=\"ea42f09\" data-element_type=\"container\">\n\t\t\t\t\t<div class=\"e-con-inner\">\n\t\t<div class=\"elementor-element elementor-element-e46d642 obcs none e-flex e-con-boxed e-con e-child\" data-id=\"e46d642\" data-element_type=\"container\">\n\t\t\t\t\t<div class=\"e-con-inner\">\n\t\t\t\t<div class=\"elementor-element elementor-element-fcebe22 elementor-widget elementor-widget-heading\" data-id=\"fcebe22\" data-element_type=\"widget\" data-widget_type=\"heading.default\">\n\t\t\t\t<div class=\"elementor-widget-container\">\n\t\t\t\t\t<h2 class=\"elementor-heading-title elementor-size-default\">Tipps bei CED<\/h2>\t\t\t\t<\/div>\n\t\t\t\t<\/div>\n\t\t\t\t<div class=\"elementor-element elementor-element-5ec58ea elementor-widget elementor-widget-heading\" data-id=\"5ec58ea\" data-element_type=\"widget\" data-widget_type=\"heading.default\">\n\t\t\t\t<div class=\"elementor-widget-container\">\n\t\t\t\t\t<h3 class=\"elementor-heading-title elementor-size-default\">Tipp 1<\/h3>\t\t\t\t<\/div>\n\t\t\t\t<\/div>\n\t\t\t\t<div class=\"elementor-element elementor-element-2fa9292 elementor-widget elementor-widget-text-editor\" data-id=\"2fa9292\" data-element_type=\"widget\" data-widget_type=\"text-editor.default\">\n\t\t\t\t<div class=\"elementor-widget-container\">\n\t\t\t\t\t\t\t\t\t<p>Die genaue Ursache f\u00fcr CED ist bisher nicht bekannt. Ein wichtiger Faktor f\u00fcr das Ausbrechen der Sch\u00fcbe ist dennoch das seelische Befinden. <strong>Stress<\/strong> kann einen <strong>erneuten<\/strong> <strong>Schub<\/strong> ausl\u00f6sen. Wichtig ist deshalb ausreichende Ruhephasen und Entspannungsmomente in den Alltag einzubauen.<\/p>\t\t\t\t\t\t\t\t<\/div>\n\t\t\t\t<\/div>\n\t\t\t\t<div class=\"elementor-element elementor-element-844fdbc elementor-widget elementor-widget-heading\" data-id=\"844fdbc\" data-element_type=\"widget\" data-widget_type=\"heading.default\">\n\t\t\t\t<div class=\"elementor-widget-container\">\n\t\t\t\t\t<h3 class=\"elementor-heading-title elementor-size-default\">Tipp 2<\/h3>\t\t\t\t<\/div>\n\t\t\t\t<\/div>\n\t\t\t\t<div class=\"elementor-element elementor-element-a32d4d2 elementor-widget elementor-widget-text-editor\" data-id=\"a32d4d2\" data-element_type=\"widget\" data-widget_type=\"text-editor.default\">\n\t\t\t\t<div class=\"elementor-widget-container\">\n\t\t\t\t\t\t\t\t\t<p><span style=\"background-color: inherit; color: var( --e-global-color-text ); font-family: var( --e-global-typography-text-font-family ), -apple-system,BlinkMacSystemFont,Segoe UI,Roboto,Helvetica Neue,Arial,Noto Sans,sans-serif; font-size: var( --e-global-typography-text-font-size ); font-style: var( --e-global-typography-text-font-style ); font-weight: var( --e-global-typography-text-font-weight ); letter-spacing: var( --e-global-typography-text-letter-spacing ); text-transform: var( --e-global-typography-text-text-transform ); word-spacing: var( --e-global-typography-text-word-spacing );\">Bl\u00e4hende, schwerverdauliche Nahrungsmittel vom Speiseplan streichen! Ein <\/span><strong style=\"background-color: inherit; color: var( --e-global-color-text ); font-family: var( --e-global-typography-text-font-family ), -apple-system,BlinkMacSystemFont,Segoe UI,Roboto,Helvetica Neue,Arial,Noto Sans,sans-serif; font-size: var( --e-global-typography-text-font-size ); font-style: var( --e-global-typography-text-font-style ); letter-spacing: var( --e-global-typography-text-letter-spacing ); text-transform: var( --e-global-typography-text-text-transform ); word-spacing: var( --e-global-typography-text-word-spacing );\">Ern\u00e4hrungstagebuch<\/strong><span style=\"background-color: inherit; color: var( --e-global-color-text ); font-family: var( --e-global-typography-text-font-family ), -apple-system,BlinkMacSystemFont,Segoe UI,Roboto,Helvetica Neue,Arial,Noto Sans,sans-serif; font-size: var( --e-global-typography-text-font-size ); font-style: var( --e-global-typography-text-font-style ); font-weight: var( --e-global-typography-text-font-weight ); letter-spacing: var( --e-global-typography-text-letter-spacing ); text-transform: var( --e-global-typography-text-text-transform ); word-spacing: var( --e-global-typography-text-word-spacing );\"> leistet hilfreiche Dienste, um festzustellen, welche Nahrungsmittel, Getr\u00e4nke gut vertragen werden und welche Situationen\u00a0 die Symptome negativ beeinflussen. Vorsicht bei Ballaststoffen!<\/span><\/p>\t\t\t\t\t\t\t\t<\/div>\n\t\t\t\t<\/div>\n\t\t\t\t<div class=\"elementor-element elementor-element-11f7cd9 elementor-widget elementor-widget-heading\" data-id=\"11f7cd9\" data-element_type=\"widget\" data-widget_type=\"heading.default\">\n\t\t\t\t<div class=\"elementor-widget-container\">\n\t\t\t\t\t<h3 class=\"elementor-heading-title elementor-size-default\">Tipp 3<\/h3>\t\t\t\t<\/div>\n\t\t\t\t<\/div>\n\t\t\t\t<div class=\"elementor-element elementor-element-03d0ca7 elementor-widget elementor-widget-text-editor\" data-id=\"03d0ca7\" data-element_type=\"widget\" data-widget_type=\"text-editor.default\">\n\t\t\t\t<div class=\"elementor-widget-container\">\n\t\t\t\t\t\t\t\t\t<p><span style=\"background-color: inherit; color: var( --e-global-color-text ); font-family: var( --e-global-typography-text-font-family ), -apple-system,BlinkMacSystemFont,Segoe UI,Roboto,Helvetica Neue,Arial,Noto Sans,sans-serif; font-size: var( --e-global-typography-text-font-size ); font-style: var( --e-global-typography-text-font-style ); font-weight: var( --e-global-typography-text-font-weight ); letter-spacing: var( --e-global-typography-text-letter-spacing ); text-transform: var( --e-global-typography-text-text-transform ); word-spacing: var( --e-global-typography-text-word-spacing );\">Die Krankheit zu <\/span><strong style=\"background-color: inherit; color: var( --e-global-color-text ); font-family: var( --e-global-typography-text-font-family ), -apple-system,BlinkMacSystemFont,Segoe UI,Roboto,Helvetica Neue,Arial,Noto Sans,sans-serif; font-size: var( --e-global-typography-text-font-size ); font-style: var( --e-global-typography-text-font-style ); letter-spacing: var( --e-global-typography-text-letter-spacing ); text-transform: var( --e-global-typography-text-text-transform ); word-spacing: var( --e-global-typography-text-word-spacing );\">akzeptieren<\/strong><span style=\"background-color: inherit; color: var( --e-global-color-text ); font-family: var( --e-global-typography-text-font-family ), -apple-system,BlinkMacSystemFont,Segoe UI,Roboto,Helvetica Neue,Arial,Noto Sans,sans-serif; font-size: var( --e-global-typography-text-font-size ); font-style: var( --e-global-typography-text-font-style ); font-weight: var( --e-global-typography-text-font-weight ); letter-spacing: var( --e-global-typography-text-letter-spacing ); text-transform: var( --e-global-typography-text-text-transform ); word-spacing: var( --e-global-typography-text-word-spacing );\">, ist ein wichtiger Schritt. <\/span><strong style=\"background-color: inherit; color: var( --e-global-color-text ); font-family: var( --e-global-typography-text-font-family ), -apple-system,BlinkMacSystemFont,Segoe UI,Roboto,Helvetica Neue,Arial,Noto Sans,sans-serif; font-size: var( --e-global-typography-text-font-size ); font-style: var( --e-global-typography-text-font-style ); letter-spacing: var( --e-global-typography-text-letter-spacing ); text-transform: var( --e-global-typography-text-text-transform ); word-spacing: var( --e-global-typography-text-word-spacing );\">Selbsthilfegruppen<\/strong><span style=\"background-color: inherit; color: var( --e-global-color-text ); font-family: var( --e-global-typography-text-font-family ), -apple-system,BlinkMacSystemFont,Segoe UI,Roboto,Helvetica Neue,Arial,Noto Sans,sans-serif; font-size: var( --e-global-typography-text-font-size ); font-style: var( --e-global-typography-text-font-style ); font-weight: var( --e-global-typography-text-font-weight ); letter-spacing: var( --e-global-typography-text-letter-spacing ); text-transform: var( --e-global-typography-text-text-transform ); word-spacing: var( --e-global-typography-text-word-spacing );\"> vermitteln den Kontakt zu anderen Betroffenen.<\/span><\/p>\t\t\t\t\t\t\t\t<\/div>\n\t\t\t\t<\/div>\n\t\t\t\t<div class=\"elementor-element elementor-element-234d46b elementor-widget elementor-widget-heading\" data-id=\"234d46b\" data-element_type=\"widget\" data-widget_type=\"heading.default\">\n\t\t\t\t<div class=\"elementor-widget-container\">\n\t\t\t\t\t<h3 class=\"elementor-heading-title elementor-size-default\">Tipp 4<\/h3>\t\t\t\t<\/div>\n\t\t\t\t<\/div>\n\t\t\t\t<div class=\"elementor-element elementor-element-e430880 elementor-widget elementor-widget-text-editor\" data-id=\"e430880\" data-element_type=\"widget\" data-widget_type=\"text-editor.default\">\n\t\t\t\t<div class=\"elementor-widget-container\">\n\t\t\t\t\t\t\t\t\t<p><span style=\"background-color: inherit; color: var( --e-global-color-text ); font-family: var( --e-global-typography-text-font-family ), -apple-system,BlinkMacSystemFont,Segoe UI,Roboto,Helvetica Neue,Arial,Noto Sans,sans-serif; font-size: var( --e-global-typography-text-font-size ); font-style: var( --e-global-typography-text-font-style ); font-weight: var( --e-global-typography-text-font-weight ); letter-spacing: var( --e-global-typography-text-letter-spacing ); text-transform: var( --e-global-typography-text-text-transform ); word-spacing: var( --e-global-typography-text-word-spacing );\">Eine (auch langfristige) Einnahme von probiotischen die <\/span><strong style=\"background-color: inherit; color: var( --e-global-color-text ); font-family: var( --e-global-typography-text-font-family ), -apple-system,BlinkMacSystemFont,Segoe UI,Roboto,Helvetica Neue,Arial,Noto Sans,sans-serif; font-size: var( --e-global-typography-text-font-size ); font-style: var( --e-global-typography-text-font-style ); letter-spacing: var( --e-global-typography-text-letter-spacing ); text-transform: var( --e-global-typography-text-text-transform ); word-spacing: var( --e-global-typography-text-word-spacing );\">Darmschleimhaut<\/strong> <strong style=\"background-color: inherit; color: var( --e-global-color-text ); font-family: var( --e-global-typography-text-font-family ), -apple-system,BlinkMacSystemFont,Segoe UI,Roboto,Helvetica Neue,Arial,Noto Sans,sans-serif; font-size: var( --e-global-typography-text-font-size ); font-style: var( --e-global-typography-text-font-style ); letter-spacing: var( --e-global-typography-text-letter-spacing ); text-transform: var( --e-global-typography-text-text-transform ); word-spacing: var( --e-global-typography-text-word-spacing );\">sch\u00fctzenden<\/strong><span style=\"background-color: inherit; color: var( --e-global-color-text ); font-family: var( --e-global-typography-text-font-family ), -apple-system,BlinkMacSystemFont,Segoe UI,Roboto,Helvetica Neue,Arial,Noto Sans,sans-serif; font-size: var( --e-global-typography-text-font-size ); font-style: var( --e-global-typography-text-font-style ); font-weight: var( --e-global-typography-text-font-weight ); letter-spacing: var( --e-global-typography-text-letter-spacing ); text-transform: var( --e-global-typography-text-text-transform ); word-spacing: var( --e-global-typography-text-word-spacing );\"> und die Verdauungsfunktion ausbalancierenden speziell entwickelten <\/span><strong style=\"background-color: inherit; color: var( --e-global-color-text ); font-family: var( --e-global-typography-text-font-family ), -apple-system,BlinkMacSystemFont,Segoe UI,Roboto,Helvetica Neue,Arial,Noto Sans,sans-serif; font-size: var( --e-global-typography-text-font-size ); font-style: var( --e-global-typography-text-font-style ); letter-spacing: var( --e-global-typography-text-letter-spacing ); text-transform: var( --e-global-typography-text-text-transform ); word-spacing: var( --e-global-typography-text-word-spacing );\">Multispezies<\/strong><span style=\"background-color: inherit; color: var( --e-global-color-text ); font-family: var( --e-global-typography-text-font-family ), -apple-system,BlinkMacSystemFont,Segoe UI,Roboto,Helvetica Neue,Arial,Noto Sans,sans-serif; font-size: var( --e-global-typography-text-font-size ); font-style: var( --e-global-typography-text-font-style ); font-weight: var( --e-global-typography-text-font-weight ); letter-spacing: var( --e-global-typography-text-letter-spacing ); text-transform: var( --e-global-typography-text-text-transform ); word-spacing: var( --e-global-typography-text-word-spacing );\">&#8211;<\/span><strong style=\"background-color: inherit; color: var( --e-global-color-text ); font-family: var( --e-global-typography-text-font-family ), -apple-system,BlinkMacSystemFont,Segoe UI,Roboto,Helvetica Neue,Arial,Noto Sans,sans-serif; font-size: var( --e-global-typography-text-font-size ); font-style: var( --e-global-typography-text-font-style ); letter-spacing: var( --e-global-typography-text-letter-spacing ); text-transform: var( --e-global-typography-text-text-transform ); word-spacing: var( --e-global-typography-text-word-spacing );\">Synbiotika<\/strong><span style=\"background-color: inherit; color: var( --e-global-color-text ); font-family: var( --e-global-typography-text-font-family ), -apple-system,BlinkMacSystemFont,Segoe UI,Roboto,Helvetica Neue,Arial,Noto Sans,sans-serif; font-size: var( --e-global-typography-text-font-size ); font-style: var( --e-global-typography-text-font-style ); font-weight: var( --e-global-typography-text-font-weight ); letter-spacing: var( --e-global-typography-text-letter-spacing ); text-transform: var( --e-global-typography-text-text-transform ); word-spacing: var( --e-global-typography-text-word-spacing );\"> sind ideal zur Prophylaxe und unterst\u00fctzenden Behandlung beim Reizdarmsyndrom.<\/span><\/p>\t\t\t\t\t\t\t\t<\/div>\n\t\t\t\t<\/div>\n\t\t\t\t<div class=\"elementor-element elementor-element-2c4bc5d elementor-widget elementor-widget-heading\" data-id=\"2c4bc5d\" data-element_type=\"widget\" data-widget_type=\"heading.default\">\n\t\t\t\t<div class=\"elementor-widget-container\">\n\t\t\t\t\t<h3 class=\"elementor-heading-title elementor-size-default\">Tipp 5<\/h3>\t\t\t\t<\/div>\n\t\t\t\t<\/div>\n\t\t\t\t<div class=\"elementor-element elementor-element-e55a89d elementor-widget elementor-widget-text-editor\" data-id=\"e55a89d\" data-element_type=\"widget\" data-widget_type=\"text-editor.default\">\n\t\t\t\t<div class=\"elementor-widget-container\">\n\t\t\t\t\t\t\t\t\t<p><strong style=\"background-color: inherit; color: var( --e-global-color-text ); font-family: var( --e-global-typography-text-font-family ), -apple-system,BlinkMacSystemFont,Segoe UI,Roboto,Helvetica Neue,Arial,Noto Sans,sans-serif; font-size: var( --e-global-typography-text-font-size ); font-style: var( --e-global-typography-text-font-style ); letter-spacing: var( --e-global-typography-text-letter-spacing ); text-transform: var( --e-global-typography-text-text-transform ); word-spacing: var( --e-global-typography-text-word-spacing );\">Regelm\u00e4\u00dfige Darmkrebsvorsorge<\/strong><span style=\"background-color: inherit; color: var( --e-global-color-text ); font-family: var( --e-global-typography-text-font-family ), -apple-system,BlinkMacSystemFont,Segoe UI,Roboto,Helvetica Neue,Arial,Noto Sans,sans-serif; font-size: var( --e-global-typography-text-font-size ); font-style: var( --e-global-typography-text-font-style ); font-weight: var( --e-global-typography-text-font-weight ); letter-spacing: var( --e-global-typography-text-letter-spacing ); text-transform: var( --e-global-typography-text-text-transform ); word-spacing: var( --e-global-typography-text-word-spacing );\"> ist bei CED ein Muss!<\/span><\/p>\t\t\t\t\t\t\t\t<\/div>\n\t\t\t\t<\/div>\n\t\t\t\t<div class=\"elementor-element elementor-element-1cfe897 elementor-widget elementor-widget-heading\" data-id=\"1cfe897\" data-element_type=\"widget\" data-widget_type=\"heading.default\">\n\t\t\t\t<div class=\"elementor-widget-container\">\n\t\t\t\t\t<h3 class=\"elementor-heading-title elementor-size-default\">Tipp 6<\/h3>\t\t\t\t<\/div>\n\t\t\t\t<\/div>\n\t\t\t\t<div class=\"elementor-element elementor-element-af6e9fc elementor-widget elementor-widget-text-editor\" data-id=\"af6e9fc\" data-element_type=\"widget\" data-widget_type=\"text-editor.default\">\n\t\t\t\t<div class=\"elementor-widget-container\">\n\t\t\t\t\t\t\t\t\t<p><span style=\"background-color: inherit; color: var( --e-global-color-text ); font-family: var( --e-global-typography-text-font-family ), -apple-system,BlinkMacSystemFont,Segoe UI,Roboto,Helvetica Neue,Arial,Noto Sans,sans-serif; font-size: var( --e-global-typography-text-font-size ); font-style: var( --e-global-typography-text-font-style ); font-weight: var( --e-global-typography-text-font-weight ); letter-spacing: var( --e-global-typography-text-letter-spacing ); text-transform: var( --e-global-typography-text-text-transform ); word-spacing: var( --e-global-typography-text-word-spacing );\">In der beschwerdefreien Zeit wirkt <\/span><strong style=\"background-color: inherit; color: var( --e-global-color-text ); font-family: var( --e-global-typography-text-font-family ), -apple-system,BlinkMacSystemFont,Segoe UI,Roboto,Helvetica Neue,Arial,Noto Sans,sans-serif; font-size: var( --e-global-typography-text-font-size ); font-style: var( --e-global-typography-text-font-style ); letter-spacing: var( --e-global-typography-text-letter-spacing ); text-transform: var( --e-global-typography-text-text-transform ); word-spacing: var( --e-global-typography-text-word-spacing );\">Bewegung<\/strong><span style=\"background-color: inherit; color: var( --e-global-color-text ); font-family: var( --e-global-typography-text-font-family ), -apple-system,BlinkMacSystemFont,Segoe UI,Roboto,Helvetica Neue,Arial,Noto Sans,sans-serif; font-size: var( --e-global-typography-text-font-size ); font-style: var( --e-global-typography-text-font-style ); font-weight: var( --e-global-typography-text-font-weight ); letter-spacing: var( --e-global-typography-text-letter-spacing ); text-transform: var( --e-global-typography-text-text-transform ); word-spacing: var( --e-global-typography-text-word-spacing );\"> nachweislich positiv. Sport steigert das <\/span><strong style=\"background-color: inherit; color: var( --e-global-color-text ); font-family: var( --e-global-typography-text-font-family ), -apple-system,BlinkMacSystemFont,Segoe UI,Roboto,Helvetica Neue,Arial,Noto Sans,sans-serif; font-size: var( --e-global-typography-text-font-size ); font-style: var( --e-global-typography-text-font-style ); letter-spacing: var( --e-global-typography-text-letter-spacing ); text-transform: var( --e-global-typography-text-text-transform ); word-spacing: var( --e-global-typography-text-word-spacing );\">allgemeine<\/strong> <strong style=\"background-color: inherit; color: var( --e-global-color-text ); font-family: var( --e-global-typography-text-font-family ), -apple-system,BlinkMacSystemFont,Segoe UI,Roboto,Helvetica Neue,Arial,Noto Sans,sans-serif; font-size: var( --e-global-typography-text-font-size ); font-style: var( --e-global-typography-text-font-style ); letter-spacing: var( --e-global-typography-text-letter-spacing ); text-transform: var( --e-global-typography-text-text-transform ); word-spacing: var( --e-global-typography-text-word-spacing );\">Wohlbefinden<\/strong><span style=\"background-color: inherit; color: var( --e-global-color-text ); font-family: var( --e-global-typography-text-font-family ), -apple-system,BlinkMacSystemFont,Segoe UI,Roboto,Helvetica Neue,Arial,Noto Sans,sans-serif; font-size: var( --e-global-typography-text-font-size ); font-style: var( --e-global-typography-text-font-style ); font-weight: var( --e-global-typography-text-font-weight ); letter-spacing: var( --e-global-typography-text-letter-spacing ); text-transform: var( --e-global-typography-text-text-transform ); word-spacing: var( --e-global-typography-text-word-spacing );\">, senkt die Entz\u00fcndungsaktivit\u00e4t und man kann seinen K\u00f6rper besser kennen lernen. Leichte Sportarten wie <\/span><strong style=\"background-color: inherit; color: var( --e-global-color-text ); font-family: var( --e-global-typography-text-font-family ), -apple-system,BlinkMacSystemFont,Segoe UI,Roboto,Helvetica Neue,Arial,Noto Sans,sans-serif; font-size: var( --e-global-typography-text-font-size ); font-style: var( --e-global-typography-text-font-style ); letter-spacing: var( --e-global-typography-text-letter-spacing ); text-transform: var( --e-global-typography-text-text-transform ); word-spacing: var( --e-global-typography-text-word-spacing );\">Walken<\/strong><span style=\"background-color: inherit; color: var( --e-global-color-text ); font-family: var( --e-global-typography-text-font-family ), -apple-system,BlinkMacSystemFont,Segoe UI,Roboto,Helvetica Neue,Arial,Noto Sans,sans-serif; font-size: var( --e-global-typography-text-font-size ); font-style: var( --e-global-typography-text-font-style ); font-weight: var( --e-global-typography-text-font-weight ); letter-spacing: var( --e-global-typography-text-letter-spacing ); text-transform: var( --e-global-typography-text-text-transform ); word-spacing: var( --e-global-typography-text-word-spacing );\">, Schwimmen, Gymnastik, <\/span><strong style=\"background-color: inherit; color: var( --e-global-color-text ); font-family: var( --e-global-typography-text-font-family ), -apple-system,BlinkMacSystemFont,Segoe UI,Roboto,Helvetica Neue,Arial,Noto Sans,sans-serif; font-size: var( --e-global-typography-text-font-size ); font-style: var( --e-global-typography-text-font-style ); letter-spacing: var( --e-global-typography-text-letter-spacing ); text-transform: var( --e-global-typography-text-text-transform ); word-spacing: var( --e-global-typography-text-word-spacing );\">Yoga<\/strong><span style=\"background-color: inherit; color: var( --e-global-color-text ); font-family: var( --e-global-typography-text-font-family ), -apple-system,BlinkMacSystemFont,Segoe UI,Roboto,Helvetica Neue,Arial,Noto Sans,sans-serif; font-size: var( --e-global-typography-text-font-size ); font-style: var( --e-global-typography-text-font-style ); font-weight: var( --e-global-typography-text-font-weight ); letter-spacing: var( --e-global-typography-text-letter-spacing ); text-transform: var( --e-global-typography-text-text-transform ); word-spacing: var( --e-global-typography-text-word-spacing );\">, Pilates sind dabei empfehlenswert.<\/span><\/p>\t\t\t\t\t\t\t\t<\/div>\n\t\t\t\t<\/div>\n\t\t\t\t<div class=\"elementor-element elementor-element-539fd02 elementor-widget elementor-widget-heading\" data-id=\"539fd02\" data-element_type=\"widget\" data-widget_type=\"heading.default\">\n\t\t\t\t<div class=\"elementor-widget-container\">\n\t\t\t\t\t<h3 class=\"elementor-heading-title elementor-size-default\">Tipp 7<\/h3>\t\t\t\t<\/div>\n\t\t\t\t<\/div>\n\t\t\t\t<div class=\"elementor-element elementor-element-5b520e6 elementor-widget elementor-widget-text-editor\" data-id=\"5b520e6\" data-element_type=\"widget\" data-widget_type=\"text-editor.default\">\n\t\t\t\t<div class=\"elementor-widget-container\">\n\t\t\t\t\t\t\t\t\t<p><span style=\"background-color: inherit; color: var( --e-global-color-text ); font-family: var( --e-global-typography-text-font-family ), -apple-system,BlinkMacSystemFont,Segoe UI,Roboto,Helvetica Neue,Arial,Noto Sans,sans-serif; font-size: var( --e-global-typography-text-font-size ); font-style: var( --e-global-typography-text-font-style ); font-weight: var( --e-global-typography-text-font-weight ); letter-spacing: var( --e-global-typography-text-letter-spacing ); text-transform: var( --e-global-typography-text-text-transform ); word-spacing: var( --e-global-typography-text-word-spacing );\">Wenn Sie in der akuten Krankheitsphase mit Immunsuppressiva behandelt werden, sollten Sie auf einen ausreichenden Impfschutz achten! <\/span><strong style=\"background-color: inherit; color: var( --e-global-color-text ); font-family: var( --e-global-typography-text-font-family ), -apple-system,BlinkMacSystemFont,Segoe UI,Roboto,Helvetica Neue,Arial,Noto Sans,sans-serif; font-size: var( --e-global-typography-text-font-size ); font-style: var( --e-global-typography-text-font-style ); letter-spacing: var( --e-global-typography-text-letter-spacing ); text-transform: var( --e-global-typography-text-text-transform ); word-spacing: var( --e-global-typography-text-word-spacing );\">Lebendimpfstoffe<\/strong><span style=\"background-color: inherit; color: var( --e-global-color-text ); font-family: var( --e-global-typography-text-font-family ), -apple-system,BlinkMacSystemFont,Segoe UI,Roboto,Helvetica Neue,Arial,Noto Sans,sans-serif; font-size: var( --e-global-typography-text-font-size ); font-style: var( --e-global-typography-text-font-style ); font-weight: var( --e-global-typography-text-font-weight ); letter-spacing: var( --e-global-typography-text-letter-spacing ); text-transform: var( --e-global-typography-text-text-transform ); word-spacing: var( --e-global-typography-text-word-spacing );\"> sollten nur in der <\/span><strong style=\"background-color: inherit; color: var( --e-global-color-text ); font-family: var( --e-global-typography-text-font-family ), -apple-system,BlinkMacSystemFont,Segoe UI,Roboto,Helvetica Neue,Arial,Noto Sans,sans-serif; font-size: var( --e-global-typography-text-font-size ); font-style: var( --e-global-typography-text-font-style ); letter-spacing: var( --e-global-typography-text-letter-spacing ); text-transform: var( --e-global-typography-text-text-transform ); word-spacing: var( --e-global-typography-text-word-spacing );\">beschwerdefreien<\/strong> <strong style=\"background-color: inherit; color: var( --e-global-color-text ); font-family: var( --e-global-typography-text-font-family ), -apple-system,BlinkMacSystemFont,Segoe UI,Roboto,Helvetica Neue,Arial,Noto Sans,sans-serif; font-size: var( --e-global-typography-text-font-size ); font-style: var( --e-global-typography-text-font-style ); letter-spacing: var( --e-global-typography-text-letter-spacing ); text-transform: var( --e-global-typography-text-text-transform ); word-spacing: var( --e-global-typography-text-word-spacing );\">Zeit<\/strong><span style=\"background-color: inherit; color: var( --e-global-color-text ); font-family: var( --e-global-typography-text-font-family ), -apple-system,BlinkMacSystemFont,Segoe UI,Roboto,Helvetica Neue,Arial,Noto Sans,sans-serif; font-size: var( --e-global-typography-text-font-size ); font-style: var( --e-global-typography-text-font-style ); font-weight: var( --e-global-typography-text-font-weight ); letter-spacing: var( --e-global-typography-text-letter-spacing ); text-transform: var( --e-global-typography-text-text-transform ); word-spacing: var( --e-global-typography-text-word-spacing );\"> verabreicht werden.<\/span><\/p>\t\t\t\t\t\t\t\t<\/div>\n\t\t\t\t<\/div>\n\t\t\t\t<div class=\"elementor-element elementor-element-6a32cb9 elementor-widget elementor-widget-heading\" data-id=\"6a32cb9\" data-element_type=\"widget\" data-widget_type=\"heading.default\">\n\t\t\t\t<div class=\"elementor-widget-container\">\n\t\t\t\t\t<h3 class=\"elementor-heading-title elementor-size-default\">Tipp 8<\/h3>\t\t\t\t<\/div>\n\t\t\t\t<\/div>\n\t\t\t\t<div class=\"elementor-element elementor-element-c64a4bf elementor-widget elementor-widget-text-editor\" data-id=\"c64a4bf\" data-element_type=\"widget\" data-widget_type=\"text-editor.default\">\n\t\t\t\t<div class=\"elementor-widget-container\">\n\t\t\t\t\t\t\t\t\t<p><strong style=\"background-color: inherit; color: var( --e-global-color-text ); font-family: var( --e-global-typography-text-font-family ), -apple-system,BlinkMacSystemFont,Segoe UI,Roboto,Helvetica Neue,Arial,Noto Sans,sans-serif; font-size: var( --e-global-typography-text-font-size ); font-style: var( --e-global-typography-text-font-style ); letter-spacing: var( --e-global-typography-text-letter-spacing ); text-transform: var( --e-global-typography-text-text-transform ); word-spacing: var( --e-global-typography-text-word-spacing );\">Alkohol<\/strong><span style=\"background-color: inherit; color: var( --e-global-color-text ); font-family: var( --e-global-typography-text-font-family ), -apple-system,BlinkMacSystemFont,Segoe UI,Roboto,Helvetica Neue,Arial,Noto Sans,sans-serif; font-size: var( --e-global-typography-text-font-size ); font-style: var( --e-global-typography-text-font-style ); font-weight: var( --e-global-typography-text-font-weight ); letter-spacing: var( --e-global-typography-text-letter-spacing ); text-transform: var( --e-global-typography-text-text-transform ); word-spacing: var( --e-global-typography-text-word-spacing );\"> sch\u00e4digt die Darmschleimhaut und sollte <\/span><strong style=\"background-color: inherit; color: var( --e-global-color-text ); font-family: var( --e-global-typography-text-font-family ), -apple-system,BlinkMacSystemFont,Segoe UI,Roboto,Helvetica Neue,Arial,Noto Sans,sans-serif; font-size: var( --e-global-typography-text-font-size ); font-style: var( --e-global-typography-text-font-style ); letter-spacing: var( --e-global-typography-text-letter-spacing ); text-transform: var( --e-global-typography-text-text-transform ); word-spacing: var( --e-global-typography-text-word-spacing );\">gemieden<\/strong><span style=\"background-color: inherit; color: var( --e-global-color-text ); font-family: var( --e-global-typography-text-font-family ), -apple-system,BlinkMacSystemFont,Segoe UI,Roboto,Helvetica Neue,Arial,Noto Sans,sans-serif; font-size: var( --e-global-typography-text-font-size ); font-style: var( --e-global-typography-text-font-style ); font-weight: var( --e-global-typography-text-font-weight ); letter-spacing: var( --e-global-typography-text-letter-spacing ); text-transform: var( --e-global-typography-text-text-transform ); word-spacing: var( --e-global-typography-text-word-spacing );\"> werden!<\/span><\/p>\t\t\t\t\t\t\t\t<\/div>\n\t\t\t\t<\/div>\n\t\t\t\t<div class=\"elementor-element elementor-element-489bdaf elementor-widget elementor-widget-heading\" data-id=\"489bdaf\" data-element_type=\"widget\" data-widget_type=\"heading.default\">\n\t\t\t\t<div class=\"elementor-widget-container\">\n\t\t\t\t\t<h3 class=\"elementor-heading-title elementor-size-default\">Tipp 9<\/h3>\t\t\t\t<\/div>\n\t\t\t\t<\/div>\n\t\t\t\t<div class=\"elementor-element elementor-element-237f6e4 elementor-widget elementor-widget-text-editor\" data-id=\"237f6e4\" data-element_type=\"widget\" data-widget_type=\"text-editor.default\">\n\t\t\t\t<div class=\"elementor-widget-container\">\n\t\t\t\t\t\t\t\t\t<p><span style=\"background-color: inherit; color: var( --e-global-color-text ); font-family: var( --e-global-typography-text-font-family ), -apple-system,BlinkMacSystemFont,Segoe UI,Roboto,Helvetica Neue,Arial,Noto Sans,sans-serif; font-size: var( --e-global-typography-text-font-size ); font-style: var( --e-global-typography-text-font-style ); font-weight: var( --e-global-typography-text-font-weight ); letter-spacing: var( --e-global-typography-text-letter-spacing ); text-transform: var( --e-global-typography-text-text-transform ); word-spacing: var( --e-global-typography-text-word-spacing );\">Rauchen erh\u00f6ht die Rate an akuten Sch\u00fcben bei <\/span><strong style=\"background-color: inherit; color: var( --e-global-color-text ); font-family: var( --e-global-typography-text-font-family ), -apple-system,BlinkMacSystemFont,Segoe UI,Roboto,Helvetica Neue,Arial,Noto Sans,sans-serif; font-size: var( --e-global-typography-text-font-size ); font-style: var( --e-global-typography-text-font-style ); letter-spacing: var( --e-global-typography-text-letter-spacing ); text-transform: var( --e-global-typography-text-text-transform ); word-spacing: var( --e-global-typography-text-word-spacing );\">Morbus Crohn<\/strong><span style=\"background-color: inherit; color: var( --e-global-color-text ); font-family: var( --e-global-typography-text-font-family ), -apple-system,BlinkMacSystemFont,Segoe UI,Roboto,Helvetica Neue,Arial,Noto Sans,sans-serif; font-size: var( --e-global-typography-text-font-size ); font-style: var( --e-global-typography-text-font-style ); font-weight: var( --e-global-typography-text-font-weight ); letter-spacing: var( --e-global-typography-text-letter-spacing ); text-transform: var( --e-global-typography-text-text-transform ); word-spacing: var( --e-global-typography-text-word-spacing );\">, d.h. MC-Patienten sollten auf das <\/span><strong style=\"background-color: inherit; color: var( --e-global-color-text ); font-family: var( --e-global-typography-text-font-family ), -apple-system,BlinkMacSystemFont,Segoe UI,Roboto,Helvetica Neue,Arial,Noto Sans,sans-serif; font-size: var( --e-global-typography-text-font-size ); font-style: var( --e-global-typography-text-font-style ); letter-spacing: var( --e-global-typography-text-letter-spacing ); text-transform: var( --e-global-typography-text-text-transform ); word-spacing: var( --e-global-typography-text-word-spacing );\">Rauchen<\/strong> <strong style=\"background-color: inherit; color: var( --e-global-color-text ); font-family: var( --e-global-typography-text-font-family ), -apple-system,BlinkMacSystemFont,Segoe UI,Roboto,Helvetica Neue,Arial,Noto Sans,sans-serif; font-size: var( --e-global-typography-text-font-size ); font-style: var( --e-global-typography-text-font-style ); letter-spacing: var( --e-global-typography-text-letter-spacing ); text-transform: var( --e-global-typography-text-text-transform ); word-spacing: var( --e-global-typography-text-word-spacing );\">verzichten<\/strong><span style=\"background-color: inherit; color: var( --e-global-color-text ); font-family: var( --e-global-typography-text-font-family ), -apple-system,BlinkMacSystemFont,Segoe UI,Roboto,Helvetica Neue,Arial,Noto Sans,sans-serif; font-size: var( --e-global-typography-text-font-size ); font-style: var( --e-global-typography-text-font-style ); font-weight: var( --e-global-typography-text-font-weight ); letter-spacing: var( --e-global-typography-text-letter-spacing ); text-transform: var( --e-global-typography-text-text-transform ); word-spacing: var( --e-global-typography-text-word-spacing );\">. Dagegen verschlimmern sich bei Colitis-ulcerosa-Patienten die Beschwerden nach Rauchverzicht. Aufgrund einer Colitis ulcerosa jetzt mit dem Rauchen anzufangen, ist wegen der zahlreichen negativen Wirkungen und Komplikationen nicht empfehlenswert.<\/span><\/p>\t\t\t\t\t\t\t\t<\/div>\n\t\t\t\t<\/div>\n\t\t\t\t\t<\/div>\n\t\t\t\t<\/div>\n\t\t\t\t\t<\/div>\n\t\t\t\t<\/div>\n\t\t<div class=\"elementor-element elementor-element-8e9b129 obcs none e-flex e-con-boxed e-con e-parent\" data-id=\"8e9b129\" data-element_type=\"container\">\n\t\t\t\t\t<div class=\"e-con-inner\">\n\t\t\t\t<div class=\"elementor-element elementor-element-275e963 elementor-widget elementor-widget-infobox\" data-id=\"275e963\" data-element_type=\"widget\" data-widget_type=\"infobox.default\">\n\t\t\t\t<div class=\"elementor-widget-container\">\n\t\t\t\t\t\n<div class=\"li-widgets--infobox blue\">\n\n    <div class=\"li-widgets--infobox__icon\">\n        <i aria-hidden=\"true\" class=\"fas fa-pen\"><\/i>    <\/div>\n    <div class=\"li-widgets--infobox__text\">\n        <p>Kostenloses Ern\u00e4hrungstagebuch<\/p>    <\/div>\n    <div class=\"li-widgets--infobox__text-body\">\n        <p>Schreiben Sie mit, welche Nahrungsmittel Sie zu sich genommen, und wie Sie sich danach gef\u00fchlt haben. Auf diese Art und Weise haben Sie einen besseren \u00dcberblick \u00fcber jene Lebensmittel, die Ihnen besser bekommen.\u00a0<\/p>    <\/div>\n\n            <a href=\"https:\/\/www.omni-biotic.com\/de-de\/ernaehrungstagebuch\/\"\n           class=\"li-widgets--infobox__button\"\n            href=\"https:\/\/www.omni-biotic.com\/de-de\/ernaehrungstagebuch\/\">\n            Jetzt herunterladen        <\/a>\n    \n<\/div>\n\t\t\t\t<\/div>\n\t\t\t\t<\/div>\n\t\t\t\t\t<\/div>\n\t\t\t\t<\/div>\n\t\t<div class=\"elementor-element elementor-element-44bbd85 obcs none e-flex e-con-boxed e-con e-parent\" data-id=\"44bbd85\" data-element_type=\"container\">\n\t\t\t\t\t<div class=\"e-con-inner\">\n\t\t\t\t<div class=\"elementor-element elementor-element-3483b9d elementor-widget__width-inherit elementor-widget elementor-widget-heading\" data-id=\"3483b9d\" data-element_type=\"widget\" data-widget_type=\"heading.default\">\n\t\t\t\t<div class=\"elementor-widget-container\">\n\t\t\t\t\t<h2 class=\"elementor-heading-title elementor-size-default\">Relevante Artikel zum Thema<\/h2>\t\t\t\t<\/div>\n\t\t\t\t<\/div>\n\t\t\t\t<div class=\"elementor-element elementor-element-7a370a1 elementor-widget elementor-widget-li-widgets--posts-gallery\" data-id=\"7a370a1\" data-element_type=\"widget\" data-widget_type=\"li-widgets--posts-gallery.default\">\n\t\t\t\t<div class=\"elementor-widget-container\">\n\t\t\t\t\t    \n<div class=\"li-widgets--posts-gallery__pagination\" data-post-id=\"163\">\n\n    <div class=\"li-widgets--posts-gallery__pagination-results\">\n        1-6 von 166 Ergebnissen    <\/div>\n    <div class=\"li-widgets--posts-gallery__pagination-pages\">\n        Seite 1 von 28    <\/div>\n    <div class=\"li-widgets--posts-gallery__pagination-url\">\n                            <a href=\"#\" data-href=\"https:\/\/www.omni-biotic.com\/de-de\/wp-json\/wp\/v2\/pages\/163\/?search&category=108&cur=1\">1<\/a>\n                    <a href=\"#\" data-href=\"https:\/\/www.omni-biotic.com\/de-de\/wp-json\/wp\/v2\/pages\/163\/?search&category=108&cur=2\">2<\/a>\n                    <a href=\"#\" data-href=\"https:\/\/www.omni-biotic.com\/de-de\/wp-json\/wp\/v2\/pages\/163\/?search&category=108&cur=3\">3<\/a>\n                            <a href=\"#\" data-href=\"https:\/\/www.omni-biotic.com\/de-de\/wp-json\/wp\/v2\/pages\/163\/?search&category=108&cur=28\">\u00bb<\/a>\n            <\/div>\n<\/div>\n<div class=\"li-widgets--posts-gallery blog\">\n                    <a href=\"https:\/\/www.omni-biotic.com\/de-de\/blog\/durchfall-waehrend-der-periode-und-die-rolle-des-darm-mikrobioms\/\"\n           class=\"li-widgets--posts-gallery__post\">\n            <div class=\"post--image__container\">\n                <div class=\"post--image\">\n                    <img loading=\"lazy\" decoding=\"async\" width=\"768\" height=\"512\" src=\"https:\/\/www.omni-biotic.com\/de-de\/wp-content\/uploads\/sites\/10\/2026\/04\/width_1600-768x512.jpg\" class=\"attachment-medium_large size-medium_large wp-post-image\" alt=\"\" srcset=\"https:\/\/www.omni-biotic.com\/de-de\/wp-content\/uploads\/sites\/10\/2026\/04\/width_1600-768x512.jpg 768w, https:\/\/www.omni-biotic.com\/de-de\/wp-content\/uploads\/sites\/10\/2026\/04\/width_1600-300x200.jpg 300w, https:\/\/www.omni-biotic.com\/de-de\/wp-content\/uploads\/sites\/10\/2026\/04\/width_1600-1024x683.jpg 1024w, https:\/\/www.omni-biotic.com\/de-de\/wp-content\/uploads\/sites\/10\/2026\/04\/width_1600-1536x1024.jpg 1536w, https:\/\/www.omni-biotic.com\/de-de\/wp-content\/uploads\/sites\/10\/2026\/04\/width_1600.jpg 1599w\" sizes=\"(max-width: 768px) 100vw, 768px\" \/>                <\/div>\n            <\/div>\n            <div class=\"post--teaser\">\n                <div class=\"title\">Durchfall w\u00e4hrend der Periode und die Rolle des Darm-Mikrobioms<\/div>\n                <div class=\"description\">\n                    Viele Frauen kennen es. Rund um die Periode spielt die Verdauung verr\u00fcckt. Besonders Durchf\u00e4lle sind\u2026                    <br>\n                    <span class=\"read-more\">\n                            weiterlesen                        <\/span>\n                <\/div>\n                <div class=\"metadata\"><b>Zuletzt aktualisiert:<\/b> 29. April 2026 \u2022 <b>Kategorien:<\/b> Beschwerden &amp; Ratgeber, Frauengesundheit \u2022 <b>Autor:<\/b> Zuzana Mikulova<\/div>\n            <\/div>\n        <\/a>\n                <a href=\"https:\/\/www.omni-biotic.com\/de-de\/blog\/papaya-naturlicher-schwung-fur-magen-und-darm\/\"\n           class=\"li-widgets--posts-gallery__post\">\n            <div class=\"post--image__container\">\n                <div class=\"post--image\">\n                    <img loading=\"lazy\" decoding=\"async\" width=\"700\" height=\"500\" src=\"https:\/\/www.omni-biotic.com\/de-de\/wp-content\/uploads\/sites\/10\/2021\/12\/papaya-schwung-fuer-magen-darm.jpg\" class=\"attachment-medium_large size-medium_large wp-post-image\" alt=\"Papaya: Schwung f\u00fcr Magen und Darm\" srcset=\"https:\/\/www.omni-biotic.com\/de-de\/wp-content\/uploads\/sites\/10\/2021\/12\/papaya-schwung-fuer-magen-darm.jpg 700w, https:\/\/www.omni-biotic.com\/de-de\/wp-content\/uploads\/sites\/10\/2021\/12\/papaya-schwung-fuer-magen-darm-300x214.jpg 300w\" sizes=\"(max-width: 700px) 100vw, 700px\" \/>                <\/div>\n            <\/div>\n            <div class=\"post--teaser\">\n                <div class=\"title\">Papaya: Nat\u00fcrlicher Schwung f\u00fcr Magen und Darm<\/div>\n                <div class=\"description\">\n                    Die Verdauung hat es mit unserem Lebensstil nicht immer leicht: Stress und Lebensmittel mit einem\u2026                    <br>\n                    <span class=\"read-more\">\n                            weiterlesen                        <\/span>\n                <\/div>\n                <div class=\"metadata\"><b>Zuletzt aktualisiert:<\/b> 26. Februar 2026 \u2022 <b>Kategorien:<\/b> Beschwerden &amp; Ratgeber, Institut AllergoSan<\/div>\n            <\/div>\n        <\/a>\n                <a href=\"https:\/\/www.omni-biotic.com\/de-de\/blog\/fruehjahrskuren-fuer-einen-gesunden-darm\/\"\n           class=\"li-widgets--posts-gallery__post\">\n            <div class=\"post--image__container\">\n                <div class=\"post--image\">\n                    <img loading=\"lazy\" decoding=\"async\" width=\"700\" height=\"500\" src=\"https:\/\/www.omni-biotic.com\/de-de\/wp-content\/uploads\/sites\/10\/2024\/02\/fruehjahrskuren-gesunden-darm.jpg\" class=\"attachment-medium_large size-medium_large wp-post-image\" alt=\"Fr\u00fchjahrskuren f\u00fcr einen gesunden Darm\" srcset=\"https:\/\/www.omni-biotic.com\/de-de\/wp-content\/uploads\/sites\/10\/2024\/02\/fruehjahrskuren-gesunden-darm.jpg 700w, https:\/\/www.omni-biotic.com\/de-de\/wp-content\/uploads\/sites\/10\/2024\/02\/fruehjahrskuren-gesunden-darm-300x214.jpg 300w\" sizes=\"(max-width: 700px) 100vw, 700px\" \/>                <\/div>\n            <\/div>\n            <div class=\"post--teaser\">\n                <div class=\"title\">Fr\u00fchjahrskuren f\u00fcr einen gesunden Darm<\/div>\n                <div class=\"description\">\n                    Der Darm als Sitz des Immunsystems bew\u00e4ltigt im allt\u00e4glichen Leben viele Belastungen. Ger\u00e4t die Darmflora\u2026                    <br>\n                    <span class=\"read-more\">\n                            weiterlesen                        <\/span>\n                <\/div>\n                <div class=\"metadata\"><b>Zuletzt aktualisiert:<\/b> 17. Februar 2026 \u2022 <b>Kategorien:<\/b> Allgemein, Beschwerden &amp; Ratgeber<\/div>\n            <\/div>\n        <\/a>\n                <a href=\"https:\/\/www.omni-biotic.com\/de-de\/blog\/allergien-immunsystem-ueberreagiert\/\"\n           class=\"li-widgets--posts-gallery__post\">\n            <div class=\"post--image__container\">\n                <div class=\"post--image\">\n                    <img loading=\"lazy\" decoding=\"async\" width=\"700\" height=\"500\" src=\"https:\/\/www.omni-biotic.com\/de-de\/wp-content\/uploads\/sites\/10\/2024\/02\/allergien-immunsystem-ueberreaktion.jpg\" class=\"attachment-medium_large size-medium_large wp-post-image\" alt=\"Allergien - wenn das Immunsystem \u00fcberreagiert\" srcset=\"https:\/\/www.omni-biotic.com\/de-de\/wp-content\/uploads\/sites\/10\/2024\/02\/allergien-immunsystem-ueberreaktion.jpg 700w, https:\/\/www.omni-biotic.com\/de-de\/wp-content\/uploads\/sites\/10\/2024\/02\/allergien-immunsystem-ueberreaktion-300x214.jpg 300w\" sizes=\"(max-width: 700px) 100vw, 700px\" \/>                <\/div>\n            <\/div>\n            <div class=\"post--teaser\">\n                <div class=\"title\">Allergien: Wenn das Immunsystem \u00fcberreagiert<\/div>\n                <div class=\"description\">\n                    In den k\u00e4lteren Monaten l\u00e4sst sie sich gut verdr\u00e4ngen, bis Anfang des Jahres der Fr\u00fchling\u2026                    <br>\n                    <span class=\"read-more\">\n                            weiterlesen                        <\/span>\n                <\/div>\n                <div class=\"metadata\"><b>Zuletzt aktualisiert:<\/b> 3. M\u00e4rz 2026 \u2022 <b>Kategorien:<\/b> Allgemein, Beschwerden &amp; Ratgeber \u2022 <b>Autor:<\/b> Jutta Kalian<\/div>\n            <\/div>\n        <\/a>\n                <a href=\"https:\/\/www.omni-biotic.com\/de-de\/blog\/stoffwechsel-ankurbeln\/\"\n           class=\"li-widgets--posts-gallery__post\">\n            <div class=\"post--image__container\">\n                <div class=\"post--image\">\n                    <img loading=\"lazy\" decoding=\"async\" width=\"700\" height=\"500\" src=\"https:\/\/www.omni-biotic.com\/de-de\/wp-content\/uploads\/sites\/10\/2025\/04\/stoffwechsel-ankurbeln-7-tipps.jpg\" class=\"attachment-medium_large size-medium_large wp-post-image\" alt=\"Stoffwechsel anregen und abnehmen - mit diesen Tipps gelingt es\" srcset=\"https:\/\/www.omni-biotic.com\/de-de\/wp-content\/uploads\/sites\/10\/2025\/04\/stoffwechsel-ankurbeln-7-tipps.jpg 700w, https:\/\/www.omni-biotic.com\/de-de\/wp-content\/uploads\/sites\/10\/2025\/04\/stoffwechsel-ankurbeln-7-tipps-300x214.jpg 300w\" sizes=\"(max-width: 700px) 100vw, 700px\" \/>                <\/div>\n            <\/div>\n            <div class=\"post--teaser\">\n                <div class=\"title\">Stoffwechsel anregen und abnehmen: Mit diesen 7 Tricks funktioniert\u2019s!<\/div>\n                <div class=\"description\">\n                    St\u00e4ndige Di\u00e4ten sind nicht nur nervig und anstrengend, sondern lassen sogar Ihren Stoffwechsel einschlafen. Mit\u2026                    <br>\n                    <span class=\"read-more\">\n                            weiterlesen                        <\/span>\n                <\/div>\n                <div class=\"metadata\"><b>Zuletzt aktualisiert:<\/b> 20. Februar 2026 \u2022 <b>Kategorien:<\/b> Beschwerden &amp; Ratgeber \u2022 <b>Autor:<\/b> Florentina Sgarz, BA<\/div>\n            <\/div>\n        <\/a>\n                <a href=\"https:\/\/www.omni-biotic.com\/de-de\/blog\/probiotika-antibiotika-im-wandel-der-zeit\/\"\n           class=\"li-widgets--posts-gallery__post\">\n            <div class=\"post--image__container\">\n                <div class=\"post--image\">\n                    <img loading=\"lazy\" decoding=\"async\" width=\"768\" height=\"512\" src=\"https:\/\/www.omni-biotic.com\/de-de\/wp-content\/uploads\/sites\/10\/2023\/09\/antibiotika-einnahme-1-2-1-768x512.jpg\" class=\"attachment-medium_large size-medium_large wp-post-image\" alt=\"Antibiotika Einnahme\" srcset=\"https:\/\/www.omni-biotic.com\/de-de\/wp-content\/uploads\/sites\/10\/2023\/09\/antibiotika-einnahme-1-2-1-768x512.jpg 768w, https:\/\/www.omni-biotic.com\/de-de\/wp-content\/uploads\/sites\/10\/2023\/09\/antibiotika-einnahme-1-2-1-300x200.jpg 300w, https:\/\/www.omni-biotic.com\/de-de\/wp-content\/uploads\/sites\/10\/2023\/09\/antibiotika-einnahme-1-2-1.jpg 1000w\" sizes=\"(max-width: 768px) 100vw, 768px\" \/>                <\/div>\n            <\/div>\n            <div class=\"post--teaser\">\n                <div class=\"title\">Probiotika &amp; Antibiotika im Wandel der Zeit<\/div>\n                <div class=\"description\">\n                    Wo ein Segen, da auch ein Fluch: So wirksam und wichtig Antibiotika sind \u2013 sie\u2026                    <br>\n                    <span class=\"read-more\">\n                            weiterlesen                        <\/span>\n                <\/div>\n                <div class=\"metadata\"><b>Zuletzt aktualisiert:<\/b> 14. Januar 2026 \u2022 <b>Kategorien:<\/b> Beschwerden &amp; Ratgeber, Neues aus der Forschung \u2022 <b>Autor:<\/b> Mag. Thore Hansen<\/div>\n            <\/div>\n        <\/a>\n            <\/div>\n\t\t\t\t<\/div>\n\t\t\t\t<\/div>\n\t\t\t\t\t<\/div>\n\t\t\t\t<\/div>\n\t\t\t\t<\/div>\n\t\t","protected":false},"excerpt":{"rendered":"<p>Chronisch entz\u00fcndliche Darmerkrankungen (CED) Bauchschmerzen, Durchfall, Erbrechen, \u00dcbelkeit, Fieber &#8211; Symptome, die auch bei verdorbenem Magen oder \u201eDarmgrippe\u201c auftreten, kennt jeder. Personen mit CED (chronisch entz\u00fcndlichen Darmerkrankungen) leiden in st\u00e4rkerem, meist schubweisem, Ausma\u00df darunter. Home Inhaltsverzeichnis Was sind Chronisch entz\u00fcndliche Darmerkrankungen (CED)? Morbus Crohn und Colitis ulcerosa sind die beiden bekanntesten und h\u00e4ufigsten chronisch entz\u00fcndlichen [&hellip;]<\/p>\n","protected":false},"author":3,"featured_media":13048,"parent":153,"menu_order":500,"comment_status":"closed","ping_status":"closed","template":"","meta":{"_acf_changed":false,"inline_featured_image":false,"footnotes":""},"class_list":["post-163","page","type-page","status-publish","has-post-thumbnail","hentry"],"acf":[],"_links":{"self":[{"href":"https:\/\/www.omni-biotic.com\/de-de\/wp-json\/wp\/v2\/pages\/163","targetHints":{"allow":["GET"]}}],"collection":[{"href":"https:\/\/www.omni-biotic.com\/de-de\/wp-json\/wp\/v2\/pages"}],"about":[{"href":"https:\/\/www.omni-biotic.com\/de-de\/wp-json\/wp\/v2\/types\/page"}],"author":[{"embeddable":true,"href":"https:\/\/www.omni-biotic.com\/de-de\/wp-json\/wp\/v2\/users\/3"}],"replies":[{"embeddable":true,"href":"https:\/\/www.omni-biotic.com\/de-de\/wp-json\/wp\/v2\/comments?post=163"}],"version-history":[{"count":7,"href":"https:\/\/www.omni-biotic.com\/de-de\/wp-json\/wp\/v2\/pages\/163\/revisions"}],"predecessor-version":[{"id":35465,"href":"https:\/\/www.omni-biotic.com\/de-de\/wp-json\/wp\/v2\/pages\/163\/revisions\/35465"}],"up":[{"embeddable":true,"href":"https:\/\/www.omni-biotic.com\/de-de\/wp-json\/wp\/v2\/pages\/153"}],"wp:featuredmedia":[{"embeddable":true,"href":"https:\/\/www.omni-biotic.com\/de-de\/wp-json\/wp\/v2\/media\/13048"}],"wp:attachment":[{"href":"https:\/\/www.omni-biotic.com\/de-de\/wp-json\/wp\/v2\/media?parent=163"}],"curies":[{"name":"wp","href":"https:\/\/api.w.org\/{rel}","templated":true}]}}