{"id":119,"date":"2022-03-07T10:07:28","date_gmt":"2022-03-07T09:07:28","guid":{"rendered":"https:\/\/www.omni-biotic.com\/darmgesundheit\/gesundheitszentrale-darm\/probiotika\/"},"modified":"2025-09-16T09:23:15","modified_gmt":"2025-09-16T07:23:15","slug":"probioticos","status":"publish","type":"page","link":"https:\/\/www.omni-biotic.com\/es-es\/salud-intestinal\/el-intestino-como-centro-de-la-salud\/probioticos\/","title":{"rendered":"Probi\u00f3ticos"},"content":{"rendered":"\t\t<div data-elementor-type=\"wp-page\" data-elementor-id=\"119\" class=\"elementor elementor-119\" data-elementor-post-type=\"page\">\n\t\t\t\t<div class=\"elementor-element elementor-element-cf98e04 e-con-full obcs none e-flex e-con e-parent\" data-id=\"cf98e04\" data-element_type=\"container\" data-settings=\"{&quot;background_background&quot;:&quot;gradient&quot;,&quot;shape_divider_bottom&quot;:&quot;waves&quot;}\">\n\t\t\t\t<div class=\"elementor-shape elementor-shape-bottom\" aria-hidden=\"true\" data-negative=\"false\">\n\t\t\t<svg xmlns=\"http:\/\/www.w3.org\/2000\/svg\" viewBox=\"0 0 1000 100\" preserveAspectRatio=\"none\">\n\t<path class=\"elementor-shape-fill\" d=\"M421.9,6.5c22.6-2.5,51.5,0.4,75.5,5.3c23.6,4.9,70.9,23.5,100.5,35.7c75.8,32.2,133.7,44.5,192.6,49.7\n\tc23.6,2.1,48.7,3.5,103.4-2.5c54.7-6,106.2-25.6,106.2-25.6V0H0v30.3c0,0,72,32.6,158.4,30.5c39.2-0.7,92.8-6.7,134-22.4\n\tc21.2-8.1,52.2-18.2,79.7-24.2C399.3,7.9,411.6,7.5,421.9,6.5z\"\/>\n<\/svg>\t\t<\/div>\n\t\t\t\t<div class=\"elementor-element elementor-element-2bf9c22 elementor-absolute elementor-hidden-mobile elementor-align-center elementor-widget elementor-widget-lottie\" data-id=\"2bf9c22\" data-element_type=\"widget\" data-settings=\"{&quot;source_json&quot;:{&quot;url&quot;:&quot;https:\\\/\\\/www.omni-biotic.com\\\/es-es\\\/wp-content\\\/uploads\\\/sites\\\/6\\\/2022\\\/08\\\/lf30_editor_s5uwdgjh.json&quot;,&quot;id&quot;:&quot;7733&quot;,&quot;size&quot;:&quot;&quot;,&quot;alt&quot;:&quot;&quot;,&quot;source&quot;:&quot;library&quot;},&quot;loop&quot;:&quot;yes&quot;,&quot;play_speed&quot;:{&quot;unit&quot;:&quot;px&quot;,&quot;size&quot;:&quot;0.3&quot;,&quot;sizes&quot;:[]},&quot;_position&quot;:&quot;absolute&quot;,&quot;source&quot;:&quot;media_file&quot;,&quot;caption_source&quot;:&quot;none&quot;,&quot;link_to&quot;:&quot;none&quot;,&quot;trigger&quot;:&quot;arriving_to_viewport&quot;,&quot;viewport&quot;:{&quot;unit&quot;:&quot;%&quot;,&quot;size&quot;:&quot;&quot;,&quot;sizes&quot;:{&quot;start&quot;:0,&quot;end&quot;:100}},&quot;start_point&quot;:{&quot;unit&quot;:&quot;%&quot;,&quot;size&quot;:0,&quot;sizes&quot;:[]},&quot;end_point&quot;:{&quot;unit&quot;:&quot;%&quot;,&quot;size&quot;:100,&quot;sizes&quot;:[]},&quot;renderer&quot;:&quot;svg&quot;}\" data-widget_type=\"lottie.default\">\n\t\t\t\t<div class=\"elementor-widget-container\">\n\t\t\t\t\t<div class=\"e-lottie__container\"><div class=\"e-lottie__animation\"><\/div><\/div>\t\t\t\t<\/div>\n\t\t\t\t<\/div>\n\t\t<div class=\"elementor-element elementor-element-85a156e e-con-full obcs none e-flex e-con e-child\" data-id=\"85a156e\" data-element_type=\"container\" data-settings=\"{&quot;background_background&quot;:&quot;gradient&quot;}\">\n\t\t\t\t<div class=\"elementor-element elementor-element-ff545b5 elementor-widget elementor-widget-heading\" data-id=\"ff545b5\" data-element_type=\"widget\" data-widget_type=\"heading.default\">\n\t\t\t\t<div class=\"elementor-widget-container\">\n\t\t\t\t\t<h1 class=\"elementor-heading-title elementor-size-default\">Probi\u00f3ticos<\/h1>\t\t\t\t<\/div>\n\t\t\t\t<\/div>\n\t\t\t\t<div class=\"elementor-element elementor-element-f198951 elementor-widget-divider--view-line elementor-widget elementor-widget-divider\" data-id=\"f198951\" data-element_type=\"widget\" data-widget_type=\"divider.default\">\n\t\t\t\t<div class=\"elementor-widget-container\">\n\t\t\t\t\t\t\t<div class=\"elementor-divider\">\n\t\t\t<span class=\"elementor-divider-separator\">\n\t\t\t\t\t\t<\/span>\n\t\t<\/div>\n\t\t\t\t\t\t<\/div>\n\t\t\t\t<\/div>\n\t\t\t\t<div class=\"elementor-element elementor-element-bdcc116 elementor-widget elementor-widget-text-editor\" data-id=\"bdcc116\" data-element_type=\"widget\" data-widget_type=\"text-editor.default\">\n\t\t\t\t<div class=\"elementor-widget-container\">\n\t\t\t\t\t\t\t\t\tA primera vista, el intestino, los pulmones, la piel, el cerebro y los \u00f3rganos reproductores no tienen mucho en com\u00fan. Pero una mirada m\u00e1s atenta revela que las bacterias que colonizan nuestro cuerpo tienen una gran influencia en cada una de nuestras c\u00e9lulas y act\u00faan como un batall\u00f3n que nos protege de muchas enfermedades.\t\t\t\t\t\t\t\t<\/div>\n\t\t\t\t<\/div>\n\t\t\t\t<\/div>\n\t\t\t\t<\/div>\n\t\t<div class=\"elementor-element elementor-element-f3ef62b obcs none e-flex e-con-boxed e-con e-parent\" data-id=\"f3ef62b\" data-element_type=\"container\">\n\t\t\t\t\t<div class=\"e-con-inner\">\n\t\t<div class=\"elementor-element elementor-element-7a899b3 obcs none e-flex e-con-boxed e-con e-child\" data-id=\"7a899b3\" data-element_type=\"container\">\n\t\t\t\t\t<div class=\"e-con-inner\">\n\t\t<div class=\"elementor-element elementor-element-7b4aabe e-con-full obcs none e-flex e-con e-child\" data-id=\"7b4aabe\" data-element_type=\"container\">\n\t\t\t\t<div class=\"elementor-element elementor-element-8da6f11 elementor-align-left elementor-widget__width-initial elementor-widget elementor-widget-breadcrumbs\" data-id=\"8da6f11\" data-element_type=\"widget\" data-widget_type=\"breadcrumbs.default\">\n\t\t\t\t<div class=\"elementor-widget-container\">\n\t\t\t\t\t<span><span class=\"last\">Home<\/span><\/span>\t\t\t\t<\/div>\n\t\t\t\t<\/div>\n\t\t\t\t<\/div>\n\t\t<div class=\"elementor-element elementor-element-f550c20 e-con-full obcs none e-flex e-con e-child\" data-id=\"f550c20\" data-element_type=\"container\">\n\t\t\t\t<div class=\"elementor-element elementor-element-8709e3f elementor-toc--minimized-on-desktop elementor-widget elementor-widget-table-of-contents\" data-id=\"8709e3f\" data-element_type=\"widget\" data-settings=\"{&quot;exclude_headings_by_selector&quot;:[],&quot;minimized_on&quot;:&quot;desktop&quot;,&quot;_animation&quot;:&quot;none&quot;,&quot;no_headings_message&quot;:&quot;No se ha encontrado ning\\u00fan encabezado en esta p\\u00e1gina.&quot;,&quot;headings_by_tags&quot;:[&quot;h2&quot;,&quot;h3&quot;,&quot;h4&quot;,&quot;h5&quot;,&quot;h6&quot;],&quot;marker_view&quot;:&quot;numbers&quot;,&quot;minimize_box&quot;:&quot;yes&quot;,&quot;hierarchical_view&quot;:&quot;yes&quot;,&quot;min_height&quot;:{&quot;unit&quot;:&quot;px&quot;,&quot;size&quot;:&quot;&quot;,&quot;sizes&quot;:[]},&quot;min_height_tablet&quot;:{&quot;unit&quot;:&quot;px&quot;,&quot;size&quot;:&quot;&quot;,&quot;sizes&quot;:[]},&quot;min_height_mobile&quot;:{&quot;unit&quot;:&quot;px&quot;,&quot;size&quot;:&quot;&quot;,&quot;sizes&quot;:[]}}\" data-widget_type=\"table-of-contents.default\">\n\t\t\t\t<div class=\"elementor-widget-container\">\n\t\t\t\t\t\t\t\t\t<div class=\"elementor-toc__header\">\n\t\t\t\t\t\t<h4 class=\"elementor-toc__header-title\">\n\t\t\t\t\u00cdndice\t\t\t<\/h4>\n\t\t\t\t\t\t\t\t\t\t<div class=\"elementor-toc__toggle-button elementor-toc__toggle-button--expand\" role=\"button\" tabindex=\"0\" aria-controls=\"elementor-toc__8709e3f\" aria-expanded=\"true\" aria-label=\"Abrir la tabla de contenidos\"><i aria-hidden=\"true\" class=\"fas fa-chevron-down\"><\/i><\/div>\n\t\t\t\t<div class=\"elementor-toc__toggle-button elementor-toc__toggle-button--collapse\" role=\"button\" tabindex=\"0\" aria-controls=\"elementor-toc__8709e3f\" aria-expanded=\"true\" aria-label=\"Cerrar la tabla de contenidos\"><i aria-hidden=\"true\" class=\"fas fa-chevron-up\"><\/i><\/div>\n\t\t\t\t\t<\/div>\n\t\t\t\t<div id=\"elementor-toc__8709e3f\" class=\"elementor-toc__body\">\n\t\t\t<div class=\"elementor-toc__spinner-container\">\n\t\t\t\t<i class=\"elementor-toc__spinner eicon-animation-spin eicon-loading\" aria-hidden=\"true\"><\/i>\t\t\t<\/div>\n\t\t<\/div>\n\t\t\t\t\t\t<\/div>\n\t\t\t\t<\/div>\n\t\t\t\t<\/div>\n\t\t\t\t\t<\/div>\n\t\t\t\t<\/div>\n\t\t\t\t\t<\/div>\n\t\t\t\t<\/div>\n\t\t<div class=\"elementor-element elementor-element-2983c94 obcs none e-flex e-con-boxed e-con e-parent\" data-id=\"2983c94\" data-element_type=\"container\">\n\t\t\t\t\t<div class=\"e-con-inner\">\n\t\t<div class=\"elementor-element elementor-element-d49b1fe e-con-full obcs none e-flex e-con e-child\" data-id=\"d49b1fe\" data-element_type=\"container\">\n\t\t\t\t<div class=\"elementor-element elementor-element-682c672 elementor-widget elementor-widget-heading\" data-id=\"682c672\" data-element_type=\"widget\" data-widget_type=\"heading.default\">\n\t\t\t\t<div class=\"elementor-widget-container\">\n\t\t\t\t\t<h2 class=\"elementor-heading-title elementor-size-default\">\u00bfQu\u00e9 son los probi\u00f3ticos?<\/h2>\t\t\t\t<\/div>\n\t\t\t\t<\/div>\n\t\t\t\t<div class=\"elementor-element elementor-element-60ea15b elementor-widget elementor-widget-text-editor\" data-id=\"60ea15b\" data-element_type=\"widget\" data-widget_type=\"text-editor.default\">\n\t\t\t\t<div class=\"elementor-widget-container\">\n\t\t\t\t\t\t\t\t\tLas bacterias probi\u00f3ticas son microorganismos vivos que aportan beneficios a la salud humana cuando ingresan al intestino en gran n\u00famero.\n\nSolo se denominan probi\u00f3ticos a los organismos que cumplen los siguientes requisitos:\n<ul>\n \t<li>Prueba del efecto promotor de la salud<\/li>\n \t<li>Producci\u00f3n de \u00e1cido l\u00e1ctico y otras sustancias con efectos bacteriost\u00e1ticos o bactericidas<\/li>\n \t<li>Supervivencia del pasaje g\u00e1strico y capacidad de proliferaci\u00f3n en el intestino<\/li>\n \t<li>Prueba de estabilidad gen\u00e9tica para descartar mutaciones patog\u00e9nicas<\/li>\n<\/ul>\nYa se sabe que un desequilibrio de la flora intestinal influye en el desarrollo de enfermedades. Adem\u00e1s de una dieta sana y equilibrada, suficiente ejercicio y evitar el estr\u00e9s, se recomienda el uso de probi\u00f3ticos m\u00e9dicamente relevantes para restablecer el equilibrio en el intestino. El suministro de bacterias intestinales probi\u00f3ticas viables refuerza nuestras propias bacterias intestinales \u00abbuenas\u00bb.\t\t\t\t\t\t\t\t<\/div>\n\t\t\t\t<\/div>\n\t\t\t\t<\/div>\n\t\t\t\t\t<\/div>\n\t\t\t\t<\/div>\n\t\t<div class=\"elementor-element elementor-element-195238c obcs none e-flex e-con-boxed e-con e-parent\" data-id=\"195238c\" data-element_type=\"container\">\n\t\t\t\t\t<div class=\"e-con-inner\">\n\t\t<div class=\"elementor-element elementor-element-ee9f91d e-con-full obcs none e-flex e-con e-child\" data-id=\"ee9f91d\" data-element_type=\"container\">\n\t\t\t\t<div class=\"elementor-element elementor-element-e2a6a82 elementor-widget elementor-widget-heading\" data-id=\"e2a6a82\" data-element_type=\"widget\" data-widget_type=\"heading.default\">\n\t\t\t\t<div class=\"elementor-widget-container\">\n\t\t\t\t\t<h3 class=\"elementor-heading-title elementor-size-default\">Lactobacilos y bifidobacterias<\/h3>\t\t\t\t<\/div>\n\t\t\t\t<\/div>\n\t\t\t\t<div class=\"elementor-element elementor-element-f5fb3ff elementor-widget elementor-widget-text-editor\" data-id=\"f5fb3ff\" data-element_type=\"widget\" data-widget_type=\"text-editor.default\">\n\t\t\t\t<div class=\"elementor-widget-container\">\n\t\t\t\t\t\t\t\t\t<p>Los lactobacilos y las bifidobacterias que se encuentran de forma natural en nuestro intestino nos son transmitidos por nuestras madres al nacer. Esto tiene lugar durante el parto natural a partir de la mucosa vaginal pero tambi\u00e9n a trav\u00e9s de la leche materna. En el intestino, los monosac\u00e1ridos y polisac\u00e1ridos de la leche materna o de los alimentos infantiles son convertidos en \u00e1cido l\u00e1ctico por las bacterias probi\u00f3ticas, acidificando as\u00ed el intestino y dificultando que las bacterias nocivas se instalen en \u00e9l. Los lactobacilos tambi\u00e9n consumen el ox\u00edgeno que entra a trav\u00e9s de la pared intestinal. Esto es importante porque la mayor\u00eda de las bacterias intestinales necesitan un entorno sin ox\u00edgeno para cumplir su funci\u00f3n. Las bifidobacterias producen importantes \u00e1cidos grasos de cadena corta, que sirven como nutriente natural para otras bacterias probi\u00f3ticas y como proveedor de energ\u00eda para las c\u00e9lulas intestinales, reforzando as\u00ed la barrera intestinal. Adem\u00e1s, la liberaci\u00f3n de los \u00e1cidos grasos de cadena corta reduce el valor del pH en el ecosistema intestinal y, por tanto, tambi\u00e9n suprime el crecimiento excesivo de g\u00e9rmenes pat\u00f3genos.<\/p>\t\t\t\t\t\t\t\t<\/div>\n\t\t\t\t<\/div>\n\t\t\t\t<\/div>\n\t\t\t\t\t<\/div>\n\t\t\t\t<\/div>\n\t\t<div class=\"elementor-element elementor-element-3626ae6 obcs none e-flex e-con-boxed e-con e-parent\" data-id=\"3626ae6\" data-element_type=\"container\">\n\t\t\t\t\t<div class=\"e-con-inner\">\n\t\t<div class=\"elementor-element elementor-element-1cf0f3b e-con-full obcs none e-flex elementor-invisible e-con e-child\" data-id=\"1cf0f3b\" data-element_type=\"container\" data-settings=\"{&quot;animation&quot;:&quot;bounceInLeft&quot;}\">\n\t\t<div class=\"elementor-element elementor-element-471194d obcs none e-flex e-con-boxed e-con e-child\" data-id=\"471194d\" data-element_type=\"container\">\n\t\t\t\t\t<div class=\"e-con-inner\">\n\t\t\t\t<div class=\"elementor-element elementor-element-0a456aa elementor-widget elementor-widget-image\" data-id=\"0a456aa\" data-element_type=\"widget\" data-widget_type=\"image.default\">\n\t\t\t\t<div class=\"elementor-widget-container\">\n\t\t\t\t\t\t\t\t\t\t\t\t\t\t\t<img decoding=\"async\" src=\"https:\/\/www.omni-biotic.com\/es-es\/wp-content\/plugins\/elementor\/assets\/images\/placeholder.png\" title=\"\" alt=\"\" loading=\"lazy\">\t\t\t\t\t\t\t\t\t\t\t\t\t\t\t<\/div>\n\t\t\t\t<\/div>\n\t\t\t\t<div class=\"elementor-element elementor-element-a8303dc elementor-widget elementor-widget-heading\" data-id=\"a8303dc\" data-element_type=\"widget\" data-widget_type=\"heading.default\">\n\t\t\t\t<div class=\"elementor-widget-container\">\n\t\t\t\t\t<h4 class=\"elementor-heading-title elementor-size-default\">Lactobacilos<\/h4>\t\t\t\t<\/div>\n\t\t\t\t<\/div>\n\t\t\t\t\t<\/div>\n\t\t\t\t<\/div>\n\t\t\t\t<div class=\"elementor-element elementor-element-fc245ab elementor-widget elementor-widget-text-editor\" data-id=\"fc245ab\" data-element_type=\"widget\" data-widget_type=\"text-editor.default\">\n\t\t\t\t<div class=\"elementor-widget-container\">\n\t\t\t\t\t\t\t\t\t<p>Los lactobacilos pertenecen al filo Firmicutes; el t\u00e9rmino deriva del lat\u00edn lactis (= leche). M\u00e1s de 50 especies conocidas producen \u00e1cido l\u00e1ctico en el intestino y crean as\u00ed un entorno \u00e1cido que sirve de protecci\u00f3n contra muchos g\u00e9rmenes nocivos y causantes de enfermedades; por eso los lactobacilos tambi\u00e9n se denominan bacterias l\u00e1cticas. La mayor\u00eda de las bacterias l\u00e1cticas producen adem\u00e1s otras sustancias, como el per\u00f3xido de hidr\u00f3geno, que tambi\u00e9n sirven como defensa contra los agentes pat\u00f3genos.<\/p>\t\t\t\t\t\t\t\t<\/div>\n\t\t\t\t<\/div>\n\t\t\t\t<\/div>\n\t\t<div class=\"elementor-element elementor-element-d94b2f1 e-con-full obcs none e-flex e-con e-child\" data-id=\"d94b2f1\" data-element_type=\"container\">\n\t\t\t\t<div class=\"elementor-element elementor-element-f6b5b5a elementor-widget elementor-widget-text-editor\" data-id=\"f6b5b5a\" data-element_type=\"widget\" data-widget_type=\"text-editor.default\">\n\t\t\t\t<div class=\"elementor-widget-container\">\n\t\t\t\t\t\t\t\t\t<p>VS<\/p>\t\t\t\t\t\t\t\t<\/div>\n\t\t\t\t<\/div>\n\t\t\t\t<\/div>\n\t\t<div class=\"elementor-element elementor-element-5aba94e e-con-full obcs none e-flex elementor-invisible e-con e-child\" data-id=\"5aba94e\" data-element_type=\"container\" data-settings=\"{&quot;animation&quot;:&quot;bounceInRight&quot;}\">\n\t\t<div class=\"elementor-element elementor-element-433039d obcs none e-flex e-con-boxed e-con e-child\" data-id=\"433039d\" data-element_type=\"container\">\n\t\t\t\t\t<div class=\"e-con-inner\">\n\t\t\t\t<div class=\"elementor-element elementor-element-d20d099 elementor-widget elementor-widget-image\" data-id=\"d20d099\" data-element_type=\"widget\" data-widget_type=\"image.default\">\n\t\t\t\t<div class=\"elementor-widget-container\">\n\t\t\t\t\t\t\t\t\t\t\t\t\t\t\t<img decoding=\"async\" src=\"https:\/\/www.omni-biotic.com\/es-es\/wp-content\/plugins\/elementor\/assets\/images\/placeholder.png\" title=\"\" alt=\"\" loading=\"lazy\">\t\t\t\t\t\t\t\t\t\t\t\t\t\t\t<\/div>\n\t\t\t\t<\/div>\n\t\t\t\t<div class=\"elementor-element elementor-element-6a2c87f elementor-widget elementor-widget-heading\" data-id=\"6a2c87f\" data-element_type=\"widget\" data-widget_type=\"heading.default\">\n\t\t\t\t<div class=\"elementor-widget-container\">\n\t\t\t\t\t<h4 class=\"elementor-heading-title elementor-size-default\">Bifidobacterias<\/h4>\t\t\t\t<\/div>\n\t\t\t\t<\/div>\n\t\t\t\t\t<\/div>\n\t\t\t\t<\/div>\n\t\t\t\t<div class=\"elementor-element elementor-element-2ab7cf2 elementor-widget elementor-widget-text-editor\" data-id=\"2ab7cf2\" data-element_type=\"widget\" data-widget_type=\"text-editor.default\">\n\t\t\t\t<div class=\"elementor-widget-container\">\n\t\t\t\t\t\t\t\t\t<p>Las bifidobacterias pertenecen al filo Actinobacteria; su nombre deriva del lat\u00edn bifidus (= partido, en forma de tenedor). Estas bacterias tambi\u00e9n nos protegen de intrusos no deseados produciendo \u00e1cido l\u00e1ctico; adem\u00e1s, producen vitaminas y enzimas esenciales. Las bifidobacterias son especialmente importantes para el desarrollo temprano del sistema inmunitario: en los beb\u00e9s alimentados con leche materna, la flora intestinal natural est\u00e1 formada por un 90% de bifidobacterias.<\/p>\t\t\t\t\t\t\t\t<\/div>\n\t\t\t\t<\/div>\n\t\t\t\t<\/div>\n\t\t\t\t\t<\/div>\n\t\t\t\t<\/div>\n\t\t<div class=\"elementor-element elementor-element-2a0dbea obcs none e-flex e-con-boxed e-con e-parent\" data-id=\"2a0dbea\" data-element_type=\"container\">\n\t\t\t\t\t<div class=\"e-con-inner\">\n\t\t\t\t<div class=\"elementor-element elementor-element-5481d45 elementor-widget elementor-widget-infobox\" data-id=\"5481d45\" data-element_type=\"widget\" data-widget_type=\"infobox.default\">\n\t\t\t\t<div class=\"elementor-widget-container\">\n\t\t\t\t\t\n<div class=\"li-widgets--infobox blue\">\n\n    <div class=\"li-widgets--infobox__icon\">\n        <i aria-hidden=\"true\" class=\"fas fa-question-circle\"><\/i>    <\/div>\n    <div class=\"li-widgets--infobox__text\">\n        <p>\u00bfC\u00f3mo sobreviven las bacterias al \u00e1cido del est\u00f3mago?<\/p>    <\/div>\n    <div class=\"li-widgets--infobox__text-body\">\n        <p>En principio, ya durante la selecci\u00f3n de las cepas bacterianas se realiza una preselecci\u00f3n para utilizar \u00fanicamente las cepas gen\u00e9ticamente resistentes al \u00e1cido g\u00e1strico, as\u00ed como a las secreciones biliares y pancre\u00e1ticas. La activaci\u00f3n <em>in vitro<\/em> las refuerza adicionalmente para tolerar el \u00e1cido g\u00e1strico.<\/p>    <\/div>\n\n    \n<\/div>\n\t\t\t\t<\/div>\n\t\t\t\t<\/div>\n\t\t\t\t\t<\/div>\n\t\t\t\t<\/div>\n\t\t<div class=\"elementor-element elementor-element-cdb8be0 obcs none e-flex e-con-boxed e-con e-parent\" data-id=\"cdb8be0\" data-element_type=\"container\">\n\t\t\t\t\t<div class=\"e-con-inner\">\n\t\t<div class=\"elementor-element elementor-element-f56ac34 e-con-full obcs none e-flex e-con e-child\" data-id=\"f56ac34\" data-element_type=\"container\">\n\t\t\t\t<div class=\"elementor-element elementor-element-bfdce70 elementor-widget elementor-widget-heading\" data-id=\"bfdce70\" data-element_type=\"widget\" data-widget_type=\"heading.default\">\n\t\t\t\t<div class=\"elementor-widget-container\">\n\t\t\t\t\t<h2 class=\"elementor-heading-title elementor-size-default\">Efecto de los probi\u00f3ticos<\/h2>\t\t\t\t<\/div>\n\t\t\t\t<\/div>\n\t\t\t\t<div class=\"elementor-element elementor-element-f2159d7 elementor-widget elementor-widget-text-editor\" data-id=\"f2159d7\" data-element_type=\"widget\" data-widget_type=\"text-editor.default\">\n\t\t\t\t<div class=\"elementor-widget-container\">\n\t\t\t\t\t\t\t\t\t<p>Existe una gran variedad de bacterias probi\u00f3ticas espec\u00edficas que causan efectos positivos detectables en el intestino humano: Existen bacterias espec\u00edficas que producen efectos positivos detectables en el intestino humano: por ejemplo, algunas se utilizan para tratar la diarrea (por ejemplo, cuando se administran antibi\u00f3ticos), mientras que otras ayudan a reducir la inflamaci\u00f3n o producen vitaminas. En estudios cient\u00edficos, probi\u00f3ticos especialmente desarrollados y relevantes desde el punto de vista m\u00e9dico permitieron mejorar los s\u00edntomas del s\u00edndrome del intestino irritable, la colitis ulcerosa o enfermedades neurol\u00f3gicas y neurodegenerativas como la depresi\u00f3n o la enfermedad de Alzheimer.<\/p>\t\t\t\t\t\t\t\t<\/div>\n\t\t\t\t<\/div>\n\t\t\t\t<\/div>\n\t\t\t\t\t<\/div>\n\t\t\t\t<\/div>\n\t\t<div class=\"elementor-element elementor-element-140653d obcs none e-flex e-con-boxed e-con e-parent\" data-id=\"140653d\" data-element_type=\"container\" data-settings=\"{&quot;background_background&quot;:&quot;classic&quot;,&quot;shape_divider_top&quot;:&quot;waves&quot;,&quot;shape_divider_bottom&quot;:&quot;waves&quot;}\">\n\t\t\t\t\t<div class=\"e-con-inner\">\n\t\t\t\t<div class=\"elementor-shape elementor-shape-top\" aria-hidden=\"true\" data-negative=\"false\">\n\t\t\t<svg xmlns=\"http:\/\/www.w3.org\/2000\/svg\" viewBox=\"0 0 1000 100\" preserveAspectRatio=\"none\">\n\t<path class=\"elementor-shape-fill\" d=\"M421.9,6.5c22.6-2.5,51.5,0.4,75.5,5.3c23.6,4.9,70.9,23.5,100.5,35.7c75.8,32.2,133.7,44.5,192.6,49.7\n\tc23.6,2.1,48.7,3.5,103.4-2.5c54.7-6,106.2-25.6,106.2-25.6V0H0v30.3c0,0,72,32.6,158.4,30.5c39.2-0.7,92.8-6.7,134-22.4\n\tc21.2-8.1,52.2-18.2,79.7-24.2C399.3,7.9,411.6,7.5,421.9,6.5z\"\/>\n<\/svg>\t\t<\/div>\n\t\t\t\t<div class=\"elementor-shape elementor-shape-bottom\" aria-hidden=\"true\" data-negative=\"false\">\n\t\t\t<svg xmlns=\"http:\/\/www.w3.org\/2000\/svg\" viewBox=\"0 0 1000 100\" preserveAspectRatio=\"none\">\n\t<path class=\"elementor-shape-fill\" d=\"M421.9,6.5c22.6-2.5,51.5,0.4,75.5,5.3c23.6,4.9,70.9,23.5,100.5,35.7c75.8,32.2,133.7,44.5,192.6,49.7\n\tc23.6,2.1,48.7,3.5,103.4-2.5c54.7-6,106.2-25.6,106.2-25.6V0H0v30.3c0,0,72,32.6,158.4,30.5c39.2-0.7,92.8-6.7,134-22.4\n\tc21.2-8.1,52.2-18.2,79.7-24.2C399.3,7.9,411.6,7.5,421.9,6.5z\"\/>\n<\/svg>\t\t<\/div>\n\t\t\t\t<div class=\"elementor-element elementor-element-32c22c5 elementor-widget__width-inherit elementor-widget elementor-widget-heading\" data-id=\"32c22c5\" data-element_type=\"widget\" data-widget_type=\"heading.default\">\n\t\t\t\t<div class=\"elementor-widget-container\">\n\t\t\t\t\t<h2 class=\"elementor-heading-title elementor-size-default\">\u00bfSon perecederas las bacterias liofilizadas? <\/h2>\t\t\t\t<\/div>\n\t\t\t\t<\/div>\n\t\t\t\t<div class=\"elementor-element elementor-element-644f908 elementor-widget elementor-widget-text-editor\" data-id=\"644f908\" data-element_type=\"widget\" data-widget_type=\"text-editor.default\">\n\t\t\t\t<div class=\"elementor-widget-container\">\n\t\t\t\t\t\t\t\t\t<p>Las bacterias liofilizadas tienen una vida \u00fatil que depende de la temperatura de almacenamiento y de la humedad. Con respecto a los productos OMNi-BiOTiC\u00ae, podemos decir que estos probi\u00f3ticos pueden soportar temperaturas de hasta 40\u00ba C y siguen siendo utilizables incluso al haberse cumplido un a\u00f1o de la fecha de consumo preferente, pero es importante tener en cuenta que el n\u00famero de bacterias viables decrece con el tiempo.<\/p>\t\t\t\t\t\t\t\t<\/div>\n\t\t\t\t<\/div>\n\t\t\t\t\t<\/div>\n\t\t\t\t<\/div>\n\t\t<div class=\"elementor-element elementor-element-8e98ce5 obcs none e-flex e-con-boxed e-con e-parent\" data-id=\"8e98ce5\" data-element_type=\"container\">\n\t\t\t\t\t<div class=\"e-con-inner\">\n\t\t<div class=\"elementor-element elementor-element-58de756 e-con-full obcs none e-flex e-con e-child\" data-id=\"58de756\" data-element_type=\"container\">\n\t\t\t\t<div class=\"elementor-element elementor-element-862898a elementor-widget elementor-widget-heading\" data-id=\"862898a\" data-element_type=\"widget\" data-widget_type=\"heading.default\">\n\t\t\t\t<div class=\"elementor-widget-container\">\n\t\t\t\t\t<h2 class=\"elementor-heading-title elementor-size-default\">\u00bfQu\u00e9 son los prebi\u00f3ticos?<\/h2>\t\t\t\t<\/div>\n\t\t\t\t<\/div>\n\t\t\t\t<div class=\"elementor-element elementor-element-7307a55 elementor-widget elementor-widget-text-editor\" data-id=\"7307a55\" data-element_type=\"widget\" data-widget_type=\"text-editor.default\">\n\t\t\t\t<div class=\"elementor-widget-container\">\n\t\t\t\t\t\t\t\t\t<p>A diferencia de los probi\u00f3ticos, los prebi\u00f3ticos no son organismos vivos. Se trata de fibra alimentaria, como la inulina o los oligosac\u00e1ridos de fructosa, que no pueden descomponerse ni digerirse en el intestino delgado, por lo que llegan intactos al intestino grueso. All\u00ed sirven de sustrato para las propias bacterias beneficiosas del intestino. Los prebi\u00f3ticos favorecen el crecimiento de las bifidobacterias y reducen la proliferaci\u00f3n de especies bacterianas potencialmente pat\u00f3genas. La fermentaci\u00f3n bacteriana de los prebi\u00f3ticos produce \u00e1cidos grasos de cadena corta, que se absorben y metabolizan en el h\u00edgado y quedan as\u00ed a disposici\u00f3n del organismo como fuente de energ\u00eda.<\/p>\t\t\t\t\t\t\t\t<\/div>\n\t\t\t\t<\/div>\n\t\t\t\t<div class=\"elementor-element elementor-element-a29180a elementor-widget elementor-widget-text-editor\" data-id=\"a29180a\" data-element_type=\"widget\" data-widget_type=\"text-editor.default\">\n\t\t\t\t<div class=\"elementor-widget-container\">\n\t\t\t\t\t\t\t\t\t<p>Los prebi\u00f3ticos son, como ya se ha mencionado, fibra diet\u00e9tica que nutre a nuestras peque\u00f1as ayudantes en el intestino. Por lo tanto, tambi\u00e9n son importantes para nuestra salud intestinal. Aqu\u00ed puede informarse sobre sus efectos y sobre qu\u00e9 son los simbi\u00f3ticos.<\/p>\t\t\t\t\t\t\t\t<\/div>\n\t\t\t\t<\/div>\n\t\t\t\t<div class=\"elementor-element elementor-element-b9f458d elementor-mobile-align-center elementor-widget elementor-widget-button\" data-id=\"b9f458d\" data-element_type=\"widget\" data-widget_type=\"button.default\">\n\t\t\t\t<div class=\"elementor-widget-container\">\n\t\t\t\t\t\t\t\t\t<div class=\"elementor-button-wrapper\">\n\t\t\t\t\t<a class=\"elementor-button elementor-button-link elementor-size-lg\" href=\"https:\/\/www.omni-biotic.com\/es-es\/salud-intestinal\/el-intestino-como-centro-de-la-salud\/prebioticos\/\">\n\t\t\t\t\t\t<span class=\"elementor-button-content-wrapper\">\n\t\t\t\t\t\t\t\t\t<span class=\"elementor-button-text\">M\u00e1s informaci\u00f3n<\/span>\n\t\t\t\t\t<\/span>\n\t\t\t\t\t<\/a>\n\t\t\t\t<\/div>\n\t\t\t\t\t\t\t\t<\/div>\n\t\t\t\t<\/div>\n\t\t\t\t<\/div>\n\t\t\t\t\t<\/div>\n\t\t\t\t<\/div>\n\t\t<div class=\"elementor-element elementor-element-af1ed43 obcs none e-flex e-con-boxed e-con e-parent\" data-id=\"af1ed43\" data-element_type=\"container\">\n\t\t\t\t\t<div class=\"e-con-inner\">\n\t\t\t\t<div class=\"elementor-element elementor-element-9c2e8e7 elementor-widget elementor-widget-infobox\" data-id=\"9c2e8e7\" data-element_type=\"widget\" data-widget_type=\"infobox.default\">\n\t\t\t\t<div class=\"elementor-widget-container\">\n\t\t\t\t\t\n<div class=\"li-widgets--infobox blue\">\n\n    <div class=\"li-widgets--infobox__icon\">\n        <i aria-hidden=\"true\" class=\"fas fa-question-circle\"><\/i>    <\/div>\n    <div class=\"li-widgets--infobox__text\">\n        <p>\u00bfDurante cu\u00e1nto tiempo se toman productos probi\u00f3ticos?<\/p>    <\/div>\n    <div class=\"li-widgets--infobox__text-body\">\n        <p>Para experimentar efectos notables, se recomienda tomar OMNi-BiOTiC\u00ae durante al menos 1 mes. Por supuesto, la duraci\u00f3n de la toma depende del problema subyacente. Una \"regla general\" es 1 mes de OMNi-BiOTiC\u00ae por cada a\u00f1o de haber tenido s\u00edntomas. En principio, todos los productos OMNi-BiOTiC\u00ae tambi\u00e9n son aptos para un consumo a largo plazo.<\/p>    <\/div>\n\n    \n<\/div>\n\t\t\t\t<\/div>\n\t\t\t\t<\/div>\n\t\t\t\t\t<\/div>\n\t\t\t\t<\/div>\n\t\t<div class=\"elementor-element elementor-element-fa3a4a4 obcs none e-flex e-con-boxed e-con e-parent\" data-id=\"fa3a4a4\" data-element_type=\"container\">\n\t\t\t\t\t<div class=\"e-con-inner\">\n\t\t<div class=\"elementor-element elementor-element-f202f09 e-con-full obcs none e-flex e-con e-child\" data-id=\"f202f09\" data-element_type=\"container\">\n\t\t\t\t<div class=\"elementor-element elementor-element-0e10920 elementor-widget elementor-widget-heading\" data-id=\"0e10920\" data-element_type=\"widget\" data-widget_type=\"heading.default\">\n\t\t\t\t<div class=\"elementor-widget-container\">\n\t\t\t\t\t<h3 class=\"elementor-heading-title elementor-size-default\">Las heces: un indicador de la salud intestinal<\/h3>\t\t\t\t<\/div>\n\t\t\t\t<\/div>\n\t\t\t\t<div class=\"elementor-element elementor-element-b648129 elementor-widget elementor-widget-text-editor\" data-id=\"b648129\" data-element_type=\"widget\" data-widget_type=\"text-editor.default\">\n\t\t\t\t<div class=\"elementor-widget-container\">\n\t\t\t\t\t\t\t\t\t<p>Nuestro estilo de vida influye decisivamente en la flora intestinal, y eso tambi\u00e9n se nota en el v\u00e1ter dado que el estr\u00e9s, una dieta desfavorable y los medicamentos influyen en la composici\u00f3n de la flora bacteriana intestinal. Lo ideal es que las deposiciones sigan una frecuencia regular, est\u00e9n bien formadas (v\u00e9ase la ilustraci\u00f3n) y tengan un olor discreto. Adem\u00e1s, los restos digestivos no deben dejar ning\u00fan \u00abrastro\u00bb en la taza del v\u00e1ter: Esto se debe a que las heces normales se excretan recubiertas de mucosidad producida por las c\u00e9lulas de la mucosa intestinal, y \u00e9stas, a su vez, reciben energ\u00eda de las bacterias intestinales. Por tanto, si una hoja de papel higi\u00e9nico es suficiente para su limpieza, significa que su microcosmos intestinal funciona de maravilla.<\/p>\t\t\t\t\t\t\t\t<\/div>\n\t\t\t\t<\/div>\n\t\t\t\t<\/div>\n\t\t\t\t\t<\/div>\n\t\t\t\t<\/div>\n\t\t<div class=\"elementor-element elementor-element-5749ee5 obcs none e-flex e-con-boxed e-con e-parent\" data-id=\"5749ee5\" data-element_type=\"container\">\n\t\t\t\t\t<div class=\"e-con-inner\">\n\t\t<div class=\"elementor-element elementor-element-7de6e0c e-con-full obcs none e-flex e-con e-child\" data-id=\"7de6e0c\" data-element_type=\"container\">\n\t\t\t\t<div class=\"elementor-element elementor-element-afd8470 e-transform elementor-widget elementor-widget-image\" data-id=\"afd8470\" data-element_type=\"widget\" data-settings=\"{&quot;_transform_rotateZ_effect&quot;:{&quot;unit&quot;:&quot;px&quot;,&quot;size&quot;:&quot;0&quot;,&quot;sizes&quot;:[]},&quot;_transform_rotate_3d&quot;:&quot;yes&quot;,&quot;_transform_rotateX_effect&quot;:{&quot;unit&quot;:&quot;px&quot;,&quot;size&quot;:&quot;0&quot;,&quot;sizes&quot;:[]},&quot;_transform_rotateY_effect&quot;:{&quot;unit&quot;:&quot;px&quot;,&quot;size&quot;:&quot;4&quot;,&quot;sizes&quot;:[]},&quot;_transform_perspective_effect&quot;:{&quot;unit&quot;:&quot;px&quot;,&quot;size&quot;:&quot;650&quot;,&quot;sizes&quot;:[]},&quot;_transform_rotateZ_effect_tablet&quot;:{&quot;unit&quot;:&quot;deg&quot;,&quot;size&quot;:&quot;&quot;,&quot;sizes&quot;:[]},&quot;_transform_rotateZ_effect_mobile&quot;:{&quot;unit&quot;:&quot;deg&quot;,&quot;size&quot;:&quot;&quot;,&quot;sizes&quot;:[]},&quot;_transform_rotateX_effect_tablet&quot;:{&quot;unit&quot;:&quot;deg&quot;,&quot;size&quot;:&quot;&quot;,&quot;sizes&quot;:[]},&quot;_transform_rotateX_effect_mobile&quot;:{&quot;unit&quot;:&quot;deg&quot;,&quot;size&quot;:&quot;&quot;,&quot;sizes&quot;:[]},&quot;_transform_rotateY_effect_tablet&quot;:{&quot;unit&quot;:&quot;deg&quot;,&quot;size&quot;:&quot;&quot;,&quot;sizes&quot;:[]},&quot;_transform_rotateY_effect_mobile&quot;:{&quot;unit&quot;:&quot;deg&quot;,&quot;size&quot;:&quot;&quot;,&quot;sizes&quot;:[]},&quot;_transform_perspective_effect_tablet&quot;:{&quot;unit&quot;:&quot;px&quot;,&quot;size&quot;:&quot;&quot;,&quot;sizes&quot;:[]},&quot;_transform_perspective_effect_mobile&quot;:{&quot;unit&quot;:&quot;px&quot;,&quot;size&quot;:&quot;&quot;,&quot;sizes&quot;:[]}}\" data-widget_type=\"image.default\">\n\t\t\t\t<div class=\"elementor-widget-container\">\n\t\t\t\t\t\t\t\t\t\t\t\t\t\t\t<img fetchpriority=\"high\" decoding=\"async\" width=\"800\" height=\"750\" src=\"https:\/\/www.omni-biotic.com\/es-es\/wp-content\/uploads\/sites\/6\/2023\/08\/Estrenimiento-constipacion-escala-bristol-problemas-intestinales-prebioticos-probioticos-simbioticos-omni-biotic-omni-logic-1024x960.jpg\" class=\"attachment-large size-large wp-image-19615\" alt=\"\" srcset=\"https:\/\/www.omni-biotic.com\/es-es\/wp-content\/uploads\/sites\/6\/2023\/08\/Estrenimiento-constipacion-escala-bristol-problemas-intestinales-prebioticos-probioticos-simbioticos-omni-biotic-omni-logic-1024x960.jpg 1024w, https:\/\/www.omni-biotic.com\/es-es\/wp-content\/uploads\/sites\/6\/2023\/08\/Estrenimiento-constipacion-escala-bristol-problemas-intestinales-prebioticos-probioticos-simbioticos-omni-biotic-omni-logic-300x281.jpg 300w, https:\/\/www.omni-biotic.com\/es-es\/wp-content\/uploads\/sites\/6\/2023\/08\/Estrenimiento-constipacion-escala-bristol-problemas-intestinales-prebioticos-probioticos-simbioticos-omni-biotic-omni-logic-768x720.jpg 768w, https:\/\/www.omni-biotic.com\/es-es\/wp-content\/uploads\/sites\/6\/2023\/08\/Estrenimiento-constipacion-escala-bristol-problemas-intestinales-prebioticos-probioticos-simbioticos-omni-biotic-omni-logic.jpg 1430w\" sizes=\"(max-width: 800px) 100vw, 800px\" title=\"\">\t\t\t\t\t\t\t\t\t\t\t\t\t\t\t<\/div>\n\t\t\t\t<\/div>\n\t\t\t\t<\/div>\n\t\t<div class=\"elementor-element elementor-element-d32ac00 e-con-full obcs none e-flex e-con e-child\" data-id=\"d32ac00\" data-element_type=\"container\">\n\t\t\t\t<div class=\"elementor-element elementor-element-6177223 elementor-widget elementor-widget-heading\" data-id=\"6177223\" data-element_type=\"widget\" data-widget_type=\"heading.default\">\n\t\t\t\t<div class=\"elementor-widget-container\">\n\t\t\t\t\t<h4 class=\"elementor-heading-title elementor-size-default\">Las heces ideales, seg\u00fan la escala de Bristol<\/h4>\t\t\t\t<\/div>\n\t\t\t\t<\/div>\n\t\t\t\t<div class=\"elementor-element elementor-element-2384892 elementor-widget elementor-widget-text-editor\" data-id=\"2384892\" data-element_type=\"widget\" data-widget_type=\"text-editor.default\">\n\t\t\t\t<div class=\"elementor-widget-container\">\n\t\t\t\t\t\t\t\t\tLa clasificaci\u00f3n de Bristol  proporciona una visi\u00f3n general de la forma y composici\u00f3n de las heces humanas para poder evaluar la duraci\u00f3n del paso intestinal.\n<ul>\n \t<li>Tipo 1: hasta 100 horas, estre\u00f1imiento;<\/li>\n \t<li>Tipo 7: aproximadamente 10 horas, diarrea<\/li>\n \t<li>Tipo 3-4: Heces ideales<\/li>\n<\/ul>\t\t\t\t\t\t\t\t<\/div>\n\t\t\t\t<\/div>\n\t\t\t\t<\/div>\n\t\t\t\t\t<\/div>\n\t\t\t\t<\/div>\n\t\t<div class=\"elementor-element elementor-element-4d6a922 obcs none e-flex e-con-boxed e-con e-parent\" data-id=\"4d6a922\" data-element_type=\"container\">\n\t\t\t\t\t<div class=\"e-con-inner\">\n\t\t\t\t<div class=\"elementor-element elementor-element-4f75e0f elementor-widget elementor-widget-infobox\" data-id=\"4f75e0f\" data-element_type=\"widget\" data-widget_type=\"infobox.default\">\n\t\t\t\t<div class=\"elementor-widget-container\">\n\t\t\t\t\t\n<div class=\"li-widgets--infobox magenta highlights-always-magenta\">\n\n    <div class=\"li-widgets--infobox__icon\">\n        <i aria-hidden=\"true\" class=\"fas fa-info-circle\"><\/i>    <\/div>\n    <div class=\"li-widgets--infobox__text\">\n        <p>Aunque la gran mayor\u00eda de las bacterias de la flora intestinal se encuentran en el intestino grueso, las que viven en el intestino delgado desempe\u00f1an un papel igualmente importante.<\/p>    <\/div>\n    <div class=\"li-widgets--infobox__text-body\">\n            <\/div>\n\n            <a href=\"https:\/\/www.omni-biotic.com\/es-es\/salud-intestinal\/\"\n           class=\"li-widgets--infobox__button\"\n            href=\"https:\/\/www.omni-biotic.com\/es-es\/salud-intestinal\/\">\n            M\u00e1s informaci\u00f3n sobre la salud intestinal        <\/a>\n    \n<\/div>\n\t\t\t\t<\/div>\n\t\t\t\t<\/div>\n\t\t\t\t\t<\/div>\n\t\t\t\t<\/div>\n\t\t<div class=\"elementor-element elementor-element-2f2894d obcs green e-flex e-con-boxed e-con e-parent\" data-id=\"2f2894d\" data-element_type=\"container\">\n\t\t\t\t\t<div class=\"e-con-inner\">\n\t\t<div class=\"elementor-element elementor-element-865ea14 e-con-full obcs none e-flex e-con e-child\" data-id=\"865ea14\" data-element_type=\"container\">\n\t\t\t\t<div class=\"elementor-element elementor-element-ee7f868 elementor-widget elementor-widget-heading\" data-id=\"ee7f868\" data-element_type=\"widget\" data-widget_type=\"heading.default\">\n\t\t\t\t<div class=\"elementor-widget-container\">\n\t\t\t\t\t<h2 class=\"elementor-heading-title elementor-size-default\">S\u00edndrome del intestino permeable<\/h2>\t\t\t\t<\/div>\n\t\t\t\t<\/div>\n\t\t\t\t<div class=\"elementor-element elementor-element-c187fb5 elementor-widget elementor-widget-text-editor\" data-id=\"c187fb5\" data-element_type=\"widget\" data-widget_type=\"text-editor.default\">\n\t\t\t\t<div class=\"elementor-widget-container\">\n\t\t\t\t\t\t\t\t\t<p>El s\u00edndrome del intestino permeable se asocia a menudo con otras enfermedades, como las autoinmunes. Los cient\u00edficos llevan mucho tiempo investigando el papel del intestino permeable en el desarrollo de enfermedades y el modo en que afecta a nuestro microbioma.<\/p><p>El t\u00e9rmino \u00abs\u00edndrome del intestino permeable\u00bb se refiere a un aumento de la permeabilidad de la pared intestinal, que es una barrera indispensable entre el organismo hu\u00e9sped y el mundo exterior. Como consecuencia, la capa de mucosidad de la superficie del intestino cambia y muchas bacterias simplemente mueren. A continuaci\u00f3n, se producen mensajeros inflamatorios y de estr\u00e9s especiales que destruyen la capa celular intestinal subyacente.<\/p>\t\t\t\t\t\t\t\t<\/div>\n\t\t\t\t<\/div>\n\t\t\t\t<div class=\"elementor-element elementor-element-2d075e0 elementor-widget elementor-widget-button\" data-id=\"2d075e0\" data-element_type=\"widget\" data-widget_type=\"button.default\">\n\t\t\t\t<div class=\"elementor-widget-container\">\n\t\t\t\t\t\t\t\t\t<div class=\"elementor-button-wrapper\">\n\t\t\t\t\t<a class=\"elementor-button elementor-button-link elementor-size-lg\" href=\"https:\/\/www.omni-biotic.com\/es-es\/blog\/que-es-el-sindrome-del-intestino-irritable\/\">\n\t\t\t\t\t\t<span class=\"elementor-button-content-wrapper\">\n\t\t\t\t\t\t\t\t\t<span class=\"elementor-button-text\">M\u00e1s informaci\u00f3n<\/span>\n\t\t\t\t\t<\/span>\n\t\t\t\t\t<\/a>\n\t\t\t\t<\/div>\n\t\t\t\t\t\t\t\t<\/div>\n\t\t\t\t<\/div>\n\t\t\t\t<\/div>\n\t\t<div class=\"elementor-element elementor-element-6676231 e-con-full obcs none e-flex e-con e-child\" data-id=\"6676231\" data-element_type=\"container\">\n\t\t\t\t<div class=\"elementor-element elementor-element-08b4f48 e-transform elementor-widget elementor-widget-image\" data-id=\"08b4f48\" data-element_type=\"widget\" data-settings=\"{&quot;_transform_rotateZ_effect&quot;:{&quot;unit&quot;:&quot;px&quot;,&quot;size&quot;:&quot;0&quot;,&quot;sizes&quot;:[]},&quot;_transform_rotate_3d&quot;:&quot;yes&quot;,&quot;_transform_rotateX_effect&quot;:{&quot;unit&quot;:&quot;px&quot;,&quot;size&quot;:&quot;0&quot;,&quot;sizes&quot;:[]},&quot;_transform_rotateY_effect&quot;:{&quot;unit&quot;:&quot;px&quot;,&quot;size&quot;:&quot;-4&quot;,&quot;sizes&quot;:[]},&quot;_transform_perspective_effect&quot;:{&quot;unit&quot;:&quot;px&quot;,&quot;size&quot;:&quot;650&quot;,&quot;sizes&quot;:[]},&quot;_transform_rotateZ_effect_tablet&quot;:{&quot;unit&quot;:&quot;deg&quot;,&quot;size&quot;:&quot;&quot;,&quot;sizes&quot;:[]},&quot;_transform_rotateZ_effect_mobile&quot;:{&quot;unit&quot;:&quot;deg&quot;,&quot;size&quot;:&quot;&quot;,&quot;sizes&quot;:[]},&quot;_transform_rotateX_effect_tablet&quot;:{&quot;unit&quot;:&quot;deg&quot;,&quot;size&quot;:&quot;&quot;,&quot;sizes&quot;:[]},&quot;_transform_rotateX_effect_mobile&quot;:{&quot;unit&quot;:&quot;deg&quot;,&quot;size&quot;:&quot;&quot;,&quot;sizes&quot;:[]},&quot;_transform_rotateY_effect_tablet&quot;:{&quot;unit&quot;:&quot;deg&quot;,&quot;size&quot;:&quot;&quot;,&quot;sizes&quot;:[]},&quot;_transform_rotateY_effect_mobile&quot;:{&quot;unit&quot;:&quot;deg&quot;,&quot;size&quot;:&quot;&quot;,&quot;sizes&quot;:[]},&quot;_transform_perspective_effect_tablet&quot;:{&quot;unit&quot;:&quot;px&quot;,&quot;size&quot;:&quot;&quot;,&quot;sizes&quot;:[]},&quot;_transform_perspective_effect_mobile&quot;:{&quot;unit&quot;:&quot;px&quot;,&quot;size&quot;:&quot;&quot;,&quot;sizes&quot;:[]}}\" data-widget_type=\"image.default\">\n\t\t\t\t<div class=\"elementor-widget-container\">\n\t\t\t\t\t\t\t\t\t\t\t\t\t\t\t<img decoding=\"async\" width=\"640\" height=\"640\" src=\"https:\/\/www.omni-biotic.com\/es-es\/wp-content\/uploads\/sites\/6\/2022\/11\/leaky-gut-syndrom-darmaufbau.jpg\" class=\"attachment-large size-large wp-image-11908\" alt=\"S\u00edndrome del intestino permeable\" srcset=\"https:\/\/www.omni-biotic.com\/es-es\/wp-content\/uploads\/sites\/6\/2022\/11\/leaky-gut-syndrom-darmaufbau.jpg 640w, https:\/\/www.omni-biotic.com\/es-es\/wp-content\/uploads\/sites\/6\/2022\/11\/leaky-gut-syndrom-darmaufbau-300x300.jpg 300w, https:\/\/www.omni-biotic.com\/es-es\/wp-content\/uploads\/sites\/6\/2022\/11\/leaky-gut-syndrom-darmaufbau-150x150.jpg 150w\" sizes=\"(max-width: 640px) 100vw, 640px\" title=\"\">\t\t\t\t\t\t\t\t\t\t\t\t\t\t\t<\/div>\n\t\t\t\t<\/div>\n\t\t\t\t<\/div>\n\t\t\t\t\t<\/div>\n\t\t\t\t<\/div>\n\t\t\t\t<section class=\"elementor-section elementor-top-section elementor-element elementor-element-cbd40f4 elementor-section-boxed elementor-section-height-default elementor-section-height-default\" data-id=\"cbd40f4\" data-element_type=\"section\" data-settings=\"{&quot;background_background&quot;:&quot;classic&quot;,&quot;shape_divider_top&quot;:&quot;waves&quot;,&quot;shape_divider_bottom&quot;:&quot;waves&quot;}\">\n\t\t\t\t\t<div class=\"elementor-shape elementor-shape-top\" aria-hidden=\"true\" data-negative=\"false\">\n\t\t\t<svg xmlns=\"http:\/\/www.w3.org\/2000\/svg\" viewBox=\"0 0 1000 100\" preserveAspectRatio=\"none\">\n\t<path class=\"elementor-shape-fill\" d=\"M421.9,6.5c22.6-2.5,51.5,0.4,75.5,5.3c23.6,4.9,70.9,23.5,100.5,35.7c75.8,32.2,133.7,44.5,192.6,49.7\n\tc23.6,2.1,48.7,3.5,103.4-2.5c54.7-6,106.2-25.6,106.2-25.6V0H0v30.3c0,0,72,32.6,158.4,30.5c39.2-0.7,92.8-6.7,134-22.4\n\tc21.2-8.1,52.2-18.2,79.7-24.2C399.3,7.9,411.6,7.5,421.9,6.5z\"\/>\n<\/svg>\t\t<\/div>\n\t\t\t\t<div class=\"elementor-shape elementor-shape-bottom\" aria-hidden=\"true\" data-negative=\"false\">\n\t\t\t<svg xmlns=\"http:\/\/www.w3.org\/2000\/svg\" viewBox=\"0 0 1000 100\" preserveAspectRatio=\"none\">\n\t<path class=\"elementor-shape-fill\" d=\"M421.9,6.5c22.6-2.5,51.5,0.4,75.5,5.3c23.6,4.9,70.9,23.5,100.5,35.7c75.8,32.2,133.7,44.5,192.6,49.7\n\tc23.6,2.1,48.7,3.5,103.4-2.5c54.7-6,106.2-25.6,106.2-25.6V0H0v30.3c0,0,72,32.6,158.4,30.5c39.2-0.7,92.8-6.7,134-22.4\n\tc21.2-8.1,52.2-18.2,79.7-24.2C399.3,7.9,411.6,7.5,421.9,6.5z\"\/>\n<\/svg>\t\t<\/div>\n\t\t\t\t\t<div class=\"elementor-container elementor-column-gap-default\">\n\t\t\t\t\t<div class=\"elementor-column elementor-col-100 elementor-top-column elementor-element elementor-element-ad2c0c0\" data-id=\"ad2c0c0\" data-element_type=\"column\">\n\t\t\t<div class=\"elementor-widget-wrap elementor-element-populated\">\n\t\t\t\t\t\t<div class=\"elementor-element elementor-element-aa07af9 elementor-widget elementor-widget-li-widgets--tile-slider\" data-id=\"aa07af9\" data-element_type=\"widget\" data-widget_type=\"li-widgets--tile-slider.default\">\n\t\t\t\t<div class=\"elementor-widget-container\">\n\t\t\t\t\t<div class=\"li-widgets--tile-slider magenta\">\n            <div class=\"headlines\">\n                            <div class=\"headline\">\n                    <div class=\"headline--main\">OMNi-BiOTiC\u00ae<\/div>\n                                            <div class=\"headline--sub\">Probi\u00f3ticos para sentirse bien<\/div>\n                                    <\/div>\n                            <div class=\"headline\">\n                    <div class=\"headline--main\">OMNi-LOGiC\u00ae\u200b<\/div>\n                                            <div class=\"headline--sub\">Prebi\u00f3ticos para nutrir las bacterias buenas<\/div>\n                                    <\/div>\n                                        <div class=\"headline-joiner\">&amp;<\/div>\n                    <\/div>\n                <div class=\"tiles-container swiper\">\n            <div class=\"tiles swiper-wrapper\">\n                                    <div class=\"swiper-slide\">\n                        <div class=\"tile\">\n                                                        <a href=\"https:\/\/shop.omni-biotic.com\/es-es\/products\/omni-biotic-6-es-99104\">\n                                                                                                    <img decoding=\"async\" width=\"300\" height=\"200\" src=\"https:\/\/www.omni-biotic.com\/es-es\/wp-content\/uploads\/sites\/6\/2022\/08\/2-anita-frauwallner-omni-biotic-6-c-institut-allergosan-jungwirth-rgb-scaled-2-300x200.jpg\" class=\"tile__image\" alt=\"omni-biotic-6\" srcset=\"https:\/\/www.omni-biotic.com\/es-es\/wp-content\/uploads\/sites\/6\/2022\/08\/2-anita-frauwallner-omni-biotic-6-c-institut-allergosan-jungwirth-rgb-scaled-2-300x200.jpg 300w, https:\/\/www.omni-biotic.com\/es-es\/wp-content\/uploads\/sites\/6\/2022\/08\/2-anita-frauwallner-omni-biotic-6-c-institut-allergosan-jungwirth-rgb-scaled-2-1024x684.jpg 1024w, https:\/\/www.omni-biotic.com\/es-es\/wp-content\/uploads\/sites\/6\/2022\/08\/2-anita-frauwallner-omni-biotic-6-c-institut-allergosan-jungwirth-rgb-scaled-2-768x513.jpg 768w, https:\/\/www.omni-biotic.com\/es-es\/wp-content\/uploads\/sites\/6\/2022\/08\/2-anita-frauwallner-omni-biotic-6-c-institut-allergosan-jungwirth-rgb-scaled-2-1536x1025.jpg 1536w, https:\/\/www.omni-biotic.com\/es-es\/wp-content\/uploads\/sites\/6\/2022\/08\/2-anita-frauwallner-omni-biotic-6-c-institut-allergosan-jungwirth-rgb-scaled-2-2048x1367.jpg 2048w, https:\/\/www.omni-biotic.com\/es-es\/wp-content\/uploads\/sites\/6\/2022\/08\/2-anita-frauwallner-omni-biotic-6-c-institut-allergosan-jungwirth-rgb-scaled-2-1920x1282.jpg 1920w\" sizes=\"(max-width: 300px) 100vw, 300px\" title=\"\">                                                                                            <\/a>\n                                                                                    <div class=\"tile__headline\">OMNi-BiOTiC\u00ae\u200b 6\u200b<\/div>\n                                                                                                                    <div class=\"tile__text\">El polivalente para el intestino<\/div>\n                                                                                                                                                <a class=\"tile__button\" href=\"https:\/\/shop.omni-biotic.com\/es-es\/products\/omni-biotic-6-es-99104\">Al producto<\/a>\n                                                    <\/div>\n                    <\/div>\n                                    <div class=\"swiper-slide\">\n                        <div class=\"tile\">\n                                                        <a href=\"https:\/\/shop.omni-biotic.com\/es-es\/products\/omni-biotic-10-aad-es-99103\">\n                                                                                                    <img loading=\"lazy\" decoding=\"async\" width=\"300\" height=\"300\" src=\"https:\/\/www.omni-biotic.com\/es-es\/wp-content\/uploads\/sites\/6\/2022\/03\/4741868_OB_10AAD_20Stk_2000x2000px_RGB-72dpi-300x300.png\" class=\"tile__image\" alt=\"omnibiotic 10\" srcset=\"https:\/\/www.omni-biotic.com\/es-es\/wp-content\/uploads\/sites\/6\/2022\/03\/4741868_OB_10AAD_20Stk_2000x2000px_RGB-72dpi-300x300.png 300w, https:\/\/www.omni-biotic.com\/es-es\/wp-content\/uploads\/sites\/6\/2022\/03\/4741868_OB_10AAD_20Stk_2000x2000px_RGB-72dpi-1024x1024.png 1024w, https:\/\/www.omni-biotic.com\/es-es\/wp-content\/uploads\/sites\/6\/2022\/03\/4741868_OB_10AAD_20Stk_2000x2000px_RGB-72dpi-150x150.png 150w, https:\/\/www.omni-biotic.com\/es-es\/wp-content\/uploads\/sites\/6\/2022\/03\/4741868_OB_10AAD_20Stk_2000x2000px_RGB-72dpi-768x768.png 768w, https:\/\/www.omni-biotic.com\/es-es\/wp-content\/uploads\/sites\/6\/2022\/03\/4741868_OB_10AAD_20Stk_2000x2000px_RGB-72dpi-1536x1536.png 1536w, https:\/\/www.omni-biotic.com\/es-es\/wp-content\/uploads\/sites\/6\/2022\/03\/4741868_OB_10AAD_20Stk_2000x2000px_RGB-72dpi-1920x1920.png 1920w, https:\/\/www.omni-biotic.com\/es-es\/wp-content\/uploads\/sites\/6\/2022\/03\/4741868_OB_10AAD_20Stk_2000x2000px_RGB-72dpi.png 2000w\" sizes=\"(max-width: 300px) 100vw, 300px\" title=\"\">                                                                                            <\/a>\n                                                                                    <div class=\"tile__headline\">OMNi-BiOTiC\u00ae 10 AAD\u200b<\/div>\n                                                                                                                    <div class=\"tile__text\">El probi\u00f3tico para cada antibi\u00f3tico<\/div>\n                                                                                                                                                <a class=\"tile__button\" href=\"https:\/\/shop.omni-biotic.com\/es-es\/products\/omni-biotic-10-aad-es-99103\">Al producto<\/a>\n                                                    <\/div>\n                    <\/div>\n                                    <div class=\"swiper-slide\">\n                        <div class=\"tile\">\n                                                        <a href=\"https:\/\/shop.omni-biotic.com\/es-es\/products\/omni-biotic-aktiv-int-99105\">\n                                                                                                    <img loading=\"lazy\" decoding=\"async\" width=\"300\" height=\"300\" src=\"https:\/\/www.omni-biotic.com\/es-es\/wp-content\/uploads\/sites\/6\/2022\/03\/4196141_OB_Aktiv_60g_2000x2000px_RGB-72dpi-300x300.png\" class=\"tile__image\" alt=\"\" srcset=\"https:\/\/www.omni-biotic.com\/es-es\/wp-content\/uploads\/sites\/6\/2022\/03\/4196141_OB_Aktiv_60g_2000x2000px_RGB-72dpi-300x300.png 300w, https:\/\/www.omni-biotic.com\/es-es\/wp-content\/uploads\/sites\/6\/2022\/03\/4196141_OB_Aktiv_60g_2000x2000px_RGB-72dpi-1024x1024.png 1024w, https:\/\/www.omni-biotic.com\/es-es\/wp-content\/uploads\/sites\/6\/2022\/03\/4196141_OB_Aktiv_60g_2000x2000px_RGB-72dpi-150x150.png 150w, https:\/\/www.omni-biotic.com\/es-es\/wp-content\/uploads\/sites\/6\/2022\/03\/4196141_OB_Aktiv_60g_2000x2000px_RGB-72dpi-768x768.png 768w, https:\/\/www.omni-biotic.com\/es-es\/wp-content\/uploads\/sites\/6\/2022\/03\/4196141_OB_Aktiv_60g_2000x2000px_RGB-72dpi-1536x1536.png 1536w, https:\/\/www.omni-biotic.com\/es-es\/wp-content\/uploads\/sites\/6\/2022\/03\/4196141_OB_Aktiv_60g_2000x2000px_RGB-72dpi-1920x1920.png 1920w, https:\/\/www.omni-biotic.com\/es-es\/wp-content\/uploads\/sites\/6\/2022\/03\/4196141_OB_Aktiv_60g_2000x2000px_RGB-72dpi.png 2000w\" sizes=\"(max-width: 300px) 100vw, 300px\" title=\"\">                                                                                            <\/a>\n                                                                                    <div class=\"tile__headline\">OMNi-BiOTiC\u00ae\u200b Active<\/div>\n                                                                                                                    <div class=\"tile__text\">Vitalidad a cualquier edad<\/div>\n                                                                                                                                                <a class=\"tile__button\" href=\"https:\/\/shop.omni-biotic.com\/es-es\/products\/omni-biotic-aktiv-int-99105\">Al producto<\/a>\n                                                    <\/div>\n                    <\/div>\n                            <\/div>\n        <\/div>\n        <div class=\"tile-slider--prev\">\n            <svg xmlns=\"http:\/\/www.w3.org\/2000\/svg\" viewBox=\"0 0 30 70\">\n                <polygon points=\"26.99 0 29.99 1.3 5.27 35 29.99 68.7 26.99 70 0 35 26.99 0\"\/>\n            <\/svg>\n        <\/div>\n        <div class=\"tile-slider--next\">\n            <svg xmlns=\"http:\/\/www.w3.org\/2000\/svg\" viewBox=\"0 0 30 70\">\n                <polygon points=\"3 70 0 68.7 24.72 35 0 1.3 3 0 29.99 35 3 70\"\/>\n            <\/svg>\n        <\/div>\n    <\/div>\n\t\t\t\t<\/div>\n\t\t\t\t<\/div>\n\t\t\t\t\t<\/div>\n\t\t<\/div>\n\t\t\t\t\t<\/div>\n\t\t<\/section>\n\t\t\t\t<\/div>\n\t\t","protected":false},"excerpt":{"rendered":"<p>Probi\u00f3ticos A primera vista, el intestino, los pulmones, la piel, el cerebro y los \u00f3rganos reproductores no tienen mucho en com\u00fan. Pero una mirada m\u00e1s atenta revela que las bacterias que colonizan nuestro cuerpo tienen una gran influencia en cada una de nuestras c\u00e9lulas y act\u00faan como un batall\u00f3n que nos protege de muchas enfermedades. [&hellip;]<\/p>\n","protected":false},"author":3,"featured_media":0,"parent":117,"menu_order":280,"comment_status":"closed","ping_status":"closed","template":"","meta":{"_acf_changed":false,"inline_featured_image":false,"footnotes":""},"class_list":["post-119","page","type-page","status-publish","hentry"],"acf":[],"_links":{"self":[{"href":"https:\/\/www.omni-biotic.com\/es-es\/wp-json\/wp\/v2\/pages\/119","targetHints":{"allow":["GET"]}}],"collection":[{"href":"https:\/\/www.omni-biotic.com\/es-es\/wp-json\/wp\/v2\/pages"}],"about":[{"href":"https:\/\/www.omni-biotic.com\/es-es\/wp-json\/wp\/v2\/types\/page"}],"author":[{"embeddable":true,"href":"https:\/\/www.omni-biotic.com\/es-es\/wp-json\/wp\/v2\/users\/3"}],"replies":[{"embeddable":true,"href":"https:\/\/www.omni-biotic.com\/es-es\/wp-json\/wp\/v2\/comments?post=119"}],"version-history":[{"count":7,"href":"https:\/\/www.omni-biotic.com\/es-es\/wp-json\/wp\/v2\/pages\/119\/revisions"}],"predecessor-version":[{"id":25399,"href":"https:\/\/www.omni-biotic.com\/es-es\/wp-json\/wp\/v2\/pages\/119\/revisions\/25399"}],"up":[{"embeddable":true,"href":"https:\/\/www.omni-biotic.com\/es-es\/wp-json\/wp\/v2\/pages\/117"}],"wp:attachment":[{"href":"https:\/\/www.omni-biotic.com\/es-es\/wp-json\/wp\/v2\/media?parent=119"}],"curies":[{"name":"wp","href":"https:\/\/api.w.org\/{rel}","templated":true}]}}