{"id":155,"date":"2022-03-07T10:07:28","date_gmt":"2022-03-07T09:07:28","guid":{"rendered":"https:\/\/www.omni-biotic.com\/darmbeschwerden\/allergie\/"},"modified":"2024-06-10T11:19:13","modified_gmt":"2024-06-10T09:19:13","slug":"alergia","status":"publish","type":"page","link":"https:\/\/www.omni-biotic.com\/es-es\/trastornos-intestinales\/alergia\/","title":{"rendered":"Alergia"},"content":{"rendered":"\t\t<div data-elementor-type=\"wp-page\" data-elementor-id=\"155\" class=\"elementor elementor-155\" data-elementor-post-type=\"page\">\n\t\t\t\t<div class=\"elementor-element elementor-element-b18ff20 e-con-full obcs none e-flex e-con e-parent\" data-id=\"b18ff20\" data-element_type=\"container\" data-settings=\"{&quot;background_background&quot;:&quot;classic&quot;,&quot;shape_divider_bottom&quot;:&quot;waves&quot;}\">\n\t\t\t\t<div class=\"elementor-shape elementor-shape-bottom\" aria-hidden=\"true\" data-negative=\"false\">\n\t\t\t<svg xmlns=\"http:\/\/www.w3.org\/2000\/svg\" viewBox=\"0 0 1000 100\" preserveAspectRatio=\"none\">\n\t<path class=\"elementor-shape-fill\" d=\"M421.9,6.5c22.6-2.5,51.5,0.4,75.5,5.3c23.6,4.9,70.9,23.5,100.5,35.7c75.8,32.2,133.7,44.5,192.6,49.7\n\tc23.6,2.1,48.7,3.5,103.4-2.5c54.7-6,106.2-25.6,106.2-25.6V0H0v30.3c0,0,72,32.6,158.4,30.5c39.2-0.7,92.8-6.7,134-22.4\n\tc21.2-8.1,52.2-18.2,79.7-24.2C399.3,7.9,411.6,7.5,421.9,6.5z\"\/>\n<\/svg>\t\t<\/div>\n\t\t<div class=\"elementor-element elementor-element-43bc14a e-con-full obcs none e-flex e-con e-child\" data-id=\"43bc14a\" data-element_type=\"container\" data-settings=\"{&quot;background_background&quot;:&quot;gradient&quot;}\">\n\t\t\t\t<div class=\"elementor-element elementor-element-4da7657 elementor-widget elementor-widget-heading\" data-id=\"4da7657\" data-element_type=\"widget\" data-widget_type=\"heading.default\">\n\t\t\t\t<div class=\"elementor-widget-container\">\n\t\t\t\t\t<h1 class=\"elementor-heading-title elementor-size-default\">Alergia<\/h1>\t\t\t\t<\/div>\n\t\t\t\t<\/div>\n\t\t\t\t<div class=\"elementor-element elementor-element-ca584f8 elementor-widget-divider--view-line elementor-widget elementor-widget-divider\" data-id=\"ca584f8\" data-element_type=\"widget\" data-widget_type=\"divider.default\">\n\t\t\t\t<div class=\"elementor-widget-container\">\n\t\t\t\t\t\t\t<div class=\"elementor-divider\">\n\t\t\t<span class=\"elementor-divider-separator\">\n\t\t\t\t\t\t<\/span>\n\t\t<\/div>\n\t\t\t\t\t\t<\/div>\n\t\t\t\t<\/div>\n\t\t\t\t<div class=\"elementor-element elementor-element-7e276df elementor-widget-tablet__width-initial elementor-widget elementor-widget-text-editor\" data-id=\"7e276df\" data-element_type=\"widget\" data-widget_type=\"text-editor.default\">\n\t\t\t\t<div class=\"elementor-widget-container\">\n\t\t\t\t\t\t\t\t\t<p><em>Nuestro intestino es un \u00f3rgano frecuentemente subestimado: \u00bfSab\u00eda que la superficie del intestino es de unos\u00a0<strong>400 m<\/strong><strong><sup>2\u00a0\u00a0<\/sup><\/strong>y, por lo tanto, es 10 veces m\u00e1s grande que la superficie de los pulmones y 100 veces m\u00e1s grande que la piel?\u00a0<strong>100 billones de bacterias\u00a0<\/strong>de miles de especies retozan en esta \u00e1rea.\u00a0<strong>Dichas bacterias componen la microbiota intestinal, que es \u00fanica para cada persona.<\/strong><\/em><\/p>\t\t\t\t\t\t\t\t<\/div>\n\t\t\t\t<\/div>\n\t\t\t\t<\/div>\n\t\t<div class=\"elementor-element elementor-element-e2c97ea e-con-full elementor-hidden-mobile obcs none e-flex e-con e-child\" data-id=\"e2c97ea\" data-element_type=\"container\">\n\t\t\t\t<\/div>\n\t\t\t\t<\/div>\n\t\t<div class=\"elementor-element elementor-element-99b13f6 obcs none e-flex e-con-boxed e-con e-parent\" data-id=\"99b13f6\" data-element_type=\"container\">\n\t\t\t\t\t<div class=\"e-con-inner\">\n\t\t<div class=\"elementor-element elementor-element-7f3ee45 e-con-full obcs none e-flex e-con e-child\" data-id=\"7f3ee45\" data-element_type=\"container\">\n\t\t\t\t<\/div>\n\t\t<div class=\"elementor-element elementor-element-7f60ea8 e-con-full obcs none e-flex e-con e-child\" data-id=\"7f60ea8\" data-element_type=\"container\">\n\t\t\t\t<div class=\"elementor-element elementor-element-0352627 elementor-toc--minimized-on-desktop elementor-widget elementor-widget-table-of-contents\" data-id=\"0352627\" data-element_type=\"widget\" data-settings=\"{&quot;exclude_headings_by_selector&quot;:[],&quot;minimized_on&quot;:&quot;desktop&quot;,&quot;headings_by_tags&quot;:[&quot;h2&quot;,&quot;h3&quot;,&quot;h4&quot;,&quot;h5&quot;,&quot;h6&quot;],&quot;marker_view&quot;:&quot;numbers&quot;,&quot;no_headings_message&quot;:&quot;No se ha encontrado ning\\u00fan encabezado en esta p\\u00e1gina.&quot;,&quot;minimize_box&quot;:&quot;yes&quot;,&quot;hierarchical_view&quot;:&quot;yes&quot;,&quot;min_height&quot;:{&quot;unit&quot;:&quot;px&quot;,&quot;size&quot;:&quot;&quot;,&quot;sizes&quot;:[]},&quot;min_height_tablet&quot;:{&quot;unit&quot;:&quot;px&quot;,&quot;size&quot;:&quot;&quot;,&quot;sizes&quot;:[]},&quot;min_height_mobile&quot;:{&quot;unit&quot;:&quot;px&quot;,&quot;size&quot;:&quot;&quot;,&quot;sizes&quot;:[]}}\" data-widget_type=\"table-of-contents.default\">\n\t\t\t\t<div class=\"elementor-widget-container\">\n\t\t\t\t\t\t\t\t\t<div class=\"elementor-toc__header\">\n\t\t\t\t\t\t<h4 class=\"elementor-toc__header-title\">\n\t\t\t\tTabla de contenidos\t\t\t<\/h4>\n\t\t\t\t\t\t\t\t\t\t<div class=\"elementor-toc__toggle-button elementor-toc__toggle-button--expand\" role=\"button\" tabindex=\"0\" aria-controls=\"elementor-toc__0352627\" aria-expanded=\"true\" aria-label=\"Abrir la tabla de contenidos\"><i aria-hidden=\"true\" class=\"fas fa-chevron-down\"><\/i><\/div>\n\t\t\t\t<div class=\"elementor-toc__toggle-button elementor-toc__toggle-button--collapse\" role=\"button\" tabindex=\"0\" aria-controls=\"elementor-toc__0352627\" aria-expanded=\"true\" aria-label=\"Cerrar la tabla de contenidos\"><i aria-hidden=\"true\" class=\"fas fa-chevron-up\"><\/i><\/div>\n\t\t\t\t\t<\/div>\n\t\t\t\t<div id=\"elementor-toc__0352627\" class=\"elementor-toc__body\">\n\t\t\t<div class=\"elementor-toc__spinner-container\">\n\t\t\t\t<i class=\"elementor-toc__spinner eicon-animation-spin eicon-loading\" aria-hidden=\"true\"><\/i>\t\t\t<\/div>\n\t\t<\/div>\n\t\t\t\t\t\t<\/div>\n\t\t\t\t<\/div>\n\t\t\t\t<\/div>\n\t\t\t\t\t<\/div>\n\t\t\t\t<\/div>\n\t\t<div class=\"elementor-element elementor-element-39579c7 obcs blue e-flex e-con-boxed e-con e-parent\" data-id=\"39579c7\" data-element_type=\"container\" data-settings=\"{&quot;background_background&quot;:&quot;classic&quot;}\">\n\t\t\t\t\t<div class=\"e-con-inner\">\n\t\t<div class=\"elementor-element elementor-element-aadc132 obcs none e-flex e-con-boxed e-con e-child\" data-id=\"aadc132\" data-element_type=\"container\" data-settings=\"{&quot;background_background&quot;:&quot;classic&quot;}\">\n\t\t\t\t\t<div class=\"e-con-inner\">\n\t\t\t\t<div class=\"elementor-element elementor-element-5d1f879 elementor-widget__width-initial elementor-widget-tablet__width-initial elementor-widget elementor-widget-image\" data-id=\"5d1f879\" data-element_type=\"widget\" data-widget_type=\"image.default\">\n\t\t\t\t<div class=\"elementor-widget-container\">\n\t\t\t\t\t\t\t\t\t\t\t\t\t\t\t<img fetchpriority=\"high\" decoding=\"async\" width=\"512\" height=\"512\" src=\"https:\/\/www.omni-biotic.com\/es-es\/wp-content\/uploads\/sites\/6\/2023\/08\/alergia-emergencia-estornudos-2.png\" class=\"attachment-medium_large size-medium_large wp-image-18749\" alt=\"\" srcset=\"https:\/\/www.omni-biotic.com\/es-es\/wp-content\/uploads\/sites\/6\/2023\/08\/alergia-emergencia-estornudos-2.png 512w, https:\/\/www.omni-biotic.com\/es-es\/wp-content\/uploads\/sites\/6\/2023\/08\/alergia-emergencia-estornudos-2-300x300.png 300w, https:\/\/www.omni-biotic.com\/es-es\/wp-content\/uploads\/sites\/6\/2023\/08\/alergia-emergencia-estornudos-2-150x150.png 150w\" sizes=\"(max-width: 512px) 100vw, 512px\" title=\"\">\t\t\t\t\t\t\t\t\t\t\t\t\t\t\t<\/div>\n\t\t\t\t<\/div>\n\t\t<div class=\"elementor-element elementor-element-ae6c9ab obcs none e-flex e-con-boxed e-con e-child\" data-id=\"ae6c9ab\" data-element_type=\"container\">\n\t\t\t\t\t<div class=\"e-con-inner\">\n\t\t\t\t<div class=\"elementor-element elementor-element-e1ee6c2 elementor-widget__width-inherit elementor-widget elementor-widget-heading\" data-id=\"e1ee6c2\" data-element_type=\"widget\" data-widget_type=\"heading.default\">\n\t\t\t\t<div class=\"elementor-widget-container\">\n\t\t\t\t\t<h2 class=\"elementor-heading-title elementor-size-default\">\u00bfC\u00f3mo se desarrollan las alergias?<\/h2>\t\t\t\t<\/div>\n\t\t\t\t<\/div>\n\t\t\t\t<div class=\"elementor-element elementor-element-64f7ba5 elementor-widget elementor-widget-text-editor\" data-id=\"64f7ba5\" data-element_type=\"widget\" data-widget_type=\"text-editor.default\">\n\t\t\t\t<div class=\"elementor-widget-container\">\n\t\t\t\t\t\t\t\t\tLas alergias pueden ocurrir cuando nuestras <b> mucosas<\/b> del <b>cuerpo<\/b> (nariz, pulmones, intestinos) est\u00e1n <b>da\u00f1adas<\/b>. En este caso, las sustancias que ingresan al organismo con el aire o los alimentos no pueden <b>tratarse adecuadamente<\/b> y eliminarse neutralizadas, sino que penetran en la sangre o en el sistema linf\u00e1tico de forma inmediata y descontrolada. Esta <b>carga adicional <\/b> puede hacer reaccionar al <b><\/b> del <b>sistema inmunitario<\/b> y as\u00ed generarse alergias e intolerancias alimentarias.\t\t\t\t\t\t\t\t<\/div>\n\t\t\t\t<\/div>\n\t\t\t\t\t<\/div>\n\t\t\t\t<\/div>\n\t\t\t\t\t<\/div>\n\t\t\t\t<\/div>\n\t\t\t\t\t<\/div>\n\t\t\t\t<\/div>\n\t\t<div class=\"elementor-element elementor-element-ab61fb1 obcs green e-flex e-con-boxed e-con e-parent\" data-id=\"ab61fb1\" data-element_type=\"container\">\n\t\t\t\t\t<div class=\"e-con-inner\">\n\t\t<div class=\"elementor-element elementor-element-e0b8321 e-con-full obcs none e-flex e-con e-child\" data-id=\"e0b8321\" data-element_type=\"container\">\n\t\t\t\t<div class=\"elementor-element elementor-element-53cc323 elementor-widget elementor-widget-heading\" data-id=\"53cc323\" data-element_type=\"widget\" data-widget_type=\"heading.default\">\n\t\t\t\t<div class=\"elementor-widget-container\">\n\t\t\t\t\t<h2 class=\"elementor-heading-title elementor-size-default\">El curso de una reacci\u00f3n al\u00e9rgica<\/h2>\t\t\t\t<\/div>\n\t\t\t\t<\/div>\n\t\t\t\t<div class=\"elementor-element elementor-element-865be66 elementor-widget elementor-widget-text-editor\" data-id=\"865be66\" data-element_type=\"widget\" data-widget_type=\"text-editor.default\">\n\t\t\t\t<div class=\"elementor-widget-container\">\n\t\t\t\t\t\t\t\t\t<p>A pesar de los diversos s\u00edntomas de la alergia, el curso de todas las\u00a0<strong>reacciones al\u00e9rgicas\u00a0<\/strong>es el mismo: al entrar en contacto con un al\u00e9rgeno, se forman anticuerpos contra el mismo (IgE). Tras un nuevo contacto con el al\u00e9rgeno, estos anticuerpos IgE median la liberaci\u00f3n de histamina, que desencadena los\u00a0<strong>s\u00edntomas t\u00edpicos de la alergia<\/strong>: como\u00a0<strong>picor, lagrimeo, hinchaz\u00f3n, erupci\u00f3n cut\u00e1nea o asma\u00a0<\/strong>.<\/p><p>Cuando se produce esta reacci\u00f3n al\u00e9rgica, el al\u00e9rgeno ha podido atravesar la primera barrera de la mucosa intestinal sin ser detectado. Esto se debe a que la mucosa intestinal contiene un anticuerpo especial, el SIgA, que normalmente impide la penetraci\u00f3n de sustancias extra\u00f1as y al\u00e9rgenos. El SIgA es producido por las c\u00e9lulas del intestino y liberado en la\u00a0<strong>capa de moco<\/strong>. Como \u00abanticuerpo de la mucosa\u00bb, este anticuerpo es una especie de capa protectora para el intestino. Su\u00a0<strong>protecci\u00f3n contra las alergias<\/strong>\u00a0consiste en que este anticuerpo se adhiere a las sustancias extra\u00f1as incluso antes de que sean absorbidas por el organismo y las marca.<\/p><p>Una vez que los al\u00e9rgenos han sido marcados de esta manera, ya no pueden ser absorbidos por el organismo. Esto evita la reacci\u00f3n al\u00e9rgica antes de que pueda producirse.<\/p>\t\t\t\t\t\t\t\t<\/div>\n\t\t\t\t<\/div>\n\t\t\t\t<\/div>\n\t\t<div class=\"elementor-element elementor-element-6cc94f7 e-con-full obcs none e-flex e-con e-child\" data-id=\"6cc94f7\" data-element_type=\"container\">\n\t\t\t\t<div class=\"elementor-element elementor-element-7804a92 e-transform elementor-widget elementor-widget-image\" data-id=\"7804a92\" data-element_type=\"widget\" data-settings=\"{&quot;_transform_rotateZ_effect&quot;:{&quot;unit&quot;:&quot;px&quot;,&quot;size&quot;:&quot;0&quot;,&quot;sizes&quot;:[]},&quot;_transform_rotate_3d&quot;:&quot;yes&quot;,&quot;_transform_rotateX_effect&quot;:{&quot;unit&quot;:&quot;px&quot;,&quot;size&quot;:&quot;0&quot;,&quot;sizes&quot;:[]},&quot;_transform_rotateY_effect&quot;:{&quot;unit&quot;:&quot;px&quot;,&quot;size&quot;:&quot;-4&quot;,&quot;sizes&quot;:[]},&quot;_transform_perspective_effect&quot;:{&quot;unit&quot;:&quot;px&quot;,&quot;size&quot;:&quot;650&quot;,&quot;sizes&quot;:[]},&quot;_transform_rotateZ_effect_tablet&quot;:{&quot;unit&quot;:&quot;deg&quot;,&quot;size&quot;:&quot;&quot;,&quot;sizes&quot;:[]},&quot;_transform_rotateZ_effect_mobile&quot;:{&quot;unit&quot;:&quot;deg&quot;,&quot;size&quot;:&quot;&quot;,&quot;sizes&quot;:[]},&quot;_transform_rotateX_effect_tablet&quot;:{&quot;unit&quot;:&quot;deg&quot;,&quot;size&quot;:&quot;&quot;,&quot;sizes&quot;:[]},&quot;_transform_rotateX_effect_mobile&quot;:{&quot;unit&quot;:&quot;deg&quot;,&quot;size&quot;:&quot;&quot;,&quot;sizes&quot;:[]},&quot;_transform_rotateY_effect_tablet&quot;:{&quot;unit&quot;:&quot;deg&quot;,&quot;size&quot;:&quot;&quot;,&quot;sizes&quot;:[]},&quot;_transform_rotateY_effect_mobile&quot;:{&quot;unit&quot;:&quot;deg&quot;,&quot;size&quot;:&quot;&quot;,&quot;sizes&quot;:[]},&quot;_transform_perspective_effect_tablet&quot;:{&quot;unit&quot;:&quot;px&quot;,&quot;size&quot;:&quot;&quot;,&quot;sizes&quot;:[]},&quot;_transform_perspective_effect_mobile&quot;:{&quot;unit&quot;:&quot;px&quot;,&quot;size&quot;:&quot;&quot;,&quot;sizes&quot;:[]}}\" data-widget_type=\"image.default\">\n\t\t\t\t<div class=\"elementor-widget-container\">\n\t\t\t\t\t\t\t\t\t\t\t\t\t\t\t<img decoding=\"async\" src=\"https:\/\/www.omni-biotic.com\/es-es\/wp-content\/uploads\/sites\/6\/elementor\/thumbs\/alergia-origen-barrera-intestinal-danada-2-qbcb62en0ocgz6rhpdx4f8utqps6l8l7mrny7u52ae.jpg\" title=\"alergia-origen-barrera intestinal da\u00f1ada-2\" alt=\"alergia-origen-barrera intestinal da\u00f1ada-2\" loading=\"lazy\" \/>\t\t\t\t\t\t\t\t\t\t\t\t\t\t\t<\/div>\n\t\t\t\t<\/div>\n\t\t\t\t<\/div>\n\t\t\t\t\t<\/div>\n\t\t\t\t<\/div>\n\t\t<div class=\"elementor-element elementor-element-b8a55fd obcs magenta e-flex e-con-boxed e-con e-parent\" data-id=\"b8a55fd\" data-element_type=\"container\">\n\t\t\t\t\t<div class=\"e-con-inner\">\n\t\t\t\t<div class=\"elementor-element elementor-element-5e08e19 elementor-widget__width-inherit elementor-widget elementor-widget-heading\" data-id=\"5e08e19\" data-element_type=\"widget\" data-widget_type=\"heading.default\">\n\t\t\t\t<div class=\"elementor-widget-container\">\n\t\t\t\t\t<h2 class=\"elementor-heading-title elementor-size-default\">\u00bfQu\u00e9 se puede hacer contra las alergias?<\/h2>\t\t\t\t<\/div>\n\t\t\t\t<\/div>\n\t\t\t\t\t<\/div>\n\t\t\t\t<\/div>\n\t\t<div class=\"elementor-element elementor-element-864864d obcs magenta e-flex e-con-boxed e-con e-parent\" data-id=\"864864d\" data-element_type=\"container\">\n\t\t\t\t\t<div class=\"e-con-inner\">\n\t\t<div class=\"elementor-element elementor-element-552e06c e-con-full obcs none e-flex elementor-invisible e-con e-child\" data-id=\"552e06c\" data-element_type=\"container\" data-settings=\"{&quot;animation&quot;:&quot;bounceInLeft&quot;}\">\n\t\t<div class=\"elementor-element elementor-element-dc4b2c1 obcs none e-flex e-con-boxed e-con e-child\" data-id=\"dc4b2c1\" data-element_type=\"container\">\n\t\t\t\t\t<div class=\"e-con-inner\">\n\t\t\t\t<div class=\"elementor-element elementor-element-c803388 elementor-widget elementor-widget-image\" data-id=\"c803388\" data-element_type=\"widget\" data-widget_type=\"image.default\">\n\t\t\t\t<div class=\"elementor-widget-container\">\n\t\t\t\t\t\t\t\t\t\t\t\t\t\t\t<img decoding=\"async\" width=\"300\" height=\"300\" src=\"https:\/\/www.omni-biotic.com\/es-es\/wp-content\/uploads\/sites\/6\/2023\/08\/Terapia-orientada-a-los-sintomas-300x300-1.png\" class=\"attachment-medium size-medium wp-image-18786\" alt=\"\" srcset=\"https:\/\/www.omni-biotic.com\/es-es\/wp-content\/uploads\/sites\/6\/2023\/08\/Terapia-orientada-a-los-sintomas-300x300-1.png 300w, https:\/\/www.omni-biotic.com\/es-es\/wp-content\/uploads\/sites\/6\/2023\/08\/Terapia-orientada-a-los-sintomas-300x300-1-150x150.png 150w\" sizes=\"(max-width: 300px) 100vw, 300px\" title=\"\">\t\t\t\t\t\t\t\t\t\t\t\t\t\t\t<\/div>\n\t\t\t\t<\/div>\n\t\t\t\t<div class=\"elementor-element elementor-element-31a4aa4 elementor-widget elementor-widget-heading\" data-id=\"31a4aa4\" data-element_type=\"widget\" data-widget_type=\"heading.default\">\n\t\t\t\t<div class=\"elementor-widget-container\">\n\t\t\t\t\t<h3 class=\"elementor-heading-title elementor-size-default\">Tratamiento de los s\u00edntomas<\/h3>\t\t\t\t<\/div>\n\t\t\t\t<\/div>\n\t\t\t\t\t<\/div>\n\t\t\t\t<\/div>\n\t\t\t\t<div class=\"elementor-element elementor-element-8b0e5ce elementor-widget elementor-widget-text-editor\" data-id=\"8b0e5ce\" data-element_type=\"widget\" data-widget_type=\"text-editor.default\">\n\t\t\t\t<div class=\"elementor-widget-container\">\n\t\t\t\t\t\t\t\t\t<p>Este m\u00e9todo trata los <strong>efectos<\/strong> de la <strong>alergia<\/strong>. Las <strong>dolencias<\/strong> se pueden \u00ab<strong>remediar\u00bb temporalmente con <strong>gotas<\/strong>, <strong>aerosoles<\/strong> y <strong>comprimidos<\/strong> para reducir la hinchaz\u00f3n y la liberaci\u00f3n de histamina<\/strong>.<\/p><p>Sin embargo, estas medidas <strong>no<\/strong> <strong>tratan<\/strong> la <strong>causa<\/strong> de la alergia.<\/p>\t\t\t\t\t\t\t\t<\/div>\n\t\t\t\t<\/div>\n\t\t\t\t<\/div>\n\t\t<div class=\"elementor-element elementor-element-a2b3103 e-con-full obcs none e-flex e-con e-child\" data-id=\"a2b3103\" data-element_type=\"container\">\n\t\t\t\t<\/div>\n\t\t<div class=\"elementor-element elementor-element-d7350b5 e-con-full obcs none e-flex elementor-invisible e-con e-child\" data-id=\"d7350b5\" data-element_type=\"container\" data-settings=\"{&quot;animation&quot;:&quot;bounceInRight&quot;}\">\n\t\t<div class=\"elementor-element elementor-element-16ea203 obcs none e-flex e-con-boxed e-con e-child\" data-id=\"16ea203\" data-element_type=\"container\">\n\t\t\t\t\t<div class=\"e-con-inner\">\n\t\t\t\t<div class=\"elementor-element elementor-element-35dce5e elementor-widget elementor-widget-image\" data-id=\"35dce5e\" data-element_type=\"widget\" data-widget_type=\"image.default\">\n\t\t\t\t<div class=\"elementor-widget-container\">\n\t\t\t\t\t\t\t\t\t\t\t\t\t\t\t<img decoding=\"async\" width=\"300\" height=\"300\" src=\"https:\/\/www.omni-biotic.com\/es-es\/wp-content\/uploads\/sites\/6\/2023\/08\/Desensibilizacion-300x300-1.png\" class=\"attachment-medium size-medium wp-image-18787\" alt=\"\" srcset=\"https:\/\/www.omni-biotic.com\/es-es\/wp-content\/uploads\/sites\/6\/2023\/08\/Desensibilizacion-300x300-1.png 300w, https:\/\/www.omni-biotic.com\/es-es\/wp-content\/uploads\/sites\/6\/2023\/08\/Desensibilizacion-300x300-1-150x150.png 150w\" sizes=\"(max-width: 300px) 100vw, 300px\" title=\"\">\t\t\t\t\t\t\t\t\t\t\t\t\t\t\t<\/div>\n\t\t\t\t<\/div>\n\t\t\t\t<div class=\"elementor-element elementor-element-48f362d elementor-widget elementor-widget-heading\" data-id=\"48f362d\" data-element_type=\"widget\" data-widget_type=\"heading.default\">\n\t\t\t\t<div class=\"elementor-widget-container\">\n\t\t\t\t\t<h3 class=\"elementor-heading-title elementor-size-default\">Desensibilizaci\u00f3n<\/h3>\t\t\t\t<\/div>\n\t\t\t\t<\/div>\n\t\t\t\t\t<\/div>\n\t\t\t\t<\/div>\n\t\t\t\t<div class=\"elementor-element elementor-element-bac8238 elementor-widget elementor-widget-text-editor\" data-id=\"bac8238\" data-element_type=\"widget\" data-widget_type=\"text-editor.default\">\n\t\t\t\t<div class=\"elementor-widget-container\">\n\t\t\t\t\t\t\t\t\t<p>Aqu\u00ed, el <strong>cuerpo<\/strong> se acostumbra gradualmente a una sustancia espec\u00edfica que causa la alergia, creando as\u00ed una <strong>tolerancia<\/strong>.<\/p><p>Esta terapia es \u00fatil pero <strong>lleva mucho tiempo<\/strong> y <strong>no<\/strong> <strong>protege\u00a0<\/strong>contra <b>a<\/b><strong>lergias a nuevas sustancias<\/strong>.<\/p>\t\t\t\t\t\t\t\t<\/div>\n\t\t\t\t<\/div>\n\t\t\t\t<\/div>\n\t\t\t\t\t<\/div>\n\t\t\t\t<\/div>\n\t\t<div class=\"elementor-element elementor-element-076b08f obcs none e-flex e-con-boxed e-con e-parent\" data-id=\"076b08f\" data-element_type=\"container\">\n\t\t\t\t\t<div class=\"e-con-inner\">\n\t\t<div class=\"elementor-element elementor-element-c7fb960 obcs none e-flex e-con-boxed e-con e-child\" data-id=\"c7fb960\" data-element_type=\"container\">\n\t\t\t\t\t<div class=\"e-con-inner\">\n\t\t<div class=\"elementor-element elementor-element-2d6d87d obcs none e-flex e-con-boxed e-con e-child\" data-id=\"2d6d87d\" data-element_type=\"container\">\n\t\t\t\t\t<div class=\"e-con-inner\">\n\t\t\t\t<div class=\"elementor-element elementor-element-b505bcb elementor-widget elementor-widget-image\" data-id=\"b505bcb\" data-element_type=\"widget\" data-widget_type=\"image.default\">\n\t\t\t\t<div class=\"elementor-widget-container\">\n\t\t\t\t\t\t\t\t\t\t\t\t\t\t\t<img loading=\"lazy\" decoding=\"async\" width=\"300\" height=\"300\" src=\"https:\/\/www.omni-biotic.com\/es-es\/wp-content\/uploads\/sites\/6\/2023\/08\/Reparacion-de-la-mucosa-300x300-1.png\" class=\"attachment-medium size-medium wp-image-18791\" alt=\"\" srcset=\"https:\/\/www.omni-biotic.com\/es-es\/wp-content\/uploads\/sites\/6\/2023\/08\/Reparacion-de-la-mucosa-300x300-1.png 300w, https:\/\/www.omni-biotic.com\/es-es\/wp-content\/uploads\/sites\/6\/2023\/08\/Reparacion-de-la-mucosa-300x300-1-150x150.png 150w\" sizes=\"(max-width: 300px) 100vw, 300px\" title=\"\">\t\t\t\t\t\t\t\t\t\t\t\t\t\t\t<\/div>\n\t\t\t\t<\/div>\n\t\t\t\t<div class=\"elementor-element elementor-element-e0ea7ef elementor-widget elementor-widget-heading\" data-id=\"e0ea7ef\" data-element_type=\"widget\" data-widget_type=\"heading.default\">\n\t\t\t\t<div class=\"elementor-widget-container\">\n\t\t\t\t\t<h3 class=\"elementor-heading-title elementor-size-default\">Terapia de las mucosas<\/h3>\t\t\t\t<\/div>\n\t\t\t\t<\/div>\n\t\t\t\t\t<\/div>\n\t\t\t\t<\/div>\n\t\t\t\t<div class=\"elementor-element elementor-element-14a8d68 elementor-widget__width-initial elementor-widget elementor-widget-text-editor\" data-id=\"14a8d68\" data-element_type=\"widget\" data-widget_type=\"text-editor.default\">\n\t\t\t\t<div class=\"elementor-widget-container\">\n\t\t\t\t\t\t\t\t\t<p>Esta forma de terapia trata el <strong>origen<\/strong> de la <strong>alergia<\/strong> y est\u00e1 especialmente indicada para personas <strong>al\u00e9rgicas<\/strong> o intolerantes a <strong>varias sustancias<\/strong>.\u00a0<\/p><p>Al fin y al cabo, de esta manera <strong>se previenen alergias a distintas sustancias que provocan alergias<\/strong>. No es decisivo si esta sustancia proviene de plantas o animales (p. ej. polen de gram\u00edneas, pelo de animales), de alimentos (p. ej. aromas, conservantes) o de productos de cuidado personal.<\/p>\t\t\t\t\t\t\t\t<\/div>\n\t\t\t\t<\/div>\n\t\t\t\t\t<\/div>\n\t\t\t\t<\/div>\n\t\t\t\t\t<\/div>\n\t\t\t\t<\/div>\n\t\t<div class=\"elementor-element elementor-element-ee0282e obcs none e-flex e-con-boxed e-con e-parent\" data-id=\"ee0282e\" data-element_type=\"container\" data-settings=\"{&quot;background_background&quot;:&quot;classic&quot;,&quot;shape_divider_top&quot;:&quot;waves&quot;,&quot;shape_divider_bottom&quot;:&quot;waves&quot;}\">\n\t\t\t\t\t<div class=\"e-con-inner\">\n\t\t\t\t<div class=\"elementor-shape elementor-shape-top\" aria-hidden=\"true\" data-negative=\"false\">\n\t\t\t<svg xmlns=\"http:\/\/www.w3.org\/2000\/svg\" viewBox=\"0 0 1000 100\" preserveAspectRatio=\"none\">\n\t<path class=\"elementor-shape-fill\" d=\"M421.9,6.5c22.6-2.5,51.5,0.4,75.5,5.3c23.6,4.9,70.9,23.5,100.5,35.7c75.8,32.2,133.7,44.5,192.6,49.7\n\tc23.6,2.1,48.7,3.5,103.4-2.5c54.7-6,106.2-25.6,106.2-25.6V0H0v30.3c0,0,72,32.6,158.4,30.5c39.2-0.7,92.8-6.7,134-22.4\n\tc21.2-8.1,52.2-18.2,79.7-24.2C399.3,7.9,411.6,7.5,421.9,6.5z\"\/>\n<\/svg>\t\t<\/div>\n\t\t\t\t<div class=\"elementor-shape elementor-shape-bottom\" aria-hidden=\"true\" data-negative=\"false\">\n\t\t\t<svg xmlns=\"http:\/\/www.w3.org\/2000\/svg\" viewBox=\"0 0 1000 100\" preserveAspectRatio=\"none\">\n\t<path class=\"elementor-shape-fill\" d=\"M421.9,6.5c22.6-2.5,51.5,0.4,75.5,5.3c23.6,4.9,70.9,23.5,100.5,35.7c75.8,32.2,133.7,44.5,192.6,49.7\n\tc23.6,2.1,48.7,3.5,103.4-2.5c54.7-6,106.2-25.6,106.2-25.6V0H0v30.3c0,0,72,32.6,158.4,30.5c39.2-0.7,92.8-6.7,134-22.4\n\tc21.2-8.1,52.2-18.2,79.7-24.2C399.3,7.9,411.6,7.5,421.9,6.5z\"\/>\n<\/svg>\t\t<\/div>\n\t\t\t\t<div class=\"elementor-element elementor-element-1762e2e elementor-widget__width-inherit elementor-widget elementor-widget-heading\" data-id=\"1762e2e\" data-element_type=\"widget\" data-widget_type=\"heading.default\">\n\t\t\t\t<div class=\"elementor-widget-container\">\n\t\t\t\t\t<h2 class=\"elementor-heading-title elementor-size-default\">Los ni\u00f1os y las alergias<\/h2>\t\t\t\t<\/div>\n\t\t\t\t<\/div>\n\t\t\t\t<div class=\"elementor-element elementor-element-510ee55 elementor-widget elementor-widget-text-editor\" data-id=\"510ee55\" data-element_type=\"widget\" data-widget_type=\"text-editor.default\">\n\t\t\t\t<div class=\"elementor-widget-container\">\n\t\t\t\t\t\t\t\t\t<p>El riesgo de alergia depende en gran medida de los genes. Si una familia es hipersensible a sustancias ambientales como el polen, el pelo de animales o un alimento determinado, la probabilidad de que la descendencia tambi\u00e9n desarrolle una alergia es alta.<\/p>\t\t\t\t\t\t\t\t<\/div>\n\t\t\t\t<\/div>\n\t\t\t\t<div class=\"elementor-element elementor-element-7f95da8 elementor-align-center elementor-widget__width-inherit elementor-widget elementor-widget-button\" data-id=\"7f95da8\" data-element_type=\"widget\" data-widget_type=\"button.default\">\n\t\t\t\t<div class=\"elementor-widget-container\">\n\t\t\t\t\t\t\t\t\t<div class=\"elementor-button-wrapper\">\n\t\t\t\t\t<a class=\"elementor-button elementor-button-link elementor-size-lg\" href=\"#\">\n\t\t\t\t\t\t<span class=\"elementor-button-content-wrapper\">\n\t\t\t\t\t\t\t\t\t<span class=\"elementor-button-text\">M\u00e1s informaci\u00f3n sobre las alergias en los ni\u00f1os<\/span>\n\t\t\t\t\t<\/span>\n\t\t\t\t\t<\/a>\n\t\t\t\t<\/div>\n\t\t\t\t\t\t\t\t<\/div>\n\t\t\t\t<\/div>\n\t\t\t\t\t<\/div>\n\t\t\t\t<\/div>\n\t\t<div class=\"elementor-element elementor-element-93a1e70 obcs magenta e-flex e-con-boxed e-con e-parent\" data-id=\"93a1e70\" data-element_type=\"container\">\n\t\t\t\t\t<div class=\"e-con-inner\">\n\t\t\t\t<div class=\"elementor-element elementor-element-4779457 elementor-widget__width-inherit elementor-widget elementor-widget-heading\" data-id=\"4779457\" data-element_type=\"widget\" data-widget_type=\"heading.default\">\n\t\t\t\t<div class=\"elementor-widget-container\">\n\t\t\t\t\t<h2 class=\"elementor-heading-title elementor-size-default\">Entrevista a la Mag. Anita Frauwallner sobre el tema \"Alergia\"<\/h2>\t\t\t\t<\/div>\n\t\t\t\t<\/div>\n\t\t\t\t\t<\/div>\n\t\t\t\t<\/div>\n\t\t<div class=\"elementor-element elementor-element-b453362 obcs none e-flex e-con-boxed e-con e-parent\" data-id=\"b453362\" data-element_type=\"container\">\n\t\t\t\t\t<div class=\"e-con-inner\">\n\t\t<div class=\"elementor-element elementor-element-e5d0796 e-con-full obcs none e-flex e-con e-child\" data-id=\"e5d0796\" data-element_type=\"container\">\n\t\t\t\t<div class=\"elementor-element elementor-element-63b8826 e-transform elementor-widget elementor-widget-image\" data-id=\"63b8826\" data-element_type=\"widget\" data-settings=\"{&quot;_transform_rotateZ_effect&quot;:{&quot;unit&quot;:&quot;px&quot;,&quot;size&quot;:&quot;0&quot;,&quot;sizes&quot;:[]},&quot;_transform_rotate_3d&quot;:&quot;yes&quot;,&quot;_transform_rotateX_effect&quot;:{&quot;unit&quot;:&quot;px&quot;,&quot;size&quot;:&quot;0&quot;,&quot;sizes&quot;:[]},&quot;_transform_rotateY_effect&quot;:{&quot;unit&quot;:&quot;px&quot;,&quot;size&quot;:&quot;4&quot;,&quot;sizes&quot;:[]},&quot;_transform_perspective_effect&quot;:{&quot;unit&quot;:&quot;px&quot;,&quot;size&quot;:&quot;650&quot;,&quot;sizes&quot;:[]},&quot;_transform_rotateZ_effect_tablet&quot;:{&quot;unit&quot;:&quot;deg&quot;,&quot;size&quot;:&quot;&quot;,&quot;sizes&quot;:[]},&quot;_transform_rotateZ_effect_mobile&quot;:{&quot;unit&quot;:&quot;deg&quot;,&quot;size&quot;:&quot;&quot;,&quot;sizes&quot;:[]},&quot;_transform_rotateX_effect_tablet&quot;:{&quot;unit&quot;:&quot;deg&quot;,&quot;size&quot;:&quot;&quot;,&quot;sizes&quot;:[]},&quot;_transform_rotateX_effect_mobile&quot;:{&quot;unit&quot;:&quot;deg&quot;,&quot;size&quot;:&quot;&quot;,&quot;sizes&quot;:[]},&quot;_transform_rotateY_effect_tablet&quot;:{&quot;unit&quot;:&quot;deg&quot;,&quot;size&quot;:&quot;&quot;,&quot;sizes&quot;:[]},&quot;_transform_rotateY_effect_mobile&quot;:{&quot;unit&quot;:&quot;deg&quot;,&quot;size&quot;:&quot;&quot;,&quot;sizes&quot;:[]},&quot;_transform_perspective_effect_tablet&quot;:{&quot;unit&quot;:&quot;px&quot;,&quot;size&quot;:&quot;&quot;,&quot;sizes&quot;:[]},&quot;_transform_perspective_effect_mobile&quot;:{&quot;unit&quot;:&quot;px&quot;,&quot;size&quot;:&quot;&quot;,&quot;sizes&quot;:[]}}\" data-widget_type=\"image.default\">\n\t\t\t\t<div class=\"elementor-widget-container\">\n\t\t\t\t\t\t\t\t\t\t\t\t<figure class=\"wp-caption\">\n\t\t\t\t\t\t\t\t\t\t<img loading=\"lazy\" decoding=\"async\" width=\"638\" height=\"800\" src=\"https:\/\/www.omni-biotic.com\/es-es\/wp-content\/uploads\/sites\/6\/2023\/08\/mag.-anita-frauwallner.jpg\" class=\"attachment-large size-large wp-image-18795\" alt=\"Entrevista a Mag. Anita Frauwallner\" srcset=\"https:\/\/www.omni-biotic.com\/es-es\/wp-content\/uploads\/sites\/6\/2023\/08\/mag.-anita-frauwallner.jpg 638w, https:\/\/www.omni-biotic.com\/es-es\/wp-content\/uploads\/sites\/6\/2023\/08\/mag.-anita-frauwallner-239x300.jpg 239w\" sizes=\"(max-width: 638px) 100vw, 638px\" title=\"\">\t\t\t\t\t\t\t\t\t\t\t<figcaption class=\"widget-image-caption wp-caption-text\">Mag. Anita Frauwallner <br> \u00a9 Foto Fischer Graz<\/figcaption>\n\t\t\t\t\t\t\t\t\t\t<\/figure>\n\t\t\t\t\t\t\t\t\t<\/div>\n\t\t\t\t<\/div>\n\t\t\t\t<\/div>\n\t\t<div class=\"elementor-element elementor-element-b565a86 e-con-full obcs none e-flex e-con e-child\" data-id=\"b565a86\" data-element_type=\"container\">\n\t\t\t\t<div class=\"elementor-element elementor-element-0f7011b elementor-widget elementor-widget-heading\" data-id=\"0f7011b\" data-element_type=\"widget\" data-widget_type=\"heading.default\">\n\t\t\t\t<div class=\"elementor-widget-container\">\n\t\t\t\t\t<h3 class=\"elementor-heading-title elementor-size-default\">\u00bfQu\u00e9 alergias pueden surgir en el intestino y por qu\u00e9 se originan all\u00ed?<\/h3>\t\t\t\t<\/div>\n\t\t\t\t<\/div>\n\t\t\t\t<div class=\"elementor-element elementor-element-1ade914 elementor-widget elementor-widget-text-editor\" data-id=\"1ade914\" data-element_type=\"widget\" data-widget_type=\"text-editor.default\">\n\t\t\t\t<div class=\"elementor-widget-container\">\n\t\t\t\t\t\t\t\t\t<p><i>Mag. Frauwallner:\u00a0<\/i>Hoy en d\u00eda pr\u00e1cticamente cualquier sustancia puede convertirse en al\u00e9rgeno y desencadenar reacciones al\u00e9rgicas. Las personas con un sistema inmunitario debilitado en particular experimentan esto, porque una\u00a0<b>alergia\u00a0<\/b>es una\u00a0<b>reacci\u00f3n exagerada del sistema inmunol\u00f3gico\u00a0<\/b>a sustancias que no causan ninguna reacci\u00f3n en personas no al\u00e9rgicas.<\/p><p>Si se tiene en cuenta que el e<span style=\"background-color: inherit\">l <strong>70 % de todas las c\u00e9lulas inmunitarias que producen anticuerpos se localizan en el intestino<\/strong><\/span><b><\/b>, queda claro de inmediato por qu\u00e9 las alergias ocurren con m\u00e1s frecuencia cuando el intestino no funciona bien.\u00a0 Mejor dicho, desde un punto de vista t\u00e9cnico: cuando la\u00a0<strong>barrera intestinal<\/strong>\u00a0deja de funcionar correctamente. Esto puede ocurrir como consecuencia de una terapia con antibi\u00f3ticos, que haya eliminado en gran medida nuestras importantes bacterias intestinales, o de excesivo estr\u00e9s. Adem\u00e1s, se inhibe el flujo sangu\u00edneo en el intestino, lo que intensifica la inflamaci\u00f3n. Esto crea un\u00a0<b>intestino con alta permeabilidad\u00a0<\/b>(<b>intestino permeable<\/b>), para componentes alimenticios grandes, para sustancias t\u00f3xicas o para\u00a0<b>al\u00e9rgenos<\/b>\u00a0como el\u00a0<b>polen<\/b>.<\/p>\t\t\t\t\t\t\t\t<\/div>\n\t\t\t\t<\/div>\n\t\t\t\t<\/div>\n\t\t\t\t\t<\/div>\n\t\t\t\t<\/div>\n\t\t<div class=\"elementor-element elementor-element-269665f obcs magenta e-flex e-con-boxed e-con e-parent\" data-id=\"269665f\" data-element_type=\"container\">\n\t\t\t\t\t<div class=\"e-con-inner\">\n\t\t\t\t<div class=\"elementor-element elementor-element-3c0875b elementor-widget elementor-widget-infobox\" data-id=\"3c0875b\" data-element_type=\"widget\" data-widget_type=\"infobox.default\">\n\t\t\t\t<div class=\"elementor-widget-container\">\n\t\t\t\t\t\n<div class=\"li-widgets--infobox yellow highlights-always-magenta\">\n\n    <div class=\"li-widgets--infobox__icon\">\n            <\/div>\n    <div class=\"li-widgets--infobox__text\">\n        Hay que empezar en el lugar donde se origina la alergia: \u00a1en el intestino!     <\/div>\n    <div class=\"li-widgets--infobox__text-body\">\n        \u2013 Mag. Anita Frauwallner    <\/div>\n\n    \n<\/div>\n\t\t\t\t<\/div>\n\t\t\t\t<\/div>\n\t\t\t\t\t<\/div>\n\t\t\t\t<\/div>\n\t\t<div class=\"elementor-element elementor-element-33f6c01 obcs none e-flex e-con-boxed e-con e-parent\" data-id=\"33f6c01\" data-element_type=\"container\">\n\t\t\t\t\t<div class=\"e-con-inner\">\n\t\t<div class=\"elementor-element elementor-element-39fe161 obcs none e-flex e-con-boxed e-con e-child\" data-id=\"39fe161\" data-element_type=\"container\">\n\t\t\t\t\t<div class=\"e-con-inner\">\n\t\t\t\t<div class=\"elementor-element elementor-element-fa2435e elementor-widget__width-initial elementor-widget elementor-widget-text-editor\" data-id=\"fa2435e\" data-element_type=\"widget\" data-widget_type=\"text-editor.default\">\n\t\t\t\t<div class=\"elementor-widget-container\">\n\t\t\t\t\t\t\t\t\t<p>Si su sistema inmunitario est\u00e1 sobreestimulado, pueden producirse<b>\u00a0reacciones al\u00e9rgicas\u00a0<\/b>, por ejemplo, a la leche, al trigo o a las manzanas, porque las ingiere con m\u00e1s frecuencia, o a las sustancias que toca. Es malo si tambi\u00e9n hay reacciones al\u00e9rgicas al polen de abedul o avellana debido a las<b>\u00a0reacciones cruzadas<\/b>. Cuanto m\u00e1s reacciones al\u00e9rgicas ocurren, m\u00e1s susceptible se vuelve uno a sufrir m\u00e1s alergias. \u00a1Y todo empez\u00f3 en el intestino!<\/p>\t\t\t\t\t\t\t\t<\/div>\n\t\t\t\t<\/div>\n\t\t\t\t<div class=\"elementor-element elementor-element-e657ce4 elementor-widget elementor-widget-heading\" data-id=\"e657ce4\" data-element_type=\"widget\" data-widget_type=\"heading.default\">\n\t\t\t\t<div class=\"elementor-widget-container\">\n\t\t\t\t\t<h3 class=\"elementor-heading-title elementor-size-default\">\u00bfPuede curar sus alergias ayudando a su propio intestino? \u00bfQu\u00e9 es \u00fatil en caso de alergias?<\/h3>\t\t\t\t<\/div>\n\t\t\t\t<\/div>\n\t\t\t\t<div class=\"elementor-element elementor-element-09a70c2 elementor-widget elementor-widget-text-editor\" data-id=\"09a70c2\" data-element_type=\"widget\" data-widget_type=\"text-editor.default\">\n\t\t\t\t<div class=\"elementor-widget-container\">\n\t\t\t\t\t\t\t\t\t<p class=\"bodytext\"><i class=\"text-primary\">Mag. Frauwallner:\u00a0<\/i>Soy el mejor ejemplo de que usted mismo puede terminar sus alergias. Empiece donde se origina la alergia: \u00a1en el intestino!<\/p><ol><li>Intente reducir el estr\u00e9s y, sobre todo, reparar la mucosa intestinal inflamada. Esto se consigue tomando las bacterias intestinales antiinflamatorias adecuadas.<\/li><li>Fortalezca su sistema inmunitario. Durante la temporada de polen, es mejor no hacer ejercicios extenuantes y fortalecer la mucosa intestinal. A su vez, las bacterias intestinales buenas ayudan a ello. A m\u00ed me gusta utilizar una combinaci\u00f3n eficiente de seis\u00a0<b>cepas bacterianas l\u00edderes<\/b>\u00a0que colonizan todo el intestino de arriba a abajo.<\/li><li>Si le gotea la nariz y le lloran los ojos, debe detener la\u00a0<b>producci\u00f3n de histamina en el intestino<\/b>. El zinc es una excelente ayuda para esto. En general, las vitaminas del complejo B, los amino\u00e1cidos y diversos oligoelementos son necesarios para el desarrollo de una mucosa intestinal intacta. Esto har\u00e1 que se ponga \u00ab<strong>en forma<\/strong>\u00ab.<\/li><\/ol>\t\t\t\t\t\t\t\t<\/div>\n\t\t\t\t<\/div>\n\t\t\t\t\t<\/div>\n\t\t\t\t<\/div>\n\t\t\t\t\t<\/div>\n\t\t\t\t<\/div>\n\t\t<div class=\"elementor-element elementor-element-300a34f obcs magenta e-flex e-con-boxed e-con e-parent\" data-id=\"300a34f\" data-element_type=\"container\">\n\t\t\t\t\t<div class=\"e-con-inner\">\n\t\t<div class=\"elementor-element elementor-element-1a9db0d e-con-full obcs none e-flex e-con e-child\" data-id=\"1a9db0d\" data-element_type=\"container\">\n\t\t\t\t<div class=\"elementor-element elementor-element-eaf81d8 elementor-widget elementor-widget-heading\" data-id=\"eaf81d8\" data-element_type=\"widget\" data-widget_type=\"heading.default\">\n\t\t\t\t<div class=\"elementor-widget-container\">\n\t\t\t\t\t<h3 class=\"elementor-heading-title elementor-size-default\">\u00bfQu\u00e9 alergias no tienen nada que ver con el intestino? \u00bfO todas las alergias tienen algo que ver con el intestino?<\/h3>\t\t\t\t<\/div>\n\t\t\t\t<\/div>\n\t\t\t\t<div class=\"elementor-element elementor-element-ff89f61 elementor-widget elementor-widget-text-editor\" data-id=\"ff89f61\" data-element_type=\"widget\" data-widget_type=\"text-editor.default\">\n\t\t\t\t<div class=\"elementor-widget-container\">\n\t\t\t\t\t\t\t\t\t<p><i class=\"text-primary\">Mag. Frauwallner:\u00a0<\/i>Tanto las alergias de tipo I-III mediadas por\u00a0<b>anticuerpos\u00a0<\/b>como la reacci\u00f3n de tipo IV desencadenada por las c\u00e9lulas T siempre se deben a un error en el sistema inmunitario. En una persona completamente sana con un intestino en funcionamiento y una colonizaci\u00f3n bacteriana \u00f3ptima, la \u00ab<strong>alergia por mal funcionamiento<\/strong>\u00bb inmunol\u00f3gico y, sobre todo, tambi\u00e9n las intolerancias alimentarias, de las que se sabe que hoy en d\u00eda sufren muchas m\u00e1s personas, apenas existir\u00e1n.<\/p><p>Incluso en ni\u00f1os que est\u00e1n gen\u00e9ticamente predispuestos por ambos padres, es posible prevenir la aparici\u00f3n de alergias, dermatitis at\u00f3picas y asma en un 80 % administrando las\u00a0<strong>bacterias intestinales<\/strong>\u00a0adecuadas durante el\u00a0<strong>embarazo<\/strong>\u00a0y en el primer a\u00f1o de vida del beb\u00e9. Hace 10 a\u00f1os publicamos el gran estudio PANDA sobre este tema. Reci\u00e9n ahora los pediatras y los alerg\u00f3logos est\u00e1n empezando a explotar lentamente el potencial de esta terapia especial probi\u00f3tica.<\/p>\t\t\t\t\t\t\t\t<\/div>\n\t\t\t\t<\/div>\n\t\t\t\t<\/div>\n\t\t<div class=\"elementor-element elementor-element-2f07f67 e-con-full obcs none e-flex e-con e-child\" data-id=\"2f07f67\" data-element_type=\"container\">\n\t\t\t\t<div class=\"elementor-element elementor-element-4aba2b3 e-transform elementor-widget elementor-widget-image\" data-id=\"4aba2b3\" data-element_type=\"widget\" data-settings=\"{&quot;_transform_rotateZ_effect&quot;:{&quot;unit&quot;:&quot;px&quot;,&quot;size&quot;:&quot;0&quot;,&quot;sizes&quot;:[]},&quot;_transform_rotate_3d&quot;:&quot;yes&quot;,&quot;_transform_rotateX_effect&quot;:{&quot;unit&quot;:&quot;px&quot;,&quot;size&quot;:&quot;0&quot;,&quot;sizes&quot;:[]},&quot;_transform_rotateY_effect&quot;:{&quot;unit&quot;:&quot;px&quot;,&quot;size&quot;:&quot;-4&quot;,&quot;sizes&quot;:[]},&quot;_transform_perspective_effect&quot;:{&quot;unit&quot;:&quot;px&quot;,&quot;size&quot;:&quot;650&quot;,&quot;sizes&quot;:[]},&quot;_transform_rotateZ_effect_tablet&quot;:{&quot;unit&quot;:&quot;deg&quot;,&quot;size&quot;:&quot;&quot;,&quot;sizes&quot;:[]},&quot;_transform_rotateZ_effect_mobile&quot;:{&quot;unit&quot;:&quot;deg&quot;,&quot;size&quot;:&quot;&quot;,&quot;sizes&quot;:[]},&quot;_transform_rotateX_effect_tablet&quot;:{&quot;unit&quot;:&quot;deg&quot;,&quot;size&quot;:&quot;&quot;,&quot;sizes&quot;:[]},&quot;_transform_rotateX_effect_mobile&quot;:{&quot;unit&quot;:&quot;deg&quot;,&quot;size&quot;:&quot;&quot;,&quot;sizes&quot;:[]},&quot;_transform_rotateY_effect_tablet&quot;:{&quot;unit&quot;:&quot;deg&quot;,&quot;size&quot;:&quot;&quot;,&quot;sizes&quot;:[]},&quot;_transform_rotateY_effect_mobile&quot;:{&quot;unit&quot;:&quot;deg&quot;,&quot;size&quot;:&quot;&quot;,&quot;sizes&quot;:[]},&quot;_transform_perspective_effect_tablet&quot;:{&quot;unit&quot;:&quot;px&quot;,&quot;size&quot;:&quot;&quot;,&quot;sizes&quot;:[]},&quot;_transform_perspective_effect_mobile&quot;:{&quot;unit&quot;:&quot;px&quot;,&quot;size&quot;:&quot;&quot;,&quot;sizes&quot;:[]}}\" data-widget_type=\"image.default\">\n\t\t\t\t<div class=\"elementor-widget-container\">\n\t\t\t\t\t\t\t\t\t\t\t\t\t\t\t<img loading=\"lazy\" decoding=\"async\" width=\"768\" height=\"768\" src=\"https:\/\/www.omni-biotic.com\/es-es\/wp-content\/uploads\/sites\/6\/2023\/08\/prueba-de-alergia-prick-test-768x768-1.jpg\" class=\"attachment-large size-large wp-image-18799\" alt=\"\" srcset=\"https:\/\/www.omni-biotic.com\/es-es\/wp-content\/uploads\/sites\/6\/2023\/08\/prueba-de-alergia-prick-test-768x768-1.jpg 768w, https:\/\/www.omni-biotic.com\/es-es\/wp-content\/uploads\/sites\/6\/2023\/08\/prueba-de-alergia-prick-test-768x768-1-300x300.jpg 300w, https:\/\/www.omni-biotic.com\/es-es\/wp-content\/uploads\/sites\/6\/2023\/08\/prueba-de-alergia-prick-test-768x768-1-150x150.jpg 150w\" sizes=\"(max-width: 768px) 100vw, 768px\" title=\"\">\t\t\t\t\t\t\t\t\t\t\t\t\t\t\t<\/div>\n\t\t\t\t<\/div>\n\t\t\t\t<\/div>\n\t\t\t\t\t<\/div>\n\t\t\t\t<\/div>\n\t\t<div class=\"elementor-element elementor-element-bf6c3a8 obcs none e-flex e-con-boxed e-con e-parent\" data-id=\"bf6c3a8\" data-element_type=\"container\">\n\t\t\t\t\t<div class=\"e-con-inner\">\n\t\t<div class=\"elementor-element elementor-element-6de8dac obcs none e-flex e-con-boxed e-con e-child\" data-id=\"6de8dac\" data-element_type=\"container\">\n\t\t\t\t\t<div class=\"e-con-inner\">\n\t\t\t\t<div class=\"elementor-element elementor-element-8e2a1cb elementor-widget elementor-widget-heading\" data-id=\"8e2a1cb\" data-element_type=\"widget\" data-widget_type=\"heading.default\">\n\t\t\t\t<div class=\"elementor-widget-container\">\n\t\t\t\t\t<h3 class=\"elementor-heading-title elementor-size-default\">\u00bfPor qu\u00e9 parece que cada vez hay m\u00e1s gente con alergias?<\/h3>\t\t\t\t<\/div>\n\t\t\t\t<\/div>\n\t\t\t\t<div class=\"elementor-element elementor-element-cecc745 elementor-widget elementor-widget-text-editor\" data-id=\"cecc745\" data-element_type=\"widget\" data-widget_type=\"text-editor.default\">\n\t\t\t\t<div class=\"elementor-widget-container\">\n\t\t\t\t\t\t\t\t\t<p>Frauwallner: No es solo una impresi\u00f3n, es un hecho que hoy en d\u00eda hay muchas m\u00e1s personas que sufren alergias que hace 50 a\u00f1os. Pero no es de extra\u00f1ar, solo hay que tener en cuenta que\u00a0<strong>a todos los ni\u00f1os se les administran antibi\u00f3ticos varias veces ya en los primeros a\u00f1os de vida<\/strong>, y por desgracia a menudo de forma innecesaria. Nuestra alimentaci\u00f3n contiene cada vez m\u00e1s az\u00facar, colorantes, conservantes y potenciadores del sabor artificiales, y el 30% de la poblaci\u00f3n sufre tanto\u00a0<strong>estr\u00e9s<\/strong>\u00a0que corre un enorme riesgo de\u00a0<strong>agotamiento<\/strong>. El 80 % de los alemanes ya no tienen una\u00a0<strong>flora intestinal<\/strong>\u00a0normal y sufren flatulencias,\u00a0<strong>dolores<\/strong>\u00a0constantes y\u00a0<strong>fatiga cr\u00f3nica<\/strong>. Tenemos que volver a lo que todas las ciencias curativas antiguas, desde el Ayurveda hasta Hip\u00f3crates y Paracelso, expresaban claramente: \u00abEl intestino es el centro de la salud y la enfermedad\u00bb. Mi visi\u00f3n es muy clara, sobre todo en el caso de las alergias: no hay que fijarse solo en los s\u00edntomas, sino luchar contra las causas. Y las alergias son causadas por un intestino que funciona mal y por el consiguiente descontrol del sistema inmunitario.<\/p>\t\t\t\t\t\t\t\t<\/div>\n\t\t\t\t<\/div>\n\t\t\t\t\t<\/div>\n\t\t\t\t<\/div>\n\t\t\t\t\t<\/div>\n\t\t\t\t<\/div>\n\t\t<div class=\"elementor-element elementor-element-5317072 obcs none e-flex e-con-boxed e-con e-parent\" data-id=\"5317072\" data-element_type=\"container\">\n\t\t\t\t\t<div class=\"e-con-inner\">\n\t\t\t\t<div class=\"elementor-element elementor-element-22f1dcf elementor-widget__width-inherit elementor-widget elementor-widget-heading\" data-id=\"22f1dcf\" data-element_type=\"widget\" data-widget_type=\"heading.default\">\n\t\t\t\t<div class=\"elementor-widget-container\">\n\t\t\t\t\t<h2 class=\"elementor-heading-title elementor-size-default\">Art\u00edculos relacionados<\/h2>\t\t\t\t<\/div>\n\t\t\t\t<\/div>\n\t\t\t\t<div class=\"elementor-element elementor-element-777fb60 elementor-widget elementor-widget-li-widgets--posts-gallery\" data-id=\"777fb60\" data-element_type=\"widget\" data-widget_type=\"li-widgets--posts-gallery.default\">\n\t\t\t\t<div class=\"elementor-widget-container\">\n\t\t\t\t\t    \n<div class=\"li-widgets--posts-gallery__pagination\" data-post-id=\"155\">\n\n    <div class=\"li-widgets--posts-gallery__pagination-results\">\n        1-6 de 66 resultados    <\/div>\n    <div class=\"li-widgets--posts-gallery__pagination-pages\">\n        P\u00e1gina  1 de 11    <\/div>\n    <div class=\"li-widgets--posts-gallery__pagination-url\">\n                            <a href=\"#\" data-href=\"https:\/\/www.omni-biotic.com\/es-es\/wp-json\/wp\/v2\/pages\/155\/?search&category=110&cur=1\">1<\/a>\n                    <a href=\"#\" data-href=\"https:\/\/www.omni-biotic.com\/es-es\/wp-json\/wp\/v2\/pages\/155\/?search&category=110&cur=2\">2<\/a>\n                    <a href=\"#\" data-href=\"https:\/\/www.omni-biotic.com\/es-es\/wp-json\/wp\/v2\/pages\/155\/?search&category=110&cur=3\">3<\/a>\n                            <a href=\"#\" data-href=\"https:\/\/www.omni-biotic.com\/es-es\/wp-json\/wp\/v2\/pages\/155\/?search&category=110&cur=11\">\u00bb<\/a>\n            <\/div>\n<\/div>\n<div class=\"li-widgets--posts-gallery blog\">\n                    <a href=\"https:\/\/www.omni-biotic.com\/es-es\/blog\/alergia-y-el-sistema-inmunitario\/\"\n           class=\"li-widgets--posts-gallery__post\">\n            <div class=\"post--image__container\">\n                <div class=\"post--image\">\n                    <img loading=\"lazy\" decoding=\"async\" width=\"768\" height=\"512\" src=\"https:\/\/www.omni-biotic.com\/es-es\/wp-content\/uploads\/sites\/6\/2026\/03\/prueba-medica-alergia-test-cutaneo.jpg-768x512.jpg\" class=\"attachment-medium_large size-medium_large wp-post-image\" alt=\"prueba m\u00e9dica para diagnosticar alergia mediante test cut\u00e1neo\" srcset=\"https:\/\/www.omni-biotic.com\/es-es\/wp-content\/uploads\/sites\/6\/2026\/03\/prueba-medica-alergia-test-cutaneo.jpg-768x512.jpg 768w, https:\/\/www.omni-biotic.com\/es-es\/wp-content\/uploads\/sites\/6\/2026\/03\/prueba-medica-alergia-test-cutaneo.jpg-300x200.jpg 300w, https:\/\/www.omni-biotic.com\/es-es\/wp-content\/uploads\/sites\/6\/2026\/03\/prueba-medica-alergia-test-cutaneo.jpg-1024x683.jpg 1024w, https:\/\/www.omni-biotic.com\/es-es\/wp-content\/uploads\/sites\/6\/2026\/03\/prueba-medica-alergia-test-cutaneo.jpg.jpg 1536w\" sizes=\"(max-width: 768px) 100vw, 768px\" title=\"\">                <\/div>\n            <\/div>\n            <div class=\"post--teaser\">\n                <div class=\"title\">Alergia: por qu\u00e9 el sistema inmunitario reacciona de forma exagerada<\/div>\n                <div class=\"description\">\n                    Un estornudo, picor en los ojos o una nariz que no deja de gotear. Para\u2026                    <br>\n                    <span class=\"read-more\">\n                            Seguir leyendo                        <\/span>\n                <\/div>\n                <div class=\"metadata\"><b>Actualizado:<\/b> 10. marzo 2026 \u2022 <b>Categor\u00edas:<\/b> General, Problemas y asesoramiento<\/div>\n            <\/div>\n        <\/a>\n                <a href=\"https:\/\/www.omni-biotic.com\/es-es\/blog\/probioticos-y-antibioticos\/\"\n           class=\"li-widgets--posts-gallery__post\">\n            <div class=\"post--image__container\">\n                <div class=\"post--image\">\n                    <img loading=\"lazy\" decoding=\"async\" width=\"600\" height=\"400\" src=\"https:\/\/www.omni-biotic.com\/es-es\/wp-content\/uploads\/sites\/6\/2026\/01\/Terapia-de-antibioticos-y-probioticos.jpg\" class=\"attachment-medium_large size-medium_large wp-post-image\" alt=\"mujer tomando pastillas\" srcset=\"https:\/\/www.omni-biotic.com\/es-es\/wp-content\/uploads\/sites\/6\/2026\/01\/Terapia-de-antibioticos-y-probioticos.jpg 600w, https:\/\/www.omni-biotic.com\/es-es\/wp-content\/uploads\/sites\/6\/2026\/01\/Terapia-de-antibioticos-y-probioticos-300x200.jpg 300w\" sizes=\"(max-width: 600px) 100vw, 600px\" title=\"\">                <\/div>\n            <\/div>\n            <div class=\"post--teaser\">\n                <div class=\"title\">Probi\u00f3ticos y antibi\u00f3ticos: la era de la microbiota ya ha llegado<\/div>\n                <div class=\"description\">\n                    Los antibi\u00f3ticos han revolucionado la medicina, pero tambi\u00e9n pueden alterar profundamente la microbiota intestinal y\u2026                    <br>\n                    <span class=\"read-more\">\n                            Seguir leyendo                        <\/span>\n                <\/div>\n                <div class=\"metadata\"><b>Actualizado:<\/b> 19. enero 2026 \u2022 <b>Categor\u00edas:<\/b> General, Noticias de investigaci\u00f3n, Problemas y asesoramiento<\/div>\n            <\/div>\n        <\/a>\n                <a href=\"https:\/\/www.omni-biotic.com\/es-es\/blog\/tu-sistema-inmunitario-fuerte\/\"\n           class=\"li-widgets--posts-gallery__post\">\n            <div class=\"post--image__container\">\n                <div class=\"post--image\">\n                    <img loading=\"lazy\" decoding=\"async\" width=\"600\" height=\"429\" src=\"https:\/\/www.omni-biotic.com\/es-es\/wp-content\/uploads\/sites\/6\/2025\/12\/Sistema-Inmunitario_invierno_mujer-con-abrigo.png\" class=\"attachment-medium_large size-medium_large wp-post-image\" alt=\"Sistema Inmunitario: Mujer abrigada en la nieve\" srcset=\"https:\/\/www.omni-biotic.com\/es-es\/wp-content\/uploads\/sites\/6\/2025\/12\/Sistema-Inmunitario_invierno_mujer-con-abrigo.png 600w, https:\/\/www.omni-biotic.com\/es-es\/wp-content\/uploads\/sites\/6\/2025\/12\/Sistema-Inmunitario_invierno_mujer-con-abrigo-300x215.png 300w\" sizes=\"(max-width: 600px) 100vw, 600px\" title=\"\">                <\/div>\n            <\/div>\n            <div class=\"post--teaser\">\n                <div class=\"title\">\u00a1Refuerza tu sistema inmunitario con 5 factores clave!<\/div>\n                <div class=\"description\">\n                    Nuestro sistema inmunitario es una red extremadamente compleja y sensible que se extiende por todo\u2026                    <br>\n                    <span class=\"read-more\">\n                            Seguir leyendo                        <\/span>\n                <\/div>\n                <div class=\"metadata\"><b>Actualizado:<\/b> 10. diciembre 2025 \u2022 <b>Categor\u00edas:<\/b> General, Problemas y asesoramiento<\/div>\n            <\/div>\n        <\/a>\n                <a href=\"https:\/\/www.omni-biotic.com\/es-es\/blog\/enfermedad-de-crohn\/\"\n           class=\"li-widgets--posts-gallery__post\">\n            <div class=\"post--image__container\">\n                <div class=\"post--image\">\n                    <img loading=\"lazy\" decoding=\"async\" width=\"768\" height=\"512\" src=\"https:\/\/www.omni-biotic.com\/es-es\/wp-content\/uploads\/sites\/6\/2025\/12\/enfermedad-de-crohn_intestino-768x512.png\" class=\"attachment-medium_large size-medium_large wp-post-image\" alt=\"Inflamaci\u00f3n t\u00edpica de la enfermedad de Crohn\" srcset=\"https:\/\/www.omni-biotic.com\/es-es\/wp-content\/uploads\/sites\/6\/2025\/12\/enfermedad-de-crohn_intestino-768x512.png 768w, https:\/\/www.omni-biotic.com\/es-es\/wp-content\/uploads\/sites\/6\/2025\/12\/enfermedad-de-crohn_intestino-300x200.png 300w, https:\/\/www.omni-biotic.com\/es-es\/wp-content\/uploads\/sites\/6\/2025\/12\/enfermedad-de-crohn_intestino-1024x683.png 1024w, https:\/\/www.omni-biotic.com\/es-es\/wp-content\/uploads\/sites\/6\/2025\/12\/enfermedad-de-crohn_intestino.png 1536w\" sizes=\"(max-width: 768px) 100vw, 768px\" title=\"\">                <\/div>\n            <\/div>\n            <div class=\"post--teaser\">\n                <div class=\"title\">Enfermedad de Crohn<\/div>\n                <div class=\"description\">\n                    La enfermedad de Crohn es una inflamaci\u00f3n cr\u00f3nica del intestino que puede causar diarrea persistente,\u2026                    <br>\n                    <span class=\"read-more\">\n                            Seguir leyendo                        <\/span>\n                <\/div>\n                <div class=\"metadata\"><b>Actualizado:<\/b> 10. marzo 2026 \u2022 <b>Categor\u00edas:<\/b> Problemas y asesoramiento<\/div>\n            <\/div>\n        <\/a>\n                <a href=\"https:\/\/www.omni-biotic.com\/es-es\/blog\/ansiedad-en-otono-causas-y-sintomas\/\"\n           class=\"li-widgets--posts-gallery__post\">\n            <div class=\"post--image__container\">\n                <div class=\"post--image\">\n                    <img loading=\"lazy\" decoding=\"async\" width=\"768\" height=\"512\" src=\"https:\/\/www.omni-biotic.com\/es-es\/wp-content\/uploads\/sites\/6\/2025\/11\/Ansiedad-en-otono-768x512.png\" class=\"attachment-medium_large size-medium_large wp-post-image\" alt=\"Trastorno afectivo estacional (TAE)\" srcset=\"https:\/\/www.omni-biotic.com\/es-es\/wp-content\/uploads\/sites\/6\/2025\/11\/Ansiedad-en-otono-768x512.png 768w, https:\/\/www.omni-biotic.com\/es-es\/wp-content\/uploads\/sites\/6\/2025\/11\/Ansiedad-en-otono-300x200.png 300w, https:\/\/www.omni-biotic.com\/es-es\/wp-content\/uploads\/sites\/6\/2025\/11\/Ansiedad-en-otono-1024x683.png 1024w, https:\/\/www.omni-biotic.com\/es-es\/wp-content\/uploads\/sites\/6\/2025\/11\/Ansiedad-en-otono.png 1536w\" sizes=\"(max-width: 768px) 100vw, 768px\" title=\"\">                <\/div>\n            <\/div>\n            <div class=\"post--teaser\">\n                <div class=\"title\">Ansiedad en oto\u00f1o: causas, s\u00edntomas y c\u00f3mo reducirla de forma natural<\/div>\n                <div class=\"description\">\n                    La ansiedad en oto\u00f1o es m\u00e1s com\u00fan de lo que parece. Menos luz solar, cambios\u2026                    <br>\n                    <span class=\"read-more\">\n                            Seguir leyendo                        <\/span>\n                <\/div>\n                <div class=\"metadata\"><b>Actualizado:<\/b> 11. noviembre 2025 \u2022 <b>Categor\u00edas:<\/b> General, Problemas y asesoramiento<\/div>\n            <\/div>\n        <\/a>\n                <a href=\"https:\/\/www.omni-biotic.com\/es-es\/blog\/intolerancia-a-la-histamina\/\"\n           class=\"li-widgets--posts-gallery__post\">\n            <div class=\"post--image__container\">\n                <div class=\"post--image\">\n                    <img loading=\"lazy\" decoding=\"async\" width=\"700\" height=\"500\" src=\"https:\/\/www.omni-biotic.com\/es-es\/wp-content\/uploads\/sites\/6\/2025\/11\/histamina-dolor-de-cabeza-vino-cocina.jpg\" class=\"attachment-medium_large size-medium_large wp-post-image\" alt=\"Histamina-causas-consecuencias\" srcset=\"https:\/\/www.omni-biotic.com\/es-es\/wp-content\/uploads\/sites\/6\/2025\/11\/histamina-dolor-de-cabeza-vino-cocina.jpg 700w, https:\/\/www.omni-biotic.com\/es-es\/wp-content\/uploads\/sites\/6\/2025\/11\/histamina-dolor-de-cabeza-vino-cocina-300x214.jpg 300w\" sizes=\"(max-width: 700px) 100vw, 700px\" title=\"\">                <\/div>\n            <\/div>\n            <div class=\"post--teaser\">\n                <div class=\"title\">Intolerancia a la histamina<\/div>\n                <div class=\"description\">\n                    Una copa de vino tinto y un trozo de queso curado bastan para que la\u2026                    <br>\n                    <span class=\"read-more\">\n                            Seguir leyendo                        <\/span>\n                <\/div>\n                <div class=\"metadata\"><b>Actualizado:<\/b> 25. noviembre 2025 \u2022 <b>Categor\u00edas:<\/b> Problemas y asesoramiento<\/div>\n            <\/div>\n        <\/a>\n            <\/div>\n\t\t\t\t<\/div>\n\t\t\t\t<\/div>\n\t\t\t\t\t<\/div>\n\t\t\t\t<\/div>\n\t\t\t\t<\/div>\n\t\t","protected":false},"excerpt":{"rendered":"<p>Alergia Nuestro intestino es un \u00f3rgano frecuentemente subestimado: \u00bfSab\u00eda que la superficie del intestino es de unos\u00a0400 m2\u00a0\u00a0y, por lo tanto, es 10 veces m\u00e1s grande que la superficie de los pulmones y 100 veces m\u00e1s grande que la piel?\u00a0100 billones de bacterias\u00a0de miles de especies retozan en esta \u00e1rea.\u00a0Dichas bacterias componen la microbiota intestinal, [&hellip;]<\/p>\n","protected":false},"author":3,"featured_media":0,"parent":153,"menu_order":460,"comment_status":"closed","ping_status":"closed","template":"","meta":{"_acf_changed":false,"inline_featured_image":false,"footnotes":""},"class_list":["post-155","page","type-page","status-publish","hentry"],"acf":[],"_links":{"self":[{"href":"https:\/\/www.omni-biotic.com\/es-es\/wp-json\/wp\/v2\/pages\/155","targetHints":{"allow":["GET"]}}],"collection":[{"href":"https:\/\/www.omni-biotic.com\/es-es\/wp-json\/wp\/v2\/pages"}],"about":[{"href":"https:\/\/www.omni-biotic.com\/es-es\/wp-json\/wp\/v2\/types\/page"}],"author":[{"embeddable":true,"href":"https:\/\/www.omni-biotic.com\/es-es\/wp-json\/wp\/v2\/users\/3"}],"replies":[{"embeddable":true,"href":"https:\/\/www.omni-biotic.com\/es-es\/wp-json\/wp\/v2\/comments?post=155"}],"version-history":[{"count":7,"href":"https:\/\/www.omni-biotic.com\/es-es\/wp-json\/wp\/v2\/pages\/155\/revisions"}],"predecessor-version":[{"id":23182,"href":"https:\/\/www.omni-biotic.com\/es-es\/wp-json\/wp\/v2\/pages\/155\/revisions\/23182"}],"up":[{"embeddable":true,"href":"https:\/\/www.omni-biotic.com\/es-es\/wp-json\/wp\/v2\/pages\/153"}],"wp:attachment":[{"href":"https:\/\/www.omni-biotic.com\/es-es\/wp-json\/wp\/v2\/media?parent=155"}],"curies":[{"name":"wp","href":"https:\/\/api.w.org\/{rel}","templated":true}]}}