{"id":23933,"date":"2024-09-13T13:51:24","date_gmt":"2024-09-13T11:51:24","guid":{"rendered":"https:\/\/www.omni-biotic.com\/es-es\/?page_id=23933"},"modified":"2025-06-18T09:24:13","modified_gmt":"2025-06-18T07:24:13","slug":"guia-del-microbioma-femenino","status":"publish","type":"page","link":"https:\/\/www.omni-biotic.com\/es-es\/salud-intestinal\/areas-de-influencia-del-intestino\/floravaginal\/guia-del-microbioma-femenino\/","title":{"rendered":"Gu\u00eda del microbioma femenino"},"content":{"rendered":"\t\t<div data-elementor-type=\"wp-page\" data-elementor-id=\"23933\" class=\"elementor elementor-23933\" data-elementor-post-type=\"page\">\n\t\t\t\t<div class=\"elementor-element elementor-element-53dd14b obcs none e-flex e-con-boxed e-con e-parent\" data-id=\"53dd14b\" data-element_type=\"container\" data-settings=\"{&quot;background_background&quot;:&quot;classic&quot;,&quot;shape_divider_bottom&quot;:&quot;curve-asymmetrical&quot;,&quot;shape_divider_bottom_negative&quot;:&quot;yes&quot;}\">\n\t\t\t\t\t<div class=\"e-con-inner\">\n\t\t\t\t<div class=\"elementor-shape elementor-shape-bottom\" aria-hidden=\"true\" data-negative=\"true\">\n\t\t\t<svg xmlns=\"http:\/\/www.w3.org\/2000\/svg\" viewBox=\"0 0 1000 100\" preserveAspectRatio=\"none\">\n\t<path class=\"elementor-shape-fill\" d=\"M615.2,96.7C240.2,97.8,0,18.9,0,0v100h1000V0C1000,19.2,989.8,96,615.2,96.7z\"\/>\n<\/svg>\t\t<\/div>\n\t\t<div class=\"elementor-element elementor-element-83b8045 e-con-full obcs none e-flex e-con e-child\" data-id=\"83b8045\" data-element_type=\"container\" data-settings=\"{&quot;background_background&quot;:&quot;classic&quot;}\">\n\t\t<div class=\"elementor-element elementor-element-09275fb obcs none e-flex e-con-boxed e-con e-child\" data-id=\"09275fb\" data-element_type=\"container\">\n\t\t\t\t\t<div class=\"e-con-inner\">\n\t\t\t\t<div class=\"elementor-element elementor-element-aa71284 elementor-widget elementor-widget-heading\" data-id=\"aa71284\" data-element_type=\"widget\" data-widget_type=\"heading.default\">\n\t\t\t\t<div class=\"elementor-widget-container\">\n\t\t\t\t\t<h1 class=\"elementor-heading-title elementor-size-default\">Gu\u00eda del microbioma femenino<\/h1>\t\t\t\t<\/div>\n\t\t\t\t<\/div>\n\t\t\t\t\t<\/div>\n\t\t\t\t<\/div>\n\t\t\t\t<div class=\"elementor-element elementor-element-905ace6 elementor-widget-divider--view-line elementor-widget elementor-widget-divider\" data-id=\"905ace6\" data-element_type=\"widget\" data-widget_type=\"divider.default\">\n\t\t\t\t<div class=\"elementor-widget-container\">\n\t\t\t\t\t\t\t<div class=\"elementor-divider\">\n\t\t\t<span class=\"elementor-divider-separator\">\n\t\t\t\t\t\t<\/span>\n\t\t<\/div>\n\t\t\t\t\t\t<\/div>\n\t\t\t\t<\/div>\n\t\t\t\t<div class=\"elementor-element elementor-element-efb6b9a elementor-widget elementor-widget-text-editor\" data-id=\"efb6b9a\" data-element_type=\"widget\" data-widget_type=\"text-editor.default\">\n\t\t\t\t<div class=\"elementor-widget-container\">\n\t\t\t\t\t\t\t\t\t<p><strong>\u00bfProblemas en tu zona \u00edntima?<\/strong> Descubra nuestra gu\u00eda exclusiva sobre el microbioma femenino: tu gu\u00eda para mejorar tu bienestar \u00edntimo y general.<\/p>\t\t\t\t\t\t\t\t<\/div>\n\t\t\t\t<\/div>\n\t\t\t\t<\/div>\n\t\t\t\t\t<\/div>\n\t\t\t\t<\/div>\n\t\t<div class=\"elementor-element elementor-element-704ba86 obcs magenta e-flex e-con-boxed e-con e-parent\" data-id=\"704ba86\" data-element_type=\"container\">\n\t\t\t\t\t<div class=\"e-con-inner\">\n\t\t<div class=\"elementor-element elementor-element-09d6d3a e-con-full obcs none e-flex e-con e-child\" data-id=\"09d6d3a\" data-element_type=\"container\">\n\t\t\t\t<div class=\"elementor-element elementor-element-25ac38b elementor-widget elementor-widget-heading\" data-id=\"25ac38b\" data-element_type=\"widget\" data-widget_type=\"heading.default\">\n\t\t\t\t<div class=\"elementor-widget-container\">\n\t\t\t\t\t<h2 class=\"elementor-heading-title elementor-size-default\">Desc\u00e1rgala gratis ahora<\/h2>\t\t\t\t<\/div>\n\t\t\t\t<\/div>\n\t\t\t\t<div class=\"elementor-element elementor-element-28bdac0 elementor-widget elementor-widget-text-editor\" data-id=\"28bdac0\" data-element_type=\"widget\" data-widget_type=\"text-editor.default\">\n\t\t\t\t<div class=\"elementor-widget-container\">\n\t\t\t\t\t\t\t\t\t<p>\u00bfSab\u00edas que tu <strong data-start=\"374\" data-end=\"394\">salud intestinal<\/strong> puede influir directamente en el equilibrio de tu <strong data-start=\"445\" data-end=\"462\">flora vaginal<\/strong>?<\/p><p>En esta gu\u00eda pr\u00e1ctica, con los consejos de <strong data-start=\"508\" data-end=\"534\">Mag. Anita Frauwallner<\/strong>, aprender\u00e1s m\u00e1s sobre esta <strong data-start=\"562\" data-end=\"580\">conexi\u00f3n clave<\/strong> entre el intestino y la salud \u00edntima. Adem\u00e1s, incluye informaci\u00f3n \u00fatil sobre <strong data-start=\"658\" data-end=\"682\">vaginosis bacteriana<\/strong>, <strong data-start=\"684\" data-end=\"710\">infecciones por hongos<\/strong>, <strong data-start=\"712\" data-end=\"771\">cistitis tras las relaciones sexuales<\/strong>, <strong data-start=\"773\" data-end=\"793\">sequedad vaginal<\/strong>, <strong data-start=\"795\" data-end=\"809\">menopausia<\/strong> \u00a1y mucho m\u00e1s!<\/p>\t\t\t\t\t\t\t\t<\/div>\n\t\t\t\t<\/div>\n\t\t\t\t<div class=\"elementor-element elementor-element-fe8a85e elementor-button-align-start elementor-widget elementor-widget-form\" data-id=\"fe8a85e\" data-element_type=\"widget\" data-settings=\"{&quot;step_next_label&quot;:&quot;Siguiente&quot;,&quot;step_previous_label&quot;:&quot;Anterior&quot;,&quot;button_width&quot;:&quot;100&quot;,&quot;step_type&quot;:&quot;number_text&quot;,&quot;step_icon_shape&quot;:&quot;circle&quot;}\" data-widget_type=\"form.default\">\n\t\t\t\t<div class=\"elementor-widget-container\">\n\t\t\t\t\t\t\t<form class=\"elementor-form\" method=\"post\" id=\"ob_gutschein_fjk_AT\" name=\"Frauenratgeber ES 2024\" aria-label=\"Frauenratgeber ES 2024\" novalidate=\"\">\n\t\t\t<input type=\"hidden\" name=\"post_id\" value=\"23933\"\/>\n\t\t\t<input type=\"hidden\" name=\"form_id\" value=\"fe8a85e\"\/>\n\t\t\t<input type=\"hidden\" name=\"referer_title\" value=\"\" \/>\n\n\t\t\t\n\t\t\t<div class=\"elementor-form-fields-wrapper elementor-labels-\">\n\t\t\t\t\t\t\t\t<div class=\"elementor-field-type-text elementor-field-group elementor-column elementor-field-group-field_a427082 elementor-col-33 elementor-field-required\">\n\t\t\t\t\t\t\t\t\t\t\t\t<label for=\"form-field-field_a427082\" class=\"elementor-field-label elementor-screen-only\">\n\t\t\t\t\t\t\t\tNombre\t\t\t\t\t\t\t<\/label>\n\t\t\t\t\t\t\t\t\t\t\t\t\t\t<input size=\"1\" type=\"text\" name=\"form_fields[field_a427082]\" id=\"form-field-field_a427082\" class=\"elementor-field elementor-size-sm  elementor-field-textual\" placeholder=\"Nombre*\" required=\"required\">\n\t\t\t\t\t\t\t\t\t\t\t<\/div>\n\t\t\t\t\t\t\t\t<div class=\"elementor-field-type-text elementor-field-group elementor-column elementor-field-group-field_0e437eb elementor-col-33 elementor-field-required\">\n\t\t\t\t\t\t\t\t\t\t\t\t<label for=\"form-field-field_0e437eb\" class=\"elementor-field-label elementor-screen-only\">\n\t\t\t\t\t\t\t\tApellidos\t\t\t\t\t\t\t<\/label>\n\t\t\t\t\t\t\t\t\t\t\t\t\t\t<input size=\"1\" type=\"text\" name=\"form_fields[field_0e437eb]\" id=\"form-field-field_0e437eb\" class=\"elementor-field elementor-size-sm  elementor-field-textual\" placeholder=\"Apellidos*\" required=\"required\">\n\t\t\t\t\t\t\t\t\t\t\t<\/div>\n\t\t\t\t\t\t\t\t<div class=\"elementor-field-type-email elementor-field-group elementor-column elementor-field-group-email elementor-col-50 elementor-field-required\">\n\t\t\t\t\t\t\t\t\t\t\t\t<label for=\"form-field-email\" class=\"elementor-field-label elementor-screen-only\">\n\t\t\t\t\t\t\t\tCorreo Electr\u00f3nico\t\t\t\t\t\t\t<\/label>\n\t\t\t\t\t\t\t\t\t\t\t\t\t\t<input size=\"1\" type=\"email\" name=\"form_fields[email]\" id=\"form-field-email\" class=\"elementor-field elementor-size-sm  elementor-field-textual\" placeholder=\"Correo Electr\u00f3nico*\" required=\"required\">\n\t\t\t\t\t\t\t\t\t\t\t<\/div>\n\t\t\t\t\t\t\t\t<div class=\"elementor-field-type-acceptance elementor-field-group elementor-column elementor-field-group-consent_1 elementor-col-100 elementor-field-required\">\n\t\t\t\t\t\t\t\t\t\t\t\t<label for=\"form-field-consent_1\" class=\"elementor-field-label elementor-screen-only\">\n\t\t\t\t\t\t\t\tDeclaraci\u00f3n de consentimiento obligatoria\t\t\t\t\t\t\t<\/label>\n\t\t\t\t\t\t\t\t<div class=\"elementor-field-subgroup\">\n\t\t\t<span class=\"elementor-field-option\">\n\t\t\t\t<input type=\"checkbox\" name=\"form_fields[consent_1]\" id=\"form-field-consent_1\" class=\"elementor-field elementor-size-sm  elementor-acceptance-field\" required=\"required\">\n\t\t\t\t<label for=\"form-field-consent_1\">Expreso mi consentimiento para que las siguientes empresas procesen mis datos personales y los de mi empresa, as\u00ed como los intereses (personales) declarados (en lo sucesivo, \u00abdatos\u00bb), con fines de informaci\u00f3n cient\u00edfica, eventos y productos, as\u00ed como con fines de marketing: 1. Institut AllergoSan Deutschland (privat) GmbH; 2. Institut AllergoSan Pharmazeutische Produkte, Forschungs- und Vertriebs GmbH; 3. las empresas del grupo o filiales afiliadas a las empresas mencionadas, as\u00ed como aquellas sociedades y asociaciones m\u00e9dicas que est\u00e9n supervisadas o apoyadas por una de las empresas o filiales mencionadas en los puntos 1 a 3.\nHe le\u00eddo la pol\u00edtica de privacidad <a href=\"https:\/\/shop.omni-biotic.com\/es-es\/policies\/privacy-policy\/\" target=\"blank\">que aparece aqu\u00ed<\/a> y las acepto.<\/label>\t\t\t<\/span>\n\t\t<\/div>\n\t\t\t\t\t\t<\/div>\n\t\t\t\t\t\t\t\t<div class=\"elementor-field-type-acceptance elementor-field-group elementor-column elementor-field-group-consent_2 elementor-col-100\">\n\t\t\t\t\t\t\t\t\t\t\t\t<label for=\"form-field-consent_2\" class=\"elementor-field-label elementor-screen-only\">\n\t\t\t\t\t\t\t\tConsentimiento para recibir el bolet\u00edn de noticias\t\t\t\t\t\t\t<\/label>\n\t\t\t\t\t\t\t\t<div class=\"elementor-field-subgroup\">\n\t\t\t<span class=\"elementor-field-option\">\n\t\t\t\t<input type=\"checkbox\" name=\"form_fields[consent_2]\" id=\"form-field-consent_2\" class=\"elementor-field elementor-size-sm  elementor-acceptance-field\">\n\t\t\t\t<label for=\"form-field-consent_2\">Acepto expresamente que las empresas mencionadas en los puntos 1 a 3 se pongan en contacto conmigo por correo electr\u00f3nico, fax u otros medios de comunicaci\u00f3n habituales con fines de informaci\u00f3n cient\u00edfica, de eventos y de productos, as\u00ed como con fines de marketing. Adem\u00e1s, podr\u00e1n enviarme muestras de productos y ofertas.<\/label>\t\t\t<\/span>\n\t\t<\/div>\n\t\t\t\t\t\t<\/div>\n\t\t\t\t\t\t\t\t<div class=\"elementor-field-type-frcaptcha elementor-field-group elementor-column elementor-field-group-field_407c3f7 elementor-col-30\">\n\t\t\t\t\t\t\t\t\t\t\t\t<label for=\"form-field-field_407c3f7\" class=\"elementor-field-label elementor-screen-only\">\n\t\t\t\t\t\t\t\tfriendlyCAPTCHA\t\t\t\t\t\t\t<\/label>\n\t\t\t\t\t\t<div class=\"frc-captcha \" data-sitekey=\"FCMOS3MHCRNSBOJ7\" data-lang=\"es\" data-puzzle-endpoint=\"https:\/\/eu-api.friendlycaptcha.eu\/api\/v1\/puzzle\"><\/div>\n\t\t<noscript>You need to enable Javascript for the anti-spam check.<\/noscript><style>.frc-captcha {max-width: 100%; width:100%}<\/style><input type=\"frcaptcha text\" name=\"form_fields[field_407c3f7]\" id=\"form-field-field_407c3f7\" class=\"elementor-field elementor-size-sm \" style=\"display: none\">\t\t\t\t<\/div>\n\t\t\t\t\t\t\t\t<div class=\"elementor-field-group elementor-column elementor-field-type-submit elementor-col-100 e-form__buttons\">\n\t\t\t\t\t<button class=\"elementor-button elementor-size-lg\" type=\"submit\">\n\t\t\t\t\t\t<span class=\"elementor-button-content-wrapper\">\n\t\t\t\t\t\t\t\t\t\t\t\t\t\t\t\t\t\t\t\t\t\t<span class=\"elementor-button-text\">Descarga la gu\u00eda del microbioma femenino<\/span>\n\t\t\t\t\t\t\t\t\t\t\t\t\t<\/span>\n\t\t\t\t\t<\/button>\n\t\t\t\t<\/div>\n\t\t\t<\/div>\n\t\t<\/form>\n\t\t\t\t\t\t<\/div>\n\t\t\t\t<\/div>\n\t\t\t\t<\/div>\n\t\t\t\t\t<\/div>\n\t\t\t\t<\/div>\n\t\t<div class=\"elementor-element elementor-element-1df8ae4 obcs none e-flex e-con-boxed e-con e-parent\" data-id=\"1df8ae4\" data-element_type=\"container\">\n\t\t\t\t\t<div class=\"e-con-inner\">\n\t\t\t\t<div class=\"elementor-element elementor-element-328353d elementor-widget elementor-widget-infobox\" data-id=\"328353d\" data-element_type=\"widget\" data-widget_type=\"infobox.default\">\n\t\t\t\t<div class=\"elementor-widget-container\">\n\t\t\t\t\t\n<div class=\"li-widgets--infobox yellow highlights-always-magenta\">\n\n    <div class=\"li-widgets--infobox__icon\">\n        <i aria-hidden=\"true\" class=\"fas fa-bacteria\"><\/i>    <\/div>\n    <div class=\"li-widgets--infobox__text\">\n        <p>\u00bfQu\u00e9 tienen en com\u00fan el microbioma intestinal y el vaginal?\u200b <\/p>    <\/div>\n    <div class=\"li-widgets--infobox__text-body\">\n        <p>La <strong>flora vaginal<\/strong> alberga un gran n\u00famero de <strong>lactobacilos<\/strong> que producen <strong>\u00e1cido l\u00e1ctico<\/strong>, lo que es esencial para <strong>mantener un valor de pH \u00e1cido<\/strong>. Al igual que la vagina, el intestino tambi\u00e9n tiene su propio microbioma con bacterias espec\u00edficas. Una cosa que <strong>la vagina y el intestino tienen en com\u00fan<\/strong> es un <strong>entorno parcialmente \u00e1cido<\/strong> causado por las bacterias del \u00e1cido l\u00e1ctico (lactobacilos) que viven all\u00ed. Este entorno es un <strong>requisito indispensable<\/strong> para que funcionen las <strong>defensas<\/strong> contra los agentes pat\u00f3genos del organismo.<\/p>    <\/div>\n\n            <a href=\"https:\/\/www.omni-biotic.com\/es-es\/blog\/la-microbiota-vaginal\/\"\n           class=\"li-widgets--infobox__button\"\n            href=\"https:\/\/www.omni-biotic.com\/es-es\/blog\/la-microbiota-vaginal\/\">\n            M\u00e1s informaci\u00f3n sobre los lactobacilos para la mujer        <\/a>\n    \n<\/div>\n\t\t\t\t<\/div>\n\t\t\t\t<\/div>\n\t\t\t\t\t<\/div>\n\t\t\t\t<\/div>\n\t\t<div class=\"elementor-element elementor-element-d14ce02 obcs none e-flex e-con-boxed e-con e-parent\" data-id=\"d14ce02\" data-element_type=\"container\">\n\t\t\t\t\t<div class=\"e-con-inner\">\n\t\t\t\t<div class=\"elementor-element elementor-element-1174ec6 elementor-widget__width-inherit elementor-widget elementor-widget-heading\" data-id=\"1174ec6\" data-element_type=\"widget\" data-widget_type=\"heading.default\">\n\t\t\t\t<div class=\"elementor-widget-container\">\n\t\t\t\t\t<h2 class=\"elementor-heading-title elementor-size-default\">Art\u00edculos relevantes sobre el tema<\/h2>\t\t\t\t<\/div>\n\t\t\t\t<\/div>\n\t\t\t\t<div class=\"elementor-element elementor-element-f4d9a86 elementor-widget elementor-widget-li-widgets--posts-gallery\" data-id=\"f4d9a86\" data-element_type=\"widget\" data-widget_type=\"li-widgets--posts-gallery.default\">\n\t\t\t\t<div class=\"elementor-widget-container\">\n\t\t\t\t\t    \n<div class=\"li-widgets--posts-gallery__pagination\" data-post-id=\"23933\">\n\n    <div class=\"li-widgets--posts-gallery__pagination-results\">\n        1-6 de 8 resultados    <\/div>\n    <div class=\"li-widgets--posts-gallery__pagination-pages\">\n        P\u00e1gina  1 de 2    <\/div>\n    <div class=\"li-widgets--posts-gallery__pagination-url\">\n                            <a href=\"#\" data-href=\"https:\/\/www.omni-biotic.com\/es-es\/wp-json\/wp\/v2\/pages\/23933\/?search&category=111&cur=1\">1<\/a>\n                    <a href=\"#\" data-href=\"https:\/\/www.omni-biotic.com\/es-es\/wp-json\/wp\/v2\/pages\/23933\/?search&category=111&cur=2\">2<\/a>\n                            <a href=\"#\" data-href=\"https:\/\/www.omni-biotic.com\/es-es\/wp-json\/wp\/v2\/pages\/23933\/?search&category=111&cur=2\">\u00bb<\/a>\n            <\/div>\n<\/div>\n<div class=\"li-widgets--posts-gallery blog\">\n                    <a href=\"https:\/\/www.omni-biotic.com\/es-es\/blog\/omni-biotic-pro-vi-5\/\"\n           class=\"li-widgets--posts-gallery__post\">\n            <div class=\"post--image__container\">\n                <div class=\"post--image\">\n                    <img fetchpriority=\"high\" decoding=\"async\" width=\"768\" height=\"768\" src=\"https:\/\/www.omni-biotic.com\/es-es\/wp-content\/uploads\/sites\/6\/2022\/08\/ob-pro-vi5-instagram-17-scaled-2-768x768.jpg\" class=\"attachment-medium_large size-medium_large wp-post-image\" alt=\"OMNi-BiOTiC\u00ae Pro-Vi 5\" srcset=\"https:\/\/www.omni-biotic.com\/es-es\/wp-content\/uploads\/sites\/6\/2022\/08\/ob-pro-vi5-instagram-17-scaled-2-768x768.jpg 768w, https:\/\/www.omni-biotic.com\/es-es\/wp-content\/uploads\/sites\/6\/2022\/08\/ob-pro-vi5-instagram-17-scaled-2-300x300.jpg 300w, https:\/\/www.omni-biotic.com\/es-es\/wp-content\/uploads\/sites\/6\/2022\/08\/ob-pro-vi5-instagram-17-scaled-2-1024x1024.jpg 1024w, https:\/\/www.omni-biotic.com\/es-es\/wp-content\/uploads\/sites\/6\/2022\/08\/ob-pro-vi5-instagram-17-scaled-2-150x150.jpg 150w, https:\/\/www.omni-biotic.com\/es-es\/wp-content\/uploads\/sites\/6\/2022\/08\/ob-pro-vi5-instagram-17-scaled-2-1536x1536.jpg 1536w, https:\/\/www.omni-biotic.com\/es-es\/wp-content\/uploads\/sites\/6\/2022\/08\/ob-pro-vi5-instagram-17-scaled-2-2048x2048.jpg 2048w, https:\/\/www.omni-biotic.com\/es-es\/wp-content\/uploads\/sites\/6\/2022\/08\/ob-pro-vi5-instagram-17-scaled-2-1920x1920.jpg 1920w\" sizes=\"(max-width: 768px) 100vw, 768px\" title=\"\">                <\/div>\n            <\/div>\n            <div class=\"post--teaser\">\n                <div class=\"title\">Microbiota y defensas: c\u00f3mo act\u00faan las 5 bacterias de OMNi-BiOTiC\u00ae Pro-Vi 5<\/div>\n                <div class=\"description\">\n                    Descubre c\u00f3mo cinco cepas bacterianas seleccionadas y vitamina D trabajan junto a tu microbiota para\u2026                    <br>\n                    <span class=\"read-more\">\n                            Seguir leyendo                        <\/span>\n                <\/div>\n                <div class=\"metadata\"><b>Actualizado:<\/b> 17. diciembre 2025 \u2022 <b>Categor\u00edas:<\/b> General, Institut AllergoSan<\/div>\n            <\/div>\n        <\/a>\n                <a href=\"https:\/\/www.omni-biotic.com\/es-es\/blog\/preguntas-frecuentes-omni-biotic\/\"\n           class=\"li-widgets--posts-gallery__post\">\n            <div class=\"post--image__container\">\n                <div class=\"post--image\">\n                    <img decoding=\"async\" width=\"768\" height=\"512\" src=\"https:\/\/www.omni-biotic.com\/es-es\/wp-content\/uploads\/sites\/6\/2023\/06\/haeufig-gefragt-1-768x512.png\" class=\"attachment-medium_large size-medium_large wp-post-image\" alt=\"preguntas sobre OmniBiotic\" srcset=\"https:\/\/www.omni-biotic.com\/es-es\/wp-content\/uploads\/sites\/6\/2023\/06\/haeufig-gefragt-1-768x512.png 768w, https:\/\/www.omni-biotic.com\/es-es\/wp-content\/uploads\/sites\/6\/2023\/06\/haeufig-gefragt-1-300x200.png 300w, https:\/\/www.omni-biotic.com\/es-es\/wp-content\/uploads\/sites\/6\/2023\/06\/haeufig-gefragt-1-1024x683.png 1024w, https:\/\/www.omni-biotic.com\/es-es\/wp-content\/uploads\/sites\/6\/2023\/06\/haeufig-gefragt-1.png 1200w\" sizes=\"(max-width: 768px) 100vw, 768px\" title=\"\">                <\/div>\n            <\/div>\n            <div class=\"post--teaser\">\n                <div class=\"title\">10 Preguntas frecuentes sobre OMNi-BiOTiC\u00ae<\/div>\n                <div class=\"description\">\n                    A menudo recibimos preguntas sobre nuestros productos OMNi-BiOTiC\u00ae. Para resolver las dudas m\u00e1s habituales, hemos\u2026                    <br>\n                    <span class=\"read-more\">\n                            Seguir leyendo                        <\/span>\n                <\/div>\n                <div class=\"metadata\"><b>Actualizado:<\/b> 25. noviembre 2025 \u2022 <b>Categor\u00edas:<\/b> General, Institut AllergoSan, Problemas y asesoramiento<\/div>\n            <\/div>\n        <\/a>\n                <a href=\"https:\/\/www.omni-biotic.com\/es-es\/blog\/6-datos-sobre-omni-biotic-6\/\"\n           class=\"li-widgets--posts-gallery__post\">\n            <div class=\"post--image__container\">\n                <div class=\"post--image\">\n                    <img decoding=\"async\" width=\"300\" height=\"213\" src=\"https:\/\/www.omni-biotic.com\/es-es\/wp-content\/uploads\/sites\/6\/2024\/06\/omni-biotic-6-300x213-1.jpg\" class=\"attachment-medium_large size-medium_large wp-post-image\" alt=\"OB6 envase y caja\" title=\"\">                <\/div>\n            <\/div>\n            <div class=\"post--teaser\">\n                <div class=\"title\">6 datos sobre OMNi-BiOTiC\u00ae 6<\/div>\n                <div class=\"description\">\n                    Dato 1: M\u00e1s de 25 a\u00f1os trabajando para su bienestar diario La perspicacia y valent\u00eda\u2026                    <br>\n                    <span class=\"read-more\">\n                            Seguir leyendo                        <\/span>\n                <\/div>\n                <div class=\"metadata\"><b>Actualizado:<\/b> 25. junio 2024 \u2022 <b>Categor\u00edas:<\/b> General, Institut AllergoSan<\/div>\n            <\/div>\n        <\/a>\n                <a href=\"https:\/\/www.omni-biotic.com\/es-es\/blog\/institut-allergosan-30-anos-de-experiencia-y-presencia-en-el-mercado-mundial\/\"\n           class=\"li-widgets--posts-gallery__post\">\n            <div class=\"post--image__container\">\n                <div class=\"post--image\">\n                    <img loading=\"lazy\" decoding=\"async\" width=\"768\" height=\"495\" src=\"https:\/\/www.omni-biotic.com\/es-es\/wp-content\/uploads\/sites\/6\/2023\/06\/20210617-allergosan-architektur02303-cinsitutallergosan-768x495.jpg\" class=\"attachment-medium_large size-medium_large wp-post-image\" alt=\"Institut AllergoSan - in 30 Jahren zur globalen Marke\" srcset=\"https:\/\/www.omni-biotic.com\/es-es\/wp-content\/uploads\/sites\/6\/2023\/06\/20210617-allergosan-architektur02303-cinsitutallergosan-768x495.jpg 768w, https:\/\/www.omni-biotic.com\/es-es\/wp-content\/uploads\/sites\/6\/2023\/06\/20210617-allergosan-architektur02303-cinsitutallergosan-300x193.jpg 300w, https:\/\/www.omni-biotic.com\/es-es\/wp-content\/uploads\/sites\/6\/2023\/06\/20210617-allergosan-architektur02303-cinsitutallergosan-1024x660.jpg 1024w, https:\/\/www.omni-biotic.com\/es-es\/wp-content\/uploads\/sites\/6\/2023\/06\/20210617-allergosan-architektur02303-cinsitutallergosan.jpg 1200w\" sizes=\"(max-width: 768px) 100vw, 768px\" title=\"\">                <\/div>\n            <\/div>\n            <div class=\"post--teaser\">\n                <div class=\"title\">Institut AllergoSan: 30 a\u00f1os de experiencia y presencia en el mercado mundial<\/div>\n                <div class=\"description\">\n                    Problemas gastrointestinales, estr\u00e9s y piel sensible: \u00bfc\u00f3mo se relacionan todos estos aspectos? Aqu\u00ed encontrar\u00e1s valiosos\u2026                    <br>\n                    <span class=\"read-more\">\n                            Seguir leyendo                        <\/span>\n                <\/div>\n                <div class=\"metadata\"><b>Actualizado:<\/b> 6. diciembre 2023 \u2022 <b>Categor\u00edas:<\/b> Institut AllergoSan \u2022 <b>Autor:<\/b> Thore Hansen<\/div>\n            <\/div>\n        <\/a>\n                <a href=\"https:\/\/www.omni-biotic.com\/es-es\/blog\/6-datos-sobre-institut-allergosan\/\"\n           class=\"li-widgets--posts-gallery__post\">\n            <div class=\"post--image__container\">\n                <div class=\"post--image\">\n                    <img loading=\"lazy\" decoding=\"async\" width=\"768\" height=\"1151\" src=\"https:\/\/www.omni-biotic.com\/es-es\/wp-content\/uploads\/sites\/6\/2023\/06\/201711-institutallergosan-magfrauwallner-magassinger-c-wolfganghummercom-scaled-1-768x1151.jpg\" class=\"attachment-medium_large size-medium_large wp-post-image\" alt=\"Im Jahr 2012 stieg der eigene Sohn, Mag. Bernd Assinger, in die Gesch\u00e4ftsf\u00fchrung des Instituts ein.\" srcset=\"https:\/\/www.omni-biotic.com\/es-es\/wp-content\/uploads\/sites\/6\/2023\/06\/201711-institutallergosan-magfrauwallner-magassinger-c-wolfganghummercom-scaled-1-768x1151.jpg 768w, https:\/\/www.omni-biotic.com\/es-es\/wp-content\/uploads\/sites\/6\/2023\/06\/201711-institutallergosan-magfrauwallner-magassinger-c-wolfganghummercom-scaled-1-200x300.jpg 200w, https:\/\/www.omni-biotic.com\/es-es\/wp-content\/uploads\/sites\/6\/2023\/06\/201711-institutallergosan-magfrauwallner-magassinger-c-wolfganghummercom-scaled-1-683x1024.jpg 683w, https:\/\/www.omni-biotic.com\/es-es\/wp-content\/uploads\/sites\/6\/2023\/06\/201711-institutallergosan-magfrauwallner-magassinger-c-wolfganghummercom-scaled-1-1025x1536.jpg 1025w, https:\/\/www.omni-biotic.com\/es-es\/wp-content\/uploads\/sites\/6\/2023\/06\/201711-institutallergosan-magfrauwallner-magassinger-c-wolfganghummercom-scaled-1.jpg 1366w\" sizes=\"(max-width: 768px) 100vw, 768px\" title=\"\">                <\/div>\n            <\/div>\n            <div class=\"post--teaser\">\n                <div class=\"title\">6 datos sobre Institut AllergoSan<\/div>\n                <div class=\"description\">\n                    Durante los \u00faltimos 30 a\u00f1os, Institut AllergoSan se ha centrado en la investigaci\u00f3n y el\u2026                    <br>\n                    <span class=\"read-more\">\n                            Seguir leyendo                        <\/span>\n                <\/div>\n                <div class=\"metadata\"><b>Actualizado:<\/b> 12. enero 2022 \u2022 <b>Categor\u00edas:<\/b> Institut AllergoSan \u2022 <b>Autor:<\/b> Lic. Florentina Sgarz<\/div>\n            <\/div>\n        <\/a>\n                <a href=\"https:\/\/www.omni-biotic.com\/es-es\/blog\/la-microbiota-de-la-piel-y-las-bacterias-intestinales\/\"\n           class=\"li-widgets--posts-gallery__post\">\n            <div class=\"post--image__container\">\n                <div class=\"post--image\">\n                    <img loading=\"lazy\" decoding=\"async\" width=\"768\" height=\"513\" src=\"https:\/\/www.omni-biotic.com\/es-es\/wp-content\/uploads\/sites\/6\/2023\/06\/hautbild-768x513.jpg\" class=\"attachment-medium_large size-medium_large wp-post-image\" alt=\"\" srcset=\"https:\/\/www.omni-biotic.com\/es-es\/wp-content\/uploads\/sites\/6\/2023\/06\/hautbild-768x513.jpg 768w, https:\/\/www.omni-biotic.com\/es-es\/wp-content\/uploads\/sites\/6\/2023\/06\/hautbild-300x200.jpg 300w, https:\/\/www.omni-biotic.com\/es-es\/wp-content\/uploads\/sites\/6\/2023\/06\/hautbild-1024x683.jpg 1024w, https:\/\/www.omni-biotic.com\/es-es\/wp-content\/uploads\/sites\/6\/2023\/06\/hautbild-1536x1025.jpg 1536w, https:\/\/www.omni-biotic.com\/es-es\/wp-content\/uploads\/sites\/6\/2023\/06\/hautbild.jpg 1900w\" sizes=\"(max-width: 768px) 100vw, 768px\" title=\"\">                <\/div>\n            <\/div>\n            <div class=\"post--teaser\">\n                <div class=\"title\">La microbiota de la piel y las bacterias intestinales<\/div>\n                <div class=\"description\">\n                    Prof. Christine Moissl-Eichinger* La importancia de nuestras bacterias intestinales es bien conocida, pero muy poca\u2026                    <br>\n                    <span class=\"read-more\">\n                            Seguir leyendo                        <\/span>\n                <\/div>\n                <div class=\"metadata\"><b>Actualizado:<\/b> 12. enero 2022 \u2022 <b>Categor\u00edas:<\/b> Institut AllergoSan, Noticias de investigaci\u00f3n, Problemas y asesoramiento<\/div>\n            <\/div>\n        <\/a>\n            <\/div>\n\t\t\t\t<\/div>\n\t\t\t\t<\/div>\n\t\t\t\t\t<\/div>\n\t\t\t\t<\/div>\n\t\t\t\t<\/div>\n\t\t","protected":false},"excerpt":{"rendered":"<p>Gu\u00eda del microbioma femenino \u00bfProblemas en tu zona \u00edntima? Descubra nuestra gu\u00eda exclusiva sobre el microbioma femenino: tu gu\u00eda para mejorar tu bienestar \u00edntimo y general. Desc\u00e1rgala gratis ahora \u00bfSab\u00edas que tu salud intestinal puede influir directamente en el equilibrio de tu flora vaginal? En esta gu\u00eda pr\u00e1ctica, con los consejos de Mag. Anita Frauwallner, [&hellip;]<\/p>\n","protected":false},"author":8,"featured_media":23935,"parent":141,"menu_order":390,"comment_status":"closed","ping_status":"closed","template":"","meta":{"_acf_changed":false,"inline_featured_image":false,"footnotes":""},"class_list":["post-23933","page","type-page","status-publish","has-post-thumbnail","hentry"],"acf":[],"_links":{"self":[{"href":"https:\/\/www.omni-biotic.com\/es-es\/wp-json\/wp\/v2\/pages\/23933","targetHints":{"allow":["GET"]}}],"collection":[{"href":"https:\/\/www.omni-biotic.com\/es-es\/wp-json\/wp\/v2\/pages"}],"about":[{"href":"https:\/\/www.omni-biotic.com\/es-es\/wp-json\/wp\/v2\/types\/page"}],"author":[{"embeddable":true,"href":"https:\/\/www.omni-biotic.com\/es-es\/wp-json\/wp\/v2\/users\/8"}],"replies":[{"embeddable":true,"href":"https:\/\/www.omni-biotic.com\/es-es\/wp-json\/wp\/v2\/comments?post=23933"}],"version-history":[{"count":7,"href":"https:\/\/www.omni-biotic.com\/es-es\/wp-json\/wp\/v2\/pages\/23933\/revisions"}],"predecessor-version":[{"id":25118,"href":"https:\/\/www.omni-biotic.com\/es-es\/wp-json\/wp\/v2\/pages\/23933\/revisions\/25118"}],"up":[{"embeddable":true,"href":"https:\/\/www.omni-biotic.com\/es-es\/wp-json\/wp\/v2\/pages\/141"}],"wp:featuredmedia":[{"embeddable":true,"href":"https:\/\/www.omni-biotic.com\/es-es\/wp-json\/wp\/v2\/media\/23935"}],"wp:attachment":[{"href":"https:\/\/www.omni-biotic.com\/es-es\/wp-json\/wp\/v2\/media?parent=23933"}],"curies":[{"name":"wp","href":"https:\/\/api.w.org\/{rel}","templated":true}]}}