{"id":95,"date":"2022-03-07T10:07:28","date_gmt":"2022-03-07T09:07:28","guid":{"rendered":"https:\/\/www.omni-biotic.com\/ueber-uns\/forschung-entwicklung\/qualitaetskriterien\/"},"modified":"2023-09-13T11:36:41","modified_gmt":"2023-09-13T09:36:41","slug":"estudios-cientificos","status":"publish","type":"page","link":"https:\/\/www.omni-biotic.com\/es-es\/acerca-de-la-empresa\/investigacion-y-desarrollo\/estudios-cientificos\/","title":{"rendered":"Estudios cient\u00edficos"},"content":{"rendered":"\t\t<div data-elementor-type=\"wp-page\" data-elementor-id=\"95\" class=\"elementor elementor-95\" data-elementor-post-type=\"page\">\n\t\t\t\t<div class=\"elementor-element elementor-element-2a530e6 e-con-full obcs none e-flex e-con e-parent\" data-id=\"2a530e6\" data-element_type=\"container\" data-settings=\"{&quot;background_background&quot;:&quot;classic&quot;,&quot;shape_divider_bottom&quot;:&quot;waves&quot;}\">\n\t\t\t\t<div class=\"elementor-shape elementor-shape-bottom\" aria-hidden=\"true\" data-negative=\"false\">\n\t\t\t<svg xmlns=\"http:\/\/www.w3.org\/2000\/svg\" viewBox=\"0 0 1000 100\" preserveAspectRatio=\"none\">\n\t<path class=\"elementor-shape-fill\" d=\"M421.9,6.5c22.6-2.5,51.5,0.4,75.5,5.3c23.6,4.9,70.9,23.5,100.5,35.7c75.8,32.2,133.7,44.5,192.6,49.7\n\tc23.6,2.1,48.7,3.5,103.4-2.5c54.7-6,106.2-25.6,106.2-25.6V0H0v30.3c0,0,72,32.6,158.4,30.5c39.2-0.7,92.8-6.7,134-22.4\n\tc21.2-8.1,52.2-18.2,79.7-24.2C399.3,7.9,411.6,7.5,421.9,6.5z\"\/>\n<\/svg>\t\t<\/div>\n\t\t\t\t<div class=\"elementor-element elementor-element-dee19f7 elementor-absolute elementor-hidden-mobile elementor-align-center elementor-widget elementor-widget-lottie\" data-id=\"dee19f7\" data-element_type=\"widget\" data-settings=\"{&quot;source_json&quot;:{&quot;url&quot;:&quot;https:\\\/\\\/www.omni-biotic.com\\\/es-es\\\/wp-content\\\/uploads\\\/sites\\\/6\\\/2022\\\/08\\\/lf30_editor_s5uwdgjh.json&quot;,&quot;id&quot;:&quot;7733&quot;,&quot;size&quot;:&quot;&quot;,&quot;alt&quot;:&quot;&quot;,&quot;source&quot;:&quot;library&quot;},&quot;loop&quot;:&quot;yes&quot;,&quot;play_speed&quot;:{&quot;unit&quot;:&quot;px&quot;,&quot;size&quot;:&quot;0.3&quot;,&quot;sizes&quot;:[]},&quot;_position&quot;:&quot;absolute&quot;,&quot;source&quot;:&quot;media_file&quot;,&quot;caption_source&quot;:&quot;none&quot;,&quot;link_to&quot;:&quot;none&quot;,&quot;trigger&quot;:&quot;arriving_to_viewport&quot;,&quot;viewport&quot;:{&quot;unit&quot;:&quot;%&quot;,&quot;size&quot;:&quot;&quot;,&quot;sizes&quot;:{&quot;start&quot;:0,&quot;end&quot;:100}},&quot;start_point&quot;:{&quot;unit&quot;:&quot;%&quot;,&quot;size&quot;:0,&quot;sizes&quot;:[]},&quot;end_point&quot;:{&quot;unit&quot;:&quot;%&quot;,&quot;size&quot;:100,&quot;sizes&quot;:[]},&quot;renderer&quot;:&quot;svg&quot;}\" data-widget_type=\"lottie.default\">\n\t\t\t\t<div class=\"elementor-widget-container\">\n\t\t\t\t\t<div class=\"e-lottie__container\"><div class=\"e-lottie__animation\"><\/div><\/div>\t\t\t\t<\/div>\n\t\t\t\t<\/div>\n\t\t<div class=\"elementor-element elementor-element-a4c83f8 e-con-full obcs none e-flex e-con e-child\" data-id=\"a4c83f8\" data-element_type=\"container\" data-settings=\"{&quot;background_background&quot;:&quot;gradient&quot;}\">\n\t\t\t\t<div class=\"elementor-element elementor-element-e201d22 elementor-widget elementor-widget-heading\" data-id=\"e201d22\" data-element_type=\"widget\" data-widget_type=\"heading.default\">\n\t\t\t\t<div class=\"elementor-widget-container\">\n\t\t\t\t\t<h1 class=\"elementor-heading-title elementor-size-medium\">L\u00edder internacional en la investigaci\u00f3n del microbioma<\/h1>\t\t\t\t<\/div>\n\t\t\t\t<\/div>\n\t\t\t\t<div class=\"elementor-element elementor-element-40411e0 elementor-widget-divider--view-line elementor-widget elementor-widget-divider\" data-id=\"40411e0\" data-element_type=\"widget\" data-widget_type=\"divider.default\">\n\t\t\t\t<div class=\"elementor-widget-container\">\n\t\t\t\t\t\t\t<div class=\"elementor-divider\">\n\t\t\t<span class=\"elementor-divider-separator\">\n\t\t\t\t\t\t<\/span>\n\t\t<\/div>\n\t\t\t\t\t\t<\/div>\n\t\t\t\t<\/div>\n\t\t\t\t<div class=\"elementor-element elementor-element-fd18c2b elementor-widget__width-initial elementor-widget elementor-widget-text-editor\" data-id=\"fd18c2b\" data-element_type=\"widget\" data-widget_type=\"text-editor.default\">\n\t\t\t\t<div class=\"elementor-widget-container\">\n\t\t\t\t\t\t\t\t\t<p><em>El intestino est\u00e1 en el centro del inter\u00e9s m\u00e9dico y cient\u00edfico, m\u00e1s concretamente, los billones de bacterias que lo colonizan. Con el aumento del n\u00famero de investigaciones sobre el microbioma, resulta cada vez m\u00e1s claro que las bacterias intestinales desempe\u00f1an un papel importante en el mantenimiento de nuestra salud o en el desarrollo -y, por tanto, tambi\u00e9n en el tratamiento- de las enfermedades. Con su labor cient\u00edfica, Institut AllergoSan lleva m\u00e1s de 25 a\u00f1os dando forma a la medicina del siglo XXI. Los estudios se centran en las bacterias que se encuentran de forma natural en el cuerpo humano.<\/em><\/p>\t\t\t\t\t\t\t\t<\/div>\n\t\t\t\t<\/div>\n\t\t\t\t<\/div>\n\t\t\t\t<\/div>\n\t\t<div class=\"elementor-element elementor-element-21723fe obcs none e-flex e-con-boxed e-con e-parent\" data-id=\"21723fe\" data-element_type=\"container\">\n\t\t\t\t\t<div class=\"e-con-inner\">\n\t\t<div class=\"elementor-element elementor-element-d36725b e-con-full obcs none e-flex e-con e-child\" data-id=\"d36725b\" data-element_type=\"container\">\n\t\t\t\t<div class=\"elementor-element elementor-element-d25ed64 elementor-align-left elementor-widget__width-initial elementor-widget elementor-widget-breadcrumbs\" data-id=\"d25ed64\" data-element_type=\"widget\" data-widget_type=\"breadcrumbs.default\">\n\t\t\t\t<div class=\"elementor-widget-container\">\n\t\t\t\t\t<span><span class=\"last\">Home<\/span><\/span>\t\t\t\t<\/div>\n\t\t\t\t<\/div>\n\t\t\t\t<\/div>\n\t\t<div class=\"elementor-element elementor-element-23b6c84 e-con-full obcs none e-flex e-con e-child\" data-id=\"23b6c84\" data-element_type=\"container\">\n\t\t\t\t<div class=\"elementor-element elementor-element-38668f9 elementor-toc--minimized-on-desktop elementor-widget elementor-widget-table-of-contents\" data-id=\"38668f9\" data-element_type=\"widget\" data-settings=\"{&quot;exclude_headings_by_selector&quot;:[],&quot;minimized_on&quot;:&quot;desktop&quot;,&quot;headings_by_tags&quot;:[&quot;h2&quot;,&quot;h3&quot;,&quot;h4&quot;,&quot;h5&quot;,&quot;h6&quot;],&quot;marker_view&quot;:&quot;numbers&quot;,&quot;no_headings_message&quot;:&quot;No se ha encontrado ning\\u00fan encabezado en esta p\\u00e1gina.&quot;,&quot;minimize_box&quot;:&quot;yes&quot;,&quot;hierarchical_view&quot;:&quot;yes&quot;,&quot;min_height&quot;:{&quot;unit&quot;:&quot;px&quot;,&quot;size&quot;:&quot;&quot;,&quot;sizes&quot;:[]},&quot;min_height_tablet&quot;:{&quot;unit&quot;:&quot;px&quot;,&quot;size&quot;:&quot;&quot;,&quot;sizes&quot;:[]},&quot;min_height_mobile&quot;:{&quot;unit&quot;:&quot;px&quot;,&quot;size&quot;:&quot;&quot;,&quot;sizes&quot;:[]}}\" data-widget_type=\"table-of-contents.default\">\n\t\t\t\t<div class=\"elementor-widget-container\">\n\t\t\t\t\t\t\t\t\t<div class=\"elementor-toc__header\">\n\t\t\t\t\t\t<h4 class=\"elementor-toc__header-title\">\n\t\t\t\t\u00cdndice\t\t\t<\/h4>\n\t\t\t\t\t\t\t\t\t\t<div class=\"elementor-toc__toggle-button elementor-toc__toggle-button--expand\" role=\"button\" tabindex=\"0\" aria-controls=\"elementor-toc__38668f9\" aria-expanded=\"true\" aria-label=\"Abrir la tabla de contenidos\"><i aria-hidden=\"true\" class=\"fas fa-chevron-down\"><\/i><\/div>\n\t\t\t\t<div class=\"elementor-toc__toggle-button elementor-toc__toggle-button--collapse\" role=\"button\" tabindex=\"0\" aria-controls=\"elementor-toc__38668f9\" aria-expanded=\"true\" aria-label=\"Cerrar la tabla de contenidos\"><i aria-hidden=\"true\" class=\"fas fa-chevron-up\"><\/i><\/div>\n\t\t\t\t\t<\/div>\n\t\t\t\t<div id=\"elementor-toc__38668f9\" class=\"elementor-toc__body\">\n\t\t\t<div class=\"elementor-toc__spinner-container\">\n\t\t\t\t<i class=\"elementor-toc__spinner eicon-animation-spin eicon-loading\" aria-hidden=\"true\"><\/i>\t\t\t<\/div>\n\t\t<\/div>\n\t\t\t\t\t\t<\/div>\n\t\t\t\t<\/div>\n\t\t\t\t<\/div>\n\t\t\t\t\t<\/div>\n\t\t\t\t<\/div>\n\t\t<div class=\"elementor-element elementor-element-4dcf076 obcs none e-flex e-con-boxed e-con e-parent\" data-id=\"4dcf076\" data-element_type=\"container\">\n\t\t\t\t\t<div class=\"e-con-inner\">\n\t\t<div class=\"elementor-element elementor-element-eaaec6c obcs none e-flex e-con-boxed e-con e-child\" data-id=\"eaaec6c\" data-element_type=\"container\">\n\t\t\t\t\t<div class=\"e-con-inner\">\n\t\t\t\t<div class=\"elementor-element elementor-element-f5b0f2a elementor-widget elementor-widget-heading\" data-id=\"f5b0f2a\" data-element_type=\"widget\" data-widget_type=\"heading.default\">\n\t\t\t\t<div class=\"elementor-widget-container\">\n\t\t\t\t\t<h2 class=\"elementor-heading-title elementor-size-medium\">Instituto AllergoSan, con sede en Graz, da forma al futuro de la medicina probi\u00f3tica<\/h2>\t\t\t\t<\/div>\n\t\t\t\t<\/div>\n\t\t\t\t<div class=\"elementor-element elementor-element-cd9671a elementor-widget elementor-widget-text-editor\" data-id=\"cd9671a\" data-element_type=\"widget\" data-widget_type=\"text-editor.default\">\n\t\t\t\t<div class=\"elementor-widget-container\">\n\t\t\t\t\t\t\t\t\t<p>Hoy en d\u00eda, numerosos estudios cl\u00ednicos demuestran claramente el \u00e9xito terap\u00e9utico de estas bacterias probi\u00f3ticas en cuadros cl\u00ednicos muy diferentes, desde la diarrea asociada a los antibi\u00f3ticos hasta la depresi\u00f3n y la vaginosis bacteriana recurrente.<\/p>\t\t\t\t\t\t\t\t<\/div>\n\t\t\t\t<\/div>\n\t\t\t\t<div class=\"elementor-element elementor-element-d8aef3c elementor-widget elementor-widget-heading\" data-id=\"d8aef3c\" data-element_type=\"widget\" data-widget_type=\"heading.default\">\n\t\t\t\t<div class=\"elementor-widget-container\">\n\t\t\t\t\t<h3 class=\"elementor-heading-title elementor-size-default\">La calidad es nuestro ADN<\/h3>\t\t\t\t<\/div>\n\t\t\t\t<\/div>\n\t\t\t\t<div class=\"elementor-element elementor-element-cf9ec3b elementor-widget elementor-widget-text-editor\" data-id=\"cf9ec3b\" data-element_type=\"widget\" data-widget_type=\"text-editor.default\">\n\t\t\t\t<div class=\"elementor-widget-container\">\n\t\t\t\t\t\t\t\t\t<p>Desde hace casi 30 a\u00f1os, Institut AllergoSan se dedica a la investigaci\u00f3n y a la terapia probi\u00f3tica. Actualmente es la empresa n\u00famero 1 en el mercado de los probi\u00f3ticos, gracias a su reconocida marca OMNi-BiOTiC\u00ae<sup>1<\/sup>. La fundadora y directora de Institut AllergoSan, Anita Frauwallner, relata: \u201cLa investigaci\u00f3n y los estudios de alta calidad son la piedra angular de nuestros probi\u00f3ticos. Seleccionamos espec\u00edficamente cepas de bacterias que est\u00e1n presentes en un cuerpo humano sano y que, por tanto, poseen las condiciones \u00f3ptimas para asentarse y proliferar en nuestro intestino. Y eso lo demostramos a trav\u00e9s de estudios cl\u00ednicos realizados en cl\u00ednicas de renombre\u201d.<\/p><p>El riguroso procedimiento de selecci\u00f3n de estas bacterias de origen humano est\u00e1 especialmente bien ilustrado en un estudio<sup>2<\/sup>\u00a0realizado por el Hospital General de Viena, en el cual las bacterias responsables de la colonizaci\u00f3n vaginal saludable se aislaron del intestino y la vagina de mujeres sanas. A trav\u00e9s de largos procesos de selecci\u00f3n, se eligieron las mejores cepas para tratar de forma totalmente natural y duradera enfermedades como las infecciones recurrentes del tracto urinario, la vaginosis bacterianas o las micosis vaginales, con bacterias probi\u00f3ticas que viven habitualmente en personas sanas. \u201cInstitut AllergoSan aplica todos los conocimientos que ha adquirido durante d\u00e9cadas e invierte grandes sumas de dinero a la identificaci\u00f3n e investigaci\u00f3n de las cepas de bacterias \u00fatiles para tratar diversos problemas de salud, las cuales luego se utilizan para desarrollar los productos OMNi-BiOTiC\u00ae. El efecto notable de nuestros productos convierte a los clientes en verdaderos fans\u201d, describe Anita Frauwallner.<\/p><p>Los m\u00e9dicos y farmac\u00e9uticos conf\u00edan en estos probi\u00f3ticos porque hay pruebas de su eficacia, publicadas en revistas cient\u00edficas de alto nivel. Por ejemplo, el estudio sobre el tratamiento con probi\u00f3ticos de la diarrea asociada a los antibi\u00f3ticos, que se public\u00f3 en el internacionalmente conocido American Journal of Gastroenterology, fue seleccionado por la WGO en su momento como uno de los 15 mejores estudios sobre probi\u00f3ticos a nivel mundial. Tambi\u00e9n fueron muy reconocidos los trabajos sobre el uso de probi\u00f3ticos que permiten modular el sistema inmunitario durante el embarazo y, por tanto, reducir significativamente la aparici\u00f3n de alergias, asma y dermatitis at\u00f3pica incluso en ni\u00f1os gen\u00e9ticamente predispuestos. Estos resultados se publicaron en la importante revista cient\u00edfica Allergy con el nombre de estudio PANDA. En la revista Alimentary Pharmacology and Therapeutics se ha publicado un exitoso estudio realizado junto con la Universidad M\u00e9dica de Graz, en el que se demuestra claramente que un probi\u00f3tico especialmente desarrollado puede mejorar la funci\u00f3n hep\u00e1tica deteriorada incluso en pacientes con cirrosis hep\u00e1tica grave, una opci\u00f3n terap\u00e9utica hasta ahora in\u00e9dita que, adem\u00e1s, no conlleva efectos secundarios indeseables, como ser\u00eda el caso de un trasplante de h\u00edgado, la \u00fanica alternativa a este tratamiento probi\u00f3tico.<\/p>\t\t\t\t\t\t\t\t<\/div>\n\t\t\t\t<\/div>\n\t\t\t\t\t<\/div>\n\t\t\t\t<\/div>\n\t\t\t\t\t<\/div>\n\t\t\t\t<\/div>\n\t\t<div class=\"elementor-element elementor-element-223f0c2 obcs none e-flex e-con-boxed e-con e-parent\" data-id=\"223f0c2\" data-element_type=\"container\">\n\t\t\t\t\t<div class=\"e-con-inner\">\n\t\t<div class=\"elementor-element elementor-element-f15b605 e-con-full obcs none e-flex e-con e-child\" data-id=\"f15b605\" data-element_type=\"container\">\n\t\t\t\t<div class=\"elementor-element elementor-element-d4ddc00 elementor-widget elementor-widget-heading\" data-id=\"d4ddc00\" data-element_type=\"widget\" data-widget_type=\"heading.default\">\n\t\t\t\t<div class=\"elementor-widget-container\">\n\t\t\t\t\t<h3 class=\"elementor-heading-title elementor-size-large\">Inversi\u00f3n continua en investigaci\u00f3n<\/h3>\t\t\t\t<\/div>\n\t\t\t\t<\/div>\n\t\t\t\t<div class=\"elementor-element elementor-element-2c12961 elementor-widget elementor-widget-text-editor\" data-id=\"2c12961\" data-element_type=\"widget\" data-widget_type=\"text-editor.default\">\n\t\t\t\t<div class=\"elementor-widget-container\">\n\t\t\t\t\t\t\t\t\t<p>Entre los \u00e9xitos de investigaci\u00f3n recientes se incluye un estudio sobre el uso efectivo de un probi\u00f3tico espec\u00edficamente formulado para reducir los efectos adversos tras una colonoscopia\u00b3. La colonoscopia se considera el examen m\u00e9dico m\u00e1s importante para la prevenci\u00f3n y detecci\u00f3n precoz del c\u00e1ncer colorrectal y el \u00e9xito de este examen depende en gran medida de un vaciado intestinal adecuado. Sin embargo, la soluci\u00f3n de lavado administrada no solo elimina los residuos fecales, sino tambi\u00e9n las bacterias intestinales beneficiosas. En este estudio con 91 sujetos, pudimos demostrar que la toma de estas cepas bacterianas probi\u00f3ticas seleccionadas durante solo cuatro semanas directamente despu\u00e9s de la colonoscopia previene una mala colonizaci\u00f3n por g\u00e9rmenes pat\u00f3genos durante este periodo vulnerable e influye positivamente en la microbiota intestinal. Tambi\u00e9n hay que destacar que se produjeron significativamente menos d\u00edas con estre\u00f1imiento al tomar el probi\u00f3tico y, adem\u00e1s, se registraron menos d\u00edas con molestias gastrointestinales como diarrea o flatulencia en el grupo probi\u00f3tico. Los resultados de esta investigaci\u00f3n ofrecen un potencial extremadamente grande para aumentar la aceptaci\u00f3n general de este importante chequeo y lograr as\u00ed una reducci\u00f3n del riesgo de c\u00e1ncer colorrectal.<\/p><p>La investigaci\u00f3n en torno a Corona tambi\u00e9n est\u00e1 arrojando resultados impresionantes. A ra\u00edz de la crisis de Corona, las personas que ejercen profesiones sanitarias y de asistencia social en particular se enfrentaron a grandes retos. No solo estaban expuestas a un mayor riesgo de infecci\u00f3n, sino tambi\u00e9n a un fuerte estr\u00e9s psicol\u00f3gico. La carga de estr\u00e9s se manifiesta en s\u00edntomas como depresi\u00f3n, insomnio y ansiedad. Se ha demostrado cient\u00edficamente que el estr\u00e9s cr\u00f3nico provoca un cambio en la microbiota intestinal; en concreto, la mucosa intestinal tambi\u00e9n se ve gravemente afectada. En el marco de un an\u00e1lisis de situaci\u00f3n, se investig\u00f3 el efecto de los probi\u00f3ticos sobre los par\u00e1metros psicol\u00f3gicos del estr\u00e9s en unos 14 000 participantes de profesiones sanitarias durante la pandemia COVID-19 en Alemania<sup>4<\/sup>. Los resultados de este an\u00e1lisis de situaci\u00f3n muestran de forma impresionante que un probi\u00f3tico con vitaminas del grupo B que act\u00faa espec\u00edficamente sobre el eje intestino-cerebro fue capaz de mejorar el bienestar mental y f\u00edsico durante niveles elevados de estr\u00e9s. En solo dos semanas, el uso de probi\u00f3ticos m\u00e9dicamente relevantes puede mejorar las dolencias relacionadas con el estr\u00e9s, como la fatiga y el agotamiento mental. Actualmente estamos planificando un estudio controlado con placebo para confirmar estos sensacionales resultados.<\/p><p>Dos estudios sobre el uso con \u00e9xito de un probi\u00f3tico espec\u00edfico inhibidor de pat\u00f3genos para la diarrea inducida por antibi\u00f3ticos muestran resultados emocionantes. Por un lado, pudimos demostrar en un estudio con m\u00e1s de 200 pacientes que en el grupo probi\u00f3tico se produc\u00edan muchos menos efectos secundarios de la terapia antibi\u00f3tica y, adem\u00e1s, no se observ\u00f3 ni una sola infecci\u00f3n por <i>Clostridium difficile<\/i>, un microorganismo que puede causar una disbiosis intestinal potencialmente mortal. Especialmente destacable fue el hecho de que no se produjera ni un solo caso de diarrea en el grupo de pacientes de alto riesgo, correspondiente a mayores de 90 a\u00f1os, mientras que el 45 % de los pacientes del grupo de control que no recibieron probi\u00f3ticos tuvieron diarrea. Por supuesto, estos efectos positivos para el paciente tambi\u00e9n se notan en el funcionamiento del hospital: Al reducirse la diarrea, pueden reducirse las medidas de higiene y tambi\u00e9n los costes de personal<sup>5<\/sup>. En otro estudio en el que se administr\u00f3 el probi\u00f3tico a pacientes con c\u00e1ncer sometidos a quimioterapia y terapia antibi\u00f3tica simult\u00e1nea se demostraron excelentes resultados: ni un solo paciente desarroll\u00f3 diarrea a pesar de la combinaci\u00f3n de quimioterapia con muchos efectos secundarios m\u00e1s antibi\u00f3ticos. Esto no solo ayuda a los pacientes a tener una mejor calidad de vida, sino que tambi\u00e9n conduce a un mejor desarrollo de la terapia y a menos interrupciones de la quimioterapia<span style=\"font-size: 13.5px;vertical-align: super;color: var( --e-global-color-text );font-family: var( --e-global-typography-text-font-family ), -apple-system,BlinkMacSystemFont,Segoe UI,Roboto,Helvetica Neue,Arial,Noto Sans,sans-serif;font-style: var( --e-global-typography-text-font-style );font-weight: var( --e-global-typography-text-font-weight );letter-spacing: var( --e-global-typography-text-letter-spacing );text-transform: var( --e-global-typography-text-text-transform );text-align: var(--text-align);background-color: inherit\">6<\/span><span style=\"background-color: inherit;color: var( --e-global-color-text );font-family: var( --e-global-typography-text-font-family ), -apple-system,BlinkMacSystemFont,Segoe UI,Roboto,Helvetica Neue,Arial,Noto Sans,sans-serif;font-size: var( --e-global-typography-text-font-size );font-style: var( --e-global-typography-text-font-style );font-weight: var( --e-global-typography-text-font-weight );letter-spacing: var( --e-global-typography-text-letter-spacing );text-align: var(--text-align);text-transform: var( --e-global-typography-text-text-transform )\">.<\/span><\/p><p>Estos estudios y otros 40 proyectos en curso convierten a Institut AllergoSan el centro austriaco de la investigaci\u00f3n sobre el microbioma: \u00abEl futuro pertenece a la medicina probi\u00f3tica. Estamos orgullosos de poder contribuir decisivamente a ella con nuestra investigaci\u00f3n y desarrollo de productos\u00bb, resume Anita Frauwallner.<\/p><p>\u00a0<\/p>\t\t\t\t\t\t\t\t<\/div>\n\t\t\t\t<\/div>\n\t\t\t\t<div class=\"elementor-element elementor-element-1adb85c elementor-widget elementor-widget-text-editor\" data-id=\"1adb85c\" data-element_type=\"widget\" data-widget_type=\"text-editor.default\">\n\t\t\t\t<div class=\"elementor-widget-container\">\n\t\t\t\t\t\t\t\t\t<p><em>1 IMS PharmaTrend\u00ae monatlich; individuelle Marktbasis aus OTC 3 \u2014 03F1 Probiotische Produkte f\u00fcr den Verdauungstrakt und ausgew\u00e4hlten Wettbewerbern; MAT 07\/2017; Umsatz<\/em><\/p><p><em>2 Domig, K. J. et al. Strategies for the evaluation and selection of potential vaginal probiotics from human sources: an exemplary study. Benef. Microbes 5, 263\u2013272 (2014)<\/em><\/p><p><em>3 Labenz, J. et al. \u201cApplication of a multi-species probiotic reduces gastro-intestinal discomfort and induces microbial changes after a colonoscopy.\u201d Frontiers in Oncology (2022).<\/em><\/p><p><em>4 Frauwallner A. \u201eDer positive Effekt eines Multispezies-Probiotikums auf Stressresilienz und Schlafqualit\u00e4t\u201c OM &amp; Ern\u00e4hrung, vol. 179, pp F40-F46 (2022)<\/em><\/p><p><em>5 G\u00e4nzer et al. \u201eEinsatz von Probiotika bei Antibiose-Pr\u00e4vention einer antibiotikaassoziierten Diarrhoe bei \u00e4lteren Patienten\u201c Wiener klinisches Magazin, vol. 25, pp 12-19 (2022).<\/em><\/p><p><em>6 Rabl et al. \u201eDer positive Effekt eines Multispezies-Probiotikums bei chirurgischen Patienten mit Antibiose.\u201d Chirurg. Allg. Kompakt, vol. 10, pp. 475-478 (2021).<\/em><\/p>\t\t\t\t\t\t\t\t<\/div>\n\t\t\t\t<\/div>\n\t\t\t\t<\/div>\n\t\t\t\t\t<\/div>\n\t\t\t\t<\/div>\n\t\t<div class=\"elementor-element elementor-element-bc97856 obcs none e-flex e-con-boxed e-con e-parent\" data-id=\"bc97856\" data-element_type=\"container\" data-settings=\"{&quot;background_background&quot;:&quot;classic&quot;,&quot;shape_divider_top&quot;:&quot;waves&quot;,&quot;shape_divider_bottom&quot;:&quot;waves&quot;}\">\n\t\t\t\t\t<div class=\"e-con-inner\">\n\t\t\t\t<div class=\"elementor-shape elementor-shape-top\" aria-hidden=\"true\" data-negative=\"false\">\n\t\t\t<svg xmlns=\"http:\/\/www.w3.org\/2000\/svg\" viewBox=\"0 0 1000 100\" preserveAspectRatio=\"none\">\n\t<path class=\"elementor-shape-fill\" d=\"M421.9,6.5c22.6-2.5,51.5,0.4,75.5,5.3c23.6,4.9,70.9,23.5,100.5,35.7c75.8,32.2,133.7,44.5,192.6,49.7\n\tc23.6,2.1,48.7,3.5,103.4-2.5c54.7-6,106.2-25.6,106.2-25.6V0H0v30.3c0,0,72,32.6,158.4,30.5c39.2-0.7,92.8-6.7,134-22.4\n\tc21.2-8.1,52.2-18.2,79.7-24.2C399.3,7.9,411.6,7.5,421.9,6.5z\"\/>\n<\/svg>\t\t<\/div>\n\t\t\t\t<div class=\"elementor-shape elementor-shape-bottom\" aria-hidden=\"true\" data-negative=\"false\">\n\t\t\t<svg xmlns=\"http:\/\/www.w3.org\/2000\/svg\" viewBox=\"0 0 1000 100\" preserveAspectRatio=\"none\">\n\t<path class=\"elementor-shape-fill\" d=\"M421.9,6.5c22.6-2.5,51.5,0.4,75.5,5.3c23.6,4.9,70.9,23.5,100.5,35.7c75.8,32.2,133.7,44.5,192.6,49.7\n\tc23.6,2.1,48.7,3.5,103.4-2.5c54.7-6,106.2-25.6,106.2-25.6V0H0v30.3c0,0,72,32.6,158.4,30.5c39.2-0.7,92.8-6.7,134-22.4\n\tc21.2-8.1,52.2-18.2,79.7-24.2C399.3,7.9,411.6,7.5,421.9,6.5z\"\/>\n<\/svg>\t\t<\/div>\n\t\t\t\t<div class=\"elementor-element elementor-element-d3b568f elementor-widget__width-inherit elementor-widget elementor-widget-heading\" data-id=\"d3b568f\" data-element_type=\"widget\" data-widget_type=\"heading.default\">\n\t\t\t\t<div class=\"elementor-widget-container\">\n\t\t\t\t\t<h2 class=\"elementor-heading-title elementor-size-default\">Inversi\u00f3n en investigaci\u00f3n<\/h2>\t\t\t\t<\/div>\n\t\t\t\t<\/div>\n\t\t\t\t<div class=\"elementor-element elementor-element-0b3704c elementor-widget elementor-widget-text-editor\" data-id=\"0b3704c\" data-element_type=\"widget\" data-widget_type=\"text-editor.default\">\n\t\t\t\t<div class=\"elementor-widget-container\">\n\t\t\t\t\t\t\t\t\t<p>Institut AllergoSan invierte continuamente en la investigaci\u00f3n y el desarrollo de productos. Por ello, ofrece a sus clientes formulaciones naturales cuyo efecto no solo es r\u00e1pidamente perceptible por el usuario, sino que tambi\u00e9n est\u00e1 probado por estudios cient\u00edficos.<\/p>\t\t\t\t\t\t\t\t<\/div>\n\t\t\t\t<\/div>\n\t\t\t\t\t<\/div>\n\t\t\t\t<\/div>\n\t\t<div class=\"elementor-element elementor-element-42adf52 obcs none e-flex e-con-boxed e-con e-parent\" data-id=\"42adf52\" data-element_type=\"container\">\n\t\t\t\t\t<div class=\"e-con-inner\">\n\t\t<div class=\"elementor-element elementor-element-fec4a3a e-con-full obcs none e-flex e-con e-child\" data-id=\"fec4a3a\" data-element_type=\"container\">\n\t\t\t\t<div class=\"elementor-element elementor-element-0ed2656 elementor-widget elementor-widget-heading\" data-id=\"0ed2656\" data-element_type=\"widget\" data-widget_type=\"heading.default\">\n\t\t\t\t<div class=\"elementor-widget-container\">\n\t\t\t\t\t<h2 class=\"elementor-heading-title elementor-size-default\">Lista de publicaciones\n<\/h2>\t\t\t\t<\/div>\n\t\t\t\t<\/div>\n\t\t\t\t<div class=\"elementor-element elementor-element-a2e4e0a elementor-widget elementor-widget-text-editor\" data-id=\"a2e4e0a\" data-element_type=\"widget\" data-widget_type=\"text-editor.default\">\n\t\t\t\t<div class=\"elementor-widget-container\">\n\t\t\t\t\t\t\t\t\t<p>Selecci\u00f3n de estudios publicados en revistas especializadas, en los que se utiliz\u00f3 y prob\u00f3 cient\u00edficamente OMNi-BiOTiC\u00ae para tratar distintas afecciones:<\/p>\t\t\t\t\t\t\t\t<\/div>\n\t\t\t\t<\/div>\n\t\t\t\t<div class=\"elementor-element elementor-element-f0ce40b elementor-widget elementor-widget-text-editor\" data-id=\"f0ce40b\" data-element_type=\"widget\" data-widget_type=\"text-editor.default\">\n\t\t\t\t<div class=\"elementor-widget-container\">\n\t\t\t\t\t\t\t\t\t<ul><li><strong>Medizinische Universit\u00e4t Graz &#8211; Prof. C. Castellani &#8211; Inhibici\u00f3n de pat\u00f3genos<\/strong><br \/>Kienesberger et al. \u201eInsights into the Composition of a Co-Culture of 10 Probiotic Strains (OMNi BiOTiC\u00ae AAD10) and Effects of Its Postbiotic<br \/>Culture Supernatant.\u201c Nutrients, vol. 14, pp. 1194 (2022)<\/li><li><strong>Diakonie Klinikum Jung Stilling Siegen &#8211; Prof. Joachim Labenz &#8211; C<\/strong><b>olonoscopia preventiva<\/b><br \/>Labenz, J. et al. \u201eApplication of a multispecies probiotic reduces gastro-intestinal discomfort and induces microbial changes after colonoscopy.\u201c<br \/>Frontiers in Oncology (2022).<\/li><li><strong>University of North Texas &#8211; Danielle T. Phillippi &#8211;\u00a0<\/strong><b>Contaminantes ambientales<\/b><br \/>Phillippi, D.T. et al. \u201eInhaled diesel exhaust particles result in microbiome-related systemic inflammation and altered cardiovascular disease<br \/>biomarkers in C57Bl\/6 male mice.\u201c Particle and Fibre Toxicology; vol. 19(1):10 (2022).<\/li><li><strong>Medizinische Universit\u00e4t Graz \u2013 Prof. E. Z. Reininghaus \u2013 Depresi\u00f3n<\/strong><br \/>K. Kreuzer et al., \u201e The PROVIT Study-Effects of Multispecies Probiotic Add-on Treatment on Metabolomics in Major Depressive Disorder-A Randomized, Placebo-Controlled Trial.\u201d Metabolites, vol 12 (8), pp 770 (2022).<\/li><li><strong>Institut Allergosan \u2013 Mag. A. Frauwallner \u2013\u00a0<\/strong><b>Estr\u00e9s y calidad de sue\u00f1o<\/b><br \/>Frauwallner A. \u201eDer positive Effekt eines Multispezies-Probiotikums auf Stressresilienz und Schlafqualit\u00e4t\u201c OM &amp; Ern\u00e4hrung, vol. 179, pp F40-F46 (2022).<\/li><li><strong>Bezirkskrankenhaus Schwaz \u2013 Prim. Prof. H. G\u00e4nzer \u2013 Diarrea asociada a los antibi\u00f3ticos<\/strong><br \/>G\u00e4nzer et al. \u201eEinsatz von Probiotika bei Antibiose-Pr\u00e4vention einer antibiotikaassoziierten Diarrhoe bei \u00e4lteren Patienten\u201c Wiener klinisches Magazin, vol. 25, pp 12-19 (2022).<\/li><li><strong>University of North Texas &#8211; Sarah Daniel &#8211; Contaminantes ambientales<\/strong><br \/>Daniel, S. et al. \u201eExposure to diesel exhaust particles results in altered lung microbial profiles, associated with increased reactive oxygen species\/reactive nitrogen species and inflammation, in C57Bl\/6 wildtype mice on a high-fat diet.\u201c Particle and Fibre Toxicology; vol. 18(1):3 (2021).<\/li><li><strong>LKH Leoben \u2013 Prim. Prof. H. Rabl \u2013 Utilizaci\u00f3n de antibi\u00f3ticos en pacientes quir\u00fargicos<\/strong><br \/>Rabl et al. \u201dDer positive Effekt eines Multispezies-Probiotikums bei chirurgischen Patienten mit Antibiose.\u201d Chirurg. Allg. Kompakt, vol. 10, pp. 475-478 (2021).<\/li><li><strong>Velleja Forschungsinstitut Mailand \u2013 Dr. F. Di Pierro \u2013 COVID-19<\/strong><br \/>Di Pierro et al. \u201cThe administration of S. salivarius K12 to children may reduce the rate of SARS-CoV-2 infection.\u201d Minerva Medica, vol. 112, pp. 514-516 (2021).<\/li><li><strong>Wuhan University of Science and Technology \u2013 Dr. Q. Wang \u2013 COVID-19<\/strong><br \/>Wang et al. \u201cOropharyngeal Probiotic ENT-K12 Prevents Respiratory Tract Infections Among Frontline Medical Staff Fighting Against COVID-19: A Pilot Study.\u201d Front. Bioeng. Biotechnol., vol. 9, pp. 646184 (2021).<\/li><li><strong>Kinderwunsch Institut Schenk \u2013 Dr. M. Schenk \u2013 Fertilizaci\u00f3n in vitro<\/strong><br \/>M. Schenk et al., \u201cEffect of probiotics on vaginal Ureaplasma parvum in women suffering from unexplained infertility\u201d, ReProd BioMed Online, (2021)<\/li><li><strong>Medizinische Universit\u00e4t Graz \u2013 Prof. V. Stadlbauer-K\u00f6llner \u2013 Hepatolog\u00eda<\/strong><br \/>V. Stadlbauer-K\u00f6llner, \u201eProbiotika zur Verbesserung der Leberfunktion bei Leberzirrhose\u201c, OM u Ern\u00e4hrung, vol. 173, pp. 54-61 (2020).<\/li><li><strong>Medizinische Universit\u00e4t Graz \u2013 Prof. E. Z. Reininghaus \u2013 Depresi\u00f3n<\/strong><br \/>E. Z. Reininghaus et al., \u201cPROVIT: Supplementary Probiotic Treatment and Vitamin B7 in Depression\u2014A Randomized Controlled Trial,\u201d Nutrients, vol. 12, pp. 3422, (2020)<\/li><li><strong>Medizinische Universit\u00e4t Graz \u2013 Prof. M. Stradner \u2013 Psoriasis-Artritis<\/strong><br \/>A. Haidmayer, et al. \u201cEffects of Probiotic Strains on Disease Activity and Enteric Permeability in Psoriatic Arthritis\u2013A Pilot Open-Label Study.\u201d Nutrients, vol. 12, pp. 2337 (2020)<\/li><li><strong>Mid Sweden University \u2013 Dr. M. Jong \u2013 Diarrea asociada a los antibi\u00f3ticos en pacientes geri\u00e1tricos<\/strong><br \/>H. A. Van Wietmarschen et al. \u201cProbiotics use for antibiotic-associated diarrhea: A pragmatic participatory evaluation in nursing ho- mes,\u201d BMC Gastroenterol., vol. 20, pp. 151 (2020)<\/li><li><strong>Medizinische Universit\u00e4t Graz \u2013 Prof. E. Z. Reininghaus \u2013 Depresi\u00f3n<\/strong><br \/>A. Reiter et al., \u201cInterleukin-6 Gene Expression Changes after a 4-Week Intake of a Multispecies Probiotic in Major Depressive Disorder\u2014Preliminary Results of the PROVIT Study,\u201d Nutrients, vol. 12, pp. 2575, (2020)<\/li><li><strong>Medizinische Universit\u00e4t Graz \u2013 Prof. R. Krause \u2013 Bacterias multirresistentes\u00a0<\/strong><br \/>I. Zollner-Schwetz et al. \u201cEffect of a multispecies probiotic on intestinal and skin colonization by multidrug-resistant gram-negative bacteria in patients in a long-term care facility: A pilot study,\u201d Nutrients, vol. 12, pp. 1586 (2020)<\/li><li><strong>Review \u2013 Dr. V. Stiegelbauer \u2013 Calidad de Probi\u00f3ticos<\/strong><br \/>L. Grumet, et al. \u201cThe Development of High-Quality Multispecies Probiotic Formulations: From Bench to Market,\u201d Nutrients, vol. 12, pp. 2453 (2020). Qualit\u00e4tskriterie<\/li><li><strong>Medizinische Universit\u00e4t Graz \u2013 Prof. V. Stadlbauer-K\u00f6llner \u2013 Hepatolog\u00eda<\/strong><br \/>A. Horvath et al. \u201cChanges in the Intestinal Microbiome during a Multispecies Probiotic Intervention in Compensated Cirrhosis,\u201d Nutri- ents, vol. 12, pp. 1874 (2020)<\/li><li><strong>Medizinische Universit\u00e4t Graz \u2013 Prof. V. Stadlbauer-K\u00f6llner \u2013 Diabetes tipo 2<\/strong><br \/>Horvath et al. \u201cEffects of a multispecies synbiotic on glucose metabolism, lipid marker, gut microbiome composition, gut permeability, and quality of life in diabesity: a randomized, double-blind, placebo-controlled pilot study.\u201d Eur. J. Nutr., (2019).<\/li><li><strong>Universit\u00e4t Graz \u2013 Prof. B. Sch\u00fctz \u2013 Aporte de sustancias esenciales en la postmenopausia<\/strong><br \/>Stiegelbauer et al. \u201cDer Effekt eines Multispezies-Probiotikums auf die Mikron\u00e4hrstoffaufnahme, Hormonproduktion und Entz\u00fcn- dungsreaktionen bei postmenopausalen Frauen \u201d, OM u Ern\u00e4hrung, vol. 168, pp. 63-67 (2019).<\/li><li><strong>Medizinische Universit\u00e4t Graz \u2013 Prof. P. Holzer \u2013 Antibi\u00f3ticos y microbioma<\/strong><br \/>Ja\u010dan et al. \u201cSynergistic and antagonistic interactions between antibiotics and synbiotics is modifying the murine fecal microbiome,\u201d Eur. J. Nutr., pp. 1-14 (2019).<\/li><li><strong>Europa Universit\u00e4t Viadrina Frankfurt \u2013 Dr. D. Lazik \u2013 Mejora del rendimiento deportivo<\/strong><br \/>Lazik et al. \u201cDer Effekt von Multispezies-Probiotika auf die intestinale Barrierefunktion, Entz\u00fcndungsreaktionen und Leistungsf\u00e4hig- keit bei Athleten \u2013 Eine retrospektive Studie bei Leistungssportlern einer Football Bundesliga-Mannschaft\u201d, OM u Ern\u00e4hrung, vol.<br \/>167, pp. 27- 34 (2019).<\/li><li><strong>Medizinische Universit\u00e4t Graz \u2013 Prof. V. Stadlbauer-K\u00f6llner \u2013 Sepsis y microbioma<\/strong><br \/>Stadlbauer et al. \u201cDysbiosis in early sepsis can be modulated by a multispecies probiotic: a randomised controlled pilot trial,\u201d Benef. Microbes, vol. 10, pp. 265 -278 (2019).<\/li><li><strong>P\u00e4diatrisches Krankenhaus Bambino Ges\u00f9 Rom \u2013 Dr. G. Marini \u2013 Otorrinolaringolog\u00eda<\/strong><br \/>Marini et al. \u201dPilot study to explore the prophylactic efficacy of oral probiotic Streptococcus salivarius K12 in preventing recurrent pharyngotonsillar episodes in pediatric patients.\u201d Int J Gen Med., vol. 12, pp. 213-217 (2019).<\/li><li><strong>Medizinische Universit\u00e4t Graz \u2013 Prof. Singer \u2013 Enfermedad de Hirschsprung<\/strong><br \/>Singer et al. \u201cHirschsprung\u2019s Associated Enterocolitis (HAEC) Personalized Treatment with Probiotics Based on Gene Sequencing Ana- lysis of the Fecal Microbiome,\u201d Case Rep. Pediatr., pp. 1-6 (2018).<\/li><li><strong>Medizinische Universit\u00e4t Graz \u2013 Prof. C. H\u00f6genauer \u2013 S\u00edndrome del intestino irritable<\/strong><br \/>Moser et al. \u201cEffects of an oral synbiotic on the gastrointestinal immune system and microbiota in patients with diarrhea-predominant irritable bowel syndrome.\u201d Eur. J. Nutr., pp. 1-12 (2018).<\/li><li><strong>Medizinische Universit\u00e4t Graz \u2013 Prof. E. Reininghaus \u2013 Trastorno bipolar<\/strong><br \/>Reininghaus et al. \u201cThe Impact of Probiotic Supplements on Cognitive Parameters in Euthymic Individuals with Bipolar Disorder: A Pilot Study.\u201d Neuropsychobiology, pp. 1-8 (2018).<\/li><li><strong>Medzinische Universit\u00e4t Innsbruck \u2013 Prof. D. Fuchs \u2013 Enfermedades neurodegenerativas<\/strong><br \/>Leblhuber et al. \u201cProbiotic Supplementation in Patients with Alzheimer\u2019s Dementia \u2013 An Explorative Intervention Study.\u201d Curr. Alzheimer Res., vol. 15, pp. 1106-1113 (2018).<\/li><li><strong>Warwick Medical School \u2013 Dr. P. McTernant \u2013 Diabetes tipo 2<\/strong><br \/>Sabico et al. \u201cEffects of a 6-month multi-strain probiotics supplementation in endotoxemic, inflammatory and cardiometabolic status of T2DM patients: A randomized, double-blind, placebo-controlled trial.\u201d Clin Nutr., vol. 38, pp. 1561-1569 (2018).<\/li><li><strong>Universit\u00e4t Graz \u2013 Prof. V. Sch\u00f6pf \u2013 Neuropsicolog\u00eda \/ Neuroimaging<\/strong><br \/>Bagga et al. \u201cInfluence of 4-week multi-strain probiotic administration on resting-state functional connectivity in healthy volunteers.\u201d Eur. J. Nutr., vol.58, pp. 1821-1827 (2018).<\/li><li><strong>Pommersche Medizinische Universit\u00e4t Stettin \u2013 Dr. J. Suliburska \u2013 Hepatolog\u00eda<\/strong><br \/>Skrypnik et al. \u201cEffect of probiotic supplementation on liver function and lipid status in rats.\u201d Acta Sci. Pol. Technol. Aliment., vol. 17, pp. 185-192 (2018).<\/li><li><strong>Lud. Max. Universit\u00e4t M\u00fcnchen \u2013 Prof. A. Straube \u2013 Migra\u00f1a<\/strong><br \/>Straube et al. \u201cMigr\u00e4neprophylaxe mit einem Probiotikum.\u201d MMW \u2013 Fortschritte der Medizin, vol. 160, pp. 16-21 (2018).<\/li><li><strong>Medizinische Universit\u00e4t Posen \u2013 Dr. M. Szulinska \u2013 S\u00edndrome metab\u00f3lico<\/strong><br \/>Szulinska et al. \u201cDose-Dependent Effects of Multispecies Probiotic Supplementation on the Lipopolysaccharide (LPS) Level and Cardiometabolic Profile in Obese Postmenopausal Women: A 12-Week Randomized Clinical Trial.\u201d Nutrients, vol. 10, pp. 773 (2018).<\/li><li><strong>Universit\u00e4t Graz \u2013 Prof. V. Sch\u00f6pf \u2013 Neuropsicolog\u00eda \/ Neuroimaging<\/strong><br \/>Bagga et al. \u201cInfluence of 4-week multi-strain probiotic administration on resting-state functional connectivity in healthy volunteers.\u201d Eur. J. Nutr., vol.58, pp. 1821-1827 (2018).<\/li><li><strong>Pommersche Medizinische Universit\u00e4t Stettin \u2013 Dr. J. Suliburska \u2013 Hepatolog\u00eda<\/strong><br \/>Skrypnik et al. \u201cEffect of probiotic supplementation on liver function and lipid status in rats.\u201d Acta Sci. Pol. Technol. Aliment., vol. 17, pp. 185-192 (2018).<\/li><li><strong>Medizinische Universit\u00e4t Posen \u2013 Dr. M. Szulinska \u2013 S\u00edndrome metab\u00f3lico<\/strong><br \/>Szulinska et al. \u201cDose-Dependent Effects of Multispecies Probiotic Supplementation on the Lipopolysaccharide (LPS) Level and Cardiometabolic Profile in Obese Postmenopausal Women: A 12-Week Randomized Clinical Trial.\u201d Nutrients, vol. 10, pp. 773 (2018).<\/li><li><strong>Universit\u00e4t Graz \u2013 Prof. V. Sch\u00f6pf \u2013 Neuropsicolog\u00eda \/ Neuroimaging<\/strong><br \/>Bagga et al. \u201cProbiotics drive gut microbiome triggering emotional brain signatures.\u201d Gut Microbes, vol. 9, pp. 1-11, (2018).<\/li><li><strong>Velleja Forschungsinstitut Mailand \u2013 Dr. F. Di Pierro \u2013 Otorrinolaringolog\u00eda<\/strong><br \/>Di Pierro et al. \u201cUse of Streptococcus salivarius K12 to reduce the incidence pharyngo-tonsillitis and acute otitis media in children: a retrospective analysis in not-recurrent pediatric subjects.\u201d Minerva Pediatrica, vol. 70, pp. 240-245 (2018).<\/li><li><strong>Universit\u00e4t Urbino \u2013 Dr. Baffone \u2013 Medicina de viajes<\/strong><br \/>Campana et al., \u201cStrain-specific probiotic properties of lactic acid bacteria against human intestinal pathogens invasion\u201d Gut Pathog., vol. 9, pp. 12 (2017).<\/li><li><strong>Warwick Medical School \u2013 Dr. P. McTernant \u2013 Diabetes tipo 2<\/strong><br \/>Sabico et al. \u201cEffects of a multi-strain probiotic supplement for 12 weeks in circulating endotoxin levels and cardiometabolic profiles of medication naive T2DM patients: a randomized clinical trial.\u201d J Transl Med., vol. 15, pp. 249 (2017).<\/li><li><strong>AKH Wien \u2013 Prof. L. Petricevic \u2013 Ginecolog\u00eda<\/strong><br \/>Marschalek et al. \u201cInfluence of Orally Administered Probiotic Lactobacillus Strains on Vaginal Microbiota in Women with Breast Cancer during Chemotherapy: A Randomized Placebo- Controlled Double-Blinded Pilot Study.\u201d Breast Care, vol. 12, pp. 335-339 (2017).<\/li><li><strong>Medizinische Universit\u00e4t Innsbruck \u2013 Prof. D. Fuchs \u2013 Enfermedades neurodegenerativas<\/strong><br \/>Leblhuber et al. \u201cOn the role of intestinal microbiota in patients with cognitive decline.\u201d J Pharm Pharmacol., vol. 5, pp. 648-653 (2017).<\/li><li><strong>Medizinische Universit\u00e4t Innsbruck \u2013 Prof. D. Fuchs \u2013 Enfermedades neurodegenerativas<\/strong><br \/>Leblhuber et al. \u201cDie Bedeutung der Darm-Hirn-Achse bei Demenz.\u201d Spectrum Psychiatrie vol. 3, pp. 38-41, (2017).<\/li><li><strong>Universit\u00e4tsklinikum Kiel \u2013 Prof. Schrezenmair \u2013 Ginecolog\u00eda<\/strong><br \/>Laue et al. \u201cEffect of Lactobacillus strains on bacterial vaginosis in women \u2013 a double-blind, randomised, controlled clinical pilot trial.\u201d Benef. Microbes, vol. 9, pp. 35-50 (2017).<\/li><li><strong>Bah\u00e7esehir Universit\u00e4t Istanbul \u2013 Ass. Prof. T. Gun \u2013 Otorrinolaringolog\u00eda<\/strong><br \/>Gun et al. \u201cClinical evaluation of the therapeutic use of oral probiotic Streptococcus salivarius K12 for recurrent pharyngitis and\/or tonsillitis.\u201d Indian Journal of Research, vol. 6, pp. 633-634 (2017).<\/li><li><strong>Medizinische Universit\u00e4t Graz \u2013 Prof. V. Stadlbauer-K\u00f6llner \u2013 Hepatolog\u00eda<\/strong><br \/>Horvath et al. \u201cRandomised clinical trial: the effects of a multispecies probiotic vs. placebo on innate immune function, bacterial translocation and gut permeability in patients with cirrhosis.\u201d Aliment. Pharmacol. Ther., vol. 44, pp. 926-935 (2016).<\/li><li><strong>Medizinische Universit\u00e4t Innsbruck \u2013 Prof. B. Pr\u00fcller-Strasser \u2013 Mejora del rendimiento deportivo<\/strong><br \/>Strasser et al. \u201cProbiotic Supplements Beneficially Affect Tryptophan-Kynurenine Metabolism and Reduce the Incidence of Upper Respiratory Tract Infections in Trained Athletes: A Randomized, Double-Blinded, Placebo-Controlled Trial.\u201d Nutrients, vol. 8, pp. 752 (2016).<\/li><li><strong>Universit\u00e4tsklinikum Kiew \u2013 Prof. Anoshina \u2013 Infecci\u00f3n por herpes durante el embarazo<\/strong><br \/>Anoshina et al. \u201cRole of microbiota in pregnant women with herpesvirus infection.\u201d Perinatologiya Pediatriya, vol. 4, pp. 22-25 (2016).<\/li><li><strong>Dr. M\u00fcller \u2013 Diarrea del viajero<\/strong><br \/>M\u00fcller H. \u201cProbiotika zur Prophylaxe und Therapie der Reisediarrh\u00f6.\u201d Flug u Reisemed., vol. 23(5) pp. 232-236 (2016).<\/li><li><strong>Universit\u00e4t Genua \u2013 Dr. G. Gregori \u2013 Otorrinolaringolog\u00eda<\/strong><br \/>Gregori et al. \u201cReduction of group A beta-hemolytic streptococcus pharyngo-tonsillar infections associated with use of the oral probiotic Streptococcus salivarius K12: a retrospective observational study.\u201d Ther. Clin. Risk. Manag., vol. 19, pp. 87-92 (2016).<\/li><li><strong>Universit\u00e4t Leiden \u2013 Prof. L. Colzato \u2013 Depresi\u00f3n<\/strong><br \/>Steenbergen et al. \u201cRandomized controlled trial to test the effect of multispecies probiotics on cognitive reactivity to sad mood.\u201d Brain. Behav. Immun., vol. 48, pp. 258-64 (2015).<\/li><li><strong>Universit\u00e4t Wageningen \u2013 Dr. de Roos \u2013 Migra\u00f1a<\/strong><br \/>de Roos et al. \u201cThe effects of the multispecies probiotic mixture on migraine: results of an open-label pilot study.\u201d Benef. Microbes, vol. 6, pp. 641-646 (2015).<\/li><li><strong>University College Roosevelt \u2013 Prof. G. Rijkers \u2013 Alergia<\/strong><br \/>Kim et al. \u201cProbiotic supplementation influences faecal short chain fatty acids in infants at high risk for eczema.\u201d Benef. Microbes, vol. 6, pp. 783-790 (2015).<\/li><li><strong>Universit\u00e4t Innsbruck \u2013 Prof. Leblhuber \u2013 Demencia<\/strong><br \/>Leblhuber et al. \u201cElevated fecal calprotectin in patients with Alzheimer\u2019s dementia indicates leaky gut.\u201d J. Neural Transm., vol. 122, pp. 1319-1322 (2015).<\/li><li><strong>LKH Feldbach \u2013 Doz. H. Hofmann \u2013 Pediatr\u00eda<\/strong><br \/>Hofmann H \u201cProbiotikum gegen Verdauungsbeschwerden in der Schwangerschaft und S\u00e4uglingskoliken.\u201d Gyn\u00e4kologie aktiv, vol. 5, pp. 8-9 (2015).<\/li><li><strong>AKH Wien \u2013 Prof. H. Kiss \u2013 Ginecolog\u00eda<\/strong><br \/>Domig et al. \u201cStrategies for the evaluation and selection of potential vaginal probiotics from human sources: an exemplary study.\u201d Benef. Microbes, vol. 5, pp. 263-272 (2014).<\/li><li><strong>AKH Wien &#8211; Dr. Ulrike Kaufmann &#8211; Transg\u00e9nero<\/strong><br \/>Kaufmann U et al. \u201eAbility of an orally administered lactobacilli preparation to improve the quality of the neovaginal microflora in male to female transsexual women.\u201c European Journal of Obstetrics &amp; Gynecology and Reproductive Biology, vol. 172, pp. 102-105 (2014).<\/li><li><strong>Universit\u00e4t Wageningen \u2013 Prof. B. Sch\u00fctz \u2013 Obesidad<\/strong><br \/>van Hemert et al. \u201cClinical studies evaluating effects of probiotics on parameters of intestinal barrier function.\u201d Advances in Microbiology, vol. 3, pp. 212-221 (2013).<\/li><li><strong>Universit\u00e4t Link\u00f6ping \u2013 Prof. S\u00f6derholm \u2013 Enfermedades inflamatorias intestinales cr\u00f3nicas<\/strong><br \/>Persborn et al. \u201cThe effects of probiotics on barrier function and mucosal pouch microbiota during maintenance treatment for severe pouchitis in patients with ulcerative colitis.\u201d Aliment. Pharmacol. Ther., vol. 38, pp. 772-783 (2013).<\/li><li><strong>Universit\u00e4t Salzburg \u2013 Doz. M. Hell \u2013 Infecciones por <i>Clostridium difficile<\/i><\/strong><br \/>Hell et al. \u201cProbiotics in Clostridium difficile infection: reviewing the need for a multistrain probiotic.\u201d Benef. Microbes, vol. 4, pp. 39-51 (2013).<\/li><li><strong>Velleja Forschungsinstitut Mailand \u2013 Dr. F. Di Pierro \u2013 Otorrinolaringolog\u00eda<\/strong><br \/>Di Pierro et al. \u201dClinical evaluation of the oral probiotic Streptococcus salivarius K12 in the prevention of recurrent pharyngitis and\/or tonsillitis caused by Streptococcus pyogenes in adults.\u201d Expert Opin Biol Ther., vol. 13, pp. 339-343 (2013).<\/li><li><strong>Universit\u00e4t Graz \u2013 Doz. M. Lamprecht \u2013 Permeabilidad intestinal e inflamaci\u00f3n en el deporte<\/strong><br \/>Lamprecht et al. \u201cProbiotic supplementation affects markers of intestinal barrier, oxidation, and inflammation in trained men; a randomized, double-blinded, placebo-controlled trial.\u201d J Int Soc Sports Nutr., vol. 9, pp. 45 (2012).<\/li><li><strong>Universit\u00e4t Graz \u2013 Doz. M. Lamprecht \u2013 Medicina deportiva y nutrici\u00f3n<\/strong><br \/>Lamprecht et al. \u201cExercise, intestinal barrier dysfunction and probiotic supplementation.\u201d Med. Sport Sci., vol. 59, pp. 47-56 (2012).<\/li><li><strong>Velleja Forschungsinstitut Mailand \u2013 Dr. F. Di Pierro \u2013 Otorrinolaringolog\u00eda<\/strong><br \/>Di Pierro et al. \u201cPreliminary pediatric clinical evaluation of the oral probiotic Streptococcus salivarius K12 in preventing recurrent pharyngitis and\/or tonsillitis caused by Streptococcus pyogenes and recurrent acute otitis media.\u201d Int. J. Gen. Med., vol. 5, pp. 991-997 (2012).<\/li><li><strong>Universit\u00e4tsklinik Utrecht \u2013 Prof. G. Rijkers \u2013 Investigaci\u00f3n sobre alergia<\/strong><br \/>Niers et al. \u201cThe effects of selected probiotic strains on the development of eczema (the PandA study).\u201d Allergy, vol. 64, pp. 1349-58 (2009).<\/li><li><strong>Universit\u00e4tsklinik Maastricht \u2013 Prof. R. Stockbr\u00fcgger \u2013 Diarrea asociada al uso de antibi\u00f3ticos<\/strong><br \/>Koning et al. \u201cThe effect of a multispecies probiotic on the intestinal microbiota and bowel movements in healthy volunteers taking the antibiotic amoxycillin.\u201d Am. J. Gastroenterol., vol. 103, pp. 178-189 (2008).<\/li><li><strong>Universit\u00e4tsklinik Utrecht \u2013 Prof. G. Rijkers \u2013 Investigaci\u00f3n sobre alergia<\/strong><br \/>Niers et al. \u201cSelection of probiotic bacteria for prevention of allergic diseases: immunomodulation of neonatal dendritic cells.\u201d Clin. Exp. Immunol., vol. 149, pp. 344-352 (2007).<\/li><li><strong>Universit\u00e4tsklinik Utrecht \u2013 Prof. G. Rijkers \u2013 Investigaci\u00f3n sobre alergia<\/strong><br \/>Niers et al. Identification of strong interleukin-10 inducing lactic acid bacteria which down-regulate T helper type 2 cytokines. Clin. Exp. Allergy, vol. 35, 1481-1489 (2005).<\/li><li><strong>Johannes Gutenberg-Universit\u00e4t Mainz \u2013 Prof. K. Jung \u2013 Sistema inmunitario<\/strong><br \/>H. Roll et al., \u201eBeeinflussung von sekretorischen IgA-Defiziten bei Sportstudierenden durch Nahrungserg\u00e4nzungsmittel\u201c, EHK, vol 49 (8), pp 489-494, (2000).<\/li><li><strong>Universit\u00e4t Freiburg \u2013 Prof. P. Berg \u2013 Sistema inmunitario<\/strong><br \/>P. Berg et al., \u201cThe gastrointestinal system \u2013 an essential target organ of the athlete\u2019s health and physical performance\u201d Exerc Immunol Rev., (1999).<\/li><\/ul>\t\t\t\t\t\t\t\t<\/div>\n\t\t\t\t<\/div>\n\t\t\t\t<div class=\"elementor-element elementor-element-fc74815 elementor-widget elementor-widget-heading\" data-id=\"fc74815\" data-element_type=\"widget\" data-widget_type=\"heading.default\">\n\t\t\t\t<div class=\"elementor-widget-container\">\n\t\t\t\t\t<h3 class=\"elementor-heading-title elementor-size-default\">Estudios con OMNi-BiOTiC\u00ae en publicaci\u00f3n:<\/h3>\t\t\t\t<\/div>\n\t\t\t\t<\/div>\n\t\t\t\t<div class=\"elementor-element elementor-element-ad24ed4 elementor-widget elementor-widget-text-editor\" data-id=\"ad24ed4\" data-element_type=\"widget\" data-widget_type=\"text-editor.default\">\n\t\t\t\t<div class=\"elementor-widget-container\">\n\t\t\t\t\t\t\t\t\t<ul><li>Universit\u00e4tsklinik Rijeka (Dr. Golcic): Diarrea asociada a la quimioterapia<\/li><li>Uniklinik Graz (Prof. Stadlbauer K\u00f6llner): Estudio sobre el estr\u00e9s y el descanso<\/li><li>Universit\u00e4t Maribor (Prof. Fijan): Infecciones de las v\u00edas respiratorias superiores<\/li><li>UKE Hamburg (Prof. St\u00fcrmer): Cicatrizaci\u00f3n de heridas en el pie diab\u00e9tico<\/li><li>Medizinische Universit\u00e4t Graz (Prof. Castellani): Neuroblastoma<\/li><\/ul>\t\t\t\t\t\t\t\t<\/div>\n\t\t\t\t<\/div>\n\t\t\t\t<div class=\"elementor-element elementor-element-00989ca elementor-widget elementor-widget-heading\" data-id=\"00989ca\" data-element_type=\"widget\" data-widget_type=\"heading.default\">\n\t\t\t\t<div class=\"elementor-widget-container\">\n\t\t\t\t\t<h3 class=\"elementor-heading-title elementor-size-default\">Selecci\u00f3n de proyectos de investigaci\u00f3n en curso con OMNi-BiOTiC\u00ae:<\/h3>\t\t\t\t<\/div>\n\t\t\t\t<\/div>\n\t\t\t\t<div class=\"elementor-element elementor-element-567809f elementor-widget elementor-widget-text-editor\" data-id=\"567809f\" data-element_type=\"widget\" data-widget_type=\"text-editor.default\">\n\t\t\t\t<div class=\"elementor-widget-container\">\n\t\t\t\t\t\t\t\t\t<ul><li>Multizentrische Studie in Deutschland (Prof. Labenz), Diarrea asociada al uso de antibi\u00f3ticos<\/li><li>Unispital Z\u00fcrich (Prof. Scharl), Carcinoma colorrectal<\/li><li>Medizinische Universit\u00e4t Graz (Prof. Stadlbauer-K\u00f6llner), Demencia<\/li><li>Universit\u00e4tsklinik Rijeka (Prof. Hauser), S\u00edndrome del intestino irritable<\/li><li>AKH Wien (Priv.-Doz. Aust), C\u00e1ncer de ovario y prebi\u00f3ticos<\/li><li>Multizentrische Studie in \u00d6sterreich (Prof. Gruber), Vaginosis bacteriana<\/li><li>Multizentrische Studie in \u00d6sterreich (Dr. Hammer), Prevenci\u00f3n de infecciones de garganta, nariz y o\u00eddo<\/li><li>Medizinische Universit\u00e4t Graz (Prof. Stadlbauer-K\u00f6llner), Diarrea y Covid-19<\/li><li>Medizinische Universit\u00e4t Graz (Prof. Stadlbauer-K\u00f6llner) Uso de probi\u00f3ticos en el s\u00edndrome postcovid<\/li><li>UKE Hamburg (Dr. Sinn), Carcinoma colorrectal<\/li><li>LMU M\u00fcnchen (Prof. Liesz), Accidente cerebrovascular<\/li><li>Medizinische Universit\u00e4t Graz (Dr. M\u00f6rkl), Depresi\u00f3n<\/li><li>Medizinische Universit\u00e4t Graz (Prof. Voit-Augustin), Riesgo de infecci\u00f3n en pacientes de cuidados intensivos<\/li><li>Charit\u00e9 Berlin (Prof. Sehouli), C\u00e1ncer de ovario<\/li><li>UKE Hamburg (Prof. St\u00fcrmer), Tratamiento de heridas de pie diab\u00e9tico<\/li><li>Universit\u00e4tsklinikum Minden (Dr. Sorleto), Pancreatitis cr\u00f3nica<\/li><li>Medizinische Universit\u00e4t Graz (Prof. Stradner),Artritis reumatoide<\/li><li>Med Uni Wien und Innsbruck (Prof. Karwautz), Anorexia<\/li><li>Medizinische Universit\u00e4t Innsbruck (Dr. Kurz \/ Prof. Weiss), Fatiga cr\u00f3nica<\/li><li>Kinderwunschzentrum Schenk (Dr. Krammer-Pojer \/ Dr. Schenk), Calidad esperm\u00e1tica<\/li><li>Medizinische Universit\u00e4t Graz (Dr. Kollmann), Fertilidad masculina<\/li><li>Veterin\u00e4rmedizinische Universit\u00e4t Wien (Prof. Burgener), Enfermedades gastrointestinales en perros<\/li><li>Medizinische Universit\u00e4t Graz (Prof. Schemmer), Trasplante de h\u00edgado<\/li><li>Medizinische Universit\u00e4t Graz (Prof. Obermayer-Pietsch), S\u00edndrome de ovario poliqu\u00edstico<\/li><\/ul><p><strong>Si tiene alguna pregunta sobre los estudios en curso, no dude en ponerse en contacto con Institut AllergoSan en cualquier momento.<\/strong><\/p>\t\t\t\t\t\t\t\t<\/div>\n\t\t\t\t<\/div>\n\t\t\t\t<\/div>\n\t\t\t\t\t<\/div>\n\t\t\t\t<\/div>\n\t\t\t\t<\/div>\n\t\t","protected":false},"excerpt":{"rendered":"<p>L\u00edder internacional en la investigaci\u00f3n del microbioma El intestino est\u00e1 en el centro del inter\u00e9s m\u00e9dico y cient\u00edfico, m\u00e1s concretamente, los billones de bacterias que lo colonizan. Con el aumento del n\u00famero de investigaciones sobre el microbioma, resulta cada vez m\u00e1s claro que las bacterias intestinales desempe\u00f1an un papel importante en el mantenimiento de nuestra [&hellip;]<\/p>\n","protected":false},"author":3,"featured_media":0,"parent":91,"menu_order":160,"comment_status":"closed","ping_status":"closed","template":"","meta":{"_acf_changed":false,"inline_featured_image":false,"footnotes":""},"class_list":["post-95","page","type-page","status-publish","hentry"],"acf":[],"_links":{"self":[{"href":"https:\/\/www.omni-biotic.com\/es-es\/wp-json\/wp\/v2\/pages\/95","targetHints":{"allow":["GET"]}}],"collection":[{"href":"https:\/\/www.omni-biotic.com\/es-es\/wp-json\/wp\/v2\/pages"}],"about":[{"href":"https:\/\/www.omni-biotic.com\/es-es\/wp-json\/wp\/v2\/types\/page"}],"author":[{"embeddable":true,"href":"https:\/\/www.omni-biotic.com\/es-es\/wp-json\/wp\/v2\/users\/3"}],"replies":[{"embeddable":true,"href":"https:\/\/www.omni-biotic.com\/es-es\/wp-json\/wp\/v2\/comments?post=95"}],"version-history":[{"count":7,"href":"https:\/\/www.omni-biotic.com\/es-es\/wp-json\/wp\/v2\/pages\/95\/revisions"}],"predecessor-version":[{"id":20810,"href":"https:\/\/www.omni-biotic.com\/es-es\/wp-json\/wp\/v2\/pages\/95\/revisions\/20810"}],"up":[{"embeddable":true,"href":"https:\/\/www.omni-biotic.com\/es-es\/wp-json\/wp\/v2\/pages\/91"}],"wp:attachment":[{"href":"https:\/\/www.omni-biotic.com\/es-es\/wp-json\/wp\/v2\/media?parent=95"}],"curies":[{"name":"wp","href":"https:\/\/api.w.org\/{rel}","templated":true}]}}