{"id":119,"date":"2022-03-07T10:07:28","date_gmt":"2022-03-07T09:07:28","guid":{"rendered":"https:\/\/www.omni-biotic.com\/darmgesundheit\/gesundheitszentrale-darm\/probiotika\/"},"modified":"2024-07-26T11:07:04","modified_gmt":"2024-07-26T09:07:04","slug":"probiotikum","status":"publish","type":"page","link":"https:\/\/www.omni-biotic.com\/hu-hu\/a-belrendszer-egeszsege\/a-bel-az-egeszseg-kozpontja\/probiotikum\/","title":{"rendered":"Probiotikum"},"content":{"rendered":"\t\t<div data-elementor-type=\"wp-page\" data-elementor-id=\"119\" class=\"elementor elementor-119\" data-elementor-post-type=\"page\">\n\t\t\t\t<div class=\"elementor-element elementor-element-01e9049 e-con-full obcs none e-flex e-con e-parent\" data-id=\"01e9049\" data-element_type=\"container\" data-settings=\"{&quot;background_background&quot;:&quot;gradient&quot;,&quot;shape_divider_bottom&quot;:&quot;waves&quot;}\">\n\t\t\t\t<div class=\"elementor-shape elementor-shape-bottom\" aria-hidden=\"true\" data-negative=\"false\">\n\t\t\t<svg xmlns=\"http:\/\/www.w3.org\/2000\/svg\" viewBox=\"0 0 1000 100\" preserveAspectRatio=\"none\">\n\t<path class=\"elementor-shape-fill\" d=\"M421.9,6.5c22.6-2.5,51.5,0.4,75.5,5.3c23.6,4.9,70.9,23.5,100.5,35.7c75.8,32.2,133.7,44.5,192.6,49.7\n\tc23.6,2.1,48.7,3.5,103.4-2.5c54.7-6,106.2-25.6,106.2-25.6V0H0v30.3c0,0,72,32.6,158.4,30.5c39.2-0.7,92.8-6.7,134-22.4\n\tc21.2-8.1,52.2-18.2,79.7-24.2C399.3,7.9,411.6,7.5,421.9,6.5z\"\/>\n<\/svg>\t\t<\/div>\n\t\t\t\t<div class=\"elementor-element elementor-element-957cb5c elementor-absolute elementor-hidden-mobile elementor-align-center elementor-widget elementor-widget-lottie\" data-id=\"957cb5c\" data-element_type=\"widget\" data-settings=\"{&quot;source_json&quot;:{&quot;url&quot;:&quot;https:\\\/\\\/www.omni-biotic.com\\\/hu-hu\\\/wp-content\\\/uploads\\\/sites\\\/7\\\/2022\\\/08\\\/lf30_editor_s5uwdgjh.json&quot;,&quot;id&quot;:&quot;7733&quot;,&quot;size&quot;:&quot;&quot;,&quot;alt&quot;:&quot;&quot;,&quot;source&quot;:&quot;library&quot;},&quot;loop&quot;:&quot;yes&quot;,&quot;play_speed&quot;:{&quot;unit&quot;:&quot;px&quot;,&quot;size&quot;:&quot;0.3&quot;,&quot;sizes&quot;:[]},&quot;_position&quot;:&quot;absolute&quot;,&quot;source&quot;:&quot;media_file&quot;,&quot;caption_source&quot;:&quot;none&quot;,&quot;link_to&quot;:&quot;none&quot;,&quot;trigger&quot;:&quot;arriving_to_viewport&quot;,&quot;viewport&quot;:{&quot;unit&quot;:&quot;%&quot;,&quot;size&quot;:&quot;&quot;,&quot;sizes&quot;:{&quot;start&quot;:0,&quot;end&quot;:100}},&quot;start_point&quot;:{&quot;unit&quot;:&quot;%&quot;,&quot;size&quot;:0,&quot;sizes&quot;:[]},&quot;end_point&quot;:{&quot;unit&quot;:&quot;%&quot;,&quot;size&quot;:100,&quot;sizes&quot;:[]},&quot;renderer&quot;:&quot;svg&quot;}\" data-widget_type=\"lottie.default\">\n\t\t\t\t<div class=\"elementor-widget-container\">\n\t\t\t\t\t<div class=\"e-lottie__container\"><div class=\"e-lottie__animation\"><\/div><\/div>\t\t\t\t<\/div>\n\t\t\t\t<\/div>\n\t\t<div class=\"elementor-element elementor-element-d544d3d e-con-full obcs none e-flex e-con e-child\" data-id=\"d544d3d\" data-element_type=\"container\" data-settings=\"{&quot;background_background&quot;:&quot;gradient&quot;}\">\n\t\t\t\t<div class=\"elementor-element elementor-element-121c2a0 elementor-widget elementor-widget-heading\" data-id=\"121c2a0\" data-element_type=\"widget\" data-widget_type=\"heading.default\">\n\t\t\t\t<div class=\"elementor-widget-container\">\n\t\t\t\t\t<h1 class=\"elementor-heading-title elementor-size-default\">Probiotikum<\/h1>\t\t\t\t<\/div>\n\t\t\t\t<\/div>\n\t\t\t\t<div class=\"elementor-element elementor-element-c7e9000 elementor-widget-divider--view-line elementor-widget elementor-widget-divider\" data-id=\"c7e9000\" data-element_type=\"widget\" data-widget_type=\"divider.default\">\n\t\t\t\t<div class=\"elementor-widget-container\">\n\t\t\t\t\t\t\t<div class=\"elementor-divider\">\n\t\t\t<span class=\"elementor-divider-separator\">\n\t\t\t\t\t\t<\/span>\n\t\t<\/div>\n\t\t\t\t\t\t<\/div>\n\t\t\t\t<\/div>\n\t\t\t\t<div class=\"elementor-element elementor-element-018e63a elementor-widget elementor-widget-text-editor\" data-id=\"018e63a\" data-element_type=\"widget\" data-widget_type=\"text-editor.default\">\n\t\t\t\t<div class=\"elementor-widget-container\">\n\t\t\t\t\t\t\t\t\t<p>A belek, a t\u00fcd\u0151, a b\u0151r, az agy \u00e9s a szapor\u00edt\u00f3szervek els\u0151 pillant\u00e1sra nem sok k\u00f6z\u00f6s pontot mutatnak. K\u00f6zelebbr\u0151l megvizsg\u00e1lva azonban l\u00e1that\u00f3, hogy a test\u00fcnket ben\u00e9pes\u00edt\u0151 apr\u00f3 bakt\u00e9riumok nagy hat\u00e1ssal vannak minden egyes sejt\u00fcnkre, \u00e9s sz\u00e1mos ter\u00fcleten \u0151rz\u0151-v\u00e9d\u0151 z\u00e1szl\u00f3aljk\u00e9nt m\u0171k\u00f6dnek.<\/p>\t\t\t\t\t\t\t\t<\/div>\n\t\t\t\t<\/div>\n\t\t\t\t<\/div>\n\t\t\t\t<\/div>\n\t\t<div class=\"elementor-element elementor-element-7ecf7a1 obcs none e-flex e-con-boxed e-con e-parent\" data-id=\"7ecf7a1\" data-element_type=\"container\">\n\t\t\t\t\t<div class=\"e-con-inner\">\n\t\t<div class=\"elementor-element elementor-element-aca80d4 obcs none e-flex e-con-boxed e-con e-child\" data-id=\"aca80d4\" data-element_type=\"container\">\n\t\t\t\t\t<div class=\"e-con-inner\">\n\t\t<div class=\"elementor-element elementor-element-d8985e1 e-con-full obcs none e-flex e-con e-child\" data-id=\"d8985e1\" data-element_type=\"container\">\n\t\t\t\t<\/div>\n\t\t<div class=\"elementor-element elementor-element-59ac9d8 e-con-full obcs none e-flex e-con e-child\" data-id=\"59ac9d8\" data-element_type=\"container\">\n\t\t\t\t<div class=\"elementor-element elementor-element-ff06bdc elementor-toc--minimized-on-desktop elementor-widget elementor-widget-table-of-contents\" data-id=\"ff06bdc\" data-element_type=\"widget\" data-settings=\"{&quot;exclude_headings_by_selector&quot;:[],&quot;minimized_on&quot;:&quot;desktop&quot;,&quot;_animation&quot;:&quot;none&quot;,&quot;headings_by_tags&quot;:[&quot;h2&quot;,&quot;h3&quot;,&quot;h4&quot;,&quot;h5&quot;,&quot;h6&quot;],&quot;marker_view&quot;:&quot;numbers&quot;,&quot;no_headings_message&quot;:&quot;Ezen az oldalon nem tal\\u00e1lhat\\u00f3 c\\u00edmsor.&quot;,&quot;minimize_box&quot;:&quot;yes&quot;,&quot;hierarchical_view&quot;:&quot;yes&quot;,&quot;min_height&quot;:{&quot;unit&quot;:&quot;px&quot;,&quot;size&quot;:&quot;&quot;,&quot;sizes&quot;:[]},&quot;min_height_tablet&quot;:{&quot;unit&quot;:&quot;px&quot;,&quot;size&quot;:&quot;&quot;,&quot;sizes&quot;:[]},&quot;min_height_mobile&quot;:{&quot;unit&quot;:&quot;px&quot;,&quot;size&quot;:&quot;&quot;,&quot;sizes&quot;:[]}}\" data-widget_type=\"table-of-contents.default\">\n\t\t\t\t<div class=\"elementor-widget-container\">\n\t\t\t\t\t\t\t\t\t<div class=\"elementor-toc__header\">\n\t\t\t\t\t\t<h4 class=\"elementor-toc__header-title\">\n\t\t\t\tTartalomjegyz\u00e9k\t\t\t<\/h4>\n\t\t\t\t\t\t\t\t\t\t<div class=\"elementor-toc__toggle-button elementor-toc__toggle-button--expand\" role=\"button\" tabindex=\"0\" aria-controls=\"elementor-toc__ff06bdc\" aria-expanded=\"true\" aria-label=\"Open table of contents\"><i aria-hidden=\"true\" class=\"fas fa-chevron-down\"><\/i><\/div>\n\t\t\t\t<div class=\"elementor-toc__toggle-button elementor-toc__toggle-button--collapse\" role=\"button\" tabindex=\"0\" aria-controls=\"elementor-toc__ff06bdc\" aria-expanded=\"true\" aria-label=\"Close table of contents\"><i aria-hidden=\"true\" class=\"fas fa-chevron-up\"><\/i><\/div>\n\t\t\t\t\t<\/div>\n\t\t\t\t<div id=\"elementor-toc__ff06bdc\" class=\"elementor-toc__body\">\n\t\t\t<div class=\"elementor-toc__spinner-container\">\n\t\t\t\t<i class=\"elementor-toc__spinner eicon-animation-spin eicon-loading\" aria-hidden=\"true\"><\/i>\t\t\t<\/div>\n\t\t<\/div>\n\t\t\t\t\t\t<\/div>\n\t\t\t\t<\/div>\n\t\t\t\t<\/div>\n\t\t\t\t\t<\/div>\n\t\t\t\t<\/div>\n\t\t\t\t\t<\/div>\n\t\t\t\t<\/div>\n\t\t<div class=\"elementor-element elementor-element-4a07f68 obcs none e-flex e-con-boxed e-con e-parent\" data-id=\"4a07f68\" data-element_type=\"container\">\n\t\t\t\t\t<div class=\"e-con-inner\">\n\t\t<div class=\"elementor-element elementor-element-f9892a8 e-con-full obcs none e-flex e-con e-child\" data-id=\"f9892a8\" data-element_type=\"container\">\n\t\t\t\t<div class=\"elementor-element elementor-element-9657504 elementor-widget elementor-widget-heading\" data-id=\"9657504\" data-element_type=\"widget\" data-widget_type=\"heading.default\">\n\t\t\t\t<div class=\"elementor-widget-container\">\n\t\t\t\t\t<h2 class=\"elementor-heading-title elementor-size-default\">Mi az a probiotikum?<\/h2>\t\t\t\t<\/div>\n\t\t\t\t<\/div>\n\t\t\t\t<div class=\"elementor-element elementor-element-2c9dbc8 elementor-widget elementor-widget-text-editor\" data-id=\"2c9dbc8\" data-element_type=\"widget\" data-widget_type=\"text-editor.default\">\n\t\t\t\t<div class=\"elementor-widget-container\">\n\t\t\t\t\t\t\t\t\t<p>A probiotikus bakt\u00e9riumok olyan \u00e9l\u0151 mikroorganizmusok, amelyek\u00a0eg\u00e9szs\u00e9g\u00fcgyi szempontb\u00f3l el\u0151ny\u00f6sek, ha megfelel\u0151 mennyis\u00e9gben jutnak a b\u00e9lbe.<\/p><p>Csak olyan k\u00e9sz\u00edtm\u00e9nyeket tekinthet\u00fcnk\u00a0probiotikumnak, amelyek megfelelnek a k\u00f6vetkez\u0151 k\u00f6vetelm\u00e9nyeknek:<\/p><ul><li>Bizony\u00edtott az eg\u00e9szs\u00e9gfejleszt\u0151 hat\u00e1suk van.<\/li><li>Tejsavat \u00e9s m\u00e1s bakteriosztatikus vagy bakteriocid hat\u00e1s\u00fa anyagokat termelnek.<\/li><li>K\u00e9pesek a t\u00fal\u00e9l\u00e9sre a gyomorban \u00e9s a b\u00e9lben szaporodni.<\/li><li>Bizony\u00edtott\u00a0genetikai stabilit\u00e1s\u00a0a patog\u00e9n mut\u00e1ci\u00f3k kiz\u00e1r\u00e1sa \u00e9rdek\u00e9ben.<\/li><\/ul><p>K\u00f6zismert, hogy az egyens\u00faly\u00e1b\u00f3l kibillentett b\u00e9lfl\u00f3ra szerepet j\u00e1tszik sz\u00e1mos betegs\u00e9g kialakul\u00e1s\u00e1ban. Az eg\u00e9szs\u00e9ges, kiegyens\u00falyozott \u00e9trend, a megfelel\u0151 testmozg\u00e1s \u00e9s a stressz elker\u00fcl\u00e9se mellett a b\u00e9lrendszer egyens\u00faly\u00e1nak helyre\u00e1ll\u00edt\u00e1sa \u00e9rdek\u00e9ben orvosilag megfelel\u0151 probiotikumok alkalmaz\u00e1sa aj\u00e1nlott. Az \u00e9letk\u00e9pes, probiotikus b\u00e9lbakt\u00e9riumok p\u00f3tl\u00e1s\u00e1val a saj\u00e1t j\u00f3 b\u00e9lbakt\u00e9riumok meger\u0151s\u00f6dnek.<\/p>\t\t\t\t\t\t\t\t<\/div>\n\t\t\t\t<\/div>\n\t\t\t\t<\/div>\n\t\t\t\t\t<\/div>\n\t\t\t\t<\/div>\n\t\t<div class=\"elementor-element elementor-element-9e4a1cc obcs none e-flex e-con-boxed e-con e-parent\" data-id=\"9e4a1cc\" data-element_type=\"container\">\n\t\t\t\t\t<div class=\"e-con-inner\">\n\t\t<div class=\"elementor-element elementor-element-243ea4d e-con-full obcs none e-flex e-con e-child\" data-id=\"243ea4d\" data-element_type=\"container\">\n\t\t\t\t<div class=\"elementor-element elementor-element-b1bbf81 elementor-widget elementor-widget-heading\" data-id=\"b1bbf81\" data-element_type=\"widget\" data-widget_type=\"heading.default\">\n\t\t\t\t<div class=\"elementor-widget-container\">\n\t\t\t\t\t<h3 class=\"elementor-heading-title elementor-size-default\">Laktobacillusok \u00e9s bifidobakt\u00e9riumok<\/h3>\t\t\t\t<\/div>\n\t\t\t\t<\/div>\n\t\t\t\t<div class=\"elementor-element elementor-element-c9942ab elementor-widget elementor-widget-text-editor\" data-id=\"c9942ab\" data-element_type=\"widget\" data-widget_type=\"text-editor.default\">\n\t\t\t\t<div class=\"elementor-widget-container\">\n\t\t\t\t\t\t\t\t\t<p>A b\u00e9lrendszer\u00fcnkben term\u00e9szetes m\u00f3don el\u0151fordul\u00f3 <em>lactobacillusokat<\/em>\u00a0\u00e9s\u00a0<em>bifidobakt\u00e9riumokat<\/em> sz\u00fclet\u00e9s\u00fcnkkor \u00e9desany\u00e1nkt\u00f3l vessz\u00fck \u00e1t\u00a0 term\u00e9szetes <strong><a href=\"https:\/\/www.omni-biotic.com\/hu\/blog\/csaszarmetszes-vagy-termeszetes-szueles-a-baba-belmikrobiomja\/\">sz\u00fcl\u00e9s<\/a><\/strong> eset\u00e9n a h\u00fcvely ny\u00e1lkah\u00e1rty\u00e1j\u00e1b\u00f3l vagy pedig az anyatejen kereszt\u00fcl. A b\u00e9lben az <strong><a href=\"https:\/\/www.omni-biotic.com\/hu\/blog\/superfood-anyatej\/\">anyatejb\u0151l<\/a><\/strong>\u00a0vagy a b\u00e9bi\u00e9telb\u0151l sz\u00e1rmaz\u00f3 mono- \u00e9s poliszacharidokat (m\u00e1sn\u00e9ven oligoszacharidokat) a probiotikus bakt\u00e9riumok tejsavv\u00e1 alak\u00edtj\u00e1k, ez\u00e1ltal\u00a0<strong>savas\u00edtj\u00e1k a b\u00e9lrendszert<\/strong>, \u00e9s \u00edgy megnehez\u00edtik a k\u00e1ros bakt\u00e9riumok megteleped\u00e9s\u00e9t a b\u00e9lben. A\u00a0<em>laktobacillusok<\/em> a b\u00e9lfalon kereszt\u00fcl bejut\u00f3 oxig\u00e9nt is felhaszn\u00e1lj\u00e1k. Ez az\u00e9rt fontos, mert a legt\u00f6bb <strong><a href=\"https:\/\/www.omni-biotic.com\/hu\/belbakteriumok\/\">b\u00e9lbakt\u00e9riumnak<\/a><\/strong>\u00a0oxig\u00e9nmentes k\u00f6rnyezetre van sz\u00fcks\u00e9ge ahhoz, hogy teljes\u00edteni tudja a feladat\u00e1t. A\u00a0<em>bifidobakt\u00e9riumok<\/em>\u00a0fontos r\u00f6vid sz\u00e9nl\u00e1nc\u00fa zs\u00edrsavakat termelnek, amelyek term\u00e9szetes t\u00e1panyagk\u00e9nt szolg\u00e1lnak m\u00e1s probiotikus bakt\u00e9riumoknak, \u00e9s energi\u00e1t biztos\u00edtanak a b\u00e9lsejtek sz\u00e1m\u00e1ra, \u00edgy er\u0151s\u00edtve a b\u00e9lg\u00e1tat. Emellett a r\u00f6vid sz\u00e9nl\u00e1nc\u00fa zs\u00edrsavak felszabadul\u00e1sa\u00a0<strong>cs\u00f6kkenti<\/strong>\u00a0a b\u00e9lrendszer pH-\u00e9rt\u00e9k\u00e9t, \u00e9s \u00edgy a k\u00f3rokoz\u00f3 bakt\u00e9riumok t\u00falszaporod\u00e1s\u00e1t is g\u00e1tolja.<\/p>\t\t\t\t\t\t\t\t<\/div>\n\t\t\t\t<\/div>\n\t\t\t\t<\/div>\n\t\t\t\t\t<\/div>\n\t\t\t\t<\/div>\n\t\t<div class=\"elementor-element elementor-element-a610bad obcs none e-flex e-con-boxed e-con e-parent\" data-id=\"a610bad\" data-element_type=\"container\">\n\t\t\t\t\t<div class=\"e-con-inner\">\n\t\t<div class=\"elementor-element elementor-element-e145dc8 e-con-full obcs none e-flex elementor-invisible e-con e-child\" data-id=\"e145dc8\" data-element_type=\"container\" data-settings=\"{&quot;animation&quot;:&quot;bounceInLeft&quot;}\">\n\t\t<div class=\"elementor-element elementor-element-ec200f5 obcs none e-flex e-con-boxed e-con e-child\" data-id=\"ec200f5\" data-element_type=\"container\">\n\t\t\t\t\t<div class=\"e-con-inner\">\n\t\t\t\t<div class=\"elementor-element elementor-element-ee4b17c elementor-widget elementor-widget-image\" data-id=\"ee4b17c\" data-element_type=\"widget\" data-widget_type=\"image.default\">\n\t\t\t\t<div class=\"elementor-widget-container\">\n\t\t\t\t\t\t\t\t\t\t\t\t\t\t\t<img fetchpriority=\"high\" decoding=\"async\" width=\"494\" height=\"393\" src=\"https:\/\/www.omni-biotic.com\/hu-hu\/wp-content\/uploads\/sites\/7\/2023\/07\/Lacto.png\" class=\"attachment-large size-large wp-image-16578\" alt=\"Lactobacillus b\u00e9lrendszer, probiotikum, b\u00e9lm\u0171k\u00f6d\u00e9s, b\u00e9lbakt\u00e9riumok\" srcset=\"https:\/\/www.omni-biotic.com\/hu-hu\/wp-content\/uploads\/sites\/7\/2023\/07\/Lacto.png 494w, https:\/\/www.omni-biotic.com\/hu-hu\/wp-content\/uploads\/sites\/7\/2023\/07\/Lacto-300x239.png 300w\" sizes=\"(max-width: 494px) 100vw, 494px\" title=\"\">\t\t\t\t\t\t\t\t\t\t\t\t\t\t\t<\/div>\n\t\t\t\t<\/div>\n\t\t\t\t<div class=\"elementor-element elementor-element-63c114c elementor-widget elementor-widget-heading\" data-id=\"63c114c\" data-element_type=\"widget\" data-widget_type=\"heading.default\">\n\t\t\t\t<div class=\"elementor-widget-container\">\n\t\t\t\t\t<h4 class=\"elementor-heading-title elementor-size-default\">A lactobacillus<\/h4>\t\t\t\t<\/div>\n\t\t\t\t<\/div>\n\t\t\t\t\t<\/div>\n\t\t\t\t<\/div>\n\t\t\t\t<div class=\"elementor-element elementor-element-d52f9eb elementor-widget elementor-widget-text-editor\" data-id=\"d52f9eb\" data-element_type=\"widget\" data-widget_type=\"text-editor.default\">\n\t\t\t\t<div class=\"elementor-widget-container\">\n\t\t\t\t\t\t\t\t\t<p>A\u00a0<em>lactobacillusok<\/em> a Firmicutes t\u00f6rzsbe tartoznak; a kifejez\u00e9s a latin lactis (= tej) sz\u00f3b\u00f3l sz\u00e1rmazik. T\u00f6bb mint 50 ismert faj termel tejsavat a b\u00e9lben, \u00e9s \u00edgy savas k\u00f6rnyezetet hoznak l\u00e9tre, amely v\u00e9delmet ny\u00fajt sz\u00e1mos k\u00e1ros \u00e9s betegs\u00e9get okoz\u00f3 bakt\u00e9riummal szemben. Ez\u00e9rt nevezihet\u0151 a lactobacillus tejsavbakt\u00e9riumnak. A legt\u00f6bb tejsavbakt\u00e9rium m\u00e1s anyagokat is termel, p\u00e9ld\u00e1ul hidrog\u00e9n-peroxidot, amelyek szint\u00e9n a k\u00f3rokoz\u00f3k elleni v\u00e9dekez\u00e9st szolg\u00e1lj\u00e1k.<\/p>\t\t\t\t\t\t\t\t<\/div>\n\t\t\t\t<\/div>\n\t\t\t\t<\/div>\n\t\t<div class=\"elementor-element elementor-element-d848b8d e-con-full obcs none e-flex e-con e-child\" data-id=\"d848b8d\" data-element_type=\"container\">\n\t\t\t\t<div class=\"elementor-element elementor-element-86a6ff1 elementor-widget elementor-widget-text-editor\" data-id=\"86a6ff1\" data-element_type=\"widget\" data-widget_type=\"text-editor.default\">\n\t\t\t\t<div class=\"elementor-widget-container\">\n\t\t\t\t\t\t\t\t\t<p>VS<\/p>\t\t\t\t\t\t\t\t<\/div>\n\t\t\t\t<\/div>\n\t\t\t\t<\/div>\n\t\t<div class=\"elementor-element elementor-element-6257e67 e-con-full obcs none e-flex elementor-invisible e-con e-child\" data-id=\"6257e67\" data-element_type=\"container\" data-settings=\"{&quot;animation&quot;:&quot;bounceInRight&quot;}\">\n\t\t<div class=\"elementor-element elementor-element-5386056 obcs none e-flex e-con-boxed e-con e-child\" data-id=\"5386056\" data-element_type=\"container\">\n\t\t\t\t\t<div class=\"e-con-inner\">\n\t\t\t\t<div class=\"elementor-element elementor-element-a046a12 elementor-widget elementor-widget-image\" data-id=\"a046a12\" data-element_type=\"widget\" data-widget_type=\"image.default\">\n\t\t\t\t<div class=\"elementor-widget-container\">\n\t\t\t\t\t\t\t\t\t\t\t\t\t\t\t<img decoding=\"async\" width=\"300\" height=\"239\" src=\"https:\/\/www.omni-biotic.com\/hu-hu\/wp-content\/uploads\/sites\/7\/2023\/07\/bifidobacterium-300x239-1.png\" class=\"attachment-medium size-medium wp-image-16579\" alt=\"Lactobacillus b\u00e9lrendszer, probiotikum, b\u00e9lm\u0171k\u00f6d\u00e9s, b\u00e9lbakt\u00e9riumok\" title=\"\">\t\t\t\t\t\t\t\t\t\t\t\t\t\t\t<\/div>\n\t\t\t\t<\/div>\n\t\t\t\t<div class=\"elementor-element elementor-element-c0855c6 elementor-widget elementor-widget-heading\" data-id=\"c0855c6\" data-element_type=\"widget\" data-widget_type=\"heading.default\">\n\t\t\t\t<div class=\"elementor-widget-container\">\n\t\t\t\t\t<h4 class=\"elementor-heading-title elementor-size-default\">\nA bifidobakt\u00e9rium<\/h4>\t\t\t\t<\/div>\n\t\t\t\t<\/div>\n\t\t\t\t\t<\/div>\n\t\t\t\t<\/div>\n\t\t\t\t<div class=\"elementor-element elementor-element-351ab8a elementor-widget elementor-widget-text-editor\" data-id=\"351ab8a\" data-element_type=\"widget\" data-widget_type=\"text-editor.default\">\n\t\t\t\t<div class=\"elementor-widget-container\">\n\t\t\t\t\t\t\t\t\t<p>A\u00a0<em>bifidobakt\u00e9riumok<\/em>\u00a0az\u00a0Actinobacteria\u00a0t\u00f6rzsbe tartoznak; nev\u00fck a latin bifidus (= has\u00edtott, villa alak\u00fa) sz\u00f3b\u00f3l sz\u00e1rmazik. Ezek a bakt\u00e9riumok tejsavtermel\u00e9ssel v\u00e9dekeznek a nemk\u00edv\u00e1natos\u00a0betolakod\u00f3k\u00a0ellen is, valamint l\u00e9tfontoss\u00e1g\u00fa\u00a0vitaminokat\u00a0\u00e9s\u00a0enzimeket\u00a0termelnek. A bifidobakt\u00e9riumok k\u00fcl\u00f6n\u00f6sen fontosak az\u00a0<a href=\"https:\/\/www.omni-biotic.com\/hu\/blog\/gyermekek-es-az-immunrendszer\/\">immunrendszer korai fejl\u0151d\u00e9s\u00e9hez<\/a>: a\u00a0szoptatott csecsem\u0151k\u00a0term\u00e9szetes\u00a0<a href=\"https:\/\/www.omni-biotic.com\/hu\/belflora\/\">b\u00e9lfl\u00f3r\u00e1ja<\/a>\u00a0k\u00f6r\u00fclbel\u00fcl\u00a090%-ban bifidobakt\u00e9riumokb\u00f3l\u00a0\u00e1ll.<\/p>\t\t\t\t\t\t\t\t<\/div>\n\t\t\t\t<\/div>\n\t\t\t\t<\/div>\n\t\t\t\t\t<\/div>\n\t\t\t\t<\/div>\n\t\t<div class=\"elementor-element elementor-element-75393fc obcs none e-flex e-con-boxed e-con e-parent\" data-id=\"75393fc\" data-element_type=\"container\">\n\t\t\t\t\t<div class=\"e-con-inner\">\n\t\t\t\t<div class=\"elementor-element elementor-element-008ab5a elementor-widget elementor-widget-infobox\" data-id=\"008ab5a\" data-element_type=\"widget\" data-widget_type=\"infobox.default\">\n\t\t\t\t<div class=\"elementor-widget-container\">\n\t\t\t\t\t\n<div class=\"li-widgets--infobox blue\">\n\n    <div class=\"li-widgets--infobox__icon\">\n        <i aria-hidden=\"true\" class=\"fas fa-question-circle\"><\/i>    <\/div>\n    <div class=\"li-widgets--infobox__text\">\n        <p>Hogyan \u00e9lik t\u00fal a bakt\u00e9riumok a gyomorsavat?<\/p>    <\/div>\n    <div class=\"li-widgets--infobox__text-body\">\n        <p>M\u00e1r a bakt\u00e9riumt\u00f6rzsek kiv\u00e1laszt\u00e1sa sor\u00e1n el\u0151zetes szelekci\u00f3t v\u00e9geznek annak \u00e9rdek\u00e9ben, hogy csak olyan t\u00f6rzseket haszn\u00e1ljanak, amelyek genetikailag ellen\u00e1ll\u00f3ak a gyomorsavval, valamint az epe- \u00e9s hasny\u00e1lmirigy-v\u00e1lad\u00e9kkal szemben. Az \u00fcvegben t\u00f6rt\u00e9n\u0151 aktiv\u00e1l\u00e1s r\u00e1ad\u00e1sul meger\u0151s\u00edti \u0151ket a gyomorsav toler\u00e1l\u00e1s\u00e1ra.<\/p>    <\/div>\n\n    \n<\/div>\n\t\t\t\t<\/div>\n\t\t\t\t<\/div>\n\t\t\t\t\t<\/div>\n\t\t\t\t<\/div>\n\t\t<div class=\"elementor-element elementor-element-f3081e9 obcs none e-flex e-con-boxed e-con e-parent\" data-id=\"f3081e9\" data-element_type=\"container\">\n\t\t\t\t\t<div class=\"e-con-inner\">\n\t\t<div class=\"elementor-element elementor-element-63a0465 e-con-full obcs none e-flex e-con e-child\" data-id=\"63a0465\" data-element_type=\"container\">\n\t\t\t\t<div class=\"elementor-element elementor-element-f598b0c elementor-widget elementor-widget-heading\" data-id=\"f598b0c\" data-element_type=\"widget\" data-widget_type=\"heading.default\">\n\t\t\t\t<div class=\"elementor-widget-container\">\n\t\t\t\t\t<h2 class=\"elementor-heading-title elementor-size-default\">A probiotikum hat\u00e1sa<\/h2>\t\t\t\t<\/div>\n\t\t\t\t<\/div>\n\t\t\t\t<div class=\"elementor-element elementor-element-542f7f8 elementor-widget elementor-widget-text-editor\" data-id=\"542f7f8\" data-element_type=\"widget\" data-widget_type=\"text-editor.default\">\n\t\t\t\t<div class=\"elementor-widget-container\">\n\t\t\t\t\t\t\t\t\t<p>Sz\u00e1mos k\u00fcl\u00f6nb\u00f6z\u0151 specifikus\u00a0probiotikus bakt\u00e9rium\u00a0l\u00e9tezik, amelyek bizony\u00edthat\u00f3an pozit\u00edv hat\u00e1st fejtenek ki az\u00a0emberi b\u00e9lrendszerre: Egyes bakt\u00e9riumokat p\u00e9ld\u00e1ul\u00a0<a href=\"https:\/\/www.omni-biotic.com\/hu\/hasmenes\/\">hasmen\u00e9s<\/a>\u00a0kezel\u00e9s\u00e9re alkalmaznak (pl.\u00a0antibiotikum\u00a0szed\u00e9sekor), m\u00edg m\u00e1s fajok seg\u00edtenek gyullad\u00e1sok enyh\u00edt\u00e9s\u00e9ben vagy vitaminok termel\u00e9s\u00e9ben. Tudom\u00e1nyos vizsg\u00e1latok sor\u00e1n a speci\u00e1lisan kifejlesztett, orvosilag is relev\u00e1ns probiotikumok javul\u00e1st eredm\u00e9nyeztek az irrit\u00e1bilis b\u00e9l szindr\u00f3ma, a fek\u00e9lyes vastagb\u00e9lgyullad\u00e1s (colitis ulcerosa) vagy az olyan neurol\u00f3giai \u00e9s neurodegenerat\u00edv betegs\u00e9gek t\u00fcneteiben, mint a depresszi\u00f3 vagy az Alzheimer-k\u00f3r.<\/p>\t\t\t\t\t\t\t\t<\/div>\n\t\t\t\t<\/div>\n\t\t\t\t<\/div>\n\t\t\t\t\t<\/div>\n\t\t\t\t<\/div>\n\t\t<div class=\"elementor-element elementor-element-868808c obcs none e-flex e-con-boxed e-con e-parent\" data-id=\"868808c\" data-element_type=\"container\" data-settings=\"{&quot;background_background&quot;:&quot;classic&quot;,&quot;shape_divider_top&quot;:&quot;waves&quot;,&quot;shape_divider_bottom&quot;:&quot;waves&quot;}\">\n\t\t\t\t\t<div class=\"e-con-inner\">\n\t\t\t\t<div class=\"elementor-shape elementor-shape-top\" aria-hidden=\"true\" data-negative=\"false\">\n\t\t\t<svg xmlns=\"http:\/\/www.w3.org\/2000\/svg\" viewBox=\"0 0 1000 100\" preserveAspectRatio=\"none\">\n\t<path class=\"elementor-shape-fill\" d=\"M421.9,6.5c22.6-2.5,51.5,0.4,75.5,5.3c23.6,4.9,70.9,23.5,100.5,35.7c75.8,32.2,133.7,44.5,192.6,49.7\n\tc23.6,2.1,48.7,3.5,103.4-2.5c54.7-6,106.2-25.6,106.2-25.6V0H0v30.3c0,0,72,32.6,158.4,30.5c39.2-0.7,92.8-6.7,134-22.4\n\tc21.2-8.1,52.2-18.2,79.7-24.2C399.3,7.9,411.6,7.5,421.9,6.5z\"\/>\n<\/svg>\t\t<\/div>\n\t\t\t\t<div class=\"elementor-shape elementor-shape-bottom\" aria-hidden=\"true\" data-negative=\"false\">\n\t\t\t<svg xmlns=\"http:\/\/www.w3.org\/2000\/svg\" viewBox=\"0 0 1000 100\" preserveAspectRatio=\"none\">\n\t<path class=\"elementor-shape-fill\" d=\"M421.9,6.5c22.6-2.5,51.5,0.4,75.5,5.3c23.6,4.9,70.9,23.5,100.5,35.7c75.8,32.2,133.7,44.5,192.6,49.7\n\tc23.6,2.1,48.7,3.5,103.4-2.5c54.7-6,106.2-25.6,106.2-25.6V0H0v30.3c0,0,72,32.6,158.4,30.5c39.2-0.7,92.8-6.7,134-22.4\n\tc21.2-8.1,52.2-18.2,79.7-24.2C399.3,7.9,411.6,7.5,421.9,6.5z\"\/>\n<\/svg>\t\t<\/div>\n\t\t\t\t<div class=\"elementor-element elementor-element-a851db3 elementor-widget__width-inherit elementor-widget elementor-widget-heading\" data-id=\"a851db3\" data-element_type=\"widget\" data-widget_type=\"heading.default\">\n\t\t\t\t<div class=\"elementor-widget-container\">\n\t\t\t\t\t<h2 class=\"elementor-heading-title elementor-size-default\">A fagyasztva sz\u00e1r\u00edtott bakt\u00e9riumok romland\u00f3k?<\/h2>\t\t\t\t<\/div>\n\t\t\t\t<\/div>\n\t\t\t\t<div class=\"elementor-element elementor-element-f0a41db elementor-widget elementor-widget-text-editor\" data-id=\"f0a41db\" data-element_type=\"widget\" data-widget_type=\"text-editor.default\">\n\t\t\t\t<div class=\"elementor-widget-container\">\n\t\t\t\t\t\t\t\t\t<p>A fagyasztva sz\u00e1r\u00edtott bakt\u00e9riumok elt\u00e9r\u0151 eltarthat\u00f3s\u00e1gi idej\u0171ek, f\u0151k\u00e9nt a h\u0151m\u00e9rs\u00e9klet \u00e9s a nedvess\u00e9g lehetnek korl\u00e1toz\u00f3 t\u00e9nyez\u0151k. Az OMNi-BiOTiC\u00ae eset\u00e9ben elmondhatjuk, hogy ezek a probiotikus term\u00e9kek ak\u00e1r 40 fokos h\u0151m\u00e9rs\u00e9kletet is kib\u00edrnak, \u00e9s m\u00e9g a min\u0151s\u00e9gmeg\u0151rz\u00e9si id\u0151 lej\u00e1rta ut\u00e1n egy \u00e9vvel is felhaszn\u00e1lhat\u00f3ak azzal a megszor\u00edt\u00e1ssal, hogy id\u0151vel egyre kevesebb bakt\u00e9rium v\u00e1lik t\u00e9nylegesen \u00e9letk\u00e9pess\u00e9.<\/p>\t\t\t\t\t\t\t\t<\/div>\n\t\t\t\t<\/div>\n\t\t\t\t\t<\/div>\n\t\t\t\t<\/div>\n\t\t<div class=\"elementor-element elementor-element-3246167 obcs none e-flex e-con-boxed e-con e-parent\" data-id=\"3246167\" data-element_type=\"container\">\n\t\t\t\t\t<div class=\"e-con-inner\">\n\t\t<div class=\"elementor-element elementor-element-28dfbdb e-con-full obcs none e-flex e-con e-child\" data-id=\"28dfbdb\" data-element_type=\"container\">\n\t\t\t\t<div class=\"elementor-element elementor-element-afbacb6 elementor-widget elementor-widget-heading\" data-id=\"afbacb6\" data-element_type=\"widget\" data-widget_type=\"heading.default\">\n\t\t\t\t<div class=\"elementor-widget-container\">\n\t\t\t\t\t<h2 class=\"elementor-heading-title elementor-size-default\">Mi az a prebiotikum?<\/h2>\t\t\t\t<\/div>\n\t\t\t\t<\/div>\n\t\t\t\t<div class=\"elementor-element elementor-element-2fd64b5 elementor-widget elementor-widget-text-editor\" data-id=\"2fd64b5\" data-element_type=\"widget\" data-widget_type=\"text-editor.default\">\n\t\t\t\t<div class=\"elementor-widget-container\">\n\t\t\t\t\t\t\t\t\t<p>A probiotikumokkal ellent\u00e9tben a prebiotikumok nem \u00e9l\u0151 szervezetek. Ezek olyan \u00e9lelmi rostok, mint az inulin vagy a frukt\u00f3z-oligoszacharidok, amelyek nem bonthat\u00f3k le \u00e9s nem em\u00e9szthet\u0151k meg a v\u00e9konyb\u00e9lben, \u00edgy \u00e9ps\u00e9gben jutnak el a vastagb\u00e9lbe. Ott szubsztr\u00e1tk\u00e9nt szolg\u00e1lnak a b\u00e9l saj\u00e1t eg\u00e9szs\u00e9ges bakt\u00e9riumai sz\u00e1m\u00e1ra. A prebiotikumok el\u0151seg\u00edtik a <em>bifidobakt\u00e9riumok<\/em>\u00a0n\u00f6veked\u00e9s\u00e9t \u00e9s cs\u00f6kkentik a potenci\u00e1lisan k\u00e1ros bakt\u00e9riumfajok megteleped\u00e9s\u00e9t. A prebiotikumok bakteri\u00e1lis ferment\u00e1ci\u00f3ja sor\u00e1n r\u00f6vid sz\u00e9nl\u00e1nc\u00fa zs\u00edrsavak keletkeznek, amelyek a m\u00e1jban felsz\u00edv\u00f3dnak \u00e9s metaboliz\u00e1l\u00f3dnak, \u00e9s \u00edgy a szervezet sz\u00e1m\u00e1ra energiaforr\u00e1sk\u00e9nt hozz\u00e1f\u00e9rhet\u0151k.<\/p>\t\t\t\t\t\t\t\t<\/div>\n\t\t\t\t<\/div>\n\t\t\t\t<div class=\"elementor-element elementor-element-1ab15b3 elementor-widget elementor-widget-text-editor\" data-id=\"1ab15b3\" data-element_type=\"widget\" data-widget_type=\"text-editor.default\">\n\t\t\t\t<div class=\"elementor-widget-container\">\n\t\t\t\t\t\t\t\t\t<p>A prebiotikumok teh\u00e1t olyan \u00e9lelmi rostok, amelyek a b\u00e9lbakt\u00e9riumok &#8222;t\u00e1pl\u00e1l\u00e9k\u00e1ul&#8221; szolg\u00e1lnak. Ez\u00e9rt b\u00e9lrendszer\u00fcnk eg\u00e9szs\u00e9ge meg\u0151rz\u00e9s\u00e9nek c\u00e9lj\u00e1b\u00f3l is fontosak. Hogy milyen hat\u00e1suk van \u00e9s a szinbiotikumokr\u00f3l mit \u00e9rdemes tudni, arr\u00f3l itt \u00e9rtes\u00fclhet!<\/p>\t\t\t\t\t\t\t\t<\/div>\n\t\t\t\t<\/div>\n\t\t\t\t<div class=\"elementor-element elementor-element-416a30e elementor-mobile-align-center elementor-widget elementor-widget-button\" data-id=\"416a30e\" data-element_type=\"widget\" data-widget_type=\"button.default\">\n\t\t\t\t<div class=\"elementor-widget-container\">\n\t\t\t\t\t\t\t\t\t<div class=\"elementor-button-wrapper\">\n\t\t\t\t\t<a class=\"elementor-button elementor-button-link elementor-size-lg\" href=\"https:\/\/www.omni-biotic.com\/hu-hu\/a-belrendszer-egeszsege\/a-bel-az-egeszseg-kozpontja\/prebiotikum\/\">\n\t\t\t\t\t\t<span class=\"elementor-button-content-wrapper\">\n\t\t\t\t\t\t\t\t\t<span class=\"elementor-button-text\">Olvasson tov\u00e1bb!<\/span>\n\t\t\t\t\t<\/span>\n\t\t\t\t\t<\/a>\n\t\t\t\t<\/div>\n\t\t\t\t\t\t\t\t<\/div>\n\t\t\t\t<\/div>\n\t\t\t\t<\/div>\n\t\t\t\t\t<\/div>\n\t\t\t\t<\/div>\n\t\t<div class=\"elementor-element elementor-element-ffff54e obcs none e-flex e-con-boxed e-con e-parent\" data-id=\"ffff54e\" data-element_type=\"container\">\n\t\t\t\t\t<div class=\"e-con-inner\">\n\t\t\t\t<div class=\"elementor-element elementor-element-a37dcb2 elementor-widget elementor-widget-infobox\" data-id=\"a37dcb2\" data-element_type=\"widget\" data-widget_type=\"infobox.default\">\n\t\t\t\t<div class=\"elementor-widget-container\">\n\t\t\t\t\t\n<div class=\"li-widgets--infobox blue\">\n\n    <div class=\"li-widgets--infobox__icon\">\n        <i aria-hidden=\"true\" class=\"fas fa-question-circle\"><\/i>    <\/div>\n    <div class=\"li-widgets--infobox__text\">\n        <p>Milyen hosszan aj\u00e1nlott alkalmazni probiotikus term\u00e9kekekt?<\/p>    <\/div>\n    <div class=\"li-widgets--infobox__text-body\">\n        <p>Az OMNi-BiOTiC\u00ae szed\u00e9se legal\u00e1bb 1 h\u00f3napig aj\u00e1nlott \u00e9rz\u00e9kelhet\u0151 hat\u00e1s \u00e9rdek\u00e9ben. Term\u00e9szetesen az alkalmaz\u00e1s id\u0151tartama az alapprobl\u00e9m\u00e1t\u00f3l f\u00fcgg. Az \u00e1ltal\u00e1nos szab\u00e1ly szerint 1 h\u00f3nap OMNi-BiOTiC\u00ae minden panaszos \u00e9vben. Alapvet\u0151en minden OMNi-BiOTiC\u00ae term\u00e9k alkalmas hossz\u00fa t\u00e1v\u00fa alkalmaz\u00e1sra is.<\/p>    <\/div>\n\n            <a href=\"https:\/\/www.omni-biotic.com\/hu-hu\/blog\/gyakori-kerdesek-es-valaszok-az-omni-biotic-rol\/\"\n           class=\"li-widgets--infobox__button\"\n            href=\"https:\/\/www.omni-biotic.com\/hu-hu\/blog\/gyakori-kerdesek-es-valaszok-az-omni-biotic-rol\/\">\n            Olvasson tov\u00e1bb!        <\/a>\n    \n<\/div>\n\t\t\t\t<\/div>\n\t\t\t\t<\/div>\n\t\t\t\t\t<\/div>\n\t\t\t\t<\/div>\n\t\t<div class=\"elementor-element elementor-element-35a0e6b obcs none e-flex e-con-boxed e-con e-parent\" data-id=\"35a0e6b\" data-element_type=\"container\">\n\t\t\t\t\t<div class=\"e-con-inner\">\n\t\t<div class=\"elementor-element elementor-element-5469075 e-con-full obcs none e-flex e-con e-child\" data-id=\"5469075\" data-element_type=\"container\">\n\t\t\t\t<div class=\"elementor-element elementor-element-f326312 elementor-widget elementor-widget-heading\" data-id=\"f326312\" data-element_type=\"widget\" data-widget_type=\"heading.default\">\n\t\t\t\t<div class=\"elementor-widget-container\">\n\t\t\t\t\t<h3 class=\"elementor-heading-title elementor-size-default\">Sz\u00e9klet: a b\u00e9lrendszer eg\u00e9szs\u00e9g\u00e9nek mutat\u00f3ja<\/h3>\t\t\t\t<\/div>\n\t\t\t\t<\/div>\n\t\t\t\t<div class=\"elementor-element elementor-element-f57f60a elementor-widget elementor-widget-text-editor\" data-id=\"f57f60a\" data-element_type=\"widget\" data-widget_type=\"text-editor.default\">\n\t\t\t\t<div class=\"elementor-widget-container\">\n\t\t\t\t\t\t\t\t\t<p>\u00c9letm\u00f3dunk d\u00f6nt\u0151 hat\u00e1ssal van a b\u00e9lfl\u00f3r\u00e1ra, \u00edgy a mell\u00e9khelyis\u00e9gben is megmutatkozik, ha a stressz, az eg\u00e9szs\u00e9gtelen t\u00e1pl\u00e1lkoz\u00e1s \u00e9s a gy\u00f3gyszerek befoly\u00e1solj\u00e1k a b\u00e9lbakt\u00e9riumok \u00f6sszet\u00e9tel\u00e9t. Ide\u00e1lis esetben a sz\u00e9klet\u00fcr\u00edt\u00e9s rendszeres gyakoris\u00e1g\u00fa, j\u00f3l form\u00e1lt (l\u00e1sd az \u00e1br\u00e1t) \u00e9s nem felt\u0171n\u0151 szag\u00fa. Tov\u00e1bb\u00e1 az em\u00e9szt\u00e9si maradv\u00e1nyoknak nem szabad &#8221; nyomot&#8221; hagyniuk a WC-kagyl\u00f3ban. A norm\u00e1l sz\u00e9klet ugyanis a b\u00e9lny\u00e1lkah\u00e1rtya sejtjei \u00e1ltal termelt ny\u00e1lk\u00e1val bevontan \u00fcr\u00fcl, ezeket pedig a b\u00e9lbakt\u00e9riumok l\u00e1tj\u00e1k el energi\u00e1val. Ha teh\u00e1t egy \u00edv v\u00e9c\u00e9pap\u00edr elegend\u0151 a tiszt\u00e1lkod\u00e1shoz, az arra utal, hogy a b\u00e9lmikrokozmosz csod\u00e1latosan m\u0171k\u00f6dik.<\/p>\t\t\t\t\t\t\t\t<\/div>\n\t\t\t\t<\/div>\n\t\t\t\t<\/div>\n\t\t\t\t\t<\/div>\n\t\t\t\t<\/div>\n\t\t<div class=\"elementor-element elementor-element-7f0372f obcs none e-flex e-con-boxed e-con e-parent\" data-id=\"7f0372f\" data-element_type=\"container\">\n\t\t\t\t\t<div class=\"e-con-inner\">\n\t\t<div class=\"elementor-element elementor-element-a7362b0 e-con-full obcs none e-flex e-con e-child\" data-id=\"a7362b0\" data-element_type=\"container\">\n\t\t\t\t<div class=\"elementor-element elementor-element-b63cf0d e-transform elementor-widget elementor-widget-image\" data-id=\"b63cf0d\" data-element_type=\"widget\" data-settings=\"{&quot;_transform_rotateZ_effect&quot;:{&quot;unit&quot;:&quot;px&quot;,&quot;size&quot;:&quot;0&quot;,&quot;sizes&quot;:[]},&quot;_transform_rotate_3d&quot;:&quot;yes&quot;,&quot;_transform_rotateX_effect&quot;:{&quot;unit&quot;:&quot;px&quot;,&quot;size&quot;:&quot;0&quot;,&quot;sizes&quot;:[]},&quot;_transform_rotateY_effect&quot;:{&quot;unit&quot;:&quot;px&quot;,&quot;size&quot;:&quot;4&quot;,&quot;sizes&quot;:[]},&quot;_transform_perspective_effect&quot;:{&quot;unit&quot;:&quot;px&quot;,&quot;size&quot;:&quot;650&quot;,&quot;sizes&quot;:[]},&quot;_transform_rotateZ_effect_tablet&quot;:{&quot;unit&quot;:&quot;deg&quot;,&quot;size&quot;:&quot;&quot;,&quot;sizes&quot;:[]},&quot;_transform_rotateZ_effect_mobile&quot;:{&quot;unit&quot;:&quot;deg&quot;,&quot;size&quot;:&quot;&quot;,&quot;sizes&quot;:[]},&quot;_transform_rotateX_effect_tablet&quot;:{&quot;unit&quot;:&quot;deg&quot;,&quot;size&quot;:&quot;&quot;,&quot;sizes&quot;:[]},&quot;_transform_rotateX_effect_mobile&quot;:{&quot;unit&quot;:&quot;deg&quot;,&quot;size&quot;:&quot;&quot;,&quot;sizes&quot;:[]},&quot;_transform_rotateY_effect_tablet&quot;:{&quot;unit&quot;:&quot;deg&quot;,&quot;size&quot;:&quot;&quot;,&quot;sizes&quot;:[]},&quot;_transform_rotateY_effect_mobile&quot;:{&quot;unit&quot;:&quot;deg&quot;,&quot;size&quot;:&quot;&quot;,&quot;sizes&quot;:[]},&quot;_transform_perspective_effect_tablet&quot;:{&quot;unit&quot;:&quot;px&quot;,&quot;size&quot;:&quot;&quot;,&quot;sizes&quot;:[]},&quot;_transform_perspective_effect_mobile&quot;:{&quot;unit&quot;:&quot;px&quot;,&quot;size&quot;:&quot;&quot;,&quot;sizes&quot;:[]}}\" data-widget_type=\"image.default\">\n\t\t\t\t<div class=\"elementor-widget-container\">\n\t\t\t\t\t\t\t\t\t\t\t\t\t\t\t<img decoding=\"async\" width=\"800\" height=\"734\" src=\"https:\/\/www.omni-biotic.com\/hu-hu\/wp-content\/uploads\/sites\/7\/2023\/07\/bristol-1.jpg\" class=\"attachment-large size-large wp-image-16584\" alt=\"Probiotikum, melyik probiotikum, probiotikum hat\u00e1sa, bristol-sk\u00e1la, sz\u00e9kletvizsg\u00e1lat,\" srcset=\"https:\/\/www.omni-biotic.com\/hu-hu\/wp-content\/uploads\/sites\/7\/2023\/07\/bristol-1.jpg 1024w, https:\/\/www.omni-biotic.com\/hu-hu\/wp-content\/uploads\/sites\/7\/2023\/07\/bristol-1-300x275.jpg 300w, https:\/\/www.omni-biotic.com\/hu-hu\/wp-content\/uploads\/sites\/7\/2023\/07\/bristol-1-768x705.jpg 768w\" sizes=\"(max-width: 800px) 100vw, 800px\" title=\"\">\t\t\t\t\t\t\t\t\t\t\t\t\t\t\t<\/div>\n\t\t\t\t<\/div>\n\t\t\t\t<\/div>\n\t\t<div class=\"elementor-element elementor-element-d915cb9 e-con-full obcs none e-flex e-con e-child\" data-id=\"d915cb9\" data-element_type=\"container\">\n\t\t\t\t<div class=\"elementor-element elementor-element-8111d3d elementor-widget elementor-widget-heading\" data-id=\"8111d3d\" data-element_type=\"widget\" data-widget_type=\"heading.default\">\n\t\t\t\t<div class=\"elementor-widget-container\">\n\t\t\t\t\t<h4 class=\"elementor-heading-title elementor-size-default\">Az ide\u00e1lis sz\u00e9klet: Bristol f\u00e9le sz\u00e9kletsk\u00e1la<\/h4>\t\t\t\t<\/div>\n\t\t\t\t<\/div>\n\t\t\t\t<div class=\"elementor-element elementor-element-7e62524 elementor-widget elementor-widget-text-editor\" data-id=\"7e62524\" data-element_type=\"widget\" data-widget_type=\"text-editor.default\">\n\t\t\t\t<div class=\"elementor-widget-container\">\n\t\t\t\t\t\t\t\t\t<p>A Bristol sz\u00e9klet-sk\u00e1la \u00e1ttekint\u00e9st ny\u00fajt az emberi sz\u00e9klet alakj\u00e1r\u00f3l \u00e9s text\u00far\u00e1j\u00e1r\u00f3l a b\u00e9lmozg\u00e1s id\u0151tartam\u00e1nak \u00e9rt\u00e9kel\u00e9s\u00e9hez.<\/p><ul><li>1. t\u00edpus: legfeljebb 100 \u00f3ra, sz\u00e9kreked\u00e9s<\/li><li>7. t\u00edpus: kb. 10 \u00f3ra, hasmen\u00e9s<\/li><li>3-4. t\u00edpus: Ide\u00e1lis sz\u00e9klet<\/li><\/ul>\t\t\t\t\t\t\t\t<\/div>\n\t\t\t\t<\/div>\n\t\t\t\t<\/div>\n\t\t\t\t\t<\/div>\n\t\t\t\t<\/div>\n\t\t<div class=\"elementor-element elementor-element-7089713 obcs none e-flex e-con-boxed e-con e-parent\" data-id=\"7089713\" data-element_type=\"container\">\n\t\t\t\t\t<div class=\"e-con-inner\">\n\t\t\t\t<div class=\"elementor-element elementor-element-b9931eb elementor-widget elementor-widget-infobox\" data-id=\"b9931eb\" data-element_type=\"widget\" data-widget_type=\"infobox.default\">\n\t\t\t\t<div class=\"elementor-widget-container\">\n\t\t\t\t\t\n<div class=\"li-widgets--infobox magenta highlights-always-magenta\">\n\n    <div class=\"li-widgets--infobox__icon\">\n        <i aria-hidden=\"true\" class=\"fas fa-info-circle\"><\/i>    <\/div>\n    <div class=\"li-widgets--infobox__text\">\n        <p>B\u00e1r a b\u00e9lfl\u00f3ra bakt\u00e9riumainak t\u00falnyom\u00f3 r\u00e9sze a vastagb\u00e9lben tal\u00e1lhat\u00f3, a v\u00e9konyb\u00e9l lak\u00f3i is legal\u00e1bb olyan fontos szerepet j\u00e1tszanak.<\/p>    <\/div>\n    <div class=\"li-widgets--infobox__text-body\">\n            <\/div>\n\n            <a href=\"https:\/\/www.omni-biotic.com\/hu-hu\/a-belrendszer-egeszsege\/\"\n           class=\"li-widgets--infobox__button\"\n            href=\"https:\/\/www.omni-biotic.com\/hu-hu\/a-belrendszer-egeszsege\/\">\n            A b\u00e9lrendszer eg\u00e9szs\u00e9ge        <\/a>\n    \n<\/div>\n\t\t\t\t<\/div>\n\t\t\t\t<\/div>\n\t\t\t\t\t<\/div>\n\t\t\t\t<\/div>\n\t\t<div class=\"elementor-element elementor-element-bcef3ff obcs green e-flex e-con-boxed e-con e-parent\" data-id=\"bcef3ff\" data-element_type=\"container\">\n\t\t\t\t\t<div class=\"e-con-inner\">\n\t\t<div class=\"elementor-element elementor-element-90af69a e-con-full obcs none e-flex e-con e-child\" data-id=\"90af69a\" data-element_type=\"container\">\n\t\t\t\t<div class=\"elementor-element elementor-element-8cf9cd4 elementor-widget elementor-widget-heading\" data-id=\"8cf9cd4\" data-element_type=\"widget\" data-widget_type=\"heading.default\">\n\t\t\t\t<div class=\"elementor-widget-container\">\n\t\t\t\t\t<h2 class=\"elementor-heading-title elementor-size-default\">\u00c1tereszt\u0151 b\u00e9l szindr\u00f3ma - a lyukas b\u00e9l<\/h2>\t\t\t\t<\/div>\n\t\t\t\t<\/div>\n\t\t\t\t<div class=\"elementor-element elementor-element-346ffa5 elementor-widget elementor-widget-text-editor\" data-id=\"346ffa5\" data-element_type=\"widget\" data-widget_type=\"text-editor.default\">\n\t\t\t\t<div class=\"elementor-widget-container\">\n\t\t\t\t\t\t\t\t\t<p>Az \u00e1tereszt\u0151 b\u00e9l szindr\u00f3m\u00e1t t\u00f6bbsz\u00f6r \u00f6sszef\u00fcgg\u00e9sbe hozz\u00e1k m\u00e1s, p\u00e9ld\u00e1ul autoimmun betegs\u00e9gekkel. A tud\u00f3sok m\u00e1r j\u00f3 ideje vizsg\u00e1lj\u00e1k a sziv\u00e1rg\u00f3 b\u00e9l vagy m\u00e1sn\u00e9ven lyukas b\u00e9l szerep\u00e9t a betegs\u00e9gek kialakul\u00e1s\u00e1ban, \u00e9s azt, hogy hogyan befoly\u00e1solja a mikrobiomunkat.<\/p><p>Az \u00e1tereszt\u0151 b\u00e9l szindr\u00f3ma a b\u00e9lfal fokozott \u00e1tereszt\u0151k\u00e9pess\u00e9g\u00e9re utal, amely n\u00e9lk\u00fcl\u00f6zhetetlen g\u00e1t a gazdaszervezet \u00e9s a k\u00fclvil\u00e1g k\u00f6z\u00f6tt. Ennek k\u00f6vetkezt\u00e9ben a b\u00e9lfelsz\u00ednen l\u00e9v\u0151 ny\u00e1lkar\u00e9teg megv\u00e1ltozik, \u00e9s sok bakt\u00e9rium egyszer\u0171en elpusztul. Ennek k\u00f6vetkezt\u00e9ben speci\u00e1lis stressz- \u00e9s gyullad\u00e1sos h\u00edrviv\u0151anyagok\u00a0termel\u0151dnek, amelyek elpuszt\u00edtj\u00e1k az alatta l\u00e9v\u0151 b\u00e9lsejtr\u00e9teget.<\/p>\t\t\t\t\t\t\t\t<\/div>\n\t\t\t\t<\/div>\n\t\t\t\t<div class=\"elementor-element elementor-element-86869c7 elementor-widget elementor-widget-button\" data-id=\"86869c7\" data-element_type=\"widget\" data-widget_type=\"button.default\">\n\t\t\t\t<div class=\"elementor-widget-container\">\n\t\t\t\t\t\t\t\t\t<div class=\"elementor-button-wrapper\">\n\t\t\t\t\t<a class=\"elementor-button elementor-button-link elementor-size-lg\" href=\"https:\/\/www.omni-biotic.com\/hu-hu\/belpanaszok\/atereszto-bel-szindroma\/\">\n\t\t\t\t\t\t<span class=\"elementor-button-content-wrapper\">\n\t\t\t\t\t\t\t\t\t<span class=\"elementor-button-text\">Olvasson tov\u00e1bb!<\/span>\n\t\t\t\t\t<\/span>\n\t\t\t\t\t<\/a>\n\t\t\t\t<\/div>\n\t\t\t\t\t\t\t\t<\/div>\n\t\t\t\t<\/div>\n\t\t\t\t<\/div>\n\t\t<div class=\"elementor-element elementor-element-2f4dd53 e-con-full obcs none e-flex e-con e-child\" data-id=\"2f4dd53\" data-element_type=\"container\">\n\t\t\t\t<div class=\"elementor-element elementor-element-bcc3502 e-transform elementor-widget elementor-widget-image\" data-id=\"bcc3502\" data-element_type=\"widget\" data-settings=\"{&quot;_transform_rotateZ_effect&quot;:{&quot;unit&quot;:&quot;px&quot;,&quot;size&quot;:&quot;0&quot;,&quot;sizes&quot;:[]},&quot;_transform_rotate_3d&quot;:&quot;yes&quot;,&quot;_transform_rotateX_effect&quot;:{&quot;unit&quot;:&quot;px&quot;,&quot;size&quot;:&quot;0&quot;,&quot;sizes&quot;:[]},&quot;_transform_rotateY_effect&quot;:{&quot;unit&quot;:&quot;px&quot;,&quot;size&quot;:&quot;-4&quot;,&quot;sizes&quot;:[]},&quot;_transform_perspective_effect&quot;:{&quot;unit&quot;:&quot;px&quot;,&quot;size&quot;:&quot;650&quot;,&quot;sizes&quot;:[]},&quot;_transform_rotateZ_effect_tablet&quot;:{&quot;unit&quot;:&quot;deg&quot;,&quot;size&quot;:&quot;&quot;,&quot;sizes&quot;:[]},&quot;_transform_rotateZ_effect_mobile&quot;:{&quot;unit&quot;:&quot;deg&quot;,&quot;size&quot;:&quot;&quot;,&quot;sizes&quot;:[]},&quot;_transform_rotateX_effect_tablet&quot;:{&quot;unit&quot;:&quot;deg&quot;,&quot;size&quot;:&quot;&quot;,&quot;sizes&quot;:[]},&quot;_transform_rotateX_effect_mobile&quot;:{&quot;unit&quot;:&quot;deg&quot;,&quot;size&quot;:&quot;&quot;,&quot;sizes&quot;:[]},&quot;_transform_rotateY_effect_tablet&quot;:{&quot;unit&quot;:&quot;deg&quot;,&quot;size&quot;:&quot;&quot;,&quot;sizes&quot;:[]},&quot;_transform_rotateY_effect_mobile&quot;:{&quot;unit&quot;:&quot;deg&quot;,&quot;size&quot;:&quot;&quot;,&quot;sizes&quot;:[]},&quot;_transform_perspective_effect_tablet&quot;:{&quot;unit&quot;:&quot;px&quot;,&quot;size&quot;:&quot;&quot;,&quot;sizes&quot;:[]},&quot;_transform_perspective_effect_mobile&quot;:{&quot;unit&quot;:&quot;px&quot;,&quot;size&quot;:&quot;&quot;,&quot;sizes&quot;:[]}}\" data-widget_type=\"image.default\">\n\t\t\t\t<div class=\"elementor-widget-container\">\n\t\t\t\t\t\t\t\t\t\t\t\t\t\t\t<img loading=\"lazy\" decoding=\"async\" width=\"800\" height=\"509\" src=\"https:\/\/www.omni-biotic.com\/hu-hu\/wp-content\/uploads\/sites\/7\/2023\/07\/belrendszer-omnibioticpng.png\" class=\"attachment-large size-large wp-image-16580\" alt=\"Lactobacillus b\u00e9lrendszer, probiotikum, b\u00e9lm\u0171k\u00f6d\u00e9s, b\u00e9lbakt\u00e9riumok, omni-biotic, allergosan, probiotikum\" srcset=\"https:\/\/www.omni-biotic.com\/hu-hu\/wp-content\/uploads\/sites\/7\/2023\/07\/belrendszer-omnibioticpng.png 1024w, https:\/\/www.omni-biotic.com\/hu-hu\/wp-content\/uploads\/sites\/7\/2023\/07\/belrendszer-omnibioticpng-300x191.png 300w, https:\/\/www.omni-biotic.com\/hu-hu\/wp-content\/uploads\/sites\/7\/2023\/07\/belrendszer-omnibioticpng-768x489.png 768w\" sizes=\"(max-width: 800px) 100vw, 800px\" title=\"\">\t\t\t\t\t\t\t\t\t\t\t\t\t\t\t<\/div>\n\t\t\t\t<\/div>\n\t\t\t\t<\/div>\n\t\t\t\t\t<\/div>\n\t\t\t\t<\/div>\n\t\t\t\t<section class=\"elementor-section elementor-top-section elementor-element elementor-element-4fc90bb elementor-section-boxed elementor-section-height-default elementor-section-height-default\" data-id=\"4fc90bb\" data-element_type=\"section\" data-settings=\"{&quot;background_background&quot;:&quot;classic&quot;,&quot;shape_divider_top&quot;:&quot;waves&quot;,&quot;shape_divider_bottom&quot;:&quot;waves&quot;}\">\n\t\t\t\t\t<div class=\"elementor-shape elementor-shape-top\" aria-hidden=\"true\" data-negative=\"false\">\n\t\t\t<svg xmlns=\"http:\/\/www.w3.org\/2000\/svg\" viewBox=\"0 0 1000 100\" preserveAspectRatio=\"none\">\n\t<path class=\"elementor-shape-fill\" d=\"M421.9,6.5c22.6-2.5,51.5,0.4,75.5,5.3c23.6,4.9,70.9,23.5,100.5,35.7c75.8,32.2,133.7,44.5,192.6,49.7\n\tc23.6,2.1,48.7,3.5,103.4-2.5c54.7-6,106.2-25.6,106.2-25.6V0H0v30.3c0,0,72,32.6,158.4,30.5c39.2-0.7,92.8-6.7,134-22.4\n\tc21.2-8.1,52.2-18.2,79.7-24.2C399.3,7.9,411.6,7.5,421.9,6.5z\"\/>\n<\/svg>\t\t<\/div>\n\t\t\t\t<div class=\"elementor-shape elementor-shape-bottom\" aria-hidden=\"true\" data-negative=\"false\">\n\t\t\t<svg xmlns=\"http:\/\/www.w3.org\/2000\/svg\" viewBox=\"0 0 1000 100\" preserveAspectRatio=\"none\">\n\t<path class=\"elementor-shape-fill\" d=\"M421.9,6.5c22.6-2.5,51.5,0.4,75.5,5.3c23.6,4.9,70.9,23.5,100.5,35.7c75.8,32.2,133.7,44.5,192.6,49.7\n\tc23.6,2.1,48.7,3.5,103.4-2.5c54.7-6,106.2-25.6,106.2-25.6V0H0v30.3c0,0,72,32.6,158.4,30.5c39.2-0.7,92.8-6.7,134-22.4\n\tc21.2-8.1,52.2-18.2,79.7-24.2C399.3,7.9,411.6,7.5,421.9,6.5z\"\/>\n<\/svg>\t\t<\/div>\n\t\t\t\t\t<div class=\"elementor-container elementor-column-gap-default\">\n\t\t\t\t\t<div class=\"elementor-column elementor-col-100 elementor-top-column elementor-element elementor-element-4ff2ec5\" data-id=\"4ff2ec5\" data-element_type=\"column\">\n\t\t\t<div class=\"elementor-widget-wrap elementor-element-populated\">\n\t\t\t\t\t\t<div class=\"elementor-element elementor-element-cb04459 elementor-widget elementor-widget-li-widgets--tile-slider\" data-id=\"cb04459\" data-element_type=\"widget\" data-widget_type=\"li-widgets--tile-slider.default\">\n\t\t\t\t<div class=\"elementor-widget-container\">\n\t\t\t\t\t<div class=\"li-widgets--tile-slider magenta\">\n            <div class=\"headlines\">\n                            <div class=\"headline\">\n                    <div class=\"headline--main\">OMNi-BiOTiC\u00ae<\/div>\n                                            <div class=\"headline--sub\">Probiotikum - a b\u00e9l eg\u00e9szs\u00e9g\u00e9nek t\u00e1mogat\u00e1s\u00e1\u00e9rt<\/div>\n                                    <\/div>\n                            <div class=\"headline\">\n                    <div class=\"headline--main\">OMNi-LOGiC\u00ae\u200b<\/div>\n                                            <div class=\"headline--sub\">Prebiotikum - t\u00e1pl\u00e1l\u00e9k a j\u00f3t\u00e9kony bakt\u00e9riumoknak<\/div>\n                                    <\/div>\n                                        <div class=\"headline-joiner\">&amp;<\/div>\n                    <\/div>\n                <div class=\"tiles-container swiper\">\n            <div class=\"tiles swiper-wrapper\">\n                                    <div class=\"swiper-slide\">\n                        <div class=\"tile\">\n                                                        <a href=\"https:\/\/shop.omni-biotic.com\/hu-hu\/products\/omni-biotic-6-int-99104\">\n                                                                                                    <img decoding=\"async\" src=\"https:\/\/cdn.shopify.com\/s\/files\/1\/0611\/8198\/5020\/files\/omni-biotic-6-60g-int_43b1846e-b3a2-460e-b135-bae82341a363.webp?v=1776419436\" alt=\"OMNi-BiOTiC\u00ae 6\" class=\"tile__image\" title=\"\">\n                                                                                            <\/a>\n                                                                                    <div class=\"tile__headline\">OMNi-BiOTiC\u00ae 6<\/div>\n                                                                                        <div class=\"tile__subtitle\">Az \u00fczemanyag a b\u00e9lrendszer vitalit\u00e1s\u00e1hoz<\/div>\n                                                                                                                                                <div class=\"tile__price\">\n                                                                        17\u00a0800,00 Ft-t\u00f3l                                <\/div>\n                                                                                        <a class=\"tile__button\" href=\"https:\/\/shop.omni-biotic.com\/hu-hu\/products\/omni-biotic-6-int-99104\">a term\u00e9khez<\/a>\n                                                    <\/div>\n                    <\/div>\n                                    <div class=\"swiper-slide\">\n                        <div class=\"tile\">\n                                                        <a href=\"https:\/\/shop.omni-biotic.com\/hu-hu\/products\/omni-biotic-10-aad-int-99103\">\n                                                                                                    <img decoding=\"async\" src=\"https:\/\/cdn.shopify.com\/s\/files\/1\/0611\/8198\/5020\/files\/omni-biotic-10-aad-30-5g-int.webp?v=1776419187\" alt=\"OMNi-BiOTiC\u00ae 10 AAD\" class=\"tile__image\" title=\"\">\n                                                                                            <\/a>\n                                                                                    <div class=\"tile__headline\">OMNi-BiOTiC\u00ae 10 AAD<\/div>\n                                                                                        <div class=\"tile__subtitle\">Profi az antibiotikum mell\u00e9khat\u00e1sainak kezel\u00e9s\u00e9ben!<\/div>\n                                                                                                                                                <div class=\"tile__price\">\n                                                                        7\u00a0000,00 Ft-t\u00f3l                                <\/div>\n                                                                                        <a class=\"tile__button\" href=\"https:\/\/shop.omni-biotic.com\/hu-hu\/products\/omni-biotic-10-aad-int-99103\">a term\u00e9khez<\/a>\n                                                    <\/div>\n                    <\/div>\n                                    <div class=\"swiper-slide\">\n                        <div class=\"tile\">\n                                                        <a href=\"https:\/\/shop.omni-biotic.com\/hu-hu\/products\/omni-biotic-aktiv-int-99105\">\n                                                                                                    <img decoding=\"async\" src=\"https:\/\/cdn.shopify.com\/s\/files\/1\/0611\/8198\/5020\/files\/omni-biotic-active-60g-int.webp?v=1776419127\" alt=\"OMNi-BiOTiC\u00ae Active\" class=\"tile__image\" title=\"\">\n                                                                                            <\/a>\n                                                                                    <div class=\"tile__headline\">OMNi-BiOTiC\u00ae Active<\/div>\n                                                                                        <div class=\"tile__subtitle\">Vitalit\u00e1s minden \u00e9letkorban!<\/div>\n                                                                                                                                                <div class=\"tile__price\">\n                                                                        17\u00a0800,00 Ft-t\u00f3l                                <\/div>\n                                                                                        <a class=\"tile__button\" href=\"https:\/\/shop.omni-biotic.com\/hu-hu\/products\/omni-biotic-aktiv-int-99105\">a term\u00e9khez<\/a>\n                                                    <\/div>\n                    <\/div>\n                            <\/div>\n        <\/div>\n        <div class=\"tile-slider--prev\">\n            <svg xmlns=\"http:\/\/www.w3.org\/2000\/svg\" viewBox=\"0 0 30 70\">\n                <polygon points=\"26.99 0 29.99 1.3 5.27 35 29.99 68.7 26.99 70 0 35 26.99 0\"\/>\n            <\/svg>\n        <\/div>\n        <div class=\"tile-slider--next\">\n            <svg xmlns=\"http:\/\/www.w3.org\/2000\/svg\" viewBox=\"0 0 30 70\">\n                <polygon points=\"3 70 0 68.7 24.72 35 0 1.3 3 0 29.99 35 3 70\"\/>\n            <\/svg>\n        <\/div>\n    <\/div>\n\t\t\t\t<\/div>\n\t\t\t\t<\/div>\n\t\t\t\t\t<\/div>\n\t\t<\/div>\n\t\t\t\t\t<\/div>\n\t\t<\/section>\n\t\t\t\t<\/div>\n\t\t","protected":false},"excerpt":{"rendered":"<p>Probiotikum A belek, a t\u00fcd\u0151, a b\u0151r, az agy \u00e9s a szapor\u00edt\u00f3szervek els\u0151 pillant\u00e1sra nem sok k\u00f6z\u00f6s pontot mutatnak. K\u00f6zelebbr\u0151l megvizsg\u00e1lva azonban l\u00e1that\u00f3, hogy a test\u00fcnket ben\u00e9pes\u00edt\u0151 apr\u00f3 bakt\u00e9riumok nagy hat\u00e1ssal vannak minden egyes sejt\u00fcnkre, \u00e9s sz\u00e1mos ter\u00fcleten \u0151rz\u0151-v\u00e9d\u0151 z\u00e1szl\u00f3aljk\u00e9nt m\u0171k\u00f6dnek. Tartalomjegyz\u00e9k Mi az a probiotikum? A probiotikus bakt\u00e9riumok olyan \u00e9l\u0151 mikroorganizmusok, amelyek\u00a0eg\u00e9szs\u00e9g\u00fcgyi szempontb\u00f3l el\u0151ny\u00f6sek, [&hellip;]<\/p>\n","protected":false},"author":3,"featured_media":16975,"parent":117,"menu_order":280,"comment_status":"closed","ping_status":"closed","template":"","meta":{"_acf_changed":false,"inline_featured_image":false,"footnotes":""},"class_list":["post-119","page","type-page","status-publish","has-post-thumbnail","hentry"],"acf":[],"_links":{"self":[{"href":"https:\/\/www.omni-biotic.com\/hu-hu\/wp-json\/wp\/v2\/pages\/119","targetHints":{"allow":["GET"]}}],"collection":[{"href":"https:\/\/www.omni-biotic.com\/hu-hu\/wp-json\/wp\/v2\/pages"}],"about":[{"href":"https:\/\/www.omni-biotic.com\/hu-hu\/wp-json\/wp\/v2\/types\/page"}],"author":[{"embeddable":true,"href":"https:\/\/www.omni-biotic.com\/hu-hu\/wp-json\/wp\/v2\/users\/3"}],"replies":[{"embeddable":true,"href":"https:\/\/www.omni-biotic.com\/hu-hu\/wp-json\/wp\/v2\/comments?post=119"}],"version-history":[{"count":7,"href":"https:\/\/www.omni-biotic.com\/hu-hu\/wp-json\/wp\/v2\/pages\/119\/revisions"}],"predecessor-version":[{"id":23224,"href":"https:\/\/www.omni-biotic.com\/hu-hu\/wp-json\/wp\/v2\/pages\/119\/revisions\/23224"}],"up":[{"embeddable":true,"href":"https:\/\/www.omni-biotic.com\/hu-hu\/wp-json\/wp\/v2\/pages\/117"}],"wp:featuredmedia":[{"embeddable":true,"href":"https:\/\/www.omni-biotic.com\/hu-hu\/wp-json\/wp\/v2\/media\/16975"}],"wp:attachment":[{"href":"https:\/\/www.omni-biotic.com\/hu-hu\/wp-json\/wp\/v2\/media?parent=119"}],"curies":[{"name":"wp","href":"https:\/\/api.w.org\/{rel}","templated":true}]}}