{"id":155,"date":"2022-03-07T10:07:28","date_gmt":"2022-03-07T09:07:28","guid":{"rendered":"https:\/\/www.omni-biotic.com\/darmbeschwerden\/allergie\/"},"modified":"2024-10-25T11:06:38","modified_gmt":"2024-10-25T09:06:38","slug":"allergia","status":"publish","type":"page","link":"https:\/\/www.omni-biotic.com\/hu-hu\/belpanaszok\/allergia\/","title":{"rendered":"Allergia"},"content":{"rendered":"\t\t<div data-elementor-type=\"wp-page\" data-elementor-id=\"155\" class=\"elementor elementor-155\" data-elementor-post-type=\"page\">\n\t\t\t\t<div class=\"elementor-element elementor-element-775fcc4 e-con-full obcs none e-flex e-con e-parent\" data-id=\"775fcc4\" data-element_type=\"container\" data-settings=\"{&quot;background_background&quot;:&quot;classic&quot;,&quot;shape_divider_bottom&quot;:&quot;waves&quot;}\">\n\t\t\t\t<div class=\"elementor-shape elementor-shape-bottom\" aria-hidden=\"true\" data-negative=\"false\">\n\t\t\t<svg xmlns=\"http:\/\/www.w3.org\/2000\/svg\" viewBox=\"0 0 1000 100\" preserveAspectRatio=\"none\">\n\t<path class=\"elementor-shape-fill\" d=\"M421.9,6.5c22.6-2.5,51.5,0.4,75.5,5.3c23.6,4.9,70.9,23.5,100.5,35.7c75.8,32.2,133.7,44.5,192.6,49.7\n\tc23.6,2.1,48.7,3.5,103.4-2.5c54.7-6,106.2-25.6,106.2-25.6V0H0v30.3c0,0,72,32.6,158.4,30.5c39.2-0.7,92.8-6.7,134-22.4\n\tc21.2-8.1,52.2-18.2,79.7-24.2C399.3,7.9,411.6,7.5,421.9,6.5z\"\/>\n<\/svg>\t\t<\/div>\n\t\t<div class=\"elementor-element elementor-element-a118328 e-con-full obcs none e-flex e-con e-child\" data-id=\"a118328\" data-element_type=\"container\" data-settings=\"{&quot;background_background&quot;:&quot;gradient&quot;}\">\n\t\t\t\t<div class=\"elementor-element elementor-element-389385d elementor-widget elementor-widget-heading\" data-id=\"389385d\" data-element_type=\"widget\" data-widget_type=\"heading.default\">\n\t\t\t\t<div class=\"elementor-widget-container\">\n\t\t\t\t\t<h1 class=\"elementor-heading-title elementor-size-default\">Allergia<\/h1>\t\t\t\t<\/div>\n\t\t\t\t<\/div>\n\t\t\t\t<div class=\"elementor-element elementor-element-f5ed40d elementor-widget-divider--view-line elementor-widget elementor-widget-divider\" data-id=\"f5ed40d\" data-element_type=\"widget\" data-widget_type=\"divider.default\">\n\t\t\t\t<div class=\"elementor-widget-container\">\n\t\t\t\t\t\t\t<div class=\"elementor-divider\">\n\t\t\t<span class=\"elementor-divider-separator\">\n\t\t\t\t\t\t<\/span>\n\t\t<\/div>\n\t\t\t\t\t\t<\/div>\n\t\t\t\t<\/div>\n\t\t\t\t<div class=\"elementor-element elementor-element-440b811 elementor-widget-tablet__width-initial elementor-widget elementor-widget-text-editor\" data-id=\"440b811\" data-element_type=\"widget\" data-widget_type=\"text-editor.default\">\n\t\t\t\t<div class=\"elementor-widget-container\">\n\t\t\t\t\t\t\t\t\t<p>Tudta, hogy a b\u00e9lrendszer fontos szerepet j\u00e1tszik az allergi\u00e1s t\u00fcnetek lek\u00fczd\u00e9s\u00e9ben? A b\u00e9lrendszer\u00fcnk egy nagyon al\u00e1becs\u00fclt szerv: <strong>kb. 400 m2-es fel\u00fclete<\/strong> 10-szer nagyobb, mint a t\u00fcd\u0151\u00e9, \u00e9s <strong>100-szor nagyobb, mint a b\u0151r\u00e9<\/strong>. Ez a fel\u00fclet t\u00f6bb ezer faj 100 trilli\u00f3 bakt\u00e9rium\u00e1nak ad otthont. <strong>\u00d6sszet\u00e9tel\u00fck minden embern\u00e9l egyedi<\/strong>.<\/p>\t\t\t\t\t\t\t\t<\/div>\n\t\t\t\t<\/div>\n\t\t\t\t<\/div>\n\t\t<div class=\"elementor-element elementor-element-d3a4fac e-con-full elementor-hidden-mobile obcs none e-flex e-con e-child\" data-id=\"d3a4fac\" data-element_type=\"container\">\n\t\t\t\t<\/div>\n\t\t\t\t<\/div>\n\t\t<div class=\"elementor-element elementor-element-fc93c62 obcs none e-flex e-con-boxed e-con e-parent\" data-id=\"fc93c62\" data-element_type=\"container\">\n\t\t\t\t\t<div class=\"e-con-inner\">\n\t\t<div class=\"elementor-element elementor-element-da8e403 e-con-full obcs none e-flex e-con e-child\" data-id=\"da8e403\" data-element_type=\"container\">\n\t\t\t\t<\/div>\n\t\t<div class=\"elementor-element elementor-element-fb47aef e-con-full obcs none e-flex e-con e-child\" data-id=\"fb47aef\" data-element_type=\"container\">\n\t\t\t\t<div class=\"elementor-element elementor-element-c226e0c elementor-toc--minimized-on-desktop elementor-widget elementor-widget-table-of-contents\" data-id=\"c226e0c\" data-element_type=\"widget\" data-settings=\"{&quot;exclude_headings_by_selector&quot;:[],&quot;minimized_on&quot;:&quot;desktop&quot;,&quot;headings_by_tags&quot;:[&quot;h2&quot;,&quot;h3&quot;,&quot;h4&quot;,&quot;h5&quot;,&quot;h6&quot;],&quot;marker_view&quot;:&quot;numbers&quot;,&quot;no_headings_message&quot;:&quot;Ezen az oldalon nem tal\\u00e1lhat\\u00f3 c\\u00edmsor.&quot;,&quot;minimize_box&quot;:&quot;yes&quot;,&quot;hierarchical_view&quot;:&quot;yes&quot;,&quot;min_height&quot;:{&quot;unit&quot;:&quot;px&quot;,&quot;size&quot;:&quot;&quot;,&quot;sizes&quot;:[]},&quot;min_height_tablet&quot;:{&quot;unit&quot;:&quot;px&quot;,&quot;size&quot;:&quot;&quot;,&quot;sizes&quot;:[]},&quot;min_height_mobile&quot;:{&quot;unit&quot;:&quot;px&quot;,&quot;size&quot;:&quot;&quot;,&quot;sizes&quot;:[]}}\" data-widget_type=\"table-of-contents.default\">\n\t\t\t\t<div class=\"elementor-widget-container\">\n\t\t\t\t\t\t\t\t\t<div class=\"elementor-toc__header\">\n\t\t\t\t\t\t<h4 class=\"elementor-toc__header-title\">\n\t\t\t\tTartalomjegyz\u00e9k\t\t\t<\/h4>\n\t\t\t\t\t\t\t\t\t\t<div class=\"elementor-toc__toggle-button elementor-toc__toggle-button--expand\" role=\"button\" tabindex=\"0\" aria-controls=\"elementor-toc__c226e0c\" aria-expanded=\"true\" aria-label=\"Open table of contents\"><i aria-hidden=\"true\" class=\"fas fa-chevron-down\"><\/i><\/div>\n\t\t\t\t<div class=\"elementor-toc__toggle-button elementor-toc__toggle-button--collapse\" role=\"button\" tabindex=\"0\" aria-controls=\"elementor-toc__c226e0c\" aria-expanded=\"true\" aria-label=\"Close table of contents\"><i aria-hidden=\"true\" class=\"fas fa-chevron-up\"><\/i><\/div>\n\t\t\t\t\t<\/div>\n\t\t\t\t<div id=\"elementor-toc__c226e0c\" class=\"elementor-toc__body\">\n\t\t\t<div class=\"elementor-toc__spinner-container\">\n\t\t\t\t<i class=\"elementor-toc__spinner eicon-animation-spin eicon-loading\" aria-hidden=\"true\"><\/i>\t\t\t<\/div>\n\t\t<\/div>\n\t\t\t\t\t\t<\/div>\n\t\t\t\t<\/div>\n\t\t\t\t<\/div>\n\t\t\t\t\t<\/div>\n\t\t\t\t<\/div>\n\t\t<div class=\"elementor-element elementor-element-016a5d3 obcs blue e-flex e-con-boxed e-con e-parent\" data-id=\"016a5d3\" data-element_type=\"container\" data-settings=\"{&quot;background_background&quot;:&quot;classic&quot;}\">\n\t\t\t\t\t<div class=\"e-con-inner\">\n\t\t<div class=\"elementor-element elementor-element-00fc46b obcs none e-flex e-con-boxed e-con e-child\" data-id=\"00fc46b\" data-element_type=\"container\" data-settings=\"{&quot;background_background&quot;:&quot;classic&quot;}\">\n\t\t\t\t\t<div class=\"e-con-inner\">\n\t\t\t\t<div class=\"elementor-element elementor-element-f97b47f elementor-widget__width-initial elementor-widget-tablet__width-initial elementor-widget elementor-widget-image\" data-id=\"f97b47f\" data-element_type=\"widget\" data-widget_type=\"image.default\">\n\t\t\t\t<div class=\"elementor-widget-container\">\n\t\t\t\t\t\t\t\t\t\t\t\t\t\t\t<img fetchpriority=\"high\" decoding=\"async\" width=\"512\" height=\"512\" src=\"https:\/\/www.omni-biotic.com\/hu-hu\/wp-content\/uploads\/sites\/7\/2023\/12\/Allergia-tusszoges-ellen.png\" class=\"attachment-medium_large size-medium_large wp-image-19976\" alt=\"allergia, allergia ellen, allergia gy\u00f3gyszer, allergiavizsg\u00e1lat, allergia ki\u00fct\u00e9s, allergia t\u00fcnetei, allergia t\u00fcnetek, tejallergia ellen, hisztamin allergia, etelallergia, \u00e9tel allergia, dar\u00e1zscs\u00edp\u00e9s allergia, parlagfu allergia, sz\u00e9nan\u00e1tha\" srcset=\"https:\/\/www.omni-biotic.com\/hu-hu\/wp-content\/uploads\/sites\/7\/2023\/12\/Allergia-tusszoges-ellen.png 512w, https:\/\/www.omni-biotic.com\/hu-hu\/wp-content\/uploads\/sites\/7\/2023\/12\/Allergia-tusszoges-ellen-300x300.png 300w, https:\/\/www.omni-biotic.com\/hu-hu\/wp-content\/uploads\/sites\/7\/2023\/12\/Allergia-tusszoges-ellen-150x150.png 150w\" sizes=\"(max-width: 512px) 100vw, 512px\" title=\"\">\t\t\t\t\t\t\t\t\t\t\t\t\t\t\t<\/div>\n\t\t\t\t<\/div>\n\t\t<div class=\"elementor-element elementor-element-1d6e43c obcs none e-flex e-con-boxed e-con e-child\" data-id=\"1d6e43c\" data-element_type=\"container\">\n\t\t\t\t\t<div class=\"e-con-inner\">\n\t\t\t\t<div class=\"elementor-element elementor-element-1f5bd1f elementor-widget__width-inherit elementor-widget elementor-widget-heading\" data-id=\"1f5bd1f\" data-element_type=\"widget\" data-widget_type=\"heading.default\">\n\t\t\t\t<div class=\"elementor-widget-container\">\n\t\t\t\t\t<h2 class=\"elementor-heading-title elementor-size-default\">Hogyan alakul ki az allergia?<\/h2>\t\t\t\t<\/div>\n\t\t\t\t<\/div>\n\t\t\t\t<div class=\"elementor-element elementor-element-1844b83 elementor-widget elementor-widget-text-editor\" data-id=\"1844b83\" data-element_type=\"widget\" data-widget_type=\"text-editor.default\">\n\t\t\t\t<div class=\"elementor-widget-container\">\n\t\t\t\t\t\t\t\t\t<p>Allergia akkor alakulhat ki, ha a szervezet\u00fcnk <strong>ny\u00e1lkah\u00e1rty\u00e1i<\/strong> (orr, t\u00fcd\u0151, belek) <strong>k\u00e1rosodnak<\/strong>. Ilyenkor a leveg\u0151vel vagy az \u00e9tellel a szervezetbe ker\u00fcl\u0151 anyagokat nem tudj\u00e1k megfelel\u0151en <strong>szab\u00e1lyozni<\/strong> \u00e9s \u00e1rtalmatlank\u00e9nt kibocs\u00e1tani, hanem azonnal \u00e9s ellen\u0151rizetlen\u00fcl a v\u00e9rbe vagy a nyirokcsatorn\u00e1kba jutnak. Ez az <strong>ellen\u0151rizetlen terhetlts\u00e9g<\/strong> az immunrendszer <strong>t\u00falterhel\u00e9s\u00e9hez<\/strong> vezethet. Allergia \u00e9s \u00e9telintolerancia a k\u00f6vetkezm\u00e9nye.<\/p>\t\t\t\t\t\t\t\t<\/div>\n\t\t\t\t<\/div>\n\t\t\t\t\t<\/div>\n\t\t\t\t<\/div>\n\t\t\t\t\t<\/div>\n\t\t\t\t<\/div>\n\t\t\t\t\t<\/div>\n\t\t\t\t<\/div>\n\t\t<div class=\"elementor-element elementor-element-6be95b8 obcs green e-flex e-con-boxed e-con e-parent\" data-id=\"6be95b8\" data-element_type=\"container\">\n\t\t\t\t\t<div class=\"e-con-inner\">\n\t\t<div class=\"elementor-element elementor-element-29b8e5e e-con-full obcs none e-flex e-con e-child\" data-id=\"29b8e5e\" data-element_type=\"container\">\n\t\t\t\t<div class=\"elementor-element elementor-element-8f8b779 elementor-widget elementor-widget-heading\" data-id=\"8f8b779\" data-element_type=\"widget\" data-widget_type=\"heading.default\">\n\t\t\t\t<div class=\"elementor-widget-container\">\n\t\t\t\t\t<h2 class=\"elementor-heading-title elementor-size-default\">Az allergi\u00e1s reakci\u00f3 lefoly\u00e1sa<\/h2>\t\t\t\t<\/div>\n\t\t\t\t<\/div>\n\t\t\t\t<div class=\"elementor-element elementor-element-c32666c elementor-widget elementor-widget-text-editor\" data-id=\"c32666c\" data-element_type=\"widget\" data-widget_type=\"text-editor.default\">\n\t\t\t\t<div class=\"elementor-widget-container\">\n\t\t\t\t\t\t\t\t\t<p>A k\u00fcl\u00f6nb\u00f6z\u0151 <strong>allergi\u00e1s t\u00fcnetek ellen\u00e9re<\/strong> az \u00f6sszes <strong>allergi\u00e1s reakci\u00f3 lefoly\u00e1sa azonos<\/strong>: az allerg\u00e9nnel val\u00f3 \u00e9rintkez\u00e9skor antitestek (lgE) k\u00e9pz\u0151dnek. Az allerg\u00e9nnel val\u00f3 ism\u00e9telt \u00e9rintkez\u00e9skor ezek az IgE antitestek k\u00f6zvet\u00edtik a hisztamin felszabadul\u00e1s\u00e1t, ami a tipikus allergi\u00e1s t\u00fcneteket v\u00e1ltja ki: pl. <strong>viszket\u00e9s, k\u00f6nnyez\u00e9s, duzzanat, ki\u00fct\u00e9s<\/strong> vagy<strong> asztma.<\/strong><\/p><p>Amikor ez az allergi\u00e1s reakci\u00f3 bek\u00f6vetkezik, azt jelenti, hogy az allerg\u00e9n \u00e9szrev\u00e9tlen\u00fcl \u00e1tjutott az els\u0151 akad\u00e1lyon, a b\u00e9lny\u00e1lkah\u00e1rty\u00e1n. A b\u00e9lny\u00e1lkah\u00e1rtya egy speci\u00e1lis ellenanyagot, az sIgA-t tartalmazza, amely norm\u00e1lis esetben megakad\u00e1lyozza az idegen anyagok \u00e9s allerg\u00e9nek behatol\u00e1s\u00e1t. Az sIgA-t a b\u00e9l sejtjei k\u00e9pezik, \u00e9s a ny\u00e1lkah\u00e1rty\u00e1ba szabadul fel. Mint &#8222;ny\u00e1lkah\u00e1rtya-antitest&#8221;, ez az antitest a b\u00e9l egyfajta v\u00e9d\u0151bevonat\u00e1t k\u00e9pezi. Az allergi\u00e1val szembeni v\u00e9delme abban \u00e1ll, hogy ez az antitest m\u00e9g a szervezetbe val\u00f3 felsz\u00edv\u00f3d\u00e1s el\u0151tt hozz\u00e1kapcsol\u00f3dik az idegen anyagokhoz, \u00e9s megjel\u00f6li azokat. Ha az allerg\u00e9neket ilyen m\u00f3don megjel\u00f6lt\u00e9k, azok t\u00f6bb\u00e9 nem tudnak felsz\u00edv\u00f3dni a szervezetbe. Ez\u00e1ltal az allergi\u00e1s reakci\u00f3t m\u00e9g azel\u0151tt megakad\u00e1lyozza, hogy az kialakulhatna.<\/p>\t\t\t\t\t\t\t\t<\/div>\n\t\t\t\t<\/div>\n\t\t\t\t<\/div>\n\t\t<div class=\"elementor-element elementor-element-e8aeb94 e-con-full obcs none e-flex e-con e-child\" data-id=\"e8aeb94\" data-element_type=\"container\">\n\t\t\t\t<div class=\"elementor-element elementor-element-f526ebb e-transform elementor-widget elementor-widget-image\" data-id=\"f526ebb\" data-element_type=\"widget\" data-settings=\"{&quot;_transform_rotateZ_effect&quot;:{&quot;unit&quot;:&quot;px&quot;,&quot;size&quot;:&quot;0&quot;,&quot;sizes&quot;:[]},&quot;_transform_rotate_3d&quot;:&quot;yes&quot;,&quot;_transform_rotateX_effect&quot;:{&quot;unit&quot;:&quot;px&quot;,&quot;size&quot;:&quot;0&quot;,&quot;sizes&quot;:[]},&quot;_transform_rotateY_effect&quot;:{&quot;unit&quot;:&quot;px&quot;,&quot;size&quot;:&quot;-4&quot;,&quot;sizes&quot;:[]},&quot;_transform_perspective_effect&quot;:{&quot;unit&quot;:&quot;px&quot;,&quot;size&quot;:&quot;650&quot;,&quot;sizes&quot;:[]},&quot;_transform_rotateZ_effect_tablet&quot;:{&quot;unit&quot;:&quot;deg&quot;,&quot;size&quot;:&quot;&quot;,&quot;sizes&quot;:[]},&quot;_transform_rotateZ_effect_mobile&quot;:{&quot;unit&quot;:&quot;deg&quot;,&quot;size&quot;:&quot;&quot;,&quot;sizes&quot;:[]},&quot;_transform_rotateX_effect_tablet&quot;:{&quot;unit&quot;:&quot;deg&quot;,&quot;size&quot;:&quot;&quot;,&quot;sizes&quot;:[]},&quot;_transform_rotateX_effect_mobile&quot;:{&quot;unit&quot;:&quot;deg&quot;,&quot;size&quot;:&quot;&quot;,&quot;sizes&quot;:[]},&quot;_transform_rotateY_effect_tablet&quot;:{&quot;unit&quot;:&quot;deg&quot;,&quot;size&quot;:&quot;&quot;,&quot;sizes&quot;:[]},&quot;_transform_rotateY_effect_mobile&quot;:{&quot;unit&quot;:&quot;deg&quot;,&quot;size&quot;:&quot;&quot;,&quot;sizes&quot;:[]},&quot;_transform_perspective_effect_tablet&quot;:{&quot;unit&quot;:&quot;px&quot;,&quot;size&quot;:&quot;&quot;,&quot;sizes&quot;:[]},&quot;_transform_perspective_effect_mobile&quot;:{&quot;unit&quot;:&quot;px&quot;,&quot;size&quot;:&quot;&quot;,&quot;sizes&quot;:[]}}\" data-widget_type=\"image.default\">\n\t\t\t\t<div class=\"elementor-widget-container\">\n\t\t\t\t\t\t\t\t\t\t\t\t\t\t\t<img decoding=\"async\" width=\"800\" height=\"534\" src=\"https:\/\/www.omni-biotic.com\/hu-hu\/wp-content\/uploads\/sites\/7\/2023\/12\/allergia-ellen.jpg\" class=\"attachment-large size-large wp-image-19977\" alt=\"allergia ellen, allergia, allergi\u00e1s t\u00fcnetek\" srcset=\"https:\/\/www.omni-biotic.com\/hu-hu\/wp-content\/uploads\/sites\/7\/2023\/12\/allergia-ellen.jpg 1024w, https:\/\/www.omni-biotic.com\/hu-hu\/wp-content\/uploads\/sites\/7\/2023\/12\/allergia-ellen-300x200.jpg 300w, https:\/\/www.omni-biotic.com\/hu-hu\/wp-content\/uploads\/sites\/7\/2023\/12\/allergia-ellen-768x512.jpg 768w\" sizes=\"(max-width: 800px) 100vw, 800px\" title=\"\">\t\t\t\t\t\t\t\t\t\t\t\t\t\t\t<\/div>\n\t\t\t\t<\/div>\n\t\t\t\t<\/div>\n\t\t\t\t\t<\/div>\n\t\t\t\t<\/div>\n\t\t<div class=\"elementor-element elementor-element-8f18170 obcs magenta e-flex e-con-boxed e-con e-parent\" data-id=\"8f18170\" data-element_type=\"container\">\n\t\t\t\t\t<div class=\"e-con-inner\">\n\t\t\t\t<div class=\"elementor-element elementor-element-fe4ea91 elementor-widget__width-inherit elementor-widget elementor-widget-heading\" data-id=\"fe4ea91\" data-element_type=\"widget\" data-widget_type=\"heading.default\">\n\t\t\t\t<div class=\"elementor-widget-container\">\n\t\t\t\t\t<h2 class=\"elementor-heading-title elementor-size-default\">Mit lehet tenni az allergia ellen?<\/h2>\t\t\t\t<\/div>\n\t\t\t\t<\/div>\n\t\t\t\t\t<\/div>\n\t\t\t\t<\/div>\n\t\t<div class=\"elementor-element elementor-element-3269a1f obcs magenta e-flex e-con-boxed e-con e-parent\" data-id=\"3269a1f\" data-element_type=\"container\">\n\t\t\t\t\t<div class=\"e-con-inner\">\n\t\t<div class=\"elementor-element elementor-element-c816cf9 e-con-full obcs none e-flex elementor-invisible e-con e-child\" data-id=\"c816cf9\" data-element_type=\"container\" data-settings=\"{&quot;animation&quot;:&quot;bounceInLeft&quot;}\">\n\t\t<div class=\"elementor-element elementor-element-d944d24 obcs none e-flex e-con-boxed e-con e-child\" data-id=\"d944d24\" data-element_type=\"container\">\n\t\t\t\t\t<div class=\"e-con-inner\">\n\t\t\t\t<div class=\"elementor-element elementor-element-510b7e8 elementor-widget elementor-widget-image\" data-id=\"510b7e8\" data-element_type=\"widget\" data-widget_type=\"image.default\">\n\t\t\t\t<div class=\"elementor-widget-container\">\n\t\t\t\t\t\t\t\t\t\t\t\t\t\t\t<img decoding=\"async\" width=\"300\" height=\"300\" src=\"https:\/\/www.omni-biotic.com\/hu-hu\/wp-content\/uploads\/sites\/7\/2023\/12\/allergias-tunetek-1.png\" class=\"attachment-medium size-medium wp-image-19980\" alt=\"allergia, allergia ellen, allergia gy\u00f3gyszer, allergiavizsg\u00e1lat, allergia ki\u00fct\u00e9s, allergia t\u00fcnetei, allergia t\u00fcnetek, tejallergia ellen, hisztamin allergia, etelallergia, \u00e9tel allergia, dar\u00e1zscs\u00edp\u00e9s allergia, parlagfu allergia, sz\u00e9nan\u00e1tha\" srcset=\"https:\/\/www.omni-biotic.com\/hu-hu\/wp-content\/uploads\/sites\/7\/2023\/12\/allergias-tunetek-1.png 300w, https:\/\/www.omni-biotic.com\/hu-hu\/wp-content\/uploads\/sites\/7\/2023\/12\/allergias-tunetek-1-150x150.png 150w\" sizes=\"(max-width: 300px) 100vw, 300px\" title=\"\">\t\t\t\t\t\t\t\t\t\t\t\t\t\t\t<\/div>\n\t\t\t\t<\/div>\n\t\t\t\t<div class=\"elementor-element elementor-element-c6e6d09 elementor-widget elementor-widget-heading\" data-id=\"c6e6d09\" data-element_type=\"widget\" data-widget_type=\"heading.default\">\n\t\t\t\t<div class=\"elementor-widget-container\">\n\t\t\t\t\t<h3 class=\"elementor-heading-title elementor-size-default\">T\u00fcnetkezel\u00e9s<\/h3>\t\t\t\t<\/div>\n\t\t\t\t<\/div>\n\t\t\t\t\t<\/div>\n\t\t\t\t<\/div>\n\t\t\t\t<div class=\"elementor-element elementor-element-f3c21ac elementor-widget elementor-widget-text-editor\" data-id=\"f3c21ac\" data-element_type=\"widget\" data-widget_type=\"text-editor.default\">\n\t\t\t\t<div class=\"elementor-widget-container\">\n\t\t\t\t\t\t\t\t\t<p>Ez a m\u00f3dszer az <strong>allergia hat\u00e1sait kezeli<\/strong>. A t\u00fcnetek teh\u00e1t r\u00f6vid t\u00e1von &#8222;kikapcsolhat\u00f3k&#8221; a duzzanatot \u00e9s a hisztamin felszabadul\u00e1st cs\u00f6kkent\u0151 cseppek, spray-k \u00e9s tablett\u00e1k seg\u00edts\u00e9g\u00e9vel.<\/p><p>Az allergia ok\u00e1t azonban nem kezeli ezekkel a m\u00f3dszerekkel.<\/p>\t\t\t\t\t\t\t\t<\/div>\n\t\t\t\t<\/div>\n\t\t\t\t<\/div>\n\t\t<div class=\"elementor-element elementor-element-2bafea3 e-con-full obcs none e-flex e-con e-child\" data-id=\"2bafea3\" data-element_type=\"container\">\n\t\t\t\t<\/div>\n\t\t<div class=\"elementor-element elementor-element-c2e6ee6 e-con-full obcs none e-flex elementor-invisible e-con e-child\" data-id=\"c2e6ee6\" data-element_type=\"container\" data-settings=\"{&quot;animation&quot;:&quot;bounceInRight&quot;}\">\n\t\t<div class=\"elementor-element elementor-element-dac7178 obcs none e-flex e-con-boxed e-con e-child\" data-id=\"dac7178\" data-element_type=\"container\">\n\t\t\t\t\t<div class=\"e-con-inner\">\n\t\t\t\t<div class=\"elementor-element elementor-element-9e37af0 elementor-widget elementor-widget-image\" data-id=\"9e37af0\" data-element_type=\"widget\" data-widget_type=\"image.default\">\n\t\t\t\t<div class=\"elementor-widget-container\">\n\t\t\t\t\t\t\t\t\t\t\t\t\t\t\t<img loading=\"lazy\" decoding=\"async\" width=\"300\" height=\"300\" src=\"https:\/\/www.omni-biotic.com\/hu-hu\/wp-content\/uploads\/sites\/7\/2023\/12\/allergia-kezelese-2png.png\" class=\"attachment-medium size-medium wp-image-19981\" alt=\"allergia, allergia ellen, allergia gy\u00f3gyszer, allergiavizsg\u00e1lat, allergia ki\u00fct\u00e9s, allergia t\u00fcnetei, allergia t\u00fcnetek, tejallergia ellen, hisztamin allergia, etelallergia, \u00e9tel allergia, dar\u00e1zscs\u00edp\u00e9s allergia, parlagfu allergia, sz\u00e9nan\u00e1tha\" srcset=\"https:\/\/www.omni-biotic.com\/hu-hu\/wp-content\/uploads\/sites\/7\/2023\/12\/allergia-kezelese-2png.png 300w, https:\/\/www.omni-biotic.com\/hu-hu\/wp-content\/uploads\/sites\/7\/2023\/12\/allergia-kezelese-2png-150x150.png 150w\" sizes=\"(max-width: 300px) 100vw, 300px\" title=\"\">\t\t\t\t\t\t\t\t\t\t\t\t\t\t\t<\/div>\n\t\t\t\t<\/div>\n\t\t\t\t<div class=\"elementor-element elementor-element-9ca423b elementor-widget elementor-widget-heading\" data-id=\"9ca423b\" data-element_type=\"widget\" data-widget_type=\"heading.default\">\n\t\t\t\t<div class=\"elementor-widget-container\">\n\t\t\t\t\t<h3 class=\"elementor-heading-title elementor-size-default\">Deszenzibiliz\u00e1l\u00e1s<\/h3>\t\t\t\t<\/div>\n\t\t\t\t<\/div>\n\t\t\t\t\t<\/div>\n\t\t\t\t<\/div>\n\t\t\t\t<div class=\"elementor-element elementor-element-48831e9 elementor-widget elementor-widget-text-editor\" data-id=\"48831e9\" data-element_type=\"widget\" data-widget_type=\"text-editor.default\">\n\t\t\t\t<div class=\"elementor-widget-container\">\n\t\t\t\t\t\t\t\t\t<p>Itt a szervezet fokozatosan hozz\u00e1szokik az allergi\u00e1t kiv\u00e1lt\u00f3 anyaghoz, \u00e9s \u00edgy kialakul a <strong>tolerancia<\/strong>.<\/p><p>Ez a m\u00f3dszer alkalmas az egyes ismert anyagokkal szembeni allergi\u00e1k kezel\u00e9s\u00e9re, de hossz\u00fa id\u0151t vesz ig\u00e9nybe, \u00e9s nem v\u00e9d az \u00faj allergi\u00e1k ellen.<\/p>\t\t\t\t\t\t\t\t<\/div>\n\t\t\t\t<\/div>\n\t\t\t\t<\/div>\n\t\t\t\t\t<\/div>\n\t\t\t\t<\/div>\n\t\t<div class=\"elementor-element elementor-element-3ba8a8d obcs none e-flex e-con-boxed e-con e-parent\" data-id=\"3ba8a8d\" data-element_type=\"container\">\n\t\t\t\t\t<div class=\"e-con-inner\">\n\t\t<div class=\"elementor-element elementor-element-fc5f25b obcs none e-flex e-con-boxed e-con e-child\" data-id=\"fc5f25b\" data-element_type=\"container\">\n\t\t\t\t\t<div class=\"e-con-inner\">\n\t\t<div class=\"elementor-element elementor-element-3f5623f obcs none e-flex e-con-boxed e-con e-child\" data-id=\"3f5623f\" data-element_type=\"container\">\n\t\t\t\t\t<div class=\"e-con-inner\">\n\t\t\t\t<div class=\"elementor-element elementor-element-9c0c14b elementor-widget elementor-widget-image\" data-id=\"9c0c14b\" data-element_type=\"widget\" data-widget_type=\"image.default\">\n\t\t\t\t<div class=\"elementor-widget-container\">\n\t\t\t\t\t\t\t\t\t\t\t\t\t\t\t<img loading=\"lazy\" decoding=\"async\" width=\"300\" height=\"300\" src=\"https:\/\/www.omni-biotic.com\/hu-hu\/wp-content\/uploads\/sites\/7\/2023\/12\/nyalkahartya.png\" class=\"attachment-medium size-medium wp-image-19982\" alt=\"allergia, allergia ellen, allergia gy\u00f3gyszer, allergiavizsg\u00e1lat, allergia ki\u00fct\u00e9s, allergia t\u00fcnetei, allergia t\u00fcnetek, tejallergia ellen, hisztamin allergia, etelallergia, \u00e9tel allergia, dar\u00e1zscs\u00edp\u00e9s allergia, parlagfu allergia, sz\u00e9nan\u00e1tha\" srcset=\"https:\/\/www.omni-biotic.com\/hu-hu\/wp-content\/uploads\/sites\/7\/2023\/12\/nyalkahartya.png 300w, https:\/\/www.omni-biotic.com\/hu-hu\/wp-content\/uploads\/sites\/7\/2023\/12\/nyalkahartya-150x150.png 150w\" sizes=\"(max-width: 300px) 100vw, 300px\" title=\"\">\t\t\t\t\t\t\t\t\t\t\t\t\t\t\t<\/div>\n\t\t\t\t<\/div>\n\t\t\t\t<div class=\"elementor-element elementor-element-33596b2 elementor-widget elementor-widget-heading\" data-id=\"33596b2\" data-element_type=\"widget\" data-widget_type=\"heading.default\">\n\t\t\t\t<div class=\"elementor-widget-container\">\n\t\t\t\t\t<h3 class=\"elementor-heading-title elementor-size-default\">A ny\u00e1lkah\u00e1rtya kezel\u00e9se<\/h3>\t\t\t\t<\/div>\n\t\t\t\t<\/div>\n\t\t\t\t\t<\/div>\n\t\t\t\t<\/div>\n\t\t\t\t<div class=\"elementor-element elementor-element-426b35d elementor-widget__width-initial elementor-widget elementor-widget-text-editor\" data-id=\"426b35d\" data-element_type=\"widget\" data-widget_type=\"text-editor.default\">\n\t\t\t\t<div class=\"elementor-widget-container\">\n\t\t\t\t\t\t\t\t\t<p>Ez a ter\u00e1pi\u00e1s forma az allergia eredet\u00e9t kezeli, \u00e9s k\u00fcl\u00f6n\u00f6sen azok sz\u00e1m\u00e1ra aj\u00e1nlott, akik t\u00f6bb anyagot nem toler\u00e1lnak vagy allergi\u00e1sak.<\/p><p>V\u00e9g\u00fcl is minden allergi\u00e1t kiv\u00e1lt\u00f3 anyagot ezen az \u00faton kereszt\u00fcl h\u00e1r\u00edtanak el. Nem d\u00f6nt\u0151, hogy ez az anyag n\u00f6v\u00e9nyb\u0151l vagy \u00e1llatb\u00f3l (pl. f\u0171pollen, \u00e1llatsz\u0151r), \u00e9telb\u0151l (pl. arom\u00e1k, tart\u00f3s\u00edt\u00f3szerek) vagy \u00e1pol\u00f3szerekb\u0151l sz\u00e1rmazik.<\/p>\t\t\t\t\t\t\t\t<\/div>\n\t\t\t\t<\/div>\n\t\t\t\t\t<\/div>\n\t\t\t\t<\/div>\n\t\t\t\t\t<\/div>\n\t\t\t\t<\/div>\n\t\t<div class=\"elementor-element elementor-element-8b1c3f4 obcs none e-flex e-con-boxed e-con e-parent\" data-id=\"8b1c3f4\" data-element_type=\"container\" data-settings=\"{&quot;background_background&quot;:&quot;classic&quot;,&quot;shape_divider_top&quot;:&quot;waves&quot;,&quot;shape_divider_bottom&quot;:&quot;waves&quot;}\">\n\t\t\t\t\t<div class=\"e-con-inner\">\n\t\t\t\t<div class=\"elementor-shape elementor-shape-top\" aria-hidden=\"true\" data-negative=\"false\">\n\t\t\t<svg xmlns=\"http:\/\/www.w3.org\/2000\/svg\" viewBox=\"0 0 1000 100\" preserveAspectRatio=\"none\">\n\t<path class=\"elementor-shape-fill\" d=\"M421.9,6.5c22.6-2.5,51.5,0.4,75.5,5.3c23.6,4.9,70.9,23.5,100.5,35.7c75.8,32.2,133.7,44.5,192.6,49.7\n\tc23.6,2.1,48.7,3.5,103.4-2.5c54.7-6,106.2-25.6,106.2-25.6V0H0v30.3c0,0,72,32.6,158.4,30.5c39.2-0.7,92.8-6.7,134-22.4\n\tc21.2-8.1,52.2-18.2,79.7-24.2C399.3,7.9,411.6,7.5,421.9,6.5z\"\/>\n<\/svg>\t\t<\/div>\n\t\t\t\t<div class=\"elementor-shape elementor-shape-bottom\" aria-hidden=\"true\" data-negative=\"false\">\n\t\t\t<svg xmlns=\"http:\/\/www.w3.org\/2000\/svg\" viewBox=\"0 0 1000 100\" preserveAspectRatio=\"none\">\n\t<path class=\"elementor-shape-fill\" d=\"M421.9,6.5c22.6-2.5,51.5,0.4,75.5,5.3c23.6,4.9,70.9,23.5,100.5,35.7c75.8,32.2,133.7,44.5,192.6,49.7\n\tc23.6,2.1,48.7,3.5,103.4-2.5c54.7-6,106.2-25.6,106.2-25.6V0H0v30.3c0,0,72,32.6,158.4,30.5c39.2-0.7,92.8-6.7,134-22.4\n\tc21.2-8.1,52.2-18.2,79.7-24.2C399.3,7.9,411.6,7.5,421.9,6.5z\"\/>\n<\/svg>\t\t<\/div>\n\t\t\t\t<div class=\"elementor-element elementor-element-16d8dfe elementor-widget__width-inherit elementor-widget elementor-widget-heading\" data-id=\"16d8dfe\" data-element_type=\"widget\" data-widget_type=\"heading.default\">\n\t\t\t\t<div class=\"elementor-widget-container\">\n\t\t\t\t\t<h2 class=\"elementor-heading-title elementor-size-default\">Allergia gyermekekn\u00e9l<\/h2>\t\t\t\t<\/div>\n\t\t\t\t<\/div>\n\t\t\t\t<div class=\"elementor-element elementor-element-c91c28a elementor-widget elementor-widget-text-editor\" data-id=\"c91c28a\" data-element_type=\"widget\" data-widget_type=\"text-editor.default\">\n\t\t\t\t<div class=\"elementor-widget-container\">\n\t\t\t\t\t\t\t\t\t<p>Az allergia kock\u00e1zata er\u0151sen f\u00fcgg a g\u00e9nekt\u0151l. Ha a csal\u00e1dban m\u00e1r el\u0151fordult t\u00fal\u00e9rz\u00e9kenys\u00e9g olyan k\u00f6rnyezeti anyagokkal szemben, mint a pollen, az \u00e1llati sz\u0151r vagy egy bizonyos \u00e9lelmiszer, akkor nagy a val\u00f3sz\u00edn\u0171s\u00e9ge, hogy az ut\u00f3dokn\u00e1l is kialakul az allergia.<\/p>\t\t\t\t\t\t\t\t<\/div>\n\t\t\t\t<\/div>\n\t\t\t\t<div class=\"elementor-element elementor-element-7df2a64 elementor-align-center elementor-widget__width-inherit elementor-widget elementor-widget-button\" data-id=\"7df2a64\" data-element_type=\"widget\" data-widget_type=\"button.default\">\n\t\t\t\t<div class=\"elementor-widget-container\">\n\t\t\t\t\t\t\t\t\t<div class=\"elementor-button-wrapper\">\n\t\t\t\t\t<a class=\"elementor-button elementor-button-link elementor-size-lg\" href=\"https:\/\/www.omni-biotic.com\/hu-hu\/blog\/a-belflora-erositese-a-szueletestol-pillanatatol-kezdve\/\">\n\t\t\t\t\t\t<span class=\"elementor-button-content-wrapper\">\n\t\t\t\t\t\t\t\t\t<span class=\"elementor-button-text\">Olvasson tov\u00e1bb!<\/span>\n\t\t\t\t\t<\/span>\n\t\t\t\t\t<\/a>\n\t\t\t\t<\/div>\n\t\t\t\t\t\t\t\t<\/div>\n\t\t\t\t<\/div>\n\t\t\t\t\t<\/div>\n\t\t\t\t<\/div>\n\t\t<div class=\"elementor-element elementor-element-9877f8c obcs magenta e-flex e-con-boxed e-con e-parent\" data-id=\"9877f8c\" data-element_type=\"container\">\n\t\t\t\t\t<div class=\"e-con-inner\">\n\t\t\t\t<div class=\"elementor-element elementor-element-7756e4d elementor-widget__width-inherit elementor-widget elementor-widget-heading\" data-id=\"7756e4d\" data-element_type=\"widget\" data-widget_type=\"heading.default\">\n\t\t\t\t<div class=\"elementor-widget-container\">\n\t\t\t\t\t<h2 class=\"elementor-heading-title elementor-size-default\">Prof. Anita Frauwallner az allergi\u00e1r\u00f3l<\/h2>\t\t\t\t<\/div>\n\t\t\t\t<\/div>\n\t\t\t\t\t<\/div>\n\t\t\t\t<\/div>\n\t\t<div class=\"elementor-element elementor-element-ad70593 obcs none e-flex e-con-boxed e-con e-parent\" data-id=\"ad70593\" data-element_type=\"container\">\n\t\t\t\t\t<div class=\"e-con-inner\">\n\t\t<div class=\"elementor-element elementor-element-18e765e e-con-full obcs none e-flex e-con e-child\" data-id=\"18e765e\" data-element_type=\"container\">\n\t\t\t\t<div class=\"elementor-element elementor-element-b506620 e-transform elementor-widget elementor-widget-image\" data-id=\"b506620\" data-element_type=\"widget\" data-settings=\"{&quot;_transform_rotateZ_effect&quot;:{&quot;unit&quot;:&quot;px&quot;,&quot;size&quot;:&quot;0&quot;,&quot;sizes&quot;:[]},&quot;_transform_rotate_3d&quot;:&quot;yes&quot;,&quot;_transform_rotateX_effect&quot;:{&quot;unit&quot;:&quot;px&quot;,&quot;size&quot;:&quot;0&quot;,&quot;sizes&quot;:[]},&quot;_transform_rotateY_effect&quot;:{&quot;unit&quot;:&quot;px&quot;,&quot;size&quot;:&quot;4&quot;,&quot;sizes&quot;:[]},&quot;_transform_perspective_effect&quot;:{&quot;unit&quot;:&quot;px&quot;,&quot;size&quot;:&quot;650&quot;,&quot;sizes&quot;:[]},&quot;_transform_rotateZ_effect_tablet&quot;:{&quot;unit&quot;:&quot;deg&quot;,&quot;size&quot;:&quot;&quot;,&quot;sizes&quot;:[]},&quot;_transform_rotateZ_effect_mobile&quot;:{&quot;unit&quot;:&quot;deg&quot;,&quot;size&quot;:&quot;&quot;,&quot;sizes&quot;:[]},&quot;_transform_rotateX_effect_tablet&quot;:{&quot;unit&quot;:&quot;deg&quot;,&quot;size&quot;:&quot;&quot;,&quot;sizes&quot;:[]},&quot;_transform_rotateX_effect_mobile&quot;:{&quot;unit&quot;:&quot;deg&quot;,&quot;size&quot;:&quot;&quot;,&quot;sizes&quot;:[]},&quot;_transform_rotateY_effect_tablet&quot;:{&quot;unit&quot;:&quot;deg&quot;,&quot;size&quot;:&quot;&quot;,&quot;sizes&quot;:[]},&quot;_transform_rotateY_effect_mobile&quot;:{&quot;unit&quot;:&quot;deg&quot;,&quot;size&quot;:&quot;&quot;,&quot;sizes&quot;:[]},&quot;_transform_perspective_effect_tablet&quot;:{&quot;unit&quot;:&quot;px&quot;,&quot;size&quot;:&quot;&quot;,&quot;sizes&quot;:[]},&quot;_transform_perspective_effect_mobile&quot;:{&quot;unit&quot;:&quot;px&quot;,&quot;size&quot;:&quot;&quot;,&quot;sizes&quot;:[]}}\" data-widget_type=\"image.default\">\n\t\t\t\t<div class=\"elementor-widget-container\">\n\t\t\t\t\t\t\t\t\t\t\t\t<figure class=\"wp-caption\">\n\t\t\t\t\t\t\t\t\t\t<img loading=\"lazy\" decoding=\"async\" width=\"638\" height=\"800\" src=\"https:\/\/www.omni-biotic.com\/hu-hu\/wp-content\/uploads\/sites\/7\/2023\/12\/anita-frauwallner.jpg\" class=\"attachment-large size-large wp-image-19983\" alt=\"allergia, allergia ellen, allergia gy\u00f3gyszer, allergiavizsg\u00e1lat, allergia ki\u00fct\u00e9s, allergia t\u00fcnetei, allergia t\u00fcnetek, tejallergia ellen, hisztamin allergia, etelallergia, \u00e9tel allergia, dar\u00e1zscs\u00edp\u00e9s allergia, parlagfu allergia, sz\u00e9nan\u00e1tha, omni-biotic, probiotikum\" srcset=\"https:\/\/www.omni-biotic.com\/hu-hu\/wp-content\/uploads\/sites\/7\/2023\/12\/anita-frauwallner.jpg 638w, https:\/\/www.omni-biotic.com\/hu-hu\/wp-content\/uploads\/sites\/7\/2023\/12\/anita-frauwallner-239x300.jpg 239w\" sizes=\"(max-width: 638px) 100vw, 638px\" title=\"\">\t\t\t\t\t\t\t\t\t\t\t<figcaption class=\"widget-image-caption wp-caption-text\">Prof. Anita Frauwallner <br> \u00a9 Foto Fischer Graz<\/figcaption>\n\t\t\t\t\t\t\t\t\t\t<\/figure>\n\t\t\t\t\t\t\t\t\t<\/div>\n\t\t\t\t<\/div>\n\t\t\t\t<\/div>\n\t\t<div class=\"elementor-element elementor-element-6a62bf8 e-con-full obcs none e-flex e-con e-child\" data-id=\"6a62bf8\" data-element_type=\"container\">\n\t\t\t\t<div class=\"elementor-element elementor-element-bd6246c elementor-widget elementor-widget-heading\" data-id=\"bd6246c\" data-element_type=\"widget\" data-widget_type=\"heading.default\">\n\t\t\t\t<div class=\"elementor-widget-container\">\n\t\t\t\t\t<h3 class=\"elementor-heading-title elementor-size-default\">Milyen allergia alakulhat ki a b\u00e9lben, \u00e9s mi\u00e9rt ott keletkezik?<\/h3>\t\t\t\t<\/div>\n\t\t\t\t<\/div>\n\t\t\t\t<div class=\"elementor-element elementor-element-67afb96 elementor-widget elementor-widget-text-editor\" data-id=\"67afb96\" data-element_type=\"widget\" data-widget_type=\"text-editor.default\">\n\t\t\t\t<div class=\"elementor-widget-container\">\n\t\t\t\t\t\t\t\t\t<p><em><strong>Prof. Anita Frauwallner:<\/strong><\/em> Manaps\u00e1g gyakorlatilag b\u00e1rmilyen anyag allerg\u00e9nn\u00e9 v\u00e1lhat, \u00e9s \u00edgy allergi\u00e1s reakci\u00f3kat v\u00e1lthat ki. K\u00fcl\u00f6n\u00f6sen a legyeng\u00fclt immunrendszerrel rendelkez\u0151knek tapasztalj\u00e1k ezt, mivel az allergia az immunrendszer t\u00falreag\u00e1l\u00e1sa olyan anyagokra, amelyek a nem allergi\u00e1sokn\u00e1l egy\u00e1ltal\u00e1n nem v\u00e1ltanak ki reakci\u00f3t.<\/p><p>Ha tudjuk, az antitesteket termel\u0151 immunsejtek 70%-a a b\u00e9lben tal\u00e1lhat\u00f3, mindenki sz\u00e1m\u00e1ra azonnal \u00e9rthet\u0151v\u00e9 v\u00e1lik, hogy mi\u00e9rt fordul el\u0151 egyre gyakrabban allergia, ha a b\u00e9lben m\u00e1r nem stimmelnek a dolgok, amikor a b\u00e9lg\u00e1t m\u00e1r nem m\u0171k\u00f6dik megfelel\u0151en. Ennek oka lehet egy <a href=\"https:\/\/www.omni-biotic.com\/hu-hu\/blog\/hizas-az-antibiotikum-miatt\/\"><strong>antibiotikumos<\/strong> <\/a>kezel\u00e9s, amely kiirtotta a sz\u00e1munkra fontos b\u00e9lbakt\u00e9riumokat nagy r\u00e9sz\u00e9t, vagy az, hogy jelenleg is stresszes \u00e9letet \u00e9l\u00fcnk. Ez a stressz g\u00e1tolja a v\u00e9r\u00e1raml\u00e1st a b\u00e9lben, ami a gyullad\u00e1s fell\u00e1ngol\u00e1s\u00e1t okozza. Ez\u00e1ltal a b\u00e9lrendszer nagy \u00e1tereszt\u0151k\u00e9pess\u00e9g\u0171 (= sziv\u00e1rg\u00f3 b\u00e9l szindr\u00f3ma) lesz a nagym\u00e9ret\u0171 \u00e9lelmiszer-\u00f6sszetev\u0151k, valamint a m\u00e9rgez\u0151 anyagok vagy p\u00e9ld\u00e1ul az \u00d6n \u00e1ltal lenyalt pollenallerg\u00e9nek sz\u00e1m\u00e1ra.<\/p>\t\t\t\t\t\t\t\t<\/div>\n\t\t\t\t<\/div>\n\t\t\t\t<\/div>\n\t\t\t\t\t<\/div>\n\t\t\t\t<\/div>\n\t\t<div class=\"elementor-element elementor-element-0687157 obcs magenta e-flex e-con-boxed e-con e-parent\" data-id=\"0687157\" data-element_type=\"container\">\n\t\t\t\t\t<div class=\"e-con-inner\">\n\t\t\t\t<div class=\"elementor-element elementor-element-a92c3ae elementor-widget elementor-widget-infobox\" data-id=\"a92c3ae\" data-element_type=\"widget\" data-widget_type=\"infobox.default\">\n\t\t\t\t<div class=\"elementor-widget-container\">\n\t\t\t\t\t\n<div class=\"li-widgets--infobox yellow highlights-always-magenta\">\n\n    <div class=\"li-widgets--infobox__icon\">\n            <\/div>\n    <div class=\"li-widgets--infobox__text\">\n        Kezdje ott, ahonnan az allergia ered: a b\u00e9lben!     <\/div>\n    <div class=\"li-widgets--infobox__text-body\">\n        <p>\u2013 Prof. Anita Frauwallner<\/p>    <\/div>\n\n    \n<\/div>\n\t\t\t\t<\/div>\n\t\t\t\t<\/div>\n\t\t\t\t\t<\/div>\n\t\t\t\t<\/div>\n\t\t<div class=\"elementor-element elementor-element-bab9ffd e-con-full obcs none e-flex e-con e-parent\" data-id=\"bab9ffd\" data-element_type=\"container\">\n\t\t<div class=\"elementor-element elementor-element-fd6afb7 obcs none e-flex e-con-boxed e-con e-child\" data-id=\"fd6afb7\" data-element_type=\"container\">\n\t\t\t\t\t<div class=\"e-con-inner\">\n\t\t\t\t<div class=\"elementor-element elementor-element-a21befc elementor-widget__width-initial elementor-widget elementor-widget-text-editor\" data-id=\"a21befc\" data-element_type=\"widget\" data-widget_type=\"text-editor.default\">\n\t\t\t\t<div class=\"elementor-widget-container\">\n\t\t\t\t\t\t\t\t\t<p>Ha az <strong>immunrendszer t\u00falstimul\u00e1lt<\/strong>, a tej, a b\u00faza vagy az alma fogyaszt\u00e1sakor <strong>allergi\u00e1s reakci\u00f3k<\/strong> jelentkezhetnek, mert ezeket gyakran essz\u00fck vagy meg\u00e9rintj\u00fck. Rendk\u00edv\u00fcl kellemetlen, ha a ny\u00edrfa vagy a mogyor\u00f3 pollenj\u00e9re is allergi\u00e1s reakci\u00f3k l\u00e9pnek fel a keresztreakci\u00f3k miatt. Min\u00e9l t\u00f6bb allergi\u00e1s reakci\u00f3 jelentkezik, ann\u00e1l fog\u00e9konyabbak vagyunk tov\u00e1bbi allergi\u00e1kra. Minden a b\u00e9lben kezd\u0151d\u00f6tt!<\/p>\t\t\t\t\t\t\t\t<\/div>\n\t\t\t\t<\/div>\n\t\t\t\t<div class=\"elementor-element elementor-element-546f361 elementor-widget elementor-widget-heading\" data-id=\"546f361\" data-element_type=\"widget\" data-widget_type=\"heading.default\">\n\t\t\t\t<div class=\"elementor-widget-container\">\n\t\t\t\t\t<h3 class=\"elementor-heading-title elementor-size-default\">Kezelhet\u0151 az allergia az\u00e1ltal, hogy seg\u00edt mag\u00e1nak b\u00e9lnek seg\u00edt? Mi seg\u00edt allergia eset\u00e9n?<\/h3>\t\t\t\t<\/div>\n\t\t\t\t<\/div>\n\t\t\t\t<div class=\"elementor-element elementor-element-75ae3d0 elementor-widget elementor-widget-text-editor\" data-id=\"75ae3d0\" data-element_type=\"widget\" data-widget_type=\"text-editor.default\">\n\t\t\t\t<div class=\"elementor-widget-container\">\n\t\t\t\t\t\t\t\t\t<p><em><strong>Prof. Anita Frauwallner:<\/strong><\/em> \u00c9n vagyok a legjobb p\u00e9lda arra, hogy az allergi\u00e1s karrierednek te magad is v\u00e9get vethetsz. Kezdd ott, ahol az allergia ered, m\u00e9ghozz\u00e1 a <a href=\"https:\/\/www.omni-biotic.com\/hu-hu\/submenus\/belpanaszok\/\"><strong>b\u00e9lben<\/strong><\/a>!<\/p><ol><li>Pr\u00f3b\u00e1lja meg ker\u00fclni a stresszt, \u00e9s mindenekel\u0151tt helyrehozni az emiatt begyulladt b\u00e9lny\u00e1lkah\u00e1rty\u00e1t. A megfelel\u0151, gyullad\u00e1scs\u00f6kkent\u0151 b\u00e9lbakt\u00e9riumok seg\u00edts\u00e9g\u00e9vel ez siker\u00fclhet!<\/li><li><strong>N\u00f6velje az ellen\u00e1ll\u00f3k\u00e9pess\u00e9g\u00e9t!<\/strong> A pollenszezonban jobb, ha nem v\u00e9gez meger\u0151ltet\u0151 testmozg\u00e1st, hanem b\u00e9lny\u00e1lkah\u00e1rty\u00e1j\u00e1t er\u0151s\u00edti. Ebben viszont a j\u00f3 b\u00e9lbakt\u00e9riumok seg\u00edtenek. \u00c9n szem\u00e9ly szerint hat er\u0151s vezet\u0151 bakt\u00e9riumt\u00f6rzs kombin\u00e1ci\u00f3j\u00e1t szeretem alkalmazni, amelyek a b\u00e9lt teljes hossz\u00e1ban koloniz\u00e1lj\u00e1k.<\/li><li>Ha folyik az orra \u00e9s k\u00f6nnyezik a szeme, akkor meg kell \u00e1ll\u00edtania a b\u00e9lben a hisztamin k\u00e9pz\u0151d\u00e9s\u00e9t. A cink itt kiv\u00e1l\u00f3 seg\u00edts\u00e9g. \u00c1ltal\u00e1ban a<strong> B-vitaminok<\/strong>, az <strong>aminosavak<\/strong> \u00e9s a k\u00fcl\u00f6nb\u00f6z\u0151 <strong>nyomelemek<\/strong> sz\u00fcks\u00e9gesek az <strong>\u00e9p b\u00e9lny\u00e1lkah\u00e1rtya<\/strong> fel\u00e9p\u00edt\u00e9s\u00e9hez.<\/li><\/ol>\t\t\t\t\t\t\t\t<\/div>\n\t\t\t\t<\/div>\n\t\t\t\t\t<\/div>\n\t\t\t\t<\/div>\n\t\t\t\t<\/div>\n\t\t<div class=\"elementor-element elementor-element-beaf164 obcs magenta e-flex e-con-boxed e-con e-parent\" data-id=\"beaf164\" data-element_type=\"container\">\n\t\t\t\t\t<div class=\"e-con-inner\">\n\t\t<div class=\"elementor-element elementor-element-7da05e5 e-con-full obcs none e-flex e-con e-child\" data-id=\"7da05e5\" data-element_type=\"container\">\n\t\t\t\t<div class=\"elementor-element elementor-element-995e06b elementor-widget elementor-widget-heading\" data-id=\"995e06b\" data-element_type=\"widget\" data-widget_type=\"heading.default\">\n\t\t\t\t<div class=\"elementor-widget-container\">\n\t\t\t\t\t<h3 class=\"elementor-heading-title elementor-size-default\">Mely allergi\u00e1knak nincs k\u00f6ze a b\u00e9lrendszerhez? Vagy val\u00f3j\u00e1ban minden allergi\u00e1nak k\u00f6ze van a b\u00e9lrendszerhez?<\/h3>\t\t\t\t<\/div>\n\t\t\t\t<\/div>\n\t\t\t\t<div class=\"elementor-element elementor-element-4e77fd5 elementor-widget elementor-widget-text-editor\" data-id=\"4e77fd5\" data-element_type=\"widget\" data-widget_type=\"text-editor.default\">\n\t\t\t\t<div class=\"elementor-widget-container\">\n\t\t\t\t\t\t\t\t\t<p><em><strong>Prof. Anita Frauwallner:<\/strong><\/em>\u00a0Mind az antitestek \u00e1ltal k\u00f6zvet\u00edtett I-III. t\u00edpus\u00fa allergia, mind a T-sejtek \u00e1ltal kiv\u00e1ltott IV. t\u00edpus\u00fa reakci\u00f3 az immunrendszer hib\u00e1j\u00e1b\u00f3l ered. Egy teljesen eg\u00e9szs\u00e9ges, m\u0171k\u00f6d\u0151 b\u00e9lrendszerrel \u00e9s optim\u00e1lis bakt\u00e9riumsz\u00e1mmal rendelkez\u0151 embern\u00e9l immunol\u00f3giai &#8222;hib\u00e1s m\u0171k\u00f6d\u00e9s\u0171 allergia&#8221; nincs \u00e9s \u00e9telintolerancia sem, amellyel ma sokan k\u00fczdenek.<\/p><p>M\u00e9g azokn\u00e1l a gyermekekn\u00e9l is, akiknek mindk\u00e9t sz\u00fcl\u0151je genetikailag hajlamos r\u00e1, az <strong>allergia<\/strong>, a <strong>neurodermitisz<\/strong> \u00e9s az <strong>asztma<\/strong> el\u0151fordul\u00e1s\u00e1nak 80%-a <strong>megel\u0151zhet\u0151<\/strong> a megfelel\u0151 <strong>b\u00e9lbakt\u00e9riumok<\/strong> <strong>bevitel\u00e9vel<\/strong> a terhess\u00e9g alatt \u00e9s a baba els\u0151 \u00e9let\u00e9v\u00e9ben. Az err\u0151l sz\u00f3l\u00f3 nagy PANDA-tanulm\u00e1nyt 10 \u00e9vvel ezel\u0151tt publik\u00e1ltuk. A gyermekorvosok \u00e9s az allergol\u00f3gusok csak most kezdik lassan kiakn\u00e1zni ebben a probiotikus speci\u00e1lis ter\u00e1pi\u00e1ban rejl\u0151 lehet\u0151s\u00e9geket.<\/p>\t\t\t\t\t\t\t\t<\/div>\n\t\t\t\t<\/div>\n\t\t\t\t<\/div>\n\t\t<div class=\"elementor-element elementor-element-81d24ea e-con-full obcs none e-flex e-con e-child\" data-id=\"81d24ea\" data-element_type=\"container\">\n\t\t\t\t<div class=\"elementor-element elementor-element-f8e0966 e-transform elementor-widget elementor-widget-image\" data-id=\"f8e0966\" data-element_type=\"widget\" data-settings=\"{&quot;_transform_rotateZ_effect&quot;:{&quot;unit&quot;:&quot;px&quot;,&quot;size&quot;:&quot;0&quot;,&quot;sizes&quot;:[]},&quot;_transform_rotate_3d&quot;:&quot;yes&quot;,&quot;_transform_rotateX_effect&quot;:{&quot;unit&quot;:&quot;px&quot;,&quot;size&quot;:&quot;0&quot;,&quot;sizes&quot;:[]},&quot;_transform_rotateY_effect&quot;:{&quot;unit&quot;:&quot;px&quot;,&quot;size&quot;:&quot;-4&quot;,&quot;sizes&quot;:[]},&quot;_transform_perspective_effect&quot;:{&quot;unit&quot;:&quot;px&quot;,&quot;size&quot;:&quot;650&quot;,&quot;sizes&quot;:[]},&quot;_transform_rotateZ_effect_tablet&quot;:{&quot;unit&quot;:&quot;deg&quot;,&quot;size&quot;:&quot;&quot;,&quot;sizes&quot;:[]},&quot;_transform_rotateZ_effect_mobile&quot;:{&quot;unit&quot;:&quot;deg&quot;,&quot;size&quot;:&quot;&quot;,&quot;sizes&quot;:[]},&quot;_transform_rotateX_effect_tablet&quot;:{&quot;unit&quot;:&quot;deg&quot;,&quot;size&quot;:&quot;&quot;,&quot;sizes&quot;:[]},&quot;_transform_rotateX_effect_mobile&quot;:{&quot;unit&quot;:&quot;deg&quot;,&quot;size&quot;:&quot;&quot;,&quot;sizes&quot;:[]},&quot;_transform_rotateY_effect_tablet&quot;:{&quot;unit&quot;:&quot;deg&quot;,&quot;size&quot;:&quot;&quot;,&quot;sizes&quot;:[]},&quot;_transform_rotateY_effect_mobile&quot;:{&quot;unit&quot;:&quot;deg&quot;,&quot;size&quot;:&quot;&quot;,&quot;sizes&quot;:[]},&quot;_transform_perspective_effect_tablet&quot;:{&quot;unit&quot;:&quot;px&quot;,&quot;size&quot;:&quot;&quot;,&quot;sizes&quot;:[]},&quot;_transform_perspective_effect_mobile&quot;:{&quot;unit&quot;:&quot;px&quot;,&quot;size&quot;:&quot;&quot;,&quot;sizes&quot;:[]}}\" data-widget_type=\"image.default\">\n\t\t\t\t<div class=\"elementor-widget-container\">\n\t\t\t\t\t\t\t\t\t\t\t\t\t\t\t<img loading=\"lazy\" decoding=\"async\" width=\"800\" height=\"800\" src=\"https:\/\/www.omni-biotic.com\/hu-hu\/wp-content\/uploads\/sites\/7\/2023\/12\/allergia-tunetei.jpg\" class=\"attachment-large size-large wp-image-19990\" alt=\"allergia, allergia ellen, allergia gy\u00f3gyszer, allergiavizsg\u00e1lat, allergia ki\u00fct\u00e9s, allergia t\u00fcnetei, allergia t\u00fcnetek, tejallergia ellen, hisztamin allergia, etelallergia, \u00e9tel allergia, dar\u00e1zscs\u00edp\u00e9s allergia, parlagfu allergia, sz\u00e9nan\u00e1tha\" srcset=\"https:\/\/www.omni-biotic.com\/hu-hu\/wp-content\/uploads\/sites\/7\/2023\/12\/allergia-tunetei.jpg 1024w, https:\/\/www.omni-biotic.com\/hu-hu\/wp-content\/uploads\/sites\/7\/2023\/12\/allergia-tunetei-300x300.jpg 300w, https:\/\/www.omni-biotic.com\/hu-hu\/wp-content\/uploads\/sites\/7\/2023\/12\/allergia-tunetei-150x150.jpg 150w, https:\/\/www.omni-biotic.com\/hu-hu\/wp-content\/uploads\/sites\/7\/2023\/12\/allergia-tunetei-768x768.jpg 768w\" sizes=\"(max-width: 800px) 100vw, 800px\" title=\"\">\t\t\t\t\t\t\t\t\t\t\t\t\t\t\t<\/div>\n\t\t\t\t<\/div>\n\t\t\t\t<\/div>\n\t\t\t\t\t<\/div>\n\t\t\t\t<\/div>\n\t\t<div class=\"elementor-element elementor-element-0922dc1 obcs none e-flex e-con-boxed e-con e-parent\" data-id=\"0922dc1\" data-element_type=\"container\">\n\t\t\t\t\t<div class=\"e-con-inner\">\n\t\t<div class=\"elementor-element elementor-element-dabd585 obcs none e-flex e-con-boxed e-con e-child\" data-id=\"dabd585\" data-element_type=\"container\">\n\t\t\t\t\t<div class=\"e-con-inner\">\n\t\t\t\t<div class=\"elementor-element elementor-element-42e65f2 elementor-widget elementor-widget-heading\" data-id=\"42e65f2\" data-element_type=\"widget\" data-widget_type=\"heading.default\">\n\t\t\t\t<div class=\"elementor-widget-container\">\n\t\t\t\t\t<h3 class=\"elementor-heading-title elementor-size-default\">Mi\u00e9rt t\u0171nik \u00fagy, hogy egyre t\u00f6bben k\u00fczdenek allergi\u00e1val?<\/h3>\t\t\t\t<\/div>\n\t\t\t\t<\/div>\n\t\t\t\t<div class=\"elementor-element elementor-element-7163afd elementor-widget elementor-widget-text-editor\" data-id=\"7163afd\" data-element_type=\"widget\" data-widget_type=\"text-editor.default\">\n\t\t\t\t<div class=\"elementor-widget-container\">\n\t\t\t\t\t\t\t\t\t<p><em><strong>Prof. Anita Frauwallner:<\/strong><\/em> Nem csak \u00edgy t\u0171nik, hanem ez t\u00e9ny, hogy ma sokkal t\u00f6bb ember szenved allergi\u00e1t\u00f3l, mint 50 \u00e9vvel ezel\u0151tt. De ez nem csoda, el\u00e9g csak k\u00f6r\u00fcln\u00e9zni: minden gyermek m\u00e1r az els\u0151 \u00e9vekben <strong>t\u00f6bbsz\u00f6r kap <a href=\"https:\/\/www.omni-biotic.com\/hu-hu\/blog\/mit-tesz-az-antibiotikum-a-szervezettel\/\">antibiotikumot<\/a><\/strong>, \u00e9s sajnos gyakran feleslegesen. \u00c9teleink egyre t\u00f6bb <strong>cukrot, sz\u00ednez\u00e9ket, tart\u00f3s\u00edt\u00f3szert<\/strong> \u00e9s <strong>mesters\u00e9ges \u00edzfokoz\u00f3t<\/strong> tartalmaznak, \u00e9s a lakoss\u00e1g 30%-a olyan m\u00e9rt\u00e9k\u0171 <a href=\"https:\/\/www.omni-biotic.com\/hu-hu\/a-belrendszer-egeszsege\/a-bel-hataskore\/stressz-emesztes-depresszio\/\"><strong>stresszt\u0151l szenved<\/strong><\/a>, amely miatt a ki\u00e9g\u00e9s vesz\u00e9lye nagym\u00e9rt\u00e9kben fenn\u00e1ll. A n\u00e9metek 80%-\u00e1nak m\u00e1r nincs norm\u00e1lis b\u00e9lfl\u00f3r\u00e1ja, \u00edgy puffad\u00e1ssal, \u00e1lland\u00f3 f\u00e1jdalommal, valamint kr\u00f3nikus f\u00e1radts\u00e1ggal k\u00fczdenek. Vissza kell t\u00e9rn\u00fcnk ahhoz, amit minden \u0151si gy\u00f3gym\u00f3dn\u00e1l, az Ayurv\u00e9d\u00e1t\u00f3l Hippokrat\u00e9szen \u00e1t Paracelsusig, vil\u00e1gosan megfogalmaztak: &#8222;<strong>A b\u00e9l az eg\u00e9szs\u00e9g \u00e9s a betegs\u00e9g <a href=\"https:\/\/www.omni-biotic.com\/hu-hu\/a-belrendszer-egeszsege\/a-bel-az-egeszseg-kozpontja\/\">k\u00f6zpontja<\/a><\/strong>&#8222;. Az \u00e9n megl\u00e1t\u00e1som nagyon vil\u00e1gos, k\u00fcl\u00f6n\u00f6sen az allergi\u00e1k eset\u00e9ben, ne csak a t\u00fcneteket n\u00e9zz\u00fck, hanem <strong>a kiv\u00e1lt\u00f3 okok ellen kell k\u00fczden\u00fcnk<\/strong>. Az allergi\u00e1kat pedig a nem optim\u00e1lisan m\u0171k\u00f6d\u0151 b\u00e9lrendszer \u00e9s az ebb\u0151l ered\u0151 f\u00e9lreir\u00e1ny\u00edtott <a href=\"https:\/\/www.omni-biotic.com\/hu-hu\/a-belrendszer-egeszsege\/a-bel-hataskore\/az-immunrendszer\/\"><strong>immunrendszer<\/strong> <\/a>okozza.<\/p>\t\t\t\t\t\t\t\t<\/div>\n\t\t\t\t<\/div>\n\t\t\t\t\t<\/div>\n\t\t\t\t<\/div>\n\t\t\t\t\t<\/div>\n\t\t\t\t<\/div>\n\t\t<div class=\"elementor-element elementor-element-e3cc1e1 obcs none e-flex e-con-boxed e-con e-parent\" data-id=\"e3cc1e1\" data-element_type=\"container\">\n\t\t\t\t\t<div class=\"e-con-inner\">\n\t\t\t\t<div class=\"elementor-element elementor-element-5d65664 elementor-widget__width-inherit elementor-widget elementor-widget-heading\" data-id=\"5d65664\" data-element_type=\"widget\" data-widget_type=\"heading.default\">\n\t\t\t\t<div class=\"elementor-widget-container\">\n\t\t\t\t\t<h2 class=\"elementor-heading-title elementor-size-default\">Kapcsol\u00f3d\u00f3 cikkek a t\u00e9m\u00e1ban<\/h2>\t\t\t\t<\/div>\n\t\t\t\t<\/div>\n\t\t\t\t<div class=\"elementor-element elementor-element-46114df elementor-widget elementor-widget-li-widgets--posts-gallery\" data-id=\"46114df\" data-element_type=\"widget\" data-widget_type=\"li-widgets--posts-gallery.default\">\n\t\t\t\t<div class=\"elementor-widget-container\">\n\t\t\t\t\t    \n<div class=\"li-widgets--posts-gallery__pagination\" data-post-id=\"155\">\n\n    <div class=\"li-widgets--posts-gallery__pagination-results\">\n        1-6 a 7 eredm\u00e9nyek    <\/div>\n    <div class=\"li-widgets--posts-gallery__pagination-pages\">\n        oldalak 1 a 2    <\/div>\n    <div class=\"li-widgets--posts-gallery__pagination-url\">\n                            <a href=\"#\" data-href=\"https:\/\/www.omni-biotic.com\/hu-hu\/wp-json\/wp\/v2\/pages\/155\/?search&category=114&cur=1\">1<\/a>\n                    <a href=\"#\" data-href=\"https:\/\/www.omni-biotic.com\/hu-hu\/wp-json\/wp\/v2\/pages\/155\/?search&category=114&cur=2\">2<\/a>\n                            <a href=\"#\" data-href=\"https:\/\/www.omni-biotic.com\/hu-hu\/wp-json\/wp\/v2\/pages\/155\/?search&category=114&cur=2\">\u00bb<\/a>\n            <\/div>\n<\/div>\n<div class=\"li-widgets--posts-gallery blog\">\n                    <a href=\"https:\/\/www.omni-biotic.com\/hu-hu\/blog\/kortizol-es-stressz\/\"\n           class=\"li-widgets--posts-gallery__post\">\n            <div class=\"post--image__container\">\n                <div class=\"post--image\">\n                    <img loading=\"lazy\" decoding=\"async\" width=\"768\" height=\"644\" src=\"https:\/\/www.omni-biotic.com\/hu-hu\/wp-content\/uploads\/sites\/7\/2025\/01\/kortizolszint_vizsgalat-768x644.png\" class=\"attachment-medium_large size-medium_large wp-post-image\" alt=\"korizol szint, kortizol, omni-biotic, probiotikum, kortizol szint m\u00e9r\u00e9se otthon, korizol cs\u00f6kkent\u00e9se, stressz, stresszkezel\u00e9s\" srcset=\"https:\/\/www.omni-biotic.com\/hu-hu\/wp-content\/uploads\/sites\/7\/2025\/01\/kortizolszint_vizsgalat-768x644.png 768w, https:\/\/www.omni-biotic.com\/hu-hu\/wp-content\/uploads\/sites\/7\/2025\/01\/kortizolszint_vizsgalat-300x251.png 300w, https:\/\/www.omni-biotic.com\/hu-hu\/wp-content\/uploads\/sites\/7\/2025\/01\/kortizolszint_vizsgalat.png 940w\" sizes=\"(max-width: 768px) 100vw, 768px\" title=\"\">                <\/div>\n            <\/div>\n            <div class=\"post--teaser\">\n                <div class=\"title\">Magas kortizolszint: hogyan szab\u00e1lyozzuk?<\/div>\n                <div class=\"description\">\n                    A kortizol, k\u00f6zismertebb nev\u00e9n a \u201estresszhormon\u201d, alapvet\u0151 szerepet j\u00e1tszik a szervezet sz\u00e1mos fontos funkci\u00f3j\u00e1nak fenntart\u00e1s\u00e1ban.\u2026                    <br>\n                    <span class=\"read-more\">\n                            Tov\u00e1bb                        <\/span>\n                <\/div>\n                <div class=\"metadata\"><b>friss\u00edtve:<\/b> 15. \u00e1prilis 2025 \u2022 <b>Kateg\u00f3ri\u00e1k:<\/b> \u00c1ltal\u00e1nos, \u00c9letm\u00f3d<\/div>\n            <\/div>\n        <\/a>\n                <a href=\"https:\/\/www.omni-biotic.com\/hu-hu\/blog\/probiotikum-alvaszavar-ellen\/\"\n           class=\"li-widgets--posts-gallery__post\">\n            <div class=\"post--image__container\">\n                <div class=\"post--image\">\n                    <img loading=\"lazy\" decoding=\"async\" width=\"400\" height=\"300\" src=\"https:\/\/www.omni-biotic.com\/hu-hu\/wp-content\/uploads\/sites\/7\/2023\/10\/alvaszavar-stressz-miatt.jpg\" class=\"attachment-medium_large size-medium_large wp-post-image\" alt=\"probiotikum stresskezel\u00e9sre, mikrobiom, b\u00e9lrendszer, alv\u00e1szavar\" srcset=\"https:\/\/www.omni-biotic.com\/hu-hu\/wp-content\/uploads\/sites\/7\/2023\/10\/alvaszavar-stressz-miatt.jpg 400w, https:\/\/www.omni-biotic.com\/hu-hu\/wp-content\/uploads\/sites\/7\/2023\/10\/alvaszavar-stressz-miatt-300x225.jpg 300w\" sizes=\"(max-width: 400px) 100vw, 400px\" title=\"\">                <\/div>\n            <\/div>\n            <div class=\"post--teaser\">\n                <div class=\"title\">Probiotikumok alkalmaz\u00e1sa alv\u00e1szavar eset\u00e9n?<\/div>\n                <div class=\"description\">\n                    Milyen hat\u00e1ssal van a b\u00e9lrendszer m\u0171k\u00f6d\u00e9se az alv\u00e1s min\u0151s\u00e9g\u00e9re? Olvasson hasznos inform\u00e1ci\u00f3kat a b\u00e9l eg\u00e9szs\u00e9g\u00e9r\u0151l!                    <br>\n                    <span class=\"read-more\">\n                            Tov\u00e1bb                        <\/span>\n                <\/div>\n                <div class=\"metadata\"><b>friss\u00edtve:<\/b> 30. janu\u00e1r 2024 \u2022 <b>Kateg\u00f3ri\u00e1k:<\/b> \u00c9letm\u00f3d<\/div>\n            <\/div>\n        <\/a>\n                <a href=\"https:\/\/www.omni-biotic.com\/hu-hu\/blog\/9-tipp-az-ehezesmentes-fogyashoz\/\"\n           class=\"li-widgets--posts-gallery__post\">\n            <div class=\"post--image__container\">\n                <div class=\"post--image\">\n                    <img loading=\"lazy\" decoding=\"async\" width=\"400\" height=\"267\" src=\"https:\/\/www.omni-biotic.com\/hu-hu\/wp-content\/uploads\/sites\/7\/2023\/06\/gyors-fogyas.jpg\" class=\"attachment-medium_large size-medium_large wp-post-image\" alt=\"fogy\u00e1s, fogy\u00e1s hasr\u00f3l, fogy\u00e1s gyorsan, fogy\u00f3k\u00far\u00e1s tea, almaecet, gyors fogy\u00e1s, fogy\u00e1s tippek,\" srcset=\"https:\/\/www.omni-biotic.com\/hu-hu\/wp-content\/uploads\/sites\/7\/2023\/06\/gyors-fogyas.jpg 400w, https:\/\/www.omni-biotic.com\/hu-hu\/wp-content\/uploads\/sites\/7\/2023\/06\/gyors-fogyas-300x200.jpg 300w\" sizes=\"(max-width: 400px) 100vw, 400px\" title=\"\">                <\/div>\n            <\/div>\n            <div class=\"post--teaser\">\n                <div class=\"title\">9 tipp az \u00e9hez\u00e9smentes fogy\u00e1shoz!<\/div>\n                <div class=\"description\">\n                    Ahhoz, hogy a m\u00e9rlegen vagy a t\u00fck\u00f6rben hamarosan l\u00e1thassuk a k\u00edv\u00e1nt eredm\u00e9nyt, a fogy\u00e1st, nemcsak\u2026                    <br>\n                    <span class=\"read-more\">\n                            Tov\u00e1bb                        <\/span>\n                <\/div>\n                <div class=\"metadata\"><b>friss\u00edtve:<\/b> 1. febru\u00e1r 2024 \u2022 <b>Kateg\u00f3ri\u00e1k:<\/b> \u00c9letm\u00f3d<\/div>\n            <\/div>\n        <\/a>\n                <a href=\"https:\/\/www.omni-biotic.com\/hu-hu\/blog\/egeszseg-a-teli-idoszakban\/\"\n           class=\"li-widgets--posts-gallery__post\">\n            <div class=\"post--image__container\">\n                <div class=\"post--image\">\n                    <img loading=\"lazy\" decoding=\"async\" width=\"400\" height=\"267\" src=\"https:\/\/www.omni-biotic.com\/hu-hu\/wp-content\/uploads\/sites\/7\/2023\/01\/vitamin-telen.jpg\" class=\"attachment-medium_large size-medium_large wp-post-image\" alt=\"Maradjon eg\u00e9szs\u00e9ges t\u00e9len is, cink, C-vitamin, immunrendszer, eg\u00e9szs\u00e9g, probiotikum t\u00e9len, probiotikum v\u00edrus ellen, eg\u00e9szs\u00e9g\" srcset=\"https:\/\/www.omni-biotic.com\/hu-hu\/wp-content\/uploads\/sites\/7\/2023\/01\/vitamin-telen.jpg 400w, https:\/\/www.omni-biotic.com\/hu-hu\/wp-content\/uploads\/sites\/7\/2023\/01\/vitamin-telen-300x200.jpg 300w\" sizes=\"(max-width: 400px) 100vw, 400px\" title=\"\">                <\/div>\n            <\/div>\n            <div class=\"post--teaser\">\n                <div class=\"title\">\u00cdgy maradj eg\u00e9szs\u00e9ges a t\u00e9li id\u0151szakban!<\/div>\n                <div class=\"description\">\n                    A zimank\u00f3s id\u0151, a h\u00f3vihar \u00e9s a jeges utak idej\u00e9n a v\u00edrusok \u00e9s a bakt\u00e9riumok\u2026                    <br>\n                    <span class=\"read-more\">\n                            Tov\u00e1bb                        <\/span>\n                <\/div>\n                <div class=\"metadata\"><b>friss\u00edtve:<\/b> 7. febru\u00e1r 2024 \u2022 <b>Kateg\u00f3ri\u00e1k:<\/b> \u00c9letm\u00f3d<\/div>\n            <\/div>\n        <\/a>\n                <a href=\"https:\/\/www.omni-biotic.com\/hu-hu\/blog\/a-belrendszer-csapdajaban\/\"\n           class=\"li-widgets--posts-gallery__post\">\n            <div class=\"post--image__container\">\n                <div class=\"post--image\">\n                    <img loading=\"lazy\" decoding=\"async\" width=\"768\" height=\"515\" src=\"https:\/\/www.omni-biotic.com\/hu-hu\/wp-content\/uploads\/sites\/7\/2023\/06\/gewichtsfalledarm-768x515.jpg\" class=\"attachment-medium_large size-medium_large wp-post-image\" alt=\"\" srcset=\"https:\/\/www.omni-biotic.com\/hu-hu\/wp-content\/uploads\/sites\/7\/2023\/06\/gewichtsfalledarm-768x515.jpg 768w, https:\/\/www.omni-biotic.com\/hu-hu\/wp-content\/uploads\/sites\/7\/2023\/06\/gewichtsfalledarm-300x201.jpg 300w, https:\/\/www.omni-biotic.com\/hu-hu\/wp-content\/uploads\/sites\/7\/2023\/06\/gewichtsfalledarm-1024x687.jpg 1024w, https:\/\/www.omni-biotic.com\/hu-hu\/wp-content\/uploads\/sites\/7\/2023\/06\/gewichtsfalledarm-1536x1031.jpg 1536w, https:\/\/www.omni-biotic.com\/hu-hu\/wp-content\/uploads\/sites\/7\/2023\/06\/gewichtsfalledarm.jpg 1900w\" sizes=\"(max-width: 768px) 100vw, 768px\" title=\"\">                <\/div>\n            <\/div>\n            <div class=\"post--teaser\">\n                <div class=\"title\">A b\u00e9lrendszer csapd\u00e1j\u00e1ban<\/div>\n                <div class=\"description\">\n                    N\u00e9melyek keveset esznek \u00e9s m\u00e9gis h\u00edznak, m\u00e1sok t\u00f6bbet esznek, m\u00e9gis k\u00e9pesek s\u00falyuk megtart\u00e1s\u00e1ra. Ezt az\u2026                    <br>\n                    <span class=\"read-more\">\n                            Tov\u00e1bb                        <\/span>\n                <\/div>\n                <div class=\"metadata\"><b>friss\u00edtve:<\/b> 11. \u00e1prilis 2025 \u2022 <b>Kateg\u00f3ri\u00e1k:<\/b> \u00c9letm\u00f3d \u2022 <b>Szerz\u0151:<\/b> Herbert Hauser<\/div>\n            <\/div>\n        <\/a>\n                <a href=\"https:\/\/www.omni-biotic.com\/hu-hu\/blog\/a-dohanyzas-gyulladasos-folyamatokat-valt-ki-a-belekben\/\"\n           class=\"li-widgets--posts-gallery__post\">\n            <div class=\"post--image__container\">\n                <div class=\"post--image\">\n                    <img loading=\"lazy\" decoding=\"async\" width=\"768\" height=\"511\" src=\"https:\/\/www.omni-biotic.com\/hu-hu\/wp-content\/uploads\/sites\/7\/2023\/06\/rauchen-768x511.jpg\" class=\"attachment-medium_large size-medium_large wp-post-image\" alt=\"Rauchen l\u00f6st Entz\u00fcndungsprozesse im Darm aus\" srcset=\"https:\/\/www.omni-biotic.com\/hu-hu\/wp-content\/uploads\/sites\/7\/2023\/06\/rauchen-768x511.jpg 768w, https:\/\/www.omni-biotic.com\/hu-hu\/wp-content\/uploads\/sites\/7\/2023\/06\/rauchen-300x200.jpg 300w, https:\/\/www.omni-biotic.com\/hu-hu\/wp-content\/uploads\/sites\/7\/2023\/06\/rauchen-1024x682.jpg 1024w, https:\/\/www.omni-biotic.com\/hu-hu\/wp-content\/uploads\/sites\/7\/2023\/06\/rauchen-1536x1022.jpg 1536w, https:\/\/www.omni-biotic.com\/hu-hu\/wp-content\/uploads\/sites\/7\/2023\/06\/rauchen-1920x1278.jpg 1920w, https:\/\/www.omni-biotic.com\/hu-hu\/wp-content\/uploads\/sites\/7\/2023\/06\/rauchen.jpg 1980w\" sizes=\"(max-width: 768px) 100vw, 768px\" title=\"\">                <\/div>\n            <\/div>\n            <div class=\"post--teaser\">\n                <div class=\"title\">A doh\u00e1nyz\u00e1s \u00e9s a b\u00e9lrendszer eg\u00e9szs\u00e9ge<\/div>\n                <div class=\"description\">\n                    A doh\u00e1nyz\u00e1s gyullad\u00e1sos folyamatokat v\u00e1lt ki a belekben Pontosabban: Hogyan alakul ki colitis ulcerosa a\u2026                    <br>\n                    <span class=\"read-more\">\n                            Tov\u00e1bb                        <\/span>\n                <\/div>\n                <div class=\"metadata\"><b>friss\u00edtve:<\/b> 27. augusztus 2024 \u2022 <b>Kateg\u00f3ri\u00e1k:<\/b> \u00c9letm\u00f3d<\/div>\n            <\/div>\n        <\/a>\n            <\/div>\n\t\t\t\t<\/div>\n\t\t\t\t<\/div>\n\t\t\t\t\t<\/div>\n\t\t\t\t<\/div>\n\t\t\t\t<\/div>\n\t\t","protected":false},"excerpt":{"rendered":"<p>Allergia Tudta, hogy a b\u00e9lrendszer fontos szerepet j\u00e1tszik az allergi\u00e1s t\u00fcnetek lek\u00fczd\u00e9s\u00e9ben? A b\u00e9lrendszer\u00fcnk egy nagyon al\u00e1becs\u00fclt szerv: kb. 400 m2-es fel\u00fclete 10-szer nagyobb, mint a t\u00fcd\u0151\u00e9, \u00e9s 100-szor nagyobb, mint a b\u0151r\u00e9. Ez a fel\u00fclet t\u00f6bb ezer faj 100 trilli\u00f3 bakt\u00e9rium\u00e1nak ad otthont. \u00d6sszet\u00e9tel\u00fck minden embern\u00e9l egyedi. Tartalomjegyz\u00e9k Hogyan alakul ki az allergia? Allergia [&hellip;]<\/p>\n","protected":false},"author":3,"featured_media":19977,"parent":153,"menu_order":460,"comment_status":"closed","ping_status":"closed","template":"","meta":{"_acf_changed":false,"inline_featured_image":false,"footnotes":""},"class_list":["post-155","page","type-page","status-publish","has-post-thumbnail","hentry"],"acf":[],"_links":{"self":[{"href":"https:\/\/www.omni-biotic.com\/hu-hu\/wp-json\/wp\/v2\/pages\/155","targetHints":{"allow":["GET"]}}],"collection":[{"href":"https:\/\/www.omni-biotic.com\/hu-hu\/wp-json\/wp\/v2\/pages"}],"about":[{"href":"https:\/\/www.omni-biotic.com\/hu-hu\/wp-json\/wp\/v2\/types\/page"}],"author":[{"embeddable":true,"href":"https:\/\/www.omni-biotic.com\/hu-hu\/wp-json\/wp\/v2\/users\/3"}],"replies":[{"embeddable":true,"href":"https:\/\/www.omni-biotic.com\/hu-hu\/wp-json\/wp\/v2\/comments?post=155"}],"version-history":[{"count":7,"href":"https:\/\/www.omni-biotic.com\/hu-hu\/wp-json\/wp\/v2\/pages\/155\/revisions"}],"predecessor-version":[{"id":23727,"href":"https:\/\/www.omni-biotic.com\/hu-hu\/wp-json\/wp\/v2\/pages\/155\/revisions\/23727"}],"up":[{"embeddable":true,"href":"https:\/\/www.omni-biotic.com\/hu-hu\/wp-json\/wp\/v2\/pages\/153"}],"wp:featuredmedia":[{"embeddable":true,"href":"https:\/\/www.omni-biotic.com\/hu-hu\/wp-json\/wp\/v2\/media\/19977"}],"wp:attachment":[{"href":"https:\/\/www.omni-biotic.com\/hu-hu\/wp-json\/wp\/v2\/media?parent=155"}],"curies":[{"name":"wp","href":"https:\/\/api.w.org\/{rel}","templated":true}]}}