{"id":159,"date":"2022-03-07T10:07:28","date_gmt":"2022-03-07T09:07:28","guid":{"rendered":"https:\/\/www.omni-biotic.com\/darmbeschwerden\/leaky-gut\/"},"modified":"2024-03-14T11:33:51","modified_gmt":"2024-03-14T10:33:51","slug":"atereszto-bel-szindroma","status":"publish","type":"page","link":"https:\/\/www.omni-biotic.com\/hu-hu\/belpanaszok\/atereszto-bel-szindroma\/","title":{"rendered":"\u00c1tereszt\u0151 b\u00e9l szindr\u00f3ma"},"content":{"rendered":"\t\t<div data-elementor-type=\"wp-page\" data-elementor-id=\"159\" class=\"elementor elementor-159\" data-elementor-post-type=\"page\">\n\t\t\t\t<div class=\"elementor-element elementor-element-242797c e-con-full obcs none e-flex e-con e-parent\" data-id=\"242797c\" data-element_type=\"container\" data-settings=\"{&quot;background_background&quot;:&quot;classic&quot;,&quot;shape_divider_bottom&quot;:&quot;waves&quot;}\">\n\t\t\t\t<div class=\"elementor-shape elementor-shape-bottom\" aria-hidden=\"true\" data-negative=\"false\">\n\t\t\t<svg xmlns=\"http:\/\/www.w3.org\/2000\/svg\" viewBox=\"0 0 1000 100\" preserveAspectRatio=\"none\">\n\t<path class=\"elementor-shape-fill\" d=\"M421.9,6.5c22.6-2.5,51.5,0.4,75.5,5.3c23.6,4.9,70.9,23.5,100.5,35.7c75.8,32.2,133.7,44.5,192.6,49.7\n\tc23.6,2.1,48.7,3.5,103.4-2.5c54.7-6,106.2-25.6,106.2-25.6V0H0v30.3c0,0,72,32.6,158.4,30.5c39.2-0.7,92.8-6.7,134-22.4\n\tc21.2-8.1,52.2-18.2,79.7-24.2C399.3,7.9,411.6,7.5,421.9,6.5z\"\/>\n<\/svg>\t\t<\/div>\n\t\t\t\t<div class=\"elementor-element elementor-element-b6549b4 elementor-absolute elementor-hidden-mobile elementor-align-center elementor-widget elementor-widget-lottie\" data-id=\"b6549b4\" data-element_type=\"widget\" data-settings=\"{&quot;source_json&quot;:{&quot;url&quot;:&quot;https:\\\/\\\/www.omni-biotic.com\\\/hu-hu\\\/wp-content\\\/uploads\\\/sites\\\/7\\\/2022\\\/08\\\/lf30_editor_s5uwdgjh.json&quot;,&quot;id&quot;:&quot;7733&quot;,&quot;size&quot;:&quot;&quot;,&quot;alt&quot;:&quot;&quot;,&quot;source&quot;:&quot;library&quot;},&quot;loop&quot;:&quot;yes&quot;,&quot;play_speed&quot;:{&quot;unit&quot;:&quot;px&quot;,&quot;size&quot;:&quot;0.3&quot;,&quot;sizes&quot;:[]},&quot;_position&quot;:&quot;absolute&quot;,&quot;source&quot;:&quot;media_file&quot;,&quot;caption_source&quot;:&quot;none&quot;,&quot;link_to&quot;:&quot;none&quot;,&quot;trigger&quot;:&quot;arriving_to_viewport&quot;,&quot;viewport&quot;:{&quot;unit&quot;:&quot;%&quot;,&quot;size&quot;:&quot;&quot;,&quot;sizes&quot;:{&quot;start&quot;:0,&quot;end&quot;:100}},&quot;start_point&quot;:{&quot;unit&quot;:&quot;%&quot;,&quot;size&quot;:0,&quot;sizes&quot;:[]},&quot;end_point&quot;:{&quot;unit&quot;:&quot;%&quot;,&quot;size&quot;:100,&quot;sizes&quot;:[]},&quot;renderer&quot;:&quot;svg&quot;}\" data-widget_type=\"lottie.default\">\n\t\t\t\t<div class=\"elementor-widget-container\">\n\t\t\t\t\t<div class=\"e-lottie__container\"><div class=\"e-lottie__animation\"><\/div><\/div>\t\t\t\t<\/div>\n\t\t\t\t<\/div>\n\t\t<div class=\"elementor-element elementor-element-bd36a45 e-con-full obcs none e-flex e-con e-child\" data-id=\"bd36a45\" data-element_type=\"container\" data-settings=\"{&quot;background_background&quot;:&quot;gradient&quot;}\">\n\t\t\t\t<div class=\"elementor-element elementor-element-6f5f6ec elementor-widget elementor-widget-heading\" data-id=\"6f5f6ec\" data-element_type=\"widget\" data-widget_type=\"heading.default\">\n\t\t\t\t<div class=\"elementor-widget-container\">\n\t\t\t\t\t<h1 class=\"elementor-heading-title elementor-size-default\">\u00c1tereszt\u0151 b\u00e9l szindr\u00f3ma \u2013 <br> a sziv\u00e1rg\u00f3 b\u00e9l<\/h1>\t\t\t\t<\/div>\n\t\t\t\t<\/div>\n\t\t\t\t<div class=\"elementor-element elementor-element-1930559 elementor-widget-divider--view-line elementor-widget elementor-widget-divider\" data-id=\"1930559\" data-element_type=\"widget\" data-widget_type=\"divider.default\">\n\t\t\t\t<div class=\"elementor-widget-container\">\n\t\t\t\t\t\t\t<div class=\"elementor-divider\">\n\t\t\t<span class=\"elementor-divider-separator\">\n\t\t\t\t\t\t<\/span>\n\t\t<\/div>\n\t\t\t\t\t\t<\/div>\n\t\t\t\t<\/div>\n\t\t\t\t<div class=\"elementor-element elementor-element-ce79f37 elementor-widget elementor-widget-text-editor\" data-id=\"ce79f37\" data-element_type=\"widget\" data-widget_type=\"text-editor.default\">\n\t\t\t\t<div class=\"elementor-widget-container\">\n\t\t\t\t\t\t\t\t\t<p>A sziv\u00e1rg\u00f3 b\u00e9l szindr\u00f3m\u00e1t t\u00f6bbsz\u00f6r \u00f6sszef\u00fcgg\u00e9sbe hozz\u00e1k m\u00e1s betegs\u00e9gekkel, p\u00e9ld\u00e1ul autoimmun betegs\u00e9gekkel. A tud\u00f3sok m\u00e1r r\u00e9g\u00f3ta vizsg\u00e1lj\u00e1k a sziv\u00e1rg\u00f3 b\u00e9l szerep\u00e9t betegs\u00e9gek kialakul\u00e1s\u00e1ban \u00e9s azt, hogy mik\u00e9nt hat mikrobiomunkra.<\/p>\t\t\t\t\t\t\t\t<\/div>\n\t\t\t\t<\/div>\n\t\t\t\t<\/div>\n\t\t\t\t<\/div>\n\t\t<div class=\"elementor-element elementor-element-48be22f obcs none e-flex e-con-boxed e-con e-parent\" data-id=\"48be22f\" data-element_type=\"container\">\n\t\t\t\t\t<div class=\"e-con-inner\">\n\t\t<div class=\"elementor-element elementor-element-ac65a23 e-con-full obcs none e-flex e-con e-child\" data-id=\"ac65a23\" data-element_type=\"container\">\n\t\t\t\t<\/div>\n\t\t<div class=\"elementor-element elementor-element-c14c9f6 e-con-full obcs none e-flex e-con e-child\" data-id=\"c14c9f6\" data-element_type=\"container\">\n\t\t\t\t<div class=\"elementor-element elementor-element-330ae85 elementor-toc--minimized-on-desktop elementor-widget elementor-widget-table-of-contents\" data-id=\"330ae85\" data-element_type=\"widget\" data-settings=\"{&quot;exclude_headings_by_selector&quot;:[],&quot;minimized_on&quot;:&quot;desktop&quot;,&quot;headings_by_tags&quot;:[&quot;h2&quot;,&quot;h3&quot;,&quot;h4&quot;,&quot;h5&quot;,&quot;h6&quot;],&quot;marker_view&quot;:&quot;numbers&quot;,&quot;no_headings_message&quot;:&quot;Ezen az oldalon nem tal\\u00e1lhat\\u00f3 c\\u00edmsor.&quot;,&quot;minimize_box&quot;:&quot;yes&quot;,&quot;hierarchical_view&quot;:&quot;yes&quot;,&quot;min_height&quot;:{&quot;unit&quot;:&quot;px&quot;,&quot;size&quot;:&quot;&quot;,&quot;sizes&quot;:[]},&quot;min_height_tablet&quot;:{&quot;unit&quot;:&quot;px&quot;,&quot;size&quot;:&quot;&quot;,&quot;sizes&quot;:[]},&quot;min_height_mobile&quot;:{&quot;unit&quot;:&quot;px&quot;,&quot;size&quot;:&quot;&quot;,&quot;sizes&quot;:[]}}\" data-widget_type=\"table-of-contents.default\">\n\t\t\t\t<div class=\"elementor-widget-container\">\n\t\t\t\t\t\t\t\t\t<div class=\"elementor-toc__header\">\n\t\t\t\t\t\t<h4 class=\"elementor-toc__header-title\">\n\t\t\t\tTartalomjegyz\u00e9k\t\t\t<\/h4>\n\t\t\t\t\t\t\t\t\t\t<div class=\"elementor-toc__toggle-button elementor-toc__toggle-button--expand\" role=\"button\" tabindex=\"0\" aria-controls=\"elementor-toc__330ae85\" aria-expanded=\"true\" aria-label=\"Open table of contents\"><i aria-hidden=\"true\" class=\"fas fa-chevron-down\"><\/i><\/div>\n\t\t\t\t<div class=\"elementor-toc__toggle-button elementor-toc__toggle-button--collapse\" role=\"button\" tabindex=\"0\" aria-controls=\"elementor-toc__330ae85\" aria-expanded=\"true\" aria-label=\"Close table of contents\"><i aria-hidden=\"true\" class=\"fas fa-chevron-up\"><\/i><\/div>\n\t\t\t\t\t<\/div>\n\t\t\t\t<div id=\"elementor-toc__330ae85\" class=\"elementor-toc__body\">\n\t\t\t<div class=\"elementor-toc__spinner-container\">\n\t\t\t\t<i class=\"elementor-toc__spinner eicon-animation-spin eicon-loading\" aria-hidden=\"true\"><\/i>\t\t\t<\/div>\n\t\t<\/div>\n\t\t\t\t\t\t<\/div>\n\t\t\t\t<\/div>\n\t\t\t\t<\/div>\n\t\t\t\t\t<\/div>\n\t\t\t\t<\/div>\n\t\t<div class=\"elementor-element elementor-element-dc682b9 obcs magenta e-flex e-con-boxed e-con e-parent\" data-id=\"dc682b9\" data-element_type=\"container\">\n\t\t\t\t\t<div class=\"e-con-inner\">\n\t\t<div class=\"elementor-element elementor-element-a5d610b e-con-full obcs none e-flex e-con e-child\" data-id=\"a5d610b\" data-element_type=\"container\">\n\t\t\t\t<div class=\"elementor-element elementor-element-5513fc5 elementor-widget elementor-widget-heading\" data-id=\"5513fc5\" data-element_type=\"widget\" data-widget_type=\"heading.default\">\n\t\t\t\t<div class=\"elementor-widget-container\">\n\t\t\t\t\t<h2 class=\"elementor-heading-title elementor-size-default\">Mi is az az \u00e1tereszt\u0151 b\u00e9l szindr\u00f3ma?<\/h2>\t\t\t\t<\/div>\n\t\t\t\t<\/div>\n\t\t\t\t<div class=\"elementor-element elementor-element-4af5597 elementor-widget elementor-widget-text-editor\" data-id=\"4af5597\" data-element_type=\"widget\" data-widget_type=\"text-editor.default\">\n\t\t\t\t<div class=\"elementor-widget-container\">\n\t\t\t\t\t\t\t\t\t<p>Az \u00e1tereszt\u0151 b\u00e9l szindr\u00f3ma vagy m\u00e1s n\u00e9ven sziv\u00e1rg\u00f3 b\u00e9l szindr\u00f3ma kifejez\u00e9s <strong>a b\u00e9lfal fokozott \u00e1tereszt\u0151k\u00e9pess\u00e9g\u00e9re<\/strong> utal, amely n\u00e9lk\u00fcl\u00f6zhetetlen g\u00e1t a gazdaszervezet \u00e9s a k\u00fclvil\u00e1g k\u00f6z\u00f6tt. Ennek k\u00f6vetkezt\u00e9ben a b\u00e9l felsz\u00edn\u00e9n l\u00e9v\u0151 ny\u00e1lkar\u00e9teg megv\u00e1ltozik, \u00e9s sok bakt\u00e9rium egyszer\u0171en elpusztul. K\u00f6vetkezt\u00e9ben speci\u00e1lis <strong>stressz- \u00e9s gyullad\u00e1sos h\u00edrviv\u0151 anyagok<\/strong>\u00a0termel\u0151dnek, amelyek elpuszt\u00edtj\u00e1k az alatta l\u00e9v\u0151 b\u00e9lsejtr\u00e9teget.<\/p><p>A m\u00e9rgez\u0151 anyagok, amelyek a t\u00e1pl\u00e1l\u00e9kkal a szervezetbe ker\u00fclnek, ebben az \u00e1llapotban nem \u00fcr\u00fclnek ki a sz\u00e9klettel, hanem k\u00e9pesek akad\u00e1lytalanul behatolni a v\u00e9r- \u00e9s idegp\u00e1ly\u00e1kba, \u00edgy elv\u00e1ltoz\u00e1sokat \u00e9s <strong>betegs\u00e9geket okoznak<\/strong>. A b\u00e9l kiegyens\u00falyozott <a href=\"https:\/\/www.omni-biotic.com\/hu-hu\/a-belrendszer-egeszsege\/bel-az-egeszseg-kozpontja\/belmikrobiom\/\"><strong>mikrobi\u00e1lis koloniz\u00e1ci\u00f3ja<\/strong><\/a>, valamint az <a href=\"https:\/\/www.omni-biotic.com\/hu-hu\/a-belrendszer-egeszsege\/a-bel-hataskore\/az-immunrendszer\/\"><strong>immunrendszer<\/strong>\u00a0<\/a>feh\u00e9rj\u00e9inek megfelel\u0151 m\u00e9rt\u00e9k\u0171 k\u00e9pz\u0151d\u00e9se mellett az \u00e9p b\u00e9lny\u00e1lkah\u00e1rtya elengedhetetlen a k\u00f3rokoz\u00f3k elleni v\u00e9dekez\u00e9shez \u00e9s a nemk\u00edv\u00e1natos anyagok b\u00e9lfalon val\u00f3 \u00e1thalad\u00e1s\u00e1nak megakad\u00e1lyoz\u00e1s\u00e1hoz.<\/p>\t\t\t\t\t\t\t\t<\/div>\n\t\t\t\t<\/div>\n\t\t\t\t<div class=\"elementor-element elementor-element-67bb761 elementor-align-center elementor-widget elementor-widget-button\" data-id=\"67bb761\" data-element_type=\"widget\" data-widget_type=\"button.default\">\n\t\t\t\t<div class=\"elementor-widget-container\">\n\t\t\t\t\t\t\t\t\t<div class=\"elementor-button-wrapper\">\n\t\t\t\t\t<a class=\"elementor-button elementor-button-link elementor-size-md\" href=\"https:\/\/www.omni-biotic.com\/hu-hu\/a-belrendszer-egeszsege\/a-bel-hataskore\/az-immunrendszer\/\">\n\t\t\t\t\t\t<span class=\"elementor-button-content-wrapper\">\n\t\t\t\t\t\t\t\t\t<span class=\"elementor-button-text\">Az immunrendszer er\u0151s\u00edt\u00e9se<\/span>\n\t\t\t\t\t<\/span>\n\t\t\t\t\t<\/a>\n\t\t\t\t<\/div>\n\t\t\t\t\t\t\t\t<\/div>\n\t\t\t\t<\/div>\n\t\t\t\t<\/div>\n\t\t<div class=\"elementor-element elementor-element-4423c4b e-con-full obcs none e-flex e-con e-child\" data-id=\"4423c4b\" data-element_type=\"container\">\n\t\t\t\t<div class=\"elementor-element elementor-element-e0e3efd e-transform elementor-widget elementor-widget-image\" data-id=\"e0e3efd\" data-element_type=\"widget\" data-settings=\"{&quot;_transform_rotateZ_effect&quot;:{&quot;unit&quot;:&quot;px&quot;,&quot;size&quot;:&quot;0&quot;,&quot;sizes&quot;:[]},&quot;_transform_rotate_3d&quot;:&quot;yes&quot;,&quot;_transform_rotateX_effect&quot;:{&quot;unit&quot;:&quot;px&quot;,&quot;size&quot;:&quot;0&quot;,&quot;sizes&quot;:[]},&quot;_transform_rotateY_effect&quot;:{&quot;unit&quot;:&quot;px&quot;,&quot;size&quot;:&quot;-4&quot;,&quot;sizes&quot;:[]},&quot;_transform_perspective_effect&quot;:{&quot;unit&quot;:&quot;px&quot;,&quot;size&quot;:&quot;650&quot;,&quot;sizes&quot;:[]},&quot;_transform_rotateZ_effect_tablet&quot;:{&quot;unit&quot;:&quot;deg&quot;,&quot;size&quot;:&quot;&quot;,&quot;sizes&quot;:[]},&quot;_transform_rotateZ_effect_mobile&quot;:{&quot;unit&quot;:&quot;deg&quot;,&quot;size&quot;:&quot;&quot;,&quot;sizes&quot;:[]},&quot;_transform_rotateX_effect_tablet&quot;:{&quot;unit&quot;:&quot;deg&quot;,&quot;size&quot;:&quot;&quot;,&quot;sizes&quot;:[]},&quot;_transform_rotateX_effect_mobile&quot;:{&quot;unit&quot;:&quot;deg&quot;,&quot;size&quot;:&quot;&quot;,&quot;sizes&quot;:[]},&quot;_transform_rotateY_effect_tablet&quot;:{&quot;unit&quot;:&quot;deg&quot;,&quot;size&quot;:&quot;&quot;,&quot;sizes&quot;:[]},&quot;_transform_rotateY_effect_mobile&quot;:{&quot;unit&quot;:&quot;deg&quot;,&quot;size&quot;:&quot;&quot;,&quot;sizes&quot;:[]},&quot;_transform_perspective_effect_tablet&quot;:{&quot;unit&quot;:&quot;px&quot;,&quot;size&quot;:&quot;&quot;,&quot;sizes&quot;:[]},&quot;_transform_perspective_effect_mobile&quot;:{&quot;unit&quot;:&quot;px&quot;,&quot;size&quot;:&quot;&quot;,&quot;sizes&quot;:[]}}\" data-widget_type=\"image.default\">\n\t\t\t\t<div class=\"elementor-widget-container\">\n\t\t\t\t\t\t\t\t\t\t\t\t\t\t\t<img fetchpriority=\"high\" decoding=\"async\" width=\"640\" height=\"640\" src=\"https:\/\/www.omni-biotic.com\/hu-hu\/wp-content\/uploads\/sites\/7\/2023\/08\/Atereszto-bel_-a-bel-felepitese.jpg\" class=\"attachment-large size-large wp-image-17862\" alt=\"\u00e1tereszt\u0151 b\u00e9l szindr\u00f3ma, sziv\u00e1rg\u00f3 b\u00e9l szindr\u00f3ma, probiotikum, omni-biotic, atereszto bel szindroma, atereszto belszindroma, \u00e1tereszt\u0151 b\u00e9l szindr\u00f3ma probiotikum, atereszto belszindroma etrend, \u00e1tereszt\u0151 b\u00e9lszindr\u00f3ma\" srcset=\"https:\/\/www.omni-biotic.com\/hu-hu\/wp-content\/uploads\/sites\/7\/2023\/08\/Atereszto-bel_-a-bel-felepitese.jpg 640w, https:\/\/www.omni-biotic.com\/hu-hu\/wp-content\/uploads\/sites\/7\/2023\/08\/Atereszto-bel_-a-bel-felepitese-300x300.jpg 300w, https:\/\/www.omni-biotic.com\/hu-hu\/wp-content\/uploads\/sites\/7\/2023\/08\/Atereszto-bel_-a-bel-felepitese-150x150.jpg 150w\" sizes=\"(max-width: 640px) 100vw, 640px\" title=\"\">\t\t\t\t\t\t\t\t\t\t\t\t\t\t\t<\/div>\n\t\t\t\t<\/div>\n\t\t\t\t<\/div>\n\t\t\t\t\t<\/div>\n\t\t\t\t<\/div>\n\t\t<div class=\"elementor-element elementor-element-071d8da obcs none e-flex e-con-boxed e-con e-parent\" data-id=\"071d8da\" data-element_type=\"container\" data-settings=\"{&quot;background_background&quot;:&quot;classic&quot;}\">\n\t\t\t\t\t<div class=\"e-con-inner\">\n\t\t<div class=\"elementor-element elementor-element-d8bb63d obcs none e-flex e-con-boxed e-con e-child\" data-id=\"d8bb63d\" data-element_type=\"container\" data-settings=\"{&quot;background_background&quot;:&quot;classic&quot;}\">\n\t\t\t\t\t<div class=\"e-con-inner\">\n\t\t\t\t<div class=\"elementor-element elementor-element-6884776 elementor-widget__width-initial elementor-widget-tablet__width-initial elementor-widget-mobile__width-initial elementor-widget elementor-widget-image\" data-id=\"6884776\" data-element_type=\"widget\" data-widget_type=\"image.default\">\n\t\t\t\t<div class=\"elementor-widget-container\">\n\t\t\t\t\t\t\t\t\t\t\t\t\t\t\t<img decoding=\"async\" width=\"500\" height=\"182\" src=\"https:\/\/www.omni-biotic.com\/hu-hu\/wp-content\/uploads\/sites\/7\/2023\/08\/belbarrier_atereszto-bel_vedelmi-funkcio.png\" class=\"attachment-medium_large size-medium_large wp-image-17863\" alt=\"\u00e1tereszt\u0151 b\u00e9l szindr\u00f3ma, sziv\u00e1rg\u00f3 b\u00e9l szindr\u00f3ma, probiotikum, omni-biotic, atereszto bel szindroma, atereszto belszindroma, \u00e1tereszt\u0151 b\u00e9l szindr\u00f3ma probiotikum, atereszto belszindroma etrend, \u00e1tereszt\u0151 b\u00e9lszindr\u00f3ma\" srcset=\"https:\/\/www.omni-biotic.com\/hu-hu\/wp-content\/uploads\/sites\/7\/2023\/08\/belbarrier_atereszto-bel_vedelmi-funkcio.png 500w, https:\/\/www.omni-biotic.com\/hu-hu\/wp-content\/uploads\/sites\/7\/2023\/08\/belbarrier_atereszto-bel_vedelmi-funkcio-300x109.png 300w\" sizes=\"(max-width: 500px) 100vw, 500px\" title=\"\">\t\t\t\t\t\t\t\t\t\t\t\t\t\t\t<\/div>\n\t\t\t\t<\/div>\n\t\t<div class=\"elementor-element elementor-element-1ba77f5 obcs none e-flex e-con-boxed e-con e-child\" data-id=\"1ba77f5\" data-element_type=\"container\">\n\t\t\t\t\t<div class=\"e-con-inner\">\n\t\t\t\t<div class=\"elementor-element elementor-element-1ee0b0d elementor-widget__width-inherit elementor-widget elementor-widget-heading\" data-id=\"1ee0b0d\" data-element_type=\"widget\" data-widget_type=\"heading.default\">\n\t\t\t\t<div class=\"elementor-widget-container\">\n\t\t\t\t\t<h2 class=\"elementor-heading-title elementor-size-default\">A b\u00e9lbarrier mint v\u00e9d\u0151funkci\u00f3<\/h2>\t\t\t\t<\/div>\n\t\t\t\t<\/div>\n\t\t\t\t<div class=\"elementor-element elementor-element-c99ea39 elementor-widget elementor-widget-text-editor\" data-id=\"c99ea39\" data-element_type=\"widget\" data-widget_type=\"text-editor.default\">\n\t\t\t\t<div class=\"elementor-widget-container\">\n\t\t\t\t\t\t\t\t\t<p>Hatalmas fel\u00fclete miatt a b\u00e9lnek sz\u00e1mos t\u00e1mad\u00e1si pontot k\u00edn\u00e1l a <strong>patog\u00e9n mikroorganizmusok<\/strong>\u00a0sz\u00e1m\u00e1ra. Az \u00fagynevezett b\u00e9lbarrier, amely a vastagb\u00e9l eg\u00e9szs\u00e9ges\u00a0<a href=\"https:\/\/www.omni-biotic.com\/hu\/belflora\/\"><strong>b\u00e9lfl\u00f3r\u00e1j\u00e1b\u00f3l<\/strong><\/a>, a b\u00e9lny\u00e1lkah\u00e1rty\u00e1b\u00f3l \u00e9s a b\u00e9lben tal\u00e1lhat\u00f3\u00a0<strong>immunrendszerb\u0151l<\/strong> \u00e1ll, a szervezet v\u00e9delm\u00e9t szolg\u00e1lja.<\/p><p>A b\u00e9lfl\u00f3ra feladata a k\u00e1ros\u00a0<strong>bakt\u00e9riumok<\/strong>\u00a0elnyom\u00e1sa. Bizonyos bakt\u00e9riumok k\u00e9pesek olyan anyagokat termelni, amelyek elnyomj\u00e1k az idegen bakt\u00e9riumok n\u00f6veked\u00e9s\u00e9t. A\u00a0<a href=\"https:\/\/www.omni-biotic.com\/hu\/belbakteriumok\/\"><strong>b\u00e9lbakt\u00e9riumaink<\/strong><\/a>\u00a0a b\u00e9lny\u00e1lkah\u00e1rtya v\u00e9d\u0151funkci\u00f3j\u00e1nak \u00e9s a b\u00e9lrendszer immunrendszer\u00e9nek szab\u00e1lyoz\u00e1s\u00e1\u00e9rt is felel\u0151sek. A b\u00e9lny\u00e1lkah\u00e1rtya k\u00fcl\u00f6n\u00f6sen s\u0171r\u0171 szerkezet\u0171, \u00e9s mint a neve is mutatja, ny\u00e1lkar\u00e9teg veszi k\u00f6r\u00fcl, amelynek c\u00e9lja, hogy megakad\u00e1lyozza a k\u00e1ros bakt\u00e9riumok behatol\u00e1s\u00e1t.<\/p>\t\t\t\t\t\t\t\t<\/div>\n\t\t\t\t<\/div>\n\t\t\t\t\t<\/div>\n\t\t\t\t<\/div>\n\t\t\t\t\t<\/div>\n\t\t\t\t<\/div>\n\t\t\t\t\t<\/div>\n\t\t\t\t<\/div>\n\t\t<div class=\"elementor-element elementor-element-34813ef obcs blue e-flex e-con-boxed e-con e-parent\" data-id=\"34813ef\" data-element_type=\"container\">\n\t\t\t\t\t<div class=\"e-con-inner\">\n\t\t<div class=\"elementor-element elementor-element-1f556b5 e-con-full obcs blue e-flex e-con e-child\" data-id=\"1f556b5\" data-element_type=\"container\">\n\t\t\t\t<div class=\"elementor-element elementor-element-82448b5 e-transform elementor-widget elementor-widget-image\" data-id=\"82448b5\" data-element_type=\"widget\" data-settings=\"{&quot;_transform_rotateZ_effect&quot;:{&quot;unit&quot;:&quot;px&quot;,&quot;size&quot;:&quot;0&quot;,&quot;sizes&quot;:[]},&quot;_transform_rotate_3d&quot;:&quot;yes&quot;,&quot;_transform_rotateX_effect&quot;:{&quot;unit&quot;:&quot;px&quot;,&quot;size&quot;:&quot;0&quot;,&quot;sizes&quot;:[]},&quot;_transform_rotateY_effect&quot;:{&quot;unit&quot;:&quot;px&quot;,&quot;size&quot;:&quot;4&quot;,&quot;sizes&quot;:[]},&quot;_transform_perspective_effect&quot;:{&quot;unit&quot;:&quot;px&quot;,&quot;size&quot;:&quot;650&quot;,&quot;sizes&quot;:[]},&quot;_transform_rotateZ_effect_tablet&quot;:{&quot;unit&quot;:&quot;deg&quot;,&quot;size&quot;:&quot;&quot;,&quot;sizes&quot;:[]},&quot;_transform_rotateZ_effect_mobile&quot;:{&quot;unit&quot;:&quot;deg&quot;,&quot;size&quot;:&quot;&quot;,&quot;sizes&quot;:[]},&quot;_transform_rotateX_effect_tablet&quot;:{&quot;unit&quot;:&quot;deg&quot;,&quot;size&quot;:&quot;&quot;,&quot;sizes&quot;:[]},&quot;_transform_rotateX_effect_mobile&quot;:{&quot;unit&quot;:&quot;deg&quot;,&quot;size&quot;:&quot;&quot;,&quot;sizes&quot;:[]},&quot;_transform_rotateY_effect_tablet&quot;:{&quot;unit&quot;:&quot;deg&quot;,&quot;size&quot;:&quot;&quot;,&quot;sizes&quot;:[]},&quot;_transform_rotateY_effect_mobile&quot;:{&quot;unit&quot;:&quot;deg&quot;,&quot;size&quot;:&quot;&quot;,&quot;sizes&quot;:[]},&quot;_transform_perspective_effect_tablet&quot;:{&quot;unit&quot;:&quot;px&quot;,&quot;size&quot;:&quot;&quot;,&quot;sizes&quot;:[]},&quot;_transform_perspective_effect_mobile&quot;:{&quot;unit&quot;:&quot;px&quot;,&quot;size&quot;:&quot;&quot;,&quot;sizes&quot;:[]}}\" data-widget_type=\"image.default\">\n\t\t\t\t<div class=\"elementor-widget-container\">\n\t\t\t\t\t\t\t\t\t\t\t\t\t\t\t<img decoding=\"async\" width=\"640\" height=\"640\" src=\"https:\/\/www.omni-biotic.com\/hu-hu\/wp-content\/uploads\/sites\/7\/2023\/08\/Belflora_diszbiozis_kivalto-okok_-atereszto-bel.jpg\" class=\"attachment-large size-large wp-image-17866\" alt=\"\u00e1tereszt\u0151 b\u00e9l szindr\u00f3ma, kiv\u00e1lt\u00f3 okok, b\u00e9lfl\u00f3ra, diszbi\u00f3zis, \u00e1tereszt\u0151 b\u00e9l szindr\u00f3ma, sziv\u00e1rg\u00f3 b\u00e9l szindr\u00f3ma, probiotikum, omni-biotic, \u00e1tereszt\u0151 b\u00e9l szindr\u00f3ma, sziv\u00e1rg\u00f3 b\u00e9l szindr\u00f3ma, probiotikum, omni-biotic, atereszto bel szindroma, atereszto belszindroma, \u00e1tereszt\u0151 b\u00e9l szindr\u00f3ma probiotikum, atereszto belszindroma etrend, \u00e1tereszt\u0151 b\u00e9lszindr\u00f3ma\" srcset=\"https:\/\/www.omni-biotic.com\/hu-hu\/wp-content\/uploads\/sites\/7\/2023\/08\/Belflora_diszbiozis_kivalto-okok_-atereszto-bel.jpg 640w, https:\/\/www.omni-biotic.com\/hu-hu\/wp-content\/uploads\/sites\/7\/2023\/08\/Belflora_diszbiozis_kivalto-okok_-atereszto-bel-300x300.jpg 300w, https:\/\/www.omni-biotic.com\/hu-hu\/wp-content\/uploads\/sites\/7\/2023\/08\/Belflora_diszbiozis_kivalto-okok_-atereszto-bel-150x150.jpg 150w\" sizes=\"(max-width: 640px) 100vw, 640px\" title=\"\">\t\t\t\t\t\t\t\t\t\t\t\t\t\t\t<\/div>\n\t\t\t\t<\/div>\n\t\t\t\t<\/div>\n\t\t<div class=\"elementor-element elementor-element-c96620a e-con-full obcs none e-flex e-con e-child\" data-id=\"c96620a\" data-element_type=\"container\">\n\t\t\t\t<div class=\"elementor-element elementor-element-fa8c196 elementor-widget elementor-widget-heading\" data-id=\"fa8c196\" data-element_type=\"widget\" data-widget_type=\"heading.default\">\n\t\t\t\t<div class=\"elementor-widget-container\">\n\t\t\t\t\t<h2 class=\"elementor-heading-title elementor-size-default\">B\u00e9lfl\u00f3ra: a diszbi\u00f3zis t\u00fcnetei \u00e9s hat\u00e1sai<\/h2>\t\t\t\t<\/div>\n\t\t\t\t<\/div>\n\t\t\t\t<div class=\"elementor-element elementor-element-3cd33a1 elementor-widget elementor-widget-text-editor\" data-id=\"3cd33a1\" data-element_type=\"widget\" data-widget_type=\"text-editor.default\">\n\t\t\t\t<div class=\"elementor-widget-container\">\n\t\t\t\t\t\t\t\t\t<p>A diszbi\u00f3zis a <a href=\"https:\/\/www.omni-biotic.com\/hu-hu\/a-belrendszer-egeszsege\/bel-az-egeszseg-kozpontja\/belflora\/\"><strong>b\u00e9lfl\u00f3ra<\/strong> <\/a>megv\u00e1ltoz\u00e1sa, amely k\u00f3ros \u00e9s gyakran gyullad\u00e1sos t\u00fcnetekkel j\u00e1r. A diszbi\u00f3zis okai igen k\u00fcl\u00f6nb\u00f6z\u0151ek.<\/p><p>A kiv\u00e1lt\u00f3 okok a k\u00f6vetkez\u0151k lehetnek:<\/p><ul><li><a href=\"https:\/\/www.omni-biotic.com\/hu-hu\/blog\/a-gyogyszerek-hatasa-a-belflorara\/\"><strong>Gy\u00f3gyszerek<\/strong> <\/a>(pl. antibiotikumok)<\/li><li><a href=\"https:\/\/www.omni-biotic.com\/hu-hu\/belpanaszok\/kronikus-gyulladasos-belbetegsegek-ibd\/\"><strong>Gyullad\u00e1s<\/strong><\/a><\/li><li>K\u00f3rokoz\u00f3 bakt\u00e9riumok elszaporod\u00e1sa<\/li><li>T\u00e1pl\u00e1lkoz\u00e1s<\/li><li><a href=\"https:\/\/www.omni-biotic.com\/hu-hu\/a-belrendszer-egeszsege\/a-bel-hataskore\/stressz-emesztes-depresszio\/\"><strong>Stressz<\/strong><\/a><\/li><li>K\u00f6lcs\u00f6nhat\u00e1sok az <a href=\"https:\/\/www.omni-biotic.com\/hu-hu\/a-belrendszer-egeszsege\/a-bel-hataskore\/az-immunrendszer\/\"><strong>immunrendszerrel<\/strong><\/a>, az idegrendszerrel \u00e9s a hormonrendszerrel<\/li><\/ul><p>A b\u00e9lfl\u00f3ra zavara el\u0151sz\u00f6r olyan t\u00fcnetekkel v\u00e1lik \u00e9szrevehet\u0151v\u00e9, mint b\u00fcf\u00f6g\u00e9s, <a href=\"https:\/\/www.omni-biotic.com\/hu-hu\/belpanaszok\/haspuffadas\/\"><strong>puffad\u00e1s<\/strong><\/a>, b\u0171z\u00f6s szag\u00fa sz\u00e9klet vagy b\u00e9lg\u00f6rcs\u00f6k. Az eg\u00e9szs\u00e9ges \u00e9s k\u00e1ros <a href=\"https:\/\/www.omni-biotic.com\/hu-hu\/blog\/belbakteriumok-fajtai-es-szerepe\/\"><strong>b\u00e9lbakt\u00e9riumok<\/strong> <\/a>egyens\u00falya megbomlik. A k\u00f3rokoz\u00f3 bakt\u00e9riumok a k\u00f6rnyezet megfelel\u0151 v\u00e1ltoz\u00e1s\u00e1val t\u00f6megesen elszaporodhatnak, \u00e9s kiszor\u00edtj\u00e1k az eg\u00e9szs\u00e9ges b\u00e9lbakt\u00e9riumokat. Ez r\u00f6vid id\u0151 ut\u00e1n gyullad\u00e1shoz, majd ezt k\u00f6vet\u0151en sziv\u00e1rg\u00f3 b\u00e9l szindr\u00f3m\u00e1hoz vezet.<\/p>\t\t\t\t\t\t\t\t<\/div>\n\t\t\t\t<\/div>\n\t\t\t\t<\/div>\n\t\t\t\t\t<\/div>\n\t\t\t\t<\/div>\n\t\t<div class=\"elementor-element elementor-element-e2c9462 obcs yellow e-flex e-con-boxed e-con e-parent\" data-id=\"e2c9462\" data-element_type=\"container\">\n\t\t\t\t\t<div class=\"e-con-inner\">\n\t\t<div class=\"elementor-element elementor-element-2eacd92 e-con-full obcs none e-flex e-con e-child\" data-id=\"2eacd92\" data-element_type=\"container\">\n\t\t\t\t<div class=\"elementor-element elementor-element-35a49ff e-transform elementor-widget elementor-widget-image\" data-id=\"35a49ff\" data-element_type=\"widget\" data-settings=\"{&quot;_transform_rotateZ_effect&quot;:{&quot;unit&quot;:&quot;px&quot;,&quot;size&quot;:&quot;0&quot;,&quot;sizes&quot;:[]},&quot;_transform_rotate_3d&quot;:&quot;yes&quot;,&quot;_transform_rotateX_effect&quot;:{&quot;unit&quot;:&quot;px&quot;,&quot;size&quot;:&quot;0&quot;,&quot;sizes&quot;:[]},&quot;_transform_rotateY_effect&quot;:{&quot;unit&quot;:&quot;px&quot;,&quot;size&quot;:&quot;4&quot;,&quot;sizes&quot;:[]},&quot;_transform_perspective_effect&quot;:{&quot;unit&quot;:&quot;px&quot;,&quot;size&quot;:&quot;650&quot;,&quot;sizes&quot;:[]},&quot;_transform_rotateZ_effect_tablet&quot;:{&quot;unit&quot;:&quot;deg&quot;,&quot;size&quot;:&quot;&quot;,&quot;sizes&quot;:[]},&quot;_transform_rotateZ_effect_mobile&quot;:{&quot;unit&quot;:&quot;deg&quot;,&quot;size&quot;:&quot;&quot;,&quot;sizes&quot;:[]},&quot;_transform_rotateX_effect_tablet&quot;:{&quot;unit&quot;:&quot;deg&quot;,&quot;size&quot;:&quot;&quot;,&quot;sizes&quot;:[]},&quot;_transform_rotateX_effect_mobile&quot;:{&quot;unit&quot;:&quot;deg&quot;,&quot;size&quot;:&quot;&quot;,&quot;sizes&quot;:[]},&quot;_transform_rotateY_effect_tablet&quot;:{&quot;unit&quot;:&quot;deg&quot;,&quot;size&quot;:&quot;&quot;,&quot;sizes&quot;:[]},&quot;_transform_rotateY_effect_mobile&quot;:{&quot;unit&quot;:&quot;deg&quot;,&quot;size&quot;:&quot;&quot;,&quot;sizes&quot;:[]},&quot;_transform_perspective_effect_tablet&quot;:{&quot;unit&quot;:&quot;px&quot;,&quot;size&quot;:&quot;&quot;,&quot;sizes&quot;:[]},&quot;_transform_perspective_effect_mobile&quot;:{&quot;unit&quot;:&quot;px&quot;,&quot;size&quot;:&quot;&quot;,&quot;sizes&quot;:[]}}\" data-widget_type=\"image.default\">\n\t\t\t\t<div class=\"elementor-widget-container\">\n\t\t\t\t\t\t\t\t\t\t\t\t\t\t\t<img loading=\"lazy\" decoding=\"async\" width=\"800\" height=\"719\" src=\"https:\/\/www.omni-biotic.com\/hu-hu\/wp-content\/uploads\/sites\/7\/2023\/08\/atereszto-bel-szindroma-kivalto-okok.jpg\" class=\"attachment-large size-large wp-image-17867\" alt=\"\u00e1tereszt\u0151 b\u00e9l szindr\u00f3ma, kiv\u00e1lt\u00f3 okok, gy\u00f3gyszeres kezel\u00e9s, probiotikum, allergia, \u00e1tereszt\u0151 b\u00e9l szindr\u00f3ma, sziv\u00e1rg\u00f3 b\u00e9l szindr\u00f3ma, probiotikum, omni-biotic, atereszto bel szindroma, atereszto belszindroma, \u00e1tereszt\u0151 b\u00e9l szindr\u00f3ma probiotikum, atereszto belszindroma etrend, \u00e1tereszt\u0151 b\u00e9lszindr\u00f3ma\" srcset=\"https:\/\/www.omni-biotic.com\/hu-hu\/wp-content\/uploads\/sites\/7\/2023\/08\/atereszto-bel-szindroma-kivalto-okok.jpg 800w, https:\/\/www.omni-biotic.com\/hu-hu\/wp-content\/uploads\/sites\/7\/2023\/08\/atereszto-bel-szindroma-kivalto-okok-300x270.jpg 300w, https:\/\/www.omni-biotic.com\/hu-hu\/wp-content\/uploads\/sites\/7\/2023\/08\/atereszto-bel-szindroma-kivalto-okok-768x690.jpg 768w\" sizes=\"(max-width: 800px) 100vw, 800px\" title=\"\">\t\t\t\t\t\t\t\t\t\t\t\t\t\t\t<\/div>\n\t\t\t\t<\/div>\n\t\t\t\t<\/div>\n\t\t<div class=\"elementor-element elementor-element-754c5ed e-con-full obcs none e-flex e-con e-child\" data-id=\"754c5ed\" data-element_type=\"container\">\n\t\t\t\t<div class=\"elementor-element elementor-element-6d3b085 elementor-widget elementor-widget-heading\" data-id=\"6d3b085\" data-element_type=\"widget\" data-widget_type=\"heading.default\">\n\t\t\t\t<div class=\"elementor-widget-container\">\n\t\t\t\t\t<h2 class=\"elementor-heading-title elementor-size-default\">Az \u00e1tereszt\u0151 b\u00e9l szindr\u00f3ma kiv\u00e1lt\u00f3 okai<\/h2>\t\t\t\t<\/div>\n\t\t\t\t<\/div>\n\t\t\t\t<div class=\"elementor-element elementor-element-7a116ec elementor-widget elementor-widget-text-editor\" data-id=\"7a116ec\" data-element_type=\"widget\" data-widget_type=\"text-editor.default\">\n\t\t\t\t<div class=\"elementor-widget-container\">\n\t\t\t\t\t\t\t\t\t<p>Igen neh\u00e9z a sziv\u00e1rg\u00f3 b\u00e9l kialakul\u00e1s\u00e1nak egyetlen ok\u00e1t meghat\u00e1rozni. Gyakran t\u00f6bb \u00f6sszetev\u0151 k\u00f6lcs\u00f6nhat\u00e1sa. Az \u00e1tereszt\u0151 b\u00e9l szindr\u00f3ma lehets\u00e9ges okai a k\u00f6vetkez\u0151k:<\/p><ul><li><strong>Gy\u00f3gyszerek<\/strong>: F\u00e1jdalomcsillap\u00edt\u00f3k vagy az <a href=\"https:\/\/www.omni-biotic.com\/hu-hu\/blog\/hasmenes-es-antibiotikum\/\"><strong>antibiotikumok<\/strong><\/a>, k\u00e1ros\u00edthatj\u00e1k a b\u00e9lg\u00e1tat, ha hossz\u00fa ideig szedik \u0151ket. A kortizon egy tov\u00e1bbi gy\u00f3gyszer, amely hossz\u00fa t\u00e1von k\u00e1ros\u00edthatja az \u00e9rz\u00e9keny gyomor- \u00e9s b\u00e9lny\u00e1lkah\u00e1rty\u00e1t, \u00e9s \u00e1tereszt\u0151 b\u00e9l szindr\u00f3m\u00e1hoz vezethet.<\/li><li><a href=\"https:\/\/www.omni-biotic.com\/hu-hu\/belpanaszok\/allergia\/\"><strong>Allergia<\/strong><\/a>: Egyre gyakrabban tapasztalhat\u00f3. Az \u00e9lelmiszerek, f\u00e9mek, gombatoxinok, sz\u00ednez\u00e9kek \u00e9s mesters\u00e9ges \u00e9lelmiszer-adal\u00e9kanyagok gyullad\u00e1sos reakci\u00f3khoz vezethetnek a szervezetben. Ezek a gyullad\u00e1sok akkor is el\u0151fordulnak, amikor a szervezet bizonyos \u00e9teleket nem toler\u00e1l, \u00e9s hossz\u00fa t\u00e1von a b\u00e9lny\u00e1lkah\u00e1rtya k\u00e1rosod\u00e1s\u00e1hoz vezetnek a szervezetben.<\/li><\/ul>\t\t\t\t\t\t\t\t<\/div>\n\t\t\t\t<\/div>\n\t\t\t\t<\/div>\n\t\t<div class=\"elementor-element elementor-element-5560188 e-con-full obcs none e-flex e-con e-child\" data-id=\"5560188\" data-element_type=\"container\">\n\t\t\t\t<div class=\"elementor-element elementor-element-1e48986 elementor-widget elementor-widget-text-editor\" data-id=\"1e48986\" data-element_type=\"widget\" data-widget_type=\"text-editor.default\">\n\t\t\t\t<div class=\"elementor-widget-container\">\n\t\t\t\t\t\t\t\t\t<ul><li><strong>\u00c9letm\u00f3d<\/strong>: A<strong> stresszes mindennapok<\/strong> vagy a<strong> rendszeres alkoholfogyaszt\u00e1s<\/strong> is megt\u00e1madhatja a gyomor-b\u00e9l traktust. A stressz szinte mindig d\u00f6nt\u0151 szerepet j\u00e1tszik sz\u00e1mos betegs\u00e9g kialakul\u00e1s\u00e1ban. A b\u00e9lben az \u00e1lland\u00f3 stressz a b\u00e9lny\u00e1lkah\u00e1rty\u00e1n is v\u00e1ltoz\u00e1sokat mutat. Tanulm\u00e1nyok azt is egy\u00e9rtelm\u0171en kimutatt\u00e1k, hogy a rendszeres <strong>alkoholfogyaszt\u00e1s<\/strong> a b\u00e9lg\u00e1t k\u00e1rosod\u00e1s\u00e1hoz vezethet. Az alkoholfogyaszt\u00f3kn\u00e1l gyakrabban jelentkezik hasmen\u00e9s, mint az absztinens \u00e9letetform\u00e1t k\u00f6vetk\u0151n\u00e9l. K\u00e9t hetes tart\u00f3zkod\u00e1s az alkoholt\u00f3l m\u00e1r javul\u00e1st eredm\u00e9nyez a b\u00e9lny\u00e1lkah\u00e1rtya \u00e1llapot\u00e1ban. A t\u00e1pl\u00e1lkoz\u00e1s szint\u00e9n fontos t\u00e9nyez\u0151 a kiv\u00e1lt\u00f3 ok meghat\u00e1roz\u00e1s\u00e1ban. A kiegyens\u00falyozatlan \u00e9trend vagy a nagyon magas cukor- \u00e9s zs\u00edrtartalm\u00fa \u00e9tkez\u00e9si szok\u00e1sok negat\u00edv hat\u00e1ssal lehetnek az em\u00e9szt\u0151rendszerre, \u00e9s hossz\u00fa t\u00e1von el\u0151seg\u00edtik az \u00e1tereszt\u0151 b\u00e9l szindr\u00f3ma kialakul\u00e1s\u00e1t.<\/li><li><strong>Gomb\u00e1k<\/strong>: Test\u00fcnket k\u00fcl\u00f6nf\u00e9le mikroorganizmusok, p\u00e9ld\u00e1ul bakt\u00e9riumok \u00e9s gomb\u00e1k n\u00e9pes\u00edtik be. Ezek versengenek az egyens\u00faly\u00e9rt \u00e9s a b\u00e9lben val\u00f3 jelenl\u00e9t\u00e9rt. A gomb\u00e1kat \u00e1ltal\u00e1ban a j\u00f3 b\u00e9lbakt\u00e9riumok tartj\u00e1k kord\u00e1ban, de el\u0151fordulhat, hogy ez az ar\u00e1ny felborul, \u00e9s p\u00e9ld\u00e1ul a candida gomb\u00e1k veszik \u00e1t az uralmat. A Candida gomb\u00e1k a Candida csoportba tartoz\u00f3 \u00e9leszt\u0151gomb\u00e1k. A <strong>Candida albicans<\/strong> az egyik legismertebb ebb\u0151l a t\u00edpusb\u00f3l, \u00e9s az eg\u00e9szs\u00e9ges emberek mintegy 75%-\u00e1n\u00e1l megtal\u00e1lhat\u00f3. Rendszerint nem okoz k\u00e1rt, de egyens\u00falyzavar eset\u00e9n meghat\u00e1roz\u00f3 szerepet j\u00e1tszik a sziv\u00e1rg\u00f3 b\u00e9l szindr\u00f3ma kialakul\u00e1s\u00e1ban.<\/li><\/ul>\t\t\t\t\t\t\t\t<\/div>\n\t\t\t\t<\/div>\n\t\t\t\t<\/div>\n\t\t\t\t\t<\/div>\n\t\t\t\t<\/div>\n\t\t<div class=\"elementor-element elementor-element-acbd68a e-con-full obcs none e-flex e-con e-parent\" data-id=\"acbd68a\" data-element_type=\"container\" data-settings=\"{&quot;shape_divider_top&quot;:&quot;waves&quot;,&quot;shape_divider_bottom&quot;:&quot;waves&quot;}\">\n\t\t\t\t<div class=\"elementor-shape elementor-shape-top\" aria-hidden=\"true\" data-negative=\"false\">\n\t\t\t<svg xmlns=\"http:\/\/www.w3.org\/2000\/svg\" viewBox=\"0 0 1000 100\" preserveAspectRatio=\"none\">\n\t<path class=\"elementor-shape-fill\" d=\"M421.9,6.5c22.6-2.5,51.5,0.4,75.5,5.3c23.6,4.9,70.9,23.5,100.5,35.7c75.8,32.2,133.7,44.5,192.6,49.7\n\tc23.6,2.1,48.7,3.5,103.4-2.5c54.7-6,106.2-25.6,106.2-25.6V0H0v30.3c0,0,72,32.6,158.4,30.5c39.2-0.7,92.8-6.7,134-22.4\n\tc21.2-8.1,52.2-18.2,79.7-24.2C399.3,7.9,411.6,7.5,421.9,6.5z\"\/>\n<\/svg>\t\t<\/div>\n\t\t\t\t<div class=\"elementor-shape elementor-shape-bottom\" aria-hidden=\"true\" data-negative=\"false\">\n\t\t\t<svg xmlns=\"http:\/\/www.w3.org\/2000\/svg\" viewBox=\"0 0 1000 100\" preserveAspectRatio=\"none\">\n\t<path class=\"elementor-shape-fill\" d=\"M421.9,6.5c22.6-2.5,51.5,0.4,75.5,5.3c23.6,4.9,70.9,23.5,100.5,35.7c75.8,32.2,133.7,44.5,192.6,49.7\n\tc23.6,2.1,48.7,3.5,103.4-2.5c54.7-6,106.2-25.6,106.2-25.6V0H0v30.3c0,0,72,32.6,158.4,30.5c39.2-0.7,92.8-6.7,134-22.4\n\tc21.2-8.1,52.2-18.2,79.7-24.2C399.3,7.9,411.6,7.5,421.9,6.5z\"\/>\n<\/svg>\t\t<\/div>\n\t\t\t\t<div class=\"elementor-element elementor-element-d9e450a bounceIn elementor-widget elementor-widget-breaker-sections\" data-id=\"d9e450a\" data-element_type=\"widget\" data-widget_type=\"breaker-sections.default\">\n\t\t\t\t<div class=\"elementor-widget-container\">\n\t\t\t\t\t\n<div class=\"li-widgets--breaker-section magenta\">\n\n\n    <div class=\"li-widgets--breaker-section__content\">\n        <h2 class=\"li-widgets--breaker-section__title\"> A b\u00e9lfl\u00f3ra zavarainak k\u00f6vetkezm\u00e9nye <\/h2>\n    <hr>\n    <div class=\"li-widgets--breaker-section__icon animated bounceIn\">\n        <i class=\" fas fa-stethoscope \"><\/i>\n    <\/div>\n    <div class=\"li-widgets--breaker-section__text-content\">\n        <div class=\"li-widgets--breaker-section__col1 \">\n            <p><p>Az \u00e1tereszt\u0151 b\u00e9l szindr\u00f3ma k\u00f6vetkezt\u00e9ben a<strong> b\u00e9lny\u00e1lkah\u00e1rtya barrierfunkci\u00f3ja k\u00e1rosodik, <\/strong>\u00e9s a <strong>nem k\u00edv\u00e1nt anyagok<\/strong> fokozott m\u00e9rt\u00e9kben ker\u00fclnek a <strong>v\u00e9r\u00e1ramba<\/strong>. Mint m\u00e1r eml\u00edtett\u00fck, ezek lehetnek k\u00f3rokoz\u00f3 bakt\u00e9riumok, szennyez\u0151 anyagok vagy ak\u00e1r az \u00e9lelmiszerekb\u0151l sz\u00e1rmaz\u00f3 nagy molekul\u00e1k is.<\/p><p>Ez kezdetben az <a href=\"https:\/\/www.omni-biotic.com\/hu-hu\/a-belrendszer-egeszsege\/a-bel-hataskore\/az-immunrendszer\/\"><strong>immunrendszer<\/strong> <\/a>nem megfelel\u0151 v\u00e1laszreakci\u00f3it v\u00e1ltja ki ezekre az anyagokra \u00e9s bakt\u00e9riumokra a b\u00e9lben, ami t\u00f6bbek k\u00f6z\u00f6tt allergi\u00e1s reakci\u00f3kat v\u00e1lt ki ezekre az anyagokra \u00e9s molekul\u00e1kra. Mindenekel\u0151tt a <strong>b\u00e9lny\u00e1lkah\u00e1rtya gyullad\u00e1sa<\/strong> \u00e9s p\u00e9ld\u00e1ul <strong>\u00e9telintolerancia<\/strong> alakul ki.<\/p> <\/p>\n        <\/div>\n                    <div class=\"li-widgets--breaker-section__col2 \">\n                <p><p>E v\u00e1ltoz\u00e1sok k\u00f6vetkezt\u00e9ben kr\u00f3nikus gyullad\u00e1sos folyamatok alakulnak ki, amelyek olyan autoimmun betegs\u00e9gekhez vezethetnek, mint az 1-es t\u00edpus\u00fa <strong>cukorbetegs\u00e9g<\/strong> vagy a <strong>szkler\u00f3zis multiplex<\/strong>.<\/p><p>Ma m\u00e1r a legmodernebb laborat\u00f3riumi vizsg\u00e1latok, amelyek forradalmas\u00edtott\u00e1k a diagnosztik\u00e1t, egy\u00e9rtelm\u0171en kimutatj\u00e1k, hogy a cs\u00f6kkent b\u00e9lfl\u00f3ra milyen m\u00e9rt\u00e9kben okozza a k\u00fcl\u00f6nb\u00f6z\u0151 rendelleness\u00e9geket \u00e9s betegs\u00e9geket. Ide tartozik az <a href=\"https:\/\/www.omni-biotic.com\/hu-hu\/belpanaszok\/allergia\/\"><strong>allergia<\/strong><\/a>, a kr\u00f3nikus f\u00e1radts\u00e1g szindr\u00f3ma, a <a href=\"https:\/\/www.omni-biotic.com\/hu-hu\/belpanaszok\/kronikus-gyulladasos-belbetegsegek-ibd\/\"><strong>kr\u00f3nikus gyullad\u00e1sos b\u00e9lbetegs\u00e9gek<\/strong><\/a>. pl. a <a href=\"https:\/\/www.omni-biotic.com\/hu-hu\/blog\/crohn-betegseg-tuenetei\/\"><strong>Crohn-betegs\u00e9g<\/strong><\/a> vagy a fek\u00e9lyes vastagb\u00e9lgyullad\u00e1s, a <a href=\"https:\/\/www.omni-biotic.com\/hu-hu\/blog\/emesztes-depresszio-felelem-mi-az-oesszefuegges\/\"><strong>depresszi\u00f3<\/strong><\/a>, az<a href=\"https:\/\/www.omni-biotic.com\/hu-hu\/belpanaszok\/irritabilis-bel-szindroma\/\"><strong> irrit\u00e1bilis b\u00e9l szindr\u00f3ma<\/strong><\/a> \u00e9s a <a href=\"https:\/\/www.omni-biotic.com\/hu-hu\/blog\/etkezes-vastagbeltukrozes-elott-es-utan\/\"><strong>vastagb\u00e9lr\u00e1k<\/strong><\/a>.<\/p> <\/p>\n            <\/div>\n            <\/div>\n    <a class=\"li-widgets--breaker-section__button\" href=\"\">\n            <\/a>\n<\/div>\n<\/div>\n\t\t\t\t<\/div>\n\t\t\t\t<\/div>\n\t\t\t\t<\/div>\n\t\t<div class=\"elementor-element elementor-element-8eac377 obcs magenta e-flex e-con-boxed e-con e-parent\" data-id=\"8eac377\" data-element_type=\"container\">\n\t\t\t\t\t<div class=\"e-con-inner\">\n\t\t<div class=\"elementor-element elementor-element-51e00a6 e-con-full obcs magenta e-flex e-con e-child\" data-id=\"51e00a6\" data-element_type=\"container\">\n\t\t\t\t<div class=\"elementor-element elementor-element-4808fe4 e-transform elementor-widget elementor-widget-image\" data-id=\"4808fe4\" data-element_type=\"widget\" data-settings=\"{&quot;_transform_rotateZ_effect&quot;:{&quot;unit&quot;:&quot;px&quot;,&quot;size&quot;:&quot;0&quot;,&quot;sizes&quot;:[]},&quot;_transform_rotate_3d&quot;:&quot;yes&quot;,&quot;_transform_rotateX_effect&quot;:{&quot;unit&quot;:&quot;px&quot;,&quot;size&quot;:&quot;0&quot;,&quot;sizes&quot;:[]},&quot;_transform_rotateY_effect&quot;:{&quot;unit&quot;:&quot;px&quot;,&quot;size&quot;:&quot;4&quot;,&quot;sizes&quot;:[]},&quot;_transform_perspective_effect&quot;:{&quot;unit&quot;:&quot;px&quot;,&quot;size&quot;:&quot;650&quot;,&quot;sizes&quot;:[]},&quot;_transform_rotateZ_effect_tablet&quot;:{&quot;unit&quot;:&quot;deg&quot;,&quot;size&quot;:&quot;&quot;,&quot;sizes&quot;:[]},&quot;_transform_rotateZ_effect_mobile&quot;:{&quot;unit&quot;:&quot;deg&quot;,&quot;size&quot;:&quot;&quot;,&quot;sizes&quot;:[]},&quot;_transform_rotateX_effect_tablet&quot;:{&quot;unit&quot;:&quot;deg&quot;,&quot;size&quot;:&quot;&quot;,&quot;sizes&quot;:[]},&quot;_transform_rotateX_effect_mobile&quot;:{&quot;unit&quot;:&quot;deg&quot;,&quot;size&quot;:&quot;&quot;,&quot;sizes&quot;:[]},&quot;_transform_rotateY_effect_tablet&quot;:{&quot;unit&quot;:&quot;deg&quot;,&quot;size&quot;:&quot;&quot;,&quot;sizes&quot;:[]},&quot;_transform_rotateY_effect_mobile&quot;:{&quot;unit&quot;:&quot;deg&quot;,&quot;size&quot;:&quot;&quot;,&quot;sizes&quot;:[]},&quot;_transform_perspective_effect_tablet&quot;:{&quot;unit&quot;:&quot;px&quot;,&quot;size&quot;:&quot;&quot;,&quot;sizes&quot;:[]},&quot;_transform_perspective_effect_mobile&quot;:{&quot;unit&quot;:&quot;px&quot;,&quot;size&quot;:&quot;&quot;,&quot;sizes&quot;:[]}}\" data-widget_type=\"image.default\">\n\t\t\t\t<div class=\"elementor-widget-container\">\n\t\t\t\t\t\t\t\t\t\t\t\t\t\t\t<img loading=\"lazy\" decoding=\"async\" width=\"640\" height=\"640\" src=\"https:\/\/www.omni-biotic.com\/hu-hu\/wp-content\/uploads\/sites\/7\/2023\/08\/atereszto-bel-szindroma_diagnosztikajpg.jpg\" class=\"attachment-large size-large wp-image-17868\" alt=\"\u00e1tereszt\u0151 b\u00e9l szindr\u00f3ma kezel\u00e9se, \u00e1tereszt\u0151 b\u00e9l szindr\u00f3ma diagn\u00f3zis,\u00e1tereszt\u0151 b\u00e9l szindr\u00f3ma, sziv\u00e1rg\u00f3 b\u00e9l szindr\u00f3ma, probiotikum, omni-biotic, \u00e1tereszt\u0151 b\u00e9l szindr\u00f3ma, sziv\u00e1rg\u00f3 b\u00e9l szindr\u00f3ma, probiotikum, omni-biotic, atereszto bel szindroma, atereszto belszindroma, \u00e1tereszt\u0151 b\u00e9l szindr\u00f3ma probiotikum, atereszto belszindroma etrend, \u00e1tereszt\u0151 b\u00e9lszindr\u00f3ma\" srcset=\"https:\/\/www.omni-biotic.com\/hu-hu\/wp-content\/uploads\/sites\/7\/2023\/08\/atereszto-bel-szindroma_diagnosztikajpg.jpg 640w, https:\/\/www.omni-biotic.com\/hu-hu\/wp-content\/uploads\/sites\/7\/2023\/08\/atereszto-bel-szindroma_diagnosztikajpg-300x300.jpg 300w, https:\/\/www.omni-biotic.com\/hu-hu\/wp-content\/uploads\/sites\/7\/2023\/08\/atereszto-bel-szindroma_diagnosztikajpg-150x150.jpg 150w\" sizes=\"(max-width: 640px) 100vw, 640px\" title=\"\">\t\t\t\t\t\t\t\t\t\t\t\t\t\t\t<\/div>\n\t\t\t\t<\/div>\n\t\t\t\t<\/div>\n\t\t<div class=\"elementor-element elementor-element-1417c70 e-con-full obcs none e-flex e-con e-child\" data-id=\"1417c70\" data-element_type=\"container\">\n\t\t\t\t<div class=\"elementor-element elementor-element-8c4ff9a elementor-widget elementor-widget-heading\" data-id=\"8c4ff9a\" data-element_type=\"widget\" data-widget_type=\"heading.default\">\n\t\t\t\t<div class=\"elementor-widget-container\">\n\t\t\t\t\t<h2 class=\"elementor-heading-title elementor-size-default\">Hogyan diagnosztiz\u00e1lj\u00e1k az \u00e1tereszt\u0151 b\u00e9l szindr\u00f3m\u00e1t?<\/h2>\t\t\t\t<\/div>\n\t\t\t\t<\/div>\n\t\t\t\t<div class=\"elementor-element elementor-element-b0e5d45 elementor-widget elementor-widget-text-editor\" data-id=\"b0e5d45\" data-element_type=\"widget\" data-widget_type=\"text-editor.default\">\n\t\t\t\t<div class=\"elementor-widget-container\">\n\t\t\t\t\t\t\t\t\t<p>A sziv\u00e1rg\u00f3 b\u00e9l szindr\u00f3ma kimutat\u00e1s\u00e1nak egyik m\u00f3dja az \u00fagynevezett laktul\u00f3z-mannit teszt. Itt a betegnek laktul\u00f3z-mannit oldatot adnak inni, \u00e9s egy bizonyos lappang\u00e1si id\u0151 ut\u00e1n <strong>a vizeletet megvizsg\u00e1lj\u00e1k<\/strong> ezen anyagok kimutat\u00e1s\u00e1ra. Ha t\u00f6bb ilyen anyag van a vizeletben, akkor val\u00f3sz\u00edn\u0171 a b\u00e9lbarrier zavara.<\/p><p>Az \u00e1tereszt\u0151 b\u00e9l szindr\u00f3ma diagnosztiz\u00e1l\u00e1s\u00e1nak m\u00e1sik m\u00f3dja a <strong>zonulin teszt<\/strong>. Ez a teszt a zonulin nev\u0171 feh\u00e9rj\u00e9t ellen\u0151rzi, amelyet a b\u00e9lsejtek v\u00e1lasztanak ki bizonyos ingerekre, \u00e9s amely n\u00f6veli a b\u00e9lg\u00e1t \u00e1tereszt\u0151k\u00e9pess\u00e9g\u00e9t. Sz\u00e9rummint\u00e1b\u00f3l vizsg\u00e1lj\u00e1k, hogy mennyi zonulin van a v\u00e9rben, mert az emelkedett \u00e9rt\u00e9k sziv\u00e1rg\u00f3 b\u00e9l szindr\u00f3m\u00e1ra utal.<\/p><p>A <strong>sz\u00e9kletvizsg\u00e1lat<\/strong> az alfa-1-antitripszin gyullad\u00e1sos markert m\u00e9rheti. Ez a feh\u00e9rje nagyr\u00e9szt a m\u00e1jban termel\u0151dik, \u00e9s a gyullad\u00e1sos reakci\u00f3k szab\u00e1lyoz\u00e1s\u00e1ra szolg\u00e1l. Ha a b\u00e9lg\u00e1t egyre ink\u00e1bb \u00e1tj\u00e1rhat\u00f3v\u00e1 v\u00e1lik, az alfa-1-antitripszin bejuthat a b\u00e9lbe, \u00e9s v\u00e9g\u00fcl kimutathat\u00f3 a sz\u00e9kletben<\/p>\t\t\t\t\t\t\t\t<\/div>\n\t\t\t\t<\/div>\n\t\t\t\t<\/div>\n\t\t\t\t\t<\/div>\n\t\t\t\t<\/div>\n\t\t<div class=\"elementor-element elementor-element-7ca22cc obcs blue e-con-full e-flex e-con e-parent\" data-id=\"7ca22cc\" data-element_type=\"container\" data-settings=\"{&quot;shape_divider_top&quot;:&quot;waves&quot;,&quot;shape_divider_bottom&quot;:&quot;waves&quot;}\">\n\t\t\t\t<div class=\"elementor-shape elementor-shape-top\" aria-hidden=\"true\" data-negative=\"false\">\n\t\t\t<svg xmlns=\"http:\/\/www.w3.org\/2000\/svg\" viewBox=\"0 0 1000 100\" preserveAspectRatio=\"none\">\n\t<path class=\"elementor-shape-fill\" d=\"M421.9,6.5c22.6-2.5,51.5,0.4,75.5,5.3c23.6,4.9,70.9,23.5,100.5,35.7c75.8,32.2,133.7,44.5,192.6,49.7\n\tc23.6,2.1,48.7,3.5,103.4-2.5c54.7-6,106.2-25.6,106.2-25.6V0H0v30.3c0,0,72,32.6,158.4,30.5c39.2-0.7,92.8-6.7,134-22.4\n\tc21.2-8.1,52.2-18.2,79.7-24.2C399.3,7.9,411.6,7.5,421.9,6.5z\"\/>\n<\/svg>\t\t<\/div>\n\t\t\t\t<div class=\"elementor-shape elementor-shape-bottom\" aria-hidden=\"true\" data-negative=\"false\">\n\t\t\t<svg xmlns=\"http:\/\/www.w3.org\/2000\/svg\" viewBox=\"0 0 1000 100\" preserveAspectRatio=\"none\">\n\t<path class=\"elementor-shape-fill\" d=\"M421.9,6.5c22.6-2.5,51.5,0.4,75.5,5.3c23.6,4.9,70.9,23.5,100.5,35.7c75.8,32.2,133.7,44.5,192.6,49.7\n\tc23.6,2.1,48.7,3.5,103.4-2.5c54.7-6,106.2-25.6,106.2-25.6V0H0v30.3c0,0,72,32.6,158.4,30.5c39.2-0.7,92.8-6.7,134-22.4\n\tc21.2-8.1,52.2-18.2,79.7-24.2C399.3,7.9,411.6,7.5,421.9,6.5z\"\/>\n<\/svg>\t\t<\/div>\n\t\t\t\t<div class=\"elementor-element elementor-element-5b36311 bounceIn elementor-widget elementor-widget-breaker-sections\" data-id=\"5b36311\" data-element_type=\"widget\" data-widget_type=\"breaker-sections.default\">\n\t\t\t\t<div class=\"elementor-widget-container\">\n\t\t\t\t\t\n<div class=\"li-widgets--breaker-section blue\">\n\n\n    <div class=\"li-widgets--breaker-section__content\">\n        <h2 class=\"li-widgets--breaker-section__title\"> Mit egy\u00fcnk \u00e1tereszt\u0151 b\u00e9l szindr\u00f3ma eset\u00e9n? <\/h2>\n    <hr>\n    <div class=\"li-widgets--breaker-section__icon animated bounceIn\">\n        <i class=\" fas fa-utensils \"><\/i>\n    <\/div>\n    <div class=\"li-widgets--breaker-section__text-content\">\n        <div class=\"li-widgets--breaker-section__col1 \">\n            <p><p>Az <strong>\u00e1tereszt\u0151 b\u00e9l szindr\u00f3ma<\/strong> diagn\u00f3zisa sokkol\u00f3 lehet, de a t\u00fcnetek k\u00fcl\u00f6nb\u00f6z\u0151 ter\u00e1pi\u00e1kkal kiv\u00e1l\u00f3an enyh\u00edthet\u0151k. A legfontosabb\u00a0 a gyullad\u00e1s cs\u00f6kkent\u00e9se a szervezetben, a sziv\u00e1rg\u00f3 b\u00e9l miatt ugyanis a szervezet kapcsolatba ker\u00fcl antig\u00e9nekkel, p\u00e9ld\u00e1ul <strong>b\u00faz\u00e1val \u00e9s teh\u00e9ntejjel,<\/strong>\u00a0melyek gyullad\u00e1sos reakci\u00f3kat v\u00e1lthatnak ki.\u00a0<\/p><p>Az els\u0151 l\u00e9p\u00e9s az<strong> \u00e9trend optimaliz\u00e1l\u00e1sa<\/strong>. Ez gyakran meghat\u00e1roz\u00f3 a t\u00fcnetek intenzit\u00e1sa szempontj\u00e1b\u00f3l, ez\u00e9rt egy j\u00f3l \u00e1tgondolt \u00e9trenddel k\u00f6nnyen befoly\u00e1solhat\u00f3. A finom\u00edtott cukrokban, eg\u00e9szs\u00e9gtelen zs\u00edrokban, tart\u00f3s\u00edt\u00f3szerekben \u00e9s \u00e9lelmiszer-adal\u00e9kanyagokban gazdag \u00e9lelmiszerek hosszabb id\u0151n kereszt\u00fcl fogyasztva kedveznek a sziv\u00e1rg\u00f3 b\u00e9l szindr\u00f3m\u00e1nak vagy m\u00e1s b\u00e9lbetegs\u00e9gek kialakul\u00e1s\u00e1nak. Ez a b\u00e9lrendszer \u00e1lland\u00f3, \"csendes\" gyullad\u00e1sos tev\u00e9kenys\u00e9g\u00e9ben nyilv\u00e1nul meg.<\/p> <\/p>\n        <\/div>\n                    <div class=\"li-widgets--breaker-section__col2 \">\n                <p><p>Az eg\u00e9szs\u00e9ges zs\u00edrokat, rostokat, vitaminokat \u00e9s \u00e1sv\u00e1nyi anyagokat tartalmaz\u00f3 <strong>kiegyens\u00falyozott \u00e9trend<\/strong> megnyugtatja a beleket, valamint a gyullad\u00e1st. Kimutatott \u00e9telintolerancia vagy allergia eset\u00e9n a rosszul toler\u00e1lt \u00e9teleket ker\u00fclni kell.<\/p><p>A b\u00e9lrendszerben zavart okoz\u00f3 \u00e9telek \u00e1lland\u00f3 bevitele mindig gyullad\u00e1shoz vezet, ami olyan betegs\u00e9geket v\u00e1lthat ki, mint a Crohn-betegs\u00e9g vagy a fek\u00e9lyes vastagb\u00e9lgyullad\u00e1s. A magas rosttartalm\u00fa \u00e9trend zabbal, rozzsal vagy z\u00f6lds\u00e9gekkel \u00e9s gy\u00fcm\u00f6lcs\u00f6kkel nagyon j\u00f3t tesz a b\u00e9lfl\u00f3r\u00e1nak, \u00e9s pozit\u00edvan befoly\u00e1solja az em\u00e9szt\u00e9st.<\/p> <\/p>\n            <\/div>\n            <\/div>\n    <a class=\"li-widgets--breaker-section__button\" href=\"\">\n            <\/a>\n<\/div>\n<\/div>\n\t\t\t\t<\/div>\n\t\t\t\t<\/div>\n\t\t\t\t<\/div>\n\t\t<div class=\"elementor-element elementor-element-8d8d204 obcs blue e-flex e-con-boxed e-con e-parent\" data-id=\"8d8d204\" data-element_type=\"container\">\n\t\t\t\t\t<div class=\"e-con-inner\">\n\t\t<div class=\"elementor-element elementor-element-048a82f e-con-full obcs blue e-flex e-con e-child\" data-id=\"048a82f\" data-element_type=\"container\">\n\t\t\t\t<div class=\"elementor-element elementor-element-5835a1a e-transform elementor-widget elementor-widget-image\" data-id=\"5835a1a\" data-element_type=\"widget\" data-settings=\"{&quot;_transform_rotateZ_effect&quot;:{&quot;unit&quot;:&quot;px&quot;,&quot;size&quot;:&quot;0&quot;,&quot;sizes&quot;:[]},&quot;_transform_rotate_3d&quot;:&quot;yes&quot;,&quot;_transform_rotateX_effect&quot;:{&quot;unit&quot;:&quot;px&quot;,&quot;size&quot;:&quot;0&quot;,&quot;sizes&quot;:[]},&quot;_transform_rotateY_effect&quot;:{&quot;unit&quot;:&quot;px&quot;,&quot;size&quot;:&quot;4&quot;,&quot;sizes&quot;:[]},&quot;_transform_perspective_effect&quot;:{&quot;unit&quot;:&quot;px&quot;,&quot;size&quot;:&quot;650&quot;,&quot;sizes&quot;:[]},&quot;_transform_rotateZ_effect_tablet&quot;:{&quot;unit&quot;:&quot;deg&quot;,&quot;size&quot;:&quot;&quot;,&quot;sizes&quot;:[]},&quot;_transform_rotateZ_effect_mobile&quot;:{&quot;unit&quot;:&quot;deg&quot;,&quot;size&quot;:&quot;&quot;,&quot;sizes&quot;:[]},&quot;_transform_rotateX_effect_tablet&quot;:{&quot;unit&quot;:&quot;deg&quot;,&quot;size&quot;:&quot;&quot;,&quot;sizes&quot;:[]},&quot;_transform_rotateX_effect_mobile&quot;:{&quot;unit&quot;:&quot;deg&quot;,&quot;size&quot;:&quot;&quot;,&quot;sizes&quot;:[]},&quot;_transform_rotateY_effect_tablet&quot;:{&quot;unit&quot;:&quot;deg&quot;,&quot;size&quot;:&quot;&quot;,&quot;sizes&quot;:[]},&quot;_transform_rotateY_effect_mobile&quot;:{&quot;unit&quot;:&quot;deg&quot;,&quot;size&quot;:&quot;&quot;,&quot;sizes&quot;:[]},&quot;_transform_perspective_effect_tablet&quot;:{&quot;unit&quot;:&quot;px&quot;,&quot;size&quot;:&quot;&quot;,&quot;sizes&quot;:[]},&quot;_transform_perspective_effect_mobile&quot;:{&quot;unit&quot;:&quot;px&quot;,&quot;size&quot;:&quot;&quot;,&quot;sizes&quot;:[]}}\" data-widget_type=\"image.default\">\n\t\t\t\t<div class=\"elementor-widget-container\">\n\t\t\t\t\t\t\t\t\t\t\t\t\t\t\t<img loading=\"lazy\" decoding=\"async\" width=\"800\" height=\"617\" src=\"https:\/\/www.omni-biotic.com\/hu-hu\/wp-content\/uploads\/sites\/7\/2023\/08\/Melyik-probiotikum-az-atereszto-bel-szindromanaljpg.jpg\" class=\"attachment-large size-large wp-image-17869\" alt=\"\u00c1tereszt\u0151 b\u00e9l szindr\u00f3ma, melyik probiotikum, milyen kezel\u00e9s, t\u00e1pl\u00e1lkoz\u00e1s, ter\u00e1pia, omni-biotic, \u00e1tereszt\u0151 b\u00e9l szindr\u00f3ma, sziv\u00e1rg\u00f3 b\u00e9l szindr\u00f3ma, probiotikum, omni-biotic, atereszto bel szindroma, atereszto belszindroma, \u00e1tereszt\u0151 b\u00e9l szindr\u00f3ma probiotikum, atereszto belszindroma etrend, \u00e1tereszt\u0151 b\u00e9lszindr\u00f3ma\" srcset=\"https:\/\/www.omni-biotic.com\/hu-hu\/wp-content\/uploads\/sites\/7\/2023\/08\/Melyik-probiotikum-az-atereszto-bel-szindromanaljpg.jpg 805w, https:\/\/www.omni-biotic.com\/hu-hu\/wp-content\/uploads\/sites\/7\/2023\/08\/Melyik-probiotikum-az-atereszto-bel-szindromanaljpg-300x231.jpg 300w, https:\/\/www.omni-biotic.com\/hu-hu\/wp-content\/uploads\/sites\/7\/2023\/08\/Melyik-probiotikum-az-atereszto-bel-szindromanaljpg-768x592.jpg 768w\" sizes=\"(max-width: 800px) 100vw, 800px\" title=\"\">\t\t\t\t\t\t\t\t\t\t\t\t\t\t\t<\/div>\n\t\t\t\t<\/div>\n\t\t\t\t<\/div>\n\t\t<div class=\"elementor-element elementor-element-c35b2d3 e-con-full obcs none e-flex e-con e-child\" data-id=\"c35b2d3\" data-element_type=\"container\">\n\t\t\t\t<div class=\"elementor-element elementor-element-5feb458 elementor-widget elementor-widget-heading\" data-id=\"5feb458\" data-element_type=\"widget\" data-widget_type=\"heading.default\">\n\t\t\t\t<div class=\"elementor-widget-container\">\n\t\t\t\t\t<h2 class=\"elementor-heading-title elementor-size-default\">Hogyan lehet kezelni az \u00e1tereszt\u0151 b\u00e9l szindr\u00f3m\u00e1t?<\/h2>\t\t\t\t<\/div>\n\t\t\t\t<\/div>\n\t\t\t\t<div class=\"elementor-element elementor-element-c2a294b elementor-widget elementor-widget-text-editor\" data-id=\"c2a294b\" data-element_type=\"widget\" data-widget_type=\"text-editor.default\">\n\t\t\t\t<div class=\"elementor-widget-container\">\n\t\t\t\t\t\t\t\t\t<p>Az\u00a0<strong>\u00e9trend megv\u00e1ltoztat\u00e1s\u00e1n<\/strong>\u00a0k\u00edv\u00fcl vannak m\u00e1s ter\u00e1pi\u00e1k is, melyek seg\u00edthetnek enyh\u00edteni a t\u00fcneteket, \u00e9s megk\u00f6nny\u00edthetik a diagn\u00f3zissal val\u00f3 egy\u00fctt\u00e9l\u00e9st.<\/p><p>Fontos azonban, hogy orvos\u00e1val egy\u00fctt v\u00e1lassza ki a megfelel\u0151 gy\u00f3gyszert. Egy m\u00e1sik ter\u00e1pi\u00e1s megk\u00f6zel\u00edt\u00e9s a probiotikus kezel\u00e9s. Az Eg\u00e9szs\u00e9g\u00fcgyi Vil\u00e1gszervezet (r\u00f6viden WHO) szerint a <strong>probiotikumok<\/strong>\u00a0&#8222;olyan \u00e9letk\u00e9pes\u00a0<strong>mikroorganizmusok<\/strong>, amelyek megfelel\u0151 mennyis\u00e9gben beadva eg\u00e9szs\u00e9gjav\u00edt\u00f3 hat\u00e1st gyakorolnak a gazdaszervezetre&#8221;. Ebben az esetben a gazdaszervezetnek az embert tekintik, aki a mikroorganizmusokat lenyeli.\u00a0<\/p><p>A probiotikumok olyan\u00a0<strong>bakt\u00e9riumokat<\/strong>\u00a0tartalmaznak, amelyek az emberi b\u00e9lben term\u00e9szetes m\u00f3don vannak jelen, \u00e9s \u00edgy t\u00e1mogatj\u00e1k a m\u00e1r jelen l\u00e9v\u0151 bakt\u00e9riumok tev\u00e9kenys\u00e9g\u00e9t. Gyakran el\u0151fordul, hogy \u00e1tereszt\u0151 b\u00e9l szindr\u00f3ma eset\u00e9n felborul a b\u00e9lben a j\u00f3 \u00e9s a rossz bakt\u00e9riumok egyens\u00falya. Az eg\u00e9szs\u00e9ges\u00a0<a href=\"https:\/\/www.omni-biotic.com\/hu\/belflora\/\"><strong>b\u00e9lfl\u00f3ra<\/strong>\u00a0<\/a>helyre\u00e1ll\u00edt\u00e1s\u00e1hoz \u00e9ppen ez\u00e9rt fontos az \u00e9letk\u00e9pes, probiotikus\u00a0<a href=\"https:\/\/www.omni-biotic.com\/hu\/belbakteriumok\/\"><strong>b\u00e9lbakt\u00e9riumok<\/strong>\u00a0<\/a>bevitele.<\/p>\t\t\t\t\t\t\t\t<\/div>\n\t\t\t\t<\/div>\n\t\t\t\t<\/div>\n\t\t\t\t\t<\/div>\n\t\t\t\t<\/div>\n\t\t<div class=\"elementor-element elementor-element-5f1983b obcs none e-flex e-con-boxed e-con e-parent\" data-id=\"5f1983b\" data-element_type=\"container\" data-settings=\"{&quot;background_background&quot;:&quot;classic&quot;,&quot;shape_divider_top&quot;:&quot;waves&quot;,&quot;shape_divider_bottom&quot;:&quot;waves&quot;}\">\n\t\t\t\t\t<div class=\"e-con-inner\">\n\t\t\t\t<div class=\"elementor-shape elementor-shape-top\" aria-hidden=\"true\" data-negative=\"false\">\n\t\t\t<svg xmlns=\"http:\/\/www.w3.org\/2000\/svg\" viewBox=\"0 0 1000 100\" preserveAspectRatio=\"none\">\n\t<path class=\"elementor-shape-fill\" d=\"M421.9,6.5c22.6-2.5,51.5,0.4,75.5,5.3c23.6,4.9,70.9,23.5,100.5,35.7c75.8,32.2,133.7,44.5,192.6,49.7\n\tc23.6,2.1,48.7,3.5,103.4-2.5c54.7-6,106.2-25.6,106.2-25.6V0H0v30.3c0,0,72,32.6,158.4,30.5c39.2-0.7,92.8-6.7,134-22.4\n\tc21.2-8.1,52.2-18.2,79.7-24.2C399.3,7.9,411.6,7.5,421.9,6.5z\"\/>\n<\/svg>\t\t<\/div>\n\t\t\t\t<div class=\"elementor-shape elementor-shape-bottom\" aria-hidden=\"true\" data-negative=\"false\">\n\t\t\t<svg xmlns=\"http:\/\/www.w3.org\/2000\/svg\" viewBox=\"0 0 1000 100\" preserveAspectRatio=\"none\">\n\t<path class=\"elementor-shape-fill\" d=\"M421.9,6.5c22.6-2.5,51.5,0.4,75.5,5.3c23.6,4.9,70.9,23.5,100.5,35.7c75.8,32.2,133.7,44.5,192.6,49.7\n\tc23.6,2.1,48.7,3.5,103.4-2.5c54.7-6,106.2-25.6,106.2-25.6V0H0v30.3c0,0,72,32.6,158.4,30.5c39.2-0.7,92.8-6.7,134-22.4\n\tc21.2-8.1,52.2-18.2,79.7-24.2C399.3,7.9,411.6,7.5,421.9,6.5z\"\/>\n<\/svg>\t\t<\/div>\n\t\t\t\t<div class=\"elementor-element elementor-element-73c340d elementor-widget__width-inherit elementor-widget elementor-widget-heading\" data-id=\"73c340d\" data-element_type=\"widget\" data-widget_type=\"heading.default\">\n\t\t\t\t<div class=\"elementor-widget-container\">\n\t\t\t\t\t<h2 class=\"elementor-heading-title elementor-size-default\">Mely probiotikus bakt\u00e9riumok javasoltak az \u00e1tereszt\u0151 b\u00e9l szindr\u00f3ma eset\u00e9n?<\/h2>\t\t\t\t<\/div>\n\t\t\t\t<\/div>\n\t\t\t\t<div class=\"elementor-element elementor-element-983ee36 elementor-widget elementor-widget-text-editor\" data-id=\"983ee36\" data-element_type=\"widget\" data-widget_type=\"text-editor.default\">\n\t\t\t\t<div class=\"elementor-widget-container\">\n\t\t\t\t\t\t\t\t\t<p>Ide\u00e1lis esetben olyan specifikus,\u00a0<a href=\"https:\/\/www.omni-biotic.com\/hu-hu\/a-belrendszer-egeszsege\/a-bel-az-egeszseg-kozpontja\/probiotikum\/\"><strong>probiotikus bakt\u00e9riumt\u00f6rzsek<\/strong> <\/a>kombin\u00e1ci\u00f3ja alkalmas, amelyek bizony\u00edtottan k\u00e9pesek cs\u00f6kkenteni a b\u00e9lny\u00e1lkah\u00e1rtya megn\u00f6vekedett nyitotts\u00e1g\u00e1t.<\/p><p>Az \u00e1tereszt\u0151 b\u00e9l szindr\u00f3ma eset\u00e9n hat\u00e9kony probiotikus bakt\u00e9riumfajok k\u00f6z\u00e9 tartozik a <em>Bifidobacterium longum, a Lactobacillus acidophilus, a Lactobacillus plantarum, a Lactococcus lactis \u00e9s a Streptococcus thermophiles<\/em>. Az adagol\u00e1s \u00e9s a szed\u00e9s aj\u00e1nlott id\u0151tartama k\u00fcl\u00f6nb\u00f6z\u0151 szempontokt\u00f3l f\u00fcgg pl.\u00a0 \u00e9letkor, esetleges alapbetegs\u00e9gek, \u00e9trend, pszichol\u00f3giai \u00e9s fizikai k\u00e1rosod\u00e1sok, doh\u00e1nyz\u00e1s, alkohol, k\u00fcl\u00f6nb\u00f6z\u0151 (gy\u00f3gyszeres) ter\u00e1pi\u00e1k stb. Az orvossal vagy a gy\u00f3gyszert\u00e1rban t\u00f6rt\u00e9n\u0151 r\u00e9szletes konzult\u00e1ci\u00f3 t\u00e1j\u00e9koztat\u00e1st ny\u00fajt arr\u00f3l, hogy mely probiotikum vagy a probiotikus bakt\u00e9riumt\u00f6rzsek mely kombin\u00e1ci\u00f3ja lehet a legjobb megold\u00e1s.<\/p>\t\t\t\t\t\t\t\t<\/div>\n\t\t\t\t<\/div>\n\t\t\t\t\t<\/div>\n\t\t\t\t<\/div>\n\t\t<div class=\"elementor-element elementor-element-e2d8223 obcs none e-flex e-con-boxed e-con e-parent\" data-id=\"e2d8223\" data-element_type=\"container\">\n\t\t\t\t\t<div class=\"e-con-inner\">\n\t\t\t\t<div class=\"elementor-element elementor-element-febdf4f elementor-widget__width-inherit elementor-widget elementor-widget-heading\" data-id=\"febdf4f\" data-element_type=\"widget\" data-widget_type=\"heading.default\">\n\t\t\t\t<div class=\"elementor-widget-container\">\n\t\t\t\t\t<p class=\"elementor-heading-title elementor-size-default\">Cikkek hasonl\u00f3 t\u00e9m\u00e1ban<\/p>\t\t\t\t<\/div>\n\t\t\t\t<\/div>\n\t\t\t\t<div class=\"elementor-element elementor-element-5ce5bc8 elementor-widget elementor-widget-li-widgets--posts-gallery\" data-id=\"5ce5bc8\" data-element_type=\"widget\" data-widget_type=\"li-widgets--posts-gallery.default\">\n\t\t\t\t<div class=\"elementor-widget-container\">\n\t\t\t\t\t    \n<div class=\"li-widgets--posts-gallery__pagination\" data-post-id=\"159\">\n\n    <div class=\"li-widgets--posts-gallery__pagination-results\">\n        1-6 a 21 eredm\u00e9nyek    <\/div>\n    <div class=\"li-widgets--posts-gallery__pagination-pages\">\n        oldalak 1 a 4    <\/div>\n    <div class=\"li-widgets--posts-gallery__pagination-url\">\n                            <a href=\"#\" data-href=\"https:\/\/www.omni-biotic.com\/hu-hu\/wp-json\/wp\/v2\/pages\/159\/?search&category=109&cur=1\">1<\/a>\n                    <a href=\"#\" data-href=\"https:\/\/www.omni-biotic.com\/hu-hu\/wp-json\/wp\/v2\/pages\/159\/?search&category=109&cur=2\">2<\/a>\n                    <a href=\"#\" data-href=\"https:\/\/www.omni-biotic.com\/hu-hu\/wp-json\/wp\/v2\/pages\/159\/?search&category=109&cur=3\">3<\/a>\n                            <a href=\"#\" data-href=\"https:\/\/www.omni-biotic.com\/hu-hu\/wp-json\/wp\/v2\/pages\/159\/?search&category=109&cur=4\">\u00bb<\/a>\n            <\/div>\n<\/div>\n<div class=\"li-widgets--posts-gallery blog\">\n                    <a href=\"https:\/\/www.omni-biotic.com\/hu-hu\/blog\/kronikus-faradtsag-szindroma\/\"\n           class=\"li-widgets--posts-gallery__post\">\n            <div class=\"post--image__container\">\n                <div class=\"post--image\">\n                    <img loading=\"lazy\" decoding=\"async\" width=\"700\" height=\"500\" src=\"https:\/\/www.omni-biotic.com\/hu-hu\/wp-content\/uploads\/sites\/7\/2025\/08\/Kornikus_faradtsag_szindroma-1.jpg\" class=\"attachment-medium_large size-medium_large wp-post-image\" alt=\"kr\u00f3nikus f\u00e1radts\u00e1g, kr\u00f3nikus f\u00e1radts\u00e1g szindr\u00f3ma, kr\u00f3nikus f\u00e1radts\u00e1g teszt, kr\u00f3nikus f\u00e1radts\u00e1g kezel\u00e9se, probiotikum, OMNi-BiOTiC\u00ae\" srcset=\"https:\/\/www.omni-biotic.com\/hu-hu\/wp-content\/uploads\/sites\/7\/2025\/08\/Kornikus_faradtsag_szindroma-1.jpg 700w, https:\/\/www.omni-biotic.com\/hu-hu\/wp-content\/uploads\/sites\/7\/2025\/08\/Kornikus_faradtsag_szindroma-1-300x214.jpg 300w\" sizes=\"(max-width: 700px) 100vw, 700px\" title=\"\">                <\/div>\n            <\/div>\n            <div class=\"post--teaser\">\n                <div class=\"title\">Kr\u00f3nikus f\u00e1radts\u00e1g szindr\u00f3ma<\/div>\n                <div class=\"description\">\n                    Ha valaki gyakran f\u00e1radtnak \u00e9s kimer\u00fcltnek \u00e9rzi mag\u00e1t m\u00e9g csek\u00e9ly meger\u0151ltet\u00e9s ut\u00e1n is, akkor a\u2026                    <br>\n                    <span class=\"read-more\">\n                            Tov\u00e1bb                        <\/span>\n                <\/div>\n                <div class=\"metadata\"><b>friss\u00edtve:<\/b> 8. augusztus 2025 \u2022 <b>Kateg\u00f3ri\u00e1k:<\/b> \u00dajdons\u00e1g a kutat\u00e1sb\u00f3l<\/div>\n            <\/div>\n        <\/a>\n                <a href=\"https:\/\/www.omni-biotic.com\/hu-hu\/blog\/hack-your-health-filmelemzes\/\"\n           class=\"li-widgets--posts-gallery__post\">\n            <div class=\"post--image__container\">\n                <div class=\"post--image\">\n                    <img loading=\"lazy\" decoding=\"async\" width=\"768\" height=\"542\" src=\"https:\/\/www.omni-biotic.com\/hu-hu\/wp-content\/uploads\/sites\/7\/2024\/06\/netflix_dokumentumfilm_mikrobiom-768x542.png\" class=\"attachment-medium_large size-medium_large wp-post-image\" alt=\"mikrobiom, mikrobi\u00f3ta, Hack your life, netflix, ferment\u00e1lt \u00e9telek, firmicutes bakt\u00e9riumok, Hack your life\" srcset=\"https:\/\/www.omni-biotic.com\/hu-hu\/wp-content\/uploads\/sites\/7\/2024\/06\/netflix_dokumentumfilm_mikrobiom-768x542.png 768w, https:\/\/www.omni-biotic.com\/hu-hu\/wp-content\/uploads\/sites\/7\/2024\/06\/netflix_dokumentumfilm_mikrobiom-300x212.png 300w, https:\/\/www.omni-biotic.com\/hu-hu\/wp-content\/uploads\/sites\/7\/2024\/06\/netflix_dokumentumfilm_mikrobiom.png 1024w\" sizes=\"(max-width: 768px) 100vw, 768px\" title=\"\">                <\/div>\n            <\/div>\n            <div class=\"post--teaser\">\n                <div class=\"title\">Netflix \u201eHack your health\u201c &#8211; filmelemz\u00e9s<\/div>\n                <div class=\"description\">\n                    A Netflix \u201eHack your health: Az em\u00e9szt\u00e9s\u00fcnk titkai\u201c c\u00edm\u0171 dokumentumfilmje a b\u00e9lmikrobiom (a b\u00e9lrendszer\u00fcnkben \u00e9l\u0151\u2026                    <br>\n                    <span class=\"read-more\">\n                            Tov\u00e1bb                        <\/span>\n                <\/div>\n                <div class=\"metadata\"><b>friss\u00edtve:<\/b> 13. j\u00fanius 2024 \u2022 <b>Kateg\u00f3ri\u00e1k:<\/b> \u00c1ltal\u00e1nos, \u00dajdons\u00e1g a kutat\u00e1sb\u00f3l<\/div>\n            <\/div>\n        <\/a>\n                <a href=\"https:\/\/www.omni-biotic.com\/hu-hu\/blog\/mi-az-a-spermidin\/\"\n           class=\"li-widgets--posts-gallery__post\">\n            <div class=\"post--image__container\">\n                <div class=\"post--image\">\n                    <img loading=\"lazy\" decoding=\"async\" width=\"768\" height=\"512\" src=\"https:\/\/www.omni-biotic.com\/hu-hu\/wp-content\/uploads\/sites\/7\/2024\/03\/spermidin.jpg\" class=\"attachment-medium_large size-medium_large wp-post-image\" alt=\"b\u00e9lbakt\u00e9rium, spermidin termel\u00e9se, omni-biotic, sejtregener\u00e1ci\u00f3\" srcset=\"https:\/\/www.omni-biotic.com\/hu-hu\/wp-content\/uploads\/sites\/7\/2024\/03\/spermidin.jpg 768w, https:\/\/www.omni-biotic.com\/hu-hu\/wp-content\/uploads\/sites\/7\/2024\/03\/spermidin-300x200.jpg 300w\" sizes=\"(max-width: 768px) 100vw, 768px\" title=\"\">                <\/div>\n            <\/div>\n            <div class=\"post--teaser\">\n                <div class=\"title\">Spermidin \u2013 A fiatals\u00e1g k\u00fatja a sejteknek<\/div>\n                <div class=\"description\">\n                    A spermidin a sejtmeg\u00faj\u00edt\u00f3 folyamat, az autof\u00e1gia hat\u00e9kony aktiv\u00e1torak\u00e9nt a &#8222;fiatals\u00e1g k\u00fatj\u00e1nak tekinthet\u0151. A mikrot\u00e1panyagot,\u2026                    <br>\n                    <span class=\"read-more\">\n                            Tov\u00e1bb                        <\/span>\n                <\/div>\n                <div class=\"metadata\"><b>friss\u00edtve:<\/b> 20. m\u00e1rcius 2024 \u2022 <b>Kateg\u00f3ri\u00e1k:<\/b> \u00dajdons\u00e1g a kutat\u00e1sb\u00f3l<\/div>\n            <\/div>\n        <\/a>\n                <a href=\"https:\/\/www.omni-biotic.com\/hu-hu\/blog\/a-gyogyszerek-hatasa-a-belflorara\/\"\n           class=\"li-widgets--posts-gallery__post\">\n            <div class=\"post--image__container\">\n                <div class=\"post--image\">\n                    <img loading=\"lazy\" decoding=\"async\" width=\"768\" height=\"510\" src=\"https:\/\/www.omni-biotic.com\/hu-hu\/wp-content\/uploads\/sites\/7\/2023\/01\/gyogyszerek_mellekhatasa_probiotikum-768x510.png\" class=\"attachment-medium_large size-medium_large wp-post-image\" alt=\"mikrobiom, mikrobi\u00f3ta,, gy\u00f3gyszerek hat\u00e1sa, antibiotikum mell\u00e9khat\u00e1sa, omni-biotic, probiotikum\" srcset=\"https:\/\/www.omni-biotic.com\/hu-hu\/wp-content\/uploads\/sites\/7\/2023\/01\/gyogyszerek_mellekhatasa_probiotikum-768x510.png 768w, https:\/\/www.omni-biotic.com\/hu-hu\/wp-content\/uploads\/sites\/7\/2023\/01\/gyogyszerek_mellekhatasa_probiotikum-300x199.png 300w, https:\/\/www.omni-biotic.com\/hu-hu\/wp-content\/uploads\/sites\/7\/2023\/01\/gyogyszerek_mellekhatasa_probiotikum.png 1024w\" sizes=\"(max-width: 768px) 100vw, 768px\" title=\"\">                <\/div>\n            <\/div>\n            <div class=\"post--teaser\">\n                <div class=\"title\">A gy\u00f3gyszerek hat\u00e1sa a b\u00e9lfl\u00f3r\u00e1ra<\/div>\n                <div class=\"description\">\n                    A gy\u00f3gyszerek negat\u00edv hat\u00e1ssal vannak a mikrobiomra. Azonban a b\u00e9lbakt\u00e9riumok szerepet j\u00e1tszanak a gy\u00f3gyszerek hat\u00e9konys\u00e1g\u00e1nak\u2026                    <br>\n                    <span class=\"read-more\">\n                            Tov\u00e1bb                        <\/span>\n                <\/div>\n                <div class=\"metadata\"><b>friss\u00edtve:<\/b> 11. j\u00fanius 2024 \u2022 <b>Kateg\u00f3ri\u00e1k:<\/b> Panaszok \u00e9s tan\u00e1csok, \u00dajdons\u00e1g a kutat\u00e1sb\u00f3l \u2022 <b>Szerz\u0151:<\/b> Margit Koudelka<\/div>\n            <\/div>\n        <\/a>\n                <a href=\"https:\/\/www.omni-biotic.com\/hu-hu\/blog\/crohn-betegseg-tuenetei\/\"\n           class=\"li-widgets--posts-gallery__post\">\n            <div class=\"post--image__container\">\n                <div class=\"post--image\">\n                    <img loading=\"lazy\" decoding=\"async\" width=\"768\" height=\"478\" src=\"https:\/\/www.omni-biotic.com\/hu-hu\/wp-content\/uploads\/sites\/7\/2023\/06\/belgyulladas-crohn-betegseg-768x478-1.png\" class=\"attachment-medium_large size-medium_large wp-post-image\" alt=\"crohn-betegs\u00e9g, crohn betegs\u00e9g, crohn betegs\u00e9g t\u00fcnetei, crohn betegs\u00e9g di\u00e9ta, crohn betegs\u00e9g kezel\u00e9se, crohn betegs\u00e9g lelki okai\" srcset=\"https:\/\/www.omni-biotic.com\/hu-hu\/wp-content\/uploads\/sites\/7\/2023\/06\/belgyulladas-crohn-betegseg-768x478-1.png 768w, https:\/\/www.omni-biotic.com\/hu-hu\/wp-content\/uploads\/sites\/7\/2023\/06\/belgyulladas-crohn-betegseg-768x478-1-300x187.png 300w\" sizes=\"(max-width: 768px) 100vw, 768px\" title=\"\">                <\/div>\n            <\/div>\n            <div class=\"post--teaser\">\n                <div class=\"title\">Crohn-betegs\u00e9g \u2013 Milyen t\u00fcnetei vannak?<\/div>\n                <div class=\"description\">\n                    A hosszan tart\u00f3 hasmen\u00e9s, a hasi g\u00f6rcs\u00f6k, a h\u00e1nyinger, az \u00e9tv\u00e1gytalans\u00e1g, valamint az ezzel j\u00e1r\u00f3\u2026                    <br>\n                    <span class=\"read-more\">\n                            Tov\u00e1bb                        <\/span>\n                <\/div>\n                <div class=\"metadata\"><b>friss\u00edtve:<\/b> 27. febru\u00e1r 2024 \u2022 <b>Kateg\u00f3ri\u00e1k:<\/b> \u00dajdons\u00e1g a kutat\u00e1sb\u00f3l \u2022 <b>Szerz\u0151:<\/b> Katrin Griebler<\/div>\n            <\/div>\n        <\/a>\n                <a href=\"https:\/\/www.omni-biotic.com\/hu-hu\/blog\/belbakteriumok-fajtai-es-szerepe\/\"\n           class=\"li-widgets--posts-gallery__post\">\n            <div class=\"post--image__container\">\n                <div class=\"post--image\">\n                    <img loading=\"lazy\" decoding=\"async\" width=\"400\" height=\"300\" src=\"https:\/\/www.omni-biotic.com\/hu-hu\/wp-content\/uploads\/sites\/7\/2023\/04\/belbakteriumok-fajtai-akkermansiajpg.jpg\" class=\"attachment-medium_large size-medium_large wp-post-image\" alt=\"b\u00e9lbakt\u00e9riumok helyre\u00e1ll\u00edt\u00e1sa, b\u00e9lbakt\u00e9riumok, b\u00e9lbakt\u00e9riumok t\u00fcnetei, b\u00e9lfl\u00f3ra, mikrobiom, b\u00e9lmikrobiom\" srcset=\"https:\/\/www.omni-biotic.com\/hu-hu\/wp-content\/uploads\/sites\/7\/2023\/04\/belbakteriumok-fajtai-akkermansiajpg.jpg 400w, https:\/\/www.omni-biotic.com\/hu-hu\/wp-content\/uploads\/sites\/7\/2023\/04\/belbakteriumok-fajtai-akkermansiajpg-300x225.jpg 300w\" sizes=\"(max-width: 400px) 100vw, 400px\" title=\"\">                <\/div>\n            <\/div>\n            <div class=\"post--teaser\">\n                <div class=\"title\">A b\u00e9lbakt\u00e9riumok fajt\u00e1i \u00e9s szerepe<\/div>\n                <div class=\"description\">\n                    A bakt\u00e9riumok harmonikus \u00f6sszj\u00e1t\u00e9ka a b\u00e9lben kiegyens\u00falyozatlann\u00e1 v\u00e1lhat a helytelen t\u00e1pl\u00e1lkoz\u00e1s, a k\u00fcl\u00f6nb\u00f6z\u0151 gy\u00f3gyszerek, de\u2026                    <br>\n                    <span class=\"read-more\">\n                            Tov\u00e1bb                        <\/span>\n                <\/div>\n                <div class=\"metadata\"><b>friss\u00edtve:<\/b> 6. febru\u00e1r 2024 \u2022 <b>Kateg\u00f3ri\u00e1k:<\/b> Panaszok \u00e9s tan\u00e1csok, \u00dajdons\u00e1g a kutat\u00e1sb\u00f3l \u2022 <b>Szerz\u0151:<\/b> Eva Owesny \u00e9s Emanuel Munkhambwa<\/div>\n            <\/div>\n        <\/a>\n            <\/div>\n\t\t\t\t<\/div>\n\t\t\t\t<\/div>\n\t\t\t\t\t<\/div>\n\t\t\t\t<\/div>\n\t\t\t\t<\/div>\n\t\t","protected":false},"excerpt":{"rendered":"<p>\u00c1tereszt\u0151 b\u00e9l szindr\u00f3ma \u2013 a sziv\u00e1rg\u00f3 b\u00e9l A sziv\u00e1rg\u00f3 b\u00e9l szindr\u00f3m\u00e1t t\u00f6bbsz\u00f6r \u00f6sszef\u00fcgg\u00e9sbe hozz\u00e1k m\u00e1s betegs\u00e9gekkel, p\u00e9ld\u00e1ul autoimmun betegs\u00e9gekkel. A tud\u00f3sok m\u00e1r r\u00e9g\u00f3ta vizsg\u00e1lj\u00e1k a sziv\u00e1rg\u00f3 b\u00e9l szerep\u00e9t betegs\u00e9gek kialakul\u00e1s\u00e1ban \u00e9s azt, hogy mik\u00e9nt hat mikrobiomunkra. Tartalomjegyz\u00e9k Mi is az az \u00e1tereszt\u0151 b\u00e9l szindr\u00f3ma? Az \u00e1tereszt\u0151 b\u00e9l szindr\u00f3ma vagy m\u00e1s n\u00e9ven sziv\u00e1rg\u00f3 b\u00e9l szindr\u00f3ma kifejez\u00e9s [&hellip;]<\/p>\n","protected":false},"author":3,"featured_media":17862,"parent":153,"menu_order":480,"comment_status":"closed","ping_status":"closed","template":"","meta":{"_acf_changed":false,"inline_featured_image":false,"footnotes":""},"class_list":["post-159","page","type-page","status-publish","has-post-thumbnail","hentry"],"acf":[],"_links":{"self":[{"href":"https:\/\/www.omni-biotic.com\/hu-hu\/wp-json\/wp\/v2\/pages\/159","targetHints":{"allow":["GET"]}}],"collection":[{"href":"https:\/\/www.omni-biotic.com\/hu-hu\/wp-json\/wp\/v2\/pages"}],"about":[{"href":"https:\/\/www.omni-biotic.com\/hu-hu\/wp-json\/wp\/v2\/types\/page"}],"author":[{"embeddable":true,"href":"https:\/\/www.omni-biotic.com\/hu-hu\/wp-json\/wp\/v2\/users\/3"}],"replies":[{"embeddable":true,"href":"https:\/\/www.omni-biotic.com\/hu-hu\/wp-json\/wp\/v2\/comments?post=159"}],"version-history":[{"count":7,"href":"https:\/\/www.omni-biotic.com\/hu-hu\/wp-json\/wp\/v2\/pages\/159\/revisions"}],"predecessor-version":[{"id":21548,"href":"https:\/\/www.omni-biotic.com\/hu-hu\/wp-json\/wp\/v2\/pages\/159\/revisions\/21548"}],"up":[{"embeddable":true,"href":"https:\/\/www.omni-biotic.com\/hu-hu\/wp-json\/wp\/v2\/pages\/153"}],"wp:featuredmedia":[{"embeddable":true,"href":"https:\/\/www.omni-biotic.com\/hu-hu\/wp-json\/wp\/v2\/media\/17862"}],"wp:attachment":[{"href":"https:\/\/www.omni-biotic.com\/hu-hu\/wp-json\/wp\/v2\/media?parent=159"}],"curies":[{"name":"wp","href":"https:\/\/api.w.org\/{rel}","templated":true}]}}