{"id":161,"date":"2022-03-07T10:07:28","date_gmt":"2022-03-07T09:07:28","guid":{"rendered":"https:\/\/www.omni-biotic.com\/darmbeschwerden\/reizdarm-syndrom\/"},"modified":"2023-09-13T16:52:40","modified_gmt":"2023-09-13T14:52:40","slug":"irritabilis-bel-szindroma","status":"publish","type":"page","link":"https:\/\/www.omni-biotic.com\/hu-hu\/belpanaszok\/irritabilis-bel-szindroma\/","title":{"rendered":"Irrit\u00e1bilis b\u00e9l szindr\u00f3ma"},"content":{"rendered":"\t\t<div data-elementor-type=\"wp-page\" data-elementor-id=\"161\" class=\"elementor elementor-161\" data-elementor-post-type=\"page\">\n\t\t\t\t<div class=\"elementor-element elementor-element-5a48194 e-con-full obcs none e-flex e-con e-parent\" data-id=\"5a48194\" data-element_type=\"container\" data-settings=\"{&quot;background_background&quot;:&quot;classic&quot;,&quot;shape_divider_bottom&quot;:&quot;waves&quot;}\">\n\t\t\t\t<div class=\"elementor-shape elementor-shape-bottom\" aria-hidden=\"true\" data-negative=\"false\">\n\t\t\t<svg xmlns=\"http:\/\/www.w3.org\/2000\/svg\" viewBox=\"0 0 1000 100\" preserveAspectRatio=\"none\">\n\t<path class=\"elementor-shape-fill\" d=\"M421.9,6.5c22.6-2.5,51.5,0.4,75.5,5.3c23.6,4.9,70.9,23.5,100.5,35.7c75.8,32.2,133.7,44.5,192.6,49.7\n\tc23.6,2.1,48.7,3.5,103.4-2.5c54.7-6,106.2-25.6,106.2-25.6V0H0v30.3c0,0,72,32.6,158.4,30.5c39.2-0.7,92.8-6.7,134-22.4\n\tc21.2-8.1,52.2-18.2,79.7-24.2C399.3,7.9,411.6,7.5,421.9,6.5z\"\/>\n<\/svg>\t\t<\/div>\n\t\t<div class=\"elementor-element elementor-element-7344930 e-con-full obcs none e-flex e-con e-parent\" data-id=\"7344930\" data-element_type=\"container\" data-settings=\"{&quot;background_background&quot;:&quot;gradient&quot;}\">\n\t\t\t\t<div class=\"elementor-element elementor-element-1900e46 elementor-widget elementor-widget-heading\" data-id=\"1900e46\" data-element_type=\"widget\" data-widget_type=\"heading.default\">\n\t\t\t\t<div class=\"elementor-widget-container\">\n\t\t\t\t\t<h1 class=\"elementor-heading-title elementor-size-default\">Irrit\u00e1bilis b\u00e9l szindr\u00f3ma (IBS)<\/h1>\t\t\t\t<\/div>\n\t\t\t\t<\/div>\n\t\t\t\t<div class=\"elementor-element elementor-element-15b502f elementor-widget-divider--view-line elementor-widget elementor-widget-divider\" data-id=\"15b502f\" data-element_type=\"widget\" data-widget_type=\"divider.default\">\n\t\t\t\t<div class=\"elementor-widget-container\">\n\t\t\t\t\t\t\t<div class=\"elementor-divider\">\n\t\t\t<span class=\"elementor-divider-separator\">\n\t\t\t\t\t\t<\/span>\n\t\t<\/div>\n\t\t\t\t\t\t<\/div>\n\t\t\t\t<\/div>\n\t\t\t\t<div class=\"elementor-element elementor-element-48ef8a8 elementor-widget-tablet__width-initial elementor-widget elementor-widget-text-editor\" data-id=\"48ef8a8\" data-element_type=\"widget\" data-widget_type=\"text-editor.default\">\n\t\t\t\t<div class=\"elementor-widget-container\">\n\t\t\t\t\t\t\t\t\t<p>Irrit\u00e1bilis b\u00e9l szindr\u00f3ma eset\u00e9n a betegn\u00e9l k\u00fcl\u00f6nf\u00e9le <strong>gyomor-b\u00e9lrendszeri panaszok<\/strong> jelentkeznek. H\u00e1tter\u00fckben <strong>szervi okok nem mutatkoznak<\/strong>. Funkcion\u00e1lis em\u00e9szt\u0151rendszeri probl\u00e9m\u00e1r\u00f3l van sz\u00f3.\u00a0<\/p>\t\t\t\t\t\t\t\t<\/div>\n\t\t\t\t<\/div>\n\t\t\t\t<\/div>\n\t\t<div class=\"elementor-element elementor-element-ebd70f6 e-con-full elementor-hidden-mobile obcs none e-flex e-con e-parent\" data-id=\"ebd70f6\" data-element_type=\"container\">\n\t\t\t\t<\/div>\n\t\t\t\t<\/div>\n\t\t<div class=\"elementor-element elementor-element-9cfcf52 obcs none e-flex e-con-boxed e-con e-parent\" data-id=\"9cfcf52\" data-element_type=\"container\">\n\t\t\t\t\t<div class=\"e-con-inner\">\n\t\t<div class=\"elementor-element elementor-element-7e8df40 e-con-full obcs none e-flex e-con e-parent\" data-id=\"7e8df40\" data-element_type=\"container\">\n\t\t\t\t<\/div>\n\t\t<div class=\"elementor-element elementor-element-49b718a e-con-full obcs none e-flex e-con e-parent\" data-id=\"49b718a\" data-element_type=\"container\">\n\t\t\t\t<div class=\"elementor-element elementor-element-a9e12d0 elementor-toc--minimized-on-desktop elementor-widget elementor-widget-table-of-contents\" data-id=\"a9e12d0\" data-element_type=\"widget\" data-settings=\"{&quot;exclude_headings_by_selector&quot;:[],&quot;minimized_on&quot;:&quot;desktop&quot;,&quot;headings_by_tags&quot;:[&quot;h2&quot;,&quot;h3&quot;,&quot;h4&quot;,&quot;h5&quot;,&quot;h6&quot;],&quot;marker_view&quot;:&quot;numbers&quot;,&quot;no_headings_message&quot;:&quot;Ezen az oldalon nem tal\\u00e1lhat\\u00f3 c\\u00edmsor.&quot;,&quot;minimize_box&quot;:&quot;yes&quot;,&quot;hierarchical_view&quot;:&quot;yes&quot;,&quot;min_height&quot;:{&quot;unit&quot;:&quot;px&quot;,&quot;size&quot;:&quot;&quot;,&quot;sizes&quot;:[]},&quot;min_height_tablet&quot;:{&quot;unit&quot;:&quot;px&quot;,&quot;size&quot;:&quot;&quot;,&quot;sizes&quot;:[]},&quot;min_height_mobile&quot;:{&quot;unit&quot;:&quot;px&quot;,&quot;size&quot;:&quot;&quot;,&quot;sizes&quot;:[]}}\" data-widget_type=\"table-of-contents.default\">\n\t\t\t\t<div class=\"elementor-widget-container\">\n\t\t\t\t\t\t\t\t\t<div class=\"elementor-toc__header\">\n\t\t\t\t\t\t<h4 class=\"elementor-toc__header-title\">\n\t\t\t\tTartalomjegyz\u00e9k\t\t\t<\/h4>\n\t\t\t\t\t\t\t\t\t\t<div class=\"elementor-toc__toggle-button elementor-toc__toggle-button--expand\" role=\"button\" tabindex=\"0\" aria-controls=\"elementor-toc__a9e12d0\" aria-expanded=\"true\" aria-label=\"Open table of contents\"><i aria-hidden=\"true\" class=\"fas fa-chevron-down\"><\/i><\/div>\n\t\t\t\t<div class=\"elementor-toc__toggle-button elementor-toc__toggle-button--collapse\" role=\"button\" tabindex=\"0\" aria-controls=\"elementor-toc__a9e12d0\" aria-expanded=\"true\" aria-label=\"Close table of contents\"><i aria-hidden=\"true\" class=\"fas fa-chevron-up\"><\/i><\/div>\n\t\t\t\t\t<\/div>\n\t\t\t\t<div id=\"elementor-toc__a9e12d0\" class=\"elementor-toc__body\">\n\t\t\t<div class=\"elementor-toc__spinner-container\">\n\t\t\t\t<i class=\"elementor-toc__spinner eicon-animation-spin eicon-loading\" aria-hidden=\"true\"><\/i>\t\t\t<\/div>\n\t\t<\/div>\n\t\t\t\t\t\t<\/div>\n\t\t\t\t<\/div>\n\t\t\t\t<\/div>\n\t\t\t\t\t<\/div>\n\t\t\t\t<\/div>\n\t\t<div class=\"elementor-element elementor-element-f760060 obcs none e-flex e-con-boxed e-con e-parent\" data-id=\"f760060\" data-element_type=\"container\">\n\t\t\t\t\t<div class=\"e-con-inner\">\n\t\t<div class=\"elementor-element elementor-element-fa83aca e-con-full obcs none e-flex e-con e-parent\" data-id=\"fa83aca\" data-element_type=\"container\">\n\t\t\t\t<div class=\"elementor-element elementor-element-a73a6d5 e-transform elementor-widget elementor-widget-image\" data-id=\"a73a6d5\" data-element_type=\"widget\" data-settings=\"{&quot;_transform_rotateZ_effect&quot;:{&quot;unit&quot;:&quot;px&quot;,&quot;size&quot;:&quot;0&quot;,&quot;sizes&quot;:[]},&quot;_transform_rotate_3d&quot;:&quot;yes&quot;,&quot;_transform_rotateX_effect&quot;:{&quot;unit&quot;:&quot;px&quot;,&quot;size&quot;:&quot;0&quot;,&quot;sizes&quot;:[]},&quot;_transform_rotateY_effect&quot;:{&quot;unit&quot;:&quot;px&quot;,&quot;size&quot;:&quot;4&quot;,&quot;sizes&quot;:[]},&quot;_transform_perspective_effect&quot;:{&quot;unit&quot;:&quot;px&quot;,&quot;size&quot;:&quot;650&quot;,&quot;sizes&quot;:[]},&quot;_transform_rotateZ_effect_tablet&quot;:{&quot;unit&quot;:&quot;deg&quot;,&quot;size&quot;:&quot;&quot;,&quot;sizes&quot;:[]},&quot;_transform_rotateZ_effect_mobile&quot;:{&quot;unit&quot;:&quot;deg&quot;,&quot;size&quot;:&quot;&quot;,&quot;sizes&quot;:[]},&quot;_transform_rotateX_effect_tablet&quot;:{&quot;unit&quot;:&quot;deg&quot;,&quot;size&quot;:&quot;&quot;,&quot;sizes&quot;:[]},&quot;_transform_rotateX_effect_mobile&quot;:{&quot;unit&quot;:&quot;deg&quot;,&quot;size&quot;:&quot;&quot;,&quot;sizes&quot;:[]},&quot;_transform_rotateY_effect_tablet&quot;:{&quot;unit&quot;:&quot;deg&quot;,&quot;size&quot;:&quot;&quot;,&quot;sizes&quot;:[]},&quot;_transform_rotateY_effect_mobile&quot;:{&quot;unit&quot;:&quot;deg&quot;,&quot;size&quot;:&quot;&quot;,&quot;sizes&quot;:[]},&quot;_transform_perspective_effect_tablet&quot;:{&quot;unit&quot;:&quot;px&quot;,&quot;size&quot;:&quot;&quot;,&quot;sizes&quot;:[]},&quot;_transform_perspective_effect_mobile&quot;:{&quot;unit&quot;:&quot;px&quot;,&quot;size&quot;:&quot;&quot;,&quot;sizes&quot;:[]}}\" data-widget_type=\"image.default\">\n\t\t\t\t<div class=\"elementor-widget-container\">\n\t\t\t\t\t\t\t\t\t\t\t\t\t\t\t<img fetchpriority=\"high\" decoding=\"async\" width=\"800\" height=\"698\" src=\"https:\/\/www.omni-biotic.com\/hu-hu\/wp-content\/uploads\/sites\/7\/2023\/07\/IBS-1024x894-1.jpg\" class=\"attachment-large size-large wp-image-16738\" alt=\"Irrit\u00e1bilis b\u00e9l szindr\u00f3ma kezel\u00e9se, t\u00fcnetei, kiv\u00e1lt\u00f3 okok\" srcset=\"https:\/\/www.omni-biotic.com\/hu-hu\/wp-content\/uploads\/sites\/7\/2023\/07\/IBS-1024x894-1.jpg 1024w, https:\/\/www.omni-biotic.com\/hu-hu\/wp-content\/uploads\/sites\/7\/2023\/07\/IBS-1024x894-1-300x262.jpg 300w, https:\/\/www.omni-biotic.com\/hu-hu\/wp-content\/uploads\/sites\/7\/2023\/07\/IBS-1024x894-1-768x671.jpg 768w\" sizes=\"(max-width: 800px) 100vw, 800px\" title=\"\">\t\t\t\t\t\t\t\t\t\t\t\t\t\t\t<\/div>\n\t\t\t\t<\/div>\n\t\t\t\t<\/div>\n\t\t<div class=\"elementor-element elementor-element-d724d51 e-con-full obcs none e-flex e-con e-parent\" data-id=\"d724d51\" data-element_type=\"container\">\n\t\t\t\t<div class=\"elementor-element elementor-element-cb9f3f7 elementor-widget elementor-widget-heading\" data-id=\"cb9f3f7\" data-element_type=\"widget\" data-widget_type=\"heading.default\">\n\t\t\t\t<div class=\"elementor-widget-container\">\n\t\t\t\t\t<h2 class=\"elementor-heading-title elementor-size-default\">Mi is az az irrit\u00e1bilis b\u00e9l szindr\u00f3ma (IBS)?<\/h2>\t\t\t\t<\/div>\n\t\t\t\t<\/div>\n\t\t\t\t<div class=\"elementor-element elementor-element-c78985b elementor-widget elementor-widget-text-editor\" data-id=\"c78985b\" data-element_type=\"widget\" data-widget_type=\"text-editor.default\">\n\t\t\t\t<div class=\"elementor-widget-container\">\n\t\t\t\t\t\t\t\t\t<p>Az\u00a0<strong>irrit\u00e1bilis b\u00e9l szindr\u00f3ma<\/strong>\u00a0(IBS) a gyomor-b\u00e9l traktus egyik<strong>\u00a0leggyakoribb funkcion\u00e1lis rendelleness\u00e9ge<\/strong>. Nemcsak a\u00a0<strong>vastagb\u00e9l<\/strong>\u00a0\u00e9rintett, hanem az\u00a0<strong>em\u00e9szt\u0151rendszer<\/strong> teljes hossza. A s\u00falyos em\u00e9szt\u00e9si probl\u00e9m\u00e1k h\u00e1tter\u00e9ben sokszor az alapos orvosi kivizsg\u00e1l\u00e1s k\u00f6vetkezt\u00e9ben sem fedezhet\u0151 fel szervi ok.<\/p><p>Becsl\u00e9sek szerint a fejeltt \u00e1llamokban a\u00a0<strong>lakoss\u00e1g k\u00f6r\u00fclbel\u00fcl 20%-a<\/strong>\u00a0szenved kisebb-nagyobb m\u00e9rt\u00e9kben IBS-ben. A\u00a0<strong>n\u0151k<\/strong>\u00a0k\u00f6r\u00fclbel\u00fcl k\u00e9tszer olyan gyakran \u00e9rintettek, mint a f\u00e9rfiak. A t\u00fcnetek \u00e1ltal\u00e1ban\u00a0<strong>20 \u00e9s 30 \u00e9ves kor<\/strong>\u00a0k\u00f6z\u00f6tt jelentkeznek el\u0151sz\u00f6r, \u00e9s gyakran h\u00f3napokig vagy \u00e9vekig tartanak. A b\u00e9lfert\u0151z\u00e9ssel kapcsolatos\u00a0<strong>antibiotikum-haszn\u00e1lat<\/strong>\u00a0gyakran azonos\u00edthat\u00f3 kiv\u00e1lt\u00f3 okk\u00e9nt (\u00fan. fert\u0151z\u00e9s ut\u00e1ni irrit\u00e1bilis b\u00e9l szindr\u00f3ma). A <strong>betegek \u00e9letmin\u0151s\u00e9ge<\/strong> sok esetben jelent\u0151sen <strong>cs\u00f6kken<\/strong>.<\/p>\t\t\t\t\t\t\t\t<\/div>\n\t\t\t\t<\/div>\n\t\t\t\t<\/div>\n\t\t\t\t\t<\/div>\n\t\t\t\t<\/div>\n\t\t<div class=\"elementor-element elementor-element-5a65252 obcs green e-flex e-con-boxed e-con e-parent\" data-id=\"5a65252\" data-element_type=\"container\">\n\t\t\t\t\t<div class=\"e-con-inner\">\n\t\t<div class=\"elementor-element elementor-element-e0c7276 e-con-full obcs none e-flex e-con e-parent\" data-id=\"e0c7276\" data-element_type=\"container\">\n\t\t\t\t<div class=\"elementor-element elementor-element-b56c1e1 elementor-widget elementor-widget-heading\" data-id=\"b56c1e1\" data-element_type=\"widget\" data-widget_type=\"heading.default\">\n\t\t\t\t<div class=\"elementor-widget-container\">\n\t\t\t\t\t<h2 class=\"elementor-heading-title elementor-size-default\">Mik az irrit\u00e1bilis b\u00e9l szindr\u00f3ma t\u00fcnetei?<\/h2>\t\t\t\t<\/div>\n\t\t\t\t<\/div>\n\t\t\t\t<div class=\"elementor-element elementor-element-194db69 elementor-widget elementor-widget-text-editor\" data-id=\"194db69\" data-element_type=\"widget\" data-widget_type=\"text-editor.default\">\n\t\t\t\t<div class=\"elementor-widget-container\">\n\t\t\t\t\t\t\t\t\t<p>Az irrit\u00e1bilis b\u00e9l szindr\u00f3ma tipikus t\u00fcnetei a <strong>hasi f\u00e1jdalom, g\u00f6rcs\u00f6k, puffad\u00e1s \u00e9s sz\u00e9kreked\u00e9s <\/strong>vagy <strong>hasmen\u00e9s<\/strong>. A stressz is s\u00falyosb\u00edtja a t\u00fcneteket, melyek sz\u00e9klet\u00fcr\u00edt\u00e9s ut\u00e1n n\u00e9ha enyh\u00fclnek, \u00e9tkez\u00e9s ut\u00e1n azonban, ha az \u00e9rintett t\u00fal sokat evett, gyakrabban jelentkeznek. Ilyenkor el\u0151fordulhat, hogy az <strong>em\u00e9szt\u0151enzimek<\/strong>\u00a0mennyis\u00e9ge nem elegend\u0151, rothad\u00e1si \u00e9s erjed\u00e9si dyspepsia l\u00e9p fel, ami pedig\u00a0<strong>puffad\u00e1st<\/strong>\u00a0v\u00e1lt ki.<\/p><p>Olyan <b>\u00e9rz\u00e9s<\/b>, mintha a b\u00e9l nem lenne k\u00e9pes megfelel\u0151en ki\u00fcr\u00fclni. <strong>Gyomor\u00e9g\u00e9s<\/strong>, b\u00fcf\u00f6g\u00e9s \u00e9s b\u00e9lhangok is el\u0151fordulhatnak. Csak m\u00e1s s\u00falyos szervi betegs\u00e9gek kiz\u00e1r\u00e1sa ut\u00e1n (a t\u00fcnetek egy\u00e9b okait ki kell z\u00e1rni) lehet az irrit\u00e1bilis b\u00e9l szindr\u00f3ma diagn\u00f3zist fel\u00e1ll\u00edtani. Maga a betegs\u00e9g nagyon megterhel\u0151, de nem vesz\u00e9lyes.<\/p>\t\t\t\t\t\t\t\t<\/div>\n\t\t\t\t<\/div>\n\t\t\t\t<\/div>\n\t\t<div class=\"elementor-element elementor-element-815e885 e-con-full obcs none e-flex e-con e-parent\" data-id=\"815e885\" data-element_type=\"container\">\n\t\t\t\t<div class=\"elementor-element elementor-element-d952ca8 e-transform elementor-widget elementor-widget-image\" data-id=\"d952ca8\" data-element_type=\"widget\" data-settings=\"{&quot;_transform_rotateZ_effect&quot;:{&quot;unit&quot;:&quot;px&quot;,&quot;size&quot;:&quot;0&quot;,&quot;sizes&quot;:[]},&quot;_transform_rotate_3d&quot;:&quot;yes&quot;,&quot;_transform_rotateX_effect&quot;:{&quot;unit&quot;:&quot;px&quot;,&quot;size&quot;:&quot;0&quot;,&quot;sizes&quot;:[]},&quot;_transform_rotateY_effect&quot;:{&quot;unit&quot;:&quot;px&quot;,&quot;size&quot;:&quot;-4&quot;,&quot;sizes&quot;:[]},&quot;_transform_perspective_effect&quot;:{&quot;unit&quot;:&quot;px&quot;,&quot;size&quot;:&quot;650&quot;,&quot;sizes&quot;:[]},&quot;_transform_rotateZ_effect_tablet&quot;:{&quot;unit&quot;:&quot;deg&quot;,&quot;size&quot;:&quot;&quot;,&quot;sizes&quot;:[]},&quot;_transform_rotateZ_effect_mobile&quot;:{&quot;unit&quot;:&quot;deg&quot;,&quot;size&quot;:&quot;&quot;,&quot;sizes&quot;:[]},&quot;_transform_rotateX_effect_tablet&quot;:{&quot;unit&quot;:&quot;deg&quot;,&quot;size&quot;:&quot;&quot;,&quot;sizes&quot;:[]},&quot;_transform_rotateX_effect_mobile&quot;:{&quot;unit&quot;:&quot;deg&quot;,&quot;size&quot;:&quot;&quot;,&quot;sizes&quot;:[]},&quot;_transform_rotateY_effect_tablet&quot;:{&quot;unit&quot;:&quot;deg&quot;,&quot;size&quot;:&quot;&quot;,&quot;sizes&quot;:[]},&quot;_transform_rotateY_effect_mobile&quot;:{&quot;unit&quot;:&quot;deg&quot;,&quot;size&quot;:&quot;&quot;,&quot;sizes&quot;:[]},&quot;_transform_perspective_effect_tablet&quot;:{&quot;unit&quot;:&quot;px&quot;,&quot;size&quot;:&quot;&quot;,&quot;sizes&quot;:[]},&quot;_transform_perspective_effect_mobile&quot;:{&quot;unit&quot;:&quot;px&quot;,&quot;size&quot;:&quot;&quot;,&quot;sizes&quot;:[]}}\" data-widget_type=\"image.default\">\n\t\t\t\t<div class=\"elementor-widget-container\">\n\t\t\t\t\t\t\t\t\t\t\t\t\t\t\t<img decoding=\"async\" width=\"800\" height=\"799\" src=\"https:\/\/www.omni-biotic.com\/hu-hu\/wp-content\/uploads\/sites\/7\/2023\/07\/IBS-tunetek.jpg\" class=\"attachment-large size-large wp-image-16739\" alt=\"Irrit\u00e1bilis b\u00e9l szindr\u00f3ma kezel\u00e9se, t\u00fcnetei, kiv\u00e1lt\u00f3 okok\" srcset=\"https:\/\/www.omni-biotic.com\/hu-hu\/wp-content\/uploads\/sites\/7\/2023\/07\/IBS-tunetek.jpg 800w, https:\/\/www.omni-biotic.com\/hu-hu\/wp-content\/uploads\/sites\/7\/2023\/07\/IBS-tunetek-300x300.jpg 300w, https:\/\/www.omni-biotic.com\/hu-hu\/wp-content\/uploads\/sites\/7\/2023\/07\/IBS-tunetek-150x150.jpg 150w, https:\/\/www.omni-biotic.com\/hu-hu\/wp-content\/uploads\/sites\/7\/2023\/07\/IBS-tunetek-768x767.jpg 768w\" sizes=\"(max-width: 800px) 100vw, 800px\" title=\"\">\t\t\t\t\t\t\t\t\t\t\t\t\t\t\t<\/div>\n\t\t\t\t<\/div>\n\t\t\t\t<\/div>\n\t\t\t\t\t<\/div>\n\t\t\t\t<\/div>\n\t\t<div class=\"elementor-element elementor-element-50a8d2b obcs none e-flex e-con-boxed e-con e-parent\" data-id=\"50a8d2b\" data-element_type=\"container\">\n\t\t\t\t\t<div class=\"e-con-inner\">\n\t\t<div class=\"elementor-element elementor-element-e1a598c e-con-full obcs none e-flex elementor-invisible e-con e-parent\" data-id=\"e1a598c\" data-element_type=\"container\" data-settings=\"{&quot;animation&quot;:&quot;bounceInLeft&quot;}\">\n\t\t<div class=\"elementor-element elementor-element-f36e048 obcs none e-flex e-con-boxed e-con e-parent\" data-id=\"f36e048\" data-element_type=\"container\">\n\t\t\t\t\t<div class=\"e-con-inner\">\n\t\t\t\t<div class=\"elementor-element elementor-element-99e98d1 elementor-widget elementor-widget-image\" data-id=\"99e98d1\" data-element_type=\"widget\" data-widget_type=\"image.default\">\n\t\t\t\t<div class=\"elementor-widget-container\">\n\t\t\t\t\t\t\t\t\t\t\t\t\t\t\t<img decoding=\"async\" width=\"150\" height=\"150\" src=\"https:\/\/www.omni-biotic.com\/hu-hu\/wp-content\/uploads\/sites\/7\/2023\/07\/IBS-irritable-bowl-syndrom-150x150-1.png\" class=\"attachment-thumbnail size-thumbnail wp-image-16740\" alt=\"Irrit\u00e1bilis b\u00e9l szindr\u00f3ma kezel\u00e9se, t\u00fcnetei, kiv\u00e1lt\u00f3 okok\" title=\"\">\t\t\t\t\t\t\t\t\t\t\t\t\t\t\t<\/div>\n\t\t\t\t<\/div>\n\t\t\t\t<div class=\"elementor-element elementor-element-035e7ed elementor-widget elementor-widget-heading\" data-id=\"035e7ed\" data-element_type=\"widget\" data-widget_type=\"heading.default\">\n\t\t\t\t<div class=\"elementor-widget-container\">\n\t\t\t\t\t<h2 class=\"elementor-heading-title elementor-size-default\">Panaszok irrit\u00e1bilis b\u00e9l szindr\u00f3ma eset\u00e9n<\/h2>\t\t\t\t<\/div>\n\t\t\t\t<\/div>\n\t\t\t\t\t<\/div>\n\t\t\t\t<\/div>\n\t\t\t\t<div class=\"elementor-element elementor-element-f75f4cd elementor-widget elementor-widget-text-editor\" data-id=\"f75f4cd\" data-element_type=\"widget\" data-widget_type=\"text-editor.default\">\n\t\t\t\t<div class=\"elementor-widget-container\">\n\t\t\t\t\t\t\t\t\t<p>Az\u00a0<strong>irrit\u00e1bilis b\u00e9l szindr\u00f3ma (IBS)<\/strong>\u00a0betegs\u00e9g akkor \u00e1ll fenn, ha a k\u00f6vetkez\u0151 3 pont teljes\u00fcl:<\/p><ol><li>L\u00e9teznek\u00a0<strong>kr\u00f3nikus<\/strong>,\u00a0azaz <strong>3 h\u00f3napn\u00e1l hosszabb ideig tart\u00f3 panaszok<\/strong>\u00a0(pl. hasi f\u00e1jdalom, puffad\u00e1s), melyek h\u00e1tter\u00e9ben a beteg \u00e9s az orvos a\u00a0<strong>belek rendellenes m\u0171k\u00f6d\u00e9s\u00e9t felt\u00e9telezi<\/strong>, \u00e9s amelyeket \u00e1ltal\u00e1ban a\u00a0<strong>sz\u00e9klet\u00fcr\u00edt\u00e9s v\u00e1ltoz\u00e1sai k\u00eds\u00e9rnek<\/strong>\u00a0(hasmen\u00e9s, sz\u00e9kreked\u00e9s vagy a hasmen\u00e9s \u00e9s a sz\u00e9kreked\u00e9s\u00a0<strong>v\u00e1ltakoz\u00e1sa<\/strong>).<\/li><li>A panaszok miatt a beteg seg\u00edts\u00e9get k\u00e9r \u00e9s\/vagy sokat agg\u00f3dik, \u00e9s a t\u00fcnetek olyan s\u00falyosak, hogy az\u00a0<strong>\u00e9letmin\u0151s\u00e9gre nagy hat\u00e1ssal vannak<\/strong>.<\/li><li>El\u0151felt\u00e9tele, hogy\u00a0<strong>ne \u00e1lljanak fenn m\u00e1s klinikai k\u00e9pre jellemz\u0151 elv\u00e1ltoz\u00e1sok<\/strong>, amelyek ezek\u00e9rt a panaszok\u00e9rt felel\u0151sek.<\/li><\/ol>\t\t\t\t\t\t\t\t<\/div>\n\t\t\t\t<\/div>\n\t\t\t\t<\/div>\n\t\t<div class=\"elementor-element elementor-element-b1dc1c8 e-con-full obcs none e-flex e-con e-parent\" data-id=\"b1dc1c8\" data-element_type=\"container\">\n\t\t\t\t<\/div>\n\t\t<div class=\"elementor-element elementor-element-efcf6d0 e-con-full obcs none e-flex elementor-invisible e-con e-parent\" data-id=\"efcf6d0\" data-element_type=\"container\" data-settings=\"{&quot;animation&quot;:&quot;bounceInRight&quot;}\">\n\t\t<div class=\"elementor-element elementor-element-a82b3d3 obcs none e-flex e-con-boxed e-con e-parent\" data-id=\"a82b3d3\" data-element_type=\"container\">\n\t\t\t\t\t<div class=\"e-con-inner\">\n\t\t\t\t<div class=\"elementor-element elementor-element-43d7a00 elementor-widget elementor-widget-image\" data-id=\"43d7a00\" data-element_type=\"widget\" data-widget_type=\"image.default\">\n\t\t\t\t<div class=\"elementor-widget-container\">\n\t\t\t\t\t\t\t\t\t\t\t\t\t\t\t<img loading=\"lazy\" decoding=\"async\" width=\"250\" height=\"207\" src=\"https:\/\/www.omni-biotic.com\/hu-hu\/wp-content\/uploads\/sites\/7\/2023\/07\/IBS-tuneti.png\" class=\"attachment-full-hd size-full-hd wp-image-16741\" alt=\"\" title=\"\">\t\t\t\t\t\t\t\t\t\t\t\t\t\t\t<\/div>\n\t\t\t\t<\/div>\n\t\t\t\t<div class=\"elementor-element elementor-element-3ab62ba elementor-widget elementor-widget-heading\" data-id=\"3ab62ba\" data-element_type=\"widget\" data-widget_type=\"heading.default\">\n\t\t\t\t<div class=\"elementor-widget-container\">\n\t\t\t\t\t<h2 class=\"elementor-heading-title elementor-size-default\">K\u00eds\u00e9r\u0151 t\u00fcnetek<\/h2>\t\t\t\t<\/div>\n\t\t\t\t<\/div>\n\t\t\t\t\t<\/div>\n\t\t\t\t<\/div>\n\t\t\t\t<div class=\"elementor-element elementor-element-941c67d elementor-widget elementor-widget-text-editor\" data-id=\"941c67d\" data-element_type=\"widget\" data-widget_type=\"text-editor.default\">\n\t\t\t\t<div class=\"elementor-widget-container\">\n\t\t\t\t\t\t\t\t\t<p>Gyakran a k\u00f6vetkez\u0151 probl\u00e9m\u00e1k vagy panaszok t\u00e1rsulnak az irrit\u00e1bilis b\u00e9l szindr\u00f3m\u00e1hoz:<\/p><ul><li>Szorong\u00e1sos zavarok<\/li><li><strong>Depresszi\u00f3<\/strong><\/li><li>\u00c1lmatlans\u00e1g<\/li><li><strong>Kr\u00f3nikus f\u00e1radts\u00e1g szindr\u00f3ma<\/strong>\u00a0(CFS)<\/li><li>Fejf\u00e1j\u00e1s (<strong>migr\u00e9n<\/strong>)<\/li><li>Fibromyalgia<\/li><li>Menstru\u00e1ci\u00f3s g\u00f6rcs\u00f6k<\/li><\/ul>\t\t\t\t\t\t\t\t<\/div>\n\t\t\t\t<\/div>\n\t\t\t\t<\/div>\n\t\t\t\t\t<\/div>\n\t\t\t\t<\/div>\n\t\t<div class=\"elementor-element elementor-element-469097b obcs none e-flex e-con-boxed e-con e-parent\" data-id=\"469097b\" data-element_type=\"container\" data-settings=\"{&quot;background_background&quot;:&quot;classic&quot;,&quot;shape_divider_top&quot;:&quot;waves&quot;,&quot;shape_divider_bottom&quot;:&quot;waves&quot;}\">\n\t\t\t\t\t<div class=\"e-con-inner\">\n\t\t\t\t<div class=\"elementor-shape elementor-shape-top\" aria-hidden=\"true\" data-negative=\"false\">\n\t\t\t<svg xmlns=\"http:\/\/www.w3.org\/2000\/svg\" viewBox=\"0 0 1000 100\" preserveAspectRatio=\"none\">\n\t<path class=\"elementor-shape-fill\" d=\"M421.9,6.5c22.6-2.5,51.5,0.4,75.5,5.3c23.6,4.9,70.9,23.5,100.5,35.7c75.8,32.2,133.7,44.5,192.6,49.7\n\tc23.6,2.1,48.7,3.5,103.4-2.5c54.7-6,106.2-25.6,106.2-25.6V0H0v30.3c0,0,72,32.6,158.4,30.5c39.2-0.7,92.8-6.7,134-22.4\n\tc21.2-8.1,52.2-18.2,79.7-24.2C399.3,7.9,411.6,7.5,421.9,6.5z\"\/>\n<\/svg>\t\t<\/div>\n\t\t\t\t<div class=\"elementor-shape elementor-shape-bottom\" aria-hidden=\"true\" data-negative=\"false\">\n\t\t\t<svg xmlns=\"http:\/\/www.w3.org\/2000\/svg\" viewBox=\"0 0 1000 100\" preserveAspectRatio=\"none\">\n\t<path class=\"elementor-shape-fill\" d=\"M421.9,6.5c22.6-2.5,51.5,0.4,75.5,5.3c23.6,4.9,70.9,23.5,100.5,35.7c75.8,32.2,133.7,44.5,192.6,49.7\n\tc23.6,2.1,48.7,3.5,103.4-2.5c54.7-6,106.2-25.6,106.2-25.6V0H0v30.3c0,0,72,32.6,158.4,30.5c39.2-0.7,92.8-6.7,134-22.4\n\tc21.2-8.1,52.2-18.2,79.7-24.2C399.3,7.9,411.6,7.5,421.9,6.5z\"\/>\n<\/svg>\t\t<\/div>\n\t\t\t\t<div class=\"elementor-element elementor-element-ea9e085 elementor-widget__width-inherit elementor-widget elementor-widget-heading\" data-id=\"ea9e085\" data-element_type=\"widget\" data-widget_type=\"heading.default\">\n\t\t\t\t<div class=\"elementor-widget-container\">\n\t\t\t\t\t<h2 class=\"elementor-heading-title elementor-size-default\">Irrit\u00e1bilis b\u00e9l szindr\u00f3m\u00e1val a mindennapokban<\/h2>\t\t\t\t<\/div>\n\t\t\t\t<\/div>\n\t\t\t\t<div class=\"elementor-element elementor-element-25781f1 elementor-widget elementor-widget-text-editor\" data-id=\"25781f1\" data-element_type=\"widget\" data-widget_type=\"text-editor.default\">\n\t\t\t\t<div class=\"elementor-widget-container\">\n\t\t\t\t\t\t\t\t\t<p>Az IBS diagn\u00f3zis fel\u00e1ll\u00edt\u00e1sa ut\u00e1n van n\u00e9h\u00e1ny dolog, amire \u00e9rdemes odafigyelni. Hallgasson a test\u00e9re \u00e9s ismerje fel, mely \u00e9telek tesznek j\u00f3t, \u00e9s melyek okoznak kellemetlens\u00e9get. Foglalkozzon a t\u00fcnetekkel, \u00edgy a kir\u00e1ndul\u00e1sok \u00e9s a norm\u00e1lis mindennapi \u00e9let ism\u00e9t sz\u00f3rakoztat\u00f3 lesz, nem pedig terhes.<\/p>\t\t\t\t\t\t\t\t<\/div>\n\t\t\t\t<\/div>\n\t\t\t\t<div class=\"elementor-element elementor-element-33672bf elementor-align-center elementor-widget__width-inherit elementor-widget elementor-widget-button\" data-id=\"33672bf\" data-element_type=\"widget\" data-widget_type=\"button.default\">\n\t\t\t\t<div class=\"elementor-widget-container\">\n\t\t\t\t\t\t\t\t\t<div class=\"elementor-button-wrapper\">\n\t\t\t\t\t<a class=\"elementor-button elementor-button-link elementor-size-lg\" href=\"https:\/\/www.omni-biotic.com\/hu-hu\/blog\/irritabilis-bel-szindroma\/\">\n\t\t\t\t\t\t<span class=\"elementor-button-content-wrapper\">\n\t\t\t\t\t\t\t\t\t<span class=\"elementor-button-text\">Olvasson tov\u00e1bb<\/span>\n\t\t\t\t\t<\/span>\n\t\t\t\t\t<\/a>\n\t\t\t\t<\/div>\n\t\t\t\t\t\t\t\t<\/div>\n\t\t\t\t<\/div>\n\t\t\t\t\t<\/div>\n\t\t\t\t<\/div>\n\t\t<div class=\"elementor-element elementor-element-6c29f5a obcs green e-flex e-con-boxed e-con e-parent\" data-id=\"6c29f5a\" data-element_type=\"container\">\n\t\t\t\t\t<div class=\"e-con-inner\">\n\t\t<div class=\"elementor-element elementor-element-a4a1208 e-con-full obcs none e-flex e-con e-parent\" data-id=\"a4a1208\" data-element_type=\"container\">\n\t\t\t\t<div class=\"elementor-element elementor-element-4e3da10 e-transform elementor-widget elementor-widget-image\" data-id=\"4e3da10\" data-element_type=\"widget\" data-settings=\"{&quot;_transform_rotateZ_effect&quot;:{&quot;unit&quot;:&quot;px&quot;,&quot;size&quot;:&quot;0&quot;,&quot;sizes&quot;:[]},&quot;_transform_rotate_3d&quot;:&quot;yes&quot;,&quot;_transform_rotateX_effect&quot;:{&quot;unit&quot;:&quot;px&quot;,&quot;size&quot;:&quot;0&quot;,&quot;sizes&quot;:[]},&quot;_transform_rotateY_effect&quot;:{&quot;unit&quot;:&quot;px&quot;,&quot;size&quot;:&quot;4&quot;,&quot;sizes&quot;:[]},&quot;_transform_perspective_effect&quot;:{&quot;unit&quot;:&quot;px&quot;,&quot;size&quot;:&quot;650&quot;,&quot;sizes&quot;:[]},&quot;_transform_rotateZ_effect_tablet&quot;:{&quot;unit&quot;:&quot;deg&quot;,&quot;size&quot;:&quot;&quot;,&quot;sizes&quot;:[]},&quot;_transform_rotateZ_effect_mobile&quot;:{&quot;unit&quot;:&quot;deg&quot;,&quot;size&quot;:&quot;&quot;,&quot;sizes&quot;:[]},&quot;_transform_rotateX_effect_tablet&quot;:{&quot;unit&quot;:&quot;deg&quot;,&quot;size&quot;:&quot;&quot;,&quot;sizes&quot;:[]},&quot;_transform_rotateX_effect_mobile&quot;:{&quot;unit&quot;:&quot;deg&quot;,&quot;size&quot;:&quot;&quot;,&quot;sizes&quot;:[]},&quot;_transform_rotateY_effect_tablet&quot;:{&quot;unit&quot;:&quot;deg&quot;,&quot;size&quot;:&quot;&quot;,&quot;sizes&quot;:[]},&quot;_transform_rotateY_effect_mobile&quot;:{&quot;unit&quot;:&quot;deg&quot;,&quot;size&quot;:&quot;&quot;,&quot;sizes&quot;:[]},&quot;_transform_perspective_effect_tablet&quot;:{&quot;unit&quot;:&quot;px&quot;,&quot;size&quot;:&quot;&quot;,&quot;sizes&quot;:[]},&quot;_transform_perspective_effect_mobile&quot;:{&quot;unit&quot;:&quot;px&quot;,&quot;size&quot;:&quot;&quot;,&quot;sizes&quot;:[]}}\" data-widget_type=\"image.default\">\n\t\t\t\t<div class=\"elementor-widget-container\">\n\t\t\t\t\t\t\t\t\t\t\t\t\t\t\t<img loading=\"lazy\" decoding=\"async\" width=\"800\" height=\"762\" src=\"https:\/\/www.omni-biotic.com\/hu-hu\/wp-content\/uploads\/sites\/7\/2023\/07\/kivalto-oko-IBS.jpg\" class=\"attachment-large size-large wp-image-16742\" alt=\"\" srcset=\"https:\/\/www.omni-biotic.com\/hu-hu\/wp-content\/uploads\/sites\/7\/2023\/07\/kivalto-oko-IBS.jpg 800w, https:\/\/www.omni-biotic.com\/hu-hu\/wp-content\/uploads\/sites\/7\/2023\/07\/kivalto-oko-IBS-300x286.jpg 300w, https:\/\/www.omni-biotic.com\/hu-hu\/wp-content\/uploads\/sites\/7\/2023\/07\/kivalto-oko-IBS-768x732.jpg 768w\" sizes=\"(max-width: 800px) 100vw, 800px\" title=\"\">\t\t\t\t\t\t\t\t\t\t\t\t\t\t\t<\/div>\n\t\t\t\t<\/div>\n\t\t\t\t<\/div>\n\t\t<div class=\"elementor-element elementor-element-8ab66ec e-con-full obcs none e-flex e-con e-parent\" data-id=\"8ab66ec\" data-element_type=\"container\">\n\t\t\t\t<div class=\"elementor-element elementor-element-997f80b elementor-widget elementor-widget-heading\" data-id=\"997f80b\" data-element_type=\"widget\" data-widget_type=\"heading.default\">\n\t\t\t\t<div class=\"elementor-widget-container\">\n\t\t\t\t\t<h2 class=\"elementor-heading-title elementor-size-default\">Az irrit\u00e1bilis b\u00e9l szindr\u00f3ma kiv\u00e1lt\u00f3 okai<\/h2>\t\t\t\t<\/div>\n\t\t\t\t<\/div>\n\t\t\t\t<div class=\"elementor-element elementor-element-6590cee elementor-widget elementor-widget-text-editor\" data-id=\"6590cee\" data-element_type=\"widget\" data-widget_type=\"text-editor.default\">\n\t\t\t\t<div class=\"elementor-widget-container\">\n\t\t\t\t\t\t\t\t\t<p>Az irrit\u00e1bilis b\u00e9l szindr\u00f3ma orvosi \u00e9s tudom\u00e1nyos okair\u00f3l<strong>\u00a0k\u00fcl\u00f6nb\u00f6z\u0151 elm\u00e9letek<\/strong>\u00a0l\u00e9teznek. Az IBS kiv\u00e1lt\u00f3 okai k\u00f6z\u00f6tt felt\u00e9telezik t\u00f6bbek k\u00f6z\u00f6tt a\u00a0<strong>gyomor \u00e9s a b\u00e9lrendszer bakteri\u00e1lis fert\u0151z\u00e9seit<\/strong>, az em\u00e9szt\u0151rendszer ter\u00fclet\u00e9n az\u00a0<strong>immunrendszer<\/strong> m\u0171k\u00f6d\u00e9s\u00e9nek zavar\u00e1t \u00e9s a k\u00f3ros b\u00e9lperisztaltik\u00e1t. A tud\u00f3sok sz\u00e1mos elv\u00e1ltoz\u00e1st tudtak azonos\u00edtani az \u00e9rintettek beleiben. Ezek a v\u00e1ltoz\u00e1sok azonban nemcsak irrit\u00e1bilis b\u00e9l szindr\u00f3m\u00e1ban, hanem kr\u00f3nikus gyullad\u00e1sos b\u00e9lbetegs\u00e9gek, divertikulitisz \u00e9s \u00e9telintolerancia eset\u00e9n is el\u0151fordulnak.<\/p><p>Az <strong>irrit\u00e1bilis b\u00e9l szindr\u00f3m\u00e1val <\/strong>k\u00fczd\u0151kn\u00e9l\u00a0az \u00e9tel t\u00fal gyorsan vagy t\u00fal lassan halad \u00e1t az em\u00e9szt\u0151rendszeren. Az \u00e9rintettek ez\u00e9rt <strong>hasmen\u00e9st\u0151l<\/strong> (amikor t\u00fal gyors az \u00e1thalad\u00e1si ideje, \u00edgy nem t\u00f6rt\u00e9nik folyad\u00e9kfelsz\u00edv\u00f3d\u00e1s, a sz\u00e9klet h\u00edg marad) vagy <strong>sz\u00e9kreked\u00e9st\u0151l<\/strong> szenvedhetnek (amikor t\u00fal lass\u00fa az \u00e1thalad\u00e1s). Gyakran el\u0151fordul, hogy a b\u00e9l szab\u00e1lytalanul n\u00e9pesedik be (ekkor az em\u00e9szt\u00e9st seg\u00edt\u0151 b\u00e9lbakt\u00e9riumok kevesebben vannak, vagyis a k\u00e1ros, g\u00e1zk\u00e9pz\u0151 bakt\u00e9riumok ker\u00fclnek f\u00f6l\u00e9nybe), fokozottan k\u00e9pz\u0151dik <strong>b\u00e9lg\u00e1z<\/strong>, amelyek <strong>telts\u00e9g\u00e9rzethez, puffad\u00e1shoz<\/strong> \u00e9s <strong>er\u0151s hasi f\u00e1jdalomhoz<\/strong> vezetnek. Ezenk\u00edv\u00fcl az <strong>irrit\u00e1bilis b\u00e9l szindr\u00f3m\u00e1ban<\/strong> szenved\u0151k \u00e9rz\u00e9kenyebbek a f\u00e1jdalomra, t\u00f6bbek k\u00f6z\u00f6tt az\u00e9rt, mert a ny\u00fajt\u00e1si ingerekre cs\u00f6kkent f\u00e1jdalomk\u00fcsz\u00f6b\u00fck. A k\u00e1ros anyagokkal szemben a v\u00e9d\u0151 <strong>b\u00e9lg\u00e1t meggyeng\u00fcl<\/strong>, a b\u00e9lfal \u00e1tj\u00e1rhat\u00f3bb\u00e1 v\u00e1lik (\u00e1tereszt\u0151 b\u00e9l szindr\u00f3ma): nem t\u00f6rt\u00e9nik meg a k\u00e1ros anyagok megfelel\u0151 elt\u00e1vol\u00edt\u00e1sa. A stressz s\u00falyosb\u00edtja a t\u00fcneteket. Az irrit\u00e1bilis b\u00e9l szindr\u00f3m\u00e1ban szenved\u0151 betegek fokozottan hajlamosak depresszi\u00f3ra \u00e9s szorong\u00e1sos zavarokra. A vegetat\u00edv idegrendszer diszfunkci\u00f3ja pszichoszomatikus zavarokkal egy\u00fctt szint\u00e9n sz\u00f3ba ker\u00fcl.<\/p><p>Az irrit\u00e1bilis b\u00e9l szindr\u00f3m\u00e1ban szenved\u0151kn\u00e9l\u00a0<strong>az \u00e9tel t\u00fal gyorsan vagy t\u00fal lassan halad \u00e1t az em\u00e9szt\u0151rendszeren<\/strong>. Az \u00e9rintettek ez\u00e9rt szenvedhetnek\u00a0<strong>hasmen\u00e9st\u0151l\u00a0<\/strong>(a sz\u00e9klet\u00fcr\u00edt\u00e9s ideje t\u00fal gyors, \u00edgy nem t\u00f6rt\u00e9nik meg a folyad\u00e9k visszasz\u00edv\u00f3d\u00e1sa, a sz\u00e9klet h\u00edg marad) vagy\u00a0<strong>sz\u00e9kreked\u00e9st\u0151l\u00a0<\/strong>(a sz\u00e9klet\u00fcr\u00edt\u00e9s t\u00fal lass\u00fa). Gyakran el\u0151fordul, hogy a\u00a0<strong>b\u00e9l rosszul koloniz\u00e1l\u00f3dik<\/strong> (az em\u00e9szt\u00e9st seg\u00edt\u0151 <strong>b\u00e9lbakt\u00e9riumok\u00a0<\/strong>kevesebben vannak, a k\u00e1ros, g\u00e1zk\u00e9pz\u0151 bakt\u00e9riumok ker\u00fclnek f\u00f6l\u00e9nybe), valamint t\u00falzott mennyis\u00e9g\u0171 <strong>b\u00e9lg\u00e1z<\/strong>\u00a0k\u00e9pz\u0151dik, ami\u00a0<strong>telts\u00e9g\u00e9rzethez<\/strong>,\u00a0<strong>puffad\u00e1shoz<\/strong> \u00e9s er\u0151s hasi f\u00e1jdalomhoz vezet. Tov\u00e1bb\u00e1 az irrit\u00e1bilis b\u00e9l szindr\u00f3m\u00e1val k\u00fczd\u0151 betegek <strong>f\u00e1jdalom\u00e9rz\u00e9kenys\u00e9ge megn\u0151, <\/strong>t\u00f6bbek k\u00f6z\u00f6tt az\u00e9rt, mert a ny\u00fajt\u00e1si ingerekre cs\u00f6kken f\u00e1jdalomk\u00fcsz\u00f6b\u00fck. A k\u00e1ros anyagokkal szemben v\u00e9d\u0151 b\u00e9lbarrier meggyeng\u00fcl, a b\u00e9lfal \u00e1tj\u00e1rhat\u00f3bb\u00e1 v\u00e1lik (<strong>\u00e1tereszt\u0151 b\u00e9l szindr\u00f3ma<\/strong>). A k\u00e1ros anyagok megfelel\u0151 elt\u00e1vol\u00edt\u00e1sa bizonyos m\u00e9rt\u00e9kben sikertelen. A <strong>stressz\u00a0<\/strong>s\u00falyosb\u00edtja a t\u00fcneteket. Az\u00a0<strong>irrit\u00e1bilis b\u00e9l szindr\u00f3m\u00e1ban<\/strong>\u00a0szenved\u0151 betegek fokozottan hajlamosak a\u00a0<strong>depresszi\u00f3ra\u00a0<\/strong>\u00e9s a szorong\u00e1sos zavarokra. A vegetat\u00edv idegrendszer m\u0171k\u00f6d\u00e9si zavarai mellett a pszichoszomatikus rendelleness\u00e9gek is sz\u00f3ba ker\u00fclnek.<\/p>\t\t\t\t\t\t\t\t<\/div>\n\t\t\t\t<\/div>\n\t\t\t\t<\/div>\n\t\t\t\t\t<\/div>\n\t\t\t\t<\/div>\n\t\t<div class=\"elementor-element elementor-element-c344997 obcs blue e-flex e-con-boxed e-con e-parent\" data-id=\"c344997\" data-element_type=\"container\">\n\t\t\t\t\t<div class=\"e-con-inner\">\n\t\t<div class=\"elementor-element elementor-element-f113925 obcs none e-flex e-con-boxed e-con e-parent\" data-id=\"f113925\" data-element_type=\"container\">\n\t\t\t\t\t<div class=\"e-con-inner\">\n\t\t\t\t<div class=\"elementor-element elementor-element-2357202 elementor-widget elementor-widget-heading\" data-id=\"2357202\" data-element_type=\"widget\" data-widget_type=\"heading.default\">\n\t\t\t\t<div class=\"elementor-widget-container\">\n\t\t\t\t\t<h3 class=\"elementor-heading-title elementor-size-default\">Tov\u00e1bbi lehets\u00e9ges kiv\u00e1lt\u00f3 okok:<\/h3>\t\t\t\t<\/div>\n\t\t\t\t<\/div>\n\t\t\t\t<div class=\"elementor-element elementor-element-4bea1f3 elementor-widget elementor-widget-toggle\" data-id=\"4bea1f3\" data-element_type=\"widget\" data-widget_type=\"toggle.default\">\n\t\t\t\t<div class=\"elementor-widget-container\">\n\t\t\t\t\t\t\t<div class=\"elementor-toggle\">\n\t\t\t\t\t\t\t<div class=\"elementor-toggle-item\">\n\t\t\t\t\t<div id=\"elementor-tab-title-7961\" class=\"elementor-tab-title\" data-tab=\"1\" role=\"button\" aria-controls=\"elementor-tab-content-7961\" aria-expanded=\"false\">\n\t\t\t\t\t\t\t\t\t\t\t\t<span class=\"elementor-toggle-icon elementor-toggle-icon-left\" aria-hidden=\"true\">\n\t\t\t\t\t\t\t\t\t\t\t\t\t\t\t<span class=\"elementor-toggle-icon-closed\"><i class=\"fas fa-caret-right\"><\/i><\/span>\n\t\t\t\t\t\t\t\t<span class=\"elementor-toggle-icon-opened\"><i class=\"elementor-toggle-icon-opened fas fa-caret-up\"><\/i><\/span>\n\t\t\t\t\t\t\t\t\t\t\t\t\t<\/span>\n\t\t\t\t\t\t\t\t\t\t\t\t<a class=\"elementor-toggle-title\" tabindex=\"0\">A szerotonin egyens\u00falya felborul<\/a>\n\t\t\t\t\t<\/div>\n\n\t\t\t\t\t<div id=\"elementor-tab-content-7961\" class=\"elementor-tab-content elementor-clearfix\" data-tab=\"1\" role=\"region\" aria-labelledby=\"elementor-tab-title-7961\"><p>A szerotonin neurotranszmitter szint\u00e9n felel\u0151s a f\u00e1jdalom\u00e9rzet\u00e9rt. Ha a b\u00e9l idegrendszere irrit\u00e1bilis b\u00e9l szindr\u00f3m\u00e1ban inger\u00fclt, akkor m\u00e1r nem tudja megfelel\u0151en szab\u00e1lyozni, hogy mennyi h\u00edrviv\u0151 anyag szabadul fel. \u00cdgy fordulhat el\u0151, hogy az \u00e9rintettek er\u0151sebben \u00e9rz\u00e9kelik a b\u00e9lrendszer\u00fcket, \u00e9s f\u00e1jdalmat tapasztalnak, m\u00edg az &#8222;eg\u00e9szs\u00e9ges&#8221; emberekn\u00e9l ezek az ingerek nem l\u00e9pik \u00e1t az \u00e9rz\u00e9kel\u00e9si k\u00fcsz\u00f6b\u00f6t.<\/p><\/div>\n\t\t\t\t<\/div>\n\t\t\t\t\t\t\t<div class=\"elementor-toggle-item\">\n\t\t\t\t\t<div id=\"elementor-tab-title-7962\" class=\"elementor-tab-title\" data-tab=\"2\" role=\"button\" aria-controls=\"elementor-tab-content-7962\" aria-expanded=\"false\">\n\t\t\t\t\t\t\t\t\t\t\t\t<span class=\"elementor-toggle-icon elementor-toggle-icon-left\" aria-hidden=\"true\">\n\t\t\t\t\t\t\t\t\t\t\t\t\t\t\t<span class=\"elementor-toggle-icon-closed\"><i class=\"fas fa-caret-right\"><\/i><\/span>\n\t\t\t\t\t\t\t\t<span class=\"elementor-toggle-icon-opened\"><i class=\"elementor-toggle-icon-opened fas fa-caret-up\"><\/i><\/span>\n\t\t\t\t\t\t\t\t\t\t\t\t\t<\/span>\n\t\t\t\t\t\t\t\t\t\t\t\t<a class=\"elementor-toggle-title\" tabindex=\"0\">Zavart b\u00e9lmozg\u00e1s<\/a>\n\t\t\t\t\t<\/div>\n\n\t\t\t\t\t<div id=\"elementor-tab-content-7962\" class=\"elementor-tab-content elementor-clearfix\" data-tab=\"2\" role=\"region\" aria-labelledby=\"elementor-tab-title-7962\"><p>Az irrit\u00e1bilis b\u00e9l szindr\u00f3b\u00e1val k\u00fczd\u0151k b\u00e9lfala k\u00fcl\u00f6n\u00f6sen \u00e9rz\u00e9kenyen reag\u00e1l az \u00e9telekb\u0151l sz\u00e1rmaz\u00f3 ny\u00fajt\u00e1si ingerekre. A b\u00e9lnek saj\u00e1t idegrendszere van a b\u00e9lfalban (enter\u00e1lis idegrendszer = ENS), amelyet &#8222;hasi agynak&#8221; is neveznek. Ez jelzi, amikor a t\u00e1pl\u00e1l\u00e9k a b\u00e9lbe ker\u00fcl, \u00e9s megny\u00fajtja a falat. Az ENS a szerotonin neurotranszmitterrel egy\u00fctt \u00fagy ir\u00e1ny\u00edtja az em\u00e9szt\u00e9st, hogy a b\u00e9lizmokat v\u00e1ltakoz\u00f3 \u00f6sszeh\u00faz\u00f3d\u00e1sra \u00e9s elernyed\u00e9sre serkenti, perisztaltikus hull\u00e1mot hozva l\u00e9tre, \u00e9s el\u0151re sz\u00e1ll\u00edtva a t\u00e1pl\u00e1l\u00e9kot. Az irrit\u00e1bilis b\u00e9l szindr\u00f3m\u00e1ban ez a b\u00e9lrendszeri idegrendszer zavart, &#8222;irrit\u00e1lt&#8221;, ez\u00e9rt hib\u00e1s utas\u00edt\u00e1sokat ad a b\u00e9lizmoknak. Ez szinkroniz\u00e1latlan b\u00e9lmozg\u00e1sokat eredm\u00e9nyez, ami az em\u00e9szt\u00e9s eg\u00e9sz\u00e9t is rontja. Vagy a t\u00e1pl\u00e1l\u00e9kp\u00e9p t\u00fal gyorsan sz\u00e1ll\u00edt\u00f3dik, \u00edgy hasmen\u00e9s alakul ki (hasmen\u00e9ses irrit\u00e1bilis b\u00e9l szindr\u00f3ma). Az ellenkez\u0151je is lehets\u00e9ges: ha az izmok t\u00fal lassan mozognak, sz\u00e9kreked\u00e9s alakulhat ki (sz\u00e9kreked\u00e9s irrit\u00e1bilis b\u00e9l szindr\u00f3ma). Az irrit\u00e1bilis b\u00e9lg\u00f6rcs\u00f6k \u00e9s a puffad\u00e1s akkor jelentkezik, ha az izmok t\u00fals\u00e1gosan \u00f6sszeh\u00faz\u00f3dnak, \u00e9s m\u00e1r nem lazulnak el teljesen.<\/p><\/div>\n\t\t\t\t<\/div>\n\t\t\t\t\t\t\t<div class=\"elementor-toggle-item\">\n\t\t\t\t\t<div id=\"elementor-tab-title-7963\" class=\"elementor-tab-title\" data-tab=\"3\" role=\"button\" aria-controls=\"elementor-tab-content-7963\" aria-expanded=\"false\">\n\t\t\t\t\t\t\t\t\t\t\t\t<span class=\"elementor-toggle-icon elementor-toggle-icon-left\" aria-hidden=\"true\">\n\t\t\t\t\t\t\t\t\t\t\t\t\t\t\t<span class=\"elementor-toggle-icon-closed\"><i class=\"fas fa-caret-right\"><\/i><\/span>\n\t\t\t\t\t\t\t\t<span class=\"elementor-toggle-icon-opened\"><i class=\"elementor-toggle-icon-opened fas fa-caret-up\"><\/i><\/span>\n\t\t\t\t\t\t\t\t\t\t\t\t\t<\/span>\n\t\t\t\t\t\t\t\t\t\t\t\t<a class=\"elementor-toggle-title\" tabindex=\"0\">A gyomor-b\u00e9l traktus fert\u0151z\u00e9sei mint az irrit\u00e1bilis b\u00e9l szindr\u00f3ma oka (poszt-infekt\u00edv irrit\u00e1bilis b\u00e9l szindr\u00f3ma)<\/a>\n\t\t\t\t\t<\/div>\n\n\t\t\t\t\t<div id=\"elementor-tab-content-7963\" class=\"elementor-tab-content elementor-clearfix\" data-tab=\"3\" role=\"region\" aria-labelledby=\"elementor-tab-title-7963\"><p>Sz\u00e1mos tanulm\u00e1ny kimutatta, hogy az irrit\u00e1bilis b\u00e9l szindr\u00f3ma gyomor-b\u00e9lrendszeri fert\u0151z\u00e9sek (&#8222;gyomor influenza&#8221;) k\u00f6vetkezm\u00e9nye lehet. Lehets\u00e9ges, hogy bizonyos bakt\u00e9riumokkal (p\u00e9ld\u00e1ul Campylobacter jejuni, Clostridum difficile, k\u00e1ros E.coli) val\u00f3 b\u00e9lfert\u0151z\u00e9sek nagyobb val\u00f3sz\u00edn\u0171s\u00e9ggel v\u00e1ltanak ki irrit\u00e1bilis b\u00e9l szindr\u00f3m\u00e1t, mint m\u00e1s k\u00f3rokoz\u00f3k. Enter\u00e1lis (= a beleket \u00e9rint\u0151) fert\u0151z\u00e9s csak minden tizedik eset\u00e9rt felel\u0151s. Ha b\u00e9lfert\u0151z\u00e9s okozza az irrit\u00e1bilis b\u00e9l szindr\u00f3m\u00e1t, az emberekn\u00e9l jellemz\u0151en kifejezett hasmen\u00e9ses t\u00fcnetek jelentkeznek. Az antibiotikumok, amelyeket gyakran id\u0151 el\u0151tt alkalmaznak b\u00e9lfert\u0151z\u00e9s kezel\u00e9s\u00e9re, szint\u00e9n k\u00e1ros\u00edtj\u00e1k a b\u00e9l biot\u00f3pj\u00e1t, \u00e9s irrit\u00e1bilis b\u00e9l szindr\u00f3ma kiv\u00e1lt\u00f3 okai lehetnek.<\/p><\/div>\n\t\t\t\t<\/div>\n\t\t\t\t\t\t\t<div class=\"elementor-toggle-item\">\n\t\t\t\t\t<div id=\"elementor-tab-title-7964\" class=\"elementor-tab-title\" data-tab=\"4\" role=\"button\" aria-controls=\"elementor-tab-content-7964\" aria-expanded=\"false\">\n\t\t\t\t\t\t\t\t\t\t\t\t<span class=\"elementor-toggle-icon elementor-toggle-icon-left\" aria-hidden=\"true\">\n\t\t\t\t\t\t\t\t\t\t\t\t\t\t\t<span class=\"elementor-toggle-icon-closed\"><i class=\"fas fa-caret-right\"><\/i><\/span>\n\t\t\t\t\t\t\t\t<span class=\"elementor-toggle-icon-opened\"><i class=\"elementor-toggle-icon-opened fas fa-caret-up\"><\/i><\/span>\n\t\t\t\t\t\t\t\t\t\t\t\t\t<\/span>\n\t\t\t\t\t\t\t\t\t\t\t\t<a class=\"elementor-toggle-title\" tabindex=\"0\">Fokozott immunaktivit\u00e1s a b\u00e9lny\u00e1lkah\u00e1rty\u00e1n.<\/a>\n\t\t\t\t\t<\/div>\n\n\t\t\t\t\t<div id=\"elementor-tab-content-7964\" class=\"elementor-tab-content elementor-clearfix\" data-tab=\"4\" role=\"region\" aria-labelledby=\"elementor-tab-title-7964\"><p>Az \u00e9rintettek b\u00e9lny\u00e1lkah\u00e1rty\u00e1j\u00e1nak sz\u00f6vetmint\u00e1iban kimutathat\u00f3 a fokozott immunaktivit\u00e1s. \u00cdgy a ny\u00e1lkah\u00e1rty\u00e1n kimutathat\u00f3 az immunrendszer v\u00e9dekez\u0151 sejtjei \u00e9s azok h\u00edrviv\u0151 anyagainak jelenl\u00e9te (pl. interleukinok). Hogy honnan ered ez a fokozott aktivit\u00e1s az irrit\u00e1bilis b\u00e9l szindr\u00f3m\u00e1ban, \u00e9s mit szolg\u00e1lhat, m\u00e9g kutatj\u00e1k.<\/p><\/div>\n\t\t\t\t<\/div>\n\t\t\t\t\t\t\t<div class=\"elementor-toggle-item\">\n\t\t\t\t\t<div id=\"elementor-tab-title-7965\" class=\"elementor-tab-title\" data-tab=\"5\" role=\"button\" aria-controls=\"elementor-tab-content-7965\" aria-expanded=\"false\">\n\t\t\t\t\t\t\t\t\t\t\t\t<span class=\"elementor-toggle-icon elementor-toggle-icon-left\" aria-hidden=\"true\">\n\t\t\t\t\t\t\t\t\t\t\t\t\t\t\t<span class=\"elementor-toggle-icon-closed\"><i class=\"fas fa-caret-right\"><\/i><\/span>\n\t\t\t\t\t\t\t\t<span class=\"elementor-toggle-icon-opened\"><i class=\"elementor-toggle-icon-opened fas fa-caret-up\"><\/i><\/span>\n\t\t\t\t\t\t\t\t\t\t\t\t\t<\/span>\n\t\t\t\t\t\t\t\t\t\t\t\t<a class=\"elementor-toggle-title\" tabindex=\"0\">A b\u00e9lny\u00e1lkah\u00e1rtya fokozott \u00e1tereszt\u0151k\u00e9pess\u00e9ge (\"lyukas b\u00e9l\").<\/a>\n\t\t\t\t\t<\/div>\n\n\t\t\t\t\t<div id=\"elementor-tab-content-7965\" class=\"elementor-tab-content elementor-clearfix\" data-tab=\"5\" role=\"region\" aria-labelledby=\"elementor-tab-title-7965\"><p>A b\u00e9lny\u00e1lkah\u00e1rty\u00e1ban a szomsz\u00e9dos sejtek egy-egy szoros k\u00f6t\u00e9sen kereszt\u00fcl kapcsol\u00f3dnak egym\u00e1shoz. Ezek z\u00e1rj\u00e1k le a sejteket egym\u00e1s ellen, hogy a sejtek k\u00f6z\u00f6tt ne tudjanak idegen anyagok vagy k\u00f3rokoz\u00f3k \u00e1tjutni. Am\u00edg ez a b\u00e9l barrier \u00e9p, a b\u00e9lny\u00e1lkah\u00e1rtya sejtjeinek \u00f6sszess\u00e9ge val\u00f3s\u00e1gos v\u00e9d\u0151pajzsot k\u00e9pez, amely megakad\u00e1lyozza, hogy idegen anyagok jussanak be a szervezetbe a b\u00e9lrendszerb\u0151l. Az irrit\u00e1bilis b\u00e9l szindr\u00f3m\u00e1ban ez a b\u00e9lg\u00e1t &#8222;lyukas&#8221;, a sejtek m\u00e1r nem kapcsol\u00f3dnak olyan szorosan egym\u00e1shoz, \u00edgy a k\u00f3rokoz\u00f3k \u00e9s a toxinok k\u00f6nnyebben behatolhatnak a b\u00e9lny\u00e1lkah\u00e1rty\u00e1ba, \u00e9s immunreakci\u00f3hoz, irrit\u00e1ci\u00f3hoz vezethetnek.<\/p><\/div>\n\t\t\t\t<\/div>\n\t\t\t\t\t\t\t\t<\/div>\n\t\t\t\t\t\t<\/div>\n\t\t\t\t<\/div>\n\t\t\t\t\t<\/div>\n\t\t\t\t<\/div>\n\t\t\t\t\t<\/div>\n\t\t\t\t<\/div>\n\t\t<div class=\"elementor-element elementor-element-491df34 obcs blue e-flex e-con-boxed e-con e-parent\" data-id=\"491df34\" data-element_type=\"container\" data-settings=\"{&quot;background_background&quot;:&quot;classic&quot;}\">\n\t\t\t\t\t<div class=\"e-con-inner\">\n\t\t<div class=\"elementor-element elementor-element-f386986 obcs none e-flex e-con-boxed e-con e-parent\" data-id=\"f386986\" data-element_type=\"container\" data-settings=\"{&quot;background_background&quot;:&quot;classic&quot;}\">\n\t\t\t\t\t<div class=\"e-con-inner\">\n\t\t\t\t<div class=\"elementor-element elementor-element-358f351 elementor-widget__width-initial elementor-widget-tablet__width-initial elementor-widget elementor-widget-image\" data-id=\"358f351\" data-element_type=\"widget\" data-widget_type=\"image.default\">\n\t\t\t\t<div class=\"elementor-widget-container\">\n\t\t\t\t\t\t\t\t\t\t\t\t\t\t\t<img loading=\"lazy\" decoding=\"async\" width=\"768\" height=\"768\" src=\"https:\/\/www.omni-biotic.com\/hu-hu\/wp-content\/uploads\/sites\/7\/2023\/07\/Diagnozis-IBS-768x768-1.png\" class=\"attachment-medium_large size-medium_large wp-image-16743\" alt=\"Irrit\u00e1bilis b\u00e9l szindr\u00f3ma kezel\u00e9se, t\u00fcnetei, kiv\u00e1lt\u00f3 okok\" srcset=\"https:\/\/www.omni-biotic.com\/hu-hu\/wp-content\/uploads\/sites\/7\/2023\/07\/Diagnozis-IBS-768x768-1.png 768w, https:\/\/www.omni-biotic.com\/hu-hu\/wp-content\/uploads\/sites\/7\/2023\/07\/Diagnozis-IBS-768x768-1-300x300.png 300w, https:\/\/www.omni-biotic.com\/hu-hu\/wp-content\/uploads\/sites\/7\/2023\/07\/Diagnozis-IBS-768x768-1-150x150.png 150w\" sizes=\"(max-width: 768px) 100vw, 768px\" title=\"\">\t\t\t\t\t\t\t\t\t\t\t\t\t\t\t<\/div>\n\t\t\t\t<\/div>\n\t\t<div class=\"elementor-element elementor-element-c5f5560 obcs none e-flex e-con-boxed e-con e-parent\" data-id=\"c5f5560\" data-element_type=\"container\">\n\t\t\t\t\t<div class=\"e-con-inner\">\n\t\t\t\t<div class=\"elementor-element elementor-element-3332af8 elementor-widget__width-inherit elementor-widget elementor-widget-heading\" data-id=\"3332af8\" data-element_type=\"widget\" data-widget_type=\"heading.default\">\n\t\t\t\t<div class=\"elementor-widget-container\">\n\t\t\t\t\t<h2 class=\"elementor-heading-title elementor-size-default\">Hogyan ismerhet\u0151 fel az irrit\u00e1bilis b\u00e9l szindr\u00f3ma?<\/h2>\t\t\t\t<\/div>\n\t\t\t\t<\/div>\n\t\t\t\t<div class=\"elementor-element elementor-element-c415406 elementor-widget elementor-widget-text-editor\" data-id=\"c415406\" data-element_type=\"widget\" data-widget_type=\"text-editor.default\">\n\t\t\t\t<div class=\"elementor-widget-container\">\n\t\t\t\t\t\t\t\t\t<p>Az irrit\u00e1bilis b\u00e9l szindr\u00f3ma diagn\u00f3zisa a\u00a0<strong>panaszok jellegzetess\u00e9ge<\/strong>\u00a0alapj\u00e1n \u00e9s m\u00e1s klinikai k\u00e9pek kiz\u00e1r\u00e1sa ut\u00e1n \u00e1ll\u00edthat\u00f3 fel.<\/p><ul><li>Hol \u00e9s milyen helyzetben jelentkezik a f\u00e1jdalom?<\/li><li>Hasmen\u00e9se vagy sz\u00e9kreked\u00e9se van?<\/li><li>Tapasztalt-e \u00f6sszef\u00fcgg\u00e9st a f\u00e1jdalom \u00e9s bizonyos \u00e9telek vagy italok fogyaszt\u00e1sa k\u00f6z\u00f6tt?<\/li><li>Vannak-e egy\u00e9b t\u00fcnetek, p\u00e9ld\u00e1ul h\u00e1ny\u00e1s, izomf\u00e1jdalom, \u00edz\u00fcleti f\u00e1jdalom, gyomor\u00e9g\u00e9s vagy l\u00e1z? \u00c9szlelt-e v\u00e9rt a sz\u00e9klet\u00e9ben? Hamar elf\u00e1rad? Fogyott az ut\u00f3bbi id\u0151ben? El\u0151bbiek az irrit\u00e1bilis b\u00e9l szindr\u00f3ma eset\u00e9n nem jellemz\u0151ek, \u00e9s m\u00e1s s\u00falyos betegs\u00e9gek riaszt\u00f3 jel\u00e9nek sz\u00e1m\u00edtanak.<\/li><li>Stresszes \u00e9lete van?<\/li><li>\u00a0Egy\u00e9b m\u00e1s betegs\u00e9get \u00e1llap\u00edtottak meg \u00d6nn\u00e9l? Vizsg\u00e1lja meg a kiv\u00e1lt\u00f3 okokat \u00e9s k\u00f6r\u00fclm\u00e9nyeket (pl. stressz, d\u00fch, t\u00falhajszolts\u00e1g), melyek a t\u00fcneteket is s\u00falyosb\u00edthatj\u00e1k.<\/li><li>Szed-e rendszeresen, vagy szedett-e az elm\u00falt hetekben gy\u00f3gyszert (pl. antibiotikumot, f\u00e1jdalomcsillap\u00edt\u00f3t, sz\u00edvgy\u00f3gyszert, pajzsmirigygy\u00f3gyszert, hashajt\u00f3t)?<\/li><li>Csal\u00e1di anamn\u00e9zisre vonatkoz\u00f3 k\u00e9rd\u00e9sek (betegs\u00e9gek jelenl\u00e9te a csal\u00e1dban)<\/li><li>Szerves b\u00e9lbetegs\u00e9gek (pl. s\u00falyos hasmen\u00e9ssel j\u00e1r\u00f3 kr\u00f3nikus gyullad\u00e1sos b\u00e9lbetegs\u00e9g)<\/li><\/ul><p>Minden diagn\u00f3zis fel\u00e1ll\u00edt\u00e1sa elej\u00e9n r\u00e9szletes anamn\u00e9zisfelv\u00e9telre ker\u00fcl sor az orvossal.<\/p>\t\t\t\t\t\t\t\t<\/div>\n\t\t\t\t<\/div>\n\t\t\t\t\t<\/div>\n\t\t\t\t<\/div>\n\t\t\t\t\t<\/div>\n\t\t\t\t<\/div>\n\t\t\t\t\t<\/div>\n\t\t\t\t<\/div>\n\t\t<div class=\"elementor-element elementor-element-4b7970d obcs magenta e-flex e-con-boxed e-con e-parent\" data-id=\"4b7970d\" data-element_type=\"container\">\n\t\t\t\t\t<div class=\"e-con-inner\">\n\t\t<div class=\"elementor-element elementor-element-0b29214 e-con-full obcs none e-flex e-con e-parent\" data-id=\"0b29214\" data-element_type=\"container\">\n\t\t\t\t<div class=\"elementor-element elementor-element-413f1e0 elementor-widget elementor-widget-heading\" data-id=\"413f1e0\" data-element_type=\"widget\" data-widget_type=\"heading.default\">\n\t\t\t\t<div class=\"elementor-widget-container\">\n\t\t\t\t\t<h2 class=\"elementor-heading-title elementor-size-default\">Vizsg\u00e1latok az irrit\u00e1bilis b\u00e9l szindr\u00f3ma diagnosztiz\u00e1l\u00e1s\u00e1ra<\/h2>\t\t\t\t<\/div>\n\t\t\t\t<\/div>\n\t\t\t\t<div class=\"elementor-element elementor-element-7535de7 elementor-widget elementor-widget-text-editor\" data-id=\"7535de7\" data-element_type=\"widget\" data-widget_type=\"text-editor.default\">\n\t\t\t\t<div class=\"elementor-widget-container\">\n\t\t\t\t\t\t\t\t\t<p>A megbesz\u00e9l\u00e9s ut\u00e1n az orvos megvizsg\u00e1lja a beteget, ekkor megn\u00e9zi a v\u00e9gb\u00e9lny\u00edl\u00e1st, valamint megtapogatja \u00e9s meghallgatja a has\u00fcreget. A <strong>sz\u00e9kletminta<\/strong> inform\u00e1ci\u00f3t ad az em\u00e9szt\u00e9si rendelleness\u00e9gekr\u0151l \u00e9s a b\u00e9lrendszer m\u0171k\u00f6d\u00e9si zavarair\u00f3l. A sz\u00e9kletet rejtett v\u00e9r miatt is megvizsg\u00e1lj\u00e1k. Az orvos a b\u00e9lrendszer mellett a h\u00fagyh\u00f3lyagot, a ves\u00e9ket, n\u0151kn\u00e9l a petef\u00e9szkeket \u00e9s t\u00fcnetekt\u0151l f\u00fcgg\u0151en a sz\u00edvet is ellen\u0151rzi.<\/p><p>A\u00a0<strong>v\u00e9r<\/strong>\u00a0\u00e9s a sz\u00e9klet\u00a0<strong>elemz\u00e9se\u00a0<\/strong>(v\u00e9r a sz\u00e9kletben, parazit\u00e1k (f\u00e9rgek), a vizelet, valamint a szervek vizsg\u00e1lata szint\u00e9n fontos inform\u00e1ci\u00f3kkal szolg\u00e1lnak. A puffad\u00e1shoz hasonl\u00f3an ki kell z\u00e1rni az olyan <strong>\u00e9telintoleranci\u00e1kat<\/strong>, mint a frukt\u00f3z-, lakt\u00f3z-, szorbit- stb. intolerancia. Ha a t\u00fcnetek hevenyek, s\u00falycs\u00f6kken\u00e9ssel, l\u00e1zzal, f\u00e1rad\u00e9konys\u00e1ggal, v\u00e9rszeg\u00e9nys\u00e9ggel, h\u00e1ny\u00e1ssal, \u00edz\u00fcleti panaszokkal vagy v\u00e9res sz\u00e9klettel j\u00e1rnak, akkor s\u00falyos betegs\u00e9geket okozhatnak, az alapbetegs\u00e9g tov\u00e1bbi orvosi tiszt\u00e1z\u00e1sa felt\u00e9tlen\u00fcl sz\u00fcks\u00e9ges. Meg kell vizsg\u00e1lni a m\u00e1j, az epeh\u00f3lyag vagy a hasny\u00e1lmirigy betegs\u00e9geinek jeleit.<\/p>\t\t\t\t\t\t\t\t<\/div>\n\t\t\t\t<\/div>\n\t\t\t\t<\/div>\n\t\t<div class=\"elementor-element elementor-element-bc8c531 e-con-full obcs none e-flex e-con e-parent\" data-id=\"bc8c531\" data-element_type=\"container\">\n\t\t\t\t<div class=\"elementor-element elementor-element-0ea3898 e-transform elementor-widget elementor-widget-image\" data-id=\"0ea3898\" data-element_type=\"widget\" data-settings=\"{&quot;_transform_rotateZ_effect&quot;:{&quot;unit&quot;:&quot;px&quot;,&quot;size&quot;:&quot;0&quot;,&quot;sizes&quot;:[]},&quot;_transform_rotate_3d&quot;:&quot;yes&quot;,&quot;_transform_rotateX_effect&quot;:{&quot;unit&quot;:&quot;px&quot;,&quot;size&quot;:&quot;0&quot;,&quot;sizes&quot;:[]},&quot;_transform_rotateY_effect&quot;:{&quot;unit&quot;:&quot;px&quot;,&quot;size&quot;:&quot;-4&quot;,&quot;sizes&quot;:[]},&quot;_transform_perspective_effect&quot;:{&quot;unit&quot;:&quot;px&quot;,&quot;size&quot;:&quot;650&quot;,&quot;sizes&quot;:[]},&quot;_transform_rotateZ_effect_tablet&quot;:{&quot;unit&quot;:&quot;deg&quot;,&quot;size&quot;:&quot;&quot;,&quot;sizes&quot;:[]},&quot;_transform_rotateZ_effect_mobile&quot;:{&quot;unit&quot;:&quot;deg&quot;,&quot;size&quot;:&quot;&quot;,&quot;sizes&quot;:[]},&quot;_transform_rotateX_effect_tablet&quot;:{&quot;unit&quot;:&quot;deg&quot;,&quot;size&quot;:&quot;&quot;,&quot;sizes&quot;:[]},&quot;_transform_rotateX_effect_mobile&quot;:{&quot;unit&quot;:&quot;deg&quot;,&quot;size&quot;:&quot;&quot;,&quot;sizes&quot;:[]},&quot;_transform_rotateY_effect_tablet&quot;:{&quot;unit&quot;:&quot;deg&quot;,&quot;size&quot;:&quot;&quot;,&quot;sizes&quot;:[]},&quot;_transform_rotateY_effect_mobile&quot;:{&quot;unit&quot;:&quot;deg&quot;,&quot;size&quot;:&quot;&quot;,&quot;sizes&quot;:[]},&quot;_transform_perspective_effect_tablet&quot;:{&quot;unit&quot;:&quot;px&quot;,&quot;size&quot;:&quot;&quot;,&quot;sizes&quot;:[]},&quot;_transform_perspective_effect_mobile&quot;:{&quot;unit&quot;:&quot;px&quot;,&quot;size&quot;:&quot;&quot;,&quot;sizes&quot;:[]}}\" data-widget_type=\"image.default\">\n\t\t\t\t<div class=\"elementor-widget-container\">\n\t\t\t\t\t\t\t\t\t\t\t\t\t\t\t<img loading=\"lazy\" decoding=\"async\" width=\"800\" height=\"800\" src=\"https:\/\/www.omni-biotic.com\/hu-hu\/wp-content\/uploads\/sites\/7\/2023\/07\/Vizsgalat-IBS.jpg\" class=\"attachment-large size-large wp-image-16744\" alt=\"Irrit\u00e1bilis b\u00e9l szindr\u00f3ma kezel\u00e9se, t\u00fcnetei, kiv\u00e1lt\u00f3 okok\" srcset=\"https:\/\/www.omni-biotic.com\/hu-hu\/wp-content\/uploads\/sites\/7\/2023\/07\/Vizsgalat-IBS.jpg 800w, https:\/\/www.omni-biotic.com\/hu-hu\/wp-content\/uploads\/sites\/7\/2023\/07\/Vizsgalat-IBS-300x300.jpg 300w, https:\/\/www.omni-biotic.com\/hu-hu\/wp-content\/uploads\/sites\/7\/2023\/07\/Vizsgalat-IBS-150x150.jpg 150w, https:\/\/www.omni-biotic.com\/hu-hu\/wp-content\/uploads\/sites\/7\/2023\/07\/Vizsgalat-IBS-768x768.jpg 768w\" sizes=\"(max-width: 800px) 100vw, 800px\" title=\"\">\t\t\t\t\t\t\t\t\t\t\t\t\t\t\t<\/div>\n\t\t\t\t<\/div>\n\t\t\t\t<\/div>\n\t\t\t\t\t<\/div>\n\t\t\t\t<\/div>\n\t\t<div class=\"elementor-element elementor-element-8104017 obcs none e-flex e-con-boxed e-con e-parent\" data-id=\"8104017\" data-element_type=\"container\">\n\t\t\t\t\t<div class=\"e-con-inner\">\n\t\t\t\t<div class=\"elementor-element elementor-element-b9a19c1 elementor-widget elementor-widget-text-editor\" data-id=\"b9a19c1\" data-element_type=\"widget\" data-widget_type=\"text-editor.default\">\n\t\t\t\t<div class=\"elementor-widget-container\">\n\t\t\t\t\t\t\t\t\t<p>Ezt k\u00f6vetheti a\u00a0<strong>v\u00e9gb\u00e9l<\/strong>\u00a0\u00e9s a vastagb\u00e9l\u00a0<strong>vizsg\u00e1lata<\/strong>\u00a0(kolonoszk\u00f3pia). A vastagb\u00e9lt\u00fckr\u00f6z\u00e9s sor\u00e1n a vastagb\u00e9l \u00e9s a v\u00e9konyb\u00e9l v\u00e9g\u00e9t vizsg\u00e1lj\u00e1k endoszk\u00f3posan a v\u00e9gb\u00e9lcsatorn\u00e1n kereszt\u00fcl. A belek\u00a0<strong>kontrasztanyaggal k\u00e9sz\u00fclt r\u00f6ntgenfelv\u00e9telen<\/strong> is l\u00e1that\u00f3k. Ha szervi betegs\u00e9g, \u00e9telintolerancia vagy kr\u00f3nikus gyullad\u00e1sos b\u00e9lbetegs\u00e9g kiz\u00e1rhat\u00f3, az orvos irrit\u00e1bilis b\u00e9l szindr\u00f3m\u00e1t \u00e1llap\u00edt meg. Az irrit\u00e1bilis b\u00e9l szindr\u00f3ma egy &#8222;kiz\u00e1r\u00e1sos diagn\u00f3zis&#8221;, amelyet csak akkor lehet fel\u00e1ll\u00edtani, ha egy\u00e9b m\u00e1s kiv\u00e1lt\u00f3 ok biztosan nem \u00e1ll fenn.<\/p>\t\t\t\t\t\t\t\t<\/div>\n\t\t\t\t<\/div>\n\t\t\t\t<div class=\"elementor-element elementor-element-13f6645 elementor-widget elementor-widget-heading\" data-id=\"13f6645\" data-element_type=\"widget\" data-widget_type=\"heading.default\">\n\t\t\t\t<div class=\"elementor-widget-container\">\n\t\t\t\t\t<h3 class=\"elementor-heading-title elementor-size-default\">Egy\u00e9b lehets\u00e9ges diagnosztikai int\u00e9zked\u00e9sek:<\/h3>\t\t\t\t<\/div>\n\t\t\t\t<\/div>\n\t\t\t\t<div class=\"elementor-element elementor-element-85ade25 elementor-widget elementor-widget-text-editor\" data-id=\"85ade25\" data-element_type=\"widget\" data-widget_type=\"text-editor.default\">\n\t\t\t\t<div class=\"elementor-widget-container\">\n\t\t\t\t\t\t\t\t\t<ul><li>A has\u00fcreg ultrahangos vizsg\u00e1lata (szonogr\u00e1fia)<\/li><li>A b\u00e9l \u00e9s a has r\u00f6ntgenvizsg\u00e1lata, ma m\u00e1r t\u00f6bbnyire komputertomogr\u00e1fia (CT) form\u00e1j\u00e1ban<\/li><\/ul>\t\t\t\t\t\t\t\t<\/div>\n\t\t\t\t<\/div>\n\t\t\t\t\t<\/div>\n\t\t\t\t<\/div>\n\t\t<div class=\"elementor-element elementor-element-ac41253 obcs none e-flex e-con-boxed e-con e-parent\" data-id=\"ac41253\" data-element_type=\"container\" data-settings=\"{&quot;background_background&quot;:&quot;classic&quot;,&quot;shape_divider_top&quot;:&quot;waves&quot;,&quot;shape_divider_bottom&quot;:&quot;waves&quot;}\">\n\t\t\t\t\t<div class=\"e-con-inner\">\n\t\t\t\t<div class=\"elementor-shape elementor-shape-top\" aria-hidden=\"true\" data-negative=\"false\">\n\t\t\t<svg xmlns=\"http:\/\/www.w3.org\/2000\/svg\" viewBox=\"0 0 1000 100\" preserveAspectRatio=\"none\">\n\t<path class=\"elementor-shape-fill\" d=\"M421.9,6.5c22.6-2.5,51.5,0.4,75.5,5.3c23.6,4.9,70.9,23.5,100.5,35.7c75.8,32.2,133.7,44.5,192.6,49.7\n\tc23.6,2.1,48.7,3.5,103.4-2.5c54.7-6,106.2-25.6,106.2-25.6V0H0v30.3c0,0,72,32.6,158.4,30.5c39.2-0.7,92.8-6.7,134-22.4\n\tc21.2-8.1,52.2-18.2,79.7-24.2C399.3,7.9,411.6,7.5,421.9,6.5z\"\/>\n<\/svg>\t\t<\/div>\n\t\t\t\t<div class=\"elementor-shape elementor-shape-bottom\" aria-hidden=\"true\" data-negative=\"false\">\n\t\t\t<svg xmlns=\"http:\/\/www.w3.org\/2000\/svg\" viewBox=\"0 0 1000 100\" preserveAspectRatio=\"none\">\n\t<path class=\"elementor-shape-fill\" d=\"M421.9,6.5c22.6-2.5,51.5,0.4,75.5,5.3c23.6,4.9,70.9,23.5,100.5,35.7c75.8,32.2,133.7,44.5,192.6,49.7\n\tc23.6,2.1,48.7,3.5,103.4-2.5c54.7-6,106.2-25.6,106.2-25.6V0H0v30.3c0,0,72,32.6,158.4,30.5c39.2-0.7,92.8-6.7,134-22.4\n\tc21.2-8.1,52.2-18.2,79.7-24.2C399.3,7.9,411.6,7.5,421.9,6.5z\"\/>\n<\/svg>\t\t<\/div>\n\t\t\t\t<div class=\"elementor-element elementor-element-4c7be6a elementor-widget__width-inherit elementor-widget elementor-widget-heading\" data-id=\"4c7be6a\" data-element_type=\"widget\" data-widget_type=\"heading.default\">\n\t\t\t\t<div class=\"elementor-widget-container\">\n\t\t\t\t\t<h2 class=\"elementor-heading-title elementor-size-default\">Mi seg\u00edt az irrit\u00e1bilis b\u00e9l szindr\u00f3ma eset\u00e9n?<\/h2>\t\t\t\t<\/div>\n\t\t\t\t<\/div>\n\t\t\t\t<div class=\"elementor-element elementor-element-fb20383 elementor-widget elementor-widget-text-editor\" data-id=\"fb20383\" data-element_type=\"widget\" data-widget_type=\"text-editor.default\">\n\t\t\t\t<div class=\"elementor-widget-container\">\n\t\t\t\t\t\t\t\t\t<p>A leg\u00fajabb kutat\u00e1sok azt mutatj\u00e1k, hogy az IBS enyhe (kr\u00f3nikus) gyullad\u00e1ssal \u00e9s kev\u00e9sb\u00e9 v\u00e1ltozatos\u00a0 vagy m\u0171k\u00f6d\u0151k\u00e9pes <strong>b\u00e9lfl\u00f3r\u00e1val<\/strong>\u00a0is \u00f6sszef\u00fcgg. Az\u00a0<strong>irrit\u00e1bilis b\u00e9l szindr\u00f3ma<\/strong> gyakran fordul el\u0151 b\u00e9lfert\u0151z\u00e9sek ut\u00e1n, k\u00fcl\u00f6n\u00f6sen akkor, ha ezeket antibiotikumokkal kezelik, ugyanis a gy\u00f3gyszerek a term\u00e9szetes, eg\u00e9szs\u00e9ges b\u00e9lfl\u00f3r\u00e1t is k\u00e1ros\u00edtj\u00e1k, melynek k\u00f6vetkezt\u00e9ben <strong>k\u00f3rokoz\u00f3 bakt\u00e9riumok<\/strong> tov\u00e1bbterjedhetnek. Ennek eredm\u00e9nyek\u00e9nt a b\u00e9lrendszer, vagyis a v\u00e9d\u0151g\u00e1t egyre \u201e<strong>\u00e1tereszt\u0151bb\u00e9<\/strong>\u201d v\u00e1lik. A mirha, a kamilla \u00e9s a k\u00e1v\u00e9sz\u00e9n szigetel\u0151 hat\u00e1ssal b\u00edr a belekben.<\/p>\t\t\t\t\t\t\t\t<\/div>\n\t\t\t\t<\/div>\n\t\t\t\t\t<\/div>\n\t\t\t\t<\/div>\n\t\t<div class=\"elementor-element elementor-element-6f07df6 obcs green e-flex e-con-boxed e-con e-parent\" data-id=\"6f07df6\" data-element_type=\"container\">\n\t\t\t\t\t<div class=\"e-con-inner\">\n\t\t<div class=\"elementor-element elementor-element-bfd96be e-con-full obcs none e-flex e-con e-parent\" data-id=\"bfd96be\" data-element_type=\"container\">\n\t\t\t\t<div class=\"elementor-element elementor-element-cc835a3 e-transform elementor-widget elementor-widget-image\" data-id=\"cc835a3\" data-element_type=\"widget\" data-settings=\"{&quot;_transform_rotateZ_effect&quot;:{&quot;unit&quot;:&quot;px&quot;,&quot;size&quot;:&quot;0&quot;,&quot;sizes&quot;:[]},&quot;_transform_rotate_3d&quot;:&quot;yes&quot;,&quot;_transform_rotateX_effect&quot;:{&quot;unit&quot;:&quot;px&quot;,&quot;size&quot;:&quot;0&quot;,&quot;sizes&quot;:[]},&quot;_transform_rotateY_effect&quot;:{&quot;unit&quot;:&quot;px&quot;,&quot;size&quot;:&quot;4&quot;,&quot;sizes&quot;:[]},&quot;_transform_perspective_effect&quot;:{&quot;unit&quot;:&quot;px&quot;,&quot;size&quot;:&quot;650&quot;,&quot;sizes&quot;:[]},&quot;_transform_rotateZ_effect_tablet&quot;:{&quot;unit&quot;:&quot;deg&quot;,&quot;size&quot;:&quot;&quot;,&quot;sizes&quot;:[]},&quot;_transform_rotateZ_effect_mobile&quot;:{&quot;unit&quot;:&quot;deg&quot;,&quot;size&quot;:&quot;&quot;,&quot;sizes&quot;:[]},&quot;_transform_rotateX_effect_tablet&quot;:{&quot;unit&quot;:&quot;deg&quot;,&quot;size&quot;:&quot;&quot;,&quot;sizes&quot;:[]},&quot;_transform_rotateX_effect_mobile&quot;:{&quot;unit&quot;:&quot;deg&quot;,&quot;size&quot;:&quot;&quot;,&quot;sizes&quot;:[]},&quot;_transform_rotateY_effect_tablet&quot;:{&quot;unit&quot;:&quot;deg&quot;,&quot;size&quot;:&quot;&quot;,&quot;sizes&quot;:[]},&quot;_transform_rotateY_effect_mobile&quot;:{&quot;unit&quot;:&quot;deg&quot;,&quot;size&quot;:&quot;&quot;,&quot;sizes&quot;:[]},&quot;_transform_perspective_effect_tablet&quot;:{&quot;unit&quot;:&quot;px&quot;,&quot;size&quot;:&quot;&quot;,&quot;sizes&quot;:[]},&quot;_transform_perspective_effect_mobile&quot;:{&quot;unit&quot;:&quot;px&quot;,&quot;size&quot;:&quot;&quot;,&quot;sizes&quot;:[]}}\" data-widget_type=\"image.default\">\n\t\t\t\t<div class=\"elementor-widget-container\">\n\t\t\t\t\t\t\t\t\t\t\t\t\t\t\t<img loading=\"lazy\" decoding=\"async\" width=\"800\" height=\"800\" src=\"https:\/\/www.omni-biotic.com\/hu-hu\/wp-content\/uploads\/sites\/7\/2023\/07\/kezelesi-modszerek-IBS.jpg\" class=\"attachment-large size-large wp-image-16745\" alt=\"\" srcset=\"https:\/\/www.omni-biotic.com\/hu-hu\/wp-content\/uploads\/sites\/7\/2023\/07\/kezelesi-modszerek-IBS.jpg 800w, https:\/\/www.omni-biotic.com\/hu-hu\/wp-content\/uploads\/sites\/7\/2023\/07\/kezelesi-modszerek-IBS-300x300.jpg 300w, https:\/\/www.omni-biotic.com\/hu-hu\/wp-content\/uploads\/sites\/7\/2023\/07\/kezelesi-modszerek-IBS-150x150.jpg 150w, https:\/\/www.omni-biotic.com\/hu-hu\/wp-content\/uploads\/sites\/7\/2023\/07\/kezelesi-modszerek-IBS-768x768.jpg 768w\" sizes=\"(max-width: 800px) 100vw, 800px\" title=\"\">\t\t\t\t\t\t\t\t\t\t\t\t\t\t\t<\/div>\n\t\t\t\t<\/div>\n\t\t\t\t<\/div>\n\t\t<div class=\"elementor-element elementor-element-704ff80 e-con-full obcs none e-flex e-con e-parent\" data-id=\"704ff80\" data-element_type=\"container\">\n\t\t\t\t<div class=\"elementor-element elementor-element-d967a4c elementor-widget elementor-widget-heading\" data-id=\"d967a4c\" data-element_type=\"widget\" data-widget_type=\"heading.default\">\n\t\t\t\t<div class=\"elementor-widget-container\">\n\t\t\t\t\t<h2 class=\"elementor-heading-title elementor-size-default\">Hogyan kezelhet\u0151 az irrit\u00e1bilis b\u00e9l szindr\u00f3ma?<\/h2>\t\t\t\t<\/div>\n\t\t\t\t<\/div>\n\t\t\t\t<div class=\"elementor-element elementor-element-5130cff elementor-widget elementor-widget-text-editor\" data-id=\"5130cff\" data-element_type=\"widget\" data-widget_type=\"text-editor.default\">\n\t\t\t\t<div class=\"elementor-widget-container\">\n\t\t\t\t\t\t\t\t\t<p>Az irrit\u00e1bilis b\u00e9l szindr\u00f3ma kellemetlen betegs\u00e9g, amely <strong>nagyban befoly\u00e1solja az \u00e9letmin\u0151s\u00e9get<\/strong>. Kezel\u00e9s csak korl\u00e1tozott m\u00e9rt\u00e9kben lehets\u00e9ges \u00e9s t\u00fcnetorient\u00e1lt. A legfontosabb, hogy mindenekel\u0151tt a panaszait be tudja sorolni, \u00e9s ne kelljen att\u00f3l tartania, hogy komoly betegs\u00e9g \u00e1ll a h\u00e1tt\u00e9rben. Mivel a<strong>\u00a0hagyom\u00e1nyos gy\u00f3gyszerek mell\u00e9khat\u00e1sai<\/strong> gyakran s\u00falyosak lehetnek, fontos m\u00e9rlegelni, hogy a gy\u00f3gyszeres kezel\u00e9s kock\u00e1zatai nem magasabbak-e, mint maguk a t\u00fcnetek.<\/p><p>Az<strong>\u00a0\u00e9trend megv\u00e1ltoztat\u00e1sa<\/strong>\u00a0\u00e9s a puffaszt\u00f3 \u00e9s nehezen em\u00e9szthet\u0151 \u00e9telek ker\u00fcl\u00e9se gyakran enyh\u00edtheti a t\u00fcneteket. A term\u00e9szetes gy\u00f3gym\u00f3dok elegend\u0151ek lehetnek az enyhe t\u00fcnetek kiz\u00e1r\u00f3lagos kezel\u00e9s\u00e9re, de a hagyom\u00e1nyos orvosi kezel\u00e9st is t\u00e1mogathatj\u00e1k.<\/p>\t\t\t\t\t\t\t\t<\/div>\n\t\t\t\t<\/div>\n\t\t\t\t<\/div>\n\t\t\t\t\t<\/div>\n\t\t\t\t<\/div>\n\t\t<div class=\"elementor-element elementor-element-f1741a9 obcs none e-flex e-con-boxed e-con e-parent\" data-id=\"f1741a9\" data-element_type=\"container\">\n\t\t\t\t\t<div class=\"e-con-inner\">\n\t\t\t\t<div class=\"elementor-element elementor-element-18d0b60 elementor-widget elementor-widget-text-editor\" data-id=\"18d0b60\" data-element_type=\"widget\" data-widget_type=\"text-editor.default\">\n\t\t\t\t<div class=\"elementor-widget-container\">\n\t\t\t\t\t\t\t\t\t<p>A\u00a0<strong>borsmentaolaj<\/strong> gyomorsavnak ellen\u00e1ll\u00f3 form\u00e1ban, amelynek hat\u00f3anyaga a <strong>v\u00e9konyb\u00e9lben<\/strong> szabadul fel, nyugtat\u00f3 hat\u00e1s\u00fa. A <strong>kamilla, a levendulaolaj, a koriander, a citromf\u0171 \u00e9s a k\u00e1lmos<\/strong> szint\u00e9n nyugtat\u00f3 hat\u00e1ssal vannak a gyomorra \u00e9s a belekre. Az eml\u00edtett n\u00f6v\u00e9nyek teak\u00e9sz\u00edtm\u00e9nyk\u00e9nt kaphat\u00f3k a gy\u00f3gyszert\u00e1rban. A <strong>papaya gy\u00fcm\u00f6lcs\u00e9b\u0151l<\/strong>\u00a0k\u00e9sz\u00fclt k\u00fcl\u00f6nleges, organikusan el\u0151\u00e1ll\u00edtott k\u00e9sz\u00edtm\u00e9nyek ellens\u00falyozz\u00e1k az olyan panaszokat, mint a\u00a0<strong>puffad\u00e1s<\/strong>, a sz\u00e9kel\u00e9skor jelentkez\u0151 f\u00e1jdalmat a <strong>sz\u00e9kreked\u00e9st<\/strong>, illetve emellett nyugtatj\u00e1k a <strong>fesz\u00fclt <\/strong>em\u00e9szt\u0151rendszert is.<\/p><p><strong>Kem\u00e9ny sz\u00e9klet<\/strong>\u00a0eset\u00e9n,\u00a0<strong>rostban gazdag \u00e9telekkel<\/strong>\u00a0\u00e9rdemes \u00f3vatosan pr\u00f3b\u00e1lkozni. Legyen ugyanakkor el\u0151vigy\u00e1zatos \u00e9s t\u00fcrelmes, ugyanis az \u00e9lelmi rostok puffaszt\u00f3 hat\u00e1s\u00faak lehetnek. Az olyan ny\u00e1lkaanyagok, mint a lenmag, az indiai psyllium \u00e9s a b\u00fazakorpa n\u00f6velik a b\u00e9lmotilit\u00e1s\u00e1t\u00a0<strong>sz\u00e9kreked\u00e9s\u00a0<\/strong>eset\u00e9n, sok vizet k\u00f6tnek meg, ez\u00e1ltal cs\u00f6kkentik a hasmen\u00e9st is. \u00c9lelmiszerek, mint a rizs, a burgonya \u00e9s a zab sz\u00e9kreked\u00e9st okozhatnak. A puffad\u00e1s ellen j\u00f3t\u00e9konyan hathatnak a k\u00f6m\u00e9nyb\u0151l, az \u00e9desk\u00f6m\u00e9nyb\u0151l \u00e9s \u00e1nizsb\u00f3l k\u00e9sz\u00fclt tea\u00e1k, k\u00e9sz\u00edtm\u00e9nyek.<\/p>\t\t\t\t\t\t\t\t<\/div>\n\t\t\t\t<\/div>\n\t\t\t\t\t<\/div>\n\t\t\t\t<\/div>\n\t\t<div class=\"elementor-element elementor-element-0d4f5d4 obcs magenta e-flex e-con-boxed e-con e-parent\" data-id=\"0d4f5d4\" data-element_type=\"container\">\n\t\t\t\t\t<div class=\"e-con-inner\">\n\t\t<div class=\"elementor-element elementor-element-df502ac e-con-full obcs none e-flex e-con e-parent\" data-id=\"df502ac\" data-element_type=\"container\">\n\t\t\t\t<div class=\"elementor-element elementor-element-dfb0201 elementor-widget elementor-widget-heading\" data-id=\"dfb0201\" data-element_type=\"widget\" data-widget_type=\"heading.default\">\n\t\t\t\t<div class=\"elementor-widget-container\">\n\t\t\t\t\t<h2 class=\"elementor-heading-title elementor-size-default\">Probiotikum irrit\u00e1bilis b\u00e9l szindr\u00f3ma eset\u00e9n<\/h2>\t\t\t\t<\/div>\n\t\t\t\t<\/div>\n\t\t\t\t<div class=\"elementor-element elementor-element-c673498 elementor-widget elementor-widget-text-editor\" data-id=\"c673498\" data-element_type=\"widget\" data-widget_type=\"text-editor.default\">\n\t\t\t\t<div class=\"elementor-widget-container\">\n\t\t\t\t\t\t\t\t\t<p>Az irrit\u00e1bilis b\u00e9l szindr\u00f3ma\u00a0<strong>k\u00fcl\u00f6nb\u00f6z\u0151 okainak<\/strong> hat\u00e9kony ellens\u00falyoz\u00e1s\u00e1ra azonban vannak k\u00edm\u00e9letes m\u00f3dszerek, amelyek lek\u00fczdik az irrit\u00e1bilis b\u00e9l szindr\u00f3ma okait, \u00e9s megel\u0151zik a t\u00fcneteket is: term\u00e9szetes <strong>b\u00e9lbakt\u00e9riumok\u00a0<\/strong>&#8211; orvosok \u00e1ltal alkalmazott <strong>probiotikus bakt\u00e9riumk\u00e9sz\u00edtm\u00e9nyek<\/strong>\u00a0\u2013 melyek alkalmaz\u00e1s\u00e1t a tudom\u00e1nyos bizotts\u00e1gok \u00e9s egyes\u00fcletek az irrit\u00e1bilis b\u00e9l szindr\u00f3ma minden t\u00fcnet\u00e9n aj\u00e1nlj\u00e1k. Ezek a\u00a0<strong>probiotikus b\u00e9lbakt\u00e9riumok<\/strong> nemcsak az irrit\u00e1bilis b\u00e9lszindr\u00f3ma t\u00fcneteit, hanem annak okait is megsz\u00fcntetik. K\u00fcl\u00f6nb\u00f6z\u0151 m\u00f3don k\u00e9pesek helyre\u00e1ll\u00edtani a b\u00e9l egyens\u00faly\u00e1t:<\/p><ol><li>A\u00a0<strong>b\u00e9lbakt\u00e9riumok teljesen term\u00e9szetes<\/strong>\u00a0<strong>mikroorganizmusok<\/strong>, melyek az eg\u00e9szs\u00e9ges b\u00e9lrendszerben fordulnak el\u0151, \u00e9s sz\u00e1mos m\u00f3don t\u00e1mogatj\u00e1k em\u00e9szt\u00e9s\u00fcnket \u00e9s j\u00f3 k\u00f6z\u00e9rzet\u00fcnket.<\/li><li>A<strong> b\u00e9lbakt\u00e9riumok nem rendelkeznek nemk\u00edv\u00e1natos mell\u00e9khat\u00e1ssal. A<\/strong> kezel\u00e9s megkezd\u00e9sekor id\u0151nk\u00e9nt puffad\u00e1s \u00e9s sz\u00e9kletv\u00e1ltoz\u00e1s jelentkezhet Ez azonban csak \u00e1tmeneti, miel\u0151tt a gy\u00f3gy\u00edt\u00f3 hat\u00e1s beindul.<\/li><li><strong>B\u00e9lbakt\u00e9riumokkal<\/strong> (bele\u00e9rtve a bifidobakt\u00e9riumokat, lactobacillusokat, lactococcusokat, streptococcusokat), melyeket a <strong>k\u00fcl\u00f6nb\u00f6z\u0151 kiv\u00e1lt\u00f3 okok ellen speci\u00e1lis \u00f6sszet\u00e9telben kombin\u00e1lnak, <\/strong>gyullad\u00e1s, \u00e1tereszt\u0151 b\u00e9l szindr\u00f3ma, k\u00e1ros bakt\u00e9riumok (gyakran antibiotikus kezel\u00e9s vagy b\u00e9lfert\u0151z\u00e9s ut\u00e1n), motilit\u00e1si zavarok, a panaszok okainak gy\u00f6ker\u00e9hez jut \u00e9s sz\u00fcnteti meg azokat.<\/li><\/ol>\t\t\t\t\t\t\t\t<\/div>\n\t\t\t\t<\/div>\n\t\t\t\t<\/div>\n\t\t<div class=\"elementor-element elementor-element-341c605 e-con-full obcs none e-flex e-con e-parent\" data-id=\"341c605\" data-element_type=\"container\">\n\t\t\t\t<div class=\"elementor-element elementor-element-033221e e-transform elementor-widget elementor-widget-image\" data-id=\"033221e\" data-element_type=\"widget\" data-settings=\"{&quot;_transform_rotateZ_effect&quot;:{&quot;unit&quot;:&quot;px&quot;,&quot;size&quot;:&quot;0&quot;,&quot;sizes&quot;:[]},&quot;_transform_rotate_3d&quot;:&quot;yes&quot;,&quot;_transform_rotateX_effect&quot;:{&quot;unit&quot;:&quot;px&quot;,&quot;size&quot;:&quot;0&quot;,&quot;sizes&quot;:[]},&quot;_transform_rotateY_effect&quot;:{&quot;unit&quot;:&quot;px&quot;,&quot;size&quot;:&quot;-4&quot;,&quot;sizes&quot;:[]},&quot;_transform_perspective_effect&quot;:{&quot;unit&quot;:&quot;px&quot;,&quot;size&quot;:&quot;650&quot;,&quot;sizes&quot;:[]},&quot;_transform_rotateZ_effect_tablet&quot;:{&quot;unit&quot;:&quot;deg&quot;,&quot;size&quot;:&quot;&quot;,&quot;sizes&quot;:[]},&quot;_transform_rotateZ_effect_mobile&quot;:{&quot;unit&quot;:&quot;deg&quot;,&quot;size&quot;:&quot;&quot;,&quot;sizes&quot;:[]},&quot;_transform_rotateX_effect_tablet&quot;:{&quot;unit&quot;:&quot;deg&quot;,&quot;size&quot;:&quot;&quot;,&quot;sizes&quot;:[]},&quot;_transform_rotateX_effect_mobile&quot;:{&quot;unit&quot;:&quot;deg&quot;,&quot;size&quot;:&quot;&quot;,&quot;sizes&quot;:[]},&quot;_transform_rotateY_effect_tablet&quot;:{&quot;unit&quot;:&quot;deg&quot;,&quot;size&quot;:&quot;&quot;,&quot;sizes&quot;:[]},&quot;_transform_rotateY_effect_mobile&quot;:{&quot;unit&quot;:&quot;deg&quot;,&quot;size&quot;:&quot;&quot;,&quot;sizes&quot;:[]},&quot;_transform_perspective_effect_tablet&quot;:{&quot;unit&quot;:&quot;px&quot;,&quot;size&quot;:&quot;&quot;,&quot;sizes&quot;:[]},&quot;_transform_perspective_effect_mobile&quot;:{&quot;unit&quot;:&quot;px&quot;,&quot;size&quot;:&quot;&quot;,&quot;sizes&quot;:[]}}\" data-widget_type=\"image.default\">\n\t\t\t\t<div class=\"elementor-widget-container\">\n\t\t\t\t\t\t\t\t\t\t\t\t\t\t\t<img loading=\"lazy\" decoding=\"async\" width=\"800\" height=\"800\" src=\"https:\/\/www.omni-biotic.com\/hu-hu\/wp-content\/uploads\/sites\/7\/2023\/07\/Probiotikum-IBS.jpg\" class=\"attachment-large size-large wp-image-16746\" alt=\"Irrit\u00e1bilis b\u00e9l szindr\u00f3ma kezel\u00e9se, t\u00fcnetei, kiv\u00e1lt\u00f3 okok\" srcset=\"https:\/\/www.omni-biotic.com\/hu-hu\/wp-content\/uploads\/sites\/7\/2023\/07\/Probiotikum-IBS.jpg 800w, https:\/\/www.omni-biotic.com\/hu-hu\/wp-content\/uploads\/sites\/7\/2023\/07\/Probiotikum-IBS-300x300.jpg 300w, https:\/\/www.omni-biotic.com\/hu-hu\/wp-content\/uploads\/sites\/7\/2023\/07\/Probiotikum-IBS-150x150.jpg 150w, https:\/\/www.omni-biotic.com\/hu-hu\/wp-content\/uploads\/sites\/7\/2023\/07\/Probiotikum-IBS-768x768.jpg 768w\" sizes=\"(max-width: 800px) 100vw, 800px\" title=\"\">\t\t\t\t\t\t\t\t\t\t\t\t\t\t\t<\/div>\n\t\t\t\t<\/div>\n\t\t\t\t<\/div>\n\t\t\t\t\t<\/div>\n\t\t\t\t<\/div>\n\t\t<div class=\"elementor-element elementor-element-1795c1f obcs none e-flex e-con-boxed e-con e-parent\" data-id=\"1795c1f\" data-element_type=\"container\">\n\t\t\t\t\t<div class=\"e-con-inner\">\n\t\t\t\t<div class=\"elementor-element elementor-element-5c36a74 elementor-widget elementor-widget-text-editor\" data-id=\"5c36a74\" data-element_type=\"widget\" data-widget_type=\"text-editor.default\">\n\t\t\t\t<div class=\"elementor-widget-container\">\n\t\t\t\t\t\t\t\t\t<p>A probiotikumok rendszeres alkalmaz\u00e1sa er\u0151s\u00edti a b\u00e9lny\u00e1lkah\u00e1rty\u00e1t \u00e9s annak barrier funkci\u00f3j\u00e1t, valamint a gyullad\u00e1sos folyamatok megel\u0151z\u00e9s\u00e9t vagy le\u00e1ll\u00edt\u00e1s\u00e1t.<\/p><p>Christoph H\u00f6genauer tud\u00f3s sz\u00e1m\u00e1ra ez a megk\u00f6zel\u00edt\u00e9s pontosan megfelel a kor\u00e1bbi tanulm\u00e1nyi eredm\u00e9nyeknek: \u201eA k\u00f6zelm\u00faltban megjelent 35 relev\u00e1ns tanulm\u00e1ny metaanal\u00edzise azt mutatja, hogy nem minden <strong>probiotikum<\/strong> egyform\u00e1n hat\u00e9kony. A t\u00fcnetekt\u0151l f\u00fcgg\u0151en azonban \u00f6sszess\u00e9g\u00e9ben rendk\u00edv\u00fcl pozit\u00edv hat\u00e1st fejtenek ki. A legt\u00f6bb vizsg\u00e1lat alapj\u00e1n a t\u00f6bb fajb\u00f3l sz\u00e1rmaz\u00f3 probiotikumok hat\u00e9konyabban enyh\u00edtik a k\u00ednz\u00f3 t\u00fcneteket, mint az egyfaj\u00faak.\u201d A tanulm\u00e1nyok \u00f6sszegz\u00e9se szerint p\u00e9ld\u00e1ul az \u00e9rintettek 21 sz\u00e1zal\u00e9k\u00e1n\u00e1l javultak a tipikus t\u00fcnetek, 25 sz\u00e1zal\u00e9kukn\u00e1l <strong>kevesebb<\/strong>\u00a0<strong>hasi f\u00e1jdalom, puffad\u00e1s jelentkezett<\/strong>; a rettegett, s\u00fcrget\u0151 sz\u00e9kel\u00e9si inger gyakoris\u00e1ga is jelent\u0151sen cs\u00f6kkent.<\/p><p>A\u00a0<strong>Grazi Orvostudom\u00e1nyi Egyetem<\/strong>\u00a0\u00faj tanulm\u00e1nya a probiotikumok irrit\u00e1bilis b\u00e9l szindr\u00f3m\u00e1ra gyakorolt \u200b\u200bhat\u00e1s\u00e1ra \u00f6sszpontos\u00edtott. A hangs\u00falyt a\u00a0<strong>b\u00e9lny\u00e1lkah\u00e1rtya<\/strong>\u00a0<strong>immunrendszer\u00e9re<\/strong> helyezt\u00e9k (m\u00e1s n\u00e9ven muk\u00f3z\u00e1lis immunrendszer), valamint arra, hogy a gyullad\u00e1sg\u00e1tl\u00f3 bakt\u00e9riumt\u00f6rzsek hogyan t\u00e1mogatj\u00e1k a b\u00e9lrendszert a stresszel kapcsolatos rendelleness\u00e9gek szab\u00e1lyoz\u00e1s\u00e1ban. Az eredm\u00e9ny a k\u00f6vetkez\u0151 lett. A <strong>szinbiotikum<\/strong> rendszeres bevitele el\u0151seg\u00edti a b\u00e9lny\u00e1lkah\u00e1rtya \u00e9s annak <strong>barrier funkci\u00f3j\u00e1nak<\/strong>\u00a0er\u0151s\u00edt\u00e9s\u00e9t, valamint a\u00a0<strong>gyullad\u00e1sos folyamatok megel\u0151z\u00e9s\u00e9t<\/strong> vagy le\u00e1ll\u00edt\u00e1s\u00e1t. \u00cdgy a boldogs\u00e1g neurotranszmittere, a szerotonin \u00e9s az alv\u00e1shormon, azaz melatonin ism\u00e9t elegend\u0151 mennyis\u00e9gben k\u00e9pesek k\u00e9pz\u0151dni, a belek pedig nyugalomba ker\u00fclhetnek. Mindek\u00f6zben a N\u00e9met Gasztroenterol\u00f3giai, Em\u00e9szt\u0151rendszeri \u00e9s Metabolikus Betegs\u00e9gek T\u00e1rsas\u00e1g\u00e1nak (DGVS) ir\u00e1nymutat\u00f3j\u00e1ban is javasolj\u00e1k probiotikumok bevitel\u00e9tirrit\u00e1bilis b\u00e9l szindr\u00f3ma eset\u00e9n, a bakt\u00e9riumt\u00f6rzsek kiv\u00e1laszt\u00e1sa a t\u00fcnetek figyelembev\u00e9tel\u00e9vel javasolt. A DGSV a<strong>z irrit\u00e1bilis b\u00e9l szindr\u00f3m\u00e1val \u00f6sszef\u00fcgg\u0151 f\u00e1jdalom, hasmen\u00e9s, sz\u00e9kreked\u00e9s \u00e9s puffad\u00e1s eset\u00e9n is javasolja a probiotikumok alkalmaz\u00e1s\u00e1t.<\/strong><\/p>\t\t\t\t\t\t\t\t<\/div>\n\t\t\t\t<\/div>\n\t\t\t\t<div class=\"elementor-element elementor-element-f0b9057 elementor-align-left elementor-widget__width-inherit elementor-widget elementor-widget-button\" data-id=\"f0b9057\" data-element_type=\"widget\" data-widget_type=\"button.default\">\n\t\t\t\t<div class=\"elementor-widget-container\">\n\t\t\t\t\t\t\t\t\t<div class=\"elementor-button-wrapper\">\n\t\t\t\t\t<a class=\"elementor-button elementor-button-link elementor-size-lg\" href=\"https:\/\/www.omni-biotic.com\/hu-hu\/a-belrendszer-egeszsege\/a-bel-az-egeszseg-kozpontja\/belmikrobiom\/\">\n\t\t\t\t\t\t<span class=\"elementor-button-content-wrapper\">\n\t\t\t\t\t\t\t\t\t<span class=\"elementor-button-text\">Olvasson tov\u00e1bb az IBS-r\u0151l \u00e9s a mikrobiomr\u00f3l!<\/span>\n\t\t\t\t\t<\/span>\n\t\t\t\t\t<\/a>\n\t\t\t\t<\/div>\n\t\t\t\t\t\t\t\t<\/div>\n\t\t\t\t<\/div>\n\t\t\t\t\t<\/div>\n\t\t\t\t<\/div>\n\t\t<div class=\"elementor-element elementor-element-c4744c2 obcs green e-flex e-con-boxed e-con e-parent\" data-id=\"c4744c2\" data-element_type=\"container\">\n\t\t\t\t\t<div class=\"e-con-inner\">\n\t\t<div class=\"elementor-element elementor-element-4c3f817 e-con-full obcs none e-flex e-con e-parent\" data-id=\"4c3f817\" data-element_type=\"container\">\n\t\t\t\t<div class=\"elementor-element elementor-element-ef6070c e-transform elementor-widget elementor-widget-image\" data-id=\"ef6070c\" data-element_type=\"widget\" data-settings=\"{&quot;_transform_rotateZ_effect&quot;:{&quot;unit&quot;:&quot;px&quot;,&quot;size&quot;:&quot;0&quot;,&quot;sizes&quot;:[]},&quot;_transform_rotate_3d&quot;:&quot;yes&quot;,&quot;_transform_rotateX_effect&quot;:{&quot;unit&quot;:&quot;px&quot;,&quot;size&quot;:&quot;0&quot;,&quot;sizes&quot;:[]},&quot;_transform_rotateY_effect&quot;:{&quot;unit&quot;:&quot;px&quot;,&quot;size&quot;:&quot;4&quot;,&quot;sizes&quot;:[]},&quot;_transform_perspective_effect&quot;:{&quot;unit&quot;:&quot;px&quot;,&quot;size&quot;:&quot;650&quot;,&quot;sizes&quot;:[]},&quot;_transform_rotateZ_effect_tablet&quot;:{&quot;unit&quot;:&quot;deg&quot;,&quot;size&quot;:&quot;&quot;,&quot;sizes&quot;:[]},&quot;_transform_rotateZ_effect_mobile&quot;:{&quot;unit&quot;:&quot;deg&quot;,&quot;size&quot;:&quot;&quot;,&quot;sizes&quot;:[]},&quot;_transform_rotateX_effect_tablet&quot;:{&quot;unit&quot;:&quot;deg&quot;,&quot;size&quot;:&quot;&quot;,&quot;sizes&quot;:[]},&quot;_transform_rotateX_effect_mobile&quot;:{&quot;unit&quot;:&quot;deg&quot;,&quot;size&quot;:&quot;&quot;,&quot;sizes&quot;:[]},&quot;_transform_rotateY_effect_tablet&quot;:{&quot;unit&quot;:&quot;deg&quot;,&quot;size&quot;:&quot;&quot;,&quot;sizes&quot;:[]},&quot;_transform_rotateY_effect_mobile&quot;:{&quot;unit&quot;:&quot;deg&quot;,&quot;size&quot;:&quot;&quot;,&quot;sizes&quot;:[]},&quot;_transform_perspective_effect_tablet&quot;:{&quot;unit&quot;:&quot;px&quot;,&quot;size&quot;:&quot;&quot;,&quot;sizes&quot;:[]},&quot;_transform_perspective_effect_mobile&quot;:{&quot;unit&quot;:&quot;px&quot;,&quot;size&quot;:&quot;&quot;,&quot;sizes&quot;:[]}}\" data-widget_type=\"image.default\">\n\t\t\t\t<div class=\"elementor-widget-container\">\n\t\t\t\t\t\t\t\t\t\t\t\t\t\t\t<img loading=\"lazy\" decoding=\"async\" width=\"800\" height=\"800\" src=\"https:\/\/www.omni-biotic.com\/hu-hu\/wp-content\/uploads\/sites\/7\/2023\/07\/IBS-kezelesi-modszerek_2.jpg\" class=\"attachment-large size-large wp-image-16747\" alt=\"Irrit\u00e1bilis b\u00e9l szindr\u00f3ma kezel\u00e9se, t\u00fcnetei, kiv\u00e1lt\u00f3 okok\" srcset=\"https:\/\/www.omni-biotic.com\/hu-hu\/wp-content\/uploads\/sites\/7\/2023\/07\/IBS-kezelesi-modszerek_2.jpg 800w, https:\/\/www.omni-biotic.com\/hu-hu\/wp-content\/uploads\/sites\/7\/2023\/07\/IBS-kezelesi-modszerek_2-300x300.jpg 300w, https:\/\/www.omni-biotic.com\/hu-hu\/wp-content\/uploads\/sites\/7\/2023\/07\/IBS-kezelesi-modszerek_2-150x150.jpg 150w, https:\/\/www.omni-biotic.com\/hu-hu\/wp-content\/uploads\/sites\/7\/2023\/07\/IBS-kezelesi-modszerek_2-768x768.jpg 768w\" sizes=\"(max-width: 800px) 100vw, 800px\" title=\"\">\t\t\t\t\t\t\t\t\t\t\t\t\t\t\t<\/div>\n\t\t\t\t<\/div>\n\t\t\t\t<\/div>\n\t\t<div class=\"elementor-element elementor-element-6f49339 e-con-full obcs none e-flex e-con e-parent\" data-id=\"6f49339\" data-element_type=\"container\">\n\t\t\t\t<div class=\"elementor-element elementor-element-3df8997 elementor-widget elementor-widget-heading\" data-id=\"3df8997\" data-element_type=\"widget\" data-widget_type=\"heading.default\">\n\t\t\t\t<div class=\"elementor-widget-container\">\n\t\t\t\t\t<h2 class=\"elementor-heading-title elementor-size-default\">Tippek irrit\u00e1bilis b\u00e9l szindr\u00f3ma eset\u00e9n?<\/h2>\t\t\t\t<\/div>\n\t\t\t\t<\/div>\n\t\t\t\t<div class=\"elementor-element elementor-element-568af40 elementor-widget elementor-widget-heading\" data-id=\"568af40\" data-element_type=\"widget\" data-widget_type=\"heading.default\">\n\t\t\t\t<div class=\"elementor-widget-container\">\n\t\t\t\t\t<h3 class=\"elementor-heading-title elementor-size-default\">1. Tipp<\/h3>\t\t\t\t<\/div>\n\t\t\t\t<\/div>\n\t\t\t\t<div class=\"elementor-element elementor-element-605f1c1 elementor-widget elementor-widget-text-editor\" data-id=\"605f1c1\" data-element_type=\"widget\" data-widget_type=\"text-editor.default\">\n\t\t\t\t<div class=\"elementor-widget-container\">\n\t\t\t\t\t\t\t\t\t<p><strong>Sz\u00e1njon id\u0151t a kikapcsol\u00f3d\u00e1sra!<\/strong> Ha ellazul, azt belei is \u00e9rzik! A <strong>stressz<\/strong> fokozza az irrit\u00e1bilis b\u00e9l szindr\u00f3ma t\u00fcneteit. Az ellazul\u00e1s \u00e9s a <strong>rendszeres testmozg\u00e1s<\/strong> vissza\u00e1\u00e1l\u00edtja a belek egyens\u00faly\u00e1t. Hasznos a szauna, a szabadt\u00e9ri testmozg\u00e1s \u00e9s a v\u00edzi aktivit\u00e1sok. A <strong>relax\u00e1ci\u00f3s m\u00f3dszerek<\/strong>\u00a0(pl. autog\u00e9n tr\u00e9ning, j\u00f3ga) gyakorl\u00e1sa seg\u00edt a stressz, az idegess\u00e9g \u00e9s a szorong\u00e1s t\u00fcneteinek kontroll\u00e1l\u00e1s\u00e1ban. A s\u00falyos ment\u00e1lis eg\u00e9szs\u00e9g\u00fcgyi probl\u00e9m\u00e1kkal \u00e9s\u00a0<strong>depresszi\u00f3val<\/strong>\u00a0k\u00fczd\u0151 betegeknek javasolt pszichoterapeut\u00e1hoz fordulniuk.<\/p>\t\t\t\t\t\t\t\t<\/div>\n\t\t\t\t<\/div>\n\t\t\t\t<div class=\"elementor-element elementor-element-6330f8a elementor-widget elementor-widget-heading\" data-id=\"6330f8a\" data-element_type=\"widget\" data-widget_type=\"heading.default\">\n\t\t\t\t<div class=\"elementor-widget-container\">\n\t\t\t\t\t<h3 class=\"elementor-heading-title elementor-size-default\">2. Tipp<\/h3>\t\t\t\t<\/div>\n\t\t\t\t<\/div>\n\t\t\t\t<div class=\"elementor-element elementor-element-d245b1a elementor-widget elementor-widget-text-editor\" data-id=\"d245b1a\" data-element_type=\"widget\" data-widget_type=\"text-editor.default\">\n\t\t\t\t<div class=\"elementor-widget-container\">\n\t\t\t\t\t\t\t\t\t<p><strong>T\u00e1vol\u00edtsa el \u00e9trendj\u00e9b\u0151l a puffaszt\u00f3 hat\u00e1s\u00fa, nehezen em\u00e9szthet\u0151 \u00e9teleket.<\/strong> Ehhez hasznosnak bizonyul egy <strong>t\u00e1pl\u00e1lkoz\u00e1si napl\u00f3<\/strong> vezet\u00e9se, javasolt azokat az \u00e9teleket, italokat \u00e9s helyzeteket azonos\u00edtani, melyek befoly\u00e1solj\u00e1k a t\u00fcneteket \u00e9s k\u00e9nyelmetlens\u00e9get okoznak. A megel\u0151z\u00e9s jobb mint az orvosl\u00e1s. Er\u0151sen aj\u00e1nlott az\u00a0<strong>irrit\u00e1bilis b\u00e9l szindr\u00f3ma kiv\u00e1lt\u00f3 ok\u00e1nak<\/strong>\u00a0kezel\u00e9se! B\u00e9lmozg\u00e1st serkent\u0151\u00a0<strong>rost<\/strong> alkalmaz\u00e1sa eset\u00e9n javasolt a v\u00edzben old\u00f3d\u00f3 rostok (szentj\u00e1noskeny\u00e9rgumi, pektin) fogyaszt\u00e1sa. Egyen t\u00f6bbsz\u00f6r kevesebbet, r\u00e1gja meg az \u00e9telt alaposan! <strong>Igyon eleget<\/strong>\u00a0(pl. sz\u00e9nsavmentes \u00e1sv\u00e1nyvizet)! Ker\u00fclje a zs\u00edros \u00e9s puffaszt\u00f3 \u00e9teleket, valamint a nagyon hideg \u00e9s a t\u00fal forr\u00f3 italokat! A sz\u00e9nsavas \u00fcd\u00edt\u0151k \u00e9s a gy\u00fcm\u00f6lcs\u00f6k is gyakran okoznak kellemetlens\u00e9get.<\/p><p>\u00c9tkezzen rendszeresen, meghat\u00e1rozott id\u0151pontokban!<\/p><p>\u00a0<\/p>\t\t\t\t\t\t\t\t<\/div>\n\t\t\t\t<\/div>\n\t\t\t\t<div class=\"elementor-element elementor-element-2388992 elementor-widget elementor-widget-heading\" data-id=\"2388992\" data-element_type=\"widget\" data-widget_type=\"heading.default\">\n\t\t\t\t<div class=\"elementor-widget-container\">\n\t\t\t\t\t<h3 class=\"elementor-heading-title elementor-size-default\">3. Tipp<\/h3>\t\t\t\t<\/div>\n\t\t\t\t<\/div>\n\t\t\t\t<div class=\"elementor-element elementor-element-6296052 elementor-widget elementor-widget-text-editor\" data-id=\"6296052\" data-element_type=\"widget\" data-widget_type=\"text-editor.default\">\n\t\t\t\t<div class=\"elementor-widget-container\">\n\t\t\t\t\t\t\t\t\t<p><strong>Hagyjon fel a doh\u00e1nyz\u00e1ssal,<\/strong>\u00a0\u00e9s\u00a0<strong>alkoholt<\/strong>\u00a0is csak m\u00e9rt\u00e9kkel fogyasszon!<\/p>\t\t\t\t\t\t\t\t<\/div>\n\t\t\t\t<\/div>\n\t\t\t\t<div class=\"elementor-element elementor-element-397744f elementor-widget elementor-widget-heading\" data-id=\"397744f\" data-element_type=\"widget\" data-widget_type=\"heading.default\">\n\t\t\t\t<div class=\"elementor-widget-container\">\n\t\t\t\t\t<h3 class=\"elementor-heading-title elementor-size-default\">4. Tipp<\/h3>\t\t\t\t<\/div>\n\t\t\t\t<\/div>\n\t\t\t\t<div class=\"elementor-element elementor-element-84e3a3b elementor-widget elementor-widget-text-editor\" data-id=\"84e3a3b\" data-element_type=\"widget\" data-widget_type=\"text-editor.default\">\n\t\t\t\t<div class=\"elementor-widget-container\">\n\t\t\t\t\t\t\t\t\t<p>A b\u00e9lny\u00e1lkah\u00e1rty\u00e1t v\u00e9d\u0151 \u00e9s az em\u00e9szt\u00e9si funkci\u00f3kat egyens\u00falyban tart\u00f3 probiotikus\u00a0<strong>t\u00f6bbfaj\u00fa szinbiotikumok<\/strong> (ak\u00e1r hossz\u00fa t\u00e1v\u00fa) szed\u00e9se ide\u00e1lis az IBS megel\u0151z\u00e9s\u00e9re \u00e9s kezel\u00e9s\u00e9re.<\/p>\t\t\t\t\t\t\t\t<\/div>\n\t\t\t\t<\/div>\n\t\t\t\t<\/div>\n\t\t\t\t\t<\/div>\n\t\t\t\t<\/div>\n\t\t<div class=\"elementor-element elementor-element-104dcb1 obcs none e-flex e-con-boxed e-con e-parent\" data-id=\"104dcb1\" data-element_type=\"container\">\n\t\t\t\t\t<div class=\"e-con-inner\">\n\t\t\t\t<div class=\"elementor-element elementor-element-2a04144 elementor-widget__width-inherit elementor-widget elementor-widget-heading\" data-id=\"2a04144\" data-element_type=\"widget\" data-widget_type=\"heading.default\">\n\t\t\t\t<div class=\"elementor-widget-container\">\n\t\t\t\t\t<h2 class=\"elementor-heading-title elementor-size-default\">Hasonl\u00f3 cikkekek a t\u00e9m\u00e1ban<\/h2>\t\t\t\t<\/div>\n\t\t\t\t<\/div>\n\t\t\t\t<div class=\"elementor-element elementor-element-e675e1b elementor-widget elementor-widget-li-widgets--posts-gallery\" data-id=\"e675e1b\" data-element_type=\"widget\" data-widget_type=\"li-widgets--posts-gallery.default\">\n\t\t\t\t<div class=\"elementor-widget-container\">\n\t\t\t\t\t    \n<div class=\"li-widgets--posts-gallery__pagination\" data-post-id=\"161\">\n\n    <div class=\"li-widgets--posts-gallery__pagination-results\">\n        1-6 a 33 eredm\u00e9nyek    <\/div>\n    <div class=\"li-widgets--posts-gallery__pagination-pages\">\n        oldalak 1 a 6    <\/div>\n    <div class=\"li-widgets--posts-gallery__pagination-url\">\n                            <a href=\"#\" data-href=\"https:\/\/www.omni-biotic.com\/hu-hu\/wp-json\/wp\/v2\/pages\/161\/?search&category=108&cur=1\">1<\/a>\n                    <a href=\"#\" data-href=\"https:\/\/www.omni-biotic.com\/hu-hu\/wp-json\/wp\/v2\/pages\/161\/?search&category=108&cur=2\">2<\/a>\n                    <a href=\"#\" data-href=\"https:\/\/www.omni-biotic.com\/hu-hu\/wp-json\/wp\/v2\/pages\/161\/?search&category=108&cur=3\">3<\/a>\n                            <a href=\"#\" data-href=\"https:\/\/www.omni-biotic.com\/hu-hu\/wp-json\/wp\/v2\/pages\/161\/?search&category=108&cur=6\">\u00bb<\/a>\n            <\/div>\n<\/div>\n<div class=\"li-widgets--posts-gallery blog\">\n                    <a href=\"https:\/\/www.omni-biotic.com\/hu-hu\/blog\/autoimmun-betegsegek\/\"\n           class=\"li-widgets--posts-gallery__post\">\n            <div class=\"post--image__container\">\n                <div class=\"post--image\">\n                    <img loading=\"lazy\" decoding=\"async\" width=\"700\" height=\"500\" src=\"https:\/\/www.omni-biotic.com\/hu-hu\/wp-content\/uploads\/sites\/7\/2025\/08\/autoimmun_betegseg.jpg\" class=\"attachment-medium_large size-medium_large wp-post-image\" alt=\"autoimmun betegs\u00e9g kezel\u00e9se, probioitkum, kr\u00f3nikus betegs\u00e9g, reuma, pikkelys\u00f6m\u00f6r, Hashimoto-thyreoiditis, c\u00f6li\u00e1kia vagy 1-es t\u00edpus\u00fa cukorbetegs\u00e9g, OMNi-BiOTiC\u00ae\" srcset=\"https:\/\/www.omni-biotic.com\/hu-hu\/wp-content\/uploads\/sites\/7\/2025\/08\/autoimmun_betegseg.jpg 700w, https:\/\/www.omni-biotic.com\/hu-hu\/wp-content\/uploads\/sites\/7\/2025\/08\/autoimmun_betegseg-300x214.jpg 300w\" sizes=\"(max-width: 700px) 100vw, 700px\" title=\"\">                <\/div>\n            <\/div>\n            <div class=\"post--teaser\">\n                <div class=\"title\">Autoimmun betegs\u00e9gek<\/div>\n                <div class=\"description\">\n                    Az olyan kifejez\u00e9seket, mint a pikkelys\u00f6m\u00f6r, a Hashimoto-thyreoiditis, a c\u00f6li\u00e1kia vagy az 1-es t\u00edpus\u00fa cukorbetegs\u00e9g,\u2026                    <br>\n                    <span class=\"read-more\">\n                            Tov\u00e1bb                        <\/span>\n                <\/div>\n                <div class=\"metadata\"><b>friss\u00edtve:<\/b> 5. augusztus 2025 \u2022 <b>Kateg\u00f3ri\u00e1k:<\/b> Panaszok \u00e9s tan\u00e1csok<\/div>\n            <\/div>\n        <\/a>\n                <a href=\"https:\/\/www.omni-biotic.com\/hu-hu\/blog\/papaja-a-szekrekedes-ellen\/\"\n           class=\"li-widgets--posts-gallery__post\">\n            <div class=\"post--image__container\">\n                <div class=\"post--image\">\n                    <img loading=\"lazy\" decoding=\"async\" width=\"700\" height=\"500\" src=\"https:\/\/www.omni-biotic.com\/hu-hu\/wp-content\/uploads\/sites\/7\/2024\/09\/papaja_szekrekedes_ellen.jpg\" class=\"attachment-medium_large size-medium_large wp-post-image\" alt=\"papaja, sz\u00e9kreked\u00e9s ellen, puffad\u00e1s, hasmen\u00e9s, probiotikum sz\u00e9kreked\u00e9s, papaya\" srcset=\"https:\/\/www.omni-biotic.com\/hu-hu\/wp-content\/uploads\/sites\/7\/2024\/09\/papaja_szekrekedes_ellen.jpg 700w, https:\/\/www.omni-biotic.com\/hu-hu\/wp-content\/uploads\/sites\/7\/2024\/09\/papaja_szekrekedes_ellen-300x214.jpg 300w\" sizes=\"(max-width: 700px) 100vw, 700px\" title=\"\">                <\/div>\n            <\/div>\n            <div class=\"post--teaser\">\n                <div class=\"title\">Papaja: tippek sz\u00e9kreked\u00e9s ellen<\/div>\n                <div class=\"description\">\n                    A papaja \u00e9rt\u00e9kes \u00f6sszetev\u0151i fontos t\u00e1pl\u00e1l\u00e9kforr\u00e1sk\u00e9nt szolg\u00e1lnak b\u00e9lbakt\u00e9riumaink sz\u00e1m\u00e1ra \u00e9s r\u00e1ad\u00e1sul a sz\u00e9kreked\u00e9s enyh\u00fclhet.                    <br>\n                    <span class=\"read-more\">\n                            Tov\u00e1bb                        <\/span>\n                <\/div>\n                <div class=\"metadata\"><b>friss\u00edtve:<\/b> 9. j\u00falius 2025 \u2022 <b>Kateg\u00f3ri\u00e1k:<\/b> Panaszok \u00e9s tan\u00e1csok<\/div>\n            <\/div>\n        <\/a>\n                <a href=\"https:\/\/www.omni-biotic.com\/hu-hu\/blog\/testsulykezeles\/\"\n           class=\"li-widgets--posts-gallery__post\">\n            <div class=\"post--image__container\">\n                <div class=\"post--image\">\n                    <img loading=\"lazy\" decoding=\"async\" width=\"700\" height=\"500\" src=\"https:\/\/www.omni-biotic.com\/hu-hu\/wp-content\/uploads\/sites\/7\/2024\/04\/fogyas_omni-biotic_probiotikum.jpg\" class=\"attachment-medium_large size-medium_large wp-post-image\" alt=\"tests\u00falykezel\u00e9s, omni-biotic, probiotikum, fogy\u00e1s, b\u00e9lbakt\u00e9riumok, tests\u00faly\" srcset=\"https:\/\/www.omni-biotic.com\/hu-hu\/wp-content\/uploads\/sites\/7\/2024\/04\/fogyas_omni-biotic_probiotikum.jpg 700w, https:\/\/www.omni-biotic.com\/hu-hu\/wp-content\/uploads\/sites\/7\/2024\/04\/fogyas_omni-biotic_probiotikum-300x214.jpg 300w\" sizes=\"(max-width: 700px) 100vw, 700px\" title=\"\">                <\/div>\n            <\/div>\n            <div class=\"post--teaser\">\n                <div class=\"title\">Hogyan hatnak a b\u00e9lbakt\u00e9riumok a tests\u00falyunkra?<\/div>\n                <div class=\"description\">\n                    Nem \u00fajdons\u00e1g, hogy a genetikai hajlam, az \u00e9letm\u00f3d \u00e9s az anyagcsere befoly\u00e1solja tests\u00falyunkat. De tudtad,\u2026                    <br>\n                    <span class=\"read-more\">\n                            Tov\u00e1bb                        <\/span>\n                <\/div>\n                <div class=\"metadata\"><b>friss\u00edtve:<\/b> 30. \u00e1prilis 2024 \u2022 <b>Kateg\u00f3ri\u00e1k:<\/b> \u00c1ltal\u00e1nos, Panaszok \u00e9s tan\u00e1csok<\/div>\n            <\/div>\n        <\/a>\n                <a href=\"https:\/\/www.omni-biotic.com\/hu-hu\/blog\/aranyer-tunetei-es-kezeles\/\"\n           class=\"li-widgets--posts-gallery__post\">\n            <div class=\"post--image__container\">\n                <div class=\"post--image\">\n                    <img loading=\"lazy\" decoding=\"async\" width=\"768\" height=\"512\" src=\"https:\/\/www.omni-biotic.com\/hu-hu\/wp-content\/uploads\/sites\/7\/2024\/04\/mi_huzza_vissza_az_aranyeret-768x512.jpg\" class=\"attachment-medium_large size-medium_large wp-post-image\" alt=\"arany\u00e9r, t\u00fcnetek, probiotikum, omni-biotic, prebiotikum, pro forma\" srcset=\"https:\/\/www.omni-biotic.com\/hu-hu\/wp-content\/uploads\/sites\/7\/2024\/04\/mi_huzza_vissza_az_aranyeret-768x512.jpg 768w, https:\/\/www.omni-biotic.com\/hu-hu\/wp-content\/uploads\/sites\/7\/2024\/04\/mi_huzza_vissza_az_aranyeret-300x200.jpg 300w, https:\/\/www.omni-biotic.com\/hu-hu\/wp-content\/uploads\/sites\/7\/2024\/04\/mi_huzza_vissza_az_aranyeret.jpg 1024w\" sizes=\"(max-width: 768px) 100vw, 768px\" title=\"\">                <\/div>\n            <\/div>\n            <div class=\"post--teaser\">\n                <div class=\"title\">Mit kell tudni az arany\u00e9rr\u0151l? &#8211; T\u00fcnetek \u00e9s kezel\u00e9s<\/div>\n                <div class=\"description\">\n                    Mindenki tud r\u00f3la, de senkinek sem kell! Pedig mindannyiunknak van: arany\u00e9r. Akkor besz\u00e9l\u00fcnk r\u00f3la, amikor\u2026                    <br>\n                    <span class=\"read-more\">\n                            Tov\u00e1bb                        <\/span>\n                <\/div>\n                <div class=\"metadata\"><b>friss\u00edtve:<\/b> 30. \u00e1prilis 2024 \u2022 <b>Kateg\u00f3ri\u00e1k:<\/b> Panaszok \u00e9s tan\u00e1csok<\/div>\n            <\/div>\n        <\/a>\n                <a href=\"https:\/\/www.omni-biotic.com\/hu-hu\/blog\/hugyuti-fertozes-az-e-coli-szorosan-tapad-a-felueletekhez\/\"\n           class=\"li-widgets--posts-gallery__post\">\n            <div class=\"post--image__container\">\n                <div class=\"post--image\">\n                    <img loading=\"lazy\" decoding=\"async\" width=\"768\" height=\"507\" src=\"https:\/\/www.omni-biotic.com\/hu-hu\/wp-content\/uploads\/sites\/7\/2022\/04\/E-coli_fertoezes-768x507.png\" class=\"attachment-medium_large size-medium_large wp-post-image\" alt=\"e. coli, k\u00f3libakt\u00e9rium, k\u00f3li bakt\u00e9rium, k\u00f3li bakt\u00e9rium a vizeletben, escherichia coli, e coli bakt\u00e9rium ki\u00edrt\u00e1sa, coli bakt\u00e9riumok, e coli bakt\u00e9rium sz\u00e9kletben, e coli fert\u0151z\u00e9s kezel\u00e9se, escherichia coli bakt\u00e9rium, escherichia coli fert\u0151z\u00e9s, escherichia coli jelent\u00e9se, e coli, coli bakt\u00e9rium, e coli bakt\u00e9rium ki\u00edrt\u00e1sa, e coli bakt\u00e9rium, coli e\" srcset=\"https:\/\/www.omni-biotic.com\/hu-hu\/wp-content\/uploads\/sites\/7\/2022\/04\/E-coli_fertoezes-768x507.png 768w, https:\/\/www.omni-biotic.com\/hu-hu\/wp-content\/uploads\/sites\/7\/2022\/04\/E-coli_fertoezes-300x198.png 300w, https:\/\/www.omni-biotic.com\/hu-hu\/wp-content\/uploads\/sites\/7\/2022\/04\/E-coli_fertoezes.png 1024w\" sizes=\"(max-width: 768px) 100vw, 768px\" title=\"\">                <\/div>\n            <\/div>\n            <div class=\"post--teaser\">\n                <div class=\"title\">H\u00fagy\u00fati fert\u0151z\u00e9s: E. coli miatt?<\/div>\n                <div class=\"description\">\n                    H\u00fagy\u00fati fert\u0151z\u00e9s vagy h\u00f3lyaghurut: amikor a FimH feh\u00e9rje seg\u00edti az Escherichia Coli bakt\u00e9rium megteleped\u00e9s\u00e9t a\u2026                    <br>\n                    <span class=\"read-more\">\n                            Tov\u00e1bb                        <\/span>\n                <\/div>\n                <div class=\"metadata\"><b>friss\u00edtve:<\/b> 13. szeptember 2024 \u2022 <b>Kateg\u00f3ri\u00e1k:<\/b> N\u0151i eg\u00e9szs\u00e9g, Panaszok \u00e9s tan\u00e1csok<\/div>\n            <\/div>\n        <\/a>\n                <a href=\"https:\/\/www.omni-biotic.com\/hu-hu\/blog\/alvaszavar-stressz-miatt\/\"\n           class=\"li-widgets--posts-gallery__post\">\n            <div class=\"post--image__container\">\n                <div class=\"post--image\">\n                    <img loading=\"lazy\" decoding=\"async\" width=\"768\" height=\"506\" src=\"https:\/\/www.omni-biotic.com\/hu-hu\/wp-content\/uploads\/sites\/7\/2024\/02\/alvaszavar-stresssz-768x506-1.png\" class=\"attachment-medium_large size-medium_large wp-post-image\" alt=\"robiotikum stresskezel\u00e9sre, mikrobiom, b\u00e9lrendszer, alv\u00e1szavar, pihentet\u0151 alv\u00e1s, nyugodt alv\u00e1s, stresszkezel\u00e9s, Meta-Care\" srcset=\"https:\/\/www.omni-biotic.com\/hu-hu\/wp-content\/uploads\/sites\/7\/2024\/02\/alvaszavar-stresssz-768x506-1.png 768w, https:\/\/www.omni-biotic.com\/hu-hu\/wp-content\/uploads\/sites\/7\/2024\/02\/alvaszavar-stresssz-768x506-1-300x198.png 300w\" sizes=\"(max-width: 768px) 100vw, 768px\" title=\"\">                <\/div>\n            <\/div>\n            <div class=\"post--teaser\">\n                <div class=\"title\">Alv\u00e1szavar: amikor a stressz akad\u00e1lyozza az alv\u00e1st<\/div>\n                <div class=\"description\">\n                    Stresszesek a mindennapok \u00e9s est\u00e9nk\u00e9nt k\u00e9ptelen elaludni? Alv\u00e1szavarok \u00e9s \u00e1lmatlans\u00e1g gy\u00f6tri, \u00edgy megnehez\u00fcl a mindennapi\u2026                    <br>\n                    <span class=\"read-more\">\n                            Tov\u00e1bb                        <\/span>\n                <\/div>\n                <div class=\"metadata\"><b>friss\u00edtve:<\/b> 5. j\u00fanius 2024 \u2022 <b>Kateg\u00f3ri\u00e1k:<\/b> Panaszok \u00e9s tan\u00e1csok<\/div>\n            <\/div>\n        <\/a>\n            <\/div>\n\t\t\t\t<\/div>\n\t\t\t\t<\/div>\n\t\t\t\t\t<\/div>\n\t\t\t\t<\/div>\n\t\t\t\t<\/div>\n\t\t","protected":false},"excerpt":{"rendered":"<p>Irrit\u00e1bilis b\u00e9l szindr\u00f3ma (IBS) Irrit\u00e1bilis b\u00e9l szindr\u00f3ma eset\u00e9n a betegn\u00e9l k\u00fcl\u00f6nf\u00e9le gyomor-b\u00e9lrendszeri panaszok jelentkeznek. H\u00e1tter\u00fckben szervi okok nem mutatkoznak. Funkcion\u00e1lis em\u00e9szt\u0151rendszeri probl\u00e9m\u00e1r\u00f3l van sz\u00f3.\u00a0 Tartalomjegyz\u00e9k Mi is az az irrit\u00e1bilis b\u00e9l szindr\u00f3ma (IBS)? Az\u00a0irrit\u00e1bilis b\u00e9l szindr\u00f3ma\u00a0(IBS) a gyomor-b\u00e9l traktus egyik\u00a0leggyakoribb funkcion\u00e1lis rendelleness\u00e9ge. Nemcsak a\u00a0vastagb\u00e9l\u00a0\u00e9rintett, hanem az\u00a0em\u00e9szt\u0151rendszer teljes hossza. A s\u00falyos em\u00e9szt\u00e9si probl\u00e9m\u00e1k h\u00e1tter\u00e9ben sokszor az [&hellip;]<\/p>\n","protected":false},"author":3,"featured_media":0,"parent":153,"menu_order":490,"comment_status":"closed","ping_status":"closed","template":"","meta":{"_acf_changed":false,"inline_featured_image":false,"footnotes":""},"class_list":["post-161","page","type-page","status-publish","hentry"],"acf":[],"_links":{"self":[{"href":"https:\/\/www.omni-biotic.com\/hu-hu\/wp-json\/wp\/v2\/pages\/161","targetHints":{"allow":["GET"]}}],"collection":[{"href":"https:\/\/www.omni-biotic.com\/hu-hu\/wp-json\/wp\/v2\/pages"}],"about":[{"href":"https:\/\/www.omni-biotic.com\/hu-hu\/wp-json\/wp\/v2\/types\/page"}],"author":[{"embeddable":true,"href":"https:\/\/www.omni-biotic.com\/hu-hu\/wp-json\/wp\/v2\/users\/3"}],"replies":[{"embeddable":true,"href":"https:\/\/www.omni-biotic.com\/hu-hu\/wp-json\/wp\/v2\/comments?post=161"}],"version-history":[{"count":7,"href":"https:\/\/www.omni-biotic.com\/hu-hu\/wp-json\/wp\/v2\/pages\/161\/revisions"}],"predecessor-version":[{"id":18690,"href":"https:\/\/www.omni-biotic.com\/hu-hu\/wp-json\/wp\/v2\/pages\/161\/revisions\/18690"}],"up":[{"embeddable":true,"href":"https:\/\/www.omni-biotic.com\/hu-hu\/wp-json\/wp\/v2\/pages\/153"}],"wp:attachment":[{"href":"https:\/\/www.omni-biotic.com\/hu-hu\/wp-json\/wp\/v2\/media?parent=161"}],"curies":[{"name":"wp","href":"https:\/\/api.w.org\/{rel}","templated":true}]}}