{"id":163,"date":"2022-03-07T10:07:28","date_gmt":"2022-03-07T09:07:28","guid":{"rendered":"https:\/\/www.omni-biotic.com\/darmbeschwerden\/ced\/"},"modified":"2024-01-16T12:48:14","modified_gmt":"2024-01-16T11:48:14","slug":"kronikus-gyulladasos-belbetegsegek-ibd","status":"publish","type":"page","link":"https:\/\/www.omni-biotic.com\/hu-hu\/belpanaszok\/kronikus-gyulladasos-belbetegsegek-ibd\/","title":{"rendered":"Kr\u00f3nikus gyullad\u00e1sos b\u00e9lbetegs\u00e9gek (IBD)"},"content":{"rendered":"\t\t<div data-elementor-type=\"wp-page\" data-elementor-id=\"163\" class=\"elementor elementor-163\" data-elementor-post-type=\"page\">\n\t\t\t\t<div class=\"elementor-element elementor-element-6e83ead e-con-full obcs none e-flex e-con e-parent\" data-id=\"6e83ead\" data-element_type=\"container\" data-settings=\"{&quot;background_background&quot;:&quot;classic&quot;,&quot;shape_divider_bottom&quot;:&quot;waves&quot;}\">\n\t\t\t\t<div class=\"elementor-shape elementor-shape-bottom\" aria-hidden=\"true\" data-negative=\"false\">\n\t\t\t<svg xmlns=\"http:\/\/www.w3.org\/2000\/svg\" viewBox=\"0 0 1000 100\" preserveAspectRatio=\"none\">\n\t<path class=\"elementor-shape-fill\" d=\"M421.9,6.5c22.6-2.5,51.5,0.4,75.5,5.3c23.6,4.9,70.9,23.5,100.5,35.7c75.8,32.2,133.7,44.5,192.6,49.7\n\tc23.6,2.1,48.7,3.5,103.4-2.5c54.7-6,106.2-25.6,106.2-25.6V0H0v30.3c0,0,72,32.6,158.4,30.5c39.2-0.7,92.8-6.7,134-22.4\n\tc21.2-8.1,52.2-18.2,79.7-24.2C399.3,7.9,411.6,7.5,421.9,6.5z\"\/>\n<\/svg>\t\t<\/div>\n\t\t\t\t<div class=\"elementor-element elementor-element-77b4cd5 elementor-absolute elementor-hidden-mobile elementor-align-center elementor-widget elementor-widget-lottie\" data-id=\"77b4cd5\" data-element_type=\"widget\" data-settings=\"{&quot;source_json&quot;:{&quot;url&quot;:&quot;https:\\\/\\\/www.omni-biotic.com\\\/hu-hu\\\/wp-content\\\/uploads\\\/sites\\\/7\\\/2022\\\/08\\\/lf30_editor_s5uwdgjh.json&quot;,&quot;id&quot;:&quot;7733&quot;,&quot;size&quot;:&quot;&quot;,&quot;alt&quot;:&quot;&quot;,&quot;source&quot;:&quot;library&quot;},&quot;loop&quot;:&quot;yes&quot;,&quot;play_speed&quot;:{&quot;unit&quot;:&quot;px&quot;,&quot;size&quot;:&quot;0.3&quot;,&quot;sizes&quot;:[]},&quot;_position&quot;:&quot;absolute&quot;,&quot;source&quot;:&quot;media_file&quot;,&quot;caption_source&quot;:&quot;none&quot;,&quot;link_to&quot;:&quot;none&quot;,&quot;trigger&quot;:&quot;arriving_to_viewport&quot;,&quot;viewport&quot;:{&quot;unit&quot;:&quot;%&quot;,&quot;size&quot;:&quot;&quot;,&quot;sizes&quot;:{&quot;start&quot;:0,&quot;end&quot;:100}},&quot;start_point&quot;:{&quot;unit&quot;:&quot;%&quot;,&quot;size&quot;:0,&quot;sizes&quot;:[]},&quot;end_point&quot;:{&quot;unit&quot;:&quot;%&quot;,&quot;size&quot;:100,&quot;sizes&quot;:[]},&quot;renderer&quot;:&quot;svg&quot;}\" data-widget_type=\"lottie.default\">\n\t\t\t\t<div class=\"elementor-widget-container\">\n\t\t\t\t\t<div class=\"e-lottie__container\"><div class=\"e-lottie__animation\"><\/div><\/div>\t\t\t\t<\/div>\n\t\t\t\t<\/div>\n\t\t<div class=\"elementor-element elementor-element-715fdcd e-con-full obcs none e-flex e-con e-parent\" data-id=\"715fdcd\" data-element_type=\"container\" data-settings=\"{&quot;background_background&quot;:&quot;classic&quot;}\">\n\t\t\t\t<div class=\"elementor-element elementor-element-8c50b71 elementor-widget elementor-widget-heading\" data-id=\"8c50b71\" data-element_type=\"widget\" data-widget_type=\"heading.default\">\n\t\t\t\t<div class=\"elementor-widget-container\">\n\t\t\t\t\t<h1 class=\"elementor-heading-title elementor-size-default\">Kr\u00f3nikus gyullad\u00e1sos b\u00e9lbetegs\u00e9gek (IBD)<\/h1>\t\t\t\t<\/div>\n\t\t\t\t<\/div>\n\t\t\t\t<div class=\"elementor-element elementor-element-0bba09e elementor-widget-divider--view-line elementor-widget elementor-widget-divider\" data-id=\"0bba09e\" data-element_type=\"widget\" data-widget_type=\"divider.default\">\n\t\t\t\t<div class=\"elementor-widget-container\">\n\t\t\t\t\t\t\t<div class=\"elementor-divider\">\n\t\t\t<span class=\"elementor-divider-separator\">\n\t\t\t\t\t\t<\/span>\n\t\t<\/div>\n\t\t\t\t\t\t<\/div>\n\t\t\t\t<\/div>\n\t\t\t\t<div class=\"elementor-element elementor-element-d55c86a elementor-widget elementor-widget-text-editor\" data-id=\"d55c86a\" data-element_type=\"widget\" data-widget_type=\"text-editor.default\">\n\t\t\t\t<div class=\"elementor-widget-container\">\n\t\t\t\t\t\t\t\t\t<p>Hasi f\u00e1jdalom, hasmen\u00e9s, h\u00e1ny\u00e1s, \u00e9melyg\u00e9s, l\u00e1z, gyomorront\u00e1s vagy a b\u00e9lrendszer nyugalm\u00e1nak felborul\u00e1sa sor\u00e1n jelentkez\u0151 t\u00fcnetek mindenki sz\u00e1m\u00e1ra ismer\u0151sek, de az IBD-s betegek nagyobb m\u00e9rt\u00e9kben szenvednek t\u0151l\u00fck.<\/p>\t\t\t\t\t\t\t\t<\/div>\n\t\t\t\t<\/div>\n\t\t\t\t<\/div>\n\t\t\t\t<\/div>\n\t\t<div class=\"elementor-element elementor-element-07118e6 obcs none e-flex e-con-boxed e-con e-parent\" data-id=\"07118e6\" data-element_type=\"container\">\n\t\t\t\t\t<div class=\"e-con-inner\">\n\t\t<div class=\"elementor-element elementor-element-a96d169 e-con-full obcs none e-flex e-con e-parent\" data-id=\"a96d169\" data-element_type=\"container\">\n\t\t\t\t<div class=\"elementor-element elementor-element-2dc02f0 elementor-align-left elementor-widget__width-initial elementor-widget elementor-widget-breadcrumbs\" data-id=\"2dc02f0\" data-element_type=\"widget\" data-widget_type=\"breadcrumbs.default\">\n\t\t\t\t<div class=\"elementor-widget-container\">\n\t\t\t\t\t<span><span class=\"last\">Home<\/span><\/span>\t\t\t\t<\/div>\n\t\t\t\t<\/div>\n\t\t\t\t<\/div>\n\t\t<div class=\"elementor-element elementor-element-ad9a505 e-con-full obcs none e-flex e-con e-parent\" data-id=\"ad9a505\" data-element_type=\"container\">\n\t\t\t\t<div class=\"elementor-element elementor-element-fa586af elementor-toc--minimized-on-desktop elementor-widget elementor-widget-table-of-contents\" data-id=\"fa586af\" data-element_type=\"widget\" data-settings=\"{&quot;exclude_headings_by_selector&quot;:[],&quot;minimized_on&quot;:&quot;desktop&quot;,&quot;headings_by_tags&quot;:[&quot;h2&quot;,&quot;h3&quot;,&quot;h4&quot;,&quot;h5&quot;,&quot;h6&quot;],&quot;marker_view&quot;:&quot;numbers&quot;,&quot;no_headings_message&quot;:&quot;Ezen az oldalon nem tal\\u00e1lhat\\u00f3 c\\u00edmsor.&quot;,&quot;minimize_box&quot;:&quot;yes&quot;,&quot;hierarchical_view&quot;:&quot;yes&quot;,&quot;min_height&quot;:{&quot;unit&quot;:&quot;px&quot;,&quot;size&quot;:&quot;&quot;,&quot;sizes&quot;:[]},&quot;min_height_tablet&quot;:{&quot;unit&quot;:&quot;px&quot;,&quot;size&quot;:&quot;&quot;,&quot;sizes&quot;:[]},&quot;min_height_mobile&quot;:{&quot;unit&quot;:&quot;px&quot;,&quot;size&quot;:&quot;&quot;,&quot;sizes&quot;:[]}}\" data-widget_type=\"table-of-contents.default\">\n\t\t\t\t<div class=\"elementor-widget-container\">\n\t\t\t\t\t\t\t\t\t<div class=\"elementor-toc__header\">\n\t\t\t\t\t\t<h4 class=\"elementor-toc__header-title\">\n\t\t\t\ttartalomjegyz\u00e9k\t\t\t<\/h4>\n\t\t\t\t\t\t\t\t\t\t<div class=\"elementor-toc__toggle-button elementor-toc__toggle-button--expand\" role=\"button\" tabindex=\"0\" aria-controls=\"elementor-toc__fa586af\" aria-expanded=\"true\" aria-label=\"Open table of contents\"><i aria-hidden=\"true\" class=\"fas fa-chevron-down\"><\/i><\/div>\n\t\t\t\t<div class=\"elementor-toc__toggle-button elementor-toc__toggle-button--collapse\" role=\"button\" tabindex=\"0\" aria-controls=\"elementor-toc__fa586af\" aria-expanded=\"true\" aria-label=\"Close table of contents\"><i aria-hidden=\"true\" class=\"fas fa-chevron-up\"><\/i><\/div>\n\t\t\t\t\t<\/div>\n\t\t\t\t<div id=\"elementor-toc__fa586af\" class=\"elementor-toc__body\">\n\t\t\t<div class=\"elementor-toc__spinner-container\">\n\t\t\t\t<i class=\"elementor-toc__spinner eicon-animation-spin eicon-loading\" aria-hidden=\"true\"><\/i>\t\t\t<\/div>\n\t\t<\/div>\n\t\t\t\t\t\t<\/div>\n\t\t\t\t<\/div>\n\t\t\t\t<\/div>\n\t\t\t\t\t<\/div>\n\t\t\t\t<\/div>\n\t\t<div class=\"elementor-element elementor-element-257f857 obcs yellow e-flex e-con-boxed e-con e-parent\" data-id=\"257f857\" data-element_type=\"container\">\n\t\t\t\t\t<div class=\"e-con-inner\">\n\t\t<div class=\"elementor-element elementor-element-f5f8036 e-con-full obcs none e-flex e-con e-parent\" data-id=\"f5f8036\" data-element_type=\"container\">\n\t\t\t\t<div class=\"elementor-element elementor-element-e30df06 e-transform elementor-widget elementor-widget-image\" data-id=\"e30df06\" data-element_type=\"widget\" data-settings=\"{&quot;_transform_rotateZ_effect&quot;:{&quot;unit&quot;:&quot;px&quot;,&quot;size&quot;:&quot;0&quot;,&quot;sizes&quot;:[]},&quot;_transform_rotate_3d&quot;:&quot;yes&quot;,&quot;_transform_rotateX_effect&quot;:{&quot;unit&quot;:&quot;px&quot;,&quot;size&quot;:&quot;0&quot;,&quot;sizes&quot;:[]},&quot;_transform_rotateY_effect&quot;:{&quot;unit&quot;:&quot;px&quot;,&quot;size&quot;:&quot;4&quot;,&quot;sizes&quot;:[]},&quot;_transform_perspective_effect&quot;:{&quot;unit&quot;:&quot;px&quot;,&quot;size&quot;:&quot;650&quot;,&quot;sizes&quot;:[]},&quot;_transform_rotateZ_effect_tablet&quot;:{&quot;unit&quot;:&quot;deg&quot;,&quot;size&quot;:&quot;&quot;,&quot;sizes&quot;:[]},&quot;_transform_rotateZ_effect_mobile&quot;:{&quot;unit&quot;:&quot;deg&quot;,&quot;size&quot;:&quot;&quot;,&quot;sizes&quot;:[]},&quot;_transform_rotateX_effect_tablet&quot;:{&quot;unit&quot;:&quot;deg&quot;,&quot;size&quot;:&quot;&quot;,&quot;sizes&quot;:[]},&quot;_transform_rotateX_effect_mobile&quot;:{&quot;unit&quot;:&quot;deg&quot;,&quot;size&quot;:&quot;&quot;,&quot;sizes&quot;:[]},&quot;_transform_rotateY_effect_tablet&quot;:{&quot;unit&quot;:&quot;deg&quot;,&quot;size&quot;:&quot;&quot;,&quot;sizes&quot;:[]},&quot;_transform_rotateY_effect_mobile&quot;:{&quot;unit&quot;:&quot;deg&quot;,&quot;size&quot;:&quot;&quot;,&quot;sizes&quot;:[]},&quot;_transform_perspective_effect_tablet&quot;:{&quot;unit&quot;:&quot;px&quot;,&quot;size&quot;:&quot;&quot;,&quot;sizes&quot;:[]},&quot;_transform_perspective_effect_mobile&quot;:{&quot;unit&quot;:&quot;px&quot;,&quot;size&quot;:&quot;&quot;,&quot;sizes&quot;:[]}}\" data-widget_type=\"image.default\">\n\t\t\t\t<div class=\"elementor-widget-container\">\n\t\t\t\t\t\t\t\t\t\t\t\t\t\t\t<img fetchpriority=\"high\" decoding=\"async\" width=\"400\" height=\"400\" src=\"https:\/\/www.omni-biotic.com\/hu-hu\/wp-content\/uploads\/sites\/7\/2023\/11\/IBD-jelentese.jpg\" class=\"attachment-full size-full wp-image-19578\" alt=\"ibd jelent\u00e9se, ibd, ibs crohn, mi a colitis, mi az ibd, uc crohn, ibd betegs\u00e9g, crohn colitis di\u00e9ta, probiotikum, omni-biotic\" srcset=\"https:\/\/www.omni-biotic.com\/hu-hu\/wp-content\/uploads\/sites\/7\/2023\/11\/IBD-jelentese.jpg 400w, https:\/\/www.omni-biotic.com\/hu-hu\/wp-content\/uploads\/sites\/7\/2023\/11\/IBD-jelentese-300x300.jpg 300w, https:\/\/www.omni-biotic.com\/hu-hu\/wp-content\/uploads\/sites\/7\/2023\/11\/IBD-jelentese-150x150.jpg 150w\" sizes=\"(max-width: 400px) 100vw, 400px\" title=\"\">\t\t\t\t\t\t\t\t\t\t\t\t\t\t\t<\/div>\n\t\t\t\t<\/div>\n\t\t\t\t<\/div>\n\t\t<div class=\"elementor-element elementor-element-d659918 e-con-full obcs none e-flex e-con e-parent\" data-id=\"d659918\" data-element_type=\"container\">\n\t\t\t\t<div class=\"elementor-element elementor-element-4b17a0f elementor-widget elementor-widget-heading\" data-id=\"4b17a0f\" data-element_type=\"widget\" data-widget_type=\"heading.default\">\n\t\t\t\t<div class=\"elementor-widget-container\">\n\t\t\t\t\t<h2 class=\"elementor-heading-title elementor-size-default\">Mit takar a kr\u00f3nikus gyullad\u00e1sos b\u00e9lbetegs\u00e9g kifejez\u00e9s (IBD)?<\/h2>\t\t\t\t<\/div>\n\t\t\t\t<\/div>\n\t\t\t\t<div class=\"elementor-element elementor-element-55a44b9 elementor-widget elementor-widget-text-editor\" data-id=\"55a44b9\" data-element_type=\"widget\" data-widget_type=\"text-editor.default\">\n\t\t\t\t<div class=\"elementor-widget-container\">\n\t\t\t\t\t\t\t\t\t<p>A\u00a0<a href=\"https:\/\/www.omni-biotic.com\/hu-hu\/blog\/crohn-betegseg-tuenetei\/\"><strong>Morbus Crohn<\/strong><\/a>\u00a0\u00e9s a<strong> Colitis ulcerosa, <\/strong>a k\u00e9t legismertebb \u00e9s leggyakoribb kr\u00f3nikus gyullad\u00e1sos b\u00e9lbetegs\u00e9g, els\u0151sorban a gyullad\u00e1s hely\u00e9t tekintve k\u00fcl\u00f6nb\u00f6zik. A Crohn-betegs\u00e9g eset\u00e9n az eg\u00e9sz gyomor- \u00e9s b\u00e9lrendszer \u00e9rintett lehet, m\u00edg a fek\u00e9lyes vastagb\u00e9lgyullad\u00e1sban (CU) a gyullad\u00e1s a vastagb\u00e9lre korl\u00e1toz\u00f3dik. Mindk\u00e9t betegs\u00e9g epizodikus, \u00e9s nem gy\u00f3gy\u00edthat\u00f3, b\u00e1r kezelhet\u0151. Az akut f\u00e1zisban, a gyullad\u00e1sos epiz\u00f3dok idej\u00e9n \u00e1ltal\u00e1ban a hagyom\u00e1nyos orvosl\u00e1s ter\u00e1pi\u00e1ja a d\u00f6nt\u0151. A gy\u00f3gyn\u00f6v\u00e9nyekkel \u00e9s term\u00e9szetes gy\u00f3gym\u00f3dokkal t\u00f6rt\u00e9n\u0151 ter\u00e1pia sok beteg sz\u00e1m\u00e1ra hasznosnak bizonyult mind az akut, mind a t\u00fcnetmentes f\u00e1zisban.<\/p><p>B\u00e1rmely kezel\u00e9si megk\u00f6zel\u00edt\u00e9s legjobb alapja az eg\u00e9szs\u00e9ges vagy stabil b\u00e9lfl\u00f3ra, amely v\u00e9delmet ny\u00fajt a b\u00e9lfert\u0151z\u00e9sekkel szemben (amelyekre az IBD-s betegek k\u00fcl\u00f6n\u00f6sen fog\u00e9konyak), valamint a betegs\u00e9g ki\u00fajul\u00e1s\u00e1nak minimaliz\u00e1l\u00e1sa \u00e9rdek\u00e9ben.<\/p>\t\t\t\t\t\t\t\t<\/div>\n\t\t\t\t<\/div>\n\t\t\t\t<\/div>\n\t\t\t\t\t<\/div>\n\t\t\t\t<\/div>\n\t\t<div class=\"elementor-element elementor-element-fe5c7dc obcs none e-flex e-con-boxed e-con e-parent\" data-id=\"fe5c7dc\" data-element_type=\"container\">\n\t\t\t\t\t<div class=\"e-con-inner\">\n\t\t\t\t\t<\/div>\n\t\t\t\t<\/div>\n\t\t<div class=\"elementor-element elementor-element-408bdae obcs none e-flex e-con-boxed e-con e-parent\" data-id=\"408bdae\" data-element_type=\"container\">\n\t\t\t\t\t<div class=\"e-con-inner\">\n\t\t<div class=\"elementor-element elementor-element-a025c70 obcs none e-flex e-con-boxed e-con e-parent\" data-id=\"a025c70\" data-element_type=\"container\">\n\t\t\t\t\t<div class=\"e-con-inner\">\n\t\t\t\t<div class=\"elementor-element elementor-element-da99367 elementor-widget elementor-widget-heading\" data-id=\"da99367\" data-element_type=\"widget\" data-widget_type=\"heading.default\">\n\t\t\t\t<div class=\"elementor-widget-container\">\n\t\t\t\t\t<h3 class=\"elementor-heading-title elementor-size-default\">Melyek a Crohn-betegs\u00e9g \u00e9s Colitis Ulcerosa t\u00fcnetei?<\/h3>\t\t\t\t<\/div>\n\t\t\t\t<\/div>\n\t\t\t\t<div class=\"elementor-element elementor-element-fca6310 elementor-widget elementor-widget-text-editor\" data-id=\"fca6310\" data-element_type=\"widget\" data-widget_type=\"text-editor.default\">\n\t\t\t\t<div class=\"elementor-widget-container\">\n\t\t\t\t\t\t\t\t\t<p>Jellemz\u0151 t\u00fcnet a <strong>gyakori, er\u0151s hasmen\u00e9s<\/strong>, amely <strong>colitis ulcerosa<\/strong> (CU) \u2013 m\u00e1sn\u00e9ven fek\u00e9lyes vastagb\u00e9lgyullad\u00e1s \u2013 <span style=\"color: var( --e-global-color-text );font-family: var( --e-global-typography-text-font-family ), -apple-system,BlinkMacSystemFont,Segoe UI,Roboto,Helvetica Neue,Arial,Noto Sans,sans-serif;font-size: var( --e-global-typography-text-font-size );font-style: var( --e-global-typography-text-font-style );font-weight: var( --e-global-typography-text-font-weight );letter-spacing: var( --e-global-typography-text-letter-spacing );text-transform: var( --e-global-typography-text-text-transform );background-color: inherit\">eset\u00e9n ny\u00e1lk\u00e1s-v\u00e9res. Tov\u00e1bbi t\u00fcnetek a <\/span><strong style=\"color: var( --e-global-color-text );font-family: var( --e-global-typography-text-font-family ), -apple-system,BlinkMacSystemFont,Segoe UI,Roboto,Helvetica Neue,Arial,Noto Sans,sans-serif;font-size: var( --e-global-typography-text-font-size );font-style: var( --e-global-typography-text-font-style );letter-spacing: var( --e-global-typography-text-letter-spacing );text-transform: var( --e-global-typography-text-text-transform );background-color: inherit\">hasi f\u00e1jdalom<\/strong><span style=\"color: var( --e-global-color-text );font-family: var( --e-global-typography-text-font-family ), -apple-system,BlinkMacSystemFont,Segoe UI,Roboto,Helvetica Neue,Arial,Noto Sans,sans-serif;font-size: var( --e-global-typography-text-font-size );font-style: var( --e-global-typography-text-font-style );font-weight: var( --e-global-typography-text-font-weight );letter-spacing: var( --e-global-typography-text-letter-spacing );text-transform: var( --e-global-typography-text-text-transform );background-color: inherit\">,<\/span><strong style=\"color: var( --e-global-color-text );font-family: var( --e-global-typography-text-font-family ), -apple-system,BlinkMacSystemFont,Segoe UI,Roboto,Helvetica Neue,Arial,Noto Sans,sans-serif;font-size: var( --e-global-typography-text-font-size );font-style: var( --e-global-typography-text-font-style );letter-spacing: var( --e-global-typography-text-letter-spacing );text-transform: var( --e-global-typography-text-text-transform );background-color: inherit\"> h\u00e1nyinger<\/strong><span style=\"color: var( --e-global-color-text );font-family: var( --e-global-typography-text-font-family ), -apple-system,BlinkMacSystemFont,Segoe UI,Roboto,Helvetica Neue,Arial,Noto Sans,sans-serif;font-size: var( --e-global-typography-text-font-size );font-style: var( --e-global-typography-text-font-style );font-weight: var( --e-global-typography-text-font-weight );letter-spacing: var( --e-global-typography-text-letter-spacing );text-transform: var( --e-global-typography-text-text-transform );background-color: inherit\"> \u00e9s <\/span><strong style=\"color: var( --e-global-color-text );font-family: var( --e-global-typography-text-font-family ), -apple-system,BlinkMacSystemFont,Segoe UI,Roboto,Helvetica Neue,Arial,Noto Sans,sans-serif;font-size: var( --e-global-typography-text-font-size );font-style: var( --e-global-typography-text-font-style );letter-spacing: var( --e-global-typography-text-letter-spacing );text-transform: var( --e-global-typography-text-text-transform );background-color: inherit\">h\u00e1ny\u00e1s<\/strong><span style=\"color: var( --e-global-color-text );font-family: var( --e-global-typography-text-font-family ), -apple-system,BlinkMacSystemFont,Segoe UI,Roboto,Helvetica Neue,Arial,Noto Sans,sans-serif;font-size: var( --e-global-typography-text-font-size );font-style: var( --e-global-typography-text-font-style );font-weight: var( --e-global-typography-text-font-weight );letter-spacing: var( --e-global-typography-text-letter-spacing );text-transform: var( --e-global-typography-text-text-transform );background-color: inherit\">. A <\/span><strong style=\"color: var( --e-global-color-text );font-family: var( --e-global-typography-text-font-family ), -apple-system,BlinkMacSystemFont,Segoe UI,Roboto,Helvetica Neue,Arial,Noto Sans,sans-serif;font-size: var( --e-global-typography-text-font-size );font-style: var( --e-global-typography-text-font-style );letter-spacing: var( --e-global-typography-text-letter-spacing );text-transform: var( --e-global-typography-text-text-transform );background-color: inherit\">kr\u00f3nikus b\u00e9lgyullad\u00e1sra<\/strong><span style=\"color: var( --e-global-color-text );font-family: var( --e-global-typography-text-font-family ), -apple-system,BlinkMacSystemFont,Segoe UI,Roboto,Helvetica Neue,Arial,Noto Sans,sans-serif;font-size: var( --e-global-typography-text-font-size );font-style: var( --e-global-typography-text-font-style );font-weight: var( --e-global-typography-text-font-weight );letter-spacing: var( --e-global-typography-text-letter-spacing );text-transform: var( --e-global-typography-text-text-transform );background-color: inherit\"> jellemz\u0151 a <\/span><strong style=\"color: var( --e-global-color-text );font-family: var( --e-global-typography-text-font-family ), -apple-system,BlinkMacSystemFont,Segoe UI,Roboto,Helvetica Neue,Arial,Noto Sans,sans-serif;font-size: var( --e-global-typography-text-font-size );font-style: var( --e-global-typography-text-font-style );letter-spacing: var( --e-global-typography-text-letter-spacing );text-transform: var( --e-global-typography-text-text-transform );background-color: inherit\">puffad\u00e1s<\/strong><span style=\"color: var( --e-global-color-text );font-family: var( --e-global-typography-text-font-family ), -apple-system,BlinkMacSystemFont,Segoe UI,Roboto,Helvetica Neue,Arial,Noto Sans,sans-serif;font-size: var( --e-global-typography-text-font-size );font-style: var( --e-global-typography-text-font-style );font-weight: var( --e-global-typography-text-font-weight );letter-spacing: var( --e-global-typography-text-letter-spacing );text-transform: var( --e-global-typography-text-text-transform );background-color: inherit\">, a <\/span><strong style=\"color: var( --e-global-color-text );font-family: var( --e-global-typography-text-font-family ), -apple-system,BlinkMacSystemFont,Segoe UI,Roboto,Helvetica Neue,Arial,Noto Sans,sans-serif;font-size: var( --e-global-typography-text-font-size );font-style: var( --e-global-typography-text-font-style );letter-spacing: var( --e-global-typography-text-letter-spacing );text-transform: var( --e-global-typography-text-text-transform );background-color: inherit\">l\u00e1z<\/strong><span style=\"color: var( --e-global-color-text );font-family: var( --e-global-typography-text-font-family ), -apple-system,BlinkMacSystemFont,Segoe UI,Roboto,Helvetica Neue,Arial,Noto Sans,sans-serif;font-size: var( --e-global-typography-text-font-size );font-style: var( --e-global-typography-text-font-style );font-weight: var( --e-global-typography-text-font-weight );letter-spacing: var( --e-global-typography-text-letter-spacing );text-transform: var( --e-global-typography-text-text-transform );background-color: inherit\"> \u00e9s az emelkedett gyullad\u00e1sos \u00e9rt\u00e9kek a v\u00e9rben. K\u00fcl\u00f6n\u00f6sen Crohn-betegs\u00e9gben (MC) az \u00e9rintettek az \u00e9tv\u00e1gytalans\u00e1g \u00e9s a fontos t\u00e1panyagok hi\u00e1nya miatt <\/span><strong style=\"color: var( --e-global-color-text );font-family: var( --e-global-typography-text-font-family ), -apple-system,BlinkMacSystemFont,Segoe UI,Roboto,Helvetica Neue,Arial,Noto Sans,sans-serif;font-size: var( --e-global-typography-text-font-size );font-style: var( --e-global-typography-text-font-style );letter-spacing: var( --e-global-typography-text-letter-spacing );text-transform: var( --e-global-typography-text-text-transform );background-color: inherit\">fogynak<\/strong><span style=\"color: var( --e-global-color-text );font-family: var( --e-global-typography-text-font-family ), -apple-system,BlinkMacSystemFont,Segoe UI,Roboto,Helvetica Neue,Arial,Noto Sans,sans-serif;font-size: var( --e-global-typography-text-font-size );font-style: var( --e-global-typography-text-font-style );font-weight: var( --e-global-typography-text-font-weight );letter-spacing: var( --e-global-typography-text-letter-spacing );text-transform: var( --e-global-typography-text-text-transform );background-color: inherit\">. Sok fek\u00e9lyes vastagb\u00e9lgyullad\u00e1sban szenved\u0151 <\/span><strong style=\"color: var( --e-global-color-text );font-family: var( --e-global-typography-text-font-family ), -apple-system,BlinkMacSystemFont,Segoe UI,Roboto,Helvetica Neue,Arial,Noto Sans,sans-serif;font-size: var( --e-global-typography-text-font-size );font-style: var( --e-global-typography-text-font-style );letter-spacing: var( --e-global-typography-text-letter-spacing );text-transform: var( --e-global-typography-text-text-transform );background-color: inherit\">v\u00e9rszeg\u00e9nys\u00e9ggel<\/strong><span style=\"color: var( --e-global-color-text );font-family: var( --e-global-typography-text-font-family ), -apple-system,BlinkMacSystemFont,Segoe UI,Roboto,Helvetica Neue,Arial,Noto Sans,sans-serif;font-size: var( --e-global-typography-text-font-size );font-style: var( --e-global-typography-text-font-style );font-weight: var( --e-global-typography-text-font-weight );letter-spacing: var( --e-global-typography-text-letter-spacing );text-transform: var( --e-global-typography-text-text-transform );background-color: inherit\"> is k\u00fczd, mivel a b\u00e9l gyulladt ter\u00fcletei v\u00e9rvesztes\u00e9get okoznak.<\/span><\/p><p>Mindk\u00e9t betegs\u00e9g a beleken k\u00edv\u00fcl is okoz probl\u00e9m\u00e1kat. A betegek gyakran szenvednek <strong>\u00edz\u00fcleti probl\u00e9m\u00e1kkal<\/strong>. Az <strong>epevezet\u00e9k<\/strong>, a <strong>b\u0151r<\/strong> \u00e9s a <strong>szem<\/strong> is \u00e9rintett lehet. A b\u00e9l hosszan tart\u00f3 kr\u00f3nikus gyullad\u00e1sa gyakori gyullad\u00e1sos epiz\u00f3dokkal n\u00f6veli a b\u00e9lr\u00e1k kialakul\u00e1s\u00e1nak kock\u00e1zat\u00e1t. Ez\u00e9rt a c\u00e9l a gyullad\u00e1sos f\u00e1zisok \u00e9s panaszok minimaliz\u00e1l\u00e1sa.<\/p>\t\t\t\t\t\t\t\t<\/div>\n\t\t\t\t<\/div>\n\t\t\t\t<div class=\"elementor-element elementor-element-f92aa44 elementor-button-warning elementor-align-center elementor-widget elementor-widget-button\" data-id=\"f92aa44\" data-element_type=\"widget\" data-widget_type=\"button.default\">\n\t\t\t\t<div class=\"elementor-widget-container\">\n\t\t\t\t\t\t\t\t\t<div class=\"elementor-button-wrapper\">\n\t\t\t\t\t<a class=\"elementor-button elementor-button-link elementor-size-sm\" href=\"https:\/\/www.omni-biotic.com\/hu-hu\/blog\/crohn-betegseg-tuenetei\/\">\n\t\t\t\t\t\t<span class=\"elementor-button-content-wrapper\">\n\t\t\t\t\t\t\t\t\t<span class=\"elementor-button-text\">Olvass tov\u00e1bb<\/span>\n\t\t\t\t\t<\/span>\n\t\t\t\t\t<\/a>\n\t\t\t\t<\/div>\n\t\t\t\t\t\t\t\t<\/div>\n\t\t\t\t<\/div>\n\t\t\t\t\t<\/div>\n\t\t\t\t<\/div>\n\t\t\t\t\t<\/div>\n\t\t\t\t<\/div>\n\t\t<div class=\"elementor-element elementor-element-c015988 obcs none e-flex e-con-boxed e-con e-parent\" data-id=\"c015988\" data-element_type=\"container\">\n\t\t\t\t\t<div class=\"e-con-inner\">\n\t\t<div class=\"elementor-element elementor-element-eaec40a e-con-full obcs none e-flex elementor-invisible e-con e-parent\" data-id=\"eaec40a\" data-element_type=\"container\" data-settings=\"{&quot;animation&quot;:&quot;bounceInLeft&quot;}\">\n\t\t<div class=\"elementor-element elementor-element-26afb01 obcs none e-flex e-con-boxed e-con e-parent\" data-id=\"26afb01\" data-element_type=\"container\">\n\t\t\t\t\t<div class=\"e-con-inner\">\n\t\t\t\t<div class=\"elementor-element elementor-element-cc88de0 elementor-widget elementor-widget-image\" data-id=\"cc88de0\" data-element_type=\"widget\" data-widget_type=\"image.default\">\n\t\t\t\t<div class=\"elementor-widget-container\">\n\t\t\t\t\t\t\t\t\t\t\t\t\t\t\t<img decoding=\"async\" width=\"300\" height=\"300\" src=\"https:\/\/www.omni-biotic.com\/hu-hu\/wp-content\/uploads\/sites\/7\/2023\/07\/belgyulladas300x300.png\" class=\"attachment-medium size-medium wp-image-17489\" alt=\"crohn-betegs\u00e9g, crohn betegs\u00e9g, crohn betegs\u00e9g t\u00fcnetei, crohn betegs\u00e9g di\u00e9ta, crohn betegs\u00e9g kezel\u00e9se, crohn betegs\u00e9g lelki okai\" srcset=\"https:\/\/www.omni-biotic.com\/hu-hu\/wp-content\/uploads\/sites\/7\/2023\/07\/belgyulladas300x300.png 300w, https:\/\/www.omni-biotic.com\/hu-hu\/wp-content\/uploads\/sites\/7\/2023\/07\/belgyulladas300x300-150x150.png 150w\" sizes=\"(max-width: 300px) 100vw, 300px\" title=\"\">\t\t\t\t\t\t\t\t\t\t\t\t\t\t\t<\/div>\n\t\t\t\t<\/div>\n\t\t\t\t<div class=\"elementor-element elementor-element-52643b7 elementor-widget elementor-widget-heading\" data-id=\"52643b7\" data-element_type=\"widget\" data-widget_type=\"heading.default\">\n\t\t\t\t<div class=\"elementor-widget-container\">\n\t\t\t\t\t<h2 class=\"elementor-heading-title elementor-size-default\">Crohn-betegs\u00e9g<br><small>(MC)<\/small><\/h2>\t\t\t\t<\/div>\n\t\t\t\t<\/div>\n\t\t\t\t\t<\/div>\n\t\t\t\t<\/div>\n\t\t\t\t<div class=\"elementor-element elementor-element-3003c15 elementor-widget elementor-widget-text-editor\" data-id=\"3003c15\" data-element_type=\"widget\" data-widget_type=\"text-editor.default\">\n\t\t\t\t<div class=\"elementor-widget-container\">\n\t\t\t\t\t\t\t\t\t<ul><li>Az eg\u00e9sz em\u00e9szt\u0151rendszert \u00e9rintheti, leggyakrabban a v\u00e9konyb\u00e9l vastagb\u00e9lbe val\u00f3 \u00e1tmenetn\u00e9l.<\/li><li><span style=\"background-color: transparent\">A v\u00e9gb\u00e9l az esetek mintegy 20 %-\u00e1ban \u00e9rintett.<\/span><\/li><li>Az esetek 80 %-\u00e1ban a <strong>cs\u00edp\u0151b\u00e9l<\/strong> (ileum) \u00e9rintett.<\/li><li><span style=\"background-color: transparent\">Gyullad\u00e1s a b\u00e9lfal minden r\u00e9teg\u00e9ben<\/span><\/li><li>Sz\u00e9klet\u00fcr\u00edt\u00e9s: kr\u00f3nikusan h\u00edg, ritk\u00e1n v\u00e9res \u00e9s csak a vastagb\u00e9l \u00e9rintetts\u00e9ge eset\u00e9n, ak\u00e1r 20 x sz\u00e9klet\/nap.<\/li><li>Hasi f\u00e1jdalom: Legink\u00e1bb a jobb alhasi r\u00e9szen.<\/li><li>Gyakori t\u00fcnetek a v\u00e9gb\u00e9lny\u00edl\u00e1sn\u00e1l (fisztul\u00e1k, t\u00e1lyogok, reped\u00e9sek)<\/li><li>Ritk\u00e1n v\u00e9rszeg\u00e9nys\u00e9g<\/li><li>Gyakori s\u00falyvesztes\u00e9g<\/li><li>Enyh\u00e9n megn\u00f6vekedett kock\u00e1zat a r\u00e1k kialakul\u00e1s\u00e1ra<\/li><\/ul>\t\t\t\t\t\t\t\t<\/div>\n\t\t\t\t<\/div>\n\t\t\t\t<\/div>\n\t\t<div class=\"elementor-element elementor-element-2ad1fc9 e-con-full obcs none e-flex e-con e-parent\" data-id=\"2ad1fc9\" data-element_type=\"container\">\n\t\t\t\t<div class=\"elementor-element elementor-element-0170783 elementor-widget elementor-widget-text-editor\" data-id=\"0170783\" data-element_type=\"widget\" data-widget_type=\"text-editor.default\">\n\t\t\t\t<div class=\"elementor-widget-container\">\n\t\t\t\t\t\t\t\t\t<p>vs<\/p>\t\t\t\t\t\t\t\t<\/div>\n\t\t\t\t<\/div>\n\t\t\t\t<\/div>\n\t\t<div class=\"elementor-element elementor-element-49c57cc e-con-full obcs none e-flex elementor-invisible e-con e-parent\" data-id=\"49c57cc\" data-element_type=\"container\" data-settings=\"{&quot;animation&quot;:&quot;bounceInRight&quot;}\">\n\t\t<div class=\"elementor-element elementor-element-21d144d obcs none e-flex e-con-boxed e-con e-parent\" data-id=\"21d144d\" data-element_type=\"container\">\n\t\t\t\t\t<div class=\"e-con-inner\">\n\t\t\t\t<div class=\"elementor-element elementor-element-4c80a84 elementor-widget elementor-widget-image\" data-id=\"4c80a84\" data-element_type=\"widget\" data-widget_type=\"image.default\">\n\t\t\t\t<div class=\"elementor-widget-container\">\n\t\t\t\t\t\t\t\t\t\t\t\t\t\t\t<img decoding=\"async\" width=\"300\" height=\"300\" src=\"https:\/\/www.omni-biotic.com\/hu-hu\/wp-content\/uploads\/sites\/7\/2023\/07\/colitis-ulcerosa-belgyulladas-300x300-1.png\" class=\"attachment-medium size-medium wp-image-17490\" alt=\"\" srcset=\"https:\/\/www.omni-biotic.com\/hu-hu\/wp-content\/uploads\/sites\/7\/2023\/07\/colitis-ulcerosa-belgyulladas-300x300-1.png 300w, https:\/\/www.omni-biotic.com\/hu-hu\/wp-content\/uploads\/sites\/7\/2023\/07\/colitis-ulcerosa-belgyulladas-300x300-1-150x150.png 150w\" sizes=\"(max-width: 300px) 100vw, 300px\" title=\"\">\t\t\t\t\t\t\t\t\t\t\t\t\t\t\t<\/div>\n\t\t\t\t<\/div>\n\t\t\t\t<div class=\"elementor-element elementor-element-e63d071 elementor-widget elementor-widget-heading\" data-id=\"e63d071\" data-element_type=\"widget\" data-widget_type=\"heading.default\">\n\t\t\t\t<div class=\"elementor-widget-container\">\n\t\t\t\t\t<h2 class=\"elementor-heading-title elementor-size-default\">Colitis ulcerosa<br>\n<small>(CU)<\/small><\/h2>\t\t\t\t<\/div>\n\t\t\t\t<\/div>\n\t\t\t\t\t<\/div>\n\t\t\t\t<\/div>\n\t\t\t\t<div class=\"elementor-element elementor-element-62136d9 elementor-widget elementor-widget-text-editor\" data-id=\"62136d9\" data-element_type=\"widget\" data-widget_type=\"text-editor.default\">\n\t\t\t\t<div class=\"elementor-widget-container\">\n\t\t\t\t\t\t\t\t\t<ul><li>\u00c9rintett ter\u00fclet: Vastagb\u00e9l<\/li><li>Az esetek 100 %-\u00e1ban a v\u00e9gb\u00e9l \u00e9rintett.<\/li><li>A csip\u0151b\u00e9l (ileum) ritk\u00e1n \u00e9rintett.<\/li><li>Gyullad\u00e1s csak a b\u00e9l belsej\u00e9ben vagy a b\u00e9lny\u00e1lkah\u00e1rty\u00e1n.<\/li><li>B\u00e9lmozg\u00e1s: ny\u00e1lk\u00e1s \u00e9s v\u00e9res v\u00e1lad\u00e9k, v\u00e9res-ny\u00e1lk\u00e1s hasmen\u00e9s &gt; 10 x naponta<\/li><li>Hasi f\u00e1jdalom: Az eg\u00e9sz b\u00e9lrendszerben, k\u00fcl\u00f6n\u00f6sen a bal alhasi r\u00e9szen.<\/li><li>Ritk\u00e1n t\u00fcnetek a v\u00e9gb\u00e9lny\u00edl\u00e1sn\u00e1l (fisztul\u00e1k, t\u00e1lyogok, reped\u00e9sek).<\/li><li>Gyakran v\u00e9rszeg\u00e9nys\u00e9g<\/li><li>Ritk\u00e1n el\u0151fordul fogy\u00e1s<\/li><li>R\u00e1kos megbeteged\u00e9sek fokozott kock\u00e1zata<\/li><\/ul>\t\t\t\t\t\t\t\t<\/div>\n\t\t\t\t<\/div>\n\t\t\t\t<\/div>\n\t\t\t\t\t<\/div>\n\t\t\t\t<\/div>\n\t\t<div class=\"elementor-element elementor-element-d296fbc obcs none e-flex e-con-boxed e-con e-parent\" data-id=\"d296fbc\" data-element_type=\"container\" data-settings=\"{&quot;background_background&quot;:&quot;classic&quot;,&quot;shape_divider_top&quot;:&quot;waves&quot;,&quot;shape_divider_bottom&quot;:&quot;waves&quot;}\">\n\t\t\t\t\t<div class=\"e-con-inner\">\n\t\t\t\t<div class=\"elementor-shape elementor-shape-top\" aria-hidden=\"true\" data-negative=\"false\">\n\t\t\t<svg xmlns=\"http:\/\/www.w3.org\/2000\/svg\" viewBox=\"0 0 1000 100\" preserveAspectRatio=\"none\">\n\t<path class=\"elementor-shape-fill\" d=\"M421.9,6.5c22.6-2.5,51.5,0.4,75.5,5.3c23.6,4.9,70.9,23.5,100.5,35.7c75.8,32.2,133.7,44.5,192.6,49.7\n\tc23.6,2.1,48.7,3.5,103.4-2.5c54.7-6,106.2-25.6,106.2-25.6V0H0v30.3c0,0,72,32.6,158.4,30.5c39.2-0.7,92.8-6.7,134-22.4\n\tc21.2-8.1,52.2-18.2,79.7-24.2C399.3,7.9,411.6,7.5,421.9,6.5z\"\/>\n<\/svg>\t\t<\/div>\n\t\t\t\t<div class=\"elementor-shape elementor-shape-bottom\" aria-hidden=\"true\" data-negative=\"false\">\n\t\t\t<svg xmlns=\"http:\/\/www.w3.org\/2000\/svg\" viewBox=\"0 0 1000 100\" preserveAspectRatio=\"none\">\n\t<path class=\"elementor-shape-fill\" d=\"M421.9,6.5c22.6-2.5,51.5,0.4,75.5,5.3c23.6,4.9,70.9,23.5,100.5,35.7c75.8,32.2,133.7,44.5,192.6,49.7\n\tc23.6,2.1,48.7,3.5,103.4-2.5c54.7-6,106.2-25.6,106.2-25.6V0H0v30.3c0,0,72,32.6,158.4,30.5c39.2-0.7,92.8-6.7,134-22.4\n\tc21.2-8.1,52.2-18.2,79.7-24.2C399.3,7.9,411.6,7.5,421.9,6.5z\"\/>\n<\/svg>\t\t<\/div>\n\t\t\t\t<div class=\"elementor-element elementor-element-dc232eb elementor-widget__width-inherit elementor-widget elementor-widget-heading\" data-id=\"dc232eb\" data-element_type=\"widget\" data-widget_type=\"heading.default\">\n\t\t\t\t<div class=\"elementor-widget-container\">\n\t\t\t\t\t<h2 class=\"elementor-heading-title elementor-size-default\">Modern sz\u00e9kletvizsg\u00e1lat<\/h2>\t\t\t\t<\/div>\n\t\t\t\t<\/div>\n\t\t\t\t<div class=\"elementor-element elementor-element-7e82a8e elementor-widget elementor-widget-text-editor\" data-id=\"7e82a8e\" data-element_type=\"widget\" data-widget_type=\"text-editor.default\">\n\t\t\t\t<div class=\"elementor-widget-container\">\n\t\t\t\t\t\t\t\t\t<p>A g\u00f6r\u00f6g orvos, Hippokrat\u00e9sz m\u00e1r i. e. 300-ban felismerte: &#8222;A b\u00e9l minden bajnak az atyja.&#8221; Ezt a korai felismer\u00e9st a klasszikus sz\u00e9kletdiagnosztika \u00e9s ma m\u00e1r a legmodernebb molekul\u00e1ris genetikai m\u00f3dszerek is meger\u0151s\u00edtik: Sz\u00e1mos betegs\u00e9g a b\u00e9lb\u0151l ered &#8211; vagy a b\u00e9lfl\u00f3ra v\u00e1ltoz\u00e1saiban nyilv\u00e1nul meg<\/p>\t\t\t\t\t\t\t\t<\/div>\n\t\t\t\t<\/div>\n\t\t\t\t\t<\/div>\n\t\t\t\t<\/div>\n\t\t<div class=\"elementor-element elementor-element-99490c3 obcs none e-flex e-con-boxed e-con e-parent\" data-id=\"99490c3\" data-element_type=\"container\">\n\t\t\t\t\t<div class=\"e-con-inner\">\n\t\t<div class=\"elementor-element elementor-element-990441c obcs none e-flex e-con-boxed e-con e-parent\" data-id=\"990441c\" data-element_type=\"container\">\n\t\t\t\t\t<div class=\"e-con-inner\">\n\t\t\t\t<div class=\"elementor-element elementor-element-42dc0c8 elementor-widget elementor-widget-heading\" data-id=\"42dc0c8\" data-element_type=\"widget\" data-widget_type=\"heading.default\">\n\t\t\t\t<div class=\"elementor-widget-container\">\n\t\t\t\t\t<h2 class=\"elementor-heading-title elementor-size-default\">Mely okok lapulnak a gyullad\u00e1sos b\u00e9lbetegs\u00e9gek h\u00e1tter\u00e9ben?<\/h2>\t\t\t\t<\/div>\n\t\t\t\t<\/div>\n\t\t\t\t<div class=\"elementor-element elementor-element-d25fa41 elementor-widget elementor-widget-text-editor\" data-id=\"d25fa41\" data-element_type=\"widget\" data-widget_type=\"text-editor.default\">\n\t\t\t\t<div class=\"elementor-widget-container\">\n\t\t\t\t\t\t\t\t\t<p>M\u00e9g nem vil\u00e1gos, hogyan alakul ki a<a href=\"https:\/\/www.omni-biotic.com\/hu-hu\/blog\/crohn-betegseg-tuenetei\/\">\u00a0<\/a><strong>Morbus Crohn \u00e9s a Colitis ulcerosa<\/strong>, \u00e9s milyen kiv\u00e1lt\u00f3 okok felel\u0151sek \u00e9rte. Az \u00f6r\u00f6kletes hajlam szerepet j\u00e1tszik, b\u00e1r a fek\u00e9lyes vastagb\u00e9lgyullad\u00e1sban kisebb m\u00e9rt\u00e9kben, mint a<a href=\"https:\/\/www.omni-biotic.com\/hu-hu\/blog\/crohn-betegseg-tuenetei\/\"> Crohn-betegs\u00e9gben<\/a>. Az MC-ben t\u00f6bb mint 70 g\u00e9nr\u0151l ismert, hogy \u00f6sszef\u00fcgg\u00e9sbe hozhat\u00f3 a kialakul\u00e1ssal. A k\u00f6rnyezeti t\u00e9nyez\u0151k nem elhanyagolhat\u00f3 szerepet j\u00e1tszanak. P\u00e9ld\u00e1ul az, hogy az egy\u00e9n melyik orsz\u00e1gban, vid\u00e9ken vagy v\u00e1rosban \u00e9l, jelent\u0151s szerepet j\u00e1tszik a megbeteged\u00e9s val\u00f3sz\u00edn\u0171s\u00e9g\u00e9ben. A legmagasabb higi\u00e9niai el\u0151\u00edr\u00e1sok nagyobb val\u00f3sz\u00edn\u0171s\u00e9ggel v\u00e1ltj\u00e1k ki az IBD-t. A bakteri\u00e1lis \u00e9s v\u00edrusfert\u0151z\u00e9seknek val\u00f3 kitetts\u00e9g &#8211; a sz\u00fclet\u00e9st\u0151l kezdve &#8211; nagyobb val\u00f3sz\u00edn\u0171s\u00e9ggel v\u00e9di a szervezetet a kr\u00f3nikus gyullad\u00e1sos megbeteged\u00e9sekt\u0151l.<\/p>\t\t\t\t\t\t\t\t<\/div>\n\t\t\t\t<\/div>\n\t\t\t\t<div class=\"elementor-element elementor-element-259be96 elementor-widget elementor-widget-heading\" data-id=\"259be96\" data-element_type=\"widget\" data-widget_type=\"heading.default\">\n\t\t\t\t<div class=\"elementor-widget-container\">\n\t\t\t\t\t<h3 class=\"elementor-heading-title elementor-size-default\">A gyullad\u00e1sos b\u00e9lbetegs\u00e9g kiv\u00e1lt\u00f3 okai<\/h3>\t\t\t\t<\/div>\n\t\t\t\t<\/div>\n\t\t\t\t<div class=\"elementor-element elementor-element-f303a20 elementor-widget elementor-widget-text-editor\" data-id=\"f303a20\" data-element_type=\"widget\" data-widget_type=\"text-editor.default\">\n\t\t\t\t<div class=\"elementor-widget-container\">\n\t\t\t\t\t\t\t\t\t<p>Bizonyos k\u00f3rokoz\u00f3kkal (kanyar\u00f3v\u00edrus, E.coli, mikobakt\u00e9riumok, egyes klostridiumok) val\u00f3 <strong>fert\u0151z\u00e9sek<\/strong>, bizonyos\u00a0<a href=\"https:\/\/www.omni-biotic.com\/hu-hu\/blog\/pszichobiotikum-mentalis-egeszseg\/\"><strong>pszichol\u00f3giai t\u00e9nyez\u0151k<\/strong><\/a> (<a href=\"https:\/\/www.omni-biotic.com\/hu-hu\/blog\/a-stressz-mellekhatasai\/\">stressz<\/a>), <strong>genetikai hajlam<\/strong>\u00a0(az immunrendszer reakci\u00f3ja) \u00e9s\u00a0<strong>k\u00f6rnyezeti t\u00e9nyez\u0151k<\/strong>\u00a0egy\u00fcttesen kedveznek az IBD kialakul\u00e1s\u00e1nak.<\/p><p>Ezek a k\u00fcl\u00f6nb\u00f6z\u0151 t\u00e9nyez\u0151k (bele\u00e9rtve a pszichol\u00f3giai, genetikai, fert\u0151z\u0151 \u00e9s k\u00f6rnyezeti t\u00e9nyez\u0151ket) a\u00a0<strong>ny\u00e1lkah\u00e1rtya fokozott \u00e1tereszt\u0151k\u00e9pess\u00e9g\u00e9hez<\/strong> (<a href=\"https:\/\/www.omni-biotic.com\/hu-hu\/belpanaszok\/atereszto-bel-szindroma\/\"><strong>\u00e1tereszt\u0151 b\u00e9l szindr\u00f3ma<\/strong><\/a>) \u00e9s a\u00a0<strong>b\u00e9lny\u00e1lkah\u00e1rtya<\/strong>\u00a0fokozott\u00a0<strong>immunaktivit\u00e1s\u00e1hoz<\/strong>\u00a0vezetnek.<\/p>\t\t\t\t\t\t\t\t<\/div>\n\t\t\t\t<\/div>\n\t\t\t\t\t<\/div>\n\t\t\t\t<\/div>\n\t\t\t\t\t<\/div>\n\t\t\t\t<\/div>\n\t\t<div class=\"elementor-element elementor-element-b84cf4a obcs none e-flex e-con-boxed e-con e-parent\" data-id=\"b84cf4a\" data-element_type=\"container\">\n\t\t\t\t\t<div class=\"e-con-inner\">\n\t\t<div class=\"elementor-element elementor-element-eb34da9 e-con-full obcs none e-flex elementor-invisible e-con e-parent\" data-id=\"eb34da9\" data-element_type=\"container\" data-settings=\"{&quot;animation&quot;:&quot;bounceInLeft&quot;}\">\n\t\t<div class=\"elementor-element elementor-element-7e30ec5 obcs none e-flex e-con-boxed e-con e-parent\" data-id=\"7e30ec5\" data-element_type=\"container\">\n\t\t\t\t\t<div class=\"e-con-inner\">\n\t\t\t\t<div class=\"elementor-element elementor-element-66b4ade elementor-widget elementor-widget-image\" data-id=\"66b4ade\" data-element_type=\"widget\" data-widget_type=\"image.default\">\n\t\t\t\t<div class=\"elementor-widget-container\">\n\t\t\t\t\t\t\t\t\t\t\t\t\t\t\t<img loading=\"lazy\" decoding=\"async\" width=\"300\" height=\"300\" src=\"https:\/\/www.omni-biotic.com\/hu-hu\/wp-content\/uploads\/sites\/7\/2023\/07\/atereszto-bel-szindroma300x300.png\" class=\"attachment-medium size-medium wp-image-17456\" alt=\"\" srcset=\"https:\/\/www.omni-biotic.com\/hu-hu\/wp-content\/uploads\/sites\/7\/2023\/07\/atereszto-bel-szindroma300x300.png 300w, https:\/\/www.omni-biotic.com\/hu-hu\/wp-content\/uploads\/sites\/7\/2023\/07\/atereszto-bel-szindroma300x300-150x150.png 150w\" sizes=\"(max-width: 300px) 100vw, 300px\" title=\"\">\t\t\t\t\t\t\t\t\t\t\t\t\t\t\t<\/div>\n\t\t\t\t<\/div>\n\t\t\t\t<div class=\"elementor-element elementor-element-d4ec1b9 elementor-widget elementor-widget-heading\" data-id=\"d4ec1b9\" data-element_type=\"widget\" data-widget_type=\"heading.default\">\n\t\t\t\t<div class=\"elementor-widget-container\">\n\t\t\t\t\t<h2 class=\"elementor-heading-title elementor-size-default\">\u00c1tereszt\u0151 b\u00e9l szindr\u00f3ma<br>\n<small>\u201eSziv\u00e1rg\u00f3 b\u00e9l\u201c<\/small><\/h2>\t\t\t\t<\/div>\n\t\t\t\t<\/div>\n\t\t\t\t\t<\/div>\n\t\t\t\t<\/div>\n\t\t\t\t<div class=\"elementor-element elementor-element-8007326 elementor-widget elementor-widget-text-editor\" data-id=\"8007326\" data-element_type=\"widget\" data-widget_type=\"text-editor.default\">\n\t\t\t\t<div class=\"elementor-widget-container\">\n\t\t\t\t\t\t\t\t\t<p>A b\u00e9lny\u00e1lkah\u00e1rty\u00e1ban a szomsz\u00e9dos sejtek egy-egy szoros sejtkapcsol\u00f3 strukt\u00far\u00e1n kereszt\u00fcl kapcsol\u00f3dnak egym\u00e1shoz. Az eml\u00edtett szerkezetek a sejteket egym\u00e1shoz szigetelik, annak \u00e9rdek\u00e9ben, hogy k\u00f6z\u00f6tt\u00fck ne tudjanak idegen anyagok vagy k\u00f3rokoz\u00f3k \u00e1tjutni.<\/p><p>Am\u00edg ez a b\u00e9lbarrier \u00e9p, a b\u00e9lny\u00e1lkah\u00e1rtya sejtjeinek \u00f6sszess\u00e9ge val\u00f3s\u00e1gos v\u00e9d\u0151pajzsot alkot, amely megakad\u00e1lyozza, hogy idegen anyagok (bele\u00e9rtve a bakt\u00e9riumokat vagy toxinokat) jussanak a b\u00e9lrendszerb\u0151l a szervezetbe. IBD-ben nem csak a gyullad\u00e1sos elv\u00e1ltoz\u00e1sok miatt, a b\u00e9lbarrier m\u00e1r nem szigetelt, &#8222;<a href=\"https:\/\/www.omni-biotic.com\/hu-hu\/belpanaszok\/atereszto-bel-szindroma\/\"><strong>lyukas<\/strong><\/a>&#8222;, \u00edgy a sejtek m\u00e1r nem kapcsol\u00f3dnak olyan szorosan egym\u00e1shoz, a k\u00f3rokoz\u00f3k \u00e9s a toxinok pedig k\u00f6nnyebben hatolhatnak be a b\u00e9lny\u00e1lkah\u00e1rty\u00e1ba, mely k\u00f6vetkezt\u00e9ben immunreakci\u00f3, gyullad\u00e1s alakulhat ki.<\/p>\t\t\t\t\t\t\t\t<\/div>\n\t\t\t\t<\/div>\n\t\t\t\t<\/div>\n\t\t<div class=\"elementor-element elementor-element-25c204e e-con-full obcs none e-flex e-con e-parent\" data-id=\"25c204e\" data-element_type=\"container\">\n\t\t\t\t<\/div>\n\t\t<div class=\"elementor-element elementor-element-c6786b7 e-con-full obcs none e-flex elementor-invisible e-con e-parent\" data-id=\"c6786b7\" data-element_type=\"container\" data-settings=\"{&quot;animation&quot;:&quot;bounceInRight&quot;}\">\n\t\t<div class=\"elementor-element elementor-element-c209d4b obcs none e-flex e-con-boxed e-con e-parent\" data-id=\"c209d4b\" data-element_type=\"container\">\n\t\t\t\t\t<div class=\"e-con-inner\">\n\t\t\t\t<div class=\"elementor-element elementor-element-8118970 elementor-widget elementor-widget-image\" data-id=\"8118970\" data-element_type=\"widget\" data-widget_type=\"image.default\">\n\t\t\t\t<div class=\"elementor-widget-container\">\n\t\t\t\t\t\t\t\t\t\t\t\t\t\t\t<img loading=\"lazy\" decoding=\"async\" width=\"300\" height=\"300\" src=\"https:\/\/www.omni-biotic.com\/hu-hu\/wp-content\/uploads\/sites\/7\/2023\/07\/immunaktivitas300x300.png\" class=\"attachment-medium size-medium wp-image-17457\" alt=\"\" srcset=\"https:\/\/www.omni-biotic.com\/hu-hu\/wp-content\/uploads\/sites\/7\/2023\/07\/immunaktivitas300x300.png 300w, https:\/\/www.omni-biotic.com\/hu-hu\/wp-content\/uploads\/sites\/7\/2023\/07\/immunaktivitas300x300-150x150.png 150w\" sizes=\"(max-width: 300px) 100vw, 300px\" title=\"\">\t\t\t\t\t\t\t\t\t\t\t\t\t\t\t<\/div>\n\t\t\t\t<\/div>\n\t\t\t\t<div class=\"elementor-element elementor-element-9c4809b elementor-widget elementor-widget-heading\" data-id=\"9c4809b\" data-element_type=\"widget\" data-widget_type=\"heading.default\">\n\t\t\t\t<div class=\"elementor-widget-container\">\n\t\t\t\t\t<h2 class=\"elementor-heading-title elementor-size-default\">Fokozott immunaktivit\u00e1s<br>\n<small>- a b\u00e9lny\u00e1lkah\u00e1rty\u00e1ban<\/small><\/h2>\t\t\t\t<\/div>\n\t\t\t\t<\/div>\n\t\t\t\t\t<\/div>\n\t\t\t\t<\/div>\n\t\t\t\t<div class=\"elementor-element elementor-element-4cab9ea elementor-widget elementor-widget-text-editor\" data-id=\"4cab9ea\" data-element_type=\"widget\" data-widget_type=\"text-editor.default\">\n\t\t\t\t<div class=\"elementor-widget-container\">\n\t\t\t\t\t\t\t\t\t<p>Az IBD-ben szenved\u0151 betegek b\u00e9lny\u00e1lkah\u00e1rty\u00e1j\u00e1nak sz\u00f6vetmint\u00e1iban fokozott immunaktivit\u00e1s mutathat\u00f3 ki. Az <a href=\"https:\/\/www.omni-biotic.com\/hu-hu\/a-belrendszer-egeszsege\/a-bel-hataskore\/az-immunrendszer\/\"><strong>immunrendszer<\/strong> <\/a>v\u00e9dekez\u0151 sejtjei \u00e9s azok h\u00edrviv\u0151i (gyullad\u00e1sk\u00f6zvet\u00edt\u0151k, mint p\u00e9ld\u00e1ul az interleukinok, TNF (tumor nekr\u00f3zis faktor) \u03b1) egyre gyakrabban \u00e9szlelhet\u0151k a ny\u00e1lkah\u00e1rty\u00e1n. Ez a b\u00e9lny\u00e1lkah\u00e1rtya pusztul\u00e1s\u00e1val j\u00e1r\u00f3 autoimmun folyamathoz vezet. Azt, hogy a fokozott v\u00e9dekez\u0151 reakci\u00f3, illetve az \u00f6npuszt\u00edt\u00f3 gyullad\u00e1sok honnan erednek, \u00e9s mit szolg\u00e1lnak, intenz\u00edven kutatj\u00e1k.<\/p><p>A <strong><a href=\"https:\/\/www.omni-biotic.com\/hu-hu\/a-belrendszer-egeszsege\/bel-az-egeszseg-kozpontja\/belmikrobiom\/\">b\u00e9lmikrobiom<\/a><\/strong> kiemelked\u0151 szerepet j\u00e1tszik. Az IBD-s betegekn\u00e9l a <strong><a href=\"https:\/\/www.omni-biotic.com\/hu-hu\/a-belrendszer-egeszsege\/bel-az-egeszseg-kozpontja\/belflora\/\">b\u00e9lfl\u00f3ra<\/a><\/strong> nagyban megv\u00e1ltozik \u00e9s k\u00e1rosodik, a <strong><a href=\"https:\/\/www.omni-biotic.com\/hu-hu\/a-belrendszer-egeszsege\/bel-az-egeszseg-kozpontja\/belbakteriumok\/\">b\u00e9lbakt\u00e9riumok<\/a><\/strong> biol\u00f3giai sokf\u00e9les\u00e9ge, mely a norm\u00e1lis b\u00e9lm\u0171k\u00f6d\u00e9shez elengedhetetlen, a beteg emberekn\u00e9l m\u00e1r nincs jelen. A b\u00e9lbakt\u00e9riumok m\u00e1r nem tudj\u00e1k ell\u00e1tni v\u00e9d\u0151- \u00e9s elh\u00e1r\u00edt\u00f3 funkci\u00f3jukat.<\/p>\t\t\t\t\t\t\t\t<\/div>\n\t\t\t\t<\/div>\n\t\t\t\t<\/div>\n\t\t\t\t\t<\/div>\n\t\t\t\t<\/div>\n\t\t<div class=\"elementor-element elementor-element-e62ffe8 obcs none e-flex e-con-boxed e-con e-parent\" data-id=\"e62ffe8\" data-element_type=\"container\" data-settings=\"{&quot;background_background&quot;:&quot;classic&quot;}\">\n\t\t\t\t\t<div class=\"e-con-inner\">\n\t\t<div class=\"elementor-element elementor-element-e03ee9d obcs none e-flex e-con-boxed e-con e-parent\" data-id=\"e03ee9d\" data-element_type=\"container\" data-settings=\"{&quot;background_background&quot;:&quot;classic&quot;}\">\n\t\t\t\t\t<div class=\"e-con-inner\">\n\t\t\t\t<div class=\"elementor-element elementor-element-80cd710 elementor-widget__width-initial elementor-widget-tablet__width-initial elementor-widget elementor-widget-image\" data-id=\"80cd710\" data-element_type=\"widget\" data-widget_type=\"image.default\">\n\t\t\t\t<div class=\"elementor-widget-container\">\n\t\t\t\t\t\t\t\t\t\t\t\t\t\t\t<img loading=\"lazy\" decoding=\"async\" width=\"400\" height=\"400\" src=\"https:\/\/www.omni-biotic.com\/hu-hu\/wp-content\/uploads\/sites\/7\/2023\/11\/ibd-kezelese.png\" class=\"attachment-medium_large size-medium_large wp-image-19579\" alt=\"\" srcset=\"https:\/\/www.omni-biotic.com\/hu-hu\/wp-content\/uploads\/sites\/7\/2023\/11\/ibd-kezelese.png 400w, https:\/\/www.omni-biotic.com\/hu-hu\/wp-content\/uploads\/sites\/7\/2023\/11\/ibd-kezelese-300x300.png 300w, https:\/\/www.omni-biotic.com\/hu-hu\/wp-content\/uploads\/sites\/7\/2023\/11\/ibd-kezelese-150x150.png 150w\" sizes=\"(max-width: 400px) 100vw, 400px\" title=\"\">\t\t\t\t\t\t\t\t\t\t\t\t\t\t\t<\/div>\n\t\t\t\t<\/div>\n\t\t<div class=\"elementor-element elementor-element-8aeee7d obcs none e-flex e-con-boxed e-con e-parent\" data-id=\"8aeee7d\" data-element_type=\"container\">\n\t\t\t\t\t<div class=\"e-con-inner\">\n\t\t\t\t<div class=\"elementor-element elementor-element-c5215f9 elementor-widget__width-inherit elementor-widget elementor-widget-heading\" data-id=\"c5215f9\" data-element_type=\"widget\" data-widget_type=\"heading.default\">\n\t\t\t\t<div class=\"elementor-widget-container\">\n\t\t\t\t\t<h2 class=\"elementor-heading-title elementor-size-default\">Hogyan diagnosztiz\u00e1lhat\u00f3 az IBD?<\/h2>\t\t\t\t<\/div>\n\t\t\t\t<\/div>\n\t\t\t\t<div class=\"elementor-element elementor-element-7e2b506 elementor-widget elementor-widget-text-editor\" data-id=\"7e2b506\" data-element_type=\"widget\" data-widget_type=\"text-editor.default\">\n\t\t\t\t<div class=\"elementor-widget-container\">\n\t\t\t\t\t\t\t\t\t<p>Az irrit\u00e1bilis b\u00e9l szindr\u00f3m\u00e1t a t\u00fcnetek tipikus mint\u00e1zata alapj\u00e1n, <a href=\"https:\/\/www.omni-biotic.com\/hu-hu\/blog\/etkezes-vastagbeltukrozes-elott-es-utan\/\"><strong>vastagb\u00e9lt\u00fckr\u00f6z\u00e9s<\/strong> <\/a>ut\u00e1n \u00e9s k\u00e9palkot\u00f3 elj\u00e1r\u00e1sok seg\u00edts\u00e9g\u00e9vel diagnosztiz\u00e1lj\u00e1k.<\/p><p>Az orvosnak minden egyes esetben meg kell vizsg\u00e1lnia, hogy val\u00f3ban IBD-r\u0151l vagy m\u00e1s betegs\u00e9gr\u0151l van-e sz\u00f3. Sz\u00e1mos fert\u0151z\u0151 betegs\u00e9g szint\u00e9n <a href=\"https:\/\/www.omni-biotic.com\/hu-hu\/belpanaszok\/hasmenes\/\"><strong>hasmen\u00e9ssel<\/strong> <\/a>jelentkezik, \u00e9s a gy\u00f3gyszerintolerancia is hasonl\u00f3 t\u00fcnetekkel j\u00e1r.<\/p><p>K\u00fcl\u00f6n\u00f6sen az id\u0151sebbekn\u00e9l fontos ellen\u0151rizni, hogy a t\u00fcnetek\u00e9rt nem a v\u00e9rkering\u00e9s hi\u00e1nya a felel\u0151s. (\u00c9relz\u00e1r\u00f3d\u00e1sok (tromb\u00f3zisok) a b\u00e9l \u00e9rrendszer\u00e9ben: iszk\u00e9mi\u00e1s vastagb\u00e9lgyullad\u00e1s (a b\u00e9l v\u00e9rhi\u00e1ny okozta gyullad\u00e1sa)).<\/p>\t\t\t\t\t\t\t\t<\/div>\n\t\t\t\t<\/div>\n\t\t\t\t\t<\/div>\n\t\t\t\t<\/div>\n\t\t\t\t\t<\/div>\n\t\t\t\t<\/div>\n\t\t\t\t\t<\/div>\n\t\t\t\t<\/div>\n\t\t<div class=\"elementor-element elementor-element-536e431 obcs none e-flex e-con-boxed e-con e-parent\" data-id=\"536e431\" data-element_type=\"container\">\n\t\t\t\t\t<div class=\"e-con-inner\">\n\t\t<div class=\"elementor-element elementor-element-89b70af obcs none e-flex e-con-boxed e-con e-parent\" data-id=\"89b70af\" data-element_type=\"container\">\n\t\t\t\t\t<div class=\"e-con-inner\">\n\t\t\t\t<div class=\"elementor-element elementor-element-1f2ee18 elementor-widget elementor-widget-heading\" data-id=\"1f2ee18\" data-element_type=\"widget\" data-widget_type=\"heading.default\">\n\t\t\t\t<div class=\"elementor-widget-container\">\n\t\t\t\t\t<h3 class=\"elementor-heading-title elementor-size-default\">Minden diagn\u00f3zis elej\u00e9n r\u00e9szletes anamn\u00e9zisfelv\u00e9telre ker\u00fcl sor az orvossal.<\/h3>\t\t\t\t<\/div>\n\t\t\t\t<\/div>\n\t\t\t\t<div class=\"elementor-element elementor-element-942ca60 elementor-widget elementor-widget-text-editor\" data-id=\"942ca60\" data-element_type=\"widget\" data-widget_type=\"text-editor.default\">\n\t\t\t\t<div class=\"elementor-widget-container\">\n\t\t\t\t\t\t\t\t\t<ul><li>Hol \u00e9s milyen helyzetekben jelentkezik a f\u00e1jdalom?<\/li><li>Van hasmen\u00e9se, v\u00e9r, ny\u00e1lka a sz\u00e9klet\u00e9ben? Milyen gyakran jellemz\u0151 a sz\u00e9klet\u00fcr\u00edt\u00e9s?<\/li><li>\u00c9szrevett valamilyen \u00f6sszef\u00fcgg\u00e9st a f\u00e1jdalom \u00e9s bizonyos \u00e9telek vagy italok fogyaszt\u00e1sa k\u00f6z\u00f6tt? Gyakran jelentkezik b\u00e9lfert\u0151z\u00e9s (gyomorhurut)?<\/li><li>Vannak-e egy\u00e9b t\u00fcnetei, p\u00e9ld\u00e1ul h\u00e1ny\u00e1s, izom- \u00e9s \u00edz\u00fcleti f\u00e1jdalom, <a href=\"https:\/\/www.omni-biotic.com\/hu-hu\/blog\/gyomoreges-a-terhesseg-alatt\/\">gyomor\u00e9g\u00e9s<\/a> \u00e9s l\u00e1z? Gyorsan kimer\u00fcl? Fogyott? Ez jellemz\u0151 a CU-ra (v\u00e9rszeg\u00e9nys\u00e9g).<\/li><li>Van m\u00e1s betegs\u00e9ge is? (Cholangitis, az epeutak gyullad\u00e1sa; conjunctivitis, a szem gyullad\u00e1sa; dermatitis = <a href=\"https:\/\/www.omni-biotic.com\/hu-hu\/blog\/bor-mikrobiom-es-a-belbakteriumok\/\">b\u0151rbetegs\u00e9gek<\/a>)?<\/li><li>Rendszeresen szed gy\u00f3gyszert?<\/li><li>Csal\u00e1di anamn\u00e9zis (betegs\u00e9gek jelenl\u00e9te a csal\u00e1dban; a Crohn-betegs\u00e9gben \u00e9s kisebb m\u00e9rt\u00e9kben a CU-ban genetikai meghat\u00e1rozotts\u00e1g gyan\u00faja mer\u00fcl fel).<\/li><\/ul>\t\t\t\t\t\t\t\t<\/div>\n\t\t\t\t<\/div>\n\t\t\t\t\t<\/div>\n\t\t\t\t<\/div>\n\t\t\t\t\t<\/div>\n\t\t\t\t<\/div>\n\t\t<div class=\"elementor-element elementor-element-526ec3c obcs green e-flex e-con-boxed e-con e-parent\" data-id=\"526ec3c\" data-element_type=\"container\">\n\t\t\t\t\t<div class=\"e-con-inner\">\n\t\t<div class=\"elementor-element elementor-element-d19aa54 e-con-full obcs none e-flex e-con e-parent\" data-id=\"d19aa54\" data-element_type=\"container\">\n\t\t\t\t<div class=\"elementor-element elementor-element-edeb02d elementor-widget elementor-widget-heading\" data-id=\"edeb02d\" data-element_type=\"widget\" data-widget_type=\"heading.default\">\n\t\t\t\t<div class=\"elementor-widget-container\">\n\t\t\t\t\t<h2 class=\"elementor-heading-title elementor-size-default\">A diagn\u00f3zis<\/h2>\t\t\t\t<\/div>\n\t\t\t\t<\/div>\n\t\t\t\t<div class=\"elementor-element elementor-element-60415ab elementor-widget elementor-widget-text-editor\" data-id=\"60415ab\" data-element_type=\"widget\" data-widget_type=\"text-editor.default\">\n\t\t\t\t<div class=\"elementor-widget-container\">\n\t\t\t\t\t\t\t\t\t<p>A sz\u00f3beli anamn\u00e9zis felv\u00e9telt alapos\u00a0<strong>vizsg\u00e1lat<\/strong>\u00a0k\u00f6veti. Az IBD diagn\u00f3zis\u00e1nak fel\u00e1ll\u00edt\u00e1s\u00e1hoz mindig sz\u00fcks\u00e9ges az em\u00e9szt\u0151rendszer teljes hossz\u00e1nak a vizsg\u00e1lata, annak \u00e9rdek\u00e9ben, hogy k\u00fcl\u00f6nbs\u00e9get lehessen tenni az MC \u00e9s a CU k\u00f6z\u00f6tt, valamint, hogy kiz\u00e1rhat\u00f3k legyenek az IBD-hez hasonl\u00f3 t\u00fcnetekkel rendelkez\u0151 fert\u0151z\u0151 b\u00e9lbetegs\u00e9gek. Az\u00a0<strong>endoszk\u00f3pos<\/strong> (vastagb\u00e9lgyullad\u00e1s &#8211; \u00e9s a nyel\u0151cs\u0151-gasztro-duodenoszk\u00f3pia (OGD) &#8211; a nyel\u0151cs\u0151, a gyomor \u00e9s a v\u00e9konyb\u00e9l vizsg\u00e1lata) \u00e9s a <strong>radiol\u00f3giai vizsg\u00e1latok<\/strong> (r\u00f6ntgen, CT (komputertomogr\u00e1fia), MRI (m\u00e1gneses rezonancia vizsg\u00e1lat)) kieg\u00e9sz\u00edtik egym\u00e1st.\u00a0<\/p><p>A\u00a0<strong>klinikai leletek<\/strong>\u00a0(laborat\u00f3riumi \u00e9s gyullad\u00e1sos param\u00e9terek (CRP=C-reakt\u00edv protein, kalprotektin stb.), m\u00e1j- \u00e9s vesefunkci\u00f3) \u00e9s a\u00a0<strong>sz\u00f6vettani leletek<\/strong>\u00a0(finomsz\u00f6veti vizsg\u00e1latok, pl. endoszk\u00f3posan nyert b\u00e9lny\u00e1lkah\u00e1rtya-mint\u00e1k) szint\u00e9n fontos meg\u00e1llap\u00edt\u00e1sokat tesznek.\u00a0<\/p><p>Meg kell vizsg\u00e1lni a <strong><a href=\"https:\/\/www.omni-biotic.com\/hu-hu\/blog\/majcirrozis\/\">m\u00e1j<\/a><\/strong>, az epe vagy a hasny\u00e1lmirigy betegs\u00e9geire utal\u00f3 jeleket. A sz\u00e9kletteny\u00e9szt\u00e9s \u00e9s a szerol\u00f3giai vizsg\u00e1latok fontosak a fert\u0151z\u0151 <a href=\"https:\/\/www.omni-biotic.com\/hu-hu\/belpanaszok\/hasmenes\/\"><strong>hasmen\u00e9ses<\/strong> <\/a>betegs\u00e9gek megk\u00fcl\u00f6nb\u00f6ztet\u00e9s\u00e9hez. Csak akkor lehet a kr\u00f3nikus gyullad\u00e1sos b\u00e9lbetegs\u00e9g &#8222;mozaikdiagn\u00f3zis\u00e1t&#8221; fel\u00e1ll\u00edtani, ha az \u00f6sszes leletet egy\u00fcttesen vessz\u00fck figyelembe. N\u00e9h\u00e1ny beteg eset\u00e9ben azonban nem lehets\u00e9ges a Crohn-betegs\u00e9g vagy a Colitis ulcerosa els\u0151dleges besorol\u00e1sa. Csak a betegs\u00e9g lefoly\u00e1sa teszi lehet\u0151v\u00e9 a v\u00e9gleges besorol\u00e1st.<\/p>\t\t\t\t\t\t\t\t<\/div>\n\t\t\t\t<\/div>\n\t\t\t\t<\/div>\n\t\t<div class=\"elementor-element elementor-element-025fd91 e-con-full obcs none e-flex e-con e-parent\" data-id=\"025fd91\" data-element_type=\"container\">\n\t\t\t\t<div class=\"elementor-element elementor-element-e05b070 e-transform elementor-widget elementor-widget-image\" data-id=\"e05b070\" data-element_type=\"widget\" data-settings=\"{&quot;_transform_rotateZ_effect&quot;:{&quot;unit&quot;:&quot;px&quot;,&quot;size&quot;:&quot;0&quot;,&quot;sizes&quot;:[]},&quot;_transform_rotate_3d&quot;:&quot;yes&quot;,&quot;_transform_rotateX_effect&quot;:{&quot;unit&quot;:&quot;px&quot;,&quot;size&quot;:&quot;0&quot;,&quot;sizes&quot;:[]},&quot;_transform_rotateY_effect&quot;:{&quot;unit&quot;:&quot;px&quot;,&quot;size&quot;:&quot;-4&quot;,&quot;sizes&quot;:[]},&quot;_transform_perspective_effect&quot;:{&quot;unit&quot;:&quot;px&quot;,&quot;size&quot;:&quot;650&quot;,&quot;sizes&quot;:[]},&quot;_transform_rotateZ_effect_tablet&quot;:{&quot;unit&quot;:&quot;deg&quot;,&quot;size&quot;:&quot;&quot;,&quot;sizes&quot;:[]},&quot;_transform_rotateZ_effect_mobile&quot;:{&quot;unit&quot;:&quot;deg&quot;,&quot;size&quot;:&quot;&quot;,&quot;sizes&quot;:[]},&quot;_transform_rotateX_effect_tablet&quot;:{&quot;unit&quot;:&quot;deg&quot;,&quot;size&quot;:&quot;&quot;,&quot;sizes&quot;:[]},&quot;_transform_rotateX_effect_mobile&quot;:{&quot;unit&quot;:&quot;deg&quot;,&quot;size&quot;:&quot;&quot;,&quot;sizes&quot;:[]},&quot;_transform_rotateY_effect_tablet&quot;:{&quot;unit&quot;:&quot;deg&quot;,&quot;size&quot;:&quot;&quot;,&quot;sizes&quot;:[]},&quot;_transform_rotateY_effect_mobile&quot;:{&quot;unit&quot;:&quot;deg&quot;,&quot;size&quot;:&quot;&quot;,&quot;sizes&quot;:[]},&quot;_transform_perspective_effect_tablet&quot;:{&quot;unit&quot;:&quot;px&quot;,&quot;size&quot;:&quot;&quot;,&quot;sizes&quot;:[]},&quot;_transform_perspective_effect_mobile&quot;:{&quot;unit&quot;:&quot;px&quot;,&quot;size&quot;:&quot;&quot;,&quot;sizes&quot;:[]}}\" data-widget_type=\"image.default\">\n\t\t\t\t<div class=\"elementor-widget-container\">\n\t\t\t\t\t\t\t\t\t\t\t\t\t\t\t<img loading=\"lazy\" decoding=\"async\" width=\"400\" height=\"400\" src=\"https:\/\/www.omni-biotic.com\/hu-hu\/wp-content\/uploads\/sites\/7\/2023\/11\/ibd-colitis.jpg\" class=\"attachment-full size-full wp-image-19580\" alt=\"ibd jelent\u00e9se, ibd, ibs crohn, mi a colitis, mi az ibd, uc crohn, ibd betegs\u00e9g, crohn colitis di\u00e9ta, probiotikum, omni-biotic\" srcset=\"https:\/\/www.omni-biotic.com\/hu-hu\/wp-content\/uploads\/sites\/7\/2023\/11\/ibd-colitis.jpg 400w, https:\/\/www.omni-biotic.com\/hu-hu\/wp-content\/uploads\/sites\/7\/2023\/11\/ibd-colitis-300x300.jpg 300w, https:\/\/www.omni-biotic.com\/hu-hu\/wp-content\/uploads\/sites\/7\/2023\/11\/ibd-colitis-150x150.jpg 150w\" sizes=\"(max-width: 400px) 100vw, 400px\" title=\"\">\t\t\t\t\t\t\t\t\t\t\t\t\t\t\t<\/div>\n\t\t\t\t<\/div>\n\t\t\t\t<\/div>\n\t\t\t\t\t<\/div>\n\t\t\t\t<\/div>\n\t\t<div class=\"elementor-element elementor-element-3e5b29e obcs yellow e-flex e-con-boxed e-con e-parent\" data-id=\"3e5b29e\" data-element_type=\"container\">\n\t\t\t\t\t<div class=\"e-con-inner\">\n\t\t<div class=\"elementor-element elementor-element-101afa0 e-con-full obcs none e-flex e-con e-parent\" data-id=\"101afa0\" data-element_type=\"container\">\n\t\t\t\t<div class=\"elementor-element elementor-element-6542789 e-transform elementor-widget elementor-widget-image\" data-id=\"6542789\" data-element_type=\"widget\" data-settings=\"{&quot;_transform_rotateZ_effect&quot;:{&quot;unit&quot;:&quot;px&quot;,&quot;size&quot;:&quot;0&quot;,&quot;sizes&quot;:[]},&quot;_transform_rotate_3d&quot;:&quot;yes&quot;,&quot;_transform_rotateX_effect&quot;:{&quot;unit&quot;:&quot;px&quot;,&quot;size&quot;:&quot;0&quot;,&quot;sizes&quot;:[]},&quot;_transform_rotateY_effect&quot;:{&quot;unit&quot;:&quot;px&quot;,&quot;size&quot;:&quot;4&quot;,&quot;sizes&quot;:[]},&quot;_transform_perspective_effect&quot;:{&quot;unit&quot;:&quot;px&quot;,&quot;size&quot;:&quot;650&quot;,&quot;sizes&quot;:[]},&quot;_transform_rotateZ_effect_tablet&quot;:{&quot;unit&quot;:&quot;deg&quot;,&quot;size&quot;:&quot;&quot;,&quot;sizes&quot;:[]},&quot;_transform_rotateZ_effect_mobile&quot;:{&quot;unit&quot;:&quot;deg&quot;,&quot;size&quot;:&quot;&quot;,&quot;sizes&quot;:[]},&quot;_transform_rotateX_effect_tablet&quot;:{&quot;unit&quot;:&quot;deg&quot;,&quot;size&quot;:&quot;&quot;,&quot;sizes&quot;:[]},&quot;_transform_rotateX_effect_mobile&quot;:{&quot;unit&quot;:&quot;deg&quot;,&quot;size&quot;:&quot;&quot;,&quot;sizes&quot;:[]},&quot;_transform_rotateY_effect_tablet&quot;:{&quot;unit&quot;:&quot;deg&quot;,&quot;size&quot;:&quot;&quot;,&quot;sizes&quot;:[]},&quot;_transform_rotateY_effect_mobile&quot;:{&quot;unit&quot;:&quot;deg&quot;,&quot;size&quot;:&quot;&quot;,&quot;sizes&quot;:[]},&quot;_transform_perspective_effect_tablet&quot;:{&quot;unit&quot;:&quot;px&quot;,&quot;size&quot;:&quot;&quot;,&quot;sizes&quot;:[]},&quot;_transform_perspective_effect_mobile&quot;:{&quot;unit&quot;:&quot;px&quot;,&quot;size&quot;:&quot;&quot;,&quot;sizes&quot;:[]}}\" data-widget_type=\"image.default\">\n\t\t\t\t<div class=\"elementor-widget-container\">\n\t\t\t\t\t\t\t\t\t\t\t\t\t\t\t<img loading=\"lazy\" decoding=\"async\" width=\"400\" height=\"400\" src=\"https:\/\/www.omni-biotic.com\/hu-hu\/wp-content\/uploads\/sites\/7\/2023\/11\/mi-segit-az-ibd-eseten.jpg\" class=\"attachment-large size-large wp-image-19581\" alt=\"ibd jelent\u00e9se, ibd, ibs crohn, mi a colitis, mi az ibd, uc crohn, ibd betegs\u00e9g, crohn colitis di\u00e9ta, probiotikum, omni-biotic\" srcset=\"https:\/\/www.omni-biotic.com\/hu-hu\/wp-content\/uploads\/sites\/7\/2023\/11\/mi-segit-az-ibd-eseten.jpg 400w, https:\/\/www.omni-biotic.com\/hu-hu\/wp-content\/uploads\/sites\/7\/2023\/11\/mi-segit-az-ibd-eseten-300x300.jpg 300w, https:\/\/www.omni-biotic.com\/hu-hu\/wp-content\/uploads\/sites\/7\/2023\/11\/mi-segit-az-ibd-eseten-150x150.jpg 150w\" sizes=\"(max-width: 400px) 100vw, 400px\" title=\"\">\t\t\t\t\t\t\t\t\t\t\t\t\t\t\t<\/div>\n\t\t\t\t<\/div>\n\t\t\t\t<\/div>\n\t\t<div class=\"elementor-element elementor-element-98822dd e-con-full obcs none e-flex e-con e-parent\" data-id=\"98822dd\" data-element_type=\"container\">\n\t\t\t\t<div class=\"elementor-element elementor-element-45ada57 elementor-widget elementor-widget-heading\" data-id=\"45ada57\" data-element_type=\"widget\" data-widget_type=\"heading.default\">\n\t\t\t\t<div class=\"elementor-widget-container\">\n\t\t\t\t\t<h2 class=\"elementor-heading-title elementor-size-default\">Hogyan kezelhet\u0151 a gyullad\u00e1sos b\u00e9lbetegs\u00e9g?<\/h2>\t\t\t\t<\/div>\n\t\t\t\t<\/div>\n\t\t\t\t<div class=\"elementor-element elementor-element-a678c2f elementor-widget elementor-widget-text-editor\" data-id=\"a678c2f\" data-element_type=\"widget\" data-widget_type=\"text-editor.default\">\n\t\t\t\t<div class=\"elementor-widget-container\">\n\t\t\t\t\t\t\t\t\t<p>A kr\u00f3nikus gyullad\u00e1sos b\u00e9lbetegs\u00e9gek (Morbus Crohn \u00e9s Colitis ulcerosa) jelenleg nem gy\u00f3gy\u00edthat\u00f3k. A ter\u00e1pi\u00e1s int\u00e9zked\u00e9sek els\u0151sorban az \u00e9rintettek \u00e9letmin\u0151s\u00e9g\u00e9nek jav\u00edt\u00e1s\u00e1ra, a t\u00fcnetek megsz\u00fcntet\u00e9s\u00e9re vagy enyh\u00edt\u00e9s\u00e9re, a gyullad\u00e1sos ki\u00fajul\u00e1sok minimaliz\u00e1l\u00e1s\u00e1ra \u00e9s a sz\u00f6v\u0151dm\u00e9nyek megel\u0151z\u00e9s\u00e9re ir\u00e1nyulnak.<\/p><p>A kezel\u00e9s szempontj\u00e1b\u00f3l k\u00fcl\u00f6n\u00f6sen fontos, hogy ismerj\u00fck a gyullad\u00e1s pontos hely\u00e9t a gyomorban \u00e9s a b\u00e9lrendszerben. A betegs\u00e9g mindennapi \u00e9letben val\u00f3 kezel\u00e9s\u00e9re \u00e9s a t\u00e1pl\u00e1lkoz\u00e1sra vonatkoz\u00f3 aj\u00e1nl\u00e1sok mellett a gy\u00f3gyszeres kezel\u00e9s a ter\u00e1pia k\u00f6zponti eleme. A f\u0151 hangs\u00faly a gyullad\u00e1scs\u00f6kkent\u0151 gy\u00f3gyszereken van.<\/p>\t\t\t\t\t\t\t\t<\/div>\n\t\t\t\t<\/div>\n\t\t\t\t<\/div>\n\t\t\t\t\t<\/div>\n\t\t\t\t<\/div>\n\t\t<div class=\"elementor-element elementor-element-6a1cc33 obcs none e-flex e-con-boxed e-con e-parent\" data-id=\"6a1cc33\" data-element_type=\"container\">\n\t\t\t\t\t<div class=\"e-con-inner\">\n\t\t<div class=\"elementor-element elementor-element-dfe1cdc obcs none e-flex e-con-boxed e-con e-parent\" data-id=\"dfe1cdc\" data-element_type=\"container\">\n\t\t\t\t\t<div class=\"e-con-inner\">\n\t\t\t\t<div class=\"elementor-element elementor-element-ba904a1 elementor-widget elementor-widget-heading\" data-id=\"ba904a1\" data-element_type=\"widget\" data-widget_type=\"heading.default\">\n\t\t\t\t<div class=\"elementor-widget-container\">\n\t\t\t\t\t<h3 class=\"elementor-heading-title elementor-size-default\">A fek\u00e9lyes vastagb\u00e9lgyullad\u00e1s kezel\u00e9se<\/h3>\t\t\t\t<\/div>\n\t\t\t\t<\/div>\n\t\t\t\t<div class=\"elementor-element elementor-element-5c83147 elementor-widget elementor-widget-text-editor\" data-id=\"5c83147\" data-element_type=\"widget\" data-widget_type=\"text-editor.default\">\n\t\t\t\t<div class=\"elementor-widget-container\">\n\t\t\t\t\t\t\t\t\t<p><strong>Colitis ulcerosa<\/strong>\u00a0kezel\u00e9s\u00e9re a\u00a0<strong>mezalazin<\/strong>\u00a0(5-amino-szalicilsav) a legmegfelel\u0151bb gy\u00f3gyszer. Mivel a vastagb\u00e9l, amely a CU-ban f\u0151k\u00e9nt \u00e9rintett, a v\u00e9gb\u00e9len kereszt\u00fcl hozz\u00e1f\u00e9rhet\u0151 a gy\u00f3gyszerek sz\u00e1m\u00e1ra, a lenyelhet\u0151 tablett\u00e1k \u00e9s kapszul\u00e1k mellett l\u00e9teznek k\u00fapok, be\u00f6nt\u00e9sek \u00e9s habok, amelyek k\u00f6zvetlen\u00fcl a gyullad\u00e1s hely\u00e9n fejthetik ki hat\u00e1sukat.<\/p><p>Valamint\u00a0<strong>gl\u00fckokortikoidokat<\/strong>\u00a0(kortizonokat),<strong>\u00a0immunszuppressz\u00e1nsokat \u00e9s gyullad\u00e1sos faktorok elleni antitesteket<\/strong>\u00a0alkalmaznaka CU eset\u00e9n. Tov\u00e1bb\u00e1 klinikai vizsg\u00e1latokkal meg\u00e1llap\u00edtott\u00e1k \u00e9s bizony\u00edtott\u00e1k, hogy k\u00fcl\u00f6n\u00f6sen a\u00a0<strong>bakt\u00e9riumfl\u00f3ra<\/strong>\u00a0jelent\u0151s hat\u00e1ssal van a colitis ulcerosa kialakul\u00e1s\u00e1ra \u00e9s lefoly\u00e1s\u00e1ra. A t\u00fcnetmentes f\u00e1zisokban bizonyos probiotikus bakt\u00e9riumt\u00f6rzsek ugyanolyan hat\u00e1sosnak \u00e9s gyullad\u00e1scs\u00f6kkent\u0151nek bizonyultak, mint a mezalazin. Ugyanakkor a probiotikus lehet\u0151s\u00e9g nem j\u00e1r semmilyen mell\u00e9khat\u00e1ssal a hagyom\u00e1nyos gy\u00f3gyszeres kezel\u00e9shez k\u00e9pest. A bakt\u00e9riumk\u00e9sz\u00edtm\u00e9nyek az IBD k\u00e1ros okai ellen hatnak, \u00e9s nem csak a t\u00fcnetek ellen k\u00fczdenek.<\/p>\t\t\t\t\t\t\t\t<\/div>\n\t\t\t\t<\/div>\n\t\t\t\t<div class=\"elementor-element elementor-element-e1cc2c0 elementor-widget elementor-widget-heading\" data-id=\"e1cc2c0\" data-element_type=\"widget\" data-widget_type=\"heading.default\">\n\t\t\t\t<div class=\"elementor-widget-container\">\n\t\t\t\t\t<h3 class=\"elementor-heading-title elementor-size-default\">A Crohn-betegs\u00e9g kezel\u00e9si lehet\u0151s\u00e9gei<\/h3>\t\t\t\t<\/div>\n\t\t\t\t<\/div>\n\t\t\t\t<div class=\"elementor-element elementor-element-5b5d3bc elementor-widget elementor-widget-text-editor\" data-id=\"5b5d3bc\" data-element_type=\"widget\" data-widget_type=\"text-editor.default\">\n\t\t\t\t<div class=\"elementor-widget-container\">\n\t\t\t\t\t\t\t\t\t<p>A Crohn-betegs\u00e9gben is a gl\u00fckokortikoidok, az immunszuppressz\u00e1nsok \u00e9s az antitestek, k\u00fcl\u00f6n\u00f6sen bizonyos gyullad\u00e1sos faktorok ellen, jelentik a f\u0151 gy\u00f3gyszeres ter\u00e1pi\u00e1t. Megk\u00fcl\u00f6nb\u00f6ztet\u00fcnk olyan k\u00e9sz\u00edtm\u00e9nyeket, amelyek a gyullad\u00e1sos f\u00e1zisban (az akt\u00edv relapszusban) jav\u00edtj\u00e1k a t\u00fcneteket, \u00e9s olyanokat, amelyek az \u00fajabb relapszusok val\u00f3sz\u00edn\u0171s\u00e9g\u00e9t hivatottak cs\u00f6kkenteni.<\/p>\t\t\t\t\t\t\t\t<\/div>\n\t\t\t\t<\/div>\n\t\t\t\t<div class=\"elementor-element elementor-element-dc7416c elementor-widget elementor-widget-heading\" data-id=\"dc7416c\" data-element_type=\"widget\" data-widget_type=\"heading.default\">\n\t\t\t\t<div class=\"elementor-widget-container\">\n\t\t\t\t\t<h3 class=\"elementor-heading-title elementor-size-default\">Mikor sz\u00fcks\u00e9ges egy oper\u00e1ci\u00f3?<\/h3>\t\t\t\t<\/div>\n\t\t\t\t<\/div>\n\t\t\t\t<div class=\"elementor-element elementor-element-4d93c59 elementor-widget elementor-widget-text-editor\" data-id=\"4d93c59\" data-element_type=\"widget\" data-widget_type=\"text-editor.default\">\n\t\t\t\t<div class=\"elementor-widget-container\">\n\t\t\t\t\t\t\t\t\t<p>A sz\u00e1mos gy\u00f3gyszeres lehet\u0151s\u00e9g ellen\u00e9re m\u00e9g mindig sz\u00fcks\u00e9g lehet m\u0171t\u00e9tre. A gyullad\u00e1s f\u0151 f\u00f3kusz\u00e1t\u00f3l f\u00fcgg\u0151en k\u00fcl\u00f6nb\u00f6z\u0151 seb\u00e9szeti elj\u00e1r\u00e1sokat alkalmaznak. A m\u0171t\u00e9tre olyan sz\u00f6v\u0151dm\u00e9nyek adnak okot, mint a s\u00falyos v\u00e9rz\u00e9s, a b\u00e9lperfor\u00e1ci\u00f3, a gy\u00f3gyszeres kezel\u00e9sre nem megfelel\u0151en reag\u00e1l\u00f3 gyullad\u00e1s, valamint a vastagb\u00e9lr\u00e1k vagy r\u00e1kot megel\u0151z\u0151 elv\u00e1ltoz\u00e1sok megjelen\u00e9se. A vastagb\u00e9lr\u00e1k kock\u00e1zata megn\u0151 fek\u00e9lyes vastagb\u00e9lgyullad\u00e1sban \u00e9s Crohn-betegs\u00e9gben, ha a vastagb\u00e9l \u00e9rintett. A gyullad\u00e1s kiterjed\u00e9se fontos szerepet j\u00e1tszik. A m\u0171t\u00e9t akkor v\u00e1lik sz\u00fcks\u00e9gess\u00e9 a Crohn-betegs\u00e9gben szenved\u0151 betegekn\u00e9l, ha olyan sz\u00f6v\u0151dm\u00e9nyek l\u00e9pnek fel, mint a v\u00e9rz\u00e9s, sipolyok, b\u00e9lelz\u00e1r\u00f3d\u00e1s vagy t\u00e1lyogok.<\/p>\t\t\t\t\t\t\t\t<\/div>\n\t\t\t\t<\/div>\n\t\t\t\t\t<\/div>\n\t\t\t\t<\/div>\n\t\t\t\t\t<\/div>\n\t\t\t\t<\/div>\n\t\t<div class=\"elementor-element elementor-element-d721747 obcs green e-flex e-con-boxed e-con e-parent\" data-id=\"d721747\" data-element_type=\"container\">\n\t\t\t\t\t<div class=\"e-con-inner\">\n\t\t<div class=\"elementor-element elementor-element-6a52163 e-con-full obcs none e-flex e-con e-parent\" data-id=\"6a52163\" data-element_type=\"container\">\n\t\t\t\t<div class=\"elementor-element elementor-element-49d8dbe elementor-widget elementor-widget-heading\" data-id=\"49d8dbe\" data-element_type=\"widget\" data-widget_type=\"heading.default\">\n\t\t\t\t<div class=\"elementor-widget-container\">\n\t\t\t\t\t<h2 class=\"elementor-heading-title elementor-size-default\">Mi seg\u00edt a gyullad\u00e1sos b\u00e9lbetegs\u00e9g eset\u00e9n?<\/h2>\t\t\t\t<\/div>\n\t\t\t\t<\/div>\n\t\t\t\t<div class=\"elementor-element elementor-element-4c1c42d elementor-widget elementor-widget-heading\" data-id=\"4c1c42d\" data-element_type=\"widget\" data-widget_type=\"heading.default\">\n\t\t\t\t<div class=\"elementor-widget-container\">\n\t\t\t\t\t<h3 class=\"elementor-heading-title elementor-size-default\">Gy\u00f3gyn\u00f6v\u00e9nyek \u00e9s term\u00e9szetgy\u00f3gy\u00e1szati ter\u00e1pi\u00e1k\n<\/h3>\t\t\t\t<\/div>\n\t\t\t\t<\/div>\n\t\t\t\t<div class=\"elementor-element elementor-element-c7691b8 elementor-widget elementor-widget-text-editor\" data-id=\"c7691b8\" data-element_type=\"widget\" data-widget_type=\"text-editor.default\">\n\t\t\t\t<div class=\"elementor-widget-container\">\n\t\t\t\t\t\t\t\t\t<p>N\u00e9h\u00e1ny adat \u00e1ll rendelkez\u00e9sre a t\u00f6mj\u00e9nnel, mirh\u00e1val \u00e9s kamill\u00e1val k\u00e9sz\u00fclt k\u00e9sz\u00edtm\u00e9nyekr\u0151l. Gyullad\u00e1scs\u00f6kkent\u0151 hat\u00e1s\u00faak. A t\u00f6mj\u00e9nkivonatot tartalmaz\u00f3 k\u00e9sz\u00edtm\u00e9ny \u00e1ll\u00edt\u00f3lag hasonl\u00f3 eredm\u00e9nyeket mutat a Crohn-betegs\u00e9gben, mint a mezalazin (amelynek csak korl\u00e1tozott hat\u00e1sa van a Crohn-betegs\u00e9gben). A tipikus panaszok, mint a hasi g\u00f6rcs\u00f6k, a hasmen\u00e9s \u00e9s az \u00edz\u00fcleti panaszok a betegek k\u00e9tharmad\u00e1n\u00e1l javultak. Hasonl\u00f3 vizsg\u00e1latokat v\u00e9geztek colitis ulceros\u00e1ban. Mind a t\u00f6mj\u00e9n, mind a mirha triterp\u00e9nsavakat tartalmaz, amelyek a CU gyullad\u00e1scs\u00f6kkent\u0151 hat\u00e1s\u00e1\u00e9rt felel\u0151sek. A mirha g\u00f6rcsold\u00f3 hat\u00e1s\u00fa is, mivel cs\u00f6kkenti a b\u00e9l\u00f6sszeh\u00faz\u00f3d\u00e1sok hevess\u00e9g\u00e9t \u00e9s ellaz\u00edtja a b\u00e9lizmokat. K\u00fcl\u00f6n\u00f6sen a t\u00f6mj\u00e9n, mirha \u00e9s a k\u00e1v\u00e9sz\u00e9n h\u00e1rmas kombin\u00e1ci\u00f3ja bizonyult hat\u00e9konynak. A t\u00fcnetmentes id\u0151szak ugyanolyan j\u00f3l fenntarthat\u00f3 (ahogyan azt egy kis tanulm\u00e1nyban vizsg\u00e1lt\u00e1k), mint a mezalazin eset\u00e9ben.<\/p><p>Amerikai tud\u00f3sok a\u00a0<a href=\"https:\/\/shop.omni-biotic.com\/hu-hu\/products\/meta-care-curcuma-cell-42704\"><strong>kurkuma<\/strong>\u00a0<\/a>gyullad\u00e1scs\u00f6kkent\u0151 hat\u00e1s\u00e1t is vizsg\u00e1lt\u00e1k. Egy vizsg\u00e1latban Morbus Crohnban vagy colitis ulceros\u00e1ban szenved\u0151 gyermekek kapszula form\u00e1ban kaptak kurkumin kivonatot. A 4 g-os adagot a legt\u00f6bb gyermek j\u00f3l toler\u00e1lta, \u00e9s az IBD t\u00fcnetei is javultak.<\/p>\t\t\t\t\t\t\t\t<\/div>\n\t\t\t\t<\/div>\n\t\t\t\t<\/div>\n\t\t<div class=\"elementor-element elementor-element-36ee157 e-con-full obcs none e-flex e-con e-parent\" data-id=\"36ee157\" data-element_type=\"container\">\n\t\t\t\t<div class=\"elementor-element elementor-element-820f88f e-transform elementor-widget elementor-widget-image\" data-id=\"820f88f\" data-element_type=\"widget\" data-settings=\"{&quot;_transform_rotateZ_effect&quot;:{&quot;unit&quot;:&quot;px&quot;,&quot;size&quot;:&quot;0&quot;,&quot;sizes&quot;:[]},&quot;_transform_rotate_3d&quot;:&quot;yes&quot;,&quot;_transform_rotateX_effect&quot;:{&quot;unit&quot;:&quot;px&quot;,&quot;size&quot;:&quot;0&quot;,&quot;sizes&quot;:[]},&quot;_transform_rotateY_effect&quot;:{&quot;unit&quot;:&quot;px&quot;,&quot;size&quot;:&quot;-4&quot;,&quot;sizes&quot;:[]},&quot;_transform_perspective_effect&quot;:{&quot;unit&quot;:&quot;px&quot;,&quot;size&quot;:&quot;650&quot;,&quot;sizes&quot;:[]},&quot;_transform_rotateZ_effect_tablet&quot;:{&quot;unit&quot;:&quot;deg&quot;,&quot;size&quot;:&quot;&quot;,&quot;sizes&quot;:[]},&quot;_transform_rotateZ_effect_mobile&quot;:{&quot;unit&quot;:&quot;deg&quot;,&quot;size&quot;:&quot;&quot;,&quot;sizes&quot;:[]},&quot;_transform_rotateX_effect_tablet&quot;:{&quot;unit&quot;:&quot;deg&quot;,&quot;size&quot;:&quot;&quot;,&quot;sizes&quot;:[]},&quot;_transform_rotateX_effect_mobile&quot;:{&quot;unit&quot;:&quot;deg&quot;,&quot;size&quot;:&quot;&quot;,&quot;sizes&quot;:[]},&quot;_transform_rotateY_effect_tablet&quot;:{&quot;unit&quot;:&quot;deg&quot;,&quot;size&quot;:&quot;&quot;,&quot;sizes&quot;:[]},&quot;_transform_rotateY_effect_mobile&quot;:{&quot;unit&quot;:&quot;deg&quot;,&quot;size&quot;:&quot;&quot;,&quot;sizes&quot;:[]},&quot;_transform_perspective_effect_tablet&quot;:{&quot;unit&quot;:&quot;px&quot;,&quot;size&quot;:&quot;&quot;,&quot;sizes&quot;:[]},&quot;_transform_perspective_effect_mobile&quot;:{&quot;unit&quot;:&quot;px&quot;,&quot;size&quot;:&quot;&quot;,&quot;sizes&quot;:[]}}\" data-widget_type=\"image.default\">\n\t\t\t\t<div class=\"elementor-widget-container\">\n\t\t\t\t\t\t\t\t\t\t\t\t\t\t\t<img loading=\"lazy\" decoding=\"async\" width=\"400\" height=\"400\" src=\"https:\/\/www.omni-biotic.com\/hu-hu\/wp-content\/uploads\/sites\/7\/2023\/11\/IBD-crohn.jpg\" class=\"attachment-large size-large wp-image-19582\" alt=\"\" srcset=\"https:\/\/www.omni-biotic.com\/hu-hu\/wp-content\/uploads\/sites\/7\/2023\/11\/IBD-crohn.jpg 400w, https:\/\/www.omni-biotic.com\/hu-hu\/wp-content\/uploads\/sites\/7\/2023\/11\/IBD-crohn-300x300.jpg 300w, https:\/\/www.omni-biotic.com\/hu-hu\/wp-content\/uploads\/sites\/7\/2023\/11\/IBD-crohn-150x150.jpg 150w\" sizes=\"(max-width: 400px) 100vw, 400px\" title=\"\">\t\t\t\t\t\t\t\t\t\t\t\t\t\t\t<\/div>\n\t\t\t\t<\/div>\n\t\t\t\t<\/div>\n\t\t\t\t\t<\/div>\n\t\t\t\t<\/div>\n\t\t<div class=\"elementor-element elementor-element-cfdb134 obcs none e-flex e-con-boxed e-con e-parent\" data-id=\"cfdb134\" data-element_type=\"container\">\n\t\t\t\t\t<div class=\"e-con-inner\">\n\t\t<div class=\"elementor-element elementor-element-fc9e75b obcs none e-flex e-con-boxed e-con e-parent\" data-id=\"fc9e75b\" data-element_type=\"container\">\n\t\t\t\t\t<div class=\"e-con-inner\">\n\t\t\t\t<div class=\"elementor-element elementor-element-198e325 elementor-widget elementor-widget-heading\" data-id=\"198e325\" data-element_type=\"widget\" data-widget_type=\"heading.default\">\n\t\t\t\t<div class=\"elementor-widget-container\">\n\t\t\t\t\t<h2 class=\"elementor-heading-title elementor-size-default\">Tippek a gyullad\u00e1sos b\u00e9lbetegs\u00e9gek eset\u00e9n<\/h2>\t\t\t\t<\/div>\n\t\t\t\t<\/div>\n\t\t\t\t<div class=\"elementor-element elementor-element-8e9e6ed elementor-widget elementor-widget-heading\" data-id=\"8e9e6ed\" data-element_type=\"widget\" data-widget_type=\"heading.default\">\n\t\t\t\t<div class=\"elementor-widget-container\">\n\t\t\t\t\t<h3 class=\"elementor-heading-title elementor-size-default\">1. tipp<\/h3>\t\t\t\t<\/div>\n\t\t\t\t<\/div>\n\t\t\t\t<div class=\"elementor-element elementor-element-88a1863 elementor-widget elementor-widget-text-editor\" data-id=\"88a1863\" data-element_type=\"widget\" data-widget_type=\"text-editor.default\">\n\t\t\t\t<div class=\"elementor-widget-container\">\n\t\t\t\t\t\t\t\t\t<p>Az IBD pontos oka m\u00e9g nem ismert. A ment\u00e1lis eg\u00e9szs\u00e9g azonban fontos t\u00e9nyez\u0151 a fell\u00e1ngol\u00e1sokban. <strong>A <a href=\"https:\/\/www.omni-biotic.com\/hu-hu\/blog\/a-stressz-mellekhatasai\/\">stressz<\/a> \u00fajabb visszaes\u00e9st v\u00e1lthat ki.<\/strong>\u00a0Ez\u00e9rt fontos, hogy a mindennapi \u00e9letbe elegend\u0151 pihen\u00e9si \u00e9s kikapcsol\u00f3d\u00e1si id\u0151szakot iktassunk be.<\/p>\t\t\t\t\t\t\t\t<\/div>\n\t\t\t\t<\/div>\n\t\t\t\t<div class=\"elementor-element elementor-element-687824d elementor-widget elementor-widget-heading\" data-id=\"687824d\" data-element_type=\"widget\" data-widget_type=\"heading.default\">\n\t\t\t\t<div class=\"elementor-widget-container\">\n\t\t\t\t\t<h3 class=\"elementor-heading-title elementor-size-default\">2. tipp<\/h3>\t\t\t\t<\/div>\n\t\t\t\t<\/div>\n\t\t\t\t<div class=\"elementor-element elementor-element-4b576d5 elementor-widget elementor-widget-text-editor\" data-id=\"4b576d5\" data-element_type=\"widget\" data-widget_type=\"text-editor.default\">\n\t\t\t\t<div class=\"elementor-widget-container\">\n\t\t\t\t\t\t\t\t\t<p><strong>Iktassa ki a <a href=\"https:\/\/www.omni-biotic.com\/hu-hu\/belpanaszok\/haspuffadas\/\">puffaszt\u00f3<\/a>, em\u00e9szthetetlen \u00e9teleket az \u00e9trendj\u00e9b\u0151l!<\/strong>\u00a0Az \u00e9tkez\u00e9si napl\u00f3 seg\u00edt kider\u00edteni, hogy mely \u00e9teleket \u00e9s italokat t\u0171ri j\u00f3l, \u00e9s mely helyzetek vannak negat\u00edv hat\u00e1ssal a t\u00fcnetekre. \u00d3vatosan az \u00e9lelmi rostokkal!<\/p>\t\t\t\t\t\t\t\t<\/div>\n\t\t\t\t<\/div>\n\t\t\t\t<div class=\"elementor-element elementor-element-49d906d elementor-widget elementor-widget-heading\" data-id=\"49d906d\" data-element_type=\"widget\" data-widget_type=\"heading.default\">\n\t\t\t\t<div class=\"elementor-widget-container\">\n\t\t\t\t\t<h3 class=\"elementor-heading-title elementor-size-default\">3. tipp<\/h3>\t\t\t\t<\/div>\n\t\t\t\t<\/div>\n\t\t\t\t<div class=\"elementor-element elementor-element-7ed45ef elementor-widget elementor-widget-text-editor\" data-id=\"7ed45ef\" data-element_type=\"widget\" data-widget_type=\"text-editor.default\">\n\t\t\t\t<div class=\"elementor-widget-container\">\n\t\t\t\t\t\t\t\t\t<p><strong>A betegs\u00e9g elfogad\u00e1sa fontos l\u00e9p\u00e9s.<\/strong>\u00a0Az \u00f6nseg\u00edt\u0151 csoportok kapcsolatot biztos\u00edtanak m\u00e1s \u00e9rintettekkel.<\/p>\t\t\t\t\t\t\t\t<\/div>\n\t\t\t\t<\/div>\n\t\t\t\t<div class=\"elementor-element elementor-element-f1238f8 elementor-widget elementor-widget-heading\" data-id=\"f1238f8\" data-element_type=\"widget\" data-widget_type=\"heading.default\">\n\t\t\t\t<div class=\"elementor-widget-container\">\n\t\t\t\t\t<h3 class=\"elementor-heading-title elementor-size-default\">4. tipp<\/h3>\t\t\t\t<\/div>\n\t\t\t\t<\/div>\n\t\t\t\t<div class=\"elementor-element elementor-element-4845b38 elementor-widget elementor-widget-text-editor\" data-id=\"4845b38\" data-element_type=\"widget\" data-widget_type=\"text-editor.default\">\n\t\t\t\t<div class=\"elementor-widget-container\">\n\t\t\t\t\t\t\t\t\t<p>\u00a0A b\u00e9lny\u00e1lkah\u00e1rty\u00e1t v\u00e9d\u0151 \u00e9s az em\u00e9szt\u00e9si funkci\u00f3kat egyens\u00falyban tart\u00f3\u00a0<strong>probiotikus multispecifikus <a href=\"https:\/\/www.omni-biotic.com\/hu-hu\/a-belrendszer-egeszsege\/bel-az-egeszseg-kozpontja\/probiotikum\/\">szinbiotikumok<\/a><\/strong>\u00a0(ak\u00e1r hossz\u00fa t\u00e1v\u00fa)\u00a0<strong>szed\u00e9se<\/strong>\u00a0ide\u00e1lis megel\u0151z\u00e9sre \u00e9s t\u00e1mogat\u00f3 kezel\u00e9sre IBS eset\u00e9n.<\/p>\t\t\t\t\t\t\t\t<\/div>\n\t\t\t\t<\/div>\n\t\t\t\t<div class=\"elementor-element elementor-element-118e575 elementor-widget elementor-widget-heading\" data-id=\"118e575\" data-element_type=\"widget\" data-widget_type=\"heading.default\">\n\t\t\t\t<div class=\"elementor-widget-container\">\n\t\t\t\t\t<h3 class=\"elementor-heading-title elementor-size-default\">5. tipp<\/h3>\t\t\t\t<\/div>\n\t\t\t\t<\/div>\n\t\t\t\t<div class=\"elementor-element elementor-element-b2d99fd elementor-widget elementor-widget-text-editor\" data-id=\"b2d99fd\" data-element_type=\"widget\" data-widget_type=\"text-editor.default\">\n\t\t\t\t<div class=\"elementor-widget-container\">\n\t\t\t\t\t\t\t\t\t<p>A rendszeres b\u00e9lr\u00e1ksz\u0171r\u00e9s IBD eset\u00e9n elengedhetetlen!<\/p>\t\t\t\t\t\t\t\t<\/div>\n\t\t\t\t<\/div>\n\t\t\t\t<div class=\"elementor-element elementor-element-c2d9cac elementor-widget elementor-widget-heading\" data-id=\"c2d9cac\" data-element_type=\"widget\" data-widget_type=\"heading.default\">\n\t\t\t\t<div class=\"elementor-widget-container\">\n\t\t\t\t\t<h3 class=\"elementor-heading-title elementor-size-default\">6. tipp<\/h3>\t\t\t\t<\/div>\n\t\t\t\t<\/div>\n\t\t\t\t<div class=\"elementor-element elementor-element-ecb2193 elementor-widget elementor-widget-text-editor\" data-id=\"ecb2193\" data-element_type=\"widget\" data-widget_type=\"text-editor.default\">\n\t\t\t\t<div class=\"elementor-widget-container\">\n\t\t\t\t\t\t\t\t\t<p>A\u00a0<strong>testmozg\u00e1s<\/strong>\u00a0bizony\u00edtottan pozit\u00edv hat\u00e1ssal van a t\u00fcnetmentes id\u0151szakban. N\u00f6veli az \u00e1ltal\u00e1nos k\u00f6z\u00e9rzetet, cs\u00f6kkenti a gyullad\u00e1st, \u00e9s seg\u00edt jobban megismerni a test\u00e9t. K\u00f6nny\u0171 sportok, mint a gyalogl\u00e1s, \u00fasz\u00e1s, torna, j\u00f3ga \u00e9s pilates aj\u00e1nlott.<\/p>\t\t\t\t\t\t\t\t<\/div>\n\t\t\t\t<\/div>\n\t\t\t\t<div class=\"elementor-element elementor-element-bed7dd2 elementor-widget elementor-widget-heading\" data-id=\"bed7dd2\" data-element_type=\"widget\" data-widget_type=\"heading.default\">\n\t\t\t\t<div class=\"elementor-widget-container\">\n\t\t\t\t\t<h3 class=\"elementor-heading-title elementor-size-default\">7. tipp<\/h3>\t\t\t\t<\/div>\n\t\t\t\t<\/div>\n\t\t\t\t<div class=\"elementor-element elementor-element-4da13a3 elementor-widget elementor-widget-text-editor\" data-id=\"4da13a3\" data-element_type=\"widget\" data-widget_type=\"text-editor.default\">\n\t\t\t\t<div class=\"elementor-widget-container\">\n\t\t\t\t\t\t\t\t\t<p>Ha a betegs\u00e9g akut f\u00e1zis\u00e1ban\u00a0<strong>immunszuppressz\u00e1nsokkal<\/strong>\u00a0kezelik, gondoskodjon megfelel\u0151 olt\u00e1si v\u00e9delemr\u0151l! Az \u00e9l\u0151 vakcin\u00e1kat csak a t\u00fcnetmentes id\u0151szakban szabad beadni.<\/p>\t\t\t\t\t\t\t\t<\/div>\n\t\t\t\t<\/div>\n\t\t\t\t<div class=\"elementor-element elementor-element-a6b81aa elementor-widget elementor-widget-heading\" data-id=\"a6b81aa\" data-element_type=\"widget\" data-widget_type=\"heading.default\">\n\t\t\t\t<div class=\"elementor-widget-container\">\n\t\t\t\t\t<h3 class=\"elementor-heading-title elementor-size-default\">8. tipp<\/h3>\t\t\t\t<\/div>\n\t\t\t\t<\/div>\n\t\t\t\t<div class=\"elementor-element elementor-element-68e1490 elementor-widget elementor-widget-text-editor\" data-id=\"68e1490\" data-element_type=\"widget\" data-widget_type=\"text-editor.default\">\n\t\t\t\t<div class=\"elementor-widget-container\">\n\t\t\t\t\t\t\t\t\t<p><strong>Az alkohol k\u00e1ros\u00edtja a b\u00e9lny\u00e1lkah\u00e1rty\u00e1t, ez\u00e9rt ker\u00fclend\u0151!<\/strong><\/p>\t\t\t\t\t\t\t\t<\/div>\n\t\t\t\t<\/div>\n\t\t\t\t<div class=\"elementor-element elementor-element-5f71a32 elementor-widget elementor-widget-heading\" data-id=\"5f71a32\" data-element_type=\"widget\" data-widget_type=\"heading.default\">\n\t\t\t\t<div class=\"elementor-widget-container\">\n\t\t\t\t\t<h3 class=\"elementor-heading-title elementor-size-default\">9. tipp<\/h3>\t\t\t\t<\/div>\n\t\t\t\t<\/div>\n\t\t\t\t<div class=\"elementor-element elementor-element-7f38709 elementor-widget elementor-widget-text-editor\" data-id=\"7f38709\" data-element_type=\"widget\" data-widget_type=\"text-editor.default\">\n\t\t\t\t<div class=\"elementor-widget-container\">\n\t\t\t\t\t\t\t\t\t<p>A <a href=\"https:\/\/www.omni-biotic.com\/hu-hu\/blog\/a-dohanyzas-gyulladasos-folyamatokat-valt-ki-a-belekben\/\">doh\u00e1nyz\u00e1s<\/a> n\u00f6veli a Crohn-betegs\u00e9g akut ki\u00fajul\u00e1sainak ar\u00e1ny\u00e1t, azaz az\u00a0<strong>MC-betegeknek tart\u00f3zkodniuk kell a doh\u00e1nyz\u00e1st\u00f3l<\/strong>. Ezzel szemben a fek\u00e9lyes vastagb\u00e9lgyullad\u00e1sos betegek t\u00fcnetei s\u00falyosbodnak a doh\u00e1nyz\u00e1s abbahagy\u00e1sa ut\u00e1n. A colitis ulcerosa miatt, ugyanakkor nem aj\u00e1nlott most elkezdeni a doh\u00e1nyz\u00e1st, ugyanis ezt lesz\u00e1m\u00edtva sz\u00e1mos negat\u00edv hat\u00e1ssal rendelkezik.<\/p>\t\t\t\t\t\t\t\t<\/div>\n\t\t\t\t<\/div>\n\t\t\t\t\t<\/div>\n\t\t\t\t<\/div>\n\t\t\t\t\t<\/div>\n\t\t\t\t<\/div>\n\t\t<div class=\"elementor-element elementor-element-e2fe916 obcs none e-flex e-con-boxed e-con e-parent\" data-id=\"e2fe916\" data-element_type=\"container\">\n\t\t\t\t\t<div class=\"e-con-inner\">\n\t\t\t\t<div class=\"elementor-element elementor-element-7b1a3c4 elementor-widget__width-inherit elementor-widget elementor-widget-heading\" data-id=\"7b1a3c4\" data-element_type=\"widget\" data-widget_type=\"heading.default\">\n\t\t\t\t<div class=\"elementor-widget-container\">\n\t\t\t\t\t<h2 class=\"elementor-heading-title elementor-size-default\">Cikkek hasonl\u00f3 t\u00e1m\u00e1ban<\/h2>\t\t\t\t<\/div>\n\t\t\t\t<\/div>\n\t\t\t\t<div class=\"elementor-element elementor-element-208f037 elementor-widget elementor-widget-li-widgets--posts-gallery\" data-id=\"208f037\" data-element_type=\"widget\" data-widget_type=\"li-widgets--posts-gallery.default\">\n\t\t\t\t<div class=\"elementor-widget-container\">\n\t\t\t\t\t    \n<div class=\"li-widgets--posts-gallery__pagination\" data-post-id=\"163\">\n\n    <div class=\"li-widgets--posts-gallery__pagination-results\">\n        1-3 a 3 eredm\u00e9nyek    <\/div>\n    <div class=\"li-widgets--posts-gallery__pagination-pages\">\n        oldalak 1 a 1    <\/div>\n    <div class=\"li-widgets--posts-gallery__pagination-url\">\n                            <a href=\"#\" data-href=\"https:\/\/www.omni-biotic.com\/hu-hu\/wp-json\/wp\/v2\/pages\/163\/?search&category=111&cur=1\">1<\/a>\n                    <\/div>\n<\/div>\n<div class=\"li-widgets--posts-gallery blog\">\n                    <a href=\"https:\/\/www.omni-biotic.com\/hu-hu\/blog\/bor-mikrobiom-es-a-belbakteriumok\/\" class=\"li-widgets--posts-gallery__post\">\n            <div class=\"post--image__container\">\n                <div class=\"post--image\">\n                    <img loading=\"lazy\" decoding=\"async\" width=\"768\" height=\"513\" src=\"https:\/\/www.omni-biotic.com\/hu-hu\/wp-content\/uploads\/sites\/7\/2023\/06\/borkep-768x513-1.jpg\" class=\"attachment-medium_large size-medium_large wp-post-image\" alt=\"\" srcset=\"https:\/\/www.omni-biotic.com\/hu-hu\/wp-content\/uploads\/sites\/7\/2023\/06\/borkep-768x513-1.jpg 768w, https:\/\/www.omni-biotic.com\/hu-hu\/wp-content\/uploads\/sites\/7\/2023\/06\/borkep-768x513-1-300x200.jpg 300w\" sizes=\"(max-width: 768px) 100vw, 768px\" title=\"\">                <\/div>\n            <\/div>\n            <div class=\"post--teaser\">\n                <div class=\"title\">A b\u0151rmikrobiom \u00e9s a b\u00e9lbakt\u00e9riumok<\/div>\n                <div class=\"description\">\n                    A b\u00e9lbakt\u00e9riumok jelent\u0151s\u00e9g\u00e9t ma m\u00e1r sokan ismerik \u2013 de kevesen tudj\u00e1k azt, hogy b\u0151r\u00fcnk\u00f6n is\u2026                    <br>\n                    <span class=\"read-more\">\n                            Tov\u00e1bb                        <\/span>\n                <\/div>\n                <div class=\"metadata\"><b>friss\u00edtve:<\/b> 14. augusztus 2024 \u2022 <b>Kateg\u00f3ri\u00e1k:<\/b> A b\u0151r eg\u00e9szs\u00e9ge<\/div>\n            <\/div>\n        <\/a>\n                <a href=\"https:\/\/www.omni-biotic.com\/hu-hu\/blog\/beteg-belrendszer-es-borproblemak\/\" class=\"li-widgets--posts-gallery__post\">\n            <div class=\"post--image__container\">\n                <div class=\"post--image\">\n                    <img loading=\"lazy\" decoding=\"async\" width=\"400\" height=\"267\" src=\"https:\/\/www.omni-biotic.com\/hu-hu\/wp-content\/uploads\/sites\/7\/2022\/04\/Borhibak-omnibiotic.jpg\" class=\"attachment-medium_large size-medium_large wp-post-image\" alt=\"beteg b\u0151r. beteg b\u00e9l, probiotikum b\u0151rprobl\u00e9m\u00e1kra, mikrobiom, b\u00e9lfl\u00f3ra kieg\u00e9sz\u00edt\u00e9se\" srcset=\"https:\/\/www.omni-biotic.com\/hu-hu\/wp-content\/uploads\/sites\/7\/2022\/04\/Borhibak-omnibiotic.jpg 400w, https:\/\/www.omni-biotic.com\/hu-hu\/wp-content\/uploads\/sites\/7\/2022\/04\/Borhibak-omnibiotic-300x200.jpg 300w\" sizes=\"(max-width: 400px) 100vw, 400px\" title=\"\">                <\/div>\n            <\/div>\n            <div class=\"post--teaser\">\n                <div class=\"title\">Beteg b\u00e9l \u00e9s kozmetikai b\u0151rhib\u00e1k? &#8211; OMNi-BiOTiC\u00ae<\/div>\n                <div class=\"description\">\n                    A b\u00e9lbetegs\u00e9gek\u00a0gyakran a b\u0151rk\u00e9p alapj\u00e1n is felismerhet\u0151ek. \u00cdgy olyan betegs\u00e9gek is kialakulhatnak, mint az akne\u2026                    <br>\n                    <span class=\"read-more\">\n                            Tov\u00e1bb                        <\/span>\n                <\/div>\n                <div class=\"metadata\"><b>friss\u00edtve:<\/b> 15. m\u00e1rcius 2024 \u2022 <b>Kateg\u00f3ri\u00e1k:<\/b> A b\u0151r eg\u00e9szs\u00e9ge<\/div>\n            <\/div>\n        <\/a>\n                <a href=\"https:\/\/www.omni-biotic.com\/hu-hu\/blog\/bor-es-belflora\/\" class=\"li-widgets--posts-gallery__post\">\n            <div class=\"post--image__container\">\n                <div class=\"post--image\">\n                    <img loading=\"lazy\" decoding=\"async\" width=\"400\" height=\"267\" src=\"https:\/\/www.omni-biotic.com\/hu-hu\/wp-content\/uploads\/sites\/7\/2021\/10\/borproblemak.png\" class=\"attachment-medium_large size-medium_large wp-post-image\" alt=\"b\u00e9lfl\u00f3ra, b\u0151rbetegs\u00e9gek ellen, b\u0151rprobl\u00e9m\u00e1k ellen, hormon\u00e1lis probl\u00e9m\u00e1k, menopauza, allergia ellen, j\u00f3t\u00e9kony bakt\u00e9riumok, b\u00e9lbakt\u00e9riumok, probiotikum\" srcset=\"https:\/\/www.omni-biotic.com\/hu-hu\/wp-content\/uploads\/sites\/7\/2021\/10\/borproblemak.png 400w, https:\/\/www.omni-biotic.com\/hu-hu\/wp-content\/uploads\/sites\/7\/2021\/10\/borproblemak-300x200.png 300w\" sizes=\"(max-width: 400px) 100vw, 400px\" title=\"\">                <\/div>\n            <\/div>\n            <div class=\"post--teaser\">\n                <div class=\"title\">A b\u0151r \u00e9s a b\u00e9lfl\u00f3ra kapcsolata<\/div>\n                <div class=\"description\">\n                    \u201eA b\u0151r\u00fcnk a lelk\u00fcnk t\u00fckre\u201d \u2013 ez egy ismert mond\u00e1s, melyet gyakran j\u00f3 okkal haszn\u00e1lunk.\u2026                    <br>\n                    <span class=\"read-more\">\n                            Tov\u00e1bb                        <\/span>\n                <\/div>\n                <div class=\"metadata\"><b>friss\u00edtve:<\/b> 14. j\u00fanius 2024 \u2022 <b>Kateg\u00f3ri\u00e1k:<\/b> A b\u0151r eg\u00e9szs\u00e9ge \u2022 <b>Szerz\u0151:<\/b> Florentina Sgarz, BA<\/div>\n            <\/div>\n        <\/a>\n            <\/div>\n\t\t\t\t<\/div>\n\t\t\t\t<\/div>\n\t\t\t\t\t<\/div>\n\t\t\t\t<\/div>\n\t\t\t\t<\/div>\n\t\t","protected":false},"excerpt":{"rendered":"<p>Kr\u00f3nikus gyullad\u00e1sos b\u00e9lbetegs\u00e9gek (IBD) Hasi f\u00e1jdalom, hasmen\u00e9s, h\u00e1ny\u00e1s, \u00e9melyg\u00e9s, l\u00e1z, gyomorront\u00e1s vagy a b\u00e9lrendszer nyugalm\u00e1nak felborul\u00e1sa sor\u00e1n jelentkez\u0151 t\u00fcnetek mindenki sz\u00e1m\u00e1ra ismer\u0151sek, de az IBD-s betegek nagyobb m\u00e9rt\u00e9kben szenvednek t\u0151l\u00fck. Home tartalomjegyz\u00e9k Mit takar a kr\u00f3nikus gyullad\u00e1sos b\u00e9lbetegs\u00e9g kifejez\u00e9s (IBD)? A\u00a0Morbus Crohn\u00a0\u00e9s a Colitis ulcerosa, a k\u00e9t legismertebb \u00e9s leggyakoribb kr\u00f3nikus gyullad\u00e1sos b\u00e9lbetegs\u00e9g, els\u0151sorban a [&hellip;]<\/p>\n","protected":false},"author":3,"featured_media":19578,"parent":153,"menu_order":500,"comment_status":"closed","ping_status":"closed","template":"","meta":{"_acf_changed":false,"inline_featured_image":false,"footnotes":""},"class_list":["post-163","page","type-page","status-publish","has-post-thumbnail","hentry"],"acf":[],"_links":{"self":[{"href":"https:\/\/www.omni-biotic.com\/hu-hu\/wp-json\/wp\/v2\/pages\/163","targetHints":{"allow":["GET"]}}],"collection":[{"href":"https:\/\/www.omni-biotic.com\/hu-hu\/wp-json\/wp\/v2\/pages"}],"about":[{"href":"https:\/\/www.omni-biotic.com\/hu-hu\/wp-json\/wp\/v2\/types\/page"}],"author":[{"embeddable":true,"href":"https:\/\/www.omni-biotic.com\/hu-hu\/wp-json\/wp\/v2\/users\/3"}],"replies":[{"embeddable":true,"href":"https:\/\/www.omni-biotic.com\/hu-hu\/wp-json\/wp\/v2\/comments?post=163"}],"version-history":[{"count":7,"href":"https:\/\/www.omni-biotic.com\/hu-hu\/wp-json\/wp\/v2\/pages\/163\/revisions"}],"predecessor-version":[{"id":20115,"href":"https:\/\/www.omni-biotic.com\/hu-hu\/wp-json\/wp\/v2\/pages\/163\/revisions\/20115"}],"up":[{"embeddable":true,"href":"https:\/\/www.omni-biotic.com\/hu-hu\/wp-json\/wp\/v2\/pages\/153"}],"wp:featuredmedia":[{"embeddable":true,"href":"https:\/\/www.omni-biotic.com\/hu-hu\/wp-json\/wp\/v2\/media\/19578"}],"wp:attachment":[{"href":"https:\/\/www.omni-biotic.com\/hu-hu\/wp-json\/wp\/v2\/media?parent=163"}],"curies":[{"name":"wp","href":"https:\/\/api.w.org\/{rel}","templated":true}]}}