{"id":87,"date":"2022-03-07T10:07:28","date_gmt":"2022-03-07T09:07:28","guid":{"rendered":"https:\/\/www.omni-biotic.com\/ueber-uns\/fortbildungen\/blog\/"},"modified":"2023-12-05T09:16:54","modified_gmt":"2023-12-05T08:16:54","slug":"blog","status":"publish","type":"page","link":"https:\/\/www.omni-biotic.com\/hu-hu\/blog\/","title":{"rendered":"Blog"},"content":{"rendered":"\t\t<div data-elementor-type=\"wp-page\" data-elementor-id=\"87\" class=\"elementor elementor-87\" data-elementor-post-type=\"page\">\n\t\t\t\t<div class=\"elementor-element elementor-element-6c2864f obcs none e-flex e-con-boxed e-con e-parent\" data-id=\"6c2864f\" data-element_type=\"container\" data-settings=\"{&quot;background_background&quot;:&quot;classic&quot;,&quot;shape_divider_bottom&quot;:&quot;waves&quot;}\">\n\t\t\t\t\t<div class=\"e-con-inner\">\n\t\t\t\t<div class=\"elementor-shape elementor-shape-bottom\" aria-hidden=\"true\" data-negative=\"false\">\n\t\t\t<svg xmlns=\"http:\/\/www.w3.org\/2000\/svg\" viewBox=\"0 0 1000 100\" preserveAspectRatio=\"none\">\n\t<path class=\"elementor-shape-fill\" d=\"M421.9,6.5c22.6-2.5,51.5,0.4,75.5,5.3c23.6,4.9,70.9,23.5,100.5,35.7c75.8,32.2,133.7,44.5,192.6,49.7\n\tc23.6,2.1,48.7,3.5,103.4-2.5c54.7-6,106.2-25.6,106.2-25.6V0H0v30.3c0,0,72,32.6,158.4,30.5c39.2-0.7,92.8-6.7,134-22.4\n\tc21.2-8.1,52.2-18.2,79.7-24.2C399.3,7.9,411.6,7.5,421.9,6.5z\"\/>\n<\/svg>\t\t<\/div>\n\t\t<div class=\"elementor-element elementor-element-b468bff e-con-full obcs none e-flex e-con e-parent\" data-id=\"b468bff\" data-element_type=\"container\">\n\t\t\t\t<div class=\"elementor-element elementor-element-f4d4c85 elementor-widget elementor-widget-heading\" data-id=\"f4d4c85\" data-element_type=\"widget\" data-widget_type=\"heading.default\">\n\t\t\t\t<div class=\"elementor-widget-container\">\n\t\t\t\t\t<div class=\"elementor-heading-title elementor-size-default\">Mindig t\u00e1j\u00e9kozott!<\/div>\t\t\t\t<\/div>\n\t\t\t\t<\/div>\n\t\t\t\t<div class=\"elementor-element elementor-element-047c768 elementor-widget elementor-widget-heading\" data-id=\"047c768\" data-element_type=\"widget\" data-widget_type=\"heading.default\">\n\t\t\t\t<div class=\"elementor-widget-container\">\n\t\t\t\t\t<h1 class=\"elementor-heading-title elementor-size-default\">A mi OMNi-BiOTiC\u00ae blogunk<\/h1>\t\t\t\t<\/div>\n\t\t\t\t<\/div>\n\t\t\t\t<div class=\"elementor-element elementor-element-6ebf454 elementor-widget elementor-widget-li-widgets--posts-gallery-filter\" data-id=\"6ebf454\" data-element_type=\"widget\" data-widget_type=\"li-widgets--posts-gallery-filter.default\">\n\t\t\t\t<div class=\"elementor-widget-container\">\n\t\t\t\t\t<div class=\"li-widgets--posts-gallery-filter\">\n    <form class=\"li-widgets--posts-gallery-filter__form\">\n        <div class=\"li-widgets--posts-gallery-filter__form-search\">\n            <input type=\"hidden\" name=\"cur\" value=\"1\"\/>\n            <input type=\"text\" name=\"search\" value=\"\" placeholder=\"Keres\u00e9s\u2026\"\/>\n        <\/div>\n        <div class=\"li-widgets--posts-gallery-filter__form-category\">\n            <select name=\"category\">\n                <option value=\"\">Kateg\u00f3ria sz\u0171r\u00e9se\u2026<\/option>\n                                    <option value=\"111\" >A b\u0151r eg\u00e9szs\u00e9ge                        (3)\n                    <\/option>\n                                    <option value=\"119\" >\u00c1llatok eg\u00e9szs\u00e9ge                        (2)\n                    <\/option>\n                                    <option value=\"112\" >Allergia \u00e9s intolerancia                        (1)\n                    <\/option>\n                                    <option value=\"1\" >\u00c1ltal\u00e1nos                        (7)\n                    <\/option>\n                                    <option value=\"113\" >Anya \u00e9s gyermek                        (12)\n                    <\/option>\n                                    <option value=\"114\" >\u00c9letm\u00f3d                        (7)\n                    <\/option>\n                                    <option value=\"116\" >F\u0151z\u00e9s probiotikummal                        (4)\n                    <\/option>\n                                    <option value=\"120\" >Id\u0151skor                        (2)\n                    <\/option>\n                                    <option value=\"115\" >Institut AllergoSan                        (4)\n                    <\/option>\n                                    <option value=\"107\" >N\u0151i eg\u00e9szs\u00e9g                        (16)\n                    <\/option>\n                                    <option value=\"110\" >OMNi-BiOTiC\u00ae                        (5)\n                    <\/option>\n                                    <option value=\"108\" >Panaszok \u00e9s tan\u00e1csok                        (33)\n                    <\/option>\n                                    <option value=\"117\" >T\u00e1pl\u00e1lkoz\u00e1s \u00e9s receptek                        (10)\n                    <\/option>\n                                    <option value=\"109\" >\u00dajdons\u00e1g a kutat\u00e1sb\u00f3l                        (21)\n                    <\/option>\n                                    <option value=\"118\" >Utaz\u00e1s                        (2)\n                    <\/option>\n                            <\/select>\n        <\/div>\n        <div class=\"li-widgets--posts-gallery-filter__form-reset\">\n            <input type=\"reset\" value=\"Vissza\u00e1ll\u00edt\u00e1s\"\/>\n        <\/div>\n    <\/form>\n<\/div>\n\t\t\t\t<\/div>\n\t\t\t\t<\/div>\n\t\t\t\t<\/div>\n\t\t\t\t\t<\/div>\n\t\t\t\t<\/div>\n\t\t<div class=\"elementor-element elementor-element-a0aa125 obcs none e-flex e-con-boxed e-con e-parent\" data-id=\"a0aa125\" data-element_type=\"container\">\n\t\t\t\t\t<div class=\"e-con-inner\">\n\t\t\t\t<div class=\"elementor-element elementor-element-16db51b elementor-widget elementor-widget-li-widgets--posts-gallery\" data-id=\"16db51b\" data-element_type=\"widget\" data-widget_type=\"li-widgets--posts-gallery.default\">\n\t\t\t\t<div class=\"elementor-widget-container\">\n\t\t\t\t\t    \n<div class=\"li-widgets--posts-gallery__pagination\" data-post-id=\"87\">\n\n    <div class=\"li-widgets--posts-gallery__pagination-results\">\n        1-27 a 98 eredm\u00e9nyek    <\/div>\n    <div class=\"li-widgets--posts-gallery__pagination-pages\">\n        oldalak 1 a 4    <\/div>\n    <div class=\"li-widgets--posts-gallery__pagination-url\">\n                            <a href=\"#\" data-href=\"https:\/\/www.omni-biotic.com\/hu-hu\/wp-json\/wp\/v2\/pages\/87\/?search&category=0&cur=1\">1<\/a>\n                    <a href=\"#\" data-href=\"https:\/\/www.omni-biotic.com\/hu-hu\/wp-json\/wp\/v2\/pages\/87\/?search&category=0&cur=2\">2<\/a>\n                    <a href=\"#\" data-href=\"https:\/\/www.omni-biotic.com\/hu-hu\/wp-json\/wp\/v2\/pages\/87\/?search&category=0&cur=3\">3<\/a>\n                            <a href=\"#\" data-href=\"https:\/\/www.omni-biotic.com\/hu-hu\/wp-json\/wp\/v2\/pages\/87\/?search&category=0&cur=4\">\u00bb<\/a>\n            <\/div>\n<\/div>\n<div class=\"li-widgets--posts-gallery blog\">\n                    <a href=\"https:\/\/www.omni-biotic.com\/hu-hu\/blog\/kronikus-faradtsag-szindroma\/\" class=\"li-widgets--posts-gallery__post\">\n            <div class=\"post--image__container\">\n                <div class=\"post--image\">\n                    <img fetchpriority=\"high\" decoding=\"async\" width=\"700\" height=\"500\" src=\"https:\/\/www.omni-biotic.com\/hu-hu\/wp-content\/uploads\/sites\/7\/2025\/08\/Kornikus_faradtsag_szindroma-1.jpg\" class=\"attachment-medium_large size-medium_large wp-post-image\" alt=\"kr\u00f3nikus f\u00e1radts\u00e1g, kr\u00f3nikus f\u00e1radts\u00e1g szindr\u00f3ma, kr\u00f3nikus f\u00e1radts\u00e1g teszt, kr\u00f3nikus f\u00e1radts\u00e1g kezel\u00e9se, probiotikum, OMNi-BiOTiC\u00ae\" srcset=\"https:\/\/www.omni-biotic.com\/hu-hu\/wp-content\/uploads\/sites\/7\/2025\/08\/Kornikus_faradtsag_szindroma-1.jpg 700w, https:\/\/www.omni-biotic.com\/hu-hu\/wp-content\/uploads\/sites\/7\/2025\/08\/Kornikus_faradtsag_szindroma-1-300x214.jpg 300w\" sizes=\"(max-width: 700px) 100vw, 700px\" title=\"\">                <\/div>\n            <\/div>\n            <div class=\"post--teaser\">\n                <div class=\"title\">Kr\u00f3nikus f\u00e1radts\u00e1g szindr\u00f3ma<\/div>\n                <div class=\"description\">\n                    Ha valaki gyakran f\u00e1radtnak \u00e9s kimer\u00fcltnek \u00e9rzi mag\u00e1t m\u00e9g csek\u00e9ly meger\u0151ltet\u00e9s ut\u00e1n is, akkor a\u2026                    <br>\n                    <span class=\"read-more\">\n                            Tov\u00e1bb                        <\/span>\n                <\/div>\n                <div class=\"metadata\"><b>friss\u00edtve:<\/b> 8. augusztus 2025 \u2022 <b>Kateg\u00f3ri\u00e1k:<\/b> \u00dajdons\u00e1g a kutat\u00e1sb\u00f3l<\/div>\n            <\/div>\n        <\/a>\n                <a href=\"https:\/\/www.omni-biotic.com\/hu-hu\/blog\/autoimmun-betegsegek\/\" class=\"li-widgets--posts-gallery__post\">\n            <div class=\"post--image__container\">\n                <div class=\"post--image\">\n                    <img decoding=\"async\" width=\"700\" height=\"500\" src=\"https:\/\/www.omni-biotic.com\/hu-hu\/wp-content\/uploads\/sites\/7\/2025\/08\/autoimmun_betegseg.jpg\" class=\"attachment-medium_large size-medium_large wp-post-image\" alt=\"autoimmun betegs\u00e9g kezel\u00e9se, probioitkum, kr\u00f3nikus betegs\u00e9g, reuma, pikkelys\u00f6m\u00f6r, Hashimoto-thyreoiditis, c\u00f6li\u00e1kia vagy 1-es t\u00edpus\u00fa cukorbetegs\u00e9g, OMNi-BiOTiC\u00ae\" srcset=\"https:\/\/www.omni-biotic.com\/hu-hu\/wp-content\/uploads\/sites\/7\/2025\/08\/autoimmun_betegseg.jpg 700w, https:\/\/www.omni-biotic.com\/hu-hu\/wp-content\/uploads\/sites\/7\/2025\/08\/autoimmun_betegseg-300x214.jpg 300w\" sizes=\"(max-width: 700px) 100vw, 700px\" title=\"\">                <\/div>\n            <\/div>\n            <div class=\"post--teaser\">\n                <div class=\"title\">Autoimmun betegs\u00e9gek<\/div>\n                <div class=\"description\">\n                    Az olyan kifejez\u00e9seket, mint a pikkelys\u00f6m\u00f6r, a Hashimoto-thyreoiditis, a c\u00f6li\u00e1kia vagy az 1-es t\u00edpus\u00fa cukorbetegs\u00e9g,\u2026                    <br>\n                    <span class=\"read-more\">\n                            Tov\u00e1bb                        <\/span>\n                <\/div>\n                <div class=\"metadata\"><b>friss\u00edtve:<\/b> 5. augusztus 2025 \u2022 <b>Kateg\u00f3ri\u00e1k:<\/b> Panaszok \u00e9s tan\u00e1csok<\/div>\n            <\/div>\n        <\/a>\n                <a href=\"https:\/\/www.omni-biotic.com\/hu-hu\/blog\/kortizol-es-stressz\/\" class=\"li-widgets--posts-gallery__post\">\n            <div class=\"post--image__container\">\n                <div class=\"post--image\">\n                    <img decoding=\"async\" width=\"768\" height=\"644\" src=\"https:\/\/www.omni-biotic.com\/hu-hu\/wp-content\/uploads\/sites\/7\/2025\/01\/kortizolszint_vizsgalat-768x644.png\" class=\"attachment-medium_large size-medium_large wp-post-image\" alt=\"korizol szint, kortizol, omni-biotic, probiotikum, kortizol szint m\u00e9r\u00e9se otthon, korizol cs\u00f6kkent\u00e9se, stressz, stresszkezel\u00e9s\" srcset=\"https:\/\/www.omni-biotic.com\/hu-hu\/wp-content\/uploads\/sites\/7\/2025\/01\/kortizolszint_vizsgalat-768x644.png 768w, https:\/\/www.omni-biotic.com\/hu-hu\/wp-content\/uploads\/sites\/7\/2025\/01\/kortizolszint_vizsgalat-300x251.png 300w, https:\/\/www.omni-biotic.com\/hu-hu\/wp-content\/uploads\/sites\/7\/2025\/01\/kortizolszint_vizsgalat.png 940w\" sizes=\"(max-width: 768px) 100vw, 768px\" title=\"\">                <\/div>\n            <\/div>\n            <div class=\"post--teaser\">\n                <div class=\"title\">Magas kortizolszint: hogyan szab\u00e1lyozzuk?<\/div>\n                <div class=\"description\">\n                    A kortizol, k\u00f6zismertebb nev\u00e9n a \u201estresszhormon\u201d, alapvet\u0151 szerepet j\u00e1tszik a szervezet sz\u00e1mos fontos funkci\u00f3j\u00e1nak fenntart\u00e1s\u00e1ban.\u2026                    <br>\n                    <span class=\"read-more\">\n                            Tov\u00e1bb                        <\/span>\n                <\/div>\n                <div class=\"metadata\"><b>friss\u00edtve:<\/b> 15. \u00e1prilis 2025 \u2022 <b>Kateg\u00f3ri\u00e1k:<\/b> \u00c1ltal\u00e1nos, \u00c9letm\u00f3d<\/div>\n            <\/div>\n        <\/a>\n                <a href=\"https:\/\/www.omni-biotic.com\/hu-hu\/blog\/az-endometriozis-kezelese\/\" class=\"li-widgets--posts-gallery__post\">\n            <div class=\"post--image__container\">\n                <div class=\"post--image\">\n                    <img loading=\"lazy\" decoding=\"async\" width=\"700\" height=\"500\" src=\"https:\/\/www.omni-biotic.com\/hu-hu\/wp-content\/uploads\/sites\/7\/2024\/09\/endometriozis_fajdalom.jpg\" class=\"attachment-medium_large size-medium_large wp-post-image\" alt=\"endometri\u00f3zis, f\u00e1jdalom, probiotikum, omni-biotic\" srcset=\"https:\/\/www.omni-biotic.com\/hu-hu\/wp-content\/uploads\/sites\/7\/2024\/09\/endometriozis_fajdalom.jpg 700w, https:\/\/www.omni-biotic.com\/hu-hu\/wp-content\/uploads\/sites\/7\/2024\/09\/endometriozis_fajdalom-300x214.jpg 300w\" sizes=\"(max-width: 700px) 100vw, 700px\" title=\"\">                <\/div>\n            <\/div>\n            <div class=\"post--teaser\">\n                <div class=\"title\">Az endometri\u00f3zis kezel\u00e9se \u00e9s t\u00fcnetei<\/div>\n                <div class=\"description\">\n                    Az endometri\u00f3zis t\u00fcnete az er\u0151s menstru\u00e1ci\u00f3s f\u00e1jdalom, a szexu\u00e1lis egy\u00fcttl\u00e9t sor\u00e1n tapasztalt f\u00e1jdalom. Jelentkezhet vizel\u00e9skor\u2026                    <br>\n                    <span class=\"read-more\">\n                            Tov\u00e1bb                        <\/span>\n                <\/div>\n                <div class=\"metadata\"><b>friss\u00edtve:<\/b> 25. szeptember 2024 \u2022 <b>Kateg\u00f3ri\u00e1k:<\/b> \u00c1ltal\u00e1nos, N\u0151i eg\u00e9szs\u00e9g<\/div>\n            <\/div>\n        <\/a>\n                <a href=\"https:\/\/www.omni-biotic.com\/hu-hu\/blog\/papaja-a-szekrekedes-ellen\/\" class=\"li-widgets--posts-gallery__post\">\n            <div class=\"post--image__container\">\n                <div class=\"post--image\">\n                    <img loading=\"lazy\" decoding=\"async\" width=\"700\" height=\"500\" src=\"https:\/\/www.omni-biotic.com\/hu-hu\/wp-content\/uploads\/sites\/7\/2024\/09\/papaja_szekrekedes_ellen.jpg\" class=\"attachment-medium_large size-medium_large wp-post-image\" alt=\"papaja, sz\u00e9kreked\u00e9s ellen, puffad\u00e1s, hasmen\u00e9s, probiotikum sz\u00e9kreked\u00e9s, papaya\" srcset=\"https:\/\/www.omni-biotic.com\/hu-hu\/wp-content\/uploads\/sites\/7\/2024\/09\/papaja_szekrekedes_ellen.jpg 700w, https:\/\/www.omni-biotic.com\/hu-hu\/wp-content\/uploads\/sites\/7\/2024\/09\/papaja_szekrekedes_ellen-300x214.jpg 300w\" sizes=\"(max-width: 700px) 100vw, 700px\" title=\"\">                <\/div>\n            <\/div>\n            <div class=\"post--teaser\">\n                <div class=\"title\">Papaja: tippek sz\u00e9kreked\u00e9s ellen<\/div>\n                <div class=\"description\">\n                    A papaja \u00e9rt\u00e9kes \u00f6sszetev\u0151i fontos t\u00e1pl\u00e1l\u00e9kforr\u00e1sk\u00e9nt szolg\u00e1lnak b\u00e9lbakt\u00e9riumaink sz\u00e1m\u00e1ra \u00e9s r\u00e1ad\u00e1sul a sz\u00e9kreked\u00e9s enyh\u00fclhet.                    <br>\n                    <span class=\"read-more\">\n                            Tov\u00e1bb                        <\/span>\n                <\/div>\n                <div class=\"metadata\"><b>friss\u00edtve:<\/b> 9. j\u00falius 2025 \u2022 <b>Kateg\u00f3ri\u00e1k:<\/b> Panaszok \u00e9s tan\u00e1csok<\/div>\n            <\/div>\n        <\/a>\n                <a href=\"https:\/\/www.omni-biotic.com\/hu-hu\/blog\/meddoseg-a-huvelyflora-szerepe\/\" class=\"li-widgets--posts-gallery__post\">\n            <div class=\"post--image__container\">\n                <div class=\"post--image\">\n                    <img loading=\"lazy\" decoding=\"async\" width=\"700\" height=\"500\" src=\"https:\/\/www.omni-biotic.com\/hu-hu\/wp-content\/uploads\/sites\/7\/2024\/09\/meddoeseg_noi_probiotikum.jpg\" class=\"attachment-medium_large size-medium_large wp-post-image\" alt=\"omni-biotic flora plus, h\u00fcvelysz\u00e1razs\u00e1g, h\u00fcvelygomba, probiotikumok, candida, h\u00fcvelyfl\u00f3ra helyre\u00e1ll\u00edt\u00f3, probiotikum n\u0151knek, medd\u0151s\u00e9g, h\u00fagy\u00fati fert\u0151z\u00e9s, h\u00fcvelymikorbiom, h\u00fcvelyfl\u00f3ra\" srcset=\"https:\/\/www.omni-biotic.com\/hu-hu\/wp-content\/uploads\/sites\/7\/2024\/09\/meddoeseg_noi_probiotikum.jpg 700w, https:\/\/www.omni-biotic.com\/hu-hu\/wp-content\/uploads\/sites\/7\/2024\/09\/meddoeseg_noi_probiotikum-300x214.jpg 300w\" sizes=\"(max-width: 700px) 100vw, 700px\" title=\"\">                <\/div>\n            <\/div>\n            <div class=\"post--teaser\">\n                <div class=\"title\">Medd\u0151s\u00e9g: a h\u00fcvelyfl\u00f3ra szerepe<\/div>\n                <div class=\"description\">\n                    A terhes n\u0151k h\u00fcvelyfl\u00f3r\u00e1ja \u00f6sszet\u00e9telben megv\u00e1ltozik. \u00cdgy a h\u00fcvelyfl\u00f3ra hat\u00e1ssal van a term\u00e9kenys\u00e9gre \u00e9s a\u2026                    <br>\n                    <span class=\"read-more\">\n                            Tov\u00e1bb                        <\/span>\n                <\/div>\n                <div class=\"metadata\"><b>friss\u00edtve:<\/b> 18. szeptember 2024 \u2022 <b>Kateg\u00f3ri\u00e1k:<\/b> Anya \u00e9s gyermek, N\u0151i eg\u00e9szs\u00e9g<\/div>\n            <\/div>\n        <\/a>\n                <a href=\"https:\/\/www.omni-biotic.com\/hu-hu\/blog\/probiotikum-noknek\/\" class=\"li-widgets--posts-gallery__post\">\n            <div class=\"post--image__container\">\n                <div class=\"post--image\">\n                    <img loading=\"lazy\" decoding=\"async\" width=\"768\" height=\"512\" src=\"https:\/\/www.omni-biotic.com\/hu-hu\/wp-content\/uploads\/sites\/7\/2024\/08\/omni-biotic_flora_plus_magyar_probiotikum.jpg\" class=\"attachment-medium_large size-medium_large wp-post-image\" alt=\"omni-biotic flora plus, h\u00fcvelysz\u00e1razs\u00e1g, h\u00fcvelygomba, probiotikumok, candida, h\u00fcvelyfl\u00f3ra helyre\u00e1ll\u00edt\u00f3, probiotikum n\u0151knek\" srcset=\"https:\/\/www.omni-biotic.com\/hu-hu\/wp-content\/uploads\/sites\/7\/2024\/08\/omni-biotic_flora_plus_magyar_probiotikum.jpg 768w, https:\/\/www.omni-biotic.com\/hu-hu\/wp-content\/uploads\/sites\/7\/2024\/08\/omni-biotic_flora_plus_magyar_probiotikum-300x200.jpg 300w\" sizes=\"(max-width: 768px) 100vw, 768px\" title=\"\">                <\/div>\n            <\/div>\n            <div class=\"post--teaser\">\n                <div class=\"title\">Probiotikum n\u0151knek: OMNi-BiOTiC\u00ae FLORA plus<\/div>\n                <div class=\"description\">\n                    Tudta, hogy a h\u00fcvelyfl\u00f3ra kulcsfontoss\u00e1g\u00fa a j\u00f3ll\u00e9t\u00e9\u00e9rt \u00e9s k\u00e9nyelm\u00e9\u00e9rt? A h\u00fcvelyfl\u00f3ra v\u00e9di az intim ter\u00fcletet,\u2026                    <br>\n                    <span class=\"read-more\">\n                            Tov\u00e1bb                        <\/span>\n                <\/div>\n                <div class=\"metadata\"><b>friss\u00edtve:<\/b> 3. szeptember 2024 \u2022 <b>Kateg\u00f3ri\u00e1k:<\/b> N\u0151i eg\u00e9szs\u00e9g, OMNi-BiOTiC\u00ae<\/div>\n            <\/div>\n        <\/a>\n                <a href=\"https:\/\/www.omni-biotic.com\/hu-hu\/blog\/melyik-probiotikumot-a-kutyanak\/\" class=\"li-widgets--posts-gallery__post\">\n            <div class=\"post--image__container\">\n                <div class=\"post--image\">\n                    <img loading=\"lazy\" decoding=\"async\" width=\"768\" height=\"768\" src=\"https:\/\/www.omni-biotic.com\/hu-hu\/wp-content\/uploads\/sites\/7\/2024\/07\/hasmenes_ellen_kutya.png\" class=\"attachment-medium_large size-medium_large wp-post-image\" alt=\"kutya hasmen\u00e9s, macska probiotikum, kutya hasmen\u00e9s ellen, kutya h\u00e1ny\u00e1s hasmen\u00e9s, hasmen\u00e9s ellen, kutya, kuty\u00e1k, macska, macsk\u00e1k, kutya probiotikum, probiotikum kutya\" srcset=\"https:\/\/www.omni-biotic.com\/hu-hu\/wp-content\/uploads\/sites\/7\/2024\/07\/hasmenes_ellen_kutya.png 768w, https:\/\/www.omni-biotic.com\/hu-hu\/wp-content\/uploads\/sites\/7\/2024\/07\/hasmenes_ellen_kutya-300x300.png 300w, https:\/\/www.omni-biotic.com\/hu-hu\/wp-content\/uploads\/sites\/7\/2024\/07\/hasmenes_ellen_kutya-150x150.png 150w\" sizes=\"(max-width: 768px) 100vw, 768px\" title=\"\">                <\/div>\n            <\/div>\n            <div class=\"post--teaser\">\n                <div class=\"title\">Melyik probiotikumot kuty\u00e1nak \u00e9s macsk\u00e1nak?<\/div>\n                <div class=\"description\">\n                    Minden kis\u00e1llat-tulajdonos szembes\u00fclt m\u00e1r azzal, hogy n\u00e9gyl\u00e1b\u00fa bar\u00e1tj\u00e1nak b\u00e9lprobl\u00e9m\u00e1i vannak. Legyen sz\u00f3 hasmen\u00e9sr\u0151l, sz\u00e9kreked\u00e9sr\u0151l, \u00e9tv\u00e1gytalans\u00e1gr\u00f3l\u2026                    <br>\n                    <span class=\"read-more\">\n                            Tov\u00e1bb                        <\/span>\n                <\/div>\n                <div class=\"metadata\"><b>friss\u00edtve:<\/b> 19. j\u00falius 2024 \u2022 <b>Kateg\u00f3ri\u00e1k:<\/b> \u00c1llatok eg\u00e9szs\u00e9ge \u2022 <b>Szerz\u0151:<\/b> Alexandra Kormo\u0161ov\u00e1<\/div>\n            <\/div>\n        <\/a>\n                <a href=\"https:\/\/www.omni-biotic.com\/hu-hu\/blog\/melyik-probiotikumot-valasszam\/\" class=\"li-widgets--posts-gallery__post\">\n            <div class=\"post--image__container\">\n                <div class=\"post--image\">\n                    <img loading=\"lazy\" decoding=\"async\" width=\"300\" height=\"214\" src=\"https:\/\/www.omni-biotic.com\/hu-hu\/wp-content\/uploads\/sites\/7\/2024\/06\/melyik_probiotikum_jo.jpg\" class=\"attachment-medium_large size-medium_large wp-post-image\" alt=\"Probiotikum, b\u00e9lbakt\u00e9rium, eg\u00e9szs\u00e9g, b\u00e9lny\u00e1lkah\u00e1rtya, em\u00e9szt\u00e9si panaszok ellen\" title=\"\">                <\/div>\n            <\/div>\n            <div class=\"post--teaser\">\n                <div class=\"title\">Melyik probiotikumot v\u00e1lasszam?<\/div>\n                <div class=\"description\">\n                    Nem minden probiotikum egyforma: a term\u00e9k min\u0151s\u00e9ge minden egyes fejleszt\u00e9si szakaszban d\u00f6nt\u0151 fontoss\u00e1g\u00fa a hat\u00e9konys\u00e1g\u2026                    <br>\n                    <span class=\"read-more\">\n                            Tov\u00e1bb                        <\/span>\n                <\/div>\n                <div class=\"metadata\"><b>friss\u00edtve:<\/b> 26. j\u00fanius 2024 \u2022 <b>Kateg\u00f3ri\u00e1k:<\/b> \u00c1ltal\u00e1nos, OMNi-BiOTiC\u00ae<\/div>\n            <\/div>\n        <\/a>\n                <a href=\"https:\/\/www.omni-biotic.com\/hu-hu\/blog\/tejsavas-kezeles-a-termekenysegert\/\" class=\"li-widgets--posts-gallery__post\">\n            <div class=\"post--image__container\">\n                <div class=\"post--image\">\n                    <img loading=\"lazy\" decoding=\"async\" width=\"700\" height=\"500\" src=\"https:\/\/www.omni-biotic.com\/hu-hu\/wp-content\/uploads\/sites\/7\/2024\/06\/huevelyflora_laktobacillus.jpg\" class=\"attachment-medium_large size-medium_large wp-post-image\" alt=\"h\u00fcvelyfl\u00f3ra er\u0151s\u00edt\u00e9se, omni-biotic, probiotikum, n\u0151i probiotikum, tejsavbakt\u00e9rium, term\u00e9kenys\u00e9g\" srcset=\"https:\/\/www.omni-biotic.com\/hu-hu\/wp-content\/uploads\/sites\/7\/2024\/06\/huevelyflora_laktobacillus.jpg 700w, https:\/\/www.omni-biotic.com\/hu-hu\/wp-content\/uploads\/sites\/7\/2024\/06\/huevelyflora_laktobacillus-300x214.jpg 300w\" sizes=\"(max-width: 700px) 100vw, 700px\" title=\"\">                <\/div>\n            <\/div>\n            <div class=\"post--teaser\">\n                <div class=\"title\">Tejsavas kezel\u00e9s a term\u00e9kenys\u00e9g\u00e9rt<\/div>\n                <div class=\"description\">\n                    A h\u00fcvelyfl\u00f3r\u00e1ban a tejsavbakt\u00e9riumok (lactobacillusok) domin\u00e1lnak, amelyek &#8211; mint a nev\u00fck is mutatja &#8211; tejsavat\u2026                    <br>\n                    <span class=\"read-more\">\n                            Tov\u00e1bb                        <\/span>\n                <\/div>\n                <div class=\"metadata\"><b>friss\u00edtve:<\/b> 21. j\u00fanius 2024 \u2022 <b>Kateg\u00f3ri\u00e1k:<\/b> N\u0151i eg\u00e9szs\u00e9g<\/div>\n            <\/div>\n        <\/a>\n                <a href=\"https:\/\/www.omni-biotic.com\/hu-hu\/blog\/hack-your-health-filmelemzes\/\" class=\"li-widgets--posts-gallery__post\">\n            <div class=\"post--image__container\">\n                <div class=\"post--image\">\n                    <img loading=\"lazy\" decoding=\"async\" width=\"768\" height=\"542\" src=\"https:\/\/www.omni-biotic.com\/hu-hu\/wp-content\/uploads\/sites\/7\/2024\/06\/netflix_dokumentumfilm_mikrobiom-768x542.png\" class=\"attachment-medium_large size-medium_large wp-post-image\" alt=\"mikrobiom, mikrobi\u00f3ta, Hack your life, netflix, ferment\u00e1lt \u00e9telek, firmicutes bakt\u00e9riumok, Hack your life\" srcset=\"https:\/\/www.omni-biotic.com\/hu-hu\/wp-content\/uploads\/sites\/7\/2024\/06\/netflix_dokumentumfilm_mikrobiom-768x542.png 768w, https:\/\/www.omni-biotic.com\/hu-hu\/wp-content\/uploads\/sites\/7\/2024\/06\/netflix_dokumentumfilm_mikrobiom-300x212.png 300w, https:\/\/www.omni-biotic.com\/hu-hu\/wp-content\/uploads\/sites\/7\/2024\/06\/netflix_dokumentumfilm_mikrobiom.png 1024w\" sizes=\"(max-width: 768px) 100vw, 768px\" title=\"\">                <\/div>\n            <\/div>\n            <div class=\"post--teaser\">\n                <div class=\"title\">Netflix \u201eHack your health\u201c &#8211; filmelemz\u00e9s<\/div>\n                <div class=\"description\">\n                    A Netflix \u201eHack your health: Az em\u00e9szt\u00e9s\u00fcnk titkai\u201c c\u00edm\u0171 dokumentumfilmje a b\u00e9lmikrobiom (a b\u00e9lrendszer\u00fcnkben \u00e9l\u0151\u2026                    <br>\n                    <span class=\"read-more\">\n                            Tov\u00e1bb                        <\/span>\n                <\/div>\n                <div class=\"metadata\"><b>friss\u00edtve:<\/b> 13. j\u00fanius 2024 \u2022 <b>Kateg\u00f3ri\u00e1k:<\/b> \u00c1ltal\u00e1nos, \u00dajdons\u00e1g a kutat\u00e1sb\u00f3l<\/div>\n            <\/div>\n        <\/a>\n                <a href=\"https:\/\/www.omni-biotic.com\/hu-hu\/blog\/testsulykezeles\/\" class=\"li-widgets--posts-gallery__post\">\n            <div class=\"post--image__container\">\n                <div class=\"post--image\">\n                    <img loading=\"lazy\" decoding=\"async\" width=\"700\" height=\"500\" src=\"https:\/\/www.omni-biotic.com\/hu-hu\/wp-content\/uploads\/sites\/7\/2024\/04\/fogyas_omni-biotic_probiotikum.jpg\" class=\"attachment-medium_large size-medium_large wp-post-image\" alt=\"tests\u00falykezel\u00e9s, omni-biotic, probiotikum, fogy\u00e1s, b\u00e9lbakt\u00e9riumok, tests\u00faly\" srcset=\"https:\/\/www.omni-biotic.com\/hu-hu\/wp-content\/uploads\/sites\/7\/2024\/04\/fogyas_omni-biotic_probiotikum.jpg 700w, https:\/\/www.omni-biotic.com\/hu-hu\/wp-content\/uploads\/sites\/7\/2024\/04\/fogyas_omni-biotic_probiotikum-300x214.jpg 300w\" sizes=\"(max-width: 700px) 100vw, 700px\" title=\"\">                <\/div>\n            <\/div>\n            <div class=\"post--teaser\">\n                <div class=\"title\">Hogyan hatnak a b\u00e9lbakt\u00e9riumok a tests\u00falyunkra?<\/div>\n                <div class=\"description\">\n                    Nem \u00fajdons\u00e1g, hogy a genetikai hajlam, az \u00e9letm\u00f3d \u00e9s az anyagcsere befoly\u00e1solja tests\u00falyunkat. De tudtad,\u2026                    <br>\n                    <span class=\"read-more\">\n                            Tov\u00e1bb                        <\/span>\n                <\/div>\n                <div class=\"metadata\"><b>friss\u00edtve:<\/b> 30. \u00e1prilis 2024 \u2022 <b>Kateg\u00f3ri\u00e1k:<\/b> \u00c1ltal\u00e1nos, Panaszok \u00e9s tan\u00e1csok<\/div>\n            <\/div>\n        <\/a>\n                <a href=\"https:\/\/www.omni-biotic.com\/hu-hu\/blog\/etelintolerancia-es-allergia\/\" class=\"li-widgets--posts-gallery__post\">\n            <div class=\"post--image__container\">\n                <div class=\"post--image\">\n                    <img loading=\"lazy\" decoding=\"async\" width=\"768\" height=\"543\" src=\"https:\/\/www.omni-biotic.com\/hu-hu\/wp-content\/uploads\/sites\/7\/2022\/04\/etel_intolerancia_allergia_probiotikum-768x543.png\" class=\"attachment-medium_large size-medium_large wp-post-image\" alt=\"\u00e9telintolerancia, frukt\u00f3zintolerancia, omni-biotic, probiotikum, allergia\" srcset=\"https:\/\/www.omni-biotic.com\/hu-hu\/wp-content\/uploads\/sites\/7\/2022\/04\/etel_intolerancia_allergia_probiotikum-768x543.png 768w, https:\/\/www.omni-biotic.com\/hu-hu\/wp-content\/uploads\/sites\/7\/2022\/04\/etel_intolerancia_allergia_probiotikum-300x212.png 300w, https:\/\/www.omni-biotic.com\/hu-hu\/wp-content\/uploads\/sites\/7\/2022\/04\/etel_intolerancia_allergia_probiotikum.png 1024w\" sizes=\"(max-width: 768px) 100vw, 768px\" title=\"\">                <\/div>\n            <\/div>\n            <div class=\"post--teaser\">\n                <div class=\"title\">\u00c9telintolerancia vagy allergia \u2013 mi a k\u00fcl\u00f6nbs\u00e9g?<\/div>\n                <div class=\"description\">\n                    Egyre t\u00f6bben szenvednek egy vagy ak\u00e1r t\u00f6bb \u00e9telintoleranci\u00e1t\u00f3l, m\u00e1s n\u00e9ven \u00e9tel\u00e9rz\u00e9kenys\u00e9gt\u0151l. Az intoleranci\u00e1t gyakran allergi\u00e1nak\u2026                    <br>\n                    <span class=\"read-more\">\n                            Tov\u00e1bb                        <\/span>\n                <\/div>\n                <div class=\"metadata\"><b>friss\u00edtve:<\/b> 25. \u00e1prilis 2024 \u2022 <b>Kateg\u00f3ri\u00e1k:<\/b> Allergia \u00e9s intolerancia \u2022 <b>Szerz\u0151:<\/b> Ing. Elisabeth Sch\u00f6n, MSc.<\/div>\n            <\/div>\n        <\/a>\n                <a href=\"https:\/\/www.omni-biotic.com\/hu-hu\/blog\/aranyer-tunetei-es-kezeles\/\" class=\"li-widgets--posts-gallery__post\">\n            <div class=\"post--image__container\">\n                <div class=\"post--image\">\n                    <img loading=\"lazy\" decoding=\"async\" width=\"768\" height=\"512\" src=\"https:\/\/www.omni-biotic.com\/hu-hu\/wp-content\/uploads\/sites\/7\/2024\/04\/mi_huzza_vissza_az_aranyeret-768x512.jpg\" class=\"attachment-medium_large size-medium_large wp-post-image\" alt=\"arany\u00e9r, t\u00fcnetek, probiotikum, omni-biotic, prebiotikum, pro forma\" srcset=\"https:\/\/www.omni-biotic.com\/hu-hu\/wp-content\/uploads\/sites\/7\/2024\/04\/mi_huzza_vissza_az_aranyeret-768x512.jpg 768w, https:\/\/www.omni-biotic.com\/hu-hu\/wp-content\/uploads\/sites\/7\/2024\/04\/mi_huzza_vissza_az_aranyeret-300x200.jpg 300w, https:\/\/www.omni-biotic.com\/hu-hu\/wp-content\/uploads\/sites\/7\/2024\/04\/mi_huzza_vissza_az_aranyeret.jpg 1024w\" sizes=\"(max-width: 768px) 100vw, 768px\" title=\"\">                <\/div>\n            <\/div>\n            <div class=\"post--teaser\">\n                <div class=\"title\">Mit kell tudni az arany\u00e9rr\u0151l? &#8211; T\u00fcnetek \u00e9s kezel\u00e9s<\/div>\n                <div class=\"description\">\n                    Mindenki tud r\u00f3la, de senkinek sem kell! Pedig mindannyiunknak van: arany\u00e9r. Akkor besz\u00e9l\u00fcnk r\u00f3la, amikor\u2026                    <br>\n                    <span class=\"read-more\">\n                            Tov\u00e1bb                        <\/span>\n                <\/div>\n                <div class=\"metadata\"><b>friss\u00edtve:<\/b> 30. \u00e1prilis 2024 \u2022 <b>Kateg\u00f3ri\u00e1k:<\/b> Panaszok \u00e9s tan\u00e1csok<\/div>\n            <\/div>\n        <\/a>\n                <a href=\"https:\/\/www.omni-biotic.com\/hu-hu\/blog\/reumatoid-artritisz\/\" class=\"li-widgets--posts-gallery__post\">\n            <div class=\"post--image__container\">\n                <div class=\"post--image\">\n                    <img loading=\"lazy\" decoding=\"async\" width=\"768\" height=\"512\" src=\"https:\/\/www.omni-biotic.com\/hu-hu\/wp-content\/uploads\/sites\/7\/2024\/04\/Reumatoid_artritisz_probiotikum_mikrobiom_omni_biotic-768x512.jpg\" class=\"attachment-medium_large size-medium_large wp-post-image\" alt=\"Reumatoid artritisz, a mikrobiom, probiotikum, omni-biotic\" srcset=\"https:\/\/www.omni-biotic.com\/hu-hu\/wp-content\/uploads\/sites\/7\/2024\/04\/Reumatoid_artritisz_probiotikum_mikrobiom_omni_biotic-768x512.jpg 768w, https:\/\/www.omni-biotic.com\/hu-hu\/wp-content\/uploads\/sites\/7\/2024\/04\/Reumatoid_artritisz_probiotikum_mikrobiom_omni_biotic-300x200.jpg 300w, https:\/\/www.omni-biotic.com\/hu-hu\/wp-content\/uploads\/sites\/7\/2024\/04\/Reumatoid_artritisz_probiotikum_mikrobiom_omni_biotic.jpg 1024w\" sizes=\"(max-width: 768px) 100vw, 768px\" title=\"\">                <\/div>\n            <\/div>\n            <div class=\"post--teaser\">\n                <div class=\"title\">Reumatoid artritisz, mikrobiom \u00e9s probiotikumok<\/div>\n                <div class=\"description\">\n                    Reumatoid artritisz, a mikrobiom \u00e9s probiotikumok A mikrobiom a r\u00f6vid sz\u00e9nl\u00e1nc\u00fa zs\u00edrsavak (SCFA-k: butir\u00e1t, propion\u00e1t\u2026                    <br>\n                    <span class=\"read-more\">\n                            Tov\u00e1bb                        <\/span>\n                <\/div>\n                <div class=\"metadata\"><b>friss\u00edtve:<\/b> 11. \u00e1prilis 2024 \u2022 <b>Kateg\u00f3ri\u00e1k:<\/b> \u00c1ltal\u00e1nos<\/div>\n            <\/div>\n        <\/a>\n                <a href=\"https:\/\/www.omni-biotic.com\/hu-hu\/blog\/koszveny-okai-es-kezelese\/\" class=\"li-widgets--posts-gallery__post\">\n            <div class=\"post--image__container\">\n                <div class=\"post--image\">\n                    <img loading=\"lazy\" decoding=\"async\" width=\"768\" height=\"509\" src=\"https:\/\/www.omni-biotic.com\/hu-hu\/wp-content\/uploads\/sites\/7\/2024\/04\/koeszveny_kezelese.768x509.png\" class=\"attachment-medium_large size-medium_large wp-post-image\" alt=\"k\u00f6szv\u00e9ny, k\u00f6szv\u00e9ny t\u00fcnetei, k\u00f6szv\u00e9ny kezel\u00e9se h\u00e1zilag, k\u00f6szv\u00e9nyes l\u00e1b, k\u00f6szv\u00e9ny kezel\u00e9se, k\u00f6szv\u00e9nyes roham, k\u00f6szv\u00e9ny jelei, omni-biotic, probiotikum\" srcset=\"https:\/\/www.omni-biotic.com\/hu-hu\/wp-content\/uploads\/sites\/7\/2024\/04\/koeszveny_kezelese.768x509.png 768w, https:\/\/www.omni-biotic.com\/hu-hu\/wp-content\/uploads\/sites\/7\/2024\/04\/koeszveny_kezelese.768x509-300x199.png 300w\" sizes=\"(max-width: 768px) 100vw, 768px\" title=\"\">                <\/div>\n            <\/div>\n            <div class=\"post--teaser\">\n                <div class=\"title\">K\u00f6szv\u00e9ny &#8211; Okai \u00e9s kezel\u00e9se<\/div>\n                <div class=\"description\">\n                    A k\u00f6szv\u00e9ny egy \u00edz\u00fcleteket \u00e9rint\u0151 betegs\u00e9g. A k\u00f6szv\u00e9nyes roham\u00e9rt egy helyi gyullad\u00e1s a felel\u0151s, amely\u2026                    <br>\n                    <span class=\"read-more\">\n                            Tov\u00e1bb                        <\/span>\n                <\/div>\n                <div class=\"metadata\"><b>friss\u00edtve:<\/b> 10. \u00e1prilis 2024 \u2022 <b>Kateg\u00f3ri\u00e1k:<\/b> Id\u0151skor<\/div>\n            <\/div>\n        <\/a>\n                <a href=\"https:\/\/www.omni-biotic.com\/hu-hu\/blog\/huevelyflora-es-szex-hogyan-fueggnek-oessz\/\" class=\"li-widgets--posts-gallery__post\">\n            <div class=\"post--image__container\">\n                <div class=\"post--image\">\n                    <img loading=\"lazy\" decoding=\"async\" width=\"700\" height=\"500\" src=\"https:\/\/www.omni-biotic.com\/hu-hu\/wp-content\/uploads\/sites\/7\/2022\/04\/huvelyflora_es_szex.jpg\" class=\"attachment-medium_large size-medium_large wp-post-image\" alt=\"h\u00f3lyaghurut kezel\u00e9se, h\u00fagy\u00fati fert\u0151z\u00e9s megel\u0151z\u00e9se, visszat\u00e9r\u0151 h\u00f3lyaghurut, OMNi-BiOTiC\u00ae\" srcset=\"https:\/\/www.omni-biotic.com\/hu-hu\/wp-content\/uploads\/sites\/7\/2022\/04\/huvelyflora_es_szex.jpg 700w, https:\/\/www.omni-biotic.com\/hu-hu\/wp-content\/uploads\/sites\/7\/2022\/04\/huvelyflora_es_szex-300x214.jpg 300w\" sizes=\"(max-width: 700px) 100vw, 700px\" title=\"\">                <\/div>\n            <\/div>\n            <div class=\"post--teaser\">\n                <div class=\"title\">H\u00fcvelyfl\u00f3ra \u00e9s szex \u2013 mi az \u00f6sszef\u00fcgg\u00e9s?<\/div>\n                <div class=\"description\">\n                    Minden n\u0151 h\u00fcvelyfl\u00f3r\u00e1ja egyedi \u2013 \u00e9s ez fontosabb, mint gondoln\u00e1nk! A n\u0151i intim mikrobiom \u2013\u2026                    <br>\n                    <span class=\"read-more\">\n                            Tov\u00e1bb                        <\/span>\n                <\/div>\n                <div class=\"metadata\"><b>friss\u00edtve:<\/b> 29. \u00e1prilis 2025 \u2022 <b>Kateg\u00f3ri\u00e1k:<\/b> N\u0151i eg\u00e9szs\u00e9g \u2022 <b>Szerz\u0151:<\/b> Florentina Sgarz<\/div>\n            <\/div>\n        <\/a>\n                <a href=\"https:\/\/www.omni-biotic.com\/hu-hu\/blog\/mi-az-a-spermidin\/\" class=\"li-widgets--posts-gallery__post\">\n            <div class=\"post--image__container\">\n                <div class=\"post--image\">\n                    <img loading=\"lazy\" decoding=\"async\" width=\"768\" height=\"512\" src=\"https:\/\/www.omni-biotic.com\/hu-hu\/wp-content\/uploads\/sites\/7\/2024\/03\/spermidin.jpg\" class=\"attachment-medium_large size-medium_large wp-post-image\" alt=\"b\u00e9lbakt\u00e9rium, spermidin termel\u00e9se, omni-biotic, sejtregener\u00e1ci\u00f3\" srcset=\"https:\/\/www.omni-biotic.com\/hu-hu\/wp-content\/uploads\/sites\/7\/2024\/03\/spermidin.jpg 768w, https:\/\/www.omni-biotic.com\/hu-hu\/wp-content\/uploads\/sites\/7\/2024\/03\/spermidin-300x200.jpg 300w\" sizes=\"(max-width: 768px) 100vw, 768px\" title=\"\">                <\/div>\n            <\/div>\n            <div class=\"post--teaser\">\n                <div class=\"title\">Spermidin \u2013 A fiatals\u00e1g k\u00fatja a sejteknek<\/div>\n                <div class=\"description\">\n                    A spermidin a sejtmeg\u00faj\u00edt\u00f3 folyamat, az autof\u00e1gia hat\u00e9kony aktiv\u00e1torak\u00e9nt a &#8222;fiatals\u00e1g k\u00fatj\u00e1nak tekinthet\u0151. A mikrot\u00e1panyagot,\u2026                    <br>\n                    <span class=\"read-more\">\n                            Tov\u00e1bb                        <\/span>\n                <\/div>\n                <div class=\"metadata\"><b>friss\u00edtve:<\/b> 20. m\u00e1rcius 2024 \u2022 <b>Kateg\u00f3ri\u00e1k:<\/b> \u00dajdons\u00e1g a kutat\u00e1sb\u00f3l<\/div>\n            <\/div>\n        <\/a>\n                <a href=\"https:\/\/www.omni-biotic.com\/hu-hu\/blog\/meregtelenites\/\" class=\"li-widgets--posts-gallery__post\">\n            <div class=\"post--image__container\">\n                <div class=\"post--image\">\n                    <img loading=\"lazy\" decoding=\"async\" width=\"700\" height=\"500\" src=\"https:\/\/www.omni-biotic.com\/hu-hu\/wp-content\/uploads\/sites\/7\/2024\/03\/meregtelenites.jpg\" class=\"attachment-medium_large size-medium_large wp-post-image\" alt=\"b\u00e9ltiszt\u00edt\u00e1s, m\u00e9regtelen\u00edt\u00e9s, omni-biotic, b\u00f6jt, meregtelenites beltisztitas, bojtoles hatasai\" srcset=\"https:\/\/www.omni-biotic.com\/hu-hu\/wp-content\/uploads\/sites\/7\/2024\/03\/meregtelenites.jpg 700w, https:\/\/www.omni-biotic.com\/hu-hu\/wp-content\/uploads\/sites\/7\/2024\/03\/meregtelenites-300x214.jpg 300w\" sizes=\"(max-width: 700px) 100vw, 700px\" title=\"\">                <\/div>\n            <\/div>\n            <div class=\"post--teaser\">\n                <div class=\"title\">M\u00e9regtelen\u00edt\u00e9s: mi\u00e9rt lehet hasznos a b\u00f6jt?<\/div>\n                <div class=\"description\">\n                    M\u00e9regtelen\u00edt\u00e9s: Hogy a b\u00e9l megszabaduljon a felesleges terhekt\u0151l. A (ter\u00e1pi\u00e1s) b\u00f6jt \u00e9vezredek \u00f3ta bev\u00e1lt m\u00f3dszer\u2026                    <br>\n                    <span class=\"read-more\">\n                            Tov\u00e1bb                        <\/span>\n                <\/div>\n                <div class=\"metadata\"><b>friss\u00edtve:<\/b> 8. m\u00e1jus 2024 \u2022 <b>Kateg\u00f3ri\u00e1k:<\/b> T\u00e1pl\u00e1lkoz\u00e1s \u00e9s receptek<\/div>\n            <\/div>\n        <\/a>\n                <a href=\"https:\/\/www.omni-biotic.com\/hu-hu\/blog\/hugyuti-fertozes-az-e-coli-szorosan-tapad-a-felueletekhez\/\" class=\"li-widgets--posts-gallery__post\">\n            <div class=\"post--image__container\">\n                <div class=\"post--image\">\n                    <img loading=\"lazy\" decoding=\"async\" width=\"768\" height=\"507\" src=\"https:\/\/www.omni-biotic.com\/hu-hu\/wp-content\/uploads\/sites\/7\/2022\/04\/E-coli_fertoezes-768x507.png\" class=\"attachment-medium_large size-medium_large wp-post-image\" alt=\"e. coli, k\u00f3libakt\u00e9rium, k\u00f3li bakt\u00e9rium, k\u00f3li bakt\u00e9rium a vizeletben, escherichia coli, e coli bakt\u00e9rium ki\u00edrt\u00e1sa, coli bakt\u00e9riumok, e coli bakt\u00e9rium sz\u00e9kletben, e coli fert\u0151z\u00e9s kezel\u00e9se, escherichia coli bakt\u00e9rium, escherichia coli fert\u0151z\u00e9s, escherichia coli jelent\u00e9se, e coli, coli bakt\u00e9rium, e coli bakt\u00e9rium ki\u00edrt\u00e1sa, e coli bakt\u00e9rium, coli e\" srcset=\"https:\/\/www.omni-biotic.com\/hu-hu\/wp-content\/uploads\/sites\/7\/2022\/04\/E-coli_fertoezes-768x507.png 768w, https:\/\/www.omni-biotic.com\/hu-hu\/wp-content\/uploads\/sites\/7\/2022\/04\/E-coli_fertoezes-300x198.png 300w, https:\/\/www.omni-biotic.com\/hu-hu\/wp-content\/uploads\/sites\/7\/2022\/04\/E-coli_fertoezes.png 1024w\" sizes=\"(max-width: 768px) 100vw, 768px\" title=\"\">                <\/div>\n            <\/div>\n            <div class=\"post--teaser\">\n                <div class=\"title\">H\u00fagy\u00fati fert\u0151z\u00e9s: E. coli miatt?<\/div>\n                <div class=\"description\">\n                    H\u00fagy\u00fati fert\u0151z\u00e9s vagy h\u00f3lyaghurut: amikor a FimH feh\u00e9rje seg\u00edti az Escherichia Coli bakt\u00e9rium megteleped\u00e9s\u00e9t a\u2026                    <br>\n                    <span class=\"read-more\">\n                            Tov\u00e1bb                        <\/span>\n                <\/div>\n                <div class=\"metadata\"><b>friss\u00edtve:<\/b> 13. szeptember 2024 \u2022 <b>Kateg\u00f3ri\u00e1k:<\/b> N\u0151i eg\u00e9szs\u00e9g, Panaszok \u00e9s tan\u00e1csok<\/div>\n            <\/div>\n        <\/a>\n                <a href=\"https:\/\/www.omni-biotic.com\/hu-hu\/blog\/hat-teny-az-omni-biotic-6-rol\/\" class=\"li-widgets--posts-gallery__post\">\n            <div class=\"post--image__container\">\n                <div class=\"post--image\">\n                    <img loading=\"lazy\" decoding=\"async\" width=\"768\" height=\"1152\" src=\"https:\/\/www.omni-biotic.com\/hu-hu\/wp-content\/uploads\/sites\/7\/2022\/04\/OB_6_bakteriumok-768x1152.jpg\" class=\"attachment-medium_large size-medium_large wp-post-image\" alt=\"omni-biotic 6, b\u00e9lbakt\u00e9riumok, probiotikum, b\u00e9lfl\u00f3ra, m\u00e9lmikrobiom, omnibiotic\" srcset=\"https:\/\/www.omni-biotic.com\/hu-hu\/wp-content\/uploads\/sites\/7\/2022\/04\/OB_6_bakteriumok-768x1152.jpg 768w, https:\/\/www.omni-biotic.com\/hu-hu\/wp-content\/uploads\/sites\/7\/2022\/04\/OB_6_bakteriumok-200x300.jpg 200w, https:\/\/www.omni-biotic.com\/hu-hu\/wp-content\/uploads\/sites\/7\/2022\/04\/OB_6_bakteriumok-683x1024.jpg 683w, https:\/\/www.omni-biotic.com\/hu-hu\/wp-content\/uploads\/sites\/7\/2022\/04\/OB_6_bakteriumok-1024x1536.jpg 1024w, https:\/\/www.omni-biotic.com\/hu-hu\/wp-content\/uploads\/sites\/7\/2022\/04\/OB_6_bakteriumok.jpg 1280w\" sizes=\"(max-width: 768px) 100vw, 768px\" title=\"\">                <\/div>\n            <\/div>\n            <div class=\"post--teaser\">\n                <div class=\"title\">\u00c9rdekess\u00e9gek az OMNi-BiOTiC\u00ae 6-r\u00f3l<\/div>\n                <div class=\"description\">\n                    Napjainkban a probiotikumok szerepe egyre jelent\u0151sebb\u00e9 v\u00e1lik j\u00f3ll\u00e9t\u00fcnk \u00e9s eg\u00e9szs\u00e9g\u00fcnk szemponj\u00e1tb\u00f3l. T\u00f6bb mint 25 \u00e9ve\u2026                    <br>\n                    <span class=\"read-more\">\n                            Tov\u00e1bb                        <\/span>\n                <\/div>\n                <div class=\"metadata\"><b>friss\u00edtve:<\/b> 18. december 2024 \u2022 <b>Kateg\u00f3ri\u00e1k:<\/b> Institut AllergoSan, OMNi-BiOTiC\u00ae<\/div>\n            <\/div>\n        <\/a>\n                <a href=\"https:\/\/www.omni-biotic.com\/hu-hu\/blog\/alvaszavar-stressz-miatt\/\" class=\"li-widgets--posts-gallery__post\">\n            <div class=\"post--image__container\">\n                <div class=\"post--image\">\n                    <img loading=\"lazy\" decoding=\"async\" width=\"768\" height=\"506\" src=\"https:\/\/www.omni-biotic.com\/hu-hu\/wp-content\/uploads\/sites\/7\/2024\/02\/alvaszavar-stresssz-768x506-1.png\" class=\"attachment-medium_large size-medium_large wp-post-image\" alt=\"robiotikum stresskezel\u00e9sre, mikrobiom, b\u00e9lrendszer, alv\u00e1szavar, pihentet\u0151 alv\u00e1s, nyugodt alv\u00e1s, stresszkezel\u00e9s, Meta-Care\" srcset=\"https:\/\/www.omni-biotic.com\/hu-hu\/wp-content\/uploads\/sites\/7\/2024\/02\/alvaszavar-stresssz-768x506-1.png 768w, https:\/\/www.omni-biotic.com\/hu-hu\/wp-content\/uploads\/sites\/7\/2024\/02\/alvaszavar-stresssz-768x506-1-300x198.png 300w\" sizes=\"(max-width: 768px) 100vw, 768px\" title=\"\">                <\/div>\n            <\/div>\n            <div class=\"post--teaser\">\n                <div class=\"title\">Alv\u00e1szavar: amikor a stressz akad\u00e1lyozza az alv\u00e1st<\/div>\n                <div class=\"description\">\n                    Stresszesek a mindennapok \u00e9s est\u00e9nk\u00e9nt k\u00e9ptelen elaludni? Alv\u00e1szavarok \u00e9s \u00e1lmatlans\u00e1g gy\u00f6tri, \u00edgy megnehez\u00fcl a mindennapi\u2026                    <br>\n                    <span class=\"read-more\">\n                            Tov\u00e1bb                        <\/span>\n                <\/div>\n                <div class=\"metadata\"><b>friss\u00edtve:<\/b> 5. j\u00fanius 2024 \u2022 <b>Kateg\u00f3ri\u00e1k:<\/b> Panaszok \u00e9s tan\u00e1csok<\/div>\n            <\/div>\n        <\/a>\n                <a href=\"https:\/\/www.omni-biotic.com\/hu-hu\/blog\/a-beltol-fugg-a-termekenyseg\/\" class=\"li-widgets--posts-gallery__post\">\n            <div class=\"post--image__container\">\n                <div class=\"post--image\">\n                    <img loading=\"lazy\" decoding=\"async\" width=\"700\" height=\"500\" src=\"https:\/\/www.omni-biotic.com\/hu-hu\/wp-content\/uploads\/sites\/7\/2024\/02\/PCOS_termekenyseg_belrendszer.png\" class=\"attachment-medium_large size-medium_large wp-post-image\" alt=\"term\u00e9kenys\u00e9g, h\u00fcvelysz\u00e1razs\u00e1g, PCOS, metaformin intolerancia, omni-biotic, flora plus, gyermekv\u00e1gy\" srcset=\"https:\/\/www.omni-biotic.com\/hu-hu\/wp-content\/uploads\/sites\/7\/2024\/02\/PCOS_termekenyseg_belrendszer.png 700w, https:\/\/www.omni-biotic.com\/hu-hu\/wp-content\/uploads\/sites\/7\/2024\/02\/PCOS_termekenyseg_belrendszer-300x214.png 300w\" sizes=\"(max-width: 700px) 100vw, 700px\" title=\"\">                <\/div>\n            <\/div>\n            <div class=\"post--teaser\">\n                <div class=\"title\">A b\u00e9l eg\u00e9szs\u00e9g\u00e9t\u0151l f\u00fcgg a term\u00e9kenys\u00e9g?<\/div>\n                <div class=\"description\">\n                    Bakt\u00e9riumok v\u00e1ltozatoss\u00e1ga a b\u00e9lben: szembet\u0171n\u0151en cs\u00f6kkent A policiszt\u00e1s ov\u00e1rium szindr\u00f3m\u00e1ban (PCOS) szenved\u0151 betegekn\u00e9l csak nemr\u00e9giben\u2026                    <br>\n                    <span class=\"read-more\">\n                            Tov\u00e1bb                        <\/span>\n                <\/div>\n                <div class=\"metadata\"><b>friss\u00edtve:<\/b> 22. febru\u00e1r 2024 \u2022 <b>Kateg\u00f3ri\u00e1k:<\/b> N\u0151i eg\u00e9szs\u00e9g<\/div>\n            <\/div>\n        <\/a>\n                <a href=\"https:\/\/www.omni-biotic.com\/hu-hu\/blog\/meta-care-taplalek-kiegeszitoek\/\" class=\"li-widgets--posts-gallery__post\">\n            <div class=\"post--image__container\">\n                <div class=\"post--image\">\n                    <img loading=\"lazy\" decoding=\"async\" width=\"400\" height=\"283\" src=\"https:\/\/www.omni-biotic.com\/hu-hu\/wp-content\/uploads\/sites\/7\/2023\/12\/meta-care.jpg\" class=\"attachment-medium_large size-medium_large wp-post-image\" alt=\"meta-care, term\u00e9kek, t\u00e1pl\u00e1l\u00e9k-kieg\u00e9sz\u00edt\u0151k, vitamin, \u00e1sv\u00e1nyi anyagok, eg\u00e9szs\u00e9g\" srcset=\"https:\/\/www.omni-biotic.com\/hu-hu\/wp-content\/uploads\/sites\/7\/2023\/12\/meta-care.jpg 400w, https:\/\/www.omni-biotic.com\/hu-hu\/wp-content\/uploads\/sites\/7\/2023\/12\/meta-care-300x212.jpg 300w\" sizes=\"(max-width: 400px) 100vw, 400px\" title=\"\">                <\/div>\n            <\/div>\n            <div class=\"post--teaser\">\n                <div class=\"title\">META-CARE\u00ae Az eg\u00e9szs\u00e9g\u00e9rt \u00e9s a vitalit\u00e1s\u00e9rt<\/div>\n                <div class=\"description\">\n                    Mi\u00e9rt \u00e9rdemes t\u00e1pl\u00e1l\u00e9k-kieg\u00e9sz\u00edt\u0151ket szedni? Egyre t\u00f6bben d\u00f6ntenek a tudatos t\u00e1pl\u00e1lkoz\u00e1s mellett, amely \u00edgy \u00e9let\u00fck szerves\u2026                    <br>\n                    <span class=\"read-more\">\n                            Tov\u00e1bb                        <\/span>\n                <\/div>\n                <div class=\"metadata\"><b>friss\u00edtve:<\/b> 13. szeptember 2024 \u2022 <b>Kateg\u00f3ri\u00e1k:<\/b> \u00c1ltal\u00e1nos<\/div>\n            <\/div>\n        <\/a>\n                <a href=\"https:\/\/www.omni-biotic.com\/hu-hu\/blog\/a-gyogyszerek-hatasa-a-belflorara\/\" class=\"li-widgets--posts-gallery__post\">\n            <div class=\"post--image__container\">\n                <div class=\"post--image\">\n                    <img loading=\"lazy\" decoding=\"async\" width=\"768\" height=\"510\" src=\"https:\/\/www.omni-biotic.com\/hu-hu\/wp-content\/uploads\/sites\/7\/2023\/01\/gyogyszerek_mellekhatasa_probiotikum-768x510.png\" class=\"attachment-medium_large size-medium_large wp-post-image\" alt=\"mikrobiom, mikrobi\u00f3ta,, gy\u00f3gyszerek hat\u00e1sa, antibiotikum mell\u00e9khat\u00e1sa, omni-biotic, probiotikum\" srcset=\"https:\/\/www.omni-biotic.com\/hu-hu\/wp-content\/uploads\/sites\/7\/2023\/01\/gyogyszerek_mellekhatasa_probiotikum-768x510.png 768w, https:\/\/www.omni-biotic.com\/hu-hu\/wp-content\/uploads\/sites\/7\/2023\/01\/gyogyszerek_mellekhatasa_probiotikum-300x199.png 300w, https:\/\/www.omni-biotic.com\/hu-hu\/wp-content\/uploads\/sites\/7\/2023\/01\/gyogyszerek_mellekhatasa_probiotikum.png 1024w\" sizes=\"(max-width: 768px) 100vw, 768px\" title=\"\">                <\/div>\n            <\/div>\n            <div class=\"post--teaser\">\n                <div class=\"title\">A gy\u00f3gyszerek hat\u00e1sa a b\u00e9lfl\u00f3r\u00e1ra<\/div>\n                <div class=\"description\">\n                    A gy\u00f3gyszerek negat\u00edv hat\u00e1ssal vannak a mikrobiomra. Azonban a b\u00e9lbakt\u00e9riumok szerepet j\u00e1tszanak a gy\u00f3gyszerek hat\u00e9konys\u00e1g\u00e1nak\u2026                    <br>\n                    <span class=\"read-more\">\n                            Tov\u00e1bb                        <\/span>\n                <\/div>\n                <div class=\"metadata\"><b>friss\u00edtve:<\/b> 11. j\u00fanius 2024 \u2022 <b>Kateg\u00f3ri\u00e1k:<\/b> Panaszok \u00e9s tan\u00e1csok, \u00dajdons\u00e1g a kutat\u00e1sb\u00f3l \u2022 <b>Szerz\u0151:<\/b> Margit Koudelka<\/div>\n            <\/div>\n        <\/a>\n                <a href=\"https:\/\/www.omni-biotic.com\/hu-hu\/blog\/mi-az-a-menopauza\/\" class=\"li-widgets--posts-gallery__post\">\n            <div class=\"post--image__container\">\n                <div class=\"post--image\">\n                    <img loading=\"lazy\" decoding=\"async\" width=\"768\" height=\"432\" src=\"https:\/\/www.omni-biotic.com\/hu-hu\/wp-content\/uploads\/sites\/7\/2024\/01\/szexualitas-menopauza.png\" class=\"attachment-medium_large size-medium_large wp-post-image\" alt=\"menopauza, szex, szexualit\u00e1s, v\u00e1gy, libid\u00f3 cs\u00f6kken\u00e9se, h\u00fcvelysz\u00e1razs\u00e1g, h\u00fcvely, h\u00fcvelyfl\u00f3ra, laktobacillus\" srcset=\"https:\/\/www.omni-biotic.com\/hu-hu\/wp-content\/uploads\/sites\/7\/2024\/01\/szexualitas-menopauza.png 768w, https:\/\/www.omni-biotic.com\/hu-hu\/wp-content\/uploads\/sites\/7\/2024\/01\/szexualitas-menopauza-300x169.png 300w\" sizes=\"(max-width: 768px) 100vw, 768px\" title=\"\">                <\/div>\n            <\/div>\n            <div class=\"post--teaser\">\n                <div class=\"title\">Mi az a menopauza?<\/div>\n                <div class=\"description\">\n                    A v\u00e1ltoz\u00f3kor vagy m\u00e1sn\u00e9ven menopauza az utols\u00f3 menstru\u00e1ci\u00f3 el\u0151tti \u00e9s ut\u00e1ni hormon\u00e1lis v\u00e1ltoz\u00e1s id\u0151szaka. A\u2026                    <br>\n                    <span class=\"read-more\">\n                            Tov\u00e1bb                        <\/span>\n                <\/div>\n                <div class=\"metadata\"><b>friss\u00edtve:<\/b> 25. janu\u00e1r 2024 \u2022 <b>Kateg\u00f3ri\u00e1k:<\/b> N\u0151i eg\u00e9szs\u00e9g<\/div>\n            <\/div>\n        <\/a>\n                <a href=\"https:\/\/www.omni-biotic.com\/hu-hu\/blog\/fahejas-tonkolykeksz\/\" class=\"li-widgets--posts-gallery__post\">\n            <div class=\"post--image__container\">\n                <div class=\"post--image\">\n                    <img loading=\"lazy\" decoding=\"async\" width=\"768\" height=\"519\" src=\"https:\/\/www.omni-biotic.com\/hu-hu\/wp-content\/uploads\/sites\/7\/2023\/12\/fahejas-tonkolybuza-keksz.png\" class=\"attachment-medium_large size-medium_large wp-post-image\" alt=\"fah\u00e9jas, t\u00f6nk\u00f6nyb\u00faza keksz, omni-biotic, receptek, em\u00e9szt\u00e9s, b\u00e9lfl\u00f3ra kieg\u00e9sz\u00edt\u00e9se\" srcset=\"https:\/\/www.omni-biotic.com\/hu-hu\/wp-content\/uploads\/sites\/7\/2023\/12\/fahejas-tonkolybuza-keksz.png 768w, https:\/\/www.omni-biotic.com\/hu-hu\/wp-content\/uploads\/sites\/7\/2023\/12\/fahejas-tonkolybuza-keksz-300x203.png 300w\" sizes=\"(max-width: 768px) 100vw, 768px\" title=\"\">                <\/div>\n            <\/div>\n            <div class=\"post--teaser\">\n                <div class=\"title\">Fah\u00e9jas t\u00f6nk\u00f6lykeksz<\/div>\n                <div class=\"description\">\n                    Hangol\u00f3djon az \u00fcnnepre 50-60 apr\u00f3s\u00fctem\u00e9ny elk\u00e9sz\u00edt\u00e9s\u00e9vel! Sz\u00e1njon 35 percet a finoms\u00e1gok a megalkot\u00e1s\u00e1ra! Hozz\u00e1val\u00f3k 180\u2026                    <br>\n                    <span class=\"read-more\">\n                            Tov\u00e1bb                        <\/span>\n                <\/div>\n                <div class=\"metadata\"><b>friss\u00edtve:<\/b> 12. december 2023 \u2022 <b>Kateg\u00f3ri\u00e1k:<\/b> T\u00e1pl\u00e1lkoz\u00e1s \u00e9s receptek<\/div>\n            <\/div>\n        <\/a>\n            <\/div>\n\t\t\t\t<\/div>\n\t\t\t\t<\/div>\n\t\t\t\t\t<\/div>\n\t\t\t\t<\/div>\n\t\t\t\t<\/div>\n\t\t","protected":false},"excerpt":{"rendered":"<p>Mindig t\u00e1j\u00e9kozott! A mi OMNi-BiOTiC\u00ae blogunk Kateg\u00f3ria sz\u0171r\u00e9se\u2026 \u00c1llatok eg\u00e9szs\u00e9ge (1) Allergia &amp; Intolerancia (1) Anya &amp; Gyermek (10) B\u0151r (3) \u00c9letm\u00f3d (3) F\u0151z\u00e9s probiotikumokkal (4) Id\u0151skor (1) Institut AllergoSan (4) N\u0151i eg\u00e9szs\u00e9g (8) OMNI-BIOTIC\u00ae (2) Panaszok &amp; Tan\u00e1csok (29) T\u00e1pl\u00e1lkoz\u00e1s &amp; Receptek (8) \u00dajdons\u00e1gok a kutat\u00e1sban (22) Utaz\u00e1s (2) 1-27 of 68 results Page [&hellip;]<\/p>\n","protected":false},"author":3,"featured_media":16275,"parent":0,"menu_order":120,"comment_status":"closed","ping_status":"closed","template":"","meta":{"_acf_changed":false,"inline_featured_image":false,"footnotes":""},"class_list":["post-87","page","type-page","status-publish","has-post-thumbnail","hentry"],"acf":[],"_links":{"self":[{"href":"https:\/\/www.omni-biotic.com\/hu-hu\/wp-json\/wp\/v2\/pages\/87","targetHints":{"allow":["GET"]}}],"collection":[{"href":"https:\/\/www.omni-biotic.com\/hu-hu\/wp-json\/wp\/v2\/pages"}],"about":[{"href":"https:\/\/www.omni-biotic.com\/hu-hu\/wp-json\/wp\/v2\/types\/page"}],"author":[{"embeddable":true,"href":"https:\/\/www.omni-biotic.com\/hu-hu\/wp-json\/wp\/v2\/users\/3"}],"replies":[{"embeddable":true,"href":"https:\/\/www.omni-biotic.com\/hu-hu\/wp-json\/wp\/v2\/comments?post=87"}],"version-history":[{"count":7,"href":"https:\/\/www.omni-biotic.com\/hu-hu\/wp-json\/wp\/v2\/pages\/87\/revisions"}],"predecessor-version":[{"id":19949,"href":"https:\/\/www.omni-biotic.com\/hu-hu\/wp-json\/wp\/v2\/pages\/87\/revisions\/19949"}],"wp:featuredmedia":[{"embeddable":true,"href":"https:\/\/www.omni-biotic.com\/hu-hu\/wp-json\/wp\/v2\/media\/16275"}],"wp:attachment":[{"href":"https:\/\/www.omni-biotic.com\/hu-hu\/wp-json\/wp\/v2\/media?parent=87"}],"curies":[{"name":"wp","href":"https:\/\/api.w.org\/{rel}","templated":true}]}}