{"id":161,"date":"2022-03-07T10:07:28","date_gmt":"2022-03-07T09:07:28","guid":{"rendered":"https:\/\/www.omni-biotic.com\/darmbeschwerden\/reizdarm-syndrom\/"},"modified":"2025-09-17T12:35:17","modified_gmt":"2025-09-17T10:35:17","slug":"sindrome-dellintestino-irritabile","status":"publish","type":"page","link":"https:\/\/www.omni-biotic.com\/it-it\/problemi-intestinali\/sindrome-dellintestino-irritabile\/","title":{"rendered":"La sindrome dell&#8217;intestino irritabile"},"content":{"rendered":"\t\t<div data-elementor-type=\"wp-page\" data-elementor-id=\"161\" class=\"elementor elementor-161\" data-elementor-post-type=\"page\">\n\t\t\t\t<div class=\"elementor-element elementor-element-c5c247e e-con-full obcs none e-flex e-con e-parent\" data-id=\"c5c247e\" data-element_type=\"container\" data-settings=\"{&quot;background_background&quot;:&quot;classic&quot;,&quot;shape_divider_bottom&quot;:&quot;waves&quot;}\">\n\t\t\t\t<div class=\"elementor-shape elementor-shape-bottom\" aria-hidden=\"true\" data-negative=\"false\">\n\t\t\t<svg xmlns=\"http:\/\/www.w3.org\/2000\/svg\" viewBox=\"0 0 1000 100\" preserveAspectRatio=\"none\">\n\t<path class=\"elementor-shape-fill\" d=\"M421.9,6.5c22.6-2.5,51.5,0.4,75.5,5.3c23.6,4.9,70.9,23.5,100.5,35.7c75.8,32.2,133.7,44.5,192.6,49.7\n\tc23.6,2.1,48.7,3.5,103.4-2.5c54.7-6,106.2-25.6,106.2-25.6V0H0v30.3c0,0,72,32.6,158.4,30.5c39.2-0.7,92.8-6.7,134-22.4\n\tc21.2-8.1,52.2-18.2,79.7-24.2C399.3,7.9,411.6,7.5,421.9,6.5z\"\/>\n<\/svg>\t\t<\/div>\n\t\t<div class=\"elementor-element elementor-element-141775b e-con-full obcs none e-flex e-con e-child\" data-id=\"141775b\" data-element_type=\"container\" data-settings=\"{&quot;background_background&quot;:&quot;gradient&quot;}\">\n\t\t\t\t<div class=\"elementor-element elementor-element-99a2449 elementor-widget elementor-widget-heading\" data-id=\"99a2449\" data-element_type=\"widget\" data-widget_type=\"heading.default\">\n\t\t\t\t<div class=\"elementor-widget-container\">\n\t\t\t\t\t<h1 class=\"elementor-heading-title elementor-size-default\">La sindrome dell'intestino irritabile<\/h1>\t\t\t\t<\/div>\n\t\t\t\t<\/div>\n\t\t\t\t<div class=\"elementor-element elementor-element-00412f1 elementor-widget-divider--view-line elementor-widget elementor-widget-divider\" data-id=\"00412f1\" data-element_type=\"widget\" data-widget_type=\"divider.default\">\n\t\t\t\t<div class=\"elementor-widget-container\">\n\t\t\t\t\t\t\t<div class=\"elementor-divider\">\n\t\t\t<span class=\"elementor-divider-separator\">\n\t\t\t\t\t\t<\/span>\n\t\t<\/div>\n\t\t\t\t\t\t<\/div>\n\t\t\t\t<\/div>\n\t\t\t\t<div class=\"elementor-element elementor-element-f489dad elementor-widget-tablet__width-initial elementor-widget elementor-widget-text-editor\" data-id=\"f489dad\" data-element_type=\"widget\" data-widget_type=\"text-editor.default\">\n\t\t\t\t<div class=\"elementor-widget-container\">\n\t\t\t\t\t\t\t\t\t<p>La sindrome dell&#8217;intestino irritabile (anche conosciuta come colon irritabile o IBS), provoca nel paziente disturbi del tratto gastrointestinale. Non si riscontrano tuttavia cause organiche, bens\u00ec si tratta di disturbi funzionali dell&#8217;apparato digerente. Di seguito vengono fornite maggiori informazioni sui sintomi, sulla diagnosi e sulle possibilit\u00e0 di trattamento.<\/p>\t\t\t\t\t\t\t\t<\/div>\n\t\t\t\t<\/div>\n\t\t\t\t<\/div>\n\t\t<div class=\"elementor-element elementor-element-2ef237b e-con-full elementor-hidden-mobile obcs none e-flex e-con e-child\" data-id=\"2ef237b\" data-element_type=\"container\">\n\t\t\t\t<\/div>\n\t\t\t\t<\/div>\n\t\t<div class=\"elementor-element elementor-element-5f493c4 obcs none e-flex e-con-boxed e-con e-parent\" data-id=\"5f493c4\" data-element_type=\"container\">\n\t\t\t\t\t<div class=\"e-con-inner\">\n\t\t<div class=\"elementor-element elementor-element-d0f959b e-con-full obcs none e-flex e-con e-child\" data-id=\"d0f959b\" data-element_type=\"container\">\n\t\t\t\t<\/div>\n\t\t<div class=\"elementor-element elementor-element-643ba38 e-con-full obcs none e-flex e-con e-child\" data-id=\"643ba38\" data-element_type=\"container\">\n\t\t\t\t<div class=\"elementor-element elementor-element-5828369 elementor-toc--minimized-on-desktop elementor-widget elementor-widget-table-of-contents\" data-id=\"5828369\" data-element_type=\"widget\" data-settings=\"{&quot;exclude_headings_by_selector&quot;:[],&quot;minimized_on&quot;:&quot;desktop&quot;,&quot;no_headings_message&quot;:&quot;Non sono state trovate intestazioni in questa pagina.&quot;,&quot;headings_by_tags&quot;:[&quot;h2&quot;,&quot;h3&quot;,&quot;h4&quot;,&quot;h5&quot;,&quot;h6&quot;],&quot;marker_view&quot;:&quot;numbers&quot;,&quot;minimize_box&quot;:&quot;yes&quot;,&quot;hierarchical_view&quot;:&quot;yes&quot;,&quot;min_height&quot;:{&quot;unit&quot;:&quot;px&quot;,&quot;size&quot;:&quot;&quot;,&quot;sizes&quot;:[]},&quot;min_height_tablet&quot;:{&quot;unit&quot;:&quot;px&quot;,&quot;size&quot;:&quot;&quot;,&quot;sizes&quot;:[]},&quot;min_height_mobile&quot;:{&quot;unit&quot;:&quot;px&quot;,&quot;size&quot;:&quot;&quot;,&quot;sizes&quot;:[]}}\" data-widget_type=\"table-of-contents.default\">\n\t\t\t\t<div class=\"elementor-widget-container\">\n\t\t\t\t\t\t\t\t\t<div class=\"elementor-toc__header\">\n\t\t\t\t\t\t<h4 class=\"elementor-toc__header-title\">\n\t\t\t\tIndice\t\t\t<\/h4>\n\t\t\t\t\t\t\t\t\t\t<div class=\"elementor-toc__toggle-button elementor-toc__toggle-button--expand\" role=\"button\" tabindex=\"0\" aria-controls=\"elementor-toc__5828369\" aria-expanded=\"true\" aria-label=\"Apri l&#039;indice dei contenuti\"><i aria-hidden=\"true\" class=\"fas fa-chevron-down\"><\/i><\/div>\n\t\t\t\t<div class=\"elementor-toc__toggle-button elementor-toc__toggle-button--collapse\" role=\"button\" tabindex=\"0\" aria-controls=\"elementor-toc__5828369\" aria-expanded=\"true\" aria-label=\"Chiudi l&#039;indice dei contenuti\"><i aria-hidden=\"true\" class=\"fas fa-chevron-up\"><\/i><\/div>\n\t\t\t\t\t<\/div>\n\t\t\t\t<div id=\"elementor-toc__5828369\" class=\"elementor-toc__body\">\n\t\t\t<div class=\"elementor-toc__spinner-container\">\n\t\t\t\t<i class=\"elementor-toc__spinner eicon-animation-spin eicon-loading\" aria-hidden=\"true\"><\/i>\t\t\t<\/div>\n\t\t<\/div>\n\t\t\t\t\t\t<\/div>\n\t\t\t\t<\/div>\n\t\t\t\t<\/div>\n\t\t\t\t\t<\/div>\n\t\t\t\t<\/div>\n\t\t<div class=\"elementor-element elementor-element-49ca4f5 obcs none e-flex e-con-boxed e-con e-parent\" data-id=\"49ca4f5\" data-element_type=\"container\">\n\t\t\t\t\t<div class=\"e-con-inner\">\n\t\t<div class=\"elementor-element elementor-element-7e85071 e-con-full obcs none e-flex e-con e-child\" data-id=\"7e85071\" data-element_type=\"container\">\n\t\t\t\t<div class=\"elementor-element elementor-element-b5d1f70 e-transform elementor-widget elementor-widget-image\" data-id=\"b5d1f70\" data-element_type=\"widget\" data-settings=\"{&quot;_transform_rotateZ_effect&quot;:{&quot;unit&quot;:&quot;px&quot;,&quot;size&quot;:&quot;0&quot;,&quot;sizes&quot;:[]},&quot;_transform_rotate_3d&quot;:&quot;yes&quot;,&quot;_transform_rotateX_effect&quot;:{&quot;unit&quot;:&quot;px&quot;,&quot;size&quot;:&quot;0&quot;,&quot;sizes&quot;:[]},&quot;_transform_rotateY_effect&quot;:{&quot;unit&quot;:&quot;px&quot;,&quot;size&quot;:&quot;4&quot;,&quot;sizes&quot;:[]},&quot;_transform_perspective_effect&quot;:{&quot;unit&quot;:&quot;px&quot;,&quot;size&quot;:&quot;650&quot;,&quot;sizes&quot;:[]},&quot;_transform_rotateZ_effect_tablet&quot;:{&quot;unit&quot;:&quot;deg&quot;,&quot;size&quot;:&quot;&quot;,&quot;sizes&quot;:[]},&quot;_transform_rotateZ_effect_mobile&quot;:{&quot;unit&quot;:&quot;deg&quot;,&quot;size&quot;:&quot;&quot;,&quot;sizes&quot;:[]},&quot;_transform_rotateX_effect_tablet&quot;:{&quot;unit&quot;:&quot;deg&quot;,&quot;size&quot;:&quot;&quot;,&quot;sizes&quot;:[]},&quot;_transform_rotateX_effect_mobile&quot;:{&quot;unit&quot;:&quot;deg&quot;,&quot;size&quot;:&quot;&quot;,&quot;sizes&quot;:[]},&quot;_transform_rotateY_effect_tablet&quot;:{&quot;unit&quot;:&quot;deg&quot;,&quot;size&quot;:&quot;&quot;,&quot;sizes&quot;:[]},&quot;_transform_rotateY_effect_mobile&quot;:{&quot;unit&quot;:&quot;deg&quot;,&quot;size&quot;:&quot;&quot;,&quot;sizes&quot;:[]},&quot;_transform_perspective_effect_tablet&quot;:{&quot;unit&quot;:&quot;px&quot;,&quot;size&quot;:&quot;&quot;,&quot;sizes&quot;:[]},&quot;_transform_perspective_effect_mobile&quot;:{&quot;unit&quot;:&quot;px&quot;,&quot;size&quot;:&quot;&quot;,&quot;sizes&quot;:[]}}\" data-widget_type=\"image.default\">\n\t\t\t\t<div class=\"elementor-widget-container\">\n\t\t\t\t\t\t\t\t\t\t\t\t\t\t\t<img fetchpriority=\"high\" decoding=\"async\" width=\"800\" height=\"698\" src=\"https:\/\/www.omni-biotic.com\/it-it\/wp-content\/uploads\/sites\/5\/2023\/06\/reizdarm-was-ist-das-reizdarmsyndrom-1024x894-1.jpg\" class=\"attachment-large size-large wp-image-17858\" alt=\"sindrome-intestino-irritabile\" srcset=\"https:\/\/www.omni-biotic.com\/it-it\/wp-content\/uploads\/sites\/5\/2023\/06\/reizdarm-was-ist-das-reizdarmsyndrom-1024x894-1.jpg 1024w, https:\/\/www.omni-biotic.com\/it-it\/wp-content\/uploads\/sites\/5\/2023\/06\/reizdarm-was-ist-das-reizdarmsyndrom-1024x894-1-300x262.jpg 300w, https:\/\/www.omni-biotic.com\/it-it\/wp-content\/uploads\/sites\/5\/2023\/06\/reizdarm-was-ist-das-reizdarmsyndrom-1024x894-1-768x671.jpg 768w\" sizes=\"(max-width: 800px) 100vw, 800px\" \/>\t\t\t\t\t\t\t\t\t\t\t\t\t\t\t<\/div>\n\t\t\t\t<\/div>\n\t\t\t\t<\/div>\n\t\t<div class=\"elementor-element elementor-element-47c7e31 e-con-full obcs none e-flex e-con e-child\" data-id=\"47c7e31\" data-element_type=\"container\">\n\t\t\t\t<div class=\"elementor-element elementor-element-a6c7c2a elementor-widget elementor-widget-heading\" data-id=\"a6c7c2a\" data-element_type=\"widget\" data-widget_type=\"heading.default\">\n\t\t\t\t<div class=\"elementor-widget-container\">\n\t\t\t\t\t<h2 class=\"elementor-heading-title elementor-size-default\">Che cos'\u00e8 la sindrome dell'intestino irritabile (IBS)?<\/h2>\t\t\t\t<\/div>\n\t\t\t\t<\/div>\n\t\t\t\t<div class=\"elementor-element elementor-element-f6b3b62 elementor-widget elementor-widget-text-editor\" data-id=\"f6b3b62\" data-element_type=\"widget\" data-widget_type=\"text-editor.default\">\n\t\t\t\t<div class=\"elementor-widget-container\">\n\t\t\t\t\t\t\t\t\t<p>La\u00a0<a href=\"https:\/\/www.omni-biotic.com\/it-it\/blog\/intestino-irritabile-e-impatto-sulla-qualita-della-vita\/\"><strong>sindrome dell&#8217;intestino irritabile<\/strong><\/a> o IBS (dall\u2019inglese Irritable Bowel Syndrome) rappresenta uno dei disturbi funzionali pi\u00f9 diffusi del tratto gastrointestinale. Questo disturbo, anche conosciuto come sindrome del colon irritabile, non interessa solo il colon, bens\u00ec l&#8217;intero apparato digerente. Nel caso dell\u2019<strong>IBS<\/strong>, i sintomi sono veri e debilitanti, ma non sono causati da una malattia organica identificabile. Si parla per questo di <strong>disturbo funzionale<\/strong>, cio\u00e8 il problema sta nel funzionamento dell\u2019intestino, non nella sua struttura.<\/p><p>Si stima che circa il<strong> 20%<\/strong> della popolazione nei paesi industrializzati soffra, in misura variabile, della sindrome dell\u2019intestino irritabile. Le <strong>donne<\/strong> risultano colpite con una frequenza <strong>doppia<\/strong> rispetto agli uomini. Nella maggior parte dei casi, i primi sintomi compaiono in giovane et\u00e0, tra i 20 e i 30 anni, e tendono a persistere per mesi, se non anni. In molti pazienti, uno dei possibili fattori scatenanti \u00e8 l\u2019assunzione di <strong>antibiotici<\/strong> durante o dopo un\u2019infezione intestinale, condizione nota come sindrome dell\u2019intestino irritabile post-infettiva. Vivere con l\u2019IBS pu\u00f2 avere un impatto significativo sulla <strong>qualit\u00e0 della vita<\/strong>, compromettendo il benessere fisico, psicologico e sociale.<\/p>\t\t\t\t\t\t\t\t<\/div>\n\t\t\t\t<\/div>\n\t\t\t\t<\/div>\n\t\t\t\t\t<\/div>\n\t\t\t\t<\/div>\n\t\t<div class=\"elementor-element elementor-element-988156f obcs green e-flex e-con-boxed e-con e-parent\" data-id=\"988156f\" data-element_type=\"container\">\n\t\t\t\t\t<div class=\"e-con-inner\">\n\t\t<div class=\"elementor-element elementor-element-650d3fd e-con-full obcs none e-flex e-con e-child\" data-id=\"650d3fd\" data-element_type=\"container\">\n\t\t\t\t<div class=\"elementor-element elementor-element-9b6070c elementor-widget elementor-widget-heading\" data-id=\"9b6070c\" data-element_type=\"widget\" data-widget_type=\"heading.default\">\n\t\t\t\t<div class=\"elementor-widget-container\">\n\t\t\t\t\t<h2 class=\"elementor-heading-title elementor-size-default\">Quali sono i sintomi della sindrome dell'intestino irritabile?<\/h2>\t\t\t\t<\/div>\n\t\t\t\t<\/div>\n\t\t\t\t<div class=\"elementor-element elementor-element-5b89b74 elementor-widget elementor-widget-text-editor\" data-id=\"5b89b74\" data-element_type=\"widget\" data-widget_type=\"text-editor.default\">\n\t\t\t\t<div class=\"elementor-widget-container\">\n\t\t\t\t\t\t\t\t\t<p>I sintomi pi\u00f9 comuni sono\u00a0<strong>dolori e crampi addominali, <a href=\"https:\/\/www.omni-biotic.com\/it\/meteorismo\/\" data-kmt=\"1\">meteorismo<\/a>,\u00a0<a href=\"https:\/\/www.omni-biotic.com\/it\/stitichezza\/\" data-kmt=\"1\">stitichezza<\/a>\u00a0<\/strong>e\/o<a href=\"https:\/\/www.omni-biotic.com\/it\/diarrea\/\" data-kmt=\"1\"><strong>\u00a0diarrea<\/strong><\/a>. Lo stress inoltre, pu\u00f2 intensificare i sintomi. Dopo l\u2019evacuazione i sintomi possono scomparire oppure aumentare a fine pasto, soprattutto dopo aver mangiato troppo. \u00c8 infatti possibile che gli enzimi digestivi non siano sufficienti a scindere gli alimenti, motivo per cui subentrano fenomeni di putrefazione e fermentazione che causano a loro volta <strong>meteorismo<\/strong>.<\/p><p>Talvolta si ha inoltre la sensazione di non riuscire a svuotare completamente l&#8217;intestino e si possono manifestare disturbi quali <strong>reflusso gastrico<\/strong>, <strong>eruttazioni<\/strong> e <strong>rumori intestinali<\/strong>. La diagnosi di sindrome dell&#8217;intestino irritabile si pu\u00f2 formulare solo dopo aver escluso altre malattie organiche gravi. La malattia in s\u00e9 viene percepita dal paziente come un peso, ma non \u00e8 pericolosa.<\/p>\t\t\t\t\t\t\t\t<\/div>\n\t\t\t\t<\/div>\n\t\t\t\t<\/div>\n\t\t<div class=\"elementor-element elementor-element-f878487 e-con-full obcs none e-flex e-con e-child\" data-id=\"f878487\" data-element_type=\"container\">\n\t\t\t\t<div class=\"elementor-element elementor-element-b4c4302 e-transform elementor-widget elementor-widget-image\" data-id=\"b4c4302\" data-element_type=\"widget\" data-settings=\"{&quot;_transform_rotateZ_effect&quot;:{&quot;unit&quot;:&quot;px&quot;,&quot;size&quot;:&quot;0&quot;,&quot;sizes&quot;:[]},&quot;_transform_rotate_3d&quot;:&quot;yes&quot;,&quot;_transform_rotateX_effect&quot;:{&quot;unit&quot;:&quot;px&quot;,&quot;size&quot;:&quot;0&quot;,&quot;sizes&quot;:[]},&quot;_transform_rotateY_effect&quot;:{&quot;unit&quot;:&quot;px&quot;,&quot;size&quot;:&quot;-4&quot;,&quot;sizes&quot;:[]},&quot;_transform_perspective_effect&quot;:{&quot;unit&quot;:&quot;px&quot;,&quot;size&quot;:&quot;650&quot;,&quot;sizes&quot;:[]},&quot;_transform_rotateZ_effect_tablet&quot;:{&quot;unit&quot;:&quot;deg&quot;,&quot;size&quot;:&quot;&quot;,&quot;sizes&quot;:[]},&quot;_transform_rotateZ_effect_mobile&quot;:{&quot;unit&quot;:&quot;deg&quot;,&quot;size&quot;:&quot;&quot;,&quot;sizes&quot;:[]},&quot;_transform_rotateX_effect_tablet&quot;:{&quot;unit&quot;:&quot;deg&quot;,&quot;size&quot;:&quot;&quot;,&quot;sizes&quot;:[]},&quot;_transform_rotateX_effect_mobile&quot;:{&quot;unit&quot;:&quot;deg&quot;,&quot;size&quot;:&quot;&quot;,&quot;sizes&quot;:[]},&quot;_transform_rotateY_effect_tablet&quot;:{&quot;unit&quot;:&quot;deg&quot;,&quot;size&quot;:&quot;&quot;,&quot;sizes&quot;:[]},&quot;_transform_rotateY_effect_mobile&quot;:{&quot;unit&quot;:&quot;deg&quot;,&quot;size&quot;:&quot;&quot;,&quot;sizes&quot;:[]},&quot;_transform_perspective_effect_tablet&quot;:{&quot;unit&quot;:&quot;px&quot;,&quot;size&quot;:&quot;&quot;,&quot;sizes&quot;:[]},&quot;_transform_perspective_effect_mobile&quot;:{&quot;unit&quot;:&quot;px&quot;,&quot;size&quot;:&quot;&quot;,&quot;sizes&quot;:[]}}\" data-widget_type=\"image.default\">\n\t\t\t\t<div class=\"elementor-widget-container\">\n\t\t\t\t\t\t\t\t\t\t\t\t\t\t\t<img decoding=\"async\" width=\"800\" height=\"799\" src=\"https:\/\/www.omni-biotic.com\/it-it\/wp-content\/uploads\/sites\/5\/2023\/06\/symptome-reizdarmsyndrom.jpg\" class=\"attachment-large size-large wp-image-17862\" alt=\"sindrome-intestino-irritabile\" srcset=\"https:\/\/www.omni-biotic.com\/it-it\/wp-content\/uploads\/sites\/5\/2023\/06\/symptome-reizdarmsyndrom.jpg 800w, https:\/\/www.omni-biotic.com\/it-it\/wp-content\/uploads\/sites\/5\/2023\/06\/symptome-reizdarmsyndrom-300x300.jpg 300w, https:\/\/www.omni-biotic.com\/it-it\/wp-content\/uploads\/sites\/5\/2023\/06\/symptome-reizdarmsyndrom-150x150.jpg 150w, https:\/\/www.omni-biotic.com\/it-it\/wp-content\/uploads\/sites\/5\/2023\/06\/symptome-reizdarmsyndrom-768x767.jpg 768w\" sizes=\"(max-width: 800px) 100vw, 800px\" \/>\t\t\t\t\t\t\t\t\t\t\t\t\t\t\t<\/div>\n\t\t\t\t<\/div>\n\t\t\t\t<\/div>\n\t\t\t\t\t<\/div>\n\t\t\t\t<\/div>\n\t\t<div class=\"elementor-element elementor-element-28551dd obcs none e-flex e-con-boxed e-con e-parent\" data-id=\"28551dd\" data-element_type=\"container\">\n\t\t\t\t\t<div class=\"e-con-inner\">\n\t\t<div class=\"elementor-element elementor-element-3feb20c e-con-full obcs none e-flex elementor-invisible e-con e-child\" data-id=\"3feb20c\" data-element_type=\"container\" data-settings=\"{&quot;animation&quot;:&quot;bounceInLeft&quot;}\">\n\t\t<div class=\"elementor-element elementor-element-f1267dc obcs none e-flex e-con-boxed e-con e-child\" data-id=\"f1267dc\" data-element_type=\"container\">\n\t\t\t\t\t<div class=\"e-con-inner\">\n\t\t\t\t<div class=\"elementor-element elementor-element-0f40db8 elementor-widget elementor-widget-image\" data-id=\"0f40db8\" data-element_type=\"widget\" data-widget_type=\"image.default\">\n\t\t\t\t<div class=\"elementor-widget-container\">\n\t\t\t\t\t\t\t\t\t\t\t\t\t\t\t<img decoding=\"async\" width=\"150\" height=\"150\" src=\"https:\/\/www.omni-biotic.com\/it-it\/wp-content\/uploads\/sites\/5\/2023\/06\/reizdarm-irritable-bowl-syndrom-150x150-1.png\" class=\"attachment-thumbnail size-thumbnail wp-image-17866\" alt=\"\" \/>\t\t\t\t\t\t\t\t\t\t\t\t\t\t\t<\/div>\n\t\t\t\t<\/div>\n\t\t\t\t<div class=\"elementor-element elementor-element-42ea377 elementor-widget elementor-widget-heading\" data-id=\"42ea377\" data-element_type=\"widget\" data-widget_type=\"heading.default\">\n\t\t\t\t<div class=\"elementor-widget-container\">\n\t\t\t\t\t<h2 class=\"elementor-heading-title elementor-size-default\">Disturbi legati all'IBS<\/h2>\t\t\t\t<\/div>\n\t\t\t\t<\/div>\n\t\t\t\t\t<\/div>\n\t\t\t\t<\/div>\n\t\t\t\t<div class=\"elementor-element elementor-element-3169ccf elementor-widget elementor-widget-text-editor\" data-id=\"3169ccf\" data-element_type=\"widget\" data-widget_type=\"text-editor.default\">\n\t\t\t\t<div class=\"elementor-widget-container\">\n\t\t\t\t\t\t\t\t\t<p>Si parla di <strong>IBS<\/strong> quando si verificano le seguenti 3 condizioni:<\/p><ol><li>si avvertono\u00a0<strong>disturbi cronici<\/strong>, ossia persistenti da pi\u00f9 di tre mesi\u00a0(come dolore addominale, meteorismo), riconducibili\u00a0all\u2019intestino\u00a0e associati spesso ad<strong>\u00a0alterazioni <\/strong>della<strong> motilit\u00e0 intestinale<\/strong>\u00a0(diarrea, stitichezza o alternanza tra diarrea e stitichezza);<\/li><li>i disturbi spingono il paziente a consultare un medico e\/o a preoccuparsi e sono cos\u00ec forti da compromettere sensibilmente la\u00a0<strong>qualit\u00e0 della vita<\/strong>.<\/li><li><strong>non\u00a0<\/strong>devono verificarsi\u00a0<strong>cambiamenti\u00a0<\/strong>tipici di altri quadri clinici che potrebbero essere responsabili di tali disturbi.<\/li><\/ol>\t\t\t\t\t\t\t\t<\/div>\n\t\t\t\t<\/div>\n\t\t\t\t<\/div>\n\t\t<div class=\"elementor-element elementor-element-5ef3805 e-con-full obcs none e-flex e-con e-child\" data-id=\"5ef3805\" data-element_type=\"container\">\n\t\t\t\t<\/div>\n\t\t<div class=\"elementor-element elementor-element-498aa52 e-con-full obcs none e-flex elementor-invisible e-con e-child\" data-id=\"498aa52\" data-element_type=\"container\" data-settings=\"{&quot;animation&quot;:&quot;bounceInRight&quot;}\">\n\t\t<div class=\"elementor-element elementor-element-d78a223 obcs none e-flex e-con-boxed e-con e-child\" data-id=\"d78a223\" data-element_type=\"container\">\n\t\t\t\t\t<div class=\"e-con-inner\">\n\t\t\t\t<div class=\"elementor-element elementor-element-b63bac5 elementor-widget elementor-widget-image\" data-id=\"b63bac5\" data-element_type=\"widget\" data-widget_type=\"image.default\">\n\t\t\t\t<div class=\"elementor-widget-container\">\n\t\t\t\t\t\t\t\t\t\t\t\t\t\t\t<img loading=\"lazy\" decoding=\"async\" width=\"250\" height=\"207\" src=\"https:\/\/www.omni-biotic.com\/it-it\/wp-content\/uploads\/sites\/5\/2021\/02\/symptome-reizdarm-rds.png\" class=\"attachment-full-hd size-full-hd wp-image-33431\" alt=\"sindrome dell&#039;intestino irritabile\" \/>\t\t\t\t\t\t\t\t\t\t\t\t\t\t\t<\/div>\n\t\t\t\t<\/div>\n\t\t\t\t<div class=\"elementor-element elementor-element-fa13bb3 elementor-widget elementor-widget-heading\" data-id=\"fa13bb3\" data-element_type=\"widget\" data-widget_type=\"heading.default\">\n\t\t\t\t<div class=\"elementor-widget-container\">\n\t\t\t\t\t<h2 class=\"elementor-heading-title elementor-size-default\">Sintomi concomitanti<\/h2>\t\t\t\t<\/div>\n\t\t\t\t<\/div>\n\t\t\t\t\t<\/div>\n\t\t\t\t<\/div>\n\t\t\t\t<div class=\"elementor-element elementor-element-0218749 elementor-widget elementor-widget-text-editor\" data-id=\"0218749\" data-element_type=\"widget\" data-widget_type=\"text-editor.default\">\n\t\t\t\t<div class=\"elementor-widget-container\">\n\t\t\t\t\t\t\t\t\t<p>I pazienti affetti da sindrome dell&#8217;intestino irritabile presentano spesso anche i seguenti disturbi:<\/p><ul><li>stati di ansia<\/li><li>depressione<\/li><li>insonnia<\/li><li>sindrome da stanchezza cronica (SSC)<\/li><li>mal di testa (emicrania)<\/li><li>fibromialgia (il cosiddetto reumatismo extra-articolare con sintomi dolorosi diffusi)<\/li><li>disturbi mestruali<\/li><\/ul>\t\t\t\t\t\t\t\t<\/div>\n\t\t\t\t<\/div>\n\t\t\t\t<\/div>\n\t\t\t\t\t<\/div>\n\t\t\t\t<\/div>\n\t\t<div class=\"elementor-element elementor-element-1bedde4 obcs none e-flex e-con-boxed e-con e-parent\" data-id=\"1bedde4\" data-element_type=\"container\" data-settings=\"{&quot;background_background&quot;:&quot;classic&quot;,&quot;shape_divider_top&quot;:&quot;waves&quot;,&quot;shape_divider_bottom&quot;:&quot;waves&quot;}\">\n\t\t\t\t\t<div class=\"e-con-inner\">\n\t\t\t\t<div class=\"elementor-shape elementor-shape-top\" aria-hidden=\"true\" data-negative=\"false\">\n\t\t\t<svg xmlns=\"http:\/\/www.w3.org\/2000\/svg\" viewBox=\"0 0 1000 100\" preserveAspectRatio=\"none\">\n\t<path class=\"elementor-shape-fill\" d=\"M421.9,6.5c22.6-2.5,51.5,0.4,75.5,5.3c23.6,4.9,70.9,23.5,100.5,35.7c75.8,32.2,133.7,44.5,192.6,49.7\n\tc23.6,2.1,48.7,3.5,103.4-2.5c54.7-6,106.2-25.6,106.2-25.6V0H0v30.3c0,0,72,32.6,158.4,30.5c39.2-0.7,92.8-6.7,134-22.4\n\tc21.2-8.1,52.2-18.2,79.7-24.2C399.3,7.9,411.6,7.5,421.9,6.5z\"\/>\n<\/svg>\t\t<\/div>\n\t\t\t\t<div class=\"elementor-shape elementor-shape-bottom\" aria-hidden=\"true\" data-negative=\"false\">\n\t\t\t<svg xmlns=\"http:\/\/www.w3.org\/2000\/svg\" viewBox=\"0 0 1000 100\" preserveAspectRatio=\"none\">\n\t<path class=\"elementor-shape-fill\" d=\"M421.9,6.5c22.6-2.5,51.5,0.4,75.5,5.3c23.6,4.9,70.9,23.5,100.5,35.7c75.8,32.2,133.7,44.5,192.6,49.7\n\tc23.6,2.1,48.7,3.5,103.4-2.5c54.7-6,106.2-25.6,106.2-25.6V0H0v30.3c0,0,72,32.6,158.4,30.5c39.2-0.7,92.8-6.7,134-22.4\n\tc21.2-8.1,52.2-18.2,79.7-24.2C399.3,7.9,411.6,7.5,421.9,6.5z\"\/>\n<\/svg>\t\t<\/div>\n\t\t\t\t<div class=\"elementor-element elementor-element-17b8e43 elementor-widget__width-inherit elementor-widget elementor-widget-heading\" data-id=\"17b8e43\" data-element_type=\"widget\" data-widget_type=\"heading.default\">\n\t\t\t\t<div class=\"elementor-widget-container\">\n\t\t\t\t\t<h2 class=\"elementor-heading-title elementor-size-default\">Qual \u00e8 l'impatto dell'IBS sulla vita quotidiana?<\/h2>\t\t\t\t<\/div>\n\t\t\t\t<\/div>\n\t\t\t\t<div class=\"elementor-element elementor-element-cfff238 elementor-widget elementor-widget-text-editor\" data-id=\"cfff238\" data-element_type=\"widget\" data-widget_type=\"text-editor.default\">\n\t\t\t\t<div class=\"elementor-widget-container\">\n\t\t\t\t\t\t\t\t\t<p>Una <strong>cena<\/strong> con amici, un <strong>concerto<\/strong>, un <strong>weekend<\/strong> fuori porta. Per molti, sono momenti di svago e leggerezza, ma per chi convive con la sindrome dell\u2019intestino irritabile (IBS) possono trasformarsi in vere e proprie <strong>fonti di stress<\/strong>. Dopo una diagnosi, \u00e8 normale doversi adattare a nuove abitudini: ci sono scelte alimentari da rivedere e situazioni da affrontare con pi\u00f9 consapevolezza. Imparare a conoscere i segnali dell\u2019IBS aiuta a gestire meglio la quotidianit\u00e0 e le occasioni sociali. Cos\u00ec, uscite e viaggi tornano a essere momenti di piacere \u2014 non pi\u00f9 un ostacolo, ma parte di una vita vissuta con equilibrio.<\/p>\t\t\t\t\t\t\t\t<\/div>\n\t\t\t\t<\/div>\n\t\t\t\t<div class=\"elementor-element elementor-element-2dc6e1e elementor-align-center elementor-widget__width-inherit elementor-widget elementor-widget-button\" data-id=\"2dc6e1e\" data-element_type=\"widget\" data-widget_type=\"button.default\">\n\t\t\t\t<div class=\"elementor-widget-container\">\n\t\t\t\t\t\t\t\t\t<div class=\"elementor-button-wrapper\">\n\t\t\t\t\t<a class=\"elementor-button elementor-button-link elementor-size-lg\" href=\"https:\/\/www.omni-biotic.com\/it-it\/blog\/intestino-irritabile-e-impatto-sulla-qualita-della-vita\/\">\n\t\t\t\t\t\t<span class=\"elementor-button-content-wrapper\">\n\t\t\t\t\t\t\t\t\t<span class=\"elementor-button-text\">Clicca per saperne di pi\u00f9<\/span>\n\t\t\t\t\t<\/span>\n\t\t\t\t\t<\/a>\n\t\t\t\t<\/div>\n\t\t\t\t\t\t\t\t<\/div>\n\t\t\t\t<\/div>\n\t\t\t\t\t<\/div>\n\t\t\t\t<\/div>\n\t\t<div class=\"elementor-element elementor-element-24d453f obcs green e-flex e-con-boxed e-con e-parent\" data-id=\"24d453f\" data-element_type=\"container\">\n\t\t\t\t\t<div class=\"e-con-inner\">\n\t\t<div class=\"elementor-element elementor-element-c61f782 e-con-full obcs none e-flex e-con e-child\" data-id=\"c61f782\" data-element_type=\"container\">\n\t\t\t\t<div class=\"elementor-element elementor-element-ec7f081 e-transform elementor-widget elementor-widget-image\" data-id=\"ec7f081\" data-element_type=\"widget\" data-settings=\"{&quot;_transform_rotateZ_effect&quot;:{&quot;unit&quot;:&quot;px&quot;,&quot;size&quot;:&quot;0&quot;,&quot;sizes&quot;:[]},&quot;_transform_rotate_3d&quot;:&quot;yes&quot;,&quot;_transform_rotateX_effect&quot;:{&quot;unit&quot;:&quot;px&quot;,&quot;size&quot;:&quot;0&quot;,&quot;sizes&quot;:[]},&quot;_transform_rotateY_effect&quot;:{&quot;unit&quot;:&quot;px&quot;,&quot;size&quot;:&quot;4&quot;,&quot;sizes&quot;:[]},&quot;_transform_perspective_effect&quot;:{&quot;unit&quot;:&quot;px&quot;,&quot;size&quot;:&quot;650&quot;,&quot;sizes&quot;:[]},&quot;_transform_rotateZ_effect_tablet&quot;:{&quot;unit&quot;:&quot;deg&quot;,&quot;size&quot;:&quot;&quot;,&quot;sizes&quot;:[]},&quot;_transform_rotateZ_effect_mobile&quot;:{&quot;unit&quot;:&quot;deg&quot;,&quot;size&quot;:&quot;&quot;,&quot;sizes&quot;:[]},&quot;_transform_rotateX_effect_tablet&quot;:{&quot;unit&quot;:&quot;deg&quot;,&quot;size&quot;:&quot;&quot;,&quot;sizes&quot;:[]},&quot;_transform_rotateX_effect_mobile&quot;:{&quot;unit&quot;:&quot;deg&quot;,&quot;size&quot;:&quot;&quot;,&quot;sizes&quot;:[]},&quot;_transform_rotateY_effect_tablet&quot;:{&quot;unit&quot;:&quot;deg&quot;,&quot;size&quot;:&quot;&quot;,&quot;sizes&quot;:[]},&quot;_transform_rotateY_effect_mobile&quot;:{&quot;unit&quot;:&quot;deg&quot;,&quot;size&quot;:&quot;&quot;,&quot;sizes&quot;:[]},&quot;_transform_perspective_effect_tablet&quot;:{&quot;unit&quot;:&quot;px&quot;,&quot;size&quot;:&quot;&quot;,&quot;sizes&quot;:[]},&quot;_transform_perspective_effect_mobile&quot;:{&quot;unit&quot;:&quot;px&quot;,&quot;size&quot;:&quot;&quot;,&quot;sizes&quot;:[]}}\" data-widget_type=\"image.default\">\n\t\t\t\t<div class=\"elementor-widget-container\">\n\t\t\t\t\t\t\t\t\t\t\t\t\t\t\t<img loading=\"lazy\" decoding=\"async\" width=\"800\" height=\"762\" src=\"https:\/\/www.omni-biotic.com\/it-it\/wp-content\/uploads\/sites\/5\/2022\/11\/ursachen-reizdarm.jpg\" class=\"attachment-large size-large wp-image-12236\" alt=\"IBS\" srcset=\"https:\/\/www.omni-biotic.com\/it-it\/wp-content\/uploads\/sites\/5\/2022\/11\/ursachen-reizdarm.jpg 800w, https:\/\/www.omni-biotic.com\/it-it\/wp-content\/uploads\/sites\/5\/2022\/11\/ursachen-reizdarm-300x286.jpg 300w, https:\/\/www.omni-biotic.com\/it-it\/wp-content\/uploads\/sites\/5\/2022\/11\/ursachen-reizdarm-768x732.jpg 768w\" sizes=\"(max-width: 800px) 100vw, 800px\" \/>\t\t\t\t\t\t\t\t\t\t\t\t\t\t\t<\/div>\n\t\t\t\t<\/div>\n\t\t\t\t<\/div>\n\t\t<div class=\"elementor-element elementor-element-cf3c7fc e-con-full obcs none e-flex e-con e-child\" data-id=\"cf3c7fc\" data-element_type=\"container\">\n\t\t\t\t<div class=\"elementor-element elementor-element-7c0e70b elementor-widget elementor-widget-heading\" data-id=\"7c0e70b\" data-element_type=\"widget\" data-widget_type=\"heading.default\">\n\t\t\t\t<div class=\"elementor-widget-container\">\n\t\t\t\t\t<h2 class=\"elementor-heading-title elementor-size-default\">Cause del colon irritabile<\/h2>\t\t\t\t<\/div>\n\t\t\t\t<\/div>\n\t\t\t\t<div class=\"elementor-element elementor-element-86c7a86 elementor-widget elementor-widget-text-editor\" data-id=\"86c7a86\" data-element_type=\"widget\" data-widget_type=\"text-editor.default\">\n\t\t\t\t<div class=\"elementor-widget-container\">\n\t\t\t\t\t\t\t\t\t<p>Le cause del colon irritabile (IBS) non sono ancora completamente comprese, ma esistono <strong>diverse teorie<\/strong> scientifiche al riguardo. Tra i possibili fattori scatenanti si ipotizzano <strong>infezioni batteriche<\/strong> del tratto gastrointestinale, <strong>alterazioni della funzione immunitaria<\/strong> a livello dell\u2019apparato digerente e disturbi della <strong>motilit\u00e0 intestinale<\/strong>, come una peristalsi anomala. Gli scienziati hanno osservato numerosi <strong>cambiamenti caratteristici<\/strong> nell\u2019intestino delle persone affette da IBS. Tuttavia, queste alterazioni non sono specifiche solo della sindrome dell\u2019intestino irritabile: si riscontrano in parte anche in altre condizioni, come le malattie infiammatorie croniche intestinali, la diverticolite e le intolleranze alimentari.<\/p><p>Nelle persone affette da <strong>IBS<\/strong> il cibo passa attraverso il tratto digerente troppo velocemente oppure troppo lentamente. La durata di tale transito pu\u00f2 provocare <strong>diarrea<\/strong>\u00a0o\u00a0<strong>stitichezza.\u00a0<\/strong>Nel primo caso il transito \u00e8 talmente veloce da non permettere il riassorbimento dei liquidi, quindi le feci risulteranno liquide. Nel secondo caso, invece, il transito intestinale \u00e8 troppo lento. Un&#8217;altra causa potrebbe essere data da una flora batterica intestinale alterata, per la quale i batteri intestinali &#8220;buoni&#8221; che favoriscono il processo digestivo sono in netta minoranza rispetto a quelli &#8220;cattivi&#8221;. Ne consegue un aumento della produzione di gas intestinali che provoca a sua volta\u00a0<strong>meteorismo\u00a0<\/strong>e\u00a0forti\u00a0<strong>dolori addominali<\/strong>. I pazienti con sindrome da intestino irritabile accusano pi\u00f9 facilmente dolore, anche a causa di una <strong>soglia del dolore<\/strong> inferiore in risposta alla distensione addominale. La barriera intestinale che ci protegge dagli agenti patogeni si indebolisce e la parete intestinale diventa dunque pi\u00f9 permeabile (\u201c<strong><a href=\"https:\/\/www.omni-biotic.com\/it-it\/problemi-intestinali\/leaky-gut\/\">leaky gut<\/a><\/strong>\u201d o intestino gocciolante) impedendo all&#8217;organismo di eliminare le tossine in modo corretto. Lo <strong>stress<\/strong> pu\u00f2 inoltre aggravare i disturbi rendendo i pazienti affetti da sindrome dell&#8217;intestino irritabile pi\u00f9 suscettibili a <strong>depressione<\/strong> e <strong>attacchi di panico<\/strong>, tanto che in alcuni casi si parla di una disfunzione del sistema nervoso autonomo associato a disturbi psicosomatici.<\/p>\t\t\t\t\t\t\t\t<\/div>\n\t\t\t\t<\/div>\n\t\t\t\t<\/div>\n\t\t\t\t\t<\/div>\n\t\t\t\t<\/div>\n\t\t<div class=\"elementor-element elementor-element-ec3c15d obcs blue e-flex e-con-boxed e-con e-parent\" data-id=\"ec3c15d\" data-element_type=\"container\">\n\t\t\t\t\t<div class=\"e-con-inner\">\n\t\t<div class=\"elementor-element elementor-element-179f4ef obcs none e-flex e-con-boxed e-con e-child\" data-id=\"179f4ef\" data-element_type=\"container\">\n\t\t\t\t\t<div class=\"e-con-inner\">\n\t\t\t\t<div class=\"elementor-element elementor-element-4d6ce16 elementor-widget elementor-widget-heading\" data-id=\"4d6ce16\" data-element_type=\"widget\" data-widget_type=\"heading.default\">\n\t\t\t\t<div class=\"elementor-widget-container\">\n\t\t\t\t\t<h3 class=\"elementor-heading-title elementor-size-default\">Ulteriori fattori scatenanti dell'IBS<\/h3>\t\t\t\t<\/div>\n\t\t\t\t<\/div>\n\t\t\t\t<div class=\"elementor-element elementor-element-08dad4a elementor-widget elementor-widget-toggle\" data-id=\"08dad4a\" data-element_type=\"widget\" data-widget_type=\"toggle.default\">\n\t\t\t\t<div class=\"elementor-widget-container\">\n\t\t\t\t\t\t\t<div class=\"elementor-toggle\">\n\t\t\t\t\t\t\t<div class=\"elementor-toggle-item\">\n\t\t\t\t\t<div id=\"elementor-tab-title-9281\" class=\"elementor-tab-title\" data-tab=\"1\" role=\"button\" aria-controls=\"elementor-tab-content-9281\" aria-expanded=\"false\">\n\t\t\t\t\t\t\t\t\t\t\t\t<span class=\"elementor-toggle-icon elementor-toggle-icon-left\" aria-hidden=\"true\">\n\t\t\t\t\t\t\t\t\t\t\t\t\t\t\t<span class=\"elementor-toggle-icon-closed\"><i class=\"fas fa-caret-right\"><\/i><\/span>\n\t\t\t\t\t\t\t\t<span class=\"elementor-toggle-icon-opened\"><i class=\"elementor-toggle-icon-opened fas fa-caret-up\"><\/i><\/span>\n\t\t\t\t\t\t\t\t\t\t\t\t\t<\/span>\n\t\t\t\t\t\t\t\t\t\t\t\t<a class=\"elementor-toggle-title\" tabindex=\"0\">Serotonina e percezione del dolore<\/a>\n\t\t\t\t\t<\/div>\n\n\t\t\t\t\t<div id=\"elementor-tab-content-9281\" class=\"elementor-tab-content elementor-clearfix\" data-tab=\"1\" role=\"region\" aria-labelledby=\"elementor-tab-title-9281\"><p>La serotonina, un importante neurotrasmettitore, gioca un ruolo fondamentale anche nella percezione del dolore. Nelle persone con sindrome dell\u2019intestino irritabile (IBS), il sistema nervoso dell\u2019intestino pu\u00f2 risultare ipersensibile: quando viene stimolato, non riesce pi\u00f9 a regolare in modo corretto il rilascio delle sostanze messaggere come la serotonina. Di conseguenza, chi soffre di IBS tende a percepire le normali attivit\u00e0 intestinali in modo amplificato, provando fastidio o dolore anche in situazioni che, per una persona senza questo disturbo, passerebbero del tutto inosservate.<\/p><\/div>\n\t\t\t\t<\/div>\n\t\t\t\t\t\t\t<div class=\"elementor-toggle-item\">\n\t\t\t\t\t<div id=\"elementor-tab-title-9282\" class=\"elementor-tab-title\" data-tab=\"2\" role=\"button\" aria-controls=\"elementor-tab-content-9282\" aria-expanded=\"false\">\n\t\t\t\t\t\t\t\t\t\t\t\t<span class=\"elementor-toggle-icon elementor-toggle-icon-left\" aria-hidden=\"true\">\n\t\t\t\t\t\t\t\t\t\t\t\t\t\t\t<span class=\"elementor-toggle-icon-closed\"><i class=\"fas fa-caret-right\"><\/i><\/span>\n\t\t\t\t\t\t\t\t<span class=\"elementor-toggle-icon-opened\"><i class=\"elementor-toggle-icon-opened fas fa-caret-up\"><\/i><\/span>\n\t\t\t\t\t\t\t\t\t\t\t\t\t<\/span>\n\t\t\t\t\t\t\t\t\t\t\t\t<a class=\"elementor-toggle-title\" tabindex=\"0\">Motilit\u00e0 intestinale alterata<\/a>\n\t\t\t\t\t<\/div>\n\n\t\t\t\t\t<div id=\"elementor-tab-content-9282\" class=\"elementor-tab-content elementor-clearfix\" data-tab=\"2\" role=\"region\" aria-labelledby=\"elementor-tab-title-9282\"><p>La parete intestinale dei soggetti con intestino irritabile reagisce in modo particolarmente sensibile agli stimoli dovuti all&#8217;ingestione del cibo. L&#8217;intestino dispone di un proprio sistema nervoso nella parete intestinale (il sistema nervoso enterico = ENS), chiamato anche &#8220;cervello addominale&#8221;. Questo segnala quando il cibo entra nell&#8217;intestino e distende la parete intestinale. Insieme al neurotrasmettitore &#8220;serotonina&#8221;, l&#8217;ENS controlla la digestione stimolando i muscoli intestinali a contrarsi e a rilassarsi alternativamente, creando un&#8217;onda peristaltica e spingendo il cibo in avanti. Nella sindrome dell&#8217;intestino irritabile, questo sistema nervoso intestinale \u00e8 disturbato, &#8220;irritato&#8221;, e d\u00e0 istruzioni errate ai muscoli intestinali. Questo porta a movimenti intestinali non sincronizzati che compromettono anche la digestione nel suo complesso. In questo caso o il cibo viene trasportato troppo velocemente e vi ha luogo la diarrea (sindrome dell&#8217;intestino irritabile di tipo diarroico) oppure pu\u00f2 accadere il contrario: se i muscoli si muovono troppo lentamente, possono dare luogo alla stitichezza (sindrome dell&#8217;intestino irritabile di tipo stitico). I crampi da intestino irritabile e la flatulenza si verificano quando i muscoli si contraggono troppo e non riescono pi\u00f9 a si rilassarsi completamente.<\/p><\/div>\n\t\t\t\t<\/div>\n\t\t\t\t\t\t\t<div class=\"elementor-toggle-item\">\n\t\t\t\t\t<div id=\"elementor-tab-title-9283\" class=\"elementor-tab-title\" data-tab=\"3\" role=\"button\" aria-controls=\"elementor-tab-content-9283\" aria-expanded=\"false\">\n\t\t\t\t\t\t\t\t\t\t\t\t<span class=\"elementor-toggle-icon elementor-toggle-icon-left\" aria-hidden=\"true\">\n\t\t\t\t\t\t\t\t\t\t\t\t\t\t\t<span class=\"elementor-toggle-icon-closed\"><i class=\"fas fa-caret-right\"><\/i><\/span>\n\t\t\t\t\t\t\t\t<span class=\"elementor-toggle-icon-opened\"><i class=\"elementor-toggle-icon-opened fas fa-caret-up\"><\/i><\/span>\n\t\t\t\t\t\t\t\t\t\t\t\t\t<\/span>\n\t\t\t\t\t\t\t\t\t\t\t\t<a class=\"elementor-toggle-title\" tabindex=\"0\">Infezioni del tratto gastrointestinale come causa della sindrome dell'intestino irritabile (sindrome dell'intestino irritabile post-infettiva)<\/a>\n\t\t\t\t\t<\/div>\n\n\t\t\t\t\t<div id=\"elementor-tab-content-9283\" class=\"elementor-tab-content elementor-clearfix\" data-tab=\"3\" role=\"region\" aria-labelledby=\"elementor-tab-title-9283\"><p>Diversi studi dimostrano che la sindrome dell&#8217;intestino irritabile pu\u00f2 essere il risultato di infezioni gastrointestinali (&#8220;influenza intestinale&#8221;). \u00c8 possibile che le infezioni intestinali causate da alcuni batteri (come il Campylobacter jejuni, il Clostridum difficile, l&#8217;E.coli nocivo) scatenino la sindrome dell&#8217;intestino irritabile pi\u00f9 di altri agenti patogeni. Un&#8217;infezione enterica (= che colpisce l&#8217;intestino) \u00e8 responsabile solo di un caso su dieci. Quando un&#8217;infezione intestinale \u00e8 la causa della sindrome dell&#8217;intestino irritabile, i soggetti sviluppano di solito sintomi di diarrea pronunciati. Anche gli antibiotici, spesso usati prematuramente per le infezioni intestinali, causano danni al biotopo intestinale e possono essere la causa scatenante della sindrome dell&#8217;intestino irritabile.<\/p><\/div>\n\t\t\t\t<\/div>\n\t\t\t\t\t\t\t<div class=\"elementor-toggle-item\">\n\t\t\t\t\t<div id=\"elementor-tab-title-9284\" class=\"elementor-tab-title\" data-tab=\"4\" role=\"button\" aria-controls=\"elementor-tab-content-9284\" aria-expanded=\"false\">\n\t\t\t\t\t\t\t\t\t\t\t\t<span class=\"elementor-toggle-icon elementor-toggle-icon-left\" aria-hidden=\"true\">\n\t\t\t\t\t\t\t\t\t\t\t\t\t\t\t<span class=\"elementor-toggle-icon-closed\"><i class=\"fas fa-caret-right\"><\/i><\/span>\n\t\t\t\t\t\t\t\t<span class=\"elementor-toggle-icon-opened\"><i class=\"elementor-toggle-icon-opened fas fa-caret-up\"><\/i><\/span>\n\t\t\t\t\t\t\t\t\t\t\t\t\t<\/span>\n\t\t\t\t\t\t\t\t\t\t\t\t<a class=\"elementor-toggle-title\" tabindex=\"0\">Aumento della risposta immunitaria nella mucosa intestinale.<\/a>\n\t\t\t\t\t<\/div>\n\n\t\t\t\t\t<div id=\"elementor-tab-content-9284\" class=\"elementor-tab-content elementor-clearfix\" data-tab=\"4\" role=\"region\" aria-labelledby=\"elementor-tab-title-9284\"><p>L&#8217;aumento della risposta immunitaria pu\u00f2 essere rilevato grazie a campioni di tessuto prelevati dalla mucosa intestinale dei soggetti colpiti dalla patologia. In questo modo \u00e8 possibile rilevare sulla mucosa un aumento delle cellule immunitarie o e dei loro neurotrasmettitori (come le interleuchine, molecole di segnalazione dei processi infiammatori). L&#8217;origine di questa maggiore attivit\u00e0 nella sindrome dell&#8217;intestino irritabile e la sua possibile funzione sono ancora oggetto di ricerca.<\/p><\/div>\n\t\t\t\t<\/div>\n\t\t\t\t\t\t\t<div class=\"elementor-toggle-item\">\n\t\t\t\t\t<div id=\"elementor-tab-title-9285\" class=\"elementor-tab-title\" data-tab=\"5\" role=\"button\" aria-controls=\"elementor-tab-content-9285\" aria-expanded=\"false\">\n\t\t\t\t\t\t\t\t\t\t\t\t<span class=\"elementor-toggle-icon elementor-toggle-icon-left\" aria-hidden=\"true\">\n\t\t\t\t\t\t\t\t\t\t\t\t\t\t\t<span class=\"elementor-toggle-icon-closed\"><i class=\"fas fa-caret-right\"><\/i><\/span>\n\t\t\t\t\t\t\t\t<span class=\"elementor-toggle-icon-opened\"><i class=\"elementor-toggle-icon-opened fas fa-caret-up\"><\/i><\/span>\n\t\t\t\t\t\t\t\t\t\t\t\t\t<\/span>\n\t\t\t\t\t\t\t\t\t\t\t\t<a class=\"elementor-toggle-title\" tabindex=\"0\">Aumento della permeabilit\u00e0 della mucosa intestinale (\"leaky gut\")<\/a>\n\t\t\t\t\t<\/div>\n\n\t\t\t\t\t<div id=\"elementor-tab-content-9285\" class=\"elementor-tab-content elementor-clearfix\" data-tab=\"5\" role=\"region\" aria-labelledby=\"elementor-tab-title-9285\"><p>Nella mucosa intestinale, le cellule vicine sono collegate tra loro attraverso una &#8220;giunzione stretta&#8221;. Esse sigillano le cellule l&#8217;una contro l&#8217;altra in modo che nessuna sostanza estranea o agente patogeno possa passare tra le cellule. Finch\u00e9 questa &#8220;barriera intestinale&#8221; \u00e8 intatta, l&#8217;insieme delle cellule della mucosa intestinale forma un vero e proprio scudo protettivo, che impedisce alle sostanze estranee di entrare nell&#8217;organismo dallo spazio intestinale. Nella sindrome dell&#8217;intestino irritabile, questa barriera intestinale \u00e8 &#8220;bucata&#8221;, le cellule non sono pi\u00f9 cos\u00ec saldamente unite tra di loro, per cui agenti patogeni e tossine possono penetrare pi\u00f9 facilmente nella mucosa intestinale e dare origine ad una risposta immunitaria e\/o ad un&#8217;irritazione.<\/p><\/div>\n\t\t\t\t<\/div>\n\t\t\t\t\t\t\t\t<\/div>\n\t\t\t\t\t\t<\/div>\n\t\t\t\t<\/div>\n\t\t\t\t\t<\/div>\n\t\t\t\t<\/div>\n\t\t\t\t\t<\/div>\n\t\t\t\t<\/div>\n\t\t<div class=\"elementor-element elementor-element-aa73688 obcs blue e-flex e-con-boxed e-con e-parent\" data-id=\"aa73688\" data-element_type=\"container\" data-settings=\"{&quot;background_background&quot;:&quot;classic&quot;}\">\n\t\t\t\t\t<div class=\"e-con-inner\">\n\t\t<div class=\"elementor-element elementor-element-1f99bd1 obcs none e-flex e-con-boxed e-con e-child\" data-id=\"1f99bd1\" data-element_type=\"container\" data-settings=\"{&quot;background_background&quot;:&quot;classic&quot;}\">\n\t\t\t\t\t<div class=\"e-con-inner\">\n\t\t\t\t<div class=\"elementor-element elementor-element-c5141ae elementor-widget__width-initial elementor-widget-tablet__width-initial elementor-widget elementor-widget-image\" data-id=\"c5141ae\" data-element_type=\"widget\" data-widget_type=\"image.default\">\n\t\t\t\t<div class=\"elementor-widget-container\">\n\t\t\t\t\t\t\t\t\t\t\t\t\t\t\t<img loading=\"lazy\" decoding=\"async\" width=\"768\" height=\"768\" src=\"https:\/\/www.omni-biotic.com\/it-it\/wp-content\/uploads\/sites\/5\/2023\/06\/Diagnose-Reizdarm-768x768-1.png\" class=\"attachment-medium_large size-medium_large wp-image-17872\" alt=\"\" srcset=\"https:\/\/www.omni-biotic.com\/it-it\/wp-content\/uploads\/sites\/5\/2023\/06\/Diagnose-Reizdarm-768x768-1.png 768w, https:\/\/www.omni-biotic.com\/it-it\/wp-content\/uploads\/sites\/5\/2023\/06\/Diagnose-Reizdarm-768x768-1-300x300.png 300w, https:\/\/www.omni-biotic.com\/it-it\/wp-content\/uploads\/sites\/5\/2023\/06\/Diagnose-Reizdarm-768x768-1-150x150.png 150w\" sizes=\"(max-width: 768px) 100vw, 768px\" \/>\t\t\t\t\t\t\t\t\t\t\t\t\t\t\t<\/div>\n\t\t\t\t<\/div>\n\t\t<div class=\"elementor-element elementor-element-91148c9 obcs none e-flex e-con-boxed e-con e-child\" data-id=\"91148c9\" data-element_type=\"container\">\n\t\t\t\t\t<div class=\"e-con-inner\">\n\t\t\t\t<div class=\"elementor-element elementor-element-21fc6ae elementor-widget__width-inherit elementor-widget elementor-widget-heading\" data-id=\"21fc6ae\" data-element_type=\"widget\" data-widget_type=\"heading.default\">\n\t\t\t\t<div class=\"elementor-widget-container\">\n\t\t\t\t\t<h2 class=\"elementor-heading-title elementor-size-default\">Come si pu\u00f2 diagnosticare la sindrome dell'intestino irritabile?<\/h2>\t\t\t\t<\/div>\n\t\t\t\t<\/div>\n\t\t\t\t<div class=\"elementor-element elementor-element-559223c elementor-widget elementor-widget-text-editor\" data-id=\"559223c\" data-element_type=\"widget\" data-widget_type=\"text-editor.default\">\n\t\t\t\t<div class=\"elementor-widget-container\">\n\t\t\t\t\t\t\t\t\t<p>La diagnosi di sindrome dell&#8217;intestino irritabile viene formulata sulla base del quadro sintomatologico specifico escludendo altri quadri clinici. Le seguenti domande possono essere utili ai fini diagnostici:<\/p><ul><li>Dov&#8217;\u00e8 localizzato il dolore e in quali situazioni si manifesta?<\/li><li>Si soffre di diarrea o di stitichezza?<\/li><li>Il dolore si manifesta dopo aver assunto determinati cibi o bevande?<\/li><li>Si \u00e8 in presenza di altri sintomi come vomito, dolori muscolari e articolari, bruciore di stomaco e febbre? Vi sono tracce di sangue nelle feci? Ci si stanca in fretta? Si riscontra una perdita di peso? Questo non \u00e8 tipico della sindrome dell&#8217;intestino irritabile e va considerato come segno sospetto di malattie gravi.<\/li><li>Si sta attraversando un periodo particolarmente stressante?<\/li><li>Si \u00e8 affetti da altre malattie? Domanda sui fattori scatenanti e sulle circostanze (come stress, rabbia, sovraffaticamento) che aggravano i disturbi.<\/li><li>Si assumono regolarmente o si sono assunti nelle ultime settimane medicinali (compresi antibiotici, antidolorifici, farmaci per il cuore, per la tiroide, lassativi)?<\/li><li>Quali malattie sono presenti in famiglia?<\/li><li>Si soffre di malattie intestinali organiche (come malattie infiammatorie croniche intestinali o MICI associate a episodi di forte diarrea)?<\/li><\/ul><p>Ogni diagnosi inizia sempre con un colloquio approfondito con il proprio medico (anamnesi).<\/p>\t\t\t\t\t\t\t\t<\/div>\n\t\t\t\t<\/div>\n\t\t\t\t\t<\/div>\n\t\t\t\t<\/div>\n\t\t\t\t\t<\/div>\n\t\t\t\t<\/div>\n\t\t\t\t\t<\/div>\n\t\t\t\t<\/div>\n\t\t<div class=\"elementor-element elementor-element-ec2df34 obcs magenta e-flex e-con-boxed e-con e-parent\" data-id=\"ec2df34\" data-element_type=\"container\">\n\t\t\t\t\t<div class=\"e-con-inner\">\n\t\t<div class=\"elementor-element elementor-element-4f833b7 e-con-full obcs none e-flex e-con e-child\" data-id=\"4f833b7\" data-element_type=\"container\">\n\t\t\t\t<div class=\"elementor-element elementor-element-d03ac6e elementor-widget elementor-widget-heading\" data-id=\"d03ac6e\" data-element_type=\"widget\" data-widget_type=\"heading.default\">\n\t\t\t\t<div class=\"elementor-widget-container\">\n\t\t\t\t\t<h2 class=\"elementor-heading-title elementor-size-default\">Esami per la diagnosi della sindrome dell\u2019intestino irritabile<\/h2>\t\t\t\t<\/div>\n\t\t\t\t<\/div>\n\t\t\t\t<div class=\"elementor-element elementor-element-329b655 elementor-widget elementor-widget-text-editor\" data-id=\"329b655\" data-element_type=\"widget\" data-widget_type=\"text-editor.default\">\n\t\t\t\t<div class=\"elementor-widget-container\">\n\t\t\t\t\t\t\t\t\t<p>Dopo l\u2019anamnesi il medico procede a un esame approfondito, durante il quale ispeziona l&#8217;ano, tasta e ascolta l&#8217;addome. Un <strong>campione di feci<\/strong> pu\u00f2 fornire informazioni sui disturbi digestivi e sulle disfunzioni intestinali, oltre a verificare la presenza di sangue occulto. Oltre all\u2019intestino, il medico controlla la <strong>vescica<\/strong>, i <strong>reni<\/strong>, le ovaie nelle donne e, a seconda dei sintomi, anche il <strong>cuore<\/strong>.\u00a0<\/p><p>Anche le analisi del sangue, delle feci (presenza di sangue o parassiti come vermi) e urine e gli esami della funzionalit\u00e0 degli organi forniscono informazioni importanti. Come per il meteorismo, devono essere escluse anche le <strong>intolleranze alimentari<\/strong> come quella al fruttosio, lattosio, sorbitolo, ecc. Se i sintomi si manifestano in modo acuto e sono accompagnati da perdita di peso, febbre, stanchezza, anemia, vomito, disturbi articolari e\/o presenza di sangue nelle feci, possono derivare da una malattia grave in corso e per questo motivo \u00e8 assolutamente indispensabile consultare un medico e fare esami pi\u00f9 approfonditi. Segnali che fanno pensare a malattie del fegato, della cistifellea o del pancreas richiedono anch\u2019essi ulteriori accertamenti.<\/p>\t\t\t\t\t\t\t\t<\/div>\n\t\t\t\t<\/div>\n\t\t\t\t<\/div>\n\t\t<div class=\"elementor-element elementor-element-fba08e3 e-con-full obcs none e-flex e-con e-child\" data-id=\"fba08e3\" data-element_type=\"container\">\n\t\t\t\t<div class=\"elementor-element elementor-element-5895a72 e-transform elementor-widget elementor-widget-image\" data-id=\"5895a72\" data-element_type=\"widget\" data-settings=\"{&quot;_transform_rotateZ_effect&quot;:{&quot;unit&quot;:&quot;px&quot;,&quot;size&quot;:&quot;0&quot;,&quot;sizes&quot;:[]},&quot;_transform_rotate_3d&quot;:&quot;yes&quot;,&quot;_transform_rotateX_effect&quot;:{&quot;unit&quot;:&quot;px&quot;,&quot;size&quot;:&quot;0&quot;,&quot;sizes&quot;:[]},&quot;_transform_rotateY_effect&quot;:{&quot;unit&quot;:&quot;px&quot;,&quot;size&quot;:&quot;-4&quot;,&quot;sizes&quot;:[]},&quot;_transform_perspective_effect&quot;:{&quot;unit&quot;:&quot;px&quot;,&quot;size&quot;:&quot;650&quot;,&quot;sizes&quot;:[]},&quot;_transform_rotateZ_effect_tablet&quot;:{&quot;unit&quot;:&quot;deg&quot;,&quot;size&quot;:&quot;&quot;,&quot;sizes&quot;:[]},&quot;_transform_rotateZ_effect_mobile&quot;:{&quot;unit&quot;:&quot;deg&quot;,&quot;size&quot;:&quot;&quot;,&quot;sizes&quot;:[]},&quot;_transform_rotateX_effect_tablet&quot;:{&quot;unit&quot;:&quot;deg&quot;,&quot;size&quot;:&quot;&quot;,&quot;sizes&quot;:[]},&quot;_transform_rotateX_effect_mobile&quot;:{&quot;unit&quot;:&quot;deg&quot;,&quot;size&quot;:&quot;&quot;,&quot;sizes&quot;:[]},&quot;_transform_rotateY_effect_tablet&quot;:{&quot;unit&quot;:&quot;deg&quot;,&quot;size&quot;:&quot;&quot;,&quot;sizes&quot;:[]},&quot;_transform_rotateY_effect_mobile&quot;:{&quot;unit&quot;:&quot;deg&quot;,&quot;size&quot;:&quot;&quot;,&quot;sizes&quot;:[]},&quot;_transform_perspective_effect_tablet&quot;:{&quot;unit&quot;:&quot;px&quot;,&quot;size&quot;:&quot;&quot;,&quot;sizes&quot;:[]},&quot;_transform_perspective_effect_mobile&quot;:{&quot;unit&quot;:&quot;px&quot;,&quot;size&quot;:&quot;&quot;,&quot;sizes&quot;:[]}}\" data-widget_type=\"image.default\">\n\t\t\t\t<div class=\"elementor-widget-container\">\n\t\t\t\t\t\t\t\t\t\t\t\t\t\t\t<img loading=\"lazy\" decoding=\"async\" width=\"800\" height=\"800\" src=\"https:\/\/www.omni-biotic.com\/it-it\/wp-content\/uploads\/sites\/5\/2023\/06\/untersuchung-reizdarm-diagnose.jpg\" class=\"attachment-large size-large wp-image-17876\" alt=\"sindrome-intestino-irritabile\" srcset=\"https:\/\/www.omni-biotic.com\/it-it\/wp-content\/uploads\/sites\/5\/2023\/06\/untersuchung-reizdarm-diagnose.jpg 800w, https:\/\/www.omni-biotic.com\/it-it\/wp-content\/uploads\/sites\/5\/2023\/06\/untersuchung-reizdarm-diagnose-300x300.jpg 300w, https:\/\/www.omni-biotic.com\/it-it\/wp-content\/uploads\/sites\/5\/2023\/06\/untersuchung-reizdarm-diagnose-150x150.jpg 150w, https:\/\/www.omni-biotic.com\/it-it\/wp-content\/uploads\/sites\/5\/2023\/06\/untersuchung-reizdarm-diagnose-768x768.jpg 768w\" sizes=\"(max-width: 800px) 100vw, 800px\" \/>\t\t\t\t\t\t\t\t\t\t\t\t\t\t\t<\/div>\n\t\t\t\t<\/div>\n\t\t\t\t<\/div>\n\t\t\t\t\t<\/div>\n\t\t\t\t<\/div>\n\t\t<div class=\"elementor-element elementor-element-3e92dab obcs none e-flex e-con-boxed e-con e-parent\" data-id=\"3e92dab\" data-element_type=\"container\">\n\t\t\t\t\t<div class=\"e-con-inner\">\n\t\t\t\t<div class=\"elementor-element elementor-element-f048c9e elementor-widget elementor-widget-text-editor\" data-id=\"f048c9e\" data-element_type=\"widget\" data-widget_type=\"text-editor.default\">\n\t\t\t\t<div class=\"elementor-widget-container\">\n\t\t\t\t\t\t\t\t\t<p>Se necessario, si pu\u00f2 eseguire un <strong>esame del retto<\/strong> (segmento terminale dell\u2019intestino) e del colon (<strong>colonscopia<\/strong>). La colonscopia consiste nell\u2019introduzione nel canale anale di un\u2019apposita sonda che consente di visualizzare l&#8217;intestino crasso e la porzione terminale dell&#8217;intestino tenue. \u00c8 inoltre possibile esaminare l\u2019intestino anche attraverso una radiografia con mezzo di contrasto. Se dagli accertamenti si escludono malattie organiche, intolleranze alimentari o malattie infiammatorie croniche intestinali, il medico potr\u00e0 diagnosticare la sindrome dell&#8217;intestino irritabile. La sindrome dell\u2019intestino irritabile \u00e8 una &#8220;<strong>diagnosi di esclusione<\/strong>&#8220;, che pu\u00f2 essere formulata solo dopo aver escluso con certezza tutte le altre possibili cause.<\/p>\t\t\t\t\t\t\t\t<\/div>\n\t\t\t\t<\/div>\n\t\t\t\t<div class=\"elementor-element elementor-element-a6fc70d elementor-widget elementor-widget-heading\" data-id=\"a6fc70d\" data-element_type=\"widget\" data-widget_type=\"heading.default\">\n\t\t\t\t<div class=\"elementor-widget-container\">\n\t\t\t\t\t<h3 class=\"elementor-heading-title elementor-size-default\">Altri possibili esami diagnostici:\n<\/h3>\t\t\t\t<\/div>\n\t\t\t\t<\/div>\n\t\t\t\t<div class=\"elementor-element elementor-element-4596042 elementor-widget elementor-widget-text-editor\" data-id=\"4596042\" data-element_type=\"widget\" data-widget_type=\"text-editor.default\">\n\t\t\t\t<div class=\"elementor-widget-container\">\n\t\t\t\t\t\t\t\t\t<ul><li>ecografia dell\u2019intero addome (sonografia);<\/li><li>esame radiologico dell\u2019intestino e della cavit\u00e0 addominale (radiografia) tramite la tomografia computerizzata (TC).<\/li><\/ul>\t\t\t\t\t\t\t\t<\/div>\n\t\t\t\t<\/div>\n\t\t\t\t\t<\/div>\n\t\t\t\t<\/div>\n\t\t<div class=\"elementor-element elementor-element-0e49c2a obcs none e-flex e-con-boxed e-con e-parent\" data-id=\"0e49c2a\" data-element_type=\"container\" data-settings=\"{&quot;background_background&quot;:&quot;classic&quot;,&quot;shape_divider_top&quot;:&quot;waves&quot;,&quot;shape_divider_bottom&quot;:&quot;waves&quot;}\">\n\t\t\t\t\t<div class=\"e-con-inner\">\n\t\t\t\t<div class=\"elementor-shape elementor-shape-top\" aria-hidden=\"true\" data-negative=\"false\">\n\t\t\t<svg xmlns=\"http:\/\/www.w3.org\/2000\/svg\" viewBox=\"0 0 1000 100\" preserveAspectRatio=\"none\">\n\t<path class=\"elementor-shape-fill\" d=\"M421.9,6.5c22.6-2.5,51.5,0.4,75.5,5.3c23.6,4.9,70.9,23.5,100.5,35.7c75.8,32.2,133.7,44.5,192.6,49.7\n\tc23.6,2.1,48.7,3.5,103.4-2.5c54.7-6,106.2-25.6,106.2-25.6V0H0v30.3c0,0,72,32.6,158.4,30.5c39.2-0.7,92.8-6.7,134-22.4\n\tc21.2-8.1,52.2-18.2,79.7-24.2C399.3,7.9,411.6,7.5,421.9,6.5z\"\/>\n<\/svg>\t\t<\/div>\n\t\t\t\t<div class=\"elementor-shape elementor-shape-bottom\" aria-hidden=\"true\" data-negative=\"false\">\n\t\t\t<svg xmlns=\"http:\/\/www.w3.org\/2000\/svg\" viewBox=\"0 0 1000 100\" preserveAspectRatio=\"none\">\n\t<path class=\"elementor-shape-fill\" d=\"M421.9,6.5c22.6-2.5,51.5,0.4,75.5,5.3c23.6,4.9,70.9,23.5,100.5,35.7c75.8,32.2,133.7,44.5,192.6,49.7\n\tc23.6,2.1,48.7,3.5,103.4-2.5c54.7-6,106.2-25.6,106.2-25.6V0H0v30.3c0,0,72,32.6,158.4,30.5c39.2-0.7,92.8-6.7,134-22.4\n\tc21.2-8.1,52.2-18.2,79.7-24.2C399.3,7.9,411.6,7.5,421.9,6.5z\"\/>\n<\/svg>\t\t<\/div>\n\t\t\t\t<div class=\"elementor-element elementor-element-67f726e elementor-widget__width-inherit elementor-widget elementor-widget-heading\" data-id=\"67f726e\" data-element_type=\"widget\" data-widget_type=\"heading.default\">\n\t\t\t\t<div class=\"elementor-widget-container\">\n\t\t\t\t\t<h2 class=\"elementor-heading-title elementor-size-default\">Cosa aiuta in caso di sindrome dell\u2019intestino irritabile?<\/h2>\t\t\t\t<\/div>\n\t\t\t\t<\/div>\n\t\t\t\t<div class=\"elementor-element elementor-element-98dd53e elementor-widget elementor-widget-text-editor\" data-id=\"98dd53e\" data-element_type=\"widget\" data-widget_type=\"text-editor.default\">\n\t\t\t\t<div class=\"elementor-widget-container\">\n\t\t\t\t\t\t\t\t\t<p>Studi recenti hanno associato la sindrome dell&#8217;intestino irritabile anche a infiammazioni lievi (croniche) e a una ridotta diversit\u00e0 della <strong><a href=\"https:\/\/www.omni-biotic.com\/it-it\/la-salute-dellintestino\/intestino-e-salute\/flora-intestinale\/\">flora batterica intestinale<\/a><\/strong>. La sindrome dell&#8217;intestino irritabile si manifesta spesso a seguito di infezioni intestinali, specialmente quando si assumono antibiotici, i quali distruggono anche i batteri &#8220;buoni&#8221; favorendo in tal modo la proliferazione incontrollata di germi patogeni. Di conseguenza, l&#8217;intestino diventa sempre pi\u00f9 permeabile e non \u00e8 pi\u00f9 in grado di fungere da barriera protettiva. Sostanze come la mirra, la camomilla e il carbone vegetale producono un effetto impermeabilizzante sull&#8217;intestino.<\/p>\t\t\t\t\t\t\t\t<\/div>\n\t\t\t\t<\/div>\n\t\t\t\t\t<\/div>\n\t\t\t\t<\/div>\n\t\t<div class=\"elementor-element elementor-element-69ada18 obcs green e-flex e-con-boxed e-con e-parent\" data-id=\"69ada18\" data-element_type=\"container\">\n\t\t\t\t\t<div class=\"e-con-inner\">\n\t\t<div class=\"elementor-element elementor-element-7f8df64 e-con-full obcs none e-flex e-con e-child\" data-id=\"7f8df64\" data-element_type=\"container\">\n\t\t\t\t<div class=\"elementor-element elementor-element-bc32cf5 e-transform elementor-widget elementor-widget-image\" data-id=\"bc32cf5\" data-element_type=\"widget\" data-settings=\"{&quot;_transform_rotateZ_effect&quot;:{&quot;unit&quot;:&quot;px&quot;,&quot;size&quot;:&quot;0&quot;,&quot;sizes&quot;:[]},&quot;_transform_rotate_3d&quot;:&quot;yes&quot;,&quot;_transform_rotateX_effect&quot;:{&quot;unit&quot;:&quot;px&quot;,&quot;size&quot;:&quot;0&quot;,&quot;sizes&quot;:[]},&quot;_transform_rotateY_effect&quot;:{&quot;unit&quot;:&quot;px&quot;,&quot;size&quot;:&quot;4&quot;,&quot;sizes&quot;:[]},&quot;_transform_perspective_effect&quot;:{&quot;unit&quot;:&quot;px&quot;,&quot;size&quot;:&quot;650&quot;,&quot;sizes&quot;:[]},&quot;_transform_rotateZ_effect_tablet&quot;:{&quot;unit&quot;:&quot;deg&quot;,&quot;size&quot;:&quot;&quot;,&quot;sizes&quot;:[]},&quot;_transform_rotateZ_effect_mobile&quot;:{&quot;unit&quot;:&quot;deg&quot;,&quot;size&quot;:&quot;&quot;,&quot;sizes&quot;:[]},&quot;_transform_rotateX_effect_tablet&quot;:{&quot;unit&quot;:&quot;deg&quot;,&quot;size&quot;:&quot;&quot;,&quot;sizes&quot;:[]},&quot;_transform_rotateX_effect_mobile&quot;:{&quot;unit&quot;:&quot;deg&quot;,&quot;size&quot;:&quot;&quot;,&quot;sizes&quot;:[]},&quot;_transform_rotateY_effect_tablet&quot;:{&quot;unit&quot;:&quot;deg&quot;,&quot;size&quot;:&quot;&quot;,&quot;sizes&quot;:[]},&quot;_transform_rotateY_effect_mobile&quot;:{&quot;unit&quot;:&quot;deg&quot;,&quot;size&quot;:&quot;&quot;,&quot;sizes&quot;:[]},&quot;_transform_perspective_effect_tablet&quot;:{&quot;unit&quot;:&quot;px&quot;,&quot;size&quot;:&quot;&quot;,&quot;sizes&quot;:[]},&quot;_transform_perspective_effect_mobile&quot;:{&quot;unit&quot;:&quot;px&quot;,&quot;size&quot;:&quot;&quot;,&quot;sizes&quot;:[]}}\" data-widget_type=\"image.default\">\n\t\t\t\t<div class=\"elementor-widget-container\">\n\t\t\t\t\t\t\t\t\t\t\t\t\t\t\t<img loading=\"lazy\" decoding=\"async\" width=\"800\" height=\"800\" src=\"https:\/\/www.omni-biotic.com\/it-it\/wp-content\/uploads\/sites\/5\/2023\/06\/reizdarm-behandlungsmoeglichkeiten.jpg\" class=\"attachment-large size-large wp-image-17880\" alt=\"sindrome-intestino-irritabile\" srcset=\"https:\/\/www.omni-biotic.com\/it-it\/wp-content\/uploads\/sites\/5\/2023\/06\/reizdarm-behandlungsmoeglichkeiten.jpg 800w, https:\/\/www.omni-biotic.com\/it-it\/wp-content\/uploads\/sites\/5\/2023\/06\/reizdarm-behandlungsmoeglichkeiten-300x300.jpg 300w, https:\/\/www.omni-biotic.com\/it-it\/wp-content\/uploads\/sites\/5\/2023\/06\/reizdarm-behandlungsmoeglichkeiten-150x150.jpg 150w, https:\/\/www.omni-biotic.com\/it-it\/wp-content\/uploads\/sites\/5\/2023\/06\/reizdarm-behandlungsmoeglichkeiten-768x768.jpg 768w\" sizes=\"(max-width: 800px) 100vw, 800px\" \/>\t\t\t\t\t\t\t\t\t\t\t\t\t\t\t<\/div>\n\t\t\t\t<\/div>\n\t\t\t\t<\/div>\n\t\t<div class=\"elementor-element elementor-element-deb5f03 e-con-full obcs none e-flex e-con e-child\" data-id=\"deb5f03\" data-element_type=\"container\">\n\t\t\t\t<div class=\"elementor-element elementor-element-8f078dd elementor-widget elementor-widget-heading\" data-id=\"8f078dd\" data-element_type=\"widget\" data-widget_type=\"heading.default\">\n\t\t\t\t<div class=\"elementor-widget-container\">\n\t\t\t\t\t<h2 class=\"elementor-heading-title elementor-size-default\">Come si pu\u00f2 trattare la sindrome dell'intestino irritabile?<\/h2>\t\t\t\t<\/div>\n\t\t\t\t<\/div>\n\t\t\t\t<div class=\"elementor-element elementor-element-f45f894 elementor-widget elementor-widget-text-editor\" data-id=\"f45f894\" data-element_type=\"widget\" data-widget_type=\"text-editor.default\">\n\t\t\t\t<div class=\"elementor-widget-container\">\n\t\t\t\t\t\t\t\t\t<p>La sindrome dell&#8217;intestino irritabile \u00e8 una malattia invalidante che compromette notevolmente la qualit\u00e0 della vita. Il\u00a0<strong>trattamento medico tradizionale<\/strong>\u00a0\u00e8 limitato e orientato a trattare solo alcuni sintomi. Come prima cosa \u00e8 importante inquadrare bene i disturbi e non agitarsi inutilmente. Poich\u00e9 gli effetti collaterali dei farmaci convenzionali sono spesso gravi, \u00e8 importante valutare se i rischi derivanti dal trattamento farmacologico superino i sintomi stessi.<\/p><p>Spesso \u00e8 sufficiente correggere le abitudini alimentari, evitando i cibi difficilmente digeribili e che causano gonfiore. I rimedi naturali possono essere utili in presenza di disturbi lievi, ma possono anche essere associati a un trattamento farmacologico tradizionale.<\/p>\t\t\t\t\t\t\t\t<\/div>\n\t\t\t\t<\/div>\n\t\t\t\t<\/div>\n\t\t\t\t\t<\/div>\n\t\t\t\t<\/div>\n\t\t<div class=\"elementor-element elementor-element-36f1ecb obcs none e-flex e-con-boxed e-con e-parent\" data-id=\"36f1ecb\" data-element_type=\"container\">\n\t\t\t\t\t<div class=\"e-con-inner\">\n\t\t\t\t<div class=\"elementor-element elementor-element-5d5e0fe elementor-widget elementor-widget-text-editor\" data-id=\"5d5e0fe\" data-element_type=\"widget\" data-widget_type=\"text-editor.default\">\n\t\t\t\t<div class=\"elementor-widget-container\">\n\t\t\t\t\t\t\t\t\t<p>L&#8217;<strong>olio di menta piperita<\/strong>, realizzato con una formula resistente agli acidi gastrici e il cui principio attivo viene rilasciato nell&#8217;intestino tenue, ha un effetto rilassante. Anche\u00a0la\u00a0<strong>camomilla<\/strong>,\u00a0l\u2019<strong>olio di lavanda<\/strong>,\u00a0il\u00a0<strong>coriandolo<\/strong>,\u00a0la\u00a0<strong>melissa<\/strong>\u00a0e\u00a0il\u00a0<strong>calamo<\/strong>\u00a0hanno un potere calmante su stomaco e intestino e si trovano in farmacia sotto forma di tisane o preparati. Esistono inoltre appositi preparati biologici a base di\u00a0<strong>papaia<\/strong> per alleviare il meteorismo, eventuali dolori durante l\u2019evacuazione o la stipsi e aiutare a distendere l&#8217;apparato digerente che si trova in stato di allarme.<\/p><p>Se le feci sono piuttosto dure, si possono introdurre <strong>gradualmente<\/strong> nella propria dieta alimenti contenenti <strong>fibre<\/strong>. Attenzione per\u00f2 a non esagerare con le fibre poich\u00e8, se assunte in eccesso, potrebbero causare <strong>flatulenza<\/strong>. Le sostanze vischiose come i semi di lino, lo psillio indiano e la crusca di grano stimolano il transito intestinale in caso di\u00a0<strong>stipsi<\/strong>, assorbono molta acqua e riducono anche gli episodi di diarrea. Alimenti come riso, patate e avena aumentano il senso di saziet\u00e0, mentre i preparati a base di cumino, finocchio e anice o le tisane che li contengono alleviano il meteorismo.<\/p>\t\t\t\t\t\t\t\t<\/div>\n\t\t\t\t<\/div>\n\t\t\t\t\t<\/div>\n\t\t\t\t<\/div>\n\t\t<div class=\"elementor-element elementor-element-43debd5 obcs blue e-flex e-con-boxed e-con e-parent\" data-id=\"43debd5\" data-element_type=\"container\" data-settings=\"{&quot;background_background&quot;:&quot;classic&quot;}\">\n\t\t\t\t\t<div class=\"e-con-inner\">\n\t\t<div class=\"elementor-element elementor-element-f3ea928 obcs none e-flex e-con-boxed e-con e-child\" data-id=\"f3ea928\" data-element_type=\"container\" data-settings=\"{&quot;background_background&quot;:&quot;classic&quot;}\">\n\t\t\t\t\t<div class=\"e-con-inner\">\n\t\t\t\t<div class=\"elementor-element elementor-element-8836667 elementor-widget__width-initial elementor-widget-tablet__width-initial elementor-widget elementor-widget-image\" data-id=\"8836667\" data-element_type=\"widget\" data-widget_type=\"image.default\">\n\t\t\t\t<div class=\"elementor-widget-container\">\n\t\t\t\t\t\t\t\t\t\t\t\t\t\t\t<img loading=\"lazy\" decoding=\"async\" width=\"500\" height=\"400\" src=\"https:\/\/www.omni-biotic.com\/it-it\/wp-content\/uploads\/sites\/5\/2025\/09\/bakterien-behaelter.png\" class=\"attachment-medium_large size-medium_large wp-image-35955\" alt=\"\" srcset=\"https:\/\/www.omni-biotic.com\/it-it\/wp-content\/uploads\/sites\/5\/2025\/09\/bakterien-behaelter.png 500w, https:\/\/www.omni-biotic.com\/it-it\/wp-content\/uploads\/sites\/5\/2025\/09\/bakterien-behaelter-300x240.png 300w\" sizes=\"(max-width: 500px) 100vw, 500px\" \/>\t\t\t\t\t\t\t\t\t\t\t\t\t\t\t<\/div>\n\t\t\t\t<\/div>\n\t\t<div class=\"elementor-element elementor-element-9b4b39c obcs none e-flex e-con-boxed e-con e-child\" data-id=\"9b4b39c\" data-element_type=\"container\">\n\t\t\t\t\t<div class=\"e-con-inner\">\n\t\t\t\t<div class=\"elementor-element elementor-element-0e01da3 elementor-widget__width-inherit elementor-widget elementor-widget-heading\" data-id=\"0e01da3\" data-element_type=\"widget\" data-widget_type=\"heading.default\">\n\t\t\t\t<div class=\"elementor-widget-container\">\n\t\t\t\t\t<h3 class=\"elementor-heading-title elementor-size-large\">Prebiotici vs Probiotici<\/h3>\t\t\t\t<\/div>\n\t\t\t\t<\/div>\n\t\t\t\t<div class=\"elementor-element elementor-element-496939b elementor-widget elementor-widget-text-editor\" data-id=\"496939b\" data-element_type=\"widget\" data-widget_type=\"text-editor.default\">\n\t\t\t\t<div class=\"elementor-widget-container\">\n\t\t\t\t\t\t\t\t\t<p>A differenza dei probiotici, i <strong>prebiotici<\/strong> non sono organismi viventi. Si tratta di <strong>fibre alimentari<\/strong> \u2014 come l\u2019inulina o i frutto-oligosaccaridi \u2014 che non possono essere digerite n\u00e9 scomposte nell\u2019intestino tenue, e per questo arrivano <strong>integre<\/strong> all\u2019<strong>intestino crasso<\/strong>. Qui agiscono come \u201c<strong>nutrimento<\/strong>\u201d per i <strong>batteri <\/strong>intestinali benefici gi\u00e0 presenti nel nostro organismo.<\/p>\t\t\t\t\t\t\t\t<\/div>\n\t\t\t\t<\/div>\n\t\t\t\t\t<\/div>\n\t\t\t\t<\/div>\n\t\t\t\t\t<\/div>\n\t\t\t\t<\/div>\n\t\t\t\t\t<\/div>\n\t\t\t\t<\/div>\n\t\t<div class=\"elementor-element elementor-element-a997852 obcs magenta e-flex e-con-boxed e-con e-parent\" data-id=\"a997852\" data-element_type=\"container\">\n\t\t\t\t\t<div class=\"e-con-inner\">\n\t\t<div class=\"elementor-element elementor-element-faf1ea6 e-con-full obcs none e-flex e-con e-child\" data-id=\"faf1ea6\" data-element_type=\"container\">\n\t\t\t\t<div class=\"elementor-element elementor-element-249114e elementor-widget elementor-widget-heading\" data-id=\"249114e\" data-element_type=\"widget\" data-widget_type=\"heading.default\">\n\t\t\t\t<div class=\"elementor-widget-container\">\n\t\t\t\t\t<h2 class=\"elementor-heading-title elementor-size-default\">Probiotici nell'IBS<\/h2>\t\t\t\t<\/div>\n\t\t\t\t<\/div>\n\t\t\t\t<div class=\"elementor-element elementor-element-8b21d2a elementor-widget elementor-widget-text-editor\" data-id=\"8b21d2a\" data-element_type=\"widget\" data-widget_type=\"text-editor.default\">\n\t\t\t\t<div class=\"elementor-widget-container\">\n\t\t\t\t\t\t\t\t\t<p>Per affrontare in modo efficace le molteplici cause della sindrome dell\u2019intestino irritabile, esistono metodi delicati che agiscono alla radice del problema e aiutano anche a prevenire i sintomi: batteri intestinali naturali \u2013 preparati probiotici, raccomandati da comitati\u00a0 e societ\u00e0 medico-scientifiche per tutti i quadri sintomatologici della sindrome dell&#8217;intestino irritabile. I batteri <a href=\"https:\/\/www.omni-biotic.com\/it\/intestino-e-salute\/probiotici-prebiotici\/\" data-kmt=\"1\"><strong>probiotici<\/strong><\/a>\u00a0rappresentano infatti un prezioso aiuto, in quanto contribuiscono a rispristinare il normale equilibrio intestinale agendo su tre fronti:<\/p><ol><li>i<strong> batteri intestinali\u00a0<\/strong>sono<strong>\u00a0microrganismi naturali<\/strong>\u00a0che risiedono in un intestino sano e favoriscono la digestione e il nostro benessere\u00a0<strong>sotto molti aspetti<\/strong>;<\/li><li>i<strong> batteri intestinali non producono effetti collaterali<\/strong>: all\u2019inizio del trattamento \u00e8 possibile riscontrare un leggero meteorismo e un cambiamento delle feci, ma si tratta di una condizione temporanea;<\/li><li>grazie a un&#8217;apposita<strong> combinazione di diversi ceppi batterici\u00a0<\/strong>(per es. bifidobatteri, lattobacilli, lattococchi, streptococchi) \u00e8 possibile contrastare: infiammazione, \u201cleaky gut\u201d (aumento della permeabilit\u00e0 intestinale), germi dannosi (spesso a seguito di trattamenti antibiotici o infezioni intestinali) e disturbi della motilit\u00e0. Affrontando questi fattori combinati si va alla radice dei disturbi, eliminandone le cause.<\/li><\/ol>\t\t\t\t\t\t\t\t<\/div>\n\t\t\t\t<\/div>\n\t\t\t\t<\/div>\n\t\t<div class=\"elementor-element elementor-element-3a5f952 e-con-full obcs none e-flex e-con e-child\" data-id=\"3a5f952\" data-element_type=\"container\">\n\t\t\t\t<div class=\"elementor-element elementor-element-a291a62 e-transform elementor-widget elementor-widget-image\" data-id=\"a291a62\" data-element_type=\"widget\" data-settings=\"{&quot;_transform_rotateZ_effect&quot;:{&quot;unit&quot;:&quot;px&quot;,&quot;size&quot;:&quot;0&quot;,&quot;sizes&quot;:[]},&quot;_transform_rotate_3d&quot;:&quot;yes&quot;,&quot;_transform_rotateX_effect&quot;:{&quot;unit&quot;:&quot;px&quot;,&quot;size&quot;:&quot;0&quot;,&quot;sizes&quot;:[]},&quot;_transform_rotateY_effect&quot;:{&quot;unit&quot;:&quot;px&quot;,&quot;size&quot;:&quot;-4&quot;,&quot;sizes&quot;:[]},&quot;_transform_perspective_effect&quot;:{&quot;unit&quot;:&quot;px&quot;,&quot;size&quot;:&quot;650&quot;,&quot;sizes&quot;:[]},&quot;_transform_rotateZ_effect_tablet&quot;:{&quot;unit&quot;:&quot;deg&quot;,&quot;size&quot;:&quot;&quot;,&quot;sizes&quot;:[]},&quot;_transform_rotateZ_effect_mobile&quot;:{&quot;unit&quot;:&quot;deg&quot;,&quot;size&quot;:&quot;&quot;,&quot;sizes&quot;:[]},&quot;_transform_rotateX_effect_tablet&quot;:{&quot;unit&quot;:&quot;deg&quot;,&quot;size&quot;:&quot;&quot;,&quot;sizes&quot;:[]},&quot;_transform_rotateX_effect_mobile&quot;:{&quot;unit&quot;:&quot;deg&quot;,&quot;size&quot;:&quot;&quot;,&quot;sizes&quot;:[]},&quot;_transform_rotateY_effect_tablet&quot;:{&quot;unit&quot;:&quot;deg&quot;,&quot;size&quot;:&quot;&quot;,&quot;sizes&quot;:[]},&quot;_transform_rotateY_effect_mobile&quot;:{&quot;unit&quot;:&quot;deg&quot;,&quot;size&quot;:&quot;&quot;,&quot;sizes&quot;:[]},&quot;_transform_perspective_effect_tablet&quot;:{&quot;unit&quot;:&quot;px&quot;,&quot;size&quot;:&quot;&quot;,&quot;sizes&quot;:[]},&quot;_transform_perspective_effect_mobile&quot;:{&quot;unit&quot;:&quot;px&quot;,&quot;size&quot;:&quot;&quot;,&quot;sizes&quot;:[]}}\" data-widget_type=\"image.default\">\n\t\t\t\t<div class=\"elementor-widget-container\">\n\t\t\t\t\t\t\t\t\t\t\t\t\t\t\t<img loading=\"lazy\" decoding=\"async\" width=\"800\" height=\"800\" src=\"https:\/\/www.omni-biotic.com\/it-it\/wp-content\/uploads\/sites\/5\/2023\/06\/probiotika-reizdarm.jpg\" class=\"attachment-large size-large wp-image-17884\" alt=\"probiotico\" srcset=\"https:\/\/www.omni-biotic.com\/it-it\/wp-content\/uploads\/sites\/5\/2023\/06\/probiotika-reizdarm.jpg 800w, https:\/\/www.omni-biotic.com\/it-it\/wp-content\/uploads\/sites\/5\/2023\/06\/probiotika-reizdarm-300x300.jpg 300w, https:\/\/www.omni-biotic.com\/it-it\/wp-content\/uploads\/sites\/5\/2023\/06\/probiotika-reizdarm-150x150.jpg 150w, https:\/\/www.omni-biotic.com\/it-it\/wp-content\/uploads\/sites\/5\/2023\/06\/probiotika-reizdarm-768x768.jpg 768w\" sizes=\"(max-width: 800px) 100vw, 800px\" \/>\t\t\t\t\t\t\t\t\t\t\t\t\t\t\t<\/div>\n\t\t\t\t<\/div>\n\t\t\t\t<\/div>\n\t\t\t\t\t<\/div>\n\t\t\t\t<\/div>\n\t\t<div class=\"elementor-element elementor-element-fa3d9b6 obcs none e-flex e-con-boxed e-con e-parent\" data-id=\"fa3d9b6\" data-element_type=\"container\">\n\t\t\t\t\t<div class=\"e-con-inner\">\n\t\t\t\t<div class=\"elementor-element elementor-element-9db5bf1 elementor-widget elementor-widget-text-editor\" data-id=\"9db5bf1\" data-element_type=\"widget\" data-widget_type=\"text-editor.default\">\n\t\t\t\t<div class=\"elementor-widget-container\">\n\t\t\t\t\t\t\t\t\t<p>L&#8217;<strong>assunzione regolare<\/strong> di probiotici aiuta a rafforzare la <strong>mucosa intestinale<\/strong> e la sua funzione di barriera e a prevenire o arrestare i <strong>processi infiammatori<\/strong>.<\/p><p>Per lo scienziato Christoph H\u00f6genauer, questo approccio \u00e8 esattamente in linea con i risultati di studi precedenti. L&#8217;esperto spiega: &#8220;Una meta-analisi pubblicata di recente su 35 studi pertinenti mostra che non tutti i probiotici sono ugualmente efficaci, ma che, a seconda del sintomo e del disturbo, hanno nel complesso un effetto estremamente positivo. Nella maggior parte degli studi, i probiotici multispecie sembrano funzionare meglio dei probiotici monostrato per alleviare i sintomi fastidiosi&#8221;. Per esempio, il riassunto di tutti gli studi mostra un miglioramento dei sintomi tipici nel 21% delle persone colpite, il 25% ha avuto meno dolore addominale, flatulenza; la frequenza del temuto ultimo stimolo a defecare potrebbe essere significativamente ridotta.<\/p><p>Un nuovo studio dell&#8217;<strong>Universit\u00e0 di Medicina di Graz<\/strong> si \u00e8 concentrato sull&#8217;effetto dei probiotici nella sindrome dell&#8217;intestino irritabile. L&#8217;attenzione si \u00e8 concentrata sul <strong>sistema immunitario<\/strong> della <strong>mucosa intestinale<\/strong> (chiamato anche sistema immunitario mucosale) e su come i ceppi batterici antinfiammatori supportino l&#8217;intestino nella regolazione dei disturbi legati allo stress. Il risultato: l&#8217;assunzione regolare di questo sinbiotico aiuta a rafforzare la mucosa intestinale e la sua funzione di barriera, nonch\u00e9 a prevenire o arrestare i processi infiammatori. La serotonina, messaggero di felicit\u00e0, e la melatonina, ormone del sonno, vengono nuovamente prodotte in misura sufficiente e l&#8217;intestino si riposa. Nel frattempo, anche la <strong>Societ\u00e0 tedesca di gastroenterologia<\/strong>, <strong>malattie digestive e metaboliche<\/strong> (DGVS) raccomanda nelle sue <strong>linee guida<\/strong> l&#8217;uso di <strong>probiotici<\/strong> per la sindrome dell&#8217;intestino irritabile; la scelta del ceppo batterico dovrebbe dipendere dai sintomi. La DGVS raccomanda inoltre l&#8217;uso di probiotici in caso di dolore, diarrea, costipazione e flatulenza nel corso della sindrome dell&#8217;intestino irritabile.<\/p>\t\t\t\t\t\t\t\t<\/div>\n\t\t\t\t<\/div>\n\t\t\t\t<div class=\"elementor-element elementor-element-49af725 elementor-align-left elementor-widget__width-inherit elementor-widget elementor-widget-button\" data-id=\"49af725\" data-element_type=\"widget\" data-widget_type=\"button.default\">\n\t\t\t\t<div class=\"elementor-widget-container\">\n\t\t\t\t\t\t\t\t\t<div class=\"elementor-button-wrapper\">\n\t\t\t\t\t<a class=\"elementor-button elementor-button-link elementor-size-lg\" href=\"https:\/\/www.omni-biotic.com\/it-it\/blog\/stomaco-intestino-e-stress-come-sono-collegati\/\">\n\t\t\t\t\t\t<span class=\"elementor-button-content-wrapper\">\n\t\t\t\t\t\t\t\t\t<span class=\"elementor-button-text\">Clicca per saperne di pi\u00f9<\/span>\n\t\t\t\t\t<\/span>\n\t\t\t\t\t<\/a>\n\t\t\t\t<\/div>\n\t\t\t\t\t\t\t\t<\/div>\n\t\t\t\t<\/div>\n\t\t\t\t\t<\/div>\n\t\t\t\t<\/div>\n\t\t<div class=\"elementor-element elementor-element-298b1d1 obcs magenta e-flex e-con-boxed e-con e-parent\" data-id=\"298b1d1\" data-element_type=\"container\" data-settings=\"{&quot;background_background&quot;:&quot;classic&quot;}\">\n\t\t\t\t\t<div class=\"e-con-inner\">\n\t\t<div class=\"elementor-element elementor-element-c2154c8 obcs none e-flex e-con-boxed e-con e-child\" data-id=\"c2154c8\" data-element_type=\"container\" data-settings=\"{&quot;background_background&quot;:&quot;classic&quot;}\">\n\t\t\t\t\t<div class=\"e-con-inner\">\n\t\t\t\t<div class=\"elementor-element elementor-element-550cdbf elementor-widget__width-initial elementor-widget-tablet__width-initial elementor-widget elementor-widget-image\" data-id=\"550cdbf\" data-element_type=\"widget\" data-widget_type=\"image.default\">\n\t\t\t\t<div class=\"elementor-widget-container\">\n\t\t\t\t\t\t\t\t\t\t\t\t\t\t\t<img loading=\"lazy\" decoding=\"async\" width=\"300\" height=\"300\" src=\"https:\/\/www.omni-biotic.com\/it-it\/wp-content\/uploads\/sites\/5\/2023\/06\/Ernaehrungstagebuch-kostenloser-download-300x300-1.png\" class=\"attachment-large size-large wp-image-17888\" alt=\"\" srcset=\"https:\/\/www.omni-biotic.com\/it-it\/wp-content\/uploads\/sites\/5\/2023\/06\/Ernaehrungstagebuch-kostenloser-download-300x300-1.png 300w, https:\/\/www.omni-biotic.com\/it-it\/wp-content\/uploads\/sites\/5\/2023\/06\/Ernaehrungstagebuch-kostenloser-download-300x300-1-150x150.png 150w\" sizes=\"(max-width: 300px) 100vw, 300px\" \/>\t\t\t\t\t\t\t\t\t\t\t\t\t\t\t<\/div>\n\t\t\t\t<\/div>\n\t\t<div class=\"elementor-element elementor-element-8a20883 obcs none e-flex e-con-boxed e-con e-child\" data-id=\"8a20883\" data-element_type=\"container\">\n\t\t\t\t\t<div class=\"e-con-inner\">\n\t\t\t\t<div class=\"elementor-element elementor-element-96303a9 elementor-widget__width-inherit elementor-widget elementor-widget-heading\" data-id=\"96303a9\" data-element_type=\"widget\" data-widget_type=\"heading.default\">\n\t\t\t\t<div class=\"elementor-widget-container\">\n\t\t\t\t\t<h2 class=\"elementor-heading-title elementor-size-default\">Diario alimentare<\/h2>\t\t\t\t<\/div>\n\t\t\t\t<\/div>\n\t\t\t\t<div class=\"elementor-element elementor-element-5a8a088 elementor-widget elementor-widget-text-editor\" data-id=\"5a8a088\" data-element_type=\"widget\" data-widget_type=\"text-editor.default\">\n\t\t\t\t<div class=\"elementor-widget-container\">\n\t\t\t\t\t\t\t\t\t<p>Scarica ora gratuitamente il nostro diario alimentare e tieni traccia di quello che mangi. In questo modo sar\u00e0 pi\u00f9 facile identificare i cibi che ti fanno stare bene e quelli da evitare!<\/p>\t\t\t\t\t\t\t\t<\/div>\n\t\t\t\t<\/div>\n\t\t\t\t<div class=\"elementor-element elementor-element-8d72f28 elementor-align-left elementor-widget__width-inherit elementor-widget elementor-widget-button\" data-id=\"8d72f28\" data-element_type=\"widget\" data-widget_type=\"button.default\">\n\t\t\t\t<div class=\"elementor-widget-container\">\n\t\t\t\t\t\t\t\t\t<div class=\"elementor-button-wrapper\">\n\t\t\t\t\t<a class=\"elementor-button elementor-button-link elementor-size-lg\" href=\"https:\/\/www.omni-biotic.com\/it-it\/wp-content\/uploads\/sites\/5\/2024\/08\/20240801_OB_Ernahrungstagebuch_A4_IT_vorschau.pdf\">\n\t\t\t\t\t\t<span class=\"elementor-button-content-wrapper\">\n\t\t\t\t\t\t\t\t\t<span class=\"elementor-button-text\">Scaricalo ora gratuitamente<\/span>\n\t\t\t\t\t<\/span>\n\t\t\t\t\t<\/a>\n\t\t\t\t<\/div>\n\t\t\t\t\t\t\t\t<\/div>\n\t\t\t\t<\/div>\n\t\t\t\t\t<\/div>\n\t\t\t\t<\/div>\n\t\t\t\t\t<\/div>\n\t\t\t\t<\/div>\n\t\t\t\t\t<\/div>\n\t\t\t\t<\/div>\n\t\t<div class=\"elementor-element elementor-element-a68bdec obcs green e-flex e-con-boxed e-con e-parent\" data-id=\"a68bdec\" data-element_type=\"container\">\n\t\t\t\t\t<div class=\"e-con-inner\">\n\t\t<div class=\"elementor-element elementor-element-eb95580 e-con-full obcs none e-flex e-con e-child\" data-id=\"eb95580\" data-element_type=\"container\">\n\t\t\t\t<div class=\"elementor-element elementor-element-5f40aa2 e-transform elementor-widget elementor-widget-image\" data-id=\"5f40aa2\" data-element_type=\"widget\" data-settings=\"{&quot;_transform_rotateZ_effect&quot;:{&quot;unit&quot;:&quot;px&quot;,&quot;size&quot;:&quot;0&quot;,&quot;sizes&quot;:[]},&quot;_transform_rotate_3d&quot;:&quot;yes&quot;,&quot;_transform_rotateX_effect&quot;:{&quot;unit&quot;:&quot;px&quot;,&quot;size&quot;:&quot;0&quot;,&quot;sizes&quot;:[]},&quot;_transform_rotateY_effect&quot;:{&quot;unit&quot;:&quot;px&quot;,&quot;size&quot;:&quot;4&quot;,&quot;sizes&quot;:[]},&quot;_transform_perspective_effect&quot;:{&quot;unit&quot;:&quot;px&quot;,&quot;size&quot;:&quot;650&quot;,&quot;sizes&quot;:[]},&quot;_transform_rotateZ_effect_tablet&quot;:{&quot;unit&quot;:&quot;deg&quot;,&quot;size&quot;:&quot;&quot;,&quot;sizes&quot;:[]},&quot;_transform_rotateZ_effect_mobile&quot;:{&quot;unit&quot;:&quot;deg&quot;,&quot;size&quot;:&quot;&quot;,&quot;sizes&quot;:[]},&quot;_transform_rotateX_effect_tablet&quot;:{&quot;unit&quot;:&quot;deg&quot;,&quot;size&quot;:&quot;&quot;,&quot;sizes&quot;:[]},&quot;_transform_rotateX_effect_mobile&quot;:{&quot;unit&quot;:&quot;deg&quot;,&quot;size&quot;:&quot;&quot;,&quot;sizes&quot;:[]},&quot;_transform_rotateY_effect_tablet&quot;:{&quot;unit&quot;:&quot;deg&quot;,&quot;size&quot;:&quot;&quot;,&quot;sizes&quot;:[]},&quot;_transform_rotateY_effect_mobile&quot;:{&quot;unit&quot;:&quot;deg&quot;,&quot;size&quot;:&quot;&quot;,&quot;sizes&quot;:[]},&quot;_transform_perspective_effect_tablet&quot;:{&quot;unit&quot;:&quot;px&quot;,&quot;size&quot;:&quot;&quot;,&quot;sizes&quot;:[]},&quot;_transform_perspective_effect_mobile&quot;:{&quot;unit&quot;:&quot;px&quot;,&quot;size&quot;:&quot;&quot;,&quot;sizes&quot;:[]}}\" data-widget_type=\"image.default\">\n\t\t\t\t<div class=\"elementor-widget-container\">\n\t\t\t\t\t\t\t\t\t\t\t\t\t\t\t<img loading=\"lazy\" decoding=\"async\" width=\"800\" height=\"800\" src=\"https:\/\/www.omni-biotic.com\/it-it\/wp-content\/uploads\/sites\/5\/2023\/06\/reizdarm-behandlung.jpg\" class=\"attachment-large size-large wp-image-17896\" alt=\"Consigli in caso di sindrome dell&#039;intestino irritabile\" srcset=\"https:\/\/www.omni-biotic.com\/it-it\/wp-content\/uploads\/sites\/5\/2023\/06\/reizdarm-behandlung.jpg 800w, https:\/\/www.omni-biotic.com\/it-it\/wp-content\/uploads\/sites\/5\/2023\/06\/reizdarm-behandlung-300x300.jpg 300w, https:\/\/www.omni-biotic.com\/it-it\/wp-content\/uploads\/sites\/5\/2023\/06\/reizdarm-behandlung-150x150.jpg 150w, https:\/\/www.omni-biotic.com\/it-it\/wp-content\/uploads\/sites\/5\/2023\/06\/reizdarm-behandlung-768x768.jpg 768w\" sizes=\"(max-width: 800px) 100vw, 800px\" \/>\t\t\t\t\t\t\t\t\t\t\t\t\t\t\t<\/div>\n\t\t\t\t<\/div>\n\t\t\t\t<\/div>\n\t\t<div class=\"elementor-element elementor-element-2ea5fb3 e-con-full obcs none e-flex e-con e-child\" data-id=\"2ea5fb3\" data-element_type=\"container\">\n\t\t\t\t<div class=\"elementor-element elementor-element-853675e elementor-widget elementor-widget-heading\" data-id=\"853675e\" data-element_type=\"widget\" data-widget_type=\"heading.default\">\n\t\t\t\t<div class=\"elementor-widget-container\">\n\t\t\t\t\t<h2 class=\"elementor-heading-title elementor-size-default\">Consigli per convivere con l'IBS<\/h2>\t\t\t\t<\/div>\n\t\t\t\t<\/div>\n\t\t\t\t<div class=\"elementor-element elementor-element-6623d79 elementor-widget elementor-widget-heading\" data-id=\"6623d79\" data-element_type=\"widget\" data-widget_type=\"heading.default\">\n\t\t\t\t<div class=\"elementor-widget-container\">\n\t\t\t\t\t<h3 class=\"elementor-heading-title elementor-size-default\">1) Rilassarsi<\/h3>\t\t\t\t<\/div>\n\t\t\t\t<\/div>\n\t\t\t\t<div class=\"elementor-element elementor-element-09a401d elementor-widget elementor-widget-text-editor\" data-id=\"09a401d\" data-element_type=\"widget\" data-widget_type=\"text-editor.default\">\n\t\t\t\t<div class=\"elementor-widget-container\">\n\t\t\t\t\t\t\t\t\t<p>Se la mente \u00e8 rilassata, lo sar\u00e0 anche l\u2019intestino! Lo stress pu\u00f2 infatti peggiorare i sintomi della sindrome dell&#8217;intestino irritabile. Un adeguato rilassamento e una regolare attivit\u00e0 fisica aiutano a ripristinare il normale equilibrio intestinale. La sauna, lo <strong>sport all&#8217;aperto<\/strong> e le cure idropiniche a base di acque termali apportano notevoli benefici. Alcune tecniche di rilassamento come il <strong>training autogeno<\/strong> o lo <strong>yoga<\/strong> aiutano inoltre a tenere sotto controllo stress, nervosismo e ansia. Inoltre, si consiglia ai pazienti con gravi problemi psichici e depressione di consultare uno psicoterapeuta.<\/p>\t\t\t\t\t\t\t\t<\/div>\n\t\t\t\t<\/div>\n\t\t\t\t<div class=\"elementor-element elementor-element-0b729cc elementor-widget elementor-widget-heading\" data-id=\"0b729cc\" data-element_type=\"widget\" data-widget_type=\"heading.default\">\n\t\t\t\t<div class=\"elementor-widget-container\">\n\t\t\t\t\t<h3 class=\"elementor-heading-title elementor-size-default\">2) Evitare alimenti poco digeribili e che causano gonfiore\n\n<\/h3>\t\t\t\t<\/div>\n\t\t\t\t<\/div>\n\t\t\t\t<div class=\"elementor-element elementor-element-eee7bdd elementor-widget elementor-widget-text-editor\" data-id=\"eee7bdd\" data-element_type=\"widget\" data-widget_type=\"text-editor.default\">\n\t\t\t\t<div class=\"elementor-widget-container\">\n\t\t\t\t\t\t\t\t\t<p>A tale scopo \u00e8 necessario compilare un <strong>diario alimentare<\/strong> e identificare i cibi, le bevande e le situazioni che possono influire sui sintomi e causare disturbi: prevenire \u00e8 meglio che curare. Se si assumono fibre alimentari che stimolano la motilit\u00e0 intestinale, \u00e8 bene preferire quelle idrosolubili (farina di semi di carrube, pectina).<\/p><p>\u00c8 preferibile assumere varie porzioni piccole piuttosto che poche e abbondanti. \u00c8 inoltre consigliabile masticare lentamente e bere a sufficienza (ad esempio acqua minerale non gassata). Bisognerebbe inoltre evitare gli alimenti ricchi di grassi, i cibi che causano gonfiore e le bevande troppo fredde o calde. Anche le bevande gassate e la frutta potrebbero causare disturbi.<\/p><p>Si consiglia inoltre di mangiare regolarmente ai pasti e rispettare preferibilmente orari prestabiliti.<\/p>\t\t\t\t\t\t\t\t<\/div>\n\t\t\t\t<\/div>\n\t\t\t\t<div class=\"elementor-element elementor-element-aecf409 elementor-widget elementor-widget-heading\" data-id=\"aecf409\" data-element_type=\"widget\" data-widget_type=\"heading.default\">\n\t\t\t\t<div class=\"elementor-widget-container\">\n\t\t\t\t\t<h3 class=\"elementor-heading-title elementor-size-default\">3) No alle sigarette e agli alcolici<\/h3>\t\t\t\t<\/div>\n\t\t\t\t<\/div>\n\t\t\t\t<div class=\"elementor-element elementor-element-bd0d1bf elementor-widget elementor-widget-text-editor\" data-id=\"bd0d1bf\" data-element_type=\"widget\" data-widget_type=\"text-editor.default\">\n\t\t\t\t<div class=\"elementor-widget-container\">\n\t\t\t\t\t\t\t\t\t<p><strong>\u00a0Smettere\u00a0<\/strong>di\u00a0<strong>fumare<\/strong>\u00a0laddove possibile e limitare il consumo di\u00a0<strong>alcolici<\/strong>.<\/p>\t\t\t\t\t\t\t\t<\/div>\n\t\t\t\t<\/div>\n\t\t\t\t<div class=\"elementor-element elementor-element-512d8c8 elementor-widget elementor-widget-heading\" data-id=\"512d8c8\" data-element_type=\"widget\" data-widget_type=\"heading.default\">\n\t\t\t\t<div class=\"elementor-widget-container\">\n\t\t\t\t\t<h3 class=\"elementor-heading-title elementor-size-default\">4) Assumere probiotici<\/h3>\t\t\t\t<\/div>\n\t\t\t\t<\/div>\n\t\t\t\t<div class=\"elementor-element elementor-element-ba5256a elementor-widget elementor-widget-text-editor\" data-id=\"ba5256a\" data-element_type=\"widget\" data-widget_type=\"text-editor.default\">\n\t\t\t\t<div class=\"elementor-widget-container\">\n\t\t\t\t\t\t\t\t\t<p>Assumere\u00a0<strong>probiotici multispecie <\/strong>appositamente sviluppati anche in modo prolungato: proteggono la mucosa intestinale e favoriscono la digestione. Essi sono infine ideale per la profilassi e possono essere associati al trattamento della sindrome dell&#8217;intestino irritabile.<\/p>\t\t\t\t\t\t\t\t<\/div>\n\t\t\t\t<\/div>\n\t\t\t\t<\/div>\n\t\t\t\t\t<\/div>\n\t\t\t\t<\/div>\n\t\t<div class=\"elementor-element elementor-element-098f1e3 obcs none e-flex e-con-boxed e-con e-parent\" data-id=\"098f1e3\" data-element_type=\"container\">\n\t\t\t\t\t<div class=\"e-con-inner\">\n\t\t\t\t<div class=\"elementor-element elementor-element-1aa12b7 elementor-widget__width-inherit elementor-widget elementor-widget-heading\" data-id=\"1aa12b7\" data-element_type=\"widget\" data-widget_type=\"heading.default\">\n\t\t\t\t<div class=\"elementor-widget-container\">\n\t\t\t\t\t<h2 class=\"elementor-heading-title elementor-size-default\">Articoli rilevanti sull'argomento<\/h2>\t\t\t\t<\/div>\n\t\t\t\t<\/div>\n\t\t\t\t<div class=\"elementor-element elementor-element-caf9c9b elementor-widget elementor-widget-li-widgets--posts-gallery\" data-id=\"caf9c9b\" data-element_type=\"widget\" data-widget_type=\"li-widgets--posts-gallery.default\">\n\t\t\t\t<div class=\"elementor-widget-container\">\n\t\t\t\t\t    \n<div class=\"li-widgets--posts-gallery__pagination\" data-post-id=\"161\">\n\n    <div class=\"li-widgets--posts-gallery__pagination-results\">\n        1-6 dei 78 risultati    <\/div>\n    <div class=\"li-widgets--posts-gallery__pagination-pages\">\n        Pagina 1 di 13    <\/div>\n    <div class=\"li-widgets--posts-gallery__pagination-url\">\n                            <a href=\"#\" data-href=\"https:\/\/www.omni-biotic.com\/it-it\/wp-json\/wp\/v2\/pages\/161\/?search&category=107&cur=1\">1<\/a>\n                    <a href=\"#\" data-href=\"https:\/\/www.omni-biotic.com\/it-it\/wp-json\/wp\/v2\/pages\/161\/?search&category=107&cur=2\">2<\/a>\n                    <a href=\"#\" data-href=\"https:\/\/www.omni-biotic.com\/it-it\/wp-json\/wp\/v2\/pages\/161\/?search&category=107&cur=3\">3<\/a>\n                            <a href=\"#\" data-href=\"https:\/\/www.omni-biotic.com\/it-it\/wp-json\/wp\/v2\/pages\/161\/?search&category=107&cur=13\">\u00bb<\/a>\n            <\/div>\n<\/div>\n<div class=\"li-widgets--posts-gallery blog\">\n                    <a href=\"https:\/\/www.omni-biotic.com\/it-it\/blog\/omni-biotic-flora-plus\/\"\n           class=\"li-widgets--posts-gallery__post\">\n            <div class=\"post--image__container\">\n                <div class=\"post--image\">\n                    <img loading=\"lazy\" decoding=\"async\" width=\"768\" height=\"455\" src=\"https:\/\/www.omni-biotic.com\/it-it\/wp-content\/uploads\/sites\/5\/2026\/04\/20260423_OB_WOMAN_Banner_omni-biotic_ITA-768x455.jpg\" class=\"attachment-medium_large size-medium_large wp-post-image\" alt=\"probiotici-donna-flora-plus-omnibiotic\" srcset=\"https:\/\/www.omni-biotic.com\/it-it\/wp-content\/uploads\/sites\/5\/2026\/04\/20260423_OB_WOMAN_Banner_omni-biotic_ITA-768x455.jpg 768w, https:\/\/www.omni-biotic.com\/it-it\/wp-content\/uploads\/sites\/5\/2026\/04\/20260423_OB_WOMAN_Banner_omni-biotic_ITA-300x178.jpg 300w, https:\/\/www.omni-biotic.com\/it-it\/wp-content\/uploads\/sites\/5\/2026\/04\/20260423_OB_WOMAN_Banner_omni-biotic_ITA-1024x607.jpg 1024w, https:\/\/www.omni-biotic.com\/it-it\/wp-content\/uploads\/sites\/5\/2026\/04\/20260423_OB_WOMAN_Banner_omni-biotic_ITA-1536x910.jpg 1536w, https:\/\/www.omni-biotic.com\/it-it\/wp-content\/uploads\/sites\/5\/2026\/04\/20260423_OB_WOMAN_Banner_omni-biotic_ITA.jpg 1920w\" sizes=\"(max-width: 768px) 100vw, 768px\" \/>                <\/div>\n            <\/div>\n            <div class=\"post--teaser\">\n                <div class=\"title\">OMNi-BiOTiC\u00ae FLORA plus+<\/div>\n                <div class=\"description\">\n                    Cara lettrice, sapevi che il microbiota vaginale gioca un ruolo importantissimo per il tuo benessere\u2026                    <br>\n                    <span class=\"read-more\">\n                            Scopri di pi\u00f9                        <\/span>\n                <\/div>\n                <div class=\"metadata\"><b>Aggiornato:<\/b> 30. Aprile 2026 \u2022 <b>Categorie:<\/b> Disturbi e consigli, Salute al femminile, Tutte le categorie<\/div>\n            <\/div>\n        <\/a>\n                <a href=\"https:\/\/www.omni-biotic.com\/it-it\/blog\/allergia-e-bambini\/\"\n           class=\"li-widgets--posts-gallery__post\">\n            <div class=\"post--image__container\">\n                <div class=\"post--image\">\n                    <img loading=\"lazy\" decoding=\"async\" width=\"700\" height=\"500\" src=\"https:\/\/www.omni-biotic.com\/it-it\/wp-content\/uploads\/sites\/5\/2026\/03\/allergien-kinder-mehr-betroffene.jpg\" class=\"attachment-medium_large size-medium_large wp-post-image\" alt=\"allergia-e-intenstino\" srcset=\"https:\/\/www.omni-biotic.com\/it-it\/wp-content\/uploads\/sites\/5\/2026\/03\/allergien-kinder-mehr-betroffene.jpg 700w, https:\/\/www.omni-biotic.com\/it-it\/wp-content\/uploads\/sites\/5\/2026\/03\/allergien-kinder-mehr-betroffene-300x214.jpg 300w\" sizes=\"(max-width: 700px) 100vw, 700px\" \/>                <\/div>\n            <\/div>\n            <div class=\"post--teaser\">\n                <div class=\"title\">Allergia e bambini<\/div>\n                <div class=\"description\">\n                    Sempre pi\u00f9 bambini e adolescenti soffrono di allergie respiratorie, in particolare di rinite allergica stagionale\u2026                    <br>\n                    <span class=\"read-more\">\n                            Scopri di pi\u00f9                        <\/span>\n                <\/div>\n                <div class=\"metadata\"><b>Aggiornato:<\/b> 15. Aprile 2026 \u2022 <b>Categorie:<\/b> Disturbi e consigli, Institut AllergoSan, Tutte le categorie<\/div>\n            <\/div>\n        <\/a>\n                <a href=\"https:\/\/www.omni-biotic.com\/it-it\/blog\/obesita-diabete-e-il-microbiota\/\"\n           class=\"li-widgets--posts-gallery__post\">\n            <div class=\"post--image__container\">\n                <div class=\"post--image\">\n                    <img loading=\"lazy\" decoding=\"async\" width=\"700\" height=\"500\" src=\"https:\/\/www.omni-biotic.com\/it-it\/wp-content\/uploads\/sites\/5\/2025\/04\/diabetes-1.jpg\" class=\"attachment-medium_large size-medium_large wp-post-image\" alt=\"diabete-microbiota\" srcset=\"https:\/\/www.omni-biotic.com\/it-it\/wp-content\/uploads\/sites\/5\/2025\/04\/diabetes-1.jpg 700w, https:\/\/www.omni-biotic.com\/it-it\/wp-content\/uploads\/sites\/5\/2025\/04\/diabetes-1-300x214.jpg 300w\" sizes=\"(max-width: 700px) 100vw, 700px\" \/>                <\/div>\n            <\/div>\n            <div class=\"post--teaser\">\n                <div class=\"title\">Obesit\u00e0, diabete e il microbiota<\/div>\n                <div class=\"description\">\n                    La cosiddetta \u2018dieta occidentale\u2019 ha contribuito alla diffusione a macchia d\u2019olio di malattie come l\u2019obesit\u00e0\u2026                    <br>\n                    <span class=\"read-more\">\n                            Scopri di pi\u00f9                        <\/span>\n                <\/div>\n                <div class=\"metadata\"><b>Aggiornato:<\/b> 10. Marzo 2026 \u2022 <b>Categorie:<\/b> Disturbi e consigli, Scoperte scientifiche \u2022 <b>Autore:<\/b> Mag. Jutta Kalian<\/div>\n            <\/div>\n        <\/a>\n                <a href=\"https:\/\/www.omni-biotic.com\/it-it\/blog\/allergie-e-intestino\/\"\n           class=\"li-widgets--posts-gallery__post\">\n            <div class=\"post--image__container\">\n                <div class=\"post--image\">\n                    <img loading=\"lazy\" decoding=\"async\" width=\"768\" height=\"480\" src=\"https:\/\/www.omni-biotic.com\/it-it\/wp-content\/uploads\/sites\/5\/2026\/03\/IT_BLOG_Visuals-5-768x480.png\" class=\"attachment-medium_large size-medium_large wp-post-image\" alt=\"allergia-e-intestino\" srcset=\"https:\/\/www.omni-biotic.com\/it-it\/wp-content\/uploads\/sites\/5\/2026\/03\/IT_BLOG_Visuals-5-768x480.png 768w, https:\/\/www.omni-biotic.com\/it-it\/wp-content\/uploads\/sites\/5\/2026\/03\/IT_BLOG_Visuals-5-300x188.png 300w, https:\/\/www.omni-biotic.com\/it-it\/wp-content\/uploads\/sites\/5\/2026\/03\/IT_BLOG_Visuals-5.png 800w\" sizes=\"(max-width: 768px) 100vw, 768px\" \/>                <\/div>\n            <\/div>\n            <div class=\"post--teaser\">\n                <div class=\"title\">Allergie e intestino: perch\u00e9 il microbiota intestinale \u00e8 fondamentale?<\/div>\n                <div class=\"description\">\n                    Quando, all\u2019inizio della primavera, i pollini iniziano a volare nell\u2019aria, il primo starnuto \u00e8 spesso\u2026                    <br>\n                    <span class=\"read-more\">\n                            Scopri di pi\u00f9                        <\/span>\n                <\/div>\n                <div class=\"metadata\"><b>Aggiornato:<\/b> 3. Marzo 2026 \u2022 <b>Categorie:<\/b> Disturbi e consigli, Institut AllergoSan, Scoperte scientifiche \u2022 <b>Autore:<\/b> Mag. Jutta Kalian<\/div>\n            <\/div>\n        <\/a>\n                <a href=\"https:\/\/www.omni-biotic.com\/it-it\/blog\/stimola-il-metabolismo\/\"\n           class=\"li-widgets--posts-gallery__post\">\n            <div class=\"post--image__container\">\n                <div class=\"post--image\">\n                    <img loading=\"lazy\" decoding=\"async\" width=\"768\" height=\"768\" src=\"https:\/\/www.omni-biotic.com\/it-it\/wp-content\/uploads\/sites\/5\/2024\/07\/Darmflora-Wunschgewicht-768x768.jpg\" class=\"attachment-medium_large size-medium_large wp-post-image\" alt=\"\" srcset=\"https:\/\/www.omni-biotic.com\/it-it\/wp-content\/uploads\/sites\/5\/2024\/07\/Darmflora-Wunschgewicht-768x768.jpg 768w, https:\/\/www.omni-biotic.com\/it-it\/wp-content\/uploads\/sites\/5\/2024\/07\/Darmflora-Wunschgewicht-300x300.jpg 300w, https:\/\/www.omni-biotic.com\/it-it\/wp-content\/uploads\/sites\/5\/2024\/07\/Darmflora-Wunschgewicht-150x150.jpg 150w, https:\/\/www.omni-biotic.com\/it-it\/wp-content\/uploads\/sites\/5\/2024\/07\/Darmflora-Wunschgewicht.jpg 1024w\" sizes=\"(max-width: 768px) 100vw, 768px\" \/>                <\/div>\n            <\/div>\n            <div class=\"post--teaser\">\n                <div class=\"title\">Stimola il metabolismo con questi 7 consigli<\/div>\n                <div class=\"description\">\n                    Mettersi a dieta di continuo pu\u00f2 essere davvero estenuante, sia per il corpo che per\u2026                    <br>\n                    <span class=\"read-more\">\n                            Scopri di pi\u00f9                        <\/span>\n                <\/div>\n                <div class=\"metadata\"><b>Aggiornato:<\/b> 21. Gennaio 2026 \u2022 <b>Categorie:<\/b> Disturbi e consigli, Tutte le categorie \u2022 <b>Autore:<\/b> Florentina Sgarz, BA<\/div>\n            <\/div>\n        <\/a>\n                <a href=\"https:\/\/www.omni-biotic.com\/it-it\/blog\/trappola-della-dieta-e-intestino\/\"\n           class=\"li-widgets--posts-gallery__post\">\n            <div class=\"post--image__container\">\n                <div class=\"post--image\">\n                    <img loading=\"lazy\" decoding=\"async\" width=\"700\" height=\"500\" src=\"https:\/\/www.omni-biotic.com\/it-it\/wp-content\/uploads\/sites\/5\/2021\/03\/intestino_dimagrire.gif\" class=\"attachment-medium_large size-medium_large wp-post-image\" alt=\"intestino-dimagrire\" \/>                <\/div>\n            <\/div>\n            <div class=\"post--teaser\">\n                <div class=\"title\">Intestino in equilibrio e perdita di peso: come sono correlati?<\/div>\n                <div class=\"description\">\n                    Alcune persone tendono a ingrassare pur senza eccedere con il cibo, mentre altre, nonostante mangino\u2026                    <br>\n                    <span class=\"read-more\">\n                            Scopri di pi\u00f9                        <\/span>\n                <\/div>\n                <div class=\"metadata\"><b>Aggiornato:<\/b> 21. Gennaio 2026 \u2022 <b>Categorie:<\/b> Alimentazione e ricette, Disturbi e consigli, Tutte le categorie \u2022 <b>Autore:<\/b> Herbert Hauser<\/div>\n            <\/div>\n        <\/a>\n            <\/div>\n\t\t\t\t<\/div>\n\t\t\t\t<\/div>\n\t\t\t\t\t<\/div>\n\t\t\t\t<\/div>\n\t\t\t\t<\/div>\n\t\t","protected":false},"excerpt":{"rendered":"<p>La sindrome dell&#8217;intestino irritabile La sindrome dell&#8217;intestino irritabile (anche conosciuta come colon irritabile o IBS), provoca nel paziente disturbi del tratto gastrointestinale. Non si riscontrano tuttavia cause organiche, bens\u00ec si tratta di disturbi funzionali dell&#8217;apparato digerente. Di seguito vengono fornite maggiori informazioni sui sintomi, sulla diagnosi e sulle possibilit\u00e0 di trattamento. Indice Che cos&#8217;\u00e8 la [&hellip;]<\/p>\n","protected":false},"author":3,"featured_media":0,"parent":153,"menu_order":490,"comment_status":"closed","ping_status":"closed","template":"","meta":{"_acf_changed":false,"inline_featured_image":false,"footnotes":""},"class_list":["post-161","page","type-page","status-publish","hentry"],"acf":[],"_links":{"self":[{"href":"https:\/\/www.omni-biotic.com\/it-it\/wp-json\/wp\/v2\/pages\/161","targetHints":{"allow":["GET"]}}],"collection":[{"href":"https:\/\/www.omni-biotic.com\/it-it\/wp-json\/wp\/v2\/pages"}],"about":[{"href":"https:\/\/www.omni-biotic.com\/it-it\/wp-json\/wp\/v2\/types\/page"}],"author":[{"embeddable":true,"href":"https:\/\/www.omni-biotic.com\/it-it\/wp-json\/wp\/v2\/users\/3"}],"replies":[{"embeddable":true,"href":"https:\/\/www.omni-biotic.com\/it-it\/wp-json\/wp\/v2\/comments?post=161"}],"version-history":[{"count":7,"href":"https:\/\/www.omni-biotic.com\/it-it\/wp-json\/wp\/v2\/pages\/161\/revisions"}],"predecessor-version":[{"id":35959,"href":"https:\/\/www.omni-biotic.com\/it-it\/wp-json\/wp\/v2\/pages\/161\/revisions\/35959"}],"up":[{"embeddable":true,"href":"https:\/\/www.omni-biotic.com\/it-it\/wp-json\/wp\/v2\/pages\/153"}],"wp:attachment":[{"href":"https:\/\/www.omni-biotic.com\/it-it\/wp-json\/wp\/v2\/media?parent=161"}],"curies":[{"name":"wp","href":"https:\/\/api.w.org\/{rel}","templated":true}]}}