{"id":163,"date":"2022-03-07T10:07:28","date_gmt":"2022-03-07T09:07:28","guid":{"rendered":"https:\/\/www.omni-biotic.com\/darmbeschwerden\/ced\/"},"modified":"2023-12-05T14:12:41","modified_gmt":"2023-12-05T13:12:41","slug":"mici","status":"publish","type":"page","link":"https:\/\/www.omni-biotic.com\/it-it\/problemi-intestinali\/mici\/","title":{"rendered":"MICI"},"content":{"rendered":"\t\t<div data-elementor-type=\"wp-page\" data-elementor-id=\"163\" class=\"elementor elementor-163\" data-elementor-post-type=\"page\">\n\t\t\t\t<div class=\"elementor-element elementor-element-bcd1b0e e-con-full obcs none e-flex e-con e-parent\" data-id=\"bcd1b0e\" data-element_type=\"container\" data-settings=\"{&quot;background_background&quot;:&quot;classic&quot;,&quot;shape_divider_bottom&quot;:&quot;waves&quot;}\">\n\t\t\t\t<div class=\"elementor-shape elementor-shape-bottom\" aria-hidden=\"true\" data-negative=\"false\">\n\t\t\t<svg xmlns=\"http:\/\/www.w3.org\/2000\/svg\" viewBox=\"0 0 1000 100\" preserveAspectRatio=\"none\">\n\t<path class=\"elementor-shape-fill\" d=\"M421.9,6.5c22.6-2.5,51.5,0.4,75.5,5.3c23.6,4.9,70.9,23.5,100.5,35.7c75.8,32.2,133.7,44.5,192.6,49.7\n\tc23.6,2.1,48.7,3.5,103.4-2.5c54.7-6,106.2-25.6,106.2-25.6V0H0v30.3c0,0,72,32.6,158.4,30.5c39.2-0.7,92.8-6.7,134-22.4\n\tc21.2-8.1,52.2-18.2,79.7-24.2C399.3,7.9,411.6,7.5,421.9,6.5z\"\/>\n<\/svg>\t\t<\/div>\n\t\t\t\t<div class=\"elementor-element elementor-element-b2a85d9 elementor-absolute elementor-hidden-mobile elementor-align-center elementor-widget elementor-widget-lottie\" data-id=\"b2a85d9\" data-element_type=\"widget\" data-settings=\"{&quot;source_json&quot;:{&quot;url&quot;:&quot;https:\\\/\\\/www.omni-biotic.com\\\/it-it\\\/wp-content\\\/uploads\\\/sites\\\/5\\\/2022\\\/08\\\/lf30_editor_s5uwdgjh.json&quot;,&quot;id&quot;:&quot;7733&quot;,&quot;size&quot;:&quot;&quot;,&quot;alt&quot;:&quot;&quot;,&quot;source&quot;:&quot;library&quot;},&quot;loop&quot;:&quot;yes&quot;,&quot;play_speed&quot;:{&quot;unit&quot;:&quot;px&quot;,&quot;size&quot;:&quot;0.3&quot;,&quot;sizes&quot;:[]},&quot;_position&quot;:&quot;absolute&quot;,&quot;source&quot;:&quot;media_file&quot;,&quot;caption_source&quot;:&quot;none&quot;,&quot;link_to&quot;:&quot;none&quot;,&quot;trigger&quot;:&quot;arriving_to_viewport&quot;,&quot;viewport&quot;:{&quot;unit&quot;:&quot;%&quot;,&quot;size&quot;:&quot;&quot;,&quot;sizes&quot;:{&quot;start&quot;:0,&quot;end&quot;:100}},&quot;start_point&quot;:{&quot;unit&quot;:&quot;%&quot;,&quot;size&quot;:0,&quot;sizes&quot;:[]},&quot;end_point&quot;:{&quot;unit&quot;:&quot;%&quot;,&quot;size&quot;:100,&quot;sizes&quot;:[]},&quot;renderer&quot;:&quot;svg&quot;}\" data-widget_type=\"lottie.default\">\n\t\t\t\t<div class=\"elementor-widget-container\">\n\t\t\t\t\t<div class=\"e-lottie__container\"><div class=\"e-lottie__animation\"><\/div><\/div>\t\t\t\t<\/div>\n\t\t\t\t<\/div>\n\t\t<div class=\"elementor-element elementor-element-ead9b3c e-con-full obcs none e-flex e-con e-parent\" data-id=\"ead9b3c\" data-element_type=\"container\" data-settings=\"{&quot;background_background&quot;:&quot;classic&quot;}\">\n\t\t\t\t<div class=\"elementor-element elementor-element-6e01fa6 elementor-widget elementor-widget-heading\" data-id=\"6e01fa6\" data-element_type=\"widget\" data-widget_type=\"heading.default\">\n\t\t\t\t<div class=\"elementor-widget-container\">\n\t\t\t\t\t<h1 class=\"elementor-heading-title elementor-size-default\">Malattie infiammatorie croniche intestinali (MICI)<\/h1>\t\t\t\t<\/div>\n\t\t\t\t<\/div>\n\t\t\t\t<div class=\"elementor-element elementor-element-45bf218 elementor-widget-divider--view-line elementor-widget elementor-widget-divider\" data-id=\"45bf218\" data-element_type=\"widget\" data-widget_type=\"divider.default\">\n\t\t\t\t<div class=\"elementor-widget-container\">\n\t\t\t\t\t\t\t<div class=\"elementor-divider\">\n\t\t\t<span class=\"elementor-divider-separator\">\n\t\t\t\t\t\t<\/span>\n\t\t<\/div>\n\t\t\t\t\t\t<\/div>\n\t\t\t\t<\/div>\n\t\t\t\t<div class=\"elementor-element elementor-element-174a307 elementor-widget elementor-widget-text-editor\" data-id=\"174a307\" data-element_type=\"widget\" data-widget_type=\"text-editor.default\">\n\t\t\t\t<div class=\"elementor-widget-container\">\n\t\t\t\t\t\t\t\t\t<p>Dolori addominali, diarrea, vomito, nausea, febbre: sintomi tipici del mal di stomaco o dell\u2019influenza intestinale che tutti conosciamo, ma i pazienti affetti da MICI ne soffrono ancora di pi\u00f9. Di seguito vengono fornite maggiori informazioni sui soggetti che ne soffrono, sulla diagnosi e sulle possibilit\u00e0 trattamento.<\/p>\t\t\t\t\t\t\t\t<\/div>\n\t\t\t\t<\/div>\n\t\t\t\t<\/div>\n\t\t\t\t<\/div>\n\t\t<div class=\"elementor-element elementor-element-e8b8819 obcs none e-flex e-con-boxed e-con e-parent\" data-id=\"e8b8819\" data-element_type=\"container\">\n\t\t\t\t\t<div class=\"e-con-inner\">\n\t\t<div class=\"elementor-element elementor-element-f304f44 e-con-full obcs none e-flex e-con e-parent\" data-id=\"f304f44\" data-element_type=\"container\">\n\t\t\t\t<div class=\"elementor-element elementor-element-cf4049a elementor-align-left elementor-widget__width-initial elementor-widget elementor-widget-breadcrumbs\" data-id=\"cf4049a\" data-element_type=\"widget\" data-widget_type=\"breadcrumbs.default\">\n\t\t\t\t<div class=\"elementor-widget-container\">\n\t\t\t\t\t<span><span class=\"last\">Home<\/span><\/span>\t\t\t\t<\/div>\n\t\t\t\t<\/div>\n\t\t\t\t<\/div>\n\t\t<div class=\"elementor-element elementor-element-2ce0c02 e-con-full obcs none e-flex e-con e-parent\" data-id=\"2ce0c02\" data-element_type=\"container\">\n\t\t\t\t<div class=\"elementor-element elementor-element-95e866e elementor-toc--minimized-on-desktop elementor-widget elementor-widget-table-of-contents\" data-id=\"95e866e\" data-element_type=\"widget\" data-settings=\"{&quot;exclude_headings_by_selector&quot;:[],&quot;minimized_on&quot;:&quot;desktop&quot;,&quot;headings_by_tags&quot;:[&quot;h2&quot;,&quot;h3&quot;,&quot;h4&quot;,&quot;h5&quot;,&quot;h6&quot;],&quot;marker_view&quot;:&quot;numbers&quot;,&quot;no_headings_message&quot;:&quot;Non sono state trovate intestazioni in questa pagina.&quot;,&quot;minimize_box&quot;:&quot;yes&quot;,&quot;hierarchical_view&quot;:&quot;yes&quot;,&quot;min_height&quot;:{&quot;unit&quot;:&quot;px&quot;,&quot;size&quot;:&quot;&quot;,&quot;sizes&quot;:[]},&quot;min_height_tablet&quot;:{&quot;unit&quot;:&quot;px&quot;,&quot;size&quot;:&quot;&quot;,&quot;sizes&quot;:[]},&quot;min_height_mobile&quot;:{&quot;unit&quot;:&quot;px&quot;,&quot;size&quot;:&quot;&quot;,&quot;sizes&quot;:[]}}\" data-widget_type=\"table-of-contents.default\">\n\t\t\t\t<div class=\"elementor-widget-container\">\n\t\t\t\t\t\t\t\t\t<div class=\"elementor-toc__header\">\n\t\t\t\t\t\t<h4 class=\"elementor-toc__header-title\">\n\t\t\t\tIndice\t\t\t<\/h4>\n\t\t\t\t\t\t\t\t\t\t<div class=\"elementor-toc__toggle-button elementor-toc__toggle-button--expand\" role=\"button\" tabindex=\"0\" aria-controls=\"elementor-toc__95e866e\" aria-expanded=\"true\" aria-label=\"Apri l&#039;indice dei contenuti\"><i aria-hidden=\"true\" class=\"fas fa-chevron-down\"><\/i><\/div>\n\t\t\t\t<div class=\"elementor-toc__toggle-button elementor-toc__toggle-button--collapse\" role=\"button\" tabindex=\"0\" aria-controls=\"elementor-toc__95e866e\" aria-expanded=\"true\" aria-label=\"Chiudi l&#039;indice dei contenuti\"><i aria-hidden=\"true\" class=\"fas fa-chevron-up\"><\/i><\/div>\n\t\t\t\t\t<\/div>\n\t\t\t\t<div id=\"elementor-toc__95e866e\" class=\"elementor-toc__body\">\n\t\t\t<div class=\"elementor-toc__spinner-container\">\n\t\t\t\t<i class=\"elementor-toc__spinner eicon-animation-spin eicon-loading\" aria-hidden=\"true\"><\/i>\t\t\t<\/div>\n\t\t<\/div>\n\t\t\t\t\t\t<\/div>\n\t\t\t\t<\/div>\n\t\t\t\t<\/div>\n\t\t\t\t\t<\/div>\n\t\t\t\t<\/div>\n\t\t<div class=\"elementor-element elementor-element-9e958f8 obcs yellow e-flex e-con-boxed e-con e-parent\" data-id=\"9e958f8\" data-element_type=\"container\">\n\t\t\t\t\t<div class=\"e-con-inner\">\n\t\t<div class=\"elementor-element elementor-element-d8dbe91 e-con-full obcs none e-flex e-con e-parent\" data-id=\"d8dbe91\" data-element_type=\"container\">\n\t\t\t\t<div class=\"elementor-element elementor-element-516e102 e-transform elementor-widget elementor-widget-image\" data-id=\"516e102\" data-element_type=\"widget\" data-settings=\"{&quot;_transform_rotateZ_effect&quot;:{&quot;unit&quot;:&quot;px&quot;,&quot;size&quot;:&quot;0&quot;,&quot;sizes&quot;:[]},&quot;_transform_rotate_3d&quot;:&quot;yes&quot;,&quot;_transform_rotateX_effect&quot;:{&quot;unit&quot;:&quot;px&quot;,&quot;size&quot;:&quot;0&quot;,&quot;sizes&quot;:[]},&quot;_transform_rotateY_effect&quot;:{&quot;unit&quot;:&quot;px&quot;,&quot;size&quot;:&quot;4&quot;,&quot;sizes&quot;:[]},&quot;_transform_perspective_effect&quot;:{&quot;unit&quot;:&quot;px&quot;,&quot;size&quot;:&quot;650&quot;,&quot;sizes&quot;:[]},&quot;_transform_rotateZ_effect_tablet&quot;:{&quot;unit&quot;:&quot;deg&quot;,&quot;size&quot;:&quot;&quot;,&quot;sizes&quot;:[]},&quot;_transform_rotateZ_effect_mobile&quot;:{&quot;unit&quot;:&quot;deg&quot;,&quot;size&quot;:&quot;&quot;,&quot;sizes&quot;:[]},&quot;_transform_rotateX_effect_tablet&quot;:{&quot;unit&quot;:&quot;deg&quot;,&quot;size&quot;:&quot;&quot;,&quot;sizes&quot;:[]},&quot;_transform_rotateX_effect_mobile&quot;:{&quot;unit&quot;:&quot;deg&quot;,&quot;size&quot;:&quot;&quot;,&quot;sizes&quot;:[]},&quot;_transform_rotateY_effect_tablet&quot;:{&quot;unit&quot;:&quot;deg&quot;,&quot;size&quot;:&quot;&quot;,&quot;sizes&quot;:[]},&quot;_transform_rotateY_effect_mobile&quot;:{&quot;unit&quot;:&quot;deg&quot;,&quot;size&quot;:&quot;&quot;,&quot;sizes&quot;:[]},&quot;_transform_perspective_effect_tablet&quot;:{&quot;unit&quot;:&quot;px&quot;,&quot;size&quot;:&quot;&quot;,&quot;sizes&quot;:[]},&quot;_transform_perspective_effect_mobile&quot;:{&quot;unit&quot;:&quot;px&quot;,&quot;size&quot;:&quot;&quot;,&quot;sizes&quot;:[]}}\" data-widget_type=\"image.default\">\n\t\t\t\t<div class=\"elementor-widget-container\">\n\t\t\t\t\t\t\t\t\t\t\t\t\t\t\t<img fetchpriority=\"high\" decoding=\"async\" width=\"800\" height=\"800\" src=\"https:\/\/www.omni-biotic.com\/it-it\/wp-content\/uploads\/sites\/5\/2023\/07\/chronisch-entzuendliche-darmerkrankungen-colitis-ulcerosa-morbus-crohn.jpg\" class=\"attachment-full size-full wp-image-18634\" alt=\"Morbo di Chron_Colite ulcerosa\" srcset=\"https:\/\/www.omni-biotic.com\/it-it\/wp-content\/uploads\/sites\/5\/2023\/07\/chronisch-entzuendliche-darmerkrankungen-colitis-ulcerosa-morbus-crohn.jpg 800w, https:\/\/www.omni-biotic.com\/it-it\/wp-content\/uploads\/sites\/5\/2023\/07\/chronisch-entzuendliche-darmerkrankungen-colitis-ulcerosa-morbus-crohn-300x300.jpg 300w, https:\/\/www.omni-biotic.com\/it-it\/wp-content\/uploads\/sites\/5\/2023\/07\/chronisch-entzuendliche-darmerkrankungen-colitis-ulcerosa-morbus-crohn-150x150.jpg 150w, https:\/\/www.omni-biotic.com\/it-it\/wp-content\/uploads\/sites\/5\/2023\/07\/chronisch-entzuendliche-darmerkrankungen-colitis-ulcerosa-morbus-crohn-768x768.jpg 768w\" sizes=\"(max-width: 800px) 100vw, 800px\" \/>\t\t\t\t\t\t\t\t\t\t\t\t\t\t\t<\/div>\n\t\t\t\t<\/div>\n\t\t\t\t<\/div>\n\t\t<div class=\"elementor-element elementor-element-a64d485 e-con-full obcs none e-flex e-con e-parent\" data-id=\"a64d485\" data-element_type=\"container\">\n\t\t\t\t<div class=\"elementor-element elementor-element-a3ac98a elementor-widget elementor-widget-heading\" data-id=\"a3ac98a\" data-element_type=\"widget\" data-widget_type=\"heading.default\">\n\t\t\t\t<div class=\"elementor-widget-container\">\n\t\t\t\t\t<h2 class=\"elementor-heading-title elementor-size-default\">Che cosa sono le malattie infiammatorie croniche intestinali o MICI?<\/h2>\t\t\t\t<\/div>\n\t\t\t\t<\/div>\n\t\t\t\t<div class=\"elementor-element elementor-element-248bc44 elementor-widget elementor-widget-text-editor\" data-id=\"248bc44\" data-element_type=\"widget\" data-widget_type=\"text-editor.default\">\n\t\t\t\t<div class=\"elementor-widget-container\">\n\t\t\t\t\t\t\t\t\t<p><strong>Morbo di Crohn<\/strong>\u00a0e\u00a0<strong>colite ulcerosa\u00a0<\/strong>rappresentano le due malattie infiammatorie croniche intestinali pi\u00f9 comuni e si differenziano principalmente per la sede interessata dall&#8217;infiammazione. Il morbo di Crohn colpisce l&#8217;intero apparato gastrointestinale, mentre nel caso della colite ulcerosa l&#8217;infiammazione si limita al colon. Il decorso di entrambe le malattie pu\u00f2 definirsi intermittente e, pur non essendo curabili, esistono alcune possibilit\u00e0 di trattamento. Nella fase acuta, in presenza di riacutizzazioni, si rende necessario intervenire con una terapia farmacologica tradizionale, alla quale \u00e8 possibile associare fitoterapici e rimedi naturali. Tale approccio si \u00e8 rivelato utile per molti pazienti sia nella fase acuta sia in quella asintomatica. Il presupposto migliore per qualunque approccio terapeutico \u00e8 dato da una flora batterica intestinale sana e in equilibrio, in grado di ridurre al minimo le recidive e proteggere l\u2019organismo dalle infezioni intestinali, alle quali i pazienti affetti dalle MICI sono particolarmente esposti.<\/p>\t\t\t\t\t\t\t\t<\/div>\n\t\t\t\t<\/div>\n\t\t\t\t<\/div>\n\t\t\t\t\t<\/div>\n\t\t\t\t<\/div>\n\t\t<div class=\"elementor-element elementor-element-b83e149 obcs none e-flex e-con-boxed e-con e-parent\" data-id=\"b83e149\" data-element_type=\"container\">\n\t\t\t\t\t<div class=\"e-con-inner\">\n\t\t<div class=\"elementor-element elementor-element-1902e6e obcs none e-flex e-con-boxed e-con e-parent\" data-id=\"1902e6e\" data-element_type=\"container\">\n\t\t\t\t\t<div class=\"e-con-inner\">\n\t\t\t\t<div class=\"elementor-element elementor-element-afff2a1 elementor-widget elementor-widget-heading\" data-id=\"afff2a1\" data-element_type=\"widget\" data-widget_type=\"heading.default\">\n\t\t\t\t<div class=\"elementor-widget-container\">\n\t\t\t\t\t<h3 class=\"elementor-heading-title elementor-size-default\">Quali sono i sintomi delle MICI?<\/h3>\t\t\t\t<\/div>\n\t\t\t\t<\/div>\n\t\t\t\t<div class=\"elementor-element elementor-element-9673404 elementor-widget elementor-widget-text-editor\" data-id=\"9673404\" data-element_type=\"widget\" data-widget_type=\"text-editor.default\">\n\t\t\t\t<div class=\"elementor-widget-container\">\n\t\t\t\t\t\t\t\t\t<p>I disturbi sono simili tra loro, seppure con qualche differenza. Uno dei sintomi pi\u00f9 diffusi \u00e8 dato da attacchi di\u00a0<strong>diarrea frequenti e\u00a0<\/strong>piuttosto\u00a0<strong>forti<\/strong>\u00a0e, nel caso della colite ulcerosa, si riscontra inoltre la presenza di sangue e muco nelle feci. Altri sintomi comuni comprendono inoltre\u00a0<strong>dolori addominali, nausea e vomito,\u00a0<\/strong>ma anche<strong>\u00a0meteorismo, febbre\u00a0<\/strong>e\u00a0<strong>aumento\u00a0<\/strong>dei<strong>\u00a0marcatori di progressione dell\u2019infiammazione<\/strong>\u00a0nel sangue. Il\u00a0<strong>morbo di Crohn<\/strong>\u00a0provoca inoltre\u00a0<strong>inappetenza\u00a0<\/strong>con conseguente perdita di peso e determina una\u00a0<strong>carenza\u00a0<\/strong>di\u00a0<strong>nutrienti fondamentali<\/strong>. Molti pazienti affetti da colite ulcerosa soffrono di\u00a0<strong>anemia,<\/strong>\u00a0poich\u00e9 le ulcere presenti nelle aree infiammate dell&#8217;intestino possono iniziare a sanguinare. Entrambe le malattie generano spesso problemi anche al di fuori dell&#8217;intestino come\u00a0<strong>dolori articolari\u00a0<\/strong>e disturbi che interessano i\u00a0<strong>dotti biliari<\/strong>, la pelle e gli occhi. Le infiammazioni intestinali croniche caratterizzate da riacutizzazioni frequenti aumentano inoltre il\u00a0<strong>rischio\u00a0<\/strong>di\u00a0<strong>cancro\u00a0<\/strong>del\u00a0<strong>colon-retto<\/strong>, pertanto l&#8217;obiettivo \u00e8 quello di ridurre al minimo le fasi dell\u2019infiammazione e i disturbi ad essa correlati.<\/p>\t\t\t\t\t\t\t\t<\/div>\n\t\t\t\t<\/div>\n\t\t\t\t\t<\/div>\n\t\t\t\t<\/div>\n\t\t\t\t\t<\/div>\n\t\t\t\t<\/div>\n\t\t<div class=\"elementor-element elementor-element-b3135a5 obcs none e-flex e-con-boxed e-con e-parent\" data-id=\"b3135a5\" data-element_type=\"container\">\n\t\t\t\t\t<div class=\"e-con-inner\">\n\t\t<div class=\"elementor-element elementor-element-567981d e-con-full obcs none e-flex elementor-invisible e-con e-parent\" data-id=\"567981d\" data-element_type=\"container\" data-settings=\"{&quot;animation&quot;:&quot;bounceInLeft&quot;}\">\n\t\t<div class=\"elementor-element elementor-element-f7fb022 obcs none e-flex e-con-boxed e-con e-parent\" data-id=\"f7fb022\" data-element_type=\"container\">\n\t\t\t\t\t<div class=\"e-con-inner\">\n\t\t\t\t<div class=\"elementor-element elementor-element-cf98f0d elementor-widget elementor-widget-image\" data-id=\"cf98f0d\" data-element_type=\"widget\" data-widget_type=\"image.default\">\n\t\t\t\t<div class=\"elementor-widget-container\">\n\t\t\t\t\t\t\t\t\t\t\t\t\t\t\t<img decoding=\"async\" width=\"300\" height=\"300\" src=\"https:\/\/www.omni-biotic.com\/it-it\/wp-content\/uploads\/sites\/5\/2023\/07\/morbus-crohn-darmentzuendung-300x300-1.png\" class=\"attachment-medium size-medium wp-image-18638\" alt=\"Morbo di Chron\" srcset=\"https:\/\/www.omni-biotic.com\/it-it\/wp-content\/uploads\/sites\/5\/2023\/07\/morbus-crohn-darmentzuendung-300x300-1.png 300w, https:\/\/www.omni-biotic.com\/it-it\/wp-content\/uploads\/sites\/5\/2023\/07\/morbus-crohn-darmentzuendung-300x300-1-150x150.png 150w\" sizes=\"(max-width: 300px) 100vw, 300px\" \/>\t\t\t\t\t\t\t\t\t\t\t\t\t\t\t<\/div>\n\t\t\t\t<\/div>\n\t\t\t\t<div class=\"elementor-element elementor-element-438086f elementor-widget elementor-widget-heading\" data-id=\"438086f\" data-element_type=\"widget\" data-widget_type=\"heading.default\">\n\t\t\t\t<div class=\"elementor-widget-container\">\n\t\t\t\t\t<h2 class=\"elementor-heading-title elementor-size-default\">Morbo di Crohn <br>\n<small>(MC)<\/small><\/h2>\t\t\t\t<\/div>\n\t\t\t\t<\/div>\n\t\t\t\t\t<\/div>\n\t\t\t\t<\/div>\n\t\t\t\t<div class=\"elementor-element elementor-element-f643e6f elementor-widget elementor-widget-text-editor\" data-id=\"f643e6f\" data-element_type=\"widget\" data-widget_type=\"text-editor.default\">\n\t\t\t\t<div class=\"elementor-widget-container\">\n\t\t\t\t\t\t\t\t\t<ul><li>Pu\u00f2 colpire l\u2019intero apparato gastrointestinale, ma interessa generalmente il punto di passaggio tra intestino tenue e colon;<\/li><li>Il retto \u00e8 colpito in circa il 20 % dei casi;<\/li><li>L&#8217;ileo \u00e8 colpito nell&#8217;80 % dei casi;<\/li><li>Infiammazione interessa tutti gli strati della parete intestinale;<\/li><li>Evacuazione: feci liquide con rare tracce di sangue e solo in caso di interessamento del colon.<\/li><li>Fino a 20 evacuazioni al giorno;<\/li><li>Dolori addominali: per lo pi\u00f9 nel basso ventre a destra;<\/li><li>Spesso sintomi a livello dell&#8217;ano (fistole, ascessi, ragadi);<\/li><li>Raramente anemia;<\/li><li>Spesso perdita di peso;<\/li><li>Leggero aumento del rischio di cancro.<\/li><\/ul>\t\t\t\t\t\t\t\t<\/div>\n\t\t\t\t<\/div>\n\t\t\t\t<\/div>\n\t\t<div class=\"elementor-element elementor-element-3d158f1 e-con-full obcs none e-flex e-con e-parent\" data-id=\"3d158f1\" data-element_type=\"container\">\n\t\t\t\t<div class=\"elementor-element elementor-element-b766cef elementor-widget elementor-widget-text-editor\" data-id=\"b766cef\" data-element_type=\"widget\" data-widget_type=\"text-editor.default\">\n\t\t\t\t<div class=\"elementor-widget-container\">\n\t\t\t\t\t\t\t\t\t<p>vs<\/p>\t\t\t\t\t\t\t\t<\/div>\n\t\t\t\t<\/div>\n\t\t\t\t<\/div>\n\t\t<div class=\"elementor-element elementor-element-122e153 e-con-full obcs none e-flex elementor-invisible e-con e-parent\" data-id=\"122e153\" data-element_type=\"container\" data-settings=\"{&quot;animation&quot;:&quot;bounceInRight&quot;}\">\n\t\t<div class=\"elementor-element elementor-element-fad102b obcs none e-flex e-con-boxed e-con e-parent\" data-id=\"fad102b\" data-element_type=\"container\">\n\t\t\t\t\t<div class=\"e-con-inner\">\n\t\t\t\t<div class=\"elementor-element elementor-element-f8dd2a2 elementor-widget elementor-widget-image\" data-id=\"f8dd2a2\" data-element_type=\"widget\" data-widget_type=\"image.default\">\n\t\t\t\t<div class=\"elementor-widget-container\">\n\t\t\t\t\t\t\t\t\t\t\t\t\t\t\t<img decoding=\"async\" width=\"300\" height=\"300\" src=\"https:\/\/www.omni-biotic.com\/it-it\/wp-content\/uploads\/sites\/5\/2023\/07\/colitis-ulcerosa-darmentzuendung-300x300-1.png\" class=\"attachment-medium size-medium wp-image-18642\" alt=\"\" srcset=\"https:\/\/www.omni-biotic.com\/it-it\/wp-content\/uploads\/sites\/5\/2023\/07\/colitis-ulcerosa-darmentzuendung-300x300-1.png 300w, https:\/\/www.omni-biotic.com\/it-it\/wp-content\/uploads\/sites\/5\/2023\/07\/colitis-ulcerosa-darmentzuendung-300x300-1-150x150.png 150w\" sizes=\"(max-width: 300px) 100vw, 300px\" \/>\t\t\t\t\t\t\t\t\t\t\t\t\t\t\t<\/div>\n\t\t\t\t<\/div>\n\t\t\t\t<div class=\"elementor-element elementor-element-85d6270 elementor-widget elementor-widget-heading\" data-id=\"85d6270\" data-element_type=\"widget\" data-widget_type=\"heading.default\">\n\t\t\t\t<div class=\"elementor-widget-container\">\n\t\t\t\t\t<h2 class=\"elementor-heading-title elementor-size-default\">Colite ulcerosa<br>\n<small>(CU)<\/small><\/h2>\t\t\t\t<\/div>\n\t\t\t\t<\/div>\n\t\t\t\t\t<\/div>\n\t\t\t\t<\/div>\n\t\t\t\t<div class=\"elementor-element elementor-element-08f252e elementor-widget elementor-widget-text-editor\" data-id=\"08f252e\" data-element_type=\"widget\" data-widget_type=\"text-editor.default\">\n\t\t\t\t<div class=\"elementor-widget-container\">\n\t\t\t\t\t\t\t\t\t<ul><li>Regione interessata: l&#8217;intestino crasso;<\/li><li>Il retto \u00e8 colpito nel 100% dei casi;<\/li><li>L&#8217;ileo \u00e8 raramente colpito;<\/li><li>Infiammazione solo all&#8217;interno dell&#8217;intestino o sulla mucosa intestinale;<\/li><li>Evacuazioni: scariche diarroiche con muco e sangue, evacuazioni fino a 10 volte al giorno;<\/li><li>Sintomi in sede non intestinale: colonna vertebrale, articolazioni, cute e dotti biliari;<\/li><li>Dolori addominali: interessano tutto il tratto intestinale, soprattutto nel basso ventre, a sinistra;<\/li><li>Raramente sintomi a livello dell&#8217;ano (fistole, ascessi, ragadi);<\/li><li>Spesso anemia;<\/li><li>Raramente perdita di peso;<\/li><li>Rischio elevato di cancro.<\/li><\/ul>\t\t\t\t\t\t\t\t<\/div>\n\t\t\t\t<\/div>\n\t\t\t\t<\/div>\n\t\t\t\t\t<\/div>\n\t\t\t\t<\/div>\n\t\t<div class=\"elementor-element elementor-element-283222a obcs none e-flex e-con-boxed e-con e-parent\" data-id=\"283222a\" data-element_type=\"container\" data-settings=\"{&quot;background_background&quot;:&quot;classic&quot;,&quot;shape_divider_top&quot;:&quot;waves&quot;,&quot;shape_divider_bottom&quot;:&quot;waves&quot;}\">\n\t\t\t\t\t<div class=\"e-con-inner\">\n\t\t\t\t<div class=\"elementor-shape elementor-shape-top\" aria-hidden=\"true\" data-negative=\"false\">\n\t\t\t<svg xmlns=\"http:\/\/www.w3.org\/2000\/svg\" viewBox=\"0 0 1000 100\" preserveAspectRatio=\"none\">\n\t<path class=\"elementor-shape-fill\" d=\"M421.9,6.5c22.6-2.5,51.5,0.4,75.5,5.3c23.6,4.9,70.9,23.5,100.5,35.7c75.8,32.2,133.7,44.5,192.6,49.7\n\tc23.6,2.1,48.7,3.5,103.4-2.5c54.7-6,106.2-25.6,106.2-25.6V0H0v30.3c0,0,72,32.6,158.4,30.5c39.2-0.7,92.8-6.7,134-22.4\n\tc21.2-8.1,52.2-18.2,79.7-24.2C399.3,7.9,411.6,7.5,421.9,6.5z\"\/>\n<\/svg>\t\t<\/div>\n\t\t\t\t<div class=\"elementor-shape elementor-shape-bottom\" aria-hidden=\"true\" data-negative=\"false\">\n\t\t\t<svg xmlns=\"http:\/\/www.w3.org\/2000\/svg\" viewBox=\"0 0 1000 100\" preserveAspectRatio=\"none\">\n\t<path class=\"elementor-shape-fill\" d=\"M421.9,6.5c22.6-2.5,51.5,0.4,75.5,5.3c23.6,4.9,70.9,23.5,100.5,35.7c75.8,32.2,133.7,44.5,192.6,49.7\n\tc23.6,2.1,48.7,3.5,103.4-2.5c54.7-6,106.2-25.6,106.2-25.6V0H0v30.3c0,0,72,32.6,158.4,30.5c39.2-0.7,92.8-6.7,134-22.4\n\tc21.2-8.1,52.2-18.2,79.7-24.2C399.3,7.9,411.6,7.5,421.9,6.5z\"\/>\n<\/svg>\t\t<\/div>\n\t\t\t\t<div class=\"elementor-element elementor-element-5f0c160 elementor-widget__width-inherit elementor-widget elementor-widget-heading\" data-id=\"5f0c160\" data-element_type=\"widget\" data-widget_type=\"heading.default\">\n\t\t\t\t<div class=\"elementor-widget-container\">\n\t\t\t\t\t<h2 class=\"elementor-heading-title elementor-size-default\">La diagnostica delle feci: passato e presente<\/h2>\t\t\t\t<\/div>\n\t\t\t\t<\/div>\n\t\t\t\t<div class=\"elementor-element elementor-element-2b48d0b elementor-widget elementor-widget-text-editor\" data-id=\"2b48d0b\" data-element_type=\"widget\" data-widget_type=\"text-editor.default\">\n\t\t\t\t<div class=\"elementor-widget-container\">\n\t\t\t\t\t\t\t\t\t<p>Gi\u00e0 nel 300 a.C. il medico greco Ippocrate diceva: &#8220;tutte le malattie hanno origine nell&#8217;intestino&#8221;. Questa intuizione non solo \u00e8 confermata dalla diagnostica classica delle feci, ma anche tutt&#8217;oggi dai pi\u00f9 moderni metodi di genetica molecolare. Infatti, numerose malattie hanno origine nell&#8217;intestino o si manifestano a causa di alterazioni della flora batterica intestinale.<\/p>\t\t\t\t\t\t\t\t<\/div>\n\t\t\t\t<\/div>\n\t\t\t\t<div class=\"elementor-element elementor-element-9bdf0dd elementor-align-center elementor-widget__width-inherit elementor-widget elementor-widget-button\" data-id=\"9bdf0dd\" data-element_type=\"widget\" data-widget_type=\"button.default\">\n\t\t\t\t<div class=\"elementor-widget-container\">\n\t\t\t\t\t\t\t\t\t<div class=\"elementor-button-wrapper\">\n\t\t\t\t\t<a class=\"elementor-button elementor-button-link elementor-size-lg\" href=\"https:\/\/www.omni-biotic.com\/it-it\/la-salute-dellintestino\/intestino-e-salute\/batteri-intestinali\/\">\n\t\t\t\t\t\t<span class=\"elementor-button-content-wrapper\">\n\t\t\t\t\t\t\t\t\t<span class=\"elementor-button-text\">Clicca e scopri di pi\u00f9 sui batteri intestinali<\/span>\n\t\t\t\t\t<\/span>\n\t\t\t\t\t<\/a>\n\t\t\t\t<\/div>\n\t\t\t\t\t\t\t\t<\/div>\n\t\t\t\t<\/div>\n\t\t\t\t\t<\/div>\n\t\t\t\t<\/div>\n\t\t<div class=\"elementor-element elementor-element-c1da050 obcs none e-flex e-con-boxed e-con e-parent\" data-id=\"c1da050\" data-element_type=\"container\">\n\t\t\t\t\t<div class=\"e-con-inner\">\n\t\t<div class=\"elementor-element elementor-element-03e2c63 obcs none e-flex e-con-boxed e-con e-parent\" data-id=\"03e2c63\" data-element_type=\"container\">\n\t\t\t\t\t<div class=\"e-con-inner\">\n\t\t\t\t<div class=\"elementor-element elementor-element-59c6d73 elementor-widget elementor-widget-heading\" data-id=\"59c6d73\" data-element_type=\"widget\" data-widget_type=\"heading.default\">\n\t\t\t\t<div class=\"elementor-widget-container\">\n\t\t\t\t\t<h2 class=\"elementor-heading-title elementor-size-default\">Quali sono le cause delle MICI?<\/h2>\t\t\t\t<\/div>\n\t\t\t\t<\/div>\n\t\t\t\t<div class=\"elementor-element elementor-element-c576953 elementor-widget elementor-widget-text-editor\" data-id=\"c576953\" data-element_type=\"widget\" data-widget_type=\"text-editor.default\">\n\t\t\t\t<div class=\"elementor-widget-container\">\n\t\t\t\t\t\t\t\t\t<p>Non \u00e8 ancora chiaro come si sviluppino il<strong>\u00a0morbo di Crohn<\/strong>\u00a0e la<strong>\u00a0colite ulcerosa<\/strong>\u00a0e quali ne siano i fattori scatenanti. La\u00a0<strong>predisposizione genetica<\/strong>\u00a0sembrerebbe giocare un ruolo fondamentale, anche se in misura minore nella colite ulcerosa rispetto al morbo di Crohn, al cui sviluppo sono notoriamente associati oltre settanta geni. Anche i fattori ambientali non sono da sottovalutare, in quanto la probabilit\u00e0 di ammalarsi dipende da dove si vive (campagna o citt\u00e0). Pi\u00f9 gli standard igienici sono elevati e pi\u00f9 aumentano anche le probabilit\u00e0 di contrarre una malattia infiammatoria cronica intestinale. Si stima che l\u2019esposizione a infezioni batteriche e virali fin dalla nascita aiuti l&#8217;organismo a difendersi da queste malattie.<\/p>\t\t\t\t\t\t\t\t<\/div>\n\t\t\t\t<\/div>\n\t\t\t\t<div class=\"elementor-element elementor-element-ed665ae elementor-widget elementor-widget-heading\" data-id=\"ed665ae\" data-element_type=\"widget\" data-widget_type=\"heading.default\">\n\t\t\t\t<div class=\"elementor-widget-container\">\n\t\t\t\t\t<h3 class=\"elementor-heading-title elementor-size-default\">Fattori scatenanti delle MICI<\/h3>\t\t\t\t<\/div>\n\t\t\t\t<\/div>\n\t\t\t\t<div class=\"elementor-element elementor-element-68bf948 elementor-widget elementor-widget-text-editor\" data-id=\"68bf948\" data-element_type=\"widget\" data-widget_type=\"text-editor.default\">\n\t\t\t\t<div class=\"elementor-widget-container\">\n\t\t\t\t\t\t\t\t\t<ul><li class=\"bodytext\"><strong>Infezioni<\/strong>\u00a0causate da alcuni germi pericolosi (virus del morbillo, E. soli, microbatteri e alcuni clostridi)<\/li><li class=\"bodytext\"><strong>Fattori<\/strong>\u00a0<strong>psicologici<\/strong>\u00a0(stress, alcune strutture di personalit\u00e0)<\/li><li class=\"bodytext\"><strong>Predisposizione<\/strong>\u00a0<strong>genetica<\/strong>\u00a0(reazione del sistema immunitario)<\/li><li class=\"bodytext\"><strong>Fattori<\/strong>\u00a0<strong>ambientali<\/strong><\/li><\/ul><p class=\"bodytext\">Questi fattori contribuiscono a rendere\u00a0<strong>la mucosa intestinale pi\u00f9 permeabile\u00a0<\/strong>e a stimolarne<strong>\u00a0l\u2019immunoattivit\u00e0<\/strong>.<\/p>\t\t\t\t\t\t\t\t<\/div>\n\t\t\t\t<\/div>\n\t\t\t\t\t<\/div>\n\t\t\t\t<\/div>\n\t\t\t\t\t<\/div>\n\t\t\t\t<\/div>\n\t\t<div class=\"elementor-element elementor-element-4295dbb obcs none e-flex e-con-boxed e-con e-parent\" data-id=\"4295dbb\" data-element_type=\"container\">\n\t\t\t\t\t<div class=\"e-con-inner\">\n\t\t<div class=\"elementor-element elementor-element-16346f4 e-con-full obcs none e-flex elementor-invisible e-con e-parent\" data-id=\"16346f4\" data-element_type=\"container\" data-settings=\"{&quot;animation&quot;:&quot;bounceInLeft&quot;}\">\n\t\t<div class=\"elementor-element elementor-element-84b357a obcs none e-flex e-con-boxed e-con e-parent\" data-id=\"84b357a\" data-element_type=\"container\">\n\t\t\t\t\t<div class=\"e-con-inner\">\n\t\t\t\t<div class=\"elementor-element elementor-element-716f1fc elementor-widget elementor-widget-image\" data-id=\"716f1fc\" data-element_type=\"widget\" data-widget_type=\"image.default\">\n\t\t\t\t<div class=\"elementor-widget-container\">\n\t\t\t\t\t\t\t\t\t\t\t\t\t\t\t<img loading=\"lazy\" decoding=\"async\" width=\"300\" height=\"300\" src=\"https:\/\/www.omni-biotic.com\/it-it\/wp-content\/uploads\/sites\/5\/2023\/07\/erhoehte-durchlaessigkeit-darm-leaky-gut-300x300-1.png\" class=\"attachment-medium size-medium wp-image-18667\" alt=\"\" srcset=\"https:\/\/www.omni-biotic.com\/it-it\/wp-content\/uploads\/sites\/5\/2023\/07\/erhoehte-durchlaessigkeit-darm-leaky-gut-300x300-1.png 300w, https:\/\/www.omni-biotic.com\/it-it\/wp-content\/uploads\/sites\/5\/2023\/07\/erhoehte-durchlaessigkeit-darm-leaky-gut-300x300-1-150x150.png 150w\" sizes=\"(max-width: 300px) 100vw, 300px\" \/>\t\t\t\t\t\t\t\t\t\t\t\t\t\t\t<\/div>\n\t\t\t\t<\/div>\n\t\t\t\t<div class=\"elementor-element elementor-element-557f134 elementor-widget elementor-widget-heading\" data-id=\"557f134\" data-element_type=\"widget\" data-widget_type=\"heading.default\">\n\t\t\t\t<div class=\"elementor-widget-container\">\n\t\t\t\t\t<h2 class=\"elementor-heading-title elementor-size-default\">Sindrome dell\u2019intestino gocciolante<br>\n<small>\"Leaky Gut\"<\/small><\/h2>\t\t\t\t<\/div>\n\t\t\t\t<\/div>\n\t\t\t\t\t<\/div>\n\t\t\t\t<\/div>\n\t\t\t\t<div class=\"elementor-element elementor-element-eb98d59 elementor-widget elementor-widget-text-editor\" data-id=\"eb98d59\" data-element_type=\"widget\" data-widget_type=\"text-editor.default\">\n\t\t\t\t<div class=\"elementor-widget-container\">\n\t\t\t\t\t\t\t\t\t<p>Nella mucosa intestinale sono presenti le cosiddette \u201c<strong>tight junctions\u201d,\u00a0<\/strong>le giunzioni strette tra le cellule della parete intestinale, si allargano, portando ad una situazione di<strong>\u00a0\u201cleaky gut\u201d<\/strong>, rendendo\u00a0<strong>l\u2019intestino permeabile\u00a0<\/strong>ad agenti patogeni e allergeni. Il sistema immunitario \u00e8 perci\u00f2 costantemente sollecitato a combattere i patogeni che, trasportati dal sangue in tutto il corpo, fino al cervello, creano uno\u00a0<strong>stato infiammatorio diffuso.<\/strong><\/p>\t\t\t\t\t\t\t\t<\/div>\n\t\t\t\t<\/div>\n\t\t\t\t<\/div>\n\t\t<div class=\"elementor-element elementor-element-ab1e4c2 e-con-full obcs none e-flex e-con e-parent\" data-id=\"ab1e4c2\" data-element_type=\"container\">\n\t\t\t\t<\/div>\n\t\t<div class=\"elementor-element elementor-element-0130b66 e-con-full obcs none e-flex elementor-invisible e-con e-parent\" data-id=\"0130b66\" data-element_type=\"container\" data-settings=\"{&quot;animation&quot;:&quot;bounceInRight&quot;}\">\n\t\t<div class=\"elementor-element elementor-element-f1a00cd obcs none e-flex e-con-boxed e-con e-parent\" data-id=\"f1a00cd\" data-element_type=\"container\">\n\t\t\t\t\t<div class=\"e-con-inner\">\n\t\t\t\t<div class=\"elementor-element elementor-element-91f426c elementor-widget elementor-widget-image\" data-id=\"91f426c\" data-element_type=\"widget\" data-widget_type=\"image.default\">\n\t\t\t\t<div class=\"elementor-widget-container\">\n\t\t\t\t\t\t\t\t\t\t\t\t\t\t\t<img loading=\"lazy\" decoding=\"async\" width=\"300\" height=\"300\" src=\"https:\/\/www.omni-biotic.com\/it-it\/wp-content\/uploads\/sites\/5\/2023\/07\/erhoehte-immunaktivit-darm-300x300-1.png\" class=\"attachment-medium size-medium wp-image-18671\" alt=\"\" srcset=\"https:\/\/www.omni-biotic.com\/it-it\/wp-content\/uploads\/sites\/5\/2023\/07\/erhoehte-immunaktivit-darm-300x300-1.png 300w, https:\/\/www.omni-biotic.com\/it-it\/wp-content\/uploads\/sites\/5\/2023\/07\/erhoehte-immunaktivit-darm-300x300-1-150x150.png 150w\" sizes=\"(max-width: 300px) 100vw, 300px\" \/>\t\t\t\t\t\t\t\t\t\t\t\t\t\t\t<\/div>\n\t\t\t\t<\/div>\n\t\t\t\t<div class=\"elementor-element elementor-element-7e4e523 elementor-widget elementor-widget-heading\" data-id=\"7e4e523\" data-element_type=\"widget\" data-widget_type=\"heading.default\">\n\t\t\t\t<div class=\"elementor-widget-container\">\n\t\t\t\t\t<h2 class=\"elementor-heading-title elementor-size-default\">Elevate attivit\u00e0 immuntaria<br>\n<small>- a livello della mucosa intestinale<\/small><\/h2>\t\t\t\t<\/div>\n\t\t\t\t<\/div>\n\t\t\t\t\t<\/div>\n\t\t\t\t<\/div>\n\t\t\t\t<div class=\"elementor-element elementor-element-c92d2a4 elementor-widget elementor-widget-text-editor\" data-id=\"c92d2a4\" data-element_type=\"widget\" data-widget_type=\"text-editor.default\">\n\t\t\t\t<div class=\"elementor-widget-container\">\n\t\t\t\t\t\t\t\t\t<p>Nei campioni di tessuto della<strong> mucosa intestinale<\/strong>, rilevati dalle persone affette da MICI, \u00e8 possibile rilevare un\u2019elevata <strong>risposta immunitaria<\/strong>. Le cellule del sistema immunitario e i loro neurotrasmettitori (come le interleuchine \u201cmessaggeri\u201d della risposta immunitaria, TNF\u03b1 (fattore di necrosi tumorale \u03b1) si moltiplicano a livello della<strong> mucosa<\/strong>. Ci\u00f2 comporta l\u2019attivazione di un <strong>processo autoimmune<\/strong> che porta alla distruzione della <strong>barriera intestinale.<\/strong> L&#8217;origine di questa elevata risposta immunitaria, di questo tipo di <strong>infiammazioni<\/strong> e per quale motivo avvengono, sono oggetto di intense ricerche.<\/p><p>In questo caso il <strong>microbioma intestinale<\/strong> svolge un ruolo importante. La sua <strong>flora intestinale<\/strong> dei pazienti che soffrono di MICI \u00e8 alterata e danneggiata, la biodiversit\u00e0 di batteri presenti nell&#8217;intestino importantissima per la normale <strong>funzione intestinale,<\/strong> viene meno nelle persone affette da questa patologia. Pertanto, i batteri intestinali non sono pi\u00f9 in grado di svolgere la loro <strong>funzione protettiva e di difesa.<\/strong><\/p>\t\t\t\t\t\t\t\t<\/div>\n\t\t\t\t<\/div>\n\t\t\t\t<\/div>\n\t\t\t\t\t<\/div>\n\t\t\t\t<\/div>\n\t\t<div class=\"elementor-element elementor-element-87199ea obcs none e-flex e-con-boxed e-con e-parent\" data-id=\"87199ea\" data-element_type=\"container\" data-settings=\"{&quot;background_background&quot;:&quot;classic&quot;}\">\n\t\t\t\t\t<div class=\"e-con-inner\">\n\t\t<div class=\"elementor-element elementor-element-e233b4f obcs none e-flex e-con-boxed e-con e-parent\" data-id=\"e233b4f\" data-element_type=\"container\" data-settings=\"{&quot;background_background&quot;:&quot;classic&quot;}\">\n\t\t\t\t\t<div class=\"e-con-inner\">\n\t\t\t\t<div class=\"elementor-element elementor-element-e0bfe90 elementor-widget__width-initial elementor-widget-tablet__width-initial elementor-widget elementor-widget-image\" data-id=\"e0bfe90\" data-element_type=\"widget\" data-widget_type=\"image.default\">\n\t\t\t\t<div class=\"elementor-widget-container\">\n\t\t\t\t\t\t\t\t\t\t\t\t\t\t\t<img loading=\"lazy\" decoding=\"async\" width=\"768\" height=\"768\" src=\"https:\/\/www.omni-biotic.com\/it-it\/wp-content\/uploads\/sites\/5\/2023\/07\/diagnose-ced-768x768-1.png\" class=\"attachment-medium_large size-medium_large wp-image-18675\" alt=\"Diagnosi_MICI\" srcset=\"https:\/\/www.omni-biotic.com\/it-it\/wp-content\/uploads\/sites\/5\/2023\/07\/diagnose-ced-768x768-1.png 768w, https:\/\/www.omni-biotic.com\/it-it\/wp-content\/uploads\/sites\/5\/2023\/07\/diagnose-ced-768x768-1-300x300.png 300w, https:\/\/www.omni-biotic.com\/it-it\/wp-content\/uploads\/sites\/5\/2023\/07\/diagnose-ced-768x768-1-150x150.png 150w\" sizes=\"(max-width: 768px) 100vw, 768px\" \/>\t\t\t\t\t\t\t\t\t\t\t\t\t\t\t<\/div>\n\t\t\t\t<\/div>\n\t\t<div class=\"elementor-element elementor-element-90f24d2 obcs none e-flex e-con-boxed e-con e-parent\" data-id=\"90f24d2\" data-element_type=\"container\">\n\t\t\t\t\t<div class=\"e-con-inner\">\n\t\t\t\t<div class=\"elementor-element elementor-element-389abe9 elementor-widget__width-inherit elementor-widget elementor-widget-heading\" data-id=\"389abe9\" data-element_type=\"widget\" data-widget_type=\"heading.default\">\n\t\t\t\t<div class=\"elementor-widget-container\">\n\t\t\t\t\t<h2 class=\"elementor-heading-title elementor-size-default\">Come si possono diagnosticare le MICI?<\/h2>\t\t\t\t<\/div>\n\t\t\t\t<\/div>\n\t\t\t\t<div class=\"elementor-element elementor-element-ecac608 elementor-widget elementor-widget-text-editor\" data-id=\"ecac608\" data-element_type=\"widget\" data-widget_type=\"text-editor.default\">\n\t\t\t\t<div class=\"elementor-widget-container\">\n\t\t\t\t\t\t\t\t\t<p>La diagnosi di sindrome dell&#8217;intestino irritabile si formula sulla base del tipico quadro sintomatologico, del referto della colonscopia e di altri eventuali esami di diagnostica per immagini. Il medico deve verificare in ogni singolo caso se si tratti davvero di una MICI oppure di un&#8217;altra malattia. Numerose malattie infettive si manifestano con diarrea e anche un\u2019intolleranza ai farmaci pu\u00f2 dare luogo a disturbi simili. Soprattutto negli anziani \u00e8 necessario verificare se i sintomi sono riconducibili a un disturbo della circolazione sanguigna. Occlusioni del sistema vascolare intestinale (trombosi) possono provocare la colite ischemica, ossia un\u2019infiammazione intestinale provocata dall\u2019interruzione dell\u2019apporto di sangue..<\/p>\t\t\t\t\t\t\t\t<\/div>\n\t\t\t\t<\/div>\n\t\t\t\t\t<\/div>\n\t\t\t\t<\/div>\n\t\t\t\t\t<\/div>\n\t\t\t\t<\/div>\n\t\t\t\t\t<\/div>\n\t\t\t\t<\/div>\n\t\t<div class=\"elementor-element elementor-element-bf283bd obcs none e-flex e-con-boxed e-con e-parent\" data-id=\"bf283bd\" data-element_type=\"container\">\n\t\t\t\t\t<div class=\"e-con-inner\">\n\t\t<div class=\"elementor-element elementor-element-78083c3 obcs none e-flex e-con-boxed e-con e-parent\" data-id=\"78083c3\" data-element_type=\"container\">\n\t\t\t\t\t<div class=\"e-con-inner\">\n\t\t\t\t<div class=\"elementor-element elementor-element-c96e1c1 elementor-widget elementor-widget-heading\" data-id=\"c96e1c1\" data-element_type=\"widget\" data-widget_type=\"heading.default\">\n\t\t\t\t<div class=\"elementor-widget-container\">\n\t\t\t\t\t<h3 class=\"elementor-heading-title elementor-size-default\">Ogni diagnosi inizia sempre da un colloquio approfondito con il proprio medico (anamnesi). Le seguenti domande possono essere utili ai fini diagnostici:\n\n<\/h3>\t\t\t\t<\/div>\n\t\t\t\t<\/div>\n\t\t\t\t<div class=\"elementor-element elementor-element-0606bb6 elementor-widget elementor-widget-text-editor\" data-id=\"0606bb6\" data-element_type=\"widget\" data-widget_type=\"text-editor.default\">\n\t\t\t\t<div class=\"elementor-widget-container\">\n\t\t\t\t\t\t\t\t\t<ul><li>Dov\u2019\u00e8 localizzato il dolore e in quali situazioni si manifesta?<\/li><li>Si soffre di diarrea e si \u00e8 in presenza di sangue o muco nelle feci? Qual \u00e8 la frequenza di evacuazione?<\/li><li>Il dolore si manifesta dopo aver assunto determinati cibi o bevande? Si soffre spesso di infezioni intestinali (gastroenterite)?<\/li><li>Si \u00e8 in presenza di altri sintomi come vomito, dolori muscolari e articolari, bruciore di stomaco e febbre? Ci si stanca rapidamente? Si riscontra una perdita peso? Tutto ci\u00f2 \u00e8 tipico della colite ulcerosa.<\/li><li>Si \u00e8 affetti da altre malattie (colangite: infiammazione dei dotti biliari; congiuntivite: infiammazione della congiuntiva, la mucosa che ricopre il bulbo oculare; dermatite: malattie della pelle)?<\/li><li>Si assumono regolarmente farmaci?<\/li><li>Quali malattie sono note in famiglia? Nel morbo di Crohn si sospetta una componente genetica, la quale sarebbe meno rilevante per quanto riguarda la colite ulcerosa.<\/li><\/ul>\t\t\t\t\t\t\t\t<\/div>\n\t\t\t\t<\/div>\n\t\t\t\t\t<\/div>\n\t\t\t\t<\/div>\n\t\t\t\t\t<\/div>\n\t\t\t\t<\/div>\n\t\t<div class=\"elementor-element elementor-element-0d1bb07 obcs green e-flex e-con-boxed e-con e-parent\" data-id=\"0d1bb07\" data-element_type=\"container\">\n\t\t\t\t\t<div class=\"e-con-inner\">\n\t\t<div class=\"elementor-element elementor-element-bfcae30 e-con-full obcs none e-flex e-con e-parent\" data-id=\"bfcae30\" data-element_type=\"container\">\n\t\t\t\t<div class=\"elementor-element elementor-element-f3f4c68 elementor-widget elementor-widget-heading\" data-id=\"f3f4c68\" data-element_type=\"widget\" data-widget_type=\"heading.default\">\n\t\t\t\t<div class=\"elementor-widget-container\">\n\t\t\t\t\t<h2 class=\"elementor-heading-title elementor-size-default\">Come si riconoscono le malattie infiammatorie croniche intestinali?\n<\/h2>\t\t\t\t<\/div>\n\t\t\t\t<\/div>\n\t\t\t\t<div class=\"elementor-element elementor-element-2e122ec elementor-widget elementor-widget-text-editor\" data-id=\"2e122ec\" data-element_type=\"widget\" data-widget_type=\"text-editor.default\">\n\t\t\t\t<div class=\"elementor-widget-container\">\n\t\t\t\t\t\t\t\t\t<p>Dopo l\u2019anamnesi, il medico procede a un approfondito\u00a0<strong>esame obiettivo<\/strong>. Per stabilire se si tratta di morbo di Crohn o di colite ulcerosa e anche per escludere eventuali malattie infettive intestinali caratterizzate da sintomi simili a quelle delle MICI \u00e8 necessario effettuare un esame dell&#8217;intero apparato digerente. Gli<strong>\u00a0esami endoscopici<\/strong>\u00a0come la colonscopia (esplorazione del colon), l\u2019esofagogastroduodenoscopia o EGDS (esplorazione dell&#8217;esofago, dello stomaco e dell&#8217;intestino tenue) e\u00a0quelli\u00a0<strong>radiologici\u00a0<\/strong>che comprendono radiografie, la tomografia computerizzata e la risonanza magnetica si completano a vicenda. Anche i\u00a0<strong>referti clinici<\/strong>\u00a0volti ad analizzare i parametri di laboratorio e di progressione dell\u2019infiammazione (proteina C reattiva, la calprotectina, ecc.), la funzione epatica e renale e quelli\u00a0<strong>istologici<\/strong>, compresi i campioni di mucosa intestinale prelevati durante un\u2019endoscopia, forniscono importanti indicazioni. Nel momento in cui si sospettano malattie del fegato, della cistifellea o del pancreas occorre fare ulteriori accertamenti. L\u2019esame delle feci e gli esami sierologici sono importanti per escludere malattie diarroiche infettive. Solo attraverso l\u2019attenta esaminazione dei vari referti si \u00e8 in grado di formulare la diagnosi di malattia infiammatoria cronica intestinale. Tuttavia, in alcuni pazienti non \u00e8 possibile riconoscere fin da subito se si tratti di morbo di Crohn o colite ulcerosa e solo il decorso della malattia ne consentir\u00e0 la diagnosi definitiva.<\/p>\t\t\t\t\t\t\t\t<\/div>\n\t\t\t\t<\/div>\n\t\t\t\t<\/div>\n\t\t<div class=\"elementor-element elementor-element-5c854d0 e-con-full obcs none e-flex e-con e-parent\" data-id=\"5c854d0\" data-element_type=\"container\">\n\t\t\t\t<div class=\"elementor-element elementor-element-c05db36 e-transform elementor-widget elementor-widget-image\" data-id=\"c05db36\" data-element_type=\"widget\" data-settings=\"{&quot;_transform_rotateZ_effect&quot;:{&quot;unit&quot;:&quot;px&quot;,&quot;size&quot;:&quot;0&quot;,&quot;sizes&quot;:[]},&quot;_transform_rotate_3d&quot;:&quot;yes&quot;,&quot;_transform_rotateX_effect&quot;:{&quot;unit&quot;:&quot;px&quot;,&quot;size&quot;:&quot;0&quot;,&quot;sizes&quot;:[]},&quot;_transform_rotateY_effect&quot;:{&quot;unit&quot;:&quot;px&quot;,&quot;size&quot;:&quot;-4&quot;,&quot;sizes&quot;:[]},&quot;_transform_perspective_effect&quot;:{&quot;unit&quot;:&quot;px&quot;,&quot;size&quot;:&quot;650&quot;,&quot;sizes&quot;:[]},&quot;_transform_rotateZ_effect_tablet&quot;:{&quot;unit&quot;:&quot;deg&quot;,&quot;size&quot;:&quot;&quot;,&quot;sizes&quot;:[]},&quot;_transform_rotateZ_effect_mobile&quot;:{&quot;unit&quot;:&quot;deg&quot;,&quot;size&quot;:&quot;&quot;,&quot;sizes&quot;:[]},&quot;_transform_rotateX_effect_tablet&quot;:{&quot;unit&quot;:&quot;deg&quot;,&quot;size&quot;:&quot;&quot;,&quot;sizes&quot;:[]},&quot;_transform_rotateX_effect_mobile&quot;:{&quot;unit&quot;:&quot;deg&quot;,&quot;size&quot;:&quot;&quot;,&quot;sizes&quot;:[]},&quot;_transform_rotateY_effect_tablet&quot;:{&quot;unit&quot;:&quot;deg&quot;,&quot;size&quot;:&quot;&quot;,&quot;sizes&quot;:[]},&quot;_transform_rotateY_effect_mobile&quot;:{&quot;unit&quot;:&quot;deg&quot;,&quot;size&quot;:&quot;&quot;,&quot;sizes&quot;:[]},&quot;_transform_perspective_effect_tablet&quot;:{&quot;unit&quot;:&quot;px&quot;,&quot;size&quot;:&quot;&quot;,&quot;sizes&quot;:[]},&quot;_transform_perspective_effect_mobile&quot;:{&quot;unit&quot;:&quot;px&quot;,&quot;size&quot;:&quot;&quot;,&quot;sizes&quot;:[]}}\" data-widget_type=\"image.default\">\n\t\t\t\t<div class=\"elementor-widget-container\">\n\t\t\t\t\t\t\t\t\t\t\t\t\t\t\t<img loading=\"lazy\" decoding=\"async\" width=\"800\" height=\"800\" src=\"https:\/\/www.omni-biotic.com\/it-it\/wp-content\/uploads\/sites\/5\/2023\/07\/diagnose-ablauf-ced-colitis-ulcerosa-morbus-crohn.jpg\" class=\"attachment-full size-full wp-image-18680\" alt=\"Diagnosi_colite ulcerosa\" srcset=\"https:\/\/www.omni-biotic.com\/it-it\/wp-content\/uploads\/sites\/5\/2023\/07\/diagnose-ablauf-ced-colitis-ulcerosa-morbus-crohn.jpg 800w, https:\/\/www.omni-biotic.com\/it-it\/wp-content\/uploads\/sites\/5\/2023\/07\/diagnose-ablauf-ced-colitis-ulcerosa-morbus-crohn-300x300.jpg 300w, https:\/\/www.omni-biotic.com\/it-it\/wp-content\/uploads\/sites\/5\/2023\/07\/diagnose-ablauf-ced-colitis-ulcerosa-morbus-crohn-150x150.jpg 150w, https:\/\/www.omni-biotic.com\/it-it\/wp-content\/uploads\/sites\/5\/2023\/07\/diagnose-ablauf-ced-colitis-ulcerosa-morbus-crohn-768x768.jpg 768w\" sizes=\"(max-width: 800px) 100vw, 800px\" \/>\t\t\t\t\t\t\t\t\t\t\t\t\t\t\t<\/div>\n\t\t\t\t<\/div>\n\t\t\t\t<\/div>\n\t\t\t\t\t<\/div>\n\t\t\t\t<\/div>\n\t\t<div class=\"elementor-element elementor-element-06f6d06 obcs yellow e-flex e-con-boxed e-con e-parent\" data-id=\"06f6d06\" data-element_type=\"container\">\n\t\t\t\t\t<div class=\"e-con-inner\">\n\t\t<div class=\"elementor-element elementor-element-74d2cf0 e-con-full obcs none e-flex e-con e-parent\" data-id=\"74d2cf0\" data-element_type=\"container\">\n\t\t\t\t<div class=\"elementor-element elementor-element-f7d8f90 e-transform elementor-widget elementor-widget-image\" data-id=\"f7d8f90\" data-element_type=\"widget\" data-settings=\"{&quot;_transform_rotateZ_effect&quot;:{&quot;unit&quot;:&quot;px&quot;,&quot;size&quot;:&quot;0&quot;,&quot;sizes&quot;:[]},&quot;_transform_rotate_3d&quot;:&quot;yes&quot;,&quot;_transform_rotateX_effect&quot;:{&quot;unit&quot;:&quot;px&quot;,&quot;size&quot;:&quot;0&quot;,&quot;sizes&quot;:[]},&quot;_transform_rotateY_effect&quot;:{&quot;unit&quot;:&quot;px&quot;,&quot;size&quot;:&quot;4&quot;,&quot;sizes&quot;:[]},&quot;_transform_perspective_effect&quot;:{&quot;unit&quot;:&quot;px&quot;,&quot;size&quot;:&quot;650&quot;,&quot;sizes&quot;:[]},&quot;_transform_rotateZ_effect_tablet&quot;:{&quot;unit&quot;:&quot;deg&quot;,&quot;size&quot;:&quot;&quot;,&quot;sizes&quot;:[]},&quot;_transform_rotateZ_effect_mobile&quot;:{&quot;unit&quot;:&quot;deg&quot;,&quot;size&quot;:&quot;&quot;,&quot;sizes&quot;:[]},&quot;_transform_rotateX_effect_tablet&quot;:{&quot;unit&quot;:&quot;deg&quot;,&quot;size&quot;:&quot;&quot;,&quot;sizes&quot;:[]},&quot;_transform_rotateX_effect_mobile&quot;:{&quot;unit&quot;:&quot;deg&quot;,&quot;size&quot;:&quot;&quot;,&quot;sizes&quot;:[]},&quot;_transform_rotateY_effect_tablet&quot;:{&quot;unit&quot;:&quot;deg&quot;,&quot;size&quot;:&quot;&quot;,&quot;sizes&quot;:[]},&quot;_transform_rotateY_effect_mobile&quot;:{&quot;unit&quot;:&quot;deg&quot;,&quot;size&quot;:&quot;&quot;,&quot;sizes&quot;:[]},&quot;_transform_perspective_effect_tablet&quot;:{&quot;unit&quot;:&quot;px&quot;,&quot;size&quot;:&quot;&quot;,&quot;sizes&quot;:[]},&quot;_transform_perspective_effect_mobile&quot;:{&quot;unit&quot;:&quot;px&quot;,&quot;size&quot;:&quot;&quot;,&quot;sizes&quot;:[]}}\" data-widget_type=\"image.default\">\n\t\t\t\t<div class=\"elementor-widget-container\">\n\t\t\t\t\t\t\t\t\t\t\t\t\t\t\t<img loading=\"lazy\" decoding=\"async\" width=\"800\" height=\"800\" src=\"https:\/\/www.omni-biotic.com\/it-it\/wp-content\/uploads\/sites\/5\/2023\/07\/behandlung-ced-morbus-crohn-colitis-ulcerosa-was-hilft.jpg\" class=\"attachment-large size-large wp-image-18684\" alt=\"\" srcset=\"https:\/\/www.omni-biotic.com\/it-it\/wp-content\/uploads\/sites\/5\/2023\/07\/behandlung-ced-morbus-crohn-colitis-ulcerosa-was-hilft.jpg 1024w, https:\/\/www.omni-biotic.com\/it-it\/wp-content\/uploads\/sites\/5\/2023\/07\/behandlung-ced-morbus-crohn-colitis-ulcerosa-was-hilft-300x300.jpg 300w, https:\/\/www.omni-biotic.com\/it-it\/wp-content\/uploads\/sites\/5\/2023\/07\/behandlung-ced-morbus-crohn-colitis-ulcerosa-was-hilft-150x150.jpg 150w, https:\/\/www.omni-biotic.com\/it-it\/wp-content\/uploads\/sites\/5\/2023\/07\/behandlung-ced-morbus-crohn-colitis-ulcerosa-was-hilft-768x768.jpg 768w\" sizes=\"(max-width: 800px) 100vw, 800px\" \/>\t\t\t\t\t\t\t\t\t\t\t\t\t\t\t<\/div>\n\t\t\t\t<\/div>\n\t\t\t\t<\/div>\n\t\t<div class=\"elementor-element elementor-element-f45ad4e e-con-full obcs none e-flex e-con e-parent\" data-id=\"f45ad4e\" data-element_type=\"container\">\n\t\t\t\t<div class=\"elementor-element elementor-element-75a1cce elementor-widget elementor-widget-heading\" data-id=\"75a1cce\" data-element_type=\"widget\" data-widget_type=\"heading.default\">\n\t\t\t\t<div class=\"elementor-widget-container\">\n\t\t\t\t\t<h2 class=\"elementor-heading-title elementor-size-default\">Come possono essere trattate le MICI?\n<\/h2>\t\t\t\t<\/div>\n\t\t\t\t<\/div>\n\t\t\t\t<div class=\"elementor-element elementor-element-a97cda5 elementor-widget elementor-widget-text-editor\" data-id=\"a97cda5\" data-element_type=\"widget\" data-widget_type=\"text-editor.default\">\n\t\t\t\t<div class=\"elementor-widget-container\">\n\t\t\t\t\t\t\t\t\t<p>Purtroppo non esistono ancora cure per guarire dal morbo di Crohn e dalla colite ulcerosa. Gli approcci terapeutici mirano principalmente a migliorare la qualit\u00e0 della vita dei pazienti, ad alleviare o eliminare i disturbi, a ridurre al minimo le riacutizzazioni infiammatorie e prevenire le complicanze. Particolarmente importante ai fini del trattamento \u00e8 sapere quale parte dell\u2019apparato gastrointestinale sia interessato esattamente dall&#8217;infiammazione.<\/p><p>Oltre ad alcune raccomandazioni su come convivere con la malattia nella vita quotidiana, anche in merito all&#8217;alimentazione, la somministrazione di antinfiammatori sembrerebbe avere un ruolo centrale nella terapia.<\/p>\t\t\t\t\t\t\t\t<\/div>\n\t\t\t\t<\/div>\n\t\t\t\t<\/div>\n\t\t\t\t\t<\/div>\n\t\t\t\t<\/div>\n\t\t<div class=\"elementor-element elementor-element-5dc559c obcs none e-flex e-con-boxed e-con e-parent\" data-id=\"5dc559c\" data-element_type=\"container\">\n\t\t\t\t\t<div class=\"e-con-inner\">\n\t\t<div class=\"elementor-element elementor-element-c5090b1 obcs none e-flex e-con-boxed e-con e-parent\" data-id=\"c5090b1\" data-element_type=\"container\">\n\t\t\t\t\t<div class=\"e-con-inner\">\n\t\t\t\t<div class=\"elementor-element elementor-element-1e31770 elementor-widget elementor-widget-heading\" data-id=\"1e31770\" data-element_type=\"widget\" data-widget_type=\"heading.default\">\n\t\t\t\t<div class=\"elementor-widget-container\">\n\t\t\t\t\t<h3 class=\"elementor-heading-title elementor-size-default\">Colite ulcerosa<\/h3>\t\t\t\t<\/div>\n\t\t\t\t<\/div>\n\t\t\t\t<div class=\"elementor-element elementor-element-8fa1fca elementor-widget elementor-widget-text-editor\" data-id=\"8fa1fca\" data-element_type=\"widget\" data-widget_type=\"text-editor.default\">\n\t\t\t\t<div class=\"elementor-widget-container\">\n\t\t\t\t\t\t\t\t\t<p>Il farmaco di prima scelta per il trattamento della\u00a0<strong>colite ulcerosa<\/strong>\u00a0\u00e8 la\u00a0<strong>mesalazina<\/strong>\u00a0(acido 5-aminosalicilico). La porzione di colon principalmente interessata dalla colite ulcerosa pu\u00f2 essere infatti trattata localmente tramite farmaci somministrati per via rettale. Oltre alle compresse da assumere per via orale, esistono anche supposte, clismi e schiume che vanno ad agire direttamente sulla sede interessata dall\u2019infiammazione. Si possono inoltre utilizzare\u00a0<strong>glucocorticoidi<\/strong>\u00a0(cortisone),\u00a0<strong>immunosoppressori<\/strong>\u00a0e\u00a0<strong>anticorpi\u00a0<\/strong>per contrastare i<strong>\u00a0fattori infiammatori<\/strong>. Alcuni studi clinici hanno dimostrato che \u00e8 soprattutto la\u00a0<strong>flora batterica<\/strong>\u00a0a influire in modo significativo sullo sviluppo e sul decorso della colite ulcerosa. Durante le fasi asintomatiche, alcuni ceppi batterici\u00a0<a href=\"https:\/\/www.omni-biotic.com\/it\/intestino-e-salute\/probiotici-prebiotici\/\"><strong>probiotici<\/strong><\/a>\u00a0hanno dimostrato un\u2019azione antinfiammatoria simile a quella della mesalazina. Rispetto ai farmaci tradizionali, non si riscontrano effetti collaterali derivanti dalla somministrazione di probiotici, i quali non si limitano ad agire sul fronte dei sintomi, bens\u00ec ne contrastano i fattori scatenanti.<\/p>\t\t\t\t\t\t\t\t<\/div>\n\t\t\t\t<\/div>\n\t\t\t\t<div class=\"elementor-element elementor-element-418deba elementor-widget elementor-widget-heading\" data-id=\"418deba\" data-element_type=\"widget\" data-widget_type=\"heading.default\">\n\t\t\t\t<div class=\"elementor-widget-container\">\n\t\t\t\t\t<h3 class=\"elementor-heading-title elementor-size-default\">Morbo di Crohn<\/h3>\t\t\t\t<\/div>\n\t\t\t\t<\/div>\n\t\t\t\t<div class=\"elementor-element elementor-element-7a7f0b6 elementor-widget elementor-widget-text-editor\" data-id=\"7a7f0b6\" data-element_type=\"widget\" data-widget_type=\"text-editor.default\">\n\t\t\t\t<div class=\"elementor-widget-container\">\n\t\t\t\t\t\t\t\t\t<p>Anche per quanto riguarda il\u00a0<strong>morbo di Crohn<\/strong>, la somministrazione di\u00a0<strong>glucocorticoidi<\/strong>,\u00a0<strong>immunosoppressori<\/strong>\u00a0e\u00a0<strong>anticorpi<\/strong>\u00a0volti a combattere alcuni fattori infiammatori rappresenta la terapia farmacologica principale. Si distingue tra i preparati che alleviano i sintomi nella fase infiammatoria attiva della malattia da quelli con lo scopo di ridurre le probabilit\u00e0 di riacutizzazione. Nei pazienti affetti dal morbo di Crohn \u00e8 necessario intervenire chirurgicamente nel momento in cui sorgano complicanze quali emorragie, fistole, occlusioni intestinali o ascessi.<\/p>\t\t\t\t\t\t\t\t<\/div>\n\t\t\t\t<\/div>\n\t\t\t\t<div class=\"elementor-element elementor-element-313f441 elementor-widget elementor-widget-heading\" data-id=\"313f441\" data-element_type=\"widget\" data-widget_type=\"heading.default\">\n\t\t\t\t<div class=\"elementor-widget-container\">\n\t\t\t\t\t<h3 class=\"elementor-heading-title elementor-size-default\">Quando \u00e8 necessario intervenire chirurgicamente?<\/h3>\t\t\t\t<\/div>\n\t\t\t\t<\/div>\n\t\t\t\t<div class=\"elementor-element elementor-element-64d4b45 elementor-widget elementor-widget-text-editor\" data-id=\"64d4b45\" data-element_type=\"widget\" data-widget_type=\"text-editor.default\">\n\t\t\t\t<div class=\"elementor-widget-container\">\n\t\t\t\t\t\t\t\t\t<p>Nonostante le varie opzioni terapeutiche potrebbe rivelarsi necessario un\u00a0<strong>intervento chirurgico<\/strong>, le cui modalit\u00e0 dipendono dal focolaio principale. Ci\u00f2 si verifica nel caso subentrino\u00a0<strong>complicanze<\/strong>\u00a0quali\u00a0<strong>emorragia grave<\/strong>,\u00a0<strong>perforazione intestinale<\/strong>, infiammazioni che non rispondono in modo soddisfacente alla terapia farmacologica, ma anche nel caso di\u00a0<strong>tumore al colon<\/strong>\u00a0o lesioni precancerose. La colite ulcerosa e la presenza di polipi nel colon nel caso del morbo di Crohn aumentano il rischio di contrarre il tumore al colon e proprio a questo proposito l&#8217;entit\u00e0 dell&#8217;infiammazione sembrerebbe rivestire un ruolo fondamentale<\/p>\t\t\t\t\t\t\t\t<\/div>\n\t\t\t\t<\/div>\n\t\t\t\t\t<\/div>\n\t\t\t\t<\/div>\n\t\t\t\t\t<\/div>\n\t\t\t\t<\/div>\n\t\t<div class=\"elementor-element elementor-element-8038e76 obcs green e-flex e-con-boxed e-con e-parent\" data-id=\"8038e76\" data-element_type=\"container\">\n\t\t\t\t\t<div class=\"e-con-inner\">\n\t\t<div class=\"elementor-element elementor-element-d637520 e-con-full obcs none e-flex e-con e-parent\" data-id=\"d637520\" data-element_type=\"container\">\n\t\t\t\t<div class=\"elementor-element elementor-element-a11c35e elementor-widget elementor-widget-heading\" data-id=\"a11c35e\" data-element_type=\"widget\" data-widget_type=\"heading.default\">\n\t\t\t\t<div class=\"elementor-widget-container\">\n\t\t\t\t\t<h2 class=\"elementor-heading-title elementor-size-default\">Che cosa pu\u00f2 dare sollievo?<\/h2>\t\t\t\t<\/div>\n\t\t\t\t<\/div>\n\t\t\t\t<div class=\"elementor-element elementor-element-89e579f elementor-widget elementor-widget-heading\" data-id=\"89e579f\" data-element_type=\"widget\" data-widget_type=\"heading.default\">\n\t\t\t\t<div class=\"elementor-widget-container\">\n\t\t\t\t\t<h3 class=\"elementor-heading-title elementor-size-default\">Piante officinali e terapie di supporto naturopatiche<\/h3>\t\t\t\t<\/div>\n\t\t\t\t<\/div>\n\t\t\t\t<div class=\"elementor-element elementor-element-3592aa3 elementor-widget elementor-widget-text-editor\" data-id=\"3592aa3\" data-element_type=\"widget\" data-widget_type=\"text-editor.default\">\n\t\t\t\t<div class=\"elementor-widget-container\">\n\t\t\t\t\t\t\t\t\t<p>Alcuni studi realizzati su preparati a base di incenso, mirra e camomilla sembrerebbero confermarne il potere antinfiammatorio. Un preparato a base di estratto di incenso sembrerebbe dare risultati simili a quelli ottenuti con la mesalazina (nel morbo di Crohn). Ulteriori ricerche avrebbero inoltre registrato un miglioramento dei sintomi tipici (crampi addominali, diarrea e disturbi articolari) per i due terzi dei pazienti. Simili esperimenti sono stati effettuati anche per la colite ulcerosa ed \u00e8 stato visto che\u00a0<strong>incenso<\/strong>\u00a0e\u00a0<strong>mirra<\/strong>\u00a0contengono entrambi acidi triterpenici dagli effetti antinfiammatori. La mirra ha inoltre un effetto antispastico, quindi contribuisce a ridurre l\u2019entit\u00e0 delle contrazioni intestinali e favorisce la distensione della muscolatura addominale contratta. Uno studio realizzato su numero ristretto di pazienti ha dimostrato che una combinazione di incenso, mirra e\u00a0<strong>carbone di caff\u00e8<\/strong>\u00a0ha portato a ottimi risultati, permettendo inoltre di mantenere un intervallo di tempo del tutto asintomatico.<\/p><p>Alcuni scienziati americani hanno inoltre analizzato l&#8217;effetto antinfiammatorio della\u00a0<strong>curcuma<\/strong>, la cosiddetta radice gialla. Uno studio ha esaminato un gruppo di bambini affetti dal morbo di Crohn e dalla colite ulcerosa, i quali hanno assunto l\u2019estratto di curcumina in capsule. Una dose di 4 g \u00e8 stata ben tollerata dalla maggior parte dei bambini e ha contribuito ad alleviare i sintomi delle MICI.<\/p>\t\t\t\t\t\t\t\t<\/div>\n\t\t\t\t<\/div>\n\t\t\t\t<\/div>\n\t\t<div class=\"elementor-element elementor-element-34d5b31 e-con-full obcs none e-flex e-con e-parent\" data-id=\"34d5b31\" data-element_type=\"container\">\n\t\t\t\t<div class=\"elementor-element elementor-element-1c0a823 e-transform elementor-widget elementor-widget-image\" data-id=\"1c0a823\" data-element_type=\"widget\" data-settings=\"{&quot;_transform_rotateZ_effect&quot;:{&quot;unit&quot;:&quot;px&quot;,&quot;size&quot;:&quot;0&quot;,&quot;sizes&quot;:[]},&quot;_transform_rotate_3d&quot;:&quot;yes&quot;,&quot;_transform_rotateX_effect&quot;:{&quot;unit&quot;:&quot;px&quot;,&quot;size&quot;:&quot;0&quot;,&quot;sizes&quot;:[]},&quot;_transform_rotateY_effect&quot;:{&quot;unit&quot;:&quot;px&quot;,&quot;size&quot;:&quot;-4&quot;,&quot;sizes&quot;:[]},&quot;_transform_perspective_effect&quot;:{&quot;unit&quot;:&quot;px&quot;,&quot;size&quot;:&quot;650&quot;,&quot;sizes&quot;:[]},&quot;_transform_rotateZ_effect_tablet&quot;:{&quot;unit&quot;:&quot;deg&quot;,&quot;size&quot;:&quot;&quot;,&quot;sizes&quot;:[]},&quot;_transform_rotateZ_effect_mobile&quot;:{&quot;unit&quot;:&quot;deg&quot;,&quot;size&quot;:&quot;&quot;,&quot;sizes&quot;:[]},&quot;_transform_rotateX_effect_tablet&quot;:{&quot;unit&quot;:&quot;deg&quot;,&quot;size&quot;:&quot;&quot;,&quot;sizes&quot;:[]},&quot;_transform_rotateX_effect_mobile&quot;:{&quot;unit&quot;:&quot;deg&quot;,&quot;size&quot;:&quot;&quot;,&quot;sizes&quot;:[]},&quot;_transform_rotateY_effect_tablet&quot;:{&quot;unit&quot;:&quot;deg&quot;,&quot;size&quot;:&quot;&quot;,&quot;sizes&quot;:[]},&quot;_transform_rotateY_effect_mobile&quot;:{&quot;unit&quot;:&quot;deg&quot;,&quot;size&quot;:&quot;&quot;,&quot;sizes&quot;:[]},&quot;_transform_perspective_effect_tablet&quot;:{&quot;unit&quot;:&quot;px&quot;,&quot;size&quot;:&quot;&quot;,&quot;sizes&quot;:[]},&quot;_transform_perspective_effect_mobile&quot;:{&quot;unit&quot;:&quot;px&quot;,&quot;size&quot;:&quot;&quot;,&quot;sizes&quot;:[]}}\" data-widget_type=\"image.default\">\n\t\t\t\t<div class=\"elementor-widget-container\">\n\t\t\t\t\t\t\t\t\t\t\t\t\t\t\t<img loading=\"lazy\" decoding=\"async\" width=\"800\" height=\"800\" src=\"https:\/\/www.omni-biotic.com\/it-it\/wp-content\/uploads\/sites\/5\/2023\/07\/heilpflanzen-natuerliche-medikation-ced.jpg\" class=\"attachment-large size-large wp-image-18688\" alt=\"\" srcset=\"https:\/\/www.omni-biotic.com\/it-it\/wp-content\/uploads\/sites\/5\/2023\/07\/heilpflanzen-natuerliche-medikation-ced.jpg 1024w, https:\/\/www.omni-biotic.com\/it-it\/wp-content\/uploads\/sites\/5\/2023\/07\/heilpflanzen-natuerliche-medikation-ced-300x300.jpg 300w, https:\/\/www.omni-biotic.com\/it-it\/wp-content\/uploads\/sites\/5\/2023\/07\/heilpflanzen-natuerliche-medikation-ced-150x150.jpg 150w, https:\/\/www.omni-biotic.com\/it-it\/wp-content\/uploads\/sites\/5\/2023\/07\/heilpflanzen-natuerliche-medikation-ced-768x768.jpg 768w\" sizes=\"(max-width: 800px) 100vw, 800px\" \/>\t\t\t\t\t\t\t\t\t\t\t\t\t\t\t<\/div>\n\t\t\t\t<\/div>\n\t\t\t\t<\/div>\n\t\t\t\t\t<\/div>\n\t\t\t\t<\/div>\n\t\t<div class=\"elementor-element elementor-element-de8bb95 obcs none e-flex e-con-boxed e-con e-parent\" data-id=\"de8bb95\" data-element_type=\"container\">\n\t\t\t\t\t<div class=\"e-con-inner\">\n\t\t<div class=\"elementor-element elementor-element-d4b28ec obcs none e-flex e-con-boxed e-con e-parent\" data-id=\"d4b28ec\" data-element_type=\"container\">\n\t\t\t\t\t<div class=\"e-con-inner\">\n\t\t\t\t<div class=\"elementor-element elementor-element-6ffd20c elementor-widget elementor-widget-heading\" data-id=\"6ffd20c\" data-element_type=\"widget\" data-widget_type=\"heading.default\">\n\t\t\t\t<div class=\"elementor-widget-container\">\n\t\t\t\t\t<h2 class=\"elementor-heading-title elementor-size-default\">Quali sono i consigli utili per convivere con le MICI?<\/h2>\t\t\t\t<\/div>\n\t\t\t\t<\/div>\n\t\t\t\t<div class=\"elementor-element elementor-element-196c454 elementor-widget elementor-widget-heading\" data-id=\"196c454\" data-element_type=\"widget\" data-widget_type=\"heading.default\">\n\t\t\t\t<div class=\"elementor-widget-container\">\n\t\t\t\t\t<h3 class=\"elementor-heading-title elementor-size-default\"> 1<\/h3>\t\t\t\t<\/div>\n\t\t\t\t<\/div>\n\t\t\t\t<div class=\"elementor-element elementor-element-23e282a elementor-widget elementor-widget-text-editor\" data-id=\"23e282a\" data-element_type=\"widget\" data-widget_type=\"text-editor.default\">\n\t\t\t\t<div class=\"elementor-widget-container\">\n\t\t\t\t\t\t\t\t\t<p>Non si conoscono ancora le cause esatte delle MICI, ma lo stato mentale sembrerebbe rivestire un importante ruolo nella comparsa delle riacutizzazioni.<strong>\u00a0Lo stress\u00a0<\/strong>potrebbe\u00a0infatti indurre una\u00a0<strong>riacutizzazione<\/strong>, motivo per cui \u00e8 importante ritagliarsi quotidianamente del tempo per rilassarsi.<\/p>\t\t\t\t\t\t\t\t<\/div>\n\t\t\t\t<\/div>\n\t\t\t\t<div class=\"elementor-element elementor-element-2c9b482 elementor-widget elementor-widget-heading\" data-id=\"2c9b482\" data-element_type=\"widget\" data-widget_type=\"heading.default\">\n\t\t\t\t<div class=\"elementor-widget-container\">\n\t\t\t\t\t<h3 class=\"elementor-heading-title elementor-size-default\"> 2<\/h3>\t\t\t\t<\/div>\n\t\t\t\t<\/div>\n\t\t\t\t<div class=\"elementor-element elementor-element-47c6a69 elementor-widget elementor-widget-text-editor\" data-id=\"47c6a69\" data-element_type=\"widget\" data-widget_type=\"text-editor.default\">\n\t\t\t\t<div class=\"elementor-widget-container\">\n\t\t\t\t\t\t\t\t\t<p><strong>Eliminare gli alimenti difficilmente digeribili e che causano gonfiore<\/strong>: tenere un diario alimentare \u00e8 utile per stabilire quali cibi e bevande sono ben tollerati e quali situazioni potrebbero avere effetti negativi sui sintomi. \u00c8 bene prestare inoltre attenzione agli alimenti ricchi in fibre.<\/p>\t\t\t\t\t\t\t\t<\/div>\n\t\t\t\t<\/div>\n\t\t\t\t<div class=\"elementor-element elementor-element-5ce3b66 elementor-widget elementor-widget-heading\" data-id=\"5ce3b66\" data-element_type=\"widget\" data-widget_type=\"heading.default\">\n\t\t\t\t<div class=\"elementor-widget-container\">\n\t\t\t\t\t<h3 class=\"elementor-heading-title elementor-size-default\"> 3<\/h3>\t\t\t\t<\/div>\n\t\t\t\t<\/div>\n\t\t\t\t<div class=\"elementor-element elementor-element-d020f39 elementor-widget elementor-widget-text-editor\" data-id=\"d020f39\" data-element_type=\"widget\" data-widget_type=\"text-editor.default\">\n\t\t\t\t<div class=\"elementor-widget-container\">\n\t\t\t\t\t\t\t\t\t<p><strong>Accettare la malattia \u00e8 un passo molto importante<\/strong>. I gruppi di sostegno offrono la possibilit\u00e0 di conoscere altre persone affette dalla stessa malattia.<\/p>\t\t\t\t\t\t\t\t<\/div>\n\t\t\t\t<\/div>\n\t\t\t\t<div class=\"elementor-element elementor-element-3c44356 elementor-widget elementor-widget-heading\" data-id=\"3c44356\" data-element_type=\"widget\" data-widget_type=\"heading.default\">\n\t\t\t\t<div class=\"elementor-widget-container\">\n\t\t\t\t\t<h3 class=\"elementor-heading-title elementor-size-default\"> 4<\/h3>\t\t\t\t<\/div>\n\t\t\t\t<\/div>\n\t\t\t\t<div class=\"elementor-element elementor-element-86ee9cd elementor-widget elementor-widget-text-editor\" data-id=\"86ee9cd\" data-element_type=\"widget\" data-widget_type=\"text-editor.default\">\n\t\t\t\t<div class=\"elementor-widget-container\">\n\t\t\t\t\t\t\t\t\t<p>L&#8217;assunzione (anche prolumgata)\u00a0<strong>probiotici multi-specie appositamente sviluppati\u00a0<\/strong>che proteggono la mucosa intestinale e favoriscono la digestione \u00e8 ideale ai fini della profilassi e pu\u00f2 essere associata al trattamento terapeutico previsto per la sindrome dell&#8217;intestino irritabile.<\/p>\t\t\t\t\t\t\t\t<\/div>\n\t\t\t\t<\/div>\n\t\t\t\t<div class=\"elementor-element elementor-element-65bc0db elementor-widget elementor-widget-heading\" data-id=\"65bc0db\" data-element_type=\"widget\" data-widget_type=\"heading.default\">\n\t\t\t\t<div class=\"elementor-widget-container\">\n\t\t\t\t\t<h3 class=\"elementor-heading-title elementor-size-default\"> 5<\/h3>\t\t\t\t<\/div>\n\t\t\t\t<\/div>\n\t\t\t\t<div class=\"elementor-element elementor-element-812c82c elementor-widget elementor-widget-text-editor\" data-id=\"812c82c\" data-element_type=\"widget\" data-widget_type=\"text-editor.default\">\n\t\t\t\t<div class=\"elementor-widget-container\">\n\t\t\t\t\t\t\t\t\t<p>Effettuare uno screening periodico per la diagnosi del<strong> tumore del colon-retto \u00e8<\/strong> indispensabile in presenza di MICI.<\/p>\t\t\t\t\t\t\t\t<\/div>\n\t\t\t\t<\/div>\n\t\t\t\t<div class=\"elementor-element elementor-element-ada8b29 elementor-widget elementor-widget-heading\" data-id=\"ada8b29\" data-element_type=\"widget\" data-widget_type=\"heading.default\">\n\t\t\t\t<div class=\"elementor-widget-container\">\n\t\t\t\t\t<h3 class=\"elementor-heading-title elementor-size-default\"> 6<\/h3>\t\t\t\t<\/div>\n\t\t\t\t<\/div>\n\t\t\t\t<div class=\"elementor-element elementor-element-2b53920 elementor-widget elementor-widget-text-editor\" data-id=\"2b53920\" data-element_type=\"widget\" data-widget_type=\"text-editor.default\">\n\t\t\t\t<div class=\"elementor-widget-container\">\n\t\t\t\t\t\t\t\t\t<p>Fare\u00a0<strong>attivit\u00e0 fisica<\/strong>\u00a0ha un effetto benefico nella fase asintomatica della malattia. Lo sport aumenta il benessere generale, riduce l&#8217;attivit\u00e0 infiammatoria e consente di conoscere meglio il proprio corpo. Si consiglia un esercizio fisico moderato come camminate, nuoto, ginnastica, yoga e pilates.<\/p>\t\t\t\t\t\t\t\t<\/div>\n\t\t\t\t<\/div>\n\t\t\t\t<div class=\"elementor-element elementor-element-dc6710b elementor-widget elementor-widget-heading\" data-id=\"dc6710b\" data-element_type=\"widget\" data-widget_type=\"heading.default\">\n\t\t\t\t<div class=\"elementor-widget-container\">\n\t\t\t\t\t<h3 class=\"elementor-heading-title elementor-size-default\"> 7<\/h3>\t\t\t\t<\/div>\n\t\t\t\t<\/div>\n\t\t\t\t<div class=\"elementor-element elementor-element-3e2a199 elementor-widget elementor-widget-text-editor\" data-id=\"3e2a199\" data-element_type=\"widget\" data-widget_type=\"text-editor.default\">\n\t\t\t\t<div class=\"elementor-widget-container\">\n\t\t\t\t\t\t\t\t\t<p>Se nella fase acuta della malattia si assumono\u00a0<strong>immunosoppressori<\/strong>, \u00e8 bene verificare il livello di immunit\u00e0. I vaccini vivi devono essere somministrati solo durante la fase asintomatica.<\/p>\t\t\t\t\t\t\t\t<\/div>\n\t\t\t\t<\/div>\n\t\t\t\t<div class=\"elementor-element elementor-element-57252b6 elementor-widget elementor-widget-heading\" data-id=\"57252b6\" data-element_type=\"widget\" data-widget_type=\"heading.default\">\n\t\t\t\t<div class=\"elementor-widget-container\">\n\t\t\t\t\t<h3 class=\"elementor-heading-title elementor-size-default\">8<\/h3>\t\t\t\t<\/div>\n\t\t\t\t<\/div>\n\t\t\t\t<div class=\"elementor-element elementor-element-4e848a4 elementor-widget elementor-widget-text-editor\" data-id=\"4e848a4\" data-element_type=\"widget\" data-widget_type=\"text-editor.default\">\n\t\t\t\t<div class=\"elementor-widget-container\">\n\t\t\t\t\t\t\t\t\t<p>Il consumo di\u00a0<strong>alcol<\/strong>\u00a0danneggia la mucosa intestinale, per questo andrebbe evitato.<\/p>\t\t\t\t\t\t\t\t<\/div>\n\t\t\t\t<\/div>\n\t\t\t\t<div class=\"elementor-element elementor-element-38ac9a4 elementor-widget elementor-widget-heading\" data-id=\"38ac9a4\" data-element_type=\"widget\" data-widget_type=\"heading.default\">\n\t\t\t\t<div class=\"elementor-widget-container\">\n\t\t\t\t\t<h3 class=\"elementor-heading-title elementor-size-default\">9<\/h3>\t\t\t\t<\/div>\n\t\t\t\t<\/div>\n\t\t\t\t<div class=\"elementor-element elementor-element-7f66061 elementor-widget elementor-widget-text-editor\" data-id=\"7f66061\" data-element_type=\"widget\" data-widget_type=\"text-editor.default\">\n\t\t\t\t<div class=\"elementor-widget-container\">\n\t\t\t\t\t\t\t\t\t<p>Fumare aumenta il tasso di riacutizzazioni del <strong>morbo di Crohn,<\/strong> pertanto i pazienti affetti da questa malattia dovrebbero<strong>\u00a0evitare di fumare<\/strong>. Al contrario, nei pazienti affetti da <strong>colite ulcerosa,<\/strong> i sintomi sembrerebbero peggiorare dopo aver smesso di fumare. Ci\u00f2 non deve comunque intendersi come un incentivo per<strong> iniziare a fumare,<\/strong> in quanto il fumo \u00e8 noto per i numerosi effetti negativi e le <strong>complicanze che ne derivano.<\/strong><\/p>\t\t\t\t\t\t\t\t<\/div>\n\t\t\t\t<\/div>\n\t\t\t\t\t<\/div>\n\t\t\t\t<\/div>\n\t\t\t\t\t<\/div>\n\t\t\t\t<\/div>\n\t\t<div class=\"elementor-element elementor-element-18eb2e0 obcs none e-flex e-con-boxed e-con e-parent\" data-id=\"18eb2e0\" data-element_type=\"container\">\n\t\t\t\t\t<div class=\"e-con-inner\">\n\t\t\t\t<div class=\"elementor-element elementor-element-3a78790 elementor-widget__width-inherit elementor-widget elementor-widget-heading\" data-id=\"3a78790\" data-element_type=\"widget\" data-widget_type=\"heading.default\">\n\t\t\t\t<div class=\"elementor-widget-container\">\n\t\t\t\t\t<h2 class=\"elementor-heading-title elementor-size-default\">Articoli rilevanti sull'argomento<\/h2>\t\t\t\t<\/div>\n\t\t\t\t<\/div>\n\t\t\t\t<div class=\"elementor-element elementor-element-4401fd0 elementor-widget elementor-widget-li-widgets--posts-gallery\" data-id=\"4401fd0\" data-element_type=\"widget\" data-widget_type=\"li-widgets--posts-gallery.default\">\n\t\t\t\t<div class=\"elementor-widget-container\">\n\t\t\t\t\t    \n<div class=\"li-widgets--posts-gallery__pagination\" data-post-id=\"163\">\n\n    <div class=\"li-widgets--posts-gallery__pagination-results\">\n        1-6 dei 78 risultati    <\/div>\n    <div class=\"li-widgets--posts-gallery__pagination-pages\">\n        Pagina 1 di 13    <\/div>\n    <div class=\"li-widgets--posts-gallery__pagination-url\">\n                            <a href=\"#\" data-href=\"https:\/\/www.omni-biotic.com\/it-it\/wp-json\/wp\/v2\/pages\/163\/?search&category=107&cur=1\">1<\/a>\n                    <a href=\"#\" data-href=\"https:\/\/www.omni-biotic.com\/it-it\/wp-json\/wp\/v2\/pages\/163\/?search&category=107&cur=2\">2<\/a>\n                    <a href=\"#\" data-href=\"https:\/\/www.omni-biotic.com\/it-it\/wp-json\/wp\/v2\/pages\/163\/?search&category=107&cur=3\">3<\/a>\n                            <a href=\"#\" data-href=\"https:\/\/www.omni-biotic.com\/it-it\/wp-json\/wp\/v2\/pages\/163\/?search&category=107&cur=13\">\u00bb<\/a>\n            <\/div>\n<\/div>\n<div class=\"li-widgets--posts-gallery blog\">\n                    <a href=\"https:\/\/www.omni-biotic.com\/it-it\/blog\/omni-biotic-flora-plus\/\"\n           class=\"li-widgets--posts-gallery__post\">\n            <div class=\"post--image__container\">\n                <div class=\"post--image\">\n                    <img loading=\"lazy\" decoding=\"async\" width=\"768\" height=\"455\" src=\"https:\/\/www.omni-biotic.com\/it-it\/wp-content\/uploads\/sites\/5\/2026\/04\/20260423_OB_WOMAN_Banner_omni-biotic_ITA-768x455.jpg\" class=\"attachment-medium_large size-medium_large wp-post-image\" alt=\"probiotici-donna-flora-plus-omnibiotic\" srcset=\"https:\/\/www.omni-biotic.com\/it-it\/wp-content\/uploads\/sites\/5\/2026\/04\/20260423_OB_WOMAN_Banner_omni-biotic_ITA-768x455.jpg 768w, https:\/\/www.omni-biotic.com\/it-it\/wp-content\/uploads\/sites\/5\/2026\/04\/20260423_OB_WOMAN_Banner_omni-biotic_ITA-300x178.jpg 300w, https:\/\/www.omni-biotic.com\/it-it\/wp-content\/uploads\/sites\/5\/2026\/04\/20260423_OB_WOMAN_Banner_omni-biotic_ITA-1024x607.jpg 1024w, https:\/\/www.omni-biotic.com\/it-it\/wp-content\/uploads\/sites\/5\/2026\/04\/20260423_OB_WOMAN_Banner_omni-biotic_ITA-1536x910.jpg 1536w, https:\/\/www.omni-biotic.com\/it-it\/wp-content\/uploads\/sites\/5\/2026\/04\/20260423_OB_WOMAN_Banner_omni-biotic_ITA.jpg 1920w\" sizes=\"(max-width: 768px) 100vw, 768px\" \/>                <\/div>\n            <\/div>\n            <div class=\"post--teaser\">\n                <div class=\"title\">OMNi-BiOTiC\u00ae FLORA plus+<\/div>\n                <div class=\"description\">\n                    Cara lettrice, sapevi che il microbiota vaginale gioca un ruolo importantissimo per il tuo benessere\u2026                    <br>\n                    <span class=\"read-more\">\n                            Scopri di pi\u00f9                        <\/span>\n                <\/div>\n                <div class=\"metadata\"><b>Aggiornato:<\/b> 30. Aprile 2026 \u2022 <b>Categorie:<\/b> Disturbi e consigli, Salute al femminile, Tutte le categorie<\/div>\n            <\/div>\n        <\/a>\n                <a href=\"https:\/\/www.omni-biotic.com\/it-it\/blog\/allergia-e-bambini\/\"\n           class=\"li-widgets--posts-gallery__post\">\n            <div class=\"post--image__container\">\n                <div class=\"post--image\">\n                    <img loading=\"lazy\" decoding=\"async\" width=\"700\" height=\"500\" src=\"https:\/\/www.omni-biotic.com\/it-it\/wp-content\/uploads\/sites\/5\/2026\/03\/allergien-kinder-mehr-betroffene.jpg\" class=\"attachment-medium_large size-medium_large wp-post-image\" alt=\"allergia-e-intenstino\" srcset=\"https:\/\/www.omni-biotic.com\/it-it\/wp-content\/uploads\/sites\/5\/2026\/03\/allergien-kinder-mehr-betroffene.jpg 700w, https:\/\/www.omni-biotic.com\/it-it\/wp-content\/uploads\/sites\/5\/2026\/03\/allergien-kinder-mehr-betroffene-300x214.jpg 300w\" sizes=\"(max-width: 700px) 100vw, 700px\" \/>                <\/div>\n            <\/div>\n            <div class=\"post--teaser\">\n                <div class=\"title\">Allergia e bambini<\/div>\n                <div class=\"description\">\n                    Sempre pi\u00f9 bambini e adolescenti soffrono di allergie respiratorie, in particolare di rinite allergica stagionale\u2026                    <br>\n                    <span class=\"read-more\">\n                            Scopri di pi\u00f9                        <\/span>\n                <\/div>\n                <div class=\"metadata\"><b>Aggiornato:<\/b> 15. Aprile 2026 \u2022 <b>Categorie:<\/b> Disturbi e consigli, Institut AllergoSan, Tutte le categorie<\/div>\n            <\/div>\n        <\/a>\n                <a href=\"https:\/\/www.omni-biotic.com\/it-it\/blog\/obesita-diabete-e-il-microbiota\/\"\n           class=\"li-widgets--posts-gallery__post\">\n            <div class=\"post--image__container\">\n                <div class=\"post--image\">\n                    <img loading=\"lazy\" decoding=\"async\" width=\"700\" height=\"500\" src=\"https:\/\/www.omni-biotic.com\/it-it\/wp-content\/uploads\/sites\/5\/2025\/04\/diabetes-1.jpg\" class=\"attachment-medium_large size-medium_large wp-post-image\" alt=\"diabete-microbiota\" srcset=\"https:\/\/www.omni-biotic.com\/it-it\/wp-content\/uploads\/sites\/5\/2025\/04\/diabetes-1.jpg 700w, https:\/\/www.omni-biotic.com\/it-it\/wp-content\/uploads\/sites\/5\/2025\/04\/diabetes-1-300x214.jpg 300w\" sizes=\"(max-width: 700px) 100vw, 700px\" \/>                <\/div>\n            <\/div>\n            <div class=\"post--teaser\">\n                <div class=\"title\">Obesit\u00e0, diabete e il microbiota<\/div>\n                <div class=\"description\">\n                    La cosiddetta \u2018dieta occidentale\u2019 ha contribuito alla diffusione a macchia d\u2019olio di malattie come l\u2019obesit\u00e0\u2026                    <br>\n                    <span class=\"read-more\">\n                            Scopri di pi\u00f9                        <\/span>\n                <\/div>\n                <div class=\"metadata\"><b>Aggiornato:<\/b> 10. Marzo 2026 \u2022 <b>Categorie:<\/b> Disturbi e consigli, Scoperte scientifiche \u2022 <b>Autore:<\/b> Mag. Jutta Kalian<\/div>\n            <\/div>\n        <\/a>\n                <a href=\"https:\/\/www.omni-biotic.com\/it-it\/blog\/allergie-e-intestino\/\"\n           class=\"li-widgets--posts-gallery__post\">\n            <div class=\"post--image__container\">\n                <div class=\"post--image\">\n                    <img loading=\"lazy\" decoding=\"async\" width=\"768\" height=\"480\" src=\"https:\/\/www.omni-biotic.com\/it-it\/wp-content\/uploads\/sites\/5\/2026\/03\/IT_BLOG_Visuals-5-768x480.png\" class=\"attachment-medium_large size-medium_large wp-post-image\" alt=\"allergia-e-intestino\" srcset=\"https:\/\/www.omni-biotic.com\/it-it\/wp-content\/uploads\/sites\/5\/2026\/03\/IT_BLOG_Visuals-5-768x480.png 768w, https:\/\/www.omni-biotic.com\/it-it\/wp-content\/uploads\/sites\/5\/2026\/03\/IT_BLOG_Visuals-5-300x188.png 300w, https:\/\/www.omni-biotic.com\/it-it\/wp-content\/uploads\/sites\/5\/2026\/03\/IT_BLOG_Visuals-5.png 800w\" sizes=\"(max-width: 768px) 100vw, 768px\" \/>                <\/div>\n            <\/div>\n            <div class=\"post--teaser\">\n                <div class=\"title\">Allergie e intestino: perch\u00e9 il microbiota intestinale \u00e8 fondamentale?<\/div>\n                <div class=\"description\">\n                    Quando, all\u2019inizio della primavera, i pollini iniziano a volare nell\u2019aria, il primo starnuto \u00e8 spesso\u2026                    <br>\n                    <span class=\"read-more\">\n                            Scopri di pi\u00f9                        <\/span>\n                <\/div>\n                <div class=\"metadata\"><b>Aggiornato:<\/b> 3. Marzo 2026 \u2022 <b>Categorie:<\/b> Disturbi e consigli, Institut AllergoSan, Scoperte scientifiche \u2022 <b>Autore:<\/b> Mag. Jutta Kalian<\/div>\n            <\/div>\n        <\/a>\n                <a href=\"https:\/\/www.omni-biotic.com\/it-it\/blog\/stimola-il-metabolismo\/\"\n           class=\"li-widgets--posts-gallery__post\">\n            <div class=\"post--image__container\">\n                <div class=\"post--image\">\n                    <img loading=\"lazy\" decoding=\"async\" width=\"768\" height=\"768\" src=\"https:\/\/www.omni-biotic.com\/it-it\/wp-content\/uploads\/sites\/5\/2024\/07\/Darmflora-Wunschgewicht-768x768.jpg\" class=\"attachment-medium_large size-medium_large wp-post-image\" alt=\"\" srcset=\"https:\/\/www.omni-biotic.com\/it-it\/wp-content\/uploads\/sites\/5\/2024\/07\/Darmflora-Wunschgewicht-768x768.jpg 768w, https:\/\/www.omni-biotic.com\/it-it\/wp-content\/uploads\/sites\/5\/2024\/07\/Darmflora-Wunschgewicht-300x300.jpg 300w, https:\/\/www.omni-biotic.com\/it-it\/wp-content\/uploads\/sites\/5\/2024\/07\/Darmflora-Wunschgewicht-150x150.jpg 150w, https:\/\/www.omni-biotic.com\/it-it\/wp-content\/uploads\/sites\/5\/2024\/07\/Darmflora-Wunschgewicht.jpg 1024w\" sizes=\"(max-width: 768px) 100vw, 768px\" \/>                <\/div>\n            <\/div>\n            <div class=\"post--teaser\">\n                <div class=\"title\">Stimola il metabolismo con questi 7 consigli<\/div>\n                <div class=\"description\">\n                    Mettersi a dieta di continuo pu\u00f2 essere davvero estenuante, sia per il corpo che per\u2026                    <br>\n                    <span class=\"read-more\">\n                            Scopri di pi\u00f9                        <\/span>\n                <\/div>\n                <div class=\"metadata\"><b>Aggiornato:<\/b> 21. Gennaio 2026 \u2022 <b>Categorie:<\/b> Disturbi e consigli, Tutte le categorie \u2022 <b>Autore:<\/b> Florentina Sgarz, BA<\/div>\n            <\/div>\n        <\/a>\n                <a href=\"https:\/\/www.omni-biotic.com\/it-it\/blog\/trappola-della-dieta-e-intestino\/\"\n           class=\"li-widgets--posts-gallery__post\">\n            <div class=\"post--image__container\">\n                <div class=\"post--image\">\n                    <img loading=\"lazy\" decoding=\"async\" width=\"700\" height=\"500\" src=\"https:\/\/www.omni-biotic.com\/it-it\/wp-content\/uploads\/sites\/5\/2021\/03\/intestino_dimagrire.gif\" class=\"attachment-medium_large size-medium_large wp-post-image\" alt=\"intestino-dimagrire\" \/>                <\/div>\n            <\/div>\n            <div class=\"post--teaser\">\n                <div class=\"title\">Intestino in equilibrio e perdita di peso: come sono correlati?<\/div>\n                <div class=\"description\">\n                    Alcune persone tendono a ingrassare pur senza eccedere con il cibo, mentre altre, nonostante mangino\u2026                    <br>\n                    <span class=\"read-more\">\n                            Scopri di pi\u00f9                        <\/span>\n                <\/div>\n                <div class=\"metadata\"><b>Aggiornato:<\/b> 21. Gennaio 2026 \u2022 <b>Categorie:<\/b> Alimentazione e ricette, Disturbi e consigli, Tutte le categorie \u2022 <b>Autore:<\/b> Herbert Hauser<\/div>\n            <\/div>\n        <\/a>\n            <\/div>\n\t\t\t\t<\/div>\n\t\t\t\t<\/div>\n\t\t\t\t\t<\/div>\n\t\t\t\t<\/div>\n\t\t\t\t<\/div>\n\t\t","protected":false},"excerpt":{"rendered":"<p>Malattie infiammatorie croniche intestinali (MICI) Dolori addominali, diarrea, vomito, nausea, febbre: sintomi tipici del mal di stomaco o dell\u2019influenza intestinale che tutti conosciamo, ma i pazienti affetti da MICI ne soffrono ancora di pi\u00f9. Di seguito vengono fornite maggiori informazioni sui soggetti che ne soffrono, sulla diagnosi e sulle possibilit\u00e0 trattamento. Home Indice Che cosa [&hellip;]<\/p>\n","protected":false},"author":3,"featured_media":0,"parent":153,"menu_order":500,"comment_status":"closed","ping_status":"closed","template":"","meta":{"_acf_changed":false,"inline_featured_image":false,"footnotes":""},"class_list":["post-163","page","type-page","status-publish","hentry"],"acf":[],"_links":{"self":[{"href":"https:\/\/www.omni-biotic.com\/it-it\/wp-json\/wp\/v2\/pages\/163","targetHints":{"allow":["GET"]}}],"collection":[{"href":"https:\/\/www.omni-biotic.com\/it-it\/wp-json\/wp\/v2\/pages"}],"about":[{"href":"https:\/\/www.omni-biotic.com\/it-it\/wp-json\/wp\/v2\/types\/page"}],"author":[{"embeddable":true,"href":"https:\/\/www.omni-biotic.com\/it-it\/wp-json\/wp\/v2\/users\/3"}],"replies":[{"embeddable":true,"href":"https:\/\/www.omni-biotic.com\/it-it\/wp-json\/wp\/v2\/comments?post=163"}],"version-history":[{"count":7,"href":"https:\/\/www.omni-biotic.com\/it-it\/wp-json\/wp\/v2\/pages\/163\/revisions"}],"predecessor-version":[{"id":22707,"href":"https:\/\/www.omni-biotic.com\/it-it\/wp-json\/wp\/v2\/pages\/163\/revisions\/22707"}],"up":[{"embeddable":true,"href":"https:\/\/www.omni-biotic.com\/it-it\/wp-json\/wp\/v2\/pages\/153"}],"wp:attachment":[{"href":"https:\/\/www.omni-biotic.com\/it-it\/wp-json\/wp\/v2\/media?parent=163"}],"curies":[{"name":"wp","href":"https:\/\/api.w.org\/{rel}","templated":true}]}}