{"id":77,"date":"2022-03-07T10:07:27","date_gmt":"2022-03-07T09:07:27","guid":{"rendered":"https:\/\/www.omni-biotic.com\/ueber-uns\/institut-allergosan\/presse\/"},"modified":"2024-12-09T09:20:12","modified_gmt":"2024-12-09T08:20:12","slug":"stampa","status":"publish","type":"page","link":"https:\/\/www.omni-biotic.com\/it-it\/chi-siamo\/institut-allergosan\/stampa\/","title":{"rendered":"L&#8217;angolo della stampa"},"content":{"rendered":"\t\t<div data-elementor-type=\"wp-page\" data-elementor-id=\"77\" class=\"elementor elementor-77\" data-elementor-post-type=\"page\">\n\t\t\t\t<div class=\"elementor-element elementor-element-3e7ddcb e-con-full obcs none e-flex e-con e-parent\" data-id=\"3e7ddcb\" data-element_type=\"container\" data-settings=\"{&quot;background_background&quot;:&quot;classic&quot;,&quot;shape_divider_bottom&quot;:&quot;waves&quot;}\">\n\t\t\t\t<div class=\"elementor-shape elementor-shape-bottom\" aria-hidden=\"true\" data-negative=\"false\">\n\t\t\t<svg xmlns=\"http:\/\/www.w3.org\/2000\/svg\" viewBox=\"0 0 1000 100\" preserveAspectRatio=\"none\">\n\t<path class=\"elementor-shape-fill\" d=\"M421.9,6.5c22.6-2.5,51.5,0.4,75.5,5.3c23.6,4.9,70.9,23.5,100.5,35.7c75.8,32.2,133.7,44.5,192.6,49.7\n\tc23.6,2.1,48.7,3.5,103.4-2.5c54.7-6,106.2-25.6,106.2-25.6V0H0v30.3c0,0,72,32.6,158.4,30.5c39.2-0.7,92.8-6.7,134-22.4\n\tc21.2-8.1,52.2-18.2,79.7-24.2C399.3,7.9,411.6,7.5,421.9,6.5z\"\/>\n<\/svg>\t\t<\/div>\n\t\t\t\t<div class=\"elementor-element elementor-element-b9bae2e elementor-absolute elementor-hidden-mobile elementor-align-center elementor-widget elementor-widget-lottie\" data-id=\"b9bae2e\" data-element_type=\"widget\" data-settings=\"{&quot;source_json&quot;:{&quot;url&quot;:&quot;https:\\\/\\\/www.omni-biotic.com\\\/it-it\\\/wp-content\\\/uploads\\\/sites\\\/5\\\/2022\\\/08\\\/lf30_editor_s5uwdgjh.json&quot;,&quot;id&quot;:&quot;7733&quot;,&quot;size&quot;:&quot;&quot;,&quot;alt&quot;:&quot;&quot;,&quot;source&quot;:&quot;library&quot;},&quot;loop&quot;:&quot;yes&quot;,&quot;play_speed&quot;:{&quot;unit&quot;:&quot;px&quot;,&quot;size&quot;:&quot;0.3&quot;,&quot;sizes&quot;:[]},&quot;_position&quot;:&quot;absolute&quot;,&quot;source&quot;:&quot;media_file&quot;,&quot;caption_source&quot;:&quot;none&quot;,&quot;link_to&quot;:&quot;none&quot;,&quot;trigger&quot;:&quot;arriving_to_viewport&quot;,&quot;viewport&quot;:{&quot;unit&quot;:&quot;%&quot;,&quot;size&quot;:&quot;&quot;,&quot;sizes&quot;:{&quot;start&quot;:0,&quot;end&quot;:100}},&quot;start_point&quot;:{&quot;unit&quot;:&quot;%&quot;,&quot;size&quot;:0,&quot;sizes&quot;:[]},&quot;end_point&quot;:{&quot;unit&quot;:&quot;%&quot;,&quot;size&quot;:100,&quot;sizes&quot;:[]},&quot;renderer&quot;:&quot;svg&quot;}\" data-widget_type=\"lottie.default\">\n\t\t\t\t<div class=\"elementor-widget-container\">\n\t\t\t\t\t<div class=\"e-lottie__container\"><div class=\"e-lottie__animation\"><\/div><\/div>\t\t\t\t<\/div>\n\t\t\t\t<\/div>\n\t\t<div class=\"elementor-element elementor-element-927fac2 e-con-full obcs none e-flex e-con e-child\" data-id=\"927fac2\" data-element_type=\"container\" data-settings=\"{&quot;background_background&quot;:&quot;gradient&quot;}\">\n\t\t\t\t<div class=\"elementor-element elementor-element-8347cd5 elementor-widget elementor-widget-heading\" data-id=\"8347cd5\" data-element_type=\"widget\" data-widget_type=\"heading.default\">\n\t\t\t\t<div class=\"elementor-widget-container\">\n\t\t\t\t\t<h1 class=\"elementor-heading-title elementor-size-default\">L'angolo della stampa<\/h1>\t\t\t\t<\/div>\n\t\t\t\t<\/div>\n\t\t\t\t<div class=\"elementor-element elementor-element-b4e1f11 elementor-widget-divider--view-line elementor-widget elementor-widget-divider\" data-id=\"b4e1f11\" data-element_type=\"widget\" data-widget_type=\"divider.default\">\n\t\t\t\t<div class=\"elementor-widget-container\">\n\t\t\t\t\t\t\t<div class=\"elementor-divider\">\n\t\t\t<span class=\"elementor-divider-separator\">\n\t\t\t\t\t\t<\/span>\n\t\t<\/div>\n\t\t\t\t\t\t<\/div>\n\t\t\t\t<\/div>\n\t\t\t\t<\/div>\n\t\t<div class=\"elementor-element elementor-element-319b930 e-con-full elementor-hidden-mobile obcs none e-flex e-con e-child\" data-id=\"319b930\" data-element_type=\"container\">\n\t\t\t\t<\/div>\n\t\t\t\t<\/div>\n\t\t<div class=\"elementor-element elementor-element-190e1ab obcs none e-flex e-con-boxed e-con e-parent\" data-id=\"190e1ab\" data-element_type=\"container\">\n\t\t\t\t\t<div class=\"e-con-inner\">\n\t\t<div class=\"elementor-element elementor-element-98ab3be e-con-full obcs none e-flex e-con e-child\" data-id=\"98ab3be\" data-element_type=\"container\">\n\t\t\t\t<div class=\"elementor-element elementor-element-686713d elementor-align-left elementor-widget__width-initial elementor-widget elementor-widget-breadcrumbs\" data-id=\"686713d\" data-element_type=\"widget\" data-widget_type=\"breadcrumbs.default\">\n\t\t\t\t<div class=\"elementor-widget-container\">\n\t\t\t\t\t<span><span class=\"last\">Home<\/span><\/span>\t\t\t\t<\/div>\n\t\t\t\t<\/div>\n\t\t\t\t<\/div>\n\t\t<div class=\"elementor-element elementor-element-52318d4 e-con-full obcs none e-flex e-con e-child\" data-id=\"52318d4\" data-element_type=\"container\">\n\t\t\t\t<div class=\"elementor-element elementor-element-b7a0f71 elementor-toc--minimized-on-desktop elementor-widget elementor-widget-table-of-contents\" data-id=\"b7a0f71\" data-element_type=\"widget\" data-settings=\"{&quot;exclude_headings_by_selector&quot;:[],&quot;minimized_on&quot;:&quot;desktop&quot;,&quot;_animation&quot;:&quot;none&quot;,&quot;no_headings_message&quot;:&quot;Non sono state trovate intestazioni in questa pagina.&quot;,&quot;headings_by_tags&quot;:[&quot;h2&quot;,&quot;h3&quot;,&quot;h4&quot;,&quot;h5&quot;,&quot;h6&quot;],&quot;marker_view&quot;:&quot;numbers&quot;,&quot;minimize_box&quot;:&quot;yes&quot;,&quot;hierarchical_view&quot;:&quot;yes&quot;,&quot;min_height&quot;:{&quot;unit&quot;:&quot;px&quot;,&quot;size&quot;:&quot;&quot;,&quot;sizes&quot;:[]},&quot;min_height_tablet&quot;:{&quot;unit&quot;:&quot;px&quot;,&quot;size&quot;:&quot;&quot;,&quot;sizes&quot;:[]},&quot;min_height_mobile&quot;:{&quot;unit&quot;:&quot;px&quot;,&quot;size&quot;:&quot;&quot;,&quot;sizes&quot;:[]}}\" data-widget_type=\"table-of-contents.default\">\n\t\t\t\t<div class=\"elementor-widget-container\">\n\t\t\t\t\t\t\t\t\t<div class=\"elementor-toc__header\">\n\t\t\t\t\t\t<h4 class=\"elementor-toc__header-title\">\n\t\t\t\tIndice\t\t\t<\/h4>\n\t\t\t\t\t\t\t\t\t\t<div class=\"elementor-toc__toggle-button elementor-toc__toggle-button--expand\" role=\"button\" tabindex=\"0\" aria-controls=\"elementor-toc__b7a0f71\" aria-expanded=\"true\" aria-label=\"Apri l&#039;indice dei contenuti\"><i aria-hidden=\"true\" class=\"fas fa-chevron-down\"><\/i><\/div>\n\t\t\t\t<div class=\"elementor-toc__toggle-button elementor-toc__toggle-button--collapse\" role=\"button\" tabindex=\"0\" aria-controls=\"elementor-toc__b7a0f71\" aria-expanded=\"true\" aria-label=\"Chiudi l&#039;indice dei contenuti\"><i aria-hidden=\"true\" class=\"fas fa-chevron-up\"><\/i><\/div>\n\t\t\t\t\t<\/div>\n\t\t\t\t<div id=\"elementor-toc__b7a0f71\" class=\"elementor-toc__body\">\n\t\t\t<div class=\"elementor-toc__spinner-container\">\n\t\t\t\t<i class=\"elementor-toc__spinner eicon-animation-spin eicon-loading\" aria-hidden=\"true\"><\/i>\t\t\t<\/div>\n\t\t<\/div>\n\t\t\t\t\t\t<\/div>\n\t\t\t\t<\/div>\n\t\t\t\t<\/div>\n\t\t\t\t\t<\/div>\n\t\t\t\t<\/div>\n\t\t<div class=\"elementor-element elementor-element-c3a2341 obcs magenta e-flex e-con-boxed e-con e-parent\" data-id=\"c3a2341\" data-element_type=\"container\">\n\t\t\t\t\t<div class=\"e-con-inner\">\n\t\t\t\t<div class=\"elementor-element elementor-element-e078712 elementor-hidden-desktop elementor-hidden-tablet elementor-hidden-mobile elementor-widget elementor-widget-text-editor\" data-id=\"e078712\" data-element_type=\"widget\" data-widget_type=\"text-editor.default\">\n\t\t\t\t<div class=\"elementor-widget-container\">\n\t\t\t\t\t\t\t\t\t<p>Triathlon is back in GRAZ \u2212 From Athletes for Athletes!<\/p><p><strong>GRAZ, 14 settembre 2023<\/strong><\/p><h1>Il Triathlon OMNi-BiOTiC\u00ae Graz avr\u00e0 luogo il 25 agosto 2024.<\/h1><p>Gentili membri della stampa,<\/p><p><em>dopo una pausa di due anni, Graz torna finalmente ad essere al centro dell\u2019attivit\u00e0 sportiva e il triathlon ritorna col botto nel capoluogo della Stiria!<\/em><\/p><p>Gli organizzatori dell&#8217;OMNi-BiOTiC\u00ae Graz Triathlon che collaborano con Anita Frauwallner (CEO e fondatrice dell&#8217;Institut AllergoSan) sono orgogliosi di annunciare che il leggendario evento sugli sport di resistenza avr\u00e0 luogo il 25 agosto 2024 e sar\u00e0 composto da una gara sulla classica distanza media, da 1,9 km di nuoto, da 90 km in bici e infine da una mezza maratona nel cuore della citt\u00e0 di Graz.<\/p><p><img fetchpriority=\"high\" decoding=\"async\" class=\"alignright\" src=\"https:\/\/www.allergosan.com\/wp-content\/uploads\/2023\/09\/omni-biotic-graz-triathlon.png\" alt=\"OMNi-BiOTiC Graz Triathlon Organisatoren: Mag. Anita Frauwallner, Chris Nindl\" width=\"303\" height=\"378\" \/><\/p><p>Dopo la conferenza stampa di oggi, il team organizzativo, rappresentato dal direttore di gara Christian Nindl, \u00e8 lieto di annunciare i dettagli di questo spettacolare evento.<\/p><p>&#8220;Il momento clou della gara \u00e8 senza dubbio la PTO Silver Race, dove un incredibile premio in denaro di 25.000 dollari attende i vincitori. I migliori atleti di tutto il mondo si contenderanno l&#8217;ambito trofeo e dimostreranno le loro abilit\u00e0 ai massimi livelli&#8221;, afferma Nindl.<\/p><p>L&#8217;evento sar\u00e0 trasmesso in diretta streaming, in modo che i fan e i loro cari possano vivere l&#8217;azione in prima persona, anche se non sono l\u00ec di presenza. Godetevi il brivido e l&#8217;emozione del triathlon anche da casa!<\/p><p>Anche il Presidente dell&#8217;Associazione Triathlon della Stiria, Dr. Werner Leitner, ritiene che l&#8217;OMNi-BiOTiC\u00ae Graz Triathlon sia estremamente importante per la promozione dei giovani talenti. &#8220;Soprattutto per il nostro lavoro con i giovani, facciamo affidamento sui contributi e sulle sponsorizzazioni di questi grandi eventi e questa gara non dovrebbe essere sottovalutata come motivazione per i nostri giovani talenti&#8221;, racconta soddisfatto il signor Leitner.<\/p><p>La gara di nuoto avr\u00e0 luogo nel fiume Mur, nel pittoresco centro di Graz e la temperatura dell&#8217;acqua prevista \u00e8 di 20 gradi: una cornice perfetta per una gara impegnativa! Il percorso in bici porter\u00e0 gli atleti in giro per il capoluogo di provincia e la mezza maratona far\u00e0 risplendere il centro della citt\u00e0. Gli spettatori potranno cos\u00ec vivere da vicino un momento di sport spettacolare ai massimi livelli.<\/p><p>Oltre ai professionisti, numerosi altri atleti di diverse et\u00e0 avranno l&#8217;opportunit\u00e0 di prendere parte alla competizione generale, la quale scatener\u00e0 sicuramente emozioni ed entusiasmo agli atleti di tutte le et\u00e0.<\/p><p>Anche Kurt Hohensinner, MBA, assessore allo sport della citt\u00e0, \u00e8 entusiasta, poich\u00e9 Graz \u00e8 la sede ideale per un evento sportivo di tale portata. Hohensinner considera un&#8217;occasione unica quella di presentare la nostra bella citt\u00e0 a un vasto pubblico e ai numerosi atleti austriaci e stranieri.<\/p><p>L&#8217;OMNi-BiOTiC\u00ae Graz Triathlon promette di essere un evento indimenticabile che far\u00e0 battere il cuore agli appassionati di questa disciplina.<\/p><p>Il motivo per cui il marchio di probiotici numero 1 in Austria OMNi-BiOTiC\u00ae promuove discipline sportive come il triathlon, viene spiegato dall&#8217;esperta di intestino e CEO Anita Frauwallner: &#8220;Soprattutto per gli sport di resistenza e per gli atleti che si spingono regolarmente oltre i propri limiti fisici, un intestino sano \u00e8 fondamentale. Solo con un intestino in equilibrio \u00e8 possibile perfomare al meglio per molte ore e giorni. Inoltre, poter ospitare un altro evento di punta, dopo l&#8217;OMNi-BiOTiC\u00ae Apfelland Triathlon sul lago Stubenberg, proprio nel centro del nostro bellissimo capoluogo di provincia, a Graz, mi riempie di orgoglio e non vedo l&#8217;ora di dare il benvenuto ai numerosi atleti&#8221;.<\/p><p>Per maggiori informazioni e per iscriversi, visitate il nostro sito ufficiale all&#8217;indirizzo http:\/\/graz-tri.com\/.<\/p>\t\t\t\t\t\t\t\t<\/div>\n\t\t\t\t<\/div>\n\t\t\t\t\t<\/div>\n\t\t\t\t<\/div>\n\t\t<div class=\"elementor-element elementor-element-1089023 obcs magenta e-flex e-con-boxed e-con e-parent\" data-id=\"1089023\" data-element_type=\"container\">\n\t\t\t\t\t<div class=\"e-con-inner\">\n\t\t<div class=\"elementor-element elementor-element-899f542 e-con-full obcs none e-flex e-con e-child\" data-id=\"899f542\" data-element_type=\"container\">\n\t\t\t\t<div class=\"elementor-element elementor-element-10bef51 e-transform elementor-widget elementor-widget-image\" data-id=\"10bef51\" data-element_type=\"widget\" data-settings=\"{&quot;_transform_rotateZ_effect&quot;:{&quot;unit&quot;:&quot;px&quot;,&quot;size&quot;:&quot;0&quot;,&quot;sizes&quot;:[]},&quot;_transform_rotate_3d&quot;:&quot;yes&quot;,&quot;_transform_rotateX_effect&quot;:{&quot;unit&quot;:&quot;px&quot;,&quot;size&quot;:&quot;0&quot;,&quot;sizes&quot;:[]},&quot;_transform_rotateY_effect&quot;:{&quot;unit&quot;:&quot;px&quot;,&quot;size&quot;:&quot;4&quot;,&quot;sizes&quot;:[]},&quot;_transform_perspective_effect&quot;:{&quot;unit&quot;:&quot;px&quot;,&quot;size&quot;:&quot;650&quot;,&quot;sizes&quot;:[]},&quot;_transform_rotateZ_effect_tablet&quot;:{&quot;unit&quot;:&quot;deg&quot;,&quot;size&quot;:&quot;&quot;,&quot;sizes&quot;:[]},&quot;_transform_rotateZ_effect_mobile&quot;:{&quot;unit&quot;:&quot;deg&quot;,&quot;size&quot;:&quot;&quot;,&quot;sizes&quot;:[]},&quot;_transform_rotateX_effect_tablet&quot;:{&quot;unit&quot;:&quot;deg&quot;,&quot;size&quot;:&quot;&quot;,&quot;sizes&quot;:[]},&quot;_transform_rotateX_effect_mobile&quot;:{&quot;unit&quot;:&quot;deg&quot;,&quot;size&quot;:&quot;&quot;,&quot;sizes&quot;:[]},&quot;_transform_rotateY_effect_tablet&quot;:{&quot;unit&quot;:&quot;deg&quot;,&quot;size&quot;:&quot;&quot;,&quot;sizes&quot;:[]},&quot;_transform_rotateY_effect_mobile&quot;:{&quot;unit&quot;:&quot;deg&quot;,&quot;size&quot;:&quot;&quot;,&quot;sizes&quot;:[]},&quot;_transform_perspective_effect_tablet&quot;:{&quot;unit&quot;:&quot;px&quot;,&quot;size&quot;:&quot;&quot;,&quot;sizes&quot;:[]},&quot;_transform_perspective_effect_mobile&quot;:{&quot;unit&quot;:&quot;px&quot;,&quot;size&quot;:&quot;&quot;,&quot;sizes&quot;:[]}}\" data-widget_type=\"image.default\">\n\t\t\t\t<div class=\"elementor-widget-container\">\n\t\t\t\t\t\t\t\t\t\t\t\t\t\t\t<img decoding=\"async\" width=\"800\" height=\"534\" src=\"https:\/\/www.omni-biotic.com\/it-it\/wp-content\/uploads\/sites\/5\/2023\/08\/20221125-pk-itprom-rom-176-bea-1-1024x683.jpg\" class=\"attachment-large size-large wp-image-20285\" alt=\"itprom-roma\" srcset=\"https:\/\/www.omni-biotic.com\/it-it\/wp-content\/uploads\/sites\/5\/2023\/08\/20221125-pk-itprom-rom-176-bea-1-1024x683.jpg 1024w, https:\/\/www.omni-biotic.com\/it-it\/wp-content\/uploads\/sites\/5\/2023\/08\/20221125-pk-itprom-rom-176-bea-1-300x200.jpg 300w, https:\/\/www.omni-biotic.com\/it-it\/wp-content\/uploads\/sites\/5\/2023\/08\/20221125-pk-itprom-rom-176-bea-1-768x512.jpg 768w, https:\/\/www.omni-biotic.com\/it-it\/wp-content\/uploads\/sites\/5\/2023\/08\/20221125-pk-itprom-rom-176-bea-1-1536x1024.jpg 1536w, https:\/\/www.omni-biotic.com\/it-it\/wp-content\/uploads\/sites\/5\/2023\/08\/20221125-pk-itprom-rom-176-bea-1.jpg 1920w\" sizes=\"(max-width: 800px) 100vw, 800px\" \/>\t\t\t\t\t\t\t\t\t\t\t\t\t\t\t<\/div>\n\t\t\t\t<\/div>\n\t\t\t\t<\/div>\n\t\t<div class=\"elementor-element elementor-element-d4a8149 e-con-full obcs none e-flex e-con e-child\" data-id=\"d4a8149\" data-element_type=\"container\">\n\t\t\t\t<div class=\"elementor-element elementor-element-b080416 elementor-widget elementor-widget-heading\" data-id=\"b080416\" data-element_type=\"widget\" data-widget_type=\"heading.default\">\n\t\t\t\t<div class=\"elementor-widget-container\">\n\t\t\t\t\t<span class=\"elementor-heading-title elementor-size-default\">L\u2019Institut AllergoSan porta a battesimo la neo-costituita Associazione Italiana di Medicina Probiotica (ItPROM) che debutta a Roma con un simposio internazionale<\/span>\t\t\t\t<\/div>\n\t\t\t\t<\/div>\n\t\t\t\t<div class=\"elementor-element elementor-element-dddd3a3 elementor-widget elementor-widget-heading\" data-id=\"dddd3a3\" data-element_type=\"widget\" data-widget_type=\"heading.default\">\n\t\t\t\t<div class=\"elementor-widget-container\">\n\t\t\t\t\t<h2 class=\"elementor-heading-title elementor-size-default\">ItPROM<\/h2>\t\t\t\t<\/div>\n\t\t\t\t<\/div>\n\t\t\t\t<div class=\"elementor-element elementor-element-4f58048 elementor-widget elementor-widget-heading\" data-id=\"4f58048\" data-element_type=\"widget\" data-widget_type=\"heading.default\">\n\t\t\t\t<div class=\"elementor-widget-container\">\n\t\t\t\t\t<span class=\"elementor-heading-title elementor-size-default\">L\u2019Institut AllergoSan porta a battesimo la neo-costituita Associazione Italiana di Medicina Probiotica (ItPROM) che debutta a Roma con un simposio internazionale<\/span>\t\t\t\t<\/div>\n\t\t\t\t<\/div>\n\t\t\t\t<div class=\"elementor-element elementor-element-6f4a9bf elementor-widget elementor-widget-text-editor\" data-id=\"6f4a9bf\" data-element_type=\"widget\" data-widget_type=\"text-editor.default\">\n\t\t\t\t<div class=\"elementor-widget-container\">\n\t\t\t\t\t\t\t\t\t<p><strong>Roma, 25 Novembre 2022<\/strong><\/p><p><em>Dopo Germania e Austria, l\u2019Institut AllergoSan si fa promotore anche in Italia di un autorevole consesso internazionale dedicato alla ricerca sul microbioma intestinale. La prima edizione dell\u2019evento, promosso dall\u2019Associazione Italiana di Medicina Probiotica (ItPROM), si apre oggi a Roma e vedr\u00e0 la partecipazione di studiosi di fama internazionale.<\/em><\/p><p>Dal 2009 l\u2019Institut AllergoSan, con sede a Graz, in Austria, patrocina due rinomate organizzazioni internazionali: l\u2019Associazione Austriaca di Medicina Probiotica (OePROM) e l\u2019Associazione Tedesca di Medicina Probiotica (DePROM). Al loro interno, i pi\u00f9 eminenti ricercatori dei due Paesi si sono votati allo studio, basato sulle evidenze, del microbioma umano e delle variet\u00e0 batteriche che lo compongono.<\/p>\t\t\t\t\t\t\t\t<\/div>\n\t\t\t\t<\/div>\n\t\t\t\t<\/div>\n\t\t\t\t\t<\/div>\n\t\t\t\t<\/div>\n\t\t<div class=\"elementor-element elementor-element-83fffe8 obcs magenta e-flex e-con-boxed e-con e-parent\" data-id=\"83fffe8\" data-element_type=\"container\">\n\t\t\t\t\t<div class=\"e-con-inner\">\n\t\t<div class=\"elementor-element elementor-element-a7dd567 obcs none e-flex e-con-boxed e-con e-child\" data-id=\"a7dd567\" data-element_type=\"container\">\n\t\t\t\t\t<div class=\"e-con-inner\">\n\t\t\t\t<div class=\"elementor-element elementor-element-c3fb35c elementor-widget elementor-widget-text-editor\" data-id=\"c3fb35c\" data-element_type=\"widget\" data-widget_type=\"text-editor.default\">\n\t\t\t\t<div class=\"elementor-widget-container\">\n\t\t\t\t\t\t\t\t\t<p>Sospinto dal successo, l\u2019Institut AllergoSan ha deciso di promuovere anche in Italia la nascita di un\u2019Associazione che coinvolge esimi esponenti del mondo della scienza e della clinica. L\u2019intento \u00e8 quello di rafforzare la consapevolezza del ruolo primario che l\u2019intestino e il microbioma intestinale rivestono per la salute di ognuno. La neonata Associazione Italiana di Medicina Probiotica (ItPROM) si propone, inoltre, di incentivare la ricerca scientifica sul microbioma umano e sull\u2019impiego di probiotici e prebiotici di rilevanza medica, ma soprattutto di rendere accessibili le nuove conoscenze agli addetti ai lavori interessati ai temi della ricerca, della prevenzione e delle terapie specifiche povere di effetti collaterali tramite eventi formativi di alto livello. Il tutto nello spirito di una medicina mirante a combattere le cause e non solo i sintomi delle malattie.<\/p><p>\u201cGli ultimi 15 anni di ricerca medica hanno visto l\u2019avanzata inarrestabile della cosiddetta Rivoluzione del Microbiota, con la scoperta che moltissime (se non la totalit\u00e0) delle malattie croniche non trasmissibili hanno origine nell\u2019intestino, attraverso una serie di passaggi che iniziano con la disbiosi del microbiota, la successiva compromissione della barriera difensiva intestinale e la comparsa di infiammazione di bassa entit\u00e0, o meta-infiammazione\u201d, afferma il Prof. Fabio Pace, Direttore dell\u2019UOC di Gastroenterologia presso l\u2019Ospedale &#8220;Bolognini&#8221; di Seriate (BG).<\/p><p>Sui motivi che hanno condotto alla fondazione di ItPROM, il Prof. Peter Malfertheiner, Presidente dell\u2019Associazione Italiana di Medicina Probiotica (ItPROM), dichiara:<\/p><p>\u201c<em>La composizione e le molteplici funzioni del microbioma gastrointestinale esercitano un ruolo fondamentale nel mantenimento della salute in generale e nella prevenzione delle malattie non solo circoscritte agli organi dell\u2019apparato digerente. Ci sono, infine, opzioni terapeutiche rivolte alla cura di specifiche malattie attraverso la modulazione del microbioma gastrointestinale che riguardano lo stile di vita, fattori dietetici e una saggia scelta delle terapie probiotiche. Per far fronte a molte di queste domande e tenendo conto della continua evoluzione nel campo, abbiamo fondato l\u2019Associazione Italiana di Medicina Probiotica (ItPROM) per lo studio e il continuo impegno educativo riguardante il microbioma e la terapia probiotica.<\/em>\u201d<\/p><p><strong>L\u2019Institut AllergoSan: pioniere della ricerca sul microbioma<\/strong><\/p><p>La qualit\u00e0 dei prodotti dell\u2019Institut AllergoSan, prima fra tutti la linea di probiotici OMNi-BiOTiC\u00ae, nota in tutto il mondo, non trova riscontro soltanto nel feedback spesso personale di tanti clienti entusiasti, ma anche nei numerosi riconoscimenti internazionali. Uno per tutti \u00e8 il riconoscimento conferito a OMNi-BiOTiC\u00ae STRESS Release da NutraIngredients-USA, una delle pi\u00f9 autorevoli fonti d\u2019informazione per l\u2019industria degli integratori alimentari di fascia alta: a soli due anni dall\u2019ingresso sul mercato statunitense, il prodotto \u00e8 stato valutato miglior probiotico dell\u2019anno 2021[1]. In aggiunta, gi\u00e0 l\u2019anno dopo \u00e8 arrivata una seconda nomination nella stessa categoria per un altro prodotto: nel 2022, infatti, anche OMNi-BiOTiC\u00ae HETOX \u00e8 entrato nella rosa dei finalisti del NutraIngredients-USA Awards[2].<\/p><p><strong>La ricerca: studi premiati<\/strong><\/p><p>L\u2019indagine sul microbioma e sulla sua rilevanza in termini di salute e qualit\u00e0 della vita \u00e8 al centro delle attivit\u00e0 dell\u2019Institut AllergoSan fin dalla sua fondazione pi\u00f9 di trent\u2019anni fa. Numerosi studi basati sulle evidenze, condotti in collaborazione con prestigiose universit\u00e0 e centri di ricerca, sono stati nel frattempo pubblicati in riviste scientifiche di fama internazionale. Fra questi, uno di particolare rilevanza per il pubblico femminile ha ottenuto un riconoscimento speciale: lo studio di Schenk et al.[3] ha dimostrato che l\u2019assunzione di determinati ceppi di lattobacillo non si propone solo come possibilit\u00e0 ideale per preservare la salute della flora vaginale, ma pu\u00f2 coadiuvare efficacemente il trattamento di donne con difficolt\u00e0 di concepimento, in quanto azzera la presenza in vagina di Ureaplasma parvum, un batterio patogeno che ostacola l\u2019impianto della cellula uovo fecondata. Questi sensazionali risultati sono stati premiati con il Robert G. Edwards Award per la migliore pubblicazione del 2021 nel Journal RMBO[4].<\/p><p><strong>La formazione: offerta d\u2019eccellenza<\/strong><\/p><p>Quando si fanno sensazionali ritrovamenti scientifici ne scaturiscono nuovi campi di applicazione per i probiotici di rilevanza medica e nuovi prodotti. Per far s\u00ec che ogni consumatore ottenga il probiotico pi\u00f9 rispondente alle proprie esigenze, \u00e8 decisiva la consulenza da parte di esperti della salute. L\u2019Institut AllergoSan dispone di numerosi addetti con background medico-scientifico e arruola formatori d\u2019alta caratura per la preparazione e l\u2019aggiornamento di farmacisti, medici e terapeuti, affinch\u00e9 queste figure professionali chiave possano restare sempre al corrente degli ultimi sviluppi.<\/p><p>Come in tutti gli altri reparti dell\u2019azienda, anche in questo campo vigono criteri di qualit\u00e0 altissimi. Lo attesta un\u2019indagine di mercato commissionata come ogni anno dall\u2019Associazione austriaca dei farmacisti (\u00d6sterreichischer Apothekerverband) alla IQVIA, centro leader internazionale di analisi di dati provenienti dal mercato della salute, sulle principali aziende operanti nel campo della salute e sulle loro offerte alle farmacie. Il lusinghiero risultato per il 2022 \u00e8 stato l\u2019attribuzione all\u2019Institut AllergoSan dell\u2019ambito Quality Award per la migliore offerta formativa [5].<\/p><p>\u201c<em>Si tratta di un chiaro segnale del fatto che l\u2019aggiornamento in materia di microbioma \u00e8 molto apprezzato dagli esperti della salute. Altrettanto importante \u00e8 lo scambio a livello scientifico e proprio per questo guardo con interesse alle stimolanti attivit\u00e0 dell\u2019Associazione Italiana di Medicina Probiotica<\/em>\u201d, ha dichiarato la fondatrice e CEO dell\u2019Institut AllergoSan, dott.ssa Anita Frauwallner.<\/p><p><strong>Un marchio globale alla scalata della leadership internazionale<\/strong><\/p><p>Fra le cerchie di esperti internazionali la qualit\u00e0 di OMNi-BiOTiC\u00ae viene gi\u00e0 indicata come il \u201cbenchmark in probiotics\u201d. Lo sviluppo di prodotti intelligenti, la ricerca scientifica e l\u2019eccellenza formativa sono fondamentali per raggiungere un numero sempre pi\u00f9 elevato di persone, per aver cura della loro salute intestinale attraverso prodotti probiotici e prebiotici di rilevanza medica e per dimostrare in campi d\u2019applicazione sempre nuovi il ruolo fondamentale del microbiota.<\/p><p>Per la sua lungimiranza e la spinta imprenditoriale con cui da trent\u2019anni conduce la propria azienda, la fondatrice e CEO dell\u2019Institut AllergoSan \u00e8 stata recentemente premiata dalla rivista economica Forbes che l\u2019ha inserita nella top 22 dei manager che, animati da coraggio e forza innovativa, impronteranno l\u2019economia del 2022.<\/p><p>Che non si tratti di un traguardo futuro, ma di una realt\u00e0 gi\u00e0 presente lo conferma lo sguardo al mercato globale dei probiotici: pur non essendo un\u2019impresa appartenente a Big Pharma, bens\u00ec un\u2019azienda di medie dimensioni e a conduzione familiare, da un anno il marchio OMNi-BiOTiC\u00ae \u00e8 il quarto marchio di probiotici pi\u00f9 venduti al mondo [6].<\/p><p><strong>Fonti:<\/strong><\/p><p>[1] <a href=\"https:\/\/www.nutraingredients-usa.com\/Article\/2021\/04\/27\/NutraIngredients-USA-Awards-2021-Winners-Revealed\" target=\"_blank\" rel=\"noopener\">https:\/\/www.nutraingredients-usa.com\/Article\/2021\/04\/27\/NutraIngredients-USA-Awards-2021-Winners-Revealed<\/a><\/p><p>[2] <a href=\"https:\/\/www.nutraingredients-usa.com\/Article\/2022\/05\/23\/NutraIngredients-USA-Awards-2022-And-the-finalists-are#\" target=\"_blank\" rel=\"noopener\">https:\/\/www.nutraingredients-usa.com\/Article\/2022\/05\/23\/NutraIngredients-USA-Awards-2022-And-the-finalists-are#<\/a><\/p><p>[3] M. Schenk, L. Grumet, J. Sternat, N. Reinschissler, and G. Weiss, \u201cEffect of probiotics on vaginal<\/p><p>Ureaplasma parvum in women suffering from unexplained infertility,\u201d Reprod. Biomed. Online,<\/p><p>Jun. 2021<\/p><p>[4] <a href=\"https:\/\/www.rbmojournal.com\/\" target=\"_blank\" rel=\"noopener\">https:\/\/www.rbmojournal.com\/<\/a><\/p><p>[5] <a href=\"https:\/\/www.ots.at\/presseaussendung\/OTS_20220623_OTS0109\/iqvia-otc-mirror-und-quality-awards-2022-bild\" target=\"_blank\" rel=\"noopener\">https:\/\/www.ots.at\/presseaussendung\/OTS_20220623_OTS0109\/iqvia-otc-mirror-und-quality-awards-2022-bild<\/a><\/p><p>[6] IQVIA Global OTC Insights &#8211; Local Currency Eur based on Public Price, Calender Year 2021 03F1 Probiotics Digest Health and 03D5 Antidiarr Micro-Organisms, IQVIA OTC audits<\/p>\t\t\t\t\t\t\t\t<\/div>\n\t\t\t\t<\/div>\n\t\t\t\t\t<\/div>\n\t\t\t\t<\/div>\n\t\t\t\t\t<\/div>\n\t\t\t\t<\/div>\n\t\t<div class=\"elementor-element elementor-element-f58e5c8 obcs green e-flex e-con-boxed e-con e-parent\" data-id=\"f58e5c8\" data-element_type=\"container\">\n\t\t\t\t\t<div class=\"e-con-inner\">\n\t\t<div class=\"elementor-element elementor-element-6ccbb3d e-con-full obcs none e-flex e-con e-child\" data-id=\"6ccbb3d\" data-element_type=\"container\">\n\t\t\t\t<div class=\"elementor-element elementor-element-234d717 elementor-widget elementor-widget-heading\" data-id=\"234d717\" data-element_type=\"widget\" data-widget_type=\"heading.default\">\n\t\t\t\t<div class=\"elementor-widget-container\">\n\t\t\t\t\t<h2 class=\"elementor-heading-title elementor-size-default\">HERMES.Wirtschafts.Preis<\/h2>\t\t\t\t<\/div>\n\t\t\t\t<\/div>\n\t\t\t\t<div class=\"elementor-element elementor-element-c6d1451 elementor-widget elementor-widget-heading\" data-id=\"c6d1451\" data-element_type=\"widget\" data-widget_type=\"heading.default\">\n\t\t\t\t<div class=\"elementor-widget-container\">\n\t\t\t\t\t<span class=\"elementor-heading-title elementor-size-default\">L'Istituto AllergoSan premiato per la quarta volta!<\/span>\t\t\t\t<\/div>\n\t\t\t\t<\/div>\n\t\t\t\t<div class=\"elementor-element elementor-element-acca3a9 elementor-widget elementor-widget-text-editor\" data-id=\"acca3a9\" data-element_type=\"widget\" data-widget_type=\"text-editor.default\">\n\t\t\t\t<div class=\"elementor-widget-container\">\n\t\t\t\t\t\t\t\t\t<p><strong>Quest&#8217;anno, l&#8217;Istituto AllergoSan ha ricevuto per la quarta volta il premio HERMES.Wirtschafts.Preis come migliore azienda a gestione femminile in Austria.<\/strong><\/p><p>Da sette anni a questa parte, l&#8217;HERMES.Wirtschafts.Preis viene assegnato per premiare gli eccellenti risultati ottenuti in Austria, in ambito economico. L&#8217;Istituto AllergoSan aveva gi\u00e0 ottenuto questo prestigioso riconoscimento nel 2017, nel 2018 e nel 2019 e anche quest\u2019anno, nel 2022, ha avuto il privilegio di riceverlo per la quarta volta come migliore azienda a gestione femminile: &#8220;\u00c8 un grande onore ricevere nuovamente questo prestigioso premio. Ci\u00f2 dimostra che i nostri prodotti sono sempre al passo con i tempi. Infatti, negli ultimi anni la salute ha assunto un ruolo di maggiore rilievo per molte persone&#8221;, afferma soddisfatta la Prof.ssa Anita Frauwallner, fondatrice e CEO dell&#8217;Institut AllergoSan.<\/p><p>La nostra ricetta per un continuo successo? Sviluppo di prodotti innovativi, ricerca scientifica e qualit\u00e0 tangibile. OMNi-BiOTiC\u00ae \u00e8 infatti conosciuta dagli esperti a livello internazionale come &#8220;benchmark dei probiotici&#8221; e questo si evince anche dando uno sguardo al mercato europeo di lingua tedesca (Austria, Germania, Svizzera), dove OMNi-BiOTiC\u00ae non solo \u00e8 da anni al 13posto, ma \u00e8 tra le marche di probiotici con il pi\u00f9 alto fatturato. Inoltre, OMNi-BiOTiC\u00ae occupa a livello mondiale il quarto posto, con la tendenza a migliorare questo piazzamento.<\/p>\t\t\t\t\t\t\t\t<\/div>\n\t\t\t\t<\/div>\n\t\t\t\t<\/div>\n\t\t<div class=\"elementor-element elementor-element-7f2b382 e-con-full obcs none e-flex e-con e-child\" data-id=\"7f2b382\" data-element_type=\"container\">\n\t\t\t\t<div class=\"elementor-element elementor-element-4f49173 e-transform elementor-widget elementor-widget-image\" data-id=\"4f49173\" data-element_type=\"widget\" data-settings=\"{&quot;_transform_rotateZ_effect&quot;:{&quot;unit&quot;:&quot;px&quot;,&quot;size&quot;:&quot;0&quot;,&quot;sizes&quot;:[]},&quot;_transform_rotate_3d&quot;:&quot;yes&quot;,&quot;_transform_rotateX_effect&quot;:{&quot;unit&quot;:&quot;px&quot;,&quot;size&quot;:&quot;0&quot;,&quot;sizes&quot;:[]},&quot;_transform_rotateY_effect&quot;:{&quot;unit&quot;:&quot;px&quot;,&quot;size&quot;:&quot;-4&quot;,&quot;sizes&quot;:[]},&quot;_transform_perspective_effect&quot;:{&quot;unit&quot;:&quot;px&quot;,&quot;size&quot;:&quot;650&quot;,&quot;sizes&quot;:[]},&quot;_transform_rotateZ_effect_tablet&quot;:{&quot;unit&quot;:&quot;deg&quot;,&quot;size&quot;:&quot;&quot;,&quot;sizes&quot;:[]},&quot;_transform_rotateZ_effect_mobile&quot;:{&quot;unit&quot;:&quot;deg&quot;,&quot;size&quot;:&quot;&quot;,&quot;sizes&quot;:[]},&quot;_transform_rotateX_effect_tablet&quot;:{&quot;unit&quot;:&quot;deg&quot;,&quot;size&quot;:&quot;&quot;,&quot;sizes&quot;:[]},&quot;_transform_rotateX_effect_mobile&quot;:{&quot;unit&quot;:&quot;deg&quot;,&quot;size&quot;:&quot;&quot;,&quot;sizes&quot;:[]},&quot;_transform_rotateY_effect_tablet&quot;:{&quot;unit&quot;:&quot;deg&quot;,&quot;size&quot;:&quot;&quot;,&quot;sizes&quot;:[]},&quot;_transform_rotateY_effect_mobile&quot;:{&quot;unit&quot;:&quot;deg&quot;,&quot;size&quot;:&quot;&quot;,&quot;sizes&quot;:[]},&quot;_transform_perspective_effect_tablet&quot;:{&quot;unit&quot;:&quot;px&quot;,&quot;size&quot;:&quot;&quot;,&quot;sizes&quot;:[]},&quot;_transform_perspective_effect_mobile&quot;:{&quot;unit&quot;:&quot;px&quot;,&quot;size&quot;:&quot;&quot;,&quot;sizes&quot;:[]}}\" data-widget_type=\"image.default\">\n\t\t\t\t<div class=\"elementor-widget-container\">\n\t\t\t\t\t\t\t\t\t\t\t\t\t\t\t<img decoding=\"async\" width=\"467\" height=\"701\" src=\"https:\/\/www.omni-biotic.com\/it-it\/wp-content\/uploads\/sites\/5\/2023\/08\/hermes-preis-mag-frauwallner-2022.jpg\" class=\"attachment-large size-large wp-image-20289\" alt=\"\" srcset=\"https:\/\/www.omni-biotic.com\/it-it\/wp-content\/uploads\/sites\/5\/2023\/08\/hermes-preis-mag-frauwallner-2022.jpg 467w, https:\/\/www.omni-biotic.com\/it-it\/wp-content\/uploads\/sites\/5\/2023\/08\/hermes-preis-mag-frauwallner-2022-200x300.jpg 200w\" sizes=\"(max-width: 467px) 100vw, 467px\" \/>\t\t\t\t\t\t\t\t\t\t\t\t\t\t\t<\/div>\n\t\t\t\t<\/div>\n\t\t\t\t<\/div>\n\t\t\t\t\t<\/div>\n\t\t\t\t<\/div>\n\t\t<div class=\"elementor-element elementor-element-d480201 obcs green e-flex e-con-boxed e-con e-parent\" data-id=\"d480201\" data-element_type=\"container\">\n\t\t\t\t\t<div class=\"e-con-inner\">\n\t\t<div class=\"elementor-element elementor-element-d0a0912 obcs none e-flex e-con-boxed e-con e-child\" data-id=\"d0a0912\" data-element_type=\"container\">\n\t\t\t\t\t<div class=\"e-con-inner\">\n\t\t\t\t<div class=\"elementor-element elementor-element-184c6c3 elementor-widget elementor-widget-text-editor\" data-id=\"184c6c3\" data-element_type=\"widget\" data-widget_type=\"text-editor.default\">\n\t\t\t\t<div class=\"elementor-widget-container\">\n\t\t\t\t\t\t\t\t\t<p>Tuttavia, la Prof.ssa Frauwallner non vede il premio solamente come un riconoscimento del lavoro svolto: &#8220;Ogni premio ricevuto \u00e8 uno stimolo sia per me che per il mio team a lavorare sempre meglio e con il maggior impegno possibile, perch\u00e9 ognuno di noi merita una vita di alta qualit\u00e0 e in salute\u201d.<\/p><p><strong>Fonti:<\/strong><\/p><p>1) <a href=\"https:\/\/hermes-wirtschafts-forum.at\/hermes-wirtschafts-preis\/wirtschafts-gala\/\" target=\"_blank\" rel=\"noopener\">https:\/\/hermes-wirtschafts-forum.at\/hermes-wirtschafts-preis\/wirtschafts-gala\/<\/a><\/p><p>2) <a href=\"https:\/\/kurier.at\/wirtschaft\/das-sind-die-hermes-wirtschaftspreistraeger-2022\/402207645\" target=\"_blank\" rel=\"noopener\">https:\/\/kurier.at\/wirtschaft\/das-sind-die-hermes-wirtschaftspreistraeger-2022\/402207645<\/a><\/p><p>3) IQVIA \/ sell-out by value as of end December 2021<\/p><p>4) IQVIA Global OTC Insights \u2013 Local Currency Eur based on Public Price, Calender Year 2021 03F1 Probiotics Digest Health and 03D5 Antidiarr Micro-Organisms, IQVIA OTC audits<\/p>\t\t\t\t\t\t\t\t<\/div>\n\t\t\t\t<\/div>\n\t\t\t\t\t<\/div>\n\t\t\t\t<\/div>\n\t\t\t\t\t<\/div>\n\t\t\t\t<\/div>\n\t\t<div class=\"elementor-element elementor-element-9d7e3e7 obcs magenta e-flex e-con-boxed e-con e-parent\" data-id=\"9d7e3e7\" data-element_type=\"container\">\n\t\t\t\t\t<div class=\"e-con-inner\">\n\t\t<div class=\"elementor-element elementor-element-5a301d0 obcs none e-flex e-con-boxed e-con e-child\" data-id=\"5a301d0\" data-element_type=\"container\">\n\t\t\t\t\t<div class=\"e-con-inner\">\n\t\t\t\t<div class=\"elementor-element elementor-element-83db9a8 elementor-widget elementor-widget-text-editor\" data-id=\"83db9a8\" data-element_type=\"widget\" data-widget_type=\"text-editor.default\">\n\t\t\t\t<div class=\"elementor-widget-container\">\n\t\t\t\t\t\t\t\t\t<h5>Aboca: la miglior marca OTC italiana a base di ingredienti 100 % naturali \u00e8 ora disponibile in Austria, per tutta la famiglia.<\/h5><h2>La famiglia dell\u2019Institut AllergoSan si amplia<\/h2><p><em>L\u2019Institut AllergoSan porta Aboca, miglior marca OTC italiana, in esclusiva nelle farmacie austriache. Aboca, Societ\u00e0 Benefit, sostiene la salute delle persone attraverso sostanze 100 % naturali. I prodotti Aboca, grazie ai puri estratti vegetali, proteggono le mucose, aiutano in caso di disturbi delle prime vie aeree e del tratto gastrointestinale. Aboca \u00e8 sinonimo di sostenibilit\u00e0 per il bene comune. I prodotti sono sviluppati in Italia grazie alla coltivazione biologica e la loro efficacia come anche la loro qualit\u00e0 sono dimostrate da decine di studi. <strong>Graz, febbraio 2022<\/strong><\/em><strong>\u00a0 \u00a0 \u00a0 \u00a0 \u00a0 \u00a0 \u00a0 \u00a0 \u00a0 \u00a0 \u00a0 \u00a0 \u00a0 \u00a0 \u00a0 \u00a0 \u00a0 \u00a0 \u00a0 \u00a0 \u00a0 \u00a0 \u00a0 \u00a0 \u00a0<\/strong><\/p>\t\t\t\t\t\t\t\t<\/div>\n\t\t\t\t<\/div>\n\t\t\t\t\t<\/div>\n\t\t\t\t<\/div>\n\t\t<div class=\"elementor-element elementor-element-91e4921 obcs none e-flex e-con-boxed e-con e-child\" data-id=\"91e4921\" data-element_type=\"container\">\n\t\t\t\t\t<div class=\"e-con-inner\">\n\t\t\t\t<div class=\"elementor-element elementor-element-0ea26a0 elementor-widget elementor-widget-text-editor\" data-id=\"0ea26a0\" data-element_type=\"widget\" data-widget_type=\"text-editor.default\">\n\t\t\t\t<div class=\"elementor-widget-container\">\n\t\t\t\t\t\t\t\t\t<div id=\"attachment_46878\" class=\"wp-caption aligncenter\"><p><img loading=\"lazy\" decoding=\"async\" class=\"img-fluid aligncenter wp-image-22394\" src=\"https:\/\/www.omni-biotic.com\/it-it\/wp-content\/uploads\/sites\/5\/2023\/11\/abocaallergosan-afkk-02-rgb-768x512-1.jpg\" alt=\"Aboca_Prodotti naturali\" width=\"768\" height=\"512\" srcset=\"https:\/\/www.omni-biotic.com\/it-it\/wp-content\/uploads\/sites\/5\/2023\/11\/abocaallergosan-afkk-02-rgb-768x512-1.jpg 768w, https:\/\/www.omni-biotic.com\/it-it\/wp-content\/uploads\/sites\/5\/2023\/11\/abocaallergosan-afkk-02-rgb-768x512-1-300x200.jpg 300w\" sizes=\"(max-width: 768px) 100vw, 768px\" \/><\/p><p id=\"caption-attachment-46878\" class=\"wp-caption-text\"><strong>\u00a9Institut AllergoSan: la famiglia dell&#8217;Institut AllergoSan si amplia, Klaus Kutschera e Anita Frauwallner<\/strong><\/p><\/div><p>Aboca \u00e8 un\u2019azienda italiana specializzata nella produzione di prodotti 100 % naturali, ricercando nella natura le risposte per la salute dell\u2019uomo, nel rispetto del suo organismo e dell\u2019ambiente. Aboca, grazie alla sua piattaforma di ricerca, sviluppa prodotti in base ai criteri della Evidence Based Medicin, utili soprattutto a contrastare molteplici disturbi, come tosse, mal di gola, bruciore di stomaco, emorroidi, ecc.<\/p><p>\u201cL\u2019azienda \u00e8 stata fondata nel 1978 a Sansepolcro, in un luogo idillico, tra le meravigliose colline della Toscana, ricercando nella natura le risposte ai bisogni delle persone, rinunciando completamente alla chimica. Pertanto, la coerenza con cui Aboca mette in pratica il suo approccio, ci ha convinto sin dall\u2019inizio\u201d, spiega il Prof.ssa Klaus Kutschera, Aboca Business Unit Head.<\/p><p>Lungo tutta la filiera produttiva, dall\u2019agricoltura biologica fino alla produzione di prodotti finiti di qualit\u00e0 farmaceutica, Aboca rinuncia all\u2019utilizzo di prodotti di sintesi chimica e di organismi geneticamente modificati. Come ulteriore garanzia di qualit\u00e0, la ricerca, la coltivazione, l\u2019estrazione e la distribuzione sono esclusivamente nelle mani di Aboca. Per assicurare che le piante ricevano acqua purissima, priva della minima traccia di diserbante e di altre sostanze nocive per l\u2019ambiente, Aboca detiene un bacino idrico dal quale irriga i campi biologicamente. Tutto ci\u00f2 ha dato vita ad una splendida azienda, i cui prodotti naturali ed efficaci sono ora disponibili anche in Austria.<\/p><h3>Aboca \u00e8 da subito disponibile in Austria<\/h3><p>Aboca dispone di un vasto assortimento, dal quale l\u2019Institut AllergoSan distribuir\u00e0 in futuro diversi prodotti. Per le prime vie aeree distribuir\u00e0: Grintuss contro la tosse secca e produttiva, Golamir contro il mal di gola e Fitonasal in caso di congestione ed irritazione delle cavit\u00e0 nasali. Per il tratto gastrointestinale distribuir\u00e0: NeoBianacid in caso di bruciore di stomaco e di reflusso, Colilen IBS in caso di sindrome dell&#8217;intestino irritabile, NeoFitoroid in caso di emorroidi e infine Natura Mix, preparato multivitaminico e integratore alimentare.<\/p><div id=\"attachment_46829\" class=\"wp-caption alignright\" style=\"width: 319px\"><p><img loading=\"lazy\" decoding=\"async\" class=\"alignright\" src=\"https:\/\/www.allergosan.com\/wp-content\/uploads\/2022\/02\/20220202-abocaallergosan-kinder-01-rgb-neu-768x512.jpg\" alt=\"Aboca - neues Familienmitglied im Institut AllergoSan - Anita Frauwallner \u00e8 seduta vicino a due bambini \" width=\"319\" height=\"213\" \/><\/p><p id=\"caption-attachment-46829\" class=\"wp-caption-text\"><strong>\u00a9Institut AllergoSan<\/strong><\/p><\/div><p>&#8220;Per me \u00e8 un\u2018immensa gioia poter portare in Austria la marca italiana numero uno sul mercato dei preparati per la tosse. L\u2019azienda Aboca si impegna a sostenere la salute delle persone attraverso sostanze 100% naturali e per questo \u00e8 il partner ideale per l\u2019Institut AllergoSan. I prodotti a base vegetale e naturale non solo sono una rapida soluzione ai disturbi, ma sono anche utili a prevenire l\u2019insorgere delle malattie, un principio e un valore che l\u2019Institut AllergoSan persegue da oltre 30 anni&#8221;, spiega la fondatrice dell\u2019Institut AllergoSan, la Prof.ssa Anita Frauwallner.<\/p><h3>Evidence Based Medicine<\/h3><p>Per Aboca lo studio delle piante \u00e8 alla base della ricerca. Grazie alla collaborazione con universit\u00e0 nazionali e internazionali sono stati condotti studi clinici e preclinici. Per questo motivo Aboca dispone di un dipartimento scientifico composto da 142 persone che solo nel 2020 ha preso parte a 107 progetti di ricerca. Sono stati condotti 24 studi preclinici e 18 clinici, 36 progetti di ricerca di base, 11 studi di farmacovigilanza, 9 studi regolatori e 3 progetti per lo sviluppo di piattaforme bioinformatiche.<\/p><h3>Coltivazione biologica<\/h3><p>Aboca coltiva 1.700 ettari di terreno in Umbria e in Toscana, dove vengono coltivate biologicamente 67 specie di piante officinali, appositamente selezionate per adattarsi alle condizioni di coltivazione prevalenti. In alcuni casi vengono utilizzati semi da loro sviluppati e brevettati. Non vengono utilizzati fertilizzanti, pesticidi o organismi geneticamente modificati. La rotazione delle colture, utilizzata da Aboca nella coltivazione delle piante officinali, preserva la struttura e la biodiversit\u00e0 del terreno. Nel 2016 la Biodiversity Alliance ha confermato l&#8217;alto grado di biodiversit\u00e0 del terreno e nel 2020 Aboca \u00e8 stata l&#8217;unica azienda ad essere certificata con 100 punti su 100.<\/p><p>Fonte: IQVIA, No 1 sul mercato dei preparati per la tosse, No 4 nel mercato OTC, MAT 10\/2021<\/p>\t\t\t\t\t\t\t\t<\/div>\n\t\t\t\t<\/div>\n\t\t\t\t\t<\/div>\n\t\t\t\t<\/div>\n\t\t<div class=\"elementor-element elementor-element-75c16fe obcs none e-flex e-con-boxed e-con e-child\" data-id=\"75c16fe\" data-element_type=\"container\">\n\t\t\t\t\t<div class=\"e-con-inner\">\n\t\t\t\t\t<\/div>\n\t\t\t\t<\/div>\n\t\t\t\t\t<\/div>\n\t\t\t\t<\/div>\n\t\t<div class=\"elementor-element elementor-element-78b764f obcs green e-flex e-con-boxed e-con e-parent\" data-id=\"78b764f\" data-element_type=\"container\">\n\t\t\t\t\t<div class=\"e-con-inner\">\n\t\t<div class=\"elementor-element elementor-element-087eade e-con-full obcs none e-flex e-con e-child\" data-id=\"087eade\" data-element_type=\"container\">\n\t\t\t\t<div class=\"elementor-element elementor-element-5381724 elementor-widget elementor-widget-heading\" data-id=\"5381724\" data-element_type=\"widget\" data-widget_type=\"heading.default\">\n\t\t\t\t<div class=\"elementor-widget-container\">\n\t\t\t\t\t<h2 class=\"elementor-heading-title elementor-size-default\">Un brand mondiale in 30 anni<\/h2>\t\t\t\t<\/div>\n\t\t\t\t<\/div>\n\t\t\t\t<div class=\"elementor-element elementor-element-5e18a57 elementor-widget elementor-widget-text-editor\" data-id=\"5e18a57\" data-element_type=\"widget\" data-widget_type=\"text-editor.default\">\n\t\t\t\t<div class=\"elementor-widget-container\">\n\t\t\t\t\t\t\t\t\t<p>Nel 2021, l&#8217;Istituto AllergoSan \u2013 come centro di\u00a0<strong>eccellenza nella ricerca sull&#8217;intestino e i suoi \u201cabitanti\u201d<\/strong>\u00a0\u2013 pu\u00f2 veramente rivendicare il detto &#8220;non c\u2019\u00e8 due senza tre&#8221;. 30 anni fa, la ricerca sul nostro organo digestivo era ancora agli inizi, quasi nessuno era consapevole del grande contributo che questa meraviglia potesse dare alla nostra salute in generale.\u00a0<a href=\"https:\/\/www.omni-biotic.com\/it-it\/chi-siamo\/institut-allergosan\/anita-frauwallner\/\"><strong>La Prof.ssa Anita Frauwallner<\/strong>,<\/a>\u00a0fondatrice e dirigente dell&#8217;Institut AllergoSan, ha avuto un buon presentimento a tal riguardo. Lei stessa ha dedicato gran parte della sua vita allo studio della\u00a0<a href=\"https:\/\/www.omni-biotic.com\/it-it\/la-salute-dellintestino\/\"><strong>salute intestinale<\/strong><\/a>\u00a0e, nel 2021, il 30\u00b0 anniversario dell&#8217;Institut AllergoSan sar\u00e0 affiancato da altre due pietre miliari.<\/p><p>Al contrario di quanto si pensi, la sede delle nostre emozioni \u00e8 al centro del nostro corpo, nell\u2019intestino, non nel cervello. Su questo ci sono pochi dubbi. Basta pensare a quanto sentimenti quali\u00a0<strong>rabbia e paura siano in grado di colpire stomaco o intestino<\/strong>, oppure a come gli effetti dell\u2019amore passino direttamente dal centro del nostro corpo. L&#8217;intestino pu\u00f2 sembrare anomalo, persino brutto \u2013 ma ha un ruolo eccezionale nella nostra vita: esso possiede oltre cento milioni di neuroni, motivo per cui \u00e8 chiamato \u201csecondo cervello\u201d e, inoltre, le<a href=\"https:\/\/www.omni-biotic.com\/it-it\/la-salute-dellintestino\/intestino-e-salute\/asse-intestino-cervello\/\">\u00a0<strong>connessioni nervose che dall&#8217;intestino vanno al cervello<\/strong><\/a>\u00a0sono pi\u00f9 numerose di quelle che fanno il viaggio inverso. Il nostro secondo cervello ha quindi molto da dire al primo cervello e pu\u00f2 fare quasi tutto in modo completamente autonomo. Oltre ad assimilare gli alimenti, l&#8217;intestino ci protegge da molte malattie anche gravi, in quanto \u00e8 custode dell&#8217;80% dell&#8217;intera difesa immunitaria. Ecco perch\u00e9 ospita un\u00a0<strong>esercito di trilioni di \u201csoldati\u201d appartenenti a centinaia di ceppi batterici<\/strong>\u00a0diversi che sono praticamente i nostri migliori amici e ci mantengono sani e di buon umore. Sfortunatamente per\u00f2, il nostro stile di vita non sempre armonizza con loro. Possiamo, tuttavia, sostenere il nostro intestino \u2013 e questa \u00e8 la missione dell&#8217;Istituto AllergoSan da decenni.<\/p>\t\t\t\t\t\t\t\t<\/div>\n\t\t\t\t<\/div>\n\t\t\t\t<\/div>\n\t\t<div class=\"elementor-element elementor-element-537f3f7 e-con-full obcs none e-flex e-con e-child\" data-id=\"537f3f7\" data-element_type=\"container\">\n\t\t\t\t<div class=\"elementor-element elementor-element-907d193 e-transform elementor-widget elementor-widget-image\" data-id=\"907d193\" data-element_type=\"widget\" data-settings=\"{&quot;_transform_rotateZ_effect&quot;:{&quot;unit&quot;:&quot;px&quot;,&quot;size&quot;:&quot;0&quot;,&quot;sizes&quot;:[]},&quot;_transform_rotate_3d&quot;:&quot;yes&quot;,&quot;_transform_rotateX_effect&quot;:{&quot;unit&quot;:&quot;px&quot;,&quot;size&quot;:&quot;0&quot;,&quot;sizes&quot;:[]},&quot;_transform_rotateY_effect&quot;:{&quot;unit&quot;:&quot;px&quot;,&quot;size&quot;:&quot;-4&quot;,&quot;sizes&quot;:[]},&quot;_transform_perspective_effect&quot;:{&quot;unit&quot;:&quot;px&quot;,&quot;size&quot;:&quot;650&quot;,&quot;sizes&quot;:[]},&quot;_transform_rotateZ_effect_tablet&quot;:{&quot;unit&quot;:&quot;deg&quot;,&quot;size&quot;:&quot;&quot;,&quot;sizes&quot;:[]},&quot;_transform_rotateZ_effect_mobile&quot;:{&quot;unit&quot;:&quot;deg&quot;,&quot;size&quot;:&quot;&quot;,&quot;sizes&quot;:[]},&quot;_transform_rotateX_effect_tablet&quot;:{&quot;unit&quot;:&quot;deg&quot;,&quot;size&quot;:&quot;&quot;,&quot;sizes&quot;:[]},&quot;_transform_rotateX_effect_mobile&quot;:{&quot;unit&quot;:&quot;deg&quot;,&quot;size&quot;:&quot;&quot;,&quot;sizes&quot;:[]},&quot;_transform_rotateY_effect_tablet&quot;:{&quot;unit&quot;:&quot;deg&quot;,&quot;size&quot;:&quot;&quot;,&quot;sizes&quot;:[]},&quot;_transform_rotateY_effect_mobile&quot;:{&quot;unit&quot;:&quot;deg&quot;,&quot;size&quot;:&quot;&quot;,&quot;sizes&quot;:[]},&quot;_transform_perspective_effect_tablet&quot;:{&quot;unit&quot;:&quot;px&quot;,&quot;size&quot;:&quot;&quot;,&quot;sizes&quot;:[]},&quot;_transform_perspective_effect_mobile&quot;:{&quot;unit&quot;:&quot;px&quot;,&quot;size&quot;:&quot;&quot;,&quot;sizes&quot;:[]}}\" data-widget_type=\"image.default\">\n\t\t\t\t<div class=\"elementor-widget-container\">\n\t\t\t\t\t\t\t\t\t\t\t\t\t\t\t<img loading=\"lazy\" decoding=\"async\" width=\"300\" height=\"300\" src=\"https:\/\/www.omni-biotic.com\/it-it\/wp-content\/uploads\/sites\/5\/2023\/08\/institut-allergosan-300x300-1.jpg\" class=\"attachment-medium_large size-medium_large wp-image-20306\" alt=\"\" srcset=\"https:\/\/www.omni-biotic.com\/it-it\/wp-content\/uploads\/sites\/5\/2023\/08\/institut-allergosan-300x300-1.jpg 300w, https:\/\/www.omni-biotic.com\/it-it\/wp-content\/uploads\/sites\/5\/2023\/08\/institut-allergosan-300x300-1-150x150.jpg 150w\" sizes=\"(max-width: 300px) 100vw, 300px\" \/>\t\t\t\t\t\t\t\t\t\t\t\t\t\t\t<\/div>\n\t\t\t\t<\/div>\n\t\t\t\t<\/div>\n\t\t\t\t\t<\/div>\n\t\t\t\t<\/div>\n\t\t<div class=\"elementor-element elementor-element-ab9f2b1 obcs green e-flex e-con-boxed e-con e-parent\" data-id=\"ab9f2b1\" data-element_type=\"container\">\n\t\t\t\t\t<div class=\"e-con-inner\">\n\t\t<div class=\"elementor-element elementor-element-9228ab1 obcs none e-flex e-con-boxed e-con e-child\" data-id=\"9228ab1\" data-element_type=\"container\">\n\t\t\t\t\t<div class=\"e-con-inner\">\n\t\t\t\t<div class=\"elementor-element elementor-element-65d658b elementor-widget elementor-widget-text-editor\" data-id=\"65d658b\" data-element_type=\"widget\" data-widget_type=\"text-editor.default\">\n\t\t\t\t<div class=\"elementor-widget-container\">\n\t\t\t\t\t\t\t\t\t<h3>Tutti i dubbi affrontati con spirito pioneristico e coraggio<\/h3><p>Gi\u00e0 30 anni fa, Anita Frauwallner era convinta dell&#8217;importanza e delle potenzialit\u00e0 dell&#8217;intestino e dei suoi abitanti. Spesso, dietro le motivazioni dei pionieri a risolvere un problema che interessa il collettivo, ci sono storie di carattere personale. Questo \u00e8 stato anche il caso della fondatrice e dirigente dell&#8217;Istituto AllergoSan. Tutto inizi\u00f2 circa 30 anni fa quando il suo amato marito perse la vita per un cancro all\u2019intestino. Da allora, Anita Frauwallner, si \u00e8 dedicata allo studio dei segreti di questo organo, per noi cos\u00ec fondamentale. L&#8217;intestino, i\u00a0<a href=\"https:\/\/www.omni-biotic.com\/it\/flora-batterica-intestinale\/\"><strong>suoi trilioni di batteri<\/strong><\/a>\u00a0e le loro innumerevoli interazioni con la nostra salute sono diventati un punto cardine della vita di Anita Frauwallner. Fin dall&#8217;inizio, la collaborazione con medici e scienziati \u00e8 stata la base della sua storia di successo, ma anche la rivendicazione personale della qualit\u00e0 e dell&#8217;effetto\u00a0<a href=\"https:\/\/www.omni-biotic.com\/it\/intestino-e-salute\/probiotici-prebiotici\/\"><strong>scientificamente provato dei suoi probiotici.<\/strong><\/a><\/p><p>Quest&#8217;anno l&#8217;Istituto AllergoSan festeggia il suo\u00a0<strong>30\u00b0 anniversario<\/strong>, nel frattempo si \u00e8 anche affermato come azienda\u00a0<strong>riconosciuta a livello mondiale<\/strong>\u00a0e centro di eccellenza per tutti gli aspetti riguardanti la salute dell&#8217;intestino e della ricerca sul microbioma. In questo arco temporale sono stati raggiunti molti obiettivi.<\/p><p>Oggi sappiamo che la\u00a0<strong>nostra salute fisica tanto quella mentale<\/strong>\u00a0sono influenzate in modo decisivo dai batteri commensali, un microcosmo affascinante che popola l&#8217;intestino. In questo anno di anniversario, Anita Frauwallner guardando al passato afferma: \u201cRicordo ancora come fui derisa all\u2019inizio, poich\u00e9 in molti non erano consapevoli della rilevanza dei batteri intestinali per la nostra salute. Oggi, utilizziamo i risultati dei nostri oltre cento studi, che permettono l&#8217;uso mirato di batteri probiotici in numerosi quadri clinici.\u201d<\/p><h3>Probiotici multispecie \u2013 un nuovo punto di riferimento<\/h3><p>La svolta \u00e8 avvenuta 25 anni fa, quando l&#8217;Istituto AllergoSan ha messo a punto una novit\u00e0 assoluta tra i probiotici: il \u201cmultispecie versatile\u201d\u00a0<a href=\"https:\/\/shop.omni-biotic.com\/it-it\/products\/omni-biotic-6-it-99104\"><strong>OMNi BiOTiC\u00ae 6,<\/strong><\/a>\u00a0un<strong>\u00a0<a href=\"https:\/\/www.omni-biotic.com\/it-it\/la-salute-dellintestino\/intestino-e-salute\/probiotici\/\">probiotico multispecie<\/a><\/strong>\u00a0composto da sei specie di batteri completamente diverse tra loro, ma che lavorano sinergicamente come una squadra, supportando il nostro intestino nei suoi compiti quotidiani. Le propriet\u00e0 specifiche dei ceppi probiotici in\u00a0<a href=\"https:\/\/shop.omni-biotic.com\/it-it\/products\/omni-biotic-6-it-99104\"><strong>OMNi BiOTiC\u00ae 6,<\/strong>\u00a0<\/a>sono state scientificamente studiate con accuratezza.<\/p><p>Un\u2019intuizione decisiva e la sua implementazione si sono dimostrate rivoluzionarie: i\u00a0<strong>batteri probiotici liofilizzati<\/strong>\u00a0non dovevano essere rinchiusi in capsule, ma, prima di essere assunti, dovevano essere\u00a0<strong>reidratati in un liquido neutro<\/strong>\u00a0all\u2019esterno del corpo umano per ottenere immediatamente il primo nutrimento, rafforzarsi e, in numero massimo, affrontare il passaggio attraverso lo stomaco con i suoi succhi gastrici, il duodeno con gli acidi biliari e il succo pancreatico. Il primissimo probiotico\u00a0<strong><a href=\"https:\/\/www.omni-biotic.com\/it-it\/chi-siamo\/che-cose-omni-biotic\/\">OMNi-BiOTiC\u00ae<\/a>,<\/strong>\u00a0presentandosi cos\u00ec sotto forma di polvere, garantiva che i ceppi batterici probiotici in esso contenuti svolgessero il loro effetto benefico una volta arrivati a destinazione. L&#8217;Istituto AllergoSan ha cos\u00ec stabilito due nuovi standard nell&#8217;applicazione e, soprattutto, nella produzione di\u00a0<strong>probiotici di rilevanza medica.<\/strong>\u00a0Grazie alle ultime conoscenze scientifiche, \u00e8 stato dimostrato che la combinazione mirata di ceppi batterici diversi \u00e8 pi\u00f9 efficace in tutta una serie di campi applicativi rispetto alla somministrazione di singoli ceppi. Con l\u2019opportuno abbinamento dei ceppi batterici all\u2019interno di formule multispecie \u00e8 possibile, inoltre, aumentare ulteriormente il potenziale di ogni singolo ceppo.<\/p>\t\t\t\t\t\t\t\t<\/div>\n\t\t\t\t<\/div>\n\t\t\t\t\t<\/div>\n\t\t\t\t<\/div>\n\t\t<div class=\"elementor-element elementor-element-1201023 obcs none e-flex e-con-boxed e-con e-child\" data-id=\"1201023\" data-element_type=\"container\">\n\t\t\t\t\t<div class=\"e-con-inner\">\n\t\t\t\t<div class=\"elementor-element elementor-element-0133d33 elementor-widget elementor-widget-text-editor\" data-id=\"0133d33\" data-element_type=\"widget\" data-widget_type=\"text-editor.default\">\n\t\t\t\t<div class=\"elementor-widget-container\">\n\t\t\t\t\t\t\t\t\t<h3>Sulla via del brand globale<\/h3><p><br \/>Oggi \u00e8 impossibile immaginare il mondo del mercato probiotico dell\u2019area germanofona senza il marchio OMNi-BiOTiC\u00ae. Tutto ci\u00f2, che ha avuto inizio con l\u2019impegno di un piccolo gruppo, \u00e8 oggi implementato da oltre 250 dipendenti. L&#8217;azienda, con sede a Graz, \u00e8 attiva in quasi 40 paesi e, dopo gli USA e Taiwan, ha recentemente &#8220;conquistato&#8221; anche la regione del Golfo Persico. Non \u00e8 una coincidenza, ma piuttosto l&#8217;obiettivo prefissato di Anita Frauwallner: &#8220;Da 30 anni ci concentriamo sulla ricerca e lo sviluppo di prodotti a base di sostanze naturali \u2013 soprattutto batteri probiotici \u2013 con lo scopo di preservare o ristabilire la salute del prossimo. In questo modo, perseguiamo un approccio olistico, ovvero rafforziamo, con ci\u00f2 che la natura ha fornito a questo scopo, il fondamento della salute umana ancor prima che le malattie insorgano. La nostra direzione futura \u00e8 chiara: rendere OMNi-BiOTiC\u00ae disponibile a livello globale&#8221;.<\/p><p>Negli ultimi 30 anni, numerosi probiotici di alta qualit\u00e0 sono stati immessi sul mercato con il marchio OMNi-BiOTiC\u00ae , e i loro effetti positivi, provati da studi di fama mondiale presso ospedali universitari riconosciuti a livello internazionale, hanno destato stupore. \u2013 Ma il viaggio attraverso il cosmo dell&#8217;intestino \u00e8 tutt&#8217;altro che finito. Con 40 studi in corso, l&#8217;azienda sta confermando la sua intenzione di continuare ad essere considerata in tutto il mondo come il centro di eccellenza nella ricerca sul microbioma. A questo proposito, la seconda buona notizia dell&#8217;anno cade a pennello, poich\u00e9 il marchio OMNi-BiOTiC\u00ae \u00e8 stato proclamato &#8220;Global Brand&#8221;. Con un eccezionale sesto posto tra tutti i marchi di probiotici nel mondo, l&#8217;istituto AllergoSan si colloca ora tra i leader internazionali del settore.<\/p>\t\t\t\t\t\t\t\t<\/div>\n\t\t\t\t<\/div>\n\t\t\t\t\t<\/div>\n\t\t\t\t<\/div>\n\t\t<div class=\"elementor-element elementor-element-0f39ade obcs none e-flex e-con-boxed e-con e-child\" data-id=\"0f39ade\" data-element_type=\"container\">\n\t\t\t\t\t<div class=\"e-con-inner\">\n\t\t\t\t<div class=\"elementor-element elementor-element-09f6260 elementor-widget elementor-widget-text-editor\" data-id=\"09f6260\" data-element_type=\"widget\" data-widget_type=\"text-editor.default\">\n\t\t\t\t<div class=\"elementor-widget-container\">\n\t\t\t\t\t\t\t\t\t<h3>Un inizio da sogno negli Stati Uniti<\/h3><p><img loading=\"lazy\" decoding=\"async\" class=\"size-medium wp-image-22410 img-fluid alignright\" src=\"https:\/\/www.omni-biotic.com\/it-it\/wp-content\/uploads\/sites\/5\/2023\/11\/usa-award-probioticoftheyear2021-cinstitutallergosan-nutraingredientsusa-1-1-768x1086-1-212x300.jpg\" alt=\"Premio_Americano vinto\" width=\"212\" height=\"300\" srcset=\"https:\/\/www.omni-biotic.com\/it-it\/wp-content\/uploads\/sites\/5\/2023\/11\/usa-award-probioticoftheyear2021-cinstitutallergosan-nutraingredientsusa-1-1-768x1086-1-212x300.jpg 212w, https:\/\/www.omni-biotic.com\/it-it\/wp-content\/uploads\/sites\/5\/2023\/11\/usa-award-probioticoftheyear2021-cinstitutallergosan-nutraingredientsusa-1-1-768x1086-1-724x1024.jpg 724w, https:\/\/www.omni-biotic.com\/it-it\/wp-content\/uploads\/sites\/5\/2023\/11\/usa-award-probioticoftheyear2021-cinstitutallergosan-nutraingredientsusa-1-1-768x1086-1.jpg 768w\" sizes=\"(max-width: 212px) 100vw, 212px\" \/><\/p><p>Come se non bastasse, un\u2019altra notizia importante: solo nel 2019 AllergoSan \u00e8 entrato nel mercato americano e ora \u2013 appena due anni dopo \u2013\u00a0<a href=\"https:\/\/www.omni-biotic.com\/it-it\/chi-siamo\/che-cose-omni-biotic\/\"><strong>OMNi-BiOTiC\u00ae<\/strong><\/a>\u00a0\u00e8 stato\u00a0<strong>premiato come<\/strong>\u00a0<strong>probiotico dell&#8217;anno.<\/strong>\u00a0L&#8217;istituzione NutraIngredients-USA, che conferisce questo premio, \u00e8 una delle fonti di\u00a0<strong>informazione pi\u00f9 importanti per il settore<\/strong>.<\/p><p>L&#8217;Istituto AllergoSan ha ricevuto il rinomato premio internazionale per\u00a0<a href=\"https:\/\/www.omnibioticlife.com\/omnibiotic\/stress-release\/\" rel=\"noopener\"><strong>OMNi-BiOTiC\u00ae STRESS Release<\/strong>\u00a0<\/a>\u2013 la formulazione conosciuta nelle farmacie austriache e italiane come\u00a0<a href=\"https:\/\/shop.omni-biotic.com\/it-it\/products\/omni-biotic-stress-repair-it-99113\"><strong>OMNi-BiOTiC\u00ae STRESS Repair<\/strong>\u00a0<\/a>e in Germania come\u00a0<a href=\"https:\/\/www.omni-biotic.com\/de\/produkte\/omni-biotic-sr-9\/\"><strong>OMNi-BiOTiC\u00ae SR-9.<\/strong><\/a>\u00a0&#8220;Dopo solo due anni negli Stati Uniti, paese fortemente provato dalla pandemia, ha un valore ancor pi\u00f9 speciale per me apprendere che la\u00a0<strong>straordinaria qualit\u00e0<\/strong>\u00a0ed efficacia dei nostri\u00a0<strong>prodotti OMNi-BiOTiC\u00ae<\/strong>\u00a0sia stata riconosciuta anche negli USA cos\u00ec rapidamente&#8221;, dice Frauwallner.<\/p><p>Un tale premio non solo si dimostra particolarmente prezioso per l&#8217;azienda in quanto rende il marchio<strong>\u00a0<a href=\"https:\/\/www.omni-biotic.com\/it-it\/chi-siamo\/che-cose-omni-biotic\/\">OMNi-BiOTiC\u00ae<\/a><\/strong>\u00a0ancora pi\u00f9 conosciuto a livello internazionale, ma conferma anche l&#8217;eccellenza del lavoro di ricerca decennale alle spalle del marchio. Un anniversario, due premi. Non c\u2019\u00e8 due senza tre!<\/p><p>Fonti: 1) IQVATM Global OTC Insights \u2013 Local Currency Euro based on Public Price \u20acM, MAT 12\/2019, 03F1 PROBIOTICS DIGEST HEALTH\/ A7F ANTIDIARR MICRO-ORGANISM, IQVIA OTC audits (Excl.Venezuela).<\/p><p>2)\u00a0<a href=\"https:\/\/www.nutraingredients-usa.com\/Article\/2021\/04\/27\/NutraIngredients-USA-Awards-2021-Winners-Revealed\" rel=\"noopener\">https:\/\/www.nutraingredients-usa.com\/Article\/2021\/04\/27\/NutraIngredients-USA-Awards-2021-Winners-Revealed<\/a><\/p>\t\t\t\t\t\t\t\t<\/div>\n\t\t\t\t<\/div>\n\t\t\t\t\t<\/div>\n\t\t\t\t<\/div>\n\t\t<div class=\"elementor-element elementor-element-6e176b9 obcs none e-flex e-con-boxed e-con e-child\" data-id=\"6e176b9\" data-element_type=\"container\">\n\t\t\t\t\t<div class=\"e-con-inner\">\n\t\t\t\t<div class=\"elementor-element elementor-element-6fa396e elementor-widget elementor-widget-text-editor\" data-id=\"6fa396e\" data-element_type=\"widget\" data-widget_type=\"text-editor.default\">\n\t\t\t\t<div class=\"elementor-widget-container\">\n\t\t\t\t\t\t\t\t\t<h2>OMNi-BiOTiC\u00ae Pro-Vi 5: novit\u00e0 mondiale!<\/h2><h3>5 batteri specifici + vitamina D a sostegno del sistema immunitario<\/h3><p>Graz, gennaio 2021<\/p><p>Il\u00a0<a href=\"https:\/\/www.omni-biotic.com\/it-it\/la-salute-dellintestino\/ambiti-di-competenza-dellintestino\/sistema-immunitario\/\"><strong>sistema immunitario<\/strong><\/a>\u00a0e l\u2019<a href=\"https:\/\/www.omni-biotic.com\/it-it\/la-salute-dellintestino\/\"><strong>intestino<\/strong><\/a>\u00a0come suo organo centrale si trovano tutti i giorni dinnanzi a\u00a0<strong>grandi sfide<\/strong>: da un lato gli attacchi sferrati da\u00a0<strong>virus<\/strong>\u00a0e altri microrganismi patogeni, dall\u2019altro ambienti con aria secca o condizioni di\u00a0<a href=\"https:\/\/www.omni-biotic.com\/it-it\/blog\/omni-biotic-stress-repair\/\"><strong>stress<\/strong><\/a>\u00a0duraturo. Per aiutare le\u00a0<strong>difese dell\u2019organismo<\/strong>\u00a0il nostro corpo dispone di preziosi alleati che vivono nell\u2019intestino e formano ci\u00f2 che comunemente chiamiamo\u00a0<a href=\"https:\/\/www.omni-biotic.com\/it-it\/la-salute-dellintestino\/intestino-e-salute\/flora-intestinale\/\"><strong>flora batterica<\/strong><\/a>.<\/p><p>Non \u00e8 un caso che sia proprio l\u2019<strong>intestino<\/strong>\u00a0a fungere da\u00a0<strong>quartier generale delle difese immunitarie<\/strong>:\u00a0<strong>agenti patogeni<\/strong>, scorie e tossine giungono nell&#8217;intestino\u00a0<strong>dopo essere passati per la bocca<\/strong>\u00a0e da qui partono per poi diffondersi nel resto del corpo. Inoltre, con una superficie di\u00a0<strong>300\u00a0\u2013\u00a0400 m\u00b2<\/strong>, l\u2019intestino offre un\u2019infinit\u00e0 di punti che lo rendono facilmente attaccabile da tossine e microbi patogeni, i quali potrebbero invadere anche altre parti dell corpo, per questo \u00e8 necessario avere<strong>\u00a0difese<\/strong>\u00a0<b>immunitarie forti<\/b>.<\/p><p><strong>Contro i virus e gli altri germi indesiderati l\u2019intestino oppone un baluardo composto da tre linee\u00a0<\/strong><strong>difensive, costituendo cos\u00ec il maggiore scudo protettivo naturale del corpo.<\/strong>\u00a0La prima linea \u00e8 costituita dal\u00a0<a href=\"https:\/\/www.omni-biotic.com\/it-it\/la-salute-dellintestino\/intestino-e-salute\/microbioma\/\"><strong>microbiota<\/strong><\/a>, ovvero dall\u2019insieme dei miliardi di\u00a0<strong>batteri utili<\/strong>\u00a0che popolano il nostro organismo e che contrastano i batteri &#8220;nemici&#8221; con i meccanismi pi\u00f9 svariati e sofisticati. La\u00a0<strong>mucosa intestinale<\/strong>\u00a0forma la seconda barriera: essa \u00e8 composta da cellule disposte l\u2019una accanto all\u2019altra e, come suggerisce gi\u00e0 il nome, \u00e8 ricoperta da uno\u00a0<strong>strato di muco<\/strong>\u00a0che impedisce l\u2019ingresso agli agenti estranei. Affinch\u00e9 questo avvenga, per\u00f2, la barriera rappresentata dalla mucosa intestinale deve essere intatta. Il terzo e ultimo elemento della\u00a0<strong>difesa intestinale<\/strong>\u00a0\u00e8 dato dal\u00a0<strong>sistema immunitario associato all\u2019intestino<\/strong>: nel tessuto collocato al di sotto della mucosa risiede il\u00a0<strong>70 \u2013 80 % di tutte le cellule immunitarie\u00a0<\/strong>del corpo.<\/p><h3>I probiotici e il loro ruolo chiave nella difesa dalle infezioni<\/h3><p>&#8220;I\u00a0<a href=\"https:\/\/www.omni-biotic.com\/it-it\/la-salute-dellintestino\/intestino-e-salute\/probiotici\/\"><strong>batteri probiotici<\/strong><\/a>\u00a0giocando un ruolo fondamentale nel contribuire a\u00a0<strong>mantenere intatta la barriera intestinale<\/strong>. Essi sono inoltre in grado di modulare le\u00a0<strong>cellule immunitarie del corpo<\/strong>\u00a0e alcuni dispongono addirittura di meccanismi propri per combattere e annientare i\u00a0<strong>virus responsabili\u00a0<\/strong>della comparsa di determinate<strong>\u00a0malattie&#8221;<\/strong>, spiega la Dott.ssa Anita Frauwallner, esperta di salute dell\u2019intestino e titolare dell\u2019Institut AllergoSan.<\/p><ul><li>Il meccanismo pi\u00f9 diffuso con cui i batteri disarmano giorno per giorno i virus che penetrano nel nostro organismo \u00e8 detto \u201c<strong>trapping<\/strong>\u201d, che tradotto significa \u201c<strong>intrappolamento<\/strong>\u201d. Questo processo interessa anche tutte le\u00a0<strong>mucose<\/strong>, siano esse quelle della gola, dei polmoni o dell\u2019intestino. Esistono, dunque, particolari\u00a0<strong>ceppi di batteri<\/strong>\u00a0che riescono a intrappolare i virus sulla loro superficie cellulare e a trattenerli rendendoli innocui.<\/li><li>Altri tipi di\u00a0<a href=\"https:\/\/www.omni-biotic.com\/it-it\/steps\/hochwertige-darmbakterien\/\"><strong>batteri probiotici<\/strong><\/a>\u00a0producono sostanze dette\u00a0<strong>batteriocine<\/strong>\u00a0come l\u2019acqua ossigenata o il lattato dall&#8217;azione antimicrobica, quindi in grado di impedire la proliferazione dei virus.<\/li><li>Un\u00a0<strong>meccanismo particolarmente sofisticato\u00a0<\/strong>messo in atto dai probiotici \u00e8 dato dal\u00a0<strong>blocco dei recettori<\/strong>\u00a0sulla superficie delle cellule. Questa strategia impedisce ai\u00a0<strong>virus<\/strong>\u00a0di\u00a0<strong>depositarsi sul recettore<\/strong>\u00a0per poi penetrare all\u2019interno della cellula e non sarebbe altrimenti possibile in via naturale.<\/li><li>Anche la\u00a0<strong>mobilitazione delle cellule fagocitarie<\/strong>\u00a0avviene per azione dei batteri probiotici: queste cellule, dette \u201cmacrofagi\u201d, hanno il compito di\u00a0<strong>liberare l\u2019organismo dagli agenti patogeni<\/strong>. In altre parole, esse assorbono i virus, li uccidono mediante\u00a0<strong>enzimi litici<\/strong>\u00a0presenti nel loro\u00a0<strong>citoplasma<\/strong>\u00a0e ne smaltiscono le scorie.<\/li><\/ul><p>Considerate queste diverse funzioni tipiche delle reazioni immunitarie messe in atto dal nostro organismo, risulta chiaro che la presenza di\u00a0<strong>batteri probiotici<\/strong>\u00a0cos\u00ec come un microbiota intestinale sano sono essenziali per garantire la\u00a0<strong>naturale difesa\u00a0<\/strong>dagli agenti che causano le malattie.<\/p><h3>Le mucose: barriere protettive possenti<\/h3><p>Le\u00a0<strong>mucose dell\u2019intestino<\/strong>, ma anche quelle presenti nel naso e nella gola, formano possenti\u00a0<strong>barriere contro gli agenti patogeni<\/strong>. I virus e i germi vengono\u00a0<strong>catturati dal muco che le riveste<\/strong>\u00a0e quindi espulsi. Tuttavia, l\u2019<strong>aria secca<\/strong>\u00a0generata, per esempio, dagli impianti di\u00a0<strong>riscaldamento<\/strong>\u00a0o di condizionamento, ne determina il vero e proprio \u201cprosciugamento\u201d, favorendo la formazione di\u00a0<strong>crepe<\/strong>\u00a0nel loro tessuto e quindi\u00a0<strong>una possibile porta d&#8217;ingresso per il &#8220;nemico&#8221;<\/strong>.<\/p><p>Il quadro si complice soprattutto d\u2019inverno: le\u00a0<strong>giornate<\/strong>\u00a0sono<strong>\u00a0pi\u00f9 brevi e buie<\/strong>\u00a0e subentra una carenza di\u00a0<strong>vitamine<\/strong>\u00a0<strong>fondamentali B\u00a0<\/strong>come la\u00a0<strong>vitamina\u00a0D<\/strong>, la cosiddetta \u201c<strong>vitamina del sole<\/strong>\u201d, cos\u00ec importante per le mucose e il\u00a0<strong>sistema immunitario<\/strong>.<\/p><p>Le cellule delle mucose si rinnovano molto frequentemente, ogni due-cinque giorni. Per permettere a questo processo di svolgersi correttamente, per\u00f2, non devono mancare determinati micronutrienti, fra cui in particolare la vitamina D. Per questo, \u00e8 necessario sopperire alla carenza di\u00a0<strong>vitamina D soprattutto in inverno\u00a0<\/strong>tramite un&#8217;apposita integrazione.<\/p><h3>Give me 5 \u2013 OMNi-BiOTiC\u00ae Pro-Vi 5<\/h3><p>Proprio per i periodi in cui il\u00a0<a href=\"https:\/\/www.omni-biotic.com\/it-it\/la-salute-dellintestino\/ambiti-di-competenza-dellintestino\/sistema-immunitario\/\"><strong>sistema immunitario<\/strong><\/a>\u00a0\u00e8 chiamato a dare il meglio di s\u00e9, l\u2019<a href=\"\/\/www.omni-biotic.com\/it-it\/chi-siamo\/institut-allergosan\/\"><strong>Institut AllergoSan<\/strong><\/a>\u00a0di Graz ha sviluppato, in collaborazione con esperti internazionali, una novit\u00e0 mondiale:\u00a0<a href=\"https:\/\/shop.omni-biotic.com\/it-it\/products\/omni-biotic-pro-vi-5-it-43100\"><strong>OMNi-BiOTiC\u00ae Pro-Vi\u00a05<\/strong><\/a>. Si tratta di &#8220;5 ceppi di batteri accuratamente selezionati e combinati tra loro per le loro sorprendenti e\u00a0<strong>affascinanti propriet\u00e0&#8221;<\/strong>, spiega la\u00a0<a href=\"https:\/\/www.omni-biotic.com\/it-it\/chi-siamo\/institut-allergosan\/anita-frauwallner\/\"><strong>Dott.ssa Anita Frauwallner<\/strong><\/a>. 5 miliardi di fermenti lattici benefici vanno a colonizzare ad ogni somministrazione la bocca, la gola e l\u2019intestino e sono coadiuvati dalla\u00a0<strong>vitamina\u00a0D<\/strong>, sostanza che contribuisce alla\u00a0<strong>normale funzione<\/strong>\u00a0del sistema immunitario. Ci\u00f2 fa di\u00a0<a href=\"https:\/\/shop.omni-biotic.com\/it-it\/products\/omni-biotic-pro-vi-5-it-43100\"><strong>OMNi-BiOTiC\u00ae Pro-Vi\u00a05<\/strong><\/a>\u00a0un alleato prezioso delle naturali difese immunitarie del nostro organismo!<\/p>\t\t\t\t\t\t\t\t<\/div>\n\t\t\t\t<\/div>\n\t\t\t\t\t<\/div>\n\t\t\t\t<\/div>\n\t\t<div class=\"elementor-element elementor-element-65aab07 obcs none e-flex e-con-boxed e-con e-child\" data-id=\"65aab07\" data-element_type=\"container\">\n\t\t\t\t\t<div class=\"e-con-inner\">\n\t\t\t\t<div class=\"elementor-element elementor-element-97a7c27 elementor-widget elementor-widget-text-editor\" data-id=\"97a7c27\" data-element_type=\"widget\" data-widget_type=\"text-editor.default\">\n\t\t\t\t<div class=\"elementor-widget-container\">\n\t\t\t\t\t\t\t\t\t<h2 class=\"csc-header csc-header-n20\">OMNi-BiOTiC\u00ae: un grandissimo successo internazionale<\/h2><h2 class=\"csc-header csc-header-n20\"><strong>Il probiotico austriaco premiato come miglior prodotto dell\u2019anno negli Stati Uniti<\/strong><\/h2><p>Graz, luglio 2021<\/p><div id=\"attachment_47158\" class=\"wp-caption alignright\"><p>\u00a0<\/p><p><img loading=\"lazy\" decoding=\"async\" class=\"alignnone size-medium wp-image-22410 img-fluid\" src=\"https:\/\/www.omni-biotic.com\/it-it\/wp-content\/uploads\/sites\/5\/2023\/11\/usa-award-probioticoftheyear2021-cinstitutallergosan-nutraingredientsusa-1-1-768x1086-1-212x300.jpg\" alt=\"Premio_Americano vinto\" width=\"212\" height=\"300\" srcset=\"https:\/\/www.omni-biotic.com\/it-it\/wp-content\/uploads\/sites\/5\/2023\/11\/usa-award-probioticoftheyear2021-cinstitutallergosan-nutraingredientsusa-1-1-768x1086-1-212x300.jpg 212w, https:\/\/www.omni-biotic.com\/it-it\/wp-content\/uploads\/sites\/5\/2023\/11\/usa-award-probioticoftheyear2021-cinstitutallergosan-nutraingredientsusa-1-1-768x1086-1-724x1024.jpg 724w, https:\/\/www.omni-biotic.com\/it-it\/wp-content\/uploads\/sites\/5\/2023\/11\/usa-award-probioticoftheyear2021-cinstitutallergosan-nutraingredientsusa-1-1-768x1086-1.jpg 768w\" sizes=\"(max-width: 212px) 100vw, 212px\" \/><\/p><p id=\"caption-attachment-47158\" class=\"wp-caption-text\">Crediti fotografici \u00a9Institut AllergoSan \/ NutraIngredients USA<\/p><\/div><p><strong>NutraIngredients, negli Stati Uniti, una delle fonti pi\u00f9 accreditate del settore degli integratori di altissima qualit\u00e0, ha assegnato nel 2021 alla marca\u00a0<a href=\"https:\/\/www.omni-biotic.com\/it-it\/chi-siamo\/che-cose-omni-biotic\/\">OMNi-BiOTiC\u00ae<\/a>, il premio come miglior probiotico dell&#8217;anno [1].<\/strong><\/p><p><strong>AllergoSan USA<\/strong>\u00a0,\u00a0<strong>poco dopo la sua fondazione<\/strong>\u00a0avvenuta nel 2019, ha ricevuto il premio per il prodotto\u00a0<strong>OMNi-BiOTiC\u00ae STRESS Release<\/strong>, conosciuto nelle farmacie austriache con il nome di OMNi-BiOTiC\u00ae STRESS Repair.<\/p><p>Gli\u00a0<strong>Stati Uniti<\/strong>\u00a0nel\u00a0<strong>2021<\/strong>\u00a0hanno rappresentato uno dei\u00a0<strong>mercati pi\u00f9 grossi al mondo<\/strong>\u00a0nel settore degli\u00a0<strong>integratori alimentari<\/strong>. Nel 2019 Anita Frauwallner decise di portare la marca di probiotici\u00a0<a href=\"https:\/\/www.omni-biotic.com\/it-it\/i-nostri-prodotti\/omni-biotic\/\"><strong>OMNi-BiOTiC\u00ae<\/strong><\/a>, leader del mercato nelle farmacie di lingua tedesca, nella terra delle possibilit\u00e0 illimitate.<\/p><p>\u201cDopo il\u00a0<strong>primo anno<\/strong>\u00a0negli\u00a0<strong>Stati Uniti<\/strong>, fortemente segnato dalla pandemia, sono\u00a0<strong>davvero contenta<\/strong>\u00a0che la straordinaria\u00a0<strong>qualit\u00e0<\/strong>\u00a0e l\u2019efficacia dei nostri probiotici OMNi-BiOTiC\u00ae siano state riconosciute\u201d, spiega Anita Frauwallner, CEO dell\u2019Institut AllergoSan.<\/p><p>\u201cQuesto\u00a0<strong>premio<\/strong>\u00a0\u00e8 per noi un\u00a0<strong>punto di svolta<\/strong>\u00a0per il raggiungimento del nostro obiettivo: far conoscere\u00a0<a href=\"https:\/\/www.omni-biotic.com\/it-it\/chi-siamo\/che-cose-omni-biotic\/\"><strong>OMNi-BiOTiC\u00ae<\/strong><\/a>\u00a0a livello mondiale\u201d aggiunge Bernd Assinger, figlio di Anita Frauwallner, che insieme alla madre dirige l\u2019istituto.<\/p><p>Proprio in occasione del trentesimo anno di fondazione della nostra azienda, questo premio \u00e8 particolarmente importante non solo perch\u00e9 fa conoscere maggiormente<a href=\"https:\/\/www.omni-biotic.com\/it\/i-nostri-prodotti\/\"><strong>\u00a0OMNi-BiOTiC\u00ae<\/strong><\/a>\u00a0a livello internazionale, ma conferma anche l\u2019eccellenza del\u00a0<a href=\"https:\/\/www.omni-biotic.com\/it-it\/chi-siamo\/institut-allergosan\/ricerca-e-sviluppo\/\"><strong>lavoro di ricerca<\/strong><\/a>\u00a0che accompagna lo sviluppo dei nostri prodotti\u00a0<strong>da decine di anni<\/strong>. Grazie a collaborazioni con cliniche europee, leader del settore e ad una rete globale di esperti di microbioma, la nostra azienda \u00e8 stata in grado di sviluppare prodotti che sono stati nominati \u201cBenchmark tra i probiotici\u201d.<\/p><p>\u201cOMNi-BiOTiC\u00ae \u00e8 infatti diventata la marca di\u00a0<strong>probiotici numero 6 a livello mondiale<\/strong>\u00a0[2]. Questo riconoscimento ci d\u00e0 la forza per continuare nella nostra impresa, ovvero quella di far conoscere al mondo i nostri probiotici rilevanti dal punto di vista di medico e di divulgare la nostra filosofia legata alla marca OMNi-BiOTiC\u00ae\u201d spiega Anita Frauwallner, che non solo \u00e8 fondatrice dell<strong>\u2019Institut AllergoSan<\/strong>\u00a0ma anche attiva nella collaborazione con diverse organizzazioni che si occupano prevalentemente di medicina probiotica.<\/p><p>[1] https:\/\/www.nutraingredients-usa.com\/Article\/2021\/04\/27\/NutraIngredients-USA-Awards-2021-Winners-Revealed<\/p><p>[2] IQVATM Global OTC Insights \u2013 Local Currency Euro based on Public Price \u20acM, MAT 12\/2019, 03F1 PROBIOTICS DIGEST HEALTH\/ A7F ANTIDIARR MICRO-ORGANISM, IQVIA OTC audits (Excl.Venezuela).<\/p>\t\t\t\t\t\t\t\t<\/div>\n\t\t\t\t<\/div>\n\t\t\t\t\t<\/div>\n\t\t\t\t<\/div>\n\t\t<div class=\"elementor-element elementor-element-60b7f9a obcs none e-flex e-con-boxed e-con e-child\" data-id=\"60b7f9a\" data-element_type=\"container\">\n\t\t\t\t\t<div class=\"e-con-inner\">\n\t\t\t\t<div class=\"elementor-element elementor-element-c33681b elementor-widget elementor-widget-text-editor\" data-id=\"c33681b\" data-element_type=\"widget\" data-widget_type=\"text-editor.default\">\n\t\t\t\t<div class=\"elementor-widget-container\">\n\t\t\t\t\t\t\t\t\t<h2>L&#8217;innovazione premia nuovamente l&#8217;Institut AllergoSan<\/h2><h3><em>L\u2019istituto demoscopico \u201cmarket\u201d sottolinea la spinta innovativa del centro di competenza austriaco sul microbiota<\/em><\/h3><p>Graz, febbraio 2021<\/p><p><img loading=\"lazy\" decoding=\"async\" class=\"size-medium wp-image-22422 img-fluid alignright\" src=\"https:\/\/www.omni-biotic.com\/it-it\/wp-content\/uploads\/sites\/5\/2023\/11\/qualityaward-allergosan-final-768x768-1-300x300.jpg\" alt=\"Premio per la qualit\u00e0\" width=\"300\" height=\"300\" srcset=\"https:\/\/www.omni-biotic.com\/it-it\/wp-content\/uploads\/sites\/5\/2023\/11\/qualityaward-allergosan-final-768x768-1-300x300.jpg 300w, https:\/\/www.omni-biotic.com\/it-it\/wp-content\/uploads\/sites\/5\/2023\/11\/qualityaward-allergosan-final-768x768-1-150x150.jpg 150w, https:\/\/www.omni-biotic.com\/it-it\/wp-content\/uploads\/sites\/5\/2023\/11\/qualityaward-allergosan-final-768x768-1.jpg 768w\" sizes=\"(max-width: 300px) 100vw, 300px\" \/><\/p><p>Poco dopo il lancio di<strong>\u00a0OMNi-BiOTiC\u00ae Pro-Vi\u00a05<\/strong>,\u00a0<strong>novit\u00e0 mondiale<\/strong>\u00a0in linea con il tema del momento Covid-19, l\u2019Institut AllergoSan torna a fare notizia. Alla serie di<strong>\u00a0prestigiosi riconoscimenti internazionali<\/strong>, come il\u00a0<strong>Nicolas Hall Award,<\/strong>\u00a0ottenuto per il\u00a0<strong>prodotto OTC pi\u00f9 innovativo d\u2019Europa\u00a0<\/strong>(OMNi-BiOTiC\u00ae Hetox), l\u2019azienda austriaca aggiunge il\u00a0<em>Business Excellence Quality Award Innovation<\/em>\u00a0attribuitole da uno dei pi\u00f9\u00a0<strong>autorevoli istituti demoscopici d\u2019Austria.<\/strong><\/p><p>Nel 2020, l\u2019istituto \u201cmarket\u201d aveva condotto un\u2019indagine di settore su varie\u00a0<strong>imprese farmaceutiche,<\/strong>\u00a0chiedendo a\u00a0<strong>titolari di farmacie austriache<\/strong>\u00a0una valutazione professionale su un vasto catalogo di criteri. Da qui \u00e8 scaturito un ritratto dettagliato delle aziende valutate e le prime\u00a0<strong>tre classificate<\/strong>\u00a0sono state insignite del\u00a0<strong>Market Business Excellence Quality Award<\/strong>.<\/p><p><em>&#8220;Considerata la valutazione complessiva delle 94 farmacie intervistate, l\u2019Institut AllergoSan ha ottenuto un ottimo piazzamento&#8221;,\u00a0<\/em>ha commentato un portavoce di\u00a0<em>market<\/em>.<\/p><p>L\u2019<strong><a href=\"https:\/\/www.omni-biotic.com\/it\/institut-allergosan-chi-siamo\/\">Institut AllergoSan<\/a>\u00a0<\/strong>si \u00e8 visto attribuire nelle singole categorie\u00a0<strong>il punteggio massimo da oltre il 90% dei partecipanti al sondaggio<\/strong>.<\/p><p>&#8220;<em>Il conferimento del \u201cBusiness Excellence Quality Award Innovation 2020&#8243;, dovuto in particolare al nostro marchio OMNi-BiOTiC\u00ae, ci riempie di orgoglio. Lo interpretiamo come un nuovo, importante riconoscimento del nostro infaticabile impegno nella ricerca sui probiotici, che gi\u00e0 ci ha valso la stima della comunit\u00e0 internazionale, e come valorizzazione delle innovazioni nel campo della prevenzione e della terapia che ne conseguono<\/em>\u00bb, ha affermato Anita Frauwallner, CEO dell\u2019Institut AllergoSan.<\/p>\t\t\t\t\t\t\t\t<\/div>\n\t\t\t\t<\/div>\n\t\t\t\t\t<\/div>\n\t\t\t\t<\/div>\n\t\t<div class=\"elementor-element elementor-element-78a1ea4 obcs none e-flex e-con-boxed e-con e-child\" data-id=\"78a1ea4\" data-element_type=\"container\">\n\t\t\t\t\t<div class=\"e-con-inner\">\n\t\t\t\t<div class=\"elementor-element elementor-element-1211f89 elementor-widget elementor-widget-text-editor\" data-id=\"1211f89\" data-element_type=\"widget\" data-widget_type=\"text-editor.default\">\n\t\t\t\t<div class=\"elementor-widget-container\">\n\t\t\t\t\t\t\t\t\t<h2>Il probiotico mostra il suo potenziale e diventa sinonimo di energia e benessere emotivo<\/h2><p>Graz, novembre 2021. Durante un&#8217;analisi situazionale, avvenuta in Croazia, \u00e8 stato studiato\u00a0<strong>l&#8217;effetto dei probiotici<\/strong>\u00a0su 558 medici e farmacisti colpiti da\u00a0<strong>stress psicologico.\u00a0<\/strong>I risultati dimostrano chiaramente che una speciale\u00a0<strong>combinazione di ceppi batterici probiotici<\/strong>\u00a0\u00e8 il giusto\u00a0<strong>sostentamento\u00a0<\/strong>per il nostro\u00a0<strong>sistema nervoso<\/strong>\u00a0e pu\u00f2 influenzare in modo positivo sia il nostro apporto di energia che il nostro stato d&#8217;animo. Infatti, soprattutto per il\u00a0<strong>personale sanitario,<\/strong>\u00a0la pandemia Covid 19 ha rappresentato e rappresenta tutt\u2019ora, una fonte di enorme stress psicologico. Per questo motivo, durante un&#8217;analisi situazionale effettuata dall<strong>&#8216;<\/strong><strong>Institut AllergoSan,<\/strong>\u00a0\u00e8 stato analizzato l&#8217;effetto di un\u00a0<strong>probiotico\u00a0<\/strong>in base agli indicatori di stress psicologico<strong>,<\/strong>\u00a0che agisce in modo specifico sull&#8217;<strong><a href=\"https:\/\/www.omni-biotic.com\/it-it\/la-salute-dellintestino\/intestino-e-salute\/asse-intestino-cervello\/\">asse intestino-cervello<\/a>.<\/strong>\u00a0Questo studio \u00e8 stato condotto durante la pandemia COVID 19 e vi hanno preso parte 558 medici e farmacisti. L&#8217;analisi, fino ad oggi non ancora pubblicata, mostra risultati eccezionali: dopo sole due settimane di assunzione del\u00a0<a href=\"https:\/\/www.omni-biotic.com\/it-it\/la-salute-dellintestino\/intestino-e-salute\/probiotici\/\"><strong>probiotico<\/strong><\/a>, l&#8217;83% dei partecipanti ha riscontrato una diminuzione dei disturbi riguardanti lo stomaco e l&#8217;intestino. Inoltre, \u00e8 emersa una chiara diminuzione della stanchezza psico-fisica, del nervosismo e dell\u2019insorgere della frustrazione. Al contrario \u00e8 stato riscontrato un significativo aumento dei livelli di energia. Quest&#8217;analisi situazionale conferma chiaramente l&#8217;<strong>effetto positivo della flora intestinale sulla salute mentale<\/strong>, sulle emozioni e sul comportamento e sottolinea l&#8217;importanza di un microbioma intatto, specialmente in situazioni di forte stress psicologico.<\/p><h3>Intestino e cervello- comunicazione diretta!<\/h3><p>La\u00a0<strong>comunicazione tra intestino e cervello<\/strong>\u00a0avviene attraverso l&#8217;asse \u201c<strong>intestino-cervello<\/strong>\u201d\u00a0e viene decisamente influenzata dalla\u00a0<\/p><p>I batteri intestinali rilasciano metaboliti e influenzano l&#8217;incremento della produzione di ormoni come la serotonina, la quale pu\u00f2\u00a0<strong>alterare<\/strong><strong>\u00a0sia il<\/strong>\u00a0comportamento che l&#8217;<strong>umore<\/strong>. Dall&#8217;altra parte lo stress cronico pu\u00f2 portare ad un&#8217;<strong>alterazione della flora intestinale<\/strong>\u00a0fino al danneggiamento della mucosa intestinale. Una barriera intestinale alterata pu\u00f2 portare ad una condizione di \u201cleaky gut\u201d, ovvero \u201c<a href=\"https:\/\/www.omni-biotic.com\/it-it\/problemi-intestinali\/leaky-gut\/\"><strong>intestino bucato<\/strong>\u201d<\/a>, rendendo l\u2019intestino permeabile ad agenti patogeni, a tossine e ad altri additivi alimentari (coloranti, emulsionanti ecc.) che finiscono nell&#8217;apparato circolatorio e possono provocare una\u00a0<strong>reazione allergica<\/strong>\u00a0nel\u00a0<strong>corpo<\/strong>. L&#8217;asse intestino-cervello \u00e8 un importante approccio che nell\u2019ambito dello sviluppo di nuove strategie terapeutiche per le malattie mentali \u00e8 promettente e senza effetti collaterali. Lo sa bene\u00a0<strong>l&#8217;esperta di salute dell&#8217;intestino Anita Frauwallner:<\/strong>\u00a0\u201cUna speciale combinazione di batteri, accuratamente selezionata, non solo \u00e8 in grado di riportare l&#8217;equilibrio emotivo in situazioni stressanti ed impegnative ma pu\u00f2 anche favorire il nostro benessere. Sono proprio queste eccellenti caratteristiche dei nostri abitanti dell&#8217;intestino, scientificamente provate, che mi hanno spinta a dedicare la mia vita ai batteri che abitano il nostro corpo\u201d.<\/p>\t\t\t\t\t\t\t\t<\/div>\n\t\t\t\t<\/div>\n\t\t\t\t\t<\/div>\n\t\t\t\t<\/div>\n\t\t<div class=\"elementor-element elementor-element-9d50428 obcs none e-flex e-con-boxed e-con e-child\" data-id=\"9d50428\" data-element_type=\"container\">\n\t\t\t\t\t<div class=\"e-con-inner\">\n\t\t\t\t<div class=\"elementor-element elementor-element-877f6fc elementor-widget elementor-widget-text-editor\" data-id=\"877f6fc\" data-element_type=\"widget\" data-widget_type=\"text-editor.default\">\n\t\t\t\t<div class=\"elementor-widget-container\">\n\t\t\t\t\t\t\t\t\t<div class=\"csc-header csc-header-n20\"><h2>OMNi-BiOTiC\u00ae\u00a06 compie 25\u00a0anni!<\/h2><h3>Dal 1995 al servizio del vostro benessere quotidiano<\/h3><\/div><p><em>Lo sperimentato probiotico OMNi-BiOTiC\u00ae\u00a06 <\/em>\u00a0<em>compie 25\u00a0anni!<\/em><\/p><p><em>\u00c8 passato un quarto di secolo\u00a0<\/em>da quando la <a href=\"https:\/\/www.omni-biotic.com\/it-it\/blog\/i-batteri-sono-la-mia-vita-intervista-ad-anita-frauwallner\/\"><strong><em>Prof.ssa Anita Frauwallner<\/em><\/strong><\/a><em>\u00a0mise a punto il primo\u00a0<\/em><strong><em>probiotico multi-specie<\/em><\/strong><em>,<\/em><em>\u00a0ponendo una pietra miliare nel campo della salute intestinale. Milioni di clienti oggi beneficiano tutti i giorni degli effetti positivi di\u00a0<\/em><a href=\"https:\/\/shop.omni-biotic.com\/it-it\/products\/omni-biotic-6-it-99104\"><strong><em>OMNi-BiOTiC\u00ae\u00a06<\/em><\/strong><\/a><em>.<\/em><\/p><p><em style=\"text-align: center;color: var( --e-global-color-text );background-color: inherit;font-family: var( --e-global-typography-text-font-family ), -apple-system,BlinkMacSystemFont,Segoe UI,Roboto,Helvetica Neue,Arial,Noto Sans,sans-serif;font-size: var( --e-global-typography-text-font-size );font-weight: var( --e-global-typography-text-font-weight );letter-spacing: var( --e-global-typography-text-letter-spacing );text-transform: var( --e-global-typography-text-text-transform )\">Venticinque anni fa l\u2019esperta di salute intestinale, la Dott.ssa Anita Frauwallner, svilupp\u00f2 il primo probiotico multispecie: OMNi-BiOTiC\u00ae 6<\/em><\/p><p>Ormai trent\u2019anni fa, quando suo marito mor\u00ec di cancro del colon-retto, la<strong><a href=\"https:\/\/www.omni-biotic.com\/it-it\/blog\/i-batteri-sono-la-mia-vita-intervista-ad-anita-frauwallner\/\"> Prof.ssa Anita Frauwallner<\/a><\/strong>\u00a0inizi\u00f2 a occuparsi di intestino e dell\u2019insieme dei microrganismi che lo popolano.<\/p><p>All&#8217;epoca, la\u00a0<a href=\"https:\/\/www.omni-biotic.com\/it-it\/la-salute-dellintestino\/intestino-e-salute\/microbioma\/\">ricerca sul microbiota intestinale<\/a>\u00a0(comunemente detto flora batterica) stava muovendo i primi passi. &#8220;Sono stata derisa da pi\u00f9 parti&#8221;, racconta la Dott.ssa Frauwallner, &#8220;ma avevo capito l&#8217;importanza di una<strong>\u00a0flora intestinale<\/strong>\u00a0sana per la nostra salute ed ero convinta che l&#8217;assunzione di\u00a0<a href=\"https:\/\/www.omni-biotic.com\/it-it\/la-salute-dellintestino\/intestino-e-salute\/probiotici\/\"><strong>probiotici<\/strong><\/a>\u00a0di alta qualit\u00e0 potesse creare un valore aggiunto enorme. Un\u2019ipotesi che nel frattempo \u00e8 stata confermata da migliaia di studi.&#8221; A motivare fortemente la dottoressa Frauwallner \u00e8 stato l&#8217;obiettivo di rafforzare il\u00a0<strong>fondamento della salute<\/strong>\u00a0dell&#8217;organismo umano attraverso i mezzi che la natura ci ha messo a disposizione.<\/p><h3>OMNi-BiOTiC\u00ae 6: il primo probiotico multi-specie<\/h3><p>Dalle ricerche della Dott.ssa Frauwallner, unite alla sua lungimiranza e al suo coraggio, nacque venticinque anni fa <a href=\"https:\/\/shop.omni-biotic.com\/it-it\/products\/omni-biotic-6-it-99104\"><strong>OMNi-BiOTiC\u00ae\u00a06<\/strong><\/a>, il primo probiotico multi-specie. I\u00a0<a href=\"https:\/\/www.omni-biotic.com\/it\/intestino-e-salute\/probiotici-prebiotici\/\"><strong>probiotici<\/strong><\/a>\u00a0sono preparati che permettono di assumere oralmente\u00a0<strong>batteri<\/strong>\u00a0utili alla nostra salute e gi\u00e0 presenti nell\u2019intestino umano. L\u2019elemento rivoluzionario di\u00a0<strong>OMNi-BiOTiC\u00ae\u00a06<\/strong>\u00a0sta nel fatto di essere riusciti a coniugare in un unico prodotto\u00a0<strong>pi\u00f9 ceppi di batteri benefici<\/strong>\u00a0allo scopo di sfruttarne le sinergie intercorrenti. In altre parole, i batteri in esso contenuti sono organizzati in\u00a0<strong>squadre<\/strong>, proprio come avviene nella realt\u00e0 fra le centinaia di ceppi batterici naturalmente presenti nel nostro intestino.\u00a0<strong>OMNi-BiOTiC\u00ae\u00a06<\/strong>\u00a0contiene\u00a0<strong>fermenti lattici probiotici\u00a0<\/strong>come quelli gi\u00e0 presenti in natura nell\u2019intestino di ogni essere umano. Questi fermenti non solo si insediano in ogni parte dell\u2019intestino, bens\u00ec sono addirittura in grado, se necessario, di trasmettere le proprie\u00a0<strong>caratteristiche\u00a0<\/strong>ad altri batteri tramite un trasferimento genico orizzontale, a grande beneficio dell\u2019organismo ospite.<\/p><h3>Da ditta individuale a principale centro di competenza per la ricerca sul microbiota<\/h3><p>Pochi anni dopo l\u2019innovativo lancio dei probiotici multi-specie, l&#8217;approccio si era gi\u00e0 radicato in tutta l\u2019area di lingua tedesca, e ci\u00f2 segn\u00f2 naturalmente anche l\u2019inizio dell\u2019inarrestabile successo del marchio\u00a0<strong>OMNi-BiOTiC\u00ae<\/strong>.<strong>\u00a0Anita Frauwallner<\/strong>\u00a0avvi\u00f2 progetti di\u00a0<strong>cooperazione nel campo della ricerca<\/strong>\u00a0fra la sua impresa, l\u2019Institut AllergoSan, e cliniche universitarie di fama internazionale da cui derivano studi sui probiotici multispecie di rilevanza mondiale.<\/p><p>Nel corso degli ultimi venticinque anni<strong>\u00a0<\/strong>sono stati sviluppati numerosi probiotici di altissima qualit\u00e0 a marchio\u00a0<strong>OMNi-BiOTiC\u00ae<\/strong>, studiati per rispondere a diverse esigenze specifiche e inequivocabilmente attestati nei loro effetti positivi da studi scientifici di alto livello. &#8220;Sapere che la qualit\u00e0 dei nostri prodotti aiuta innumerevoli persone a riconquistare la propria gioia di vivere ci sprona ogni giorno a dare il meglio&#8221;, afferma la Dott.ssa Frauwallner. Oggi, l\u2019<a href=\"https:\/\/www.omni-biotic.com\/it\/institut-allergosan-chi-siamo\/\"><strong>Institut AllergoSan<\/strong><\/a>\u00a0\u00e8 uno dei\u00a0<strong>centri di competenza<\/strong>\u00a0leader a livello mondiale nel settore della\u00a0<a href=\"https:\/\/www.omni-biotic.com\/it\/ricerca-sviluppo\/\"><strong>ricerca sul microbiota<\/strong><\/a><strong>.\u00a0<\/strong>Anita Frauwallner \u00e8 un\u2019esperta accreditata sulla scena internazionale, oltre che una relatrice molto richiesta quando si tratta di salute intestinale. Il marchio\u00a0<strong>OMNi-BiOTiC\u00ae<\/strong>\u00a0rappresenta inoltre il numero 1 nel mercato dei probiotici in Austria e Germania.*<\/p><h3>OMNi-BiOTiC\u00ae\u00a06: il campione di versatilit\u00e0 per il tuo intestino<\/h3><div id=\"attachment_31644\" class=\"wp-caption alignright\"><p id=\"caption-attachment-31644\" class=\"wp-caption-text\"><em>Col passare del tempo il design di OMNi-BiOTiC\u00ae 6 \u00e8 stato modernizzato, ma l\u2019innovativa combinazione dei 6 ceppi probiotici di origine umana resta invariata e sempre al passo coi tempi anche dopo venticinque anni.<br \/><\/em><\/p><p><img loading=\"lazy\" decoding=\"async\" class=\"size-medium wp-image-22427 img-fluid\" src=\"https:\/\/www.omni-biotic.com\/it-it\/wp-content\/uploads\/sites\/5\/2023\/11\/6-omni-biotic-6-designs-alt-neu-kurz-768x768-1-300x300.png\" alt=\"OMNi-BiOTiC\u00ae 6_Nuova e vecchia confezione\" width=\"300\" height=\"300\" srcset=\"https:\/\/www.omni-biotic.com\/it-it\/wp-content\/uploads\/sites\/5\/2023\/11\/6-omni-biotic-6-designs-alt-neu-kurz-768x768-1-300x300.png 300w, https:\/\/www.omni-biotic.com\/it-it\/wp-content\/uploads\/sites\/5\/2023\/11\/6-omni-biotic-6-designs-alt-neu-kurz-768x768-1-150x150.png 150w, https:\/\/www.omni-biotic.com\/it-it\/wp-content\/uploads\/sites\/5\/2023\/11\/6-omni-biotic-6-designs-alt-neu-kurz-768x768-1.png 768w\" sizes=\"(max-width: 300px) 100vw, 300px\" \/><\/p><\/div><p><a href=\"https:\/\/shop.allergosan.com\/it\/prodotto\/omni-biotic-6\/\" rel=\"noopener\"><strong>OMNi-BiOTiC\u00ae 6<\/strong><\/a>\u00a0resta uno dei prodotti pi\u00f9 conosciuti e amati di questo marchio di\u00a0<strong><a href=\"https:\/\/www.omni-biotic.com\/it\/ricerca-sviluppo\/criteri-qualitativi\/\">qualit\u00e0<\/a><\/strong>. Si tratta di un vero e proprio prodotto versatile in grado di favorire l&#8217;equilibrio intestinale e adatto per tutti i giorni e tutte le fasce di et\u00e0. Si consiglia di assumere\u00a0<a href=\"https:\/\/shop.allergosan.com\/it\/prodotto\/omni-biotic-6\/\" rel=\"noopener\"><strong>OMNi-BiOTiC\u00ae 6<\/strong><\/a>\u00a0tutti i giorni, specialmente per i periodi in cui il\u00a0<a href=\"https:\/\/www.omni-biotic.com\/it\/intestino-e-salute\/sistema-immunitario-2\/\"><strong>sistema immunitario<\/strong><\/a>\u00a0\u00e8 chiamato a dare il meglio di s\u00e9, proprio per il suo stretto contatto con l&#8217;intestino. I nostri batteri formano un&#8217;importante barriera protettiva, la quale impedisce a germi patogeni e tossine di entrare nel sangue. Va inoltre sottolineato che l&#8217;<strong>80%\u00a0<\/strong>di tutte le\u00a0<strong>cellule immunitarie<\/strong>\u00a0risiede proprio nell&#8217;intestino. OMNi-BiOTiC\u00ae 6 \u00e8 indicato anche per le donne in gravidanza e pu\u00f2 essere somministrato ai beb\u00e8 a partire dal primo anno di vita. Per i bambini di et\u00e0 compresa tra 1-3 anni si consiglia di dimezzare la dose, mentre\u00a0<strong>a partire dai 3 anni<\/strong>\u00a0si pu\u00f2 somministrare gi\u00e0 la dose prevista per gli adulti.<\/p><p>*Fonte: IQVIA MAT 06\/2020<\/p>\t\t\t\t\t\t\t\t<\/div>\n\t\t\t\t<\/div>\n\t\t\t\t\t<\/div>\n\t\t\t\t<\/div>\n\t\t<div class=\"elementor-element elementor-element-04b6a59 obcs none e-flex e-con-boxed e-con e-child\" data-id=\"04b6a59\" data-element_type=\"container\">\n\t\t\t\t\t<div class=\"e-con-inner\">\n\t\t\t\t<div class=\"elementor-element elementor-element-663e2c6 elementor-widget elementor-widget-text-editor\" data-id=\"663e2c6\" data-element_type=\"widget\" data-widget_type=\"text-editor.default\">\n\t\t\t\t<div class=\"elementor-widget-container\">\n\t\t\t\t\t\t\t\t\t<h2>Graz: l&#8217;Institut AllergoSan sempre pi\u00f9 presente sul mercato estero<\/h2><h4>OMNi-BiOTiC\u00ae tra i prodotti top del mondo contenti batteri intestinali<\/h4><p>Graz, giugno 2021<\/p><p><img loading=\"lazy\" decoding=\"async\" class=\"img-fluid wp-image-22459 alignleft\" src=\"https:\/\/www.omni-biotic.com\/it-it\/wp-content\/uploads\/sites\/5\/2023\/11\/201711-institutallergosan-magfrauwallner-magassinger-c-wolfganghummercom-scaled-2-768x1151-1-200x300.jpg\" alt=\"Anita Frauwallner_Assinger\" width=\"260\" height=\"391\" srcset=\"https:\/\/www.omni-biotic.com\/it-it\/wp-content\/uploads\/sites\/5\/2023\/11\/201711-institutallergosan-magfrauwallner-magassinger-c-wolfganghummercom-scaled-2-768x1151-1-200x300.jpg 200w, https:\/\/www.omni-biotic.com\/it-it\/wp-content\/uploads\/sites\/5\/2023\/11\/201711-institutallergosan-magfrauwallner-magassinger-c-wolfganghummercom-scaled-2-768x1151-1-683x1024.jpg 683w, https:\/\/www.omni-biotic.com\/it-it\/wp-content\/uploads\/sites\/5\/2023\/11\/201711-institutallergosan-magfrauwallner-magassinger-c-wolfganghummercom-scaled-2-768x1151-1.jpg 768w\" sizes=\"(max-width: 260px) 100vw, 260px\" \/><\/p><p><strong>Quando, 30 anni fa<\/strong>, Anita Frauwallner inizi\u00f2 ad occuparsi di\u00a0<a href=\"https:\/\/www.omni-biotic.com\/it\/intestino-e-salute\/il-miracolo-intestino\/\"><strong>batteri intestinali<\/strong><\/a>, nessuno avrebbe mai pensato, che la marca\u00a0<a href=\"https:\/\/www.omni-biotic.com\/it-it\/chi-siamo\/che-cose-omni-biotic\/\"><strong>OMNi-BiOTiC\u00ae<\/strong><\/a>, da lei concepita, potesse diventare nel 2021 la marca\u00a0<strong>numero 1 nelle farmacie<\/strong>\u00a0europee di lingua germanofona e una delle top marche a livello mondiale del settore probiotico. Nuove sedi negli\u00a0<strong>Stati Uniti<\/strong>, in\u00a0<strong>Italia<\/strong>, in\u00a0<strong>Croazia<\/strong>\u00a0cos\u00ec come nuovi partner commerciali in molte altre nazioni dalla Bulgaria a Taiwan, sono la prova tangibile del successo inarrestabile che dall&#8217;Austria si espande verso l&#8217;estero. &#8220;L&#8217;interesse verso i nostri probiotici, di\u00a0<strong>eccellente qualit\u00e0,<\/strong>\u00a0non \u00e8 mai stato cos\u00ec considerevole&#8221;, spiega Christian Gs\u00f6ll, Director Business Development dell&#8217;Institut AllergoSan. &#8220;Non solo gli eccellenti dati clinici lo dimostrano ma anche l&#8217;effetto positivo, immediato e tangibile sono temi che entusiasmano molte persone e molti partner commerciali di tutte le nazioni&#8221;, sottolinea Cornelia Schweinzer responsabile per le International Business Relations. Infatti, siamo appena rientrati dalla pi\u00f9 grande fiera del settore sanitario del Medio Oriente, la\u00a0<strong>Arab Health<\/strong>\u00a0e la nostra agenda \u00e8 gi\u00e0 ricca di nuovi contatti, interessati al nostro lavoro, dall&#8217;Africa all&#8217;Asia.<\/p><p><strong>I 14 Probiotici<\/strong>\u00a0della marca OMNi-BiOTiC\u00ae rappresentano a livello mondiale una delle gamme pi\u00f9 complete del settore. Questo testimonia il potere innovativo dell&#8217;Institut AllergoSan: in qualit\u00e0 di\u00a0<a href=\"https:\/\/www.omni-biotic.com\/it-it\/chi-siamo\/institut-allergosan\/ricerca-e-sviluppo\/\"><strong>centro di competenza nella ricerca sul microbioma<\/strong>\u00a0<\/a>e grazie alla sua rete globale di numerose cliniche e ricercatori, leader nel settore della gastroenterologia, occupa una posizione di rilievo. Grazie a ci\u00f2 l\u2019<strong>Institut AllergoSan<\/strong>\u00a0concepisce prodotti innovativi che godono dello\u00a0<strong>State of the Art<\/strong>\u00a0(stato dell\u2019arte) in questo settore, confermato anche dalla nomination per\u00a0<strong>i tre miglior probiotici dell&#8217;anno<\/strong>, da parte di NutraIngredients, negli Stati Uniti.<\/p><p>Anita Frauwallner ha come missione quella di rendere\u00a0<a href=\"https:\/\/www.omni-biotic.com\/it\/intestino-e-salute\/probiotici-prebiotici\/\"><strong>probiotici<\/strong><\/a>\u00a0rilevanti dal punto di vista medico, come\u00a0<strong>parte integrante<\/strong>\u00a0e stabile del sistema sanitario, in modo che essi possano essere accessibili a tutti. &#8220;Da 30 anni ci concentriamo sulla ricerca e sullo sviluppo di prodotti derivati da sostanze naturali come batteri probiotici, estratti vegetali e minerali, con l&#8217;obiettivo di mantenere e\/o ristabilire la<strong>\u00a0salute del prossimo.<\/strong> Infatti, perseguiamo l\u2019obiettivo di rafforzare il fondamento della salute dell&#8217;organismo umano a scopo preventivo, ricorrendo a tal fine ai mezzi che la natura ci ha messo a disposizione\u201d, spiega la Prof.ssa Frauwallner. \u201cIl nostro intento, nell\u2019immediato futuro, \u00e8 quello di rendere <strong>OMNi-BiOTiC\u00ae<\/strong>\u00a0disponibile a livello globale\u201d.<\/p><p>\u201cSiamo davvero sulla buona strada per raggiungere questo obiettivo!\u201d continua Bernd Assinger, figlio della Prof.ssa Frauwallner, che insieme alla madre <strong>dirige<\/strong>\u00a0l&#8217;istituto. L&#8217;Institut AllergoSan ha preso parte a circa\u00a0<a href=\"https:\/\/www.omni-biotic.com\/it-it\/chi-siamo\/studi-scientifici\/\"><strong>100 studi clinici<\/strong>\u00a0<\/a>che hanno creato una buona base, anche in prospettiva futura, per affermarsi sul mercato mondiale attraverso ulteriori innovazioni.<\/p><p>\u201cLa nostra storia, iniziata 30 anni fa, ha infuso coraggio a molti fondatori del settore sanitario che hanno capito che con l&#8217;approccio giusto, la giusta idea e soprattutto il giusto entusiasmo, anche in questo mercato decisamente competitivo, si pu\u00f2 realizzare, anche a livello internazionale, qualcosa di eccezionale\u201d riassume Anita Frauwallner, CEO dell&#8217;Institut AllergoSan.<\/p>\t\t\t\t\t\t\t\t<\/div>\n\t\t\t\t<\/div>\n\t\t\t\t\t<\/div>\n\t\t\t\t<\/div>\n\t\t<div class=\"elementor-element elementor-element-e1e5ddd obcs none e-flex e-con-boxed e-con e-child\" data-id=\"e1e5ddd\" data-element_type=\"container\">\n\t\t\t\t\t<div class=\"e-con-inner\">\n\t\t\t\t<div class=\"elementor-element elementor-element-c343db9 elementor-widget elementor-widget-text-editor\" data-id=\"c343db9\" data-element_type=\"widget\" data-widget_type=\"text-editor.default\">\n\t\t\t\t<div class=\"elementor-widget-container\">\n\t\t\t\t\t\t\t\t\t<h2 class=\"csc-header csc-header-n20\">L&#8217;Institut AllergoSan presenta il triathlon OMNi-BiOTiC\u00ae ApfelLand 2021 presso il lago di Stubenberg<\/h2><p>Graz, febbraio 2021<\/p><p><strong>Il triathlon OMNi-BiOTiC\u00ae ApfelLand 2021 ha luogo il 19 e il 20 giugno presso il lago di Stubenberg, in Stiria. Il lago di Stubenberg, grazie alla sua superficie di 400.000 m2, \u00e8 il lago pi\u00f9 grande di tutta la Stiria orientale e offre lo scenario ideale per ospitare un evento sportivo al quale partecipano atleti fuori classe.<\/strong><\/p><p><img loading=\"lazy\" decoding=\"async\" class=\"img-fluid aligncenter wp-image-22472 size-full\" src=\"https:\/\/www.omni-biotic.com\/it-it\/wp-content\/uploads\/sites\/5\/2023\/11\/bild2-20210225-pk-ob-triathlon-stubenbergsee-768x512-1.jpg\" alt=\"OMNi-BiOTiC\u00ae ApfelLand_Triathlon 2021\" width=\"768\" height=\"512\" srcset=\"https:\/\/www.omni-biotic.com\/it-it\/wp-content\/uploads\/sites\/5\/2023\/11\/bild2-20210225-pk-ob-triathlon-stubenbergsee-768x512-1.jpg 768w, https:\/\/www.omni-biotic.com\/it-it\/wp-content\/uploads\/sites\/5\/2023\/11\/bild2-20210225-pk-ob-triathlon-stubenbergsee-768x512-1-300x200.jpg 300w\" sizes=\"(max-width: 768px) 100vw, 768px\" \/><\/p><p>\u00a0<\/p><p style=\"text-align: center\"><span style=\"text-align: center;color: var( --e-global-color-text );background-color: inherit;font-family: var( --e-global-typography-text-font-family ), -apple-system,BlinkMacSystemFont,Segoe UI,Roboto,Helvetica Neue,Arial,Noto Sans,sans-serif;font-size: var( --e-global-typography-text-font-size );font-style: var( --e-global-typography-text-font-style );font-weight: var( --e-global-typography-text-font-weight );letter-spacing: var( --e-global-typography-text-letter-spacing );text-transform: var( --e-global-typography-text-text-transform )\">Crediti fotografici: \u00a9Institut AllergoSan foto di gruppo, Persone v.l.n.r. Christian Nindl (Institut AllergoSan), sindaco, Ing. Alexander Allmer (Comune di Stubenberg), Johann Lindner (direttore tecnico di gara).<\/span><\/p><p>\u00a0<\/p><p>\u201cAll for the athletes\u201d (tutto per gli atleti) \u00e8 il motto del triathlon OMNi-BiOTiC\u00ae ApfelLand.<\/p><p>L\u2019obiettivo principale dell&#8217;evento e della\u00a0<strong>collaborazione<\/strong>\u00a0tra il giudice di gara Johann Lindner,\u00a0<a href=\"https:\/\/www.omni-biotic.com\/it-it\/chi-siamo\/che-cose-omni-biotic\/\"><strong>OMNi-BiOTiC\u00ae<\/strong><\/a>\u00a0e il responsabile del progetto Christian Nindl, \u00e8, a lungo termine, far diventare questo evento\u00a0<strong>\u201csenza scopo di lucro\u201d<\/strong>, la gara di corsa pi\u00f9 remunerativa, nella disciplina del triathlon a livello europeo. Inoltre, al termine del programma, il team responsabile dell&#8217;organizzazione della gara render\u00e0 pubbliche tutte le entrate e le uscite e restituir\u00e0 all\u2019evento e quindi anche agli atleti, ogni euro rimasto.<\/p><p>Diverse\u00a0<strong>distanze<\/strong>\u00a0attendono i partecipanti (triathlon sprint, triathlon olimpico, company triathlon e triathlon medio) e il\u00a0<strong>pezzo forte<\/strong>\u00a0dell\u2019evento sar\u00e0 un\u00a0<strong>viaggio per 2 persone<\/strong>\u00a0all&#8217;Ironman Hawaii che verr\u00e0 estratto tra tutti gli atleti. Se l&#8217;evento potr\u00e0 ospitare spettatori in loco, non \u00e8 ancora dato saperlo, a causa della situazione attuale inerente al covid, ma ad ogni modo, la corsa sar\u00e0 trasmessa live, domenica\u00a0<strong>20 giugno 2021<\/strong>\u00a0su diversi canali di comunicazione.<\/p><p>Tri-Atleti e partecipanti di successo al Triathlon ApfelLand come\u00a0<strong>Simone Kumhofer<\/strong>\u00a0e\u00a0<strong>Christoph Schlagbauer<\/strong>\u00a0si affidano da anni ad\u00a0<a href=\"https:\/\/www.omni-biotic.com\/it-it\/chi-siamo\/che-cose-omni-biotic\/\"><strong>OMNi-BiOTiC\u00ae.\u00a0<\/strong><\/a>Sono anche membri dell&#8217;omonimo\u00a0<strong>Power Team<\/strong>, che ha gi\u00e0 ottenuto diversi successi e, tra le altre cose, ha anche vinto la corsa \u201cJagdrennen\u201d (\u201cprova a prendermi\u201d) durante il Triathlon d\u2019Austria, l&#8217;anno scorso.<\/p><p>Perch\u00e9<strong>\u00a0OMNi-BiOTiC\u00ae, marca numero 1 in Austria,<\/strong>\u00a0si dedichi alle discipline sportive come il triathlon, lo spiega l&#8217;<strong>esperta di salute dell&#8217;intestino e CEO Anita Frauwallner<\/strong>: \u201cProprio per gli sport di resistenza e per gli atleti che costantemente testano i propri limiti, un intestino in salute gioca un ruolo fondamentale. Infatti, solo con un intestino in equilibrio, centro della salute, si pu\u00f2 rendere al massimo\u201d.<\/p><p><strong>Maggiori informazioni &amp; iscrizione al triathlon su:https:\/\/www.apfel-tri.co<\/strong><\/p><p><strong>Sbirciamo dietro le quinte del Team OMNi-BiOTiC\u00ae POWER:\/\/www.facebook.com\/omnibioticpowerteam<\/strong><\/p><p><strong>Trailer del triathlon OMNi-BiOTiC\u00ae ApfelLand 2021: https:\/\/vimeo.com\/485924047\/dc758ff18c<\/strong><\/p><p>Contributi video: \u00a9Institut AllergoSan<\/p>\t\t\t\t\t\t\t\t<\/div>\n\t\t\t\t<\/div>\n\t\t\t\t\t<\/div>\n\t\t\t\t<\/div>\n\t\t<div class=\"elementor-element elementor-element-a47f61a obcs none e-flex e-con-boxed e-con e-child\" data-id=\"a47f61a\" data-element_type=\"container\">\n\t\t\t\t\t<div class=\"e-con-inner\">\n\t\t\t\t<div class=\"elementor-element elementor-element-278cbeb elementor-widget elementor-widget-text-editor\" data-id=\"278cbeb\" data-element_type=\"widget\" data-widget_type=\"text-editor.default\">\n\t\t\t\t<div class=\"elementor-widget-container\">\n\t\t\t\t\t\t\t\t\t<h2>Vi presentiamo la squadra di Triathlon OMNi-BiOTiC\u00ae POWER<\/h2><p><em>Gli atleti che praticano agonismo e in particolare sport di resistenza, riscontrano spesso problemi di digestione e una maggiore predisposizione a contrarre infezioni e ci\u00f2 non permette loro di performare al massimo. Questi disturbi sono spesso collegati all\u2019intestino e proprio per questo vi presentiamo la nostra squadra di triathlon OMNi-BiOTiC\u00ae POWER , sostenitrice della salute dell\u2019organismo anche in ambito sportivo ad alto livello.<\/em><\/p><p><img loading=\"lazy\" decoding=\"async\" class=\" wp-image-22480 img-fluid alignleft\" src=\"https:\/\/www.omni-biotic.com\/it-it\/wp-content\/uploads\/sites\/5\/2023\/11\/OMNi-BiOTiC\u00ae-POWER-Triathlon-300x199.png\" alt=\"OMNi-BiOTiC\u00ae POWER-Triathlon\" width=\"248\" height=\"165\" srcset=\"https:\/\/www.omni-biotic.com\/it-it\/wp-content\/uploads\/sites\/5\/2023\/11\/OMNi-BiOTiC\u00ae-POWER-Triathlon-300x199.png 300w, https:\/\/www.omni-biotic.com\/it-it\/wp-content\/uploads\/sites\/5\/2023\/11\/OMNi-BiOTiC\u00ae-POWER-Triathlon.png 715w\" sizes=\"(max-width: 248px) 100vw, 248px\" \/><\/p><p>Praticare attivit\u00e0 fisica all\u2019aperto, ogni giorno, pu\u00f2 rafforzare le difese immunitarie, ma un\u2019intesa attivit\u00e0 sportiva a livello agonistico pu\u00f2 sortire l\u2019effetto opposto; come spiega la Prof.ssa Anita Frauwallner, fondatrice e dirigente dell\u2019Institut AllergoSan, a proposito di questo argomento cos\u00ec discusso tra gli atleti: \u201c<strong>Situazioni di forte stress emotivo che si ripetono costantemente<\/strong>, come l\u2019allenamento e le competizioni, portano ad una ridistribuzione del\u00a0<strong>flusso sanguigno<\/strong>\u00a0e quindi ad una\u00a0<strong>diminuzione<\/strong> dello stesso nell\u2019intestino\u201d. Il <strong>70% delle cellule immunitarie risiede nell\u2019intestino<\/strong>\u00a0e a causa dello stress e\/o di un carico emotivo elevato risultano meno efficienti e reattive. Di conseguenza si possono verificare le cos\u00ec chiamate &#8220;infiammazioni silenti&#8221; (in inglese\u00a0<strong>silent inflammation<\/strong>): i batteri intestinali muoiono, la mucosa intestinale non \u00e8 abbastanza protetta e le \u201ctight junctions \u201c, ovvero le giunzioni strette che fungono da interfaccia tra le cellule della mucosa intestinale, si danneggiano, causando la sindrome dell\u2019intestino permeabile, chiamata anche\u00a0<strong>\u201cleaky gut\u201d<\/strong>. Se si verifica questa situazione diverse sostanze potenzialmente pericolose come agenti patogeni, tossine e allergeni possono penetrare la barriera intestinale ed entrare in circolo nel sangue o nei vasi linfatici, esponendo cos\u00ec il nostro organismo alla possibilit\u00e0 di contrarre malattie. Inoltre, se il nostro organismo \u00e8 sottoposto ad uno stress eccessivo rilascia l&#8217;enzima IDO-1, il quale non solo scompone il triptofano, ma ha anche un effetto immunosoppressivo. Il triptofano \u00e8 un precursore della sintesi della serotonina, la quale funge da neurotrasmettitore nel metabolismo cerebrale.<strong>\u00a0Una carenza di triptofano viene quindi associata ad una ridotta sorveglianza immunitaria e ad un aumento del rischio di infezione.<\/strong><\/p><h3>Intestino, sistema immunitario e probiotici: studi a riguardo<\/h3><p>Uno studio dell\u2019universit\u00e0 di Innsbruck ha analizzato l\u2019effetto di un probiotico multispecie sul rischio di contrarre infezioni, nei maratoneti che praticano sport a livello agonistico. Lo studio ha avuto luogo durante i mesi invernali dal 1\u00b0 gennaio al 31 marzo. I partecipanti hanno assunto, ogni giorno, per 12 settimane, una bustina di probiotico e hanno effettuato l\u2019intera sessione di allenamento fino a raggiungere il massimo della loro prestazione. Da menzionare \u00e8 il risultato relativo all\u2019incidenza delle<strong>\u00a0infezioni delle prime vie aeree<\/strong>\u00a0dopo tre mesi dall&#8217;inizio dello studio. Nel gruppo di sportivi che ha assunto il probiotico, l\u2019incidenza delle infezioni delle prime vie aeree \u00e8 diminuita significativamente dopo tre mesi, rispetto al lasso di tempo precedente, mentre \u00e8 emerso<strong>\u00a0un aumento dell\u2019incidenza delle infezioni delle prime vie aeree, del 220%, nel gruppo di sportivi che ha assunto il placebo<\/strong>. Inoltre, gi\u00e0 dall\u2019inizio dello studio, in entrambi i gruppi di partecipanti, era stato riscontrato un abbassamento dei livelli di triptofano, dovuto all\u2019attivit\u00e0 agonistica. Successivamente, tutti gli atleti che presentavano una maggiore scomposizione di triptofano hanno riscontrato pi\u00f9 frequentemente un\u2019infezione delle vie aeree. Pertanto, l\u2019assunzione del probiotico ha\u00a0<strong>ridotto notevolmente la percentuale di scomposizione di triptofano nel gruppo di partecipanti\u00a0<\/strong>che ha effettivamente assunto il<strong>\u00a0probiotico<\/strong>, come dimostrato dagli alti livelli di triptofano presenti nel sangue.<\/p><h3>Mantenersi in salute praticando sport agonistico<\/h3><p>Da molti anni l\u2018Institut AllergoSan sostiene atleti di diverse discipline che grazie all\u2019assunzione dei probiotici OMNi-BiOTiC\u00ae, di altissima qualit\u00e0, hanno riscontrato moltissimi benefici. Tra questi presentiamo la tri-atleta Simone Kumhofer, che grazie al sostegno dell\u2019azienda, ha fondato una squadra di triathlon. Il quartetto \u00e8 formato da atleti specializzati in diverse distanze, in quanto la salute dell\u2019intestino e il sistema immunitario sono temi cari a tutti i tipi di discipline, da quelle olimpiche fino alle lunghe e medie distanze. \u201cSoprattutto gli atleti che praticano sport di resistenza devono sapere quanto sia importante il ruolo dell\u2019intestino per la loro salute\u201d, spiega la Prof.ssa Frauwallner. L&#8217;equit\u00e0 sportiva, la promozione di ogni individuo, nonch\u00e9 un corpo sano anche in situazioni di forte stress sono valori fondamentali che ogni membro della squadra di triathlon OMNi-BiOTiC\u00ae POWER, di successo internazionale, incarna e persegue alla perfezione. \u201cAttendo con impazienza la prossima gara affrontata dal nostro simpatico team, grazie ad un intestino in equilibrio\u201d conclude la Prof.ssa Frauwallner.<\/p><h3>OMNi-BiOTiC\u00ae POWER-Triathlon-Team 2020<\/h3><p><strong>Sara Vilic<\/strong>\u00a0(ha partecipato ai giochi olimpici del 2016 e si sta preparando per le prossime olimpiadi)<\/p><ul><li>posto WTS Abu Dhabi<\/li><li>&amp; 3. Posto Weltcup Tiszaujivaros (Ungheria)<\/li><li>posto Finale Mondiale Edmonton<\/li><li><a href=\"https:\/\/de.wikipedia.org\/wiki\/Sara_Vilic\" rel=\"noopener\">https:\/\/de.wikipedia.org\/wiki\/Sara_Vilic<\/a><\/li><\/ul><p><strong>Christoph Schlagbauer<\/strong>\u00a0(squadra nazionale Triathlon invernale)<\/p><ul><li>IRONMAN 70.3 Austria 2019<\/li><li>IRONMAN 70.3 Subic Bay 2015<\/li><li>Austria Triathlon estremo 2018<\/li><li>IRONMAN World Championship AK18 2013<\/li><li><a href=\"https:\/\/de.wikipedia.org\/wiki\/Christoph_Schlagbauer\" rel=\"noopener\">https:\/\/de.wikipedia.org\/wiki\/Christoph_Schlagbauer<\/a><\/li><\/ul><p><strong>Simone Kumhofer<\/strong>\u00a0(campionessa della media e lunga distanza)<\/p><ul><li>Campionessa nazionale lunga distanza 2018<\/li><li>Campionessa nazionale media distanza 2016<\/li><li>posto IRONMAN 70.3 Xiamen 2018<\/li><li><a href=\"https:\/\/de.wikipedia.org\/wiki\/Simone_Kumhofer\" rel=\"noopener\">https:\/\/de.wikipedia.org\/wiki\/Simone_Kumhofer<\/a><\/li><\/ul><p><strong>Christian Nindl<\/strong>\u00a0(uno dei migliori tri-atleti sulla media e lunga distanza)<\/p><ul><li>Campione austriaco della media distanza 2019<\/li><li>Campione austriaco del triathlon invernale 2018<\/li><li>IRONMAN World Campionship Hawaii 2016, 2019<\/li><\/ul><p>Studi selezionati<\/p><ul><li>Strasser B et al. Probiotic Supplements Beneficially Affect Tryptophan-Kynurenine Metabolism and Reduce the Incidence of Upper Respiratory Tract Infections in Trained Athletes: A Randomized, Double-Blinded, Placebo-Controlled Trial. Nutrients 2016;8<\/li><li>Fuchs D et al. Probiotics supplements reduce the frequency of upper-respiratory tract infections in trained athletes. http:\/\/www.isenc.org 2015<\/li><li>Lamprecht M &amp; Frauwallner. A Exercise, intestinal barrier dysfunction and probiotic supplementation. Med Sport Sci. 2013;59:47\u201356<\/li><li>Lamprecht M et al. Probiotic supplementation affects markers of intestinal barrier,oxidation, and inflammation in trained men. JISSN 2012;9(1):45<\/li><\/ul><p><strong>Foto da scaricare:<\/strong><\/p><p><a href=\"https:\/\/x7z2v9p6.rocketcdn.me\/wp-content\/uploads\/2020\/05\/teamfoto-ob-power-mit-logo-1200.jpg\" data-kmt=\"1\" rel=\"noopener\">OMNi-BiOTiC\u00ae POWER-Team<\/a><\/p>\t\t\t\t\t\t\t\t<\/div>\n\t\t\t\t<\/div>\n\t\t\t\t\t<\/div>\n\t\t\t\t<\/div>\n\t\t<div class=\"elementor-element elementor-element-58fc512 obcs none e-flex e-con-boxed e-con e-child\" data-id=\"58fc512\" data-element_type=\"container\">\n\t\t\t\t\t<div class=\"e-con-inner\">\n\t\t\t\t<div class=\"elementor-element elementor-element-db7e868 elementor-widget elementor-widget-text-editor\" data-id=\"db7e868\" data-element_type=\"widget\" data-widget_type=\"text-editor.default\">\n\t\t\t\t<div class=\"elementor-widget-container\">\n\t\t\t\t\t\t\t\t\t<h1>Un sorriso donato \u00e8 il regalo pi\u00f9 bello<\/h1><p><em>Raccolta fondi all&#8217;Institut AllergoSan: 13.500 euro donati ai Clowndoctors ROTE NASEN (nasi rossi).<\/em><br \/><em>1 euro per ogni sorriso in ospedale: grazie a questo motto, ogni confezione di OMNi-BiOTiC\u00ae STRESS Repair venduta nell\u2019ottobre 2019 ha potuto sostenere i Clowndoctors ROTE NASEN (nasi rossi). L&#8217;assegno \u00e8 stato finalmente consegnato e anche coloro che in questo momento non si sentono bene hanno potuto festeggiare il Natale.\u00a0<\/em><\/p><p><strong>Graz \/ Vienna, 3 dicembre 2019. <\/strong>Tutto il periodo natalizio, la Vigilia, il Natale, l&#8217;acquisto dei regali e le visite ai parenti sono fonte di stress e per questo \u00e8 facile dimenticare che molte persone devono trascorrere il Natale in ospedale o in case di cura. Per regalare a questi piccoli e grandi pazienti momenti di gioia, l&#8217;istituto AllergoSan sostiene i Clowndoctors ROTE NASEN (nasi rossi): per ogni confezione di OMNi-BiOTiC\u00ae STRESS Repair venduta nell&#8217;ottobre 2019, l&#8217;istituto AllergoSan ha donato 1 euro ai Clowndoctors ROTE NASEN (nasi rossi). \u201cSono davvero felice di poter sostenere il loro meraviglioso lavoro con una donazione di 13.500 \u20ac. Quando non si pu\u00f2 trascorrere il Natale in famiglia a causa di un ricovero in ospedale, regalare un sorriso ai pazienti e alle loro famiglie, diventa un gesto importantissimo. In questo modo la magia di questo &#8220;periodo&#8221; non va perduta&#8221;, spiega la Prof.ssa Anita Frauwallner in occasione della consegna degli assegni.<\/p><h3>Una gioia immensa per i Clowndoctors<\/h3><p><strong><img loading=\"lazy\" decoding=\"async\" class=\"size-medium wp-image-22488 img-fluid alignleft\" src=\"https:\/\/www.omni-biotic.com\/it-it\/wp-content\/uploads\/sites\/5\/2023\/11\/700x500-scheckuebergabe-rote-nasen-pressemeldung-institutallergosan-tkerntke-300x214.jpg\" alt=\"Un sorriso donato \u00e8 il regalo pi\u00f9 bello\" width=\"300\" height=\"214\" srcset=\"https:\/\/www.omni-biotic.com\/it-it\/wp-content\/uploads\/sites\/5\/2023\/11\/700x500-scheckuebergabe-rote-nasen-pressemeldung-institutallergosan-tkerntke-300x214.jpg 300w, https:\/\/www.omni-biotic.com\/it-it\/wp-content\/uploads\/sites\/5\/2023\/11\/700x500-scheckuebergabe-rote-nasen-pressemeldung-institutallergosan-tkerntke.jpg 700w\" sizes=\"(max-width: 300px) 100vw, 300px\" \/><\/strong><\/p><p>&#8220;Vorremmo ringraziare l&#8217;intero Istitut AllergoSan per il suo impegno e la sua generosa donazione e ovviamente desideriamo ringraziare anche tutti i clienti che ci hanno supportato con l&#8217;acquisto di OMNi-BiOTiC\u00ae STRESS Repair. Attendiamo con ansia le numerose visite dei clown dottori, ora possibili grazie a questa donazione&#8221;, afferma Markus Lejsek (Corporate Relations) a nome dell&#8217;intero team di Clowndoctors ROTE NASEN (nasi rossi). L&#8217;istituto AllergoSan \u00e8 particolarmente impegnato ad aiutare le persone malate di cancro. Sostenendo la ricerca e diversi enti di beneficenza in questo settore, ha come obiettivo quello di sostenere i pazienti e le loro famiglie prima, durante e dopo la terapia e di accompagnarli nel loro percorso di vita.<\/p><p>Maggiori informazioni sulle nostre collaborazioni, eventi e attivit\u00e0 sono disponibili qui:<a href=\"https:\/\/www.allergosan.com\/at\/ueber-uns\/wohltatige-zwecke\/\" target=\"_blank\" rel=\"noopener\" data-kmt=\"1\">allergosan.at\/hilft\/<\/a><\/p><p>Immagini da scaricare:<\/p><p>Consegna dell&#8217;assegno dopo la raccolta fondi di RED NOSES Clowndoctors &gt;<\/p><p>Nomi da sinistra a destra: Dott.ssa Elvira T\u00fct\u00fc, RED NOSES Clownndoctors, la Prof.ssa Anita Frauwallner, amministratrice delegata e fondatrice dell&#8217;Institut AllergoSan con Markus Lejsek, Corporate Relations RED NOSES Clownndoctors.<\/p><p>Diritti di immagine: \u00a9Institut AllergoSan\/T. Kerntke<\/p>\t\t\t\t\t\t\t\t<\/div>\n\t\t\t\t<\/div>\n\t\t\t\t\t<\/div>\n\t\t\t\t<\/div>\n\t\t<div class=\"elementor-element elementor-element-00e8fca obcs none e-flex e-con-boxed e-con e-child\" data-id=\"00e8fca\" data-element_type=\"container\">\n\t\t\t\t\t<div class=\"e-con-inner\">\n\t\t\t\t<div class=\"elementor-element elementor-element-7440453 elementor-widget elementor-widget-text-editor\" data-id=\"7440453\" data-element_type=\"widget\" data-widget_type=\"text-editor.default\">\n\t\t\t\t<div class=\"elementor-widget-container\">\n\t\t\t\t\t\t\t\t\t<h2>Fai del bene contro lo stress<\/h2><p><em>L&#8217;Institut AllergoSan fa beneficienza<\/em><\/p><p><strong>Periodo stressante? Fidati del sostegno di una combinazione vincente! La salute comincia dall\u2019intestino e da una risata in ospedale: per ogni confezione di OMNi-BiOTiC\u00ae STRESS Repair venduta, l&#8217;istituto AllergoSan fa una donazione ai Clowndoctors ROTE NASEN (nasi rossi).<\/strong><\/p><p>Graz\/Vienna, mercoled\u00ec 18 settembre 2019. Per molti, l\u2019inverno \u00e8 un periodo molto impegnativo soprattutto a livello lavorativo, ma qualsiasi urgenza al lavoro passa in secondo piano quando la salute di una persona cara improvvisamente e inaspettatamente lascia il posto ad una grave malattia. La prof.ssa Anita Frauwallner sa per esperienza personale quanto sia difficile quando un membro della famiglia deve rimanere in ospedale per molto tempo: \u201cLa situazione \u00e8 ancora pi\u00f9 dolorosa per i genitori quando il proprio figlio deve combattere a lungo contro una malattia. Con tutte queste preoccupazioni, molti di noi si dimenticano di prendersi cura di s\u00e9, cadono in depressione, hanno problemi di concentrazione e si sentono demoralizzati in situazioni stressanti ed emotivamente impegnative\u201d.<\/p><h4>Un sorriso contro lo stress<\/h4><p><img loading=\"lazy\" decoding=\"async\" class=\"size-medium wp-image-22492 img-fluid alignleft\" src=\"https:\/\/www.omni-biotic.com\/it-it\/wp-content\/uploads\/sites\/5\/2023\/11\/stress-repair-rote-nasen-mag-perissutti-768x555-1-300x217.jpg\" alt=\"Un sorriso contro lo stress\" width=\"300\" height=\"217\" srcset=\"https:\/\/www.omni-biotic.com\/it-it\/wp-content\/uploads\/sites\/5\/2023\/11\/stress-repair-rote-nasen-mag-perissutti-768x555-1-300x217.jpg 300w, https:\/\/www.omni-biotic.com\/it-it\/wp-content\/uploads\/sites\/5\/2023\/11\/stress-repair-rote-nasen-mag-perissutti-768x555-1.jpg 768w\" sizes=\"(max-width: 300px) 100vw, 300px\" \/><\/p><p>La risata \u00e8 un rimedio semplice ed efficace contro lo stress: ridere di gusto riduce notevolmente gli ormoni dello stress e stimola la produzione di sostanze che hanno un effetto benefico sulla salute. I probiotici, come OMNi-BiOTiC\u00ae STRESS Repair, hanno dimostrato la loro efficacia anche durante periodi impegnativi, infatti, l\u2019asse intestino-cervello, particolarmente influenzata dai nostri batteri intestinali, regola l\u2019umore e i processi cognitivi.<\/p><p>Sulla base di ci\u00f2 si \u00e8 pensato ad una collaborazione con i Clowndoctors ROTE NASEN (nasi rossi). Il loro lavoro consiste nel regalare un sorriso ai piccoli pazienti di chirurgia pediatrica, cardiologia e oncologia e unit\u00e0 di terapia intensiva, nel donare un attimo di gioia ai bambini e agli adulti che si trovano in strutture specializzate e portare il buon umore agli adulti e agli anziani presenti negli ospedali, nei centri di riabilitazione e nelle case di cura. Per ogni confezione di OMNi-BiOTiC\u00ae STRESS Repair venduta entro la fine di ottobre 2019, l&#8217;Istituto AllergoSan dona 1 \u20ac e regala un sorriso contro lo stress. Grazie a questa azione, non solo \u00e8 possibile fare qualcosa di buono per s\u00e9 stessi ma si sostiene anche il lavoro straordinario dei dottorclown Roten Nasen (nasi rossi).<\/p><p>Per maggiori informazioni sull&#8217;Institut AllergoSan consultare il sito:\u00a0<a href=\"https:\/\/www.allergosan.com\/\" target=\"_blank\" rel=\"noopener\" data-kmt=\"1\">www.allergosan.com<\/a><\/p><p>Immagini da scaricare:<\/p><p>Dottorclown Roten Nasen (nasi rossi).<\/p><p><a href=\"https:\/\/x7z2v9p6.rocketcdn.me\/wp-content\/uploads\/2019\/10\/stress-repair-rote-nasen-1.jpg\" rel=\"noopener\"><strong>Oggetto pubblicitario\u00a0<\/strong><\/a><\/p><p>Diritti di immagine: \u00a9 Institut AllergoSan<\/p>\t\t\t\t\t\t\t\t<\/div>\n\t\t\t\t<\/div>\n\t\t\t\t\t<\/div>\n\t\t\t\t<\/div>\n\t\t\t\t\t<\/div>\n\t\t\t\t<\/div>\n\t\t\t\t<\/div>\n\t\t","protected":false},"excerpt":{"rendered":"<p>L&#8217;angolo della stampa Home Indice Triathlon is back in GRAZ \u2212 From Athletes for Athletes! GRAZ, 14 settembre 2023 Il Triathlon OMNi-BiOTiC\u00ae Graz avr\u00e0 luogo il 25 agosto 2024. Gentili membri della stampa, dopo una pausa di due anni, Graz torna finalmente ad essere al centro dell\u2019attivit\u00e0 sportiva e il triathlon ritorna col botto nel [&hellip;]<\/p>\n","protected":false},"author":3,"featured_media":0,"parent":69,"menu_order":70,"comment_status":"closed","ping_status":"closed","template":"","meta":{"_acf_changed":false,"inline_featured_image":false,"footnotes":""},"class_list":["post-77","page","type-page","status-publish","hentry"],"acf":[],"_links":{"self":[{"href":"https:\/\/www.omni-biotic.com\/it-it\/wp-json\/wp\/v2\/pages\/77","targetHints":{"allow":["GET"]}}],"collection":[{"href":"https:\/\/www.omni-biotic.com\/it-it\/wp-json\/wp\/v2\/pages"}],"about":[{"href":"https:\/\/www.omni-biotic.com\/it-it\/wp-json\/wp\/v2\/types\/page"}],"author":[{"embeddable":true,"href":"https:\/\/www.omni-biotic.com\/it-it\/wp-json\/wp\/v2\/users\/3"}],"replies":[{"embeddable":true,"href":"https:\/\/www.omni-biotic.com\/it-it\/wp-json\/wp\/v2\/comments?post=77"}],"version-history":[{"count":7,"href":"https:\/\/www.omni-biotic.com\/it-it\/wp-json\/wp\/v2\/pages\/77\/revisions"}],"predecessor-version":[{"id":32269,"href":"https:\/\/www.omni-biotic.com\/it-it\/wp-json\/wp\/v2\/pages\/77\/revisions\/32269"}],"up":[{"embeddable":true,"href":"https:\/\/www.omni-biotic.com\/it-it\/wp-json\/wp\/v2\/pages\/69"}],"wp:attachment":[{"href":"https:\/\/www.omni-biotic.com\/it-it\/wp-json\/wp\/v2\/media?parent=77"}],"curies":[{"name":"wp","href":"https:\/\/api.w.org\/{rel}","templated":true}]}}