{"id":155,"date":"2022-03-07T10:07:28","date_gmt":"2022-03-07T09:07:28","guid":{"rendered":"https:\/\/www.omni-biotic.com\/darmbeschwerden\/allergie\/"},"modified":"2024-10-22T13:29:24","modified_gmt":"2024-10-22T11:29:24","slug":"alergia","status":"publish","type":"page","link":"https:\/\/www.omni-biotic.com\/sk-sk\/crevne-problemy\/alergia\/","title":{"rendered":"Alergia"},"content":{"rendered":"\t\t<div data-elementor-type=\"wp-page\" data-elementor-id=\"155\" class=\"elementor elementor-155\" data-elementor-post-type=\"page\">\n\t\t\t\t<div class=\"elementor-element elementor-element-ebfb664 e-con-full obcs none e-flex e-con e-parent\" data-id=\"ebfb664\" data-element_type=\"container\" data-settings=\"{&quot;background_background&quot;:&quot;classic&quot;,&quot;shape_divider_bottom&quot;:&quot;waves&quot;}\">\n\t\t\t\t<div class=\"elementor-shape elementor-shape-bottom\" aria-hidden=\"true\" data-negative=\"false\">\n\t\t\t<svg xmlns=\"http:\/\/www.w3.org\/2000\/svg\" viewBox=\"0 0 1000 100\" preserveAspectRatio=\"none\">\n\t<path class=\"elementor-shape-fill\" d=\"M421.9,6.5c22.6-2.5,51.5,0.4,75.5,5.3c23.6,4.9,70.9,23.5,100.5,35.7c75.8,32.2,133.7,44.5,192.6,49.7\n\tc23.6,2.1,48.7,3.5,103.4-2.5c54.7-6,106.2-25.6,106.2-25.6V0H0v30.3c0,0,72,32.6,158.4,30.5c39.2-0.7,92.8-6.7,134-22.4\n\tc21.2-8.1,52.2-18.2,79.7-24.2C399.3,7.9,411.6,7.5,421.9,6.5z\"\/>\n<\/svg>\t\t<\/div>\n\t\t<div class=\"elementor-element elementor-element-8b44cb0 e-con-full obcs none e-flex e-con e-child\" data-id=\"8b44cb0\" data-element_type=\"container\" data-settings=\"{&quot;background_background&quot;:&quot;gradient&quot;}\">\n\t\t\t\t<div class=\"elementor-element elementor-element-36f8a6a elementor-widget elementor-widget-heading\" data-id=\"36f8a6a\" data-element_type=\"widget\" data-widget_type=\"heading.default\">\n\t\t\t\t<div class=\"elementor-widget-container\">\n\t\t\t\t\t<h1 class=\"elementor-heading-title elementor-size-default\">Alergia<\/h1>\t\t\t\t<\/div>\n\t\t\t\t<\/div>\n\t\t\t\t<div class=\"elementor-element elementor-element-987b024 elementor-widget-divider--view-line elementor-widget elementor-widget-divider\" data-id=\"987b024\" data-element_type=\"widget\" data-widget_type=\"divider.default\">\n\t\t\t\t<div class=\"elementor-widget-container\">\n\t\t\t\t\t\t\t<div class=\"elementor-divider\">\n\t\t\t<span class=\"elementor-divider-separator\">\n\t\t\t\t\t\t<\/span>\n\t\t<\/div>\n\t\t\t\t\t\t<\/div>\n\t\t\t\t<\/div>\n\t\t\t\t<div class=\"elementor-element elementor-element-0793f95 elementor-widget-tablet__width-initial elementor-widget elementor-widget-text-editor\" data-id=\"0793f95\" data-element_type=\"widget\" data-widget_type=\"text-editor.default\">\n\t\t\t\t<div class=\"elementor-widget-container\">\n\t\t\t\t\t\t\t\t\t<p>Vedeli ste, \u017ee <strong>\u010drevo zohr\u00e1va d\u00f4le\u017eit\u00fa \u00falohu<\/strong> v boji <strong>proti pr\u00edznakom alergie<\/strong>? Na\u0161e \u010drevo je ve\u013emi podce\u0148ovan\u00fd org\u00e1n: jeho <strong>plocha pribli\u017ene 400 m2<\/strong> je 10-kr\u00e1t v\u00e4\u010d\u0161ia ako plocha p\u013e\u00fac a 100-kr\u00e1t v\u00e4\u010d\u0161ia ako plocha ko\u017ee. Na tomto povrchu \u017eije <strong>100 bili\u00f3nov bakt\u00e9ri\u00ed tis\u00edcov druhov<\/strong>. Ich zlo\u017eenie je u ka\u017ed\u00e9ho \u010dloveka jedine\u010dn\u00e9.<\/p>\t\t\t\t\t\t\t\t<\/div>\n\t\t\t\t<\/div>\n\t\t\t\t<\/div>\n\t\t<div class=\"elementor-element elementor-element-0b7b0b2 e-con-full elementor-hidden-mobile obcs none e-flex e-con e-child\" data-id=\"0b7b0b2\" data-element_type=\"container\">\n\t\t\t\t<\/div>\n\t\t\t\t<\/div>\n\t\t<div class=\"elementor-element elementor-element-fecc96e obcs none e-flex e-con-boxed e-con e-parent\" data-id=\"fecc96e\" data-element_type=\"container\">\n\t\t\t\t\t<div class=\"e-con-inner\">\n\t\t<div class=\"elementor-element elementor-element-69cc7a2 e-con-full obcs none e-flex e-con e-child\" data-id=\"69cc7a2\" data-element_type=\"container\">\n\t\t\t\t<div class=\"elementor-element elementor-element-9506f40 elementor-align-left elementor-widget__width-initial elementor-widget elementor-widget-breadcrumbs\" data-id=\"9506f40\" data-element_type=\"widget\" data-widget_type=\"breadcrumbs.default\">\n\t\t\t\t<div class=\"elementor-widget-container\">\n\t\t\t\t\t<span><span class=\"last\">Home<\/span><\/span>\t\t\t\t<\/div>\n\t\t\t\t<\/div>\n\t\t\t\t<\/div>\n\t\t<div class=\"elementor-element elementor-element-200c97b e-con-full obcs none e-flex e-con e-child\" data-id=\"200c97b\" data-element_type=\"container\">\n\t\t\t\t<div class=\"elementor-element elementor-element-067c536 elementor-toc--minimized-on-desktop elementor-widget elementor-widget-table-of-contents\" data-id=\"067c536\" data-element_type=\"widget\" data-settings=\"{&quot;exclude_headings_by_selector&quot;:[],&quot;minimized_on&quot;:&quot;desktop&quot;,&quot;headings_by_tags&quot;:[&quot;h2&quot;,&quot;h3&quot;,&quot;h4&quot;,&quot;h5&quot;,&quot;h6&quot;],&quot;marker_view&quot;:&quot;numbers&quot;,&quot;no_headings_message&quot;:&quot;No headings were found on this page.&quot;,&quot;minimize_box&quot;:&quot;yes&quot;,&quot;hierarchical_view&quot;:&quot;yes&quot;,&quot;min_height&quot;:{&quot;unit&quot;:&quot;px&quot;,&quot;size&quot;:&quot;&quot;,&quot;sizes&quot;:[]},&quot;min_height_tablet&quot;:{&quot;unit&quot;:&quot;px&quot;,&quot;size&quot;:&quot;&quot;,&quot;sizes&quot;:[]},&quot;min_height_mobile&quot;:{&quot;unit&quot;:&quot;px&quot;,&quot;size&quot;:&quot;&quot;,&quot;sizes&quot;:[]}}\" data-widget_type=\"table-of-contents.default\">\n\t\t\t\t<div class=\"elementor-widget-container\">\n\t\t\t\t\t\t\t\t\t<div class=\"elementor-toc__header\">\n\t\t\t\t\t\t<h4 class=\"elementor-toc__header-title\">\n\t\t\t\tObsah str\u00e1nky\t\t\t<\/h4>\n\t\t\t\t\t\t\t\t\t\t<div class=\"elementor-toc__toggle-button elementor-toc__toggle-button--expand\" role=\"button\" tabindex=\"0\" aria-controls=\"elementor-toc__067c536\" aria-expanded=\"true\" aria-label=\"Open table of contents\"><i aria-hidden=\"true\" class=\"fas fa-chevron-down\"><\/i><\/div>\n\t\t\t\t<div class=\"elementor-toc__toggle-button elementor-toc__toggle-button--collapse\" role=\"button\" tabindex=\"0\" aria-controls=\"elementor-toc__067c536\" aria-expanded=\"true\" aria-label=\"Close table of contents\"><i aria-hidden=\"true\" class=\"fas fa-chevron-up\"><\/i><\/div>\n\t\t\t\t\t<\/div>\n\t\t\t\t<div id=\"elementor-toc__067c536\" class=\"elementor-toc__body\">\n\t\t\t<div class=\"elementor-toc__spinner-container\">\n\t\t\t\t<i class=\"elementor-toc__spinner eicon-animation-spin eicon-loading\" aria-hidden=\"true\"><\/i>\t\t\t<\/div>\n\t\t<\/div>\n\t\t\t\t\t\t<\/div>\n\t\t\t\t<\/div>\n\t\t\t\t<\/div>\n\t\t\t\t\t<\/div>\n\t\t\t\t<\/div>\n\t\t<div class=\"elementor-element elementor-element-2b63f3b obcs blue e-flex e-con-boxed e-con e-parent\" data-id=\"2b63f3b\" data-element_type=\"container\" data-settings=\"{&quot;background_background&quot;:&quot;classic&quot;}\">\n\t\t\t\t\t<div class=\"e-con-inner\">\n\t\t<div class=\"elementor-element elementor-element-198bef8 obcs none e-flex e-con-boxed e-con e-child\" data-id=\"198bef8\" data-element_type=\"container\" data-settings=\"{&quot;background_background&quot;:&quot;classic&quot;}\">\n\t\t\t\t\t<div class=\"e-con-inner\">\n\t\t\t\t<div class=\"elementor-element elementor-element-f484c18 elementor-widget__width-initial elementor-widget-tablet__width-initial elementor-widget elementor-widget-image\" data-id=\"f484c18\" data-element_type=\"widget\" data-widget_type=\"image.default\">\n\t\t\t\t<div class=\"elementor-widget-container\">\n\t\t\t\t\t\t\t\t\t\t\t\t\t\t\t<img loading=\"lazy\" decoding=\"async\" width=\"512\" height=\"512\" src=\"https:\/\/www.omni-biotic.com\/sk-sk\/wp-content\/uploads\/sites\/9\/2023\/03\/allergie-entstehung-schnupfen-2.png\" class=\"attachment-medium_large size-medium_large wp-image-12894\" alt=\"\" srcset=\"https:\/\/www.omni-biotic.com\/sk-sk\/wp-content\/uploads\/sites\/9\/2023\/03\/allergie-entstehung-schnupfen-2.png 512w, https:\/\/www.omni-biotic.com\/sk-sk\/wp-content\/uploads\/sites\/9\/2023\/03\/allergie-entstehung-schnupfen-2-300x300.png 300w, https:\/\/www.omni-biotic.com\/sk-sk\/wp-content\/uploads\/sites\/9\/2023\/03\/allergie-entstehung-schnupfen-2-150x150.png 150w\" sizes=\"(max-width: 512px) 100vw, 512px\" title=\"\">\t\t\t\t\t\t\t\t\t\t\t\t\t\t\t<\/div>\n\t\t\t\t<\/div>\n\t\t<div class=\"elementor-element elementor-element-a827f08 obcs none e-flex e-con-boxed e-con e-child\" data-id=\"a827f08\" data-element_type=\"container\">\n\t\t\t\t\t<div class=\"e-con-inner\">\n\t\t\t\t<div class=\"elementor-element elementor-element-331b52d elementor-widget__width-inherit elementor-widget elementor-widget-heading\" data-id=\"331b52d\" data-element_type=\"widget\" data-widget_type=\"heading.default\">\n\t\t\t\t<div class=\"elementor-widget-container\">\n\t\t\t\t\t<h2 class=\"elementor-heading-title elementor-size-default\">Ako vznikaj\u00fa alergie?<\/h2>\t\t\t\t<\/div>\n\t\t\t\t<\/div>\n\t\t\t\t<div class=\"elementor-element elementor-element-6ec111e elementor-widget elementor-widget-text-editor\" data-id=\"6ec111e\" data-element_type=\"widget\" data-widget_type=\"text-editor.default\">\n\t\t\t\t<div class=\"elementor-widget-container\">\n\t\t\t\t\t\t\t\t\t<p><strong>Alergie<\/strong> m\u00f4\u017eu vznikn\u00fa\u0165 pri <strong>po\u0161koden\u00ed slizn\u00edc v tele<\/strong> (nos, p\u013e\u00faca, \u010drev\u00e1). V takom pr\u00edpade sa <strong>l\u00e1tky<\/strong>, ktor\u00e9 sa <strong>do tela dost\u00e1vaj\u00fa so vzduchom<\/strong> alebo <strong>prostredn\u00edctvom stravy<\/strong>, nem\u00f4\u017eu spr\u00e1vne kontrolova\u0165 a uvo\u013e\u0148ova\u0165 ako ne\u0161kodn\u00e9, ale okam\u017eite a <strong>nekontrolovane sa dost\u00e1vaj\u00fa do krvi<\/strong> alebo lymfatick\u00fdch ciest. Toto nekontrolovan\u00e9 pre\u0165a\u017eenie m\u00f4\u017ee vies\u0165 k <strong>pre\u0165a\u017eeniu imunitn\u00e9ho syst\u00e9mu<\/strong>: D\u00f4sledkom s\u00fa <strong>alergie<\/strong> a <strong>potravinov\u00e9 intolerancie<\/strong>.<\/p>\t\t\t\t\t\t\t\t<\/div>\n\t\t\t\t<\/div>\n\t\t\t\t\t<\/div>\n\t\t\t\t<\/div>\n\t\t\t\t\t<\/div>\n\t\t\t\t<\/div>\n\t\t\t\t\t<\/div>\n\t\t\t\t<\/div>\n\t\t<div class=\"elementor-element elementor-element-13c318b obcs green e-flex e-con-boxed e-con e-parent\" data-id=\"13c318b\" data-element_type=\"container\">\n\t\t\t\t\t<div class=\"e-con-inner\">\n\t\t<div class=\"elementor-element elementor-element-1343de4 e-con-full obcs none e-flex e-con e-child\" data-id=\"1343de4\" data-element_type=\"container\">\n\t\t\t\t<div class=\"elementor-element elementor-element-dadbe3b elementor-widget elementor-widget-heading\" data-id=\"dadbe3b\" data-element_type=\"widget\" data-widget_type=\"heading.default\">\n\t\t\t\t<div class=\"elementor-widget-container\">\n\t\t\t\t\t<h2 class=\"elementor-heading-title elementor-size-default\">Priebeh alergickej reakcie<\/h2>\t\t\t\t<\/div>\n\t\t\t\t<\/div>\n\t\t\t\t<div class=\"elementor-element elementor-element-e794905 elementor-widget elementor-widget-text-editor\" data-id=\"e794905\" data-element_type=\"widget\" data-widget_type=\"text-editor.default\">\n\t\t\t\t<div class=\"elementor-widget-container\">\n\t\t\t\t\t\t\t\t\t<p>Napriek r\u00f4znym <strong>pr\u00edznakom<\/strong> alergie je <strong>priebeh<\/strong> v\u0161etk\u00fdch <strong>alergick\u00fdch reakci\u00ed rovnak\u00fd<\/strong>: pri kontakte s alerg\u00e9nom sa tvoria <strong>protil\u00e1tky<\/strong> proti tomuto <strong>alerg\u00e9nu (lgE)<\/strong>. Pri op\u00e4tovnom kontakte s alerg\u00e9nom tieto IgE protil\u00e1tky sprostredkuj\u00fa<strong> uvo\u013enenie histam\u00ednu<\/strong>, ktor\u00fd vyvol\u00e1va typick\u00e9 alergick\u00e9 pr\u00edznaky: napr. <strong>svrbenie<\/strong>, <strong>slzenie<\/strong>, <strong>opuch<\/strong>, <strong>vyr\u00e1\u017eku<\/strong> alebo <strong>astmu<\/strong>.<\/p><p>Ke\u010f d\u00f4jde k<strong> alergickej reakcii<\/strong>, alerg\u00e9n prech\u00e1dza cez prv\u00fa <strong>bari\u00e9ru<\/strong>,<strong> \u010drevn\u00fa sliznicu<\/strong>, bez pov\u0161imnutia. \u010crevn\u00e1 sliznica obsahuje \u0161peci\u00e1lnu<strong> protil\u00e1tku sIgA<\/strong>, ktor\u00e1 za norm\u00e1lnych okolnost\u00ed <strong>br\u00e1ni prenikaniu cudzorod\u00fdch l\u00e1tok<\/strong> a alerg\u00e9nov. sIgA sa tvor\u00ed v bunk\u00e1ch \u010dreva a uvo\u013e\u0148uje sa do slizni\u010dnej vrstvy. Ako &#8222;slizni\u010dn\u00e1 protil\u00e1tka&#8220; je t\u00e1to protil\u00e1tka ak\u00fdmsi <strong>ochrann\u00fdm obalom \u010dreva<\/strong>. Jej <strong>ochrana pred alergiami<\/strong> spo\u010d\u00edva v tom, \u017ee t\u00e1to protil\u00e1tka sa via\u017ee na cudzie l\u00e1tky e\u0161te predt\u00fdm, ako sa vstreb\u00fa do tela, a ozna\u010duje ich. Ke\u010f s\u00fa alerg\u00e9ny takto ozna\u010den\u00e9,<strong> telo ich u\u017e nem\u00f4\u017ee vstreba\u0165<\/strong>. T\u00fdm sa <strong>zabr\u00e1ni vzniku alergickej reakcie<\/strong> sk\u00f4r, ako sa m\u00f4\u017ee objavi\u0165.<\/p>\t\t\t\t\t\t\t\t<\/div>\n\t\t\t\t<\/div>\n\t\t\t\t<\/div>\n\t\t<div class=\"elementor-element elementor-element-74b3ce9 e-con-full obcs none e-flex e-con e-child\" data-id=\"74b3ce9\" data-element_type=\"container\">\n\t\t\t\t<div class=\"elementor-element elementor-element-ad82d47 e-transform elementor-widget elementor-widget-image\" data-id=\"ad82d47\" data-element_type=\"widget\" data-settings=\"{&quot;_transform_rotateZ_effect&quot;:{&quot;unit&quot;:&quot;px&quot;,&quot;size&quot;:&quot;0&quot;,&quot;sizes&quot;:[]},&quot;_transform_rotate_3d&quot;:&quot;yes&quot;,&quot;_transform_rotateX_effect&quot;:{&quot;unit&quot;:&quot;px&quot;,&quot;size&quot;:&quot;0&quot;,&quot;sizes&quot;:[]},&quot;_transform_rotateY_effect&quot;:{&quot;unit&quot;:&quot;px&quot;,&quot;size&quot;:&quot;-4&quot;,&quot;sizes&quot;:[]},&quot;_transform_perspective_effect&quot;:{&quot;unit&quot;:&quot;px&quot;,&quot;size&quot;:&quot;650&quot;,&quot;sizes&quot;:[]},&quot;_transform_rotateZ_effect_tablet&quot;:{&quot;unit&quot;:&quot;deg&quot;,&quot;size&quot;:&quot;&quot;,&quot;sizes&quot;:[]},&quot;_transform_rotateZ_effect_mobile&quot;:{&quot;unit&quot;:&quot;deg&quot;,&quot;size&quot;:&quot;&quot;,&quot;sizes&quot;:[]},&quot;_transform_rotateX_effect_tablet&quot;:{&quot;unit&quot;:&quot;deg&quot;,&quot;size&quot;:&quot;&quot;,&quot;sizes&quot;:[]},&quot;_transform_rotateX_effect_mobile&quot;:{&quot;unit&quot;:&quot;deg&quot;,&quot;size&quot;:&quot;&quot;,&quot;sizes&quot;:[]},&quot;_transform_rotateY_effect_tablet&quot;:{&quot;unit&quot;:&quot;deg&quot;,&quot;size&quot;:&quot;&quot;,&quot;sizes&quot;:[]},&quot;_transform_rotateY_effect_mobile&quot;:{&quot;unit&quot;:&quot;deg&quot;,&quot;size&quot;:&quot;&quot;,&quot;sizes&quot;:[]},&quot;_transform_perspective_effect_tablet&quot;:{&quot;unit&quot;:&quot;px&quot;,&quot;size&quot;:&quot;&quot;,&quot;sizes&quot;:[]},&quot;_transform_perspective_effect_mobile&quot;:{&quot;unit&quot;:&quot;px&quot;,&quot;size&quot;:&quot;&quot;,&quot;sizes&quot;:[]}}\" data-widget_type=\"image.default\">\n\t\t\t\t<div class=\"elementor-widget-container\">\n\t\t\t\t\t\t\t\t\t\t\t\t\t\t\t<img loading=\"lazy\" decoding=\"async\" width=\"800\" height=\"584\" src=\"https:\/\/www.omni-biotic.com\/sk-sk\/wp-content\/uploads\/sites\/9\/2023\/06\/darmbarriere-c-institutallergosan-1200x833-komp-1024x748.jpg\" class=\"attachment-large size-large wp-image-16602\" alt=\"Das 3 Stufen-Konzept f\u00fcr die Darmgesundheit\" srcset=\"https:\/\/www.omni-biotic.com\/sk-sk\/wp-content\/uploads\/sites\/9\/2023\/06\/darmbarriere-c-institutallergosan-1200x833-komp-1024x748.jpg 1024w, https:\/\/www.omni-biotic.com\/sk-sk\/wp-content\/uploads\/sites\/9\/2023\/06\/darmbarriere-c-institutallergosan-1200x833-komp-300x219.jpg 300w, https:\/\/www.omni-biotic.com\/sk-sk\/wp-content\/uploads\/sites\/9\/2023\/06\/darmbarriere-c-institutallergosan-1200x833-komp-768x561.jpg 768w, https:\/\/www.omni-biotic.com\/sk-sk\/wp-content\/uploads\/sites\/9\/2023\/06\/darmbarriere-c-institutallergosan-1200x833-komp.jpg 1200w\" sizes=\"(max-width: 800px) 100vw, 800px\" title=\"\">\t\t\t\t\t\t\t\t\t\t\t\t\t\t\t<\/div>\n\t\t\t\t<\/div>\n\t\t\t\t<\/div>\n\t\t\t\t\t<\/div>\n\t\t\t\t<\/div>\n\t\t<div class=\"elementor-element elementor-element-212a9ff obcs magenta e-flex e-con-boxed e-con e-parent\" data-id=\"212a9ff\" data-element_type=\"container\">\n\t\t\t\t\t<div class=\"e-con-inner\">\n\t\t\t\t<div class=\"elementor-element elementor-element-1a751e9 elementor-widget__width-inherit elementor-widget elementor-widget-heading\" data-id=\"1a751e9\" data-element_type=\"widget\" data-widget_type=\"heading.default\">\n\t\t\t\t<div class=\"elementor-widget-container\">\n\t\t\t\t\t<h2 class=\"elementor-heading-title elementor-size-default\">\u010co sa d\u00e1 robi\u0165 proti alergii a ako ju lie\u010di\u0165?<\/h2>\t\t\t\t<\/div>\n\t\t\t\t<\/div>\n\t\t\t\t\t<\/div>\n\t\t\t\t<\/div>\n\t\t<div class=\"elementor-element elementor-element-dc24b1e obcs magenta e-flex e-con-boxed e-con e-parent\" data-id=\"dc24b1e\" data-element_type=\"container\">\n\t\t\t\t\t<div class=\"e-con-inner\">\n\t\t<div class=\"elementor-element elementor-element-475e1b5 e-con-full obcs none e-flex elementor-invisible e-con e-child\" data-id=\"475e1b5\" data-element_type=\"container\" data-settings=\"{&quot;animation&quot;:&quot;bounceInLeft&quot;}\">\n\t\t<div class=\"elementor-element elementor-element-11d7871 obcs none e-flex e-con-boxed e-con e-child\" data-id=\"11d7871\" data-element_type=\"container\">\n\t\t\t\t\t<div class=\"e-con-inner\">\n\t\t\t\t<div class=\"elementor-element elementor-element-836a79a elementor-widget elementor-widget-image\" data-id=\"836a79a\" data-element_type=\"widget\" data-widget_type=\"image.default\">\n\t\t\t\t<div class=\"elementor-widget-container\">\n\t\t\t\t\t\t\t\t\t\t\t\t\t\t\t<img loading=\"lazy\" decoding=\"async\" width=\"300\" height=\"300\" src=\"https:\/\/www.omni-biotic.com\/sk-sk\/wp-content\/uploads\/sites\/9\/2023\/03\/Symptomorientierte-Therapie-300x300.png\" class=\"attachment-medium size-medium wp-image-12940\" alt=\"Symptomorientierte Therapie - Pflaster, um die Symptome zu beheben\" srcset=\"https:\/\/www.omni-biotic.com\/sk-sk\/wp-content\/uploads\/sites\/9\/2023\/03\/Symptomorientierte-Therapie-300x300.png 300w, https:\/\/www.omni-biotic.com\/sk-sk\/wp-content\/uploads\/sites\/9\/2023\/03\/Symptomorientierte-Therapie-150x150.png 150w, https:\/\/www.omni-biotic.com\/sk-sk\/wp-content\/uploads\/sites\/9\/2023\/03\/Symptomorientierte-Therapie.png 512w\" sizes=\"(max-width: 300px) 100vw, 300px\" title=\"\">\t\t\t\t\t\t\t\t\t\t\t\t\t\t\t<\/div>\n\t\t\t\t<\/div>\n\t\t\t\t<div class=\"elementor-element elementor-element-acb3e67 elementor-widget elementor-widget-heading\" data-id=\"acb3e67\" data-element_type=\"widget\" data-widget_type=\"heading.default\">\n\t\t\t\t<div class=\"elementor-widget-container\">\n\t\t\t\t\t<h3 class=\"elementor-heading-title elementor-size-default\">Lie\u010dba pr\u00edznakov<\/h3>\t\t\t\t<\/div>\n\t\t\t\t<\/div>\n\t\t\t\t\t<\/div>\n\t\t\t\t<\/div>\n\t\t\t\t<div class=\"elementor-element elementor-element-ce946fc elementor-widget elementor-widget-text-editor\" data-id=\"ce946fc\" data-element_type=\"widget\" data-widget_type=\"text-editor.default\">\n\t\t\t\t<div class=\"elementor-widget-container\">\n\t\t\t\t\t\t\t\t\t<p>T\u00e1to met\u00f3da lie\u010di prejavy alergie. Tieto pr\u00edznaky tak mo\u017eno kr\u00e1tkodobo &#8222;vypn\u00fa\u0165&#8220; pomocou kvapiek, sprejov a tabliet na zn\u00ed\u017eenie opuchu a uvo\u013e\u0148ovania histam\u00ednu.<\/p><p>Pr\u00ed\u010dina alergie sa v\u0161ak t\u00fdmito opatreniami nelie\u010di.<\/p>\t\t\t\t\t\t\t\t<\/div>\n\t\t\t\t<\/div>\n\t\t\t\t<\/div>\n\t\t<div class=\"elementor-element elementor-element-39a264b e-con-full obcs none e-flex e-con e-child\" data-id=\"39a264b\" data-element_type=\"container\">\n\t\t\t\t<\/div>\n\t\t<div class=\"elementor-element elementor-element-445c70a e-con-full obcs none e-flex elementor-invisible e-con e-child\" data-id=\"445c70a\" data-element_type=\"container\" data-settings=\"{&quot;animation&quot;:&quot;bounceInRight&quot;}\">\n\t\t<div class=\"elementor-element elementor-element-0f57a2c obcs none e-flex e-con-boxed e-con e-child\" data-id=\"0f57a2c\" data-element_type=\"container\">\n\t\t\t\t\t<div class=\"e-con-inner\">\n\t\t\t\t<div class=\"elementor-element elementor-element-a12141d elementor-widget elementor-widget-image\" data-id=\"a12141d\" data-element_type=\"widget\" data-widget_type=\"image.default\">\n\t\t\t\t<div class=\"elementor-widget-container\">\n\t\t\t\t\t\t\t\t\t\t\t\t\t\t\t<img loading=\"lazy\" decoding=\"async\" width=\"300\" height=\"300\" src=\"https:\/\/www.omni-biotic.com\/sk-sk\/wp-content\/uploads\/sites\/9\/2023\/03\/Desensibilisierung-300x300.png\" class=\"attachment-medium size-medium wp-image-12941\" alt=\"Desensibilisierung durch st\u00e4ndige Konfrontation mit dem Allergen\" srcset=\"https:\/\/www.omni-biotic.com\/sk-sk\/wp-content\/uploads\/sites\/9\/2023\/03\/Desensibilisierung-300x300.png 300w, https:\/\/www.omni-biotic.com\/sk-sk\/wp-content\/uploads\/sites\/9\/2023\/03\/Desensibilisierung-150x150.png 150w, https:\/\/www.omni-biotic.com\/sk-sk\/wp-content\/uploads\/sites\/9\/2023\/03\/Desensibilisierung.png 512w\" sizes=\"(max-width: 300px) 100vw, 300px\" title=\"\">\t\t\t\t\t\t\t\t\t\t\t\t\t\t\t<\/div>\n\t\t\t\t<\/div>\n\t\t\t\t<div class=\"elementor-element elementor-element-7014f1b elementor-widget elementor-widget-heading\" data-id=\"7014f1b\" data-element_type=\"widget\" data-widget_type=\"heading.default\">\n\t\t\t\t<div class=\"elementor-widget-container\">\n\t\t\t\t\t<h3 class=\"elementor-heading-title elementor-size-default\">Desenzibiliz\u00e1cia<\/h3>\t\t\t\t<\/div>\n\t\t\t\t<\/div>\n\t\t\t\t\t<\/div>\n\t\t\t\t<\/div>\n\t\t\t\t<div class=\"elementor-element elementor-element-b2498ec elementor-widget elementor-widget-text-editor\" data-id=\"b2498ec\" data-element_type=\"widget\" data-widget_type=\"text-editor.default\">\n\t\t\t\t<div class=\"elementor-widget-container\">\n\t\t\t\t\t\t\t\t\t<p>V tomto procese si telo postupne zvyk\u00e1 na ur\u010dit\u00fa l\u00e1tku, ktor\u00e1 vyvol\u00e1va alergiu, \u010d\u00edm sa vytv\u00e1ra tolerancia.<\/p><p>Je to dobr\u00fd sp\u00f4sob lie\u010dby alergi\u00ed na jednotliv\u00e9 zn\u00e1me l\u00e1tky, ale trv\u00e1 dlho a nechr\u00e1ni pred nov\u00fdmi alergiami.<\/p>\t\t\t\t\t\t\t\t<\/div>\n\t\t\t\t<\/div>\n\t\t\t\t<\/div>\n\t\t\t\t\t<\/div>\n\t\t\t\t<\/div>\n\t\t<div class=\"elementor-element elementor-element-7f5d7c2 obcs none e-flex e-con-boxed e-con e-parent\" data-id=\"7f5d7c2\" data-element_type=\"container\">\n\t\t\t\t\t<div class=\"e-con-inner\">\n\t\t<div class=\"elementor-element elementor-element-416ff3c obcs none e-flex e-con-boxed e-con e-child\" data-id=\"416ff3c\" data-element_type=\"container\">\n\t\t\t\t\t<div class=\"e-con-inner\">\n\t\t<div class=\"elementor-element elementor-element-4f300ee obcs none e-flex e-con-boxed e-con e-child\" data-id=\"4f300ee\" data-element_type=\"container\">\n\t\t\t\t\t<div class=\"e-con-inner\">\n\t\t\t\t<div class=\"elementor-element elementor-element-94101f3 elementor-widget elementor-widget-image\" data-id=\"94101f3\" data-element_type=\"widget\" data-widget_type=\"image.default\">\n\t\t\t\t<div class=\"elementor-widget-container\">\n\t\t\t\t\t\t\t\t\t\t\t\t\t\t\t<img loading=\"lazy\" decoding=\"async\" width=\"300\" height=\"300\" src=\"https:\/\/www.omni-biotic.com\/sk-sk\/wp-content\/uploads\/sites\/9\/2023\/03\/Reparieren-der-Schleimhaeute-300x300.png\" class=\"attachment-medium size-medium wp-image-12939\" alt=\"Therapie der Schleimh\u00e4ute f\u00fcr eine nachhaltige Therapie gegen\u00fcber Allergien\" srcset=\"https:\/\/www.omni-biotic.com\/sk-sk\/wp-content\/uploads\/sites\/9\/2023\/03\/Reparieren-der-Schleimhaeute-300x300.png 300w, https:\/\/www.omni-biotic.com\/sk-sk\/wp-content\/uploads\/sites\/9\/2023\/03\/Reparieren-der-Schleimhaeute-150x150.png 150w, https:\/\/www.omni-biotic.com\/sk-sk\/wp-content\/uploads\/sites\/9\/2023\/03\/Reparieren-der-Schleimhaeute.png 512w\" sizes=\"(max-width: 300px) 100vw, 300px\" title=\"\">\t\t\t\t\t\t\t\t\t\t\t\t\t\t\t<\/div>\n\t\t\t\t<\/div>\n\t\t\t\t<div class=\"elementor-element elementor-element-fd771c4 elementor-widget elementor-widget-heading\" data-id=\"fd771c4\" data-element_type=\"widget\" data-widget_type=\"heading.default\">\n\t\t\t\t<div class=\"elementor-widget-container\">\n\t\t\t\t\t<h3 class=\"elementor-heading-title elementor-size-default\">Lie\u010dba slizn\u00edc<\/h3>\t\t\t\t<\/div>\n\t\t\t\t<\/div>\n\t\t\t\t\t<\/div>\n\t\t\t\t<\/div>\n\t\t\t\t<div class=\"elementor-element elementor-element-48cc2c4 elementor-widget__width-initial elementor-widget elementor-widget-text-editor\" data-id=\"48cc2c4\" data-element_type=\"widget\" data-widget_type=\"text-editor.default\">\n\t\t\t\t<div class=\"elementor-widget-container\">\n\t\t\t\t\t\t\t\t\t<p>T\u00e1to forma lie\u010dby <strong>lie\u010di p\u00f4vod alergie<\/strong> a je ur\u010den\u00e1 najm\u00e4 pre \u013eud\u00ed, ktor\u00ed s\u00fa <strong>alergick\u00ed<\/strong> <strong>na viacer\u00e9 l\u00e1tky<\/strong> alebo trpia <strong>r\u00f4znymi intoleranciami<\/strong>.<\/p><p>Touto cestou sa odh\u00e1\u0148a ak\u00e1ko\u013evek <strong>l\u00e1tka<\/strong>, ktor\u00e1 <strong>vyvol\u00e1va alergiu<\/strong>. Nez\u00e1le\u017e\u00ed na tom, \u010di t\u00e1to l\u00e1tka poch\u00e1dza z rastl\u00edn alebo <strong>zvierat<\/strong> (napr. pe\u013e tr\u00e1vy, zvieracia srs\u0165), <strong>z potrav\u00edn<\/strong> (napr. ar\u00f3my, konzerva\u010dn\u00e9 l\u00e1tky) alebo <strong>z kozmetick\u00fdch produktov<\/strong>.<\/p>\t\t\t\t\t\t\t\t<\/div>\n\t\t\t\t<\/div>\n\t\t\t\t\t<\/div>\n\t\t\t\t<\/div>\n\t\t\t\t\t<\/div>\n\t\t\t\t<\/div>\n\t\t<div class=\"elementor-element elementor-element-60f9cdf obcs none e-flex e-con-boxed e-con e-parent\" data-id=\"60f9cdf\" data-element_type=\"container\" data-settings=\"{&quot;background_background&quot;:&quot;classic&quot;,&quot;shape_divider_top&quot;:&quot;waves&quot;,&quot;shape_divider_bottom&quot;:&quot;waves&quot;}\">\n\t\t\t\t\t<div class=\"e-con-inner\">\n\t\t\t\t<div class=\"elementor-shape elementor-shape-top\" aria-hidden=\"true\" data-negative=\"false\">\n\t\t\t<svg xmlns=\"http:\/\/www.w3.org\/2000\/svg\" viewBox=\"0 0 1000 100\" preserveAspectRatio=\"none\">\n\t<path class=\"elementor-shape-fill\" d=\"M421.9,6.5c22.6-2.5,51.5,0.4,75.5,5.3c23.6,4.9,70.9,23.5,100.5,35.7c75.8,32.2,133.7,44.5,192.6,49.7\n\tc23.6,2.1,48.7,3.5,103.4-2.5c54.7-6,106.2-25.6,106.2-25.6V0H0v30.3c0,0,72,32.6,158.4,30.5c39.2-0.7,92.8-6.7,134-22.4\n\tc21.2-8.1,52.2-18.2,79.7-24.2C399.3,7.9,411.6,7.5,421.9,6.5z\"\/>\n<\/svg>\t\t<\/div>\n\t\t\t\t<div class=\"elementor-shape elementor-shape-bottom\" aria-hidden=\"true\" data-negative=\"false\">\n\t\t\t<svg xmlns=\"http:\/\/www.w3.org\/2000\/svg\" viewBox=\"0 0 1000 100\" preserveAspectRatio=\"none\">\n\t<path class=\"elementor-shape-fill\" d=\"M421.9,6.5c22.6-2.5,51.5,0.4,75.5,5.3c23.6,4.9,70.9,23.5,100.5,35.7c75.8,32.2,133.7,44.5,192.6,49.7\n\tc23.6,2.1,48.7,3.5,103.4-2.5c54.7-6,106.2-25.6,106.2-25.6V0H0v30.3c0,0,72,32.6,158.4,30.5c39.2-0.7,92.8-6.7,134-22.4\n\tc21.2-8.1,52.2-18.2,79.7-24.2C399.3,7.9,411.6,7.5,421.9,6.5z\"\/>\n<\/svg>\t\t<\/div>\n\t\t\t\t<div class=\"elementor-element elementor-element-fbc9de9 elementor-widget__width-inherit elementor-widget elementor-widget-heading\" data-id=\"fbc9de9\" data-element_type=\"widget\" data-widget_type=\"heading.default\">\n\t\t\t\t<div class=\"elementor-widget-container\">\n\t\t\t\t\t<h2 class=\"elementor-heading-title elementor-size-default\"><a href=\"https:\/\/www.omni-biotic.com\/sk-sk\/alergie-u-deti\/\">Alergie u det\u00ed<\/a><\/h2>\t\t\t\t<\/div>\n\t\t\t\t<\/div>\n\t\t\t\t<div class=\"elementor-element elementor-element-7b2a33c elementor-widget elementor-widget-text-editor\" data-id=\"7b2a33c\" data-element_type=\"widget\" data-widget_type=\"text-editor.default\">\n\t\t\t\t<div class=\"elementor-widget-container\">\n\t\t\t\t\t\t\t\t\t<p>Riziko vzniku alergie v\u00fdrazne z\u00e1vis\u00ed od g\u00e9nov. Ak sa v rodine vyskytla precitlivenos\u0165 na l\u00e1tky z prostredia, ako je pe\u013e, zvieracia srs\u0165 alebo ur\u010dit\u00e1 potravina, je vysok\u00e1 pravdepodobnos\u0165, \u017ee sa alergia vyvinie aj u die\u0165a\u0165<\/p>\t\t\t\t\t\t\t\t<\/div>\n\t\t\t\t<\/div>\n\t\t\t\t<div class=\"elementor-element elementor-element-21678e9 elementor-align-center elementor-widget__width-inherit elementor-widget elementor-widget-button\" data-id=\"21678e9\" data-element_type=\"widget\" data-widget_type=\"button.default\">\n\t\t\t\t<div class=\"elementor-widget-container\">\n\t\t\t\t\t\t\t\t\t<div class=\"elementor-button-wrapper\">\n\t\t\t\t\t<a class=\"elementor-button elementor-button-link elementor-size-lg\" href=\"https:\/\/www.omni-biotic.com\/sk-sk\/alergie-u-deti\/\">\n\t\t\t\t\t\t<span class=\"elementor-button-content-wrapper\">\n\t\t\t\t\t\t\t\t\t<span class=\"elementor-button-text\">Viac o alergi\u00e1ch u det\u00ed<\/span>\n\t\t\t\t\t<\/span>\n\t\t\t\t\t<\/a>\n\t\t\t\t<\/div>\n\t\t\t\t\t\t\t\t<\/div>\n\t\t\t\t<\/div>\n\t\t\t\t\t<\/div>\n\t\t\t\t<\/div>\n\t\t<div class=\"elementor-element elementor-element-3388a22 obcs magenta e-flex e-con-boxed e-con e-parent\" data-id=\"3388a22\" data-element_type=\"container\">\n\t\t\t\t\t<div class=\"e-con-inner\">\n\t\t\t\t<div class=\"elementor-element elementor-element-9437334 elementor-widget__width-inherit elementor-widget elementor-widget-heading\" data-id=\"9437334\" data-element_type=\"widget\" data-widget_type=\"heading.default\">\n\t\t\t\t<div class=\"elementor-widget-container\">\n\t\t\t\t\t<h2 class=\"elementor-heading-title elementor-size-default\">Prof. Anita Frauwallner k t\u00e9me \"alergie\"<\/h2>\t\t\t\t<\/div>\n\t\t\t\t<\/div>\n\t\t\t\t\t<\/div>\n\t\t\t\t<\/div>\n\t\t<div class=\"elementor-element elementor-element-4b1980b obcs none e-flex e-con-boxed e-con e-parent\" data-id=\"4b1980b\" data-element_type=\"container\">\n\t\t\t\t\t<div class=\"e-con-inner\">\n\t\t<div class=\"elementor-element elementor-element-1df97fa e-con-full obcs none e-flex e-con e-child\" data-id=\"1df97fa\" data-element_type=\"container\">\n\t\t\t\t<div class=\"elementor-element elementor-element-af7881f e-transform elementor-widget elementor-widget-image\" data-id=\"af7881f\" data-element_type=\"widget\" data-settings=\"{&quot;_transform_rotateZ_effect&quot;:{&quot;unit&quot;:&quot;px&quot;,&quot;size&quot;:&quot;0&quot;,&quot;sizes&quot;:[]},&quot;_transform_rotate_3d&quot;:&quot;yes&quot;,&quot;_transform_rotateX_effect&quot;:{&quot;unit&quot;:&quot;px&quot;,&quot;size&quot;:&quot;0&quot;,&quot;sizes&quot;:[]},&quot;_transform_rotateY_effect&quot;:{&quot;unit&quot;:&quot;px&quot;,&quot;size&quot;:&quot;4&quot;,&quot;sizes&quot;:[]},&quot;_transform_perspective_effect&quot;:{&quot;unit&quot;:&quot;px&quot;,&quot;size&quot;:&quot;650&quot;,&quot;sizes&quot;:[]},&quot;_transform_rotateZ_effect_tablet&quot;:{&quot;unit&quot;:&quot;deg&quot;,&quot;size&quot;:&quot;&quot;,&quot;sizes&quot;:[]},&quot;_transform_rotateZ_effect_mobile&quot;:{&quot;unit&quot;:&quot;deg&quot;,&quot;size&quot;:&quot;&quot;,&quot;sizes&quot;:[]},&quot;_transform_rotateX_effect_tablet&quot;:{&quot;unit&quot;:&quot;deg&quot;,&quot;size&quot;:&quot;&quot;,&quot;sizes&quot;:[]},&quot;_transform_rotateX_effect_mobile&quot;:{&quot;unit&quot;:&quot;deg&quot;,&quot;size&quot;:&quot;&quot;,&quot;sizes&quot;:[]},&quot;_transform_rotateY_effect_tablet&quot;:{&quot;unit&quot;:&quot;deg&quot;,&quot;size&quot;:&quot;&quot;,&quot;sizes&quot;:[]},&quot;_transform_rotateY_effect_mobile&quot;:{&quot;unit&quot;:&quot;deg&quot;,&quot;size&quot;:&quot;&quot;,&quot;sizes&quot;:[]},&quot;_transform_perspective_effect_tablet&quot;:{&quot;unit&quot;:&quot;px&quot;,&quot;size&quot;:&quot;&quot;,&quot;sizes&quot;:[]},&quot;_transform_perspective_effect_mobile&quot;:{&quot;unit&quot;:&quot;px&quot;,&quot;size&quot;:&quot;&quot;,&quot;sizes&quot;:[]}}\" data-widget_type=\"image.default\">\n\t\t\t\t<div class=\"elementor-widget-container\">\n\t\t\t\t\t\t\t\t\t\t\t\t<figure class=\"wp-caption\">\n\t\t\t\t\t\t\t\t\t\t<img loading=\"lazy\" decoding=\"async\" width=\"638\" height=\"800\" src=\"https:\/\/www.omni-biotic.com\/sk-sk\/wp-content\/uploads\/sites\/9\/2023\/03\/mag.-anita-frauwallner.jpg\" class=\"attachment-large size-large wp-image-12928\" alt=\"Mag. Anita Frauwallner, Darmexpertin\" srcset=\"https:\/\/www.omni-biotic.com\/sk-sk\/wp-content\/uploads\/sites\/9\/2023\/03\/mag.-anita-frauwallner.jpg 638w, https:\/\/www.omni-biotic.com\/sk-sk\/wp-content\/uploads\/sites\/9\/2023\/03\/mag.-anita-frauwallner-239x300.jpg 239w\" sizes=\"(max-width: 638px) 100vw, 638px\" title=\"\">\t\t\t\t\t\t\t\t\t\t\t<figcaption class=\"widget-image-caption wp-caption-text\">Prof. Anita Frauwallner <br> \u00a9 Foto Fischer Graz<\/figcaption>\n\t\t\t\t\t\t\t\t\t\t<\/figure>\n\t\t\t\t\t\t\t\t\t<\/div>\n\t\t\t\t<\/div>\n\t\t\t\t<\/div>\n\t\t<div class=\"elementor-element elementor-element-227fc12 e-con-full obcs none e-flex e-con e-child\" data-id=\"227fc12\" data-element_type=\"container\">\n\t\t\t\t<div class=\"elementor-element elementor-element-49c99b8 elementor-widget elementor-widget-heading\" data-id=\"49c99b8\" data-element_type=\"widget\" data-widget_type=\"heading.default\">\n\t\t\t\t<div class=\"elementor-widget-container\">\n\t\t\t\t\t<h3 class=\"elementor-heading-title elementor-size-default\">Ktor\u00e9 alergie m\u00f4\u017eu vznikn\u00fa\u0165 v \u010dreve a pre\u010do vznikaj\u00fa pr\u00e1ve tam?<\/h3>\t\t\t\t<\/div>\n\t\t\t\t<\/div>\n\t\t\t\t<div class=\"elementor-element elementor-element-a4ed7f9 elementor-widget elementor-widget-text-editor\" data-id=\"a4ed7f9\" data-element_type=\"widget\" data-widget_type=\"text-editor.default\">\n\t\t\t\t<div class=\"elementor-widget-container\">\n\t\t\t\t\t\t\t\t\t<p><em><strong>Prof. Frauwallner:<\/strong><\/em> V s\u00fa\u010dasnosti sa prakticky ka\u017ed\u00e1 l\u00e1tka m\u00f4\u017ee sta\u0165 <strong>alerg\u00e9nom<\/strong>, a vyvola\u0165 alergick\u00e9 reakcie. S t\u00fdm sa stret\u00e1vaj\u00fa najm\u00e4 \u013eudia s <strong>oslaben\u00fdm imunitn\u00fdm syst\u00e9mom<\/strong>, preto\u017ee alergia je <strong>prehnan\u00e1 reakcia imunitn\u00e9ho syst\u00e9mu<\/strong> na l\u00e1tky, ktor\u00e9 u nealergikov v\u00f4bec nevyvol\u00e1vaj\u00fa \u017eiadne reakcie.<\/p><p>Ak si uvedom\u00edme, \u017ee <b>7<\/b><strong>0 % imunitn\u00fdch buniek sa nach\u00e1dza v \u010dreve<\/strong>, je ka\u017ed\u00e9mu hne\u010f jasn\u00e9, pre\u010do sa alergie objavuj\u00fa \u010doraz \u010dastej\u0161ie, ke\u010f v \u010dreve nie je v\u0161etko v poriadku. Odbornej\u0161ie povedan\u00e9: ke\u010f <strong>\u010drevn\u00e1 bari\u00e9ra prestane spr\u00e1vne fungova\u0165<\/strong>. D\u00f4vodom m\u00f4\u017ee by\u0165 <strong>antibiotick\u00e1 lie\u010dba<\/strong>, ktor\u00e1 do zna\u010dnej miery zlikvidovala na\u0161e d\u00f4le\u017eit\u00e9 <strong>\u010drevn\u00e9 bakt\u00e9rie<\/strong>, alebo preto, \u017ee moment\u00e1lne <strong>trp\u00edte obrovsk\u00fdm stresom<\/strong>. Tento vysok\u00fd <strong>stres<\/strong> brzd\u00ed prietok krvi v \u010drev\u00e1ch, \u010do sp\u00f4sobuje <strong>prepuknutie z\u00e1palu<\/strong>. Vznik\u00e1 tak \u010drevo s vysokou priepustnos\u0165ou<strong> (= &#8220; priepustn\u00e9 \u010drevo&#8220;)<\/strong> &#8211; pre ve\u013ek\u00e9 zlo\u017eky potravy, ako aj pre toxick\u00e9 l\u00e1tky alebo napr\u00edklad len pe\u013eov\u00e9 alerg\u00e9ny, ktor\u00e9 ste si oblizli z pier.<\/p>\t\t\t\t\t\t\t\t<\/div>\n\t\t\t\t<\/div>\n\t\t\t\t<\/div>\n\t\t\t\t\t<\/div>\n\t\t\t\t<\/div>\n\t\t<div class=\"elementor-element elementor-element-c997f86 obcs magenta e-flex e-con-boxed e-con e-parent\" data-id=\"c997f86\" data-element_type=\"container\">\n\t\t\t\t\t<div class=\"e-con-inner\">\n\t\t\t\t<div class=\"elementor-element elementor-element-ba5e445 elementor-widget elementor-widget-infobox\" data-id=\"ba5e445\" data-element_type=\"widget\" data-widget_type=\"infobox.default\">\n\t\t\t\t<div class=\"elementor-widget-container\">\n\t\t\t\t\t\n<div class=\"li-widgets--infobox yellow highlights-always-magenta\">\n\n    <div class=\"li-widgets--infobox__icon\">\n            <\/div>\n    <div class=\"li-widgets--infobox__text\">\n        Za\u010dnite tam, kde alergia vznik\u00e1 - v \u010drev\u00e1ch!     <\/div>\n    <div class=\"li-widgets--infobox__text-body\">\n        <p>\u2013 Prof. Anita Frauwallner<\/p>    <\/div>\n\n    \n<\/div>\n\t\t\t\t<\/div>\n\t\t\t\t<\/div>\n\t\t\t\t\t<\/div>\n\t\t\t\t<\/div>\n\t\t<div class=\"elementor-element elementor-element-f49c079 obcs none e-flex e-con-boxed e-con e-parent\" data-id=\"f49c079\" data-element_type=\"container\">\n\t\t\t\t\t<div class=\"e-con-inner\">\n\t\t<div class=\"elementor-element elementor-element-e8c4353 obcs none e-flex e-con-boxed e-con e-child\" data-id=\"e8c4353\" data-element_type=\"container\">\n\t\t\t\t\t<div class=\"e-con-inner\">\n\t\t\t\t<div class=\"elementor-element elementor-element-7ff1c0c elementor-widget__width-initial elementor-widget elementor-widget-text-editor\" data-id=\"7ff1c0c\" data-element_type=\"widget\" data-widget_type=\"text-editor.default\">\n\t\t\t\t<div class=\"elementor-widget-container\">\n\t\t\t\t\t\t\t\t\t<p>Ak je v\u00e1\u0161<a href=\"https:\/\/www.omni-biotic.com\/sk-sk\/blog\/alergie-prehnana-reakcia-imunitneho-systemu\/\"><strong> imunitn\u00fd syst\u00e9m nadmerne stimulovan\u00fd<\/strong><\/a>, m\u00f4\u017eu sa objavi\u0165 alergick\u00e9 reakcie, napr\u00edklad<strong> na mlieko<\/strong>, p\u0161enicu alebo jablk\u00e1, preto\u017ee ich <strong>\u010dastej\u0161ie konzumujete<\/strong>, alebo na l\u00e1tky, ktor\u00fdch sa dot\u00fdkate. Kv\u00f4li vz\u00e1jomn\u00fdm reakci\u00e1m sa m\u00f4\u017eu objavi\u0165 aj<strong> \u010fal\u0161ie alergick\u00e9 reakcie<\/strong> napr\u00edklad na pe\u013e alebo orechy. \u010c\u00edm viac alergick\u00fdch reakci\u00ed m\u00e1te, t\u00fdm ste <strong>n\u00e1chylnej\u0161\u00ed na \u010fal\u0161ie alergie<\/strong>. V\u0161etko sa to <strong>za\u010dalo v \u010drev\u00e1ch<\/strong>!<\/p>\t\t\t\t\t\t\t\t<\/div>\n\t\t\t\t<\/div>\n\t\t\t\t<div class=\"elementor-element elementor-element-5cdfd19 elementor-widget elementor-widget-heading\" data-id=\"5cdfd19\" data-element_type=\"widget\" data-widget_type=\"heading.default\">\n\t\t\t\t<div class=\"elementor-widget-container\">\n\t\t\t\t\t<h3 class=\"elementor-heading-title elementor-size-default\">Je mo\u017en\u00e9 vylie\u010di\u0165 alergie zlep\u0161en\u00edm zdravia \u010driev? \u010co pom\u00e1ha pri alergi\u00e1ch?<\/h3>\t\t\t\t<\/div>\n\t\t\t\t<\/div>\n\t\t\t\t<div class=\"elementor-element elementor-element-8dd7dd5 elementor-widget elementor-widget-text-editor\" data-id=\"8dd7dd5\" data-element_type=\"widget\" data-widget_type=\"text-editor.default\">\n\t\t\t\t<div class=\"elementor-widget-container\">\n\t\t\t\t\t\t\t\t\t<p><em><strong>Prof. Frauwallner:<\/strong><\/em> Som najlep\u0161\u00edm pr\u00edkladom toho, ako m\u00f4\u017eete sami ukon\u010di\u0165 svoju &#8222;kari\u00e9ru&#8220; alergika. Za\u010dnite tam, kde alergia vznik\u00e1 &#8211; v \u010drev\u00e1ch!<\/p><ol><li>Sna\u017ete sa<strong> zmierni\u0165 stres<\/strong> a predov\u0161etk\u00fdm zlep\u0161i\u0165 stav \u010drevnej sliznice, ktor\u00e1 je kv\u00f4li nemu zap\u00e1len\u00e1. Funguje to tak, \u017ee u\u017e\u00edvate spr\u00e1vne, protiz\u00e1palov\u00e9 \u010drevn\u00e9 bakt\u00e9rie.<\/li><li><strong>Posilnite svoju imunitu<\/strong>. Po\u010das pe\u013eovej sez\u00f3ny je lep\u0161ie nerobi\u0165 nam\u00e1hav\u00e9 cvi\u010denia, ale vybudova\u0165 si siln\u00fa \u010drevn\u00fa sliznicu. S t\u00fdm znova pom\u00e1haj\u00fa dobr\u00e9 \u010drevn\u00e9 bakt\u00e9rie. Ja sama na to u\u017e\u00edvam kombin\u00e1ciu \u0161iestich ved\u00facich kme\u0148ov bakt\u00e9ri\u00ed, ktor\u00e9 kolonizuj\u00fa cel\u00e9 \u010drevo zhora nadol.<\/li><li><p>Ak v\u00e1m te\u010die z nosa a slzia v\u00e1m o\u010di, potrebujete<strong> zastavi\u0165 tvorbu histam\u00ednu<\/strong> v \u010drev\u00e1ch. Na to je vynikaj\u00faci <strong>zinok<\/strong>. Vo v\u0161eobecnosti s\u00fa na v\u00fdvoj neporu\u0161enej \u010drevnej sliznice potrebn\u00e9 vitam\u00edny skupiny B, aminokyseliny a r\u00f4zne stopov\u00e9 prvky. V\u010faka tomu budete va\u0161e \u010drevo &#8222;fit&#8220;.<\/p><\/li><\/ol>\t\t\t\t\t\t\t\t<\/div>\n\t\t\t\t<\/div>\n\t\t\t\t\t<\/div>\n\t\t\t\t<\/div>\n\t\t\t\t\t<\/div>\n\t\t\t\t<\/div>\n\t\t<div class=\"elementor-element elementor-element-75dc7ca obcs magenta e-flex e-con-boxed e-con e-parent\" data-id=\"75dc7ca\" data-element_type=\"container\">\n\t\t\t\t\t<div class=\"e-con-inner\">\n\t\t<div class=\"elementor-element elementor-element-1b95f38 e-con-full obcs none e-flex e-con e-child\" data-id=\"1b95f38\" data-element_type=\"container\">\n\t\t\t\t<div class=\"elementor-element elementor-element-f4a4d73 elementor-widget elementor-widget-heading\" data-id=\"f4a4d73\" data-element_type=\"widget\" data-widget_type=\"heading.default\">\n\t\t\t\t<div class=\"elementor-widget-container\">\n\t\t\t\t\t<h3 class=\"elementor-heading-title elementor-size-default\">Ktor\u00e9 alergie nemaj\u00fa ni\u010d spolo\u010dn\u00e9 s \u010drevom? Alebo maj\u00fa v\u0161etky alergie nie\u010do spolo\u010dn\u00e9 s \u010drevom?<\/h3>\t\t\t\t<\/div>\n\t\t\t\t<\/div>\n\t\t\t\t<div class=\"elementor-element elementor-element-807a36d elementor-widget elementor-widget-text-editor\" data-id=\"807a36d\" data-element_type=\"widget\" data-widget_type=\"text-editor.default\">\n\t\t\t\t<div class=\"elementor-widget-container\">\n\t\t\t\t\t\t\t\t\t<p><em><strong>Prof. Frauwallner:<\/strong><\/em> Alergie typu I-III sprostredkovan\u00e9 protil\u00e1tkami aj reakcie typu IV vyvolan\u00e9 T-bunkami s\u00fa <strong>v\u017edy sp\u00f4soben\u00e9 chybou imunitn\u00e9ho syst\u00e9mu<\/strong>. U \u00faplne zdrav\u00e9ho \u010dloveka s funk\u010dn\u00fdm \u010drevom a optim\u00e1lnym bakteri\u00e1lnym os\u00eddlen\u00edm<strong> imunologick\u00e1 &#8222;porucha alergie&#8220;<\/strong> a najm\u00e4 tie\u017e potravinov\u00e9 intolerancie, ktor\u00fdmi dnes trp\u00ed ove\u013ea viac \u013eud\u00ed, sotva bud\u00fa existova\u0165.<\/p><p>Dokonca aj u <strong>det\u00ed<\/strong>, ktor\u00e9 s\u00fa <strong>geneticky predisponovan\u00e9<\/strong> oboma rodi\u010dmi, je mo\u017en\u00e9 <strong>pod\u00e1van\u00edm<\/strong> spr\u00e1vnych <strong>\u010drevn\u00fdch bakt\u00e9ri\u00ed<\/strong> po\u010das <strong>tehotenstva<\/strong> a v prvom roku \u017eivota die\u0165a\u0165a <strong>pred\u00eds\u0165 vzniku alergi\u00ed<\/strong>, <strong>neurodermatit\u00eddy<\/strong> a <strong>astmy na 80 %<\/strong>. Ve\u013ek\u00fa \u0161t\u00fadiu <strong>PANDA<\/strong> sme o tom publikovali pred 10 rokmi. A\u017e teraz pediatri a alergol\u00f3govia pomaly za\u010d\u00ednaj\u00fa vyu\u017e\u00edva\u0165 potenci\u00e1l tejto <strong>\u0161peci\u00e1lnej probiotickej lie\u010dby<\/strong>.<\/p>\t\t\t\t\t\t\t\t<\/div>\n\t\t\t\t<\/div>\n\t\t\t\t<\/div>\n\t\t<div class=\"elementor-element elementor-element-3360fe8 e-con-full obcs none e-flex e-con e-child\" data-id=\"3360fe8\" data-element_type=\"container\">\n\t\t\t\t<div class=\"elementor-element elementor-element-cb293af e-transform elementor-widget elementor-widget-image\" data-id=\"cb293af\" data-element_type=\"widget\" data-settings=\"{&quot;_transform_rotateZ_effect&quot;:{&quot;unit&quot;:&quot;px&quot;,&quot;size&quot;:&quot;0&quot;,&quot;sizes&quot;:[]},&quot;_transform_rotate_3d&quot;:&quot;yes&quot;,&quot;_transform_rotateX_effect&quot;:{&quot;unit&quot;:&quot;px&quot;,&quot;size&quot;:&quot;0&quot;,&quot;sizes&quot;:[]},&quot;_transform_rotateY_effect&quot;:{&quot;unit&quot;:&quot;px&quot;,&quot;size&quot;:&quot;-4&quot;,&quot;sizes&quot;:[]},&quot;_transform_perspective_effect&quot;:{&quot;unit&quot;:&quot;px&quot;,&quot;size&quot;:&quot;650&quot;,&quot;sizes&quot;:[]},&quot;_transform_rotateZ_effect_tablet&quot;:{&quot;unit&quot;:&quot;deg&quot;,&quot;size&quot;:&quot;&quot;,&quot;sizes&quot;:[]},&quot;_transform_rotateZ_effect_mobile&quot;:{&quot;unit&quot;:&quot;deg&quot;,&quot;size&quot;:&quot;&quot;,&quot;sizes&quot;:[]},&quot;_transform_rotateX_effect_tablet&quot;:{&quot;unit&quot;:&quot;deg&quot;,&quot;size&quot;:&quot;&quot;,&quot;sizes&quot;:[]},&quot;_transform_rotateX_effect_mobile&quot;:{&quot;unit&quot;:&quot;deg&quot;,&quot;size&quot;:&quot;&quot;,&quot;sizes&quot;:[]},&quot;_transform_rotateY_effect_tablet&quot;:{&quot;unit&quot;:&quot;deg&quot;,&quot;size&quot;:&quot;&quot;,&quot;sizes&quot;:[]},&quot;_transform_rotateY_effect_mobile&quot;:{&quot;unit&quot;:&quot;deg&quot;,&quot;size&quot;:&quot;&quot;,&quot;sizes&quot;:[]},&quot;_transform_perspective_effect_tablet&quot;:{&quot;unit&quot;:&quot;px&quot;,&quot;size&quot;:&quot;&quot;,&quot;sizes&quot;:[]},&quot;_transform_perspective_effect_mobile&quot;:{&quot;unit&quot;:&quot;px&quot;,&quot;size&quot;:&quot;&quot;,&quot;sizes&quot;:[]}}\" data-widget_type=\"image.default\">\n\t\t\t\t<div class=\"elementor-widget-container\">\n\t\t\t\t\t\t\t\t\t\t\t\t\t\t\t<img loading=\"lazy\" decoding=\"async\" width=\"800\" height=\"800\" src=\"https:\/\/www.omni-biotic.com\/sk-sk\/wp-content\/uploads\/sites\/9\/2023\/03\/allergietest-prick-test.jpg\" class=\"attachment-large size-large wp-image-12927\" alt=\"Allergietest - haben alle Allergien mit dem Darm zu tun?\" srcset=\"https:\/\/www.omni-biotic.com\/sk-sk\/wp-content\/uploads\/sites\/9\/2023\/03\/allergietest-prick-test.jpg 1024w, https:\/\/www.omni-biotic.com\/sk-sk\/wp-content\/uploads\/sites\/9\/2023\/03\/allergietest-prick-test-300x300.jpg 300w, https:\/\/www.omni-biotic.com\/sk-sk\/wp-content\/uploads\/sites\/9\/2023\/03\/allergietest-prick-test-150x150.jpg 150w, https:\/\/www.omni-biotic.com\/sk-sk\/wp-content\/uploads\/sites\/9\/2023\/03\/allergietest-prick-test-768x768.jpg 768w\" sizes=\"(max-width: 800px) 100vw, 800px\" title=\"\">\t\t\t\t\t\t\t\t\t\t\t\t\t\t\t<\/div>\n\t\t\t\t<\/div>\n\t\t\t\t<\/div>\n\t\t\t\t\t<\/div>\n\t\t\t\t<\/div>\n\t\t<div class=\"elementor-element elementor-element-3aa0056 obcs none e-flex e-con-boxed e-con e-parent\" data-id=\"3aa0056\" data-element_type=\"container\">\n\t\t\t\t\t<div class=\"e-con-inner\">\n\t\t<div class=\"elementor-element elementor-element-bb529b8 obcs none e-flex e-con-boxed e-con e-child\" data-id=\"bb529b8\" data-element_type=\"container\">\n\t\t\t\t\t<div class=\"e-con-inner\">\n\t\t\t\t<div class=\"elementor-element elementor-element-18e5193 elementor-widget elementor-widget-heading\" data-id=\"18e5193\" data-element_type=\"widget\" data-widget_type=\"heading.default\">\n\t\t\t\t<div class=\"elementor-widget-container\">\n\t\t\t\t\t<h3 class=\"elementor-heading-title elementor-size-default\">Pre\u010do sa zd\u00e1, \u017ee \u010doraz viac \u013eud\u00ed m\u00e1 alergie?<\/h3>\t\t\t\t<\/div>\n\t\t\t\t<\/div>\n\t\t\t\t<div class=\"elementor-element elementor-element-e006448 elementor-widget elementor-widget-text-editor\" data-id=\"e006448\" data-element_type=\"widget\" data-widget_type=\"text-editor.default\">\n\t\t\t\t<div class=\"elementor-widget-container\">\n\t\t\t\t\t\t\t\t\t<p><em><strong>Prof. Frauwallner:<\/strong><\/em> Nie je to len pocit, ale fakt, \u017ee dnes trp\u00ed alergiami ove\u013ea viac \u013eud\u00ed ako pred 50 rokmi. Ale nie je to ni\u010d \u010dudn\u00e9, sta\u010d\u00ed sa len pozrie\u0165 okolo seba: <strong>ka\u017ed\u00e9 die\u0165a dost\u00e1va antibiotik\u00e1<\/strong> nieko\u013ekokr\u00e1t u\u017e v prv\u00fdch rokoch \u017eivota &#8211; a bohu\u017eia\u013e \u010dasto <strong>zbyto\u010dne<\/strong>. Na\u0161e <strong>potraviny<\/strong> <strong>obsahuj\u00fa<\/strong> \u010doraz viac <strong>cukru<\/strong>, farb\u00edv, konzerva\u010dn\u00fdch l\u00e1tok a umel\u00fdch zv\u00fdraz\u0148ova\u010dov chuti a 30 % popul\u00e1cie trp\u00ed tak\u00fdm <strong>stresom<\/strong>, \u017ee im hroz\u00ed obrovsk\u00e9<strong> riziko vyhorenia<\/strong>. 80 % Nemcov u\u017e nem\u00e1 norm\u00e1lnu <strong>\u010drevn\u00fa fl\u00f3ru<\/strong> a trp\u00ed <strong>plynatos\u0165ou<\/strong>, neust\u00e1lymi boles\u0165ami a <strong>chronickou \u00fanavou<\/strong>. Mus\u00edme sa vr\u00e1ti\u0165 k tomu, \u010do jasne vyjadrila ka\u017ed\u00e1 star\u00e1 lie\u010dite\u013esk\u00e1 veda &#8211; od Ajurv\u00e9dy cez Hippokrata a\u017e po Paracelsa:<strong> &#8222;\u010crevo je centrom zdravia a choroby&#8220;<\/strong>. Moja v\u00edzia je ve\u013emi jasn\u00e1, najm\u00e4 v pr\u00edpade alergi\u00ed &#8211; nepozera\u0165 sa len na pr\u00edznaky, ale <strong>bojova\u0165 s pr\u00ed\u010dinami<\/strong>. A alergie s\u00fa sp\u00f4soben\u00e9 zle funguj\u00facim \u010drevom a z toho vypl\u00fdvaj\u00facim nespr\u00e1vnym fungovan\u00edm imunitn\u00e9ho syst\u00e9mu.<\/p>\t\t\t\t\t\t\t\t<\/div>\n\t\t\t\t<\/div>\n\t\t\t\t\t<\/div>\n\t\t\t\t<\/div>\n\t\t\t\t\t<\/div>\n\t\t\t\t<\/div>\n\t\t<div class=\"elementor-element elementor-element-b621dde obcs none e-flex e-con-boxed e-con e-parent\" data-id=\"b621dde\" data-element_type=\"container\">\n\t\t\t\t\t<div class=\"e-con-inner\">\n\t\t\t\t<div class=\"elementor-element elementor-element-e7f39be elementor-widget__width-inherit elementor-widget elementor-widget-heading\" data-id=\"e7f39be\" data-element_type=\"widget\" data-widget_type=\"heading.default\">\n\t\t\t\t<div class=\"elementor-widget-container\">\n\t\t\t\t\t<h2 class=\"elementor-heading-title elementor-size-default\">OMNi-BiOTiC\u00ae Blog<\/h2>\t\t\t\t<\/div>\n\t\t\t\t<\/div>\n\t\t\t\t<div class=\"elementor-element elementor-element-58ba9e1 elementor-widget elementor-widget-li-widgets--posts-gallery\" data-id=\"58ba9e1\" data-element_type=\"widget\" data-widget_type=\"li-widgets--posts-gallery.default\">\n\t\t\t\t<div class=\"elementor-widget-container\">\n\t\t\t\t\t    \n<div class=\"li-widgets--posts-gallery__pagination\" data-post-id=\"155\">\n\n    <div class=\"li-widgets--posts-gallery__pagination-results\">\n        1-6 z 177 v\u00fdsledkov    <\/div>\n    <div class=\"li-widgets--posts-gallery__pagination-pages\">\n        Strana 1 z 30    <\/div>\n    <div class=\"li-widgets--posts-gallery__pagination-url\">\n                            <a href=\"#\" data-href=\"https:\/\/www.omni-biotic.com\/sk-sk\/wp-json\/wp\/v2\/pages\/155\/?search&category=0&cur=1\">1<\/a>\n                    <a href=\"#\" data-href=\"https:\/\/www.omni-biotic.com\/sk-sk\/wp-json\/wp\/v2\/pages\/155\/?search&category=0&cur=2\">2<\/a>\n                    <a href=\"#\" data-href=\"https:\/\/www.omni-biotic.com\/sk-sk\/wp-json\/wp\/v2\/pages\/155\/?search&category=0&cur=3\">3<\/a>\n                            <a href=\"#\" data-href=\"https:\/\/www.omni-biotic.com\/sk-sk\/wp-json\/wp\/v2\/pages\/155\/?search&category=0&cur=30\">\u00bb<\/a>\n            <\/div>\n<\/div>\n<div class=\"li-widgets--posts-gallery blog\">\n                    <a href=\"https:\/\/www.omni-biotic.com\/sk-sk\/blog\/rezistencia-na-antibiotika-problem-ktory-ohrozuje-verejne-zdravie\/\"\n           class=\"li-widgets--posts-gallery__post\">\n            <div class=\"post--image__container\">\n                <div class=\"post--image\">\n                    <img loading=\"lazy\" decoding=\"async\" width=\"768\" height=\"681\" src=\"https:\/\/www.omni-biotic.com\/sk-sk\/wp-content\/uploads\/sites\/9\/2025\/02\/rezistencia-na-antibiotika-768x681.png\" class=\"attachment-medium_large size-medium_large wp-post-image\" alt=\"\" srcset=\"https:\/\/www.omni-biotic.com\/sk-sk\/wp-content\/uploads\/sites\/9\/2025\/02\/rezistencia-na-antibiotika-768x681.png 768w, https:\/\/www.omni-biotic.com\/sk-sk\/wp-content\/uploads\/sites\/9\/2025\/02\/rezistencia-na-antibiotika-300x266.png 300w, https:\/\/www.omni-biotic.com\/sk-sk\/wp-content\/uploads\/sites\/9\/2025\/02\/rezistencia-na-antibiotika-1024x908.png 1024w, https:\/\/www.omni-biotic.com\/sk-sk\/wp-content\/uploads\/sites\/9\/2025\/02\/rezistencia-na-antibiotika.png 1067w\" sizes=\"(max-width: 768px) 100vw, 768px\" title=\"\">                <\/div>\n            <\/div>\n            <div class=\"post--teaser\">\n                <div class=\"title\">Rezistencia na antibiotik\u00e1: probl\u00e9m, ktor\u00fd ohrozuje verejn\u00e9 zdravie<\/div>\n                <div class=\"description\">\n                    Rezistencia na antibiotik\u00e1 je d\u00f4sledkom nespr\u00e1vneho a \u010dast\u00e9ho u\u017e\u00edvania antibiot\u00edk. Nast\u00e1va vtedy, ke\u010f bakt\u00e9rie pre\u017eij\u00fa\u2026                    <br>\n                    <span class=\"read-more\">\n                            \u010c\u00edta\u0165 viac                        <\/span>\n                <\/div>\n                <div class=\"metadata\"><b>Aktualizovan\u00e9:<\/b> 21. apr\u00edla 2026 \u2022 <b>Kateg\u00f3rie:<\/b> S\u0165a\u017enosti a poradenstvo \u2022 <b>Autor:<\/b> Alexandra Kormo\u0161ov\u00e1<\/div>\n            <\/div>\n        <\/a>\n                <a href=\"https:\/\/www.omni-biotic.com\/sk-sk\/blog\/crohnova-choroba\/\"\n           class=\"li-widgets--posts-gallery__post\">\n            <div class=\"post--image__container\">\n                <div class=\"post--image\">\n                    <img loading=\"lazy\" decoding=\"async\" width=\"768\" height=\"768\" src=\"https:\/\/www.omni-biotic.com\/sk-sk\/wp-content\/uploads\/sites\/9\/2022\/08\/morbuscrohn-768x768.jpg\" class=\"attachment-medium_large size-medium_large wp-post-image\" alt=\"Schweizer Studie zu chronischen Darmerkrankungen (IBD)\" srcset=\"https:\/\/www.omni-biotic.com\/sk-sk\/wp-content\/uploads\/sites\/9\/2022\/08\/morbuscrohn-768x768.jpg 768w, https:\/\/www.omni-biotic.com\/sk-sk\/wp-content\/uploads\/sites\/9\/2022\/08\/morbuscrohn-300x300.jpg 300w, https:\/\/www.omni-biotic.com\/sk-sk\/wp-content\/uploads\/sites\/9\/2022\/08\/morbuscrohn-150x150.jpg 150w, https:\/\/www.omni-biotic.com\/sk-sk\/wp-content\/uploads\/sites\/9\/2022\/08\/morbuscrohn.jpg 1000w\" sizes=\"(max-width: 768px) 100vw, 768px\" title=\"\">                <\/div>\n            <\/div>\n            <div class=\"post--teaser\">\n                <div class=\"title\">Crohnova choroba<\/div>\n                <div class=\"description\">\n                    Dlhodob\u00e1 hna\u010dka, k\u0155\u010de v bruchu, nevo\u013enos\u0165, nechutenstvo, chudnutie a nedostatok \u017eiv\u00edn. Ak s\u00fa v\u00e1m tieto\u2026                    <br>\n                    <span class=\"read-more\">\n                            \u010c\u00edta\u0165 viac                        <\/span>\n                <\/div>\n                <div class=\"metadata\"><b>Aktualizovan\u00e9:<\/b> 21. apr\u00edla 2026 \u2022 <b>Kateg\u00f3rie:<\/b> Novinky vo v\u00fdskume \u2022 <b>Autor:<\/b> Katrin Griebler<\/div>\n            <\/div>\n        <\/a>\n                <a href=\"https:\/\/www.omni-biotic.com\/sk-sk\/blog\/vaginalna-suchost\/\"\n           class=\"li-widgets--posts-gallery__post\">\n            <div class=\"post--image__container\">\n                <div class=\"post--image\">\n                    <img loading=\"lazy\" decoding=\"async\" width=\"768\" height=\"509\" src=\"https:\/\/www.omni-biotic.com\/sk-sk\/wp-content\/uploads\/sites\/9\/2023\/06\/vaginalna-suchost.jpg\" class=\"attachment-medium_large size-medium_large wp-post-image\" alt=\"\" srcset=\"https:\/\/www.omni-biotic.com\/sk-sk\/wp-content\/uploads\/sites\/9\/2023\/06\/vaginalna-suchost.jpg 768w, https:\/\/www.omni-biotic.com\/sk-sk\/wp-content\/uploads\/sites\/9\/2023\/06\/vaginalna-suchost-300x199.jpg 300w\" sizes=\"(max-width: 768px) 100vw, 768px\" title=\"\">                <\/div>\n            <\/div>\n            <div class=\"post--teaser\">\n                <div class=\"title\">Vagin\u00e1lna suchos\u0165<\/div>\n                <div class=\"description\">\n                    V po\u0161ve sa ka\u017ed\u00fd de\u0148 vytv\u00e1ra tekutina, ktor\u00e1 sa naz\u00fdva &#8222;vagin\u00e1lny v\u00fdtok&#8220;. Zdrav\u00fd v\u00fdtok by\u2026                    <br>\n                    <span class=\"read-more\">\n                            \u010c\u00edta\u0165 viac                        <\/span>\n                <\/div>\n                <div class=\"metadata\"><b>Aktualizovan\u00e9:<\/b> 21. apr\u00edla 2026 \u2022 <b>Kateg\u00f3rie:<\/b> S\u0165a\u017enosti a poradenstvo, Zdravie \u017eeny \u2022 <b>Autor:<\/b> Florentina Sgarz, BA<\/div>\n            <\/div>\n        <\/a>\n                <a href=\"https:\/\/www.omni-biotic.com\/sk-sk\/blog\/co-je-dobre-na-pankreas\/\"\n           class=\"li-widgets--posts-gallery__post\">\n            <div class=\"post--image__container\">\n                <div class=\"post--image\">\n                    <img loading=\"lazy\" decoding=\"async\" width=\"768\" height=\"512\" src=\"https:\/\/www.omni-biotic.com\/sk-sk\/wp-content\/uploads\/sites\/9\/2025\/08\/podrazdeny-pankreas-priznaky-768x512.png\" class=\"attachment-medium_large size-medium_large wp-post-image\" alt=\"\" srcset=\"https:\/\/www.omni-biotic.com\/sk-sk\/wp-content\/uploads\/sites\/9\/2025\/08\/podrazdeny-pankreas-priznaky-768x512.png 768w, https:\/\/www.omni-biotic.com\/sk-sk\/wp-content\/uploads\/sites\/9\/2025\/08\/podrazdeny-pankreas-priznaky-300x200.png 300w, https:\/\/www.omni-biotic.com\/sk-sk\/wp-content\/uploads\/sites\/9\/2025\/08\/podrazdeny-pankreas-priznaky-1024x683.png 1024w, https:\/\/www.omni-biotic.com\/sk-sk\/wp-content\/uploads\/sites\/9\/2025\/08\/podrazdeny-pankreas-priznaky.png 1536w\" sizes=\"(max-width: 768px) 100vw, 768px\" title=\"\">                <\/div>\n            <\/div>\n            <div class=\"post--teaser\">\n                <div class=\"title\">\u010co je dobr\u00e9 na pankreas?<\/div>\n                <div class=\"description\">\n                    Zdrav\u00fd pankreas je k\u013e\u00fa\u010dom k celkov\u00e9mu zdraviu \u2013 no mnoh\u00ed \u013eudia nevedia kde sa nach\u00e1dza\u2026                    <br>\n                    <span class=\"read-more\">\n                            \u010c\u00edta\u0165 viac                        <\/span>\n                <\/div>\n                <div class=\"metadata\"><b>Aktualizovan\u00e9:<\/b> 21. apr\u00edla 2026 \u2022 <b>Kateg\u00f3rie:<\/b> S\u0165a\u017enosti a poradenstvo \u2022 <b>Autor:<\/b> Alexandra Kormo\u0161ov\u00e1<\/div>\n            <\/div>\n        <\/a>\n                <a href=\"https:\/\/www.omni-biotic.com\/sk-sk\/blog\/endometrioza\/\"\n           class=\"li-widgets--posts-gallery__post\">\n            <div class=\"post--image__container\">\n                <div class=\"post--image\">\n                    <img loading=\"lazy\" decoding=\"async\" width=\"700\" height=\"500\" src=\"https:\/\/www.omni-biotic.com\/sk-sk\/wp-content\/uploads\/sites\/9\/2023\/05\/endometrioza-ako-sa-jej-zbavit-2.jpg\" class=\"attachment-medium_large size-medium_large wp-post-image\" alt=\"\" srcset=\"https:\/\/www.omni-biotic.com\/sk-sk\/wp-content\/uploads\/sites\/9\/2023\/05\/endometrioza-ako-sa-jej-zbavit-2.jpg 700w, https:\/\/www.omni-biotic.com\/sk-sk\/wp-content\/uploads\/sites\/9\/2023\/05\/endometrioza-ako-sa-jej-zbavit-2-300x214.jpg 300w\" sizes=\"(max-width: 700px) 100vw, 700px\" title=\"\">                <\/div>\n            <\/div>\n            <div class=\"post--teaser\">\n                <div class=\"title\">Endometri\u00f3za<\/div>\n                <div class=\"description\">\n                    Neznesite\u013en\u00e9 bolesti pri men\u0161tru\u00e1cii, \u017eal\u00fado\u010dn\u00e9 a \u010drevn\u00e9 probl\u00e9my , naf\u00faknut\u00e9 brucho a mo\u017eno aj nenaplnen\u00e1\u2026                    <br>\n                    <span class=\"read-more\">\n                            \u010c\u00edta\u0165 viac                        <\/span>\n                <\/div>\n                <div class=\"metadata\"><b>Aktualizovan\u00e9:<\/b> 6. marca 2026 \u2022 <b>Kateg\u00f3rie:<\/b> S\u0165a\u017enosti a poradenstvo, Zdravie \u017eeny \u2022 <b>Autor:<\/b> Dr. Stephanie Kolleritsch<\/div>\n            <\/div>\n        <\/a>\n                <a href=\"https:\/\/www.omni-biotic.com\/sk-sk\/blog\/post-a-zdravie-odborny-rozhovor-s-dr-andreasom-michalsenom\/\"\n           class=\"li-widgets--posts-gallery__post\">\n            <div class=\"post--image__container\">\n                <div class=\"post--image\">\n                    <img loading=\"lazy\" decoding=\"async\" width=\"768\" height=\"512\" src=\"https:\/\/www.omni-biotic.com\/sk-sk\/wp-content\/uploads\/sites\/9\/2023\/06\/shutterstock-1714850479-768x512.png\" class=\"attachment-medium_large size-medium_large wp-post-image\" alt=\"Fasten &amp; Darm\" srcset=\"https:\/\/www.omni-biotic.com\/sk-sk\/wp-content\/uploads\/sites\/9\/2023\/06\/shutterstock-1714850479-768x512.png 768w, https:\/\/www.omni-biotic.com\/sk-sk\/wp-content\/uploads\/sites\/9\/2023\/06\/shutterstock-1714850479-300x200.png 300w, https:\/\/www.omni-biotic.com\/sk-sk\/wp-content\/uploads\/sites\/9\/2023\/06\/shutterstock-1714850479-1024x683.png 1024w, https:\/\/www.omni-biotic.com\/sk-sk\/wp-content\/uploads\/sites\/9\/2023\/06\/shutterstock-1714850479.png 1200w\" sizes=\"(max-width: 768px) 100vw, 768px\" title=\"\">                <\/div>\n            <\/div>\n            <div class=\"post--teaser\">\n                <div class=\"title\">P\u00f4st a zdravie: Odborn\u00fd rozhovor s Dr. Andreasom Michalsenom<\/div>\n                <div class=\"description\">\n                    Mali sme t\u00fa \u010des\u0165 urobi\u0165 rozhovor s Prof. Dr. Andreasom Michalsenom na t\u00e9mu \u201cP\u00f4st\u201d. Prof.\u2026                    <br>\n                    <span class=\"read-more\">\n                            \u010c\u00edta\u0165 viac                        <\/span>\n                <\/div>\n                <div class=\"metadata\"><b>Aktualizovan\u00e9:<\/b> 23. febru\u00e1ra 2026 \u2022 <b>Kateg\u00f3rie:<\/b> S\u0165a\u017enosti a poradenstvo, Stravovanie a recepty<\/div>\n            <\/div>\n        <\/a>\n            <\/div>\n\t\t\t\t<\/div>\n\t\t\t\t<\/div>\n\t\t\t\t\t<\/div>\n\t\t\t\t<\/div>\n\t\t\t\t<\/div>\n\t\t","protected":false},"excerpt":{"rendered":"<p>Alergia Vedeli ste, \u017ee \u010drevo zohr\u00e1va d\u00f4le\u017eit\u00fa \u00falohu v boji proti pr\u00edznakom alergie? Na\u0161e \u010drevo je ve\u013emi podce\u0148ovan\u00fd org\u00e1n: jeho plocha pribli\u017ene 400 m2 je 10-kr\u00e1t v\u00e4\u010d\u0161ia ako plocha p\u013e\u00fac a 100-kr\u00e1t v\u00e4\u010d\u0161ia ako plocha ko\u017ee. Na tomto povrchu \u017eije 100 bili\u00f3nov bakt\u00e9ri\u00ed tis\u00edcov druhov. Ich zlo\u017eenie je u ka\u017ed\u00e9ho \u010dloveka jedine\u010dn\u00e9. Home Obsah str\u00e1nky [&hellip;]<\/p>\n","protected":false},"author":3,"featured_media":0,"parent":153,"menu_order":460,"comment_status":"closed","ping_status":"closed","template":"","meta":{"_acf_changed":false,"inline_featured_image":false,"footnotes":""},"class_list":["post-155","page","type-page","status-publish","hentry"],"acf":[],"_links":{"self":[{"href":"https:\/\/www.omni-biotic.com\/sk-sk\/wp-json\/wp\/v2\/pages\/155","targetHints":{"allow":["GET"]}}],"collection":[{"href":"https:\/\/www.omni-biotic.com\/sk-sk\/wp-json\/wp\/v2\/pages"}],"about":[{"href":"https:\/\/www.omni-biotic.com\/sk-sk\/wp-json\/wp\/v2\/types\/page"}],"author":[{"embeddable":true,"href":"https:\/\/www.omni-biotic.com\/sk-sk\/wp-json\/wp\/v2\/users\/3"}],"replies":[{"embeddable":true,"href":"https:\/\/www.omni-biotic.com\/sk-sk\/wp-json\/wp\/v2\/comments?post=155"}],"version-history":[{"count":7,"href":"https:\/\/www.omni-biotic.com\/sk-sk\/wp-json\/wp\/v2\/pages\/155\/revisions"}],"predecessor-version":[{"id":25535,"href":"https:\/\/www.omni-biotic.com\/sk-sk\/wp-json\/wp\/v2\/pages\/155\/revisions\/25535"}],"up":[{"embeddable":true,"href":"https:\/\/www.omni-biotic.com\/sk-sk\/wp-json\/wp\/v2\/pages\/153"}],"wp:attachment":[{"href":"https:\/\/www.omni-biotic.com\/sk-sk\/wp-json\/wp\/v2\/media?parent=155"}],"curies":[{"name":"wp","href":"https:\/\/api.w.org\/{rel}","templated":true}]}}