{"id":161,"date":"2022-03-07T10:07:28","date_gmt":"2022-03-07T09:07:28","guid":{"rendered":"https:\/\/www.omni-biotic.com\/darmbeschwerden\/reizdarm-syndrom\/"},"modified":"2025-04-14T11:02:26","modified_gmt":"2025-04-14T09:02:26","slug":"syndrom-drazdiveho-creva","status":"publish","type":"page","link":"https:\/\/www.omni-biotic.com\/sk-sk\/crevne-problemy\/syndrom-drazdiveho-creva\/","title":{"rendered":"Syndr\u00f3m dr\u00e1\u017ediv\u00e9ho \u010dreva"},"content":{"rendered":"\t\t<div data-elementor-type=\"wp-page\" data-elementor-id=\"161\" class=\"elementor elementor-161\" data-elementor-post-type=\"page\">\n\t\t\t\t<div class=\"elementor-element elementor-element-b14c4e1 e-con-full obcs none e-flex e-con e-parent\" data-id=\"b14c4e1\" data-element_type=\"container\" data-settings=\"{&quot;background_background&quot;:&quot;classic&quot;,&quot;shape_divider_bottom&quot;:&quot;waves&quot;}\">\n\t\t\t\t<div class=\"elementor-shape elementor-shape-bottom\" aria-hidden=\"true\" data-negative=\"false\">\n\t\t\t<svg xmlns=\"http:\/\/www.w3.org\/2000\/svg\" viewBox=\"0 0 1000 100\" preserveAspectRatio=\"none\">\n\t<path class=\"elementor-shape-fill\" d=\"M421.9,6.5c22.6-2.5,51.5,0.4,75.5,5.3c23.6,4.9,70.9,23.5,100.5,35.7c75.8,32.2,133.7,44.5,192.6,49.7\n\tc23.6,2.1,48.7,3.5,103.4-2.5c54.7-6,106.2-25.6,106.2-25.6V0H0v30.3c0,0,72,32.6,158.4,30.5c39.2-0.7,92.8-6.7,134-22.4\n\tc21.2-8.1,52.2-18.2,79.7-24.2C399.3,7.9,411.6,7.5,421.9,6.5z\"\/>\n<\/svg>\t\t<\/div>\n\t\t<div class=\"elementor-element elementor-element-51806cb e-con-full obcs none e-flex e-con e-child\" data-id=\"51806cb\" data-element_type=\"container\" data-settings=\"{&quot;background_background&quot;:&quot;gradient&quot;}\">\n\t\t\t\t<div class=\"elementor-element elementor-element-cb0d5a5 elementor-widget elementor-widget-heading\" data-id=\"cb0d5a5\" data-element_type=\"widget\" data-widget_type=\"heading.default\">\n\t\t\t\t<div class=\"elementor-widget-container\">\n\t\t\t\t\t<h1 class=\"elementor-heading-title elementor-size-default\">Syndr\u00f3m dr\u00e1\u017ediv\u00e9ho \u010dreva<\/h1>\t\t\t\t<\/div>\n\t\t\t\t<\/div>\n\t\t\t\t<div class=\"elementor-element elementor-element-61b0b5f elementor-widget-divider--view-line elementor-widget elementor-widget-divider\" data-id=\"61b0b5f\" data-element_type=\"widget\" data-widget_type=\"divider.default\">\n\t\t\t\t<div class=\"elementor-widget-container\">\n\t\t\t\t\t\t\t<div class=\"elementor-divider\">\n\t\t\t<span class=\"elementor-divider-separator\">\n\t\t\t\t\t\t<\/span>\n\t\t<\/div>\n\t\t\t\t\t\t<\/div>\n\t\t\t\t<\/div>\n\t\t\t\t<div class=\"elementor-element elementor-element-1d60d36 elementor-widget-tablet__width-initial elementor-widget elementor-widget-text-editor\" data-id=\"1d60d36\" data-element_type=\"widget\" data-widget_type=\"text-editor.default\">\n\t\t\t\t<div class=\"elementor-widget-container\">\n\t\t\t\t\t\t\t\t\t<p>Pri syndr\u00f3me dr\u00e1\u017ediv\u00e9ho \u010dreva m\u00e1 pacient <strong>r\u00f4zne \u0165a\u017ekosti v oblasti tr\u00e1viaceho traktu<\/strong> &#8211; ale bez organick\u00fdch pr\u00ed\u010din. Ide o<strong> funk\u010dn\u00fa poruchu tr\u00e1viaceho syst\u00e9mu<\/strong>.<\/p>\t\t\t\t\t\t\t\t<\/div>\n\t\t\t\t<\/div>\n\t\t\t\t<\/div>\n\t\t<div class=\"elementor-element elementor-element-12f118d e-con-full elementor-hidden-mobile obcs none e-flex e-con e-child\" data-id=\"12f118d\" data-element_type=\"container\">\n\t\t\t\t<\/div>\n\t\t\t\t<\/div>\n\t\t<div class=\"elementor-element elementor-element-7969c9e obcs none e-flex e-con-boxed e-con e-parent\" data-id=\"7969c9e\" data-element_type=\"container\">\n\t\t\t\t\t<div class=\"e-con-inner\">\n\t\t<div class=\"elementor-element elementor-element-2477418 e-con-full obcs none e-flex e-con e-child\" data-id=\"2477418\" data-element_type=\"container\">\n\t\t\t\t<div class=\"elementor-element elementor-element-09bb18a elementor-align-left elementor-widget__width-initial elementor-widget elementor-widget-breadcrumbs\" data-id=\"09bb18a\" data-element_type=\"widget\" data-widget_type=\"breadcrumbs.default\">\n\t\t\t\t<div class=\"elementor-widget-container\">\n\t\t\t\t\t<span><span class=\"last\">Home<\/span><\/span>\t\t\t\t<\/div>\n\t\t\t\t<\/div>\n\t\t\t\t<\/div>\n\t\t<div class=\"elementor-element elementor-element-766242b e-con-full obcs none e-flex e-con e-child\" data-id=\"766242b\" data-element_type=\"container\">\n\t\t\t\t<div class=\"elementor-element elementor-element-dd64254 elementor-toc--minimized-on-desktop elementor-widget elementor-widget-table-of-contents\" data-id=\"dd64254\" data-element_type=\"widget\" data-settings=\"{&quot;exclude_headings_by_selector&quot;:[],&quot;minimized_on&quot;:&quot;desktop&quot;,&quot;no_headings_message&quot;:&quot;No headings were found on this page.&quot;,&quot;headings_by_tags&quot;:[&quot;h2&quot;,&quot;h3&quot;,&quot;h4&quot;,&quot;h5&quot;,&quot;h6&quot;],&quot;marker_view&quot;:&quot;numbers&quot;,&quot;minimize_box&quot;:&quot;yes&quot;,&quot;hierarchical_view&quot;:&quot;yes&quot;,&quot;min_height&quot;:{&quot;unit&quot;:&quot;px&quot;,&quot;size&quot;:&quot;&quot;,&quot;sizes&quot;:[]},&quot;min_height_tablet&quot;:{&quot;unit&quot;:&quot;px&quot;,&quot;size&quot;:&quot;&quot;,&quot;sizes&quot;:[]},&quot;min_height_mobile&quot;:{&quot;unit&quot;:&quot;px&quot;,&quot;size&quot;:&quot;&quot;,&quot;sizes&quot;:[]}}\" data-widget_type=\"table-of-contents.default\">\n\t\t\t\t<div class=\"elementor-widget-container\">\n\t\t\t\t\t\t\t\t\t<div class=\"elementor-toc__header\">\n\t\t\t\t\t\t<h4 class=\"elementor-toc__header-title\">\n\t\t\t\tObsah str\u00e1nky\t\t\t<\/h4>\n\t\t\t\t\t\t\t\t\t\t<div class=\"elementor-toc__toggle-button elementor-toc__toggle-button--expand\" role=\"button\" tabindex=\"0\" aria-controls=\"elementor-toc__dd64254\" aria-expanded=\"true\" aria-label=\"Open table of contents\"><i aria-hidden=\"true\" class=\"fas fa-chevron-down\"><\/i><\/div>\n\t\t\t\t<div class=\"elementor-toc__toggle-button elementor-toc__toggle-button--collapse\" role=\"button\" tabindex=\"0\" aria-controls=\"elementor-toc__dd64254\" aria-expanded=\"true\" aria-label=\"Close table of contents\"><i aria-hidden=\"true\" class=\"fas fa-chevron-up\"><\/i><\/div>\n\t\t\t\t\t<\/div>\n\t\t\t\t<div id=\"elementor-toc__dd64254\" class=\"elementor-toc__body\">\n\t\t\t<div class=\"elementor-toc__spinner-container\">\n\t\t\t\t<i class=\"elementor-toc__spinner eicon-animation-spin eicon-loading\" aria-hidden=\"true\"><\/i>\t\t\t<\/div>\n\t\t<\/div>\n\t\t\t\t\t\t<\/div>\n\t\t\t\t<\/div>\n\t\t\t\t<\/div>\n\t\t\t\t\t<\/div>\n\t\t\t\t<\/div>\n\t\t<div class=\"elementor-element elementor-element-84cd474 obcs none e-flex e-con-boxed e-con e-parent\" data-id=\"84cd474\" data-element_type=\"container\">\n\t\t\t\t\t<div class=\"e-con-inner\">\n\t\t<div class=\"elementor-element elementor-element-bf117d8 e-con-full obcs none e-flex e-con e-child\" data-id=\"bf117d8\" data-element_type=\"container\">\n\t\t\t\t<div class=\"elementor-element elementor-element-c7517df e-transform elementor-widget elementor-widget-image\" data-id=\"c7517df\" data-element_type=\"widget\" data-settings=\"{&quot;_transform_rotateZ_effect&quot;:{&quot;unit&quot;:&quot;px&quot;,&quot;size&quot;:&quot;0&quot;,&quot;sizes&quot;:[]},&quot;_transform_rotate_3d&quot;:&quot;yes&quot;,&quot;_transform_rotateX_effect&quot;:{&quot;unit&quot;:&quot;px&quot;,&quot;size&quot;:&quot;0&quot;,&quot;sizes&quot;:[]},&quot;_transform_rotateY_effect&quot;:{&quot;unit&quot;:&quot;px&quot;,&quot;size&quot;:&quot;4&quot;,&quot;sizes&quot;:[]},&quot;_transform_perspective_effect&quot;:{&quot;unit&quot;:&quot;px&quot;,&quot;size&quot;:&quot;650&quot;,&quot;sizes&quot;:[]},&quot;_transform_rotateZ_effect_tablet&quot;:{&quot;unit&quot;:&quot;deg&quot;,&quot;size&quot;:&quot;&quot;,&quot;sizes&quot;:[]},&quot;_transform_rotateZ_effect_mobile&quot;:{&quot;unit&quot;:&quot;deg&quot;,&quot;size&quot;:&quot;&quot;,&quot;sizes&quot;:[]},&quot;_transform_rotateX_effect_tablet&quot;:{&quot;unit&quot;:&quot;deg&quot;,&quot;size&quot;:&quot;&quot;,&quot;sizes&quot;:[]},&quot;_transform_rotateX_effect_mobile&quot;:{&quot;unit&quot;:&quot;deg&quot;,&quot;size&quot;:&quot;&quot;,&quot;sizes&quot;:[]},&quot;_transform_rotateY_effect_tablet&quot;:{&quot;unit&quot;:&quot;deg&quot;,&quot;size&quot;:&quot;&quot;,&quot;sizes&quot;:[]},&quot;_transform_rotateY_effect_mobile&quot;:{&quot;unit&quot;:&quot;deg&quot;,&quot;size&quot;:&quot;&quot;,&quot;sizes&quot;:[]},&quot;_transform_perspective_effect_tablet&quot;:{&quot;unit&quot;:&quot;px&quot;,&quot;size&quot;:&quot;&quot;,&quot;sizes&quot;:[]},&quot;_transform_perspective_effect_mobile&quot;:{&quot;unit&quot;:&quot;px&quot;,&quot;size&quot;:&quot;&quot;,&quot;sizes&quot;:[]}}\" data-widget_type=\"image.default\">\n\t\t\t\t<div class=\"elementor-widget-container\">\n\t\t\t\t\t\t\t\t\t\t\t\t\t\t\t<img loading=\"lazy\" decoding=\"async\" width=\"800\" height=\"698\" src=\"https:\/\/www.omni-biotic.com\/sk-sk\/wp-content\/uploads\/sites\/9\/2023\/07\/co-je-syndrom-drazivoeho-creva-1-1024x894.jpg\" class=\"attachment-large size-large wp-image-17570\" alt=\"\" srcset=\"https:\/\/www.omni-biotic.com\/sk-sk\/wp-content\/uploads\/sites\/9\/2023\/07\/co-je-syndrom-drazivoeho-creva-1-1024x894.jpg 1024w, https:\/\/www.omni-biotic.com\/sk-sk\/wp-content\/uploads\/sites\/9\/2023\/07\/co-je-syndrom-drazivoeho-creva-1-300x262.jpg 300w, https:\/\/www.omni-biotic.com\/sk-sk\/wp-content\/uploads\/sites\/9\/2023\/07\/co-je-syndrom-drazivoeho-creva-1-768x670.jpg 768w, https:\/\/www.omni-biotic.com\/sk-sk\/wp-content\/uploads\/sites\/9\/2023\/07\/co-je-syndrom-drazivoeho-creva-1.jpg 1079w\" sizes=\"(max-width: 800px) 100vw, 800px\" title=\"\">\t\t\t\t\t\t\t\t\t\t\t\t\t\t\t<\/div>\n\t\t\t\t<\/div>\n\t\t\t\t<\/div>\n\t\t<div class=\"elementor-element elementor-element-11d8bcd e-con-full obcs none e-flex e-con e-child\" data-id=\"11d8bcd\" data-element_type=\"container\">\n\t\t\t\t<div class=\"elementor-element elementor-element-5ab1bd1 elementor-widget elementor-widget-heading\" data-id=\"5ab1bd1\" data-element_type=\"widget\" data-widget_type=\"heading.default\">\n\t\t\t\t<div class=\"elementor-widget-container\">\n\t\t\t\t\t<h2 class=\"elementor-heading-title elementor-size-default\">\u010co je to syndr\u00f3m dr\u00e1\u017ediv\u00e9ho \u010dreva (IBS)?<\/h2>\t\t\t\t<\/div>\n\t\t\t\t<\/div>\n\t\t\t\t<div class=\"elementor-element elementor-element-638a1e5 elementor-widget elementor-widget-text-editor\" data-id=\"638a1e5\" data-element_type=\"widget\" data-widget_type=\"text-editor.default\">\n\t\t\t\t<div class=\"elementor-widget-container\">\n\t\t\t\t\t\t\t\t\t<p><strong>Syndr\u00f3m dr\u00e1\u017ediv\u00e9ho \u010dreva<\/strong> (IBS) je jednou z naj\u010dastej\u0161\u00edch<strong> funk\u010dn\u00fdch por\u00fach gastrointestin\u00e1lneho traktu<\/strong>. Postihuje nielen hrub\u00e9 \u010drevo, ale <strong>cel\u00fd tr\u00e1viaci syst\u00e9m<\/strong>. Napriek d\u00f4kladn\u00e9mu lek\u00e1rskemu vy\u0161etreniu sa ned\u00e1 n\u00e1js\u0165 \u017eiadna<strong> organick\u00e1 pr\u00ed\u010dina<\/strong> \u010dasto z\u00e1va\u017en\u00fdch <strong>tr\u00e1viacich \u0165a\u017ekost\u00ed<\/strong>.<\/p><p>Odhaduje sa, \u017ee<strong> syndr\u00f3mom dr\u00e1\u017ediv\u00e9ho \u010dreva<\/strong> trp\u00ed vo v\u00e4\u010d\u0161ej alebo men\u0161ej miere pribli\u017ene 20 % obyvate\u013eov priemyseln\u00fdch kraj\u00edn. <strong>\u017deny s\u00fa postihnut\u00e9 pribli\u017ene dvakr\u00e1t \u010dastej\u0161ie<\/strong> ako mu\u017ei. Pr\u00edznaky sa zvy\u010dajne prv\u00fdkr\u00e1t objavia medzi 20. a 30. rokom \u017eivota a \u010dasto trvaj\u00fa mesiace alebo roky. \u010casto mo\u017eno za sp\u00fa\u0161\u0165a\u010d ozna\u010di\u0165 aj<a href=\"https:\/\/www.omni-biotic.com\/sk-sk\/blog\/rezistencia-na-antibiotika-problem-ktory-ohrozuje-verejne-zdravie\/\"><strong> u\u017e\u00edvanie antibiot\u00edk<\/strong><\/a> v s\u00favislosti s <strong>\u010drevnou infekciou<\/strong> (tzv. postinfek\u010dn\u00fd syndr\u00f3m dr\u00e1\u017ediv\u00e9ho \u010dreva). Kvalita \u017eivota pacientov je \u010dasto zna\u010dne obmedzen\u00e1.<\/p>\t\t\t\t\t\t\t\t<\/div>\n\t\t\t\t<\/div>\n\t\t\t\t<\/div>\n\t\t\t\t\t<\/div>\n\t\t\t\t<\/div>\n\t\t<div class=\"elementor-element elementor-element-81586bd obcs green e-flex e-con-boxed e-con e-parent\" data-id=\"81586bd\" data-element_type=\"container\">\n\t\t\t\t\t<div class=\"e-con-inner\">\n\t\t<div class=\"elementor-element elementor-element-426bb59 e-con-full obcs none e-flex e-con e-child\" data-id=\"426bb59\" data-element_type=\"container\">\n\t\t\t\t<div class=\"elementor-element elementor-element-6f9e615 elementor-widget elementor-widget-heading\" data-id=\"6f9e615\" data-element_type=\"widget\" data-widget_type=\"heading.default\">\n\t\t\t\t<div class=\"elementor-widget-container\">\n\t\t\t\t\t<h2 class=\"elementor-heading-title elementor-size-default\">Pr\u00edznaky: Ak\u00e9 s\u00fa pr\u00edznaky syndr\u00f3mu dr\u00e1\u017ediv\u00e9ho \u010dreva?<\/h2>\t\t\t\t<\/div>\n\t\t\t\t<\/div>\n\t\t\t\t<div class=\"elementor-element elementor-element-f72963b elementor-widget elementor-widget-text-editor\" data-id=\"f72963b\" data-element_type=\"widget\" data-widget_type=\"text-editor.default\">\n\t\t\t\t<div class=\"elementor-widget-container\">\n\t\t\t\t\t\t\t\t\t<p>Typick\u00fdmi<a href=\"https:\/\/www.omni-biotic.com\/sk-sk\/crevne-problemy\/syndrom-drazdiveho-creva\/\"><span style=\"color: #b5085a\"><strong> pr\u00edznakmi syndr\u00f3mu dr\u00e1\u017ediv\u00e9ho \u010dreva<\/strong><\/span> <\/a>s\u00fa <strong>bolesti brucha<\/strong>, <strong>k\u0155\u010de<\/strong> v bruchu, <span style=\"color: #b5085a\"><a style=\"color: #b5085a\" href=\"https:\/\/www.omni-biotic.com\/sk-sk\/crevne-problemy\/plynatost-a-nafuknute-brucho\/\"><strong>plynatos\u0165<\/strong> <\/a><\/span>a <span style=\"color: #b5085a\"><a style=\"color: #b5085a\" href=\"https:\/\/www.omni-biotic.com\/sk-sk\/crevne-problemy\/zapcha\/\"><strong>z\u00e1pcha<\/strong> <\/a><\/span>alebo <a href=\"https:\/\/www.omni-biotic.com\/sk-sk\/crevne-problemy\/hnacka\/\"><strong><span style=\"color: #b5085a\">hna\u010dka<\/span><\/strong><\/a>. <a href=\"https:\/\/www.omni-biotic.com\/sk-sk\/blog\/kortizol-hormon-stresu\/\"><strong>Stres<\/strong> <\/a>navy\u0161e tieto pr\u00edznaky zhor\u0161uje. \u0164a\u017ekosti niekedy zmizn\u00fa po vypr\u00e1zdnen\u00ed \u010driev alebo sa \u010dastej\u0161ie objavuj\u00fa <strong>po jedle<\/strong>, najm\u00e4 ak sme sa prejedli. Vtedy m\u00f4\u017ee \u00eds\u0165 o to, \u017ee tr\u00e1viace enz\u00fdmy nie s\u00fa dostato\u010dn\u00e9, doch\u00e1dza k<strong> hnilobn\u00fdm a kvasn\u00fdm procesom<\/strong>, ktor\u00e9 zasa vyvol\u00e1vaj\u00fa <strong>plynatos\u0165<\/strong>.<\/p><p>Niekedy sa dostav\u00ed pocit, akoby sa <strong>\u010drev\u00e1 nemohli spr\u00e1vne vypr\u00e1zdni\u0165<\/strong>. M\u00f4\u017ee sa objavi\u0165 aj<strong> p\u00e1lenie z\u00e1hy<\/strong>, <strong>grganie<\/strong> a<strong> zvuky z \u010driev<\/strong>. A\u017e po vyl\u00fa\u010den\u00ed in\u00fdch z\u00e1va\u017en\u00fdch organick\u00fdch ochoren\u00ed (musia sa vyl\u00fa\u010di\u0165 in\u00e9 pr\u00ed\u010diny ochorenia) sa m\u00f4\u017ee stanovi\u0165 diagn\u00f3za<strong> &#8222;syndr\u00f3m dr\u00e1\u017ediv\u00e9ho \u010dreva&#8220;<\/strong>. Samotn\u00e9 ochorenie je ve\u013emi nepr\u00edjemn\u00e9, ale <strong>nie nebezpe\u010dn\u00e9<\/strong>.<\/p>\t\t\t\t\t\t\t\t<\/div>\n\t\t\t\t<\/div>\n\t\t\t\t<\/div>\n\t\t<div class=\"elementor-element elementor-element-355dbf5 e-con-full obcs none e-flex e-con e-child\" data-id=\"355dbf5\" data-element_type=\"container\">\n\t\t\t\t<div class=\"elementor-element elementor-element-d4966c2 e-transform elementor-widget elementor-widget-image\" data-id=\"d4966c2\" data-element_type=\"widget\" data-settings=\"{&quot;_transform_rotateZ_effect&quot;:{&quot;unit&quot;:&quot;px&quot;,&quot;size&quot;:&quot;0&quot;,&quot;sizes&quot;:[]},&quot;_transform_rotate_3d&quot;:&quot;yes&quot;,&quot;_transform_rotateX_effect&quot;:{&quot;unit&quot;:&quot;px&quot;,&quot;size&quot;:&quot;0&quot;,&quot;sizes&quot;:[]},&quot;_transform_rotateY_effect&quot;:{&quot;unit&quot;:&quot;px&quot;,&quot;size&quot;:&quot;-4&quot;,&quot;sizes&quot;:[]},&quot;_transform_perspective_effect&quot;:{&quot;unit&quot;:&quot;px&quot;,&quot;size&quot;:&quot;650&quot;,&quot;sizes&quot;:[]},&quot;_transform_rotateZ_effect_tablet&quot;:{&quot;unit&quot;:&quot;deg&quot;,&quot;size&quot;:&quot;&quot;,&quot;sizes&quot;:[]},&quot;_transform_rotateZ_effect_mobile&quot;:{&quot;unit&quot;:&quot;deg&quot;,&quot;size&quot;:&quot;&quot;,&quot;sizes&quot;:[]},&quot;_transform_rotateX_effect_tablet&quot;:{&quot;unit&quot;:&quot;deg&quot;,&quot;size&quot;:&quot;&quot;,&quot;sizes&quot;:[]},&quot;_transform_rotateX_effect_mobile&quot;:{&quot;unit&quot;:&quot;deg&quot;,&quot;size&quot;:&quot;&quot;,&quot;sizes&quot;:[]},&quot;_transform_rotateY_effect_tablet&quot;:{&quot;unit&quot;:&quot;deg&quot;,&quot;size&quot;:&quot;&quot;,&quot;sizes&quot;:[]},&quot;_transform_rotateY_effect_mobile&quot;:{&quot;unit&quot;:&quot;deg&quot;,&quot;size&quot;:&quot;&quot;,&quot;sizes&quot;:[]},&quot;_transform_perspective_effect_tablet&quot;:{&quot;unit&quot;:&quot;px&quot;,&quot;size&quot;:&quot;&quot;,&quot;sizes&quot;:[]},&quot;_transform_perspective_effect_mobile&quot;:{&quot;unit&quot;:&quot;px&quot;,&quot;size&quot;:&quot;&quot;,&quot;sizes&quot;:[]}}\" data-widget_type=\"image.default\">\n\t\t\t\t<div class=\"elementor-widget-container\">\n\t\t\t\t\t\t\t\t\t\t\t\t\t\t\t<img loading=\"lazy\" decoding=\"async\" width=\"800\" height=\"799\" src=\"https:\/\/www.omni-biotic.com\/sk-sk\/wp-content\/uploads\/sites\/9\/2023\/07\/priznaky-syndromu-drazdiveho-creva.jpg\" class=\"attachment-large size-large wp-image-17591\" alt=\"\" srcset=\"https:\/\/www.omni-biotic.com\/sk-sk\/wp-content\/uploads\/sites\/9\/2023\/07\/priznaky-syndromu-drazdiveho-creva.jpg 800w, https:\/\/www.omni-biotic.com\/sk-sk\/wp-content\/uploads\/sites\/9\/2023\/07\/priznaky-syndromu-drazdiveho-creva-300x300.jpg 300w, https:\/\/www.omni-biotic.com\/sk-sk\/wp-content\/uploads\/sites\/9\/2023\/07\/priznaky-syndromu-drazdiveho-creva-150x150.jpg 150w, https:\/\/www.omni-biotic.com\/sk-sk\/wp-content\/uploads\/sites\/9\/2023\/07\/priznaky-syndromu-drazdiveho-creva-768x767.jpg 768w\" sizes=\"(max-width: 800px) 100vw, 800px\" title=\"\">\t\t\t\t\t\t\t\t\t\t\t\t\t\t\t<\/div>\n\t\t\t\t<\/div>\n\t\t\t\t<\/div>\n\t\t\t\t\t<\/div>\n\t\t\t\t<\/div>\n\t\t<div class=\"elementor-element elementor-element-4d8c294 obcs none e-flex e-con-boxed e-con e-parent\" data-id=\"4d8c294\" data-element_type=\"container\">\n\t\t\t\t\t<div class=\"e-con-inner\">\n\t\t<div class=\"elementor-element elementor-element-b6b0eb8 e-con-full obcs none e-flex elementor-invisible e-con e-child\" data-id=\"b6b0eb8\" data-element_type=\"container\" data-settings=\"{&quot;animation&quot;:&quot;bounceInLeft&quot;}\">\n\t\t<div class=\"elementor-element elementor-element-94b2b4d obcs none e-flex e-con-boxed e-con e-child\" data-id=\"94b2b4d\" data-element_type=\"container\">\n\t\t\t\t\t<div class=\"e-con-inner\">\n\t\t\t\t<div class=\"elementor-element elementor-element-f983d3b elementor-widget elementor-widget-image\" data-id=\"f983d3b\" data-element_type=\"widget\" data-widget_type=\"image.default\">\n\t\t\t\t<div class=\"elementor-widget-container\">\n\t\t\t\t\t\t\t\t\t\t\t\t\t\t\t<img loading=\"lazy\" decoding=\"async\" width=\"150\" height=\"150\" src=\"https:\/\/www.omni-biotic.com\/sk-sk\/wp-content\/uploads\/sites\/9\/2023\/07\/drazdive-crevo-neprijemne-nafuknute-brucho-150x150.png\" class=\"attachment-thumbnail size-thumbnail wp-image-17599\" alt=\"\" title=\"\">\t\t\t\t\t\t\t\t\t\t\t\t\t\t\t<\/div>\n\t\t\t\t<\/div>\n\t\t\t\t<div class=\"elementor-element elementor-element-5cb30e6 elementor-widget elementor-widget-heading\" data-id=\"5cb30e6\" data-element_type=\"widget\" data-widget_type=\"heading.default\">\n\t\t\t\t<div class=\"elementor-widget-container\">\n\t\t\t\t\t<h2 class=\"elementor-heading-title elementor-size-default\">\u0164a\u017ekosti pri syndr\u00f3me dr\u00e1\u017ediv\u00e9ho \u010dreva<\/h2>\t\t\t\t<\/div>\n\t\t\t\t<\/div>\n\t\t\t\t\t<\/div>\n\t\t\t\t<\/div>\n\t\t\t\t<div class=\"elementor-element elementor-element-b6ed3a2 elementor-widget elementor-widget-text-editor\" data-id=\"b6ed3a2\" data-element_type=\"widget\" data-widget_type=\"text-editor.default\">\n\t\t\t\t<div class=\"elementor-widget-container\">\n\t\t\t\t\t\t\t\t\t<p>O syndr\u00f3m dr\u00e1\u017ediv\u00e9ho \u010dreva sa jedn\u00e1 ak:<\/p><ol><li>S\u00fa to <strong>chronick\u00e9 \u0165a\u017ekosti<\/strong>, t. j. trvaj\u00face <strong>dlh\u0161ie ako 3 mesiace<\/strong> (napr. bolesti brucha, plynatos\u0165), ktor\u00e9 pacient a lek\u00e1r odkazuj\u00fa na \u010drevo a ktor\u00e9 s\u00fa zvy\u010dajne sprev\u00e1dzan\u00e9 <strong>zmenami v pohybe \u010driev<\/strong> (hna\u010dka, z\u00e1pcha alebo striedanie hna\u010dky a z\u00e1pchy).<\/li><li>Tieto \u0165a\u017ekosti s\u00fa d\u00f4vodom, pre\u010do pacient vyh\u013ead\u00e1 pomoc alebo sa ve\u013emi ob\u00e1va, a pr\u00edznaky s\u00fa nato\u013eko z\u00e1va\u017en\u00e9, \u017ee je nimi relevantne <strong>ovplyvnen\u00e1 kvalita \u017eivota<\/strong>.<\/li><li>Predpokladom je, \u017ee neexistuj\u00fa zmeny charakteristick\u00e9 pre in\u00e9 choroby, ktor\u00e9 by pravdepodobne boli <strong>zodpovedn\u00e9 za tieto \u0165a\u017ekosti<\/strong>.<\/li><\/ol>\t\t\t\t\t\t\t\t<\/div>\n\t\t\t\t<\/div>\n\t\t\t\t<\/div>\n\t\t<div class=\"elementor-element elementor-element-4732dd5 e-con-full obcs none e-flex e-con e-child\" data-id=\"4732dd5\" data-element_type=\"container\">\n\t\t\t\t<\/div>\n\t\t<div class=\"elementor-element elementor-element-f740a11 e-con-full obcs none e-flex elementor-invisible e-con e-child\" data-id=\"f740a11\" data-element_type=\"container\" data-settings=\"{&quot;animation&quot;:&quot;bounceInRight&quot;}\">\n\t\t<div class=\"elementor-element elementor-element-97e07ab obcs none e-flex e-con-boxed e-con e-child\" data-id=\"97e07ab\" data-element_type=\"container\">\n\t\t\t\t\t<div class=\"e-con-inner\">\n\t\t\t\t<div class=\"elementor-element elementor-element-55ffee6 elementor-widget elementor-widget-image\" data-id=\"55ffee6\" data-element_type=\"widget\" data-widget_type=\"image.default\">\n\t\t\t\t<div class=\"elementor-widget-container\">\n\t\t\t\t\t\t\t\t\t\t\t\t\t\t\t<img loading=\"lazy\" decoding=\"async\" width=\"250\" height=\"207\" src=\"https:\/\/www.omni-biotic.com\/sk-sk\/wp-content\/uploads\/sites\/9\/2023\/07\/priznaky-syndromu-drazdiveho-creva.png\" class=\"attachment-full-hd size-full-hd wp-image-17600\" alt=\"\" title=\"\">\t\t\t\t\t\t\t\t\t\t\t\t\t\t\t<\/div>\n\t\t\t\t<\/div>\n\t\t\t\t<div class=\"elementor-element elementor-element-e3dbcc4 elementor-widget elementor-widget-heading\" data-id=\"e3dbcc4\" data-element_type=\"widget\" data-widget_type=\"heading.default\">\n\t\t\t\t<div class=\"elementor-widget-container\">\n\t\t\t\t\t<h2 class=\"elementor-heading-title elementor-size-default\">Sprievodn\u00e9 javy<\/h2>\t\t\t\t<\/div>\n\t\t\t\t<\/div>\n\t\t\t\t\t<\/div>\n\t\t\t\t<\/div>\n\t\t\t\t<div class=\"elementor-element elementor-element-93a2fc4 elementor-widget elementor-widget-text-editor\" data-id=\"93a2fc4\" data-element_type=\"widget\" data-widget_type=\"text-editor.default\">\n\t\t\t\t<div class=\"elementor-widget-container\">\n\t\t\t\t\t\t\t\t\t<p>Pacienti trpiaci syndr\u00f3mom dr\u00e1\u017ediv\u00e9ho \u010dreva maj\u00fa \u010dasto aj tieto probl\u00e9my alebo \u0165a\u017ekosti:<\/p><ul><li>\u00dazkostn\u00e9 poruchy<\/li><li><strong><a href=\"https:\/\/www.omni-biotic.com\/sk-sk\/blog\/depresia-ako-ju-rozpoznat-a-zvladnut\/\">Depresie<\/a><\/strong><\/li><li>Nespavos\u0165<\/li><li><strong><a href=\"https:\/\/www.omni-biotic.com\/sk-sk\/blog\/chronicka-unava\/\">Chronick\u00fd \u00fanavov\u00fd syndr\u00f3m<\/a><\/strong><\/li><li>Bolesti hlavy <a href=\"https:\/\/www.omni-biotic.com\/sk-sk\/blog\/migrena\/\"><strong>(migr\u00e9na)<\/strong><\/a><\/li><li>Fibromyalgia (tzv. reumatizmus m\u00e4kk\u00fdch tkan\u00edv s pr\u00edznakmi dif\u00faznej bolesti)<\/li><li>Men\u0161trua\u010dn\u00e9 k\u0155\u010de<\/li><\/ul>\t\t\t\t\t\t\t\t<\/div>\n\t\t\t\t<\/div>\n\t\t\t\t<\/div>\n\t\t\t\t\t<\/div>\n\t\t\t\t<\/div>\n\t\t<div class=\"elementor-element elementor-element-38a6996 obcs none e-flex e-con-boxed e-con e-parent\" data-id=\"38a6996\" data-element_type=\"container\" data-settings=\"{&quot;background_background&quot;:&quot;classic&quot;,&quot;shape_divider_top&quot;:&quot;waves&quot;,&quot;shape_divider_bottom&quot;:&quot;waves&quot;}\">\n\t\t\t\t\t<div class=\"e-con-inner\">\n\t\t\t\t<div class=\"elementor-shape elementor-shape-top\" aria-hidden=\"true\" data-negative=\"false\">\n\t\t\t<svg xmlns=\"http:\/\/www.w3.org\/2000\/svg\" viewBox=\"0 0 1000 100\" preserveAspectRatio=\"none\">\n\t<path class=\"elementor-shape-fill\" d=\"M421.9,6.5c22.6-2.5,51.5,0.4,75.5,5.3c23.6,4.9,70.9,23.5,100.5,35.7c75.8,32.2,133.7,44.5,192.6,49.7\n\tc23.6,2.1,48.7,3.5,103.4-2.5c54.7-6,106.2-25.6,106.2-25.6V0H0v30.3c0,0,72,32.6,158.4,30.5c39.2-0.7,92.8-6.7,134-22.4\n\tc21.2-8.1,52.2-18.2,79.7-24.2C399.3,7.9,411.6,7.5,421.9,6.5z\"\/>\n<\/svg>\t\t<\/div>\n\t\t\t\t<div class=\"elementor-shape elementor-shape-bottom\" aria-hidden=\"true\" data-negative=\"false\">\n\t\t\t<svg xmlns=\"http:\/\/www.w3.org\/2000\/svg\" viewBox=\"0 0 1000 100\" preserveAspectRatio=\"none\">\n\t<path class=\"elementor-shape-fill\" d=\"M421.9,6.5c22.6-2.5,51.5,0.4,75.5,5.3c23.6,4.9,70.9,23.5,100.5,35.7c75.8,32.2,133.7,44.5,192.6,49.7\n\tc23.6,2.1,48.7,3.5,103.4-2.5c54.7-6,106.2-25.6,106.2-25.6V0H0v30.3c0,0,72,32.6,158.4,30.5c39.2-0.7,92.8-6.7,134-22.4\n\tc21.2-8.1,52.2-18.2,79.7-24.2C399.3,7.9,411.6,7.5,421.9,6.5z\"\/>\n<\/svg>\t\t<\/div>\n\t\t\t\t<div class=\"elementor-element elementor-element-d9bd22a elementor-widget__width-inherit elementor-widget elementor-widget-heading\" data-id=\"d9bd22a\" data-element_type=\"widget\" data-widget_type=\"heading.default\">\n\t\t\t\t<div class=\"elementor-widget-container\">\n\t\t\t\t\t<h2 class=\"elementor-heading-title elementor-size-default\">Ka\u017edodenn\u00fd \u017eivot so syndr\u00f3mom dr\u00e1\u017ediv\u00e9ho \u010dreva<\/h2>\t\t\t\t<\/div>\n\t\t\t\t<\/div>\n\t\t\t\t<div class=\"elementor-element elementor-element-6a549b1 elementor-widget elementor-widget-text-editor\" data-id=\"6a549b1\" data-element_type=\"widget\" data-widget_type=\"text-editor.default\">\n\t\t\t\t<div class=\"elementor-widget-container\">\n\t\t\t\t\t\t\t\t\t<p>Po diagnostikovan\u00ed syndr\u00f3mu dr\u00e1\u017ediv\u00e9ho \u010dreva by ste si mali d\u00e1va\u0165 pozor na niektor\u00e9 veci alebo sa im dokonca vyh\u00fdba\u0165. Je d\u00f4le\u017eit\u00e9 po\u010d\u00fava\u0165 svoje telo a rozpozna\u0165, ktor\u00e9 potraviny mu prospievaj\u00fa a ktor\u00e9 mu sp\u00f4sobuj\u00fa \u0165a\u017ekosti. Dole\u017eit\u00e9 je to prija\u0165 a vyrovna\u0165 sa s pr\u00edznakmi &#8211; tak bud\u00fa v\u00fdlety a be\u017en\u00fd ka\u017edodenn\u00fd \u017eivot op\u00e4\u0165 z\u00e1bavou a nie z\u00e1\u0165a\u017eou.<\/p>\t\t\t\t\t\t\t\t<\/div>\n\t\t\t\t<\/div>\n\t\t\t\t<div class=\"elementor-element elementor-element-667b35a elementor-align-center elementor-widget__width-inherit elementor-hidden-desktop elementor-hidden-tablet elementor-hidden-mobile elementor-widget elementor-widget-button\" data-id=\"667b35a\" data-element_type=\"widget\" data-widget_type=\"button.default\">\n\t\t\t\t<div class=\"elementor-widget-container\">\n\t\t\t\t\t\t\t\t\t<div class=\"elementor-button-wrapper\">\n\t\t\t\t\t<a class=\"elementor-button elementor-button-link elementor-size-lg\" href=\"#\">\n\t\t\t\t\t\t<span class=\"elementor-button-content-wrapper\">\n\t\t\t\t\t\t\t\t\t<span class=\"elementor-button-text\">Mehr zu Alltag mit Reizdarm<\/span>\n\t\t\t\t\t<\/span>\n\t\t\t\t\t<\/a>\n\t\t\t\t<\/div>\n\t\t\t\t\t\t\t\t<\/div>\n\t\t\t\t<\/div>\n\t\t\t\t\t<\/div>\n\t\t\t\t<\/div>\n\t\t<div class=\"elementor-element elementor-element-8a6ee8a obcs green e-flex e-con-boxed e-con e-parent\" data-id=\"8a6ee8a\" data-element_type=\"container\">\n\t\t\t\t\t<div class=\"e-con-inner\">\n\t\t<div class=\"elementor-element elementor-element-e707f3a e-con-full obcs none e-flex e-con e-child\" data-id=\"e707f3a\" data-element_type=\"container\">\n\t\t\t\t<div class=\"elementor-element elementor-element-64b9c01 e-transform elementor-widget elementor-widget-image\" data-id=\"64b9c01\" data-element_type=\"widget\" data-settings=\"{&quot;_transform_rotateZ_effect&quot;:{&quot;unit&quot;:&quot;px&quot;,&quot;size&quot;:&quot;0&quot;,&quot;sizes&quot;:[]},&quot;_transform_rotate_3d&quot;:&quot;yes&quot;,&quot;_transform_rotateX_effect&quot;:{&quot;unit&quot;:&quot;px&quot;,&quot;size&quot;:&quot;0&quot;,&quot;sizes&quot;:[]},&quot;_transform_rotateY_effect&quot;:{&quot;unit&quot;:&quot;px&quot;,&quot;size&quot;:&quot;4&quot;,&quot;sizes&quot;:[]},&quot;_transform_perspective_effect&quot;:{&quot;unit&quot;:&quot;px&quot;,&quot;size&quot;:&quot;650&quot;,&quot;sizes&quot;:[]},&quot;_transform_rotateZ_effect_tablet&quot;:{&quot;unit&quot;:&quot;deg&quot;,&quot;size&quot;:&quot;&quot;,&quot;sizes&quot;:[]},&quot;_transform_rotateZ_effect_mobile&quot;:{&quot;unit&quot;:&quot;deg&quot;,&quot;size&quot;:&quot;&quot;,&quot;sizes&quot;:[]},&quot;_transform_rotateX_effect_tablet&quot;:{&quot;unit&quot;:&quot;deg&quot;,&quot;size&quot;:&quot;&quot;,&quot;sizes&quot;:[]},&quot;_transform_rotateX_effect_mobile&quot;:{&quot;unit&quot;:&quot;deg&quot;,&quot;size&quot;:&quot;&quot;,&quot;sizes&quot;:[]},&quot;_transform_rotateY_effect_tablet&quot;:{&quot;unit&quot;:&quot;deg&quot;,&quot;size&quot;:&quot;&quot;,&quot;sizes&quot;:[]},&quot;_transform_rotateY_effect_mobile&quot;:{&quot;unit&quot;:&quot;deg&quot;,&quot;size&quot;:&quot;&quot;,&quot;sizes&quot;:[]},&quot;_transform_perspective_effect_tablet&quot;:{&quot;unit&quot;:&quot;px&quot;,&quot;size&quot;:&quot;&quot;,&quot;sizes&quot;:[]},&quot;_transform_perspective_effect_mobile&quot;:{&quot;unit&quot;:&quot;px&quot;,&quot;size&quot;:&quot;&quot;,&quot;sizes&quot;:[]}}\" data-widget_type=\"image.default\">\n\t\t\t\t<div class=\"elementor-widget-container\">\n\t\t\t\t\t\t\t\t\t\t\t\t\t\t\t<img loading=\"lazy\" decoding=\"async\" width=\"800\" height=\"762\" src=\"https:\/\/www.omni-biotic.com\/sk-sk\/wp-content\/uploads\/sites\/9\/2023\/07\/priciny-syndromu-drazdiveho-creva.jpg\" class=\"attachment-large size-large wp-image-17632\" alt=\"\" srcset=\"https:\/\/www.omni-biotic.com\/sk-sk\/wp-content\/uploads\/sites\/9\/2023\/07\/priciny-syndromu-drazdiveho-creva.jpg 800w, https:\/\/www.omni-biotic.com\/sk-sk\/wp-content\/uploads\/sites\/9\/2023\/07\/priciny-syndromu-drazdiveho-creva-300x286.jpg 300w, https:\/\/www.omni-biotic.com\/sk-sk\/wp-content\/uploads\/sites\/9\/2023\/07\/priciny-syndromu-drazdiveho-creva-768x732.jpg 768w\" sizes=\"(max-width: 800px) 100vw, 800px\" title=\"\">\t\t\t\t\t\t\t\t\t\t\t\t\t\t\t<\/div>\n\t\t\t\t<\/div>\n\t\t\t\t<\/div>\n\t\t<div class=\"elementor-element elementor-element-20011d4 e-con-full obcs none e-flex e-con e-child\" data-id=\"20011d4\" data-element_type=\"container\">\n\t\t\t\t<div class=\"elementor-element elementor-element-54309e2 elementor-widget elementor-widget-heading\" data-id=\"54309e2\" data-element_type=\"widget\" data-widget_type=\"heading.default\">\n\t\t\t\t<div class=\"elementor-widget-container\">\n\t\t\t\t\t<h2 class=\"elementor-heading-title elementor-size-default\">Pr\u00ed\u010diny syndr\u00f3mu dr\u00e1\u017ediv\u00e9ho \u010dreva<\/h2>\t\t\t\t<\/div>\n\t\t\t\t<\/div>\n\t\t\t\t<div class=\"elementor-element elementor-element-5a467e5 elementor-widget elementor-widget-text-editor\" data-id=\"5a467e5\" data-element_type=\"widget\" data-widget_type=\"text-editor.default\">\n\t\t\t\t<div class=\"elementor-widget-container\">\n\t\t\t\t\t\t\t\t\t<p>O medic\u00ednsko-vedeck\u00fdch <strong>pr\u00ed\u010din\u00e1ch syndr\u00f3mu dr\u00e1\u017ediv\u00e9ho \u010dreva<\/strong> existuj\u00fa r\u00f4zne te\u00f3rie. Okrem in\u00e9ho sa predpoklad\u00e1, \u017ee <strong>sp\u00fa\u0161\u0165a\u010dom s\u00fa bakteri\u00e1lne infekcie \u017eal\u00fadka<\/strong> a<strong> \u010drevn\u00e9ho traktu<\/strong>, <strong>porucha imunitnej funkcie<\/strong> v oblasti tr\u00e1viaceho syst\u00e9mu a <strong>abnorm\u00e1lna \u010drevn\u00e1 peristaltika<\/strong> (porucha motility). Vedcom sa podarilo identifikova\u0165 cel\u00fd rad typick\u00fdch zmien v \u010drev\u00e1ch postihnut\u00fdch os\u00f4b. Tieto zmeny sa v\u0161ak nevyskytuj\u00fa len pri syndr\u00f3me dr\u00e1\u017ediv\u00e9ho \u010dreva, ale aj pri<strong> chronick\u00fdch z\u00e1palov\u00fdch ochoreniach \u010dreva<\/strong>, <strong>divertikulit\u00edde<\/strong> a <strong>potravinovej intolerancii<\/strong>.<\/p><p>U \u013eud\u00ed so<strong> syndr\u00f3mom dr\u00e1\u017ediv\u00e9ho \u010dreva<\/strong> prech\u00e1dza potrava tr\u00e1viacim traktom<strong> pr\u00edli\u0161 r\u00fdchlo<\/strong> alebo <strong>pr\u00edli\u0161 pomaly<\/strong>. Postihnut\u00ed \u013eudia preto m\u00f4\u017eu trpie\u0165 <strong>hna\u010dkou<\/strong> (pr\u00edli\u0161 r\u00fdchla pas\u00e1\u017e, tak\u017ee nem\u00f4\u017ee d\u00f4js\u0165 k sp\u00e4tn\u00e9mu vstreb\u00e1vaniu tekut\u00edn, stolica zost\u00e1va riedka) alebo <strong>z\u00e1pchou<\/strong> (pr\u00edli\u0161 pomal\u00e1 pas\u00e1\u017e). \u010casto doch\u00e1dza k nespr\u00e1vnemu os\u00eddleniu \u010dreva (norm\u00e1lne \u010drevn\u00e9 bakt\u00e9rie, ktor\u00e9 pom\u00e1haj\u00fa pri tr\u00e1ven\u00ed, s\u00fa v men\u0161ine, prevahu z\u00edskavaj\u00fa \u0161kodliv\u00e9, <strong>plynotvorn\u00e9 bakt\u00e9rie<\/strong>), tvor\u00ed sa viac \u010drevn\u00e9ho plynu, \u010do vedie k <strong>nad\u00favaniu<\/strong>, <strong>plynatosti<\/strong> a siln\u00fdm<strong> bolestiam brucha<\/strong>. Okrem toho je u pacientov s dr\u00e1\u017ediv\u00fdm \u010drevom zv\u00fd\u0161en\u00e1 citlivos\u0165 na boles\u0165, \u010do je okrem in\u00e9ho sp\u00f4soben\u00e9 zn\u00ed\u017een\u00fdm prahom bolesti na roz\u0165ahuj\u00face podnety. <strong>\u010crevn\u00e1 bari\u00e9ra<\/strong> chr\u00e1niaca pred \u0161kodliv\u00fdmi l\u00e1tkami <strong>je oslaben\u00e1<\/strong>, \u010drevn\u00e1 stena sa st\u00e1va priepustnej\u0161ou <a href=\"https:\/\/www.omni-biotic.com\/sk-sk\/crevne-problemy\/priepustne-crevo\/\"><span style=\"color: #b5085a\"><strong>(\u201eLeaky Gut\u201c = priepustn\u00e9 \u010drevo)<\/strong><\/span><\/a>: nedoch\u00e1dza k adekv\u00e1tnemu odstra\u0148ovaniu \u0161kodliv\u00fdch l\u00e1tok.<strong><a href=\"https:\/\/www.omni-biotic.com\/sk-sk\/blog\/choroby-zo-stresu\/\"> Stres<\/a> zhor\u0161uje pr\u00edznaky<\/strong>. Pacienti so syndr\u00f3mom dr\u00e1\u017ediv\u00e9ho \u010dreva maj\u00fa zv\u00fd\u0161en\u00fa n\u00e1chylnos\u0165 na <strong>depresiu<\/strong> a<strong> \u00fazkostn\u00e9 poruchy<\/strong>. Hovor\u00ed sa aj o dysfunkcii auton\u00f3mneho nervov\u00e9ho syst\u00e9mu spolu s <strong>psychosomatick\u00fdmi poruchami<\/strong>.<\/p>\t\t\t\t\t\t\t\t<\/div>\n\t\t\t\t<\/div>\n\t\t\t\t<\/div>\n\t\t\t\t\t<\/div>\n\t\t\t\t<\/div>\n\t\t<div class=\"elementor-element elementor-element-956a690 obcs blue e-flex e-con-boxed e-con e-parent\" data-id=\"956a690\" data-element_type=\"container\">\n\t\t\t\t\t<div class=\"e-con-inner\">\n\t\t<div class=\"elementor-element elementor-element-9516409 obcs none e-flex e-con-boxed e-con e-child\" data-id=\"9516409\" data-element_type=\"container\">\n\t\t\t\t\t<div class=\"e-con-inner\">\n\t\t\t\t<div class=\"elementor-element elementor-element-c064d98 elementor-widget elementor-widget-heading\" data-id=\"c064d98\" data-element_type=\"widget\" data-widget_type=\"heading.default\">\n\t\t\t\t<div class=\"elementor-widget-container\">\n\t\t\t\t\t<h3 class=\"elementor-heading-title elementor-size-default\">\u010eal\u0161ie mo\u017en\u00e9 pr\u00ed\u010diny syndr\u00f3mu dr\u00e1\u017ediv\u00e9ho \u010dreva<\/h3>\t\t\t\t<\/div>\n\t\t\t\t<\/div>\n\t\t\t\t<div class=\"elementor-element elementor-element-f36da34 elementor-widget elementor-widget-toggle\" data-id=\"f36da34\" data-element_type=\"widget\" data-widget_type=\"toggle.default\">\n\t\t\t\t<div class=\"elementor-widget-container\">\n\t\t\t\t\t\t\t<div class=\"elementor-toggle\">\n\t\t\t\t\t\t\t<div class=\"elementor-toggle-item\">\n\t\t\t\t\t<div id=\"elementor-tab-title-2551\" class=\"elementor-tab-title\" data-tab=\"1\" role=\"button\" aria-controls=\"elementor-tab-content-2551\" aria-expanded=\"false\">\n\t\t\t\t\t\t\t\t\t\t\t\t<span class=\"elementor-toggle-icon elementor-toggle-icon-left\" aria-hidden=\"true\">\n\t\t\t\t\t\t\t\t\t\t\t\t\t\t\t<span class=\"elementor-toggle-icon-closed\"><i class=\"fas fa-caret-right\"><\/i><\/span>\n\t\t\t\t\t\t\t\t<span class=\"elementor-toggle-icon-opened\"><i class=\"elementor-toggle-icon-opened fas fa-caret-up\"><\/i><\/span>\n\t\t\t\t\t\t\t\t\t\t\t\t\t<\/span>\n\t\t\t\t\t\t\t\t\t\t\t\t<a class=\"elementor-toggle-title\" tabindex=\"0\">Seroton\u00ednov\u00e1 nerovnov\u00e1ha<\/a>\n\t\t\t\t\t<\/div>\n\n\t\t\t\t\t<div id=\"elementor-tab-content-2551\" class=\"elementor-tab-content elementor-clearfix\" data-tab=\"1\" role=\"region\" aria-labelledby=\"elementor-tab-title-2551\"><p>Za vn\u00edmanie bolesti je zodpovedn\u00fd aj neurotransmiter seroton\u00edn. Ak je nervov\u00fd syst\u00e9m \u010dreva pri syndr\u00f3me dr\u00e1\u017ediv\u00e9ho \u010dreva stimulovan\u00fd, nedok\u00e1\u017ee u\u017e spr\u00e1vne regulova\u0165, ko\u013eko posolov\u00fdch l\u00e1tok sa uvo\u013e\u0148uje. M\u00f4\u017ee sa teda sta\u0165, \u017ee postihnut\u00ed vn\u00edmaj\u00fa \u010drev\u00e1 intenz\u00edvnej\u0161ie a poci\u0165uj\u00fa boles\u0165, zatia\u013e \u010do zdrav\u00fd \u013eudia tieto podnety ani nevn\u00edmaj\u00fa.<\/p><\/div>\n\t\t\t\t<\/div>\n\t\t\t\t\t\t\t<div class=\"elementor-toggle-item\">\n\t\t\t\t\t<div id=\"elementor-tab-title-2552\" class=\"elementor-tab-title\" data-tab=\"2\" role=\"button\" aria-controls=\"elementor-tab-content-2552\" aria-expanded=\"false\">\n\t\t\t\t\t\t\t\t\t\t\t\t<span class=\"elementor-toggle-icon elementor-toggle-icon-left\" aria-hidden=\"true\">\n\t\t\t\t\t\t\t\t\t\t\t\t\t\t\t<span class=\"elementor-toggle-icon-closed\"><i class=\"fas fa-caret-right\"><\/i><\/span>\n\t\t\t\t\t\t\t\t<span class=\"elementor-toggle-icon-opened\"><i class=\"elementor-toggle-icon-opened fas fa-caret-up\"><\/i><\/span>\n\t\t\t\t\t\t\t\t\t\t\t\t\t<\/span>\n\t\t\t\t\t\t\t\t\t\t\t\t<a class=\"elementor-toggle-title\" tabindex=\"0\">Zhor\u0161en\u00e1 \u010drevn\u00e1 motilita (pohyblivos\u0165 \u010driev)<\/a>\n\t\t\t\t\t<\/div>\n\n\t\t\t\t\t<div id=\"elementor-tab-content-2552\" class=\"elementor-tab-content elementor-clearfix\" data-tab=\"2\" role=\"region\" aria-labelledby=\"elementor-tab-title-2552\"><p>\u010crevn\u00e1 stena pacientov s dr\u00e1\u017ediv\u00fdm \u010drevom reaguje obzvl\u00e1\u0161\u0165 citlivo na roz\u0165ahuj\u00face podnety zo stravy. \u010crevo m\u00e1 v \u010drevnej stene vlastn\u00fd nervov\u00fd syst\u00e9m (enterick\u00fd nervov\u00fd syst\u00e9m = ENS), ktor\u00fd sa naz\u00fdva aj &#8220; bru\u0161n\u00fd mozog&#8220;. Signalizuje, ke\u010f sa potrava dostane do \u010dreva a roztiahne jeho stenu. Spolu s neurotransmiterom &#8222;seroton\u00ednom&#8220; riadi ENS tr\u00e1venie t\u00fdm, \u017ee stimuluje \u010drevn\u00e9 svaly, aby sa striedavo s\u0165ahovali a uvo\u013e\u0148ovali, \u010d\u00edm sa vytv\u00e1ra peristaltick\u00e1 vlna a strava sa transportuje vpred. Pri syndr\u00f3me dr\u00e1\u017ediv\u00e9ho \u010dreva je tento \u010drevn\u00fd nervov\u00fd syst\u00e9m naru\u0161en\u00fd, &#8222;podr\u00e1\u017eden\u00fd&#8220;, d\u00e1va chybn\u00e9 pokyny \u010drevn\u00fdm svalom. To m\u00e1 za n\u00e1sledok nesynchronizovan\u00e9 pohyby \u010driev, \u010do tie\u017e zhor\u0161uje tr\u00e1venie ako celok. Bu\u010f sa strava transportuje pr\u00edli\u0161 r\u00fdchlo &#8211; vznik\u00e1 hna\u010dka (syndr\u00f3m dr\u00e1\u017ediv\u00e9ho \u010dreva hna\u010dkov\u00e9ho typu). Mo\u017en\u00fd je aj opa\u010dn\u00fd pr\u00edpad: ak sa svaly pohybuj\u00fa pr\u00edli\u0161 pomaly, m\u00f4\u017ee vznikn\u00fa\u0165 z\u00e1pcha (syndr\u00f3m dr\u00e1\u017ediv\u00e9ho \u010dreva typu z\u00e1pchy). K\u0155\u010de dr\u00e1\u017ediv\u00e9ho \u010dreva a plynatos\u0165 vznikaj\u00fa, ke\u010f sa svaly pr\u00edli\u0161 stiahnu a u\u017e sa \u00faplne neuvo\u013enia.<\/p><\/div>\n\t\t\t\t<\/div>\n\t\t\t\t\t\t\t<div class=\"elementor-toggle-item\">\n\t\t\t\t\t<div id=\"elementor-tab-title-2553\" class=\"elementor-tab-title\" data-tab=\"3\" role=\"button\" aria-controls=\"elementor-tab-content-2553\" aria-expanded=\"false\">\n\t\t\t\t\t\t\t\t\t\t\t\t<span class=\"elementor-toggle-icon elementor-toggle-icon-left\" aria-hidden=\"true\">\n\t\t\t\t\t\t\t\t\t\t\t\t\t\t\t<span class=\"elementor-toggle-icon-closed\"><i class=\"fas fa-caret-right\"><\/i><\/span>\n\t\t\t\t\t\t\t\t<span class=\"elementor-toggle-icon-opened\"><i class=\"elementor-toggle-icon-opened fas fa-caret-up\"><\/i><\/span>\n\t\t\t\t\t\t\t\t\t\t\t\t\t<\/span>\n\t\t\t\t\t\t\t\t\t\t\t\t<a class=\"elementor-toggle-title\" tabindex=\"0\">Infekcie gastrointestin\u00e1lneho traktu ako pr\u00ed\u010dina syndr\u00f3mu dr\u00e1\u017ediv\u00e9ho \u010dreva (postinfek\u010dn\u00fd syndr\u00f3m dr\u00e1\u017ediv\u00e9ho \u010dreva)<\/a>\n\t\t\t\t\t<\/div>\n\n\t\t\t\t\t<div id=\"elementor-tab-content-2553\" class=\"elementor-tab-content elementor-clearfix\" data-tab=\"3\" role=\"region\" aria-labelledby=\"elementor-tab-title-2553\"><p>Viacer\u00e9 \u0161t\u00fadie ukazuj\u00fa, \u017ee syndr\u00f3m dr\u00e1\u017ediv\u00e9ho \u010dreva m\u00f4\u017ee by\u0165 d\u00f4sledkom gastrointestin\u00e1lnych infekci\u00ed (&#8222;\u017eal\u00fado\u010dn\u00e1 chr\u00edpka&#8220;). Je mo\u017en\u00e9, \u017ee \u010drevn\u00e9 infekcie ur\u010dit\u00fdmi bakt\u00e9riami (ako s\u00fa Campylobacter jejuni, Clostridum difficile, \u0161kodliv\u00e9 E.coli) s\u00fa pravdepodobnej\u0161ie sp\u00fa\u0161\u0165a\u010dom syndr\u00f3mu dr\u00e1\u017ediv\u00e9ho \u010dreva ako in\u00e9 patog\u00e9ny. \u010crevn\u00e1 (= postihuj\u00faca \u010drevo) infekcia je zodpovedn\u00e1 len za jeden z desiatich pr\u00edpadov. Ak je pr\u00ed\u010dinou syndr\u00f3mu dr\u00e1\u017ediv\u00e9ho \u010dreva \u010drevn\u00e1 infekcia, u \u013eud\u00ed sa zvy\u010dajne objavia v\u00fdrazn\u00e9 pr\u00edznaky hna\u010dky. Antibiotik\u00e1 &#8211; \u010dasto pou\u017e\u00edvan\u00e9 pred\u010dasne pri \u010drevn\u00fdch infekci\u00e1ch &#8211; tie\u017e sp\u00f4sobuj\u00fa po\u0161kodenie \u010drevn\u00e9ho biotopu a m\u00f4\u017eu by\u0165 sp\u00fa\u0161\u0165a\u010dom syndr\u00f3mu dr\u00e1\u017ediv\u00e9ho \u010dreva.<\/p><\/div>\n\t\t\t\t<\/div>\n\t\t\t\t\t\t\t<div class=\"elementor-toggle-item\">\n\t\t\t\t\t<div id=\"elementor-tab-title-2554\" class=\"elementor-tab-title\" data-tab=\"4\" role=\"button\" aria-controls=\"elementor-tab-content-2554\" aria-expanded=\"false\">\n\t\t\t\t\t\t\t\t\t\t\t\t<span class=\"elementor-toggle-icon elementor-toggle-icon-left\" aria-hidden=\"true\">\n\t\t\t\t\t\t\t\t\t\t\t\t\t\t\t<span class=\"elementor-toggle-icon-closed\"><i class=\"fas fa-caret-right\"><\/i><\/span>\n\t\t\t\t\t\t\t\t<span class=\"elementor-toggle-icon-opened\"><i class=\"elementor-toggle-icon-opened fas fa-caret-up\"><\/i><\/span>\n\t\t\t\t\t\t\t\t\t\t\t\t\t<\/span>\n\t\t\t\t\t\t\t\t\t\t\t\t<a class=\"elementor-toggle-title\" tabindex=\"0\">Zv\u00fd\u0161en\u00e1 imunitn\u00e1 aktivita \u010drevnej sliznice<\/a>\n\t\t\t\t\t<\/div>\n\n\t\t\t\t\t<div id=\"elementor-tab-content-2554\" class=\"elementor-tab-content elementor-clearfix\" data-tab=\"4\" role=\"region\" aria-labelledby=\"elementor-tab-title-2554\"><p>Zv\u00fd\u0161en\u00fa imunitn\u00fa aktivitu mo\u017eno zisti\u0165 vo vzork\u00e1ch tkaniva \u010drevnej sliznice postihnut\u00fdch os\u00f4b. V sliznici sa tak zis\u0165uje zv\u00fd\u0161en\u00e1 obranyschopnos\u0165 buniek imunitn\u00e9ho syst\u00e9mu a ich posolov\u00fdch l\u00e1tok (z\u00e1palov\u00fdch medi\u00e1torov, ako s\u00fa interleuk\u00edny). Odkia\u013e t\u00e1to zv\u00fd\u0161en\u00e1 aktivita pri syndr\u00f3me dr\u00e1\u017ediv\u00e9ho \u010dreva poch\u00e1dza a na \u010do pr\u00edpadne sl\u00fa\u017ei, sa st\u00e1le sk\u00fama.<\/p><\/div>\n\t\t\t\t<\/div>\n\t\t\t\t\t\t\t<div class=\"elementor-toggle-item\">\n\t\t\t\t\t<div id=\"elementor-tab-title-2555\" class=\"elementor-tab-title\" data-tab=\"5\" role=\"button\" aria-controls=\"elementor-tab-content-2555\" aria-expanded=\"false\">\n\t\t\t\t\t\t\t\t\t\t\t\t<span class=\"elementor-toggle-icon elementor-toggle-icon-left\" aria-hidden=\"true\">\n\t\t\t\t\t\t\t\t\t\t\t\t\t\t\t<span class=\"elementor-toggle-icon-closed\"><i class=\"fas fa-caret-right\"><\/i><\/span>\n\t\t\t\t\t\t\t\t<span class=\"elementor-toggle-icon-opened\"><i class=\"elementor-toggle-icon-opened fas fa-caret-up\"><\/i><\/span>\n\t\t\t\t\t\t\t\t\t\t\t\t\t<\/span>\n\t\t\t\t\t\t\t\t\t\t\t\t<a class=\"elementor-toggle-title\" tabindex=\"0\">Zv\u00fd\u0161en\u00e1 priepustnos\u0165 \u010drevnej sliznice (\u201eLeaky Gut\u201c)<\/a>\n\t\t\t\t\t<\/div>\n\n\t\t\t\t\t<div id=\"elementor-tab-content-2555\" class=\"elementor-tab-content elementor-clearfix\" data-tab=\"5\" role=\"region\" aria-labelledby=\"elementor-tab-title-2555\"><p>V \u010drevnej sliznici s\u00fa susedn\u00e9 bunky navz\u00e1jom spojen\u00e9 tzv. tesn\u00fdm spojen\u00edm. Tie sa vz\u00e1jomne uzatv\u00e1raj\u00fa, aby medzi bunkami nemohli prech\u00e1dza\u0165 cudzie l\u00e1tky alebo patog\u00e9ny. Pokia\u013e je t\u00e1to &#8222;\u010drevn\u00e1 bari\u00e9ra&#8220; neporu\u0161en\u00e1, celok buniek \u010drevnej sliznice tvor\u00ed skuto\u010dn\u00fd ochrann\u00fd \u0161t\u00edt, ktor\u00fd zabra\u0148uje prenikaniu cudz\u00edch l\u00e1tok z \u010drevn\u00e9ho priestoru do tela. Pri syndr\u00f3me dr\u00e1\u017ediv\u00e9ho \u010dreva je t\u00e1to \u010drevn\u00e1 bari\u00e9ra &#8222;derav\u00e1&#8220;, &#8222;priepustn\u00e1&#8220;, bunky u\u017e nie s\u00fa navz\u00e1jom tak pevne spojen\u00e9, tak\u017ee patog\u00e9ny a tox\u00edny (&#8220; jedovat\u00e9 l\u00e1tky&#8220;) m\u00f4\u017eu \u013eah\u0161ie prenikn\u00fa\u0165 do \u010drevnej sliznice a vies\u0165 k imunitnej reakcii, k &#8222;podr\u00e1\u017edeniu&#8220;.<\/p><\/div>\n\t\t\t\t<\/div>\n\t\t\t\t\t\t\t\t<\/div>\n\t\t\t\t\t\t<\/div>\n\t\t\t\t<\/div>\n\t\t\t\t\t<\/div>\n\t\t\t\t<\/div>\n\t\t\t\t\t<\/div>\n\t\t\t\t<\/div>\n\t\t<div class=\"elementor-element elementor-element-e35cb47 obcs blue e-flex e-con-boxed e-con e-parent\" data-id=\"e35cb47\" data-element_type=\"container\" data-settings=\"{&quot;background_background&quot;:&quot;classic&quot;}\">\n\t\t\t\t\t<div class=\"e-con-inner\">\n\t\t<div class=\"elementor-element elementor-element-67e6fe7 obcs none e-flex e-con-boxed e-con e-child\" data-id=\"67e6fe7\" data-element_type=\"container\" data-settings=\"{&quot;background_background&quot;:&quot;classic&quot;}\">\n\t\t\t\t\t<div class=\"e-con-inner\">\n\t\t\t\t<div class=\"elementor-element elementor-element-0a84ad1 elementor-widget__width-initial elementor-widget-tablet__width-initial elementor-widget elementor-widget-image\" data-id=\"0a84ad1\" data-element_type=\"widget\" data-widget_type=\"image.default\">\n\t\t\t\t<div class=\"elementor-widget-container\">\n\t\t\t\t\t\t\t\t\t\t\t\t\t\t\t<img loading=\"lazy\" decoding=\"async\" width=\"768\" height=\"768\" src=\"https:\/\/www.omni-biotic.com\/sk-sk\/wp-content\/uploads\/sites\/9\/2023\/07\/diagnoza-syndrom-drazdiveho-creva-768x768.png\" class=\"attachment-medium_large size-medium_large wp-image-17671\" alt=\"\" srcset=\"https:\/\/www.omni-biotic.com\/sk-sk\/wp-content\/uploads\/sites\/9\/2023\/07\/diagnoza-syndrom-drazdiveho-creva-768x768.png 768w, https:\/\/www.omni-biotic.com\/sk-sk\/wp-content\/uploads\/sites\/9\/2023\/07\/diagnoza-syndrom-drazdiveho-creva-300x300.png 300w, https:\/\/www.omni-biotic.com\/sk-sk\/wp-content\/uploads\/sites\/9\/2023\/07\/diagnoza-syndrom-drazdiveho-creva-150x150.png 150w, https:\/\/www.omni-biotic.com\/sk-sk\/wp-content\/uploads\/sites\/9\/2023\/07\/diagnoza-syndrom-drazdiveho-creva.png 800w\" sizes=\"(max-width: 768px) 100vw, 768px\" title=\"\">\t\t\t\t\t\t\t\t\t\t\t\t\t\t\t<\/div>\n\t\t\t\t<\/div>\n\t\t<div class=\"elementor-element elementor-element-644bd41 obcs none e-flex e-con-boxed e-con e-child\" data-id=\"644bd41\" data-element_type=\"container\">\n\t\t\t\t\t<div class=\"e-con-inner\">\n\t\t\t\t<div class=\"elementor-element elementor-element-4b53bc4 elementor-widget__width-inherit elementor-widget elementor-widget-heading\" data-id=\"4b53bc4\" data-element_type=\"widget\" data-widget_type=\"heading.default\">\n\t\t\t\t<div class=\"elementor-widget-container\">\n\t\t\t\t\t<h2 class=\"elementor-heading-title elementor-size-default\">Syndr\u00f3m dr\u00e1\u017ediv\u00e9ho \u010dreva test: Ako sa d\u00e1 diagnostikova\u0165 syndr\u00f3m dr\u00e1\u017ediv\u00e9ho \u010dreva?<\/h2>\t\t\t\t<\/div>\n\t\t\t\t<\/div>\n\t\t\t\t<div class=\"elementor-element elementor-element-044bfa5 elementor-widget elementor-widget-text-editor\" data-id=\"044bfa5\" data-element_type=\"widget\" data-widget_type=\"text-editor.default\">\n\t\t\t\t<div class=\"elementor-widget-container\">\n\t\t\t\t\t\t\t\t\t<p><strong>Diagn\u00f3za<\/strong> syndr\u00f3mu dr\u00e1\u017ediv\u00e9ho \u010dreva sa stanovuje<strong> na z\u00e1klade typick\u00e9ho priebehu pr\u00edznakov<\/strong> a po vyl\u00fa\u010den\u00ed in\u00fdch ochoren\u00ed.<\/p><ul><li>Kde m\u00e1te bolesti a v ak\u00fdch situ\u00e1ci\u00e1ch sa vyskytuj\u00fa?<\/li><li>M\u00e1te hna\u010dku alebo z\u00e1pchu?<\/li><li>V\u0161imli ste si s\u00favislos\u0165 medzi boles\u0165ou a ur\u010dit\u00fdmi jedlami alebo n\u00e1pojmi?<\/li><li>M\u00e1te \u010fal\u0161ie pr\u00edznaky, ako je vracanie, boles\u0165 svalov a k\u013abov, p\u00e1lenie z\u00e1hy a hor\u00fa\u010dka? Zaznamenali ste krv v stolici? C\u00edtite sa r\u00fdchlo unaven\u00fd? Schudli ste? Toto by bolo pre syndr\u00f3m dr\u00e1\u017ediv\u00e9ho \u010dreva netypick\u00e9 a pova\u017euje sa to za varovn\u00fd sign\u00e1l, ktor\u00fd treba h\u013eada\u0165 pri v\u00e1\u017enych ochoreniach.<\/li><li>Nach\u00e1dzate sa v s\u00fa\u010dasnosti v &#8220; stresuj\u00facom &#8220; obdob\u00ed \u017eivota?<\/li><li>M\u00e1te in\u00e9 ochorenia? Zamyslite sa ak\u00e9 s\u00fa sp\u00fa\u0161\u0165acie faktory a okolnosti (napr. <a href=\"https:\/\/www.omni-biotic.com\/sk-sk\/blog\/vnutorny-stres\/\"><strong>vn\u00fatorn\u00fd stres<\/strong><\/a>, hnev, prepracovanos\u0165), ktor\u00e9 zhor\u0161uj\u00fa \u0165a\u017ekosti.<\/li><li>U\u017e\u00edvate pravidelne lieky alebo ste ich u\u017e\u00edvali v posledn\u00fdch t\u00fd\u017ed\u0148och (vr\u00e1tane antibiot\u00edk, liekov proti bolesti, liekov na srdce, \u0161t\u00edtnej \u017e\u013eazy, preh\u00e1\u0148adiel)?<\/li><li>Zistite si rodinn\u00fa anamn\u00e9zu (v\u00fdskyt ochoren\u00ed v rodine).<\/li><li>Pr\u00edtomnos\u0165 organick\u00fdch \u010drevn\u00fdch ochoren\u00ed (napr. chronick\u00e9 z\u00e1palov\u00e9 ochorenie \u010driev (IBD) spojen\u00e9 s \u0165a\u017ekou hna\u010dkou).<\/li><\/ul><p>Na za\u010diatku ka\u017edej diagn\u00f3zy je podrobn\u00fd anamnestick\u00fd rozhovor s lek\u00e1rom.<\/p>\t\t\t\t\t\t\t\t<\/div>\n\t\t\t\t<\/div>\n\t\t\t\t\t<\/div>\n\t\t\t\t<\/div>\n\t\t\t\t\t<\/div>\n\t\t\t\t<\/div>\n\t\t\t\t\t<\/div>\n\t\t\t\t<\/div>\n\t\t<div class=\"elementor-element elementor-element-e926961 obcs magenta e-flex e-con-boxed e-con e-parent\" data-id=\"e926961\" data-element_type=\"container\">\n\t\t\t\t\t<div class=\"e-con-inner\">\n\t\t<div class=\"elementor-element elementor-element-936ed73 e-con-full obcs none e-flex e-con e-child\" data-id=\"936ed73\" data-element_type=\"container\">\n\t\t\t\t<div class=\"elementor-element elementor-element-2038f6b elementor-widget elementor-widget-heading\" data-id=\"2038f6b\" data-element_type=\"widget\" data-widget_type=\"heading.default\">\n\t\t\t\t<div class=\"elementor-widget-container\">\n\t\t\t\t\t<h2 class=\"elementor-heading-title elementor-size-default\">Vy\u0161etrenia na diagnostiku syndr\u00f3mu dr\u00e1\u017ediv\u00e9ho \u010dreva<\/h2>\t\t\t\t<\/div>\n\t\t\t\t<\/div>\n\t\t\t\t<div class=\"elementor-element elementor-element-8055ac6 elementor-widget elementor-widget-text-editor\" data-id=\"8055ac6\" data-element_type=\"widget\" data-widget_type=\"text-editor.default\">\n\t\t\t\t<div class=\"elementor-widget-container\">\n\t\t\t\t\t\t\t\t\t<p>Po podrobnom anamnestickom rozhovore sa uskuto\u010dn\u00ed fyzik\u00e1lne vy\u0161etrenie, po\u010das ktor\u00e9ho sa lek\u00e1r pozrie na kone\u010dn\u00edk, prehmat\u00e1 a vypo\u010duje brucho. <strong>Vzorka stolice<\/strong> m\u00f4\u017ee poskytn\u00fa\u0165 inform\u00e1cie o <strong>poruch\u00e1ch tr\u00e1veni<\/strong>a a funk\u010dn\u00fdch dysfunkci\u00e1ch \u010dreva. Stolica sa vy\u0161etruje aj na pr\u00edtomnos\u0165 <strong>skrytej (okultnej = nevidite\u013enej) krvi<\/strong>. Okrem \u010drevn\u00e9ho traktu lek\u00e1r kontroluje aj mo\u010dov\u00fd mech\u00far, obli\u010dky, u \u017eien vaje\u010dn\u00edky a v z\u00e1vislosti od pr\u00edznakov aj srdce.<\/p><p>D\u00f4le\u017eit\u00e9 inform\u00e1cie poskytuje aj anal\u00fdza krvi a stolice (krv v stolici, <strong>parazity (\u010dervy)<\/strong>), mo\u010du, ako aj funk\u010dn\u00e9 testy org\u00e1nov. Podobne ako pri plynatosti je potrebn\u00e9 vyl\u00fa\u010di\u0165 potravinov\u00e9 <strong>intolerancie<\/strong>, ako je intolerancia frukt\u00f3zy, lakt\u00f3zy, sorbitolu at\u010f. Ak s\u00fa pr\u00edznaky ak\u00fatne, sprev\u00e1dzan\u00e9 \u00fabytkom hmotnosti, hor\u00fa\u010dkou, \u00fanavou, an\u00e9miou, zvracan\u00edm, k\u013abov\u00fdmi \u0165a\u017ekos\u0165ami alebo krvou v stolici, m\u00f4\u017eu by\u0165 sp\u00f4soben\u00e9 z\u00e1va\u017en\u00fdmi ochoreniami a \u010fal\u0161ie lek\u00e1rske objasnenie z\u00e1kladn\u00e9ho ochorenia je absol\u00fatne nevyhnutn\u00e9. Musia sa vy\u0161etri\u0165 <a href=\"https:\/\/www.omni-biotic.com\/sk-sk\/blog\/zvysene-pecenove-testy-co-pomaha-na-regeneraciu-pecene\/\"><strong>pr\u00edznaky<\/strong> <strong>ochoren\u00ed pe\u010dene<\/strong><\/a>, \u017el\u010dn\u00edka alebo pankreasu.<\/p>\t\t\t\t\t\t\t\t<\/div>\n\t\t\t\t<\/div>\n\t\t\t\t<\/div>\n\t\t<div class=\"elementor-element elementor-element-e590908 e-con-full obcs none e-flex e-con e-child\" data-id=\"e590908\" data-element_type=\"container\">\n\t\t\t\t<div class=\"elementor-element elementor-element-b010dfa e-transform elementor-widget elementor-widget-image\" data-id=\"b010dfa\" data-element_type=\"widget\" data-settings=\"{&quot;_transform_rotateZ_effect&quot;:{&quot;unit&quot;:&quot;px&quot;,&quot;size&quot;:&quot;0&quot;,&quot;sizes&quot;:[]},&quot;_transform_rotate_3d&quot;:&quot;yes&quot;,&quot;_transform_rotateX_effect&quot;:{&quot;unit&quot;:&quot;px&quot;,&quot;size&quot;:&quot;0&quot;,&quot;sizes&quot;:[]},&quot;_transform_rotateY_effect&quot;:{&quot;unit&quot;:&quot;px&quot;,&quot;size&quot;:&quot;-4&quot;,&quot;sizes&quot;:[]},&quot;_transform_perspective_effect&quot;:{&quot;unit&quot;:&quot;px&quot;,&quot;size&quot;:&quot;650&quot;,&quot;sizes&quot;:[]},&quot;_transform_rotateZ_effect_tablet&quot;:{&quot;unit&quot;:&quot;deg&quot;,&quot;size&quot;:&quot;&quot;,&quot;sizes&quot;:[]},&quot;_transform_rotateZ_effect_mobile&quot;:{&quot;unit&quot;:&quot;deg&quot;,&quot;size&quot;:&quot;&quot;,&quot;sizes&quot;:[]},&quot;_transform_rotateX_effect_tablet&quot;:{&quot;unit&quot;:&quot;deg&quot;,&quot;size&quot;:&quot;&quot;,&quot;sizes&quot;:[]},&quot;_transform_rotateX_effect_mobile&quot;:{&quot;unit&quot;:&quot;deg&quot;,&quot;size&quot;:&quot;&quot;,&quot;sizes&quot;:[]},&quot;_transform_rotateY_effect_tablet&quot;:{&quot;unit&quot;:&quot;deg&quot;,&quot;size&quot;:&quot;&quot;,&quot;sizes&quot;:[]},&quot;_transform_rotateY_effect_mobile&quot;:{&quot;unit&quot;:&quot;deg&quot;,&quot;size&quot;:&quot;&quot;,&quot;sizes&quot;:[]},&quot;_transform_perspective_effect_tablet&quot;:{&quot;unit&quot;:&quot;px&quot;,&quot;size&quot;:&quot;&quot;,&quot;sizes&quot;:[]},&quot;_transform_perspective_effect_mobile&quot;:{&quot;unit&quot;:&quot;px&quot;,&quot;size&quot;:&quot;&quot;,&quot;sizes&quot;:[]}}\" data-widget_type=\"image.default\">\n\t\t\t\t<div class=\"elementor-widget-container\">\n\t\t\t\t\t\t\t\t\t\t\t\t\t\t\t<img loading=\"lazy\" decoding=\"async\" width=\"800\" height=\"800\" src=\"https:\/\/www.omni-biotic.com\/sk-sk\/wp-content\/uploads\/sites\/9\/2023\/07\/vysetrenie-diagnoza-drazdiveho-creva.jpg\" class=\"attachment-large size-large wp-image-17678\" alt=\"\" srcset=\"https:\/\/www.omni-biotic.com\/sk-sk\/wp-content\/uploads\/sites\/9\/2023\/07\/vysetrenie-diagnoza-drazdiveho-creva.jpg 800w, https:\/\/www.omni-biotic.com\/sk-sk\/wp-content\/uploads\/sites\/9\/2023\/07\/vysetrenie-diagnoza-drazdiveho-creva-300x300.jpg 300w, https:\/\/www.omni-biotic.com\/sk-sk\/wp-content\/uploads\/sites\/9\/2023\/07\/vysetrenie-diagnoza-drazdiveho-creva-150x150.jpg 150w, https:\/\/www.omni-biotic.com\/sk-sk\/wp-content\/uploads\/sites\/9\/2023\/07\/vysetrenie-diagnoza-drazdiveho-creva-768x768.jpg 768w\" sizes=\"(max-width: 800px) 100vw, 800px\" title=\"\">\t\t\t\t\t\t\t\t\t\t\t\t\t\t\t<\/div>\n\t\t\t\t<\/div>\n\t\t\t\t<\/div>\n\t\t\t\t\t<\/div>\n\t\t\t\t<\/div>\n\t\t<div class=\"elementor-element elementor-element-a995906 obcs none e-flex e-con-boxed e-con e-parent\" data-id=\"a995906\" data-element_type=\"container\">\n\t\t\t\t\t<div class=\"e-con-inner\">\n\t\t\t\t<div class=\"elementor-element elementor-element-741547e elementor-widget elementor-widget-text-editor\" data-id=\"741547e\" data-element_type=\"widget\" data-widget_type=\"text-editor.default\">\n\t\t\t\t<div class=\"elementor-widget-container\">\n\t\t\t\t\t\t\t\t\t<p>Potom m\u00f4\u017ee nasledova\u0165 <strong>vy\u0161etrenie kone\u010dn\u00edka<\/strong> a hrub\u00e9ho \u010dreva <a href=\"https:\/\/www.omni-biotic.com\/sk-sk\/blog\/kolonoskopia-a-mikrobiom\/\"><strong>(kolonoskopia)<\/strong><\/a>. Po\u010das <a href=\"https:\/\/www.omni-biotic.com\/sk-sk\/blog\/zotavenie-po-kolonoskopii\/\"><strong>kolonoskopie<\/strong><\/a> sa endoskopicky vy\u0161etruje hrub\u00e9 \u010drevo a koniec tenk\u00e9ho \u010dreva cez an\u00e1lny kan\u00e1l. \u010crevo sa m\u00f4\u017ee zobrazi\u0165 aj na <strong>r\u00f6ntgenovom sn\u00edmku<\/strong> s pou\u017eit\u00edm kontrastnej l\u00e1tky. Ak sa vyl\u00fa\u010di organick\u00e9 ochorenie, potravinov\u00e1 intolerancia alebo chronick\u00e9 z\u00e1palov\u00e9 ochorenie \u010dreva, lek\u00e1r <strong>diagnostikuje syndr\u00f3m dr\u00e1\u017ediv\u00e9ho \u010dreva<\/strong>. <a href=\"https:\/\/www.omni-biotic.com\/sk-sk\/blog\/drazdive-crevo\/\"><strong>Dr\u00e1\u017ediv\u00e9 \u010drevo<\/strong> <\/a>je &#8222;diagn\u00f3za vyl\u00fa\u010denia&#8220;, ktor\u00e1 sa m\u00f4\u017ee stanovi\u0165 len vtedy, ke\u010f ur\u010dite nie s\u00fa pr\u00edtomn\u00e9 v\u0161etky ostatn\u00e9 pr\u00ed\u010diny.<\/p>\t\t\t\t\t\t\t\t<\/div>\n\t\t\t\t<\/div>\n\t\t\t\t<div class=\"elementor-element elementor-element-f629505 elementor-widget elementor-widget-heading\" data-id=\"f629505\" data-element_type=\"widget\" data-widget_type=\"heading.default\">\n\t\t\t\t<div class=\"elementor-widget-container\">\n\t\t\t\t\t<h3 class=\"elementor-heading-title elementor-size-default\">\u010eal\u0161ie mo\u017en\u00e9 diagnostick\u00e9 postupy:<\/h3>\t\t\t\t<\/div>\n\t\t\t\t<\/div>\n\t\t\t\t<div class=\"elementor-element elementor-element-7e0f23f elementor-widget elementor-widget-text-editor\" data-id=\"7e0f23f\" data-element_type=\"widget\" data-widget_type=\"text-editor.default\">\n\t\t\t\t<div class=\"elementor-widget-container\">\n\t\t\t\t\t\t\t\t\t<ul><li><strong>Ultrazvukov\u00e9 vy\u0161etrenie<\/strong> cel\u00e9ho brucha (sonografia)<\/li><li><strong>R\u00f6ntgenov\u00e9 vy\u0161etrenie<\/strong> \u010driev a brucha (RTG), dnes v\u00e4\u010d\u0161inou vo forme po\u010d\u00edta\u010dovej tomografie (CT).<\/li><\/ul>\t\t\t\t\t\t\t\t<\/div>\n\t\t\t\t<\/div>\n\t\t\t\t\t<\/div>\n\t\t\t\t<\/div>\n\t\t<div class=\"elementor-element elementor-element-ba12bbc obcs none e-flex e-con-boxed e-con e-parent\" data-id=\"ba12bbc\" data-element_type=\"container\" data-settings=\"{&quot;background_background&quot;:&quot;classic&quot;,&quot;shape_divider_top&quot;:&quot;waves&quot;,&quot;shape_divider_bottom&quot;:&quot;waves&quot;}\">\n\t\t\t\t\t<div class=\"e-con-inner\">\n\t\t\t\t<div class=\"elementor-shape elementor-shape-top\" aria-hidden=\"true\" data-negative=\"false\">\n\t\t\t<svg xmlns=\"http:\/\/www.w3.org\/2000\/svg\" viewBox=\"0 0 1000 100\" preserveAspectRatio=\"none\">\n\t<path class=\"elementor-shape-fill\" d=\"M421.9,6.5c22.6-2.5,51.5,0.4,75.5,5.3c23.6,4.9,70.9,23.5,100.5,35.7c75.8,32.2,133.7,44.5,192.6,49.7\n\tc23.6,2.1,48.7,3.5,103.4-2.5c54.7-6,106.2-25.6,106.2-25.6V0H0v30.3c0,0,72,32.6,158.4,30.5c39.2-0.7,92.8-6.7,134-22.4\n\tc21.2-8.1,52.2-18.2,79.7-24.2C399.3,7.9,411.6,7.5,421.9,6.5z\"\/>\n<\/svg>\t\t<\/div>\n\t\t\t\t<div class=\"elementor-shape elementor-shape-bottom\" aria-hidden=\"true\" data-negative=\"false\">\n\t\t\t<svg xmlns=\"http:\/\/www.w3.org\/2000\/svg\" viewBox=\"0 0 1000 100\" preserveAspectRatio=\"none\">\n\t<path class=\"elementor-shape-fill\" d=\"M421.9,6.5c22.6-2.5,51.5,0.4,75.5,5.3c23.6,4.9,70.9,23.5,100.5,35.7c75.8,32.2,133.7,44.5,192.6,49.7\n\tc23.6,2.1,48.7,3.5,103.4-2.5c54.7-6,106.2-25.6,106.2-25.6V0H0v30.3c0,0,72,32.6,158.4,30.5c39.2-0.7,92.8-6.7,134-22.4\n\tc21.2-8.1,52.2-18.2,79.7-24.2C399.3,7.9,411.6,7.5,421.9,6.5z\"\/>\n<\/svg>\t\t<\/div>\n\t\t\t\t<div class=\"elementor-element elementor-element-142ed11 elementor-widget__width-inherit elementor-widget elementor-widget-heading\" data-id=\"142ed11\" data-element_type=\"widget\" data-widget_type=\"heading.default\">\n\t\t\t\t<div class=\"elementor-widget-container\">\n\t\t\t\t\t<h2 class=\"elementor-heading-title elementor-size-default\">\u010co pom\u00e1ha pri syndr\u00f3me dr\u00e1\u017ediv\u00e9ho \u010dreva?<\/h2>\t\t\t\t<\/div>\n\t\t\t\t<\/div>\n\t\t\t\t<div class=\"elementor-element elementor-element-d16844f elementor-widget elementor-widget-text-editor\" data-id=\"d16844f\" data-element_type=\"widget\" data-widget_type=\"text-editor.default\">\n\t\t\t\t<div class=\"elementor-widget-container\">\n\t\t\t\t\t\t\t\t\t<p>Ned\u00e1vne \u0161t\u00fadie nazna\u010duj\u00fa, \u017ee syndr\u00f3m dr\u00e1\u017ediv\u00e9ho \u010dreva je spojen\u00fd aj s miernym <strong>(chronick\u00fdm) z\u00e1palom<\/strong> a menej rozmanitou, funk\u010dnou bakteri\u00e1lnou fl\u00f3rou v \u010dreve. Syndr\u00f3m dr\u00e1\u017ediv\u00e9ho \u010dreva sa \u010dasto vyskytuje po \u010drevn\u00fdch infekci\u00e1ch, najm\u00e4 \u010dasto vtedy, ke\u010f sa <strong>lie\u010dia antibiotikami<\/strong>, preto\u017ee t\u00fdm sa dodato\u010dne zni\u010d\u00ed prirodzen\u00e1, zdrav\u00e1 \u010drevn\u00e1 fl\u00f3ra a \u0161kodliv\u00e9 bakt\u00e9rie sa m\u00f4\u017eu nekontrolovane \u0161\u00edri\u0165 \u010falej &#8211; v\u00fdsledkom je \u010doraz <strong>&#8222;priepustnej\u0161ie&#8220; \u010drevo<\/strong>, ochrann\u00e1 bari\u00e9ra \u010dreva je zni\u010den\u00e1. Myrha, harman\u010dek a k\u00e1vov\u00e9 uhlie maj\u00fa na \u010drev\u00e1 priazniv\u00fd \u00fa\u010dinok.<\/p>\t\t\t\t\t\t\t\t<\/div>\n\t\t\t\t<\/div>\n\t\t\t\t\t<\/div>\n\t\t\t\t<\/div>\n\t\t<div class=\"elementor-element elementor-element-0a450b3 obcs green e-flex e-con-boxed e-con e-parent\" data-id=\"0a450b3\" data-element_type=\"container\">\n\t\t\t\t\t<div class=\"e-con-inner\">\n\t\t<div class=\"elementor-element elementor-element-fdb14d6 e-con-full obcs none e-flex e-con e-child\" data-id=\"fdb14d6\" data-element_type=\"container\">\n\t\t\t\t<div class=\"elementor-element elementor-element-7ab1971 e-transform elementor-widget elementor-widget-image\" data-id=\"7ab1971\" data-element_type=\"widget\" data-settings=\"{&quot;_transform_rotateZ_effect&quot;:{&quot;unit&quot;:&quot;px&quot;,&quot;size&quot;:&quot;0&quot;,&quot;sizes&quot;:[]},&quot;_transform_rotate_3d&quot;:&quot;yes&quot;,&quot;_transform_rotateX_effect&quot;:{&quot;unit&quot;:&quot;px&quot;,&quot;size&quot;:&quot;0&quot;,&quot;sizes&quot;:[]},&quot;_transform_rotateY_effect&quot;:{&quot;unit&quot;:&quot;px&quot;,&quot;size&quot;:&quot;4&quot;,&quot;sizes&quot;:[]},&quot;_transform_perspective_effect&quot;:{&quot;unit&quot;:&quot;px&quot;,&quot;size&quot;:&quot;650&quot;,&quot;sizes&quot;:[]},&quot;_transform_rotateZ_effect_tablet&quot;:{&quot;unit&quot;:&quot;deg&quot;,&quot;size&quot;:&quot;&quot;,&quot;sizes&quot;:[]},&quot;_transform_rotateZ_effect_mobile&quot;:{&quot;unit&quot;:&quot;deg&quot;,&quot;size&quot;:&quot;&quot;,&quot;sizes&quot;:[]},&quot;_transform_rotateX_effect_tablet&quot;:{&quot;unit&quot;:&quot;deg&quot;,&quot;size&quot;:&quot;&quot;,&quot;sizes&quot;:[]},&quot;_transform_rotateX_effect_mobile&quot;:{&quot;unit&quot;:&quot;deg&quot;,&quot;size&quot;:&quot;&quot;,&quot;sizes&quot;:[]},&quot;_transform_rotateY_effect_tablet&quot;:{&quot;unit&quot;:&quot;deg&quot;,&quot;size&quot;:&quot;&quot;,&quot;sizes&quot;:[]},&quot;_transform_rotateY_effect_mobile&quot;:{&quot;unit&quot;:&quot;deg&quot;,&quot;size&quot;:&quot;&quot;,&quot;sizes&quot;:[]},&quot;_transform_perspective_effect_tablet&quot;:{&quot;unit&quot;:&quot;px&quot;,&quot;size&quot;:&quot;&quot;,&quot;sizes&quot;:[]},&quot;_transform_perspective_effect_mobile&quot;:{&quot;unit&quot;:&quot;px&quot;,&quot;size&quot;:&quot;&quot;,&quot;sizes&quot;:[]}}\" data-widget_type=\"image.default\">\n\t\t\t\t<div class=\"elementor-widget-container\">\n\t\t\t\t\t\t\t\t\t\t\t\t\t\t\t<img loading=\"lazy\" decoding=\"async\" width=\"800\" height=\"800\" src=\"https:\/\/www.omni-biotic.com\/sk-sk\/wp-content\/uploads\/sites\/9\/2023\/07\/moznosti-liecby-syndromu-drazdiveho-creva.jpg\" class=\"attachment-large size-large wp-image-17697\" alt=\"\" srcset=\"https:\/\/www.omni-biotic.com\/sk-sk\/wp-content\/uploads\/sites\/9\/2023\/07\/moznosti-liecby-syndromu-drazdiveho-creva.jpg 800w, https:\/\/www.omni-biotic.com\/sk-sk\/wp-content\/uploads\/sites\/9\/2023\/07\/moznosti-liecby-syndromu-drazdiveho-creva-300x300.jpg 300w, https:\/\/www.omni-biotic.com\/sk-sk\/wp-content\/uploads\/sites\/9\/2023\/07\/moznosti-liecby-syndromu-drazdiveho-creva-150x150.jpg 150w, https:\/\/www.omni-biotic.com\/sk-sk\/wp-content\/uploads\/sites\/9\/2023\/07\/moznosti-liecby-syndromu-drazdiveho-creva-768x768.jpg 768w\" sizes=\"(max-width: 800px) 100vw, 800px\" title=\"\">\t\t\t\t\t\t\t\t\t\t\t\t\t\t\t<\/div>\n\t\t\t\t<\/div>\n\t\t\t\t<\/div>\n\t\t<div class=\"elementor-element elementor-element-09b0031 e-con-full obcs none e-flex e-con e-child\" data-id=\"09b0031\" data-element_type=\"container\">\n\t\t\t\t<div class=\"elementor-element elementor-element-154ebcc elementor-widget elementor-widget-heading\" data-id=\"154ebcc\" data-element_type=\"widget\" data-widget_type=\"heading.default\">\n\t\t\t\t<div class=\"elementor-widget-container\">\n\t\t\t\t\t<h2 class=\"elementor-heading-title elementor-size-default\">Lieky: Ako sa d\u00e1 lie\u010di\u0165 syndr\u00f3m dr\u00e1\u017ediv\u00e9ho \u010dreva?<\/h2>\t\t\t\t<\/div>\n\t\t\t\t<\/div>\n\t\t\t\t<div class=\"elementor-element elementor-element-a3a7077 elementor-widget elementor-widget-text-editor\" data-id=\"a3a7077\" data-element_type=\"widget\" data-widget_type=\"text-editor.default\">\n\t\t\t\t<div class=\"elementor-widget-container\">\n\t\t\t\t\t\t\t\t\t<p><strong>Syndr\u00f3m dr\u00e1\u017ediv\u00e9ho \u010dreva<\/strong> je nepr\u00edjemn\u00e9 ochorenie, ktor\u00e9 v\u00fdrazne ovplyv\u0148uje kvalitu \u017eivota.<strong> Lie\u010dba liekmi<\/strong> je mo\u017en\u00e1 len <strong>v obmedzenej miere<\/strong> a je zameran\u00e1 na sympt\u00f3my. Najd\u00f4le\u017eitej\u0161ie je predov\u0161etk\u00fdm vedie\u0165 klasifikova\u0165 svoje \u0165a\u017ekosti a neob\u00e1va\u0165 sa, \u017ee sa za nimi skr\u00fdva <strong>z\u00e1va\u017en\u00e9 ochorenie<\/strong>. Ke\u010f\u017ee ved\u013eaj\u0161ie \u00fa\u010dinky be\u017en\u00fdch liekov m\u00f4\u017eu by\u0165 \u010dasto z\u00e1va\u017en\u00e9, treba zv\u00e1\u017ei\u0165, \u010di <strong>rizik\u00e1 lie\u010dby<\/strong> niektor\u00fdmi liekmi<strong> nie s\u00fa v\u00e4\u010d\u0161ie ako samotn\u00e9 \u0165a\u017ekosti.<\/strong><\/p><p>\u010casto m\u00f4\u017ee<strong> pr\u00edznaky zmierni\u0165 zmena stravy<\/strong> a <strong>vyh\u00fdbanie sa potravin\u00e1m<\/strong>, ktor\u00e9 sp\u00f4sobuj\u00fa plynatos\u0165 a s\u00fa \u0165a\u017eko str\u00e1vite\u013en\u00e9. Pr\u00edrodn\u00e9 prostriedky m\u00f4\u017eu posta\u010dova\u0165 ako jedin\u00e1 terapia pri miernych \u0165a\u017ekostiach, ale m\u00f4\u017eu sa pou\u017ei\u0165 aj<strong> na podporu konven\u010dnej lek\u00e1rskej lie\u010dby<\/strong>.<\/p>\t\t\t\t\t\t\t\t<\/div>\n\t\t\t\t<\/div>\n\t\t\t\t<\/div>\n\t\t\t\t\t<\/div>\n\t\t\t\t<\/div>\n\t\t<div class=\"elementor-element elementor-element-5fcb088 obcs none e-flex e-con-boxed e-con e-parent\" data-id=\"5fcb088\" data-element_type=\"container\">\n\t\t\t\t\t<div class=\"e-con-inner\">\n\t\t\t\t<div class=\"elementor-element elementor-element-7369a52 elementor-widget elementor-widget-text-editor\" data-id=\"7369a52\" data-element_type=\"widget\" data-widget_type=\"text-editor.default\">\n\t\t\t\t<div class=\"elementor-widget-container\">\n\t\t\t\t\t\t\t\t\t<p>M\u00e4tov\u00fd olej vo forme bezpe\u010dnej pre \u017eal\u00fado\u010dn\u00fa kyselinu, ktor\u00e9ho \u00fa\u010dinn\u00e1 l\u00e1tka sa uvo\u013e\u0148uje v tenkom \u010dreve, m\u00e1 uvo\u013e\u0148uj\u00faci \u00fa\u010dinok. <strong>Upokojuj\u00faci \u00fa\u010dinok<\/strong> na \u017eal\u00fadok a \u010drev\u00e1 maj\u00fa aj harman\u010dek, levandu\u013eov\u00fd olej, koriander, medovka a major\u00e1n div\u00fd. Uveden\u00e9 <strong>rastliny<\/strong> s\u00fa dostupn\u00e9 v \u010dajov\u00fdch pr\u00edpravkoch a v pr\u00edpravkoch pripraven\u00fdch na u\u017e\u00edvanie. \u0160peci\u00e1lne<strong> ekologicky vyr\u00e1ban\u00e9 pr\u00edpravky<\/strong> z plodov pap\u00e1je p\u00f4sobia proti \u0165a\u017ekostiam, ako je plynatos\u0165, boles\u0165 pri stolici alebo z\u00e1pcha, a upokojuj\u00fa tr\u00e1viaci syst\u00e9m, ktor\u00fd je v stave poplachu.<\/p><p>V pr\u00edpade ve\u013emi <strong>tvrdej stolice<\/strong> mo\u017eno vysk\u00fa\u0161a\u0165 starostlivo tolerovan\u00e9<strong> potraviny bohat\u00e9 na vl\u00e1kninu<\/strong>. Odpor\u00fa\u010da sa opatrnos\u0165, preto\u017ee vl\u00e1knina m\u00f4\u017ee sp\u00f4sobi\u0165 aj plynatos\u0165. Slizovit\u00e9 l\u00e1tky, ako s\u00fa \u013eanov\u00e9 semienka, indick\u00e9 psyllium a p\u0161eni\u010dn\u00e9 otruby, podporuj\u00fa \u010drevn\u00fd tranzit pri z\u00e1pche, absorbuj\u00fa ve\u013ea vody a tie\u017e zni\u017euj\u00fa hna\u010dku. Potraviny ako ry\u017ea, zemiaky a ovos p\u00f4sobia proti z\u00e1pche. Pri plynatosti <strong>poskytuj\u00fa \u00fa\u013eavu pr\u00edpravky<\/strong> alebo <strong>\u010daje<\/strong> z rasce, feniklu a an\u00edzu.<\/p>\t\t\t\t\t\t\t\t<\/div>\n\t\t\t\t<\/div>\n\t\t\t\t\t<\/div>\n\t\t\t\t<\/div>\n\t\t<div class=\"elementor-element elementor-element-ffdea75 obcs magenta e-flex e-con-boxed e-con e-parent\" data-id=\"ffdea75\" data-element_type=\"container\">\n\t\t\t\t\t<div class=\"e-con-inner\">\n\t\t<div class=\"elementor-element elementor-element-c139f43 e-con-full obcs none e-flex e-con e-child\" data-id=\"c139f43\" data-element_type=\"container\">\n\t\t\t\t<div class=\"elementor-element elementor-element-3c99ec0 elementor-widget elementor-widget-heading\" data-id=\"3c99ec0\" data-element_type=\"widget\" data-widget_type=\"heading.default\">\n\t\t\t\t<div class=\"elementor-widget-container\">\n\t\t\t\t\t<h2 class=\"elementor-heading-title elementor-size-default\">Probiotik\u00e1 pri syndr\u00f3me dr\u00e1\u017ediv\u00e9ho \u010dreva<\/h2>\t\t\t\t<\/div>\n\t\t\t\t<\/div>\n\t\t\t\t<div class=\"elementor-element elementor-element-cd5b566 elementor-widget elementor-widget-text-editor\" data-id=\"cd5b566\" data-element_type=\"widget\" data-widget_type=\"text-editor.default\">\n\t\t\t\t<div class=\"elementor-widget-container\">\n\t\t\t\t\t\t\t\t\t<p>Aby sme v\u0161ak mohli \u00fa\u010dinne p\u00f4sobi\u0165 proti mnoh\u00fdm <strong>pr\u00ed\u010din\u00e1m syndr\u00f3mu dr\u00e1\u017ediv\u00e9ho \u010dreva<\/strong>, existuj\u00fa \u0161etrn\u00e9 met\u00f3dy, ktor\u00e9 \u00fa\u010dinne p\u00f4sobia proti pr\u00ed\u010din\u00e1m a z\u00e1rove\u0148 zabra\u0148uj\u00fa<strong> vzniku pr\u00edznakov syndr\u00f3mu dr\u00e1\u017ediv\u00e9ho \u010dreva<\/strong>: <strong>pr\u00edrodn\u00e9 \u010drevn\u00e9 bakt\u00e9rie<\/strong> &#8211; <strong>probiotick\u00e9 bakteri\u00e1lne pr\u00edpravky<\/strong>, ktor\u00e9 s\u00fa odpor\u00fa\u010dan\u00e9 lek\u00e1rsko-vedeck\u00fdmi komisiami a zdru\u017eeniami. Tieto <strong>probiotick\u00e9 \u010drevn\u00e9 bakt\u00e9rie odstra\u0148uj\u00fa<\/strong> nielen <strong>pr\u00edznaky<\/strong>, ale aj <strong>pr\u00ed\u010diny<\/strong> syndr\u00f3mu dr\u00e1\u017ediv\u00e9ho \u010dreva a <strong>obnovuj\u00fa rovnov\u00e1hu v \u010dreve<\/strong> troma sp\u00f4sobmi:<\/p><ol><li>\u010crevn\u00e9 bakt\u00e9rie s\u00fa \u00faplne<strong> prirodzen\u00e9 mikroorganizmy<\/strong>, ktor\u00e9 sa vyskytuj\u00fa v zdravom \u010dreve a mnoh\u00fdmi sp\u00f4sobmi <strong>podporuj\u00fa na\u0161e tr\u00e1venie a celkov\u00fa pohodu<\/strong>.<\/li><li>\u010crevn\u00e9 bakt\u00e9rie <strong>nemaj\u00fa \u017eiadne ne\u017eiaduce \u00fa\u010dinky<\/strong> &#8211; ob\u010das sa na za\u010diatku lie\u010dby m\u00f4\u017ee vyskytn\u00fa\u0165 mierna plynatos\u0165 a zmeny stolice. Je to v\u0161ak do\u010dasn\u00e9, ne\u017e sa za\u010dn\u00fa prejavova\u0165 <strong>priazniv\u00e9 \u00fa\u010dinky<\/strong>.<\/li><li>Pomocou \u010drevn\u00fdch bakt\u00e9ri\u00ed (vr\u00e1tane <em>bifidobakt\u00e9ri\u00ed<\/em>, <em>laktobacilov<\/em>, <em>laktokokov<\/em>, <em>streptokokov<\/em>), ktor\u00e9 s\u00fa kombinovan\u00e9 v \u0161peci\u00e1lnych zlo\u017eeniach <strong>proti r\u00f4znym pr\u00ed\u010din\u00e1m &#8211; z\u00e1palu, &#8220; priepustn\u00e9mu \u010drevu&#8220;<\/strong>, \u0161kodliv\u00fdm z\u00e1rodkom (\u010dasto po lie\u010dbe antibiotikami alebo \u010drevn\u00fdch infekci\u00e1ch), poruch\u00e1m pohyblivosti &#8211; sa \u010dlovek dostane k podstate pr\u00ed\u010din \u0165a\u017ekost\u00ed a <strong>odstr\u00e1ni ich<\/strong>.<\/li><\/ol>\t\t\t\t\t\t\t\t<\/div>\n\t\t\t\t<\/div>\n\t\t\t\t<\/div>\n\t\t<div class=\"elementor-element elementor-element-7846951 e-con-full obcs none e-flex e-con e-child\" data-id=\"7846951\" data-element_type=\"container\">\n\t\t\t\t<div class=\"elementor-element elementor-element-c11f94e e-transform elementor-widget elementor-widget-image\" data-id=\"c11f94e\" data-element_type=\"widget\" data-settings=\"{&quot;_transform_rotateZ_effect&quot;:{&quot;unit&quot;:&quot;px&quot;,&quot;size&quot;:&quot;0&quot;,&quot;sizes&quot;:[]},&quot;_transform_rotate_3d&quot;:&quot;yes&quot;,&quot;_transform_rotateX_effect&quot;:{&quot;unit&quot;:&quot;px&quot;,&quot;size&quot;:&quot;0&quot;,&quot;sizes&quot;:[]},&quot;_transform_rotateY_effect&quot;:{&quot;unit&quot;:&quot;px&quot;,&quot;size&quot;:&quot;-4&quot;,&quot;sizes&quot;:[]},&quot;_transform_perspective_effect&quot;:{&quot;unit&quot;:&quot;px&quot;,&quot;size&quot;:&quot;650&quot;,&quot;sizes&quot;:[]},&quot;_transform_rotateZ_effect_tablet&quot;:{&quot;unit&quot;:&quot;deg&quot;,&quot;size&quot;:&quot;&quot;,&quot;sizes&quot;:[]},&quot;_transform_rotateZ_effect_mobile&quot;:{&quot;unit&quot;:&quot;deg&quot;,&quot;size&quot;:&quot;&quot;,&quot;sizes&quot;:[]},&quot;_transform_rotateX_effect_tablet&quot;:{&quot;unit&quot;:&quot;deg&quot;,&quot;size&quot;:&quot;&quot;,&quot;sizes&quot;:[]},&quot;_transform_rotateX_effect_mobile&quot;:{&quot;unit&quot;:&quot;deg&quot;,&quot;size&quot;:&quot;&quot;,&quot;sizes&quot;:[]},&quot;_transform_rotateY_effect_tablet&quot;:{&quot;unit&quot;:&quot;deg&quot;,&quot;size&quot;:&quot;&quot;,&quot;sizes&quot;:[]},&quot;_transform_rotateY_effect_mobile&quot;:{&quot;unit&quot;:&quot;deg&quot;,&quot;size&quot;:&quot;&quot;,&quot;sizes&quot;:[]},&quot;_transform_perspective_effect_tablet&quot;:{&quot;unit&quot;:&quot;px&quot;,&quot;size&quot;:&quot;&quot;,&quot;sizes&quot;:[]},&quot;_transform_perspective_effect_mobile&quot;:{&quot;unit&quot;:&quot;px&quot;,&quot;size&quot;:&quot;&quot;,&quot;sizes&quot;:[]}}\" data-widget_type=\"image.default\">\n\t\t\t\t<div class=\"elementor-widget-container\">\n\t\t\t\t\t\t\t\t\t\t\t\t\t\t\t<img loading=\"lazy\" decoding=\"async\" width=\"800\" height=\"800\" src=\"https:\/\/www.omni-biotic.com\/sk-sk\/wp-content\/uploads\/sites\/9\/2023\/07\/probiotika-syndrom-drazdiveho-creva.jpg\" class=\"attachment-large size-large wp-image-17721\" alt=\"\" srcset=\"https:\/\/www.omni-biotic.com\/sk-sk\/wp-content\/uploads\/sites\/9\/2023\/07\/probiotika-syndrom-drazdiveho-creva.jpg 800w, https:\/\/www.omni-biotic.com\/sk-sk\/wp-content\/uploads\/sites\/9\/2023\/07\/probiotika-syndrom-drazdiveho-creva-300x300.jpg 300w, https:\/\/www.omni-biotic.com\/sk-sk\/wp-content\/uploads\/sites\/9\/2023\/07\/probiotika-syndrom-drazdiveho-creva-150x150.jpg 150w, https:\/\/www.omni-biotic.com\/sk-sk\/wp-content\/uploads\/sites\/9\/2023\/07\/probiotika-syndrom-drazdiveho-creva-768x768.jpg 768w\" sizes=\"(max-width: 800px) 100vw, 800px\" title=\"\">\t\t\t\t\t\t\t\t\t\t\t\t\t\t\t<\/div>\n\t\t\t\t<\/div>\n\t\t\t\t<\/div>\n\t\t\t\t\t<\/div>\n\t\t\t\t<\/div>\n\t\t<div class=\"elementor-element elementor-element-c87d91c obcs none e-flex e-con-boxed e-con e-parent\" data-id=\"c87d91c\" data-element_type=\"container\">\n\t\t\t\t\t<div class=\"e-con-inner\">\n\t\t\t\t<div class=\"elementor-element elementor-element-85a2fb4 elementor-widget elementor-widget-text-editor\" data-id=\"85a2fb4\" data-element_type=\"widget\" data-widget_type=\"text-editor.default\">\n\t\t\t\t<div class=\"elementor-widget-container\">\n\t\t\t\t\t\t\t\t\t<p><strong>Pravideln\u00e9 u\u017e\u00edvanie probiot\u00edk<\/strong> pom\u00e1ha posil\u0148ova\u0165 \u010drevn\u00fa sliznicu a jej bari\u00e9rov\u00fa funkciu a <strong>predch\u00e1dza\u0165<\/strong> alebo <strong>zastavi\u0165 z\u00e1palov\u00e9 procesy<\/strong>.<\/p><p><span style=\"text-align: var(--text-align);background-color: inherit\">Pod\u013ea vedca Christopha H\u00f6genauera je tento pr\u00edstup presne v s\u00falade so zisteniami predch\u00e1dzaj\u00facich \u0161t\u00fadi\u00ed. Odborn\u00edk: &#8222;Ned\u00e1vno publikovan\u00e1 metaanal\u00fdza 35 relevantn\u00fdch \u0161t\u00fadi\u00ed ukazuje, \u017ee nie v\u0161etky probiotik\u00e1 s\u00fa rovnako \u00fa\u010dinn\u00e9 &#8211; ale v z\u00e1vislosti od sympt\u00f3mu a \u0165a\u017ekost\u00ed maj\u00fa celkovo<strong> mimoriadne pozit\u00edvny \u00fa\u010dinok<\/strong>. Zd\u00e1 sa, \u017ee vo v\u00e4\u010d\u0161ine \u0161t\u00fadi\u00ed funguj\u00fa <strong>probiotik\u00e1<\/strong> s viacer\u00fdmi druhmi na zmiernenie ob\u0165a\u017euj\u00facich pr\u00edznakov lep\u0161ie ako probiotik\u00e1 s jedn\u00fdm druhom.&#8220; Zo s\u00fahrnu v\u0161etk\u00fdch \u0161t\u00fadi\u00ed napr\u00edklad vypl\u00fdva <strong>zlep\u0161enie typick\u00fdch pr\u00edznakov<\/strong> u 21 percent postihnut\u00fdch, 25 percent malo men\u0161ie bolesti brucha, plynatos\u0165; frekvencia ob\u00e1van\u00e9ho nutkania na stolicu sa dok\u00e1zala v\u00fdrazne zn\u00ed\u017ei\u0165.<\/span><\/p><p>Nov\u00e1 pr\u00e1ca z Lek\u00e1rskej univerzity v Grazi sa zamerala<strong> na \u00fa\u010dinok probiot\u00edk pri syndr\u00f3me dr\u00e1\u017ediv\u00e9ho \u010dreva<\/strong>. Zamerala sa na imunitn\u00fd syst\u00e9m \u010drevnej sliznice (naz\u00fdvan\u00fd aj slizni\u010dn\u00fd imunitn\u00fd syst\u00e9m) a na to, ako protiz\u00e1palov\u00e9 bakteri\u00e1lne kmene podporuj\u00fa \u010drevo pri regul\u00e1cii por\u00fach s\u00favisiacich so stresom. V\u00fdsledok: <strong>Pravideln\u00e9 u\u017e\u00edvanie<\/strong> tohto synbiotika <strong>pom\u00e1ha posil\u0148ova\u0165 \u010drevn\u00fa sliznicu<\/strong> a jej bari\u00e9rov\u00fa funkciu, ako aj <strong>predch\u00e1dza\u0165 z\u00e1palov\u00fdm procesom<\/strong> alebo ich zastavi\u0165. Posol \u0161\u0165astia <strong>seroton\u00edn<\/strong> a sp\u00e1nkov\u00fd horm\u00f3n <strong>melaton\u00edn<\/strong> sa m\u00f4\u017eu op\u00e4\u0165 dostato\u010dne produkova\u0165, <strong>\u010drevo sa upokoj\u00ed<\/strong>. Nemeck\u00e1 spolo\u010dnos\u0165 pre gastroenterol\u00f3giu, tr\u00e1viace a metabolick\u00e9 ochorenia (DGVS) medzit\u00fdm vo svojich usmerneniach odpor\u00fa\u010da aj <strong>u\u017e\u00edvanie probiot\u00edk pri syndr\u00f3me dr\u00e1\u017ediv\u00e9ho \u010dreva<\/strong>, pri\u010dom v\u00fdber bakteri\u00e1lneho kme\u0148a by mal z\u00e1visie\u0165 od pr\u00edznakov. DGVS tie\u017e odpor\u00fa\u010da probiotik\u00e1 pri bolestiach, hna\u010dke, z\u00e1pche a plynatosti pri syndr\u00f3me dr\u00e1\u017ediv\u00e9ho \u010dreva.<\/p>\t\t\t\t\t\t\t\t<\/div>\n\t\t\t\t<\/div>\n\t\t\t\t<div class=\"elementor-element elementor-element-b262d51 elementor-widget elementor-widget-heading\" data-id=\"b262d51\" data-element_type=\"widget\" data-widget_type=\"heading.default\">\n\t\t\t\t<div class=\"elementor-widget-container\">\n\t\t\t\t\t<h2 class=\"elementor-heading-title elementor-size-default\">Pod\u013ea \u010doho sa poznaj\u00fa najlep\u0161ie probiotik\u00e1?\n<\/h2>\t\t\t\t<\/div>\n\t\t\t\t<\/div>\n\t\t\t\t<div class=\"elementor-element elementor-element-c4816d8 elementor-widget elementor-widget-text-editor\" data-id=\"c4816d8\" data-element_type=\"widget\" data-widget_type=\"text-editor.default\">\n\t\t\t\t<div class=\"elementor-widget-container\">\n\t\t\t\t\t\t\t\t\t<p>Na trhu je to\u013eko probiot\u00edk, \u017ee vyzna\u0165 sa v tom, ktor\u00e9 je vlastne <a href=\"https:\/\/www.omni-biotic.com\/sk-sk\/blog\/podla-coho-sa-poznaju-najlepsie-probiotika\/\"><strong>najlep\u0161ie a \u00fa\u010dinn\u00e9<\/strong><\/a>, m\u00f4\u017ee by\u0165 \u0165a\u017ek\u00e9. <strong>Ako si vybra\u0165<\/strong> s pomedzi to\u013ek\u00e9ho mno\u017estva <strong>probiot\u00edk<\/strong> tie <strong>najlep\u0161ie<\/strong>? Zamerajte sa na nieko\u013eko najd\u00f4le\u017eitej\u0161\u00edch faktorov. Od spr\u00e1vnej kombin\u00e1cie kme\u0148ov a\u017e po optim\u00e1lny po\u010det bakt\u00e9ri\u00ed (vyjadren\u00fd v CFU &#8211; Colony Forming Units).<\/p>\t\t\t\t\t\t\t\t<\/div>\n\t\t\t\t<\/div>\n\t\t\t\t<div class=\"elementor-element elementor-element-a6fb29d elementor-align-left elementor-widget__width-inherit elementor-widget elementor-widget-button\" data-id=\"a6fb29d\" data-element_type=\"widget\" data-widget_type=\"button.default\">\n\t\t\t\t<div class=\"elementor-widget-container\">\n\t\t\t\t\t\t\t\t\t<div class=\"elementor-button-wrapper\">\n\t\t\t\t\t<a class=\"elementor-button elementor-button-link elementor-size-lg\" href=\"https:\/\/www.omni-biotic.com\/sk-sk\/drazdive-crevo\/\">\n\t\t\t\t\t\t<span class=\"elementor-button-content-wrapper\">\n\t\t\t\t\t\t\t\t\t<span class=\"elementor-button-text\">Ako si vybra\u0165 tie  najlep\u0161ie probiotik\u00e1? <\/span>\n\t\t\t\t\t<\/span>\n\t\t\t\t\t<\/a>\n\t\t\t\t<\/div>\n\t\t\t\t\t\t\t\t<\/div>\n\t\t\t\t<\/div>\n\t\t\t\t<div class=\"elementor-element elementor-element-df4384a elementor-widget-divider--view-line elementor-widget elementor-widget-divider\" data-id=\"df4384a\" data-element_type=\"widget\" data-widget_type=\"divider.default\">\n\t\t\t\t<div class=\"elementor-widget-container\">\n\t\t\t\t\t\t\t<div class=\"elementor-divider\">\n\t\t\t<span class=\"elementor-divider-separator\">\n\t\t\t\t\t\t<\/span>\n\t\t<\/div>\n\t\t\t\t\t\t<\/div>\n\t\t\t\t<\/div>\n\t\t\t\t\t<\/div>\n\t\t\t\t<\/div>\n\t\t<div class=\"elementor-element elementor-element-29e6ef0 obcs magenta elementor-hidden-tablet elementor-hidden-mobile e-flex e-con-boxed e-con e-parent\" data-id=\"29e6ef0\" data-element_type=\"container\" data-settings=\"{&quot;background_background&quot;:&quot;classic&quot;}\">\n\t\t\t\t\t<div class=\"e-con-inner\">\n\t\t<div class=\"elementor-element elementor-element-162f98b e-con-full obcs none e-flex e-con e-child\" data-id=\"162f98b\" data-element_type=\"container\" data-settings=\"{&quot;background_background&quot;:&quot;classic&quot;}\">\n\t\t\t\t<div class=\"elementor-element elementor-element-1646185 elementor-widget__width-initial elementor-widget-tablet__width-initial elementor-widget elementor-widget-image\" data-id=\"1646185\" data-element_type=\"widget\" data-widget_type=\"image.default\">\n\t\t\t\t<div class=\"elementor-widget-container\">\n\t\t\t\t\t\t\t\t\t\t\t\t\t\t\t<img loading=\"lazy\" decoding=\"async\" width=\"387\" height=\"420\" src=\"https:\/\/www.omni-biotic.com\/sk-sk\/wp-content\/uploads\/sites\/9\/2023\/09\/OB-10-s-poharom-1.png\" class=\"attachment-medium_large size-medium_large wp-image-20629\" alt=\"\" srcset=\"https:\/\/www.omni-biotic.com\/sk-sk\/wp-content\/uploads\/sites\/9\/2023\/09\/OB-10-s-poharom-1.png 387w, https:\/\/www.omni-biotic.com\/sk-sk\/wp-content\/uploads\/sites\/9\/2023\/09\/OB-10-s-poharom-1-276x300.png 276w\" sizes=\"(max-width: 387px) 100vw, 387px\" title=\"\">\t\t\t\t\t\t\t\t\t\t\t\t\t\t\t<\/div>\n\t\t\t\t<\/div>\n\t\t<div class=\"elementor-element elementor-element-316fa46 obcs none e-flex e-con-boxed e-con e-child\" data-id=\"316fa46\" data-element_type=\"container\">\n\t\t\t\t\t<div class=\"e-con-inner\">\n\t\t\t\t<div class=\"elementor-element elementor-element-df8b65f elementor-widget__width-inherit elementor-widget elementor-widget-heading\" data-id=\"df8b65f\" data-element_type=\"widget\" data-widget_type=\"heading.default\">\n\t\t\t\t<div class=\"elementor-widget-container\">\n\t\t\t\t\t<h2 class=\"elementor-heading-title elementor-size-default\">Probiotik\u00e1 proti pr\u00edznakom a pr\u00ed\u010din\u00e1m<\/h2>\t\t\t\t<\/div>\n\t\t\t\t<\/div>\n\t\t\t\t<div class=\"elementor-element elementor-element-778e013 elementor-widget elementor-widget-text-editor\" data-id=\"778e013\" data-element_type=\"widget\" data-widget_type=\"text-editor.default\">\n\t\t\t\t<div class=\"elementor-widget-container\">\n\t\t\t\t\t\t\t\t\t<p>Vykonan\u00e1\u00a0<strong>\u0161t\u00fadia<\/strong>\u00a0z roku 2018 s n\u00e1zvom:\u00a0<strong>&#8222;\u00da\u010dinky peror\u00e1lneho synbiotika <\/strong>na gastrointestin\u00e1lny imunitn\u00fd syst\u00e9m a mikrofl\u00f3ru <strong>u pacientov so syndr\u00f3mom dr\u00e1\u017ediv\u00e9ho \u010dreva s prevahou hna\u010dky.&#8220;<\/strong>\u00a0dokazuje, \u017ee u\u017e\u00edvanie\u00a0<a href=\"https:\/\/shop.omni-biotic.com\/sk-sk\/products\/omni-biotic-10-aad-int-99103\"><strong>\u0161peci\u00e1lne vybran\u00fdch synbiot\u00edk<\/strong><\/a> m\u00f4\u017ee okrem in\u00e9ho v\u00fdrazne zmierni\u0165 nepr\u00edjemn\u00e9 pr\u00edznaky ako je hna\u010dka a zlep\u0161i\u0165 tak kvalitu \u017eivota pacientov trpiacich syndr\u00f3mom dr\u00e1\u017ediv\u00e9ho \u010dreva. Tieto probiotik\u00e1 pom\u00e1haj\u00fa odstr\u00e1ni\u0165 nie len <strong>pr\u00edznaky<\/strong>, ale <strong>aj pr\u00ed\u010diny<\/strong> <strong>syndr\u00f3mu d\u00e1\u017ediv\u00e9ho \u010dreva<\/strong>.<\/p><p><a href=\"http:\/\/OMNi-BiOTiC\u00ae 10 AAD dok\u00e1\u017ee regulova\u0165 bakteri\u00e1lnu dysbalanciu v \u010drev\u00e1ch a obnovi\u0165 \u010drevn\u00fa fl\u00f3ru. Toto probiotikum obsahuje desa\u0165 \u0161peci\u00e1lne vybran\u00fdch, vedecky testovan\u00fdch bakteri\u00e1lnych kme\u0148ov, ktor\u00e9: - os\u00edd\u013euj\u00fa \u010drevo zhora nadol - zabra\u0148uj\u00fa rozmno\u017eovaniu bakt\u00e9ri\u00ed, ako je Clostridium difficile - zni\u017euj\u00fa uvo\u013e\u0148ovanie tox\u00ednov bakt\u00e9ri\u00ed Clostridium difficile - trvalo sa usadzuj\u00fa v \u010drev\u00e1ch dokonca aj po\u010das lie\u010dby antibiotikami\" data-wplink-url-error=\"true\"><strong>OMNi-BiOTiC\u00ae 10 AAD<\/strong>\u00a0<\/a>dok\u00e1\u017ee regulova\u0165 bakteri\u00e1lnu dysbalanciu v \u010drev\u00e1ch a\u00a0<strong>obnovi\u0165 \u010drevn\u00fa fl\u00f3ru<\/strong>. Toto\u00a0<strong>probiotikum<\/strong>\u00a0obsahuje desa\u0165 \u0161peci\u00e1lne vybran\u00fdch, vedecky testovan\u00fdch bakteri\u00e1lnych kme\u0148ov, ktor\u00e9:<\/p><ul><li>os\u00edd\u013euj\u00fa \u010drevo zhora nadol<\/li><li>zabra\u0148uj\u00fa rozmno\u017eovaniu bakt\u00e9ri\u00ed, ako je <strong><a href=\"https:\/\/www.omni-biotic.com\/sk-sk\/blog\/clostridium-difficile-klostridie\/\">Clostridium difficile<\/a><\/strong><\/li><li>zni\u017euj\u00fa uvo\u013e\u0148ovanie tox\u00ednov bakt\u00e9ri\u00ed <strong><a href=\"http:\/\/Clostridium difficile\" data-wplink-url-error=\"true\">Clostridium difficile<\/a><\/strong><\/li><li>trvalo sa usadzuj\u00fa v \u010drev\u00e1ch dokonca aj po\u010das lie\u010dby antibiotikami<\/li><\/ul>\t\t\t\t\t\t\t\t<\/div>\n\t\t\t\t<\/div>\n\t\t\t\t<div class=\"elementor-element elementor-element-96407a7 elementor-align-left elementor-widget__width-inherit elementor-widget elementor-widget-button\" data-id=\"96407a7\" data-element_type=\"widget\" data-widget_type=\"button.default\">\n\t\t\t\t<div class=\"elementor-widget-container\">\n\t\t\t\t\t\t\t\t\t<div class=\"elementor-button-wrapper\">\n\t\t\t\t\t<a class=\"elementor-button elementor-button-link elementor-size-lg\" href=\"https:\/\/shop.omni-biotic.com\/sk-sk\/products\/omni-biotic-10-aad-int-99103\">\n\t\t\t\t\t\t<span class=\"elementor-button-content-wrapper\">\n\t\t\t\t\t\t\t\t\t<span class=\"elementor-button-text\">K produktu<\/span>\n\t\t\t\t\t<\/span>\n\t\t\t\t\t<\/a>\n\t\t\t\t<\/div>\n\t\t\t\t\t\t\t\t<\/div>\n\t\t\t\t<\/div>\n\t\t\t\t\t<\/div>\n\t\t\t\t<\/div>\n\t\t\t\t<\/div>\n\t\t\t\t\t<\/div>\n\t\t\t\t<\/div>\n\t\t<div class=\"elementor-element elementor-element-ccef4fc obcs green e-flex e-con-boxed e-con e-parent\" data-id=\"ccef4fc\" data-element_type=\"container\">\n\t\t\t\t\t<div class=\"e-con-inner\">\n\t\t<div class=\"elementor-element elementor-element-9dd443d e-con-full obcs none e-flex e-con e-child\" data-id=\"9dd443d\" data-element_type=\"container\">\n\t\t\t\t<div class=\"elementor-element elementor-element-f236134 e-transform elementor-widget elementor-widget-image\" data-id=\"f236134\" data-element_type=\"widget\" data-settings=\"{&quot;_transform_rotateZ_effect&quot;:{&quot;unit&quot;:&quot;px&quot;,&quot;size&quot;:&quot;0&quot;,&quot;sizes&quot;:[]},&quot;_transform_rotate_3d&quot;:&quot;yes&quot;,&quot;_transform_rotateX_effect&quot;:{&quot;unit&quot;:&quot;px&quot;,&quot;size&quot;:&quot;0&quot;,&quot;sizes&quot;:[]},&quot;_transform_rotateY_effect&quot;:{&quot;unit&quot;:&quot;px&quot;,&quot;size&quot;:&quot;4&quot;,&quot;sizes&quot;:[]},&quot;_transform_perspective_effect&quot;:{&quot;unit&quot;:&quot;px&quot;,&quot;size&quot;:&quot;650&quot;,&quot;sizes&quot;:[]},&quot;_transform_rotateZ_effect_tablet&quot;:{&quot;unit&quot;:&quot;deg&quot;,&quot;size&quot;:&quot;&quot;,&quot;sizes&quot;:[]},&quot;_transform_rotateZ_effect_mobile&quot;:{&quot;unit&quot;:&quot;deg&quot;,&quot;size&quot;:&quot;&quot;,&quot;sizes&quot;:[]},&quot;_transform_rotateX_effect_tablet&quot;:{&quot;unit&quot;:&quot;deg&quot;,&quot;size&quot;:&quot;&quot;,&quot;sizes&quot;:[]},&quot;_transform_rotateX_effect_mobile&quot;:{&quot;unit&quot;:&quot;deg&quot;,&quot;size&quot;:&quot;&quot;,&quot;sizes&quot;:[]},&quot;_transform_rotateY_effect_tablet&quot;:{&quot;unit&quot;:&quot;deg&quot;,&quot;size&quot;:&quot;&quot;,&quot;sizes&quot;:[]},&quot;_transform_rotateY_effect_mobile&quot;:{&quot;unit&quot;:&quot;deg&quot;,&quot;size&quot;:&quot;&quot;,&quot;sizes&quot;:[]},&quot;_transform_perspective_effect_tablet&quot;:{&quot;unit&quot;:&quot;px&quot;,&quot;size&quot;:&quot;&quot;,&quot;sizes&quot;:[]},&quot;_transform_perspective_effect_mobile&quot;:{&quot;unit&quot;:&quot;px&quot;,&quot;size&quot;:&quot;&quot;,&quot;sizes&quot;:[]}}\" data-widget_type=\"image.default\">\n\t\t\t\t<div class=\"elementor-widget-container\">\n\t\t\t\t\t\t\t\t\t\t\t\t\t\t\t<img loading=\"lazy\" decoding=\"async\" width=\"800\" height=\"800\" src=\"https:\/\/www.omni-biotic.com\/sk-sk\/wp-content\/uploads\/sites\/9\/2023\/07\/liecba-drazdiveho-creva.jpg\" class=\"attachment-large size-large wp-image-17723\" alt=\"\" srcset=\"https:\/\/www.omni-biotic.com\/sk-sk\/wp-content\/uploads\/sites\/9\/2023\/07\/liecba-drazdiveho-creva.jpg 800w, https:\/\/www.omni-biotic.com\/sk-sk\/wp-content\/uploads\/sites\/9\/2023\/07\/liecba-drazdiveho-creva-300x300.jpg 300w, https:\/\/www.omni-biotic.com\/sk-sk\/wp-content\/uploads\/sites\/9\/2023\/07\/liecba-drazdiveho-creva-150x150.jpg 150w, https:\/\/www.omni-biotic.com\/sk-sk\/wp-content\/uploads\/sites\/9\/2023\/07\/liecba-drazdiveho-creva-768x768.jpg 768w\" sizes=\"(max-width: 800px) 100vw, 800px\" title=\"\">\t\t\t\t\t\t\t\t\t\t\t\t\t\t\t<\/div>\n\t\t\t\t<\/div>\n\t\t\t\t<\/div>\n\t\t<div class=\"elementor-element elementor-element-48dfe84 e-con-full obcs none e-flex e-con e-child\" data-id=\"48dfe84\" data-element_type=\"container\">\n\t\t\t\t<div class=\"elementor-element elementor-element-a4c0f83 elementor-widget elementor-widget-heading\" data-id=\"a4c0f83\" data-element_type=\"widget\" data-widget_type=\"heading.default\">\n\t\t\t\t<div class=\"elementor-widget-container\">\n\t\t\t\t\t<h2 class=\"elementor-heading-title elementor-size-default\">Tipy pri syndr\u00f3me dr\u00e1\u017ediv\u00e9ho \u010dreva<\/h2>\t\t\t\t<\/div>\n\t\t\t\t<\/div>\n\t\t\t\t<div class=\"elementor-element elementor-element-71637d3 elementor-widget elementor-widget-heading\" data-id=\"71637d3\" data-element_type=\"widget\" data-widget_type=\"heading.default\">\n\t\t\t\t<div class=\"elementor-widget-container\">\n\t\t\t\t\t<h3 class=\"elementor-heading-title elementor-size-default\">Tip 1<\/h3>\t\t\t\t<\/div>\n\t\t\t\t<\/div>\n\t\t\t\t<div class=\"elementor-element elementor-element-1d7a779 elementor-widget elementor-widget-text-editor\" data-id=\"1d7a779\" data-element_type=\"widget\" data-widget_type=\"text-editor.default\">\n\t\t\t\t<div class=\"elementor-widget-container\">\n\t\t\t\t\t\t\t\t\t<p><strong>Napl\u00e1nujte si \u010das na oddych!<\/strong> Ak ste uvo\u013enen\u00ed vy, s\u00fa uvo\u013enen\u00e9 aj va\u0161e \u010drev\u00e1! Stres zvy\u0161uje pr\u00edznaky syndr\u00f3mu dr\u00e1\u017ediv\u00e9ho \u010dreva. Dostato\u010dn\u00e1 relax\u00e1cia a pravideln\u00e9 cvi\u010denie priv\u00e1dzaj\u00fa \u010drev\u00e1 sp\u00e4\u0165 do rovnov\u00e1hy. U\u017eito\u010dn\u00e9 je saunovanie, cvi\u010denie na \u010derstvom vzduchu a vodn\u00e9 proced\u00fary. Tr\u00e9ning relaxa\u010dn\u00fdch met\u00f3d (napr. autog\u00e9nny tr\u00e9ning, joga) pom\u00e1ha kontrolova\u0165 pr\u00edznaky stresu, nervozity a \u00fazkosti. Pacienti so z\u00e1va\u017en\u00fdmi psychick\u00fdmi probl\u00e9mami a depresiami by sa mali poradi\u0165 so psychoterapeutom.<\/p>\t\t\t\t\t\t\t\t<\/div>\n\t\t\t\t<\/div>\n\t\t\t\t<div class=\"elementor-element elementor-element-ce4c994 elementor-widget elementor-widget-heading\" data-id=\"ce4c994\" data-element_type=\"widget\" data-widget_type=\"heading.default\">\n\t\t\t\t<div class=\"elementor-widget-container\">\n\t\t\t\t\t<h3 class=\"elementor-heading-title elementor-size-default\">Tip 2<\/h3>\t\t\t\t<\/div>\n\t\t\t\t<\/div>\n\t\t\t\t<div class=\"elementor-element elementor-element-9fcf369 elementor-widget elementor-widget-text-editor\" data-id=\"9fcf369\" data-element_type=\"widget\" data-widget_type=\"text-editor.default\">\n\t\t\t\t<div class=\"elementor-widget-container\">\n\t\t\t\t\t\t\t\t\t<p><strong>Zo stravy vyl\u00fa\u010dte plynotvorn\u00e9, \u0165a\u017eko str\u00e1vite\u013en\u00e9 potraviny!<\/strong>\u00a0Na to je potrebn\u00e9 vies\u0165 si potravinov\u00fd denn\u00edk a zisti\u0165 potraviny, n\u00e1poje a situ\u00e1cie, ktor\u00e9 ovplyv\u0148uj\u00fa pr\u00edznaky a sp\u00f4sobuj\u00fa \u0165a\u017ekosti. Prevencia je lep\u0161ia ako lie\u010dba. Mali by ste sa vyh\u00fdba\u0165 sp\u00fa\u0161\u0165a\u010dom syndr\u00f3mu dr\u00e1\u017ediv\u00e9ho \u010dreva! Ak sa pod\u00e1va vl\u00e1knina, ktor\u00e1 stimuluje \u010drevn\u00fa motilitu, mala by sa u\u017e\u00edva\u0165 vl\u00e1knina rozpustn\u00e1 vo vode. Rad\u0161ej ve\u013ea mal\u00fdch porci\u00ed ako nieko\u013eko ve\u013ek\u00fdch! Jedzte pomaly a dobre \u017eujte! Dostato\u010dne pite (napr. nes\u00fdten\u00fa miner\u00e1lnu vodu)! Vyh\u00fdbajte sa mastn\u00fdm a nezdrav\u00fdm jedl\u00e1m, ako aj ve\u013emi studen\u00fdm a ve\u013emi hor\u00facim n\u00e1pojom! S\u00fdten\u00e9 n\u00e1poje a niektor\u00e9 ovocie tie\u017e \u010dasto m\u00f4\u017eu sp\u00f4sobi\u0165 nepr\u00edjemn\u00e9 pocity.<\/p><p>Essen Sie regelm\u00e4\u00dfig und immer zu festen Zeiten!<\/p>\t\t\t\t\t\t\t\t<\/div>\n\t\t\t\t<\/div>\n\t\t\t\t<div class=\"elementor-element elementor-element-c8aa3b3 elementor-widget elementor-widget-heading\" data-id=\"c8aa3b3\" data-element_type=\"widget\" data-widget_type=\"heading.default\">\n\t\t\t\t<div class=\"elementor-widget-container\">\n\t\t\t\t\t<h3 class=\"elementor-heading-title elementor-size-default\">Tip 3<\/h3>\t\t\t\t<\/div>\n\t\t\t\t<\/div>\n\t\t\t\t<div class=\"elementor-element elementor-element-647ca66 elementor-widget elementor-widget-text-editor\" data-id=\"647ca66\" data-element_type=\"widget\" data-widget_type=\"text-editor.default\">\n\t\t\t\t<div class=\"elementor-widget-container\">\n\t\t\t\t\t\t\t\t\t<p>Ak je to mo\u017en\u00e9, mali by ste <strong>presta\u0165 faj\u010di\u0165<\/strong> a <strong>alkohol<\/strong> by ste mali konzumova\u0165 <strong>len s mierou<\/strong>!<\/p>\t\t\t\t\t\t\t\t<\/div>\n\t\t\t\t<\/div>\n\t\t\t\t<div class=\"elementor-element elementor-element-b8e82a2 elementor-widget elementor-widget-heading\" data-id=\"b8e82a2\" data-element_type=\"widget\" data-widget_type=\"heading.default\">\n\t\t\t\t<div class=\"elementor-widget-container\">\n\t\t\t\t\t<h3 class=\"elementor-heading-title elementor-size-default\">Tip 4<\/h3>\t\t\t\t<\/div>\n\t\t\t\t<\/div>\n\t\t\t\t<div class=\"elementor-element elementor-element-8a0c8ca elementor-widget elementor-widget-text-editor\" data-id=\"8a0c8ca\" data-element_type=\"widget\" data-widget_type=\"text-editor.default\">\n\t\t\t\t<div class=\"elementor-widget-container\">\n\t\t\t\t\t\t\t\t\t<p><strong>U\u017e\u00edvajte viacdruhov\u00e9 vysokokvalitn\u00e9 probiotik\u00e1!<\/strong> Na prevenciu a podporn\u00fa lie\u010dbu pri syndr\u00f3me dr\u00e1\u017ediv\u00e9ho \u010dreva je ide\u00e1lne (aj dlhodob\u00e9) u\u017e\u00edvanie probiotick\u00fdch, \u0161peci\u00e1lne vyvinut\u00fdch viacdruhov\u00fdch synbiot\u00edk, ktor\u00e9 chr\u00e1nia \u010drevn\u00fa sliznicu a vyrovn\u00e1vaj\u00fa tr\u00e1viacu funkciu.<\/p>\t\t\t\t\t\t\t\t<\/div>\n\t\t\t\t<\/div>\n\t\t\t\t<\/div>\n\t\t\t\t\t<\/div>\n\t\t\t\t<\/div>\n\t\t<div class=\"elementor-element elementor-element-ee6a720 obcs none e-flex e-con-boxed e-con e-parent\" data-id=\"ee6a720\" data-element_type=\"container\">\n\t\t\t\t\t<div class=\"e-con-inner\">\n\t\t\t\t<div class=\"elementor-element elementor-element-f1cbfef elementor-widget__width-inherit elementor-widget elementor-widget-heading\" data-id=\"f1cbfef\" data-element_type=\"widget\" data-widget_type=\"heading.default\">\n\t\t\t\t<div class=\"elementor-widget-container\">\n\t\t\t\t\t<h2 class=\"elementor-heading-title elementor-size-default\">S\u0165a\u017enosti a poradenstvo<\/h2>\t\t\t\t<\/div>\n\t\t\t\t<\/div>\n\t\t\t\t<div class=\"elementor-element elementor-element-3f5e7a4 elementor-widget elementor-widget-li-widgets--posts-gallery\" data-id=\"3f5e7a4\" data-element_type=\"widget\" data-widget_type=\"li-widgets--posts-gallery.default\">\n\t\t\t\t<div class=\"elementor-widget-container\">\n\t\t\t\t\t    \n<div class=\"li-widgets--posts-gallery__pagination\" data-post-id=\"161\">\n\n    <div class=\"li-widgets--posts-gallery__pagination-results\">\n        1-6 z 101 v\u00fdsledkov    <\/div>\n    <div class=\"li-widgets--posts-gallery__pagination-pages\">\n        Strana 1 z 17    <\/div>\n    <div class=\"li-widgets--posts-gallery__pagination-url\">\n                            <a href=\"#\" data-href=\"https:\/\/www.omni-biotic.com\/sk-sk\/wp-json\/wp\/v2\/pages\/161\/?search&category=80&cur=1\">1<\/a>\n                    <a href=\"#\" data-href=\"https:\/\/www.omni-biotic.com\/sk-sk\/wp-json\/wp\/v2\/pages\/161\/?search&category=80&cur=2\">2<\/a>\n                    <a href=\"#\" data-href=\"https:\/\/www.omni-biotic.com\/sk-sk\/wp-json\/wp\/v2\/pages\/161\/?search&category=80&cur=3\">3<\/a>\n                            <a href=\"#\" data-href=\"https:\/\/www.omni-biotic.com\/sk-sk\/wp-json\/wp\/v2\/pages\/161\/?search&category=80&cur=17\">\u00bb<\/a>\n            <\/div>\n<\/div>\n<div class=\"li-widgets--posts-gallery blog\">\n                    <a href=\"https:\/\/www.omni-biotic.com\/sk-sk\/blog\/rezistencia-na-antibiotika-problem-ktory-ohrozuje-verejne-zdravie\/\"\n           class=\"li-widgets--posts-gallery__post\">\n            <div class=\"post--image__container\">\n                <div class=\"post--image\">\n                    <img loading=\"lazy\" decoding=\"async\" width=\"768\" height=\"681\" src=\"https:\/\/www.omni-biotic.com\/sk-sk\/wp-content\/uploads\/sites\/9\/2025\/02\/rezistencia-na-antibiotika-768x681.png\" class=\"attachment-medium_large size-medium_large wp-post-image\" alt=\"\" srcset=\"https:\/\/www.omni-biotic.com\/sk-sk\/wp-content\/uploads\/sites\/9\/2025\/02\/rezistencia-na-antibiotika-768x681.png 768w, https:\/\/www.omni-biotic.com\/sk-sk\/wp-content\/uploads\/sites\/9\/2025\/02\/rezistencia-na-antibiotika-300x266.png 300w, https:\/\/www.omni-biotic.com\/sk-sk\/wp-content\/uploads\/sites\/9\/2025\/02\/rezistencia-na-antibiotika-1024x908.png 1024w, https:\/\/www.omni-biotic.com\/sk-sk\/wp-content\/uploads\/sites\/9\/2025\/02\/rezistencia-na-antibiotika.png 1067w\" sizes=\"(max-width: 768px) 100vw, 768px\" title=\"\">                <\/div>\n            <\/div>\n            <div class=\"post--teaser\">\n                <div class=\"title\">Rezistencia na antibiotik\u00e1: probl\u00e9m, ktor\u00fd ohrozuje verejn\u00e9 zdravie<\/div>\n                <div class=\"description\">\n                    Rezistencia na antibiotik\u00e1 je d\u00f4sledkom nespr\u00e1vneho a \u010dast\u00e9ho u\u017e\u00edvania antibiot\u00edk. Nast\u00e1va vtedy, ke\u010f bakt\u00e9rie pre\u017eij\u00fa\u2026                    <br>\n                    <span class=\"read-more\">\n                            \u010c\u00edta\u0165 viac                        <\/span>\n                <\/div>\n                <div class=\"metadata\"><b>Aktualizovan\u00e9:<\/b> 21. apr\u00edla 2026 \u2022 <b>Kateg\u00f3rie:<\/b> S\u0165a\u017enosti a poradenstvo \u2022 <b>Autor:<\/b> Alexandra Kormo\u0161ov\u00e1<\/div>\n            <\/div>\n        <\/a>\n                <a href=\"https:\/\/www.omni-biotic.com\/sk-sk\/blog\/vaginalna-suchost\/\"\n           class=\"li-widgets--posts-gallery__post\">\n            <div class=\"post--image__container\">\n                <div class=\"post--image\">\n                    <img loading=\"lazy\" decoding=\"async\" width=\"768\" height=\"509\" src=\"https:\/\/www.omni-biotic.com\/sk-sk\/wp-content\/uploads\/sites\/9\/2023\/06\/vaginalna-suchost.jpg\" class=\"attachment-medium_large size-medium_large wp-post-image\" alt=\"\" srcset=\"https:\/\/www.omni-biotic.com\/sk-sk\/wp-content\/uploads\/sites\/9\/2023\/06\/vaginalna-suchost.jpg 768w, https:\/\/www.omni-biotic.com\/sk-sk\/wp-content\/uploads\/sites\/9\/2023\/06\/vaginalna-suchost-300x199.jpg 300w\" sizes=\"(max-width: 768px) 100vw, 768px\" title=\"\">                <\/div>\n            <\/div>\n            <div class=\"post--teaser\">\n                <div class=\"title\">Vagin\u00e1lna suchos\u0165<\/div>\n                <div class=\"description\">\n                    V po\u0161ve sa ka\u017ed\u00fd de\u0148 vytv\u00e1ra tekutina, ktor\u00e1 sa naz\u00fdva &#8222;vagin\u00e1lny v\u00fdtok&#8220;. Zdrav\u00fd v\u00fdtok by\u2026                    <br>\n                    <span class=\"read-more\">\n                            \u010c\u00edta\u0165 viac                        <\/span>\n                <\/div>\n                <div class=\"metadata\"><b>Aktualizovan\u00e9:<\/b> 21. apr\u00edla 2026 \u2022 <b>Kateg\u00f3rie:<\/b> S\u0165a\u017enosti a poradenstvo, Zdravie \u017eeny \u2022 <b>Autor:<\/b> Florentina Sgarz, BA<\/div>\n            <\/div>\n        <\/a>\n                <a href=\"https:\/\/www.omni-biotic.com\/sk-sk\/blog\/co-je-dobre-na-pankreas\/\"\n           class=\"li-widgets--posts-gallery__post\">\n            <div class=\"post--image__container\">\n                <div class=\"post--image\">\n                    <img loading=\"lazy\" decoding=\"async\" width=\"768\" height=\"512\" src=\"https:\/\/www.omni-biotic.com\/sk-sk\/wp-content\/uploads\/sites\/9\/2025\/08\/podrazdeny-pankreas-priznaky-768x512.png\" class=\"attachment-medium_large size-medium_large wp-post-image\" alt=\"\" srcset=\"https:\/\/www.omni-biotic.com\/sk-sk\/wp-content\/uploads\/sites\/9\/2025\/08\/podrazdeny-pankreas-priznaky-768x512.png 768w, https:\/\/www.omni-biotic.com\/sk-sk\/wp-content\/uploads\/sites\/9\/2025\/08\/podrazdeny-pankreas-priznaky-300x200.png 300w, https:\/\/www.omni-biotic.com\/sk-sk\/wp-content\/uploads\/sites\/9\/2025\/08\/podrazdeny-pankreas-priznaky-1024x683.png 1024w, https:\/\/www.omni-biotic.com\/sk-sk\/wp-content\/uploads\/sites\/9\/2025\/08\/podrazdeny-pankreas-priznaky.png 1536w\" sizes=\"(max-width: 768px) 100vw, 768px\" title=\"\">                <\/div>\n            <\/div>\n            <div class=\"post--teaser\">\n                <div class=\"title\">\u010co je dobr\u00e9 na pankreas?<\/div>\n                <div class=\"description\">\n                    Zdrav\u00fd pankreas je k\u013e\u00fa\u010dom k celkov\u00e9mu zdraviu \u2013 no mnoh\u00ed \u013eudia nevedia kde sa nach\u00e1dza\u2026                    <br>\n                    <span class=\"read-more\">\n                            \u010c\u00edta\u0165 viac                        <\/span>\n                <\/div>\n                <div class=\"metadata\"><b>Aktualizovan\u00e9:<\/b> 21. apr\u00edla 2026 \u2022 <b>Kateg\u00f3rie:<\/b> S\u0165a\u017enosti a poradenstvo \u2022 <b>Autor:<\/b> Alexandra Kormo\u0161ov\u00e1<\/div>\n            <\/div>\n        <\/a>\n                <a href=\"https:\/\/www.omni-biotic.com\/sk-sk\/blog\/endometrioza\/\"\n           class=\"li-widgets--posts-gallery__post\">\n            <div class=\"post--image__container\">\n                <div class=\"post--image\">\n                    <img loading=\"lazy\" decoding=\"async\" width=\"700\" height=\"500\" src=\"https:\/\/www.omni-biotic.com\/sk-sk\/wp-content\/uploads\/sites\/9\/2023\/05\/endometrioza-ako-sa-jej-zbavit-2.jpg\" class=\"attachment-medium_large size-medium_large wp-post-image\" alt=\"\" srcset=\"https:\/\/www.omni-biotic.com\/sk-sk\/wp-content\/uploads\/sites\/9\/2023\/05\/endometrioza-ako-sa-jej-zbavit-2.jpg 700w, https:\/\/www.omni-biotic.com\/sk-sk\/wp-content\/uploads\/sites\/9\/2023\/05\/endometrioza-ako-sa-jej-zbavit-2-300x214.jpg 300w\" sizes=\"(max-width: 700px) 100vw, 700px\" title=\"\">                <\/div>\n            <\/div>\n            <div class=\"post--teaser\">\n                <div class=\"title\">Endometri\u00f3za<\/div>\n                <div class=\"description\">\n                    Neznesite\u013en\u00e9 bolesti pri men\u0161tru\u00e1cii, \u017eal\u00fado\u010dn\u00e9 a \u010drevn\u00e9 probl\u00e9my , naf\u00faknut\u00e9 brucho a mo\u017eno aj nenaplnen\u00e1\u2026                    <br>\n                    <span class=\"read-more\">\n                            \u010c\u00edta\u0165 viac                        <\/span>\n                <\/div>\n                <div class=\"metadata\"><b>Aktualizovan\u00e9:<\/b> 6. marca 2026 \u2022 <b>Kateg\u00f3rie:<\/b> S\u0165a\u017enosti a poradenstvo, Zdravie \u017eeny \u2022 <b>Autor:<\/b> Dr. Stephanie Kolleritsch<\/div>\n            <\/div>\n        <\/a>\n                <a href=\"https:\/\/www.omni-biotic.com\/sk-sk\/blog\/post-a-zdravie-odborny-rozhovor-s-dr-andreasom-michalsenom\/\"\n           class=\"li-widgets--posts-gallery__post\">\n            <div class=\"post--image__container\">\n                <div class=\"post--image\">\n                    <img loading=\"lazy\" decoding=\"async\" width=\"768\" height=\"512\" src=\"https:\/\/www.omni-biotic.com\/sk-sk\/wp-content\/uploads\/sites\/9\/2023\/06\/shutterstock-1714850479-768x512.png\" class=\"attachment-medium_large size-medium_large wp-post-image\" alt=\"Fasten &amp; Darm\" srcset=\"https:\/\/www.omni-biotic.com\/sk-sk\/wp-content\/uploads\/sites\/9\/2023\/06\/shutterstock-1714850479-768x512.png 768w, https:\/\/www.omni-biotic.com\/sk-sk\/wp-content\/uploads\/sites\/9\/2023\/06\/shutterstock-1714850479-300x200.png 300w, https:\/\/www.omni-biotic.com\/sk-sk\/wp-content\/uploads\/sites\/9\/2023\/06\/shutterstock-1714850479-1024x683.png 1024w, https:\/\/www.omni-biotic.com\/sk-sk\/wp-content\/uploads\/sites\/9\/2023\/06\/shutterstock-1714850479.png 1200w\" sizes=\"(max-width: 768px) 100vw, 768px\" title=\"\">                <\/div>\n            <\/div>\n            <div class=\"post--teaser\">\n                <div class=\"title\">P\u00f4st a zdravie: Odborn\u00fd rozhovor s Dr. Andreasom Michalsenom<\/div>\n                <div class=\"description\">\n                    Mali sme t\u00fa \u010des\u0165 urobi\u0165 rozhovor s Prof. Dr. Andreasom Michalsenom na t\u00e9mu \u201cP\u00f4st\u201d. Prof.\u2026                    <br>\n                    <span class=\"read-more\">\n                            \u010c\u00edta\u0165 viac                        <\/span>\n                <\/div>\n                <div class=\"metadata\"><b>Aktualizovan\u00e9:<\/b> 23. febru\u00e1ra 2026 \u2022 <b>Kateg\u00f3rie:<\/b> S\u0165a\u017enosti a poradenstvo, Stravovanie a recepty<\/div>\n            <\/div>\n        <\/a>\n                <a href=\"https:\/\/www.omni-biotic.com\/sk-sk\/blog\/zvysene-pecenove-testy-co-pomaha-na-regeneraciu-pecene\/\"\n           class=\"li-widgets--posts-gallery__post\">\n            <div class=\"post--image__container\">\n                <div class=\"post--image\">\n                    <img loading=\"lazy\" decoding=\"async\" width=\"768\" height=\"545\" src=\"https:\/\/www.omni-biotic.com\/sk-sk\/wp-content\/uploads\/sites\/9\/2024\/07\/zvysene-pecenove-testy-768x545.png\" class=\"attachment-medium_large size-medium_large wp-post-image\" alt=\"\" srcset=\"https:\/\/www.omni-biotic.com\/sk-sk\/wp-content\/uploads\/sites\/9\/2024\/07\/zvysene-pecenove-testy-768x545.png 768w, https:\/\/www.omni-biotic.com\/sk-sk\/wp-content\/uploads\/sites\/9\/2024\/07\/zvysene-pecenove-testy-300x213.png 300w, https:\/\/www.omni-biotic.com\/sk-sk\/wp-content\/uploads\/sites\/9\/2024\/07\/zvysene-pecenove-testy-1024x727.png 1024w, https:\/\/www.omni-biotic.com\/sk-sk\/wp-content\/uploads\/sites\/9\/2024\/07\/zvysene-pecenove-testy.png 1075w\" sizes=\"(max-width: 768px) 100vw, 768px\" title=\"\">                <\/div>\n            <\/div>\n            <div class=\"post--teaser\">\n                <div class=\"title\">Zv\u00fd\u0161en\u00e9 pe\u010de\u0148ov\u00e9 testy? \u010co pom\u00e1ha na regener\u00e1ciu pe\u010dene?<\/div>\n                <div class=\"description\">\n                    Pe\u010de\u0148 vykon\u00e1va v na\u0161om tele neuverite\u013en\u00e9 mno\u017estvo pr\u00e1ce, ktor\u00fa si \u010dasto ani neuvedomujeme. Je to\u2026                    <br>\n                    <span class=\"read-more\">\n                            \u010c\u00edta\u0165 viac                        <\/span>\n                <\/div>\n                <div class=\"metadata\"><b>Aktualizovan\u00e9:<\/b> 30. marca 2026 \u2022 <b>Kateg\u00f3rie:<\/b> S\u0165a\u017enosti a poradenstvo \u2022 <b>Autor:<\/b> Alexandra Kormo\u0161ov\u00e1<\/div>\n            <\/div>\n        <\/a>\n            <\/div>\n\t\t\t\t<\/div>\n\t\t\t\t<\/div>\n\t\t\t\t\t<\/div>\n\t\t\t\t<\/div>\n\t\t<div class=\"elementor-element elementor-element-9f0f61a obcs none e-flex e-con-boxed e-con e-parent\" data-id=\"9f0f61a\" data-element_type=\"container\">\n\t\t\t\t\t<div class=\"e-con-inner\">\n\t\t\t\t\t<\/div>\n\t\t\t\t<\/div>\n\t\t\t\t<\/div>\n\t\t","protected":false},"excerpt":{"rendered":"<p>Syndr\u00f3m dr\u00e1\u017ediv\u00e9ho \u010dreva Pri syndr\u00f3me dr\u00e1\u017ediv\u00e9ho \u010dreva m\u00e1 pacient r\u00f4zne \u0165a\u017ekosti v oblasti tr\u00e1viaceho traktu &#8211; ale bez organick\u00fdch pr\u00ed\u010din. Ide o funk\u010dn\u00fa poruchu tr\u00e1viaceho syst\u00e9mu. Home Obsah str\u00e1nky \u010co je to syndr\u00f3m dr\u00e1\u017ediv\u00e9ho \u010dreva (IBS)? Syndr\u00f3m dr\u00e1\u017ediv\u00e9ho \u010dreva (IBS) je jednou z naj\u010dastej\u0161\u00edch funk\u010dn\u00fdch por\u00fach gastrointestin\u00e1lneho traktu. Postihuje nielen hrub\u00e9 \u010drevo, ale cel\u00fd tr\u00e1viaci [&hellip;]<\/p>\n","protected":false},"author":3,"featured_media":0,"parent":153,"menu_order":490,"comment_status":"closed","ping_status":"closed","template":"","meta":{"_acf_changed":false,"inline_featured_image":false,"footnotes":""},"class_list":["post-161","page","type-page","status-publish","hentry"],"acf":[],"_links":{"self":[{"href":"https:\/\/www.omni-biotic.com\/sk-sk\/wp-json\/wp\/v2\/pages\/161","targetHints":{"allow":["GET"]}}],"collection":[{"href":"https:\/\/www.omni-biotic.com\/sk-sk\/wp-json\/wp\/v2\/pages"}],"about":[{"href":"https:\/\/www.omni-biotic.com\/sk-sk\/wp-json\/wp\/v2\/types\/page"}],"author":[{"embeddable":true,"href":"https:\/\/www.omni-biotic.com\/sk-sk\/wp-json\/wp\/v2\/users\/3"}],"replies":[{"embeddable":true,"href":"https:\/\/www.omni-biotic.com\/sk-sk\/wp-json\/wp\/v2\/comments?post=161"}],"version-history":[{"count":7,"href":"https:\/\/www.omni-biotic.com\/sk-sk\/wp-json\/wp\/v2\/pages\/161\/revisions"}],"predecessor-version":[{"id":26610,"href":"https:\/\/www.omni-biotic.com\/sk-sk\/wp-json\/wp\/v2\/pages\/161\/revisions\/26610"}],"up":[{"embeddable":true,"href":"https:\/\/www.omni-biotic.com\/sk-sk\/wp-json\/wp\/v2\/pages\/153"}],"wp:attachment":[{"href":"https:\/\/www.omni-biotic.com\/sk-sk\/wp-json\/wp\/v2\/media?parent=161"}],"curies":[{"name":"wp","href":"https:\/\/api.w.org\/{rel}","templated":true}]}}