{"id":163,"date":"2022-03-07T10:07:28","date_gmt":"2022-03-07T09:07:28","guid":{"rendered":"https:\/\/www.omni-biotic.com\/darmbeschwerden\/ced\/"},"modified":"2024-11-06T11:38:55","modified_gmt":"2024-11-06T10:38:55","slug":"chronicke-zapalove-ochorenia-criev","status":"publish","type":"page","link":"https:\/\/www.omni-biotic.com\/sk-sk\/crevne-problemy\/chronicke-zapalove-ochorenia-criev\/","title":{"rendered":"Chronick\u00e9 z\u00e1palov\u00e9 ochorenia \u010driev"},"content":{"rendered":"\t\t<div data-elementor-type=\"wp-page\" data-elementor-id=\"163\" class=\"elementor elementor-163\" data-elementor-post-type=\"page\">\n\t\t\t\t<div class=\"elementor-element elementor-element-e16479d e-con-full obcs none e-flex e-con e-parent\" data-id=\"e16479d\" data-element_type=\"container\" data-settings=\"{&quot;background_background&quot;:&quot;classic&quot;,&quot;shape_divider_bottom&quot;:&quot;waves&quot;}\">\n\t\t\t\t<div class=\"elementor-shape elementor-shape-bottom\" aria-hidden=\"true\" data-negative=\"false\">\n\t\t\t<svg xmlns=\"http:\/\/www.w3.org\/2000\/svg\" viewBox=\"0 0 1000 100\" preserveAspectRatio=\"none\">\n\t<path class=\"elementor-shape-fill\" d=\"M421.9,6.5c22.6-2.5,51.5,0.4,75.5,5.3c23.6,4.9,70.9,23.5,100.5,35.7c75.8,32.2,133.7,44.5,192.6,49.7\n\tc23.6,2.1,48.7,3.5,103.4-2.5c54.7-6,106.2-25.6,106.2-25.6V0H0v30.3c0,0,72,32.6,158.4,30.5c39.2-0.7,92.8-6.7,134-22.4\n\tc21.2-8.1,52.2-18.2,79.7-24.2C399.3,7.9,411.6,7.5,421.9,6.5z\"\/>\n<\/svg>\t\t<\/div>\n\t\t\t\t<div class=\"elementor-element elementor-element-b38447e elementor-absolute elementor-hidden-mobile elementor-align-center elementor-widget elementor-widget-lottie\" data-id=\"b38447e\" data-element_type=\"widget\" data-settings=\"{&quot;source_json&quot;:{&quot;url&quot;:&quot;https:\\\/\\\/www.omni-biotic.com\\\/sk-sk\\\/wp-content\\\/uploads\\\/sites\\\/9\\\/2022\\\/08\\\/lf30_editor_s5uwdgjh.json&quot;,&quot;id&quot;:&quot;7733&quot;,&quot;size&quot;:&quot;&quot;,&quot;alt&quot;:&quot;&quot;,&quot;source&quot;:&quot;library&quot;},&quot;loop&quot;:&quot;yes&quot;,&quot;play_speed&quot;:{&quot;unit&quot;:&quot;px&quot;,&quot;size&quot;:&quot;0.3&quot;,&quot;sizes&quot;:[]},&quot;_position&quot;:&quot;absolute&quot;,&quot;source&quot;:&quot;media_file&quot;,&quot;caption_source&quot;:&quot;none&quot;,&quot;link_to&quot;:&quot;none&quot;,&quot;trigger&quot;:&quot;arriving_to_viewport&quot;,&quot;viewport&quot;:{&quot;unit&quot;:&quot;%&quot;,&quot;size&quot;:&quot;&quot;,&quot;sizes&quot;:{&quot;start&quot;:0,&quot;end&quot;:100}},&quot;start_point&quot;:{&quot;unit&quot;:&quot;%&quot;,&quot;size&quot;:0,&quot;sizes&quot;:[]},&quot;end_point&quot;:{&quot;unit&quot;:&quot;%&quot;,&quot;size&quot;:100,&quot;sizes&quot;:[]},&quot;renderer&quot;:&quot;svg&quot;}\" data-widget_type=\"lottie.default\">\n\t\t\t\t<div class=\"elementor-widget-container\">\n\t\t\t\t\t<div class=\"e-lottie__container\"><div class=\"e-lottie__animation\"><\/div><\/div>\t\t\t\t<\/div>\n\t\t\t\t<\/div>\n\t\t<div class=\"elementor-element elementor-element-040456a e-con-full obcs none e-flex e-con e-child\" data-id=\"040456a\" data-element_type=\"container\" data-settings=\"{&quot;background_background&quot;:&quot;classic&quot;}\">\n\t\t\t\t<div class=\"elementor-element elementor-element-c247dce elementor-widget elementor-widget-heading\" data-id=\"c247dce\" data-element_type=\"widget\" data-widget_type=\"heading.default\">\n\t\t\t\t<div class=\"elementor-widget-container\">\n\t\t\t\t\t<h1 class=\"elementor-heading-title elementor-size-default\">Chronick\u00e9 z\u00e1palov\u00e9 ochorenia \u010driev (IBD)<\/h1>\t\t\t\t<\/div>\n\t\t\t\t<\/div>\n\t\t\t\t<div class=\"elementor-element elementor-element-9291d0a elementor-widget-divider--view-line elementor-widget elementor-widget-divider\" data-id=\"9291d0a\" data-element_type=\"widget\" data-widget_type=\"divider.default\">\n\t\t\t\t<div class=\"elementor-widget-container\">\n\t\t\t\t\t\t\t<div class=\"elementor-divider\">\n\t\t\t<span class=\"elementor-divider-separator\">\n\t\t\t\t\t\t<\/span>\n\t\t<\/div>\n\t\t\t\t\t\t<\/div>\n\t\t\t\t<\/div>\n\t\t\t\t<div class=\"elementor-element elementor-element-224972e elementor-widget elementor-widget-text-editor\" data-id=\"224972e\" data-element_type=\"widget\" data-widget_type=\"text-editor.default\">\n\t\t\t\t<div class=\"elementor-widget-container\">\n\t\t\t\t\t\t\t\t\t<p>Boles\u0165 brucha, hna\u010dka, vracanie, nevo\u013enos\u0165, hor\u00fa\u010dka &#8211; pr\u00edznaky, ktor\u00e9 sa vyskytuj\u00fa aj pri \u017eal\u00fado\u010dnej nevo\u013enosti alebo &#8222;\u017eal\u00fado\u010dnej chr\u00edpke&#8220;, pozn\u00e1 ka\u017ed\u00fd. \u013dudia s IBD (chronick\u00fdm z\u00e1palov\u00fdm ochoren\u00edm \u010dreva) trpia t\u00fdmito pr\u00edznakmi vo v\u00e4\u010d\u0161ej miere, zvy\u010dajne v epiz\u00f3dach.<\/p>\t\t\t\t\t\t\t\t<\/div>\n\t\t\t\t<\/div>\n\t\t\t\t<\/div>\n\t\t\t\t<\/div>\n\t\t<div class=\"elementor-element elementor-element-dfdb73e obcs none e-flex e-con-boxed e-con e-parent\" data-id=\"dfdb73e\" data-element_type=\"container\">\n\t\t\t\t\t<div class=\"e-con-inner\">\n\t\t<div class=\"elementor-element elementor-element-4fbcdb3 e-con-full obcs none e-flex e-con e-child\" data-id=\"4fbcdb3\" data-element_type=\"container\">\n\t\t\t\t<div class=\"elementor-element elementor-element-b380524 elementor-align-left elementor-widget__width-initial elementor-widget elementor-widget-breadcrumbs\" data-id=\"b380524\" data-element_type=\"widget\" data-widget_type=\"breadcrumbs.default\">\n\t\t\t\t<div class=\"elementor-widget-container\">\n\t\t\t\t\t<span><span class=\"last\">Home<\/span><\/span>\t\t\t\t<\/div>\n\t\t\t\t<\/div>\n\t\t\t\t<\/div>\n\t\t<div class=\"elementor-element elementor-element-afea6ca e-con-full obcs none e-flex e-con e-child\" data-id=\"afea6ca\" data-element_type=\"container\">\n\t\t\t\t<div class=\"elementor-element elementor-element-d1512b9 elementor-toc--minimized-on-desktop elementor-widget elementor-widget-table-of-contents\" data-id=\"d1512b9\" data-element_type=\"widget\" data-settings=\"{&quot;exclude_headings_by_selector&quot;:[],&quot;minimized_on&quot;:&quot;desktop&quot;,&quot;headings_by_tags&quot;:[&quot;h2&quot;,&quot;h3&quot;,&quot;h4&quot;,&quot;h5&quot;,&quot;h6&quot;],&quot;marker_view&quot;:&quot;numbers&quot;,&quot;no_headings_message&quot;:&quot;No headings were found on this page.&quot;,&quot;minimize_box&quot;:&quot;yes&quot;,&quot;hierarchical_view&quot;:&quot;yes&quot;,&quot;min_height&quot;:{&quot;unit&quot;:&quot;px&quot;,&quot;size&quot;:&quot;&quot;,&quot;sizes&quot;:[]},&quot;min_height_tablet&quot;:{&quot;unit&quot;:&quot;px&quot;,&quot;size&quot;:&quot;&quot;,&quot;sizes&quot;:[]},&quot;min_height_mobile&quot;:{&quot;unit&quot;:&quot;px&quot;,&quot;size&quot;:&quot;&quot;,&quot;sizes&quot;:[]}}\" data-widget_type=\"table-of-contents.default\">\n\t\t\t\t<div class=\"elementor-widget-container\">\n\t\t\t\t\t\t\t\t\t<div class=\"elementor-toc__header\">\n\t\t\t\t\t\t<h4 class=\"elementor-toc__header-title\">\n\t\t\t\tObsah str\u00e1nky\t\t\t<\/h4>\n\t\t\t\t\t\t\t\t\t\t<div class=\"elementor-toc__toggle-button elementor-toc__toggle-button--expand\" role=\"button\" tabindex=\"0\" aria-controls=\"elementor-toc__d1512b9\" aria-expanded=\"true\" aria-label=\"Open table of contents\"><i aria-hidden=\"true\" class=\"fas fa-chevron-down\"><\/i><\/div>\n\t\t\t\t<div class=\"elementor-toc__toggle-button elementor-toc__toggle-button--collapse\" role=\"button\" tabindex=\"0\" aria-controls=\"elementor-toc__d1512b9\" aria-expanded=\"true\" aria-label=\"Close table of contents\"><i aria-hidden=\"true\" class=\"fas fa-chevron-up\"><\/i><\/div>\n\t\t\t\t\t<\/div>\n\t\t\t\t<div id=\"elementor-toc__d1512b9\" class=\"elementor-toc__body\">\n\t\t\t<div class=\"elementor-toc__spinner-container\">\n\t\t\t\t<i class=\"elementor-toc__spinner eicon-animation-spin eicon-loading\" aria-hidden=\"true\"><\/i>\t\t\t<\/div>\n\t\t<\/div>\n\t\t\t\t\t\t<\/div>\n\t\t\t\t<\/div>\n\t\t\t\t<\/div>\n\t\t\t\t\t<\/div>\n\t\t\t\t<\/div>\n\t\t<div class=\"elementor-element elementor-element-79897b0 obcs yellow e-flex e-con-boxed e-con e-parent\" data-id=\"79897b0\" data-element_type=\"container\">\n\t\t\t\t\t<div class=\"e-con-inner\">\n\t\t<div class=\"elementor-element elementor-element-292a1ef e-con-full obcs none e-flex e-con e-child\" data-id=\"292a1ef\" data-element_type=\"container\">\n\t\t\t\t<div class=\"elementor-element elementor-element-87d845a e-transform elementor-widget elementor-widget-image\" data-id=\"87d845a\" data-element_type=\"widget\" data-settings=\"{&quot;_transform_rotateZ_effect&quot;:{&quot;unit&quot;:&quot;px&quot;,&quot;size&quot;:&quot;0&quot;,&quot;sizes&quot;:[]},&quot;_transform_rotate_3d&quot;:&quot;yes&quot;,&quot;_transform_rotateX_effect&quot;:{&quot;unit&quot;:&quot;px&quot;,&quot;size&quot;:&quot;0&quot;,&quot;sizes&quot;:[]},&quot;_transform_rotateY_effect&quot;:{&quot;unit&quot;:&quot;px&quot;,&quot;size&quot;:&quot;4&quot;,&quot;sizes&quot;:[]},&quot;_transform_perspective_effect&quot;:{&quot;unit&quot;:&quot;px&quot;,&quot;size&quot;:&quot;650&quot;,&quot;sizes&quot;:[]},&quot;_transform_rotateZ_effect_tablet&quot;:{&quot;unit&quot;:&quot;deg&quot;,&quot;size&quot;:&quot;&quot;,&quot;sizes&quot;:[]},&quot;_transform_rotateZ_effect_mobile&quot;:{&quot;unit&quot;:&quot;deg&quot;,&quot;size&quot;:&quot;&quot;,&quot;sizes&quot;:[]},&quot;_transform_rotateX_effect_tablet&quot;:{&quot;unit&quot;:&quot;deg&quot;,&quot;size&quot;:&quot;&quot;,&quot;sizes&quot;:[]},&quot;_transform_rotateX_effect_mobile&quot;:{&quot;unit&quot;:&quot;deg&quot;,&quot;size&quot;:&quot;&quot;,&quot;sizes&quot;:[]},&quot;_transform_rotateY_effect_tablet&quot;:{&quot;unit&quot;:&quot;deg&quot;,&quot;size&quot;:&quot;&quot;,&quot;sizes&quot;:[]},&quot;_transform_rotateY_effect_mobile&quot;:{&quot;unit&quot;:&quot;deg&quot;,&quot;size&quot;:&quot;&quot;,&quot;sizes&quot;:[]},&quot;_transform_perspective_effect_tablet&quot;:{&quot;unit&quot;:&quot;px&quot;,&quot;size&quot;:&quot;&quot;,&quot;sizes&quot;:[]},&quot;_transform_perspective_effect_mobile&quot;:{&quot;unit&quot;:&quot;px&quot;,&quot;size&quot;:&quot;&quot;,&quot;sizes&quot;:[]}}\" data-widget_type=\"image.default\">\n\t\t\t\t<div class=\"elementor-widget-container\">\n\t\t\t\t\t\t\t\t\t\t\t\t\t\t\t<img loading=\"lazy\" decoding=\"async\" width=\"800\" height=\"800\" src=\"https:\/\/www.omni-biotic.com\/sk-sk\/wp-content\/uploads\/sites\/9\/2023\/07\/chronicke-zapalove-crevne-ochorenia-kolitida-ulcerozna-morbus-crohn.jpg\" class=\"attachment-full size-full wp-image-19013\" alt=\"\" srcset=\"https:\/\/www.omni-biotic.com\/sk-sk\/wp-content\/uploads\/sites\/9\/2023\/07\/chronicke-zapalove-crevne-ochorenia-kolitida-ulcerozna-morbus-crohn.jpg 800w, https:\/\/www.omni-biotic.com\/sk-sk\/wp-content\/uploads\/sites\/9\/2023\/07\/chronicke-zapalove-crevne-ochorenia-kolitida-ulcerozna-morbus-crohn-300x300.jpg 300w, https:\/\/www.omni-biotic.com\/sk-sk\/wp-content\/uploads\/sites\/9\/2023\/07\/chronicke-zapalove-crevne-ochorenia-kolitida-ulcerozna-morbus-crohn-150x150.jpg 150w, https:\/\/www.omni-biotic.com\/sk-sk\/wp-content\/uploads\/sites\/9\/2023\/07\/chronicke-zapalove-crevne-ochorenia-kolitida-ulcerozna-morbus-crohn-768x768.jpg 768w\" sizes=\"(max-width: 800px) 100vw, 800px\" title=\"\">\t\t\t\t\t\t\t\t\t\t\t\t\t\t\t<\/div>\n\t\t\t\t<\/div>\n\t\t\t\t<\/div>\n\t\t<div class=\"elementor-element elementor-element-defd48e e-con-full obcs none e-flex e-con e-child\" data-id=\"defd48e\" data-element_type=\"container\">\n\t\t\t\t<div class=\"elementor-element elementor-element-2c61bee elementor-widget elementor-widget-heading\" data-id=\"2c61bee\" data-element_type=\"widget\" data-widget_type=\"heading.default\">\n\t\t\t\t<div class=\"elementor-widget-container\">\n\t\t\t\t\t<h2 class=\"elementor-heading-title elementor-size-default\">\u010co s\u00fa to z\u00e1palov\u00e9 ochorenia \u010driev (IBD)?<\/h2>\t\t\t\t<\/div>\n\t\t\t\t<\/div>\n\t\t\t\t<div class=\"elementor-element elementor-element-b6cfb08 elementor-widget elementor-widget-text-editor\" data-id=\"b6cfb08\" data-element_type=\"widget\" data-widget_type=\"text-editor.default\">\n\t\t\t\t<div class=\"elementor-widget-container\">\n\t\t\t\t\t\t\t\t\t<p><strong>Crohnova choroba<\/strong> a <strong>ulcer\u00f3zna kolit\u00edda<\/strong> s\u00fa dve najzn\u00e1mej\u0161ie a naj\u010dastej\u0161ie chronick\u00e9 <strong>z\u00e1palov\u00e9 ochorenia \u010driev<\/strong>. S\u00fa to ochorenia s epizodick\u00fdm priebehom a <strong>nedaj\u00fa sa vylie\u010di\u0165<\/strong>, ale<strong> daj\u00fa sa lie\u010di\u0165<\/strong>. V ak\u00fatnej f\u00e1ze, po\u010das z\u00e1palov\u00fdch epiz\u00f3d, je zvy\u010dajne rozhoduj\u00faca lie\u010dba konven\u010dnou medic\u00ednou. <strong>Sprievodn\u00e1 lie\u010dba lie\u010div\u00fdmi rastlinami<\/strong> a <strong>pr\u00edrodn\u00fdmi prostriedkami<\/strong> sa uk\u00e1zala ako u\u017eito\u010dn\u00e1 pre mnoh\u00fdch pacientov, a to tak v ak\u00fatnej f\u00e1ze, ako aj vo f\u00e1ze bez pr\u00edznakov.<\/p><p>Najlep\u0161\u00edm z\u00e1kladom pre ak\u00fako\u013evek lie\u010dbu je <strong>zdrav\u00e1 <\/strong>alebo <strong>stabiln\u00e1 a ochrann\u00e1 \u010drevn\u00e1 fl\u00f3ra<\/strong>, ktor\u00e1 chr\u00e1ni pred \u010drevn\u00fdmi infekciami (na ktor\u00e9 s\u00fa pacienti s IBD obzvl\u00e1\u0161\u0165 n\u00e1chyln\u00ed) a tie\u017e <strong>minimalizuje n\u00e1vrat ochorenia<\/strong>.<\/p>\t\t\t\t\t\t\t\t<\/div>\n\t\t\t\t<\/div>\n\t\t\t\t<\/div>\n\t\t\t\t\t<\/div>\n\t\t\t\t<\/div>\n\t\t<div class=\"elementor-element elementor-element-8ae52ca obcs none e-flex e-con-boxed e-con e-parent\" data-id=\"8ae52ca\" data-element_type=\"container\">\n\t\t\t\t\t<div class=\"e-con-inner\">\n\t\t<div class=\"elementor-element elementor-element-4ecd455 obcs none e-flex e-con-boxed e-con e-child\" data-id=\"4ecd455\" data-element_type=\"container\">\n\t\t\t\t\t<div class=\"e-con-inner\">\n\t\t\t\t<div class=\"elementor-element elementor-element-6052b54 elementor-widget elementor-widget-heading\" data-id=\"6052b54\" data-element_type=\"widget\" data-widget_type=\"heading.default\">\n\t\t\t\t<div class=\"elementor-widget-container\">\n\t\t\t\t\t<h3 class=\"elementor-heading-title elementor-size-default\">Ak\u00e9 s\u00fa pr\u00edznaky Crohnovej choroby a ulcer\u00f3znej kolit\u00eddy?<\/h3>\t\t\t\t<\/div>\n\t\t\t\t<\/div>\n\t\t\t\t<div class=\"elementor-element elementor-element-ccfdd5c elementor-widget elementor-widget-text-editor\" data-id=\"ccfdd5c\" data-element_type=\"widget\" data-widget_type=\"text-editor.default\">\n\t\t\t\t<div class=\"elementor-widget-container\">\n\t\t\t\t\t\t\t\t\t<p>Typick\u00fdmi <strong>pr\u00edznakmi<\/strong> s\u00fa <strong>\u010dast\u00e9, extr\u00e9mne hna\u010dky<\/strong>, ktor\u00e9 s\u00fa pri ulcer\u00f3znej kolit\u00edde (UK) <strong>hlienovo-krvav\u00e9<\/strong>. \u010eal\u0161\u00edmi pr\u00edznakmi s\u00fa bolesti brucha, <strong>nevo\u013enos\u0165<\/strong> a <strong>vracanie<\/strong>. <strong>Nad\u00favanie<\/strong>, <strong>hor\u00fa\u010dka<\/strong> a zv\u00fd\u0161en\u00e9 z\u00e1palov\u00e9 markery v krvi s\u00fa tie\u017e typick\u00e9 pre chronick\u00e9 z\u00e1palov\u00e9 ochorenie \u010dreva. Najm\u00e4 pri Crohnovej chorobe (MC)<strong> pacienti chudn\u00fa<\/strong> v d\u00f4sledku straty chuti do jedla a nedostatku d\u00f4le\u017eit\u00fdch \u017eiv\u00edn. Mnoh\u00ed \u013eudia s ulcer\u00f3znou kolit\u00eddou trpia aj <strong>an\u00e9miou<\/strong>, preto\u017ee z\u00e1palov\u00e9 oblasti v \u010dreve sp\u00f4sobuj\u00fa stratu krvi.<\/p><p>Obe ochorenia sp\u00f4sobuj\u00fa <strong>probl\u00e9my aj mimo \u010dreva<\/strong>. Pacienti \u010dasto trpia \u0165a\u017ekos\u0165ami v oblasti <strong>k\u013abov<\/strong>. Postihnut\u00e9 m\u00f4\u017eu by\u0165 aj<strong> \u017el\u010dov\u00e9 cesty<\/strong>, <strong>ko\u017ea<\/strong> a <strong>o\u010di<\/strong>. Dlhodob\u00fd<strong> chronick\u00fd z\u00e1pal \u010dreva<\/strong> s \u010dast\u00fdmi epiz\u00f3dami z\u00e1palu zvy\u0161uje <strong>riziko vzniku rakoviny \u010dreva<\/strong>. Cie\u013eom je preto minimalizova\u0165 z\u00e1palov\u00e9 f\u00e1zy a \u0165a\u017ekosti.<\/p>\t\t\t\t\t\t\t\t<\/div>\n\t\t\t\t<\/div>\n\t\t\t\t\t<\/div>\n\t\t\t\t<\/div>\n\t\t\t\t\t<\/div>\n\t\t\t\t<\/div>\n\t\t<div class=\"elementor-element elementor-element-673e5c4 obcs none e-flex e-con-boxed e-con e-parent\" data-id=\"673e5c4\" data-element_type=\"container\">\n\t\t\t\t\t<div class=\"e-con-inner\">\n\t\t<div class=\"elementor-element elementor-element-330971b e-con-full obcs none e-flex elementor-invisible e-con e-child\" data-id=\"330971b\" data-element_type=\"container\" data-settings=\"{&quot;animation&quot;:&quot;bounceInLeft&quot;}\">\n\t\t<div class=\"elementor-element elementor-element-7f0d625 obcs none e-flex e-con-boxed e-con e-child\" data-id=\"7f0d625\" data-element_type=\"container\">\n\t\t\t\t\t<div class=\"e-con-inner\">\n\t\t\t\t<div class=\"elementor-element elementor-element-2fa1a0c elementor-widget elementor-widget-image\" data-id=\"2fa1a0c\" data-element_type=\"widget\" data-widget_type=\"image.default\">\n\t\t\t\t<div class=\"elementor-widget-container\">\n\t\t\t\t\t\t\t\t\t\t\t\t\t\t\t<img loading=\"lazy\" decoding=\"async\" width=\"300\" height=\"300\" src=\"https:\/\/www.omni-biotic.com\/sk-sk\/wp-content\/uploads\/sites\/9\/2023\/03\/morbus-crohn-darmentzuendung-300x300.png\" class=\"attachment-medium size-medium wp-image-13086\" alt=\"Crohnova choroba\" srcset=\"https:\/\/www.omni-biotic.com\/sk-sk\/wp-content\/uploads\/sites\/9\/2023\/03\/morbus-crohn-darmentzuendung-300x300.png 300w, https:\/\/www.omni-biotic.com\/sk-sk\/wp-content\/uploads\/sites\/9\/2023\/03\/morbus-crohn-darmentzuendung-150x150.png 150w, https:\/\/www.omni-biotic.com\/sk-sk\/wp-content\/uploads\/sites\/9\/2023\/03\/morbus-crohn-darmentzuendung.png 500w\" sizes=\"(max-width: 300px) 100vw, 300px\" title=\"\">\t\t\t\t\t\t\t\t\t\t\t\t\t\t\t<\/div>\n\t\t\t\t<\/div>\n\t\t\t\t<div class=\"elementor-element elementor-element-e95a9d7 elementor-widget elementor-widget-heading\" data-id=\"e95a9d7\" data-element_type=\"widget\" data-widget_type=\"heading.default\">\n\t\t\t\t<div class=\"elementor-widget-container\">\n\t\t\t\t\t<h2 class=\"elementor-heading-title elementor-size-default\">Crohnova choroba<br><\/h2>\t\t\t\t<\/div>\n\t\t\t\t<\/div>\n\t\t\t\t\t<\/div>\n\t\t\t\t<\/div>\n\t\t\t\t<div class=\"elementor-element elementor-element-44eed30 elementor-widget elementor-widget-text-editor\" data-id=\"44eed30\" data-element_type=\"widget\" data-widget_type=\"text-editor.default\">\n\t\t\t\t<div class=\"elementor-widget-container\">\n\t\t\t\t\t\t\t\t\t<ul><li>M\u00f4\u017ee postihova\u0165<strong> cel\u00fd tr\u00e1viaci trakt<\/strong>, naj\u010dastej\u0161ie na prechode z tenk\u00e9ho do hrub\u00e9ho \u010dreva<\/li><li><strong>Kone\u010dn\u00edk<\/strong> je postihnut\u00fd pribli\u017ene v<strong> 20 % pr\u00edpadov<\/strong>.<\/li><li><strong>Ileum<\/strong> postihnut\u00e9 <strong>v 80 % pr\u00edpadov<\/strong><\/li><li><strong>Z\u00e1pal<\/strong> vo v\u0161etk\u00fdch vrstv\u00e1ch \u010drevnej steny<\/li><li><strong>Vypr\u00e1zd\u0148ovanie<\/strong>: chronicky <strong>riedke<\/strong>, krv zriedkavo a len v pr\u00edpade postihnutia hrub\u00e9ho \u010dreva, a\u017e 20 x stolica\/de\u0148<\/li><li><strong>Boles\u0165 brucha:<\/strong> V\u00e4\u010d\u0161inou<strong> v pravom podbru\u0161ku<\/strong><\/li><li><strong>\u010cast\u00e9 pr\u00edznaky<\/strong> v oblasti <strong>kone\u010dn\u00edka<\/strong> (fistuly, abscesy, trhliny)<\/li><li><strong>Zriedka an\u00e9mia<\/strong><\/li><li>\u010cast\u00e1 <strong>strata hmotnosti<\/strong><\/li><li>Mierne zv\u00fd\u0161en\u00e9 riziko rakoviny<\/li><\/ul>\t\t\t\t\t\t\t\t<\/div>\n\t\t\t\t<\/div>\n\t\t\t\t<\/div>\n\t\t<div class=\"elementor-element elementor-element-7990d7a e-con-full obcs none e-flex e-con e-child\" data-id=\"7990d7a\" data-element_type=\"container\">\n\t\t\t\t<div class=\"elementor-element elementor-element-91efc15 elementor-widget elementor-widget-text-editor\" data-id=\"91efc15\" data-element_type=\"widget\" data-widget_type=\"text-editor.default\">\n\t\t\t\t<div class=\"elementor-widget-container\">\n\t\t\t\t\t\t\t\t\t<p>vs<\/p>\t\t\t\t\t\t\t\t<\/div>\n\t\t\t\t<\/div>\n\t\t\t\t<\/div>\n\t\t<div class=\"elementor-element elementor-element-fce0742 e-con-full obcs none e-flex elementor-invisible e-con e-child\" data-id=\"fce0742\" data-element_type=\"container\" data-settings=\"{&quot;animation&quot;:&quot;bounceInRight&quot;}\">\n\t\t<div class=\"elementor-element elementor-element-1cb972e obcs none e-flex e-con-boxed e-con e-child\" data-id=\"1cb972e\" data-element_type=\"container\">\n\t\t\t\t\t<div class=\"e-con-inner\">\n\t\t\t\t<div class=\"elementor-element elementor-element-725b072 elementor-widget elementor-widget-image\" data-id=\"725b072\" data-element_type=\"widget\" data-widget_type=\"image.default\">\n\t\t\t\t<div class=\"elementor-widget-container\">\n\t\t\t\t\t\t\t\t\t\t\t\t\t\t\t<img loading=\"lazy\" decoding=\"async\" width=\"300\" height=\"300\" src=\"https:\/\/www.omni-biotic.com\/sk-sk\/wp-content\/uploads\/sites\/9\/2023\/03\/colitis-ulcerosa-darmentzuendung-300x300.png\" class=\"attachment-medium size-medium wp-image-13087\" alt=\"\" srcset=\"https:\/\/www.omni-biotic.com\/sk-sk\/wp-content\/uploads\/sites\/9\/2023\/03\/colitis-ulcerosa-darmentzuendung-300x300.png 300w, https:\/\/www.omni-biotic.com\/sk-sk\/wp-content\/uploads\/sites\/9\/2023\/03\/colitis-ulcerosa-darmentzuendung-150x150.png 150w, https:\/\/www.omni-biotic.com\/sk-sk\/wp-content\/uploads\/sites\/9\/2023\/03\/colitis-ulcerosa-darmentzuendung.png 500w\" sizes=\"(max-width: 300px) 100vw, 300px\" title=\"\">\t\t\t\t\t\t\t\t\t\t\t\t\t\t\t<\/div>\n\t\t\t\t<\/div>\n\t\t\t\t<div class=\"elementor-element elementor-element-653a081 elementor-widget elementor-widget-heading\" data-id=\"653a081\" data-element_type=\"widget\" data-widget_type=\"heading.default\">\n\t\t\t\t<div class=\"elementor-widget-container\">\n\t\t\t\t\t<h2 class=\"elementor-heading-title elementor-size-default\">Ulcer\u00f3zna kolit\u00edda<br><\/h2>\t\t\t\t<\/div>\n\t\t\t\t<\/div>\n\t\t\t\t\t<\/div>\n\t\t\t\t<\/div>\n\t\t\t\t<div class=\"elementor-element elementor-element-2867587 elementor-widget elementor-widget-text-editor\" data-id=\"2867587\" data-element_type=\"widget\" data-widget_type=\"text-editor.default\">\n\t\t\t\t<div class=\"elementor-widget-container\">\n\t\t\t\t\t\t\t\t\t<ul><li>Postihnut\u00e1 oblas\u0165: <strong>hrub\u00e9 \u010drevo<\/strong><\/li><li><strong>Kone\u010dn\u00edk<\/strong> je postihnut\u00fd<strong> v 100 %<\/strong> pr\u00edpadov<\/li><li><strong>Ileum<\/strong> len <strong>zriedka<\/strong> postihnut\u00e9<\/li><li><strong>Z\u00e1pal<\/strong> len <strong>na vn\u00fatornej strane<\/strong> \u010dreva alebo \u010drevnej sliznice<\/li><li><strong>Pohyb \u010driev:<\/strong> v\u00fdtok hlienu a krvi, <strong>krvavo-hnisav\u00e1 hna\u010dka<\/strong> &gt; 10 x denne<\/li><li><strong>Boles\u0165 brucha:<\/strong> V celom \u010drevnom trakte, najm\u00e4 <strong>v \u013eavom<\/strong> <strong>podbru\u0161ku<\/strong>.<\/li><li>Zriedkavo pr\u00edznaky v kone\u010dn\u00edku (fistuly, abscesy, fis\u00fary).<\/li><li><strong>\u010cast\u00e1 an\u00e9mia<\/strong><\/li><li>\u00dabytok hmotnosti &#8211; zriedkavo<\/li><li><strong>Zv\u00fd\u0161en\u00e9 riziko rakoviny<\/strong><\/li><\/ul>\t\t\t\t\t\t\t\t<\/div>\n\t\t\t\t<\/div>\n\t\t\t\t<\/div>\n\t\t\t\t\t<\/div>\n\t\t\t\t<\/div>\n\t\t<div class=\"elementor-element elementor-element-8f3f730 obcs none e-flex e-con-boxed e-con e-parent\" data-id=\"8f3f730\" data-element_type=\"container\" data-settings=\"{&quot;background_background&quot;:&quot;classic&quot;,&quot;shape_divider_top&quot;:&quot;waves&quot;,&quot;shape_divider_bottom&quot;:&quot;waves&quot;}\">\n\t\t\t\t\t<div class=\"e-con-inner\">\n\t\t\t\t<div class=\"elementor-shape elementor-shape-top\" aria-hidden=\"true\" data-negative=\"false\">\n\t\t\t<svg xmlns=\"http:\/\/www.w3.org\/2000\/svg\" viewBox=\"0 0 1000 100\" preserveAspectRatio=\"none\">\n\t<path class=\"elementor-shape-fill\" d=\"M421.9,6.5c22.6-2.5,51.5,0.4,75.5,5.3c23.6,4.9,70.9,23.5,100.5,35.7c75.8,32.2,133.7,44.5,192.6,49.7\n\tc23.6,2.1,48.7,3.5,103.4-2.5c54.7-6,106.2-25.6,106.2-25.6V0H0v30.3c0,0,72,32.6,158.4,30.5c39.2-0.7,92.8-6.7,134-22.4\n\tc21.2-8.1,52.2-18.2,79.7-24.2C399.3,7.9,411.6,7.5,421.9,6.5z\"\/>\n<\/svg>\t\t<\/div>\n\t\t\t\t<div class=\"elementor-shape elementor-shape-bottom\" aria-hidden=\"true\" data-negative=\"false\">\n\t\t\t<svg xmlns=\"http:\/\/www.w3.org\/2000\/svg\" viewBox=\"0 0 1000 100\" preserveAspectRatio=\"none\">\n\t<path class=\"elementor-shape-fill\" d=\"M421.9,6.5c22.6-2.5,51.5,0.4,75.5,5.3c23.6,4.9,70.9,23.5,100.5,35.7c75.8,32.2,133.7,44.5,192.6,49.7\n\tc23.6,2.1,48.7,3.5,103.4-2.5c54.7-6,106.2-25.6,106.2-25.6V0H0v30.3c0,0,72,32.6,158.4,30.5c39.2-0.7,92.8-6.7,134-22.4\n\tc21.2-8.1,52.2-18.2,79.7-24.2C399.3,7.9,411.6,7.5,421.9,6.5z\"\/>\n<\/svg>\t\t<\/div>\n\t\t\t\t<div class=\"elementor-element elementor-element-a589dc1 elementor-widget__width-inherit elementor-widget elementor-widget-heading\" data-id=\"a589dc1\" data-element_type=\"widget\" data-widget_type=\"heading.default\">\n\t\t\t\t<div class=\"elementor-widget-container\">\n\t\t\t\t\t<h2 class=\"elementor-heading-title elementor-size-default\">Modern\u00e1 diagnostika stolice<\/h2>\t\t\t\t<\/div>\n\t\t\t\t<\/div>\n\t\t\t\t<div class=\"elementor-element elementor-element-16698c7 elementor-widget elementor-widget-text-editor\" data-id=\"16698c7\" data-element_type=\"widget\" data-widget_type=\"text-editor.default\">\n\t\t\t\t<div class=\"elementor-widget-container\">\n\t\t\t\t\t\t\t\t\t<p>U\u017e 300 rokov pred Kristom gr\u00e9cky lek\u00e1r Hippokrates tvrdil: &#8222;\u010crevo je otcom v\u0161etk\u00fdch neduhov&#8220;. Tento d\u00e1vny poznatok potvrdzuje klasick\u00e1 diagnostika stolice a v s\u00fa\u010dasnosti aj najmodernej\u0161ie molekul\u00e1rno-genetick\u00e9 met\u00f3dy: Mnoh\u00e9 choroby maj\u00fa p\u00f4vod v \u010dreve &#8211; alebo sa prejavuj\u00fa zmenami v \u010drevnej fl\u00f3re.<\/p>\t\t\t\t\t\t\t\t<\/div>\n\t\t\t\t<\/div>\n\t\t\t\t<div class=\"elementor-element elementor-element-1ab4514 elementor-align-center elementor-widget__width-inherit elementor-hidden-desktop elementor-hidden-tablet elementor-hidden-mobile elementor-widget elementor-widget-button\" data-id=\"1ab4514\" data-element_type=\"widget\" data-widget_type=\"button.default\">\n\t\t\t\t<div class=\"elementor-widget-container\">\n\t\t\t\t\t\t\t\t\t<div class=\"elementor-button-wrapper\">\n\t\t\t\t\t<a class=\"elementor-button elementor-button-link elementor-size-lg\" href=\"#\">\n\t\t\t\t\t\t<span class=\"elementor-button-content-wrapper\">\n\t\t\t\t\t\t\t\t\t<span class=\"elementor-button-text\">Mehr \u00fcber Darmbakterien erfahren!<\/span>\n\t\t\t\t\t<\/span>\n\t\t\t\t\t<\/a>\n\t\t\t\t<\/div>\n\t\t\t\t\t\t\t\t<\/div>\n\t\t\t\t<\/div>\n\t\t\t\t\t<\/div>\n\t\t\t\t<\/div>\n\t\t<div class=\"elementor-element elementor-element-0deb14a obcs none e-flex e-con-boxed e-con e-parent\" data-id=\"0deb14a\" data-element_type=\"container\">\n\t\t\t\t\t<div class=\"e-con-inner\">\n\t\t<div class=\"elementor-element elementor-element-d631133 obcs none e-flex e-con-boxed e-con e-child\" data-id=\"d631133\" data-element_type=\"container\">\n\t\t\t\t\t<div class=\"e-con-inner\">\n\t\t\t\t<div class=\"elementor-element elementor-element-1c8dd18 elementor-widget elementor-widget-heading\" data-id=\"1c8dd18\" data-element_type=\"widget\" data-widget_type=\"heading.default\">\n\t\t\t\t<div class=\"elementor-widget-container\">\n\t\t\t\t\t<h2 class=\"elementor-heading-title elementor-size-default\">Ak\u00e9 s\u00fa z\u00e1kladn\u00e9 pr\u00ed\u010diny IBD (Crohnova choroba, ulcer\u00f3zna kolit\u00edda)?<\/h2>\t\t\t\t<\/div>\n\t\t\t\t<\/div>\n\t\t\t\t<div class=\"elementor-element elementor-element-5ae78d2 elementor-widget elementor-widget-text-editor\" data-id=\"5ae78d2\" data-element_type=\"widget\" data-widget_type=\"text-editor.default\">\n\t\t\t\t<div class=\"elementor-widget-container\">\n\t\t\t\t\t\t\t\t\t<p>Zatia\u013e nie je jasn\u00e9, ako sa<strong> Crohnova choroba<\/strong> a<strong> ulcer\u00f3zna kolit\u00edda<\/strong> vyv\u00edjaj\u00fa a ktor\u00e9 sp\u00fa\u0161\u0165a\u010de s\u00fa za to zodpovedn\u00e9. Ur\u010dit\u00fa \u00falohu zohr\u00e1va <strong>dedi\u010dn\u00e1 predispoz\u00edcia<\/strong>, aj ke\u010f pri ulcer\u00f3znej kolit\u00edde v men\u0161ej miere ako pri Crohnovej chorobe. Pri Crohnovej chorobe je zn\u00e1mych viac ako <strong>70 g\u00e9nov<\/strong>, ktor\u00e9 s\u00favisia so <strong>vznikom ochorenia<\/strong>. Nezanedbate\u013en\u00fa \u00falohu zohr\u00e1vaj\u00fa aj <strong>faktory prostredia<\/strong>. Napr\u00edklad rozhoduj\u00faca je aj<strong> krajina, v ktorej \u010dlovek \u017eije<\/strong>, \u010di u\u017e na vidieku alebo v meste. V krajin\u00e1ch <strong>s najvy\u0161\u0161\u00edmi hygienick\u00fdmi<\/strong> \u0161tandardmi<strong> je pravdepodobnos\u0165 vzniku IBD vy\u0161\u0161ia<\/strong>.<\/p>\t\t\t\t\t\t\t\t<\/div>\n\t\t\t\t<\/div>\n\t\t\t\t<div class=\"elementor-element elementor-element-6618fc4 elementor-widget elementor-widget-heading\" data-id=\"6618fc4\" data-element_type=\"widget\" data-widget_type=\"heading.default\">\n\t\t\t\t<div class=\"elementor-widget-container\">\n\t\t\t\t\t<h3 class=\"elementor-heading-title elementor-size-default\">Sp\u00fa\u0161\u0165a\u010de IBD<\/h3>\t\t\t\t<\/div>\n\t\t\t\t<\/div>\n\t\t\t\t<div class=\"elementor-element elementor-element-31f8581 elementor-widget elementor-widget-text-editor\" data-id=\"31f8581\" data-element_type=\"widget\" data-widget_type=\"text-editor.default\">\n\t\t\t\t<div class=\"elementor-widget-container\">\n\t\t\t\t\t\t\t\t\t<p>Zd\u00e1 sa, \u017ee<strong> infekcie ur\u010dit\u00fdmi \u0161kodliv\u00fdmi mikroorganizmami<\/strong> (v\u00edrus os\u00fdpok, E.coli, mykobakt\u00e9rie, niektor\u00e9 klostr\u00eddie) spolu s ur\u010dit\u00fdmi <strong>psychologick\u00fdmi faktormi<\/strong> (stres, ur\u010dit\u00e9 osobnostn\u00e9 \u0161trukt\u00fary), <strong>genetick\u00fdmi dispoz\u00edciami<\/strong> (reakcia imunitn\u00e9ho syst\u00e9mu) a faktormi prostredia <strong>podporuj\u00fa vznik IBD<\/strong>.<\/p><p>Tieto r\u00f4zne faktory (vr\u00e1tane psychologick\u00fdch, genetick\u00fdch, infek\u010dn\u00fdch a environment\u00e1lnych faktorov) <strong>ved\u00fa k zv\u00fd\u0161enej priepustnosti sliznice<span style=\"color: #b5085a\"> (&#8222;priepustn\u00e9 \u010drevo&#8220;)<\/span><\/strong> a <strong>zv\u00fd\u0161enej imunitnej aktivite<\/strong> v \u010drevnej sliznici.<\/p>\t\t\t\t\t\t\t\t<\/div>\n\t\t\t\t<\/div>\n\t\t\t\t\t<\/div>\n\t\t\t\t<\/div>\n\t\t\t\t\t<\/div>\n\t\t\t\t<\/div>\n\t\t<div class=\"elementor-element elementor-element-d8d2e4b obcs none e-flex e-con-boxed e-con e-parent\" data-id=\"d8d2e4b\" data-element_type=\"container\">\n\t\t\t\t\t<div class=\"e-con-inner\">\n\t\t<div class=\"elementor-element elementor-element-7977902 e-con-full obcs none e-flex elementor-invisible e-con e-child\" data-id=\"7977902\" data-element_type=\"container\" data-settings=\"{&quot;animation&quot;:&quot;bounceInLeft&quot;}\">\n\t\t<div class=\"elementor-element elementor-element-6b927d9 obcs none e-flex e-con-boxed e-con e-child\" data-id=\"6b927d9\" data-element_type=\"container\">\n\t\t\t\t\t<div class=\"e-con-inner\">\n\t\t\t\t<div class=\"elementor-element elementor-element-267c9c6 elementor-widget elementor-widget-image\" data-id=\"267c9c6\" data-element_type=\"widget\" data-widget_type=\"image.default\">\n\t\t\t\t<div class=\"elementor-widget-container\">\n\t\t\t\t\t\t\t\t\t\t\t\t\t\t\t<img loading=\"lazy\" decoding=\"async\" width=\"300\" height=\"300\" src=\"https:\/\/www.omni-biotic.com\/sk-sk\/wp-content\/uploads\/sites\/9\/2023\/03\/erhoehte-durchlaessigkeit-darm-leaky-gut-300x300.png\" class=\"attachment-medium size-medium wp-image-12975\" alt=\"Erh\u00f6hte Durchl\u00e4ssigkeit beim Darm; Leaky Gut\" srcset=\"https:\/\/www.omni-biotic.com\/sk-sk\/wp-content\/uploads\/sites\/9\/2023\/03\/erhoehte-durchlaessigkeit-darm-leaky-gut-300x300.png 300w, https:\/\/www.omni-biotic.com\/sk-sk\/wp-content\/uploads\/sites\/9\/2023\/03\/erhoehte-durchlaessigkeit-darm-leaky-gut-150x150.png 150w, https:\/\/www.omni-biotic.com\/sk-sk\/wp-content\/uploads\/sites\/9\/2023\/03\/erhoehte-durchlaessigkeit-darm-leaky-gut.png 512w\" sizes=\"(max-width: 300px) 100vw, 300px\" title=\"\">\t\t\t\t\t\t\t\t\t\t\t\t\t\t\t<\/div>\n\t\t\t\t<\/div>\n\t\t\t\t<div class=\"elementor-element elementor-element-c699f51 elementor-widget elementor-widget-heading\" data-id=\"c699f51\" data-element_type=\"widget\" data-widget_type=\"heading.default\">\n\t\t\t\t<div class=\"elementor-widget-container\">\n\t\t\t\t\t<h2 class=\"elementor-heading-title elementor-size-default\">Zv\u00fd\u0161en\u00e1 piepustnos\u0165 \u010driev<br>\n<small>\u201eLeaky Gut\u201c<\/small><\/h2>\t\t\t\t<\/div>\n\t\t\t\t<\/div>\n\t\t\t\t\t<\/div>\n\t\t\t\t<\/div>\n\t\t\t\t<div class=\"elementor-element elementor-element-e76ea20 elementor-widget elementor-widget-text-editor\" data-id=\"e76ea20\" data-element_type=\"widget\" data-widget_type=\"text-editor.default\">\n\t\t\t\t<div class=\"elementor-widget-container\">\n\t\t\t\t\t\t\t\t\t<p><strong>V \u010drevnej sliznici<\/strong> s\u00fa susedn\u00e9 <strong>bunky<\/strong> navz\u00e1jom <strong>spojen\u00e9 tzv. tesn\u00fdmi spojmi<\/strong>. Tie sa navz\u00e1jom uzatv\u00e1raj\u00fa, aby medzi bunkami <strong>nemohli prech\u00e1dza\u0165 cudzie l\u00e1tky<\/strong> alebo patog\u00e9ny.<\/p><p>Pokia\u013e je t\u00e1to <strong>&#8222;\u010drevn\u00e1 bari\u00e9ra&#8220;<\/strong> neporu\u0161en\u00e1, v\u0161etky <strong>bunky \u010drevnej sliznice<\/strong> tvoria skuto\u010dn\u00fd <strong>ochrann\u00fd \u0161t\u00edt<\/strong>, ktor\u00fd <strong>zabra\u0148uje prenikaniu cudzorod\u00fdch l\u00e1tok<\/strong> (vr\u00e1tane bakt\u00e9ri\u00ed alebo &#8222;tox\u00ednov&#8220;) z \u010drevn\u00e9ho traktu do tela.<strong> Pri IBD<\/strong> &#8211; nielen v d\u00f4sledku z\u00e1palov\u00fdch zmien &#8211; <strong>je t\u00e1to \u010drevn\u00e1 bari\u00e9ra &#8222;priepustn\u00e1&#8220;<\/strong>, &#8220; derav\u00e1&#8220;, bunky u\u017e nie s\u00fa tak pevne spojen\u00e9 medzi sebou, tak\u017ee <strong>patog\u00e9ny<\/strong> a <strong>tox\u00edny<\/strong> m\u00f4\u017eu<strong> \u013eah\u0161ie prenikn\u00fa\u0165<\/strong> do \u010drevnej sliznice a vies\u0165 k imunitnej reakcii, k <strong>z\u00e1palu<\/strong>.<\/p>\t\t\t\t\t\t\t\t<\/div>\n\t\t\t\t<\/div>\n\t\t\t\t<\/div>\n\t\t<div class=\"elementor-element elementor-element-0fbbac5 e-con-full obcs none e-flex e-con e-child\" data-id=\"0fbbac5\" data-element_type=\"container\">\n\t\t\t\t<\/div>\n\t\t<div class=\"elementor-element elementor-element-e82f93a e-con-full obcs none e-flex elementor-invisible e-con e-child\" data-id=\"e82f93a\" data-element_type=\"container\" data-settings=\"{&quot;animation&quot;:&quot;bounceInRight&quot;}\">\n\t\t<div class=\"elementor-element elementor-element-dcf8be0 obcs none e-flex e-con-boxed e-con e-child\" data-id=\"dcf8be0\" data-element_type=\"container\">\n\t\t\t\t\t<div class=\"e-con-inner\">\n\t\t\t\t<div class=\"elementor-element elementor-element-b8177f1 elementor-widget elementor-widget-image\" data-id=\"b8177f1\" data-element_type=\"widget\" data-widget_type=\"image.default\">\n\t\t\t\t<div class=\"elementor-widget-container\">\n\t\t\t\t\t\t\t\t\t\t\t\t\t\t\t<img loading=\"lazy\" decoding=\"async\" width=\"300\" height=\"300\" src=\"https:\/\/www.omni-biotic.com\/sk-sk\/wp-content\/uploads\/sites\/9\/2023\/03\/erhoehte-immunaktivit-darm-300x300.png\" class=\"attachment-medium size-medium wp-image-12976\" alt=\"Erh\u00f6hte Immunaktivit\u00e4t beim Darm\" srcset=\"https:\/\/www.omni-biotic.com\/sk-sk\/wp-content\/uploads\/sites\/9\/2023\/03\/erhoehte-immunaktivit-darm-300x300.png 300w, https:\/\/www.omni-biotic.com\/sk-sk\/wp-content\/uploads\/sites\/9\/2023\/03\/erhoehte-immunaktivit-darm-150x150.png 150w, https:\/\/www.omni-biotic.com\/sk-sk\/wp-content\/uploads\/sites\/9\/2023\/03\/erhoehte-immunaktivit-darm.png 512w\" sizes=\"(max-width: 300px) 100vw, 300px\" title=\"\">\t\t\t\t\t\t\t\t\t\t\t\t\t\t\t<\/div>\n\t\t\t\t<\/div>\n\t\t\t\t<div class=\"elementor-element elementor-element-676e160 elementor-widget elementor-widget-heading\" data-id=\"676e160\" data-element_type=\"widget\" data-widget_type=\"heading.default\">\n\t\t\t\t<div class=\"elementor-widget-container\">\n\t\t\t\t\t<h2 class=\"elementor-heading-title elementor-size-default\">Zv\u00fd\u0161en\u00e1 imunitn\u00e1 aktivita<br>\n<small>- v \u010drevnej sliznici<\/small><\/h2>\t\t\t\t<\/div>\n\t\t\t\t<\/div>\n\t\t\t\t\t<\/div>\n\t\t\t\t<\/div>\n\t\t\t\t<div class=\"elementor-element elementor-element-4e89c72 elementor-widget elementor-widget-text-editor\" data-id=\"4e89c72\" data-element_type=\"widget\" data-widget_type=\"text-editor.default\">\n\t\t\t\t<div class=\"elementor-widget-container\">\n\t\t\t\t\t\t\t\t\t<p>Vo vzork\u00e1ch tkaniva <strong>\u010drevnej sliznice<\/strong> postihnut\u00fdch \u013eud\u00ed s IBD mo\u017eno zisti\u0165 <strong>zv\u00fd\u0161en\u00fa imunitn\u00fa aktivitu<\/strong>. V sliznici sa \u010doraz \u010dastej\u0161ie zis\u0165uj\u00fa obrann\u00e9 bunky imunitn\u00e9ho syst\u00e9mu a ich poslovia (medi\u00e1tory z\u00e1palu, ako s\u00fa interleuk\u00edny, TNF <strong>(tumor nekrosis faktor-\u03b1)<\/strong>. To vedie k <strong>autoimunitn\u00fdm procesom s de\u0161trukciou \u010drevnej sliznice<\/strong>. Odkia\u013e sa berie t\u00e1to zv\u00fd\u0161en\u00e1 obrann\u00e1 reakcia, tieto autode\u0161trukt\u00edvne z\u00e1paly a na \u010do pr\u00edpadne sl\u00fa\u017eia, sa intenz\u00edvne sk\u00fama.<\/p><p><strong>\u010crevn\u00fd mikrobi\u00f3m<\/strong> zohr\u00e1va z\u00e1sadn\u00fa \u00falohu. \u010crevn\u00e1 fl\u00f3ra, ktor\u00e1 je <strong>u pacientov s IBD patologicky zmenen\u00e1<\/strong> a po\u0161koden\u00e1, biodiverzita bakt\u00e9ri\u00ed v \u010dreve, ktor\u00e1 je d\u00f4le\u017eit\u00e1 pre norm\u00e1lnu funkciu \u010dreva, u\u017e u chor\u00fdch \u013eud\u00ed nie je pr\u00edtomn\u00e1. \u010crevn\u00e9 bakt\u00e9rie u\u017e <strong>nem\u00f4\u017eu plni\u0165<\/strong> svoju<strong> ochrann\u00fa a obrann\u00fa funkciu<\/strong>.<\/p>\t\t\t\t\t\t\t\t<\/div>\n\t\t\t\t<\/div>\n\t\t\t\t<\/div>\n\t\t\t\t\t<\/div>\n\t\t\t\t<\/div>\n\t\t<div class=\"elementor-element elementor-element-161bc03 obcs none e-flex e-con-boxed e-con e-parent\" data-id=\"161bc03\" data-element_type=\"container\" data-settings=\"{&quot;background_background&quot;:&quot;classic&quot;}\">\n\t\t\t\t\t<div class=\"e-con-inner\">\n\t\t<div class=\"elementor-element elementor-element-14af648 obcs none e-flex e-con-boxed e-con e-child\" data-id=\"14af648\" data-element_type=\"container\" data-settings=\"{&quot;background_background&quot;:&quot;classic&quot;}\">\n\t\t\t\t\t<div class=\"e-con-inner\">\n\t\t\t\t<div class=\"elementor-element elementor-element-23f1fc4 elementor-widget__width-initial elementor-widget-tablet__width-initial elementor-widget elementor-widget-image\" data-id=\"23f1fc4\" data-element_type=\"widget\" data-widget_type=\"image.default\">\n\t\t\t\t<div class=\"elementor-widget-container\">\n\t\t\t\t\t\t\t\t\t\t\t\t\t\t\t<img loading=\"lazy\" decoding=\"async\" width=\"768\" height=\"768\" src=\"https:\/\/www.omni-biotic.com\/sk-sk\/wp-content\/uploads\/sites\/9\/2023\/03\/diagnose-ced-768x768.png\" class=\"attachment-medium_large size-medium_large wp-image-13032\" alt=\"\" srcset=\"https:\/\/www.omni-biotic.com\/sk-sk\/wp-content\/uploads\/sites\/9\/2023\/03\/diagnose-ced-768x768.png 768w, https:\/\/www.omni-biotic.com\/sk-sk\/wp-content\/uploads\/sites\/9\/2023\/03\/diagnose-ced-300x300.png 300w, https:\/\/www.omni-biotic.com\/sk-sk\/wp-content\/uploads\/sites\/9\/2023\/03\/diagnose-ced-150x150.png 150w, https:\/\/www.omni-biotic.com\/sk-sk\/wp-content\/uploads\/sites\/9\/2023\/03\/diagnose-ced.png 800w\" sizes=\"(max-width: 768px) 100vw, 768px\" title=\"\">\t\t\t\t\t\t\t\t\t\t\t\t\t\t\t<\/div>\n\t\t\t\t<\/div>\n\t\t<div class=\"elementor-element elementor-element-2bb21a3 obcs none e-flex e-con-boxed e-con e-child\" data-id=\"2bb21a3\" data-element_type=\"container\">\n\t\t\t\t\t<div class=\"e-con-inner\">\n\t\t\t\t<div class=\"elementor-element elementor-element-f52235f elementor-widget__width-inherit elementor-widget elementor-widget-heading\" data-id=\"f52235f\" data-element_type=\"widget\" data-widget_type=\"heading.default\">\n\t\t\t\t<div class=\"elementor-widget-container\">\n\t\t\t\t\t<h2 class=\"elementor-heading-title elementor-size-default\">Ako sa IBD diagnostikuje?<\/h2>\t\t\t\t<\/div>\n\t\t\t\t<\/div>\n\t\t\t\t<div class=\"elementor-element elementor-element-6acb256 elementor-widget elementor-widget-text-editor\" data-id=\"6acb256\" data-element_type=\"widget\" data-widget_type=\"text-editor.default\">\n\t\t\t\t<div class=\"elementor-widget-container\">\n\t\t\t\t\t\t\t\t\t<p>Diagn\u00f3za z\u00e1palov\u00e9ho ochorenia \u010driev sa stanovuje na z\u00e1klade <strong>typick\u00e9ho priebehu<\/strong> pr\u00edznakov, po <strong>kolonoskopii<\/strong> a pomocou zobrazovac\u00edch met\u00f3d.<\/p><p>V ka\u017edom jednotlivom pr\u00edpade mus\u00ed lek\u00e1r skontrolova\u0165, \u010di ide skuto\u010dne o IBD alebo o in\u00e9 ochorenie. Mnoh\u00e9 <strong>infek\u010dn\u00e9 ochorenia<\/strong> sa tie\u017e prejavuj\u00fa hna\u010dkou a podobn\u00e9 \u0165a\u017ekosti sp\u00f4sobuje aj <strong>nezn\u00e1\u0161anlivos\u0165 liekov<\/strong>.<\/p><p>Najm\u00e4 <strong>u star\u0161\u00edch \u013eud\u00ed<\/strong> je d\u00f4le\u017eit\u00e9 overi\u0165, \u010di za pr\u00edznaky nie je zodpovedn\u00fd <strong>nedostato\u010dn\u00fd prietok krvi<\/strong>. (Uz\u00e1very ciev (tromb\u00f3zy) v cievnom syst\u00e9me \u010dreva: <strong>ischemick\u00e1 kolit\u00edda<\/strong> (z\u00e1pal \u010dreva sp\u00f4soben\u00fd nedostatkom krvi).<\/p>\t\t\t\t\t\t\t\t<\/div>\n\t\t\t\t<\/div>\n\t\t\t\t\t<\/div>\n\t\t\t\t<\/div>\n\t\t\t\t\t<\/div>\n\t\t\t\t<\/div>\n\t\t\t\t\t<\/div>\n\t\t\t\t<\/div>\n\t\t<div class=\"elementor-element elementor-element-dbf43ee obcs none e-flex e-con-boxed e-con e-parent\" data-id=\"dbf43ee\" data-element_type=\"container\">\n\t\t\t\t\t<div class=\"e-con-inner\">\n\t\t<div class=\"elementor-element elementor-element-c88499a obcs none e-flex e-con-boxed e-con e-child\" data-id=\"c88499a\" data-element_type=\"container\">\n\t\t\t\t\t<div class=\"e-con-inner\">\n\t\t\t\t<div class=\"elementor-element elementor-element-18ae2a1 elementor-widget elementor-widget-heading\" data-id=\"18ae2a1\" data-element_type=\"widget\" data-widget_type=\"heading.default\">\n\t\t\t\t<div class=\"elementor-widget-container\">\n\t\t\t\t\t<h3 class=\"elementor-heading-title elementor-size-default\">Na za\u010diatku ka\u017edej diagn\u00f3zy je podrobn\u00fd anamnestick\u00fd rozhovor s lek\u00e1rom:<\/h3>\t\t\t\t<\/div>\n\t\t\t\t<\/div>\n\t\t\t\t<div class=\"elementor-element elementor-element-94624e8 elementor-widget elementor-widget-text-editor\" data-id=\"94624e8\" data-element_type=\"widget\" data-widget_type=\"text-editor.default\">\n\t\t\t\t<div class=\"elementor-widget-container\">\n\t\t\t\t\t\t\t\t\t<ul><li>Kde m\u00e1te bolesti a v ak\u00fdch situ\u00e1ci\u00e1ch sa vyskytuj\u00fa?<\/li><li>M\u00e1te hna\u010dku, krv alebo hlien v stolici? Ako \u010dasto m\u00e1te stolicu?<\/li><li>V\u0161imli ste si s\u00favislos\u0165 medzi boles\u0165ou a ur\u010dit\u00fdmi jedlami alebo n\u00e1pojmi? M\u00e1te \u010dasto \u010drevn\u00e9 infekcie (&#8222;\u017eal\u00fado\u010dn\u00fa chr\u00edpku&#8220;)?<\/li><li>M\u00e1te \u010fal\u0161ie pr\u00edznaky, ako je vracanie, boles\u0165 svalov a k\u013abov, p\u00e1lenie z\u00e1hy a hor\u00fa\u010dka? C\u00edtite sa r\u00fdchlo unaven\u00ed? Schudli ste? To je typick\u00e9 pre ulcer\u00f3znu kolit\u00eddu (an\u00e9miu).<\/li><li>M\u00e1te nejak\u00e9 in\u00e9 ochorenia? (Napr\u00edklad cholangit\u00edda, t. j. z\u00e1pal \u017el\u010dov\u00fdch ciest; konjunktivit\u00edda, t. j. z\u00e1pal o\u010d\u00ed; dermatit\u00edda, t. j. ko\u017en\u00e9 ochorenie)?<\/li><li>U\u017e\u00edvate pravidelne lieky?<\/li><li>Rodinn\u00e1 anamn\u00e9za (v\u00fdskyt ochorenia v rodine; genetick\u00e1 zlo\u017eka sa predpoklad\u00e1 pri Crohnovej chorobe a v men\u0161ej miere pri ulcer\u00f3znej kolit\u00edde).<\/li><\/ul>\t\t\t\t\t\t\t\t<\/div>\n\t\t\t\t<\/div>\n\t\t\t\t\t<\/div>\n\t\t\t\t<\/div>\n\t\t\t\t\t<\/div>\n\t\t\t\t<\/div>\n\t\t<div class=\"elementor-element elementor-element-1cf353f obcs green e-flex e-con-boxed e-con e-parent\" data-id=\"1cf353f\" data-element_type=\"container\">\n\t\t\t\t\t<div class=\"e-con-inner\">\n\t\t<div class=\"elementor-element elementor-element-5acafc6 e-con-full obcs none e-flex e-con e-child\" data-id=\"5acafc6\" data-element_type=\"container\">\n\t\t\t\t<div class=\"elementor-element elementor-element-7305006 elementor-widget elementor-widget-heading\" data-id=\"7305006\" data-element_type=\"widget\" data-widget_type=\"heading.default\">\n\t\t\t\t<div class=\"elementor-widget-container\">\n\t\t\t\t\t<h2 class=\"elementor-heading-title elementor-size-default\">Priebeh diagnostiky<\/h2>\t\t\t\t<\/div>\n\t\t\t\t<\/div>\n\t\t\t\t<div class=\"elementor-element elementor-element-85986f5 elementor-widget elementor-widget-text-editor\" data-id=\"85986f5\" data-element_type=\"widget\" data-widget_type=\"text-editor.default\">\n\t\t\t\t<div class=\"elementor-widget-container\">\n\t\t\t\t\t\t\t\t\t<p>Po podrobnom anamnestickom rozhovore sa vykon\u00e1 <strong>d\u00f4kladn\u00e9 vy\u0161etrenie<\/strong>. Na rozl\u00ed\u0161enie Crohnovej choroby od ulcer\u00f3znej kolit\u00eddy a na vyl\u00fa\u010denie mo\u017en\u00fdch infek\u010dn\u00fdch \u010drevn\u00fdch ochoren\u00ed, ktor\u00e9 maj\u00fa podobn\u00e9 pr\u00edznaky ako IBD, si diagn\u00f3za IBD v\u017edy vy\u017eaduje <strong>vy\u0161etrenie cel\u00e9ho tr\u00e1viaceho traktu<\/strong>.<\/p><p><strong>Endoskopick\u00e9<\/strong> (kolonoskopia &#8211; <strong>vy\u0161etrenie<\/strong> hrub\u00e9ho \u010dreva &#8211; a oesophago-gastro-duodenoskopia (OGD) &#8211; vy\u0161etrenie pa\u017eer\u00e1ka, \u017eal\u00fadka a tenk\u00e9ho \u010dreva) a <strong>r\u00e1diologick\u00e9<\/strong> <strong>vy\u0161etrenia<\/strong> (r\u00f6ntgen, po\u010d\u00edta\u010dov\u00e1 tomografia, skr\u00e1tene CT), <strong>MRI<\/strong> (magnetick\u00e1 rezonancia) sa navz\u00e1jom dop\u013a\u0148aj\u00fa.<\/p><p><strong>Klinick\u00e9 n\u00e1lezy<\/strong> (laborat\u00f3rne a z\u00e1palov\u00e9 parametre (C-reakt\u00edvny prote\u00edn, skr\u00e1tene CRP, ako aj kalprotekt\u00edn at\u010f.), <strong>funkcia pe\u010dene<\/strong> a <strong>obli\u010diek<\/strong> a <strong>histologick\u00e9 vy\u0161etrenia<\/strong> (vy\u0161etrenie jemn\u00e9ho tkaniva, napr. endoskopicky z\u00edskan\u00fdch vzoriek \u010drevnej sliznice) tie\u017e poskytuj\u00fa d\u00f4le\u017eit\u00e9 zistenia.<\/p><p>Musia sa vy\u0161etri\u0165 <strong>n\u00e1znaky ochoren\u00ed pe\u010dene<\/strong>, <strong>\u017el\u010dn\u00edka<\/strong> alebo <strong>pankreasu<\/strong>. Kultiv\u00e1cia stolice a s\u00e9rologick\u00e9 vy\u0161etrenia s\u00fa d\u00f4le\u017eit\u00e9 na rozl\u00ed\u0161enie infek\u010dn\u00fdch hna\u010dkov\u00fdch ochoren\u00ed. A\u017e celkov\u00e9 zv\u00e1\u017eenie n\u00e1lezov vedie k &#8222;mozaikovej diagn\u00f3ze&#8220; chronick\u00e9ho z\u00e1palov\u00e9ho ochorenia \u010driev: U niektor\u00fdch pacientov v\u0161ak nie je mo\u017en\u00e9 prim\u00e1rne zaradenie do Crohnovej choroby alebo ulcer\u00f3znej kolit\u00eddy. A\u017e <strong>priebeh ochorenia<\/strong> umo\u017e\u0148uje definit\u00edvne zaradenie.<\/p>\t\t\t\t\t\t\t\t<\/div>\n\t\t\t\t<\/div>\n\t\t\t\t<\/div>\n\t\t<div class=\"elementor-element elementor-element-21db85a e-con-full obcs none e-flex e-con e-child\" data-id=\"21db85a\" data-element_type=\"container\">\n\t\t\t\t<div class=\"elementor-element elementor-element-4c1be9d e-transform elementor-widget elementor-widget-image\" data-id=\"4c1be9d\" data-element_type=\"widget\" data-settings=\"{&quot;_transform_rotateZ_effect&quot;:{&quot;unit&quot;:&quot;px&quot;,&quot;size&quot;:&quot;0&quot;,&quot;sizes&quot;:[]},&quot;_transform_rotate_3d&quot;:&quot;yes&quot;,&quot;_transform_rotateX_effect&quot;:{&quot;unit&quot;:&quot;px&quot;,&quot;size&quot;:&quot;0&quot;,&quot;sizes&quot;:[]},&quot;_transform_rotateY_effect&quot;:{&quot;unit&quot;:&quot;px&quot;,&quot;size&quot;:&quot;-4&quot;,&quot;sizes&quot;:[]},&quot;_transform_perspective_effect&quot;:{&quot;unit&quot;:&quot;px&quot;,&quot;size&quot;:&quot;650&quot;,&quot;sizes&quot;:[]},&quot;_transform_rotateZ_effect_tablet&quot;:{&quot;unit&quot;:&quot;deg&quot;,&quot;size&quot;:&quot;&quot;,&quot;sizes&quot;:[]},&quot;_transform_rotateZ_effect_mobile&quot;:{&quot;unit&quot;:&quot;deg&quot;,&quot;size&quot;:&quot;&quot;,&quot;sizes&quot;:[]},&quot;_transform_rotateX_effect_tablet&quot;:{&quot;unit&quot;:&quot;deg&quot;,&quot;size&quot;:&quot;&quot;,&quot;sizes&quot;:[]},&quot;_transform_rotateX_effect_mobile&quot;:{&quot;unit&quot;:&quot;deg&quot;,&quot;size&quot;:&quot;&quot;,&quot;sizes&quot;:[]},&quot;_transform_rotateY_effect_tablet&quot;:{&quot;unit&quot;:&quot;deg&quot;,&quot;size&quot;:&quot;&quot;,&quot;sizes&quot;:[]},&quot;_transform_rotateY_effect_mobile&quot;:{&quot;unit&quot;:&quot;deg&quot;,&quot;size&quot;:&quot;&quot;,&quot;sizes&quot;:[]},&quot;_transform_perspective_effect_tablet&quot;:{&quot;unit&quot;:&quot;px&quot;,&quot;size&quot;:&quot;&quot;,&quot;sizes&quot;:[]},&quot;_transform_perspective_effect_mobile&quot;:{&quot;unit&quot;:&quot;px&quot;,&quot;size&quot;:&quot;&quot;,&quot;sizes&quot;:[]}}\" data-widget_type=\"image.default\">\n\t\t\t\t<div class=\"elementor-widget-container\">\n\t\t\t\t\t\t\t\t\t\t\t\t\t\t\t<img loading=\"lazy\" decoding=\"async\" width=\"800\" height=\"800\" src=\"https:\/\/www.omni-biotic.com\/sk-sk\/wp-content\/uploads\/sites\/9\/2023\/03\/diagnose-ablauf-ced-colitis-ulcerosa-morbus-crohn.jpg\" class=\"attachment-full size-full wp-image-13050\" alt=\"\" srcset=\"https:\/\/www.omni-biotic.com\/sk-sk\/wp-content\/uploads\/sites\/9\/2023\/03\/diagnose-ablauf-ced-colitis-ulcerosa-morbus-crohn.jpg 800w, https:\/\/www.omni-biotic.com\/sk-sk\/wp-content\/uploads\/sites\/9\/2023\/03\/diagnose-ablauf-ced-colitis-ulcerosa-morbus-crohn-300x300.jpg 300w, https:\/\/www.omni-biotic.com\/sk-sk\/wp-content\/uploads\/sites\/9\/2023\/03\/diagnose-ablauf-ced-colitis-ulcerosa-morbus-crohn-150x150.jpg 150w, https:\/\/www.omni-biotic.com\/sk-sk\/wp-content\/uploads\/sites\/9\/2023\/03\/diagnose-ablauf-ced-colitis-ulcerosa-morbus-crohn-768x768.jpg 768w\" sizes=\"(max-width: 800px) 100vw, 800px\" title=\"\">\t\t\t\t\t\t\t\t\t\t\t\t\t\t\t<\/div>\n\t\t\t\t<\/div>\n\t\t\t\t<\/div>\n\t\t\t\t\t<\/div>\n\t\t\t\t<\/div>\n\t\t<div class=\"elementor-element elementor-element-cf3813d obcs yellow e-flex e-con-boxed e-con e-parent\" data-id=\"cf3813d\" data-element_type=\"container\">\n\t\t\t\t\t<div class=\"e-con-inner\">\n\t\t<div class=\"elementor-element elementor-element-ac3bb01 e-con-full obcs none e-flex e-con e-child\" data-id=\"ac3bb01\" data-element_type=\"container\">\n\t\t\t\t<div class=\"elementor-element elementor-element-3a4f26b e-transform elementor-widget elementor-widget-image\" data-id=\"3a4f26b\" data-element_type=\"widget\" data-settings=\"{&quot;_transform_rotateZ_effect&quot;:{&quot;unit&quot;:&quot;px&quot;,&quot;size&quot;:&quot;0&quot;,&quot;sizes&quot;:[]},&quot;_transform_rotate_3d&quot;:&quot;yes&quot;,&quot;_transform_rotateX_effect&quot;:{&quot;unit&quot;:&quot;px&quot;,&quot;size&quot;:&quot;0&quot;,&quot;sizes&quot;:[]},&quot;_transform_rotateY_effect&quot;:{&quot;unit&quot;:&quot;px&quot;,&quot;size&quot;:&quot;4&quot;,&quot;sizes&quot;:[]},&quot;_transform_perspective_effect&quot;:{&quot;unit&quot;:&quot;px&quot;,&quot;size&quot;:&quot;650&quot;,&quot;sizes&quot;:[]},&quot;_transform_rotateZ_effect_tablet&quot;:{&quot;unit&quot;:&quot;deg&quot;,&quot;size&quot;:&quot;&quot;,&quot;sizes&quot;:[]},&quot;_transform_rotateZ_effect_mobile&quot;:{&quot;unit&quot;:&quot;deg&quot;,&quot;size&quot;:&quot;&quot;,&quot;sizes&quot;:[]},&quot;_transform_rotateX_effect_tablet&quot;:{&quot;unit&quot;:&quot;deg&quot;,&quot;size&quot;:&quot;&quot;,&quot;sizes&quot;:[]},&quot;_transform_rotateX_effect_mobile&quot;:{&quot;unit&quot;:&quot;deg&quot;,&quot;size&quot;:&quot;&quot;,&quot;sizes&quot;:[]},&quot;_transform_rotateY_effect_tablet&quot;:{&quot;unit&quot;:&quot;deg&quot;,&quot;size&quot;:&quot;&quot;,&quot;sizes&quot;:[]},&quot;_transform_rotateY_effect_mobile&quot;:{&quot;unit&quot;:&quot;deg&quot;,&quot;size&quot;:&quot;&quot;,&quot;sizes&quot;:[]},&quot;_transform_perspective_effect_tablet&quot;:{&quot;unit&quot;:&quot;px&quot;,&quot;size&quot;:&quot;&quot;,&quot;sizes&quot;:[]},&quot;_transform_perspective_effect_mobile&quot;:{&quot;unit&quot;:&quot;px&quot;,&quot;size&quot;:&quot;&quot;,&quot;sizes&quot;:[]}}\" data-widget_type=\"image.default\">\n\t\t\t\t<div class=\"elementor-widget-container\">\n\t\t\t\t\t\t\t\t\t\t\t\t\t\t\t<img loading=\"lazy\" decoding=\"async\" width=\"800\" height=\"800\" src=\"https:\/\/www.omni-biotic.com\/sk-sk\/wp-content\/uploads\/sites\/9\/2023\/03\/behandlung-ced-morbus-crohn-colitis-ulcerosa-was-hilft.jpg\" class=\"attachment-large size-large wp-image-13058\" alt=\"\" srcset=\"https:\/\/www.omni-biotic.com\/sk-sk\/wp-content\/uploads\/sites\/9\/2023\/03\/behandlung-ced-morbus-crohn-colitis-ulcerosa-was-hilft.jpg 1024w, https:\/\/www.omni-biotic.com\/sk-sk\/wp-content\/uploads\/sites\/9\/2023\/03\/behandlung-ced-morbus-crohn-colitis-ulcerosa-was-hilft-300x300.jpg 300w, https:\/\/www.omni-biotic.com\/sk-sk\/wp-content\/uploads\/sites\/9\/2023\/03\/behandlung-ced-morbus-crohn-colitis-ulcerosa-was-hilft-150x150.jpg 150w, https:\/\/www.omni-biotic.com\/sk-sk\/wp-content\/uploads\/sites\/9\/2023\/03\/behandlung-ced-morbus-crohn-colitis-ulcerosa-was-hilft-768x768.jpg 768w\" sizes=\"(max-width: 800px) 100vw, 800px\" title=\"\">\t\t\t\t\t\t\t\t\t\t\t\t\t\t\t<\/div>\n\t\t\t\t<\/div>\n\t\t\t\t<\/div>\n\t\t<div class=\"elementor-element elementor-element-6705dde e-con-full obcs none e-flex e-con e-child\" data-id=\"6705dde\" data-element_type=\"container\">\n\t\t\t\t<div class=\"elementor-element elementor-element-b89e61c elementor-widget elementor-widget-heading\" data-id=\"b89e61c\" data-element_type=\"widget\" data-widget_type=\"heading.default\">\n\t\t\t\t<div class=\"elementor-widget-container\">\n\t\t\t\t\t<h2 class=\"elementor-heading-title elementor-size-default\">Ako sa daj\u00fa lie\u010di\u0165 z\u00e1palov\u00e9 ochorenia \u010driev?<\/h2>\t\t\t\t<\/div>\n\t\t\t\t<\/div>\n\t\t\t\t<div class=\"elementor-element elementor-element-5efd190 elementor-widget elementor-widget-text-editor\" data-id=\"5efd190\" data-element_type=\"widget\" data-widget_type=\"text-editor.default\">\n\t\t\t\t<div class=\"elementor-widget-container\">\n\t\t\t\t\t\t\t\t\t<p>Crohnova choroba a ulcer\u00f3zna kolit\u00edda sa v s\u00fa\u010dasnosti <strong>e\u0161te nedaj\u00fa vylie\u010di\u0165<\/strong>. Terapeutick\u00e9 opatrenia s\u00fa zameran\u00e9 predov\u0161etk\u00fdm na <strong>zlep\u0161enie kvality \u017eivota<\/strong> chor\u00e9ho, <strong>odstr\u00e1nenie<\/strong> alebo <strong>zmiernenie pr\u00edznakov<\/strong>, minimaliz\u00e1ciu recid\u00edv z\u00e1palu a prevenciu komplik\u00e1ci\u00ed.<\/p><p>Pre lie\u010dbu je obzvl\u00e1\u0161\u0165 d\u00f4le\u017eit\u00e9 pozna\u0165 presn\u00fa lokaliz\u00e1ciu z\u00e1palu v \u017eal\u00fadku a \u010drevnom trakte. Okrem odpor\u00fa\u010dan\u00ed, ako sa s ochoren\u00edm vysporiada\u0165 v ka\u017edodennom \u017eivote a s oh\u013eadom na stravu, s\u00fa \u00fastrednou zlo\u017ekou terapie lieky. D\u00f4raz sa kladie na<strong> lie\u010dbu protiz\u00e1palov\u00fdmi liekmi<\/strong>.<\/p>\t\t\t\t\t\t\t\t<\/div>\n\t\t\t\t<\/div>\n\t\t\t\t<\/div>\n\t\t\t\t\t<\/div>\n\t\t\t\t<\/div>\n\t\t<div class=\"elementor-element elementor-element-d389512 obcs none e-flex e-con-boxed e-con e-parent\" data-id=\"d389512\" data-element_type=\"container\">\n\t\t\t\t\t<div class=\"e-con-inner\">\n\t\t<div class=\"elementor-element elementor-element-c1d22c1 obcs none e-flex e-con-boxed e-con e-child\" data-id=\"c1d22c1\" data-element_type=\"container\">\n\t\t\t\t\t<div class=\"e-con-inner\">\n\t\t\t\t<div class=\"elementor-element elementor-element-7a290ad elementor-widget elementor-widget-heading\" data-id=\"7a290ad\" data-element_type=\"widget\" data-widget_type=\"heading.default\">\n\t\t\t\t<div class=\"elementor-widget-container\">\n\t\t\t\t\t<h3 class=\"elementor-heading-title elementor-size-default\">Lie\u010dba ulcer\u00f3znej kolit\u00eddy<\/h3>\t\t\t\t<\/div>\n\t\t\t\t<\/div>\n\t\t\t\t<div class=\"elementor-element elementor-element-892e986 elementor-widget elementor-widget-text-editor\" data-id=\"892e986\" data-element_type=\"widget\" data-widget_type=\"text-editor.default\">\n\t\t\t\t<div class=\"elementor-widget-container\">\n\t\t\t\t\t\t\t\t\t<p>Naj\u010dastej\u0161\u00edm <strong>liekom<\/strong> pri ulcer\u00f3znej kolit\u00edde je <strong>mesalaz\u00edn (kyselina 5-aminosalicylov\u00e1)<\/strong>. Ke\u010f\u017ee hrub\u00e9 \u010drevo, ktor\u00e9 je pri tomto ochoren\u00ed postihnut\u00e9 najm\u00e4, je pre lieky pr\u00edstupn\u00e9 cez kone\u010dn\u00edk, existuj\u00fa okrem tabliet a kaps\u00fal, ktor\u00e9 sa preh\u013ataj\u00fa, aj <strong>\u010dap\u00edky<\/strong>, <strong>klyst\u00edry<\/strong> a <strong>peny<\/strong>, ktor\u00e9 m\u00f4\u017eu p\u00f4sobi\u0165 <strong>priamo v mieste z\u00e1palu<\/strong>.<\/p><p>Okrem toho sa pri ulcer\u00f3znej kolit\u00edde pou\u017e\u00edvaj\u00fa <strong>glukokortikoidy (kortiz\u00f3ny)<\/strong>, imunosupres\u00edva a protil\u00e1tky <strong>proti z\u00e1palov\u00fdm faktorom<\/strong>. Okrem toho sa v klinick\u00fdch \u0161t\u00fadi\u00e1ch zistilo a preuk\u00e1zalo, \u017ee najm\u00e4<strong> bakteri\u00e1lna fl\u00f3ra<\/strong> m\u00e1 v\u00fdznamn\u00fd vplyv na vznik a priebeh ulcer\u00f3znej kolit\u00eddy. Vo f\u00e1zach bez pr\u00edznakov sa niektor\u00e9<strong> probiotick\u00e9 bakteri\u00e1lne kmene<\/strong> uk\u00e1zali by\u0165 <strong>rovnako \u00fa\u010dinn\u00e9 a protiz\u00e1palov\u00e9 ako mesalaz\u00edn<\/strong>. Z\u00e1rove\u0148 sa <strong>probiotick\u00e1 terapia<\/strong> v porovnan\u00ed so \u0161tandardn\u00fdmi liekmi nesp\u00e1ja so <strong>\u017eiadnymi ved\u013eaj\u0161\u00edmi \u00fa\u010dinkami.<\/strong> Bakteri\u00e1lne produkty nebojuj\u00fa len proti pr\u00edznakom, ale p\u00f4sobia <strong>priamo proti<\/strong> \u0161kodliv\u00fdm <strong>pr\u00ed\u010din\u00e1m<\/strong> IBD.<\/p>\t\t\t\t\t\t\t\t<\/div>\n\t\t\t\t<\/div>\n\t\t\t\t<div class=\"elementor-element elementor-element-bc6be09 elementor-widget elementor-widget-heading\" data-id=\"bc6be09\" data-element_type=\"widget\" data-widget_type=\"heading.default\">\n\t\t\t\t<div class=\"elementor-widget-container\">\n\t\t\t\t\t<h3 class=\"elementor-heading-title elementor-size-default\">Mo\u017enosti lie\u010dby Crohnovej choroby<\/h3>\t\t\t\t<\/div>\n\t\t\t\t<\/div>\n\t\t\t\t<div class=\"elementor-element elementor-element-bd04ab1 elementor-widget elementor-widget-text-editor\" data-id=\"bd04ab1\" data-element_type=\"widget\" data-widget_type=\"text-editor.default\">\n\t\t\t\t<div class=\"elementor-widget-container\">\n\t\t\t\t\t\t\t\t\t<p>Aj pri <strong>Crohnovej chorobe<\/strong> s\u00fa hlavn\u00fdmi liekmi <strong>glukokortikoidy<\/strong>, <strong>imunosupres\u00edva<\/strong> a <strong>protil\u00e1tky<\/strong>, najm\u00e4 proti ur\u010dit\u00fdm z\u00e1palov\u00fdm faktorom. Rozli\u0161uj\u00fa sa pr\u00edpravky, ktor\u00e9 <strong>zlep\u0161uj\u00fa pr\u00edznaky vo f\u00e1ze z\u00e1palu<\/strong> (pri akt\u00edvnom relapse), a tie, ktor\u00e9 s\u00fa<strong> ur\u010den\u00e9 na zn\u00ed\u017eenie pravdepodobnosti nov\u00fdch prepuknut\u00ed<\/strong>.<\/p>\t\t\t\t\t\t\t\t<\/div>\n\t\t\t\t<\/div>\n\t\t\t\t<div class=\"elementor-element elementor-element-9ae5193 elementor-widget elementor-widget-heading\" data-id=\"9ae5193\" data-element_type=\"widget\" data-widget_type=\"heading.default\">\n\t\t\t\t<div class=\"elementor-widget-container\">\n\t\t\t\t\t<h3 class=\"elementor-heading-title elementor-size-default\">Kedy je potrebn\u00e1 oper\u00e1cia?<\/h3>\t\t\t\t<\/div>\n\t\t\t\t<\/div>\n\t\t\t\t<div class=\"elementor-element elementor-element-d046a5e elementor-widget elementor-widget-text-editor\" data-id=\"d046a5e\" data-element_type=\"widget\" data-widget_type=\"text-editor.default\">\n\t\t\t\t<div class=\"elementor-widget-container\">\n\t\t\t\t\t\t\t\t\t<p>Napriek mnoh\u00fdm lie\u010debn\u00fdm mo\u017enostiam <strong>m\u00f4\u017ee by\u0165 potrebn\u00e9 vykona\u0165 chirurgick\u00fd z\u00e1krok<\/strong>. V z\u00e1vislosti od hlavn\u00e9ho lo\u017eiska z\u00e1palu sa pou\u017e\u00edvaj\u00fa r\u00f4zne chirurgick\u00e9 postupy. D\u00f4vodom na chirurgick\u00fd z\u00e1krok s\u00fa <strong>komplik\u00e1cie<\/strong>, ako je <strong>siln\u00e9 krv\u00e1canie<\/strong>, <strong>perfor\u00e1cia<\/strong> <strong>\u010dreva<\/strong>, z\u00e1pal, ktor\u00fd nereaguje dostato\u010dne na lieky, a <strong>v\u00fdskyt rakoviny hrub\u00e9ho \u010dreva<\/strong> alebo <strong>predrakovinov\u00fdch zmien<\/strong>. Riziko vzniku rakoviny hrub\u00e9ho \u010dreva je zv\u00fd\u0161en\u00e9 pri ulcer\u00f3znej kolit\u00edde a pri Crohnovej chorobe, ke\u010f je postihnut\u00e9 hrub\u00e9 \u010drevo. D\u00f4le\u017eit\u00fa \u00falohu zohr\u00e1va <strong>rozsah z\u00e1palu<\/strong>. Chirurgick\u00fd z\u00e1krok sa st\u00e1va nevyhnutn\u00fdm u pacientov s Crohnovou chorobou, ke\u010f sa vyskytn\u00fa komplik\u00e1cie, ako s\u00fa <strong>krv\u00e1canie<\/strong>, <strong>fistuly<\/strong>, \u010drevn\u00e9 ob\u0161trukcie alebo <strong>abscesy<\/strong>.<\/p>\t\t\t\t\t\t\t\t<\/div>\n\t\t\t\t<\/div>\n\t\t\t\t\t<\/div>\n\t\t\t\t<\/div>\n\t\t\t\t\t<\/div>\n\t\t\t\t<\/div>\n\t\t<div class=\"elementor-element elementor-element-edf0f2b obcs green e-flex e-con-boxed e-con e-parent\" data-id=\"edf0f2b\" data-element_type=\"container\">\n\t\t\t\t\t<div class=\"e-con-inner\">\n\t\t<div class=\"elementor-element elementor-element-5f623fa e-con-full obcs none e-flex e-con e-child\" data-id=\"5f623fa\" data-element_type=\"container\">\n\t\t\t\t<div class=\"elementor-element elementor-element-2f22473 elementor-widget elementor-widget-heading\" data-id=\"2f22473\" data-element_type=\"widget\" data-widget_type=\"heading.default\">\n\t\t\t\t<div class=\"elementor-widget-container\">\n\t\t\t\t\t<h2 class=\"elementor-heading-title elementor-size-default\">\u010co pom\u00e1ha pri IBD?<\/h2>\t\t\t\t<\/div>\n\t\t\t\t<\/div>\n\t\t\t\t<div class=\"elementor-element elementor-element-956689c elementor-widget elementor-widget-heading\" data-id=\"956689c\" data-element_type=\"widget\" data-widget_type=\"heading.default\">\n\t\t\t\t<div class=\"elementor-widget-container\">\n\t\t\t\t\t<h3 class=\"elementor-heading-title elementor-size-default\">Lie\u010div\u00e9 rastliny a integrat\u00edvne doplnkov\u00e9 terapie<\/h3>\t\t\t\t<\/div>\n\t\t\t\t<\/div>\n\t\t\t\t<div class=\"elementor-element elementor-element-1dbc654 elementor-widget elementor-widget-text-editor\" data-id=\"1dbc654\" data-element_type=\"widget\" data-widget_type=\"text-editor.default\">\n\t\t\t\t<div class=\"elementor-widget-container\">\n\t\t\t\t\t\t\t\t\t<p>Existuj\u00fa ur\u010dit\u00e9 poznatky o pr\u00edpravkoch s <strong>kadidlom<\/strong>, <strong>myrhou<\/strong> a <strong>harman\u010dekom<\/strong>. Maj\u00fa <strong>protiz\u00e1palov\u00fd \u00fa\u010dinok<\/strong>. Pr\u00edpravok s extraktom z kadidla m\u00e1 \u00fadajne pri <strong>Crohnovej chorobe<\/strong> podobn\u00e9 v\u00fdsledky ako <strong>mesalaz\u00edn<\/strong> (ktor\u00fd m\u00e1 pri Crohnovej chorobe len obmedzen\u00fd \u00fa\u010dinok). Typick\u00e9 \u0165a\u017ekosti, ako s\u00fa <strong>k\u0155\u010de<\/strong> <strong>v bruchu<\/strong>, <strong>hna\u010dka<\/strong> a <strong>k\u013abov\u00e9<\/strong> <strong>\u0165a\u017ekosti<\/strong>, sa mohli zlep\u0161i\u0165 u dvoch tret\u00edn pacientov.<\/p><p>Porovnate\u013en\u00e9 \u0161t\u00fadie sa uskuto\u010dnili pri <strong>ulcer\u00f3znej kolit\u00edde<\/strong>. <strong>Kadidlo<\/strong> aj <strong>myrha<\/strong> obsahuj\u00fa <strong>triterpenov\u00e9 kyseliny<\/strong>, ktor\u00e9 s\u00fa zodpovedn\u00e9 za <strong>protiz\u00e1palov\u00e9 \u00fa\u010dinky<\/strong> pri ulcer\u00f3znej kolit\u00edde. Myrha m\u00e1 aj protik\u0155\u010dov\u00fd \u00fa\u010dinok, preto\u017ee <strong>zni\u017euje prudkos\u0165 \u010drevn\u00fdch kontrakci\u00ed<\/strong> a<strong> uvo\u013e\u0148uje \u010drevn\u00e9 svalstvo<\/strong>. Ako \u00fa\u010dinn\u00e1 sa uk\u00e1zala najm\u00e4 trojkombin\u00e1cia kadidla, myrhy a<strong> k\u00e1vov\u00e9ho uhlia<\/strong>. Obdobie bez pr\u00edznakov sa d\u00e1 udr\u017ea\u0165 rovnako dobre (ako sa sk\u00famalo v malej \u0161t\u00fadii) ako pri mesalaz\u00edne.<\/p><p>Americk\u00ed vedci sa zaoberali aj <strong>protiz\u00e1palov\u00fdm \u00fa\u010dinkom kurkumy<\/strong>. V \u0161t\u00fadii sa de\u0165om trpiacim Crohnovou chorobou alebo ulcer\u00f3znou kolit\u00eddou pod\u00e1val extrakt z kurkum\u00ednu v kapsuliach. D\u00e1vku 4 g v\u00e4\u010d\u0161ina det\u00ed <strong>dobre zn\u00e1\u0161ala a pr\u00edznaky IBD sa zlep\u0161ili<\/strong>.<\/p>\t\t\t\t\t\t\t\t<\/div>\n\t\t\t\t<\/div>\n\t\t\t\t<\/div>\n\t\t<div class=\"elementor-element elementor-element-bdf0606 e-con-full obcs none e-flex e-con e-child\" data-id=\"bdf0606\" data-element_type=\"container\">\n\t\t\t\t<div class=\"elementor-element elementor-element-11d7396 e-transform elementor-widget elementor-widget-image\" data-id=\"11d7396\" data-element_type=\"widget\" data-settings=\"{&quot;_transform_rotateZ_effect&quot;:{&quot;unit&quot;:&quot;px&quot;,&quot;size&quot;:&quot;0&quot;,&quot;sizes&quot;:[]},&quot;_transform_rotate_3d&quot;:&quot;yes&quot;,&quot;_transform_rotateX_effect&quot;:{&quot;unit&quot;:&quot;px&quot;,&quot;size&quot;:&quot;0&quot;,&quot;sizes&quot;:[]},&quot;_transform_rotateY_effect&quot;:{&quot;unit&quot;:&quot;px&quot;,&quot;size&quot;:&quot;-4&quot;,&quot;sizes&quot;:[]},&quot;_transform_perspective_effect&quot;:{&quot;unit&quot;:&quot;px&quot;,&quot;size&quot;:&quot;650&quot;,&quot;sizes&quot;:[]},&quot;_transform_rotateZ_effect_tablet&quot;:{&quot;unit&quot;:&quot;deg&quot;,&quot;size&quot;:&quot;&quot;,&quot;sizes&quot;:[]},&quot;_transform_rotateZ_effect_mobile&quot;:{&quot;unit&quot;:&quot;deg&quot;,&quot;size&quot;:&quot;&quot;,&quot;sizes&quot;:[]},&quot;_transform_rotateX_effect_tablet&quot;:{&quot;unit&quot;:&quot;deg&quot;,&quot;size&quot;:&quot;&quot;,&quot;sizes&quot;:[]},&quot;_transform_rotateX_effect_mobile&quot;:{&quot;unit&quot;:&quot;deg&quot;,&quot;size&quot;:&quot;&quot;,&quot;sizes&quot;:[]},&quot;_transform_rotateY_effect_tablet&quot;:{&quot;unit&quot;:&quot;deg&quot;,&quot;size&quot;:&quot;&quot;,&quot;sizes&quot;:[]},&quot;_transform_rotateY_effect_mobile&quot;:{&quot;unit&quot;:&quot;deg&quot;,&quot;size&quot;:&quot;&quot;,&quot;sizes&quot;:[]},&quot;_transform_perspective_effect_tablet&quot;:{&quot;unit&quot;:&quot;px&quot;,&quot;size&quot;:&quot;&quot;,&quot;sizes&quot;:[]},&quot;_transform_perspective_effect_mobile&quot;:{&quot;unit&quot;:&quot;px&quot;,&quot;size&quot;:&quot;&quot;,&quot;sizes&quot;:[]}}\" data-widget_type=\"image.default\">\n\t\t\t\t<div class=\"elementor-widget-container\">\n\t\t\t\t\t\t\t\t\t\t\t\t\t\t\t<img loading=\"lazy\" decoding=\"async\" width=\"800\" height=\"800\" src=\"https:\/\/www.omni-biotic.com\/sk-sk\/wp-content\/uploads\/sites\/9\/2023\/03\/heilpflanzen-natuerliche-medikation-ced.jpg\" class=\"attachment-large size-large wp-image-13074\" alt=\"Nat\u00fcrliche Heilmittel bei CED - Heilpflanzen\" srcset=\"https:\/\/www.omni-biotic.com\/sk-sk\/wp-content\/uploads\/sites\/9\/2023\/03\/heilpflanzen-natuerliche-medikation-ced.jpg 1024w, https:\/\/www.omni-biotic.com\/sk-sk\/wp-content\/uploads\/sites\/9\/2023\/03\/heilpflanzen-natuerliche-medikation-ced-300x300.jpg 300w, https:\/\/www.omni-biotic.com\/sk-sk\/wp-content\/uploads\/sites\/9\/2023\/03\/heilpflanzen-natuerliche-medikation-ced-150x150.jpg 150w, https:\/\/www.omni-biotic.com\/sk-sk\/wp-content\/uploads\/sites\/9\/2023\/03\/heilpflanzen-natuerliche-medikation-ced-768x768.jpg 768w\" sizes=\"(max-width: 800px) 100vw, 800px\" title=\"\">\t\t\t\t\t\t\t\t\t\t\t\t\t\t\t<\/div>\n\t\t\t\t<\/div>\n\t\t\t\t<\/div>\n\t\t\t\t\t<\/div>\n\t\t\t\t<\/div>\n\t\t<div class=\"elementor-element elementor-element-ac96918 obcs none e-flex e-con-boxed e-con e-parent\" data-id=\"ac96918\" data-element_type=\"container\">\n\t\t\t\t\t<div class=\"e-con-inner\">\n\t\t<div class=\"elementor-element elementor-element-f188344 obcs none e-flex e-con-boxed e-con e-child\" data-id=\"f188344\" data-element_type=\"container\">\n\t\t\t\t\t<div class=\"e-con-inner\">\n\t\t\t\t<div class=\"elementor-element elementor-element-0e8682a elementor-widget elementor-widget-heading\" data-id=\"0e8682a\" data-element_type=\"widget\" data-widget_type=\"heading.default\">\n\t\t\t\t<div class=\"elementor-widget-container\">\n\t\t\t\t\t<h2 class=\"elementor-heading-title elementor-size-default\">Zop\u00e1r r\u00e1d pri z\u00e1palov\u00fdch ochoreniach \u010dreva<\/h2>\t\t\t\t<\/div>\n\t\t\t\t<\/div>\n\t\t\t\t<div class=\"elementor-element elementor-element-4c1bf76 elementor-widget elementor-widget-heading\" data-id=\"4c1bf76\" data-element_type=\"widget\" data-widget_type=\"heading.default\">\n\t\t\t\t<div class=\"elementor-widget-container\">\n\t\t\t\t\t<h3 class=\"elementor-heading-title elementor-size-default\">1.<\/h3>\t\t\t\t<\/div>\n\t\t\t\t<\/div>\n\t\t\t\t<div class=\"elementor-element elementor-element-0765fa8 elementor-widget elementor-widget-text-editor\" data-id=\"0765fa8\" data-element_type=\"widget\" data-widget_type=\"text-editor.default\">\n\t\t\t\t<div class=\"elementor-widget-container\">\n\t\t\t\t\t\t\t\t\t<p>Presn\u00e1 pr\u00ed\u010dina IBD zatia\u013e nie je zn\u00e1ma. D\u00f4le\u017eit\u00fdm faktorom pre <strong>prepuknutie n\u00e1vratu<\/strong> ochorenia je v\u0161ak<strong> psychick\u00fd stav<\/strong>. <strong>Stres<\/strong> m\u00f4\u017ee spusti\u0165 nov\u00fa recid\u00edvu. Preto je d\u00f4le\u017eit\u00e9 zaradi\u0165 do ka\u017edodenn\u00e9ho \u017eivota dostato\u010dn\u00e9 f\u00e1zy odpo\u010dinku a chv\u00edle relax\u00e1cie.<\/p>\t\t\t\t\t\t\t\t<\/div>\n\t\t\t\t<\/div>\n\t\t\t\t<div class=\"elementor-element elementor-element-a26953d elementor-widget elementor-widget-heading\" data-id=\"a26953d\" data-element_type=\"widget\" data-widget_type=\"heading.default\">\n\t\t\t\t<div class=\"elementor-widget-container\">\n\t\t\t\t\t<h3 class=\"elementor-heading-title elementor-size-default\">2.<\/h3>\t\t\t\t<\/div>\n\t\t\t\t<\/div>\n\t\t\t\t<div class=\"elementor-element elementor-element-4f8d39d elementor-widget elementor-widget-text-editor\" data-id=\"4f8d39d\" data-element_type=\"widget\" data-widget_type=\"text-editor.default\">\n\t\t\t\t<div class=\"elementor-widget-container\">\n\t\t\t\t\t\t\t\t\t<p>Odstr\u00e1\u0148te z jed\u00e1lneho l\u00edstka <strong>potraviny<\/strong>, ktor\u00e9 sp\u00f4sobuj\u00fa plynatos\u0165 a \u0165a\u017eko sa tr\u00e1via! Potravinov\u00fd denn\u00edk je u\u017eito\u010dn\u00fd na zistenie, ktor\u00e9 potraviny a n\u00e1poje s\u00fa dobre zn\u00e1\u0161an\u00e9 a ktor\u00e9 situ\u00e1cie maj\u00fa negat\u00edvny vplyv na pr\u00edznaky. D\u00e1vajte si <strong>pozor na vl\u00e1kninu<\/strong>!<\/p>\t\t\t\t\t\t\t\t<\/div>\n\t\t\t\t<\/div>\n\t\t\t\t<div class=\"elementor-element elementor-element-0a5c7bc elementor-widget elementor-widget-heading\" data-id=\"0a5c7bc\" data-element_type=\"widget\" data-widget_type=\"heading.default\">\n\t\t\t\t<div class=\"elementor-widget-container\">\n\t\t\t\t\t<h3 class=\"elementor-heading-title elementor-size-default\">3.<\/h3>\t\t\t\t<\/div>\n\t\t\t\t<\/div>\n\t\t\t\t<div class=\"elementor-element elementor-element-0e4c769 elementor-widget elementor-widget-text-editor\" data-id=\"0e4c769\" data-element_type=\"widget\" data-widget_type=\"text-editor.default\">\n\t\t\t\t<div class=\"elementor-widget-container\">\n\t\t\t\t\t\t\t\t\t<p><strong>Akceptovanie choroby<\/strong> je d\u00f4le\u017eit\u00fdm krokom. Prostredn\u00edctvom skup\u00edn zameran\u00fdch na vz\u00e1jomn\u00fa pomoc je mo\u017en\u00e9 nadviaza\u0165 kontakt s \u010fal\u0161\u00edmi \u013eu\u010fmi postihnut\u00fdmi touto chorobou.<\/p>\t\t\t\t\t\t\t\t<\/div>\n\t\t\t\t<\/div>\n\t\t\t\t<div class=\"elementor-element elementor-element-1829243 elementor-widget elementor-widget-heading\" data-id=\"1829243\" data-element_type=\"widget\" data-widget_type=\"heading.default\">\n\t\t\t\t<div class=\"elementor-widget-container\">\n\t\t\t\t\t<h3 class=\"elementor-heading-title elementor-size-default\">4.<\/h3>\t\t\t\t<\/div>\n\t\t\t\t<\/div>\n\t\t\t\t<div class=\"elementor-element elementor-element-63abe6e elementor-widget elementor-widget-text-editor\" data-id=\"63abe6e\" data-element_type=\"widget\" data-widget_type=\"text-editor.default\">\n\t\t\t\t<div class=\"elementor-widget-container\">\n\t\t\t\t\t\t\t\t\t<p>Na <strong>prevenciu<\/strong> a podporn\u00fa <strong>lie\u010dbu<\/strong> syndr\u00f3mu dr\u00e1\u017ediv\u00e9ho \u010dreva je ide\u00e1lne (aj dlhodob\u00e9)<strong> u\u017e\u00edvanie probiotick\u00fdch viacdruhov\u00fdch synbiot\u00edk<\/strong>, ktor\u00e9 chr\u00e1nia \u010drevn\u00fa sliznicu a vyrovn\u00e1vaj\u00fa tr\u00e1viace funkcie.<\/p>\t\t\t\t\t\t\t\t<\/div>\n\t\t\t\t<\/div>\n\t\t\t\t<div class=\"elementor-element elementor-element-d2a3555 elementor-widget elementor-widget-heading\" data-id=\"d2a3555\" data-element_type=\"widget\" data-widget_type=\"heading.default\">\n\t\t\t\t<div class=\"elementor-widget-container\">\n\t\t\t\t\t<h3 class=\"elementor-heading-title elementor-size-default\">5.<\/h3>\t\t\t\t<\/div>\n\t\t\t\t<\/div>\n\t\t\t\t<div class=\"elementor-element elementor-element-d4e756c elementor-widget elementor-widget-text-editor\" data-id=\"d4e756c\" data-element_type=\"widget\" data-widget_type=\"text-editor.default\">\n\t\t\t\t<div class=\"elementor-widget-container\">\n\t\t\t\t\t\t\t\t\t<p>Pravideln\u00fd<strong> prevent\u00edvne vy\u0161etrenie rakoviny \u010dreva<\/strong> je pri IBD nevyhnutnos\u0165ou!<\/p>\t\t\t\t\t\t\t\t<\/div>\n\t\t\t\t<\/div>\n\t\t\t\t<div class=\"elementor-element elementor-element-346e1e6 elementor-widget elementor-widget-heading\" data-id=\"346e1e6\" data-element_type=\"widget\" data-widget_type=\"heading.default\">\n\t\t\t\t<div class=\"elementor-widget-container\">\n\t\t\t\t\t<h3 class=\"elementor-heading-title elementor-size-default\">6.<\/h3>\t\t\t\t<\/div>\n\t\t\t\t<\/div>\n\t\t\t\t<div class=\"elementor-element elementor-element-204aa18 elementor-widget elementor-widget-text-editor\" data-id=\"204aa18\" data-element_type=\"widget\" data-widget_type=\"text-editor.default\">\n\t\t\t\t<div class=\"elementor-widget-container\">\n\t\t\t\t\t\t\t\t\t<p><strong>Cvi\u010denie<\/strong> m\u00e1 preuk\u00e1zate\u013ene <strong>pozit\u00edvny \u00fa\u010dinok<\/strong> v obdob\u00ed bez pr\u00edznakov. <strong>\u0160port<\/strong> <strong>zvy\u0161uje celkov\u00fa pohodu<\/strong>, zni\u017euje z\u00e1palov\u00fa aktivitu a m\u00f4\u017eete lep\u0161ie spozna\u0165 svoje telo. Odpor\u00fa\u010daj\u00fa sa<strong> \u013eahk\u00e9 \u0161porty<\/strong>, ako je ch\u00f4dza, pl\u00e1vanie, gymnastika, joga a pilates.<\/p>\t\t\t\t\t\t\t\t<\/div>\n\t\t\t\t<\/div>\n\t\t\t\t<div class=\"elementor-element elementor-element-c62759a elementor-widget elementor-widget-heading\" data-id=\"c62759a\" data-element_type=\"widget\" data-widget_type=\"heading.default\">\n\t\t\t\t<div class=\"elementor-widget-container\">\n\t\t\t\t\t<h3 class=\"elementor-heading-title elementor-size-default\">7.<\/h3>\t\t\t\t<\/div>\n\t\t\t\t<\/div>\n\t\t\t\t<div class=\"elementor-element elementor-element-2ad59d9 elementor-widget elementor-widget-text-editor\" data-id=\"2ad59d9\" data-element_type=\"widget\" data-widget_type=\"text-editor.default\">\n\t\t\t\t<div class=\"elementor-widget-container\">\n\t\t\t\t\t\t\t\t\t<p>Ak sa po\u010das ak\u00fatnej f\u00e1zy ochorenia lie\u010dite <strong>imunosupres\u00edvami<\/strong>, mali by ste si zabezpe\u010di\u0165 dostato\u010dn\u00fa ochranu o\u010dkovan\u00edm! Vakc\u00edny so \u017eiv\u00fdmi o\u010dkovac\u00edmi l\u00e1tkami by sa mali pod\u00e1va\u0165 <strong>len po\u010das obdobia bez pr\u00edznakov<\/strong>.<\/p>\t\t\t\t\t\t\t\t<\/div>\n\t\t\t\t<\/div>\n\t\t\t\t<div class=\"elementor-element elementor-element-b14ee8b elementor-widget elementor-widget-heading\" data-id=\"b14ee8b\" data-element_type=\"widget\" data-widget_type=\"heading.default\">\n\t\t\t\t<div class=\"elementor-widget-container\">\n\t\t\t\t\t<h3 class=\"elementor-heading-title elementor-size-default\">8.<\/h3>\t\t\t\t<\/div>\n\t\t\t\t<\/div>\n\t\t\t\t<div class=\"elementor-element elementor-element-2e08996 elementor-widget elementor-widget-text-editor\" data-id=\"2e08996\" data-element_type=\"widget\" data-widget_type=\"text-editor.default\">\n\t\t\t\t<div class=\"elementor-widget-container\">\n\t\t\t\t\t\t\t\t\t<p><strong>Alkohol<\/strong> po\u0161kodzuje \u010drevn\u00fa sliznicu a treba sa mu <strong>vyh\u00fdba\u0165<\/strong>!<\/p>\t\t\t\t\t\t\t\t<\/div>\n\t\t\t\t<\/div>\n\t\t\t\t<div class=\"elementor-element elementor-element-8349083 elementor-widget elementor-widget-heading\" data-id=\"8349083\" data-element_type=\"widget\" data-widget_type=\"heading.default\">\n\t\t\t\t<div class=\"elementor-widget-container\">\n\t\t\t\t\t<h3 class=\"elementor-heading-title elementor-size-default\">9.<\/h3>\t\t\t\t<\/div>\n\t\t\t\t<\/div>\n\t\t\t\t<div class=\"elementor-element elementor-element-524a85f elementor-widget elementor-widget-text-editor\" data-id=\"524a85f\" data-element_type=\"widget\" data-widget_type=\"text-editor.default\">\n\t\t\t\t<div class=\"elementor-widget-container\">\n\t\t\t\t\t\t\t\t\t<p><strong>Faj\u010denie<\/strong> zvy\u0161uje po\u010det ak\u00fatnych prepuknut\u00ed <strong>Crohnovej choroby<\/strong>, preto by sa pacienti s MC <strong>mali zdr\u017ea\u0165 faj\u010denia<\/strong>. <strong>Naopak<\/strong>, \u0165a\u017ekosti pacientov s <strong>ulcer\u00f3znou kolit\u00eddou<\/strong> sa <strong>po zanechan\u00ed faj\u010denia zhor\u0161uj\u00fa<\/strong>. Za\u010da\u0165 faj\u010di\u0165 teraz kv\u00f4li ulcer\u00f3znej kolit\u00edde sa neodpor\u00fa\u010da kv\u00f4li mnoh\u00fdm <strong>negat\u00edvnym \u00fa\u010dinkom<\/strong> a komplik\u00e1ci\u00e1m.<\/p>\t\t\t\t\t\t\t\t<\/div>\n\t\t\t\t<\/div>\n\t\t\t\t\t<\/div>\n\t\t\t\t<\/div>\n\t\t\t\t\t<\/div>\n\t\t\t\t<\/div>\n\t\t<div class=\"elementor-element elementor-element-d15c35f elementor-hidden-desktop elementor-hidden-tablet elementor-hidden-mobile obcs none e-flex e-con-boxed e-con e-parent\" data-id=\"d15c35f\" data-element_type=\"container\">\n\t\t\t\t\t<div class=\"e-con-inner\">\n\t\t\t\t<div class=\"elementor-element elementor-element-a9c2280 elementor-widget elementor-widget-infobox\" data-id=\"a9c2280\" data-element_type=\"widget\" data-widget_type=\"infobox.default\">\n\t\t\t\t<div class=\"elementor-widget-container\">\n\t\t\t\t\t\n<div class=\"li-widgets--infobox blue\">\n\n    <div class=\"li-widgets--infobox__icon\">\n        <i aria-hidden=\"true\" class=\"fas fa-pen\"><\/i>    <\/div>\n    <div class=\"li-widgets--infobox__text\">\n        <p>Kostenloses Ern\u00e4hrungstagebuch<\/p>    <\/div>\n    <div class=\"li-widgets--infobox__text-body\">\n        <p>Schreiben Sie mit, welche Nahrungsmittel Sie zu sich genommen, und wie Sie sich danach gef\u00fchlt haben. Auf diese Art und Weise haben Sie einen besseren \u00dcberblick \u00fcber jene Lebensmittel, die Ihnen besser bekommen.\u00a0<\/p>    <\/div>\n\n            <a href=\"#\"\n           class=\"li-widgets--infobox__button\"\n            href=\"#\">\n            Jetzt herunterladen        <\/a>\n    \n<\/div>\n\t\t\t\t<\/div>\n\t\t\t\t<\/div>\n\t\t\t\t\t<\/div>\n\t\t\t\t<\/div>\n\t\t<div class=\"elementor-element elementor-element-e2bd203 obcs none e-flex e-con-boxed e-con e-parent\" data-id=\"e2bd203\" data-element_type=\"container\">\n\t\t\t\t\t<div class=\"e-con-inner\">\n\t\t\t\t<div class=\"elementor-element elementor-element-5510e1c elementor-widget__width-inherit elementor-widget elementor-widget-heading\" data-id=\"5510e1c\" data-element_type=\"widget\" data-widget_type=\"heading.default\">\n\t\t\t\t<div class=\"elementor-widget-container\">\n\t\t\t\t\t<h2 class=\"elementor-heading-title elementor-size-default\">Podobn\u00e9 \u010dl\u00e1nky<\/h2>\t\t\t\t<\/div>\n\t\t\t\t<\/div>\n\t\t\t\t<div class=\"elementor-element elementor-element-ddfa64d elementor-widget elementor-widget-li-widgets--posts-gallery\" data-id=\"ddfa64d\" data-element_type=\"widget\" data-widget_type=\"li-widgets--posts-gallery.default\">\n\t\t\t\t<div class=\"elementor-widget-container\">\n\t\t\t\t\t    \n<div class=\"li-widgets--posts-gallery__pagination\" data-post-id=\"163\">\n\n    <div class=\"li-widgets--posts-gallery__pagination-results\">\n        1-6 z 101 v\u00fdsledkov    <\/div>\n    <div class=\"li-widgets--posts-gallery__pagination-pages\">\n        Strana 1 z 17    <\/div>\n    <div class=\"li-widgets--posts-gallery__pagination-url\">\n                            <a href=\"#\" data-href=\"https:\/\/www.omni-biotic.com\/sk-sk\/wp-json\/wp\/v2\/pages\/163\/?search&category=80&cur=1\">1<\/a>\n                    <a href=\"#\" data-href=\"https:\/\/www.omni-biotic.com\/sk-sk\/wp-json\/wp\/v2\/pages\/163\/?search&category=80&cur=2\">2<\/a>\n                    <a href=\"#\" data-href=\"https:\/\/www.omni-biotic.com\/sk-sk\/wp-json\/wp\/v2\/pages\/163\/?search&category=80&cur=3\">3<\/a>\n                            <a href=\"#\" data-href=\"https:\/\/www.omni-biotic.com\/sk-sk\/wp-json\/wp\/v2\/pages\/163\/?search&category=80&cur=17\">\u00bb<\/a>\n            <\/div>\n<\/div>\n<div class=\"li-widgets--posts-gallery blog\">\n                    <a href=\"https:\/\/www.omni-biotic.com\/sk-sk\/blog\/rezistencia-na-antibiotika-problem-ktory-ohrozuje-verejne-zdravie\/\"\n           class=\"li-widgets--posts-gallery__post\">\n            <div class=\"post--image__container\">\n                <div class=\"post--image\">\n                    <img loading=\"lazy\" decoding=\"async\" width=\"768\" height=\"681\" src=\"https:\/\/www.omni-biotic.com\/sk-sk\/wp-content\/uploads\/sites\/9\/2025\/02\/rezistencia-na-antibiotika-768x681.png\" class=\"attachment-medium_large size-medium_large wp-post-image\" alt=\"\" srcset=\"https:\/\/www.omni-biotic.com\/sk-sk\/wp-content\/uploads\/sites\/9\/2025\/02\/rezistencia-na-antibiotika-768x681.png 768w, https:\/\/www.omni-biotic.com\/sk-sk\/wp-content\/uploads\/sites\/9\/2025\/02\/rezistencia-na-antibiotika-300x266.png 300w, https:\/\/www.omni-biotic.com\/sk-sk\/wp-content\/uploads\/sites\/9\/2025\/02\/rezistencia-na-antibiotika-1024x908.png 1024w, https:\/\/www.omni-biotic.com\/sk-sk\/wp-content\/uploads\/sites\/9\/2025\/02\/rezistencia-na-antibiotika.png 1067w\" sizes=\"(max-width: 768px) 100vw, 768px\" title=\"\">                <\/div>\n            <\/div>\n            <div class=\"post--teaser\">\n                <div class=\"title\">Rezistencia na antibiotik\u00e1: probl\u00e9m, ktor\u00fd ohrozuje verejn\u00e9 zdravie<\/div>\n                <div class=\"description\">\n                    Rezistencia na antibiotik\u00e1 je d\u00f4sledkom nespr\u00e1vneho a \u010dast\u00e9ho u\u017e\u00edvania antibiot\u00edk. Nast\u00e1va vtedy, ke\u010f bakt\u00e9rie pre\u017eij\u00fa\u2026                    <br>\n                    <span class=\"read-more\">\n                            \u010c\u00edta\u0165 viac                        <\/span>\n                <\/div>\n                <div class=\"metadata\"><b>Aktualizovan\u00e9:<\/b> 21. apr\u00edla 2026 \u2022 <b>Kateg\u00f3rie:<\/b> S\u0165a\u017enosti a poradenstvo \u2022 <b>Autor:<\/b> Alexandra Kormo\u0161ov\u00e1<\/div>\n            <\/div>\n        <\/a>\n                <a href=\"https:\/\/www.omni-biotic.com\/sk-sk\/blog\/vaginalna-suchost\/\"\n           class=\"li-widgets--posts-gallery__post\">\n            <div class=\"post--image__container\">\n                <div class=\"post--image\">\n                    <img loading=\"lazy\" decoding=\"async\" width=\"768\" height=\"509\" src=\"https:\/\/www.omni-biotic.com\/sk-sk\/wp-content\/uploads\/sites\/9\/2023\/06\/vaginalna-suchost.jpg\" class=\"attachment-medium_large size-medium_large wp-post-image\" alt=\"\" srcset=\"https:\/\/www.omni-biotic.com\/sk-sk\/wp-content\/uploads\/sites\/9\/2023\/06\/vaginalna-suchost.jpg 768w, https:\/\/www.omni-biotic.com\/sk-sk\/wp-content\/uploads\/sites\/9\/2023\/06\/vaginalna-suchost-300x199.jpg 300w\" sizes=\"(max-width: 768px) 100vw, 768px\" title=\"\">                <\/div>\n            <\/div>\n            <div class=\"post--teaser\">\n                <div class=\"title\">Vagin\u00e1lna suchos\u0165<\/div>\n                <div class=\"description\">\n                    V po\u0161ve sa ka\u017ed\u00fd de\u0148 vytv\u00e1ra tekutina, ktor\u00e1 sa naz\u00fdva &#8222;vagin\u00e1lny v\u00fdtok&#8220;. Zdrav\u00fd v\u00fdtok by\u2026                    <br>\n                    <span class=\"read-more\">\n                            \u010c\u00edta\u0165 viac                        <\/span>\n                <\/div>\n                <div class=\"metadata\"><b>Aktualizovan\u00e9:<\/b> 21. apr\u00edla 2026 \u2022 <b>Kateg\u00f3rie:<\/b> S\u0165a\u017enosti a poradenstvo, Zdravie \u017eeny \u2022 <b>Autor:<\/b> Florentina Sgarz, BA<\/div>\n            <\/div>\n        <\/a>\n                <a href=\"https:\/\/www.omni-biotic.com\/sk-sk\/blog\/co-je-dobre-na-pankreas\/\"\n           class=\"li-widgets--posts-gallery__post\">\n            <div class=\"post--image__container\">\n                <div class=\"post--image\">\n                    <img loading=\"lazy\" decoding=\"async\" width=\"768\" height=\"512\" src=\"https:\/\/www.omni-biotic.com\/sk-sk\/wp-content\/uploads\/sites\/9\/2025\/08\/podrazdeny-pankreas-priznaky-768x512.png\" class=\"attachment-medium_large size-medium_large wp-post-image\" alt=\"\" srcset=\"https:\/\/www.omni-biotic.com\/sk-sk\/wp-content\/uploads\/sites\/9\/2025\/08\/podrazdeny-pankreas-priznaky-768x512.png 768w, https:\/\/www.omni-biotic.com\/sk-sk\/wp-content\/uploads\/sites\/9\/2025\/08\/podrazdeny-pankreas-priznaky-300x200.png 300w, https:\/\/www.omni-biotic.com\/sk-sk\/wp-content\/uploads\/sites\/9\/2025\/08\/podrazdeny-pankreas-priznaky-1024x683.png 1024w, https:\/\/www.omni-biotic.com\/sk-sk\/wp-content\/uploads\/sites\/9\/2025\/08\/podrazdeny-pankreas-priznaky.png 1536w\" sizes=\"(max-width: 768px) 100vw, 768px\" title=\"\">                <\/div>\n            <\/div>\n            <div class=\"post--teaser\">\n                <div class=\"title\">\u010co je dobr\u00e9 na pankreas?<\/div>\n                <div class=\"description\">\n                    Zdrav\u00fd pankreas je k\u013e\u00fa\u010dom k celkov\u00e9mu zdraviu \u2013 no mnoh\u00ed \u013eudia nevedia kde sa nach\u00e1dza\u2026                    <br>\n                    <span class=\"read-more\">\n                            \u010c\u00edta\u0165 viac                        <\/span>\n                <\/div>\n                <div class=\"metadata\"><b>Aktualizovan\u00e9:<\/b> 21. apr\u00edla 2026 \u2022 <b>Kateg\u00f3rie:<\/b> S\u0165a\u017enosti a poradenstvo \u2022 <b>Autor:<\/b> Alexandra Kormo\u0161ov\u00e1<\/div>\n            <\/div>\n        <\/a>\n                <a href=\"https:\/\/www.omni-biotic.com\/sk-sk\/blog\/endometrioza\/\"\n           class=\"li-widgets--posts-gallery__post\">\n            <div class=\"post--image__container\">\n                <div class=\"post--image\">\n                    <img loading=\"lazy\" decoding=\"async\" width=\"700\" height=\"500\" src=\"https:\/\/www.omni-biotic.com\/sk-sk\/wp-content\/uploads\/sites\/9\/2023\/05\/endometrioza-ako-sa-jej-zbavit-2.jpg\" class=\"attachment-medium_large size-medium_large wp-post-image\" alt=\"\" srcset=\"https:\/\/www.omni-biotic.com\/sk-sk\/wp-content\/uploads\/sites\/9\/2023\/05\/endometrioza-ako-sa-jej-zbavit-2.jpg 700w, https:\/\/www.omni-biotic.com\/sk-sk\/wp-content\/uploads\/sites\/9\/2023\/05\/endometrioza-ako-sa-jej-zbavit-2-300x214.jpg 300w\" sizes=\"(max-width: 700px) 100vw, 700px\" title=\"\">                <\/div>\n            <\/div>\n            <div class=\"post--teaser\">\n                <div class=\"title\">Endometri\u00f3za<\/div>\n                <div class=\"description\">\n                    Neznesite\u013en\u00e9 bolesti pri men\u0161tru\u00e1cii, \u017eal\u00fado\u010dn\u00e9 a \u010drevn\u00e9 probl\u00e9my , naf\u00faknut\u00e9 brucho a mo\u017eno aj nenaplnen\u00e1\u2026                    <br>\n                    <span class=\"read-more\">\n                            \u010c\u00edta\u0165 viac                        <\/span>\n                <\/div>\n                <div class=\"metadata\"><b>Aktualizovan\u00e9:<\/b> 6. marca 2026 \u2022 <b>Kateg\u00f3rie:<\/b> S\u0165a\u017enosti a poradenstvo, Zdravie \u017eeny \u2022 <b>Autor:<\/b> Dr. Stephanie Kolleritsch<\/div>\n            <\/div>\n        <\/a>\n                <a href=\"https:\/\/www.omni-biotic.com\/sk-sk\/blog\/post-a-zdravie-odborny-rozhovor-s-dr-andreasom-michalsenom\/\"\n           class=\"li-widgets--posts-gallery__post\">\n            <div class=\"post--image__container\">\n                <div class=\"post--image\">\n                    <img loading=\"lazy\" decoding=\"async\" width=\"768\" height=\"512\" src=\"https:\/\/www.omni-biotic.com\/sk-sk\/wp-content\/uploads\/sites\/9\/2023\/06\/shutterstock-1714850479-768x512.png\" class=\"attachment-medium_large size-medium_large wp-post-image\" alt=\"Fasten &amp; Darm\" srcset=\"https:\/\/www.omni-biotic.com\/sk-sk\/wp-content\/uploads\/sites\/9\/2023\/06\/shutterstock-1714850479-768x512.png 768w, https:\/\/www.omni-biotic.com\/sk-sk\/wp-content\/uploads\/sites\/9\/2023\/06\/shutterstock-1714850479-300x200.png 300w, https:\/\/www.omni-biotic.com\/sk-sk\/wp-content\/uploads\/sites\/9\/2023\/06\/shutterstock-1714850479-1024x683.png 1024w, https:\/\/www.omni-biotic.com\/sk-sk\/wp-content\/uploads\/sites\/9\/2023\/06\/shutterstock-1714850479.png 1200w\" sizes=\"(max-width: 768px) 100vw, 768px\" title=\"\">                <\/div>\n            <\/div>\n            <div class=\"post--teaser\">\n                <div class=\"title\">P\u00f4st a zdravie: Odborn\u00fd rozhovor s Dr. Andreasom Michalsenom<\/div>\n                <div class=\"description\">\n                    Mali sme t\u00fa \u010des\u0165 urobi\u0165 rozhovor s Prof. Dr. Andreasom Michalsenom na t\u00e9mu \u201cP\u00f4st\u201d. Prof.\u2026                    <br>\n                    <span class=\"read-more\">\n                            \u010c\u00edta\u0165 viac                        <\/span>\n                <\/div>\n                <div class=\"metadata\"><b>Aktualizovan\u00e9:<\/b> 23. febru\u00e1ra 2026 \u2022 <b>Kateg\u00f3rie:<\/b> S\u0165a\u017enosti a poradenstvo, Stravovanie a recepty<\/div>\n            <\/div>\n        <\/a>\n                <a href=\"https:\/\/www.omni-biotic.com\/sk-sk\/blog\/zvysene-pecenove-testy-co-pomaha-na-regeneraciu-pecene\/\"\n           class=\"li-widgets--posts-gallery__post\">\n            <div class=\"post--image__container\">\n                <div class=\"post--image\">\n                    <img loading=\"lazy\" decoding=\"async\" width=\"768\" height=\"545\" src=\"https:\/\/www.omni-biotic.com\/sk-sk\/wp-content\/uploads\/sites\/9\/2024\/07\/zvysene-pecenove-testy-768x545.png\" class=\"attachment-medium_large size-medium_large wp-post-image\" alt=\"\" srcset=\"https:\/\/www.omni-biotic.com\/sk-sk\/wp-content\/uploads\/sites\/9\/2024\/07\/zvysene-pecenove-testy-768x545.png 768w, https:\/\/www.omni-biotic.com\/sk-sk\/wp-content\/uploads\/sites\/9\/2024\/07\/zvysene-pecenove-testy-300x213.png 300w, https:\/\/www.omni-biotic.com\/sk-sk\/wp-content\/uploads\/sites\/9\/2024\/07\/zvysene-pecenove-testy-1024x727.png 1024w, https:\/\/www.omni-biotic.com\/sk-sk\/wp-content\/uploads\/sites\/9\/2024\/07\/zvysene-pecenove-testy.png 1075w\" sizes=\"(max-width: 768px) 100vw, 768px\" title=\"\">                <\/div>\n            <\/div>\n            <div class=\"post--teaser\">\n                <div class=\"title\">Zv\u00fd\u0161en\u00e9 pe\u010de\u0148ov\u00e9 testy? \u010co pom\u00e1ha na regener\u00e1ciu pe\u010dene?<\/div>\n                <div class=\"description\">\n                    Pe\u010de\u0148 vykon\u00e1va v na\u0161om tele neuverite\u013en\u00e9 mno\u017estvo pr\u00e1ce, ktor\u00fa si \u010dasto ani neuvedomujeme. Je to\u2026                    <br>\n                    <span class=\"read-more\">\n                            \u010c\u00edta\u0165 viac                        <\/span>\n                <\/div>\n                <div class=\"metadata\"><b>Aktualizovan\u00e9:<\/b> 30. marca 2026 \u2022 <b>Kateg\u00f3rie:<\/b> S\u0165a\u017enosti a poradenstvo \u2022 <b>Autor:<\/b> Alexandra Kormo\u0161ov\u00e1<\/div>\n            <\/div>\n        <\/a>\n            <\/div>\n\t\t\t\t<\/div>\n\t\t\t\t<\/div>\n\t\t\t\t\t<\/div>\n\t\t\t\t<\/div>\n\t\t\t\t<\/div>\n\t\t","protected":false},"excerpt":{"rendered":"<p>Chronick\u00e9 z\u00e1palov\u00e9 ochorenia \u010driev (IBD) Boles\u0165 brucha, hna\u010dka, vracanie, nevo\u013enos\u0165, hor\u00fa\u010dka &#8211; pr\u00edznaky, ktor\u00e9 sa vyskytuj\u00fa aj pri \u017eal\u00fado\u010dnej nevo\u013enosti alebo &#8222;\u017eal\u00fado\u010dnej chr\u00edpke&#8220;, pozn\u00e1 ka\u017ed\u00fd. \u013dudia s IBD (chronick\u00fdm z\u00e1palov\u00fdm ochoren\u00edm \u010dreva) trpia t\u00fdmito pr\u00edznakmi vo v\u00e4\u010d\u0161ej miere, zvy\u010dajne v epiz\u00f3dach. Home Obsah str\u00e1nky \u010co s\u00fa to z\u00e1palov\u00e9 ochorenia \u010driev (IBD)? Crohnova choroba a ulcer\u00f3zna [&hellip;]<\/p>\n","protected":false},"author":3,"featured_media":0,"parent":153,"menu_order":500,"comment_status":"closed","ping_status":"closed","template":"","meta":{"_acf_changed":false,"inline_featured_image":false,"footnotes":""},"class_list":["post-163","page","type-page","status-publish","hentry"],"acf":[],"_links":{"self":[{"href":"https:\/\/www.omni-biotic.com\/sk-sk\/wp-json\/wp\/v2\/pages\/163","targetHints":{"allow":["GET"]}}],"collection":[{"href":"https:\/\/www.omni-biotic.com\/sk-sk\/wp-json\/wp\/v2\/pages"}],"about":[{"href":"https:\/\/www.omni-biotic.com\/sk-sk\/wp-json\/wp\/v2\/types\/page"}],"author":[{"embeddable":true,"href":"https:\/\/www.omni-biotic.com\/sk-sk\/wp-json\/wp\/v2\/users\/3"}],"replies":[{"embeddable":true,"href":"https:\/\/www.omni-biotic.com\/sk-sk\/wp-json\/wp\/v2\/comments?post=163"}],"version-history":[{"count":7,"href":"https:\/\/www.omni-biotic.com\/sk-sk\/wp-json\/wp\/v2\/pages\/163\/revisions"}],"predecessor-version":[{"id":25809,"href":"https:\/\/www.omni-biotic.com\/sk-sk\/wp-json\/wp\/v2\/pages\/163\/revisions\/25809"}],"up":[{"embeddable":true,"href":"https:\/\/www.omni-biotic.com\/sk-sk\/wp-json\/wp\/v2\/pages\/153"}],"wp:attachment":[{"href":"https:\/\/www.omni-biotic.com\/sk-sk\/wp-json\/wp\/v2\/media?parent=163"}],"curies":[{"name":"wp","href":"https:\/\/api.w.org\/{rel}","templated":true}]}}