{"id":71,"date":"2022-03-07T10:07:27","date_gmt":"2022-03-07T09:07:27","guid":{"rendered":"https:\/\/www.omni-biotic.com\/ueber-uns\/institut-allergosan\/kompetenzzentrum\/"},"modified":"2024-10-22T14:56:50","modified_gmt":"2024-10-22T12:56:50","slug":"odborne-centrum-vyskumu-mikrobiomu","status":"publish","type":"page","link":"https:\/\/www.omni-biotic.com\/sk-sk\/o-nas\/institut-allergosan\/odborne-centrum-vyskumu-mikrobiomu\/","title":{"rendered":"Odborn\u00e9 centrum v\u00fdskumu mikrobi\u00f3mu"},"content":{"rendered":"\t\t<div data-elementor-type=\"wp-page\" data-elementor-id=\"71\" class=\"elementor elementor-71\" data-elementor-post-type=\"page\">\n\t\t\t\t<div class=\"elementor-element elementor-element-8e3c2c2 e-con-full obcs none e-flex e-con e-parent\" data-id=\"8e3c2c2\" data-element_type=\"container\" data-settings=\"{&quot;background_background&quot;:&quot;classic&quot;,&quot;shape_divider_bottom&quot;:&quot;waves&quot;}\">\n\t\t\t\t<div class=\"elementor-shape elementor-shape-bottom\" aria-hidden=\"true\" data-negative=\"false\">\n\t\t\t<svg xmlns=\"http:\/\/www.w3.org\/2000\/svg\" viewBox=\"0 0 1000 100\" preserveAspectRatio=\"none\">\n\t<path class=\"elementor-shape-fill\" d=\"M421.9,6.5c22.6-2.5,51.5,0.4,75.5,5.3c23.6,4.9,70.9,23.5,100.5,35.7c75.8,32.2,133.7,44.5,192.6,49.7\n\tc23.6,2.1,48.7,3.5,103.4-2.5c54.7-6,106.2-25.6,106.2-25.6V0H0v30.3c0,0,72,32.6,158.4,30.5c39.2-0.7,92.8-6.7,134-22.4\n\tc21.2-8.1,52.2-18.2,79.7-24.2C399.3,7.9,411.6,7.5,421.9,6.5z\"\/>\n<\/svg>\t\t<\/div>\n\t\t<div class=\"elementor-element elementor-element-f378f9d e-con-full obcs none e-flex e-con e-child\" data-id=\"f378f9d\" data-element_type=\"container\">\n\t\t\t\t<div class=\"elementor-element elementor-element-8fa5c2c elementor-widget elementor-widget-heading\" data-id=\"8fa5c2c\" data-element_type=\"widget\" data-widget_type=\"heading.default\">\n\t\t\t\t<div class=\"elementor-widget-container\">\n\t\t\t\t\t<h2 class=\"elementor-heading-title elementor-size-default\">Institut AllergoSan<\/h2>\t\t\t\t<\/div>\n\t\t\t\t<\/div>\n\t\t\t\t<div class=\"elementor-element elementor-element-d4f10c4 elementor-widget elementor-widget-heading\" data-id=\"d4f10c4\" data-element_type=\"widget\" data-widget_type=\"heading.default\">\n\t\t\t\t<div class=\"elementor-widget-container\">\n\t\t\t\t\t<h1 class=\"elementor-heading-title elementor-size-default\">Odborn\u00e9 centrum v\u00fdskumu mikrobi\u00f3mu<\/h1>\t\t\t\t<\/div>\n\t\t\t\t<\/div>\n\t\t\t\t<div class=\"elementor-element elementor-element-dfe0310 elementor-widget-divider--view-line elementor-widget elementor-widget-divider\" data-id=\"dfe0310\" data-element_type=\"widget\" data-widget_type=\"divider.default\">\n\t\t\t\t<div class=\"elementor-widget-container\">\n\t\t\t\t\t\t\t<div class=\"elementor-divider\">\n\t\t\t<span class=\"elementor-divider-separator\">\n\t\t\t\t\t\t<\/span>\n\t\t<\/div>\n\t\t\t\t\t\t<\/div>\n\t\t\t\t<\/div>\n\t\t\t\t<div class=\"elementor-element elementor-element-7d2bdee elementor-hidden-desktop elementor-widget elementor-widget-image\" data-id=\"7d2bdee\" data-element_type=\"widget\" data-widget_type=\"image.default\">\n\t\t\t\t<div class=\"elementor-widget-container\">\n\t\t\t\t\t\t\t\t\t\t\t\t\t\t\t<img fetchpriority=\"high\" decoding=\"async\" width=\"480\" height=\"600\" src=\"https:\/\/www.omni-biotic.com\/sk-sk\/wp-content\/uploads\/sites\/9\/2022\/08\/institut-allergosan.jpg\" class=\"attachment-medium_large size-medium_large wp-image-9834\" alt=\"\" srcset=\"https:\/\/www.omni-biotic.com\/sk-sk\/wp-content\/uploads\/sites\/9\/2022\/08\/institut-allergosan.jpg 480w, https:\/\/www.omni-biotic.com\/sk-sk\/wp-content\/uploads\/sites\/9\/2022\/08\/institut-allergosan-240x300.jpg 240w\" sizes=\"(max-width: 480px) 100vw, 480px\" title=\"\">\t\t\t\t\t\t\t\t\t\t\t\t\t\t\t<\/div>\n\t\t\t\t<\/div>\n\t\t\t\t<div class=\"elementor-element elementor-element-f40ed6a elementor-widget elementor-widget-text-editor\" data-id=\"f40ed6a\" data-element_type=\"widget\" data-widget_type=\"text-editor.default\">\n\t\t\t\t<div class=\"elementor-widget-container\">\n\t\t\t\t\t\t\t\t\t<div class=\"wrap mcb-wrap one  valign-top clearfix\"><div class=\"mcb-wrap-inner\"><div class=\"column mcb-column one column_visual \"><p>Institut AllergoSan neust\u00e1le investuje do v\u00fdskumu a v\u00fdvoja produktov. V\u010faka tomu pon\u00faka u\u017e desa\u0165ro\u010dia svojim z\u00e1kazn\u00edkom pr\u00edrodn\u00e9 produkty, ktor\u00fdch\u00a0<strong>\u00fa\u010dinok<\/strong>\u00a0je nielen\u00a0<strong>r\u00fdchlo badate\u013en\u00fd,<\/strong>\u00a0ale aj\u00a0<strong>preuk\u00e1zan\u00fd klinick\u00fdmi \u0161t\u00fadiami na \u013eudoch<\/strong>. V\u00fdsledkom s\u00fa jedine\u010dn\u00e9 probiotik\u00e1 a prebiotik\u00e1, ktor\u00e9 podporuj\u00fa najm\u00e4\u00a0<a href=\"https:\/\/www.omni-biotic.com\/sk\/crevne-zdravie\/\" data-kmt=\"1\"><strong>zdravie \u010driev.<\/strong><\/a><\/p><\/div><\/div><\/div><div class=\"wrap mcb-wrap one equal-height valign-top clearfix\"><div class=\"mcb-wrap-inner\"><div class=\"column mcb-column one column_visual \"><div id=\"c120\" class=\"csc-default\"><div class=\"csc-textpic-text\">\u00a0<\/div><\/div><\/div><\/div><\/div>\t\t\t\t\t\t\t\t<\/div>\n\t\t\t\t<\/div>\n\t\t\t\t<\/div>\n\t\t<div class=\"elementor-element elementor-element-490a238 e-con-full elementor-hidden-mobile elementor-hidden-tablet obcs none e-flex e-con e-child\" data-id=\"490a238\" data-element_type=\"container\">\n\t\t\t\t<div class=\"elementor-element elementor-element-4d8847e elementor-widget elementor-widget-image\" data-id=\"4d8847e\" data-element_type=\"widget\" data-widget_type=\"image.default\">\n\t\t\t\t<div class=\"elementor-widget-container\">\n\t\t\t\t\t\t\t\t\t\t\t\t\t\t\t<img decoding=\"async\" width=\"480\" height=\"600\" src=\"https:\/\/www.omni-biotic.com\/sk-sk\/wp-content\/uploads\/sites\/9\/2022\/08\/institut-allergosan-1.jpg\" class=\"attachment-large size-large wp-image-9839\" alt=\"Institut AllergoSan\" srcset=\"https:\/\/www.omni-biotic.com\/sk-sk\/wp-content\/uploads\/sites\/9\/2022\/08\/institut-allergosan-1.jpg 480w, https:\/\/www.omni-biotic.com\/sk-sk\/wp-content\/uploads\/sites\/9\/2022\/08\/institut-allergosan-1-240x300.jpg 240w\" sizes=\"(max-width: 480px) 100vw, 480px\" title=\"\">\t\t\t\t\t\t\t\t\t\t\t\t\t\t\t<\/div>\n\t\t\t\t<\/div>\n\t\t\t\t<\/div>\n\t\t\t\t<\/div>\n\t\t<div class=\"elementor-element elementor-element-5218730 obcs none e-flex e-con-boxed e-con e-parent\" data-id=\"5218730\" data-element_type=\"container\">\n\t\t\t\t\t<div class=\"e-con-inner\">\n\t\t<div class=\"elementor-element elementor-element-c1189c1 e-con-full obcs none e-flex e-con e-child\" data-id=\"c1189c1\" data-element_type=\"container\">\n\t\t\t\t<div class=\"elementor-element elementor-element-26164b6 elementor-align-left elementor-widget__width-initial elementor-widget elementor-widget-breadcrumbs\" data-id=\"26164b6\" data-element_type=\"widget\" data-widget_type=\"breadcrumbs.default\">\n\t\t\t\t<div class=\"elementor-widget-container\">\n\t\t\t\t\t<span><span class=\"last\">Home<\/span><\/span>\t\t\t\t<\/div>\n\t\t\t\t<\/div>\n\t\t\t\t<\/div>\n\t\t<div class=\"elementor-element elementor-element-0a6dd7d e-con-full obcs none e-flex e-con e-child\" data-id=\"0a6dd7d\" data-element_type=\"container\">\n\t\t\t\t<div class=\"elementor-element elementor-element-95888d7 elementor-toc--minimized-on-desktop elementor-widget elementor-widget-table-of-contents\" data-id=\"95888d7\" data-element_type=\"widget\" data-settings=\"{&quot;exclude_headings_by_selector&quot;:[],&quot;minimized_on&quot;:&quot;desktop&quot;,&quot;headings_by_tags&quot;:[&quot;h2&quot;,&quot;h3&quot;,&quot;h4&quot;,&quot;h5&quot;,&quot;h6&quot;],&quot;marker_view&quot;:&quot;numbers&quot;,&quot;no_headings_message&quot;:&quot;No headings were found on this page.&quot;,&quot;minimize_box&quot;:&quot;yes&quot;,&quot;hierarchical_view&quot;:&quot;yes&quot;,&quot;min_height&quot;:{&quot;unit&quot;:&quot;px&quot;,&quot;size&quot;:&quot;&quot;,&quot;sizes&quot;:[]},&quot;min_height_tablet&quot;:{&quot;unit&quot;:&quot;px&quot;,&quot;size&quot;:&quot;&quot;,&quot;sizes&quot;:[]},&quot;min_height_mobile&quot;:{&quot;unit&quot;:&quot;px&quot;,&quot;size&quot;:&quot;&quot;,&quot;sizes&quot;:[]}}\" data-widget_type=\"table-of-contents.default\">\n\t\t\t\t<div class=\"elementor-widget-container\">\n\t\t\t\t\t\t\t\t\t<div class=\"elementor-toc__header\">\n\t\t\t\t\t\t<h4 class=\"elementor-toc__header-title\">\n\t\t\t\tObsah\t\t\t<\/h4>\n\t\t\t\t\t\t\t\t\t\t<div class=\"elementor-toc__toggle-button elementor-toc__toggle-button--expand\" role=\"button\" tabindex=\"0\" aria-controls=\"elementor-toc__95888d7\" aria-expanded=\"true\" aria-label=\"Open table of contents\"><i aria-hidden=\"true\" class=\"fas fa-chevron-down\"><\/i><\/div>\n\t\t\t\t<div class=\"elementor-toc__toggle-button elementor-toc__toggle-button--collapse\" role=\"button\" tabindex=\"0\" aria-controls=\"elementor-toc__95888d7\" aria-expanded=\"true\" aria-label=\"Close table of contents\"><i aria-hidden=\"true\" class=\"fas fa-chevron-up\"><\/i><\/div>\n\t\t\t\t\t<\/div>\n\t\t\t\t<div id=\"elementor-toc__95888d7\" class=\"elementor-toc__body\">\n\t\t\t<div class=\"elementor-toc__spinner-container\">\n\t\t\t\t<i class=\"elementor-toc__spinner eicon-animation-spin eicon-loading\" aria-hidden=\"true\"><\/i>\t\t\t<\/div>\n\t\t<\/div>\n\t\t\t\t\t\t<\/div>\n\t\t\t\t<\/div>\n\t\t\t\t<\/div>\n\t\t\t\t\t<\/div>\n\t\t\t\t<\/div>\n\t\t<div class=\"elementor-element elementor-element-9c60289 obcs none e-flex e-con-boxed e-con e-parent\" data-id=\"9c60289\" data-element_type=\"container\">\n\t\t\t\t\t<div class=\"e-con-inner\">\n\t\t<div class=\"elementor-element elementor-element-874e7eb e-con-full obcs none e-flex e-con e-child\" data-id=\"874e7eb\" data-element_type=\"container\">\n\t\t\t\t<div class=\"elementor-element elementor-element-d0ccc79 e-transform elementor-widget elementor-widget-image\" data-id=\"d0ccc79\" data-element_type=\"widget\" data-settings=\"{&quot;_transform_rotateZ_effect&quot;:{&quot;unit&quot;:&quot;px&quot;,&quot;size&quot;:&quot;0&quot;,&quot;sizes&quot;:[]},&quot;_transform_rotate_3d&quot;:&quot;yes&quot;,&quot;_transform_rotateX_effect&quot;:{&quot;unit&quot;:&quot;px&quot;,&quot;size&quot;:&quot;0&quot;,&quot;sizes&quot;:[]},&quot;_transform_rotateY_effect&quot;:{&quot;unit&quot;:&quot;px&quot;,&quot;size&quot;:&quot;4&quot;,&quot;sizes&quot;:[]},&quot;_transform_perspective_effect&quot;:{&quot;unit&quot;:&quot;px&quot;,&quot;size&quot;:&quot;650&quot;,&quot;sizes&quot;:[]},&quot;_transform_rotateZ_effect_tablet&quot;:{&quot;unit&quot;:&quot;deg&quot;,&quot;size&quot;:&quot;&quot;,&quot;sizes&quot;:[]},&quot;_transform_rotateZ_effect_mobile&quot;:{&quot;unit&quot;:&quot;deg&quot;,&quot;size&quot;:&quot;&quot;,&quot;sizes&quot;:[]},&quot;_transform_rotateX_effect_tablet&quot;:{&quot;unit&quot;:&quot;deg&quot;,&quot;size&quot;:&quot;&quot;,&quot;sizes&quot;:[]},&quot;_transform_rotateX_effect_mobile&quot;:{&quot;unit&quot;:&quot;deg&quot;,&quot;size&quot;:&quot;&quot;,&quot;sizes&quot;:[]},&quot;_transform_rotateY_effect_tablet&quot;:{&quot;unit&quot;:&quot;deg&quot;,&quot;size&quot;:&quot;&quot;,&quot;sizes&quot;:[]},&quot;_transform_rotateY_effect_mobile&quot;:{&quot;unit&quot;:&quot;deg&quot;,&quot;size&quot;:&quot;&quot;,&quot;sizes&quot;:[]},&quot;_transform_perspective_effect_tablet&quot;:{&quot;unit&quot;:&quot;px&quot;,&quot;size&quot;:&quot;&quot;,&quot;sizes&quot;:[]},&quot;_transform_perspective_effect_mobile&quot;:{&quot;unit&quot;:&quot;px&quot;,&quot;size&quot;:&quot;&quot;,&quot;sizes&quot;:[]}}\" data-widget_type=\"image.default\">\n\t\t\t\t<div class=\"elementor-widget-container\">\n\t\t\t\t\t\t\t\t\t\t\t\t<figure class=\"wp-caption\">\n\t\t\t\t\t\t\t\t\t\t<img decoding=\"async\" width=\"682\" height=\"1024\" src=\"https:\/\/www.omni-biotic.com\/sk-sk\/wp-content\/uploads\/sites\/9\/2022\/08\/af-171023-015-c-institut-allergosan-wwwchristianjungwirthcom-scaled-1-682x1024.jpg\" class=\"attachment-large size-large wp-image-9320\" alt=\"Mag. Anita Frauwallner: OMNi-BiOTiC\u00ae 6 nach h\u00f6chsten Qualit\u00e4tstandards\" srcset=\"https:\/\/www.omni-biotic.com\/sk-sk\/wp-content\/uploads\/sites\/9\/2022\/08\/af-171023-015-c-institut-allergosan-wwwchristianjungwirthcom-scaled-1-682x1024.jpg 682w, https:\/\/www.omni-biotic.com\/sk-sk\/wp-content\/uploads\/sites\/9\/2022\/08\/af-171023-015-c-institut-allergosan-wwwchristianjungwirthcom-scaled-1-200x300.jpg 200w, https:\/\/www.omni-biotic.com\/sk-sk\/wp-content\/uploads\/sites\/9\/2022\/08\/af-171023-015-c-institut-allergosan-wwwchristianjungwirthcom-scaled-1-768x1152.jpg 768w, https:\/\/www.omni-biotic.com\/sk-sk\/wp-content\/uploads\/sites\/9\/2022\/08\/af-171023-015-c-institut-allergosan-wwwchristianjungwirthcom-scaled-1-1024x1536.jpg 1024w, https:\/\/www.omni-biotic.com\/sk-sk\/wp-content\/uploads\/sites\/9\/2022\/08\/af-171023-015-c-institut-allergosan-wwwchristianjungwirthcom-scaled-1-1365x2048.jpg 1365w, https:\/\/www.omni-biotic.com\/sk-sk\/wp-content\/uploads\/sites\/9\/2022\/08\/af-171023-015-c-institut-allergosan-wwwchristianjungwirthcom-scaled-1.jpg 1706w\" sizes=\"(max-width: 682px) 100vw, 682px\" title=\"\">\t\t\t\t\t\t\t\t\t\t\t<figcaption class=\"widget-image-caption wp-caption-text\">Prof. Anita Frauwallner<\/figcaption>\n\t\t\t\t\t\t\t\t\t\t<\/figure>\n\t\t\t\t\t\t\t\t\t<\/div>\n\t\t\t\t<\/div>\n\t\t\t\t<\/div>\n\t\t<div class=\"elementor-element elementor-element-1c08b49 e-con-full obcs none e-flex e-con e-child\" data-id=\"1c08b49\" data-element_type=\"container\">\n\t\t\t\t<div class=\"elementor-element elementor-element-abf4e0c elementor-widget elementor-widget-heading\" data-id=\"abf4e0c\" data-element_type=\"widget\" data-widget_type=\"heading.default\">\n\t\t\t\t<div class=\"elementor-widget-container\">\n\t\t\t\t\t<h2 class=\"elementor-heading-title elementor-size-default\">Najvy\u0161\u0161ie vedeck\u00e9 po\u017eiadavky\n<\/h2>\t\t\t\t<\/div>\n\t\t\t\t<\/div>\n\t\t\t\t<div class=\"elementor-element elementor-element-3c21e31 elementor-widget elementor-widget-text-editor\" data-id=\"3c21e31\" data-element_type=\"widget\" data-widget_type=\"text-editor.default\">\n\t\t\t\t<div class=\"elementor-widget-container\">\n\t\t\t\t\t\t\t\t\t<p>&#8222;Vysok\u00fdmi invest\u00edciami do <strong>v\u00fdskumu<\/strong>\u00a0preukazujeme podnikate\u013esk\u00fa odvahu, preto\u017ee len tak m\u00f4\u017eeme zaru\u010di\u0165, \u017ee <strong>na\u0161e produkty sp\u013a\u0148aj\u00fa najvy\u0161\u0161ie vedeck\u00e9 \u0161tandardy<\/strong> a <strong>skuto\u010dne pom\u00e1haj\u00fa<\/strong> na\u0161im z\u00e1kazn\u00edkom,&#8220; vysvet\u013euje filozofiu in\u0161tit\u00fatu AllergoSan jeho v\u00fdkonn\u00e1 riadite\u013eka <strong>Anita Frauwallner<\/strong>.<\/p>\t\t\t\t\t\t\t\t<\/div>\n\t\t\t\t<\/div>\n\t\t\t\t<div class=\"elementor-element elementor-element-ae99227 elementor-widget elementor-widget-heading\" data-id=\"ae99227\" data-element_type=\"widget\" data-widget_type=\"heading.default\">\n\t\t\t\t<div class=\"elementor-widget-container\">\n\t\t\t\t\t<h3 class=\"elementor-heading-title elementor-size-default\">Vysok\u00e9 invest\u00edcie do v\u00fdskumu<\/h3>\t\t\t\t<\/div>\n\t\t\t\t<\/div>\n\t\t\t\t<div class=\"elementor-element elementor-element-8eb52e3 elementor-widget elementor-widget-text-editor\" data-id=\"8eb52e3\" data-element_type=\"widget\" data-widget_type=\"text-editor.default\">\n\t\t\t\t<div class=\"elementor-widget-container\">\n\t\t\t\t\t\t\t\t\t<p>Pred viac ako <strong>30 rokmi<\/strong> sa in\u0161tit\u00fat AllergoSan vydal odv\u00e1\u017enou cestou. V tom \u010dase bola<strong> probiotick\u00e1 medic\u00edna<\/strong> zv\u00e4\u010d\u0161a nepreb\u00e1danou oblas\u0165ou s mnoh\u00fdmi nezodpovedan\u00fdmi ot\u00e1zkami. Ke\u010f sa in\u0161tit\u00fat AllergoSan v Grazi <strong>za\u010dal \u0161pecializova\u0165 na t\u00fato oblas\u0165<\/strong> a <strong>investova\u0165 do v\u00fdskumu mikrobi\u00f3mu<\/strong>, oz\u00fdvalo sa aj ve\u013ea kritick\u00fdch hlasov. &#8222;Niektor\u00ed \u013eudia n\u00e1s pova\u017eovali za bl\u00e1znov. Z ekonomick\u00e9ho h\u013eadiska sa toti\u017e v tom \u010dase nezdalo, \u017ee ide o n\u00e1dejn\u00fa oblas\u0165. My sme v\u0161ak nekonali z ekonomick\u00fdch pohn\u00fatok, ale z presved\u010denia, \u017ee t\u00fdm<strong> m\u00f4\u017eeme skuto\u010dne pom\u00f4c\u0165 mnoh\u00fdm \u013eu\u010fom<\/strong>. Preto sme za\u010dali <strong>vyv\u00edja\u0165 produkty OMNi-BiOTiC\u00ae<\/strong>,&#8220; hovor\u00ed Frauwallner, ktor\u00fd riadi in\u0161tit\u00fat AllergoSan od jeho zalo\u017eenia.<\/p>\t\t\t\t\t\t\t\t<\/div>\n\t\t\t\t<\/div>\n\t\t\t\t<\/div>\n\t\t\t\t\t<\/div>\n\t\t\t\t<\/div>\n\t\t<div class=\"elementor-element elementor-element-37fcdb2 obcs none e-flex e-con-boxed e-con e-parent\" data-id=\"37fcdb2\" data-element_type=\"container\" data-settings=\"{&quot;background_background&quot;:&quot;classic&quot;,&quot;shape_divider_top&quot;:&quot;waves&quot;,&quot;shape_divider_bottom&quot;:&quot;waves&quot;}\">\n\t\t\t\t\t<div class=\"e-con-inner\">\n\t\t\t\t<div class=\"elementor-shape elementor-shape-top\" aria-hidden=\"true\" data-negative=\"false\">\n\t\t\t<svg xmlns=\"http:\/\/www.w3.org\/2000\/svg\" viewBox=\"0 0 1000 100\" preserveAspectRatio=\"none\">\n\t<path class=\"elementor-shape-fill\" d=\"M421.9,6.5c22.6-2.5,51.5,0.4,75.5,5.3c23.6,4.9,70.9,23.5,100.5,35.7c75.8,32.2,133.7,44.5,192.6,49.7\n\tc23.6,2.1,48.7,3.5,103.4-2.5c54.7-6,106.2-25.6,106.2-25.6V0H0v30.3c0,0,72,32.6,158.4,30.5c39.2-0.7,92.8-6.7,134-22.4\n\tc21.2-8.1,52.2-18.2,79.7-24.2C399.3,7.9,411.6,7.5,421.9,6.5z\"\/>\n<\/svg>\t\t<\/div>\n\t\t\t\t<div class=\"elementor-shape elementor-shape-bottom\" aria-hidden=\"true\" data-negative=\"false\">\n\t\t\t<svg xmlns=\"http:\/\/www.w3.org\/2000\/svg\" viewBox=\"0 0 1000 100\" preserveAspectRatio=\"none\">\n\t<path class=\"elementor-shape-fill\" d=\"M421.9,6.5c22.6-2.5,51.5,0.4,75.5,5.3c23.6,4.9,70.9,23.5,100.5,35.7c75.8,32.2,133.7,44.5,192.6,49.7\n\tc23.6,2.1,48.7,3.5,103.4-2.5c54.7-6,106.2-25.6,106.2-25.6V0H0v30.3c0,0,72,32.6,158.4,30.5c39.2-0.7,92.8-6.7,134-22.4\n\tc21.2-8.1,52.2-18.2,79.7-24.2C399.3,7.9,411.6,7.5,421.9,6.5z\"\/>\n<\/svg>\t\t<\/div>\n\t\t\t\t<div class=\"elementor-element elementor-element-5e84288 elementor-widget__width-inherit elementor-widget elementor-widget-heading\" data-id=\"5e84288\" data-element_type=\"widget\" data-widget_type=\"heading.default\">\n\t\t\t\t<div class=\"elementor-widget-container\">\n\t\t\t\t\t<h2 class=\"elementor-heading-title elementor-size-default\">Ved\u00faca poz\u00edcia v medzin\u00e1rodnom v\u00fdskume mikrobi\u00f3mu<\/h2>\t\t\t\t<\/div>\n\t\t\t\t<\/div>\n\t\t\t\t<div class=\"elementor-element elementor-element-1e5a1ae elementor-widget elementor-widget-text-editor\" data-id=\"1e5a1ae\" data-element_type=\"widget\" data-widget_type=\"text-editor.default\">\n\t\t\t\t<div class=\"elementor-widget-container\">\n\t\t\t\t\t\t\t\t\t<p><strong>\u010crevo<\/strong> je v centre <strong>medic\u00ednsko-vedeck\u00e9ho z\u00e1ujmu<\/strong> &#8211; presnej\u0161ie, bili\u00f3ny <strong>bakt\u00e9ri\u00ed<\/strong>, ktor\u00e9 ho os\u00edd\u013euj\u00fa. S narastaj\u00facim v\u00fdskumom mikrobi\u00f3mu je \u010doraz jasnej\u0161ie, ak\u00fa<strong> k\u013e\u00fa\u010dov\u00fa \u00falohu zohr\u00e1vaj\u00fa \u010drevn\u00e9 bakt\u00e9rie<\/strong> v na\u0161om <strong>zdrav\u00ed<\/strong> a teda aj <strong>pri vzniku a lie\u010dbe chor\u00f4b<\/strong>.<\/p>\t\t\t\t\t\t\t\t<\/div>\n\t\t\t\t<\/div>\n\t\t\t\t<div class=\"elementor-element elementor-element-ba721bf elementor-align-center elementor-widget__width-inherit elementor-widget elementor-widget-button\" data-id=\"ba721bf\" data-element_type=\"widget\" data-widget_type=\"button.default\">\n\t\t\t\t<div class=\"elementor-widget-container\">\n\t\t\t\t\t\t\t\t\t<div class=\"elementor-button-wrapper\">\n\t\t\t\t\t<a class=\"elementor-button elementor-button-link elementor-size-lg\" href=\"https:\/\/www.omni-biotic.com\/sk-sk\/o-nas\/vyskum-vyvoj\/vedecke-studie\/\">\n\t\t\t\t\t\t<span class=\"elementor-button-content-wrapper\">\n\t\t\t\t\t\t\t\t\t<span class=\"elementor-button-text\">V\u00fdskumn\u00e9 projekty<\/span>\n\t\t\t\t\t<\/span>\n\t\t\t\t\t<\/a>\n\t\t\t\t<\/div>\n\t\t\t\t\t\t\t\t<\/div>\n\t\t\t\t<\/div>\n\t\t\t\t\t<\/div>\n\t\t\t\t<\/div>\n\t\t<div class=\"elementor-element elementor-element-1632463 obcs green e-flex e-con-boxed e-con e-parent\" data-id=\"1632463\" data-element_type=\"container\">\n\t\t\t\t\t<div class=\"e-con-inner\">\n\t\t<div class=\"elementor-element elementor-element-c11800c e-con-full obcs none e-flex e-con e-child\" data-id=\"c11800c\" data-element_type=\"container\">\n\t\t\t\t<div class=\"elementor-element elementor-element-9d06f49 elementor-widget elementor-widget-heading\" data-id=\"9d06f49\" data-element_type=\"widget\" data-widget_type=\"heading.default\">\n\t\t\t\t<div class=\"elementor-widget-container\">\n\t\t\t\t\t<h2 class=\"elementor-heading-title elementor-size-default\">Inov\u00e1cie a zodpovednos\u0165<\/h2>\t\t\t\t<\/div>\n\t\t\t\t<\/div>\n\t\t\t\t<div class=\"elementor-element elementor-element-6a87586 elementor-widget elementor-widget-text-editor\" data-id=\"6a87586\" data-element_type=\"widget\" data-widget_type=\"text-editor.default\">\n\t\t\t\t<div class=\"elementor-widget-container\">\n\t\t\t\t\t\t\t\t\t<p class=\"bodytext\"><strong>Prof. Frauwallner<\/strong> je presved\u010den\u00e1, \u017ee to, \u010do potrebuje ka\u017ed\u00e1 spolo\u010dnos\u0165, aby zostala inovat\u00edvna, je zachova\u0165 si odv\u00e1\u017eny postoj. Potrebn\u00fd je v\u0161ak aj vysok\u00fd zmysel pre zodpovednos\u0165: &#8222;M\u00e1me ve\u013ek\u00fa <strong>zodpovednos\u0165 vo\u010di na\u0161im z\u00e1kazn\u00edkom<\/strong> a <strong>zamestnancom<\/strong>. Je potrebn\u00e9 zachova\u0165 pracovn\u00e9 miesta a kvalitu produktov. Mnoh\u00ed na\u0161i z\u00e1kazn\u00edci <strong>s\u00fa na na\u0161e produkty doslova odk\u00e1zan\u00ed<\/strong> a \u00faplne sa na n\u00e1s spoliehaj\u00fa, preto\u017ee nemaj\u00fa k dispoz\u00edcii <strong>\u017eiadnu rovnocenn\u00fa n\u00e1hradu<\/strong>, preto mus\u00ed by\u0165 zaru\u010den\u00e1 aj plynulos\u0165 dod\u00e1vok.&#8220; Aby <strong>vysok\u00fa kvalitu<\/strong> <strong>produktov<\/strong> z in\u0161tit\u00fatu AllergoSan mohlo v bud\u00facnosti vyu\u017e\u00edva\u0165 \u010do najviac \u013eud\u00ed aj v in\u00fdch krajin\u00e1ch, za\u010d\u00ednaj\u00fa <strong>expandova\u0165 do zahrani\u010dia<\/strong>: &#8222;Na\u0161e produkty s\u00fa ve\u013emi dobre prij\u00edman\u00e9, preto\u017ee<strong> takmer ni\u010d porovnate\u013en\u00e9 neexistuje<\/strong>,&#8220; hovor\u00ed Prof. Frauwallner.<\/p><p class=\"bodytext\">Napriek v\u0161etk\u00fdm zmen\u00e1m v spolo\u010dnosti zost\u00e1va Institut AllergoSan vern\u00fd jednej l\u00ednii: &#8222;\u00dazke <strong>prepojenie medzi pr\u00edrodou a vedou<\/strong> je pre n\u00e1s najd\u00f4le\u017eitej\u0161ie. To je to, \u010do <strong>n\u00e1s a na\u0161e produkty odli\u0161uje<\/strong>,&#8220; hovor\u00ed Prof. Frauwallner.<\/p>\t\t\t\t\t\t\t\t<\/div>\n\t\t\t\t<\/div>\n\t\t\t\t<\/div>\n\t\t<div class=\"elementor-element elementor-element-6e742f3 e-con-full obcs none e-flex e-con e-child\" data-id=\"6e742f3\" data-element_type=\"container\">\n\t\t\t\t<div class=\"elementor-element elementor-element-f77d85e e-transform elementor-widget elementor-widget-image\" data-id=\"f77d85e\" data-element_type=\"widget\" data-settings=\"{&quot;_transform_rotateZ_effect&quot;:{&quot;unit&quot;:&quot;px&quot;,&quot;size&quot;:&quot;0&quot;,&quot;sizes&quot;:[]},&quot;_transform_rotate_3d&quot;:&quot;yes&quot;,&quot;_transform_rotateX_effect&quot;:{&quot;unit&quot;:&quot;px&quot;,&quot;size&quot;:&quot;0&quot;,&quot;sizes&quot;:[]},&quot;_transform_rotateY_effect&quot;:{&quot;unit&quot;:&quot;px&quot;,&quot;size&quot;:&quot;-4&quot;,&quot;sizes&quot;:[]},&quot;_transform_perspective_effect&quot;:{&quot;unit&quot;:&quot;px&quot;,&quot;size&quot;:&quot;650&quot;,&quot;sizes&quot;:[]},&quot;_transform_rotateZ_effect_tablet&quot;:{&quot;unit&quot;:&quot;deg&quot;,&quot;size&quot;:&quot;&quot;,&quot;sizes&quot;:[]},&quot;_transform_rotateZ_effect_mobile&quot;:{&quot;unit&quot;:&quot;deg&quot;,&quot;size&quot;:&quot;&quot;,&quot;sizes&quot;:[]},&quot;_transform_rotateX_effect_tablet&quot;:{&quot;unit&quot;:&quot;deg&quot;,&quot;size&quot;:&quot;&quot;,&quot;sizes&quot;:[]},&quot;_transform_rotateX_effect_mobile&quot;:{&quot;unit&quot;:&quot;deg&quot;,&quot;size&quot;:&quot;&quot;,&quot;sizes&quot;:[]},&quot;_transform_rotateY_effect_tablet&quot;:{&quot;unit&quot;:&quot;deg&quot;,&quot;size&quot;:&quot;&quot;,&quot;sizes&quot;:[]},&quot;_transform_rotateY_effect_mobile&quot;:{&quot;unit&quot;:&quot;deg&quot;,&quot;size&quot;:&quot;&quot;,&quot;sizes&quot;:[]},&quot;_transform_perspective_effect_tablet&quot;:{&quot;unit&quot;:&quot;px&quot;,&quot;size&quot;:&quot;&quot;,&quot;sizes&quot;:[]},&quot;_transform_perspective_effect_mobile&quot;:{&quot;unit&quot;:&quot;px&quot;,&quot;size&quot;:&quot;&quot;,&quot;sizes&quot;:[]}}\" data-widget_type=\"image.default\">\n\t\t\t\t<div class=\"elementor-widget-container\">\n\t\t\t\t\t\t\t\t\t\t\t\t\t\t\t<img loading=\"lazy\" decoding=\"async\" width=\"800\" height=\"480\" src=\"https:\/\/www.omni-biotic.com\/sk-sk\/wp-content\/uploads\/sites\/9\/2023\/06\/forscher-klein-1024x614.png\" class=\"attachment-large size-large wp-image-16422\" alt=\"Studie best\u00e4tigt Zusammenhang zwischen Vitamin-D-Mangel und Mortalit\u00e4t\" srcset=\"https:\/\/www.omni-biotic.com\/sk-sk\/wp-content\/uploads\/sites\/9\/2023\/06\/forscher-klein-1024x614.png 1024w, https:\/\/www.omni-biotic.com\/sk-sk\/wp-content\/uploads\/sites\/9\/2023\/06\/forscher-klein-300x180.png 300w, https:\/\/www.omni-biotic.com\/sk-sk\/wp-content\/uploads\/sites\/9\/2023\/06\/forscher-klein-768x461.png 768w, https:\/\/www.omni-biotic.com\/sk-sk\/wp-content\/uploads\/sites\/9\/2023\/06\/forscher-klein.png 1500w\" sizes=\"(max-width: 800px) 100vw, 800px\" title=\"\">\t\t\t\t\t\t\t\t\t\t\t\t\t\t\t<\/div>\n\t\t\t\t<\/div>\n\t\t\t\t<\/div>\n\t\t\t\t\t<\/div>\n\t\t\t\t<\/div>\n\t\t<div class=\"elementor-element elementor-element-69b9396 obcs none e-flex e-con-boxed e-con e-parent\" data-id=\"69b9396\" data-element_type=\"container\">\n\t\t\t\t\t<div class=\"e-con-inner\">\n\t\t\t\t<div class=\"elementor-element elementor-element-a572d5c elementor-widget elementor-widget-li-widgets--author-quote\" data-id=\"a572d5c\" data-element_type=\"widget\" data-widget_type=\"li-widgets--author-quote.default\">\n\t\t\t\t<div class=\"elementor-widget-container\">\n\t\t\t\t\t<div class=\"li-widgets--author-quote magenta\">\n        <div class=\"li-widgets--author-quote__content\">\n        <div class=\"li-widgets--author-quote__content--text\">\n            Optim\u00e1lne zdravie \u010driev - konkr\u00e9tne os\u00eddlenie \u010driev \"spr\u00e1vnymi\" bakt\u00e9riami - vytv\u00e1ra ide\u00e1lny z\u00e1klad pre vit\u00e1lny \u017eivot.        <\/div>\n        <div class=\"li-widgets--author-quote__content--author\">\n            Prof. Anita Frauwallner, riadite\u013eka in\u0161tit\u00fatu AllergoSan        <\/div>\n            <\/div>\n    <\/div>\n\t\t\t\t<\/div>\n\t\t\t\t<\/div>\n\t\t\t\t\t<\/div>\n\t\t\t\t<\/div>\n\t\t<div class=\"elementor-element elementor-element-bbc4e08 obcs none e-flex e-con-boxed e-con e-parent\" data-id=\"bbc4e08\" data-element_type=\"container\">\n\t\t\t\t\t<div class=\"e-con-inner\">\n\t\t<div class=\"elementor-element elementor-element-c2d0de4 obcs none e-flex e-con-boxed e-con e-child\" data-id=\"c2d0de4\" data-element_type=\"container\">\n\t\t\t\t\t<div class=\"e-con-inner\">\n\t\t\t\t<div class=\"elementor-element elementor-element-6f67002 elementor-widget elementor-widget-heading\" data-id=\"6f67002\" data-element_type=\"widget\" data-widget_type=\"heading.default\">\n\t\t\t\t<div class=\"elementor-widget-container\">\n\t\t\t\t\t<h2 class=\"elementor-heading-title elementor-size-default\">S\u00fa\u010dasn\u00fd v\u00fdskum<\/h2>\t\t\t\t<\/div>\n\t\t\t\t<\/div>\n\t\t\t\t<div class=\"elementor-element elementor-element-d7e6834 elementor-align-left elementor-widget__width-inherit elementor-mobile-align-left elementor-widget elementor-widget-button\" data-id=\"d7e6834\" data-element_type=\"widget\" data-widget_type=\"button.default\">\n\t\t\t\t<div class=\"elementor-widget-container\">\n\t\t\t\t\t\t\t\t\t<div class=\"elementor-button-wrapper\">\n\t\t\t\t\t<a class=\"elementor-button elementor-button-link elementor-size-lg\" href=\"https:\/\/www.omni-biotic.com\/sk-sk\/o-nas\/institut-allergosan\/kontakt\/\">\n\t\t\t\t\t\t<span class=\"elementor-button-content-wrapper\">\n\t\t\t\t\t\t\t\t\t<span class=\"elementor-button-text\">Kontaktujte n\u00e1s!<\/span>\n\t\t\t\t\t<\/span>\n\t\t\t\t\t<\/a>\n\t\t\t\t<\/div>\n\t\t\t\t\t\t\t\t<\/div>\n\t\t\t\t<\/div>\n\t\t\t\t<div class=\"elementor-element elementor-element-1bcfbb6 elementor-widget elementor-widget-text-editor\" data-id=\"1bcfbb6\" data-element_type=\"widget\" data-widget_type=\"text-editor.default\">\n\t\t\t\t<div class=\"elementor-widget-container\">\n\t\t\t\t\t\t\t\t\t<p>Veda neust\u00e1le napreduje a vedci vyvinuli met\u00f3du na &#8222;odk\u00f3dovanie&#8220; genetick\u00e9ho materi\u00e1lu organizmov, vr\u00e1tane bakt\u00e9ri\u00ed, do posledn\u00e9ho detailu.<\/p><p>Dnes je toto genetick\u00e9 sekvenovanie zlat\u00fdm \u0161tandardom v anal\u00fdze<strong> kvality bakt\u00e9ri\u00ed<\/strong>. Preto sa pou\u017e\u00edva aj na testovanie kvality na\u0161ich <strong>viacdruhov\u00fdch probiot\u00edk<\/strong>.<\/p><p>V r\u00e1mci najnov\u0161\u00edch anal\u00fdz bakteri\u00e1lnych kme\u0148ov pou\u017eit\u00fdch v <strong>OMNi-BiOTiC\u00ae PANDA<\/strong> pomocou najmodernej\u0161ieho genetick\u00e9ho sekvenovania sa teraz zistilo, \u017ee toto vysoko \u0161pecializovan\u00e9 probiotikum <strong>obsahuje dva ve\u013emi podobn\u00e9 bakteri\u00e1lne kmene<\/strong>, ktor\u00e9 sa predt\u00fdm pova\u017eovali za jeden a ten ist\u00fd kme\u0148. Ke\u010f\u017ee na\u0161e analytick\u00e9 met\u00f3dy s\u00fa v\u017edy najmodernej\u0161ie, uv\u00e1dzame teraz na baleniach aj tento \u010fal\u0161\u00ed bakteri\u00e1lny kme\u0148 v OMNi-BiOTiC\u00ae PANDA.<\/p><p>D\u00f4le\u017eit\u00e9: V\u00fdrobn\u00fd proces, zlo\u017eenie ani funkcia produktu sa nezmenili, mohla sa pou\u017ei\u0165 len presnej\u0161ia met\u00f3da anal\u00fdzy! Je samozrejm\u00e9, \u017ee v\u0161etky v\u00fdsledky v\u00fdskumu OMNi-BiOTiC\u00ae s\u00fa st\u00e1le platn\u00e9 bez obmedzenia.<\/p><p>Ak m\u00e1te ak\u00e9ko\u013evek ot\u00e1zky, nev\u00e1hajte sa obr\u00e1ti\u0165 na na\u0161e medic\u00ednsko-vedeck\u00e9 oddelenie!<\/p>\t\t\t\t\t\t\t\t<\/div>\n\t\t\t\t<\/div>\n\t\t\t\t\t<\/div>\n\t\t\t\t<\/div>\n\t\t\t\t\t<\/div>\n\t\t\t\t<\/div>\n\t\t\t\t<section class=\"elementor-section elementor-top-section elementor-element elementor-element-2a59515 elementor-section-boxed elementor-section-height-default elementor-section-height-default\" data-id=\"2a59515\" data-element_type=\"section\" data-settings=\"{&quot;background_background&quot;:&quot;classic&quot;,&quot;shape_divider_top&quot;:&quot;waves&quot;,&quot;shape_divider_bottom&quot;:&quot;waves&quot;}\">\n\t\t\t\t\t<div class=\"elementor-shape elementor-shape-top\" aria-hidden=\"true\" data-negative=\"false\">\n\t\t\t<svg xmlns=\"http:\/\/www.w3.org\/2000\/svg\" viewBox=\"0 0 1000 100\" preserveAspectRatio=\"none\">\n\t<path class=\"elementor-shape-fill\" d=\"M421.9,6.5c22.6-2.5,51.5,0.4,75.5,5.3c23.6,4.9,70.9,23.5,100.5,35.7c75.8,32.2,133.7,44.5,192.6,49.7\n\tc23.6,2.1,48.7,3.5,103.4-2.5c54.7-6,106.2-25.6,106.2-25.6V0H0v30.3c0,0,72,32.6,158.4,30.5c39.2-0.7,92.8-6.7,134-22.4\n\tc21.2-8.1,52.2-18.2,79.7-24.2C399.3,7.9,411.6,7.5,421.9,6.5z\"\/>\n<\/svg>\t\t<\/div>\n\t\t\t\t<div class=\"elementor-shape elementor-shape-bottom\" aria-hidden=\"true\" data-negative=\"false\">\n\t\t\t<svg xmlns=\"http:\/\/www.w3.org\/2000\/svg\" viewBox=\"0 0 1000 100\" preserveAspectRatio=\"none\">\n\t<path class=\"elementor-shape-fill\" d=\"M421.9,6.5c22.6-2.5,51.5,0.4,75.5,5.3c23.6,4.9,70.9,23.5,100.5,35.7c75.8,32.2,133.7,44.5,192.6,49.7\n\tc23.6,2.1,48.7,3.5,103.4-2.5c54.7-6,106.2-25.6,106.2-25.6V0H0v30.3c0,0,72,32.6,158.4,30.5c39.2-0.7,92.8-6.7,134-22.4\n\tc21.2-8.1,52.2-18.2,79.7-24.2C399.3,7.9,411.6,7.5,421.9,6.5z\"\/>\n<\/svg>\t\t<\/div>\n\t\t\t\t\t<div class=\"elementor-container elementor-column-gap-default\">\n\t\t\t\t\t<div class=\"elementor-column elementor-col-100 elementor-top-column elementor-element elementor-element-87fa29f\" data-id=\"87fa29f\" data-element_type=\"column\">\n\t\t\t<div class=\"elementor-widget-wrap elementor-element-populated\">\n\t\t\t\t\t\t<div class=\"elementor-element elementor-element-2a126b0 elementor-widget elementor-widget-li-widgets--tile-slider\" data-id=\"2a126b0\" data-element_type=\"widget\" data-widget_type=\"li-widgets--tile-slider.default\">\n\t\t\t\t<div class=\"elementor-widget-container\">\n\t\t\t\t\t<div class=\"li-widgets--tile-slider magenta\">\n            <div class=\"headlines\">\n                            <div class=\"headline\">\n                    <div class=\"headline--main\">OMNi-BiOTiC\u00ae<\/div>\n                                            <div class=\"headline--sub\">Probiotik\u00e1 \u2013 pre dobr\u00fd vn\u00fatorn\u00fd pocit<\/div>\n                                    <\/div>\n                            <div class=\"headline\">\n                    <div class=\"headline--main\">OMNi-LOGiC\u00ae\u200b<\/div>\n                                            <div class=\"headline--sub\">Prebiotik\u00e1 \u2013 \"Potrava\" prospe\u0161n\u00fdch \u010drevn\u00fdch bakt\u00e9ri\u00ed<\/div>\n                                    <\/div>\n                                        <div class=\"headline-joiner\">&amp;<\/div>\n                    <\/div>\n                <div class=\"tiles-container swiper\">\n            <div class=\"tiles swiper-wrapper\">\n                            <\/div>\n        <\/div>\n        <div class=\"tile-slider--prev\">\n            <svg xmlns=\"http:\/\/www.w3.org\/2000\/svg\" viewBox=\"0 0 30 70\">\n                <polygon points=\"26.99 0 29.99 1.3 5.27 35 29.99 68.7 26.99 70 0 35 26.99 0\"\/>\n            <\/svg>\n        <\/div>\n        <div class=\"tile-slider--next\">\n            <svg xmlns=\"http:\/\/www.w3.org\/2000\/svg\" viewBox=\"0 0 30 70\">\n                <polygon points=\"3 70 0 68.7 24.72 35 0 1.3 3 0 29.99 35 3 70\"\/>\n            <\/svg>\n        <\/div>\n    <\/div>\n\t\t\t\t<\/div>\n\t\t\t\t<\/div>\n\t\t\t\t\t<\/div>\n\t\t<\/div>\n\t\t\t\t\t<\/div>\n\t\t<\/section>\n\t\t<div class=\"elementor-element elementor-element-58815b9 obcs none e-flex e-con-boxed e-con e-parent\" data-id=\"58815b9\" data-element_type=\"container\">\n\t\t\t\t\t<div class=\"e-con-inner\">\n\t\t\t\t<div class=\"elementor-element elementor-element-344e85a elementor-widget__width-inherit elementor-widget elementor-widget-heading\" data-id=\"344e85a\" data-element_type=\"widget\" data-widget_type=\"heading.default\">\n\t\t\t\t<div class=\"elementor-widget-container\">\n\t\t\t\t\t<h2 class=\"elementor-heading-title elementor-size-default\">Novinky vo v\u00fdskume<\/h2>\t\t\t\t<\/div>\n\t\t\t\t<\/div>\n\t\t\t\t<div class=\"elementor-element elementor-element-38b5faa elementor-widget elementor-widget-li-widgets--posts-gallery\" data-id=\"38b5faa\" data-element_type=\"widget\" data-widget_type=\"li-widgets--posts-gallery.default\">\n\t\t\t\t<div class=\"elementor-widget-container\">\n\t\t\t\t\t    \n<div class=\"li-widgets--posts-gallery__pagination\" data-post-id=\"71\">\n\n    <div class=\"li-widgets--posts-gallery__pagination-results\">\n        1-6 z 69 v\u00fdsledkov    <\/div>\n    <div class=\"li-widgets--posts-gallery__pagination-pages\">\n        Strana 1 z 12    <\/div>\n    <div class=\"li-widgets--posts-gallery__pagination-url\">\n                            <a href=\"#\" data-href=\"https:\/\/www.omni-biotic.com\/sk-sk\/wp-json\/wp\/v2\/pages\/71\/?search&category=85&cur=1\">1<\/a>\n                    <a href=\"#\" data-href=\"https:\/\/www.omni-biotic.com\/sk-sk\/wp-json\/wp\/v2\/pages\/71\/?search&category=85&cur=2\">2<\/a>\n                    <a href=\"#\" data-href=\"https:\/\/www.omni-biotic.com\/sk-sk\/wp-json\/wp\/v2\/pages\/71\/?search&category=85&cur=3\">3<\/a>\n                            <a href=\"#\" data-href=\"https:\/\/www.omni-biotic.com\/sk-sk\/wp-json\/wp\/v2\/pages\/71\/?search&category=85&cur=12\">\u00bb<\/a>\n            <\/div>\n<\/div>\n<div class=\"li-widgets--posts-gallery blog\">\n                    <a href=\"https:\/\/www.omni-biotic.com\/sk-sk\/blog\/crohnova-choroba\/\"\n           class=\"li-widgets--posts-gallery__post\">\n            <div class=\"post--image__container\">\n                <div class=\"post--image\">\n                    <img loading=\"lazy\" decoding=\"async\" width=\"768\" height=\"768\" src=\"https:\/\/www.omni-biotic.com\/sk-sk\/wp-content\/uploads\/sites\/9\/2022\/08\/morbuscrohn-768x768.jpg\" class=\"attachment-medium_large size-medium_large wp-post-image\" alt=\"Schweizer Studie zu chronischen Darmerkrankungen (IBD)\" srcset=\"https:\/\/www.omni-biotic.com\/sk-sk\/wp-content\/uploads\/sites\/9\/2022\/08\/morbuscrohn-768x768.jpg 768w, https:\/\/www.omni-biotic.com\/sk-sk\/wp-content\/uploads\/sites\/9\/2022\/08\/morbuscrohn-300x300.jpg 300w, https:\/\/www.omni-biotic.com\/sk-sk\/wp-content\/uploads\/sites\/9\/2022\/08\/morbuscrohn-150x150.jpg 150w, https:\/\/www.omni-biotic.com\/sk-sk\/wp-content\/uploads\/sites\/9\/2022\/08\/morbuscrohn.jpg 1000w\" sizes=\"(max-width: 768px) 100vw, 768px\" title=\"\">                <\/div>\n            <\/div>\n            <div class=\"post--teaser\">\n                <div class=\"title\">Crohnova choroba<\/div>\n                <div class=\"description\">\n                    Dlhodob\u00e1 hna\u010dka, k\u0155\u010de v bruchu, nevo\u013enos\u0165, nechutenstvo, chudnutie a nedostatok \u017eiv\u00edn. Ak s\u00fa v\u00e1m tieto\u2026                    <br>\n                    <span class=\"read-more\">\n                            \u010c\u00edta\u0165 viac                        <\/span>\n                <\/div>\n                <div class=\"metadata\"><b>Aktualizovan\u00e9:<\/b> 21. apr\u00edla 2026 \u2022 <b>Kateg\u00f3rie:<\/b> Novinky vo v\u00fdskume \u2022 <b>Autor:<\/b> Katrin Griebler<\/div>\n            <\/div>\n        <\/a>\n                <a href=\"https:\/\/www.omni-biotic.com\/sk-sk\/blog\/stukovatena-pecen-probiotika-zlepsuju-funkciu-pecene\/\"\n           class=\"li-widgets--posts-gallery__post\">\n            <div class=\"post--image__container\">\n                <div class=\"post--image\">\n                    <img loading=\"lazy\" decoding=\"async\" width=\"768\" height=\"512\" src=\"https:\/\/www.omni-biotic.com\/sk-sk\/wp-content\/uploads\/sites\/9\/2023\/04\/pecen-768x512.png\" class=\"attachment-medium_large size-medium_large wp-post-image\" alt=\"\" srcset=\"https:\/\/www.omni-biotic.com\/sk-sk\/wp-content\/uploads\/sites\/9\/2023\/04\/pecen-768x512.png 768w, https:\/\/www.omni-biotic.com\/sk-sk\/wp-content\/uploads\/sites\/9\/2023\/04\/pecen-300x200.png 300w, https:\/\/www.omni-biotic.com\/sk-sk\/wp-content\/uploads\/sites\/9\/2023\/04\/pecen.png 1000w\" sizes=\"(max-width: 768px) 100vw, 768px\" title=\"\">                <\/div>\n            <\/div>\n            <div class=\"post--teaser\">\n                <div class=\"title\">Stukovaten\u00e1 pe\u010de\u0148 &#8211; steat\u00f3za pe\u010dene<\/div>\n                <div class=\"description\">\n                    Pe\u010de\u0148 je \u00fastredn\u00fdm org\u00e1nom n\u00e1\u0161ho metabolizmu a je d\u00f4le\u017eit\u00e1 z viacer\u00fdch h\u013ead\u00edsk. Ak je pre\u0165a\u017een\u00e1,\u2026                    <br>\n                    <span class=\"read-more\">\n                            \u010c\u00edta\u0165 viac                        <\/span>\n                <\/div>\n                <div class=\"metadata\"><b>Aktualizovan\u00e9:<\/b> 2. febru\u00e1ra 2026 \u2022 <b>Kateg\u00f3rie:<\/b> Novinky vo v\u00fdskume \u2022 <b>Autor:<\/b> Thore Hansen<\/div>\n            <\/div>\n        <\/a>\n                <a href=\"https:\/\/www.omni-biotic.com\/sk-sk\/blog\/cirhoza-pecene\/\"\n           class=\"li-widgets--posts-gallery__post\">\n            <div class=\"post--image__container\">\n                <div class=\"post--image\">\n                    <img loading=\"lazy\" decoding=\"async\" width=\"700\" height=\"500\" src=\"https:\/\/www.omni-biotic.com\/sk-sk\/wp-content\/uploads\/sites\/9\/2023\/09\/cirhoza-pecene.jpg\" class=\"attachment-medium_large size-medium_large wp-post-image\" alt=\"\" srcset=\"https:\/\/www.omni-biotic.com\/sk-sk\/wp-content\/uploads\/sites\/9\/2023\/09\/cirhoza-pecene.jpg 700w, https:\/\/www.omni-biotic.com\/sk-sk\/wp-content\/uploads\/sites\/9\/2023\/09\/cirhoza-pecene-300x214.jpg 300w\" sizes=\"(max-width: 700px) 100vw, 700px\" title=\"\">                <\/div>\n            <\/div>\n            <div class=\"post--teaser\">\n                <div class=\"title\">Cirh\u00f3za pe\u010dene<\/div>\n                <div class=\"description\">\n                    \u010co je to cirh\u00f3za pe\u010dene? Cirh\u00f3za pe\u010dene, zn\u00e1ma aj ako\u00a0\u201czmen\u0161uj\u00faca sa pe\u010de\u0148\u201d, je ochorenie pe\u010dene,\u2026                    <br>\n                    <span class=\"read-more\">\n                            \u010c\u00edta\u0165 viac                        <\/span>\n                <\/div>\n                <div class=\"metadata\"><b>Aktualizovan\u00e9:<\/b> 2. janu\u00e1ra 2026 \u2022 <b>Kateg\u00f3rie:<\/b> Novinky vo v\u00fdskume, S\u0165a\u017enosti a poradenstvo \u2022 <b>Autor:<\/b> Barbara Seitler, M.Sc.<\/div>\n            <\/div>\n        <\/a>\n                <a href=\"https:\/\/www.omni-biotic.com\/sk-sk\/blog\/vedlajsie-ucinky-antibiotik\/\"\n           class=\"li-widgets--posts-gallery__post\">\n            <div class=\"post--image__container\">\n                <div class=\"post--image\">\n                    <img loading=\"lazy\" decoding=\"async\" width=\"700\" height=\"500\" src=\"https:\/\/www.omni-biotic.com\/sk-sk\/wp-content\/uploads\/sites\/9\/2023\/10\/jednodnove-antibiotika-na-mocove-cesty.png\" class=\"attachment-medium_large size-medium_large wp-post-image\" alt=\"\" srcset=\"https:\/\/www.omni-biotic.com\/sk-sk\/wp-content\/uploads\/sites\/9\/2023\/10\/jednodnove-antibiotika-na-mocove-cesty.png 700w, https:\/\/www.omni-biotic.com\/sk-sk\/wp-content\/uploads\/sites\/9\/2023\/10\/jednodnove-antibiotika-na-mocove-cesty-300x214.png 300w\" sizes=\"(max-width: 700px) 100vw, 700px\" title=\"\">                <\/div>\n            <\/div>\n            <div class=\"post--teaser\">\n                <div class=\"title\">Ved\u013eaj\u0161ie \u00fa\u010dinky antibiot\u00edk<\/div>\n                <div class=\"description\">\n                    Hlavn\u00fdm ved\u013eaj\u0161\u00edm \u00fa\u010dinkom antibiot\u00edk je, \u017ee antibiotik\u00e1 ni\u010dia nielen patog\u00e9ny, ale aj\u00a0cel\u00e9 kmene\u00a0\u017eivotne d\u00f4le\u017eit\u00fdch \u010drevn\u00fdch\u2026                    <br>\n                    <span class=\"read-more\">\n                            \u010c\u00edta\u0165 viac                        <\/span>\n                <\/div>\n                <div class=\"metadata\"><b>Aktualizovan\u00e9:<\/b> 30. decembra 2025 \u2022 <b>Kateg\u00f3rie:<\/b> Novinky vo v\u00fdskume, S\u0165a\u017enosti a poradenstvo \u2022 <b>Autor:<\/b> Barbara Seitler, M.Sc.<\/div>\n            <\/div>\n        <\/a>\n                <a href=\"https:\/\/www.omni-biotic.com\/sk-sk\/blog\/probiotika-ovplyvnuju-vykonnost-mozgu\/\"\n           class=\"li-widgets--posts-gallery__post\">\n            <div class=\"post--image__container\">\n                <div class=\"post--image\">\n                    <img loading=\"lazy\" decoding=\"async\" width=\"768\" height=\"768\" src=\"https:\/\/www.omni-biotic.com\/sk-sk\/wp-content\/uploads\/sites\/9\/2024\/06\/emocionalna-podpora-mozog-768x768.png\" class=\"attachment-medium_large size-medium_large wp-post-image\" alt=\"\" srcset=\"https:\/\/www.omni-biotic.com\/sk-sk\/wp-content\/uploads\/sites\/9\/2024\/06\/emocionalna-podpora-mozog-768x768.png 768w, https:\/\/www.omni-biotic.com\/sk-sk\/wp-content\/uploads\/sites\/9\/2024\/06\/emocionalna-podpora-mozog-300x300.png 300w, https:\/\/www.omni-biotic.com\/sk-sk\/wp-content\/uploads\/sites\/9\/2024\/06\/emocionalna-podpora-mozog-1024x1024.png 1024w, https:\/\/www.omni-biotic.com\/sk-sk\/wp-content\/uploads\/sites\/9\/2024\/06\/emocionalna-podpora-mozog-150x150.png 150w, https:\/\/www.omni-biotic.com\/sk-sk\/wp-content\/uploads\/sites\/9\/2024\/06\/emocionalna-podpora-mozog.png 1080w\" sizes=\"(max-width: 768px) 100vw, 768px\" title=\"\">                <\/div>\n            <\/div>\n            <div class=\"post--teaser\">\n                <div class=\"title\">Probiotik\u00e1 ovplyv\u0148uj\u00fa v\u00fdkonnos\u0165 mozgu<\/div>\n                <div class=\"description\">\n                    Os \u010drevo-mozog sa \u010doraz viac dost\u00e1va do centra vedeck\u00e9ho z\u00e1ujmu: medzi mozgom a tr\u00e1viacim traktom\u2026                    <br>\n                    <span class=\"read-more\">\n                            \u010c\u00edta\u0165 viac                        <\/span>\n                <\/div>\n                <div class=\"metadata\"><b>Aktualizovan\u00e9:<\/b> 30. decembra 2025 \u2022 <b>Kateg\u00f3rie:<\/b> Novinky vo v\u00fdskume<\/div>\n            <\/div>\n        <\/a>\n                <a href=\"https:\/\/www.omni-biotic.com\/sk-sk\/blog\/probiotika-a-antibiotika\/\"\n           class=\"li-widgets--posts-gallery__post\">\n            <div class=\"post--image__container\">\n                <div class=\"post--image\">\n                    <img loading=\"lazy\" decoding=\"async\" width=\"700\" height=\"500\" src=\"https:\/\/www.omni-biotic.com\/sk-sk\/wp-content\/uploads\/sites\/9\/2024\/03\/objavenie-penicilinu.jpg\" class=\"attachment-medium_large size-medium_large wp-post-image\" alt=\"\" srcset=\"https:\/\/www.omni-biotic.com\/sk-sk\/wp-content\/uploads\/sites\/9\/2024\/03\/objavenie-penicilinu.jpg 700w, https:\/\/www.omni-biotic.com\/sk-sk\/wp-content\/uploads\/sites\/9\/2024\/03\/objavenie-penicilinu-300x214.jpg 300w\" sizes=\"(max-width: 700px) 100vw, 700px\" title=\"\">                <\/div>\n            <\/div>\n            <div class=\"post--teaser\">\n                <div class=\"title\">Probiotik\u00e1 a antibiotik\u00e1<\/div>\n                <div class=\"description\">\n                    Akoko\u013evek s\u00fa antibiotik\u00e1 \u00fa\u010dinn\u00e9 a d\u00f4le\u017eit\u00e9, m\u00f4\u017eu ma\u0165 aj ved\u013eaj\u0161ie \u00fa\u010dinky a nadmern\u00e9 predpisovanie vedie\u2026                    <br>\n                    <span class=\"read-more\">\n                            \u010c\u00edta\u0165 viac                        <\/span>\n                <\/div>\n                <div class=\"metadata\"><b>Aktualizovan\u00e9:<\/b> 30. decembra 2025 \u2022 <b>Kateg\u00f3rie:<\/b> Novinky vo v\u00fdskume, S\u0165a\u017enosti a poradenstvo \u2022 <b>Autor:<\/b> Mag. Thore Hansen<\/div>\n            <\/div>\n        <\/a>\n            <\/div>\n\t\t\t\t<\/div>\n\t\t\t\t<\/div>\n\t\t\t\t\t<\/div>\n\t\t\t\t<\/div>\n\t\t\t\t<\/div>\n\t\t","protected":false},"excerpt":{"rendered":"<p>Institut AllergoSan Odborn\u00e9 centrum v\u00fdskumu mikrobi\u00f3mu Institut AllergoSan neust\u00e1le investuje do v\u00fdskumu a v\u00fdvoja produktov. V\u010faka tomu pon\u00faka u\u017e desa\u0165ro\u010dia svojim z\u00e1kazn\u00edkom pr\u00edrodn\u00e9 produkty, ktor\u00fdch\u00a0\u00fa\u010dinok\u00a0je nielen\u00a0r\u00fdchlo badate\u013en\u00fd,\u00a0ale aj\u00a0preuk\u00e1zan\u00fd klinick\u00fdmi \u0161t\u00fadiami na \u013eudoch. V\u00fdsledkom s\u00fa jedine\u010dn\u00e9 probiotik\u00e1 a prebiotik\u00e1, ktor\u00e9 podporuj\u00fa najm\u00e4\u00a0zdravie \u010driev. \u00a0 Home Obsah Prof. Anita Frauwallner Najvy\u0161\u0161ie vedeck\u00e9 po\u017eiadavky &#8222;Vysok\u00fdmi invest\u00edciami do v\u00fdskumu\u00a0preukazujeme [&hellip;]<\/p>\n","protected":false},"author":3,"featured_media":0,"parent":69,"menu_order":40,"comment_status":"closed","ping_status":"closed","template":"","meta":{"_acf_changed":false,"inline_featured_image":false,"footnotes":""},"class_list":["post-71","page","type-page","status-publish","hentry"],"acf":[],"_links":{"self":[{"href":"https:\/\/www.omni-biotic.com\/sk-sk\/wp-json\/wp\/v2\/pages\/71","targetHints":{"allow":["GET"]}}],"collection":[{"href":"https:\/\/www.omni-biotic.com\/sk-sk\/wp-json\/wp\/v2\/pages"}],"about":[{"href":"https:\/\/www.omni-biotic.com\/sk-sk\/wp-json\/wp\/v2\/types\/page"}],"author":[{"embeddable":true,"href":"https:\/\/www.omni-biotic.com\/sk-sk\/wp-json\/wp\/v2\/users\/3"}],"replies":[{"embeddable":true,"href":"https:\/\/www.omni-biotic.com\/sk-sk\/wp-json\/wp\/v2\/comments?post=71"}],"version-history":[{"count":7,"href":"https:\/\/www.omni-biotic.com\/sk-sk\/wp-json\/wp\/v2\/pages\/71\/revisions"}],"predecessor-version":[{"id":25576,"href":"https:\/\/www.omni-biotic.com\/sk-sk\/wp-json\/wp\/v2\/pages\/71\/revisions\/25576"}],"up":[{"embeddable":true,"href":"https:\/\/www.omni-biotic.com\/sk-sk\/wp-json\/wp\/v2\/pages\/69"}],"wp:attachment":[{"href":"https:\/\/www.omni-biotic.com\/sk-sk\/wp-json\/wp\/v2\/media?parent=71"}],"curies":[{"name":"wp","href":"https:\/\/api.w.org\/{rel}","templated":true}]}}