{"id":95,"date":"2022-03-07T10:07:28","date_gmt":"2022-03-07T09:07:28","guid":{"rendered":"https:\/\/www.omni-biotic.com\/ueber-uns\/forschung-entwicklung\/qualitaetskriterien\/"},"modified":"2026-02-05T14:14:37","modified_gmt":"2026-02-05T13:14:37","slug":"vedecke-studie","status":"publish","type":"page","link":"https:\/\/www.omni-biotic.com\/sk-sk\/o-nas\/vyskum-vyvoj\/vedecke-studie\/","title":{"rendered":"Vedeck\u00e9 \u0161t\u00fadie"},"content":{"rendered":"\t\t<div data-elementor-type=\"wp-page\" data-elementor-id=\"95\" class=\"elementor elementor-95\" data-elementor-post-type=\"page\">\n\t\t\t\t<div class=\"elementor-element elementor-element-8c452a8 e-con-full obcs none e-flex e-con e-parent\" data-id=\"8c452a8\" data-element_type=\"container\" data-settings=\"{&quot;background_background&quot;:&quot;classic&quot;,&quot;shape_divider_bottom&quot;:&quot;waves&quot;}\">\n\t\t\t\t<div class=\"elementor-shape elementor-shape-bottom\" aria-hidden=\"true\" data-negative=\"false\">\n\t\t\t<svg xmlns=\"http:\/\/www.w3.org\/2000\/svg\" viewBox=\"0 0 1000 100\" preserveAspectRatio=\"none\">\n\t<path class=\"elementor-shape-fill\" d=\"M421.9,6.5c22.6-2.5,51.5,0.4,75.5,5.3c23.6,4.9,70.9,23.5,100.5,35.7c75.8,32.2,133.7,44.5,192.6,49.7\n\tc23.6,2.1,48.7,3.5,103.4-2.5c54.7-6,106.2-25.6,106.2-25.6V0H0v30.3c0,0,72,32.6,158.4,30.5c39.2-0.7,92.8-6.7,134-22.4\n\tc21.2-8.1,52.2-18.2,79.7-24.2C399.3,7.9,411.6,7.5,421.9,6.5z\"\/>\n<\/svg>\t\t<\/div>\n\t\t\t\t<div class=\"elementor-element elementor-element-b34b245 elementor-absolute elementor-hidden-mobile elementor-align-center elementor-widget elementor-widget-lottie\" data-id=\"b34b245\" data-element_type=\"widget\" data-settings=\"{&quot;source_json&quot;:{&quot;url&quot;:&quot;https:\\\/\\\/www.omni-biotic.com\\\/sk-sk\\\/wp-content\\\/uploads\\\/sites\\\/9\\\/2022\\\/08\\\/lf30_editor_s5uwdgjh.json&quot;,&quot;id&quot;:&quot;7733&quot;,&quot;size&quot;:&quot;&quot;,&quot;alt&quot;:&quot;&quot;,&quot;source&quot;:&quot;library&quot;},&quot;loop&quot;:&quot;yes&quot;,&quot;play_speed&quot;:{&quot;unit&quot;:&quot;px&quot;,&quot;size&quot;:&quot;0.3&quot;,&quot;sizes&quot;:[]},&quot;_position&quot;:&quot;absolute&quot;,&quot;source&quot;:&quot;media_file&quot;,&quot;caption_source&quot;:&quot;none&quot;,&quot;link_to&quot;:&quot;none&quot;,&quot;trigger&quot;:&quot;arriving_to_viewport&quot;,&quot;viewport&quot;:{&quot;unit&quot;:&quot;%&quot;,&quot;size&quot;:&quot;&quot;,&quot;sizes&quot;:{&quot;start&quot;:0,&quot;end&quot;:100}},&quot;start_point&quot;:{&quot;unit&quot;:&quot;%&quot;,&quot;size&quot;:0,&quot;sizes&quot;:[]},&quot;end_point&quot;:{&quot;unit&quot;:&quot;%&quot;,&quot;size&quot;:100,&quot;sizes&quot;:[]},&quot;renderer&quot;:&quot;svg&quot;}\" data-widget_type=\"lottie.default\">\n\t\t\t\t<div class=\"elementor-widget-container\">\n\t\t\t\t\t<div class=\"e-lottie__container\"><div class=\"e-lottie__animation\"><\/div><\/div>\t\t\t\t<\/div>\n\t\t\t\t<\/div>\n\t\t<div class=\"elementor-element elementor-element-2ea5dd6 e-con-full obcs none e-flex e-con e-child\" data-id=\"2ea5dd6\" data-element_type=\"container\" data-settings=\"{&quot;background_background&quot;:&quot;gradient&quot;}\">\n\t\t\t\t<div class=\"elementor-element elementor-element-c0a5102 elementor-widget elementor-widget-heading\" data-id=\"c0a5102\" data-element_type=\"widget\" data-widget_type=\"heading.default\">\n\t\t\t\t<div class=\"elementor-widget-container\">\n\t\t\t\t\t<h1 class=\"elementor-heading-title elementor-size-medium\">Ved\u00faca poz\u00edcia v medzin\u00e1rodnom v\u00fdskume mikrobi\u00f3mu<\/h1>\t\t\t\t<\/div>\n\t\t\t\t<\/div>\n\t\t\t\t<div class=\"elementor-element elementor-element-27b97b9 elementor-widget-divider--view-line elementor-widget elementor-widget-divider\" data-id=\"27b97b9\" data-element_type=\"widget\" data-widget_type=\"divider.default\">\n\t\t\t\t<div class=\"elementor-widget-container\">\n\t\t\t\t\t\t\t<div class=\"elementor-divider\">\n\t\t\t<span class=\"elementor-divider-separator\">\n\t\t\t\t\t\t<\/span>\n\t\t<\/div>\n\t\t\t\t\t\t<\/div>\n\t\t\t\t<\/div>\n\t\t\t\t<div class=\"elementor-element elementor-element-8a0538d elementor-widget__width-initial elementor-widget elementor-widget-text-editor\" data-id=\"8a0538d\" data-element_type=\"widget\" data-widget_type=\"text-editor.default\">\n\t\t\t\t<div class=\"elementor-widget-container\">\n\t\t\t\t\t\t\t\t\t<p>\u010crevo je v centre medic\u00ednsko-vedeck\u00e9ho z\u00e1ujmu &#8211; presnej\u0161ie, trili\u00f3ny bakt\u00e9ri\u00ed, ktor\u00e9 ho os\u00edd\u013euj\u00fa. S rast\u00facim v\u00fdskumom mikrobi\u00f3mu je \u010doraz jasnej\u0161ie, ak\u00fa k\u013e\u00fa\u010dov\u00fa \u00falohu zohr\u00e1vaj\u00fa \u010drevn\u00e9 bakt\u00e9rie pre na\u0161e zdravie alebo pre v\u00fdvoj &#8211; a teda aj lie\u010dbu &#8211; chor\u00f4b. Institut AllergoSan svojou vedeckou pr\u00e1cou u\u017e viac ako 30 rokov rozhoduj\u00facim sp\u00f4sobom formuje medic\u00ednu 21. storo\u010dia. V\u00fdskum sa vykon\u00e1va s bakt\u00e9riami, ktor\u00e9 sa prirodzene vyskytuj\u00fa v \u013eudskom tele.<\/p><p>\u00a0<\/p>\t\t\t\t\t\t\t\t<\/div>\n\t\t\t\t<\/div>\n\t\t\t\t<\/div>\n\t\t\t\t<\/div>\n\t\t<div class=\"elementor-element elementor-element-21336ed obcs none e-flex e-con-boxed e-con e-parent\" data-id=\"21336ed\" data-element_type=\"container\">\n\t\t\t\t\t<div class=\"e-con-inner\">\n\t\t<div class=\"elementor-element elementor-element-22a5798 e-con-full obcs none e-flex e-con e-child\" data-id=\"22a5798\" data-element_type=\"container\">\n\t\t\t\t<div class=\"elementor-element elementor-element-f25009e elementor-align-left elementor-widget__width-initial elementor-widget elementor-widget-breadcrumbs\" data-id=\"f25009e\" data-element_type=\"widget\" data-widget_type=\"breadcrumbs.default\">\n\t\t\t\t<div class=\"elementor-widget-container\">\n\t\t\t\t\t<span><span class=\"last\">Home<\/span><\/span>\t\t\t\t<\/div>\n\t\t\t\t<\/div>\n\t\t\t\t<\/div>\n\t\t<div class=\"elementor-element elementor-element-3dc757d e-con-full obcs none e-flex e-con e-child\" data-id=\"3dc757d\" data-element_type=\"container\">\n\t\t\t\t<div class=\"elementor-element elementor-element-ab703cc elementor-toc--minimized-on-desktop elementor-widget elementor-widget-table-of-contents\" data-id=\"ab703cc\" data-element_type=\"widget\" data-settings=\"{&quot;exclude_headings_by_selector&quot;:[],&quot;minimized_on&quot;:&quot;desktop&quot;,&quot;no_headings_message&quot;:&quot;No headings were found on this page.&quot;,&quot;headings_by_tags&quot;:[&quot;h2&quot;,&quot;h3&quot;,&quot;h4&quot;,&quot;h5&quot;,&quot;h6&quot;],&quot;marker_view&quot;:&quot;numbers&quot;,&quot;minimize_box&quot;:&quot;yes&quot;,&quot;hierarchical_view&quot;:&quot;yes&quot;,&quot;min_height&quot;:{&quot;unit&quot;:&quot;px&quot;,&quot;size&quot;:&quot;&quot;,&quot;sizes&quot;:[]},&quot;min_height_tablet&quot;:{&quot;unit&quot;:&quot;px&quot;,&quot;size&quot;:&quot;&quot;,&quot;sizes&quot;:[]},&quot;min_height_mobile&quot;:{&quot;unit&quot;:&quot;px&quot;,&quot;size&quot;:&quot;&quot;,&quot;sizes&quot;:[]}}\" data-widget_type=\"table-of-contents.default\">\n\t\t\t\t<div class=\"elementor-widget-container\">\n\t\t\t\t\t\t\t\t\t<div class=\"elementor-toc__header\">\n\t\t\t\t\t\t<h4 class=\"elementor-toc__header-title\">\n\t\t\t\tObsah str\u00e1nky\t\t\t<\/h4>\n\t\t\t\t\t\t\t\t\t\t<div class=\"elementor-toc__toggle-button elementor-toc__toggle-button--expand\" role=\"button\" tabindex=\"0\" aria-controls=\"elementor-toc__ab703cc\" aria-expanded=\"true\" aria-label=\"Open table of contents\"><i aria-hidden=\"true\" class=\"fas fa-chevron-down\"><\/i><\/div>\n\t\t\t\t<div class=\"elementor-toc__toggle-button elementor-toc__toggle-button--collapse\" role=\"button\" tabindex=\"0\" aria-controls=\"elementor-toc__ab703cc\" aria-expanded=\"true\" aria-label=\"Close table of contents\"><i aria-hidden=\"true\" class=\"fas fa-chevron-up\"><\/i><\/div>\n\t\t\t\t\t<\/div>\n\t\t\t\t<div id=\"elementor-toc__ab703cc\" class=\"elementor-toc__body\">\n\t\t\t<div class=\"elementor-toc__spinner-container\">\n\t\t\t\t<i class=\"elementor-toc__spinner eicon-animation-spin eicon-loading\" aria-hidden=\"true\"><\/i>\t\t\t<\/div>\n\t\t<\/div>\n\t\t\t\t\t\t<\/div>\n\t\t\t\t<\/div>\n\t\t\t\t<\/div>\n\t\t\t\t\t<\/div>\n\t\t\t\t<\/div>\n\t\t<div class=\"elementor-element elementor-element-6653a53 obcs none e-flex e-con-boxed e-con e-parent\" data-id=\"6653a53\" data-element_type=\"container\">\n\t\t\t\t\t<div class=\"e-con-inner\">\n\t\t<div class=\"elementor-element elementor-element-8be45f7 obcs none e-flex e-con-boxed e-con e-child\" data-id=\"8be45f7\" data-element_type=\"container\">\n\t\t\t\t\t<div class=\"e-con-inner\">\n\t\t\t\t<div class=\"elementor-element elementor-element-d1aa6c7 elementor-widget elementor-widget-heading\" data-id=\"d1aa6c7\" data-element_type=\"widget\" data-widget_type=\"heading.default\">\n\t\t\t\t<div class=\"elementor-widget-container\">\n\t\t\t\t\t<h2 class=\"elementor-heading-title elementor-size-medium\">Institut AllergoSan so s\u00eddlom v meste Graz formuje bud\u00facnos\u0165 probiotickej medic\u00edny\n<\/h2>\t\t\t\t<\/div>\n\t\t\t\t<\/div>\n\t\t\t\t<div class=\"elementor-element elementor-element-8df7a3a elementor-widget elementor-widget-text-editor\" data-id=\"8df7a3a\" data-element_type=\"widget\" data-widget_type=\"text-editor.default\">\n\t\t\t\t<div class=\"elementor-widget-container\">\n\t\t\t\t\t\t\t\t\t<p>Po\u010detn\u00e9 klinick\u00e9 \u0161t\u00fadie dnes jasne dokazuj\u00fa terapeutick\u00fd \u00faspech t\u00fdchto probiotick\u00fdch bakt\u00e9ri\u00ed pri najr\u00f4znej\u0161\u00edch ochoreniach, od hna\u010dky spojenej s antibiotikami a\u017e po depresiu a opakovan\u00e9 vagin\u00e1lne infekcie.<\/p><p>\u00a0<\/p>\t\t\t\t\t\t\t\t<\/div>\n\t\t\t\t<\/div>\n\t\t\t\t<div class=\"elementor-element elementor-element-6ee53e6 elementor-widget elementor-widget-heading\" data-id=\"6ee53e6\" data-element_type=\"widget\" data-widget_type=\"heading.default\">\n\t\t\t\t<div class=\"elementor-widget-container\">\n\t\t\t\t\t<h3 class=\"elementor-heading-title elementor-size-default\">Kvalita je na\u0161ou DNA\n<\/h3>\t\t\t\t<\/div>\n\t\t\t\t<\/div>\n\t\t\t\t<div class=\"elementor-element elementor-element-32c17fa elementor-widget elementor-widget-text-editor\" data-id=\"32c17fa\" data-element_type=\"widget\" data-widget_type=\"text-editor.default\">\n\t\t\t\t<div class=\"elementor-widget-container\">\n\t\t\t\t\t\t\t\t\t<p>Institut AllergoSan je u\u017e viac ako 30 rokov neoddelite\u013ene spojen\u00fd s t\u00e9mami v\u00fdskumu a lie\u010dby probiotikami a nie nadarmo je so svojou tradi\u010dnou zna\u010dkou OMNi-BiOTiC\u00ae \u010d\u00edslo 1 na trhu s probiotikami. Pani Prof. Anita Frauwallner, zakladate\u013eka a riadite\u013eka in\u0161tit\u00fatu Institut AllergoSan: &#8222;Z\u00e1kladom na\u0161ich probiot\u00edk je v\u00fdskum a vysokokvalitn\u00e9 \u0161t\u00fadie. \u0160peci\u00e1lne vyber\u00e1me kmene bakt\u00e9ri\u00ed, ktor\u00e9 sa vyskytuj\u00fa v zdravom \u013eudskom tele a maj\u00fa tak najlep\u0161ie mo\u017en\u00e9 podmienky na to, aby sa usadili a mno\u017eili v na\u0161ich \u010drev\u00e1ch. Uk\u00e1zali sme to aj v klinick\u00fdch \u0161t\u00fadi\u00e1ch, ktor\u00e9 vykonali renomovan\u00e9 kliniky.&#8220;<\/p>\n<p>Pr\u00edsny postup v\u00fdberu tak\u00fdchto \u013eudsk\u00fdch mikroorganizmov je obzvl\u00e1\u0161\u0165 dobre ilustrovan\u00fd v \u0161t\u00fadii2 viedenskej v\u0161eobecnej nemocnice: Z \u010driev a po\u0161vy zdrav\u00fdch \u017eien boli izolovan\u00e9 presne tie mikroorganizmy, ktor\u00e9 s\u00fa zodpovedn\u00e9 za zdrav\u00e9 os\u00eddlenie po\u0161vy. Najsilnej\u0161ie z nich s\u00fa vyberan\u00e9 v r\u00e1mci zd\u013ahav\u00fdch v\u00fdskumn\u00fdch procesov s cie\u013eom lie\u010di\u0165 \u017eeny s ochoreniami, ako s\u00fa opakovan\u00e9 infekcie mo\u010dov\u00fdch ciest, bakteri\u00e1lna vagin\u00f3za alebo ples\u0148ov\u00e9 infekcie, \u00faplne prirodzen\u00fdm sp\u00f4sobom &#8211; a to kauz\u00e1lnym a udr\u017eate\u013en\u00fdm sp\u00f4sobom &#8211; pomocou probiotick\u00fdch bakt\u00e9ri\u00ed, ktor\u00e9 trvalo \u017eij\u00fa v zdrav\u00fdch \u013eu\u010foch. &#8222;Institut AllergoSan vynaklad\u00e1 v\u0161etky z\u00edskan\u00e9 poznatky za desa\u0165ro\u010dia a ve\u013ek\u00e9 finan\u010dn\u00e9 prostriedky na v\u00fdskum, aby identifikoval presne tie kmene bakt\u00e9ri\u00ed na r\u00f4zne zdravotn\u00e9 probl\u00e9my, ktor\u00e9 sa potom pou\u017e\u00edvaj\u00fa v produktoch pod n\u00e1zvom OMNi-BiOTiC\u00ae a ktor\u00fdch v\u00fdrazn\u00fd \u00fa\u010dinok men\u00ed z\u00e1kazn\u00edkov na nad\u0161en\u00fdch fan\u00fa\u0161ikov,&#8220; opisuje pani Prof. Anita Frauwallner.<\/p>\n<p>Lek\u00e1ri a lek\u00e1rnici t\u00fdmto probiotik\u00e1m d\u00f4veruj\u00fa, preto\u017ee existuj\u00fa d\u00f4kazy o ich \u00fa\u010dinnosti, ktor\u00e9 s\u00fa publikovan\u00e9 vo v\u00fdznamn\u00fdch vedeck\u00fdch \u010dasopisoch. Napr\u00edklad \u0161t\u00fadia o probiotickej lie\u010dbe hna\u010dky spojenej s antibiotikami, ktor\u00e1 bola uverejnen\u00e1 v medzin\u00e1rodne uzn\u00e1vanom \u010dasopise American Journal of Gastroenterology, bola v tom \u010dase vybran\u00e1 WGO ako jedna z 15 najlep\u0161\u00edch probiotick\u00fdch \u0161t\u00fadi\u00ed na svete. Vysok\u00e9 uznanie z\u00edskala aj pr\u00e1ca o pou\u017e\u00edvan\u00ed probiot\u00edk po\u010das tehotenstva, ktor\u00e9 umo\u017e\u0148uj\u00fa modulova\u0165 imunitn\u00fd syst\u00e9m, a t\u00fdm v\u00fdrazne zn\u00ed\u017ei\u0165 v\u00fdskyt alergi\u00ed, astmy a neurodermatit\u00eddy aj u geneticky predisponovan\u00fdch det\u00ed. Tieto v\u00fdsledky boli uverejnen\u00e9 v poprednom vedeckom \u010dasopise Allergy ako \u0161t\u00fadia PANDA. V \u010dasopise Alimentary Pharmacology and Therapeutics bol uverejnen\u00fd mimoriadny \u00faspech \u0161t\u00fadie: V spolupr\u00e1ci s Lek\u00e1rskou univerzitou v Grazi sa jednozna\u010dne preuk\u00e1zalo, \u017ee \u0161peci\u00e1lne vyvinut\u00e9 probiotikum dok\u00e1\u017ee zlep\u0161i\u0165 zhor\u0161en\u00fa funkciu pe\u010dene aj u pacientov s \u0165a\u017ekou cirh\u00f3zou pe\u010dene, \u010do je doteraz nesl\u00fdchan\u00e1 mo\u017enos\u0165 lie\u010dby, ktor\u00e1 navy\u0161e nem\u00e1 \u017eiadne ne\u017eiaduce ved\u013eaj\u0161ie \u00fa\u010dinky, ako by to bolo v pr\u00edpade transplant\u00e1cie pe\u010dene &#8211; jedinej alternat\u00edvy tejto probiotickej lie\u010dby3.<\/p>\t\t\t\t\t\t\t\t<\/div>\n\t\t\t\t<\/div>\n\t\t\t\t\t<\/div>\n\t\t\t\t<\/div>\n\t\t\t\t\t<\/div>\n\t\t\t\t<\/div>\n\t\t<div class=\"elementor-element elementor-element-3be19ad obcs none e-flex e-con-boxed e-con e-parent\" data-id=\"3be19ad\" data-element_type=\"container\">\n\t\t\t\t\t<div class=\"e-con-inner\">\n\t\t<div class=\"elementor-element elementor-element-fabc474 e-con-full obcs none e-flex e-con e-child\" data-id=\"fabc474\" data-element_type=\"container\">\n\t\t\t\t<div class=\"elementor-element elementor-element-15f849a elementor-widget elementor-widget-heading\" data-id=\"15f849a\" data-element_type=\"widget\" data-widget_type=\"heading.default\">\n\t\t\t\t<div class=\"elementor-widget-container\">\n\t\t\t\t\t<h3 class=\"elementor-heading-title elementor-size-large\">Prebiehaj\u00face invest\u00edcie do v\u00fdskumu\n<\/h3>\t\t\t\t<\/div>\n\t\t\t\t<\/div>\n\t\t\t\t<div class=\"elementor-element elementor-element-1a76dde elementor-widget elementor-widget-text-editor\" data-id=\"1a76dde\" data-element_type=\"widget\" data-widget_type=\"text-editor.default\">\n\t\t\t\t<div class=\"elementor-widget-container\">\n\t\t\t\t\t\t\t\t\t<p data-start=\"125\" data-end=\"1438\">Medzi najnov\u0161ie v\u00fdskumn\u00e9 \u00faspechy patr\u00ed ned\u00e1vno publikovan\u00e1 \u0161t\u00fadia zameran\u00e1 na zlep\u0161enie funkcie vagov\u00e9ho nervu pri depresi\u00e1ch. Vagusov\u00fd nerv je najdlh\u0161\u00ed mozgov\u00fd nerv, vedie od mozgov\u00e9ho kme\u0148a a\u017e do bru\u0161nej oblasti a zohr\u00e1va d\u00f4le\u017eit\u00fa \u00falohu pri prenose inform\u00e1ci\u00ed medzi \u010drevom a mozgom. Riadi \u017eivotne d\u00f4le\u017eit\u00e9 funkcie, ako s\u00fa srdcov\u00e1 frekvencia, tr\u00e1venie, d\u00fdchanie, metabolizmus a imunitn\u00fd syst\u00e9m. \u0160t\u00fadie ukazuj\u00fa, \u017ee u depres\u00edvnych pacientov nie je zn\u00ed\u017een\u00e1 len aktivita vagov\u00e9ho nervu, ale aj rozmanitos\u0165 \u010drevn\u00e9ho mikrobi\u00f3mu. Negat\u00edvna zmena \u010drevnej mikrobioty (dysbi\u00f3za) m\u00f4\u017ee vies\u0165 k uvo\u013e\u0148ovaniu proz\u00e1palov\u00fdch bielkov\u00edn, k defektom \u010drevnej sliznice a k zmene imunitnej reakcie. Tieto zmeny m\u00f4\u017eu ma\u0165 za n\u00e1sledok poruchy du\u0161evn\u00e9ho zdravia a prispie\u0165 k rozvoju depresie. \u0160t\u00fadia realizovan\u00e1 na Lek\u00e1rskej univerzite v Grazi a ned\u00e1vno publikovan\u00e1 v renomovanom odbornom \u010dasopise uk\u00e1zala, \u017ee pou\u017eitie \u0161peci\u00e1lneho protiz\u00e1palov\u00e9ho probiotika po dobu 3 mesiacov vedie k v\u00fdznamn\u00e9mu zlep\u0161eniu funkcie vagov\u00e9ho nervu u depres\u00edvnych pacientov, \u010do sa n\u00e1sledne m\u00f4\u017ee pozit\u00edvne odrazi\u0165 na n\u00e1lade. Zauj\u00edmav\u00e9 je aj to, \u017ee rann\u00e1 srdcov\u00e1 frekvencia sa normalizovala a kvalita sp\u00e1nku sa zlep\u0161ila, \u010d\u00edm sa zn\u00ed\u017eila aj potreba sp\u00e1nkov\u00fdch liekov. Medic\u00ednsky relevantn\u00e9 probiotik\u00e1 tak otv\u00e1raj\u00fa s\u013eubn\u00e9 nov\u00e9 mo\u017enosti podpornej lie\u010dby depresie.<\/p><p data-start=\"1440\" data-end=\"2963\">\u010crevo ovplyv\u0148uje na\u0161u poko\u017eku \u2013 viac, ne\u017e si mnoh\u00ed myslia. Prostredn\u00edctvom \u010drevno-ko\u017enej osi komunikuje \u010drevn\u00fd mikrobi\u00f3m s na\u0161\u00edm imunitn\u00fdm syst\u00e9mom a poko\u017ekou. Ak \u010drevn\u00e1 mikrobiota strat\u00ed rovnov\u00e1hu, m\u00f4\u017ee to vies\u0165 k naru\u0161enej bari\u00e9rovej funkcii, z\u00e1palov\u00fdm reakci\u00e1m a typick\u00fdm ko\u017en\u00fdm probl\u00e9mom, ako s\u00fa neurodermatit\u00edda, akn\u00e9 alebo urtik\u00e1ria (\u017eih\u013eavka). Aj alergick\u00e9 pr\u00edznaky s\u00favisia s \u010drevom, preto\u017ee \u010drevn\u00fd mikrobi\u00f3m v\u00fdznamne ovplyv\u0148uje imunitn\u00fd syst\u00e9m. Aktu\u00e1lna vedeck\u00e1 anal\u00fdza s viac ne\u017e 1 400 \u00fa\u010dastn\u00edkmi uk\u00e1zala, \u017ee \u0161pecificky formulovan\u00e9 multikr\u00e1tov\u00e9 probiotikum pozost\u00e1vaj\u00face zo 6 bakteri\u00e1lnych kme\u0148ov prin\u00e1\u0161a \u010drevn\u00fd mikrobi\u00f3m do rovnov\u00e1hy, \u010d\u00edm sa v\u00fdrazne zmier\u0148uj\u00fa ko\u017en\u00e9 probl\u00e9my a alergie \u2013 a to u\u017e do 8 t\u00fd\u017ed\u0148ov pri dvojitej dennej d\u00e1vke. Ko\u017en\u00e9 probl\u00e9my sa zlep\u0161ili celkovo o 83\u202f%. Pr\u00edznaky neurodermatit\u00eddy, ako s\u00fa za\u010dervenanie alebo suchos\u0165 poko\u017eky, sa zn\u00ed\u017eili o 81 %. Akn\u00e9-s\u00favisiace \u0165a\u017ekosti klesli o 83\u202f%. Poruchy sp\u00e1nku sp\u00f4soben\u00e9 ko\u017en\u00fdmi probl\u00e9mami sa zlep\u0161ili o 79\u202f%. Cielen\u00e1 podpora \u010drevn\u00e9ho mikrobi\u00f3mu m\u00f4\u017ee by\u0165 tak efekt\u00edvnym doplnkom klasickej lie\u010dby poko\u017eky \u2013 najm\u00e4 v kombin\u00e1cii s probiotickou mas\u0165ou, ktor\u00e1 lok\u00e1lne posil\u0148uje ko\u017en\u00fa bari\u00e9ru a reguluje z\u00e1paly zvonku. V r\u00e1mci tejto anal\u00fdzy sa tie\u017e uk\u00e1zalo, \u017ee u\u017e po 8 t\u00fd\u017ed\u0148och u\u017e\u00edvania probiotika sa alergick\u00e9 sympt\u00f3my v\u00fdrazne zn\u00ed\u017eili. Typick\u00e9 prejavy, ako s\u00fa te\u010d\u00faci nos, svrbiv\u00e9 o\u010di a d\u00fdchacie \u0165a\u017ekosti, sa zlep\u0161ili o 88\u202f%. N\u00e1chylnos\u0165 na infekcie sa zn\u00ed\u017eila o 76\u202f%. Gastrointestin\u00e1lne \u0165a\u017ekosti, ako s\u00fa boles\u0165 brucha, nad\u00favanie a hna\u010dka, sa zlep\u0161ili o 88\u202f%.<\/p><p data-start=\"2965\" data-end=\"3922\">\u010eal\u0161ie zauj\u00edmav\u00e9 v\u00fdsledky priniesla ned\u00e1vno publikovan\u00e1 klinick\u00e1 \u0161t\u00fadia o funk\u010dnom bolestivom syndr\u00f3me. Tento syndr\u00f3m predstavuje chronick\u00e9 vn\u00edmanie bolesti. Bolest stratila svoju p\u00f4vodn\u00fa funkciu varovania a orienta\u010dn\u00e9ho sign\u00e1lu a st\u00e1va sa sama o sebe chorobou. \u010casto je sprev\u00e1dzan\u00e1 \u010fal\u0161\u00edmi \u0165a\u017ekos\u0165ami, ako s\u00fa poruchy sp\u00e1nku, strata chuti do jedla, zv\u00fd\u0161en\u00e1 podr\u00e1\u017edenos\u0165 a depres\u00edvne n\u00e1lady. Klinick\u00e1 \u0161t\u00fadia presved\u010divo preuk\u00e1zala, \u017ee trojmesa\u010dn\u00e9 u\u017e\u00edvanie probiotika \u0161pecificky p\u00f4sobiaceho na \u010drevno-mozgov\u00fa os viedlo k v\u00fdznamn\u00e9mu zn\u00ed\u017eeniu vn\u00edmanej intenzity bolesti o 69\u202f%. N\u00e1sledne sa zn\u00ed\u017eilo naru\u0161enie ka\u017edodenn\u00e9ho \u017eivota, \u00fazkostn\u00e9 poruchy a stres, \u010do predstavuje v\u00fdrazn\u00e9 zlep\u0161enie kvality \u017eivota pacientov. Impozantn\u00e9 je, \u017ee u v\u0161etk\u00fdch \u00fa\u010dastn\u00edkov sa v\u00fdrazne zn\u00ed\u017eila alebo \u00faplne eliminovala potreba liekov proti bolesti. Cielen\u00e9 pou\u017eitie tohto medic\u00ednsky relevantn\u00e9ho probiotika predstavuje tak s\u013eubn\u00fa nov\u00fa terapeutick\u00fa mo\u017enos\u0165 pre pacientov s boles\u0165ou.<\/p><p data-start=\"3924\" data-end=\"4469\">\u0160t\u00fadie jasne ukazuj\u00fa, \u017ee nerovnov\u00e1\u017ena mikrobi\u00e1lna koloniz\u00e1cia v ranom obdob\u00ed \u017eivota nielen\u017ee podporuje vznik gastrointestin\u00e1lnych por\u00fach, ale m\u00f4\u017ee ma\u0165 aj \u010falekosiahle d\u00f4sledky pre zdravie. 30\u202f% v\u0161etk\u00fdch novorodencov je po\u010das prv\u00fdch troch mesiacov \u017eivota postihnut\u00fdch ve\u013emi nepr\u00edjemn\u00fdmi kolikami, ktor\u00e9 sa prejavuj\u00fa nadmern\u00fdm pla\u010dom, nad\u00favan\u00edm, tvrd\u00fdm bruchom a k\u0155\u010dovit\u00fdm pri\u0165ahovan\u00edm n\u00f4h. Postihnut\u00e9 deti maj\u00fa menej rozmanit\u00fd \u010drevn\u00fd mikrobi\u00f3m s redukovan\u00fdm po\u010dtom prospe\u0161n\u00fdch bakt\u00e9ri\u00ed, ako s\u00fa laktobacily, a zv\u00fd\u0161en\u00fdm po\u010dtom patog\u00e9nnych kme\u0148ov.<\/p><p data-start=\"4471\" data-end=\"5254\">V r\u00e1mci pozorovania \u00fa\u010dinku u\u017e\u00edvali \u00fa\u010dastn\u00ed\u010dky \u0161pecificky vyvinut\u00e9 multikr\u00e1tov\u00e9 probiotikum ur\u010den\u00e9 pre tehotenstvo a prv\u00fd rok \u017eivota die\u0165a\u0165a vo forme pr\u00e1\u0161ku v poslednom mesiaci tehotenstva. V prv\u00fdch troch mesiacoch po naroden\u00ed dostali novorodenci rovnak\u00e9 probiotikum v novej, \u0161peci\u00e1lne pre deti vyvinutej forme \u2013 ako probiotikum v olejov\u00fdch kvapk\u00e1ch. Raz t\u00fd\u017edenne bol vypl\u0148ovan\u00fd kr\u00e1tky online dotazn\u00edk o stave a gastrointestin\u00e1lnych probl\u00e9moch det\u00ed. Pozoruhodn\u00e9 je, \u017ee pod\u00e1vanie tohto vysoko kvalitn\u00e9ho probiotika v\u00fdrazne zn\u00ed\u017eilo nad\u00favanie, v\u00fdskyt tvrd\u00e9ho brucha, k\u0155\u010dovit\u00e9 pri\u0165ahovanie n\u00f4h aj preh\u00fdbanie tela. Pou\u017eitie t\u00fdchto \u0161pecificky vybran\u00fdch bakteri\u00e1lnych kme\u0148ov tak nielen podporuje optim\u00e1lnu mikrobi\u00e1lnu koloniz\u00e1ciu \u010dreva od narodenia, ale aj zni\u017euje v\u00fdskyt sympt\u00f3mov koliky.<\/p><p data-start=\"5256\" data-end=\"5682\">Zauj\u00edmav\u00e9 v\u00fdsledky boli ned\u00e1vno publikovan\u00e9 aj v oblasti dermatol\u00f3gie. Neurodermatit\u00edda je chronick\u00e9 ochorenie ko\u017ee, ktor\u00e9 v\u00fdrazne zni\u017euje kvalitu \u017eivota postihnut\u00fdch a ich rod\u00edn kv\u00f4li suchej poko\u017eke, \u0161upin\u00e1m, z\u00e1palu, svrbeniu a s t\u00fdm s\u00favisiacim poruch\u00e1m sp\u00e1nku. Pri tejto chorobe doch\u00e1dza k oslaben\u00e9mu ko\u017en\u00e9mu ochrann\u00e9mu mechanizmu a imunitn\u00fd syst\u00e9m str\u00e1ca rovnov\u00e1hu \u2013 pritom zlo\u017eenie ko\u017en\u00e9ho mikrobi\u00f3mu hr\u00e1 v\u00fdznamn\u00fa \u00falohu.<\/p><p data-start=\"5684\" data-end=\"6512\">V r\u00e1mci pozorovania \u00fa\u010dinkov u \u00fa\u010dastn\u00edkov vo veku 2 a\u017e 65 rokov bol sk\u00faman\u00fd efekt probiotickej intenz\u00edvnej o\u0161etrovacej masti na sympt\u00f3my neurodermatit\u00eddy. Mas\u0165 obsahuje dev\u00e4\u0165 probiotick\u00fdch bakteri\u00e1lnych kme\u0148ov, ktor\u00e9 preuk\u00e1zate\u013ene vytl\u00e1\u010daj\u00fa \u0161kodliv\u00e9 mikroorganizmy z poko\u017eky, chr\u00e1nia ko\u017en\u00fa bari\u00e9ru a posil\u0148uj\u00fa imunitn\u00fa obranu ko\u017ee. Pozoruhodn\u00e9 je, \u017ee u\u017e po t\u00fd\u017edni pou\u017eitia tejto indik\u00e1ciami \u0161pecificky formulovanej probiotickej masti do\u0161lo k cite\u013en\u00e9mu zlep\u0161eniu sympt\u00f3mov neurodermatit\u00eddy. Po troch t\u00fd\u017ed\u0148och lie\u010dba viedla k v\u00fdznamn\u00e9mu zn\u00ed\u017eeniu ko\u017en\u00fdch probl\u00e9mov, \u010do bolo jasne preuk\u00e1zan\u00e9 porovnan\u00edm postihnut\u00fdch miest pred a po pou\u017eit\u00ed prostredn\u00edctvom fotodokument\u00e1cie. Pou\u017eitie tejto probiotickej masti tak prispelo k lep\u0161iemu sp\u00e1nku a kvalite \u017eivota postihnut\u00fdch a predstavuje cenn\u00fa terapeutick\u00fa mo\u017enos\u0165 pri neurodermatit\u00edde.<\/p><p data-start=\"6514\" data-end=\"6820\">Pr\u00e1ve tieto \u0161t\u00fadie a aktu\u00e1lne viac ne\u017e 50 \u010fal\u0161\u00edch prebiehaj\u00facich v\u00fdskumov robia z in\u0161tit\u00fatu AllergoSan rak\u00faske centrum v\u00fdskumu mikrobi\u00f3mu: \u201eBud\u00facnos\u0165 patr\u00ed probiotickej medic\u00edne. Sme hrd\u00ed, \u017ee m\u00f4\u017eeme svoj\u00edm v\u00fdskumom a v\u00fdvojom produktov prispie\u0165 k tomuto d\u00f4le\u017eit\u00e9mu cie\u013eu,\u201c zhr\u0148uje prof. Anita Frauwallner.<\/p>\t\t\t\t\t\t\t\t<\/div>\n\t\t\t\t<\/div>\n\t\t\t\t<div class=\"elementor-element elementor-element-4af8388 elementor-widget elementor-widget-text-editor\" data-id=\"4af8388\" data-element_type=\"widget\" data-widget_type=\"text-editor.default\">\n\t\t\t\t<div class=\"elementor-widget-container\">\n\t\t\t\t\t\t\t\t\t<p><em>1 IMS PharmaTrend\u00ae monatlich; individuelle Marktbasis aus OTC 3 \u2014 03F1 Probiotische Produkte f\u00fcr den Verdauungstrakt und ausgew\u00e4hlten Wettbewerbern; MAT 07\/2017; Umsatz<\/em><\/p><p><em>2 Domig, K. J. et al. Strategies for the evaluation and selection of potential vaginal probiotics from human sources: an exemplary study. Benef. Microbes 5, 263\u2013272 (2014)<\/em><\/p><p><em>3 M\u00f6rkl et al. \u201eMulti-species probiotic supplement enhances vagal nerve function \u2013 results of a randomized controlled trial in patients with depression and healthy controls.\u201c\u00a0Gut Microbes, vol. 17(1), pp. 2492377 (2025).<\/em><\/p><p><em>4 Kolleritsch S., Auinger L., Gesunder Darm, starkes Immunsystem: Der erfolgreiche Einsatz eines Multispezies-Probiotikums bei Allergiesymptomen und Hautproblemen, OM &amp; Ern\u00e4hrung, Sonderheft Darm IV, SH39, pp 34-40 (2025)<\/em><\/p><p><em>5 Castelletti et al. \u201eClinical Treatment of Functional Pain Syndromes along the Microbiome-Gut-Brain-Axis: Combined Approach with Neuromodulation-Neurofeedback and Multispecies Probiotic.\u201c\u00a0World Journal of Neuroscience, vol. 14, pp. 103-119 (2024).<\/em><\/p><p><em>6\u00a0Kolleritsch\u00a0et al. \u201eErfolgreicher Einsatz eines Probiotikums zur Reduktion von 3-Monats-Koliken<\/em><\/p><p><em>bei Neugeborenen.\u201c\u00a0<strong>\u00a0<\/strong>OM &amp; Ern\u00e4hrung, vol. 192, pp F20-25 (2025)<\/em><\/p><p><em>7 Kolleritsch\u00a0et al.\u00a0\u201eDie positive Wirkung einer probiotischen Salbe auf Symptome der Neurodermitis.\u201c OM &amp; Ern<\/em><\/p>\t\t\t\t\t\t\t\t<\/div>\n\t\t\t\t<\/div>\n\t\t\t\t<\/div>\n\t\t\t\t\t<\/div>\n\t\t\t\t<\/div>\n\t\t<div class=\"elementor-element elementor-element-52326c4 obcs none e-flex e-con-boxed e-con e-parent\" data-id=\"52326c4\" data-element_type=\"container\" data-settings=\"{&quot;background_background&quot;:&quot;classic&quot;,&quot;shape_divider_top&quot;:&quot;waves&quot;,&quot;shape_divider_bottom&quot;:&quot;waves&quot;}\">\n\t\t\t\t\t<div class=\"e-con-inner\">\n\t\t\t\t<div class=\"elementor-shape elementor-shape-top\" aria-hidden=\"true\" data-negative=\"false\">\n\t\t\t<svg xmlns=\"http:\/\/www.w3.org\/2000\/svg\" viewBox=\"0 0 1000 100\" preserveAspectRatio=\"none\">\n\t<path class=\"elementor-shape-fill\" d=\"M421.9,6.5c22.6-2.5,51.5,0.4,75.5,5.3c23.6,4.9,70.9,23.5,100.5,35.7c75.8,32.2,133.7,44.5,192.6,49.7\n\tc23.6,2.1,48.7,3.5,103.4-2.5c54.7-6,106.2-25.6,106.2-25.6V0H0v30.3c0,0,72,32.6,158.4,30.5c39.2-0.7,92.8-6.7,134-22.4\n\tc21.2-8.1,52.2-18.2,79.7-24.2C399.3,7.9,411.6,7.5,421.9,6.5z\"\/>\n<\/svg>\t\t<\/div>\n\t\t\t\t<div class=\"elementor-shape elementor-shape-bottom\" aria-hidden=\"true\" data-negative=\"false\">\n\t\t\t<svg xmlns=\"http:\/\/www.w3.org\/2000\/svg\" viewBox=\"0 0 1000 100\" preserveAspectRatio=\"none\">\n\t<path class=\"elementor-shape-fill\" d=\"M421.9,6.5c22.6-2.5,51.5,0.4,75.5,5.3c23.6,4.9,70.9,23.5,100.5,35.7c75.8,32.2,133.7,44.5,192.6,49.7\n\tc23.6,2.1,48.7,3.5,103.4-2.5c54.7-6,106.2-25.6,106.2-25.6V0H0v30.3c0,0,72,32.6,158.4,30.5c39.2-0.7,92.8-6.7,134-22.4\n\tc21.2-8.1,52.2-18.2,79.7-24.2C399.3,7.9,411.6,7.5,421.9,6.5z\"\/>\n<\/svg>\t\t<\/div>\n\t\t\t\t<div class=\"elementor-element elementor-element-db256b6 elementor-widget__width-inherit elementor-widget elementor-widget-heading\" data-id=\"db256b6\" data-element_type=\"widget\" data-widget_type=\"heading.default\">\n\t\t\t\t<div class=\"elementor-widget-container\">\n\t\t\t\t\t<h2 class=\"elementor-heading-title elementor-size-default\">Invest\u00edcie do v\u00fdskumu<\/h2>\t\t\t\t<\/div>\n\t\t\t\t<\/div>\n\t\t\t\t<div class=\"elementor-element elementor-element-e42d96d elementor-widget elementor-widget-text-editor\" data-id=\"e42d96d\" data-element_type=\"widget\" data-widget_type=\"text-editor.default\">\n\t\t\t\t<div class=\"elementor-widget-container\">\n\t\t\t\t\t\t\t\t\t<p>Institut AllergoSan akt\u00edvne investuje do v\u00fdskumu a v\u00fdvoja produktov. V\u010faka tomu pon\u00faka svojim z\u00e1kazn\u00edkom pr\u00edrodn\u00e9 l\u00e1tky, ktor\u00fdch \u00fa\u010dinok je pre u\u017e\u00edvate\u013ea nielen r\u00fdchlo badate\u013en\u00fd, ale aj preuk\u00e1zan\u00fd vedeck\u00fdmi \u0161t\u00fadiami.<\/p>\n<p><\/p>\t\t\t\t\t\t\t\t<\/div>\n\t\t\t\t<\/div>\n\t\t\t\t<div class=\"elementor-element elementor-element-29dabe2 elementor-align-center elementor-widget__width-inherit elementor-widget elementor-widget-button\" data-id=\"29dabe2\" data-element_type=\"widget\" data-widget_type=\"button.default\">\n\t\t\t\t<div class=\"elementor-widget-container\">\n\t\t\t\t\t\t\t\t\t<div class=\"elementor-button-wrapper\">\n\t\t\t\t\t<a class=\"elementor-button elementor-button-link elementor-size-lg\" href=\"https:\/\/www.omni-biotic.com\/sk-sk\/o-nas\/vyskum-vyvoj\/\">\n\t\t\t\t\t\t<span class=\"elementor-button-content-wrapper\">\n\t\t\t\t\t\t\t\t\t<span class=\"elementor-button-text\">Viac o v\u00fdskume<\/span>\n\t\t\t\t\t<\/span>\n\t\t\t\t\t<\/a>\n\t\t\t\t<\/div>\n\t\t\t\t\t\t\t\t<\/div>\n\t\t\t\t<\/div>\n\t\t\t\t\t<\/div>\n\t\t\t\t<\/div>\n\t\t<div class=\"elementor-element elementor-element-640a142 obcs none e-flex e-con-boxed e-con e-parent\" data-id=\"640a142\" data-element_type=\"container\">\n\t\t\t\t\t<div class=\"e-con-inner\">\n\t\t<div class=\"elementor-element elementor-element-e11cf7b e-con-full obcs none e-flex e-con e-child\" data-id=\"e11cf7b\" data-element_type=\"container\">\n\t\t\t\t<div class=\"elementor-element elementor-element-835f180 elementor-widget elementor-widget-heading\" data-id=\"835f180\" data-element_type=\"widget\" data-widget_type=\"heading.default\">\n\t\t\t\t<div class=\"elementor-widget-container\">\n\t\t\t\t\t<h2 class=\"elementor-heading-title elementor-size-default\">Klinick\u00e9 \u0161t\u00fadie<\/h2>\t\t\t\t<\/div>\n\t\t\t\t<\/div>\n\t\t\t\t<div class=\"elementor-element elementor-element-8dbd45d elementor-widget elementor-widget-text-editor\" data-id=\"8dbd45d\" data-element_type=\"widget\" data-widget_type=\"text-editor.default\">\n\t\t\t\t<div class=\"elementor-widget-container\">\n\t\t\t\t\t\t\t\t\t<p>V\u00fdber publikovan\u00fdch \u0161t\u00fadi\u00ed PubMed o r\u00f4znych indik\u00e1ci\u00e1ch, v ktor\u00fdch sa OMNi-BiOTiC\u00ae pou\u017e\u00edval a vedecky testoval:<\/p><p>\u00a0<\/p>\t\t\t\t\t\t\t\t<\/div>\n\t\t\t\t<\/div>\n\t\t\t\t<div class=\"elementor-element elementor-element-1296f03 elementor-widget elementor-widget-text-editor\" data-id=\"1296f03\" data-element_type=\"widget\" data-widget_type=\"text-editor.default\">\n\t\t\t\t<div class=\"elementor-widget-container\">\n\t\t\t\t\t\t\t\t\t<ul><li><p data-start=\"119\" data-end=\"443\"><strong data-start=\"119\" data-end=\"225\">Institut AllergoSan \u2013 Dr. rer. nat. Stephanie Kolleritsch, Lisa Auinger MSc. \u2013 Immune System &amp; Allergy<\/strong><br data-start=\"225\" data-end=\"228\" \/>Kolleritsch S., Auinger L., \u201cHealthy Gut, Strong Immune System: The Successful Use of a Multi-Species Probiotic for Allergy Symptoms and Skin Problems,\u201d OM &amp; Ern\u00e4hrung, Special Issue Gut IV, SH39, pp. 34-40 (2025)<\/p><p data-start=\"445\" data-end=\"704\"><strong data-start=\"445\" data-end=\"517\">Utrecht University \u2013 Celia Segui-Perez \u2013 Intestinal Barrier Function<\/strong><br data-start=\"517\" data-end=\"520\" \/>Segui-Perez et al. \u201cProbiotic Bifidobacterium bifidum strains desialylate MUC13 and increase intestinal epithelial barrier function.\u201d Scientific Reports, vol. 15(1), pp. 8778 (2025).<\/p><p data-start=\"706\" data-end=\"927\"><strong data-start=\"706\" data-end=\"785\">Institut AllergoSan \u2013 Dr. rer. nat. Stephanie Kolleritsch \u2013 Neurodermatitis<\/strong><br data-start=\"785\" data-end=\"788\" \/>Kolleritsch et al. \u201cThe Positive Effect of a Probiotic Ointment on Neurodermatitis Symptoms.\u201d OM &amp; Ern\u00e4hrung, vol. 190, pp. 34-39 (2025).<\/p><p data-start=\"929\" data-end=\"1233\"><strong data-start=\"929\" data-end=\"1010\">Medical University of Graz \u2013 Priv. Doz. DDr. Sabrina Leal Garcia \u2013 Depression<\/strong><br data-start=\"1010\" data-end=\"1013\" \/>M\u00f6rkl et al. \u201cMulti-Species Probiotic Supplement Enhances Vagal Nerve Function \u2013 Results of a Randomized Controlled Trial in Patients with Depression and Healthy Controls.\u201d Gut Microbes, vol. 17(1), pp. 2492377 (2025).<\/p><p data-start=\"1235\" data-end=\"1514\"><strong data-start=\"1235\" data-end=\"1302\">Sani Medical Center Castellalto \u2013 Paolo De Cristofaro \u2013 Obesity<\/strong><br data-start=\"1302\" data-end=\"1305\" \/>Mattioli et al. \u201cProbiotics in Incretin-Based Therapy for Patients Living with Obesity: A Synergistic Approach.\u201d Journal of Pharmacy and Pharmacology Research, vol. 8, pp. 95-103 (2024). OMNi-BiOTiC\u00ae METAtox<\/p><p data-start=\"1516\" data-end=\"1787\"><strong data-start=\"1516\" data-end=\"1592\">Medical University of Graz \u2013 Prof. V. Stadlbauer-K\u00f6llner \u2013 Post-COVID-19<\/strong><br data-start=\"1592\" data-end=\"1595\" \/>Horvath et al. \u201cAlteration of the Gut-Lung Axis After Severe COVID-19 Infection and Modulation Through Probiotics: A Randomized, Controlled Pilot Study.\u201d Nutrients, vol. 16, pp. 3840 (2024).<\/p><p data-start=\"1789\" data-end=\"2054\"><strong data-start=\"1789\" data-end=\"1860\">Medical University of Graz \u2013 Prof. V. Stadlbauer-K\u00f6llner \u2013 COVID-19<\/strong><br data-start=\"1860\" data-end=\"1863\" \/>Horvath et al. \u201cProbiotic Therapy of Gastrointestinal Symptoms During COVID-19 Infection: A Randomized, Double-Blind, Placebo-Controlled, Remote Study.\u201d Nutrients, vol. 16, pp. 3970 (2024).<\/p><p data-start=\"2056\" data-end=\"2287\"><strong data-start=\"2056\" data-end=\"2129\">Institut AllergoSan \u2013 Dr. rer. nat. Stephanie Kolleritsch \u2013 Menopause<\/strong><br data-start=\"2129\" data-end=\"2132\" \/>Kolleritsch S. \u201cThe Positive Effect of a Multi-Species Probiotic on the Relief of Symptoms During Menopause.\u201d OM &amp; Ern\u00e4hrung, vol. 188, pp. 29-34 (2024).<\/p><p data-start=\"2289\" data-end=\"2618\"><strong data-start=\"2289\" data-end=\"2366\">Magenta Medical Center Milan \u2013 M. Castelletti \u2013 Functional Pain Syndromes<\/strong><br data-start=\"2366\" data-end=\"2369\" \/>Castelletti et al. \u201cClinical Treatment of Functional Pain Syndromes along the Microbiome-Gut-Brain Axis: Combined Approach with Neuromodulation-Neurofeedback and Multi-Species Probiotic.\u201d World Journal of Neuroscience, vol. 14, pp. 103-119 (2024).<\/p><p data-start=\"2620\" data-end=\"2924\"><strong data-start=\"2620\" data-end=\"2687\">Sichuan University China \u2013 Xin Xu \u2013 Radiation-Induced Mucositis<\/strong><br data-start=\"2687\" data-end=\"2690\" \/>Peng et al. \u201cStreptococcus salivarius K12 Alleviates Oral Mucositis in Patients Undergoing Radiotherapy for Malignant Head and Neck Tumors: A Randomized Controlled Trial.\u201d Journal of Clinical Oncology, vol. 42, pp. 1426-1435 (2024).<\/p><p data-start=\"2926\" data-end=\"3289\"><strong data-start=\"2926\" data-end=\"2997\">University of North Texas \u2013 Amie K. Lund \u2013 Environmental Pollutants<\/strong><br data-start=\"2997\" data-end=\"3000\" \/>Nguyen-Alley et al. \u201cDiesel Exhaust Particle Inhalation in Conjunction with High-Fat Diet Consumption Alters the Expression of Pulmonary SARS-CoV-2 Infection Pathways, Which Is Mitigated by Probiotic Treatment in C57BL\/6 Male Mice.\u201d Particle and Fibre Toxicology, vol. 21, pp. 40 (2024).<\/p><\/li><li><strong>UKE Hamburg \u2013 Prof. E. K. St\u00fcrmer \u2013 Chronische Wunden<\/strong><br \/>Stuermer et al. \u201eEffect of oral multispecies probiotic on wound healing, periodontitis and quality of life on patients with diabetes.\u201c Journal of wound care, vol. 33(6), pp. 394\u2013407 (2024).<\/li><li><strong>Medizinische Universit\u00e4t Innsbruck \u2013 Ass.-Prof. K. Kurz \u2013 Chronic Fatigue<\/strong><br \/>Obermoser et al. \u201ePositive Effects of Probiotic Therapy in Patients with Post-Infectious Fatigue.\u201c Metabolites, vol. 13(5), pp. 639 (2023).<\/li><li><strong>Medizinische Universit\u00e4t Graz \u2013 Prof. C. Castellani \u2013 Onkologie<\/strong><br \/>Oberm\u00fcller et al. \u201eProbiotic OMNi-BiOTiC\u00ae 10 AAD Reduces Cyclophosphamide-Induced Inflammation and Adipose Tissue Wasting in Mice.\u201c Nutrients, vol. 15, pp. 3655 (2023).<\/li><li><strong>Universit\u00e4t Maribor \u2013 Assoc. Prof. Sabina Fijan \u2013 Immunabwehr im Alter<\/strong><br \/>Strauss et al. \u201eThe Multi-Strain Probiotic OMNi-BiOTiC\u00ae Active Reduces the Duration of Acute Upper Respiratory Disease in Older People: A Double-Blind, Randomised, Controlled Clinical Trial.\u201c Microorganisms, vol. 11, pp. 1760 (2023)<strong><br \/><\/strong><\/li><li><strong>Medizinische Universit\u00e4t Graz \u2013 Prof. Stadlbauer-K\u00f6llner \u2013 Schlafqualit\u00e4t<\/strong><br \/>Horvath et al. \u201cA Probiotic to Improve Sleep Quality during COVID-19 Pandemic: A Questionnaire Study\u201d Journal of Biotechnology and Biochemistry, vol 6(1), pp. 80-91 (2023)<\/li><li><strong>Medizinische Universit\u00e4t Graz &#8211; Prof. C. Castellani &#8211; Pathogeninhibierung<\/strong><br \/>Kienesberger et al. \u201eInsights into the Composition of a Co-Culture of 10 Probiotic Strains (OMNi BiOTiC\u00ae AAD10) and Effects of Its Postbiotic<br \/>Culture Supernatant.\u201c Nutrients, vol. 14, pp. 1194 (2022)<\/li><li><strong>Diakonie Klinikum Jung Stilling Siegen &#8211; Prof. Joachim Labenz &#8211; Vorsorgekoloskopie<\/strong><br \/>Labenz, J. et al. \u201eApplication of a multispecies probiotic reduces gastro-intestinal discomfort and induces microbial changes after colonoscopy.\u201c<br \/>Frontiers in Oncology (2022).<\/li><li><strong>University of North Texas &#8211; Danielle T. Phillippi &#8211; Umweltschadstoffe<\/strong><br \/>Phillippi, D.T. et al. \u201eInhaled diesel exhaust particles result in microbiome-related systemic inflammation and altered cardiovascular disease<br \/>biomarkers in C57Bl\/6 male mice.\u201c Particle and Fibre Toxicology; vol. 19(1):10 (2022).<\/li><li><strong>Medizinische Universit\u00e4t Graz \u2013 Prof. E. Z. Reininghaus \u2013 Depression<\/strong><br \/>K. Kreuzer et al., \u201e The PROVIT Study-Effects of Multispecies Probiotic Add-on Treatment on Metabolomics in Major Depressive Disorder-A Randomized, Placebo-Controlled Trial.\u201d Metabolites, vol 12 (8), pp 770 (2022).<\/li><li><strong>Institut Allergosan \u2013 Prof. A. Frauwallner \u2013 Stress Rest Marktanalyse Deutschland<\/strong><br \/>Frauwallner A. \u201eDer positive Effekt eines Multispezies-Probiotikums auf Stressresilienz und Schlafqualit\u00e4t\u201c OM &amp; Ern\u00e4hrung, vol. 179, pp F40-F46 (2022).<\/li><li><strong>Bezirkskrankenhaus Schwaz \u2013 Prim. Prof. H. G\u00e4nzer \u2013 Internistische Patienten mit Antibiose<\/strong><br \/>G\u00e4nzer et al. \u201eEinsatz von Probiotika bei Antibiose-Pr\u00e4vention einer antibiotikaassoziierten Diarrhoe bei \u00e4lteren Patienten\u201c Wiener klinisches Magazin, vol. 25, pp 12-19 (2022).<\/li><li><strong>University of North Texas &#8211; Sarah Daniel &#8211; Umweltschadstoffe<\/strong><br \/>Daniel, S. et al. \u201eExposure to diesel exhaust particles results in altered lung microbial profiles, associated with increased reactive oxygen species\/reactive nitrogen species and inflammation, in C57Bl\/6 wildtype mice on a high-fat diet.\u201c Particle and Fibre Toxicology; vol. 18(1):3 (2021).<\/li><li><strong>LKH Leoben \u2013 Prim. Prof. H. Rabl \u2013 Chirurgische Patienten mit Antibiose<\/strong><br \/>Rabl et al. \u201dDer positive Effekt eines Multispezies-Probiotikums bei chirurgischen Patienten mit Antibiose.\u201d Chirurg. Allg. Kompakt, vol. 10, pp. 475-478 (2021).<\/li><li><strong>Velleja Forschungsinstitut Mailand \u2013 Dr. F. Di Pierro \u2013 COVID-19<\/strong><br \/>Di Pierro et al. \u201cThe administration of S. salivarius K12 to children may reduce the rate of SARS-CoV-2 infection.\u201d Minerva Medica, vol. 112, pp. 514-516 (2021).<\/li><li><strong>Wuhan University of Science and Technology \u2013 Dr. Q. Wang \u2013 COVID-19<\/strong><br \/>Wang et al. \u201cOropharyngeal Probiotic ENT-K12 Prevents Respiratory Tract Infections Among Frontline Medical Staff Fighting Against COVID-19: A Pilot Study.\u201d Front. Bioeng. Biotechnol., vol. 9, pp. 646184 (2021).<\/li><li><strong>Kinderwunsch Institut Schenk \u2013 Dr. M. Schenk \u2013 In-vitro-Fertilisation<\/strong><br \/>M. Schenk et al., \u201cEffect of probiotics on vaginal Ureaplasma parvum in women suffering from unexplained infertility\u201d, ReProd BioMed Online, (2021)<\/li><li><strong>Medizinische Universit\u00e4t Graz \u2013 Prof. V. Stadlbauer-K\u00f6llner \u2013 Hepatologie<\/strong><br \/>V. Stadlbauer-K\u00f6llner, \u201eProbiotika zur Verbesserung der Leberfunktion bei Leberzirrhose\u201c, OM u Ern\u00e4hrung, vol. 173, pp. 54-61 (2020).<\/li><li><strong>Medizinische Universit\u00e4t Graz \u2013 Prof. E. Z. Reininghaus \u2013 Depression<\/strong><br \/>E. Z. Reininghaus et al., \u201cPROVIT: Supplementary Probiotic Treatment and Vitamin B7 in Depression\u2014A Randomized Controlled Trial,\u201d Nutrients, vol. 12, pp. 3422, (2020)<\/li><li><strong>Medizinische Universit\u00e4t Graz \u2013 Prof. M. Stradner \u2013 Psoriasis-Arthritis<\/strong><br \/>A. Haidmayer, et al. \u201cEffects of Probiotic Strains on Disease Activity and Enteric Permeability in Psoriatic Arthritis\u2013A Pilot Open-Label Study.\u201d Nutrients, vol. 12, pp. 2337 (2020)<\/li><li><strong>Mid Sweden University \u2013 Dr. M. Jong \u2013 AAD in Altenpflegeheimen<\/strong><br \/>H. A. Van Wietmarschen et al. \u201cProbiotics use for antibiotic-associated diarrhea: A pragmatic participatory evaluation in nursing ho- mes,\u201d BMC Gastroenterol., vol. 20, pp. 151 (2020)<\/li><li><strong>Medizinische Universit\u00e4t Graz \u2013 Prof. E. Z. Reininghaus \u2013 Depression<\/strong><br \/>A. Reiter et al., \u201cInterleukin-6 Gene Expression Changes after a 4-Week Intake of a Multispecies Probiotic in Major Depressive Disorder\u2014Preliminary Results of the PROVIT Study,\u201d Nutrients, vol. 12, pp. 2575, (2020)<\/li><li><strong>Medizinische Universit\u00e4t Graz \u2013 Prof. R. Krause \u2013 Multiresistente Bakterien<\/strong><br \/>I. Zollner-Schwetz et al. \u201cEffect of a multispecies probiotic on intestinal and skin colonization by multidrug-resistant gram-negative bacteria in patients in a long-term care facility: A pilot study,\u201d Nutrients, vol. 12, pp. 1586 (2020)<\/li><li><strong>Review \u2013 Dr. V. Stiegelbauer \u2013 Qualit\u00e4t von Probiotika<\/strong><br \/>L. Grumet, et al. \u201cThe Development of High-Quality Multispecies Probiotic Formulations: From Bench to Market,\u201d Nutrients, vol. 12, pp. 2453 (2020). Qualit\u00e4tskriterie<\/li><li><strong>Medizinische Universit\u00e4t Graz \u2013 Prof. V. Stadlbauer-K\u00f6llner \u2013 Hepatologie<\/strong><br \/>A. Horvath et al. \u201cChanges in the Intestinal Microbiome during a Multispecies Probiotic Intervention in Compensated Cirrhosis,\u201d Nutri- ents, vol. 12, pp. 1874 (2020)<\/li><li><strong>Medizinische Universit\u00e4t Graz \u2013 Prof. V. Stadlbauer-K\u00f6llner \u2013 Typ 2 Diabetes<\/strong><br \/>Horvath et al. \u201cEffects of a multispecies synbiotic on glucose metabolism, lipid marker, gut microbiome composition, gut permeability, and quality of life in diabesity: a randomized, double-blind, placebo-controlled pilot study.\u201d Eur. J. Nutr., (2019).<\/li><li><strong>Universit\u00e4t Graz \u2013 Prof. B. Sch\u00fctz \u2013 Vitalstoffaufnahme in der Postmenopause<\/strong><br \/>Stiegelbauer et al. \u201cDer Effekt eines Multispezies-Probiotikums auf die Mikron\u00e4hrstoffaufnahme, Hormonproduktion und Entz\u00fcn- dungsreaktionen bei postmenopausalen Frauen \u201d, OM u Ern\u00e4hrung, vol. 168, pp. 63-67 (2019).<\/li><li><strong>Medizinische Universit\u00e4t Graz \u2013 Prof. P. Holzer \u2013 Antibiotika und Mikrobiom<\/strong><br \/>Ja\u010dan et al. \u201cSynergistic and antagonistic interactions between antibiotics and synbiotics is modifying the murine fecal microbiome,\u201d Eur. J. Nutr., pp. 1-14 (2019).<\/li><li><strong>Europa Universit\u00e4t Viadrina Frankfurt \u2013 Dr. D. Lazik \u2013 Leistungssteigerung im Sport<\/strong><br \/>Lazik et al. \u201cDer Effekt von Multispezies-Probiotika auf die intestinale Barrierefunktion, Entz\u00fcndungsreaktionen und Leistungsf\u00e4hig- keit bei Athleten \u2013 Eine retrospektive Studie bei Leistungssportlern einer Football Bundesliga-Mannschaft\u201d, OM u Ern\u00e4hrung, vol.<br \/>167, pp. 27- 34 (2019).<\/li><li><strong>Medizinische Universit\u00e4t Graz \u2013 Prof. V. Stadlbauer-K\u00f6llner \u2013 Sepsis und Mikrobiom<\/strong><br \/>Stadlbauer et al. \u201cDysbiosis in early sepsis can be modulated by a multispecies probiotic: a randomised controlled pilot trial,\u201d Benef. Microbes, vol. 10, pp. 265 -278 (2019).<\/li><li><strong>P\u00e4diatrisches Krankenhaus Bambino Ges\u00f9 Rom \u2013 Dr. G. Marini \u2013 HNO<\/strong><br \/>Marini et al. \u201dPilot study to explore the prophylactic efficacy of oral probiotic Streptococcus salivarius K12 in preventing recurrent pharyngotonsillar episodes in pediatric patients.\u201d Int J Gen Med., vol. 12, pp. 213-217 (2019).<\/li><li><strong>Medizinische Universit\u00e4t Graz \u2013 Prof. Singer \u2013 Morbus Hirschsprung<\/strong><br \/>Singer et al. \u201cHirschsprung\u2019s Associated Enterocolitis (HAEC) Personalized Treatment with Probiotics Based on Gene Sequencing Ana- lysis of the Fecal Microbiome,\u201d Case Rep. Pediatr., pp. 1-6 (2018).<\/li><li><strong>Medizinische Universit\u00e4t Graz \u2013 Prof. C. H\u00f6genauer \u2013 Reizdarmsyndrom<\/strong><br \/>Moser et al. \u201cEffects of an oral synbiotic on the gastrointestinal immune system and microbiota in patients with diarrhea-predominant irritable bowel syndrome.\u201d Eur. J. Nutr., pp. 1-12 (2018).<\/li><li><strong>Medizinische Universit\u00e4t Graz \u2013 Prof. E. Reininghaus \u2013 Bipolare Erkrankung<\/strong><br \/>Reininghaus et al. \u201cThe Impact of Probiotic Supplements on Cognitive Parameters in Euthymic Individuals with Bipolar Disorder: A Pilot Study.\u201d Neuropsychobiology, pp. 1-8 (2018).<\/li><li><strong>Medzinische Universit\u00e4t Innsbruck \u2013 Prof. D. Fuchs \u2013 Neurodegenerative<\/strong> <strong>Erkrankungen<\/strong><br \/>Leblhuber et al. \u201cProbiotic Supplementation in Patients with Alzheimer\u2019s Dementia \u2013 An Explorative Intervention Study.\u201d Curr. Alzheimer Res., vol. 15, pp. 1106-1113 (2018).<\/li><li><strong>Warwick Medical School \u2013 Dr. P. McTernant \u2013 Typ 2 Diabetes<\/strong><br \/>Sabico et al. \u201cEffects of a 6-month multi-strain probiotics supplementation in endotoxemic, inflammatory and cardiometabolic status of T2DM patients: A randomized, double-blind, placebo-controlled trial.\u201d Clin Nutr., vol. 38, pp. 1561-1569 (2018).<\/li><li><strong>Universit\u00e4t Graz \u2013 Prof. V. Sch\u00f6pf \u2013 Neuropsychologie \/ Neuroimaging<\/strong><br \/>Bagga et al. \u201cInfluence of 4-week multi-strain probiotic administration on resting-state functional connectivity in healthy volunteers.\u201d Eur. J. Nutr., vol.58, pp. 1821-1827 (2018).<\/li><li><strong>Pommersche Medizinische Universit\u00e4t Stettin \u2013 Dr. J. Suliburska \u2013 Hepatologie<\/strong><br \/>Skrypnik et al. \u201cEffect of probiotic supplementation on liver function and lipid status in rats.\u201d Acta Sci. Pol. Technol. Aliment., vol. 17, pp. 185-192 (2018).<\/li><li><strong>Lud. Max. Universit\u00e4t M\u00fcnchen \u2013 Prof. A. Straube \u2013 Migr\u00e4ne<\/strong><br \/>Straube et al. \u201cMigr\u00e4neprophylaxe mit einem Probiotikum.\u201d MMW \u2013 Fortschritte der Medizin, vol. 160, pp. 16-21 (2018).<\/li><li><strong>Medizinische Universit\u00e4t Posen \u2013 Dr. M. Szulinska \u2013 Metabolisches Syndrom<\/strong><br \/>Szulinska et al. \u201cDose-Dependent Effects of Multispecies Probiotic Supplementation on the Lipopolysaccharide (LPS) Level and Cardiometabolic Profile in Obese Postmenopausal Women: A 12-Week Randomized Clinical Trial.\u201d Nutrients, vol. 10, pp. 773 (2018).<\/li><li><strong>Universit\u00e4t Graz \u2013 Prof. V. Sch\u00f6pf \u2013 Neuropsychologie \/ Neuroimaging<\/strong><br \/>Bagga et al. \u201cInfluence of 4-week multi-strain probiotic administration on resting-state functional connectivity in healthy volunteers.\u201d Eur. J. Nutr., vol.58, pp. 1821-1827 (2018).<\/li><li><strong>Pommersche Medizinische Universit\u00e4t Stettin \u2013 Dr. J. Suliburska \u2013 Hepatologie<\/strong><br \/>Skrypnik et al. \u201cEffect of probiotic supplementation on liver function and lipid status in rats.\u201d Acta Sci. Pol. Technol. Aliment., vol. 17, pp. 185-192 (2018).<\/li><li><strong>Medizinische Universit\u00e4t Posen \u2013 Dr. M. Szulinska \u2013 Metabolisches Syndrom<\/strong><br \/>Szulinska et al. \u201cDose-Dependent Effects of Multispecies Probiotic Supplementation on the Lipopolysaccharide (LPS) Level and Cardiometabolic Profile in Obese Postmenopausal Women: A 12-Week Randomized Clinical Trial.\u201d Nutrients, vol. 10, pp. 773 (2018).<\/li><li><strong>Universit\u00e4t Graz \u2013 Prof. V. Sch\u00f6pf \u2013 Neuropsychologie \/ Neuroimaging<\/strong><br \/>Bagga et al. \u201cProbiotics drive gut microbiome triggering emotional brain signatures.\u201d Gut Microbes, vol. 9, pp. 1-11, (2018).<\/li><li><strong>Velleja Forschungsinstitut Mailand \u2013 Dr. F. Di Pierro \u2013 HNO<\/strong><br \/>Di Pierro et al. \u201cUse of Streptococcus salivarius K12 to reduce the incidence pharyngo-tonsillitis and acute otitis media in children: a retrospective analysis in not-recurrent pediatric subjects.\u201d Minerva Pediatrica, vol. 70, pp. 240-245 (2018).<\/li><li><strong>Universit\u00e4t Urbino \u2013 Dr. Baffone \u2013 Reisemedizin<\/strong><br \/>Campana et al., \u201cStrain-specific probiotic properties of lactic acid bacteria against human intestinal pathogens invasion\u201d Gut Pathog., vol. 9, pp. 12 (2017).<\/li><li><strong>Warwick Medical School \u2013 Dr. P. McTernant \u2013 Typ 2 Diabetes<\/strong><br \/>Sabico et al. \u201cEffects of a multi-strain probiotic supplement for 12 weeks in circulating endotoxin levels and cardiometabolic profiles of medication naive T2DM patients: a randomized clinical trial.\u201d J Transl Med., vol. 15, pp. 249 (2017).<\/li><li><strong>AKH Wien \u2013 Prof. L. Petricevic \u2013 Gyn\u00e4kologie<\/strong><br \/>Marschalek et al. \u201cInfluence of Orally Administered Probiotic Lactobacillus Strains on Vaginal Microbiota in Women with Breast Cancer during Chemotherapy: A Randomized Placebo- Controlled Double-Blinded Pilot Study.\u201d Breast Care, vol. 12, pp. 335-339 (2017).<\/li><li><strong>Medizinische Universit\u00e4t Innsbruck \u2013 Prof. D. Fuchs \u2013 neurodegenerative Erkrankungen<\/strong><br \/>Leblhuber et al. \u201cOn the role of intestinal microbiota in patients with cognitive decline.\u201d J Pharm Pharmacol., vol. 5, pp. 648-653 (2017).<\/li><li><strong>Medizinische Universit\u00e4t Innsbruck \u2013 Prof. D. Fuchs \u2013 Neurodegenerative Erkrankungen<\/strong><br \/>Leblhuber et al. \u201cDie Bedeutung der Darm-Hirn-Achse bei Demenz.\u201d Spectrum Psychiatrie vol. 3, pp. 38-41, (2017).<\/li><li><strong>Universit\u00e4tsklinikum Kiel \u2013 Prof. Schrezenmair \u2013 Gyn\u00e4kologie<\/strong><br \/>Laue et al. \u201cEffect of Lactobacillus strains on bacterial vaginosis in women \u2013 a double-blind, randomised, controlled clinical pilot trial.\u201d Benef. Microbes, vol. 9, pp. 35-50 (2017).<\/li><li><strong>Bah\u00e7esehir Universit\u00e4t Istanbul \u2013 Ass. Prof. T. Gun \u2013 HNO<\/strong><br \/>Gun et al. \u201cClinical evaluation of the therapeutic use of oral probiotic Streptococcus salivarius K12 for recurrent pharyngitis and\/or tonsillitis.\u201d Indian Journal of Research, vol. 6, pp. 633-634 (2017).<\/li><li><strong>Medizinische Universit\u00e4t Graz \u2013 Prof. V. Stadlbauer-K\u00f6llner \u2013 Hepatologie<\/strong><br \/>Horvath et al. \u201cRandomised clinical trial: the effects of a multispecies probiotic vs. placebo on innate immune function, bacterial translocation and gut permeability in patients with cirrhosis.\u201d Aliment. Pharmacol. Ther., vol. 44, pp. 926-935 (2016).<\/li><li><strong>Medizinische Universit\u00e4t Innsbruck \u2013 Prof. B. Pr\u00fcller-Strasser \u2013 Leistungssteigerung \/ Sport<\/strong><br \/>Strasser et al. \u201cProbiotic Supplements Beneficially Affect Tryptophan-Kynurenine Metabolism and Reduce the Incidence of Upper Respiratory Tract Infections in Trained Athletes: A Randomized, Double-Blinded, Placebo-Controlled Trial.\u201d Nutrients, vol. 8, pp. 752 (2016).<\/li><li><strong>Universit\u00e4tsklinikum Kiew \u2013 Prof. Anoshina \u2013 Herpesinfektion in der Schwangerschaft<\/strong><br \/>Anoshina et al. \u201cRole of microbiota in pregnant women with herpesvirus infection.\u201d Perinatologiya Pediatriya, vol. 4, pp. 22-25 (2016).<\/li><li><strong>Dr. M\u00fcller \u2013 Reisediarrh\u00f6<\/strong><br \/>M\u00fcller H. \u201cProbiotika zur Prophylaxe und Therapie der Reisediarrh\u00f6.\u201d Flug u Reisemed., vol. 23(5) pp. 232-236 (2016).<\/li><li><strong>Universit\u00e4t Genua \u2013 Dr. G. Gregori \u2013 HNO<\/strong><br \/>Gregori et al. \u201cReduction of group A beta-hemolytic streptococcus pharyngo-tonsillar infections associated with use of the oral probiotic Streptococcus salivarius K12: a retrospective observational study.\u201d Ther. Clin. Risk. Manag., vol. 19, pp. 87-92 (2016).<\/li><li><strong>Universit\u00e4t Leiden \u2013 Prof. L. Colzato \u2013 Depression<\/strong><br \/>Steenbergen et al. \u201cRandomized controlled trial to test the effect of multispecies probiotics on cognitive reactivity to sad mood.\u201d Brain. Behav. Immun., vol. 48, pp. 258-64 (2015).<\/li><li><strong>Universit\u00e4t Wageningen \u2013 Dr. de Roos \u2013 Migr\u00e4ne<\/strong><br \/>de Roos et al. \u201cThe effects of the multispecies probiotic mixture on migraine: results of an open-label pilot study.\u201d Benef. Microbes, vol. 6, pp. 641-646 (2015).<\/li><li><strong>University College Roosevelt \u2013 Prof. G. Rijkers \u2013 Allergie<\/strong><br \/>Kim et al. \u201cProbiotic supplementation influences faecal short chain fatty acids in infants at high risk for eczema.\u201d Benef. Microbes, vol. 6, pp. 783-790 (2015).<\/li><li><strong>Universit\u00e4t Innsbruck \u2013 Prof. Leblhuber \u2013 Demenz<\/strong><br \/>Leblhuber et al. \u201cElevated fecal calprotectin in patients with Alzheimer\u2019s dementia indicates leaky gut.\u201d J. Neural Transm., vol. 122, pp. 1319-1322 (2015).<\/li><li><strong>LKH Feldbach \u2013 Doz. H. Hofmann \u2013 Kinderheilkunde<\/strong><br \/>Hofmann H \u201cProbiotikum gegen Verdauungsbeschwerden in der Schwangerschaft und S\u00e4uglingskoliken.\u201d Gyn\u00e4kologie aktiv, vol. 5, pp. 8-9 (2015).<\/li><li><strong>AKH Wien \u2013 Prof. H. Kiss \u2013 Gyn\u00e4kologie<\/strong><br \/>Domig et al. \u201cStrategies for the evaluation and selection of potential vaginal probiotics from human sources: an exemplary study.\u201d Benef. Microbes, vol. 5, pp. 263-272 (2014).<\/li><li><strong>AKH Wien &#8211; Dr. Ulrike Kaufmann &#8211; Transgender<\/strong><br \/>Kaufmann U et al. \u201eAbility of an orally administered lactobacilli preparation to improve the quality of the neovaginal microflora in male to female transsexual women.\u201c European Journal of Obstetrics &amp; Gynecology and Reproductive Biology, vol. 172, pp. 102-105 (2014).<\/li><li><strong>Universit\u00e4t Wageningen \u2013 Prof. B. Sch\u00fctz \u2013 Adipositas<\/strong><br \/>van Hemert et al. \u201cClinical studies evaluating effects of probiotics on parameters of intestinal barrier function.\u201d Advances in Microbiology, vol. 3, pp. 212-221 (2013).<\/li><li><strong>Universit\u00e4t Link\u00f6ping \u2013 Prof. S\u00f6derholm \u2013 Chronisch Entz\u00fcndliche Darmerkrankungen<\/strong><br \/>Persborn et al. \u201cThe effects of probiotics on barrier function and mucosal pouch microbiota during maintenance treatment for severe pouchitis in patients with ulcerative colitis.\u201d Aliment. Pharmacol. Ther., vol. 38, pp. 772-783 (2013).<\/li><li><strong>Universit\u00e4t Salzburg \u2013 Doz. M. Hell \u2013 CDAD<\/strong><br \/>Hell et al. \u201cProbiotics in Clostridium difficile infection: reviewing the need for a multistrain probiotic.\u201d Benef. Microbes, vol. 4, pp. 39-51 (2013).<\/li><li><strong>Velleja Forschungsinstitut Mailand \u2013 Dr. F. Di Pierro \u2013 HNO<\/strong><br \/>Di Pierro et al. \u201dClinical evaluation of the oral probiotic Streptococcus salivarius K12 in the prevention of recurrent pharyngitis and\/or tonsillitis caused by Streptococcus pyogenes in adults.\u201d Expert Opin Biol Ther., vol. 13, pp. 339-343 (2013).<\/li><li><strong>Universit\u00e4t Graz \u2013 Doz. M. Lamprecht \u2013 Darmpermeabilit\u00e4t und Entz\u00fcndung im Sport<\/strong><br \/>Lamprecht et al. \u201cProbiotic supplementation affects markers of intestinal barrier, oxidation, and inflammation in trained men; a randomized, double-blinded, placebo-controlled trial.\u201d J Int Soc Sports Nutr., vol. 9, pp. 45 (2012).<\/li><li><strong>Universit\u00e4t Graz \u2013 Doz. M. Lamprecht \u2013 Sport- und Ern\u00e4hrungsmedizin<\/strong><br \/>Lamprecht et al. \u201cExercise, intestinal barrier dysfunction and probiotic supplementation.\u201d Med. Sport Sci., vol. 59, pp. 47-56 (2012).<\/li><li><strong>Velleja Forschungsinstitut Mailand \u2013 Dr. F. Di Pierro \u2013 HNO<\/strong><br \/>Di Pierro et al. \u201cPreliminary pediatric clinical evaluation of the oral probiotic Streptococcus salivarius K12 in preventing recurrent pharyngitis and\/or tonsillitis caused by Streptococcus pyogenes and recurrent acute otitis media.\u201d Int. J. Gen. Med., vol. 5, pp. 991-997 (2012).<\/li><li><strong>Universit\u00e4tsklinik Utrecht \u2013 Prof. G. Rijkers \u2013 Allergieforschung<\/strong><br \/>Niers et al. \u201cThe effects of selected probiotic strains on the development of eczema (the PandA study).\u201d Allergy, vol. 64, pp. 1349-58 (2009).<\/li><li><strong>Universit\u00e4tsklinik Maastricht \u2013 Prof. R. Stockbr\u00fcgger \u2013 Antibiotika-assoziierte Diarrhoe<\/strong><br \/>Koning et al. \u201cThe effect of a multispecies probiotic on the intestinal microbiota and bowel movements in healthy volunteers taking the antibiotic amoxycillin.\u201d Am. J. Gastroenterol., vol. 103, pp. 178-189 (2008).<\/li><li><strong>Universit\u00e4tsklinik Utrecht \u2013 Prof. G. Rijkers \u2013 Allergieforschung<\/strong><br \/>Niers et al. \u201cSelection of probiotic bacteria for prevention of allergic diseases: immunomodulation of neonatal dendritic cells.\u201d Clin. Exp. Immunol., vol. 149, pp. 344-352 (2007).<\/li><li><strong>Universit\u00e4tsklinik Utrecht \u2013 Prof. G. Rijkers \u2013 Allergieforschung<\/strong><br \/>Niers et al. Identification of strong interleukin-10 inducing lactic acid bacteria which down-regulate T helper type 2 cytokines. Clin. Exp. Allergy, vol. 35, 1481-1489 (2005).<\/li><li><strong>Johannes Gutenberg-Universit\u00e4t Mainz \u2013 Prof. K. Jung \u2013 Immunsystem<\/strong><br \/>H. Roll et al., \u201eBeeinflussung von sekretorischen IgA-Defiziten bei Sportstudierenden durch Nahrungserg\u00e4nzungsmittel\u201c, EHK, vol 49 (8), pp 489-494, (2000).<\/li><li><strong>Universit\u00e4t Freiburg \u2013 Prof. P. Berg \u2013 Immunsystem<\/strong><br \/>P. Berg et al., \u201cThe gastrointestinal system \u2013 an essential target organ of the athlete\u2019s health and physical performance\u201d Exerc Immunol Rev., (1999).<\/li><\/ul>\t\t\t\t\t\t\t\t<\/div>\n\t\t\t\t<\/div>\n\t\t\t\t<div class=\"elementor-element elementor-element-3fb98ce elementor-widget elementor-widget-button\" data-id=\"3fb98ce\" data-element_type=\"widget\" data-widget_type=\"button.default\">\n\t\t\t\t<div class=\"elementor-widget-container\">\n\t\t\t\t\t\t\t\t\t<div class=\"elementor-button-wrapper\">\n\t\t\t\t\t<a class=\"elementor-button elementor-button-link elementor-size-lg\" href=\"https:\/\/www.omni-biotic.com\/sk-sk\/o-nas\/institut-allergosan\/kontakt\/\">\n\t\t\t\t\t\t<span class=\"elementor-button-content-wrapper\">\n\t\t\t\t\t\t\t\t\t<span class=\"elementor-button-text\">Kontaktujte n\u00e1s pre viac inform\u00e1ci\u00ed o na\u0161ich \u0161t\u00fadi\u00e1ch<\/span>\n\t\t\t\t\t<\/span>\n\t\t\t\t\t<\/a>\n\t\t\t\t<\/div>\n\t\t\t\t\t\t\t\t<\/div>\n\t\t\t\t<\/div>\n\t\t\t\t<\/div>\n\t\t\t\t\t<\/div>\n\t\t\t\t<\/div>\n\t\t\t\t<\/div>\n\t\t","protected":false},"excerpt":{"rendered":"<p>Ved\u00faca poz\u00edcia v medzin\u00e1rodnom v\u00fdskume mikrobi\u00f3mu \u010crevo je v centre medic\u00ednsko-vedeck\u00e9ho z\u00e1ujmu &#8211; presnej\u0161ie, trili\u00f3ny bakt\u00e9ri\u00ed, ktor\u00e9 ho os\u00edd\u013euj\u00fa. S rast\u00facim v\u00fdskumom mikrobi\u00f3mu je \u010doraz jasnej\u0161ie, ak\u00fa k\u013e\u00fa\u010dov\u00fa \u00falohu zohr\u00e1vaj\u00fa \u010drevn\u00e9 bakt\u00e9rie pre na\u0161e zdravie alebo pre v\u00fdvoj &#8211; a teda aj lie\u010dbu &#8211; chor\u00f4b. Institut AllergoSan svojou vedeckou pr\u00e1cou u\u017e viac ako 30 rokov [&hellip;]<\/p>\n","protected":false},"author":3,"featured_media":0,"parent":91,"menu_order":160,"comment_status":"closed","ping_status":"closed","template":"","meta":{"_acf_changed":false,"inline_featured_image":false,"footnotes":""},"class_list":["post-95","page","type-page","status-publish","hentry"],"acf":[],"_links":{"self":[{"href":"https:\/\/www.omni-biotic.com\/sk-sk\/wp-json\/wp\/v2\/pages\/95","targetHints":{"allow":["GET"]}}],"collection":[{"href":"https:\/\/www.omni-biotic.com\/sk-sk\/wp-json\/wp\/v2\/pages"}],"about":[{"href":"https:\/\/www.omni-biotic.com\/sk-sk\/wp-json\/wp\/v2\/types\/page"}],"author":[{"embeddable":true,"href":"https:\/\/www.omni-biotic.com\/sk-sk\/wp-json\/wp\/v2\/users\/3"}],"replies":[{"embeddable":true,"href":"https:\/\/www.omni-biotic.com\/sk-sk\/wp-json\/wp\/v2\/comments?post=95"}],"version-history":[{"count":7,"href":"https:\/\/www.omni-biotic.com\/sk-sk\/wp-json\/wp\/v2\/pages\/95\/revisions"}],"predecessor-version":[{"id":28770,"href":"https:\/\/www.omni-biotic.com\/sk-sk\/wp-json\/wp\/v2\/pages\/95\/revisions\/28770"}],"up":[{"embeddable":true,"href":"https:\/\/www.omni-biotic.com\/sk-sk\/wp-json\/wp\/v2\/pages\/91"}],"wp:attachment":[{"href":"https:\/\/www.omni-biotic.com\/sk-sk\/wp-json\/wp\/v2\/media?parent=95"}],"curies":[{"name":"wp","href":"https:\/\/api.w.org\/{rel}","templated":true}]}}