{"id":155,"date":"2022-03-07T10:07:28","date_gmt":"2022-03-07T09:07:28","guid":{"rendered":"https:\/\/www.omni-biotic.com\/darmbeschwerden\/allergie\/"},"modified":"2025-03-24T12:13:38","modified_gmt":"2025-03-24T11:13:38","slug":"alerji","status":"publish","type":"page","link":"https:\/\/www.omni-biotic.com\/tr-tr\/bagirsak-sikayetleri\/alerji\/","title":{"rendered":"Alerji"},"content":{"rendered":"\t\t<div data-elementor-type=\"wp-page\" data-elementor-id=\"155\" class=\"elementor elementor-155\" data-elementor-post-type=\"page\">\n\t\t\t\t<div class=\"elementor-element elementor-element-26b5c0b e-con-full obcs none e-flex e-con e-parent\" data-id=\"26b5c0b\" data-element_type=\"container\" data-settings=\"{&quot;background_background&quot;:&quot;classic&quot;,&quot;shape_divider_bottom&quot;:&quot;waves&quot;}\">\n\t\t\t\t<div class=\"elementor-shape elementor-shape-bottom\" aria-hidden=\"true\" data-negative=\"false\">\n\t\t\t<svg xmlns=\"http:\/\/www.w3.org\/2000\/svg\" viewBox=\"0 0 1000 100\" preserveAspectRatio=\"none\">\n\t<path class=\"elementor-shape-fill\" d=\"M421.9,6.5c22.6-2.5,51.5,0.4,75.5,5.3c23.6,4.9,70.9,23.5,100.5,35.7c75.8,32.2,133.7,44.5,192.6,49.7\n\tc23.6,2.1,48.7,3.5,103.4-2.5c54.7-6,106.2-25.6,106.2-25.6V0H0v30.3c0,0,72,32.6,158.4,30.5c39.2-0.7,92.8-6.7,134-22.4\n\tc21.2-8.1,52.2-18.2,79.7-24.2C399.3,7.9,411.6,7.5,421.9,6.5z\"\/>\n<\/svg>\t\t<\/div>\n\t\t<div class=\"elementor-element elementor-element-4f236d7 e-con-full obcs none e-flex e-con e-child\" data-id=\"4f236d7\" data-element_type=\"container\" data-settings=\"{&quot;background_background&quot;:&quot;gradient&quot;}\">\n\t\t\t\t<div class=\"elementor-element elementor-element-22f6009 elementor-widget elementor-widget-heading\" data-id=\"22f6009\" data-element_type=\"widget\" data-widget_type=\"heading.default\">\n\t\t\t\t<div class=\"elementor-widget-container\">\n\t\t\t\t\t<h1 class=\"elementor-heading-title elementor-size-default\">Alerji<\/h1>\t\t\t\t<\/div>\n\t\t\t\t<\/div>\n\t\t\t\t<div class=\"elementor-element elementor-element-349c2eb elementor-widget-divider--view-line elementor-widget elementor-widget-divider\" data-id=\"349c2eb\" data-element_type=\"widget\" data-widget_type=\"divider.default\">\n\t\t\t\t<div class=\"elementor-widget-container\">\n\t\t\t\t\t\t\t<div class=\"elementor-divider\">\n\t\t\t<span class=\"elementor-divider-separator\">\n\t\t\t\t\t\t<\/span>\n\t\t<\/div>\n\t\t\t\t\t\t<\/div>\n\t\t\t\t<\/div>\n\t\t\t\t<div class=\"elementor-element elementor-element-e52dcbe elementor-widget-tablet__width-initial elementor-widget elementor-widget-text-editor\" data-id=\"e52dcbe\" data-element_type=\"widget\" data-widget_type=\"text-editor.default\">\n\t\t\t\t<div class=\"elementor-widget-container\">\n\t\t\t\t\t\t\t\t\t<p>Ba\u011f\u0131rsaklar\u0131n alerji semptomlar\u0131yla m\u00fccadelede \u00e7ok \u00f6nemli bir rol oynad\u0131\u011f\u0131n\u0131 biliyor muydunuz? Ba\u011f\u0131rsaklar\u0131m\u0131z genellikle k\u00fc\u00e7\u00fcmsenen organlar\u0131m\u0131zd\u0131r: yakla\u015f\u0131k 400m2&#8217;lik y\u00fczey alan\u0131 akci\u011ferlerden 10 kat, deriden ise 100 kat daha b\u00fcy\u00fckt\u00fcr. Bu geni\u015f y\u00fczey, binlerce t\u00fcrden yakla\u015f\u0131k 100 trilyon bakteriye ev sahipli\u011fi yapar. Her insan i\u00e7in benzersiz bir bile\u015fime sahiptir.<\/p>\t\t\t\t\t\t\t\t<\/div>\n\t\t\t\t<\/div>\n\t\t\t\t<\/div>\n\t\t<div class=\"elementor-element elementor-element-a11542e e-con-full elementor-hidden-mobile obcs none e-flex e-con e-child\" data-id=\"a11542e\" data-element_type=\"container\">\n\t\t\t\t<\/div>\n\t\t\t\t<\/div>\n\t\t<div class=\"elementor-element elementor-element-73ae871 obcs none e-flex e-con-boxed e-con e-parent\" data-id=\"73ae871\" data-element_type=\"container\">\n\t\t\t\t\t<div class=\"e-con-inner\">\n\t\t<div class=\"elementor-element elementor-element-365e463 e-con-full obcs none e-flex e-con e-child\" data-id=\"365e463\" data-element_type=\"container\">\n\t\t\t\t<div class=\"elementor-element elementor-element-6526f04 elementor-align-left elementor-widget__width-initial elementor-widget elementor-widget-breadcrumbs\" data-id=\"6526f04\" data-element_type=\"widget\" data-widget_type=\"breadcrumbs.default\">\n\t\t\t\t<div class=\"elementor-widget-container\">\n\t\t\t\t\t<span><span class=\"last\">Home<\/span><\/span>\t\t\t\t<\/div>\n\t\t\t\t<\/div>\n\t\t\t\t<\/div>\n\t\t<div class=\"elementor-element elementor-element-f2701f4 e-con-full obcs none e-flex e-con e-child\" data-id=\"f2701f4\" data-element_type=\"container\">\n\t\t\t\t<div class=\"elementor-element elementor-element-22ee116 elementor-toc--minimized-on-desktop elementor-widget elementor-widget-table-of-contents\" data-id=\"22ee116\" data-element_type=\"widget\" data-settings=\"{&quot;exclude_headings_by_selector&quot;:[],&quot;minimized_on&quot;:&quot;desktop&quot;,&quot;no_headings_message&quot;:&quot;No headings were found on this page.&quot;,&quot;headings_by_tags&quot;:[&quot;h2&quot;,&quot;h3&quot;,&quot;h4&quot;,&quot;h5&quot;,&quot;h6&quot;],&quot;marker_view&quot;:&quot;numbers&quot;,&quot;minimize_box&quot;:&quot;yes&quot;,&quot;hierarchical_view&quot;:&quot;yes&quot;,&quot;min_height&quot;:{&quot;unit&quot;:&quot;px&quot;,&quot;size&quot;:&quot;&quot;,&quot;sizes&quot;:[]},&quot;min_height_tablet&quot;:{&quot;unit&quot;:&quot;px&quot;,&quot;size&quot;:&quot;&quot;,&quot;sizes&quot;:[]},&quot;min_height_mobile&quot;:{&quot;unit&quot;:&quot;px&quot;,&quot;size&quot;:&quot;&quot;,&quot;sizes&quot;:[]}}\" data-widget_type=\"table-of-contents.default\">\n\t\t\t\t<div class=\"elementor-widget-container\">\n\t\t\t\t\t\t\t\t\t<div class=\"elementor-toc__header\">\n\t\t\t\t\t\t<h4 class=\"elementor-toc__header-title\">\n\t\t\t\tContents\t\t\t<\/h4>\n\t\t\t\t\t\t\t\t\t\t<div class=\"elementor-toc__toggle-button elementor-toc__toggle-button--expand\" role=\"button\" tabindex=\"0\" aria-controls=\"elementor-toc__22ee116\" aria-expanded=\"true\" aria-label=\"Open table of contents\"><i aria-hidden=\"true\" class=\"fas fa-chevron-down\"><\/i><\/div>\n\t\t\t\t<div class=\"elementor-toc__toggle-button elementor-toc__toggle-button--collapse\" role=\"button\" tabindex=\"0\" aria-controls=\"elementor-toc__22ee116\" aria-expanded=\"true\" aria-label=\"Close table of contents\"><i aria-hidden=\"true\" class=\"fas fa-chevron-up\"><\/i><\/div>\n\t\t\t\t\t<\/div>\n\t\t\t\t<div id=\"elementor-toc__22ee116\" class=\"elementor-toc__body\">\n\t\t\t<div class=\"elementor-toc__spinner-container\">\n\t\t\t\t<i class=\"elementor-toc__spinner eicon-animation-spin eicon-loading\" aria-hidden=\"true\"><\/i>\t\t\t<\/div>\n\t\t<\/div>\n\t\t\t\t\t\t<\/div>\n\t\t\t\t<\/div>\n\t\t\t\t<\/div>\n\t\t\t\t\t<\/div>\n\t\t\t\t<\/div>\n\t\t<div class=\"elementor-element elementor-element-954b345 obcs green e-flex e-con-boxed e-con e-parent\" data-id=\"954b345\" data-element_type=\"container\">\n\t\t\t\t\t<div class=\"e-con-inner\">\n\t\t<div class=\"elementor-element elementor-element-3219773 e-con-full obcs none e-flex e-con e-child\" data-id=\"3219773\" data-element_type=\"container\">\n\t\t\t\t<div class=\"elementor-element elementor-element-3f13053 elementor-widget elementor-widget-heading\" data-id=\"3f13053\" data-element_type=\"widget\" data-widget_type=\"heading.default\">\n\t\t\t\t<div class=\"elementor-widget-container\">\n\t\t\t\t\t<h2 class=\"elementor-heading-title elementor-size-default\">Alerji reaksiyonunun seyri<\/h2>\t\t\t\t<\/div>\n\t\t\t\t<\/div>\n\t\t\t\t<div class=\"elementor-element elementor-element-3578ca7 elementor-widget elementor-widget-text-editor\" data-id=\"3578ca7\" data-element_type=\"widget\" data-widget_type=\"text-editor.default\">\n\t\t\t\t<div class=\"elementor-widget-container\">\n\t\t\t\t\t\t\t\t\t<p>Alerji semptomlar\u0131n\u0131n \u00e7e\u015fitlili\u011fine ra\u011fmen, t\u00fcm alerjik reaksiyonlar\u0131n seyri ayn\u0131d\u0131r: alerjenlerle temas halinde, bu alerjenlere kar\u015f\u0131 antikorlar (IgE) olu\u015fur. Alerjenle daha sonra temas edildi\u011finde, bu IgE antikorlar\u0131 histamin sal\u0131n\u0131m\u0131n\u0131 tetikler ve bu da ka\u015f\u0131nt\u0131, g\u00f6zya\u015f\u0131, \u015fi\u015fme, d\u00f6k\u00fcnt\u00fc veya ast\u0131m gibi tipik alerji semptomlar\u0131na yol a\u00e7ar.<\/p><p>Alerjik bir reaksiyon meydana geldi\u011finde, alerjen ilk bariyer olan ba\u011f\u0131rsak mukozas\u0131n\u0131 tespit edilmeden ge\u00e7ebilmi\u015ftir. Normalde ba\u011f\u0131rsak mukozas\u0131, yabanc\u0131 maddelerin ve alerjenlerin n\u00fcfuz etmesini \u00f6nleyen salg\u0131sal IgA (sIgA) ad\u0131 verilen \u00f6zel bir antikor i\u00e7erir. sIgA, ba\u011f\u0131rsak h\u00fccreleri taraf\u0131ndan \u00fcretilir ve mukus tabakas\u0131na sal\u0131n\u0131r. Bir \u201cmukozal antikor\u201d olarak ba\u011f\u0131rsakta koruyucu bir kaplama g\u00f6revi g\u00f6r\u00fcr. Alerjilerin \u00f6nlenmesindeki rol\u00fc, bu antikorun yabanc\u0131 maddelere ba\u011flanmas\u0131 ve v\u00fccuda al\u0131nmadan \u00f6nce onlar\u0131 i\u015faretlemesidir. Alerjenler i\u015faretlendikten sonra art\u0131k v\u00fccut taraf\u0131ndan emilemez. B\u00f6ylece, alerjik reaksiyon olu\u015fmadan \u00f6nlenir.<\/p>\t\t\t\t\t\t\t\t<\/div>\n\t\t\t\t<\/div>\n\t\t\t\t<\/div>\n\t\t<div class=\"elementor-element elementor-element-0b12660 e-con-full obcs none e-flex e-con e-child\" data-id=\"0b12660\" data-element_type=\"container\">\n\t\t\t\t<div class=\"elementor-element elementor-element-0c743c6 e-transform elementor-widget elementor-widget-image\" data-id=\"0c743c6\" data-element_type=\"widget\" data-settings=\"{&quot;_transform_rotateZ_effect&quot;:{&quot;unit&quot;:&quot;px&quot;,&quot;size&quot;:&quot;0&quot;,&quot;sizes&quot;:[]},&quot;_transform_rotate_3d&quot;:&quot;yes&quot;,&quot;_transform_rotateX_effect&quot;:{&quot;unit&quot;:&quot;px&quot;,&quot;size&quot;:&quot;0&quot;,&quot;sizes&quot;:[]},&quot;_transform_rotateY_effect&quot;:{&quot;unit&quot;:&quot;px&quot;,&quot;size&quot;:&quot;-4&quot;,&quot;sizes&quot;:[]},&quot;_transform_perspective_effect&quot;:{&quot;unit&quot;:&quot;px&quot;,&quot;size&quot;:&quot;650&quot;,&quot;sizes&quot;:[]},&quot;_transform_rotateZ_effect_tablet&quot;:{&quot;unit&quot;:&quot;deg&quot;,&quot;size&quot;:&quot;&quot;,&quot;sizes&quot;:[]},&quot;_transform_rotateZ_effect_mobile&quot;:{&quot;unit&quot;:&quot;deg&quot;,&quot;size&quot;:&quot;&quot;,&quot;sizes&quot;:[]},&quot;_transform_rotateX_effect_tablet&quot;:{&quot;unit&quot;:&quot;deg&quot;,&quot;size&quot;:&quot;&quot;,&quot;sizes&quot;:[]},&quot;_transform_rotateX_effect_mobile&quot;:{&quot;unit&quot;:&quot;deg&quot;,&quot;size&quot;:&quot;&quot;,&quot;sizes&quot;:[]},&quot;_transform_rotateY_effect_tablet&quot;:{&quot;unit&quot;:&quot;deg&quot;,&quot;size&quot;:&quot;&quot;,&quot;sizes&quot;:[]},&quot;_transform_rotateY_effect_mobile&quot;:{&quot;unit&quot;:&quot;deg&quot;,&quot;size&quot;:&quot;&quot;,&quot;sizes&quot;:[]},&quot;_transform_perspective_effect_tablet&quot;:{&quot;unit&quot;:&quot;px&quot;,&quot;size&quot;:&quot;&quot;,&quot;sizes&quot;:[]},&quot;_transform_perspective_effect_mobile&quot;:{&quot;unit&quot;:&quot;px&quot;,&quot;size&quot;:&quot;&quot;,&quot;sizes&quot;:[]}}\" data-widget_type=\"image.default\">\n\t\t\t\t<div class=\"elementor-widget-container\">\n\t\t\t\t\t\t\t\t\t\t\t\t\t\t\t<img fetchpriority=\"high\" decoding=\"async\" width=\"800\" height=\"534\" src=\"https:\/\/www.omni-biotic.com\/tr-tr\/wp-content\/uploads\/sites\/15\/2023\/07\/darmwand-aufbau-mikroskop-1024x683.jpg\" class=\"attachment-large size-large wp-image-16036\" alt=\"ba\u011f\u0131rsak duvar yap\u0131s\u0131 mikroskobu\" srcset=\"https:\/\/www.omni-biotic.com\/tr-tr\/wp-content\/uploads\/sites\/15\/2023\/07\/darmwand-aufbau-mikroskop-1024x683.jpg 1024w, https:\/\/www.omni-biotic.com\/tr-tr\/wp-content\/uploads\/sites\/15\/2023\/07\/darmwand-aufbau-mikroskop-300x200.jpg 300w, https:\/\/www.omni-biotic.com\/tr-tr\/wp-content\/uploads\/sites\/15\/2023\/07\/darmwand-aufbau-mikroskop-768x512.jpg 768w, https:\/\/www.omni-biotic.com\/tr-tr\/wp-content\/uploads\/sites\/15\/2023\/07\/darmwand-aufbau-mikroskop-1536x1024.jpg 1536w, https:\/\/www.omni-biotic.com\/tr-tr\/wp-content\/uploads\/sites\/15\/2023\/07\/darmwand-aufbau-mikroskop.jpg 1920w\" sizes=\"(max-width: 800px) 100vw, 800px\" title=\"\">\t\t\t\t\t\t\t\t\t\t\t\t\t\t\t<\/div>\n\t\t\t\t<\/div>\n\t\t\t\t<\/div>\n\t\t\t\t\t<\/div>\n\t\t\t\t<\/div>\n\t\t<div class=\"elementor-element elementor-element-f3a2589 obcs blue e-flex e-con-boxed e-con e-parent\" data-id=\"f3a2589\" data-element_type=\"container\" data-settings=\"{&quot;background_background&quot;:&quot;classic&quot;}\">\n\t\t\t\t\t<div class=\"e-con-inner\">\n\t\t<div class=\"elementor-element elementor-element-f94e892 obcs green e-flex e-con-boxed e-con e-child\" data-id=\"f94e892\" data-element_type=\"container\" data-settings=\"{&quot;background_background&quot;:&quot;classic&quot;}\">\n\t\t\t\t\t<div class=\"e-con-inner\">\n\t\t\t\t<div class=\"elementor-element elementor-element-72468af elementor-widget__width-initial elementor-widget-tablet__width-initial elementor-widget elementor-widget-image\" data-id=\"72468af\" data-element_type=\"widget\" data-widget_type=\"image.default\">\n\t\t\t\t<div class=\"elementor-widget-container\">\n\t\t\t\t\t\t\t\t\t\t\t\t\t\t\t<img decoding=\"async\" width=\"512\" height=\"512\" src=\"https:\/\/www.omni-biotic.com\/tr-tr\/wp-content\/uploads\/sites\/15\/2023\/07\/allergy-blocked-nose-development-symptoms.png\" class=\"attachment-medium_large size-medium_large wp-image-16035\" alt=\"alerji burun t\u0131kan\u0131kl\u0131\u011f\u0131 geli\u015fim belirtileri\" srcset=\"https:\/\/www.omni-biotic.com\/tr-tr\/wp-content\/uploads\/sites\/15\/2023\/07\/allergy-blocked-nose-development-symptoms.png 512w, https:\/\/www.omni-biotic.com\/tr-tr\/wp-content\/uploads\/sites\/15\/2023\/07\/allergy-blocked-nose-development-symptoms-300x300.png 300w, https:\/\/www.omni-biotic.com\/tr-tr\/wp-content\/uploads\/sites\/15\/2023\/07\/allergy-blocked-nose-development-symptoms-150x150.png 150w\" sizes=\"(max-width: 512px) 100vw, 512px\" title=\"\">\t\t\t\t\t\t\t\t\t\t\t\t\t\t\t<\/div>\n\t\t\t\t<\/div>\n\t\t<div class=\"elementor-element elementor-element-e73b74d obcs none e-flex e-con-boxed e-con e-child\" data-id=\"e73b74d\" data-element_type=\"container\">\n\t\t\t\t\t<div class=\"e-con-inner\">\n\t\t\t\t<div class=\"elementor-element elementor-element-057c1d2 elementor-widget__width-inherit elementor-widget elementor-widget-heading\" data-id=\"057c1d2\" data-element_type=\"widget\" data-widget_type=\"heading.default\">\n\t\t\t\t<div class=\"elementor-widget-container\">\n\t\t\t\t\t<h2 class=\"elementor-heading-title elementor-size-default\">Alerjiler nas\u0131l geli\u015fir?<\/h2>\t\t\t\t<\/div>\n\t\t\t\t<\/div>\n\t\t\t\t<div class=\"elementor-element elementor-element-858df6c elementor-widget elementor-widget-text-editor\" data-id=\"858df6c\" data-element_type=\"widget\" data-widget_type=\"text-editor.default\">\n\t\t\t\t<div class=\"elementor-widget-container\">\n\t\t\t\t\t\t\t\t\t<p>Alerjiler, v\u00fccuttaki mukoza zarlar\u0131m\u0131z (burun, akci\u011ferler, ba\u011f\u0131rsaklar) hasar g\u00f6rd\u00fc\u011f\u00fcnde ortaya \u00e7\u0131kabilir. Bu gibi durumlarda, v\u00fccuda hava veya g\u0131da ile giren maddeler d\u00fczg\u00fcn bir \u015fekilde kontrol edilemez ve zarars\u0131z bir \u015fekilde serbest b\u0131rak\u0131lamaz. Bunun yerine hemen ve kontrols\u00fcz bir \u015fekilde kana veya lenfatik sisteme kar\u0131\u015f\u0131rlar. Bu kontrols\u00fcz a\u015f\u0131r\u0131 y\u00fcklenme, ba\u011f\u0131\u015f\u0131kl\u0131k sisteminin a\u015f\u0131r\u0131 kullan\u0131m\u0131na yol a\u00e7arak alerjilere ve g\u0131da intoleranslar\u0131na neden olabilir.<\/p>\t\t\t\t\t\t\t\t<\/div>\n\t\t\t\t<\/div>\n\t\t\t\t\t<\/div>\n\t\t\t\t<\/div>\n\t\t\t\t\t<\/div>\n\t\t\t\t<\/div>\n\t\t\t\t\t<\/div>\n\t\t\t\t<\/div>\n\t\t<div class=\"elementor-element elementor-element-7488204 obcs magenta e-flex e-con-boxed e-con e-parent\" data-id=\"7488204\" data-element_type=\"container\">\n\t\t\t\t\t<div class=\"e-con-inner\">\n\t\t\t\t<div class=\"elementor-element elementor-element-7d3a30a elementor-widget__width-inherit elementor-widget elementor-widget-heading\" data-id=\"7d3a30a\" data-element_type=\"widget\" data-widget_type=\"heading.default\">\n\t\t\t\t<div class=\"elementor-widget-container\">\n\t\t\t\t\t<h2 class=\"elementor-heading-title elementor-size-default\">Alerjiler i\u00e7in ne yap\u0131labilir?<\/h2>\t\t\t\t<\/div>\n\t\t\t\t<\/div>\n\t\t\t\t\t<\/div>\n\t\t\t\t<\/div>\n\t\t<div class=\"elementor-element elementor-element-359abb3 obcs magenta e-flex e-con-boxed e-con e-parent\" data-id=\"359abb3\" data-element_type=\"container\">\n\t\t\t\t\t<div class=\"e-con-inner\">\n\t\t<div class=\"elementor-element elementor-element-b24658a e-con-full obcs none e-flex elementor-invisible e-con e-child\" data-id=\"b24658a\" data-element_type=\"container\" data-settings=\"{&quot;animation&quot;:&quot;bounceInLeft&quot;}\">\n\t\t<div class=\"elementor-element elementor-element-952bf02 obcs none e-flex e-con-boxed e-con e-child\" data-id=\"952bf02\" data-element_type=\"container\">\n\t\t\t\t\t<div class=\"e-con-inner\">\n\t\t\t\t<div class=\"elementor-element elementor-element-dbe9a9f elementor-widget elementor-widget-image\" data-id=\"dbe9a9f\" data-element_type=\"widget\" data-widget_type=\"image.default\">\n\t\t\t\t<div class=\"elementor-widget-container\">\n\t\t\t\t\t\t\t\t\t\t\t\t\t\t\t<img decoding=\"async\" width=\"300\" height=\"300\" src=\"https:\/\/www.omni-biotic.com\/tr-tr\/wp-content\/uploads\/sites\/15\/2023\/07\/allergies-symptoms-treatment-blocked-nose-running-eyes-itching-300x300.png\" class=\"attachment-medium size-medium wp-image-16037\" alt=\"alerji belirtileri tedavi t\u0131kal\u0131 burun akan g\u00f6zler ka\u015f\u0131nt\u0131\" srcset=\"https:\/\/www.omni-biotic.com\/tr-tr\/wp-content\/uploads\/sites\/15\/2023\/07\/allergies-symptoms-treatment-blocked-nose-running-eyes-itching-300x300.png 300w, https:\/\/www.omni-biotic.com\/tr-tr\/wp-content\/uploads\/sites\/15\/2023\/07\/allergies-symptoms-treatment-blocked-nose-running-eyes-itching-150x150.png 150w, https:\/\/www.omni-biotic.com\/tr-tr\/wp-content\/uploads\/sites\/15\/2023\/07\/allergies-symptoms-treatment-blocked-nose-running-eyes-itching.png 512w\" sizes=\"(max-width: 300px) 100vw, 300px\" title=\"\">\t\t\t\t\t\t\t\t\t\t\t\t\t\t\t<\/div>\n\t\t\t\t<\/div>\n\t\t\t\t<div class=\"elementor-element elementor-element-bf992be elementor-widget elementor-widget-heading\" data-id=\"bf992be\" data-element_type=\"widget\" data-widget_type=\"heading.default\">\n\t\t\t\t<div class=\"elementor-widget-container\">\n\t\t\t\t\t<h3 class=\"elementor-heading-title elementor-size-default\">Semptom odakl\u0131 terapi <\/h3>\t\t\t\t<\/div>\n\t\t\t\t<\/div>\n\t\t\t\t\t<\/div>\n\t\t\t\t<\/div>\n\t\t\t\t<div class=\"elementor-element elementor-element-9b4dd1f elementor-widget elementor-widget-text-editor\" data-id=\"9b4dd1f\" data-element_type=\"widget\" data-widget_type=\"text-editor.default\">\n\t\t\t\t<div class=\"elementor-widget-container\">\n\t\t\t\t\t\t\t\t\t<p>Bu y\u00f6ntem alerjilerin etkilerini tedavi eder. \u015ei\u015fli\u011fi azaltan ve histamin sal\u0131n\u0131m\u0131n\u0131 engelleyen damlalar, spreyler ve tabletler kullan\u0131larak semptomlar ge\u00e7ici olarak hafifletilebilir.<\/p><p>Ancak bu \u00f6nlemler alerjinin temel nedenini ele almamaktad\u0131r.<\/p>\t\t\t\t\t\t\t\t<\/div>\n\t\t\t\t<\/div>\n\t\t\t\t<\/div>\n\t\t<div class=\"elementor-element elementor-element-5397f2e e-con-full obcs none e-flex e-con e-child\" data-id=\"5397f2e\" data-element_type=\"container\">\n\t\t\t\t<\/div>\n\t\t<div class=\"elementor-element elementor-element-511bf3a e-con-full obcs none e-flex elementor-invisible e-con e-child\" data-id=\"511bf3a\" data-element_type=\"container\" data-settings=\"{&quot;animation&quot;:&quot;bounceInRight&quot;}\">\n\t\t<div class=\"elementor-element elementor-element-449e278 obcs none e-flex e-con-boxed e-con e-child\" data-id=\"449e278\" data-element_type=\"container\">\n\t\t\t\t\t<div class=\"e-con-inner\">\n\t\t\t\t<div class=\"elementor-element elementor-element-aae5f17 elementor-widget elementor-widget-image\" data-id=\"aae5f17\" data-element_type=\"widget\" data-widget_type=\"image.default\">\n\t\t\t\t<div class=\"elementor-widget-container\">\n\t\t\t\t\t\t\t\t\t\t\t\t\t\t\t<img loading=\"lazy\" decoding=\"async\" width=\"300\" height=\"300\" src=\"https:\/\/www.omni-biotic.com\/tr-tr\/wp-content\/uploads\/sites\/15\/2023\/08\/Desensibilisierung-300x300.png\" class=\"attachment-medium size-medium wp-image-17044\" alt=\"duyars\u0131zla\u015ft\u0131rma\" srcset=\"https:\/\/www.omni-biotic.com\/tr-tr\/wp-content\/uploads\/sites\/15\/2023\/08\/Desensibilisierung-300x300.png 300w, https:\/\/www.omni-biotic.com\/tr-tr\/wp-content\/uploads\/sites\/15\/2023\/08\/Desensibilisierung-150x150.png 150w, https:\/\/www.omni-biotic.com\/tr-tr\/wp-content\/uploads\/sites\/15\/2023\/08\/Desensibilisierung.png 512w\" sizes=\"(max-width: 300px) 100vw, 300px\" title=\"\">\t\t\t\t\t\t\t\t\t\t\t\t\t\t\t<\/div>\n\t\t\t\t<\/div>\n\t\t\t\t<div class=\"elementor-element elementor-element-de08446 elementor-widget elementor-widget-heading\" data-id=\"de08446\" data-element_type=\"widget\" data-widget_type=\"heading.default\">\n\t\t\t\t<div class=\"elementor-widget-container\">\n\t\t\t\t\t<h3 class=\"elementor-heading-title elementor-size-default\">Duyars\u0131zla\u015ft\u0131rma<\/h3>\t\t\t\t<\/div>\n\t\t\t\t<\/div>\n\t\t\t\t\t<\/div>\n\t\t\t\t<\/div>\n\t\t\t\t<div class=\"elementor-element elementor-element-720b9a0 elementor-widget elementor-widget-text-editor\" data-id=\"720b9a0\" data-element_type=\"widget\" data-widget_type=\"text-editor.default\">\n\t\t\t\t<div class=\"elementor-widget-container\">\n\t\t\t\t\t\t\t\t\t<p>Duyars\u0131zla\u015ft\u0131rma, v\u00fccudun alerjiyi tetikleyen belirli bir maddeye kademeli olarak maruz b\u0131rak\u0131lmas\u0131n\u0131 ve b\u00f6ylece zaman i\u00e7inde tolerans olu\u015fturulmas\u0131n\u0131 i\u00e7erir.<\/p><p>Duyars\u0131zla\u015ft\u0131rma, bilinen belirli maddelere kar\u015f\u0131 alerjiler i\u00e7in etkilidir, ancak uzun vadeli bir taahh\u00fct gerektirir ve yeni alerjilere kar\u015f\u0131 koruma sa\u011flamaz.<\/p>\t\t\t\t\t\t\t\t<\/div>\n\t\t\t\t<\/div>\n\t\t\t\t<\/div>\n\t\t\t\t\t<\/div>\n\t\t\t\t<\/div>\n\t\t<div class=\"elementor-element elementor-element-5c9fecf obcs none e-flex e-con-boxed e-con e-parent\" data-id=\"5c9fecf\" data-element_type=\"container\">\n\t\t\t\t\t<div class=\"e-con-inner\">\n\t\t<div class=\"elementor-element elementor-element-93d0a93 obcs none e-flex e-con-boxed e-con e-child\" data-id=\"93d0a93\" data-element_type=\"container\">\n\t\t\t\t\t<div class=\"e-con-inner\">\n\t\t<div class=\"elementor-element elementor-element-590d432 obcs none e-flex e-con-boxed e-con e-child\" data-id=\"590d432\" data-element_type=\"container\">\n\t\t\t\t\t<div class=\"e-con-inner\">\n\t\t\t\t<div class=\"elementor-element elementor-element-9914c8a elementor-widget elementor-widget-image\" data-id=\"9914c8a\" data-element_type=\"widget\" data-widget_type=\"image.default\">\n\t\t\t\t<div class=\"elementor-widget-container\">\n\t\t\t\t\t\t\t\t\t\t\t\t\t\t\t<img loading=\"lazy\" decoding=\"async\" width=\"300\" height=\"300\" src=\"https:\/\/www.omni-biotic.com\/tr-tr\/wp-content\/uploads\/sites\/15\/2023\/07\/repair-mucous-membranes-allergies-gut-health-connection-300x300.png\" class=\"attachment-medium size-medium wp-image-16038\" alt=\"mukoza zarlar\u0131n\u0131 onar\u0131r alerjiler ba\u011f\u0131rsak sa\u011fl\u0131\u011f\u0131 ba\u011flant\u0131s\u0131\" srcset=\"https:\/\/www.omni-biotic.com\/tr-tr\/wp-content\/uploads\/sites\/15\/2023\/07\/repair-mucous-membranes-allergies-gut-health-connection-300x300.png 300w, https:\/\/www.omni-biotic.com\/tr-tr\/wp-content\/uploads\/sites\/15\/2023\/07\/repair-mucous-membranes-allergies-gut-health-connection-150x150.png 150w, https:\/\/www.omni-biotic.com\/tr-tr\/wp-content\/uploads\/sites\/15\/2023\/07\/repair-mucous-membranes-allergies-gut-health-connection.png 512w\" sizes=\"(max-width: 300px) 100vw, 300px\" title=\"\">\t\t\t\t\t\t\t\t\t\t\t\t\t\t\t<\/div>\n\t\t\t\t<\/div>\n\t\t\t\t<div class=\"elementor-element elementor-element-fc433c7 elementor-widget elementor-widget-heading\" data-id=\"fc433c7\" data-element_type=\"widget\" data-widget_type=\"heading.default\">\n\t\t\t\t<div class=\"elementor-widget-container\">\n\t\t\t\t\t<h3 class=\"elementor-heading-title elementor-size-default\">Mukoza zarlar\u0131n\u0131n tedavisi<\/h3>\t\t\t\t<\/div>\n\t\t\t\t<\/div>\n\t\t\t\t\t<\/div>\n\t\t\t\t<\/div>\n\t\t\t\t<div class=\"elementor-element elementor-element-f528a32 elementor-widget__width-initial elementor-widget elementor-widget-text-editor\" data-id=\"f528a32\" data-element_type=\"widget\" data-widget_type=\"text-editor.default\">\n\t\t\t\t<div class=\"elementor-widget-container\">\n\t\t\t\t\t\t\t\t\t<p>Mukoza zarlar\u0131n\u0131n tedavisi, alerjilerin temel nedenini ele almak i\u00e7in s\u00fcrd\u00fcr\u00fclebilir bir yakla\u015f\u0131m sunar ve \u00f6zellikle \u00e7e\u015fitli maddelere kar\u015f\u0131 alerjisi veya intolerans\u0131 olan bireyler i\u00e7in faydal\u0131d\u0131r.<\/p><p>Nihayetinde bu y\u00f6ntem, alerjiyi tetikleyen her t\u00fcrl\u00fc maddeyi \u00f6nler. \u0130ster bitki veya hayvanlardan (\u00e7im poleni veya hayvan t\u00fcy\u00fc gibi), ister g\u0131dalardan (aromalar veya koruyucular gibi) veya ki\u015fisel bak\u0131m \u00fcr\u00fcnlerinden kaynaklans\u0131n, bu maddenin bir \u00f6nemi yoktur. <\/p>\t\t\t\t\t\t\t\t<\/div>\n\t\t\t\t<\/div>\n\t\t\t\t\t<\/div>\n\t\t\t\t<\/div>\n\t\t\t\t\t<\/div>\n\t\t\t\t<\/div>\n\t\t<div class=\"elementor-element elementor-element-1cc31e0 obcs magenta e-flex e-con-boxed e-con e-parent\" data-id=\"1cc31e0\" data-element_type=\"container\">\n\t\t\t\t\t<div class=\"e-con-inner\">\n\t\t\t\t<div class=\"elementor-element elementor-element-aa3bec1 elementor-widget__width-inherit elementor-widget elementor-widget-heading\" data-id=\"aa3bec1\" data-element_type=\"widget\" data-widget_type=\"heading.default\">\n\t\t\t\t<div class=\"elementor-widget-container\">\n\t\t\t\t\t<h2 class=\"elementor-heading-title elementor-size-default\">Alerjiler \u00fczerine Anita Frauwallner<\/h2>\t\t\t\t<\/div>\n\t\t\t\t<\/div>\n\t\t\t\t\t<\/div>\n\t\t\t\t<\/div>\n\t\t<div class=\"elementor-element elementor-element-e1dc090 obcs none e-flex e-con-boxed e-con e-parent\" data-id=\"e1dc090\" data-element_type=\"container\">\n\t\t\t\t\t<div class=\"e-con-inner\">\n\t\t<div class=\"elementor-element elementor-element-36598c3 e-con-full obcs none e-flex e-con e-child\" data-id=\"36598c3\" data-element_type=\"container\">\n\t\t\t\t<div class=\"elementor-element elementor-element-77a5674 e-transform elementor-widget elementor-widget-image\" data-id=\"77a5674\" data-element_type=\"widget\" data-settings=\"{&quot;_transform_rotateZ_effect&quot;:{&quot;unit&quot;:&quot;px&quot;,&quot;size&quot;:&quot;0&quot;,&quot;sizes&quot;:[]},&quot;_transform_rotate_3d&quot;:&quot;yes&quot;,&quot;_transform_rotateX_effect&quot;:{&quot;unit&quot;:&quot;px&quot;,&quot;size&quot;:&quot;0&quot;,&quot;sizes&quot;:[]},&quot;_transform_rotateY_effect&quot;:{&quot;unit&quot;:&quot;px&quot;,&quot;size&quot;:&quot;4&quot;,&quot;sizes&quot;:[]},&quot;_transform_perspective_effect&quot;:{&quot;unit&quot;:&quot;px&quot;,&quot;size&quot;:&quot;650&quot;,&quot;sizes&quot;:[]},&quot;_transform_rotateZ_effect_tablet&quot;:{&quot;unit&quot;:&quot;deg&quot;,&quot;size&quot;:&quot;&quot;,&quot;sizes&quot;:[]},&quot;_transform_rotateZ_effect_mobile&quot;:{&quot;unit&quot;:&quot;deg&quot;,&quot;size&quot;:&quot;&quot;,&quot;sizes&quot;:[]},&quot;_transform_rotateX_effect_tablet&quot;:{&quot;unit&quot;:&quot;deg&quot;,&quot;size&quot;:&quot;&quot;,&quot;sizes&quot;:[]},&quot;_transform_rotateX_effect_mobile&quot;:{&quot;unit&quot;:&quot;deg&quot;,&quot;size&quot;:&quot;&quot;,&quot;sizes&quot;:[]},&quot;_transform_rotateY_effect_tablet&quot;:{&quot;unit&quot;:&quot;deg&quot;,&quot;size&quot;:&quot;&quot;,&quot;sizes&quot;:[]},&quot;_transform_rotateY_effect_mobile&quot;:{&quot;unit&quot;:&quot;deg&quot;,&quot;size&quot;:&quot;&quot;,&quot;sizes&quot;:[]},&quot;_transform_perspective_effect_tablet&quot;:{&quot;unit&quot;:&quot;px&quot;,&quot;size&quot;:&quot;&quot;,&quot;sizes&quot;:[]},&quot;_transform_perspective_effect_mobile&quot;:{&quot;unit&quot;:&quot;px&quot;,&quot;size&quot;:&quot;&quot;,&quot;sizes&quot;:[]}}\" data-widget_type=\"image.default\">\n\t\t\t\t<div class=\"elementor-widget-container\">\n\t\t\t\t\t\t\t\t\t\t\t\t<figure class=\"wp-caption\">\n\t\t\t\t\t\t\t\t\t\t<img loading=\"lazy\" decoding=\"async\" width=\"768\" height=\"768\" src=\"https:\/\/www.omni-biotic.com\/tr-tr\/wp-content\/uploads\/sites\/15\/2023\/07\/frauwallner.jpg\" class=\"attachment-large size-large wp-image-15853\" alt=\"Bayan Frauwallner\" srcset=\"https:\/\/www.omni-biotic.com\/tr-tr\/wp-content\/uploads\/sites\/15\/2023\/07\/frauwallner.jpg 768w, https:\/\/www.omni-biotic.com\/tr-tr\/wp-content\/uploads\/sites\/15\/2023\/07\/frauwallner-300x300.jpg 300w, https:\/\/www.omni-biotic.com\/tr-tr\/wp-content\/uploads\/sites\/15\/2023\/07\/frauwallner-150x150.jpg 150w\" sizes=\"(max-width: 768px) 100vw, 768px\" title=\"\">\t\t\t\t\t\t\t\t\t\t\t<figcaption class=\"widget-image-caption wp-caption-text\">Anita Frauwallner, M.D., ba\u011f\u0131rsak uzman\u0131<br> \u00a9 Photo Fischer Graz<\/figcaption>\n\t\t\t\t\t\t\t\t\t\t<\/figure>\n\t\t\t\t\t\t\t\t\t<\/div>\n\t\t\t\t<\/div>\n\t\t\t\t<\/div>\n\t\t<div class=\"elementor-element elementor-element-311ba2e e-con-full obcs none e-flex e-con e-child\" data-id=\"311ba2e\" data-element_type=\"container\">\n\t\t\t\t<div class=\"elementor-element elementor-element-2721cec elementor-widget elementor-widget-heading\" data-id=\"2721cec\" data-element_type=\"widget\" data-widget_type=\"heading.default\">\n\t\t\t\t<div class=\"elementor-widget-container\">\n\t\t\t\t\t<span class=\"elementor-heading-title elementor-size-default\">Ne t\u00fcr alerjiler ba\u011f\u0131rsaklar\u0131 etkileyebilir ve bunlar\u0131n alt\u0131nda yatan nedenler nelerdir?<\/span>\t\t\t\t<\/div>\n\t\t\t\t<\/div>\n\t\t\t\t<div class=\"elementor-element elementor-element-02c5d22 elementor-widget elementor-widget-text-editor\" data-id=\"02c5d22\" data-element_type=\"widget\" data-widget_type=\"text-editor.default\">\n\t\t\t\t<div class=\"elementor-widget-container\">\n\t\t\t\t\t\t\t\t\t<p><strong>Frauwallner:<\/strong> G\u00fcn\u00fcm\u00fczde neredeyse her madde bir alerjene d\u00f6n\u00fc\u015febilir ve alerjik reaksiyonlar\u0131 tetikleyebilir. Alerjiler, alerjik olmayan bireylerde reaksiyona neden olmayan maddelere kar\u015f\u0131 ba\u011f\u0131\u015f\u0131kl\u0131k sisteminin a\u015f\u0131r\u0131 tepkisini temsil etti\u011finden, bu durum \u00f6zellikle ba\u011f\u0131\u015f\u0131kl\u0131k sistemi zay\u0131flam\u0131\u015f ki\u015filerde yayg\u0131nd\u0131r.<\/p><p>Ba\u011f\u0131\u015f\u0131kl\u0131k h\u00fccrelerinin %80&#8217;inin ba\u011f\u0131rsaklarda bulundu\u011funu bilirseniz, ba\u011f\u0131rsak sa\u011fl\u0131\u011f\u0131yla ilgili sorunlar oldu\u011funda alerjilerin neden daha s\u0131k ortaya \u00e7\u0131kt\u0131\u011f\u0131 anla\u015f\u0131l\u0131r. Daha do\u011fru bir s\u00f6yleyi\u015fle: \u00f6zellikle de ba\u011f\u0131rsak bariyeri tehlikeye girdi\u011finde. Bu, \u00f6nemli ba\u011f\u0131rsak bakterilerini b\u00fcy\u00fck \u00f6l\u00e7\u00fcde azaltan bir antibiyotik k\u00fcr\u00fc veya ba\u011f\u0131rsaklardaki kan ak\u0131\u015f\u0131n\u0131 engelleyip inflamasyona neden olabilen y\u00fcksek stres seviyeleri gibi fakt\u00f6rlerden kaynaklanabilir . Sonu\u00e7 olarak, ba\u011f\u0131rsak daha ge\u00e7irgen hale gelir (\u201cs\u0131zd\u0131ran ba\u011f\u0131rsak\u201d olarak adland\u0131r\u0131l\u0131r) ve b\u00fcy\u00fck g\u0131da par\u00e7ac\u0131klar\u0131n\u0131n, toksinlerin veya yutabilece\u011finiz polen gibi alerjenlerin ba\u011f\u0131rsak duvar\u0131ndan daha kolay ge\u00e7mesine izin verir.<\/p>\t\t\t\t\t\t\t\t<\/div>\n\t\t\t\t<\/div>\n\t\t\t\t<\/div>\n\t\t\t\t\t<\/div>\n\t\t\t\t<\/div>\n\t\t<div class=\"elementor-element elementor-element-db8ab69 obcs magenta e-flex e-con-boxed e-con e-parent\" data-id=\"db8ab69\" data-element_type=\"container\">\n\t\t\t\t\t<div class=\"e-con-inner\">\n\t\t\t\t<div class=\"elementor-element elementor-element-8879198 elementor-widget elementor-widget-infobox\" data-id=\"8879198\" data-element_type=\"widget\" data-widget_type=\"infobox.default\">\n\t\t\t\t<div class=\"elementor-widget-container\">\n\t\t\t\t\t\n<div class=\"li-widgets--infobox magenta highlights-always-magenta\">\n\n    <div class=\"li-widgets--infobox__icon\">\n            <\/div>\n    <div class=\"li-widgets--infobox__text\">\n        Alerjilerin ortaya \u00e7\u0131kt\u0131\u011f\u0131 yerden ba\u015flay\u0131n - ba\u011f\u0131rsaklardan!    <\/div>\n    <div class=\"li-widgets--infobox__text-body\">\n        <p>- Anita Frauwallner<\/p>    <\/div>\n\n    \n<\/div>\n\t\t\t\t<\/div>\n\t\t\t\t<\/div>\n\t\t\t\t\t<\/div>\n\t\t\t\t<\/div>\n\t\t<div class=\"elementor-element elementor-element-f780f71 obcs none e-flex e-con-boxed e-con e-parent\" data-id=\"f780f71\" data-element_type=\"container\">\n\t\t\t\t\t<div class=\"e-con-inner\">\n\t\t<div class=\"elementor-element elementor-element-ebca49d obcs none e-flex e-con-boxed e-con e-child\" data-id=\"ebca49d\" data-element_type=\"container\">\n\t\t\t\t\t<div class=\"e-con-inner\">\n\t\t\t\t<div class=\"elementor-element elementor-element-20f1e07 elementor-widget__width-initial elementor-widget elementor-widget-text-editor\" data-id=\"20f1e07\" data-element_type=\"widget\" data-widget_type=\"text-editor.default\">\n\t\t\t\t<div class=\"elementor-widget-container\">\n\t\t\t\t\t\t\t\t\t<p>Ba\u011f\u0131\u015f\u0131kl\u0131k sisteminiz a\u015f\u0131r\u0131 uyar\u0131l\u0131rsa, s\u00fct, bu\u011fday veya elma gibi s\u0131k t\u00fcketti\u011finiz veya temas etti\u011finiz maddelere kar\u015f\u0131 alerjik reaksiyonlar ortaya \u00e7\u0131kabilir. Ayr\u0131ca, \u00e7apraz reaksiyonlar nedeniyle hu\u015f a\u011fac\u0131 veya f\u0131nd\u0131k polenine kar\u015f\u0131 alerjik reaksiyonlar meydana gelebilir. Ne kadar \u00e7ok alerjik reaksiyon ya\u015farsan\u0131z, di\u011fer alerjilere kar\u015f\u0131 o kadar duyarl\u0131 hale gelirsiniz. Her \u015fey ba\u011f\u0131rsaklarda ba\u015flar!<\/p>\t\t\t\t\t\t\t\t<\/div>\n\t\t\t\t<\/div>\n\t\t\t\t<div class=\"elementor-element elementor-element-3fd721e elementor-widget elementor-widget-heading\" data-id=\"3fd721e\" data-element_type=\"widget\" data-widget_type=\"heading.default\">\n\t\t\t\t<div class=\"elementor-widget-container\">\n\t\t\t\t\t<span class=\"elementor-heading-title elementor-size-default\">Alerjilerinizi ba\u011f\u0131rsaklar\u0131n\u0131za yard\u0131m ederek tedavi edebilir misiniz? Alerjiye ne iyi gelir?<\/span>\t\t\t\t<\/div>\n\t\t\t\t<\/div>\n\t\t\t\t<div class=\"elementor-element elementor-element-3943144 elementor-widget elementor-widget-text-editor\" data-id=\"3943144\" data-element_type=\"widget\" data-widget_type=\"text-editor.default\">\n\t\t\t\t<div class=\"elementor-widget-container\">\n\t\t\t\t\t\t\t\t\t<p><strong>Frauwallner:<\/strong> Alerji yolculu\u011funuza kendiniz nas\u0131l son verebilece\u011finizin en iyi \u00f6rne\u011fiyim. Her \u015feyin ba\u015flad\u0131\u011f\u0131 yerden ba\u015flay\u0131n &#8211; ba\u011f\u0131rsaklardan!<\/p><p>Stresi azalt\u0131n ve iltihapl\u0131 ba\u011f\u0131rsak mukozas\u0131n\u0131 onarmaya odaklan\u0131n. Bu, do\u011fru anti-inflamatuvar ba\u011f\u0131rsak bakterilerinin kullan\u0131lmas\u0131yla sa\u011flanabilir.<br \/>Direncinizi art\u0131r\u0131n. Polen mevsimi boyunca, yorucu egzersizler yerine ba\u011f\u0131rsak mukozan\u0131z\u0131 g\u00fc\u00e7lendirmeye \u00f6ncelik verin. Yararl\u0131 ba\u011f\u0131rsak bakterileri bu konuda yard\u0131mc\u0131 olabilir. Ba\u011f\u0131rsaklar\u0131 derinlemesine kolonize eden alt\u0131 g\u00fc\u00e7l\u00fc su\u015ftan olu\u015fan bir kombinasyon \u00f6neriyorum.<br \/>E\u011fer burun ak\u0131nt\u0131s\u0131 ve g\u00f6z sulanmas\u0131 ya\u015f\u0131yorsan\u0131z, ba\u011f\u0131rsaklarda histamin olu\u015fumunu durdurmak \u00f6nemlidir. \u00c7inko bunun i\u00e7in idealdir. Genel olarak, B vitaminleri, amino asitler ve \u00e7e\u015fitli eser elementler sa\u011fl\u0131kl\u0131 bir ba\u011f\u0131rsak mukozas\u0131 geli\u015ftirmek i\u00e7in gereklidir. Ba\u011f\u0131rsaklar\u0131n\u0131z\u0131 daha diren\u00e7li hale getirir.<\/p>\t\t\t\t\t\t\t\t<\/div>\n\t\t\t\t<\/div>\n\t\t\t\t\t<\/div>\n\t\t\t\t<\/div>\n\t\t\t\t\t<\/div>\n\t\t\t\t<\/div>\n\t\t<div class=\"elementor-element elementor-element-71c5fd3 obcs magenta e-flex e-con-boxed e-con e-parent\" data-id=\"71c5fd3\" data-element_type=\"container\">\n\t\t\t\t\t<div class=\"e-con-inner\">\n\t\t<div class=\"elementor-element elementor-element-02e17d4 e-con-full obcs none e-flex e-con e-child\" data-id=\"02e17d4\" data-element_type=\"container\">\n\t\t\t\t<div class=\"elementor-element elementor-element-5165624 elementor-widget elementor-widget-heading\" data-id=\"5165624\" data-element_type=\"widget\" data-widget_type=\"heading.default\">\n\t\t\t\t<div class=\"elementor-widget-container\">\n\t\t\t\t\t<span class=\"elementor-heading-title elementor-size-default\">Hangi alerjilerin ba\u011f\u0131rsaklarla ilgisi yoktur? Yoksa t\u00fcm alerjiler ba\u011f\u0131rsak sa\u011fl\u0131\u011f\u0131ndan m\u0131 etkilenir?<\/span>\t\t\t\t<\/div>\n\t\t\t\t<\/div>\n\t\t\t\t<div class=\"elementor-element elementor-element-ce78ff3 elementor-widget elementor-widget-text-editor\" data-id=\"ce78ff3\" data-element_type=\"widget\" data-widget_type=\"text-editor.default\">\n\t\t\t\t<div class=\"elementor-widget-container\">\n\t\t\t\t\t\t\t\t\t<p><strong>Frauwallner:<\/strong> \u0130ster antikorlar\u0131n (tip I-III) arac\u0131l\u0131k etti\u011fi ister T-h\u00fccreleri (tip IV) taraf\u0131ndan tetiklenen alerjik reaksiyonlar, genellikle ba\u011f\u0131\u015f\u0131kl\u0131k sistemi d\u00fczensizli\u011fi ile ba\u011flant\u0131l\u0131d\u0131r. \u0130\u015flevsel bir ba\u011f\u0131rsa\u011fa ve optimal bir bakteri kolonizasyonuna sahip tamamen sa\u011fl\u0131kl\u0131 bir bireyde, g\u00fcn\u00fcm\u00fczde giderek yayg\u0131nla\u015fan imm\u00fcnolojik \u201car\u0131za alerjileri\u201d ve g\u0131da intoleranslar\u0131 ya\u015fama olas\u0131l\u0131\u011f\u0131 \u00f6nemli \u00f6l\u00e7\u00fcde azal\u0131r.<\/p><p>Genetik olarak alerji, n\u00f6rodermatit ve ast\u0131ma yatk\u0131n \u00e7ocuklarda bile, hamilelik s\u0131ras\u0131nda ve bebe\u011fin ya\u015fam\u0131n\u0131n ilk y\u0131l\u0131nda do\u011fru ba\u011f\u0131rsak bakterilerini vererek bunlar\u0131n ortaya \u00e7\u0131kmas\u0131n\u0131 %80&#8217;e varan oranda \u00f6nlemek m\u00fcmk\u00fcnd\u00fcr. Bu konudaki \u00f6nemli PANDA \u00e7al\u0131\u015fmas\u0131n\u0131 10 y\u0131l \u00f6nce yay\u0131nlad\u0131k. Ancak \u00e7ocuk doktorlar\u0131 ve alerji uzmanlar\u0131 bu spesifik probiyotik tedavisinin potansiyelinden yeni yeni faydalanmaya ba\u015fl\u0131yor.<\/p>\t\t\t\t\t\t\t\t<\/div>\n\t\t\t\t<\/div>\n\t\t\t\t<\/div>\n\t\t<div class=\"elementor-element elementor-element-6b1befe e-con-full obcs none e-flex e-con e-child\" data-id=\"6b1befe\" data-element_type=\"container\">\n\t\t\t\t<div class=\"elementor-element elementor-element-176e556 e-transform elementor-widget elementor-widget-image\" data-id=\"176e556\" data-element_type=\"widget\" data-settings=\"{&quot;_transform_rotateZ_effect&quot;:{&quot;unit&quot;:&quot;px&quot;,&quot;size&quot;:&quot;0&quot;,&quot;sizes&quot;:[]},&quot;_transform_rotate_3d&quot;:&quot;yes&quot;,&quot;_transform_rotateX_effect&quot;:{&quot;unit&quot;:&quot;px&quot;,&quot;size&quot;:&quot;0&quot;,&quot;sizes&quot;:[]},&quot;_transform_rotateY_effect&quot;:{&quot;unit&quot;:&quot;px&quot;,&quot;size&quot;:&quot;-4&quot;,&quot;sizes&quot;:[]},&quot;_transform_perspective_effect&quot;:{&quot;unit&quot;:&quot;px&quot;,&quot;size&quot;:&quot;650&quot;,&quot;sizes&quot;:[]},&quot;_transform_rotateZ_effect_tablet&quot;:{&quot;unit&quot;:&quot;deg&quot;,&quot;size&quot;:&quot;&quot;,&quot;sizes&quot;:[]},&quot;_transform_rotateZ_effect_mobile&quot;:{&quot;unit&quot;:&quot;deg&quot;,&quot;size&quot;:&quot;&quot;,&quot;sizes&quot;:[]},&quot;_transform_rotateX_effect_tablet&quot;:{&quot;unit&quot;:&quot;deg&quot;,&quot;size&quot;:&quot;&quot;,&quot;sizes&quot;:[]},&quot;_transform_rotateX_effect_mobile&quot;:{&quot;unit&quot;:&quot;deg&quot;,&quot;size&quot;:&quot;&quot;,&quot;sizes&quot;:[]},&quot;_transform_rotateY_effect_tablet&quot;:{&quot;unit&quot;:&quot;deg&quot;,&quot;size&quot;:&quot;&quot;,&quot;sizes&quot;:[]},&quot;_transform_rotateY_effect_mobile&quot;:{&quot;unit&quot;:&quot;deg&quot;,&quot;size&quot;:&quot;&quot;,&quot;sizes&quot;:[]},&quot;_transform_perspective_effect_tablet&quot;:{&quot;unit&quot;:&quot;px&quot;,&quot;size&quot;:&quot;&quot;,&quot;sizes&quot;:[]},&quot;_transform_perspective_effect_mobile&quot;:{&quot;unit&quot;:&quot;px&quot;,&quot;size&quot;:&quot;&quot;,&quot;sizes&quot;:[]}}\" data-widget_type=\"image.default\">\n\t\t\t\t<div class=\"elementor-widget-container\">\n\t\t\t\t\t\t\t\t\t\t\t\t\t\t\t<img loading=\"lazy\" decoding=\"async\" width=\"800\" height=\"800\" src=\"https:\/\/www.omni-biotic.com\/tr-tr\/wp-content\/uploads\/sites\/15\/2023\/08\/allergy-test-prick-test.jpg\" class=\"attachment-large size-large wp-image-17051\" alt=\"alerji testi prick test\" srcset=\"https:\/\/www.omni-biotic.com\/tr-tr\/wp-content\/uploads\/sites\/15\/2023\/08\/allergy-test-prick-test.jpg 1024w, https:\/\/www.omni-biotic.com\/tr-tr\/wp-content\/uploads\/sites\/15\/2023\/08\/allergy-test-prick-test-300x300.jpg 300w, https:\/\/www.omni-biotic.com\/tr-tr\/wp-content\/uploads\/sites\/15\/2023\/08\/allergy-test-prick-test-150x150.jpg 150w, https:\/\/www.omni-biotic.com\/tr-tr\/wp-content\/uploads\/sites\/15\/2023\/08\/allergy-test-prick-test-768x768.jpg 768w\" sizes=\"(max-width: 800px) 100vw, 800px\" title=\"\">\t\t\t\t\t\t\t\t\t\t\t\t\t\t\t<\/div>\n\t\t\t\t<\/div>\n\t\t\t\t<\/div>\n\t\t\t\t\t<\/div>\n\t\t\t\t<\/div>\n\t\t<div class=\"elementor-element elementor-element-5891ee8 obcs none e-flex e-con-boxed e-con e-parent\" data-id=\"5891ee8\" data-element_type=\"container\">\n\t\t\t\t\t<div class=\"e-con-inner\">\n\t\t<div class=\"elementor-element elementor-element-ac8cadf obcs none e-flex e-con-boxed e-con e-child\" data-id=\"ac8cadf\" data-element_type=\"container\">\n\t\t\t\t\t<div class=\"e-con-inner\">\n\t\t\t\t<div class=\"elementor-element elementor-element-7705270 elementor-widget elementor-widget-heading\" data-id=\"7705270\" data-element_type=\"widget\" data-widget_type=\"heading.default\">\n\t\t\t\t<div class=\"elementor-widget-container\">\n\t\t\t\t\t<span class=\"elementor-heading-title elementor-size-default\">Neden giderek daha fazla insan alerji ya\u015f\u0131yor gibi g\u00f6r\u00fcn\u00fcyor?<\/span>\t\t\t\t<\/div>\n\t\t\t\t<\/div>\n\t\t\t\t<div class=\"elementor-element elementor-element-15a1379 elementor-widget elementor-widget-text-editor\" data-id=\"15a1379\" data-element_type=\"widget\" data-widget_type=\"text-editor.default\">\n\t\t\t\t<div class=\"elementor-widget-container\">\n\t\t\t\t\t\t\t\t\t<p><strong>Frauwallner:<\/strong> Bu sadece bir his de\u011fil &#8211; bug\u00fcn 50 y\u0131l \u00f6ncesine k\u0131yasla \u00e7ok daha fazla insan\u0131n alerjiden muzdarip oldu\u011fu bir ger\u00e7ek. Ancak bunda \u015fa\u015f\u0131rt\u0131c\u0131 bir \u015fey yok; sadece etraf\u0131n\u0131za bakman\u0131z yeterli: her \u00e7ocu\u011fa hayat\u0131n\u0131n ilk y\u0131llar\u0131nda birka\u00e7 kez antibiyotik veriliyor &#8211; ve ne yaz\u0131k ki \u00e7o\u011fu zaman gereksiz yere. Yiyeceklerimiz giderek daha fazla \u015feker, renklendirici, koruyucu ve yapay lezzet artt\u0131r\u0131c\u0131 i\u00e7eriyor ve n\u00fcfusun %30&#8217;u t\u00fckenmi\u015flik riski alt\u0131nda olacak kadar stres alt\u0131nda. Almanlar\u0131n %80&#8217;i art\u0131k normal ba\u011f\u0131rsak floras\u0131na sahip de\u011fil ve \u015fi\u015fkinlik, s\u00fcrekli a\u011fr\u0131 ve kronik yorgunluktan muzdarip. Ayurveda&#8217;dan Hipokrat&#8217;a ve Paracelsus&#8217;a kadar t\u00fcm eski \u015fifa bilimlerinin a\u00e7\u0131k\u00e7a belirtti\u011fi \u015feye geri d\u00f6nmemiz gerekiyor: &#8220;Ba\u011f\u0131rsaklar sa\u011fl\u0131k ve hastal\u0131\u011f\u0131n merkezidir&#8221;. \u00d6zellikle alerjiler s\u00f6z konusu oldu\u011funda benim g\u00f6r\u00fc\u015f\u00fcm \u00e7ok nettir &#8211; sadece semptomlara bakmay\u0131n, nedenleri ele al\u0131n. Alerjiler k\u00f6t\u00fc i\u015fleyen bir ba\u011f\u0131rsaktan ve bunun sonucunda yanl\u0131\u015f y\u00f6nlendirilmi\u015f bir ba\u011f\u0131\u015f\u0131kl\u0131k sisteminden kaynaklan\u0131r.<\/p>\t\t\t\t\t\t\t\t<\/div>\n\t\t\t\t<\/div>\n\t\t\t\t\t<\/div>\n\t\t\t\t<\/div>\n\t\t\t\t\t<\/div>\n\t\t\t\t<\/div>\n\t\t\t\t<\/div>\n\t\t","protected":false},"excerpt":{"rendered":"<p>Alerji Ba\u011f\u0131rsaklar\u0131n alerji semptomlar\u0131yla m\u00fccadelede \u00e7ok \u00f6nemli bir rol oynad\u0131\u011f\u0131n\u0131 biliyor muydunuz? Ba\u011f\u0131rsaklar\u0131m\u0131z genellikle k\u00fc\u00e7\u00fcmsenen organlar\u0131m\u0131zd\u0131r: yakla\u015f\u0131k 400m2&#8217;lik y\u00fczey alan\u0131 akci\u011ferlerden 10 kat, deriden ise 100 kat daha b\u00fcy\u00fckt\u00fcr. Bu geni\u015f y\u00fczey, binlerce t\u00fcrden yakla\u015f\u0131k 100 trilyon bakteriye ev sahipli\u011fi yapar. Her insan i\u00e7in benzersiz bir bile\u015fime sahiptir. Home Contents Alerji reaksiyonunun seyri Alerji semptomlar\u0131n\u0131n [&hellip;]<\/p>\n","protected":false},"author":3,"featured_media":0,"parent":153,"menu_order":460,"comment_status":"closed","ping_status":"closed","template":"","meta":{"_acf_changed":false,"inline_featured_image":false,"footnotes":""},"class_list":["post-155","page","type-page","status-publish","hentry"],"acf":[],"_links":{"self":[{"href":"https:\/\/www.omni-biotic.com\/tr-tr\/wp-json\/wp\/v2\/pages\/155","targetHints":{"allow":["GET"]}}],"collection":[{"href":"https:\/\/www.omni-biotic.com\/tr-tr\/wp-json\/wp\/v2\/pages"}],"about":[{"href":"https:\/\/www.omni-biotic.com\/tr-tr\/wp-json\/wp\/v2\/types\/page"}],"author":[{"embeddable":true,"href":"https:\/\/www.omni-biotic.com\/tr-tr\/wp-json\/wp\/v2\/users\/3"}],"replies":[{"embeddable":true,"href":"https:\/\/www.omni-biotic.com\/tr-tr\/wp-json\/wp\/v2\/comments?post=155"}],"version-history":[{"count":7,"href":"https:\/\/www.omni-biotic.com\/tr-tr\/wp-json\/wp\/v2\/pages\/155\/revisions"}],"predecessor-version":[{"id":19023,"href":"https:\/\/www.omni-biotic.com\/tr-tr\/wp-json\/wp\/v2\/pages\/155\/revisions\/19023"}],"up":[{"embeddable":true,"href":"https:\/\/www.omni-biotic.com\/tr-tr\/wp-json\/wp\/v2\/pages\/153"}],"wp:attachment":[{"href":"https:\/\/www.omni-biotic.com\/tr-tr\/wp-json\/wp\/v2\/media?parent=155"}],"curies":[{"name":"wp","href":"https:\/\/api.w.org\/{rel}","templated":true}]}}