{"id":163,"date":"2022-03-07T10:07:28","date_gmt":"2022-03-07T09:07:28","guid":{"rendered":"https:\/\/www.omni-biotic.com\/darmbeschwerden\/ced\/"},"modified":"2025-03-25T16:02:25","modified_gmt":"2025-03-25T15:02:25","slug":"kronik-inflamatuvar-bagirsak-hastaligi-ibd","status":"publish","type":"page","link":"https:\/\/www.omni-biotic.com\/tr-tr\/bagirsak-sikayetleri\/kronik-inflamatuvar-bagirsak-hastaligi-ibd\/","title":{"rendered":"Kronik \u0130nflamatuvar Ba\u011f\u0131rsak Hastal\u0131\u011f\u0131 (IBD)"},"content":{"rendered":"\t\t<div data-elementor-type=\"wp-page\" data-elementor-id=\"163\" class=\"elementor elementor-163\" data-elementor-post-type=\"page\">\n\t\t\t\t<div class=\"elementor-element elementor-element-233cdf6 e-con-full obcs none e-flex e-con e-parent\" data-id=\"233cdf6\" data-element_type=\"container\" data-settings=\"{&quot;background_background&quot;:&quot;classic&quot;,&quot;shape_divider_bottom&quot;:&quot;waves&quot;}\">\n\t\t\t\t<div class=\"elementor-shape elementor-shape-bottom\" aria-hidden=\"true\" data-negative=\"false\">\n\t\t\t<svg xmlns=\"http:\/\/www.w3.org\/2000\/svg\" viewBox=\"0 0 1000 100\" preserveAspectRatio=\"none\">\n\t<path class=\"elementor-shape-fill\" d=\"M421.9,6.5c22.6-2.5,51.5,0.4,75.5,5.3c23.6,4.9,70.9,23.5,100.5,35.7c75.8,32.2,133.7,44.5,192.6,49.7\n\tc23.6,2.1,48.7,3.5,103.4-2.5c54.7-6,106.2-25.6,106.2-25.6V0H0v30.3c0,0,72,32.6,158.4,30.5c39.2-0.7,92.8-6.7,134-22.4\n\tc21.2-8.1,52.2-18.2,79.7-24.2C399.3,7.9,411.6,7.5,421.9,6.5z\"\/>\n<\/svg>\t\t<\/div>\n\t\t\t\t<div class=\"elementor-element elementor-element-2b5304f elementor-absolute elementor-hidden-mobile elementor-align-center elementor-widget elementor-widget-lottie\" data-id=\"2b5304f\" data-element_type=\"widget\" data-settings=\"{&quot;source_json&quot;:{&quot;url&quot;:&quot;https:\\\/\\\/www.omni-biotic.com\\\/en-eu\\\/wp-content\\\/uploads\\\/sites\\\/3\\\/2022\\\/08\\\/lf30_editor_s5uwdgjh.json&quot;,&quot;id&quot;:&quot;7733&quot;,&quot;size&quot;:&quot;&quot;,&quot;alt&quot;:&quot;&quot;,&quot;source&quot;:&quot;library&quot;},&quot;loop&quot;:&quot;yes&quot;,&quot;play_speed&quot;:{&quot;unit&quot;:&quot;px&quot;,&quot;size&quot;:&quot;0.3&quot;,&quot;sizes&quot;:[]},&quot;_position&quot;:&quot;absolute&quot;,&quot;source&quot;:&quot;media_file&quot;,&quot;caption_source&quot;:&quot;none&quot;,&quot;link_to&quot;:&quot;none&quot;,&quot;trigger&quot;:&quot;arriving_to_viewport&quot;,&quot;viewport&quot;:{&quot;unit&quot;:&quot;%&quot;,&quot;size&quot;:&quot;&quot;,&quot;sizes&quot;:{&quot;start&quot;:0,&quot;end&quot;:100}},&quot;start_point&quot;:{&quot;unit&quot;:&quot;%&quot;,&quot;size&quot;:0,&quot;sizes&quot;:[]},&quot;end_point&quot;:{&quot;unit&quot;:&quot;%&quot;,&quot;size&quot;:100,&quot;sizes&quot;:[]},&quot;renderer&quot;:&quot;svg&quot;}\" data-widget_type=\"lottie.default\">\n\t\t\t\t<div class=\"elementor-widget-container\">\n\t\t\t\t\t<div class=\"e-lottie__container\"><div class=\"e-lottie__animation\"><\/div><\/div>\t\t\t\t<\/div>\n\t\t\t\t<\/div>\n\t\t<div class=\"elementor-element elementor-element-8af51b0 e-con-full obcs none e-flex e-con e-child\" data-id=\"8af51b0\" data-element_type=\"container\" data-settings=\"{&quot;background_background&quot;:&quot;classic&quot;}\">\n\t\t\t\t<div class=\"elementor-element elementor-element-3bb62d3 elementor-widget elementor-widget-heading\" data-id=\"3bb62d3\" data-element_type=\"widget\" data-widget_type=\"heading.default\">\n\t\t\t\t<div class=\"elementor-widget-container\">\n\t\t\t\t\t<h1 class=\"elementor-heading-title elementor-size-default\">Kronik \u0130nflamatuvar Ba\u011f\u0131rsak Hastal\u0131\u011f\u0131 <\/h1>\t\t\t\t<\/div>\n\t\t\t\t<\/div>\n\t\t\t\t<div class=\"elementor-element elementor-element-acb76a3 elementor-widget-divider--view-line elementor-widget elementor-widget-divider\" data-id=\"acb76a3\" data-element_type=\"widget\" data-widget_type=\"divider.default\">\n\t\t\t\t<div class=\"elementor-widget-container\">\n\t\t\t\t\t\t\t<div class=\"elementor-divider\">\n\t\t\t<span class=\"elementor-divider-separator\">\n\t\t\t\t\t\t<\/span>\n\t\t<\/div>\n\t\t\t\t\t\t<\/div>\n\t\t\t\t<\/div>\n\t\t\t\t<div class=\"elementor-element elementor-element-a3c16e6 elementor-widget elementor-widget-text-editor\" data-id=\"a3c16e6\" data-element_type=\"widget\" data-widget_type=\"text-editor.default\">\n\t\t\t\t<div class=\"elementor-widget-container\">\n\t\t\t\t\t\t\t\t\t<p>Kar\u0131n a\u011fr\u0131s\u0131, ishal, kusma, mide bulant\u0131s\u0131 ve ate\u015f &#8211; mide rahats\u0131zl\u0131\u011f\u0131 veya mide gribi ile de ortaya \u00e7\u0131kan semptomlar herkes i\u00e7in tan\u0131d\u0131kt\u0131r. \u0130BH (kronik iltihapl\u0131 ba\u011f\u0131rsak hastal\u0131\u011f\u0131) olan ki\u015filerde bu semptomlar daha b\u00fcy\u00fck \u00f6l\u00e7\u00fcde ve genellikle ataklar halinde g\u00f6r\u00fcl\u00fcr.<\/p>\t\t\t\t\t\t\t\t<\/div>\n\t\t\t\t<\/div>\n\t\t\t\t<\/div>\n\t\t\t\t<\/div>\n\t\t<div class=\"elementor-element elementor-element-0650f15 obcs none e-flex e-con-boxed e-con e-parent\" data-id=\"0650f15\" data-element_type=\"container\">\n\t\t\t\t\t<div class=\"e-con-inner\">\n\t\t<div class=\"elementor-element elementor-element-ce82c38 e-con-full obcs none e-flex e-con e-child\" data-id=\"ce82c38\" data-element_type=\"container\">\n\t\t\t\t<\/div>\n\t\t<div class=\"elementor-element elementor-element-9bc262e e-con-full obcs none e-flex e-con e-child\" data-id=\"9bc262e\" data-element_type=\"container\">\n\t\t\t\t<div class=\"elementor-element elementor-element-8c72c46 elementor-toc--minimized-on-desktop elementor-widget elementor-widget-table-of-contents\" data-id=\"8c72c46\" data-element_type=\"widget\" data-settings=\"{&quot;exclude_headings_by_selector&quot;:[],&quot;minimized_on&quot;:&quot;desktop&quot;,&quot;no_headings_message&quot;:&quot;No headings were found on this page.&quot;,&quot;headings_by_tags&quot;:[&quot;h2&quot;,&quot;h3&quot;,&quot;h4&quot;,&quot;h5&quot;,&quot;h6&quot;],&quot;marker_view&quot;:&quot;numbers&quot;,&quot;minimize_box&quot;:&quot;yes&quot;,&quot;hierarchical_view&quot;:&quot;yes&quot;,&quot;min_height&quot;:{&quot;unit&quot;:&quot;px&quot;,&quot;size&quot;:&quot;&quot;,&quot;sizes&quot;:[]},&quot;min_height_tablet&quot;:{&quot;unit&quot;:&quot;px&quot;,&quot;size&quot;:&quot;&quot;,&quot;sizes&quot;:[]},&quot;min_height_mobile&quot;:{&quot;unit&quot;:&quot;px&quot;,&quot;size&quot;:&quot;&quot;,&quot;sizes&quot;:[]}}\" data-widget_type=\"table-of-contents.default\">\n\t\t\t\t<div class=\"elementor-widget-container\">\n\t\t\t\t\t\t\t\t\t<div class=\"elementor-toc__header\">\n\t\t\t\t\t\t<h4 class=\"elementor-toc__header-title\">\n\t\t\t\tContents\t\t\t<\/h4>\n\t\t\t\t\t\t\t\t\t\t<div class=\"elementor-toc__toggle-button elementor-toc__toggle-button--expand\" role=\"button\" tabindex=\"0\" aria-controls=\"elementor-toc__8c72c46\" aria-expanded=\"true\" aria-label=\"Open table of contents\"><i aria-hidden=\"true\" class=\"fas fa-chevron-down\"><\/i><\/div>\n\t\t\t\t<div class=\"elementor-toc__toggle-button elementor-toc__toggle-button--collapse\" role=\"button\" tabindex=\"0\" aria-controls=\"elementor-toc__8c72c46\" aria-expanded=\"true\" aria-label=\"Close table of contents\"><i aria-hidden=\"true\" class=\"fas fa-chevron-up\"><\/i><\/div>\n\t\t\t\t\t<\/div>\n\t\t\t\t<div id=\"elementor-toc__8c72c46\" class=\"elementor-toc__body\">\n\t\t\t<div class=\"elementor-toc__spinner-container\">\n\t\t\t\t<i class=\"elementor-toc__spinner eicon-animation-spin eicon-loading\" aria-hidden=\"true\"><\/i>\t\t\t<\/div>\n\t\t<\/div>\n\t\t\t\t\t\t<\/div>\n\t\t\t\t<\/div>\n\t\t\t\t<\/div>\n\t\t\t\t\t<\/div>\n\t\t\t\t<\/div>\n\t\t<div class=\"elementor-element elementor-element-90b1132 obcs yellow e-flex e-con-boxed e-con e-parent\" data-id=\"90b1132\" data-element_type=\"container\">\n\t\t\t\t\t<div class=\"e-con-inner\">\n\t\t<div class=\"elementor-element elementor-element-189aa80 e-con-full obcs none e-flex e-con e-child\" data-id=\"189aa80\" data-element_type=\"container\">\n\t\t\t\t<div class=\"elementor-element elementor-element-d52006b e-transform elementor-widget elementor-widget-image\" data-id=\"d52006b\" data-element_type=\"widget\" data-settings=\"{&quot;_transform_rotateZ_effect&quot;:{&quot;unit&quot;:&quot;px&quot;,&quot;size&quot;:&quot;0&quot;,&quot;sizes&quot;:[]},&quot;_transform_rotate_3d&quot;:&quot;yes&quot;,&quot;_transform_rotateX_effect&quot;:{&quot;unit&quot;:&quot;px&quot;,&quot;size&quot;:&quot;0&quot;,&quot;sizes&quot;:[]},&quot;_transform_rotateY_effect&quot;:{&quot;unit&quot;:&quot;px&quot;,&quot;size&quot;:&quot;4&quot;,&quot;sizes&quot;:[]},&quot;_transform_perspective_effect&quot;:{&quot;unit&quot;:&quot;px&quot;,&quot;size&quot;:&quot;650&quot;,&quot;sizes&quot;:[]},&quot;_transform_rotateZ_effect_tablet&quot;:{&quot;unit&quot;:&quot;deg&quot;,&quot;size&quot;:&quot;&quot;,&quot;sizes&quot;:[]},&quot;_transform_rotateZ_effect_mobile&quot;:{&quot;unit&quot;:&quot;deg&quot;,&quot;size&quot;:&quot;&quot;,&quot;sizes&quot;:[]},&quot;_transform_rotateX_effect_tablet&quot;:{&quot;unit&quot;:&quot;deg&quot;,&quot;size&quot;:&quot;&quot;,&quot;sizes&quot;:[]},&quot;_transform_rotateX_effect_mobile&quot;:{&quot;unit&quot;:&quot;deg&quot;,&quot;size&quot;:&quot;&quot;,&quot;sizes&quot;:[]},&quot;_transform_rotateY_effect_tablet&quot;:{&quot;unit&quot;:&quot;deg&quot;,&quot;size&quot;:&quot;&quot;,&quot;sizes&quot;:[]},&quot;_transform_rotateY_effect_mobile&quot;:{&quot;unit&quot;:&quot;deg&quot;,&quot;size&quot;:&quot;&quot;,&quot;sizes&quot;:[]},&quot;_transform_perspective_effect_tablet&quot;:{&quot;unit&quot;:&quot;px&quot;,&quot;size&quot;:&quot;&quot;,&quot;sizes&quot;:[]},&quot;_transform_perspective_effect_mobile&quot;:{&quot;unit&quot;:&quot;px&quot;,&quot;size&quot;:&quot;&quot;,&quot;sizes&quot;:[]}}\" data-widget_type=\"image.default\">\n\t\t\t\t<div class=\"elementor-widget-container\">\n\t\t\t\t\t\t\t\t\t\t\t\t\t\t\t<img fetchpriority=\"high\" decoding=\"async\" width=\"800\" height=\"800\" src=\"https:\/\/www.omni-biotic.com\/tr-tr\/wp-content\/uploads\/sites\/15\/2023\/08\/chronic-inflammatory-bowel-disease-CBD.jpg\" class=\"attachment-full size-full wp-image-16360\" alt=\"kronik inflamatuvar ba\u011f\u0131rsak hastal\u0131\u011f\u0131 CBD\" srcset=\"https:\/\/www.omni-biotic.com\/tr-tr\/wp-content\/uploads\/sites\/15\/2023\/08\/chronic-inflammatory-bowel-disease-CBD.jpg 800w, https:\/\/www.omni-biotic.com\/tr-tr\/wp-content\/uploads\/sites\/15\/2023\/08\/chronic-inflammatory-bowel-disease-CBD-300x300.jpg 300w, https:\/\/www.omni-biotic.com\/tr-tr\/wp-content\/uploads\/sites\/15\/2023\/08\/chronic-inflammatory-bowel-disease-CBD-150x150.jpg 150w, https:\/\/www.omni-biotic.com\/tr-tr\/wp-content\/uploads\/sites\/15\/2023\/08\/chronic-inflammatory-bowel-disease-CBD-768x768.jpg 768w\" sizes=\"(max-width: 800px) 100vw, 800px\" title=\"\">\t\t\t\t\t\t\t\t\t\t\t\t\t\t\t<\/div>\n\t\t\t\t<\/div>\n\t\t\t\t<\/div>\n\t\t<div class=\"elementor-element elementor-element-37bd15f e-con-full obcs none e-flex e-con e-child\" data-id=\"37bd15f\" data-element_type=\"container\">\n\t\t\t\t<div class=\"elementor-element elementor-element-0304e7c elementor-widget elementor-widget-heading\" data-id=\"0304e7c\" data-element_type=\"widget\" data-widget_type=\"heading.default\">\n\t\t\t\t<div class=\"elementor-widget-container\">\n\t\t\t\t\t<h2 class=\"elementor-heading-title elementor-size-default\">IBD'ye (Crohn hastal\u0131\u011f\u0131 ve \u00fclseratif kolit) ne sebep olur?<\/h2>\t\t\t\t<\/div>\n\t\t\t\t<\/div>\n\t\t\t\t<div class=\"elementor-element elementor-element-2bb7363 elementor-widget elementor-widget-text-editor\" data-id=\"2bb7363\" data-element_type=\"widget\" data-widget_type=\"text-editor.default\">\n\t\t\t\t<div class=\"elementor-widget-container\">\n\t\t\t\t\t\t\t\t\t<p>Crohn hastal\u0131\u011f\u0131 ve \u00fclseratif kolitin kesin nedenleri ve tetikleyicileri hala tam olarak anla\u015f\u0131lamam\u0131\u015ft\u0131r. Crohn hastal\u0131\u011f\u0131na k\u0131yasla \u00fclseratif kolit \u00fczerinde daha k\u00fc\u00e7\u00fck bir etkisi olmas\u0131na ra\u011fmen geneti\u011fin bir rol oynad\u0131\u011f\u0131 bilinmektedir. Crohn hastal\u0131\u011f\u0131 ile ili\u015fkili 70&#8217;in \u00fczerinde gen bulunmaktad\u0131r. \u00c7evresel fakt\u00f6rler de \u00f6nemli bir rol oynamaktad\u0131r. \u00d6rne\u011fin, bu ko\u015fullar\u0131n geli\u015fme olas\u0131l\u0131\u011f\u0131 co\u011frafi konum ve kentle\u015fme gibi fakt\u00f6rlerden etkilenmektedir. Daha y\u00fcksek hijyen seviyeleri genellikle IBD riskinin artmas\u0131yla ili\u015fkilendirilir. Erken ya\u015flardan itibaren bakteriyel ve viral enfeksiyonlara maruz kalmak IBD&#8217;ye kar\u015f\u0131 bir miktar koruma sa\u011flama e\u011filimindedir.<\/p><p><br \/>IBD&#8217;nin ortaya \u00e7\u0131kmas\u0131n\u0131n olas\u0131 t\u0131bbi nedenleri<br \/>K\u0131zam\u0131k vir\u00fcs\u00fc, E. coli, mikobakteriler ve baz\u0131 klostridya gibi baz\u0131 zararl\u0131 mikroplarla enfeksiyonlar\u0131n IBD geli\u015fimine katk\u0131da bulundu\u011fu g\u00f6r\u00fclmektedir. Stres ve belirli ki\u015filik \u00f6zellikleri gibi zihinsel fakt\u00f6rler, genetik yatk\u0131nl\u0131k (\u00f6zellikle ba\u011f\u0131\u015f\u0131kl\u0131k sisteminin tepkisi) ve \u00e7evresel fakt\u00f6rler de dahil olmak \u00fczere di\u011fer fakt\u00f6rler de IBD&#8217;nin ba\u015flang\u0131c\u0131nda \u00f6nemli rol oynamaktad\u0131r. Fakt\u00f6rler.<br \/>Di\u011ferlerinin yan\u0131 s\u0131ra zihinsel, genetik, enfeksiyona ba\u011fl\u0131 ve \u00e7evresel etkiler de dahil olmak \u00fczere bu \u00e7e\u015fitli fakt\u00f6rler, ba\u011f\u0131rsak mukozas\u0131n\u0131n ge\u00e7irgenli\u011finin artmas\u0131na (s\u0131zd\u0131ran ba\u011f\u0131rsak) ve ba\u011f\u0131rsak mukozas\u0131nda ba\u011f\u0131\u015f\u0131kl\u0131k aktivitesinin y\u00fckselmesine katk\u0131da bulunur.<\/p>\t\t\t\t\t\t\t\t<\/div>\n\t\t\t\t<\/div>\n\t\t\t\t<\/div>\n\t\t\t\t\t<\/div>\n\t\t\t\t<\/div>\n\t\t<div class=\"elementor-element elementor-element-def55ec obcs none e-flex e-con-boxed e-con e-parent\" data-id=\"def55ec\" data-element_type=\"container\">\n\t\t\t\t\t<div class=\"e-con-inner\">\n\t\t<div class=\"elementor-element elementor-element-2afdf4c obcs none e-flex e-con-boxed e-con e-child\" data-id=\"2afdf4c\" data-element_type=\"container\">\n\t\t\t\t\t<div class=\"e-con-inner\">\n\t\t\t\t<div class=\"elementor-element elementor-element-117215c elementor-widget elementor-widget-heading\" data-id=\"117215c\" data-element_type=\"widget\" data-widget_type=\"heading.default\">\n\t\t\t\t<div class=\"elementor-widget-container\">\n\t\t\t\t\t<h3 class=\"elementor-heading-title elementor-size-default\">IBD (Crohn hastal\u0131\u011f\u0131 ve \u00fclseratif kolit) nas\u0131l te\u015fhis edilebilir?<\/h3>\t\t\t\t<\/div>\n\t\t\t\t<\/div>\n\t\t\t\t<div class=\"elementor-element elementor-element-d36fd5d elementor-widget elementor-widget-text-editor\" data-id=\"d36fd5d\" data-element_type=\"widget\" data-widget_type=\"text-editor.default\">\n\t\t\t\t<div class=\"elementor-widget-container\">\n\t\t\t\t\t\t\t\t\t<p>\u0130rritabl ba\u011f\u0131rsak sendromu tan\u0131s\u0131 tipik semptomlar, kolonoskopi ve g\u00f6r\u00fcnt\u00fcleme teknolojisine dayanarak konur. Baz\u0131 durumlarda doktorun IBD ile benzer semptomlara sahip di\u011fer hastal\u0131klar aras\u0131nda ayr\u0131m yapmas\u0131 gerekebilir. Bir\u00e7ok enfeksiyon hastal\u0131\u011f\u0131 da ishal gibi semptomlara neden olabilir ve ila\u00e7 intoleranslar\u0131 da benzer \u015fikayetlere yol a\u00e7abilir. \u00d6zellikle ya\u015fl\u0131 bireylerde, semptomlar\u0131n ba\u011f\u0131rsaklar\u0131n kan damarlar\u0131ndaki trombozlar (lokal kan p\u0131ht\u0131lar\u0131) gibi dola\u015f\u0131m bozukluklar\u0131ndan kaynaklan\u0131p kaynaklanmad\u0131\u011f\u0131n\u0131 ve iskemik kolite (kan eksikli\u011fi nedeniyle ba\u011f\u0131rsaklar\u0131n inflamasyonu) yol a\u00e7\u0131p a\u00e7mad\u0131\u011f\u0131n\u0131 ara\u015ft\u0131rmak \u00f6nemlidir.<\/p><p>Her te\u015fhis, doktorla hastan\u0131n t\u0131bbi ge\u00e7mi\u015fi hakk\u0131nda kapsaml\u0131 bir g\u00f6r\u00fc\u015fme ile ba\u015flar.<\/p><ul><li>A\u011fr\u0131 nerede ve hangi durumlarda ortaya \u00e7\u0131kar<\/li><li>Kusma, kas ve eklem a\u011fr\u0131s\u0131, mide ek\u015fimesi veya ate\u015f gibi semptomlar ya\u015f\u0131yor musunuz? \u00c7abuk yoruluyor musunuz? Kilo kayb\u0131 ya\u015fad\u0131n\u0131z m\u0131? Bu semptomlar, \u00f6zellikle anemi olmak \u00fczere \u00fclseratif kolit i\u00e7in tipiktir.<\/li><li>Kolanjit (safra yollar\u0131 enfeksiyonu), konjonktivit (g\u00f6z enfeksiyonu) veya dermatit (cilt hastal\u0131klar\u0131) gibi ba\u015fka hastal\u0131klar\u0131n\u0131z var m\u0131<\/li><li>A\u011fr\u0131 ile belirli yiyecek veya i\u00e7ecekler aras\u0131nda herhangi bir ba\u011flant\u0131 fark ettiniz mi? Halk aras\u0131nda mide mikrobu olarak bilinen ba\u011f\u0131rsak enfeksiyonlar\u0131n\u0131 s\u0131k s\u0131k ya\u015f\u0131yor musunuz<\/li><li>D\u00fczenli olarak ila\u00e7 kullan\u0131yor musunuz<\/li><li>\u0130shal veya d\u0131\u015fk\u0131n\u0131zda kan ve mukus var m\u0131? Ne s\u0131kl\u0131kla ba\u011f\u0131rsak hareketi yap\u0131yorsunuz? IBS alevlenme evreleri ge\u00e7iriyor musunuz?<\/li><li>Aile \u00f6yk\u00fcs\u00fc (ailedeki hastal\u0131klar; Crohn hastal\u0131\u011f\u0131 ve daha d\u00fc\u015f\u00fck oranda UC [\u00fclseratif kolit] durumunda genetik bir unsur oldu\u011fu varsay\u0131l\u0131r).<\/li><\/ul><p>Bunu kapsaml\u0131 bir inceleme takip eder. C ve UC gibi inflamatuvar ba\u011f\u0131rsak hastal\u0131klar\u0131n\u0131n te\u015fhisi tipik olarak iki durumu birbirinden ay\u0131rmak ve benzer semptomlara sahip di\u011fer olas\u0131 enfeksiy\u00f6z ba\u011f\u0131rsak hastal\u0131klar\u0131n\u0131 ekarte etmek i\u00e7in t\u00fcm sindirim sisteminin incelenmesini i\u00e7erir. Kolonoskopi ve \u00f6zofago-gastro-duodenoskopi (OGD) gibi endoskopik incelemeler ile r\u00f6ntgen, CT (bilgisayarl\u0131 tomografi) ve MRI (manyetik rezonans g\u00f6r\u00fcnt\u00fcleme) gibi radyolojik incelemeler, sindirim sisteminin kapsaml\u0131 bir de\u011ferlendirmesini sa\u011flamak i\u00e7in birbirini tamamlar. CRP (C-reaktif protein), kalprotektin ve di\u011ferleri gibi laboratuvar parametreleri de dahil olmak \u00fczere klinik bulgular, karaci\u011fer ve b\u00f6brek fonksiyon testlerinin yan\u0131 s\u0131ra endoskopi s\u0131ras\u0131nda elde edilen ba\u011f\u0131rsak mukozas\u0131 \u00f6rnekleri de dahil olmak \u00fczere dokular\u0131n histolojik incelemesi tan\u0131 i\u00e7in \u00f6nemli ek bilgiler sa\u011flar. Karaci\u011fer, safra kesesi veya pankreas hastal\u0131klar\u0131n\u0131n semptomlar\u0131 izlenmelidir. D\u0131\u015fk\u0131 k\u00fclt\u00fcrleri ve serolojik incelemeler, enfeksiy\u00f6z ishalin neden oldu\u011fu hastal\u0131klar\u0131 tan\u0131mlamak i\u00e7in \u00f6nemlidir. \u0130nflamatuvar ba\u011f\u0131rsak hastal\u0131\u011f\u0131 tan\u0131s\u0131 koymak i\u00e7in t\u00fcm bulgular\u0131n kapsaml\u0131 analizi gereklidir. Bununla birlikte, baz\u0131 hastalarda Crohn hastal\u0131\u011f\u0131 veya \u00fclseratif kolit olarak kesin s\u0131n\u0131fland\u0131rma ba\u015flang\u0131\u00e7ta m\u00fcmk\u00fcn olmayabilir. Ancak hastal\u0131\u011f\u0131n seyri s\u0131ras\u0131nda netle\u015febilir.<\/p>\t\t\t\t\t\t\t\t<\/div>\n\t\t\t\t<\/div>\n\t\t\t\t\t<\/div>\n\t\t\t\t<\/div>\n\t\t\t\t\t<\/div>\n\t\t\t\t<\/div>\n\t\t<div class=\"elementor-element elementor-element-527c228 obcs green e-flex e-con-boxed e-con e-parent\" data-id=\"527c228\" data-element_type=\"container\">\n\t\t\t\t\t<div class=\"e-con-inner\">\n\t\t<div class=\"elementor-element elementor-element-8d52105 e-con-full obcs none e-flex e-con e-child\" data-id=\"8d52105\" data-element_type=\"container\">\n\t\t\t\t<div class=\"elementor-element elementor-element-8cb87ea elementor-widget elementor-widget-heading\" data-id=\"8cb87ea\" data-element_type=\"widget\" data-widget_type=\"heading.default\">\n\t\t\t\t<div class=\"elementor-widget-container\">\n\t\t\t\t\t<h2 class=\"elementor-heading-title elementor-size-default\">IBD (Crohn hastal\u0131\u011f\u0131 ve \u00fclseratif kolit) nas\u0131l tedavi edilebilir?\u200b<\/h2>\t\t\t\t<\/div>\n\t\t\t\t<\/div>\n\t\t\t\t<div class=\"elementor-element elementor-element-1df7ae3 elementor-widget elementor-widget-text-editor\" data-id=\"1df7ae3\" data-element_type=\"widget\" data-widget_type=\"text-editor.default\">\n\t\t\t\t<div class=\"elementor-widget-container\">\n\t\t\t\t\t\t\t\t\t<p>\u0130nflamatuvar ba\u011f\u0131rsak hastal\u0131klar\u0131 (Crohn hastal\u0131\u011f\u0131, \u00fclseratif kolit) hala tedavi edilemez olarak kabul edilmektedir. Tedavi \u00f6ncelikle hastalar\u0131n ya\u015fam kalitesini art\u0131rmay\u0131, semptomlar\u0131 ortadan kald\u0131rmay\u0131 veya hafifletmeyi, inflamatuvar IBD alevlenmelerini en aza indirmeyi ve komplikasyonlar\u0131 \u00f6nlemeyi ama\u00e7lamaktad\u0131r. Gastrointestinal sistemdeki inflamasyonun tam yerini bilmek, tedavi planlamas\u0131 i\u00e7in \u00e7ok \u00f6nemlidir. G\u00fcnl\u00fck ya\u015famda hastal\u0131kla ba\u015fa \u00e7\u0131kmaya y\u00f6nelik tavsiyeler ve diyet \u00f6nerilerinin yan\u0131 s\u0131ra, tedavide IBS semptomlar\u0131n\u0131 ve inflamasyonu hedef alan ila\u00e7lar a\u011f\u0131rl\u0131ktad\u0131r.<\/p><p>\u00dclseratif kolit i\u00e7in ilk tercih edilen tedavi mesalazindir (5-aminosalisilik asit). UC&#8217;de kal\u0131n ba\u011f\u0131rsak esas olarak etkilendi\u011finden, an\u00fcs yoluyla ila\u00e7 tedavisi m\u00fcmk\u00fcnd\u00fcr, bu da do\u011frudan etki i\u00e7in fitil ve k\u00f6p\u00fcklerin yan\u0131 s\u0131ra tablet ve kaps\u00fcllerin kullan\u0131lmas\u0131na izin verir. Glukokortikoidler (kortizonlar), imm\u00fcnosupresanlar ve anti-inflamatuvar antikorlar da UC i\u00e7in kullan\u0131lmaktad\u0131r. Ayr\u0131ca, klinik \u00e7al\u0131\u015fmalar, baz\u0131 probiyotik bakteri t\u00fcrlerinin \u00fclseratif kolitin \u00f6nlenmesi ve y\u00f6netilmesinde, \u00f6zellikle de semptomsuz d\u00f6nemlerde, mesalazin kadar etkili ve anti-inflamatuvar olabilece\u011fini g\u00f6stermi\u015ftir. Probiyotik \u00fcr\u00fcnler sadece semptomlar\u0131 de\u011fil, IBD&#8217;nin alt\u0131nda yatan nedenleri de hedef alarak IBS&#8217;yi y\u00f6netmek i\u00e7in umut verici bir \u00e7\u00f6z\u00fcm haline getirmektedir.<\/p>\t\t\t\t\t\t\t\t<\/div>\n\t\t\t\t<\/div>\n\t\t\t\t<\/div>\n\t\t<div class=\"elementor-element elementor-element-73c081c e-con-full obcs none e-flex e-con e-child\" data-id=\"73c081c\" data-element_type=\"container\">\n\t\t\t\t<div class=\"elementor-element elementor-element-b7f9efb e-transform elementor-widget elementor-widget-image\" data-id=\"b7f9efb\" data-element_type=\"widget\" data-settings=\"{&quot;_transform_rotateZ_effect&quot;:{&quot;unit&quot;:&quot;px&quot;,&quot;size&quot;:0,&quot;sizes&quot;:[]},&quot;_transform_rotate_3d&quot;:&quot;yes&quot;,&quot;_transform_rotateX_effect&quot;:{&quot;unit&quot;:&quot;px&quot;,&quot;size&quot;:0,&quot;sizes&quot;:[]},&quot;_transform_rotateY_effect&quot;:{&quot;unit&quot;:&quot;px&quot;,&quot;size&quot;:-4,&quot;sizes&quot;:[]},&quot;_transform_perspective_effect&quot;:{&quot;unit&quot;:&quot;px&quot;,&quot;size&quot;:650,&quot;sizes&quot;:[]},&quot;_transform_rotateZ_effect_tablet&quot;:{&quot;unit&quot;:&quot;deg&quot;,&quot;size&quot;:&quot;&quot;,&quot;sizes&quot;:[]},&quot;_transform_rotateZ_effect_mobile&quot;:{&quot;unit&quot;:&quot;deg&quot;,&quot;size&quot;:&quot;&quot;,&quot;sizes&quot;:[]},&quot;_transform_rotateX_effect_tablet&quot;:{&quot;unit&quot;:&quot;deg&quot;,&quot;size&quot;:&quot;&quot;,&quot;sizes&quot;:[]},&quot;_transform_rotateX_effect_mobile&quot;:{&quot;unit&quot;:&quot;deg&quot;,&quot;size&quot;:&quot;&quot;,&quot;sizes&quot;:[]},&quot;_transform_rotateY_effect_tablet&quot;:{&quot;unit&quot;:&quot;deg&quot;,&quot;size&quot;:&quot;&quot;,&quot;sizes&quot;:[]},&quot;_transform_rotateY_effect_mobile&quot;:{&quot;unit&quot;:&quot;deg&quot;,&quot;size&quot;:&quot;&quot;,&quot;sizes&quot;:[]},&quot;_transform_perspective_effect_tablet&quot;:{&quot;unit&quot;:&quot;px&quot;,&quot;size&quot;:&quot;&quot;,&quot;sizes&quot;:[]},&quot;_transform_perspective_effect_mobile&quot;:{&quot;unit&quot;:&quot;px&quot;,&quot;size&quot;:&quot;&quot;,&quot;sizes&quot;:[]}}\" data-widget_type=\"image.default\">\n\t\t\t\t<div class=\"elementor-widget-container\">\n\t\t\t\t\t\t\t\t\t\t\t\t\t\t\t<img decoding=\"async\" width=\"1024\" height=\"1024\" src=\"https:\/\/www.omni-biotic.com\/tr-tr\/wp-content\/uploads\/sites\/15\/2025\/03\/behandlung-ced-morbus-crohn-colitis-ulcerosa-was-hilft.jpg\" class=\"attachment-full size-full wp-image-19047\" alt=\"IBD (Crohn hastal\u0131\u011f\u0131 ve \u00fclseratif kolit) nas\u0131l tedavi edilebilir?\u200b\" srcset=\"https:\/\/www.omni-biotic.com\/tr-tr\/wp-content\/uploads\/sites\/15\/2025\/03\/behandlung-ced-morbus-crohn-colitis-ulcerosa-was-hilft.jpg 1024w, https:\/\/www.omni-biotic.com\/tr-tr\/wp-content\/uploads\/sites\/15\/2025\/03\/behandlung-ced-morbus-crohn-colitis-ulcerosa-was-hilft-300x300.jpg 300w, https:\/\/www.omni-biotic.com\/tr-tr\/wp-content\/uploads\/sites\/15\/2025\/03\/behandlung-ced-morbus-crohn-colitis-ulcerosa-was-hilft-150x150.jpg 150w, https:\/\/www.omni-biotic.com\/tr-tr\/wp-content\/uploads\/sites\/15\/2025\/03\/behandlung-ced-morbus-crohn-colitis-ulcerosa-was-hilft-768x768.jpg 768w\" sizes=\"(max-width: 1024px) 100vw, 1024px\" title=\"\">\t\t\t\t\t\t\t\t\t\t\t\t\t\t\t<\/div>\n\t\t\t\t<\/div>\n\t\t\t\t<\/div>\n\t\t\t\t\t<\/div>\n\t\t\t\t<\/div>\n\t\t<div class=\"elementor-element elementor-element-bf53f12 obcs none e-flex e-con-boxed e-con e-parent\" data-id=\"bf53f12\" data-element_type=\"container\">\n\t\t\t\t\t<div class=\"e-con-inner\">\n\t\t<div class=\"elementor-element elementor-element-2d38b87 obcs none e-flex e-con-boxed e-con e-child\" data-id=\"2d38b87\" data-element_type=\"container\">\n\t\t\t\t\t<div class=\"e-con-inner\">\n\t\t\t\t<div class=\"elementor-element elementor-element-4fe9586 elementor-widget elementor-widget-text-editor\" data-id=\"4fe9586\" data-element_type=\"widget\" data-widget_type=\"text-editor.default\">\n\t\t\t\t<div class=\"elementor-widget-container\">\n\t\t\t\t\t\t\t\t\tMevcut \u00e7ok \u00e7e\u015fitli ila\u00e7lara ra\u011fmen, iltihapl\u0131 ba\u011f\u0131rsak hastal\u0131klar\u0131n\u0131 y\u00f6netmek i\u00e7in ameliyat hala gerekli olabilir. \u0130nflamasyonun birincil kayna\u011f\u0131na ba\u011fl\u0131 olarak farkl\u0131 cerrahi prosed\u00fcrler kullan\u0131l\u0131r. Ameliyat nedenleri aras\u0131nda \u015fiddetli kanama, ba\u011f\u0131rsak y\u0131rt\u0131lmas\u0131, ila\u00e7 tedavisine yeterli yan\u0131t vermeyen inflamasyon, kolon kanseri geli\u015fimi veya kanser \u00f6ncesi a\u015famalar\u0131n varl\u0131\u011f\u0131 gibi komplikasyonlar yer al\u0131r. \u00dclseratif kolit ve kal\u0131n ba\u011f\u0131rsa\u011f\u0131n Crohn hastal\u0131\u011f\u0131ndan etkilendi\u011fi durumlarda kolon kanseri riski artar. \u0130nflamasyonun boyutu burada \u00f6nemli bir rol oynar.\nCrohn hastal\u0131\u011f\u0131nda, glukokortikoidler, imm\u00fcnosupresanlar ve antikorlar da tedavinin temelini olu\u015fturur ve \u00f6ncelikle belirli inflamatuvar fakt\u00f6rleri hedef al\u0131r. \u0130la\u00e7lar, aktif alevlenmeler s\u0131ras\u0131nda semptomlar\u0131 hafifleten ve yeni alevlenme olas\u0131l\u0131\u011f\u0131n\u0131 azaltmay\u0131 ama\u00e7layanlar olarak ikiye ayr\u0131l\u0131r. Crohn hastal\u0131\u011f\u0131 olan hastalarda kanama, fist\u00fcl, ba\u011f\u0131rsak t\u0131kan\u0131kl\u0131\u011f\u0131 veya apse gibi komplikasyon durumlar\u0131nda cerrahi gerekli hale gelir.\t\t\t\t\t\t\t\t<\/div>\n\t\t\t\t<\/div>\n\t\t\t\t\t<\/div>\n\t\t\t\t<\/div>\n\t\t\t\t\t<\/div>\n\t\t\t\t<\/div>\n\t\t<div class=\"elementor-element elementor-element-02b4eac obcs none e-flex e-con-boxed e-con e-parent\" data-id=\"02b4eac\" data-element_type=\"container\" data-settings=\"{&quot;background_background&quot;:&quot;classic&quot;}\">\n\t\t\t\t\t<div class=\"e-con-inner\">\n\t\t<div class=\"elementor-element elementor-element-ca69ab1 obcs none e-flex e-con-boxed e-con e-child\" data-id=\"ca69ab1\" data-element_type=\"container\" data-settings=\"{&quot;background_background&quot;:&quot;classic&quot;}\">\n\t\t\t\t\t<div class=\"e-con-inner\">\n\t\t\t\t<div class=\"elementor-element elementor-element-0e966b8 elementor-widget__width-initial elementor-widget-tablet__width-initial elementor-widget elementor-widget-image\" data-id=\"0e966b8\" data-element_type=\"widget\" data-widget_type=\"image.default\">\n\t\t\t\t<div class=\"elementor-widget-container\">\n\t\t\t\t\t\t\t\t\t\t\t\t\t\t\t<img decoding=\"async\" width=\"768\" height=\"768\" src=\"https:\/\/www.omni-biotic.com\/tr-tr\/wp-content\/uploads\/sites\/15\/2023\/08\/diagnosis-ibd-irritable-bowel-syndrome-768x768.png\" class=\"attachment-medium_large size-medium_large wp-image-16436\" alt=\"tan\u0131 ibd irritabl ba\u011f\u0131rsak sendromu\" srcset=\"https:\/\/www.omni-biotic.com\/tr-tr\/wp-content\/uploads\/sites\/15\/2023\/08\/diagnosis-ibd-irritable-bowel-syndrome-768x768.png 768w, https:\/\/www.omni-biotic.com\/tr-tr\/wp-content\/uploads\/sites\/15\/2023\/08\/diagnosis-ibd-irritable-bowel-syndrome-300x300.png 300w, https:\/\/www.omni-biotic.com\/tr-tr\/wp-content\/uploads\/sites\/15\/2023\/08\/diagnosis-ibd-irritable-bowel-syndrome-150x150.png 150w, https:\/\/www.omni-biotic.com\/tr-tr\/wp-content\/uploads\/sites\/15\/2023\/08\/diagnosis-ibd-irritable-bowel-syndrome.png 800w\" sizes=\"(max-width: 768px) 100vw, 768px\" title=\"\">\t\t\t\t\t\t\t\t\t\t\t\t\t\t\t<\/div>\n\t\t\t\t<\/div>\n\t\t<div class=\"elementor-element elementor-element-173f95a obcs none e-flex e-con-boxed e-con e-child\" data-id=\"173f95a\" data-element_type=\"container\">\n\t\t\t\t\t<div class=\"e-con-inner\">\n\t\t\t\t<div class=\"elementor-element elementor-element-df1a478 elementor-widget__width-inherit elementor-widget elementor-widget-heading\" data-id=\"df1a478\" data-element_type=\"widget\" data-widget_type=\"heading.default\">\n\t\t\t\t<div class=\"elementor-widget-container\">\n\t\t\t\t\t<h2 class=\"elementor-heading-title elementor-size-default\">\u015eifal\u0131 bitkiler ve tamamlay\u0131c\u0131 naturopatik tedaviler<\/h2>\t\t\t\t<\/div>\n\t\t\t\t<\/div>\n\t\t\t\t<div class=\"elementor-element elementor-element-50aebf3 elementor-widget elementor-widget-text-editor\" data-id=\"50aebf3\" data-element_type=\"widget\" data-widget_type=\"text-editor.default\">\n\t\t\t\t<div class=\"elementor-widget-container\">\n\t\t\t\t\t\t\t\t\t<p>Baz\u0131 veriler, buhur, m\u00fcr ve papatya i\u00e7eren \u00fcr\u00fcnlerin anti-inflamatuvar etkilere sahip oldu\u011funu g\u00f6stermektedir. Crohn hastal\u0131\u011f\u0131 durumunda, buhur \u00f6z\u00fc i\u00e7eren bir \u00fcr\u00fcn, hastalar\u0131n \u00fc\u00e7te ikisinde kar\u0131n kramplar\u0131, ishal ve eklem sorunlar\u0131 gibi semptomlarda iyile\u015fme ile mesalazine benzer sonu\u00e7lar g\u00f6stermi\u015ftir. Benzer \u00e7al\u0131\u015fmalar, buhur ve m\u00fcr \u00e7i\u00e7e\u011finde bulunan triterpenoid asitlerin anti-inflamatuvar etkilerinden sorumlu oldu\u011fu \u00fclseratif kolit ile de yap\u0131lm\u0131\u015ft\u0131r. M\u00fcr ayr\u0131ca ba\u011f\u0131rsak kas\u0131lmalar\u0131n\u0131n g\u00fcc\u00fcn\u00fc azaltarak ve ba\u011f\u0131rsak kaslar\u0131n\u0131 gev\u015feterek kramplar\u0131 hafifletir. Buhur, m\u00fcr ve kahve k\u00f6m\u00fcr\u00fc kombinasyonunun \u00f6zellikle etkili oldu\u011fu ve k\u00fc\u00e7\u00fck bir \u00e7al\u0131\u015fmaya g\u00f6re mesalazine benzer \u015fekilde semptomsuz d\u00f6nemler sa\u011flad\u0131\u011f\u0131 kan\u0131tlanm\u0131\u015ft\u0131r.<br \/>ABD&#8217;li bilim insanlar\u0131 zerde\u00e7al\u0131n, \u00f6zellikle de kurkumin \u00f6z\u00fct\u00fcn\u00fcn anti-inflamatuvar etkilerini incelemi\u015flerdir. Bir \u00e7al\u0131\u015fmada, Crohn hastal\u0131\u011f\u0131 veya \u00fclseratif koliti olan \u00e7ocuklara kurkumin \u00f6z\u00fc kaps\u00fclleri verilmi\u015ftir. \u00c7o\u011fu \u00e7ocuk 4 g&#8217;l\u0131k bir dozu iyi tolere etmi\u015f ve IBD semptomlar\u0131n\u0131 azaltm\u0131\u015ft\u0131r.<\/p>\t\t\t\t\t\t\t\t<\/div>\n\t\t\t\t<\/div>\n\t\t\t\t\t<\/div>\n\t\t\t\t<\/div>\n\t\t\t\t\t<\/div>\n\t\t\t\t<\/div>\n\t\t\t\t\t<\/div>\n\t\t\t\t<\/div>\n\t\t<div class=\"elementor-element elementor-element-62334de obcs none e-flex e-con-boxed e-con e-parent\" data-id=\"62334de\" data-element_type=\"container\">\n\t\t\t\t\t<div class=\"e-con-inner\">\n\t\t<div class=\"elementor-element elementor-element-9936112 obcs none e-flex e-con-boxed e-con e-child\" data-id=\"9936112\" data-element_type=\"container\">\n\t\t\t\t\t<div class=\"e-con-inner\">\n\t\t\t\t<div class=\"elementor-element elementor-element-77345d1 elementor-widget elementor-widget-heading\" data-id=\"77345d1\" data-element_type=\"widget\" data-widget_type=\"heading.default\">\n\t\t\t\t<div class=\"elementor-widget-container\">\n\t\t\t\t\t<h2 class=\"elementor-heading-title elementor-size-default\">IBD i\u00e7in ne gibi ipu\u00e7lar\u0131 var? Kendi ba\u015f\u0131n\u0131za ne yapabilirsiniz?<\/h2>\t\t\t\t<\/div>\n\t\t\t\t<\/div>\n\t\t\t\t<div class=\"elementor-element elementor-element-b007e8b elementor-widget elementor-widget-heading\" data-id=\"b007e8b\" data-element_type=\"widget\" data-widget_type=\"heading.default\">\n\t\t\t\t<div class=\"elementor-widget-container\">\n\t\t\t\t\t<h3 class=\"elementor-heading-title elementor-size-default\">\u0130pucu 1 <\/h3>\t\t\t\t<\/div>\n\t\t\t\t<\/div>\n\t\t\t\t<div class=\"elementor-element elementor-element-8078c08 elementor-widget elementor-widget-text-editor\" data-id=\"8078c08\" data-element_type=\"widget\" data-widget_type=\"text-editor.default\">\n\t\t\t\t<div class=\"elementor-widget-container\">\n\t\t\t\t\t\t\t\t\t<p>IBD&#8217;nin kesin nedeni hala bilinmemektedir. Ancak ki\u015finin ruhsal durumu alevlenmelerin ortaya \u00e7\u0131kmas\u0131nda \u00f6nemli bir rol oynamaktad\u0131r.\u00a0 Stres yeni bir alevlenmeyi tetikleyebilir, bu nedenle g\u00fcnl\u00fck hayata yeterince sessiz evreler ve rahatlama anlar\u0131 dahil etmek \u00f6nemlidir.<\/p>\t\t\t\t\t\t\t\t<\/div>\n\t\t\t\t<\/div>\n\t\t\t\t<div class=\"elementor-element elementor-element-0b9a667 elementor-widget elementor-widget-heading\" data-id=\"0b9a667\" data-element_type=\"widget\" data-widget_type=\"heading.default\">\n\t\t\t\t<div class=\"elementor-widget-container\">\n\t\t\t\t\t<h3 class=\"elementor-heading-title elementor-size-default\">\u0130pucu 2<\/h3>\t\t\t\t<\/div>\n\t\t\t\t<\/div>\n\t\t\t\t<div class=\"elementor-element elementor-element-526a6db elementor-widget elementor-widget-text-editor\" data-id=\"526a6db\" data-element_type=\"widget\" data-widget_type=\"text-editor.default\">\n\t\t\t\t<div class=\"elementor-widget-container\">\n\t\t\t\t\t\t\t\t\t<p>Semptomlar\u0131 y\u00f6netmek i\u00e7in, gaza neden olan ve sindirimi zor olan yiyecekleri diyetinizden \u00e7\u0131kar\u0131n. Bir beslenme g\u00fcnl\u00fc\u011f\u00fc tutmak, hangi yiyecek ve i\u00e7eceklerin iyi tolere edildi\u011fini ve hangilerinin semptomlar\u0131 k\u00f6t\u00fcle\u015ftirdi\u011fini belirlemeye yard\u0131mc\u0131 olabilir. Lif al\u0131m\u0131 konusunda dikkatli olun.<\/p>\t\t\t\t\t\t\t\t<\/div>\n\t\t\t\t<\/div>\n\t\t\t\t<div class=\"elementor-element elementor-element-6d3a786 elementor-widget elementor-widget-heading\" data-id=\"6d3a786\" data-element_type=\"widget\" data-widget_type=\"heading.default\">\n\t\t\t\t<div class=\"elementor-widget-container\">\n\t\t\t\t\t<h3 class=\"elementor-heading-title elementor-size-default\">\u0130pucu 3<\/h3>\t\t\t\t<\/div>\n\t\t\t\t<\/div>\n\t\t\t\t<div class=\"elementor-element elementor-element-48e10ee elementor-widget elementor-widget-text-editor\" data-id=\"48e10ee\" data-element_type=\"widget\" data-widget_type=\"text-editor.default\">\n\t\t\t\t<div class=\"elementor-widget-container\">\n\t\t\t\t\t\t\t\t\t<p>Hastal\u0131\u011f\u0131 kabul etmek \u00f6nemli bir ad\u0131md\u0131r. Kendi kendine yard\u0131m gruplar\u0131, ayn\u0131 rahats\u0131zl\u0131\u011fa sahip di\u011fer ki\u015filerle ba\u011flant\u0131 kurma f\u0131rsat\u0131 sa\u011flar.<\/p>\t\t\t\t\t\t\t\t<\/div>\n\t\t\t\t<\/div>\n\t\t\t\t<div class=\"elementor-element elementor-element-3bbf003 elementor-widget elementor-widget-heading\" data-id=\"3bbf003\" data-element_type=\"widget\" data-widget_type=\"heading.default\">\n\t\t\t\t<div class=\"elementor-widget-container\">\n\t\t\t\t\t<h3 class=\"elementor-heading-title elementor-size-default\">\u0130pucu 4<\/h3>\t\t\t\t<\/div>\n\t\t\t\t<\/div>\n\t\t\t\t<div class=\"elementor-element elementor-element-e3e6eb2 elementor-widget elementor-widget-text-editor\" data-id=\"e3e6eb2\" data-element_type=\"widget\" data-widget_type=\"text-editor.default\">\n\t\t\t\t<div class=\"elementor-widget-container\">\n\t\t\t\t\t\t\t\t\t<p>Ba\u011f\u0131rsak mukozas\u0131n\u0131 koruyan ve uzun vadede sindirim fonksiyonunu dengeleyen IBS i\u00e7in \u00f6zel olarak form\u00fcle edilmi\u015f probiyotikler, hastal\u0131\u011f\u0131 \u00f6nlemek ve irritabl ba\u011f\u0131rsak sendromunun tedavisini desteklemek i\u00e7in idealdir.\u00a0<\/p>\t\t\t\t\t\t\t\t<\/div>\n\t\t\t\t<\/div>\n\t\t\t\t<div class=\"elementor-element elementor-element-d5ab601 elementor-widget elementor-widget-heading\" data-id=\"d5ab601\" data-element_type=\"widget\" data-widget_type=\"heading.default\">\n\t\t\t\t<div class=\"elementor-widget-container\">\n\t\t\t\t\t<h3 class=\"elementor-heading-title elementor-size-default\">\u0130pucu 5<\/h3>\t\t\t\t<\/div>\n\t\t\t\t<\/div>\n\t\t\t\t<div class=\"elementor-element elementor-element-a51b0d2 elementor-widget elementor-widget-text-editor\" data-id=\"a51b0d2\" data-element_type=\"widget\" data-widget_type=\"text-editor.default\">\n\t\t\t\t<div class=\"elementor-widget-container\">\n\t\t\t\t\t\t\t\t\t<p>IBD&#8217;li bireyler i\u00e7in d\u00fczenli ba\u011f\u0131rsak kanseri taramas\u0131 \u015fartt\u0131r<\/p>\t\t\t\t\t\t\t\t<\/div>\n\t\t\t\t<\/div>\n\t\t\t\t<div class=\"elementor-element elementor-element-8ea45df elementor-widget elementor-widget-heading\" data-id=\"8ea45df\" data-element_type=\"widget\" data-widget_type=\"heading.default\">\n\t\t\t\t<div class=\"elementor-widget-container\">\n\t\t\t\t\t<h3 class=\"elementor-heading-title elementor-size-default\">\u0130pucu 6<\/h3>\t\t\t\t<\/div>\n\t\t\t\t<\/div>\n\t\t\t\t<div class=\"elementor-element elementor-element-6924d28 elementor-widget elementor-widget-text-editor\" data-id=\"6924d28\" data-element_type=\"widget\" data-widget_type=\"text-editor.default\">\n\t\t\t\t<div class=\"elementor-widget-container\">\n\t\t\t\t\t\t\t\t\t<p>Semptomsuz d\u00f6nemlerde d\u00fczenli egzersiz yapman\u0131n olumlu bir etkisi oldu\u011fu kan\u0131tlanm\u0131\u015ft\u0131r. Spor genel sa\u011fl\u0131\u011f\u0131 iyile\u015ftirir, inflamasyonu azalt\u0131r ve bireylerin v\u00fccutlar\u0131na daha uyumlu hale gelmelerine yard\u0131mc\u0131 olur. Y\u00fcr\u00fcy\u00fc\u015f, y\u00fczme, yoga ve pilates gibi daha az yorucu aktiviteler s\u0131kl\u0131kla tavsiye edilir.<\/p>\t\t\t\t\t\t\t\t<\/div>\n\t\t\t\t<\/div>\n\t\t\t\t<div class=\"elementor-element elementor-element-7296512 elementor-widget elementor-widget-heading\" data-id=\"7296512\" data-element_type=\"widget\" data-widget_type=\"heading.default\">\n\t\t\t\t<div class=\"elementor-widget-container\">\n\t\t\t\t\t<h3 class=\"elementor-heading-title elementor-size-default\">\u0130pucu 7<\/h3>\t\t\t\t<\/div>\n\t\t\t\t<\/div>\n\t\t\t\t<div class=\"elementor-element elementor-element-7628e4d elementor-widget elementor-widget-text-editor\" data-id=\"7628e4d\" data-element_type=\"widget\" data-widget_type=\"text-editor.default\">\n\t\t\t\t<div class=\"elementor-widget-container\">\n\t\t\t\t\t\t\t\t\t<p>Akut d\u00f6nemlerde ba\u011f\u0131\u015f\u0131kl\u0131k sistemini bask\u0131lay\u0131c\u0131 ila\u00e7lar kullan\u0131yorsan\u0131z, bula\u015f\u0131c\u0131 hastal\u0131klara kar\u015f\u0131 a\u015f\u0131 oldu\u011funuzdan emin olman\u0131z \u00f6nemlidir. Canl\u0131 a\u015f\u0131lar yaln\u0131zca semptomsuz d\u00f6nemlerde uygulanmal\u0131d\u0131r.<\/p>\t\t\t\t\t\t\t\t<\/div>\n\t\t\t\t<\/div>\n\t\t\t\t<div class=\"elementor-element elementor-element-758080e elementor-widget elementor-widget-heading\" data-id=\"758080e\" data-element_type=\"widget\" data-widget_type=\"heading.default\">\n\t\t\t\t<div class=\"elementor-widget-container\">\n\t\t\t\t\t<h3 class=\"elementor-heading-title elementor-size-default\">\u0130pucu 8<\/h3>\t\t\t\t<\/div>\n\t\t\t\t<\/div>\n\t\t\t\t<div class=\"elementor-element elementor-element-06f2d40 elementor-widget elementor-widget-text-editor\" data-id=\"06f2d40\" data-element_type=\"widget\" data-widget_type=\"text-editor.default\">\n\t\t\t\t<div class=\"elementor-widget-container\">\n\t\t\t\t\t\t\t\t\t<p>Ba\u011f\u0131rsak zar\u0131na zarar verdi\u011fi i\u00e7in alkolden ka\u00e7\u0131nmak \u00e7ok \u00f6nemlidir<\/p>\t\t\t\t\t\t\t\t<\/div>\n\t\t\t\t<\/div>\n\t\t\t\t<div class=\"elementor-element elementor-element-c617256 elementor-widget elementor-widget-heading\" data-id=\"c617256\" data-element_type=\"widget\" data-widget_type=\"heading.default\">\n\t\t\t\t<div class=\"elementor-widget-container\">\n\t\t\t\t\t<h3 class=\"elementor-heading-title elementor-size-default\">\u0130pucu 9<\/h3>\t\t\t\t<\/div>\n\t\t\t\t<\/div>\n\t\t\t\t<div class=\"elementor-element elementor-element-8196448 elementor-widget elementor-widget-text-editor\" data-id=\"8196448\" data-element_type=\"widget\" data-widget_type=\"text-editor.default\">\n\t\t\t\t<div class=\"elementor-widget-container\">\n\t\t\t\t\t\t\t\t\t<p>Sigara i\u00e7mek Crohn hastal\u0131\u011f\u0131nda akut alevlenmeleri \u015fiddetlendirir.\u00a0 Bu nedenle CD hastalar\u0131 sigara i\u00e7mekten ka\u00e7\u0131nmal\u0131d\u0131r.\u00a0 \u00d6te yandan, \u00fclseratif kolit hastalar\u0131nda sigaray\u0131 b\u0131rakt\u0131ktan sonra semptomlar\u0131n k\u00f6t\u00fcle\u015fti\u011fi g\u00f6zlemlenmi\u015ftir. Ancak \u00fclseratif kolitin say\u0131s\u0131z olumsuz etkisi ve komplikasyonlar\u0131 nedeniyle sigaraya ba\u015flamak tavsiye edilmez.<\/p>\t\t\t\t\t\t\t\t<\/div>\n\t\t\t\t<\/div>\n\t\t\t\t\t<\/div>\n\t\t\t\t<\/div>\n\t\t\t\t\t<\/div>\n\t\t\t\t<\/div>\n\t\t\t\t<\/div>\n\t\t","protected":false},"excerpt":{"rendered":"<p>Kronik \u0130nflamatuvar Ba\u011f\u0131rsak Hastal\u0131\u011f\u0131 Kar\u0131n a\u011fr\u0131s\u0131, ishal, kusma, mide bulant\u0131s\u0131 ve ate\u015f &#8211; mide rahats\u0131zl\u0131\u011f\u0131 veya mide gribi ile de ortaya \u00e7\u0131kan semptomlar herkes i\u00e7in tan\u0131d\u0131kt\u0131r. \u0130BH (kronik iltihapl\u0131 ba\u011f\u0131rsak hastal\u0131\u011f\u0131) olan ki\u015filerde bu semptomlar daha b\u00fcy\u00fck \u00f6l\u00e7\u00fcde ve genellikle ataklar halinde g\u00f6r\u00fcl\u00fcr. Contents IBD&#8217;ye (Crohn hastal\u0131\u011f\u0131 ve \u00fclseratif kolit) ne sebep olur? Crohn hastal\u0131\u011f\u0131 [&hellip;]<\/p>\n","protected":false},"author":3,"featured_media":0,"parent":153,"menu_order":500,"comment_status":"closed","ping_status":"closed","template":"","meta":{"_acf_changed":false,"inline_featured_image":false,"footnotes":""},"class_list":["post-163","page","type-page","status-publish","hentry"],"acf":[],"_links":{"self":[{"href":"https:\/\/www.omni-biotic.com\/tr-tr\/wp-json\/wp\/v2\/pages\/163","targetHints":{"allow":["GET"]}}],"collection":[{"href":"https:\/\/www.omni-biotic.com\/tr-tr\/wp-json\/wp\/v2\/pages"}],"about":[{"href":"https:\/\/www.omni-biotic.com\/tr-tr\/wp-json\/wp\/v2\/types\/page"}],"author":[{"embeddable":true,"href":"https:\/\/www.omni-biotic.com\/tr-tr\/wp-json\/wp\/v2\/users\/3"}],"replies":[{"embeddable":true,"href":"https:\/\/www.omni-biotic.com\/tr-tr\/wp-json\/wp\/v2\/comments?post=163"}],"version-history":[{"count":7,"href":"https:\/\/www.omni-biotic.com\/tr-tr\/wp-json\/wp\/v2\/pages\/163\/revisions"}],"predecessor-version":[{"id":19050,"href":"https:\/\/www.omni-biotic.com\/tr-tr\/wp-json\/wp\/v2\/pages\/163\/revisions\/19050"}],"up":[{"embeddable":true,"href":"https:\/\/www.omni-biotic.com\/tr-tr\/wp-json\/wp\/v2\/pages\/153"}],"wp:attachment":[{"href":"https:\/\/www.omni-biotic.com\/tr-tr\/wp-json\/wp\/v2\/media?parent=163"}],"curies":[{"name":"wp","href":"https:\/\/api.w.org\/{rel}","templated":true}]}}