{"id":18864,"date":"2024-11-25T11:13:12","date_gmt":"2024-11-25T10:13:12","guid":{"rendered":"https:\/\/www.omni-biotic.com\/tr-tr\/?page_id=18864"},"modified":"2025-07-07T15:16:57","modified_gmt":"2025-07-07T13:16:57","slug":"sss","status":"publish","type":"page","link":"https:\/\/www.omni-biotic.com\/tr-tr\/sss\/","title":{"rendered":"SSS"},"content":{"rendered":"\t\t<div data-elementor-type=\"wp-page\" data-elementor-id=\"18864\" class=\"elementor elementor-18864\" data-elementor-post-type=\"page\">\n\t\t\t\t<div class=\"elementor-element elementor-element-281bb01 e-con-full obcs none e-flex e-con e-parent\" data-id=\"281bb01\" data-element_type=\"container\" data-settings=\"{&quot;background_background&quot;:&quot;classic&quot;,&quot;shape_divider_bottom&quot;:&quot;waves&quot;}\">\n\t\t\t\t<div class=\"elementor-shape elementor-shape-bottom\" aria-hidden=\"true\" data-negative=\"false\">\n\t\t\t<svg xmlns=\"http:\/\/www.w3.org\/2000\/svg\" viewBox=\"0 0 1000 100\" preserveAspectRatio=\"none\">\n\t<path class=\"elementor-shape-fill\" d=\"M421.9,6.5c22.6-2.5,51.5,0.4,75.5,5.3c23.6,4.9,70.9,23.5,100.5,35.7c75.8,32.2,133.7,44.5,192.6,49.7\n\tc23.6,2.1,48.7,3.5,103.4-2.5c54.7-6,106.2-25.6,106.2-25.6V0H0v30.3c0,0,72,32.6,158.4,30.5c39.2-0.7,92.8-6.7,134-22.4\n\tc21.2-8.1,52.2-18.2,79.7-24.2C399.3,7.9,411.6,7.5,421.9,6.5z\"\/>\n<\/svg>\t\t<\/div>\n\t\t\t\t<div class=\"elementor-element elementor-element-042e1af elementor-absolute elementor-hidden-mobile elementor-align-center elementor-widget elementor-widget-lottie\" data-id=\"042e1af\" data-element_type=\"widget\" data-settings=\"{&quot;source_json&quot;:{&quot;url&quot;:&quot;https:\\\/\\\/www.omni-biotic.com\\\/tr-tr\\\/wp-content\\\/uploads\\\/sites\\\/15\\\/2022\\\/08\\\/lf30_editor_s5uwdgjh.json&quot;,&quot;id&quot;:&quot;7733&quot;,&quot;size&quot;:&quot;&quot;,&quot;alt&quot;:&quot;&quot;,&quot;source&quot;:&quot;library&quot;},&quot;loop&quot;:&quot;yes&quot;,&quot;play_speed&quot;:{&quot;unit&quot;:&quot;px&quot;,&quot;size&quot;:&quot;0.3&quot;,&quot;sizes&quot;:[]},&quot;_position&quot;:&quot;absolute&quot;,&quot;source&quot;:&quot;media_file&quot;,&quot;caption_source&quot;:&quot;none&quot;,&quot;link_to&quot;:&quot;none&quot;,&quot;trigger&quot;:&quot;arriving_to_viewport&quot;,&quot;viewport&quot;:{&quot;unit&quot;:&quot;%&quot;,&quot;size&quot;:&quot;&quot;,&quot;sizes&quot;:{&quot;start&quot;:0,&quot;end&quot;:100}},&quot;start_point&quot;:{&quot;unit&quot;:&quot;%&quot;,&quot;size&quot;:0,&quot;sizes&quot;:[]},&quot;end_point&quot;:{&quot;unit&quot;:&quot;%&quot;,&quot;size&quot;:100,&quot;sizes&quot;:[]},&quot;renderer&quot;:&quot;svg&quot;}\" data-widget_type=\"lottie.default\">\n\t\t\t\t<div class=\"elementor-widget-container\">\n\t\t\t\t\t<div class=\"e-lottie__container\"><div class=\"e-lottie__animation\"><\/div><\/div>\t\t\t\t<\/div>\n\t\t\t\t<\/div>\n\t\t<div class=\"elementor-element elementor-element-2357981 e-con-full obcs none e-flex e-con e-child\" data-id=\"2357981\" data-element_type=\"container\" data-settings=\"{&quot;background_background&quot;:&quot;gradient&quot;}\">\n\t\t\t\t<div class=\"elementor-element elementor-element-df0961f elementor-widget elementor-widget-heading\" data-id=\"df0961f\" data-element_type=\"widget\" data-widget_type=\"heading.default\">\n\t\t\t\t<div class=\"elementor-widget-container\">\n\t\t\t\t\t<h1 class=\"elementor-heading-title elementor-size-default\">SSS<\/h1>\t\t\t\t<\/div>\n\t\t\t\t<\/div>\n\t\t\t\t<div class=\"elementor-element elementor-element-eae3c22 elementor-widget-divider--view-line elementor-widget elementor-widget-divider\" data-id=\"eae3c22\" data-element_type=\"widget\" data-widget_type=\"divider.default\">\n\t\t\t\t<div class=\"elementor-widget-container\">\n\t\t\t\t\t\t\t<div class=\"elementor-divider\">\n\t\t\t<span class=\"elementor-divider-separator\">\n\t\t\t\t\t\t<\/span>\n\t\t<\/div>\n\t\t\t\t\t\t<\/div>\n\t\t\t\t<\/div>\n\t\t\t\t<div class=\"elementor-element elementor-element-6a6970b elementor-widget__width-initial elementor-widget elementor-widget-text-editor\" data-id=\"6a6970b\" data-element_type=\"widget\" data-widget_type=\"text-editor.default\">\n\t\t\t\t<div class=\"elementor-widget-container\">\n\t\t\t\t\t\t\t\t\t<p>Burada \u00fcr\u00fcnlerimiz hakk\u0131nda en s\u0131k sorulan sorular\u0131 yan\u0131tl\u0131yoruz!<\/p>\t\t\t\t\t\t\t\t<\/div>\n\t\t\t\t<\/div>\n\t\t\t\t<\/div>\n\t\t\t\t<\/div>\n\t\t<div class=\"elementor-element elementor-element-18e2e22 obcs none e-flex e-con-boxed e-con e-parent\" data-id=\"18e2e22\" data-element_type=\"container\">\n\t\t\t\t\t<div class=\"e-con-inner\">\n\t\t<div class=\"elementor-element elementor-element-6a3dc42 obcs none e-flex e-con-boxed e-con e-child\" data-id=\"6a3dc42\" data-element_type=\"container\">\n\t\t\t\t\t<div class=\"e-con-inner\">\n\t\t<div class=\"elementor-element elementor-element-dae2b75 e-con-full obcs none e-flex e-con e-child\" data-id=\"dae2b75\" data-element_type=\"container\">\n\t\t\t\t<div class=\"elementor-element elementor-element-073b276 elementor-align-left elementor-widget__width-initial elementor-widget elementor-widget-breadcrumbs\" data-id=\"073b276\" data-element_type=\"widget\" data-widget_type=\"breadcrumbs.default\">\n\t\t\t\t<div class=\"elementor-widget-container\">\n\t\t\t\t\t<span><span class=\"last\">Home<\/span><\/span>\t\t\t\t<\/div>\n\t\t\t\t<\/div>\n\t\t\t\t<\/div>\n\t\t\t\t\t<\/div>\n\t\t\t\t<\/div>\n\t\t\t\t\t<\/div>\n\t\t\t\t<\/div>\n\t\t<div class=\"elementor-element elementor-element-1f81937 obcs magenta e-flex e-con-boxed e-con e-parent\" data-id=\"1f81937\" data-element_type=\"container\">\n\t\t\t\t\t<div class=\"e-con-inner\">\n\t\t<div class=\"elementor-element elementor-element-8239b27 obcs none e-flex e-con-boxed e-con e-child\" data-id=\"8239b27\" data-element_type=\"container\">\n\t\t\t\t\t<div class=\"e-con-inner\">\n\t\t\t\t<div class=\"elementor-element elementor-element-21a57d7 elementor-widget elementor-widget-toggle\" data-id=\"21a57d7\" data-element_type=\"widget\" data-widget_type=\"toggle.default\">\n\t\t\t\t<div class=\"elementor-widget-container\">\n\t\t\t\t\t\t\t<div class=\"elementor-toggle\">\n\t\t\t\t\t\t\t<div class=\"elementor-toggle-item\">\n\t\t\t\t\t<h2 id=\"elementor-tab-title-3521\" class=\"elementor-tab-title\" data-tab=\"1\" role=\"button\" aria-controls=\"elementor-tab-content-3521\" aria-expanded=\"false\">\n\t\t\t\t\t\t\t\t\t\t\t\t<span class=\"elementor-toggle-icon elementor-toggle-icon-left\" aria-hidden=\"true\">\n\t\t\t\t\t\t\t\t\t\t\t\t\t\t\t<span class=\"elementor-toggle-icon-closed\"><i class=\"fas fa-caret-right\"><\/i><\/span>\n\t\t\t\t\t\t\t\t<span class=\"elementor-toggle-icon-opened\"><i class=\"elementor-toggle-icon-opened fas fa-caret-up\"><\/i><\/span>\n\t\t\t\t\t\t\t\t\t\t\t\t\t<\/span>\n\t\t\t\t\t\t\t\t\t\t\t\t<a class=\"elementor-toggle-title\" tabindex=\"0\">OMNi-BiOTiC\u00ae sadece suda \u00e7\u00f6z\u00fclebilir mi?<\/a>\n\t\t\t\t\t<\/h2>\n\n\t\t\t\t\t<div id=\"elementor-tab-content-3521\" class=\"elementor-tab-content elementor-clearfix\" data-tab=\"1\" role=\"region\" aria-labelledby=\"elementor-tab-title-3521\"><p>Su, pH de\u011feri nedeniyle dondurularak kurutulmu\u015f bakterileri aktive etmek i\u00e7in idealdir. Bununla birlikte, s\u00fct, yo\u011furt, kakao, \u00e7ay ve hatta krem peynir ve yulaf lapas\u0131 da OMNi-BiOTiC\u00ae&#8217;in rehidrasyonu i\u00e7in uygundur. L\u00fctfen genel olarak \u015funu unutmay\u0131n: OMNi-BiOTiC\u00ae &#8216;i i\u00e7inde \u00e7\u00f6zd\u00fc\u011f\u00fcn\u00fcz s\u0131v\u0131,<\/p><ul><li>40\u00b0 C&#8217;den daha s\u0131cak olmamal\u0131d\u0131r<\/li><li>kahve, alkol veya pH de\u011feri \u00e7ok asidik olan di\u011fer s\u0131v\u0131lar\u0131 (\u00f6rn. kola, greyfurt suyu, sirke) i\u00e7ermemelidir<\/li><li>ve tercihen karbondioksit i\u00e7ermemelidir.<\/li><\/ul><\/div>\n\t\t\t\t<\/div>\n\t\t\t\t\t\t\t<div class=\"elementor-toggle-item\">\n\t\t\t\t\t<h2 id=\"elementor-tab-title-3522\" class=\"elementor-tab-title\" data-tab=\"2\" role=\"button\" aria-controls=\"elementor-tab-content-3522\" aria-expanded=\"false\">\n\t\t\t\t\t\t\t\t\t\t\t\t<span class=\"elementor-toggle-icon elementor-toggle-icon-left\" aria-hidden=\"true\">\n\t\t\t\t\t\t\t\t\t\t\t\t\t\t\t<span class=\"elementor-toggle-icon-closed\"><i class=\"fas fa-caret-right\"><\/i><\/span>\n\t\t\t\t\t\t\t\t<span class=\"elementor-toggle-icon-opened\"><i class=\"elementor-toggle-icon-opened fas fa-caret-up\"><\/i><\/span>\n\t\t\t\t\t\t\t\t\t\t\t\t\t<\/span>\n\t\t\t\t\t\t\t\t\t\t\t\t<a class=\"elementor-toggle-title\" tabindex=\"0\">\u00d6nerilen OMNi-BiOTiC\u00ae \u00fcr\u00fcn\u00fcn\u00fc ne kadar s\u00fcreyle almal\u0131y\u0131m?<\/a>\n\t\t\t\t\t<\/h2>\n\n\t\t\t\t\t<div id=\"elementor-tab-content-3522\" class=\"elementor-tab-content elementor-clearfix\" data-tab=\"2\" role=\"region\" aria-labelledby=\"elementor-tab-title-3522\"><p>G\u00f6zle g\u00f6r\u00fcl\u00fcr etkileri deneyimlemek i\u00e7in OMNi-BiOTiC\u00ae &#8216;i en az 1 ay veya doktorunuzun \u00f6nerdi\u011fi s\u00fcre boyunca alman\u0131z \u00f6nerilir. OMNi-BiOTiC\u00ae &#8216;i ne kadar s\u00fcreyle alman\u0131z gerekti\u011fi ba\u011f\u0131rsaklar\u0131n\u0131z\u0131n durumuna, ya\u015f\u0131n\u0131za ve ya\u015fam tarz\u0131n\u0131za da ba\u011fl\u0131d\u0131r. Genel bir \u201cpratik kural\u201d \u015fudur: Ba\u011f\u0131rsaklar\u0131n\u0131z\u0131 \u00e7ok zorlad\u0131\u011f\u0131n\u0131z her y\u0131l i\u00e7in 1 ayl\u0131k OMNi-BiOTiC\u00ae.<\/p><p>Gerekirse OMNi-BiOTiC\u00ae&#8217;i s\u00fcresiz olarak da alabilirsiniz, \u00e7\u00fcnk\u00fc \u00fcr\u00fcnlerin i\u00e7erdi\u011fi bakteri su\u015flar\u0131n\u0131n t\u00fcm\u00fc insan v\u00fccudunda do\u011fal olarak bulunur.<\/p><\/div>\n\t\t\t\t<\/div>\n\t\t\t\t\t\t\t<div class=\"elementor-toggle-item\">\n\t\t\t\t\t<h2 id=\"elementor-tab-title-3523\" class=\"elementor-tab-title\" data-tab=\"3\" role=\"button\" aria-controls=\"elementor-tab-content-3523\" aria-expanded=\"false\">\n\t\t\t\t\t\t\t\t\t\t\t\t<span class=\"elementor-toggle-icon elementor-toggle-icon-left\" aria-hidden=\"true\">\n\t\t\t\t\t\t\t\t\t\t\t\t\t\t\t<span class=\"elementor-toggle-icon-closed\"><i class=\"fas fa-caret-right\"><\/i><\/span>\n\t\t\t\t\t\t\t\t<span class=\"elementor-toggle-icon-opened\"><i class=\"elementor-toggle-icon-opened fas fa-caret-up\"><\/i><\/span>\n\t\t\t\t\t\t\t\t\t\t\t\t\t<\/span>\n\t\t\t\t\t\t\t\t\t\t\t\t<a class=\"elementor-toggle-title\" tabindex=\"0\">OMNi-BiOTiC\u00ae \u00fcr\u00fcnleri vejetaryenler veya veganlar i\u00e7in uygun mudur?<\/a>\n\t\t\t\t\t<\/h2>\n\n\t\t\t\t\t<div id=\"elementor-tab-content-3523\" class=\"elementor-tab-content elementor-clearfix\" data-tab=\"3\" role=\"region\" aria-labelledby=\"elementor-tab-title-3523\"><p>Prensip olarak evet: OMNi-BiOTiC\u00ae \u00fcr\u00fcnleri hayvansal protein i\u00e7ermez, sadece OMNi-BiOTiC\u00ae\u00a0<em>metabolic<\/em> (yakla\u015f\u0131k 4 damla inek s\u00fct\u00fcndeki laktoz i\u00e7eri\u011fine kar\u015f\u0131l\u0131k gelir) ve OMNi-BiOTiC\u00ae\u00a0<em>iMMUND<\/em> \u00e7ok az miktarda laktoz i\u00e7erir.<\/p><p>Ayr\u0131ca ilgili \u00fcr\u00fcn sayfas\u0131nda veya ambalaj \u00fczerinde vejetaryen veya vegan olup olmad\u0131\u011f\u0131na dair ilgili bilgileri bulabilirsiniz.<\/p><\/div>\n\t\t\t\t<\/div>\n\t\t\t\t\t\t\t<div class=\"elementor-toggle-item\">\n\t\t\t\t\t<h2 id=\"elementor-tab-title-3524\" class=\"elementor-tab-title\" data-tab=\"4\" role=\"button\" aria-controls=\"elementor-tab-content-3524\" aria-expanded=\"false\">\n\t\t\t\t\t\t\t\t\t\t\t\t<span class=\"elementor-toggle-icon elementor-toggle-icon-left\" aria-hidden=\"true\">\n\t\t\t\t\t\t\t\t\t\t\t\t\t\t\t<span class=\"elementor-toggle-icon-closed\"><i class=\"fas fa-caret-right\"><\/i><\/span>\n\t\t\t\t\t\t\t\t<span class=\"elementor-toggle-icon-opened\"><i class=\"elementor-toggle-icon-opened fas fa-caret-up\"><\/i><\/span>\n\t\t\t\t\t\t\t\t\t\t\t\t\t<\/span>\n\t\t\t\t\t\t\t\t\t\t\t\t<a class=\"elementor-toggle-title\" tabindex=\"0\">OMNi-BiOTiC\u00ae bir intoleransa (histamin, laktoz, fruktoz) ra\u011fmen al\u0131nabilir mi?<\/a>\n\t\t\t\t\t<\/h2>\n\n\t\t\t\t\t<div id=\"elementor-tab-content-3524\" class=\"elementor-tab-content elementor-clearfix\" data-tab=\"4\" role=\"region\" aria-labelledby=\"elementor-tab-title-3524\"><p><strong>Laktoz intolerans\u0131 i\u00e7in:<\/strong><\/p><p>Sadece OMNi-BiOTiC\u00ae metabolic\u00a0 laktoz i\u00e7erir, di\u011fer t\u00fcm OMNi-BiOTiC\u00ae \u00fcr\u00fcnleri laktoz \u0130\u00c7ERMEZ &#8211; bu nedenle OMNi-BiOTiC\u00ae \u00fcr\u00fcnleri laktoz intolerans\u0131 durumunda da endi\u015fe duymadan al\u0131nabilir. OMNi-BiOTiC\u00ae metabolic\u00a0 minimum miktarda laktoz i\u00e7erir (yakla\u015f\u0131k 4 damla inek s\u00fct\u00fcndeki laktoz i\u00e7eri\u011fine kar\u015f\u0131l\u0131k gelir).<\/p><p><strong>Fruktoz intolerans\u0131 i\u00e7in:<\/strong><\/p><p>OMNi-BiOTiC\u00ae \u00fcr\u00fcnleri, \u00f6rne\u011fin fruktooligosakkaritler veya in\u00fclin gibi bakteriler i\u00e7in \u00f6zel g\u0131da g\u00f6revi g\u00f6ren farkl\u0131 diyet lifleri i\u00e7erir. Bunlar ba\u011f\u0131rsak bakterilerinin do\u011fal besinleridir, ancak OMNi-BiOTiC\u00ae \u00fcr\u00fcnlerinde sadece \u00e7ok k\u00fc\u00e7\u00fck miktarlarda bulunurlar (\u00f6rne\u011fin \u00f6l\u00e7\u00fclebilir bir reaksiyonu tetiklemek i\u00e7in klinik nefes testinde kullan\u0131landan \u00f6nemli \u00f6l\u00e7\u00fcde daha az). Aktivasyon s\u00fcresi 30 dakikaya uzat\u0131l\u0131rsa, bakteriler yiyeceklerini (= fruktooligosakkaritler, in\u00fclin vb.) neredeyse tamamen metabolize eder, b\u00f6ylece bu maddelerin en fazla M\u0130N\u0130MAL M\u0130KTARLARI ba\u011f\u0131rsa\u011fa ula\u015f\u0131r. Bu diyet liflerinin ilgili OMNi-BiOTiC\u00ae \u00fcr\u00fcn\u00fcnde bulunup bulunmad\u0131\u011f\u0131 bro\u015f\u00fcrde, \u00fcr\u00fcn ambalaj\u0131nda veya web sitemizde g\u00f6r\u00fclebilir.<\/p><p><strong>Histamin intolerans\u0131 i\u00e7in:<\/strong><\/p><p>OMNi-BiOTiC\u00ae i\u00e7indeki bakteriler, histamin \u00fcretip \u00fcretemeyeceklerini belirlemek i\u00e7in genetik olarak analiz edilir. \u00dcr\u00fcnlerimizde sadece histamin \u00fcretemeyen bakteri t\u00fcrleri kullan\u0131lmaktad\u0131r. Bu, OMNi-BiOTiC\u00ae \u00fcr\u00fcnlerinin histamin intolerans\u0131 olan ki\u015filer taraf\u0131ndan teredd\u00fct etmeden al\u0131nabilece\u011fi anlam\u0131na gelir.<\/p><\/div>\n\t\t\t\t<\/div>\n\t\t\t\t\t\t\t<div class=\"elementor-toggle-item\">\n\t\t\t\t\t<h2 id=\"elementor-tab-title-3525\" class=\"elementor-tab-title\" data-tab=\"5\" role=\"button\" aria-controls=\"elementor-tab-content-3525\" aria-expanded=\"false\">\n\t\t\t\t\t\t\t\t\t\t\t\t<span class=\"elementor-toggle-icon elementor-toggle-icon-left\" aria-hidden=\"true\">\n\t\t\t\t\t\t\t\t\t\t\t\t\t\t\t<span class=\"elementor-toggle-icon-closed\"><i class=\"fas fa-caret-right\"><\/i><\/span>\n\t\t\t\t\t\t\t\t<span class=\"elementor-toggle-icon-opened\"><i class=\"elementor-toggle-icon-opened fas fa-caret-up\"><\/i><\/span>\n\t\t\t\t\t\t\t\t\t\t\t\t\t<\/span>\n\t\t\t\t\t\t\t\t\t\t\t\t<a class=\"elementor-toggle-title\" tabindex=\"0\">Ba\u011f\u0131rsa\u011f\u0131n \u00f6nce yararl\u0131 bakterilere al\u0131\u015fmas\u0131 m\u0131 gerekiyor?<\/a>\n\t\t\t\t\t<\/h2>\n\n\t\t\t\t\t<div id=\"elementor-tab-content-3525\" class=\"elementor-tab-content elementor-clearfix\" data-tab=\"5\" role=\"region\" aria-labelledby=\"elementor-tab-title-3525\"><p>Ba\u011f\u0131rsak floran\u0131z\u0131n ne kadar zarar g\u00f6rd\u00fc\u011f\u00fcne ba\u011fl\u0131 olarak, durum b\u00f6yle olabilir. Sa\u011fl\u0131\u011f\u0131n\u0131z zaten \u00f6nemli \u00f6l\u00e7\u00fcde bozulmu\u015fsa<br \/>\u015ei\u015fkinlik ve di\u011fer sindirim sorunlar\u0131n\u0131 \u00f6nlemek i\u00e7in g\u00fcnl\u00fck dozunuzu birka\u00e7 hafta i\u00e7inde yava\u015f\u00e7a art\u0131rman\u0131z (b\u0131\u00e7ak s\u0131rt\u0131 ile ba\u015flayarak) tavsiye edilir. Ancak, bu t\u00fcr \u015fikayetler kullan\u0131c\u0131lar\u0131n sadece yakla\u015f\u0131k %5&#8217;inde g\u00f6r\u00fcl\u00fcr.<\/p><\/div>\n\t\t\t\t<\/div>\n\t\t\t\t\t\t\t<div class=\"elementor-toggle-item\">\n\t\t\t\t\t<h2 id=\"elementor-tab-title-3526\" class=\"elementor-tab-title\" data-tab=\"6\" role=\"button\" aria-controls=\"elementor-tab-content-3526\" aria-expanded=\"false\">\n\t\t\t\t\t\t\t\t\t\t\t\t<span class=\"elementor-toggle-icon elementor-toggle-icon-left\" aria-hidden=\"true\">\n\t\t\t\t\t\t\t\t\t\t\t\t\t\t\t<span class=\"elementor-toggle-icon-closed\"><i class=\"fas fa-caret-right\"><\/i><\/span>\n\t\t\t\t\t\t\t\t<span class=\"elementor-toggle-icon-opened\"><i class=\"elementor-toggle-icon-opened fas fa-caret-up\"><\/i><\/span>\n\t\t\t\t\t\t\t\t\t\t\t\t\t<\/span>\n\t\t\t\t\t\t\t\t\t\t\t\t<a class=\"elementor-toggle-title\" tabindex=\"0\">OMNi-BiOTiC\u00ae di\u011fer g\u0131da takviyeleri veya ila\u00e7larla birlikte al\u0131nabilir mi?<\/a>\n\t\t\t\t\t<\/h2>\n\n\t\t\t\t\t<div id=\"elementor-tab-content-3526\" class=\"elementor-tab-content elementor-clearfix\" data-tab=\"6\" role=\"region\" aria-labelledby=\"elementor-tab-title-3526\"><p>Evet, yapabilirsiniz, \u00e7\u00fcnk\u00fc OMNi-BiOTiC\u00ae \u00fcr\u00fcnleri sadece insan ba\u011f\u0131rsa\u011f\u0131nda do\u011fal olarak bulunan bakteri t\u00fcrlerini i\u00e7erir ve ila\u00e7larla etkile\u015fime girebilecek hi\u00e7bir kimyasal \u201caktif bile\u015fen\u201d i\u00e7ermez.<\/p><\/div>\n\t\t\t\t<\/div>\n\t\t\t\t\t\t\t<div class=\"elementor-toggle-item\">\n\t\t\t\t\t<h2 id=\"elementor-tab-title-3527\" class=\"elementor-tab-title\" data-tab=\"7\" role=\"button\" aria-controls=\"elementor-tab-content-3527\" aria-expanded=\"false\">\n\t\t\t\t\t\t\t\t\t\t\t\t<span class=\"elementor-toggle-icon elementor-toggle-icon-left\" aria-hidden=\"true\">\n\t\t\t\t\t\t\t\t\t\t\t\t\t\t\t<span class=\"elementor-toggle-icon-closed\"><i class=\"fas fa-caret-right\"><\/i><\/span>\n\t\t\t\t\t\t\t\t<span class=\"elementor-toggle-icon-opened\"><i class=\"elementor-toggle-icon-opened fas fa-caret-up\"><\/i><\/span>\n\t\t\t\t\t\t\t\t\t\t\t\t\t<\/span>\n\t\t\t\t\t\t\t\t\t\t\t\t<a class=\"elementor-toggle-title\" tabindex=\"0\">\u0130ki OMNi-BiOTiC\u00ae \u00fcr\u00fcn\u00fcn\u00fc birle\u015ftirmek m\u00fcmk\u00fcn m\u00fc?<\/a>\n\t\t\t\t\t<\/h2>\n\n\t\t\t\t\t<div id=\"elementor-tab-content-3527\" class=\"elementor-tab-content elementor-clearfix\" data-tab=\"7\" role=\"region\" aria-labelledby=\"elementor-tab-title-3527\"><p>Evet, \u00f6rne\u011fin sabahlar\u0131 farkl\u0131 bir OMNi-BiOTiC\u00ae ak\u015famlar\u0131 farkl\u0131 bir OMNi-BiOTiC\u00ae alabilirsiniz. Sadece iki farkl\u0131 OMNi-BiOTiC\u00ae \u00fcr\u00fcn\u00fcn\u00fc ayn\u0131 anda bir bardakta eritmekten ka\u00e7\u0131nmal\u0131s\u0131n\u0131z, \u00e7\u00fcnk\u00fc her bakteri kombinasyonu hassas bir \u015fekilde koordine edilmi\u015f ve bir matris \u015feklinde \u00f6zel \u201cfavori besini\u201d ile desteklenmi\u015ftir.<\/p><\/div>\n\t\t\t\t<\/div>\n\t\t\t\t\t\t\t<div class=\"elementor-toggle-item\">\n\t\t\t\t\t<h2 id=\"elementor-tab-title-3528\" class=\"elementor-tab-title\" data-tab=\"8\" role=\"button\" aria-controls=\"elementor-tab-content-3528\" aria-expanded=\"false\">\n\t\t\t\t\t\t\t\t\t\t\t\t<span class=\"elementor-toggle-icon elementor-toggle-icon-left\" aria-hidden=\"true\">\n\t\t\t\t\t\t\t\t\t\t\t\t\t\t\t<span class=\"elementor-toggle-icon-closed\"><i class=\"fas fa-caret-right\"><\/i><\/span>\n\t\t\t\t\t\t\t\t<span class=\"elementor-toggle-icon-opened\"><i class=\"elementor-toggle-icon-opened fas fa-caret-up\"><\/i><\/span>\n\t\t\t\t\t\t\t\t\t\t\t\t\t<\/span>\n\t\t\t\t\t\t\t\t\t\t\t\t<a class=\"elementor-toggle-title\" tabindex=\"0\">OMNi-BiOTiC\u00ae gl\u00fctensiz midir?<\/a>\n\t\t\t\t\t<\/h2>\n\n\t\t\t\t\t<div id=\"elementor-tab-content-3528\" class=\"elementor-tab-content elementor-clearfix\" data-tab=\"8\" role=\"region\" aria-labelledby=\"elementor-tab-title-3528\"><p>OMNi-BiOTiC\u00ae gl\u00fcten, \u015feker (yukar\u0131ya bak\u0131n\u0131z) ve laktoz i\u00e7ermez, bu\u011fday proteini i\u00e7ermez ve GDO&#8217;suz olarak \u00fcretilir. Bu nedenle OMNi-BiOTiC\u00ae metabolic hari\u00e7 olmak \u00fczere \u015feker hastalar\u0131, bu\u011fday alerjisi olanlar ve tabii ki veganlar i\u00e7in uygundur.<\/p><\/div>\n\t\t\t\t<\/div>\n\t\t\t\t\t\t\t<div class=\"elementor-toggle-item\">\n\t\t\t\t\t<h2 id=\"elementor-tab-title-3529\" class=\"elementor-tab-title\" data-tab=\"9\" role=\"button\" aria-controls=\"elementor-tab-content-3529\" aria-expanded=\"false\">\n\t\t\t\t\t\t\t\t\t\t\t\t<span class=\"elementor-toggle-icon elementor-toggle-icon-left\" aria-hidden=\"true\">\n\t\t\t\t\t\t\t\t\t\t\t\t\t\t\t<span class=\"elementor-toggle-icon-closed\"><i class=\"fas fa-caret-right\"><\/i><\/span>\n\t\t\t\t\t\t\t\t<span class=\"elementor-toggle-icon-opened\"><i class=\"elementor-toggle-icon-opened fas fa-caret-up\"><\/i><\/span>\n\t\t\t\t\t\t\t\t\t\t\t\t\t<\/span>\n\t\t\t\t\t\t\t\t\t\t\t\t<a class=\"elementor-toggle-title\" tabindex=\"0\">Bakteriler yo\u011furtta ne kadar s\u00fcre hayatta kal\u0131r?<\/a>\n\t\t\t\t\t<\/h2>\n\n\t\t\t\t\t<div id=\"elementor-tab-content-3529\" class=\"elementor-tab-content elementor-clearfix\" data-tab=\"9\" role=\"region\" aria-labelledby=\"elementor-tab-title-3529\"><p>Bakterilerin ortalama \u00f6mr\u00fc birka\u00e7 g\u00fcnd\u00fcr. Ancak, metabolik olarak yaln\u0131zca yakla\u015f\u0131k 24 saat s\u00fcren \u00fcssel b\u00fcy\u00fcme ve \u00e7o\u011falma a\u015famas\u0131nda aktiftirler. Bu nedenle s\u00fcpermarketten sat\u0131n ald\u0131\u011f\u0131n\u0131z yo\u011furt, v\u00fccudunuzda aktif olarak \u00e7al\u0131\u015fan az miktarda bakteri i\u00e7erir. Buna ek olarak, lif (bakteriler i\u00e7in besin) eksikli\u011fi vard\u0131r, bu da bakterilerin art\u0131k \u00e7o\u011falamayaca\u011f\u0131 anlam\u0131na gelir ve bu nedenle genellikle sadece birka\u00e7 canl\u0131 bakteri v\u00fccuda girer.<\/p><p>Yo\u011furtta bulunan bakteriler normalde hayvanlardan gelen mikroplar oldu\u011fundan, insan organizmas\u0131n\u0131 zorlukla kolonize edebilirler ve birka\u00e7 g\u00fcn i\u00e7inde d\u0131\u015fk\u0131 ile at\u0131l\u0131rlar.<\/p><\/div>\n\t\t\t\t<\/div>\n\t\t\t\t\t\t\t<div class=\"elementor-toggle-item\">\n\t\t\t\t\t<h2 id=\"elementor-tab-title-35210\" class=\"elementor-tab-title\" data-tab=\"10\" role=\"button\" aria-controls=\"elementor-tab-content-35210\" aria-expanded=\"false\">\n\t\t\t\t\t\t\t\t\t\t\t\t<span class=\"elementor-toggle-icon elementor-toggle-icon-left\" aria-hidden=\"true\">\n\t\t\t\t\t\t\t\t\t\t\t\t\t\t\t<span class=\"elementor-toggle-icon-closed\"><i class=\"fas fa-caret-right\"><\/i><\/span>\n\t\t\t\t\t\t\t\t<span class=\"elementor-toggle-icon-opened\"><i class=\"elementor-toggle-icon-opened fas fa-caret-up\"><\/i><\/span>\n\t\t\t\t\t\t\t\t\t\t\t\t\t<\/span>\n\t\t\t\t\t\t\t\t\t\t\t\t<a class=\"elementor-toggle-title\" tabindex=\"0\">K\u0131lavuz su\u015flar nelerdir?<\/a>\n\t\t\t\t\t<\/h2>\n\n\t\t\t\t\t<div id=\"elementor-tab-content-35210\" class=\"elementor-tab-content elementor-clearfix\" data-tab=\"10\" role=\"region\" aria-labelledby=\"elementor-tab-title-35210\"><p>Kur\u015fun mikrop su\u015flar\u0131, herhangi bir insanda, o ki\u015fi ba\u015flang\u0131\u00e7ta bu su\u015fa sahip olmasa bile, kolonize olabilen ve \u00e7o\u011falabilen \u00f6zellikle g\u00fc\u00e7l\u00fc su\u015flard\u0131r. Bu su\u015flar, yatay gen transferi yoluyla \u00f6zelliklerini di\u011fer bakteri t\u00fcrlerine aktarabildikleri i\u00e7in de \u00f6zellikle ilgi \u00e7ekicidir. Bu durum, \u00f6rne\u011fin bir insanda \u00e7ok say\u0131da C. difficile mikrobu \u00e7o\u011fal\u0131yorsa ve bu mikrobu \u00f6ld\u00fcrebilecek ve toksin sal\u0131n\u0131m\u0131n\u0131 azaltabilecek \u00e7ok az bakteri t\u00fcr\u00fc varsa \u00f6zellikle \u00f6nemlidir. Yatay gen transferi, k\u0131sa vadede daha fazla bakteri t\u00fcr\u00fcn\u00fcn bu faaliyeti \u00fcstlenmesini sa\u011flayabilir.<\/p><\/div>\n\t\t\t\t<\/div>\n\t\t\t\t\t\t\t<div class=\"elementor-toggle-item\">\n\t\t\t\t\t<h2 id=\"elementor-tab-title-35211\" class=\"elementor-tab-title\" data-tab=\"11\" role=\"button\" aria-controls=\"elementor-tab-content-35211\" aria-expanded=\"false\">\n\t\t\t\t\t\t\t\t\t\t\t\t<span class=\"elementor-toggle-icon elementor-toggle-icon-left\" aria-hidden=\"true\">\n\t\t\t\t\t\t\t\t\t\t\t\t\t\t\t<span class=\"elementor-toggle-icon-closed\"><i class=\"fas fa-caret-right\"><\/i><\/span>\n\t\t\t\t\t\t\t\t<span class=\"elementor-toggle-icon-opened\"><i class=\"elementor-toggle-icon-opened fas fa-caret-up\"><\/i><\/span>\n\t\t\t\t\t\t\t\t\t\t\t\t\t<\/span>\n\t\t\t\t\t\t\t\t\t\t\t\t<a class=\"elementor-toggle-title\" tabindex=\"0\">Aktivasyon s\u00fcresi boyunca bakterilere ne olur?<\/a>\n\t\t\t\t\t<\/h2>\n\n\t\t\t\t\t<div id=\"elementor-tab-content-35211\" class=\"elementor-tab-content elementor-clearfix\" data-tab=\"11\" role=\"region\" aria-labelledby=\"elementor-tab-title-35211\"><p>Bakteriler dondurularak kurutulmu\u015f formda canl\u0131 ancak aktif olmad\u0131klar\u0131ndan, tam potansiyellerine ula\u015fmalar\u0131 i\u00e7in su eklenerek rehidre edilmeleri ve matris bile\u015fenleri (\u00f6rn. in\u00fclin veya FOS) ile aktive edilmeleri gerekir.<\/p><\/div>\n\t\t\t\t<\/div>\n\t\t\t\t\t\t\t<div class=\"elementor-toggle-item\">\n\t\t\t\t\t<h2 id=\"elementor-tab-title-35212\" class=\"elementor-tab-title\" data-tab=\"12\" role=\"button\" aria-controls=\"elementor-tab-content-35212\" aria-expanded=\"false\">\n\t\t\t\t\t\t\t\t\t\t\t\t<span class=\"elementor-toggle-icon elementor-toggle-icon-left\" aria-hidden=\"true\">\n\t\t\t\t\t\t\t\t\t\t\t\t\t\t\t<span class=\"elementor-toggle-icon-closed\"><i class=\"fas fa-caret-right\"><\/i><\/span>\n\t\t\t\t\t\t\t\t<span class=\"elementor-toggle-icon-opened\"><i class=\"elementor-toggle-icon-opened fas fa-caret-up\"><\/i><\/span>\n\t\t\t\t\t\t\t\t\t\t\t\t\t<\/span>\n\t\t\t\t\t\t\t\t\t\t\t\t<a class=\"elementor-toggle-title\" tabindex=\"0\">Bakteriler mide asidinden nas\u0131l kurtulur?<\/a>\n\t\t\t\t\t<\/h2>\n\n\t\t\t\t\t<div id=\"elementor-tab-content-35212\" class=\"elementor-tab-content elementor-clearfix\" data-tab=\"12\" role=\"region\" aria-labelledby=\"elementor-tab-title-35212\"><p>Prensip olarak, bakteri su\u015flar\u0131 se\u00e7ilirken sadece mide asidine, safra ve pankreas salg\u0131lar\u0131na kar\u015f\u0131 genetik olarak diren\u00e7li olan su\u015flar\u0131n kullan\u0131lmas\u0131 i\u00e7in bir \u00f6n se\u00e7im yap\u0131l\u0131r. Bu su\u015flar kavanozda aktive edilerek mide asidini tolere etmeleri i\u00e7in ayr\u0131ca g\u00fc\u00e7lendirilir.<\/p><\/div>\n\t\t\t\t<\/div>\n\t\t\t\t\t\t\t<div class=\"elementor-toggle-item\">\n\t\t\t\t\t<h2 id=\"elementor-tab-title-35213\" class=\"elementor-tab-title\" data-tab=\"13\" role=\"button\" aria-controls=\"elementor-tab-content-35213\" aria-expanded=\"false\">\n\t\t\t\t\t\t\t\t\t\t\t\t<span class=\"elementor-toggle-icon elementor-toggle-icon-left\" aria-hidden=\"true\">\n\t\t\t\t\t\t\t\t\t\t\t\t\t\t\t<span class=\"elementor-toggle-icon-closed\"><i class=\"fas fa-caret-right\"><\/i><\/span>\n\t\t\t\t\t\t\t\t<span class=\"elementor-toggle-icon-opened\"><i class=\"elementor-toggle-icon-opened fas fa-caret-up\"><\/i><\/span>\n\t\t\t\t\t\t\t\t\t\t\t\t\t<\/span>\n\t\t\t\t\t\t\t\t\t\t\t\t<a class=\"elementor-toggle-title\" tabindex=\"0\">OMNi-BiOTiC\u00ae son kullanma tarihinden sonra da kullan\u0131labilir mi?<\/a>\n\t\t\t\t\t<\/h2>\n\n\t\t\t\t\t<div id=\"elementor-tab-content-35213\" class=\"elementor-tab-content elementor-clearfix\" data-tab=\"13\" role=\"region\" aria-labelledby=\"elementor-tab-title-35213\"><p>OMNi-BiOTiC\u00ae son kullanma tarihinden sonra bozulmaz. Bununla birlikte, kesin testler ger\u00e7ekle\u015ftirdik ve bu nedenle yaln\u0131zca ambalaj \u00fczerinde belirtilen po\u015fet\/gram ba\u015f\u0131na bakteri say\u0131s\u0131n\u0131n bu noktaya kadar canl\u0131 ve aktif oldu\u011funu garanti edebiliriz. Ancak deneyimler, \u00fcr\u00fcnlerin son kullanma tarihinden sonra bir y\u0131la kadar kullan\u0131labilece\u011fini ve bakterilerin etkisinin hala hissedilebilece\u011fini g\u00f6stermi\u015ftir.<\/p><p>Antibiyotik direncinin geli\u015fmesinin yayg\u0131n nedenleri yanl\u0131\u015f, hedefe y\u00f6nelik olmayan uygulamalar, \u00e7ok s\u0131k antibiyotik kullan\u0131m\u0131 ve yanl\u0131\u015f al\u0131md\u0131r (antibiyotik son tablete kadar kullan\u0131lmazsa).<\/p><\/div>\n\t\t\t\t<\/div>\n\t\t\t\t\t\t\t<div class=\"elementor-toggle-item\">\n\t\t\t\t\t<h2 id=\"elementor-tab-title-35214\" class=\"elementor-tab-title\" data-tab=\"14\" role=\"button\" aria-controls=\"elementor-tab-content-35214\" aria-expanded=\"false\">\n\t\t\t\t\t\t\t\t\t\t\t\t<span class=\"elementor-toggle-icon elementor-toggle-icon-left\" aria-hidden=\"true\">\n\t\t\t\t\t\t\t\t\t\t\t\t\t\t\t<span class=\"elementor-toggle-icon-closed\"><i class=\"fas fa-caret-right\"><\/i><\/span>\n\t\t\t\t\t\t\t\t<span class=\"elementor-toggle-icon-opened\"><i class=\"elementor-toggle-icon-opened fas fa-caret-up\"><\/i><\/span>\n\t\t\t\t\t\t\t\t\t\t\t\t\t<\/span>\n\t\t\t\t\t\t\t\t\t\t\t\t<a class=\"elementor-toggle-title\" tabindex=\"0\">OMNi-BiOTiC\u00ae ald\u0131ktan sonra yemek yemeden \u00f6nce ne kadar beklemem gerekir?<\/a>\n\t\t\t\t\t<\/h2>\n\n\t\t\t\t\t<div id=\"elementor-tab-content-35214\" class=\"elementor-tab-content elementor-clearfix\" data-tab=\"14\" role=\"region\" aria-labelledby=\"elementor-tab-title-35214\"><p>Prensip olarak OMNi-BiOTiC\u00ae ald\u0131ktan hemen sonra yemek yiyebilirsiniz. \u0130deal olarak, s\u0131v\u0131n\u0131n bo\u015f mideden on iki parmak ba\u011f\u0131rsa\u011f\u0131na ta\u015f\u0131nmas\u0131 i\u00e7in 10 ila 15 dakika daha beklemeniz gerekir.<\/p><p>\u201cS\u0131zd\u0131ran ba\u011f\u0131rsak\u201d sendromu durumunda, bu h\u00fccre-h\u00fccre ba\u011flant\u0131lar\u0131 a\u00e7\u0131l\u0131r, bariyer i\u015flevi art\u0131k mevcut de\u011fildir ve zararl\u0131 maddeler kan dola\u015f\u0131m\u0131na engelsiz bir \u015fekilde girebilir. Ba\u011f\u0131\u015f\u0131kl\u0131k sistemi iltihapl\u0131 ve alerjik s\u00fcre\u00e7lerle tepki verir. Stres, sa\u011fl\u0131ks\u0131z beslenme, enfeksiyonlar veya s\u0131k antibiyotik kullan\u0131m\u0131 gibi fakt\u00f6rler \u201cs\u0131zd\u0131ran ba\u011f\u0131rsak\u201d sendromunu tetikleyebilir.<\/p><\/div>\n\t\t\t\t<\/div>\n\t\t\t\t\t\t\t<div class=\"elementor-toggle-item\">\n\t\t\t\t\t<h2 id=\"elementor-tab-title-35215\" class=\"elementor-tab-title\" data-tab=\"15\" role=\"button\" aria-controls=\"elementor-tab-content-35215\" aria-expanded=\"false\">\n\t\t\t\t\t\t\t\t\t\t\t\t<span class=\"elementor-toggle-icon elementor-toggle-icon-left\" aria-hidden=\"true\">\n\t\t\t\t\t\t\t\t\t\t\t\t\t\t\t<span class=\"elementor-toggle-icon-closed\"><i class=\"fas fa-caret-right\"><\/i><\/span>\n\t\t\t\t\t\t\t\t<span class=\"elementor-toggle-icon-opened\"><i class=\"elementor-toggle-icon-opened fas fa-caret-up\"><\/i><\/span>\n\t\t\t\t\t\t\t\t\t\t\t\t\t<\/span>\n\t\t\t\t\t\t\t\t\t\t\t\t<a class=\"elementor-toggle-title\" tabindex=\"0\">OMNi-BiOTiC\u00ae bakterilere ek olarak neden bu kadar \u00e7ok bile\u015fen i\u00e7eriyor?<\/a>\n\t\t\t\t\t<\/h2>\n\n\t\t\t\t\t<div id=\"elementor-tab-content-35215\" class=\"elementor-tab-content elementor-clearfix\" data-tab=\"15\" role=\"region\" aria-labelledby=\"elementor-tab-title-35215\"><p>FOS, GOS, in\u00fclin, enzimler, maltodekstrin, manganez s\u00fclfat vb. bakterileri besleyen ve rehidrasyon a\u015famas\u0131nda onlar\u0131 aktive eden matris bile\u015fenleridir.<br \/>Bu g\u0131da, bakterilerin \u00e7o\u011falma s\u00fcrecini ba\u015flatmak i\u00e7in ihtiya\u00e7 duydu\u011fu besin maddelerine tam olarak uyarlanm\u0131\u015ft\u0131r ve aktivasyon a\u015famalar\u0131 s\u0131ras\u0131nda mikroorganizmalar taraf\u0131ndan metabolize edilebilecek kadar azd\u0131r &#8211; bu bile\u015fenler bakteriler taraf\u0131ndan t\u00fcketildikleri i\u00e7in i\u00e7meye haz\u0131r \u00e7\u00f6zeltide art\u0131k pratik olarak bulunmazlar.<\/p><\/div>\n\t\t\t\t<\/div>\n\t\t\t\t\t\t\t<div class=\"elementor-toggle-item\">\n\t\t\t\t\t<h2 id=\"elementor-tab-title-35216\" class=\"elementor-tab-title\" data-tab=\"16\" role=\"button\" aria-controls=\"elementor-tab-content-35216\" aria-expanded=\"false\">\n\t\t\t\t\t\t\t\t\t\t\t\t<span class=\"elementor-toggle-icon elementor-toggle-icon-left\" aria-hidden=\"true\">\n\t\t\t\t\t\t\t\t\t\t\t\t\t\t\t<span class=\"elementor-toggle-icon-closed\"><i class=\"fas fa-caret-right\"><\/i><\/span>\n\t\t\t\t\t\t\t\t<span class=\"elementor-toggle-icon-opened\"><i class=\"elementor-toggle-icon-opened fas fa-caret-up\"><\/i><\/span>\n\t\t\t\t\t\t\t\t\t\t\t\t\t<\/span>\n\t\t\t\t\t\t\t\t\t\t\t\t<a class=\"elementor-toggle-title\" tabindex=\"0\">\u00c7ocuklar i\u00e7in dozaj nedir?<\/a>\n\t\t\t\t\t<\/h2>\n\n\t\t\t\t\t<div id=\"elementor-tab-content-35216\" class=\"elementor-tab-content elementor-clearfix\" data-tab=\"16\" role=\"region\" aria-labelledby=\"elementor-tab-title-35216\"><p>\u00dc\u00e7 ya\u015f\u0131na kadar olan \u00e7ocuklar i\u00e7in dozaj\u0131n yar\u0131s\u0131, yani g\u00fcnde 1 x \u00bd \u00f6l\u00e7\u00fc ka\u015f\u0131\u011f\u0131 veya \u00bd po\u015fet tamamen yeterlidir. Bu noktadan itibaren ba\u011f\u0131rsak bir yeti\u015fkinde oldu\u011fu gibi geli\u015fti\u011finden, 3 ya\u015f\u0131ndan itibaren \u00e7ocuklara yeti\u015fkin dozu verilir.<\/p><\/div>\n\t\t\t\t<\/div>\n\t\t\t\t\t\t\t<div class=\"elementor-toggle-item\">\n\t\t\t\t\t<h2 id=\"elementor-tab-title-35217\" class=\"elementor-tab-title\" data-tab=\"17\" role=\"button\" aria-controls=\"elementor-tab-content-35217\" aria-expanded=\"false\">\n\t\t\t\t\t\t\t\t\t\t\t\t<span class=\"elementor-toggle-icon elementor-toggle-icon-left\" aria-hidden=\"true\">\n\t\t\t\t\t\t\t\t\t\t\t\t\t\t\t<span class=\"elementor-toggle-icon-closed\"><i class=\"fas fa-caret-right\"><\/i><\/span>\n\t\t\t\t\t\t\t\t<span class=\"elementor-toggle-icon-opened\"><i class=\"elementor-toggle-icon-opened fas fa-caret-up\"><\/i><\/span>\n\t\t\t\t\t\t\t\t\t\t\t\t\t<\/span>\n\t\t\t\t\t\t\t\t\t\t\t\t<a class=\"elementor-toggle-title\" tabindex=\"0\">Her OMNi-BiOTiC\u00ae bir ya\u015f\u0131ndan k\u00fc\u00e7\u00fck bebekler i\u00e7in uygun mudur?<\/a>\n\t\t\t\t\t<\/h2>\n\n\t\t\t\t\t<div id=\"elementor-tab-content-35217\" class=\"elementor-tab-content elementor-clearfix\" data-tab=\"17\" role=\"region\" aria-labelledby=\"elementor-tab-title-35217\"><p>Prensip olarak OMNi-BiOTiC\u00ae&#8217;te kullan\u0131lan t\u00fcm bakteri t\u00fcrleri bebekler i\u00e7in de uygundur. Bununla birlikte, baz\u0131 bakteri t\u00fcrleri az miktarda D-laktat \u00fcretebilir ve bu da ya\u015fam\u0131n ilk y\u0131l\u0131ndaki bebeklerde \u015fi\u015fkinli\u011fe neden olabilir.<\/p><p>Kesinlikle g\u00fcvenli olmas\u0131 i\u00e7in, yeni do\u011fanlar\u0131n ve ya\u015fam\u0131n ilk y\u0131l\u0131ndaki bebeklerin ihtiya\u00e7lar\u0131 g\u00f6z \u00f6n\u00fcnde bulundurularak geli\u015ftirilen OMNi-BiOTiC\u00ae PANDA y\u0131 ya\u015fam\u0131n ilk y\u0131l\u0131ndaki bebekler i\u00e7in kullan\u0131n.<\/p><\/div>\n\t\t\t\t<\/div>\n\t\t\t\t\t\t\t<div class=\"elementor-toggle-item\">\n\t\t\t\t\t<h2 id=\"elementor-tab-title-35218\" class=\"elementor-tab-title\" data-tab=\"18\" role=\"button\" aria-controls=\"elementor-tab-content-35218\" aria-expanded=\"false\">\n\t\t\t\t\t\t\t\t\t\t\t\t<span class=\"elementor-toggle-icon elementor-toggle-icon-left\" aria-hidden=\"true\">\n\t\t\t\t\t\t\t\t\t\t\t\t\t\t\t<span class=\"elementor-toggle-icon-closed\"><i class=\"fas fa-caret-right\"><\/i><\/span>\n\t\t\t\t\t\t\t\t<span class=\"elementor-toggle-icon-opened\"><i class=\"elementor-toggle-icon-opened fas fa-caret-up\"><\/i><\/span>\n\t\t\t\t\t\t\t\t\t\t\t\t\t<\/span>\n\t\t\t\t\t\t\t\t\t\t\t\t<a class=\"elementor-toggle-title\" tabindex=\"0\">Bir sonda uygulamak m\u00fcmk\u00fcn m\u00fc ve neleri akl\u0131mda tutmam gerekiyor?<\/a>\n\t\t\t\t\t<\/h2>\n\n\t\t\t\t\t<div id=\"elementor-tab-content-35218\" class=\"elementor-tab-content elementor-clearfix\" data-tab=\"18\" role=\"region\" aria-labelledby=\"elementor-tab-title-35218\"><p>OMNi-BiOTiC\u00ae mide t\u00fcp\u00fc yoluyla sorunsuz bir \u015fekilde uygulanabilir; aktivasyon i\u00e7in s\u0131v\u0131 miktar\u0131 gerekti\u011fi gibi de\u011fi\u015ftirilebilir. Duodenal t\u00fcp yoluyla uygulama yaln\u0131zca sindirim sistemi tamamen sa\u011flamsa ger\u00e7ekle\u015ftirilebilir &#8211; yani ba\u011f\u0131rsak, safra kesesi, karaci\u011fer veya pankreas iltihab\u0131 olmamal\u0131d\u0131r.<\/p><\/div>\n\t\t\t\t<\/div>\n\t\t\t\t\t\t\t<div class=\"elementor-toggle-item\">\n\t\t\t\t\t<h2 id=\"elementor-tab-title-35219\" class=\"elementor-tab-title\" data-tab=\"19\" role=\"button\" aria-controls=\"elementor-tab-content-35219\" aria-expanded=\"false\">\n\t\t\t\t\t\t\t\t\t\t\t\t<span class=\"elementor-toggle-icon elementor-toggle-icon-left\" aria-hidden=\"true\">\n\t\t\t\t\t\t\t\t\t\t\t\t\t\t\t<span class=\"elementor-toggle-icon-closed\"><i class=\"fas fa-caret-right\"><\/i><\/span>\n\t\t\t\t\t\t\t\t<span class=\"elementor-toggle-icon-opened\"><i class=\"elementor-toggle-icon-opened fas fa-caret-up\"><\/i><\/span>\n\t\t\t\t\t\t\t\t\t\t\t\t\t<\/span>\n\t\t\t\t\t\t\t\t\t\t\t\t<a class=\"elementor-toggle-title\" tabindex=\"0\">OMNi-BiOTiC\u00ae CAT &amp; DOG sadece kedi ve k\u00f6pekler i\u00e7in mi yoksa di\u011fer hayvanlar i\u00e7in de kullan\u0131labilir mi?<\/a>\n\t\t\t\t\t<\/h2>\n\n\t\t\t\t\t<div id=\"elementor-tab-content-35219\" class=\"elementor-tab-content elementor-clearfix\" data-tab=\"19\" role=\"region\" aria-labelledby=\"elementor-tab-title-35219\"><p>OMNi-BiOTiC\u00ae CAT &amp; DOG, kedi ve k\u00f6pekler i\u00e7in resmi olarak izin verilen iki probiyotik bakteri su\u015fu i\u00e7erir. Bu iki su\u015f Avrupa Komisyonu taraf\u0131ndan di\u011fer hayvanlar i\u00e7in yetkilendirilmemi\u015ftir.<\/p><p>\u00c7iftlik hayvanlar\u0131 i\u00e7in ge\u00e7erli olan yasalar s\u0131kl\u0131kla uyguland\u0131\u011f\u0131 i\u00e7in buradaki kurallar \u00e7ok kat\u0131d\u0131r.<\/p><\/div>\n\t\t\t\t<\/div>\n\t\t\t\t\t\t\t<div class=\"elementor-toggle-item\">\n\t\t\t\t\t<h2 id=\"elementor-tab-title-35220\" class=\"elementor-tab-title\" data-tab=\"20\" role=\"button\" aria-controls=\"elementor-tab-content-35220\" aria-expanded=\"false\">\n\t\t\t\t\t\t\t\t\t\t\t\t<span class=\"elementor-toggle-icon elementor-toggle-icon-left\" aria-hidden=\"true\">\n\t\t\t\t\t\t\t\t\t\t\t\t\t\t\t<span class=\"elementor-toggle-icon-closed\"><i class=\"fas fa-caret-right\"><\/i><\/span>\n\t\t\t\t\t\t\t\t<span class=\"elementor-toggle-icon-opened\"><i class=\"elementor-toggle-icon-opened fas fa-caret-up\"><\/i><\/span>\n\t\t\t\t\t\t\t\t\t\t\t\t\t<\/span>\n\t\t\t\t\t\t\t\t\t\t\t\t<a class=\"elementor-toggle-title\" tabindex=\"0\">Ambalajlar\u0131m\u0131z (po\u015fetler) al\u00fcminyum i\u00e7eriyor mu?  <\/a>\n\t\t\t\t\t<\/h2>\n\n\t\t\t\t\t<div id=\"elementor-tab-content-35220\" class=\"elementor-tab-content elementor-clearfix\" data-tab=\"20\" role=\"region\" aria-labelledby=\"elementor-tab-title-35220\"><p>OMNi-BiOTiC\u00ae \u00fcr\u00fcnlerimizin \u00e7o\u011fu po\u015fetlerde paketlenmi\u015ftir. Bu po\u015fetler en y\u00fcksek farmas\u00f6tik ambalaj standard\u0131n\u0131 kullan\u0131r ve bu nedenle gerekli \u0131\u015f\u0131k ve \u0131s\u0131 korumas\u0131n\u0131 sa\u011flamak i\u00e7in al\u00fcminyum kullan\u0131r. Probiyotiklerin al\u00fcminyumla do\u011frudan temas etmemesini sa\u011flamak amac\u0131yla, bu dozaj formunda en y\u00fcksek kaliteyi sa\u011flamak i\u00e7in ek bir plastik kaplama kullan\u0131l\u0131r.<\/p><\/div>\n\t\t\t\t<\/div>\n\t\t\t\t\t\t\t<div class=\"elementor-toggle-item\">\n\t\t\t\t\t<h2 id=\"elementor-tab-title-35221\" class=\"elementor-tab-title\" data-tab=\"21\" role=\"button\" aria-controls=\"elementor-tab-content-35221\" aria-expanded=\"false\">\n\t\t\t\t\t\t\t\t\t\t\t\t<span class=\"elementor-toggle-icon elementor-toggle-icon-left\" aria-hidden=\"true\">\n\t\t\t\t\t\t\t\t\t\t\t\t\t\t\t<span class=\"elementor-toggle-icon-closed\"><i class=\"fas fa-caret-right\"><\/i><\/span>\n\t\t\t\t\t\t\t\t<span class=\"elementor-toggle-icon-opened\"><i class=\"elementor-toggle-icon-opened fas fa-caret-up\"><\/i><\/span>\n\t\t\t\t\t\t\t\t\t\t\t\t\t<\/span>\n\t\t\t\t\t\t\t\t\t\t\t\t<a class=\"elementor-toggle-title\" tabindex=\"0\">META-CARE\u00ae kaps\u00fclleri de a\u00e7\u0131labilir mi?<\/a>\n\t\t\t\t\t<\/h2>\n\n\t\t\t\t\t<div id=\"elementor-tab-content-35221\" class=\"elementor-tab-content elementor-clearfix\" data-tab=\"21\" role=\"region\" aria-labelledby=\"elementor-tab-title-35221\"><p>Genel olarak, META-CARE\u00ae kaps\u00fclleri a\u00e7\u0131labilir ve meyve suyu, yo\u011furt veya di\u011fer yiyeceklere kar\u0131\u015ft\u0131r\u0131labilir.<\/p><\/div>\n\t\t\t\t<\/div>\n\t\t\t\t\t\t\t<div class=\"elementor-toggle-item\">\n\t\t\t\t\t<h2 id=\"elementor-tab-title-35222\" class=\"elementor-tab-title\" data-tab=\"22\" role=\"button\" aria-controls=\"elementor-tab-content-35222\" aria-expanded=\"false\">\n\t\t\t\t\t\t\t\t\t\t\t\t<span class=\"elementor-toggle-icon elementor-toggle-icon-left\" aria-hidden=\"true\">\n\t\t\t\t\t\t\t\t\t\t\t\t\t\t\t<span class=\"elementor-toggle-icon-closed\"><i class=\"fas fa-caret-right\"><\/i><\/span>\n\t\t\t\t\t\t\t\t<span class=\"elementor-toggle-icon-opened\"><i class=\"elementor-toggle-icon-opened fas fa-caret-up\"><\/i><\/span>\n\t\t\t\t\t\t\t\t\t\t\t\t\t<\/span>\n\t\t\t\t\t\t\t\t\t\t\t\t<a class=\"elementor-toggle-title\" tabindex=\"0\">Hangi OMNi-BiOTiC\u00ae benim i\u00e7in do\u011fru?<\/a>\n\t\t\t\t\t<\/h2>\n\n\t\t\t\t\t<div id=\"elementor-tab-content-35222\" class=\"elementor-tab-content elementor-clearfix\" data-tab=\"22\" role=\"region\" aria-labelledby=\"elementor-tab-title-35222\"><p>Sizin i\u00e7in en uygun OMNi-BiOTiC\u00ae \u00fcr\u00fcn\u00fcn\u00fc ararken size tavsiyelerde bulunmaktan mutluluk duyaca\u011f\u0131z. OMNi-BiOTiC SCAN\u00ae \u00fcr\u00fcn\u00fcm\u00fcz\u00fc de kullanabilirsiniz! Bu mikrobiyom analizi, mikrobiyal toplulu\u011funuzun kapsaml\u0131 bir resmini elde etmek i\u00e7in ba\u011f\u0131rsak floras\u0131n\u0131n hassas bir \u015fekilde kaydedilmesini sa\u011flar.<\/p><\/div>\n\t\t\t\t<\/div>\n\t\t\t\t\t\t\t\t<\/div>\n\t\t\t\t\t\t<\/div>\n\t\t\t\t<\/div>\n\t\t\t\t\t<\/div>\n\t\t\t\t<\/div>\n\t\t\t\t\t<\/div>\n\t\t\t\t<\/div>\n\t\t\t\t<\/div>\n\t\t","protected":false},"excerpt":{"rendered":"<p>SSS Burada \u00fcr\u00fcnlerimiz hakk\u0131nda en s\u0131k sorulan sorular\u0131 yan\u0131tl\u0131yoruz! Home OMNi-BiOTiC\u00ae sadece suda \u00e7\u00f6z\u00fclebilir mi? Su, pH de\u011feri nedeniyle dondurularak kurutulmu\u015f bakterileri aktive etmek i\u00e7in idealdir. Bununla birlikte, s\u00fct, yo\u011furt, kakao, \u00e7ay ve hatta krem peynir ve yulaf lapas\u0131 da OMNi-BiOTiC\u00ae\u2019in rehidrasyonu i\u00e7in uygundur. L\u00fctfen genel olarak \u015funu unutmay\u0131n: OMNi-BiOTiC\u00ae \u201ai i\u00e7inde \u00e7\u00f6zd\u00fc\u011f\u00fcn\u00fcz s\u0131v\u0131, 40\u00b0 [&hellip;]<\/p>\n","protected":false},"author":7,"featured_media":0,"parent":0,"menu_order":0,"comment_status":"closed","ping_status":"closed","template":"","meta":{"_acf_changed":false,"inline_featured_image":false,"footnotes":""},"class_list":["post-18864","page","type-page","status-publish","hentry"],"acf":[],"_links":{"self":[{"href":"https:\/\/www.omni-biotic.com\/tr-tr\/wp-json\/wp\/v2\/pages\/18864","targetHints":{"allow":["GET"]}}],"collection":[{"href":"https:\/\/www.omni-biotic.com\/tr-tr\/wp-json\/wp\/v2\/pages"}],"about":[{"href":"https:\/\/www.omni-biotic.com\/tr-tr\/wp-json\/wp\/v2\/types\/page"}],"author":[{"embeddable":true,"href":"https:\/\/www.omni-biotic.com\/tr-tr\/wp-json\/wp\/v2\/users\/7"}],"replies":[{"embeddable":true,"href":"https:\/\/www.omni-biotic.com\/tr-tr\/wp-json\/wp\/v2\/comments?post=18864"}],"version-history":[{"count":7,"href":"https:\/\/www.omni-biotic.com\/tr-tr\/wp-json\/wp\/v2\/pages\/18864\/revisions"}],"predecessor-version":[{"id":19219,"href":"https:\/\/www.omni-biotic.com\/tr-tr\/wp-json\/wp\/v2\/pages\/18864\/revisions\/19219"}],"wp:attachment":[{"href":"https:\/\/www.omni-biotic.com\/tr-tr\/wp-json\/wp\/v2\/media?parent=18864"}],"curies":[{"name":"wp","href":"https:\/\/api.w.org\/{rel}","templated":true}]}}