{"id":69,"date":"2022-03-07T10:07:27","date_gmt":"2022-03-07T09:07:27","guid":{"rendered":"https:\/\/www.omni-biotic.com\/ueber-uns\/institut-allergosan\/"},"modified":"2025-07-02T17:04:30","modified_gmt":"2025-07-02T15:04:30","slug":"institut-allergosan","status":"publish","type":"page","link":"https:\/\/www.omni-biotic.com\/tr-tr\/hakkimizda\/institut-allergosan\/","title":{"rendered":"Institut AllergoSan"},"content":{"rendered":"\t\t<div data-elementor-type=\"wp-page\" data-elementor-id=\"69\" class=\"elementor elementor-69\" data-elementor-post-type=\"page\">\n\t\t\t\t<div class=\"elementor-element elementor-element-1877346 e-con-full obcs none e-flex e-con e-parent\" data-id=\"1877346\" data-element_type=\"container\" data-settings=\"{&quot;background_background&quot;:&quot;gradient&quot;,&quot;shape_divider_bottom&quot;:&quot;waves&quot;}\">\n\t\t\t\t<div class=\"elementor-shape elementor-shape-bottom\" aria-hidden=\"true\" data-negative=\"false\">\n\t\t\t<svg xmlns=\"http:\/\/www.w3.org\/2000\/svg\" viewBox=\"0 0 1000 100\" preserveAspectRatio=\"none\">\n\t<path class=\"elementor-shape-fill\" d=\"M421.9,6.5c22.6-2.5,51.5,0.4,75.5,5.3c23.6,4.9,70.9,23.5,100.5,35.7c75.8,32.2,133.7,44.5,192.6,49.7\n\tc23.6,2.1,48.7,3.5,103.4-2.5c54.7-6,106.2-25.6,106.2-25.6V0H0v30.3c0,0,72,32.6,158.4,30.5c39.2-0.7,92.8-6.7,134-22.4\n\tc21.2-8.1,52.2-18.2,79.7-24.2C399.3,7.9,411.6,7.5,421.9,6.5z\"\/>\n<\/svg>\t\t<\/div>\n\t\t\t\t<div class=\"elementor-element elementor-element-7bda6d6 elementor-absolute elementor-hidden-mobile elementor-align-center elementor-widget elementor-widget-lottie\" data-id=\"7bda6d6\" data-element_type=\"widget\" data-settings=\"{&quot;source_json&quot;:{&quot;url&quot;:&quot;https:\\\/\\\/www.omni-biotic.com\\\/en-eu\\\/wp-content\\\/uploads\\\/sites\\\/3\\\/2022\\\/08\\\/lf30_editor_s5uwdgjh.json&quot;,&quot;id&quot;:&quot;7733&quot;,&quot;size&quot;:&quot;&quot;,&quot;alt&quot;:&quot;&quot;,&quot;source&quot;:&quot;library&quot;},&quot;loop&quot;:&quot;yes&quot;,&quot;play_speed&quot;:{&quot;unit&quot;:&quot;px&quot;,&quot;size&quot;:&quot;0.3&quot;,&quot;sizes&quot;:[]},&quot;_position&quot;:&quot;absolute&quot;,&quot;source&quot;:&quot;media_file&quot;,&quot;caption_source&quot;:&quot;none&quot;,&quot;link_to&quot;:&quot;none&quot;,&quot;trigger&quot;:&quot;arriving_to_viewport&quot;,&quot;viewport&quot;:{&quot;unit&quot;:&quot;%&quot;,&quot;size&quot;:&quot;&quot;,&quot;sizes&quot;:{&quot;start&quot;:0,&quot;end&quot;:100}},&quot;start_point&quot;:{&quot;unit&quot;:&quot;%&quot;,&quot;size&quot;:0,&quot;sizes&quot;:[]},&quot;end_point&quot;:{&quot;unit&quot;:&quot;%&quot;,&quot;size&quot;:100,&quot;sizes&quot;:[]},&quot;renderer&quot;:&quot;svg&quot;}\" data-widget_type=\"lottie.default\">\n\t\t\t\t<div class=\"elementor-widget-container\">\n\t\t\t\t\t<div class=\"e-lottie__container\"><div class=\"e-lottie__animation\"><\/div><\/div>\t\t\t\t<\/div>\n\t\t\t\t<\/div>\n\t\t<div class=\"elementor-element elementor-element-e671630 e-con-full obcs yellow e-flex e-con e-child\" data-id=\"e671630\" data-element_type=\"container\" data-settings=\"{&quot;background_background&quot;:&quot;gradient&quot;}\">\n\t\t\t\t<div class=\"elementor-element elementor-element-a729547 elementor-widget elementor-widget-heading\" data-id=\"a729547\" data-element_type=\"widget\" data-widget_type=\"heading.default\">\n\t\t\t\t<div class=\"elementor-widget-container\">\n\t\t\t\t\t<h1 class=\"elementor-heading-title elementor-size-default\">Institut AllergoSan<\/h1>\t\t\t\t<\/div>\n\t\t\t\t<\/div>\n\t\t\t\t<div class=\"elementor-element elementor-element-09c81c9 elementor-widget-divider--view-line elementor-widget elementor-widget-divider\" data-id=\"09c81c9\" data-element_type=\"widget\" data-widget_type=\"divider.default\">\n\t\t\t\t<div class=\"elementor-widget-container\">\n\t\t\t\t\t\t\t<div class=\"elementor-divider\">\n\t\t\t<span class=\"elementor-divider-separator\">\n\t\t\t\t\t\t<\/span>\n\t\t<\/div>\n\t\t\t\t\t\t<\/div>\n\t\t\t\t<\/div>\n\t\t\t\t<div class=\"elementor-element elementor-element-47b4704 elementor-widget elementor-widget-text-editor\" data-id=\"47b4704\" data-element_type=\"widget\" data-widget_type=\"text-editor.default\">\n\t\t\t\t<div class=\"elementor-widget-container\">\n\t\t\t\t\t\t\t\t\t<p>Merkezi Graz&#8217;da (Avusturya) bulunan<strong> Institut Allergosan<\/strong> Ocak 1991&#8217;de kurulmu\u015ftur. <strong>30 y\u0131ld\u0131r probiyotik bakteriler<\/strong>, bitki \u00f6zleri ve mineraller de dahil olmak \u00fczere do\u011fal maddelerden \u00fcretilen \u00fcr\u00fcnlerin ara\u015ft\u0131r\u0131lmas\u0131 ve geli\u015ftirilmesinde \u00f6n saflarda yer almaktad\u0131r. T\u0131p, biyoloji, farmakoloji ve biyokimya alanlar\u0131ndan uluslararas\u0131 \u00fcne sahip ara\u015ft\u0131rmac\u0131larla yak\u0131n i\u015fbirli\u011fimiz sayesinde, do\u011fal t\u0131p alan\u0131nda tan\u0131nm\u0131\u015f bir ara\u015ft\u0131rma ve <strong>m\u00fckemmeliyet merkezi<\/strong> olu\u015fturmay\u0131 ba\u015fard\u0131k.<\/p>\t\t\t\t\t\t\t\t<\/div>\n\t\t\t\t<\/div>\n\t\t\t\t<\/div>\n\t\t\t\t<\/div>\n\t\t<div class=\"elementor-element elementor-element-93983e6 obcs none e-flex e-con-boxed e-con e-parent\" data-id=\"93983e6\" data-element_type=\"container\">\n\t\t\t\t\t<div class=\"e-con-inner\">\n\t\t<div class=\"elementor-element elementor-element-635d9e2 obcs none e-flex e-con-boxed e-con e-child\" data-id=\"635d9e2\" data-element_type=\"container\">\n\t\t\t\t\t<div class=\"e-con-inner\">\n\t\t<div class=\"elementor-element elementor-element-4165236 e-con-full obcs none e-flex e-con e-child\" data-id=\"4165236\" data-element_type=\"container\">\n\t\t\t\t<div class=\"elementor-element elementor-element-679b928 elementor-align-left elementor-widget__width-initial elementor-widget elementor-widget-breadcrumbs\" data-id=\"679b928\" data-element_type=\"widget\" data-widget_type=\"breadcrumbs.default\">\n\t\t\t\t<div class=\"elementor-widget-container\">\n\t\t\t\t\t<span><span class=\"last\">Home<\/span><\/span>\t\t\t\t<\/div>\n\t\t\t\t<\/div>\n\t\t\t\t<\/div>\n\t\t<div class=\"elementor-element elementor-element-514536e e-con-full obcs none e-flex e-con e-child\" data-id=\"514536e\" data-element_type=\"container\">\n\t\t\t\t<div class=\"elementor-element elementor-element-66a174a elementor-toc--minimized-on-desktop elementor-widget elementor-widget-table-of-contents\" data-id=\"66a174a\" data-element_type=\"widget\" data-settings=\"{&quot;exclude_headings_by_selector&quot;:[],&quot;minimized_on&quot;:&quot;desktop&quot;,&quot;_animation&quot;:&quot;none&quot;,&quot;no_headings_message&quot;:&quot;No headings were found on this page.&quot;,&quot;headings_by_tags&quot;:[&quot;h2&quot;,&quot;h3&quot;,&quot;h4&quot;,&quot;h5&quot;,&quot;h6&quot;],&quot;marker_view&quot;:&quot;numbers&quot;,&quot;minimize_box&quot;:&quot;yes&quot;,&quot;hierarchical_view&quot;:&quot;yes&quot;,&quot;min_height&quot;:{&quot;unit&quot;:&quot;px&quot;,&quot;size&quot;:&quot;&quot;,&quot;sizes&quot;:[]},&quot;min_height_tablet&quot;:{&quot;unit&quot;:&quot;px&quot;,&quot;size&quot;:&quot;&quot;,&quot;sizes&quot;:[]},&quot;min_height_mobile&quot;:{&quot;unit&quot;:&quot;px&quot;,&quot;size&quot;:&quot;&quot;,&quot;sizes&quot;:[]}}\" data-widget_type=\"table-of-contents.default\">\n\t\t\t\t<div class=\"elementor-widget-container\">\n\t\t\t\t\t\t\t\t\t<div class=\"elementor-toc__header\">\n\t\t\t\t\t\t<h4 class=\"elementor-toc__header-title\">\n\t\t\t\tContents\t\t\t<\/h4>\n\t\t\t\t\t\t\t\t\t\t<div class=\"elementor-toc__toggle-button elementor-toc__toggle-button--expand\" role=\"button\" tabindex=\"0\" aria-controls=\"elementor-toc__66a174a\" aria-expanded=\"true\" aria-label=\"Open table of contents\"><i aria-hidden=\"true\" class=\"fas fa-chevron-down\"><\/i><\/div>\n\t\t\t\t<div class=\"elementor-toc__toggle-button elementor-toc__toggle-button--collapse\" role=\"button\" tabindex=\"0\" aria-controls=\"elementor-toc__66a174a\" aria-expanded=\"true\" aria-label=\"Close table of contents\"><i aria-hidden=\"true\" class=\"fas fa-chevron-up\"><\/i><\/div>\n\t\t\t\t\t<\/div>\n\t\t\t\t<div id=\"elementor-toc__66a174a\" class=\"elementor-toc__body\">\n\t\t\t<div class=\"elementor-toc__spinner-container\">\n\t\t\t\t<i class=\"elementor-toc__spinner eicon-animation-spin eicon-loading\" aria-hidden=\"true\"><\/i>\t\t\t<\/div>\n\t\t<\/div>\n\t\t\t\t\t\t<\/div>\n\t\t\t\t<\/div>\n\t\t\t\t<\/div>\n\t\t\t\t\t<\/div>\n\t\t\t\t<\/div>\n\t\t\t\t\t<\/div>\n\t\t\t\t<\/div>\n\t\t<div class=\"elementor-element elementor-element-f12c02f obcs magenta e-flex e-con-boxed e-con e-parent\" data-id=\"f12c02f\" data-element_type=\"container\">\n\t\t\t\t\t<div class=\"e-con-inner\">\n\t\t<div class=\"elementor-element elementor-element-4b9476b e-con-full obcs magenta e-flex e-con e-child\" data-id=\"4b9476b\" data-element_type=\"container\">\n\t\t\t\t<div class=\"elementor-element elementor-element-cdaa4ee e-transform elementor-widget elementor-widget-image\" data-id=\"cdaa4ee\" data-element_type=\"widget\" data-settings=\"{&quot;_transform_rotateZ_effect&quot;:{&quot;unit&quot;:&quot;px&quot;,&quot;size&quot;:&quot;0&quot;,&quot;sizes&quot;:[]},&quot;_transform_rotate_3d&quot;:&quot;yes&quot;,&quot;_transform_rotateX_effect&quot;:{&quot;unit&quot;:&quot;px&quot;,&quot;size&quot;:&quot;0&quot;,&quot;sizes&quot;:[]},&quot;_transform_rotateY_effect&quot;:{&quot;unit&quot;:&quot;px&quot;,&quot;size&quot;:&quot;4&quot;,&quot;sizes&quot;:[]},&quot;_transform_perspective_effect&quot;:{&quot;unit&quot;:&quot;px&quot;,&quot;size&quot;:&quot;650&quot;,&quot;sizes&quot;:[]},&quot;_transform_rotateZ_effect_tablet&quot;:{&quot;unit&quot;:&quot;deg&quot;,&quot;size&quot;:&quot;&quot;,&quot;sizes&quot;:[]},&quot;_transform_rotateZ_effect_mobile&quot;:{&quot;unit&quot;:&quot;deg&quot;,&quot;size&quot;:&quot;&quot;,&quot;sizes&quot;:[]},&quot;_transform_rotateX_effect_tablet&quot;:{&quot;unit&quot;:&quot;deg&quot;,&quot;size&quot;:&quot;&quot;,&quot;sizes&quot;:[]},&quot;_transform_rotateX_effect_mobile&quot;:{&quot;unit&quot;:&quot;deg&quot;,&quot;size&quot;:&quot;&quot;,&quot;sizes&quot;:[]},&quot;_transform_rotateY_effect_tablet&quot;:{&quot;unit&quot;:&quot;deg&quot;,&quot;size&quot;:&quot;&quot;,&quot;sizes&quot;:[]},&quot;_transform_rotateY_effect_mobile&quot;:{&quot;unit&quot;:&quot;deg&quot;,&quot;size&quot;:&quot;&quot;,&quot;sizes&quot;:[]},&quot;_transform_perspective_effect_tablet&quot;:{&quot;unit&quot;:&quot;px&quot;,&quot;size&quot;:&quot;&quot;,&quot;sizes&quot;:[]},&quot;_transform_perspective_effect_mobile&quot;:{&quot;unit&quot;:&quot;px&quot;,&quot;size&quot;:&quot;&quot;,&quot;sizes&quot;:[]}}\" data-widget_type=\"image.default\">\n\t\t\t\t<div class=\"elementor-widget-container\">\n\t\t\t\t\t\t\t\t\t\t\t\t\t\t\t<img fetchpriority=\"high\" decoding=\"async\" width=\"768\" height=\"768\" src=\"https:\/\/www.omni-biotic.com\/tr-tr\/wp-content\/uploads\/sites\/15\/2023\/07\/institut-allergosan-probiotics-graz.jpg\" class=\"attachment-large size-large wp-image-15852\" alt=\"institut allergosan probiotics graz\" srcset=\"https:\/\/www.omni-biotic.com\/tr-tr\/wp-content\/uploads\/sites\/15\/2023\/07\/institut-allergosan-probiotics-graz.jpg 768w, https:\/\/www.omni-biotic.com\/tr-tr\/wp-content\/uploads\/sites\/15\/2023\/07\/institut-allergosan-probiotics-graz-300x300.jpg 300w, https:\/\/www.omni-biotic.com\/tr-tr\/wp-content\/uploads\/sites\/15\/2023\/07\/institut-allergosan-probiotics-graz-150x150.jpg 150w\" sizes=\"(max-width: 768px) 100vw, 768px\" title=\"\">\t\t\t\t\t\t\t\t\t\t\t\t\t\t\t<\/div>\n\t\t\t\t<\/div>\n\t\t\t\t<\/div>\n\t\t<div class=\"elementor-element elementor-element-7db9d3f e-con-full obcs none e-flex e-con e-child\" data-id=\"7db9d3f\" data-element_type=\"container\">\n\t\t\t\t<div class=\"elementor-element elementor-element-4f0a33f elementor-widget elementor-widget-heading\" data-id=\"4f0a33f\" data-element_type=\"widget\" data-widget_type=\"heading.default\">\n\t\t\t\t<div class=\"elementor-widget-container\">\n\t\t\t\t\t<h2 class=\"elementor-heading-title elementor-size-default\">Felsefe<\/h2>\t\t\t\t<\/div>\n\t\t\t\t<\/div>\n\t\t\t\t<div class=\"elementor-element elementor-element-f4e9b18 elementor-widget elementor-widget-text-editor\" data-id=\"f4e9b18\" data-element_type=\"widget\" data-widget_type=\"text-editor.default\">\n\t\t\t\t<div class=\"elementor-widget-container\">\n\t\t\t\t\t\t\t\t\t<p>Institut Allergosan, sorunlar ortaya \u00e7\u0131kmadan \u00f6nce sa\u011fl\u0131\u011f\u0131m\u0131z\u0131n temellerini g\u00fc\u00e7lendirmeyi ama\u00e7layan ve do\u011fan\u0131n sunduklar\u0131n\u0131 kullanan b\u00fct\u00fcnsel bir yakla\u015f\u0131m benimsemektedir.<\/p><p>Odak noktam\u0131z, insan sa\u011fl\u0131\u011f\u0131na adanm\u0131\u015f bilimsel yenilikleri m\u00fc\u015fterilerimize sunmakt\u0131r. Amac\u0131m\u0131z, bilimsel yenilikleri kullan\u0131c\u0131 g\u00fcvenli\u011fi ile birle\u015ftirerek karma\u015f\u0131k sa\u011fl\u0131k sorunlar\u0131 i\u00e7in en uygun \u00e7\u00f6z\u00fcmleri bulmakt\u0131r.<\/p><p>&#8220;Amac\u0131m\u0131z, sa\u011fl\u0131\u011f\u0131n yeniden kazan\u0131lmas\u0131 s\u00fcrecinde do\u011fadan yararlanarak insanl\u0131\u011fa adanm\u0131\u015f bilimsel yenilikler geli\u015ftirmektir.&#8221;<\/p>\t\t\t\t\t\t\t\t<\/div>\n\t\t\t\t<\/div>\n\t\t\t\t<div class=\"elementor-element elementor-element-e79af56 elementor-widget elementor-widget-heading\" data-id=\"e79af56\" data-element_type=\"widget\" data-widget_type=\"heading.default\">\n\t\t\t\t<div class=\"elementor-widget-container\">\n\t\t\t\t\t<h2 class=\"elementor-heading-title elementor-size-default\">Vizyon<\/h2>\t\t\t\t<\/div>\n\t\t\t\t<\/div>\n\t\t\t\t<div class=\"elementor-element elementor-element-e481b2a elementor-widget elementor-widget-text-editor\" data-id=\"e481b2a\" data-element_type=\"widget\" data-widget_type=\"text-editor.default\">\n\t\t\t\t<div class=\"elementor-widget-container\">\n\t\t\t\t\t\t\t\t\t<p>Bir g\u00fcn hastal\u0131klar\u0131n ve ruhsal ac\u0131lar\u0131n \u00e7o\u011funun do\u011fal yollarla ve zaman\u0131nda m\u00fcdahalelerle \u00f6nlenebilece\u011fine inan\u0131yoruz. O zaman, kimyasal ila\u00e7lar\u0131 sadece a\u011f\u0131r hastalar i\u00e7in ger\u00e7ekten gerekli oldu\u011fu durumlarda kullanaca\u011f\u0131z. Buna ek olarak, tedavi herkes i\u00e7in eri\u015filebilir olacak ve biri zenginler di\u011feri yoksullar i\u00e7in olmak \u00fczere s\u0131n\u0131flara ayr\u0131lm\u0131\u015f bir sa\u011fl\u0131k sistemine sahip olmaktan korkmam\u0131za gerek kalmayacak.<\/p><p><strong>Bu vizyonun temelinde sa\u011fl\u0131kl\u0131 bir ba\u011f\u0131rsak yatmaktad\u0131r. Gelecek probiyotik ila\u00e7lara ait.<\/strong><\/p>\t\t\t\t\t\t\t\t<\/div>\n\t\t\t\t<\/div>\n\t\t\t\t<\/div>\n\t\t\t\t\t<\/div>\n\t\t\t\t<\/div>\n\t\t<div class=\"elementor-element elementor-element-455685f obcs none e-flex e-con-boxed e-con e-parent\" data-id=\"455685f\" data-element_type=\"container\">\n\t\t\t\t\t<div class=\"e-con-inner\">\n\t\t<div class=\"elementor-element elementor-element-2f5a773 e-con-full obcs none e-flex e-con e-child\" data-id=\"2f5a773\" data-element_type=\"container\">\n\t\t\t\t<div class=\"elementor-element elementor-element-6156981 elementor-widget elementor-widget-heading\" data-id=\"6156981\" data-element_type=\"widget\" data-widget_type=\"heading.default\">\n\t\t\t\t<div class=\"elementor-widget-container\">\n\t\t\t\t\t<h2 class=\"elementor-heading-title elementor-size-default\">\u015eirket ge\u00e7mi\u015fi<\/h2>\t\t\t\t<\/div>\n\t\t\t\t<\/div>\n\t\t\t\t<div class=\"elementor-element elementor-element-aa25c0d elementor-widget elementor-widget-heading\" data-id=\"aa25c0d\" data-element_type=\"widget\" data-widget_type=\"heading.default\">\n\t\t\t\t<div class=\"elementor-widget-container\">\n\t\t\t\t\t<h3 class=\"elementor-heading-title elementor-size-default\">Her \u015fey nas\u0131l ba\u015flad\u0131...<\/h3>\t\t\t\t<\/div>\n\t\t\t\t<\/div>\n\t\t\t\t<div class=\"elementor-element elementor-element-af2d286 elementor-widget elementor-widget-text-editor\" data-id=\"af2d286\" data-element_type=\"widget\" data-widget_type=\"text-editor.default\">\n\t\t\t\t<div class=\"elementor-widget-container\">\n\t\t\t\t\t\t\t\t\t<p>Bir g\u00fcn hastal\u0131klar\u0131n ve ruhsal ac\u0131lar\u0131n \u00e7o\u011funun do\u011fal yollarla ve zaman\u0131nda m\u00fcdahalelerle \u00f6nlenebilece\u011fine inan\u0131yoruz. O zaman, kimyasal ila\u00e7lar\u0131 sadece a\u011f\u0131r hastalar i\u00e7in ger\u00e7ekten gerekli oldu\u011fu durumlarda kullanaca\u011f\u0131z. Buna ek olarak, tedavi herkes i\u00e7in eri\u015filebilir olacak ve biri zenginler di\u011feri yoksullar i\u00e7in olmak \u00fczere s\u0131n\u0131flara ayr\u0131lm\u0131\u015f bir sa\u011fl\u0131k sistemine sahip olmaktan korkmam\u0131za gerek kalmayacak.<\/p><p>1992 y\u0131l\u0131nda Anita Frauwallner, Institut AllergoSan&#8217;\u0131n y\u00f6netimini devrald\u0131 ve bir ki\u015finin sa\u011fl\u0131\u011f\u0131n\u0131n temelde sa\u011fl\u0131kl\u0131 bir sindirim sistemine ba\u011fl\u0131 oldu\u011fu hipotezine dayanan b\u00fct\u00fcnsel bir t\u0131bbi yakla\u015f\u0131m\u0131 uygulamaya koydu. Hen\u00fcz 1993 y\u0131l\u0131nda, alerjen i\u00e7ermeyen ve ortomolek\u00fcler g\u0131dalarla birlikte ilk probiyotiklerimizi piyasaya s\u00fcrd\u00fck.<\/p>\t\t\t\t\t\t\t\t<\/div>\n\t\t\t\t<\/div>\n\t\t\t\t<div class=\"elementor-element elementor-element-a589911 elementor-widget elementor-widget-heading\" data-id=\"a589911\" data-element_type=\"widget\" data-widget_type=\"heading.default\">\n\t\t\t\t<div class=\"elementor-widget-container\">\n\t\t\t\t\t<h3 class=\"elementor-heading-title elementor-size-default\">Takip eden y\u0131llarda...<\/h3>\t\t\t\t<\/div>\n\t\t\t\t<\/div>\n\t\t\t\t<div class=\"elementor-element elementor-element-eb1a534 elementor-widget elementor-widget-text-editor\" data-id=\"eb1a534\" data-element_type=\"widget\" data-widget_type=\"text-editor.default\">\n\t\t\t\t<div class=\"elementor-widget-container\">\n\t\t\t\t\t\t\t\t\t<p>Institut Allergosan, n\u00f6rodermatit ve sedef hastal\u0131\u011f\u0131na y\u00f6nelik JAVACELL cilt bak\u0131m serisi ile kayda de\u011fer bir ba\u015far\u0131 elde etmi\u015ftir. Frauwallner&#8217;lar\u0131n Graz&#8217;daki eczanelerinde m\u00fc\u015fterilerle kurduklar\u0131 yo\u011fun temas, b\u00fct\u00fcnsel bir sa\u011fl\u0131k konseptinin -i\u00e7sel ve d\u0131\u015fsal- onlarca y\u0131ld\u0131r ac\u0131 \u00e7ekenlerin bile yeniden normal bir ya\u015fam s\u00fcrmelerine nas\u0131l yard\u0131mc\u0131 olabilece\u011fini ayr\u0131nt\u0131l\u0131 olarak g\u00f6zlemlemelerini sa\u011flad\u0131.<\/p><p>Anita Frauwallner, 2001 y\u0131l\u0131n\u0131n sonunda eczanesini satt\u0131ktan sonra Institut Allergosan&#8217;daki ara\u015ft\u0131rma \u00e7al\u0131\u015fmalar\u0131na giderek daha fazla odakland\u0131. Probiyotik g\u0131da takviyeleri, bitkilerin g\u00fcc\u00fc ve ortomolek\u00fcler vitamin ve minerallerle birle\u015ferek ba\u015far\u0131 i\u00e7in bir re\u00e7ete haline gelmi\u015ftir. Avusturya&#8217;da ve yurtd\u0131\u015f\u0131nda \u00e7e\u015fitli \u00fcniversitelerde ge\u00e7irdi\u011fi y\u0131llar\u0131n ard\u0131ndan 2006 y\u0131l\u0131nda y\u00f6netime kat\u0131lan Bernd Assinger, Institut Allergosan&#8217;\u0131n ba\u015far\u0131s\u0131na yeni bir dinamizm katm\u0131\u015ft\u0131r.<\/p><p>Institut Allergosan, s\u00fcrekli e\u011fitim ve pozitif bir ekip ruhuyla \u015firketin \u00fcr\u00fcnleriyle ilgilenen herkese yetkin destek sa\u011flayan deneyimli ve yeni personelden olu\u015fan g\u00fc\u00e7l\u00fc omurgas\u0131 sayesinde gelece\u011fe en y\u00fcksek motivasyonla bakabilmektedir.<\/p><p><strong>Yenilenme ve \u00f6nlemeye y\u00f6nelik biyolojik t\u0131bb\u0131n geli\u015ftirilmesine odaklanan bir gelecek bizi bekliyor.<\/strong><\/p>\t\t\t\t\t\t\t\t<\/div>\n\t\t\t\t<\/div>\n\t\t\t\t<\/div>\n\t\t\t\t\t<\/div>\n\t\t\t\t<\/div>\n\t\t<div class=\"elementor-element elementor-element-d9a2d82 obcs green e-flex e-con-boxed e-con e-parent\" data-id=\"d9a2d82\" data-element_type=\"container\">\n\t\t\t\t\t<div class=\"e-con-inner\">\n\t\t<div class=\"elementor-element elementor-element-387f946 e-con-full obcs none e-flex e-con e-child\" data-id=\"387f946\" data-element_type=\"container\">\n\t\t\t\t<div class=\"elementor-element elementor-element-7441852 elementor-widget elementor-widget-heading\" data-id=\"7441852\" data-element_type=\"widget\" data-widget_type=\"heading.default\">\n\t\t\t\t<div class=\"elementor-widget-container\">\n\t\t\t\t\t<h2 class=\"elementor-heading-title elementor-size-default\">Ara\u015ft\u0131rma<\/h2>\t\t\t\t<\/div>\n\t\t\t\t<\/div>\n\t\t\t\t<div class=\"elementor-element elementor-element-1eaab0a elementor-widget elementor-widget-text-editor\" data-id=\"1eaab0a\" data-element_type=\"widget\" data-widget_type=\"text-editor.default\">\n\t\t\t\t<div class=\"elementor-widget-container\">\n\t\t\t\t\t\t\t\t\t<p>Institut AllergoSan, 20 y\u0131l\u0131 a\u015fk\u0131n bir s\u00fcredir ba\u011f\u0131rsak sa\u011fl\u0131\u011f\u0131 konusunda uluslararas\u0131 doktorlar ve bilim insanlar\u0131yla i\u015fbirli\u011fi yaparak bu konuda \u00e7ok say\u0131da destekleyici \u00e7al\u0131\u015fma y\u00fcr\u00fctmektedir. Geleneksel \u00c7in t\u0131bb\u0131, Ayurveda veya Hildegard von Bingen&#8217;in \u00f6\u011fretileri gibi b\u00fct\u00fcnsel \u015fifa uygulamalar\u0131ndan elde edilen bilgiler yeniden ke\u015ffedilmi\u015f ve ara\u015ft\u0131rma bulgular\u0131nda bilimsel olarak do\u011frulanm\u0131\u015ft\u0131r. Antibiyoti\u011fe ba\u011fl\u0131 ishalin tedavisinde t\u0131bbi a\u00e7\u0131dan uygun probiyotiklerin kullan\u0131m\u0131 bir s\u00fcredir bilinmektedir ve Institut AllergoSan&#8217;\u0131n \u00fcr\u00fcnleri 2008 y\u0131l\u0131nda American Journal of Gastroenterology&#8217;de yay\u0131nlanan kapsaml\u0131 bir yay\u0131nla t\u0131p camias\u0131 taraf\u0131ndan geni\u015f \u00e7apta kabul g\u00f6rm\u00fc\u015ft\u00fcr.<\/p><p>G\u00fcn\u00fcm\u00fczde obezite veya stres kaynakl\u0131 depresyon gibi tipik \u201cya\u015fam tarz\u0131 hastal\u0131klar\u0131ndan\u201d muzdarip insanlar i\u00e7in yeni tedavi yakla\u015f\u0131mlar\u0131 sunabilecek ara\u015ft\u0131rmalar \u00f6zellikle \u00f6nemlidir.<\/p>\t\t\t\t\t\t\t\t<\/div>\n\t\t\t\t<\/div>\n\t\t\t\t<\/div>\n\t\t<div class=\"elementor-element elementor-element-ac00578 e-con-full obcs none e-flex e-con e-child\" data-id=\"ac00578\" data-element_type=\"container\">\n\t\t\t\t<div class=\"elementor-element elementor-element-7979719 e-transform elementor-widget elementor-widget-image\" data-id=\"7979719\" data-element_type=\"widget\" data-settings=\"{&quot;_transform_rotateZ_effect&quot;:{&quot;unit&quot;:&quot;px&quot;,&quot;size&quot;:0,&quot;sizes&quot;:[]},&quot;_transform_rotate_3d&quot;:&quot;yes&quot;,&quot;_transform_rotateX_effect&quot;:{&quot;unit&quot;:&quot;px&quot;,&quot;size&quot;:0,&quot;sizes&quot;:[]},&quot;_transform_rotateY_effect&quot;:{&quot;unit&quot;:&quot;px&quot;,&quot;size&quot;:-4,&quot;sizes&quot;:[]},&quot;_transform_perspective_effect&quot;:{&quot;unit&quot;:&quot;px&quot;,&quot;size&quot;:650,&quot;sizes&quot;:[]},&quot;_transform_rotateZ_effect_tablet&quot;:{&quot;unit&quot;:&quot;deg&quot;,&quot;size&quot;:&quot;&quot;,&quot;sizes&quot;:[]},&quot;_transform_rotateZ_effect_mobile&quot;:{&quot;unit&quot;:&quot;deg&quot;,&quot;size&quot;:&quot;&quot;,&quot;sizes&quot;:[]},&quot;_transform_rotateX_effect_tablet&quot;:{&quot;unit&quot;:&quot;deg&quot;,&quot;size&quot;:&quot;&quot;,&quot;sizes&quot;:[]},&quot;_transform_rotateX_effect_mobile&quot;:{&quot;unit&quot;:&quot;deg&quot;,&quot;size&quot;:&quot;&quot;,&quot;sizes&quot;:[]},&quot;_transform_rotateY_effect_tablet&quot;:{&quot;unit&quot;:&quot;deg&quot;,&quot;size&quot;:&quot;&quot;,&quot;sizes&quot;:[]},&quot;_transform_rotateY_effect_mobile&quot;:{&quot;unit&quot;:&quot;deg&quot;,&quot;size&quot;:&quot;&quot;,&quot;sizes&quot;:[]},&quot;_transform_perspective_effect_tablet&quot;:{&quot;unit&quot;:&quot;px&quot;,&quot;size&quot;:&quot;&quot;,&quot;sizes&quot;:[]},&quot;_transform_perspective_effect_mobile&quot;:{&quot;unit&quot;:&quot;px&quot;,&quot;size&quot;:&quot;&quot;,&quot;sizes&quot;:[]}}\" data-widget_type=\"image.default\">\n\t\t\t\t<div class=\"elementor-widget-container\">\n\t\t\t\t\t\t\t\t\t\t\t\t\t\t\t<img decoding=\"async\" width=\"800\" height=\"800\" src=\"https:\/\/www.omni-biotic.com\/tr-tr\/wp-content\/uploads\/sites\/15\/2025\/07\/innovation-und-verantwortung.jpg\" class=\"attachment-large size-large wp-image-19119\" alt=\"\" srcset=\"https:\/\/www.omni-biotic.com\/tr-tr\/wp-content\/uploads\/sites\/15\/2025\/07\/innovation-und-verantwortung.jpg 1024w, https:\/\/www.omni-biotic.com\/tr-tr\/wp-content\/uploads\/sites\/15\/2025\/07\/innovation-und-verantwortung-300x300.jpg 300w, https:\/\/www.omni-biotic.com\/tr-tr\/wp-content\/uploads\/sites\/15\/2025\/07\/innovation-und-verantwortung-150x150.jpg 150w, https:\/\/www.omni-biotic.com\/tr-tr\/wp-content\/uploads\/sites\/15\/2025\/07\/innovation-und-verantwortung-768x768.jpg 768w\" sizes=\"(max-width: 800px) 100vw, 800px\" title=\"\">\t\t\t\t\t\t\t\t\t\t\t\t\t\t\t<\/div>\n\t\t\t\t<\/div>\n\t\t\t\t<\/div>\n\t\t\t\t\t<\/div>\n\t\t\t\t<\/div>\n\t\t\t\t<\/div>\n\t\t","protected":false},"excerpt":{"rendered":"<p>Institut AllergoSan Merkezi Graz&#8217;da (Avusturya) bulunan Institut Allergosan Ocak 1991&#8217;de kurulmu\u015ftur. 30 y\u0131ld\u0131r probiyotik bakteriler, bitki \u00f6zleri ve mineraller de dahil olmak \u00fczere do\u011fal maddelerden \u00fcretilen \u00fcr\u00fcnlerin ara\u015ft\u0131r\u0131lmas\u0131 ve geli\u015ftirilmesinde \u00f6n saflarda yer almaktad\u0131r. T\u0131p, biyoloji, farmakoloji ve biyokimya alanlar\u0131ndan uluslararas\u0131 \u00fcne sahip ara\u015ft\u0131rmac\u0131larla yak\u0131n i\u015fbirli\u011fimiz sayesinde, do\u011fal t\u0131p alan\u0131nda tan\u0131nm\u0131\u015f bir ara\u015ft\u0131rma ve m\u00fckemmeliyet [&hellip;]<\/p>\n","protected":false},"author":3,"featured_media":0,"parent":65,"menu_order":30,"comment_status":"closed","ping_status":"closed","template":"","meta":{"_acf_changed":false,"inline_featured_image":false,"footnotes":""},"class_list":["post-69","page","type-page","status-publish","hentry"],"acf":[],"_links":{"self":[{"href":"https:\/\/www.omni-biotic.com\/tr-tr\/wp-json\/wp\/v2\/pages\/69","targetHints":{"allow":["GET"]}}],"collection":[{"href":"https:\/\/www.omni-biotic.com\/tr-tr\/wp-json\/wp\/v2\/pages"}],"about":[{"href":"https:\/\/www.omni-biotic.com\/tr-tr\/wp-json\/wp\/v2\/types\/page"}],"author":[{"embeddable":true,"href":"https:\/\/www.omni-biotic.com\/tr-tr\/wp-json\/wp\/v2\/users\/3"}],"replies":[{"embeddable":true,"href":"https:\/\/www.omni-biotic.com\/tr-tr\/wp-json\/wp\/v2\/comments?post=69"}],"version-history":[{"count":8,"href":"https:\/\/www.omni-biotic.com\/tr-tr\/wp-json\/wp\/v2\/pages\/69\/revisions"}],"predecessor-version":[{"id":19130,"href":"https:\/\/www.omni-biotic.com\/tr-tr\/wp-json\/wp\/v2\/pages\/69\/revisions\/19130"}],"up":[{"embeddable":true,"href":"https:\/\/www.omni-biotic.com\/tr-tr\/wp-json\/wp\/v2\/pages\/65"}],"wp:attachment":[{"href":"https:\/\/www.omni-biotic.com\/tr-tr\/wp-json\/wp\/v2\/media?parent=69"}],"curies":[{"name":"wp","href":"https:\/\/api.w.org\/{rel}","templated":true}]}}